{"id":600,"date":"2021-11-28T09:25:43","date_gmt":"2021-11-28T09:25:43","guid":{"rendered":"http:\/\/agendaculturalriodejaneiro.com\/?page_id=600"},"modified":"2021-12-26T15:52:07","modified_gmt":"2021-12-26T15:52:07","slug":"progress-foundry-agenda","status":"publish","type":"page","link":"https:\/\/agendaculturalriodejaneiro.com\/en\/agenda-fundicao-progresso\/","title":{"rendered":"Foundry Progress Agenda"},"content":{"rendered":"\t\t<div data-elementor-type=\"wp-page\" data-elementor-id=\"600\" class=\"elementor elementor-600\" data-elementor-post-type=\"page\">\n\t\t\t\t\t\t<section class=\"elementor-section elementor-top-section elementor-element elementor-element-7564119 elementor-section-boxed elementor-section-height-default elementor-section-height-default\" data-id=\"7564119\" data-element_type=\"section\" data-e-type=\"section\">\n\t\t\t\t\t\t<div class=\"elementor-container elementor-column-gap-default\">\n\t\t\t\t\t<div class=\"elementor-column elementor-col-100 elementor-top-column elementor-element elementor-element-c4779d2\" data-id=\"c4779d2\" data-element_type=\"column\" data-e-type=\"column\">\n\t\t\t<div class=\"elementor-widget-wrap elementor-element-populated\">\n\t\t\t\t\t\t<div class=\"elementor-element elementor-element-bdd07a1 elementor-widget elementor-widget-spacer\" data-id=\"bdd07a1\" data-element_type=\"widget\" data-e-type=\"widget\" data-widget_type=\"spacer.default\">\n\t\t\t\t<div class=\"elementor-widget-container\">\n\t\t\t\t\t\t\t<div class=\"elementor-spacer\">\n\t\t\t<div class=\"elementor-spacer-inner\"><\/div>\n\t\t<\/div>\n\t\t\t\t\t\t<\/div>\n\t\t\t\t<\/div>\n\t\t\t\t\t<\/div>\n\t\t<\/div>\n\t\t\t\t\t<\/div>\n\t\t<\/section>\n\t\t\t\t<section class=\"elementor-section elementor-top-section elementor-element elementor-element-11fbfd0d elementor-section-boxed elementor-section-height-default elementor-section-height-default\" data-id=\"11fbfd0d\" data-element_type=\"section\" data-e-type=\"section\" data-settings=\"{&quot;background_background&quot;:&quot;classic&quot;}\">\n\t\t\t\t\t\t<div class=\"elementor-container elementor-column-gap-default\">\n\t\t\t\t\t<div class=\"elementor-column elementor-col-100 elementor-top-column elementor-element elementor-element-36eb2ab9 elementor-invisible\" data-id=\"36eb2ab9\" data-element_type=\"column\" data-e-type=\"column\" data-settings=\"{&quot;background_background&quot;:&quot;classic&quot;,&quot;animation&quot;:&quot;fadeInUp&quot;,&quot;animation_delay&quot;:300}\">\n\t\t\t<div class=\"elementor-widget-wrap elementor-element-populated\">\n\t\t\t\t\t\t<div class=\"elementor-element elementor-element-c185f26 elementor-invisible elementor-widget elementor-widget-heading\" data-id=\"c185f26\" data-element_type=\"widget\" data-e-type=\"widget\" data-settings=\"{&quot;_animation&quot;:&quot;fadeInUp&quot;,&quot;_animation_delay&quot;:500}\" data-widget_type=\"heading.default\">\n\t\t\t\t<div class=\"elementor-widget-container\">\n\t\t\t\t\t<h1 class=\"elementor-heading-title elementor-size-default\">Agenda Fundi\u00e7\u00e3o Progresso<\/h1>\t\t\t\t<\/div>\n\t\t\t\t<\/div>\n\t\t\t\t\t<\/div>\n\t\t<\/div>\n\t\t\t\t\t<\/div>\n\t\t<\/section>\n\t\t\t\t<section class=\"elementor-section elementor-top-section elementor-element elementor-element-00c1a6d elementor-section-boxed elementor-section-height-default elementor-section-height-default\" data-id=\"00c1a6d\" data-element_type=\"section\" data-e-type=\"section\">\n\t\t\t\t\t\t<div class=\"elementor-container elementor-column-gap-default\">\n\t\t\t\t\t<div class=\"elementor-column elementor-col-100 elementor-top-column elementor-element elementor-element-23f4ec1\" data-id=\"23f4ec1\" data-element_type=\"column\" data-e-type=\"column\">\n\t\t\t<div class=\"elementor-widget-wrap elementor-element-populated\">\n\t\t\t\t\t\t<section class=\"elementor-section elementor-inner-section elementor-element elementor-element-47780ec elementor-section-boxed elementor-section-height-default elementor-section-height-default\" data-id=\"47780ec\" data-element_type=\"section\" data-e-type=\"section\">\n\t\t\t\t\t\t<div class=\"elementor-container elementor-column-gap-default\">\n\t\t\t\t\t<div class=\"elementor-column elementor-col-100 elementor-inner-column elementor-element elementor-element-cc8e8d5\" data-id=\"cc8e8d5\" data-element_type=\"column\" data-e-type=\"column\">\n\t\t\t<div class=\"elementor-widget-wrap elementor-element-populated\">\n\t\t\t\t\t\t<div class=\"elementor-element elementor-element-7267f970 elementor-widget elementor-widget-heading\" data-id=\"7267f970\" data-element_type=\"widget\" data-e-type=\"widget\" data-widget_type=\"heading.default\">\n\t\t\t\t<div class=\"elementor-widget-container\">\n\t\t\t\t\t<h2 class=\"elementor-heading-title elementor-size-default\"><a href=\"#\">Programa\u00e7\u00e3o Fundi\u00e7\u00e3o Progresso<\/a><\/h2>\t\t\t\t<\/div>\n\t\t\t\t<\/div>\n\t\t\t\t\t<\/div>\n\t\t<\/div>\n\t\t\t\t\t<\/div>\n\t\t<\/section>\n\t\t\t\t\t<\/div>\n\t\t<\/div>\n\t\t\t\t\t<\/div>\n\t\t<\/section>\n\t\t\t\t<section class=\"elementor-section elementor-top-section elementor-element elementor-element-a613c75 elementor-section-boxed elementor-section-height-default elementor-section-height-default\" data-id=\"a613c75\" data-element_type=\"section\" data-e-type=\"section\">\n\t\t\t\t\t\t<div class=\"elementor-container elementor-column-gap-default\">\n\t\t\t\t\t<div class=\"elementor-column elementor-col-100 elementor-top-column elementor-element elementor-element-7c553f3\" data-id=\"7c553f3\" data-element_type=\"column\" data-e-type=\"column\">\n\t\t\t<div class=\"elementor-widget-wrap elementor-element-populated\">\n\t\t\t\t\t\t<div class=\"elementor-element elementor-element-83a2ebc elementor-widget elementor-widget-html\" data-id=\"83a2ebc\" data-element_type=\"widget\" data-e-type=\"widget\" data-widget_type=\"html.default\">\n\t\t\t\t<div class=\"elementor-widget-container\">\n\t\t\t\t\t<script async src=\"https:\/\/pagead2.googlesyndication.com\/pagead\/js\/adsbygoogle.js?client=ca-pub-1076216326230548\"\r\n     crossorigin=\"anonymous\"><\/script>\r\n<!-- Anuncio horizontal adapt\u00e1vel -->\r\n<ins class=\"adsbygoogle\"\r\n     style=\"display:block\"\r\n     data-ad-client=\"ca-pub-1076216326230548\"\r\n     data-ad-slot=\"8379342184\"\r\n     data-ad-format=\"auto\"\r\n     data-full-width-responsive=\"true\"><\/ins>\r\n<script>\r\n     (adsbygoogle = window.adsbygoogle || []).push({});\r\n<\/script>\t\t\t\t<\/div>\n\t\t\t\t<\/div>\n\t\t\t\t<div class=\"elementor-element elementor-element-de3d640 elementor-widget elementor-widget-MEC\" data-id=\"de3d640\" data-element_type=\"widget\" data-e-type=\"widget\" data-widget_type=\"MEC.default\">\n\t\t\t\t<div class=\"elementor-widget-container\">\n\t\t\t\t\t<div class=\"mec-wrap mec-skin-grid-container  \" id=\"mec_skin_mec1\">\r\n\r\n    <form id=\"mec_search_form_mec1\" class=\"mec-search-form mec-totalcal-box mec-dropdown-classic\" autocomplete=\"off\"><div class=\"mec-dropdown-wrap\" style=\"display: none\"><\/div><div class=\"mec-date-search\"><i class=\"mec-sl-calendar\"><\/i>\r\n                    <input class=\"mec-col-3 mec_date_picker_dynamic_format_start\" data-min=\"2026-09-03\" type=\"text\" id=\"mec_sf_date_start_mec1\" name=\"sf[date_start]\" placeholder=\"Start\" title=\"Start\" autocomplete=\"off\">\r\n                    <input class=\"mec-col-3 mec_date_picker_dynamic_format_end\" type=\"text\" id=\"mec_sf_date_end_mec1\" name=\"sf[date_end]\" placeholder=\"End\" title=\"End\" autocomplete=\"off\">\r\n                <\/div><div class=\"mec-text-input-search\"><i class=\"mec-sl-magnifier\"><\/i>\r\n                    <input type=\"search\" value=\"\" id=\"mec_sf_s_mec1\" placeholder=\"\" title=\"\" \/>\r\n                <\/div><div id=\"mec_search_form_mec1_status\" class=\"mec-screen-reader-text\"><\/div><\/form>\r\n            <div class=\"mec-skin-grid-events-container\" id=\"mec_skin_events_mec1\">\r\n        <div class=\"mec-wrap colorskin-custom\">\r\n    <div class=\"mec-event-grid-classic\" data-widget-autoplay=\"1\" data-widget-loop=\"1\" data-widget-autoplay-time=\"3000\">\r\n        <div class=\"row\"><div class=\"col-md-4 col-sm-4\"><article class=\" mec-event-article mec-clear  \">                                <div class=\"mec-event-image\"><a data-event-id=\"47692\" href=\"https:\/\/agendaculturalriodejaneiro.com\/en\/events\/armandinho-e-banda-na-fundicao-progresso-na-fundicao-progresso\/\" target=\"_blank\" rel=\"noopener\"><img fetchpriority=\"high\" decoding=\"async\" width=\"240\" height=\"300\" src=\"https:\/\/agendaculturalriodejaneiro.com\/wp-content\/uploads\/2026\/02\/Armandinho-e-banda-na-Fundicao-Progresso-na-FUNDICAO-PROGRESSO-240x300.jpg\" class=\"attachment-medium size-medium wp-post-image\" alt=\"Armandinho e banda na Fundi\u00e7\u00e3o Progresso na FUNDI\u00c7\u00c3O PROGRESSO\" data-mec-postid=\"47692\" \/><\/a><\/div>\r\n                        <div class=\"mec-event-content\">\r\n                                    <div class=\"mec-event-date mec-bg-color\">\r\n                        <span class=\"mec-start-date-label\">05 December 2026<\/span>                                                                    <\/div>\r\n                                                                <h4 class=\"mec-event-title\"><a class=\"mec-color-hover\" data-event-id=\"47692\" href=\"https:\/\/agendaculturalriodejaneiro.com\/en\/events\/armandinho-e-banda-na-fundicao-progresso-na-fundicao-progresso\/\" target=\"_blank\" rel=\"noopener\">Armandinho e banda na Fundi\u00e7\u00e3o Progresso na FUNDI\u00c7\u00c3O PROGRESSO<\/a><\/h4>\r\n                                <p class=\"mec-grid-event-location\">Fundi\u00e7\u00e3o Progresso, R. dos Arcos, 24 - Centro, Rio de Janeiro - RJ, 20230-060, Brasil<\/p>\r\n                                                                            <\/div>\r\n            <div class=\"mec-event-footer\">\r\n                                <ul class=\"mec-event-sharing-wrap\">\r\n                    <li class=\"mec-event-share\">\r\n                        <a href=\"#\" class=\"mec-event-share-icon\">\r\n                            <i class=\"mec-sl-share\" title=\"Share\"><\/i>\r\n                        <\/a>\r\n                    <\/li>\r\n                    <li>\r\n                        <ul class=\"mec-event-sharing\">\r\n                            <li class=\"mec-event-social-icon\"><a class=\"facebook\" href=\"https:\/\/www.facebook.com\/sharer\/sharer.php?u=https%3A%2F%2Fagendaculturalriodejaneiro.com%2Fen%2Fevents%2Farmandinho-e-banda-na-fundicao-progresso-na-fundicao-progresso%2F\" onclick=\"javascript:window.open(this.href, &apos;&apos;, &apos;menubar=no,toolbar=no,resizable=yes,scrollbars=yes,height=500,width=600&apos;); return false;\" target=\"_blank\" title=\"Share on Facebook\"><i class=\"mec-fa-facebook\"><\/i><span class=\"mec-social-title\">Facebook<\/span><\/a><\/li><li class=\"mec-event-social-icon\"><a class=\"twitter\" href=\"https:\/\/x.com\/intent\/tweet?url=https%3A%2F%2Fagendaculturalriodejaneiro.com%2Fen%2Fevents%2Farmandinho-e-banda-na-fundicao-progresso-na-fundicao-progresso%2F\" onclick=\"javascript:window.open(this.href, &apos;&apos;, &apos;menubar=no,toolbar=no,resizable=yes,scrollbars=yes,height=600,width=500&apos;); return false;\" target=\"_blank\" title=\"X Social Network\"><svg xmlns=\"http:\/\/www.w3.org\/2000\/svg\" viewbox=\"0 0 512 462.799\"><path d=\"M403.229 0h78.506L310.219 196.04 512 462.799H354.002L230.261 301.007 88.669 462.799h-78.56l183.455-209.683L0 0h161.999l111.856 147.88L403.229 0zm-27.556 415.805h43.505L138.363 44.527h-46.68l283.99 371.278z\" \/><\/svg><span class=\"mec-social-title\">Twitter<\/span><\/a><\/li><li class=\"mec-event-social-icon\"><a class=\"linkedin\" href=\"https:\/\/www.linkedin.com\/shareArticle?mini=true&amp;url=https%3A%2F%2Fagendaculturalriodejaneiro.com%2Fen%2Fevents%2Farmandinho-e-banda-na-fundicao-progresso-na-fundicao-progresso%2F\" onclick=\"javascript:window.open(this.href, &apos;&apos;, &apos;menubar=no,toolbar=no,resizable=yes,scrollbars=yes,height=600,width=500&apos;); return false;\" target=\"_blank\" title=\"Linkedin\"><i class=\"mec-fa-linkedin\"><\/i><span class=\"mec-social-title\">Linkedin<\/span><\/a><\/li><li class=\"mec-event-social-icon\"><a class=\"email\" href=\"mailto:?subject=Armandinho%20e%20banda%20na%20Fundi%C3%A7%C3%A3o%20Progresso%20na%20FUNDI%C3%87%C3%83O%20PROGRESSO&amp;body=https%3A%2F%2Fagendaculturalriodejaneiro.com%2Fen%2Fevents%2Farmandinho-e-banda-na-fundicao-progresso-na-fundicao-progresso%2F\" title=\"Email\"><i class=\"mec-fa-envelope\"><\/i><span class=\"mec-social-title\">Email<\/span><\/a><\/li>                        <\/ul>\r\n                    <\/li>\r\n                <\/ul>\r\n                                                <a class=\"mec-booking-button\" data-event-id=\"47692\" href=\"https:\/\/agendaculturalriodejaneiro.com\/en\/events\/armandinho-e-banda-na-fundicao-progresso-na-fundicao-progresso\/\" target=\"_blank\" rel=\"noopener\">Ver Detalhes<\/a>            <\/div>\r\n        <\/article><\/div>                        <\/div>\t<\/div>\r\n<\/div>\r\n\r\n    <\/div>\r\n    <div class=\"mec-skin-grid-no-events-container mec-util-hidden\" id=\"mec_skin_no_events_mec1\">\r\n        Eventos n\u00e3o encontrados!    <\/div>\r\n    \r\n    \r\n<\/div>\r\n<script data-mec-view-beacon=\"1\" data-view=\"grid\" data-skin=\"grid\" data-sh=\"b746d40c7d36\" data-count=\"1_4\">(function(){if(!window.mecRelayBeacon||!document.currentScript)return;var s=document.currentScript;window.mecRelayBeacon(\"mec_calendar_view_rendered\",{calendar_url:location.origin+location.pathname,view_type:s.dataset.view,skin:s.dataset.skin,shortcode_id_hash:s.dataset.sh,events_shown_bucket:s.dataset.count},\"mec_vr_\"+s.dataset.skin+\"_\"+s.dataset.sh);})();<\/script>\t\t\t\t<\/div>\n\t\t\t\t<\/div>\n\t\t\t\t<div class=\"elementor-element elementor-element-6573b0e elementor-widget elementor-widget-html\" data-id=\"6573b0e\" data-element_type=\"widget\" data-e-type=\"widget\" data-widget_type=\"html.default\">\n\t\t\t\t<div class=\"elementor-widget-container\">\n\t\t\t\t\t<script async src=\"https:\/\/pagead2.googlesyndication.com\/pagead\/js\/adsbygoogle.js?client=ca-pub-1076216326230548\"\r\n     crossorigin=\"anonymous\"><\/script>\r\n<!-- Anuncio horizontal adapt\u00e1vel -->\r\n<ins class=\"adsbygoogle\"\r\n     style=\"display:block\"\r\n     data-ad-client=\"ca-pub-1076216326230548\"\r\n     data-ad-slot=\"8379342184\"\r\n     data-ad-format=\"auto\"\r\n     data-full-width-responsive=\"true\"><\/ins>\r\n<script>\r\n     (adsbygoogle = window.adsbygoogle || []).push({});\r\n<\/script>\t\t\t\t<\/div>\n\t\t\t\t<\/div>\n\t\t\t\t\t<\/div>\n\t\t<\/div>\n\t\t\t\t\t<\/div>\n\t\t<\/section>\n\t\t\t\t<section class=\"elementor-section elementor-top-section elementor-element elementor-element-62dd959 elementor-section-stretched elementor-section-height-min-height elementor-section-items-stretch elementor-section-boxed elementor-section-height-default\" data-id=\"62dd959\" data-element_type=\"section\" data-e-type=\"section\" data-settings=\"{&quot;stretch_section&quot;:&quot;section-stretched&quot;,&quot;background_background&quot;:&quot;classic&quot;}\">\n\t\t\t\t\t\t\t<div class=\"elementor-background-overlay\"><\/div>\n\t\t\t\t\t\t\t<div class=\"elementor-container elementor-column-gap-default\">\n\t\t\t\t\t<div class=\"elementor-column elementor-col-100 elementor-top-column elementor-element elementor-element-6ec8643b\" data-id=\"6ec8643b\" data-element_type=\"column\" data-e-type=\"column\">\n\t\t\t<div class=\"elementor-widget-wrap elementor-element-populated\">\n\t\t\t\t\t\t<div class=\"elementor-element elementor-element-2d830e2c elementor-widget elementor-widget-spacer\" data-id=\"2d830e2c\" data-element_type=\"widget\" data-e-type=\"widget\" data-widget_type=\"spacer.default\">\n\t\t\t\t<div class=\"elementor-widget-container\">\n\t\t\t\t\t\t\t<div class=\"elementor-spacer\">\n\t\t\t<div class=\"elementor-spacer-inner\"><\/div>\n\t\t<\/div>\n\t\t\t\t\t\t<\/div>\n\t\t\t\t<\/div>\n\t\t\t\t<div class=\"elementor-element elementor-element-74f19231 elementor-widget elementor-widget-heading\" data-id=\"74f19231\" data-element_type=\"widget\" data-e-type=\"widget\" data-widget_type=\"heading.default\">\n\t\t\t\t<div class=\"elementor-widget-container\">\n\t\t\t\t\t<h1 class=\"elementor-heading-title elementor-size-default\">Agenda Fundi\u00e7\u00e3o Progresso<\/h1>\t\t\t\t<\/div>\n\t\t\t\t<\/div>\n\t\t\t\t<div class=\"elementor-element elementor-element-41a548cc elementor-widget elementor-widget-heading\" data-id=\"41a548cc\" data-element_type=\"widget\" data-e-type=\"widget\" data-widget_type=\"heading.default\">\n\t\t\t\t<div class=\"elementor-widget-container\">\n\t\t\t\t\t<h2 class=\"elementor-heading-title elementor-size-default\">Eventos | Shows | Bilheteria <\/h2>\t\t\t\t<\/div>\n\t\t\t\t<\/div>\n\t\t\t\t\t<\/div>\n\t\t<\/div>\n\t\t\t\t\t<\/div>\n\t\t<\/section>\n\t\t\t\t<section class=\"elementor-section elementor-top-section elementor-element elementor-element-ef6f7b4 elementor-section-boxed elementor-section-height-default elementor-section-height-default\" data-id=\"ef6f7b4\" data-element_type=\"section\" data-e-type=\"section\">\n\t\t\t\t\t\t<div class=\"elementor-container elementor-column-gap-default\">\n\t\t\t\t\t<div class=\"elementor-column elementor-col-100 elementor-top-column elementor-element elementor-element-fdb8a5c\" data-id=\"fdb8a5c\" data-element_type=\"column\" data-e-type=\"column\">\n\t\t\t<div class=\"elementor-widget-wrap elementor-element-populated\">\n\t\t\t\t\t\t<div class=\"elementor-element elementor-element-3507173 elementor-widget elementor-widget-spacer\" data-id=\"3507173\" data-element_type=\"widget\" data-e-type=\"widget\" data-widget_type=\"spacer.default\">\n\t\t\t\t<div class=\"elementor-widget-container\">\n\t\t\t\t\t\t\t<div class=\"elementor-spacer\">\n\t\t\t<div class=\"elementor-spacer-inner\"><\/div>\n\t\t<\/div>\n\t\t\t\t\t\t<\/div>\n\t\t\t\t<\/div>\n\t\t\t\t<section class=\"elementor-section elementor-inner-section elementor-element elementor-element-b5eedbf elementor-section-boxed elementor-section-height-default elementor-section-height-default elementor-invisible\" data-id=\"b5eedbf\" data-element_type=\"section\" data-e-type=\"section\" data-settings=\"{&quot;animation&quot;:&quot;fadeInLeft&quot;,&quot;animation_delay&quot;:500}\">\n\t\t\t\t\t\t<div class=\"elementor-container elementor-column-gap-default\">\n\t\t\t\t\t<div class=\"elementor-column elementor-col-100 elementor-inner-column elementor-element elementor-element-5bd650b elementor-invisible\" data-id=\"5bd650b\" data-element_type=\"column\" data-e-type=\"column\" data-settings=\"{&quot;background_background&quot;:&quot;classic&quot;,&quot;animation&quot;:&quot;fadeInUp&quot;,&quot;animation_delay&quot;:300}\">\n\t\t\t<div class=\"elementor-widget-wrap elementor-element-populated\">\n\t\t\t\t\t\t<div class=\"elementor-element elementor-element-a358b69 elementor-widget elementor-widget-heading\" data-id=\"a358b69\" data-element_type=\"widget\" data-e-type=\"widget\" data-widget_type=\"heading.default\">\n\t\t\t\t<div class=\"elementor-widget-container\">\n\t\t\t\t\t<h3 class=\"elementor-heading-title elementor-size-default\">Fundi\u00e7\u00e3o Progresso -  Rio de Janeiro<\/h3>\t\t\t\t<\/div>\n\t\t\t\t<\/div>\n\t\t\t\t<div class=\"elementor-element elementor-element-971f3ed elementor-widget elementor-widget-image\" data-id=\"971f3ed\" data-element_type=\"widget\" data-e-type=\"widget\" data-widget_type=\"image.default\">\n\t\t\t\t<div class=\"elementor-widget-container\">\n\t\t\t\t\t\t\t\t\t\t\t\t\t\t\t<img decoding=\"async\" width=\"90\" height=\"7\" src=\"https:\/\/agendaculturalriodejaneiro.com\/wp-content\/uploads\/2021\/11\/divider.png\" class=\"attachment-full size-full wp-image-13\" alt=\"\" \/>\t\t\t\t\t\t\t\t\t\t\t\t\t\t\t<\/div>\n\t\t\t\t<\/div>\n\t\t\t\t<div class=\"elementor-element elementor-element-a7810b2 elementor-widget elementor-widget-text-editor\" data-id=\"a7810b2\" data-element_type=\"widget\" data-e-type=\"widget\" data-widget_type=\"text-editor.default\">\n\t\t\t\t<div class=\"elementor-widget-container\">\n\t\t\t\t\t\t\t\t\t<p>A casa de espet\u00e1culos da Fundi\u00e7\u00e3o pode acomodar aproximadamente cinco mil pessoas. Por l\u00e1, j\u00e1 se apresentaram in\u00fameros artistas e bandas.<\/p><p>Entre as atra\u00e7\u00f5es brasileiras, j\u00e1 se apresentaram, na grande arena da casa, nomes como\u00a0<a title=\"Caetano Veloso\" href=\"https:\/\/pt.wikipedia.org\/wiki\/Caetano_Veloso\">Caetano Veloso<\/a>,\u00a0<a title=\"C\u00e1ssia Eller\" href=\"https:\/\/pt.wikipedia.org\/wiki\/C%C3%A1ssia_Eller\">C\u00e1ssia Eller<\/a>,\u00a0<a title=\"Lulu Santos\" href=\"https:\/\/pt.wikipedia.org\/wiki\/Lulu_Santos\">Lulu Santos<\/a>,\u00a0<a class=\"mw-redirect\" title=\"Lenine\" href=\"https:\/\/pt.wikipedia.org\/wiki\/Lenine\">Lenine<\/a>,\u00a0<a title=\"Pitty\" href=\"https:\/\/pt.wikipedia.org\/wiki\/Pitty\">Pitty<\/a>,\u00a0<a class=\"mw-redirect\" title=\"Luis Melodia\" href=\"https:\/\/pt.wikipedia.org\/wiki\/Luis_Melodia\">Luis Melodia<\/a>,\u00a0<a title=\"Nando Reis\" href=\"https:\/\/pt.wikipedia.org\/wiki\/Nando_Reis\">Nando Reis<\/a>,\u00a0<a title=\"Zeca Pagodinho\" href=\"https:\/\/pt.wikipedia.org\/wiki\/Zeca_Pagodinho\">Zeca Pagodinho<\/a>,\u00a0<a title=\"Jorge Ben Jor\" href=\"https:\/\/pt.wikipedia.org\/wiki\/Jorge_Ben_Jor\">Jorge Ben Jor<\/a>, e as bandas\u00a0<a title=\"O Rappa\" href=\"https:\/\/pt.wikipedia.org\/wiki\/O_Rappa\">O Rappa<\/a>,\u00a0<a title=\"Cidade Negra\" href=\"https:\/\/pt.wikipedia.org\/wiki\/Cidade_Negra\">Cidade Negra<\/a>,\u00a0<a title=\"Tit\u00e3s (banda)\" href=\"https:\/\/pt.wikipedia.org\/wiki\/Tit%C3%A3s_(banda)\">Tit\u00e3s<\/a>,\u00a0<a title=\"Os Paralamas do Sucesso\" href=\"https:\/\/pt.wikipedia.org\/wiki\/Os_Paralamas_do_Sucesso\">Os Paralamas do Sucesso<\/a>,\u00a0<a title=\"Natiruts\" href=\"https:\/\/pt.wikipedia.org\/wiki\/Natiruts\">Natiruts<\/a>\u00a0e\u00a0<a title=\"Los Hermanos\" href=\"https:\/\/pt.wikipedia.org\/wiki\/Los_Hermanos\">Los Hermanos<\/a>, entre muitos outros. Artistas e grupos internacionais como\u00a0<a title=\"Marilyn Manson\" href=\"https:\/\/pt.wikipedia.org\/wiki\/Marilyn_Manson\">Marilyn Manson<\/a>,\u00a0<a class=\"mw-disambig\" title=\"Franz Ferdinand\" href=\"https:\/\/pt.wikipedia.org\/wiki\/Franz_Ferdinand\">Franz Ferdinand<\/a>,\u00a0<a title=\"Ziggy Marley\" href=\"https:\/\/pt.wikipedia.org\/wiki\/Ziggy_Marley\">Ziggy Marley<\/a>,\u00a0<a title=\"Slayer\" href=\"https:\/\/pt.wikipedia.org\/wiki\/Slayer\">Slayer<\/a>,\u00a0<a title=\"Greta Van Fleet\" href=\"https:\/\/pt.wikipedia.org\/wiki\/Greta_Van_Fleet\">Greta Van Fleet<\/a>,\u00a0<a title=\"Manu Chao\" href=\"https:\/\/pt.wikipedia.org\/wiki\/Manu_Chao\">Manu Chao<\/a>,\u00a0<a class=\"mw-redirect\" title=\"Motorhead\" href=\"https:\/\/pt.wikipedia.org\/wiki\/Motorhead\">Motorhead<\/a>,\u00a0<a class=\"new\" title=\"Australian Pink Floyd (p\u00e1gina n\u00e3o existe)\" href=\"https:\/\/pt.wikipedia.org\/w\/index.php?title=Australian_Pink_Floyd&amp;action=edit&amp;redlink=1\">Australian Pink Floyd<\/a>,\u00a0<a title=\"Bob Sinclar\" href=\"https:\/\/pt.wikipedia.org\/wiki\/Bob_Sinclar\">Bob Sinclar<\/a>,\u00a0<a title=\"Israel Vibration\" href=\"https:\/\/pt.wikipedia.org\/wiki\/Israel_Vibration\">Israel Vibration<\/a>, e\u00a0<a title=\"Steel Pulse\" href=\"https:\/\/pt.wikipedia.org\/wiki\/Steel_Pulse\">Steel Pulse<\/a>,\u00a0<a title=\"Epica\" href=\"https:\/\/pt.wikipedia.org\/wiki\/Epica\">Epica<\/a>,\u00a0<a title=\"Tarja Turunen\" href=\"https:\/\/pt.wikipedia.org\/wiki\/Tarja_Turunen\">Tarja Turunen<\/a>\u00a0e\u00a0<a title=\"Andre Matos\" href=\"https:\/\/pt.wikipedia.org\/wiki\/Andre_Matos\">Andre Matos<\/a>\u00a0tamb\u00e9m j\u00e1 se apresentaram na Fundi\u00e7\u00e3o. A Fundi\u00e7\u00e3o tamb\u00e9m j\u00e1 foi palco da disputa final de\u00a0<a title=\"Samba-enredo\" href=\"https:\/\/pt.wikipedia.org\/wiki\/Samba-enredo\">samba-enredo<\/a>\u00a0da escola de samba\u00a0<a class=\"mw-redirect\" title=\"GRES Imp\u00e9rio Serrano\" href=\"https:\/\/pt.wikipedia.org\/wiki\/GRES_Imp%C3%A9rio_Serrano\">Imp\u00e9rio Serrano<\/a>, para o\u00a0<a title=\"Desfile das escolas de samba do Rio de Janeiro\" href=\"https:\/\/pt.wikipedia.org\/wiki\/Desfile_das_escolas_de_samba_do_Rio_de_Janeiro\">carnaval de 2012<\/a>.<\/p>\t\t\t\t\t\t\t\t<\/div>\n\t\t\t\t<\/div>\n\t\t\t\t<div class=\"elementor-element elementor-element-308d415 elementor-widget elementor-widget-html\" data-id=\"308d415\" data-element_type=\"widget\" data-e-type=\"widget\" data-widget_type=\"html.default\">\n\t\t\t\t<div class=\"elementor-widget-container\">\n\t\t\t\t\t<script async src=\"https:\/\/pagead2.googlesyndication.com\/pagead\/js\/adsbygoogle.js?client=ca-pub-1076216326230548\"\r\n     crossorigin=\"anonymous\"><\/script>\r\n<!-- Anuncio horizontal adapt\u00e1vel -->\r\n<ins class=\"adsbygoogle\"\r\n     style=\"display:block\"\r\n     data-ad-client=\"ca-pub-1076216326230548\"\r\n     data-ad-slot=\"8379342184\"\r\n     data-ad-format=\"auto\"\r\n     data-full-width-responsive=\"true\"><\/ins>\r\n<script>\r\n     (adsbygoogle = window.adsbygoogle || []).push({});\r\n<\/script>\t\t\t\t<\/div>\n\t\t\t\t<\/div>\n\t\t\t\t\t<\/div>\n\t\t<\/div>\n\t\t\t\t\t<\/div>\n\t\t<\/section>\n\t\t\t\t\t<\/div>\n\t\t<\/div>\n\t\t\t\t\t<\/div>\n\t\t<\/section>\n\t\t\t\t<\/div>\n\t\t","protected":false},"excerpt":{"rendered":"<p>Agenda Fundi\u00e7\u00e3o Progresso Programming Fundi\u00e7\u00e3o Progresso 09 January 2022 REHEARSALS OF THE B.R.E.C FESTA AX\u00c9 Fundi\u00e7\u00e3o Progresso Fundi\u00e7\u00e3o Progresso, R. dos Arcos, 24 \u2013 Centro, Rio de Janeiro \u2013 RJ, 20230-060, Brazil View Details 14 January 2022 Natiruts Fundi\u00e7\u00e3o Progresso Fundi\u00e7\u00e3o Progresso, R. dos Arcos, 24 \u2013 Centro, Rio de Janeiro \u2013 RJ, 20230-060, Brazil\u2026&nbsp;<\/p>","protected":false},"author":1,"featured_media":0,"parent":0,"menu_order":0,"comment_status":"closed","ping_status":"closed","template":"elementor_header_footer","meta":{"neve_meta_sidebar":"","neve_meta_container":"","neve_meta_enable_content_width":"","neve_meta_content_width":0,"neve_meta_title_alignment":"","neve_meta_author_avatar":"","neve_post_elements_order":"","neve_meta_disable_header":"","neve_meta_disable_footer":"","neve_meta_disable_title":"","footnotes":""},"class_list":["post-600","page","type-page","status-publish","hentry"],"yoast_head":"<!-- This site is optimized with the Yoast SEO plugin v28.4 - https:\/\/yoast.com\/product\/yoast-seo-wordpress\/ -->\n<title>Agenda Fundi\u00e7\u00e3o Progresso - Programa\u00e7\u00e3o | Eventos| Espet\u00e1culos | RJ<\/title>\n<meta name=\"description\" content=\"Agenda Fundi\u00e7\u00e3o Progresso - Programa\u00e7\u00e3o de Eventos - Shows, M\u00fasica, Ingressos , Pre\u00e7o. Agenda Cultural do Rio de Janeiro - RJ - Eventos Hoje\" \/>\n<meta name=\"robots\" content=\"index, follow, max-snippet:-1, max-image-preview:large, max-video-preview:-1\" \/>\n<link rel=\"canonical\" href=\"https:\/\/agendaculturalriodejaneiro.com\/en\/progress-foundry-agenda\/\" \/>\n<meta property=\"og:locale\" content=\"en_US\" \/>\n<meta property=\"og:type\" content=\"article\" \/>\n<meta property=\"og:title\" content=\"Agenda Fundi\u00e7\u00e3o Progresso - Programa\u00e7\u00e3o | Eventos| Espet\u00e1culos | RJ\" \/>\n<meta property=\"og:description\" content=\"Agenda Fundi\u00e7\u00e3o Progresso - Programa\u00e7\u00e3o de Eventos - Shows, M\u00fasica, Ingressos , Pre\u00e7o. Agenda Cultural do Rio de Janeiro - RJ - Eventos Hoje\" \/>\n<meta property=\"og:url\" content=\"https:\/\/agendaculturalriodejaneiro.com\/en\/progress-foundry-agenda\/\" \/>\n<meta property=\"og:site_name\" content=\"Agenda Cultural Rio de Janeiro\" \/>\n<meta property=\"article:publisher\" content=\"https:\/\/www.facebook.com\/agenda_cultural_rio_de_janeiro-106278728546059\" \/>\n<meta property=\"article:modified_time\" content=\"2021-12-26T15:52:07+00:00\" \/>\n<meta property=\"og:image\" content=\"http:\/\/agendaculturalriodejaneiro.com\/wp-content\/uploads\/2021\/12\/ENSAIOS-DO-B.R.E.C-FESTA-AXE-300x158.jpg\" \/>\n<meta name=\"twitter:card\" content=\"summary_large_image\" \/>\n<meta name=\"twitter:label1\" content=\"Est. reading time\" \/>\n\t<meta name=\"twitter:data1\" content=\"11 minutes\" \/>\n<script type=\"application\/ld+json\" class=\"yoast-schema-graph\">{\"@context\":\"https:\\\/\\\/schema.org\",\"@graph\":[{\"@type\":\"WebPage\",\"@id\":\"https:\\\/\\\/agendaculturalriodejaneiro.com\\\/agenda-fundicao-progresso\\\/\",\"url\":\"https:\\\/\\\/agendaculturalriodejaneiro.com\\\/agenda-fundicao-progresso\\\/\",\"name\":\"Agenda Fundi\u00e7\u00e3o Progresso - Programa\u00e7\u00e3o | Eventos| Espet\u00e1culos | RJ\",\"isPartOf\":{\"@id\":\"https:\\\/\\\/agendaculturalriodejaneiro.com\\\/#website\"},\"primaryImageOfPage\":{\"@id\":\"https:\\\/\\\/agendaculturalriodejaneiro.com\\\/agenda-fundicao-progresso\\\/#primaryimage\"},\"image\":{\"@id\":\"https:\\\/\\\/agendaculturalriodejaneiro.com\\\/agenda-fundicao-progresso\\\/#primaryimage\"},\"thumbnailUrl\":\"http:\\\/\\\/agendaculturalriodejaneiro.com\\\/wp-content\\\/uploads\\\/2021\\\/12\\\/ENSAIOS-DO-B.R.E.C-FESTA-AXE-300x158.jpg\",\"datePublished\":\"2021-11-28T09:25:43+00:00\",\"dateModified\":\"2021-12-26T15:52:07+00:00\",\"description\":\"Agenda Fundi\u00e7\u00e3o Progresso - Programa\u00e7\u00e3o de Eventos - Shows, M\u00fasica, Ingressos , Pre\u00e7o. Agenda Cultural do Rio de Janeiro - RJ - Eventos Hoje\",\"breadcrumb\":{\"@id\":\"https:\\\/\\\/agendaculturalriodejaneiro.com\\\/agenda-fundicao-progresso\\\/#breadcrumb\"},\"inLanguage\":\"en-US\",\"potentialAction\":[{\"@type\":\"ReadAction\",\"target\":[\"https:\\\/\\\/agendaculturalriodejaneiro.com\\\/agenda-fundicao-progresso\\\/\"]}]},{\"@type\":\"ImageObject\",\"inLanguage\":\"en-US\",\"@id\":\"https:\\\/\\\/agendaculturalriodejaneiro.com\\\/agenda-fundicao-progresso\\\/#primaryimage\",\"url\":\"http:\\\/\\\/agendaculturalriodejaneiro.com\\\/wp-content\\\/uploads\\\/2021\\\/12\\\/ENSAIOS-DO-B.R.E.C-FESTA-AXE-300x158.jpg\",\"contentUrl\":\"http:\\\/\\\/agendaculturalriodejaneiro.com\\\/wp-content\\\/uploads\\\/2021\\\/12\\\/ENSAIOS-DO-B.R.E.C-FESTA-AXE-300x158.jpg\"},{\"@type\":\"BreadcrumbList\",\"@id\":\"https:\\\/\\\/agendaculturalriodejaneiro.com\\\/agenda-fundicao-progresso\\\/#breadcrumb\",\"itemListElement\":[{\"@type\":\"ListItem\",\"position\":1,\"name\":\"In\u00edcio\",\"item\":\"https:\\\/\\\/agendaculturalriodejaneiro.com\\\/\"},{\"@type\":\"ListItem\",\"position\":2,\"name\":\"Agenda Fundi\u00e7\u00e3o Progresso\"}]},{\"@type\":\"WebSite\",\"@id\":\"https:\\\/\\\/agendaculturalriodejaneiro.com\\\/#website\",\"url\":\"https:\\\/\\\/agendaculturalriodejaneiro.com\\\/\",\"name\":\"Agenda Cultural Rio de Janeiro\",\"description\":\"Agenda de Eventos no Rio de Janeiro . O que fazer no Rio de Janeiro\",\"publisher\":{\"@id\":\"https:\\\/\\\/agendaculturalriodejaneiro.com\\\/#organization\"},\"potentialAction\":[{\"@type\":\"SearchAction\",\"target\":{\"@type\":\"EntryPoint\",\"urlTemplate\":\"https:\\\/\\\/agendaculturalriodejaneiro.com\\\/?s={search_term_string}\"},\"query-input\":{\"@type\":\"PropertyValueSpecification\",\"valueRequired\":true,\"valueName\":\"search_term_string\"}}],\"inLanguage\":\"en-US\"},{\"@type\":\"Organization\",\"@id\":\"https:\\\/\\\/agendaculturalriodejaneiro.com\\\/#organization\",\"name\":\"Agenda Cultural Rio de Janeiro\",\"alternateName\":\"Agenda RJ\",\"url\":\"https:\\\/\\\/agendaculturalriodejaneiro.com\\\/\",\"logo\":{\"@type\":\"ImageObject\",\"inLanguage\":\"en-US\",\"@id\":\"https:\\\/\\\/agendaculturalriodejaneiro.com\\\/#\\\/schema\\\/logo\\\/image\\\/\",\"url\":\"https:\\\/\\\/agendaculturalriodejaneiro.com\\\/wp-content\\\/uploads\\\/2024\\\/11\\\/cropped-profile-photo-01.jpg\",\"contentUrl\":\"https:\\\/\\\/agendaculturalriodejaneiro.com\\\/wp-content\\\/uploads\\\/2024\\\/11\\\/cropped-profile-photo-01.jpg\",\"width\":512,\"height\":512,\"caption\":\"Agenda Cultural Rio de Janeiro\"},\"image\":{\"@id\":\"https:\\\/\\\/agendaculturalriodejaneiro.com\\\/#\\\/schema\\\/logo\\\/image\\\/\"},\"sameAs\":[\"https:\\\/\\\/www.facebook.com\\\/agenda_cultural_rio_de_janeiro-106278728546059\",\"https:\\\/\\\/www.instagram.com\\\/agenda_cultural_rio_de_janeiro\\\/\"]}]}<\/script>\n<!-- \/ Yoast SEO plugin. -->","yoast_head_json":{"title":"Fundi\u00e7\u00e3o Progresso Agenda - Programming | Events| Shows | RJ","description":"Fundi\u00e7\u00e3o Progresso Agenda - Events Schedule - Shows, Music, Tickets, Price. Cultural Agenda of Rio de Janeiro - RJ - Events Today","robots":{"index":"index","follow":"follow","max-snippet":"max-snippet:-1","max-image-preview":"max-image-preview:large","max-video-preview":"max-video-preview:-1"},"canonical":"https:\/\/agendaculturalriodejaneiro.com\/en\/progress-foundry-agenda\/","og_locale":"en_US","og_type":"article","og_title":"Agenda Fundi\u00e7\u00e3o Progresso - Programa\u00e7\u00e3o | Eventos| Espet\u00e1culos | RJ","og_description":"Agenda Fundi\u00e7\u00e3o Progresso - Programa\u00e7\u00e3o de Eventos - Shows, M\u00fasica, Ingressos , Pre\u00e7o. Agenda Cultural do Rio de Janeiro - RJ - Eventos Hoje","og_url":"https:\/\/agendaculturalriodejaneiro.com\/en\/progress-foundry-agenda\/","og_site_name":"Agenda Cultural Rio de Janeiro","article_publisher":"https:\/\/www.facebook.com\/agenda_cultural_rio_de_janeiro-106278728546059","article_modified_time":"2021-12-26T15:52:07+00:00","og_image":[{"url":"http:\/\/agendaculturalriodejaneiro.com\/wp-content\/uploads\/2021\/12\/ENSAIOS-DO-B.R.E.C-FESTA-AXE-300x158.jpg","type":"","width":"","height":""}],"twitter_card":"summary_large_image","twitter_misc":{"Est. reading time":"11 minutes"},"schema":{"@context":"https:\/\/schema.org","@graph":[{"@type":"WebPage","@id":"https:\/\/agendaculturalriodejaneiro.com\/agenda-fundicao-progresso\/","url":"https:\/\/agendaculturalriodejaneiro.com\/agenda-fundicao-progresso\/","name":"Fundi\u00e7\u00e3o Progresso Agenda - Programming | Events| Shows | RJ","isPartOf":{"@id":"https:\/\/agendaculturalriodejaneiro.com\/#website"},"primaryImageOfPage":{"@id":"https:\/\/agendaculturalriodejaneiro.com\/agenda-fundicao-progresso\/#primaryimage"},"image":{"@id":"https:\/\/agendaculturalriodejaneiro.com\/agenda-fundicao-progresso\/#primaryimage"},"thumbnailUrl":"http:\/\/agendaculturalriodejaneiro.com\/wp-content\/uploads\/2021\/12\/ENSAIOS-DO-B.R.E.C-FESTA-AXE-300x158.jpg","datePublished":"2021-11-28T09:25:43+00:00","dateModified":"2021-12-26T15:52:07+00:00","description":"Fundi\u00e7\u00e3o Progresso Agenda - Events Schedule - Shows, Music, Tickets, Price. Cultural Agenda of Rio de Janeiro - RJ - Events Today","breadcrumb":{"@id":"https:\/\/agendaculturalriodejaneiro.com\/agenda-fundicao-progresso\/#breadcrumb"},"inLanguage":"en-US","potentialAction":[{"@type":"ReadAction","target":["https:\/\/agendaculturalriodejaneiro.com\/agenda-fundicao-progresso\/"]}]},{"@type":"ImageObject","inLanguage":"en-US","@id":"https:\/\/agendaculturalriodejaneiro.com\/agenda-fundicao-progresso\/#primaryimage","url":"http:\/\/agendaculturalriodejaneiro.com\/wp-content\/uploads\/2021\/12\/ENSAIOS-DO-B.R.E.C-FESTA-AXE-300x158.jpg","contentUrl":"http:\/\/agendaculturalriodejaneiro.com\/wp-content\/uploads\/2021\/12\/ENSAIOS-DO-B.R.E.C-FESTA-AXE-300x158.jpg"},{"@type":"BreadcrumbList","@id":"https:\/\/agendaculturalriodejaneiro.com\/agenda-fundicao-progresso\/#breadcrumb","itemListElement":[{"@type":"ListItem","position":1,"name":"In\u00edcio","item":"https:\/\/agendaculturalriodejaneiro.com\/"},{"@type":"ListItem","position":2,"name":"Agenda Fundi\u00e7\u00e3o Progresso"}]},{"@type":"WebSite","@id":"https:\/\/agendaculturalriodejaneiro.com\/#website","url":"https:\/\/agendaculturalriodejaneiro.com\/","name":"Rio de Janeiro Events Guide","description":"Calendar of Events in Rio de Janeiro. What to do in Rio de Janeiro","publisher":{"@id":"https:\/\/agendaculturalriodejaneiro.com\/#organization"},"potentialAction":[{"@type":"SearchAction","target":{"@type":"EntryPoint","urlTemplate":"https:\/\/agendaculturalriodejaneiro.com\/?s={search_term_string}"},"query-input":{"@type":"PropertyValueSpecification","valueRequired":true,"valueName":"search_term_string"}}],"inLanguage":"en-US"},{"@type":"Organization","@id":"https:\/\/agendaculturalriodejaneiro.com\/#organization","name":"Rio de Janeiro Events Guide","alternateName":"Agenda RJ","url":"https:\/\/agendaculturalriodejaneiro.com\/","logo":{"@type":"ImageObject","inLanguage":"en-US","@id":"https:\/\/agendaculturalriodejaneiro.com\/#\/schema\/logo\/image\/","url":"https:\/\/agendaculturalriodejaneiro.com\/wp-content\/uploads\/2024\/11\/cropped-profile-photo-01.jpg","contentUrl":"https:\/\/agendaculturalriodejaneiro.com\/wp-content\/uploads\/2024\/11\/cropped-profile-photo-01.jpg","width":512,"height":512,"caption":"Agenda Cultural Rio de Janeiro"},"image":{"@id":"https:\/\/agendaculturalriodejaneiro.com\/#\/schema\/logo\/image\/"},"sameAs":["https:\/\/www.facebook.com\/agenda_cultural_rio_de_janeiro-106278728546059","https:\/\/www.instagram.com\/agenda_cultural_rio_de_janeiro\/"]}]}},"rttpg_featured_image_url":null,"rttpg_author":{"display_name":"AgendaRio","author_link":"https:\/\/agendaculturalriodejaneiro.com\/en\/author\/agendario\/"},"rttpg_comment":0,"rttpg_category":null,"rttpg_excerpt":"Agenda Fundi\u00e7\u00e3o Progresso Programa\u00e7\u00e3o Fundi\u00e7\u00e3o Progresso 09 Janeiro 2022 ENSAIOS DO B.R.E.C + FESTA AX\u00c9 Fundi\u00e7\u00e3o Progresso Fundi\u00e7\u00e3o Progresso, R. dos Arcos, 24 &#8211; Centro, Rio de Janeiro &#8211; RJ, 20230-060, Brasil Ver Detalhes 14 Janeiro 2022 Natiruts Fundi\u00e7\u00e3o Progresso Fundi\u00e7\u00e3o Progresso, R. dos Arcos, 24 &#8211; Centro, Rio de Janeiro &#8211; RJ, 20230-060, Brasil&hellip;&nbsp;","_links":{"self":[{"href":"https:\/\/agendaculturalriodejaneiro.com\/en\/wp-json\/wp\/v2\/pages\/600","targetHints":{"allow":["GET"]}}],"collection":[{"href":"https:\/\/agendaculturalriodejaneiro.com\/en\/wp-json\/wp\/v2\/pages"}],"about":[{"href":"https:\/\/agendaculturalriodejaneiro.com\/en\/wp-json\/wp\/v2\/types\/page"}],"author":[{"embeddable":true,"href":"https:\/\/agendaculturalriodejaneiro.com\/en\/wp-json\/wp\/v2\/users\/1"}],"replies":[{"embeddable":true,"href":"https:\/\/agendaculturalriodejaneiro.com\/en\/wp-json\/wp\/v2\/comments?post=600"}],"version-history":[{"count":0,"href":"https:\/\/agendaculturalriodejaneiro.com\/en\/wp-json\/wp\/v2\/pages\/600\/revisions"}],"wp:attachment":[{"href":"https:\/\/agendaculturalriodejaneiro.com\/en\/wp-json\/wp\/v2\/media?parent=600"}],"curies":[{"name":"wp","href":"https:\/\/api.w.org\/{rel}","templated":true}]}}