{"id":49084,"date":"2026-04-22T17:29:16","date_gmt":"2026-04-22T20:29:16","guid":{"rendered":"https:\/\/agendaculturalriodejaneiro.com\/?page_id=49084"},"modified":"2026-07-17T09:55:04","modified_gmt":"2026-07-17T12:55:04","slug":"agenda-cultural-rio-de-janeiro","status":"publish","type":"page","link":"https:\/\/agendaculturalriodejaneiro.com\/en\/","title":{"rendered":"Rio de Janeiro Events Guide: Things to Do in Rio"},"content":{"rendered":"\t\t<div data-elementor-type=\"wp-page\" data-elementor-id=\"49084\" class=\"elementor elementor-49084\" data-elementor-post-type=\"page\">\n\t\t\t\t<div class=\"elementor-element elementor-element-5232984 e-flex e-con-boxed e-con e-parent\" data-id=\"5232984\" data-element_type=\"container\" data-e-type=\"container\">\n\t\t\t\t\t<div class=\"e-con-inner\">\n\t\t\t\t<div class=\"elementor-element elementor-element-9b2fa96 elementor-widget elementor-widget-html\" data-id=\"9b2fa96\" data-element_type=\"widget\" data-e-type=\"widget\" data-widget_type=\"html.default\">\n\t\t\t\t<div class=\"elementor-widget-container\">\n\t\t\t\t\t<!-- =========================================================\r\n     AGENDA CULTURAL DO RIO DE JANEIRO\r\n     HOMEPAGE \u2014 BLOCO 1 SIMPLIFICADO\r\n     COLOCAR ANTES DO SHORTCODE MEC\r\n========================================================== -->\r\n\r\n<link rel=\"preconnect\" href=\"https:\/\/fonts.googleapis.com\">\r\n<link rel=\"preconnect\" href=\"https:\/\/fonts.gstatic.com\" crossorigin>\r\n\r\n<link\r\n    href=\"https:\/\/fonts.googleapis.com\/css2?family=Poppins:wght@400;500;600;700;800;900&display=swap\"\r\n    rel=\"stylesheet\"\r\n>\r\n\r\n<!-- ADSENSE: CARREGAR APENAS UMA VEZ NA P\u00c1GINA -->\r\n<script\r\n    async\r\n    src=\"https:\/\/pagead2.googlesyndication.com\/pagead\/js\/adsbygoogle.js?client=ca-pub-1076216326230548\"\r\n    crossorigin=\"anonymous\"\r\n><\/script>\r\n\r\n<style>\r\n\/* =========================================================\r\n   VARI\u00c1VEIS E BASE\r\n========================================================= *\/\r\n\r\n:root {\r\n    --acrj-ciano: #00a6c2;\r\n    --acrj-ciano-escuro: #007f98;\r\n    --acrj-ciano-profundo: #005f73;\r\n    --acrj-amarelo: #ffe000;\r\n    --acrj-amarelo-hover: #f3d200;\r\n    --acrj-preto: #080b10;\r\n    --acrj-preto-suave: #111a22;\r\n    --acrj-texto: #202830;\r\n    --acrj-cinza: #5f6b75;\r\n    --acrj-fundo: #f5f8f9;\r\n    --acrj-branco: #ffffff;\r\n    --acrj-linha: #dbe7ea;\r\n    --acrj-sombra: 0 16px 40px rgba(8, 11, 16, 0.08);\r\n    --acrj-largura: 1240px;\r\n}\r\n\r\n.acrj-home-first,\r\n.acrj-home-first *,\r\n.acrj-mec-shell,\r\n.acrj-mec-shell * {\r\n    box-sizing: border-box;\r\n}\r\n\r\n.acrj-home-first,\r\n.acrj-mec-shell {\r\n    font-family: \"Poppins\", Arial, Helvetica, sans-serif;\r\n}\r\n\r\n.acrj-home-first {\r\n    width: 100%;\r\n    color: var(--acrj-texto);\r\n    font-size: 16px;\r\n    line-height: 1.7;\r\n}\r\n\r\n.acrj-container {\r\n    width: min(100% - 36px, var(--acrj-largura));\r\n    margin-right: auto;\r\n    margin-left: auto;\r\n}\r\n\r\n.acrj-home-first h1,\r\n.acrj-home-first h2,\r\n.acrj-home-first h3,\r\n.acrj-home-first p {\r\n    overflow-wrap: anywhere;\r\n}\r\n\r\n.acrj-home-first h1,\r\n.acrj-home-first h2,\r\n.acrj-home-first h3 {\r\n    font-family: \"Poppins\", Arial, Helvetica, sans-serif;\r\n    font-weight: 800;\r\n    letter-spacing: -0.035em;\r\n}\r\n\r\n.acrj-home-first a:focus-visible,\r\n.acrj-home-first summary:focus-visible {\r\n    outline: 3px solid var(--acrj-amarelo);\r\n    outline-offset: 4px;\r\n}\r\n\r\n\r\n\/* =========================================================\r\n   HERO\r\n========================================================= *\/\r\n\r\n.acrj-home-hero {\r\n    position: relative;\r\n    isolation: isolate;\r\n    overflow: hidden;\r\n\r\n    padding: clamp(58px, 8vw, 98px) 0 72px;\r\n\r\n    background:\r\n        radial-gradient(\r\n            circle at 87% 12%,\r\n            rgba(255, 224, 0, 0.23),\r\n            transparent 27%\r\n        ),\r\n        radial-gradient(\r\n            circle at 7% 94%,\r\n            rgba(0, 166, 194, 0.27),\r\n            transparent 34%\r\n        ),\r\n        linear-gradient(\r\n            135deg,\r\n            #061018 0%,\r\n            #092631 55%,\r\n            #006d83 100%\r\n        );\r\n}\r\n\r\n.acrj-home-hero::before {\r\n    position: absolute;\r\n    z-index: -1;\r\n    top: -150px;\r\n    right: -100px;\r\n\r\n    width: 440px;\r\n    height: 440px;\r\n\r\n    border: 1px solid rgba(255, 255, 255, 0.13);\r\n    border-radius: 50%;\r\n\r\n    content: \"\";\r\n}\r\n\r\n.acrj-home-hero::after {\r\n    position: absolute;\r\n    z-index: -1;\r\n    right: 9%;\r\n    bottom: -230px;\r\n\r\n    width: 380px;\r\n    height: 380px;\r\n\r\n    border: 75px solid rgba(255, 224, 0, 0.075);\r\n    border-radius: 50%;\r\n\r\n    content: \"\";\r\n}\r\n\r\n.acrj-hero-content {\r\n    max-width: 980px;\r\n}\r\n\r\n.acrj-kicker {\r\n    display: inline-flex;\r\n    align-items: center;\r\n    gap: 9px;\r\n\r\n    margin-bottom: 17px;\r\n\r\n    color: #c5edf3;\r\n\r\n    font-size: 11px;\r\n    font-weight: 800;\r\n    letter-spacing: 0.1em;\r\n    line-height: 1.3;\r\n    text-transform: uppercase;\r\n}\r\n\r\n.acrj-kicker::before {\r\n    width: 27px;\r\n    height: 4px;\r\n\r\n    background: var(--acrj-amarelo);\r\n    border-radius: 999px;\r\n\r\n    content: \"\";\r\n}\r\n\r\n.acrj-home-hero h1 {\r\n    max-width: 920px;\r\n    margin: 0 0 22px;\r\n\r\n    color: var(--acrj-branco);\r\n\r\n    font-size: clamp(39px, 6vw, 70px);\r\n    line-height: 1.04;\r\n    letter-spacing: -0.055em;\r\n}\r\n\r\n.acrj-home-hero h1 strong {\r\n    color: var(--acrj-amarelo);\r\n    font-weight: 900;\r\n}\r\n\r\n.acrj-hero-description {\r\n    max-width: 790px;\r\n    margin: 0 0 30px;\r\n\r\n    color: #dcecef;\r\n\r\n    font-size: clamp(16px, 2vw, 19px);\r\n    line-height: 1.75;\r\n}\r\n\r\n.acrj-hero-actions {\r\n    display: flex;\r\n    flex-wrap: wrap;\r\n    gap: 12px;\r\n}\r\n\r\n.acrj-button {\r\n    display: inline-flex;\r\n    align-items: center;\r\n    justify-content: center;\r\n    gap: 9px;\r\n\r\n    min-height: 48px;\r\n    padding: 12px 21px;\r\n\r\n    border: 1px solid transparent;\r\n    border-radius: 999px;\r\n\r\n    font-family: \"Poppins\", Arial, Helvetica, sans-serif;\r\n    font-size: 13px;\r\n    font-weight: 800;\r\n    line-height: 1.25;\r\n    text-align: center;\r\n    text-decoration: none !important;\r\n\r\n    transition:\r\n        transform 170ms ease,\r\n        color 170ms ease,\r\n        background-color 170ms ease,\r\n        border-color 170ms ease;\r\n}\r\n\r\n.acrj-button:hover {\r\n    transform: translateY(-2px);\r\n}\r\n\r\n.acrj-button--primary {\r\n    color: var(--acrj-preto) !important;\r\n    background: var(--acrj-amarelo);\r\n}\r\n\r\n.acrj-button--primary:hover {\r\n    background: var(--acrj-amarelo-hover);\r\n}\r\n\r\n.acrj-button--secondary {\r\n    color: var(--acrj-branco) !important;\r\n    background: rgba(255, 255, 255, 0.08);\r\n    border-color: rgba(255, 255, 255, 0.3);\r\n}\r\n\r\n.acrj-button--secondary:hover {\r\n    background: rgba(255, 255, 255, 0.15);\r\n    border-color: rgba(255, 255, 255, 0.5);\r\n}\r\n\r\n\r\n\/* =========================================================\r\n   NAVEGA\u00c7\u00c3O TEM\u00c1TICA \u00daNICA\r\n========================================================= *\/\r\n\r\n.acrj-discover-section {\r\n    position: relative;\r\n    z-index: 4;\r\n\r\n    margin-top: -31px;\r\n    padding-bottom: 34px;\r\n}\r\n\r\n.acrj-discover-box {\r\n    padding: 25px;\r\n\r\n    background: var(--acrj-branco);\r\n    border: 1px solid var(--acrj-linha);\r\n    border-radius: 21px;\r\n\r\n    box-shadow: var(--acrj-sombra);\r\n}\r\n\r\n.acrj-discover-heading {\r\n    display: flex;\r\n    align-items: flex-end;\r\n    justify-content: space-between;\r\n    gap: 25px;\r\n\r\n    margin-bottom: 20px;\r\n}\r\n\r\n.acrj-discover-heading h2 {\r\n    margin: 0 0 5px;\r\n\r\n    color: var(--acrj-preto);\r\n\r\n    font-size: clamp(22px, 3vw, 30px);\r\n    line-height: 1.2;\r\n}\r\n\r\n.acrj-discover-heading p {\r\n    max-width: 620px;\r\n    margin: 0;\r\n\r\n    color: var(--acrj-cinza);\r\n\r\n    font-size: 13px;\r\n    line-height: 1.65;\r\n}\r\n\r\n.acrj-category-grid {\r\n    display: grid;\r\n    grid-template-columns: repeat(4, minmax(0, 1fr));\r\n    gap: 13px;\r\n}\r\n\r\n.acrj-category-link {\r\n    position: relative;\r\n\r\n    display: flex;\r\n    min-width: 0;\r\n    min-height: 98px;\r\n    flex-direction: column;\r\n    justify-content: space-between;\r\n\r\n    padding: 17px;\r\n\r\n    color: var(--acrj-preto) !important;\r\n    background: var(--acrj-fundo);\r\n    border: 1px solid transparent;\r\n    border-radius: 14px;\r\n\r\n    text-decoration: none !important;\r\n\r\n    transition:\r\n        transform 170ms ease,\r\n        background-color 170ms ease,\r\n        border-color 170ms ease,\r\n        box-shadow 170ms ease;\r\n}\r\n\r\n.acrj-category-link:hover {\r\n    transform: translateY(-3px);\r\n\r\n    background: #eaf8fa;\r\n    border-color: rgba(0, 166, 194, 0.38);\r\n\r\n    box-shadow: 0 10px 24px rgba(8, 11, 16, 0.075);\r\n}\r\n\r\n.acrj-category-link::after {\r\n    position: absolute;\r\n    top: 14px;\r\n    right: 15px;\r\n\r\n    color: var(--acrj-ciano);\r\n\r\n    content: \"\u2197\";\r\n    font-size: 18px;\r\n    line-height: 1;\r\n}\r\n\r\n.acrj-category-link small {\r\n    display: block;\r\n    padding-right: 25px;\r\n\r\n    color: var(--acrj-ciano-escuro);\r\n\r\n    font-size: 9px;\r\n    font-weight: 800;\r\n    letter-spacing: 0.08em;\r\n    line-height: 1.4;\r\n    text-transform: uppercase;\r\n}\r\n\r\n.acrj-category-link strong {\r\n    display: block;\r\n    padding-right: 15px;\r\n\r\n    color: var(--acrj-preto);\r\n\r\n    font-size: 15px;\r\n    line-height: 1.35;\r\n}\r\n\r\n\r\n\/* Categorias adicionais *\/\r\n\r\n.acrj-more-categories {\r\n    margin: 13px 0 0;\r\n}\r\n\r\n.acrj-more-categories > summary {\r\n    display: none;\r\n}\r\n\r\n.acrj-extra-category-grid {\r\n    display: grid;\r\n    grid-template-columns: repeat(4, minmax(0, 1fr));\r\n    gap: 13px;\r\n}\r\n\r\n\r\n\/* =========================================================\r\n   ADSENSE\r\n========================================================= *\/\r\n\r\n.acrj-ad-wrapper {\r\n    width: 100%;\r\n    margin: 38px auto;\r\n    padding: 0 16px;\r\n\r\n    clear: both;\r\n    text-align: center;\r\n}\r\n\r\n.acrj-ad-label {\r\n    display: block;\r\n    margin: 0 auto 7px;\r\n\r\n    color: #7b878d;\r\n\r\n    font-size: 9px;\r\n    font-weight: 700;\r\n    letter-spacing: 0.15em;\r\n    line-height: 1;\r\n    text-align: center;\r\n    text-transform: uppercase;\r\n}\r\n\r\n.acrj-ad-slot {\r\n    display: flex;\r\n    align-items: center;\r\n    justify-content: center;\r\n\r\n    width: 100%;\r\n    min-height: 90px;\r\n    margin: 0 auto;\r\n\r\n    overflow: hidden;\r\n}\r\n\r\n\r\n\/* =========================================================\r\n   INTRODU\u00c7\u00c3O DA AGENDA MEC\r\n========================================================= *\/\r\n\r\n.acrj-agenda-intro {\r\n    padding: 33px 0 28px;\r\n}\r\n\r\n.acrj-agenda-heading {\r\n    display: flex;\r\n    align-items: flex-end;\r\n    justify-content: space-between;\r\n    gap: 28px;\r\n\r\n    padding-bottom: 24px;\r\n\r\n    border-bottom: 1px solid var(--acrj-linha);\r\n}\r\n\r\n.acrj-agenda-copy {\r\n    max-width: 810px;\r\n}\r\n\r\n.acrj-agenda-intro .acrj-kicker {\r\n    margin-bottom: 12px;\r\n    color: var(--acrj-ciano-profundo);\r\n}\r\n\r\n.acrj-agenda-intro h2 {\r\n    margin: 0 0 10px;\r\n\r\n    color: var(--acrj-preto);\r\n\r\n    font-size: clamp(28px, 4vw, 43px);\r\n    line-height: 1.13;\r\n}\r\n\r\n.acrj-agenda-intro p {\r\n    margin: 0;\r\n\r\n    color: var(--acrj-cinza);\r\n\r\n    font-size: 14px;\r\n    line-height: 1.75;\r\n}\r\n\r\n.acrj-agenda-status {\r\n    display: inline-flex;\r\n    flex: 0 0 auto;\r\n    align-items: center;\r\n    gap: 9px;\r\n\r\n    padding: 10px 15px;\r\n\r\n    color: var(--acrj-ciano-profundo);\r\n    background: #e8f8fb;\r\n    border: 1px solid #c7ecf2;\r\n    border-radius: 999px;\r\n\r\n    font-size: 10px;\r\n    font-weight: 800;\r\n    letter-spacing: 0.05em;\r\n    line-height: 1.3;\r\n    text-transform: uppercase;\r\n}\r\n\r\n.acrj-agenda-status::before {\r\n    width: 8px;\r\n    height: 8px;\r\n\r\n    background: var(--acrj-ciano);\r\n    border-radius: 50%;\r\n\r\n    box-shadow: 0 0 0 5px rgba(0, 166, 194, 0.12);\r\n\r\n    content: \"\";\r\n}\r\n\r\n\r\n\/* =========================================================\r\n   MEC \u2014 CONTENTOR E CARDS\r\n========================================================= *\/\r\n\r\n.acrj-mec-shell {\r\n    width: min(100% - 36px, var(--acrj-largura));\r\n    margin-right: auto;\r\n    margin-left: auto;\r\n    padding-bottom: 35px;\r\n}\r\n\r\n.acrj-mec-shell .mec-wrap,\r\n.acrj-mec-shell .mec-event-grid-modern {\r\n    width: 100%;\r\n    max-width: none;\r\n\r\n    font-family: \"Poppins\", Arial, Helvetica, sans-serif !important;\r\n}\r\n\r\n.acrj-mec-shell .mec-event-grid-modern > .row,\r\n.acrj-mec-shell .mec-event-grid-modern-container > .row {\r\n    display: grid !important;\r\n    grid-template-columns: repeat(3, minmax(0, 1fr));\r\n    column-gap: 30px !important;\r\n    row-gap: 34px !important;\r\n\r\n    width: 100%;\r\n    margin: 0 !important;\r\n    padding: 0 !important;\r\n\r\n    align-items: stretch;\r\n}\r\n\r\n.acrj-mec-shell .mec-event-article {\r\n    display: flex !important;\r\n    float: none !important;\r\n\r\n    width: auto !important;\r\n    max-width: none !important;\r\n    min-width: 0;\r\n    height: 100%;\r\n\r\n    flex-direction: column;\r\n\r\n    margin: 0 !important;\r\n    padding: 0 !important;\r\n\r\n    overflow: hidden;\r\n\r\n    background: var(--acrj-branco);\r\n    border: 1px solid var(--acrj-linha);\r\n    border-top: 4px solid var(--acrj-ciano);\r\n    border-radius: 16px;\r\n\r\n    box-shadow: 0 12px 30px rgba(8, 11, 16, 0.075);\r\n\r\n    transition:\r\n        transform 180ms ease,\r\n        border-color 180ms ease,\r\n        box-shadow 180ms ease;\r\n}\r\n\r\n.acrj-mec-shell .mec-event-article:hover {\r\n    transform: translateY(-4px);\r\n\r\n    border-color: rgba(0, 166, 194, 0.55);\r\n\r\n    box-shadow: 0 19px 40px rgba(8, 11, 16, 0.13);\r\n}\r\n\r\n.acrj-mec-shell .mec-event-image {\r\n    width: 100%;\r\n    height: 192px !important;\r\n    min-height: 192px !important;\r\n    max-height: 192px !important;\r\n\r\n    margin: 0 !important;\r\n    padding: 0 !important;\r\n\r\n    overflow: hidden;\r\n    background: #e4eff2;\r\n}\r\n\r\n.acrj-mec-shell .mec-event-image > a {\r\n    display: block;\r\n    width: 100%;\r\n    height: 100%;\r\n}\r\n\r\n.acrj-mec-shell .mec-event-image img {\r\n    display: block;\r\n\r\n    width: 100% !important;\r\n    height: 100% !important;\r\n    max-width: none !important;\r\n\r\n    object-fit: cover !important;\r\n    object-position: center;\r\n}\r\n\r\n.acrj-mec-shell .mec-event-content {\r\n    display: flex;\r\n    min-width: 0;\r\n    flex: 1;\r\n    flex-direction: column;\r\n\r\n    padding: 16px 18px 12px !important;\r\n}\r\n\r\n.acrj-mec-shell .mec-event-title {\r\n    display: -webkit-box;\r\n    margin: 0 0 10px !important;\r\n\r\n    overflow: hidden;\r\n\r\n    color: var(--acrj-preto) !important;\r\n\r\n    font-family: \"Poppins\", Arial, Helvetica, sans-serif !important;\r\n    font-size: 17px !important;\r\n    font-weight: 800 !important;\r\n    letter-spacing: -0.02em;\r\n    line-height: 1.35 !important;\r\n    text-transform: none !important;\r\n\r\n    -webkit-box-orient: vertical;\r\n    -webkit-line-clamp: 3;\r\n}\r\n\r\n.acrj-mec-shell .mec-event-title a {\r\n    color: inherit !important;\r\n    text-decoration: none !important;\r\n}\r\n\r\n.acrj-mec-shell .mec-event-detail,\r\n.acrj-mec-shell .mec-event-address,\r\n.acrj-mec-shell .mec-event-loc-place {\r\n    display: -webkit-box;\r\n    margin: 0 !important;\r\n\r\n    overflow: hidden;\r\n\r\n    color: var(--acrj-cinza) !important;\r\n\r\n    font-size: 12px !important;\r\n    line-height: 1.55 !important;\r\n\r\n    -webkit-box-orient: vertical;\r\n    -webkit-line-clamp: 2;\r\n}\r\n\r\n.acrj-mec-shell .mec-load-more-button {\r\n    display: flex !important;\r\n    align-items: center;\r\n    justify-content: center;\r\n\r\n    width: max-content;\r\n    min-width: 170px;\r\n    min-height: 47px;\r\n\r\n    margin: 38px auto 10px !important;\r\n    padding: 12px 25px !important;\r\n\r\n    color: var(--acrj-preto) !important;\r\n    background: var(--acrj-amarelo) !important;\r\n    border: 0 !important;\r\n    border-radius: 999px !important;\r\n\r\n    font-family: \"Poppins\", Arial, Helvetica, sans-serif !important;\r\n    font-size: 13px !important;\r\n    font-weight: 800 !important;\r\n    text-transform: none !important;\r\n}\r\n\r\n\r\n\/* =========================================================\r\n   TABLET\r\n========================================================= *\/\r\n\r\n@media (max-width: 1050px) {\r\n    .acrj-category-grid,\r\n    .acrj-extra-category-grid {\r\n        grid-template-columns: repeat(2, minmax(0, 1fr));\r\n    }\r\n\r\n    .acrj-mec-shell .mec-event-grid-modern > .row,\r\n    .acrj-mec-shell .mec-event-grid-modern-container > .row {\r\n        grid-template-columns: repeat(2, minmax(0, 1fr));\r\n        column-gap: 24px !important;\r\n        row-gap: 28px !important;\r\n    }\r\n\r\n    .acrj-mec-shell .mec-event-image {\r\n        height: 205px !important;\r\n        min-height: 205px !important;\r\n        max-height: 205px !important;\r\n    }\r\n}\r\n\r\n\r\n\/* =========================================================\r\n   MOBILE\r\n========================================================= *\/\r\n\r\n@media (max-width: 680px) {\r\n    .acrj-container,\r\n    .acrj-mec-shell {\r\n        width: min(100% - 28px, var(--acrj-largura));\r\n    }\r\n\r\n    .acrj-home-hero {\r\n        padding: 51px 0 62px;\r\n    }\r\n\r\n    .acrj-home-hero h1 {\r\n        font-size: clamp(35px, 11vw, 48px);\r\n    }\r\n\r\n    .acrj-hero-description {\r\n        margin-bottom: 25px;\r\n        font-size: 15px;\r\n        line-height: 1.7;\r\n    }\r\n\r\n    .acrj-hero-actions {\r\n        align-items: stretch;\r\n        flex-direction: column;\r\n    }\r\n\r\n    .acrj-button {\r\n        width: 100%;\r\n    }\r\n\r\n    .acrj-discover-section {\r\n        margin-top: -25px;\r\n        padding-bottom: 18px;\r\n    }\r\n\r\n    .acrj-discover-box {\r\n        padding: 17px;\r\n        border-radius: 17px;\r\n    }\r\n\r\n    .acrj-discover-heading {\r\n        display: block;\r\n        margin-bottom: 16px;\r\n    }\r\n\r\n    .acrj-discover-heading h2 {\r\n        margin-bottom: 7px;\r\n        font-size: 22px;\r\n    }\r\n\r\n    .acrj-discover-heading p {\r\n        font-size: 12px;\r\n    }\r\n\r\n    \/* Apenas quatro categorias vis\u00edveis inicialmente *\/\r\n    .acrj-category-grid {\r\n        grid-template-columns: repeat(2, minmax(0, 1fr));\r\n        gap: 10px;\r\n    }\r\n\r\n    .acrj-category-link {\r\n        min-height: 86px;\r\n        padding: 14px;\r\n    }\r\n\r\n    .acrj-category-link small {\r\n        font-size: 8px;\r\n    }\r\n\r\n    .acrj-category-link strong {\r\n        font-size: 13px;\r\n    }\r\n\r\n    \/* Categorias adicionais fechadas *\/\r\n    .acrj-more-categories {\r\n        margin-top: 11px;\r\n    }\r\n\r\n    .acrj-more-categories > summary {\r\n        display: flex;\r\n        align-items: center;\r\n        justify-content: center;\r\n        gap: 8px;\r\n\r\n        min-height: 43px;\r\n        padding: 10px 16px;\r\n\r\n        color: var(--acrj-ciano-profundo);\r\n        background: #e9f8fa;\r\n        border: 1px solid #c5eaf0;\r\n        border-radius: 999px;\r\n\r\n        cursor: pointer;\r\n\r\n        font-size: 11px;\r\n        font-weight: 800;\r\n        line-height: 1.3;\r\n        list-style: none;\r\n    }\r\n\r\n    .acrj-more-categories > summary::-webkit-details-marker {\r\n        display: none;\r\n    }\r\n\r\n    .acrj-more-categories > summary::after {\r\n        content: \"+\";\r\n        font-size: 17px;\r\n        line-height: 1;\r\n    }\r\n\r\n    .acrj-more-categories[open] > summary::after {\r\n        content: \"\u2212\";\r\n    }\r\n\r\n    .acrj-extra-category-grid {\r\n        grid-template-columns: repeat(2, minmax(0, 1fr));\r\n        gap: 10px;\r\n        margin-top: 11px;\r\n    }\r\n\r\n    .acrj-ad-wrapper {\r\n        margin-top: 30px;\r\n        margin-bottom: 30px;\r\n        padding: 0;\r\n    }\r\n\r\n    .acrj-ad-slot {\r\n        min-height: 250px;\r\n    }\r\n\r\n    .acrj-agenda-intro {\r\n        padding-top: 23px;\r\n    }\r\n\r\n    .acrj-agenda-heading {\r\n        align-items: flex-start;\r\n        flex-direction: column;\r\n        gap: 15px;\r\n    }\r\n\r\n    .acrj-agenda-intro h2 {\r\n        font-size: 29px;\r\n    }\r\n\r\n    .acrj-mec-shell .mec-event-grid-modern > .row,\r\n    .acrj-mec-shell .mec-event-grid-modern-container > .row {\r\n        grid-template-columns: minmax(0, 1fr);\r\n        row-gap: 20px !important;\r\n    }\r\n\r\n    .acrj-mec-shell .mec-event-image {\r\n        height: 202px !important;\r\n        min-height: 202px !important;\r\n        max-height: 202px !important;\r\n    }\r\n}\r\n\r\n@media (max-width: 390px) {\r\n    .acrj-category-grid,\r\n    .acrj-extra-category-grid {\r\n        grid-template-columns: minmax(0, 1fr);\r\n    }\r\n\r\n    .acrj-category-link {\r\n        min-height: 78px;\r\n    }\r\n}\r\n\r\n@media (prefers-reduced-motion: reduce) {\r\n    .acrj-home-first *,\r\n    .acrj-mec-shell * {\r\n        scroll-behavior: auto !important;\r\n        animation-duration: 0.01ms !important;\r\n        animation-iteration-count: 1 !important;\r\n        transition-duration: 0.01ms !important;\r\n    }\r\n}\r\n<\/style>\r\n\r\n\r\n<main class=\"acrj-home-first\" id=\"conteudo-principal\">\r\n\r\n    <!-- HERO -->\r\n    <section\r\n        class=\"acrj-home-hero\"\r\n        aria-labelledby=\"acrj-home-title\"\r\n    >\r\n        <div class=\"acrj-container\">\r\n\r\n            <div class=\"acrj-hero-content\">\r\n\r\n                <span class=\"acrj-kicker\">\r\n                    Seu guia cultural na Cidade Maravilhosa\r\n                <\/span>\r\n\r\n                <h1 id=\"acrj-home-title\">\r\n                    Agenda Cultural do Rio de Janeiro:\r\n                    <strong>eventos e o que fazer no RJ<\/strong>\r\n                <\/h1>\r\n\r\n                <p class=\"acrj-hero-description\">\r\n                    Descubra shows, pe\u00e7as de teatro, exposi\u00e7\u00f5es, atividades\r\n                    infantis, festas, passeios e experi\u00eancias para aproveitar\r\n                    o melhor do Rio de Janeiro.\r\n                <\/p>\r\n\r\n                <div class=\"acrj-hero-actions\">\r\n\r\n                    <a\r\n                        class=\"acrj-button acrj-button--primary\"\r\n                        href=\"#agenda-rio\"\r\n                    >\r\n                        Ver pr\u00f3ximos eventos\r\n                        <span aria-hidden=\"true\">\u2193<\/span>\r\n                    <\/a>\r\n\r\n                    <a\r\n                        class=\"acrj-button acrj-button--secondary\"\r\n                        href=\"https:\/\/agendaculturalriodejaneiro.com\/final-de-semana-no-rio-de-janeiro\/\"\r\n                    >\r\n                        Programa\u00e7\u00e3o do fim de semana\r\n                    <\/a>\r\n\r\n                <\/div>\r\n            <\/div>\r\n\r\n        <\/div>\r\n    <\/section>\r\n\r\n\r\n    <!-- \u00daNICA \u00c1REA DE CATEGORIAS -->\r\n    <section\r\n        class=\"acrj-discover-section\"\r\n        aria-labelledby=\"acrj-discover-title\"\r\n    >\r\n        <div class=\"acrj-container\">\r\n\r\n            <div class=\"acrj-discover-box\">\r\n\r\n                <div class=\"acrj-discover-heading\">\r\n                    <div>\r\n                        <h2 id=\"acrj-discover-title\">\r\n                            Encontre seu pr\u00f3ximo programa\r\n                        <\/h2>\r\n\r\n                        <p>\r\n                            Escolha um tema ou consulte todos os eventos\r\n                            na agenda logo abaixo.\r\n                        <\/p>\r\n                    <\/div>\r\n                <\/div>\r\n\r\n\r\n                <!-- QUATRO CATEGORIAS PRINCIPAIS -->\r\n                <nav\r\n                    class=\"acrj-category-grid\"\r\n                    aria-label=\"Principais categorias culturais\"\r\n                >\r\n\r\n                    <a\r\n                        class=\"acrj-category-link\"\r\n                        href=\"https:\/\/agendaculturalriodejaneiro.com\/shows-rio-de-janeiro-musica-concertos\/\"\r\n                    >\r\n                        <small>M\u00fasica ao vivo<\/small>\r\n                        <strong>Shows e concertos<\/strong>\r\n                    <\/a>\r\n\r\n                    <a\r\n                        class=\"acrj-category-link\"\r\n                        href=\"https:\/\/agendaculturalriodejaneiro.com\/pecas-de-teatro-rio-de-janeiro\/\"\r\n                    >\r\n                        <small>Em cartaz<\/small>\r\n                        <strong>Pe\u00e7as de teatro<\/strong>\r\n                    <\/a>\r\n\r\n                    <a\r\n                        class=\"acrj-category-link\"\r\n                        href=\"https:\/\/agendaculturalriodejaneiro.com\/programacao-infantil-do-rio-de-janeiro\/\"\r\n                    >\r\n                        <small>Para fam\u00edlias<\/small>\r\n                        <strong>Programa\u00e7\u00e3o infantil<\/strong>\r\n                    <\/a>\r\n\r\n                    <a\r\n                        class=\"acrj-category-link\"\r\n                        href=\"https:\/\/agendaculturalriodejaneiro.com\/exposicoes-no-rio-de-janeiro\/\"\r\n                    >\r\n                        <small>Arte e cultura<\/small>\r\n                        <strong>Exposi\u00e7\u00f5es e museus<\/strong>\r\n                    <\/a>\r\n\r\n                <\/nav>\r\n\r\n\r\n                <!-- OUTRAS OP\u00c7\u00d5ES -->\r\n                <details class=\"acrj-more-categories\">\r\n\r\n                    <summary>\r\n                        Ver mais op\u00e7\u00f5es\r\n                    <\/summary>\r\n\r\n                    <nav\r\n                        class=\"acrj-extra-category-grid\"\r\n                        aria-label=\"Outras categorias culturais\"\r\n                    >\r\n\r\n                        <a\r\n                            class=\"acrj-category-link\"\r\n                            href=\"https:\/\/agendaculturalriodejaneiro.com\/o-que-fazer-no-rio-de-janeiro-a-noite\/\"\r\n                        >\r\n                            <small>Depois do p\u00f4r do sol<\/small>\r\n                            <strong>O que fazer \u00e0 noite<\/strong>\r\n                        <\/a>\r\n\r\n                        <a\r\n                            class=\"acrj-category-link\"\r\n                            href=\"https:\/\/agendaculturalriodejaneiro.com\/shows-de-stand-up-comedy-rio-de-janeiro\/\"\r\n                        >\r\n                            <small>Humor<\/small>\r\n                            <strong>Stand-up comedy<\/strong>\r\n                        <\/a>\r\n\r\n                        <a\r\n                            class=\"acrj-category-link\"\r\n                            href=\"https:\/\/agendaculturalriodejaneiro.com\/tours-no-rio-de-janeiro\/\"\r\n                        >\r\n                            <small>Conhe\u00e7a a cidade<\/small>\r\n                            <strong>Tours e passeios<\/strong>\r\n                        <\/a>\r\n\r\n                        <a\r\n                            class=\"acrj-category-link\"\r\n                            href=\"https:\/\/agendaculturalriodejaneiro.com\/agenda-lgbtq-rio-de-janeiro\/\"\r\n                        >\r\n                            <small>Diversidade<\/small>\r\n                            <strong>Agenda LGBTQ+<\/strong>\r\n                        <\/a>\r\n\r\n                    <\/nav>\r\n\r\n                <\/details>\r\n\r\n            <\/div>\r\n        <\/div>\r\n    <\/section>\r\n\r\n\r\n    <!-- AN\u00daNCIO -->\r\n    <aside\r\n        class=\"acrj-ad-wrapper\"\r\n        aria-label=\"Publicidade\"\r\n    >\r\n        <span class=\"acrj-ad-label\">PUB<\/span>\r\n\r\n        <div\r\n            class=\"acrj-ad-slot\"\r\n            data-desktop-slot=\"5800876183\"\r\n            data-mobile-slot=\"6529814326\"\r\n        ><\/div>\r\n    <\/aside>\r\n\r\n\r\n    <!-- INTRODU\u00c7\u00c3O DA AGENDA -->\r\n    <section\r\n        class=\"acrj-agenda-intro\"\r\n        id=\"agenda-rio\"\r\n        aria-labelledby=\"acrj-agenda-title\"\r\n    >\r\n        <div class=\"acrj-container acrj-agenda-heading\">\r\n\r\n            <div class=\"acrj-agenda-copy\">\r\n\r\n                <span class=\"acrj-kicker\">\r\n                    Agenda atualizada\r\n                <\/span>\r\n\r\n                <h2 id=\"acrj-agenda-title\">\r\n                    Pr\u00f3ximos eventos no Rio de Janeiro\r\n                <\/h2>\r\n\r\n                <p>\r\n                    Consulte datas, locais e informa\u00e7\u00f5es dos eventos.\r\n                    Abra cada atra\u00e7\u00e3o para verificar hor\u00e1rios, ingressos,\r\n                    classifica\u00e7\u00e3o et\u00e1ria e poss\u00edveis altera\u00e7\u00f5es.\r\n                <\/p>\r\n\r\n            <\/div>\r\n\r\n            <span class=\"acrj-agenda-status\">\r\n                Programa\u00e7\u00e3o cultural\r\n            <\/span>\r\n\r\n        <\/div>\r\n    <\/section>\r\n\r\n<\/main>\r\n\r\n\r\n<script>\r\ndocument.addEventListener(\"DOMContentLoaded\", function () {\r\n\r\n    \/* =====================================================\r\n       ADSENSE RESPONSIVO\r\n    ====================================================== *\/\r\n\r\n    const anuncios = document.querySelectorAll(\r\n        '.acrj-ad-slot:not([data-ad-loaded=\"true\"])'\r\n    );\r\n\r\n    const desktop = window.matchMedia(\"(min-width: 900px)\").matches;\r\n\r\n    anuncios.forEach(function (container) {\r\n        const anuncio = document.createElement(\"ins\");\r\n\r\n        anuncio.className = \"adsbygoogle\";\r\n\r\n        anuncio.setAttribute(\r\n            \"data-ad-client\",\r\n            \"ca-pub-1076216326230548\"\r\n        );\r\n\r\n        if (desktop) {\r\n            anuncio.style.display = \"inline-block\";\r\n            anuncio.style.width = \"728px\";\r\n            anuncio.style.height = \"90px\";\r\n\r\n            anuncio.setAttribute(\r\n                \"data-ad-slot\",\r\n                container.dataset.desktopSlot || \"5800876183\"\r\n            );\r\n        } else {\r\n            anuncio.style.display = \"inline-block\";\r\n            anuncio.style.width = \"300px\";\r\n            anuncio.style.height = \"250px\";\r\n\r\n            anuncio.setAttribute(\r\n                \"data-ad-slot\",\r\n                container.dataset.mobileSlot || \"6529814326\"\r\n            );\r\n        }\r\n\r\n        container.appendChild(anuncio);\r\n        container.setAttribute(\"data-ad-loaded\", \"true\");\r\n\r\n        try {\r\n            (window.adsbygoogle = window.adsbygoogle || []).push({});\r\n        } catch (erro) {\r\n            console.warn(\"N\u00e3o foi poss\u00edvel carregar o an\u00fancio.\", erro);\r\n        }\r\n    });\r\n\r\n});\r\n<\/script>\t\t\t\t<\/div>\n\t\t\t\t<\/div>\n\t\t\t\t\t<\/div>\n\t\t\t\t<\/div>\n\t\t<div class=\"elementor-element elementor-element-c3b674e e-flex e-con-boxed e-con e-parent\" data-id=\"c3b674e\" data-element_type=\"container\" data-e-type=\"container\">\n\t\t\t\t\t<div class=\"e-con-inner\">\n\t\t\t\t<div class=\"elementor-element elementor-element-2f41cbf elementor-widget elementor-widget-MEC\" data-id=\"2f41cbf\" data-element_type=\"widget\" data-e-type=\"widget\" data-widget_type=\"MEC.default\">\n\t\t\t\t<div class=\"elementor-widget-container\">\n\t\t\t\t\t<div class=\"mec-wrap mec-skin-grid-container  \" id=\"mec_skin_mec1\">\r\n\r\n    <form id=\"mec_search_form_mec1\" class=\"mec-search-form mec-totalcal-box mec-dropdown-classic\" autocomplete=\"off\"><div class=\"mec-dropdown-wrap\"><div class=\"mec-dropdown-search\"><i class=\"mec-sl-folder\"><\/i><select name=\" \" id=\"mec_sf_category_mec1\" class=\"postform\">\n\t<option value=\"\" selected=\"selected\">Categoria<\/option>\n\t<option class=\"level-0\" value=\"59\">Balada<\/option>\n\t<option class=\"level-0\" value=\"79\">Carnaval<\/option>\n\t<option class=\"level-0\" value=\"54\">Cinema<\/option>\n\t<option class=\"level-0\" value=\"307\">Com\u00e9dia<\/option>\n\t<option class=\"level-0\" value=\"56\">Congressos e Palestras &#8211; RJ<\/option>\n\t<option class=\"level-0\" value=\"6\">Dan\u00e7a<\/option>\n\t<option class=\"level-0\" value=\"177\">Esportes<\/option>\n\t<option class=\"level-0\" value=\"10\">Eventos ao Fim de Semana<\/option>\n\t<option class=\"level-0\" value=\"149\">Eventos Gratuitos<\/option>\n\t<option class=\"level-0\" value=\"78\">Exposi\u00e7\u00f5es | Museus | Galerias<\/option>\n\t<option class=\"level-0\" value=\"245\">Festas e Shows<\/option>\n\t<option class=\"level-0\" value=\"16\">Festivais<\/option>\n\t<option class=\"level-0\" value=\"326\">Gastronomia<\/option>\n\t<option class=\"level-0\" value=\"361\">Jazz<\/option>\n\t<option class=\"level-0\" value=\"55\">LGBTQ+- RJ<\/option>\n\t<option class=\"level-0\" value=\"52\">Literatura<\/option>\n\t<option class=\"level-0\" value=\"5\">M\u00fasica<\/option>\n\t<option class=\"level-1\" value=\"238\">&nbsp;&nbsp;&nbsp;Cl\u00e1ssica<\/option>\n\t<option class=\"level-1\" value=\"239\">&nbsp;&nbsp;&nbsp;Funk<\/option>\n\t<option class=\"level-1\" value=\"353\">&nbsp;&nbsp;&nbsp;Heavy Metal<\/option>\n\t<option class=\"level-1\" value=\"240\">&nbsp;&nbsp;&nbsp;Pagode<\/option>\n\t<option class=\"level-1\" value=\"352\">&nbsp;&nbsp;&nbsp;Reggae<\/option>\n\t<option class=\"level-1\" value=\"355\">&nbsp;&nbsp;&nbsp;Rock<\/option>\n\t<option class=\"level-1\" value=\"241\">&nbsp;&nbsp;&nbsp;Samba<\/option>\n\t<option class=\"level-1\" value=\"242\">&nbsp;&nbsp;&nbsp;Sertanejo<\/option>\n\t<option class=\"level-0\" value=\"358\">Musical<\/option>\n\t<option class=\"level-0\" value=\"57\">O que fazer \u00e0 Noite em RJ<\/option>\n\t<option class=\"level-0\" value=\"22\">Programa\u00e7\u00e3o Infantil<\/option>\n\t<option class=\"level-0\" value=\"4\">Stand Up Comedy<\/option>\n\t<option class=\"level-0\" value=\"3\">Teatro<\/option>\n\t<option class=\"level-0\" value=\"53\">Teatro Infantil<\/option>\n\t<option class=\"level-0\" value=\"39\">Tours<\/option>\n\t<option class=\"level-0\" value=\"337\">Workshop<\/option>\n<\/select>\n<\/div><\/div><div class=\"mec-date-search\"><i class=\"mec-sl-calendar\"><\/i>\r\n                    <input class=\"mec-col-3 mec_date_picker_dynamic_format_start\" data-min=\"2026-09-02\" type=\"text\" id=\"mec_sf_date_start_mec1\" name=\"sf[date_start]\" placeholder=\"Start\" title=\"Start\" autocomplete=\"off\">\r\n                    <input class=\"mec-col-3 mec_date_picker_dynamic_format_end\" type=\"text\" id=\"mec_sf_date_end_mec1\" name=\"sf[date_end]\" placeholder=\"End\" title=\"End\" autocomplete=\"off\">\r\n                <\/div><div class=\"mec-text-input-search\"><i class=\"mec-sl-magnifier\"><\/i>\r\n                    <input type=\"search\" value=\"\" id=\"mec_sf_s_mec1\" placeholder=\"\" title=\"\" \/>\r\n                <\/div><div id=\"mec_search_form_mec1_status\" class=\"mec-screen-reader-text\"><\/div><\/form>\r\n            <div class=\"mec-skin-grid-events-container\" id=\"mec_skin_events_mec1\">\r\n        <div class=\"mec-wrap colorskin-custom\">\r\n    <div class=\"mec-event-grid-classic\" data-widget-autoplay=\"1\" data-widget-loop=\"1\" data-widget-autoplay-time=\"3000\">\r\n        <div class=\"row\"><div class=\"col-md-4 col-sm-4\"><article class=\"mec-past-event mec-event-article mec-clear  \">                                <div class=\"mec-event-image\"><a data-event-id=\"52753\" href=\"https:\/\/agendaculturalriodejaneiro.com\/en\/events\/trem-do-corcovado-e-acesso-sem-filas-ao-cristo-redentor-2\/\" target=\"_self\" rel=\"noopener\"><img fetchpriority=\"high\" decoding=\"async\" width=\"300\" height=\"200\" src=\"https:\/\/agendaculturalriodejaneiro.com\/wp-content\/uploads\/2026\/08\/product-01-300x200.jpg\" class=\"attachment-medium size-medium wp-post-image\" alt=\"\" data-mec-postid=\"52753\" \/><\/a><\/div>\r\n                        <div class=\"mec-event-content\">\r\n                                    <div class=\"mec-event-date mec-bg-color\">\r\n                        <span class=\"mec-start-date-label\">02 September 2026<\/span>                                                                    <\/div>\r\n                                                                <h4 class=\"mec-event-title\"><a class=\"mec-color-hover\" data-event-id=\"52753\" href=\"https:\/\/agendaculturalriodejaneiro.com\/en\/events\/trem-do-corcovado-e-acesso-sem-filas-ao-cristo-redentor-2\/\" target=\"_self\" rel=\"noopener\">Trem do Corcovado e acesso sem filas ao Cristo Redentor<\/a><\/h4>\r\n                                <p class=\"mec-grid-event-location\">Trem do Corcovado, Rua Cosme Velho, 513 - Cosme Velho, Rio de Janeiro - RJ, Brasil<\/p>\r\n                                                                            <\/div>\r\n            <div class=\"mec-event-footer\">\r\n                                <ul class=\"mec-event-sharing-wrap\">\r\n                    <li class=\"mec-event-share\">\r\n                        <a href=\"#\" class=\"mec-event-share-icon\">\r\n                            <i class=\"mec-sl-share\" title=\"Share\"><\/i>\r\n                        <\/a>\r\n                    <\/li>\r\n                    <li>\r\n                        <ul class=\"mec-event-sharing\">\r\n                            <li class=\"mec-event-social-icon\"><a class=\"facebook\" href=\"https:\/\/www.facebook.com\/sharer\/sharer.php?u=https%3A%2F%2Fagendaculturalriodejaneiro.com%2Fen%2Fevents%2Ftrem-do-corcovado-e-acesso-sem-filas-ao-cristo-redentor-2%2F\" onclick=\"javascript:window.open(this.href, &apos;&apos;, &apos;menubar=no,toolbar=no,resizable=yes,scrollbars=yes,height=500,width=600&apos;); return false;\" target=\"_blank\" title=\"Share on Facebook\"><i class=\"mec-fa-facebook\"><\/i><span class=\"mec-social-title\">Facebook<\/span><\/a><\/li><li class=\"mec-event-social-icon\"><a class=\"twitter\" href=\"https:\/\/x.com\/intent\/tweet?url=https%3A%2F%2Fagendaculturalriodejaneiro.com%2Fen%2Fevents%2Ftrem-do-corcovado-e-acesso-sem-filas-ao-cristo-redentor-2%2F\" onclick=\"javascript:window.open(this.href, &apos;&apos;, &apos;menubar=no,toolbar=no,resizable=yes,scrollbars=yes,height=600,width=500&apos;); return false;\" target=\"_blank\" title=\"X Social Network\"><svg xmlns=\"http:\/\/www.w3.org\/2000\/svg\" viewbox=\"0 0 512 462.799\"><path d=\"M403.229 0h78.506L310.219 196.04 512 462.799H354.002L230.261 301.007 88.669 462.799h-78.56l183.455-209.683L0 0h161.999l111.856 147.88L403.229 0zm-27.556 415.805h43.505L138.363 44.527h-46.68l283.99 371.278z\" \/><\/svg><span class=\"mec-social-title\">Twitter<\/span><\/a><\/li><li class=\"mec-event-social-icon\"><a class=\"linkedin\" href=\"https:\/\/www.linkedin.com\/shareArticle?mini=true&amp;url=https%3A%2F%2Fagendaculturalriodejaneiro.com%2Fen%2Fevents%2Ftrem-do-corcovado-e-acesso-sem-filas-ao-cristo-redentor-2%2F\" onclick=\"javascript:window.open(this.href, &apos;&apos;, &apos;menubar=no,toolbar=no,resizable=yes,scrollbars=yes,height=600,width=500&apos;); return false;\" target=\"_blank\" title=\"Linkedin\"><i class=\"mec-fa-linkedin\"><\/i><span class=\"mec-social-title\">Linkedin<\/span><\/a><\/li><li class=\"mec-event-social-icon\"><a class=\"email\" href=\"mailto:?subject=Trem%20do%20Corcovado%20e%20acesso%20sem%20filas%20ao%20Cristo%20Redentor&amp;body=https%3A%2F%2Fagendaculturalriodejaneiro.com%2Fen%2Fevents%2Ftrem-do-corcovado-e-acesso-sem-filas-ao-cristo-redentor-2%2F\" title=\"Email\"><i class=\"mec-fa-envelope\"><\/i><span class=\"mec-social-title\">Email<\/span><\/a><\/li>                        <\/ul>\r\n                    <\/li>\r\n                <\/ul>\r\n                                                <a class=\"mec-booking-button\" data-event-id=\"52753\" href=\"https:\/\/agendaculturalriodejaneiro.com\/en\/events\/trem-do-corcovado-e-acesso-sem-filas-ao-cristo-redentor-2\/\" target=\"_self\" rel=\"noopener\">Ver Detalhes<\/a>            <\/div>\r\n        <\/article><\/div>        <div class=\"col-md-4 col-sm-4\"><article class=\"mec-past-event mec-event-article mec-clear  \">                                <div class=\"mec-event-image\"><a data-event-id=\"52759\" href=\"https:\/\/agendaculturalriodejaneiro.com\/en\/events\/estadio-do-maracana-sem-filas\/\" target=\"_self\" rel=\"noopener\"><img decoding=\"async\" width=\"300\" height=\"135\" src=\"https:\/\/agendaculturalriodejaneiro.com\/wp-content\/uploads\/2026\/08\/7f4c19_5ee4069adf3946b3849df519d47bf970mv2-300x135.jpg\" class=\"attachment-medium size-medium wp-post-image\" alt=\"\" data-mec-postid=\"52759\" \/><\/a><\/div>\r\n                        <div class=\"mec-event-content\">\r\n                                    <div class=\"mec-event-date mec-bg-color\">\r\n                        <span class=\"mec-start-date-label\">02 September 2026<\/span>                                                                    <\/div>\r\n                                                                <h4 class=\"mec-event-title\"><a class=\"mec-color-hover\" data-event-id=\"52759\" href=\"https:\/\/agendaculturalriodejaneiro.com\/en\/events\/estadio-do-maracana-sem-filas\/\" target=\"_self\" rel=\"noopener\">Est\u00e1dio do Maracan\u00e3: sem filas<\/a><\/h4>\r\n                                <p class=\"mec-grid-event-location\">Est\u00e1dio do Maracan\u00e3, Av. Pres. Castelo Branco, Port\u00e3o 3 - Maracan\u00e3, Rio de Janeiro - RJ, 20271-130, Brasil<\/p>\r\n                                                                            <\/div>\r\n            <div class=\"mec-event-footer\">\r\n                                <ul class=\"mec-event-sharing-wrap\">\r\n                    <li class=\"mec-event-share\">\r\n                        <a href=\"#\" class=\"mec-event-share-icon\">\r\n                            <i class=\"mec-sl-share\" title=\"Share\"><\/i>\r\n                        <\/a>\r\n                    <\/li>\r\n                    <li>\r\n                        <ul class=\"mec-event-sharing\">\r\n                            <li class=\"mec-event-social-icon\"><a class=\"facebook\" href=\"https:\/\/www.facebook.com\/sharer\/sharer.php?u=https%3A%2F%2Fagendaculturalriodejaneiro.com%2Fen%2Fevents%2Festadio-do-maracana-sem-filas%2F\" onclick=\"javascript:window.open(this.href, &apos;&apos;, &apos;menubar=no,toolbar=no,resizable=yes,scrollbars=yes,height=500,width=600&apos;); return false;\" target=\"_blank\" title=\"Share on Facebook\"><i class=\"mec-fa-facebook\"><\/i><span class=\"mec-social-title\">Facebook<\/span><\/a><\/li><li class=\"mec-event-social-icon\"><a class=\"twitter\" href=\"https:\/\/x.com\/intent\/tweet?url=https%3A%2F%2Fagendaculturalriodejaneiro.com%2Fen%2Fevents%2Festadio-do-maracana-sem-filas%2F\" onclick=\"javascript:window.open(this.href, &apos;&apos;, &apos;menubar=no,toolbar=no,resizable=yes,scrollbars=yes,height=600,width=500&apos;); return false;\" target=\"_blank\" title=\"X Social Network\"><svg xmlns=\"http:\/\/www.w3.org\/2000\/svg\" viewbox=\"0 0 512 462.799\"><path d=\"M403.229 0h78.506L310.219 196.04 512 462.799H354.002L230.261 301.007 88.669 462.799h-78.56l183.455-209.683L0 0h161.999l111.856 147.88L403.229 0zm-27.556 415.805h43.505L138.363 44.527h-46.68l283.99 371.278z\" \/><\/svg><span class=\"mec-social-title\">Twitter<\/span><\/a><\/li><li class=\"mec-event-social-icon\"><a class=\"linkedin\" href=\"https:\/\/www.linkedin.com\/shareArticle?mini=true&amp;url=https%3A%2F%2Fagendaculturalriodejaneiro.com%2Fen%2Fevents%2Festadio-do-maracana-sem-filas%2F\" onclick=\"javascript:window.open(this.href, &apos;&apos;, &apos;menubar=no,toolbar=no,resizable=yes,scrollbars=yes,height=600,width=500&apos;); return false;\" target=\"_blank\" title=\"Linkedin\"><i class=\"mec-fa-linkedin\"><\/i><span class=\"mec-social-title\">Linkedin<\/span><\/a><\/li><li class=\"mec-event-social-icon\"><a class=\"email\" href=\"mailto:?subject=Est%C3%A1dio%20do%20Maracan%C3%A3%3A%20sem%20filas&amp;body=https%3A%2F%2Fagendaculturalriodejaneiro.com%2Fen%2Fevents%2Festadio-do-maracana-sem-filas%2F\" title=\"Email\"><i class=\"mec-fa-envelope\"><\/i><span class=\"mec-social-title\">Email<\/span><\/a><\/li>                        <\/ul>\r\n                    <\/li>\r\n                <\/ul>\r\n                                                <a class=\"mec-booking-button\" data-event-id=\"52759\" href=\"https:\/\/agendaculturalriodejaneiro.com\/en\/events\/estadio-do-maracana-sem-filas\/\" target=\"_self\" rel=\"noopener\">Ver Detalhes<\/a>            <\/div>\r\n        <\/article><\/div>        <div class=\"col-md-4 col-sm-4\"><article class=\" mec-event-article mec-clear  \">                                <div class=\"mec-event-image\"><a data-event-id=\"52979\" href=\"https:\/\/agendaculturalriodejaneiro.com\/en\/events\/amazonicas-poeticas-femininas-no-ccbb-rj\/\" target=\"_self\" rel=\"noopener\"><img decoding=\"async\" width=\"300\" height=\"160\" src=\"https:\/\/agendaculturalriodejaneiro.com\/wp-content\/uploads\/2026\/08\/Renata-Aguiar_Sem-titulo-da-serie-Mil-sois_fotografia_2022_Acervo-Museu-das-Mulheres-300x160.jpg\" class=\"attachment-medium size-medium wp-post-image\" alt=\"\" data-mec-postid=\"52979\" \/><\/a><\/div>\r\n                        <div class=\"mec-event-content\">\r\n                                    <div class=\"mec-event-date mec-bg-color\">\r\n                        <span class=\"mec-start-date-label\">02 September 2026<\/span><span class=\"mec-end-date-label\" itemprop=\"endDate\"> - 16 November 2026<\/span>                                                                    <\/div>\r\n                                                                <h4 class=\"mec-event-title\"><a class=\"mec-color-hover\" data-event-id=\"52979\" href=\"https:\/\/agendaculturalriodejaneiro.com\/en\/events\/amazonicas-poeticas-femininas-no-ccbb-rj\/\" target=\"_self\" rel=\"noopener\">Amaz\u00f4nicas: po\u00e9ticas femininas no CCBB RJ<\/a><\/h4>\r\n                                <p class=\"mec-grid-event-location\">CCBB RJ, Rua Primeiro de Mar\u00e7o, 66 - Centro - RJ<\/p>\r\n                                                                            <\/div>\r\n            <div class=\"mec-event-footer\">\r\n                                <ul class=\"mec-event-sharing-wrap\">\r\n                    <li class=\"mec-event-share\">\r\n                        <a href=\"#\" class=\"mec-event-share-icon\">\r\n                            <i class=\"mec-sl-share\" title=\"Share\"><\/i>\r\n                        <\/a>\r\n                    <\/li>\r\n                    <li>\r\n                        <ul class=\"mec-event-sharing\">\r\n                            <li class=\"mec-event-social-icon\"><a class=\"facebook\" href=\"https:\/\/www.facebook.com\/sharer\/sharer.php?u=https%3A%2F%2Fagendaculturalriodejaneiro.com%2Fen%2Fevents%2Famazonicas-poeticas-femininas-no-ccbb-rj%2F\" onclick=\"javascript:window.open(this.href, &apos;&apos;, &apos;menubar=no,toolbar=no,resizable=yes,scrollbars=yes,height=500,width=600&apos;); return false;\" target=\"_blank\" title=\"Share on Facebook\"><i class=\"mec-fa-facebook\"><\/i><span class=\"mec-social-title\">Facebook<\/span><\/a><\/li><li class=\"mec-event-social-icon\"><a class=\"twitter\" href=\"https:\/\/x.com\/intent\/tweet?url=https%3A%2F%2Fagendaculturalriodejaneiro.com%2Fen%2Fevents%2Famazonicas-poeticas-femininas-no-ccbb-rj%2F\" onclick=\"javascript:window.open(this.href, &apos;&apos;, &apos;menubar=no,toolbar=no,resizable=yes,scrollbars=yes,height=600,width=500&apos;); return false;\" target=\"_blank\" title=\"X Social Network\"><svg xmlns=\"http:\/\/www.w3.org\/2000\/svg\" viewbox=\"0 0 512 462.799\"><path d=\"M403.229 0h78.506L310.219 196.04 512 462.799H354.002L230.261 301.007 88.669 462.799h-78.56l183.455-209.683L0 0h161.999l111.856 147.88L403.229 0zm-27.556 415.805h43.505L138.363 44.527h-46.68l283.99 371.278z\" \/><\/svg><span class=\"mec-social-title\">Twitter<\/span><\/a><\/li><li class=\"mec-event-social-icon\"><a class=\"linkedin\" href=\"https:\/\/www.linkedin.com\/shareArticle?mini=true&amp;url=https%3A%2F%2Fagendaculturalriodejaneiro.com%2Fen%2Fevents%2Famazonicas-poeticas-femininas-no-ccbb-rj%2F\" onclick=\"javascript:window.open(this.href, &apos;&apos;, &apos;menubar=no,toolbar=no,resizable=yes,scrollbars=yes,height=600,width=500&apos;); return false;\" target=\"_blank\" title=\"Linkedin\"><i class=\"mec-fa-linkedin\"><\/i><span class=\"mec-social-title\">Linkedin<\/span><\/a><\/li><li class=\"mec-event-social-icon\"><a class=\"email\" href=\"mailto:?subject=Amaz%C3%B4nicas%3A%20po%C3%A9ticas%20femininas%20no%20CCBB%20RJ&amp;body=https%3A%2F%2Fagendaculturalriodejaneiro.com%2Fen%2Fevents%2Famazonicas-poeticas-femininas-no-ccbb-rj%2F\" title=\"Email\"><i class=\"mec-fa-envelope\"><\/i><span class=\"mec-social-title\">Email<\/span><\/a><\/li>                        <\/ul>\r\n                    <\/li>\r\n                <\/ul>\r\n                                                <a class=\"mec-booking-button\" data-event-id=\"52979\" href=\"https:\/\/agendaculturalriodejaneiro.com\/en\/events\/amazonicas-poeticas-femininas-no-ccbb-rj\/\" target=\"_self\" rel=\"noopener\">Ver Detalhes<\/a>            <\/div>\r\n        <\/article><\/div><\/div>        <div class=\"row\"><div class=\"col-md-4 col-sm-4\"><article class=\"mec-past-event mec-event-article mec-clear  \">                                <div class=\"mec-event-image\"><a data-event-id=\"52761\" href=\"https:\/\/agendaculturalriodejaneiro.com\/en\/events\/explore-os-bastidores-do-carnaval-e-do-samba-do-rio-2\/\" target=\"_self\" rel=\"noopener\"><img loading=\"lazy\" decoding=\"async\" width=\"300\" height=\"210\" src=\"https:\/\/agendaculturalriodejaneiro.com\/wp-content\/uploads\/2026\/08\/carnaval-experience-tour-300x210.jpg\" class=\"attachment-medium size-medium wp-post-image\" alt=\"\" data-mec-postid=\"52761\" \/><\/a><\/div>\r\n                        <div class=\"mec-event-content\">\r\n                                    <div class=\"mec-event-date mec-bg-color\">\r\n                        <span class=\"mec-start-date-label\">02 September 2026<\/span>                                                                    <\/div>\r\n                                                                <h4 class=\"mec-event-title\"><a class=\"mec-color-hover\" data-event-id=\"52761\" href=\"https:\/\/agendaculturalriodejaneiro.com\/en\/events\/explore-os-bastidores-do-carnaval-e-do-samba-do-rio-2\/\" target=\"_self\" rel=\"noopener\">Explore os bastidores do Carnaval e do samba do Rio<\/a><\/h4>\r\n                                <p class=\"mec-grid-event-location\">Carnaval Experience, Cidade do Samba, Avenida Bin\u00e1rio do Porto - Gamboa, Rio de Janeiro - RJ, 22132-503, Brasil<\/p>\r\n                                                                            <\/div>\r\n            <div class=\"mec-event-footer\">\r\n                                <ul class=\"mec-event-sharing-wrap\">\r\n                    <li class=\"mec-event-share\">\r\n                        <a href=\"#\" class=\"mec-event-share-icon\">\r\n                            <i class=\"mec-sl-share\" title=\"Share\"><\/i>\r\n                        <\/a>\r\n                    <\/li>\r\n                    <li>\r\n                        <ul class=\"mec-event-sharing\">\r\n                            <li class=\"mec-event-social-icon\"><a class=\"facebook\" href=\"https:\/\/www.facebook.com\/sharer\/sharer.php?u=https%3A%2F%2Fagendaculturalriodejaneiro.com%2Fen%2Fevents%2Fexplore-os-bastidores-do-carnaval-e-do-samba-do-rio-2%2F\" onclick=\"javascript:window.open(this.href, &apos;&apos;, &apos;menubar=no,toolbar=no,resizable=yes,scrollbars=yes,height=500,width=600&apos;); return false;\" target=\"_blank\" title=\"Share on Facebook\"><i class=\"mec-fa-facebook\"><\/i><span class=\"mec-social-title\">Facebook<\/span><\/a><\/li><li class=\"mec-event-social-icon\"><a class=\"twitter\" href=\"https:\/\/x.com\/intent\/tweet?url=https%3A%2F%2Fagendaculturalriodejaneiro.com%2Fen%2Fevents%2Fexplore-os-bastidores-do-carnaval-e-do-samba-do-rio-2%2F\" onclick=\"javascript:window.open(this.href, &apos;&apos;, &apos;menubar=no,toolbar=no,resizable=yes,scrollbars=yes,height=600,width=500&apos;); return false;\" target=\"_blank\" title=\"X Social Network\"><svg xmlns=\"http:\/\/www.w3.org\/2000\/svg\" viewbox=\"0 0 512 462.799\"><path d=\"M403.229 0h78.506L310.219 196.04 512 462.799H354.002L230.261 301.007 88.669 462.799h-78.56l183.455-209.683L0 0h161.999l111.856 147.88L403.229 0zm-27.556 415.805h43.505L138.363 44.527h-46.68l283.99 371.278z\" \/><\/svg><span class=\"mec-social-title\">Twitter<\/span><\/a><\/li><li class=\"mec-event-social-icon\"><a class=\"linkedin\" href=\"https:\/\/www.linkedin.com\/shareArticle?mini=true&amp;url=https%3A%2F%2Fagendaculturalriodejaneiro.com%2Fen%2Fevents%2Fexplore-os-bastidores-do-carnaval-e-do-samba-do-rio-2%2F\" onclick=\"javascript:window.open(this.href, &apos;&apos;, &apos;menubar=no,toolbar=no,resizable=yes,scrollbars=yes,height=600,width=500&apos;); return false;\" target=\"_blank\" title=\"Linkedin\"><i class=\"mec-fa-linkedin\"><\/i><span class=\"mec-social-title\">Linkedin<\/span><\/a><\/li><li class=\"mec-event-social-icon\"><a class=\"email\" href=\"mailto:?subject=Explore%20os%20bastidores%20do%20Carnaval%20e%20do%20samba%20do%20Rio&amp;body=https%3A%2F%2Fagendaculturalriodejaneiro.com%2Fen%2Fevents%2Fexplore-os-bastidores-do-carnaval-e-do-samba-do-rio-2%2F\" title=\"Email\"><i class=\"mec-fa-envelope\"><\/i><span class=\"mec-social-title\">Email<\/span><\/a><\/li>                        <\/ul>\r\n                    <\/li>\r\n                <\/ul>\r\n                                                <a class=\"mec-booking-button\" data-event-id=\"52761\" href=\"https:\/\/agendaculturalriodejaneiro.com\/en\/events\/explore-os-bastidores-do-carnaval-e-do-samba-do-rio-2\/\" target=\"_self\" rel=\"noopener\">Ver Detalhes<\/a>            <\/div>\r\n        <\/article><\/div>        <div class=\"col-md-4 col-sm-4\"><article class=\"mec-past-event mec-event-article mec-clear  \">                                <div class=\"mec-event-image\"><a data-event-id=\"52755\" href=\"https:\/\/agendaculturalriodejaneiro.com\/en\/events\/passeio-no-rio-de-janeiro-trem-do-corcovado-e-cristo-redentor-com-guia-2\/\" target=\"_self\" rel=\"noopener\"><img loading=\"lazy\" decoding=\"async\" width=\"300\" height=\"200\" src=\"https:\/\/agendaculturalriodejaneiro.com\/wp-content\/uploads\/2026\/08\/product-01-300x200.jpg\" class=\"attachment-medium size-medium wp-post-image\" alt=\"\" data-mec-postid=\"52755\" \/><\/a><\/div>\r\n                        <div class=\"mec-event-content\">\r\n                                    <div class=\"mec-event-date mec-bg-color\">\r\n                        <span class=\"mec-start-date-label\">02 September 2026<\/span>                                                                    <\/div>\r\n                                                                <h4 class=\"mec-event-title\"><a class=\"mec-color-hover\" data-event-id=\"52755\" href=\"https:\/\/agendaculturalriodejaneiro.com\/en\/events\/passeio-no-rio-de-janeiro-trem-do-corcovado-e-cristo-redentor-com-guia-2\/\" target=\"_self\" rel=\"noopener\">Passeio no Rio de Janeiro: Trem do Corcovado e Cristo Redentor com guia<\/a><\/h4>\r\n                                <p class=\"mec-grid-event-location\">Cristo Redentor, Parque Nacional da Tijuca - Alto da Boa Vista, Rio de Janeiro - RJ, Brasil<\/p>\r\n                                                                            <\/div>\r\n            <div class=\"mec-event-footer\">\r\n                                <ul class=\"mec-event-sharing-wrap\">\r\n                    <li class=\"mec-event-share\">\r\n                        <a href=\"#\" class=\"mec-event-share-icon\">\r\n                            <i class=\"mec-sl-share\" title=\"Share\"><\/i>\r\n                        <\/a>\r\n                    <\/li>\r\n                    <li>\r\n                        <ul class=\"mec-event-sharing\">\r\n                            <li class=\"mec-event-social-icon\"><a class=\"facebook\" href=\"https:\/\/www.facebook.com\/sharer\/sharer.php?u=https%3A%2F%2Fagendaculturalriodejaneiro.com%2Fen%2Fevents%2Fpasseio-no-rio-de-janeiro-trem-do-corcovado-e-cristo-redentor-com-guia-2%2F\" onclick=\"javascript:window.open(this.href, &apos;&apos;, &apos;menubar=no,toolbar=no,resizable=yes,scrollbars=yes,height=500,width=600&apos;); return false;\" target=\"_blank\" title=\"Share on Facebook\"><i class=\"mec-fa-facebook\"><\/i><span class=\"mec-social-title\">Facebook<\/span><\/a><\/li><li class=\"mec-event-social-icon\"><a class=\"twitter\" href=\"https:\/\/x.com\/intent\/tweet?url=https%3A%2F%2Fagendaculturalriodejaneiro.com%2Fen%2Fevents%2Fpasseio-no-rio-de-janeiro-trem-do-corcovado-e-cristo-redentor-com-guia-2%2F\" onclick=\"javascript:window.open(this.href, &apos;&apos;, &apos;menubar=no,toolbar=no,resizable=yes,scrollbars=yes,height=600,width=500&apos;); return false;\" target=\"_blank\" title=\"X Social Network\"><svg xmlns=\"http:\/\/www.w3.org\/2000\/svg\" viewbox=\"0 0 512 462.799\"><path d=\"M403.229 0h78.506L310.219 196.04 512 462.799H354.002L230.261 301.007 88.669 462.799h-78.56l183.455-209.683L0 0h161.999l111.856 147.88L403.229 0zm-27.556 415.805h43.505L138.363 44.527h-46.68l283.99 371.278z\" \/><\/svg><span class=\"mec-social-title\">Twitter<\/span><\/a><\/li><li class=\"mec-event-social-icon\"><a class=\"linkedin\" href=\"https:\/\/www.linkedin.com\/shareArticle?mini=true&amp;url=https%3A%2F%2Fagendaculturalriodejaneiro.com%2Fen%2Fevents%2Fpasseio-no-rio-de-janeiro-trem-do-corcovado-e-cristo-redentor-com-guia-2%2F\" onclick=\"javascript:window.open(this.href, &apos;&apos;, &apos;menubar=no,toolbar=no,resizable=yes,scrollbars=yes,height=600,width=500&apos;); return false;\" target=\"_blank\" title=\"Linkedin\"><i class=\"mec-fa-linkedin\"><\/i><span class=\"mec-social-title\">Linkedin<\/span><\/a><\/li><li class=\"mec-event-social-icon\"><a class=\"email\" href=\"mailto:?subject=Passeio%20no%20Rio%20de%20Janeiro%3A%20Trem%20do%20Corcovado%20e%20Cristo%20Redentor%20com%20guia&amp;body=https%3A%2F%2Fagendaculturalriodejaneiro.com%2Fen%2Fevents%2Fpasseio-no-rio-de-janeiro-trem-do-corcovado-e-cristo-redentor-com-guia-2%2F\" title=\"Email\"><i class=\"mec-fa-envelope\"><\/i><span class=\"mec-social-title\">Email<\/span><\/a><\/li>                        <\/ul>\r\n                    <\/li>\r\n                <\/ul>\r\n                                                <a class=\"mec-booking-button\" data-event-id=\"52755\" href=\"https:\/\/agendaculturalriodejaneiro.com\/en\/events\/passeio-no-rio-de-janeiro-trem-do-corcovado-e-cristo-redentor-com-guia-2\/\" target=\"_self\" rel=\"noopener\">Ver Detalhes<\/a>            <\/div>\r\n        <\/article><\/div>        <div class=\"col-md-4 col-sm-4\"><article class=\" mec-event-article mec-clear  \">                                <div class=\"mec-event-image\"><a data-event-id=\"52757\" href=\"https:\/\/agendaculturalriodejaneiro.com\/en\/events\/passeio-de-vela-ao-por-do-sol-no-rio-de-janeiro\/\" target=\"_self\" rel=\"noopener\"><img loading=\"lazy\" decoding=\"async\" width=\"200\" height=\"300\" src=\"https:\/\/agendaculturalriodejaneiro.com\/wp-content\/uploads\/2026\/08\/GLORIA03-1024x1536-200x300.jpg\" class=\"attachment-medium size-medium wp-post-image\" alt=\"\" data-mec-postid=\"52757\" \/><\/a><\/div>\r\n                        <div class=\"mec-event-content\">\r\n                                    <div class=\"mec-event-date mec-bg-color\">\r\n                        <span class=\"mec-start-date-label\">02 September 2026<\/span><span class=\"mec-end-date-label\" itemprop=\"endDate\"> - 17 November 2026<\/span>                                                                    <\/div>\r\n                                                                <h4 class=\"mec-event-title\"><a class=\"mec-color-hover\" data-event-id=\"52757\" href=\"https:\/\/agendaculturalriodejaneiro.com\/en\/events\/passeio-de-vela-ao-por-do-sol-no-rio-de-janeiro\/\" target=\"_self\" rel=\"noopener\">Passeio de vela ao p\u00f4r do sol no Rio de Janeiro<\/a><\/h4>\r\n                                <p class=\"mec-grid-event-location\">Marina da Gl\u00f3ria - Rio de Janeiro, RJ, Av. Infante Dom Henrique, S\/N - Gl\u00f3ria, Rio de Janeiro - RJ, 20021-140, Brasil<\/p>\r\n                                                                            <\/div>\r\n            <div class=\"mec-event-footer\">\r\n                                <ul class=\"mec-event-sharing-wrap\">\r\n                    <li class=\"mec-event-share\">\r\n                        <a href=\"#\" class=\"mec-event-share-icon\">\r\n                            <i class=\"mec-sl-share\" title=\"Share\"><\/i>\r\n                        <\/a>\r\n                    <\/li>\r\n                    <li>\r\n                        <ul class=\"mec-event-sharing\">\r\n                            <li class=\"mec-event-social-icon\"><a class=\"facebook\" href=\"https:\/\/www.facebook.com\/sharer\/sharer.php?u=https%3A%2F%2Fagendaculturalriodejaneiro.com%2Fen%2Fevents%2Fpasseio-de-vela-ao-por-do-sol-no-rio-de-janeiro%2F\" onclick=\"javascript:window.open(this.href, &apos;&apos;, &apos;menubar=no,toolbar=no,resizable=yes,scrollbars=yes,height=500,width=600&apos;); return false;\" target=\"_blank\" title=\"Share on Facebook\"><i class=\"mec-fa-facebook\"><\/i><span class=\"mec-social-title\">Facebook<\/span><\/a><\/li><li class=\"mec-event-social-icon\"><a class=\"twitter\" href=\"https:\/\/x.com\/intent\/tweet?url=https%3A%2F%2Fagendaculturalriodejaneiro.com%2Fen%2Fevents%2Fpasseio-de-vela-ao-por-do-sol-no-rio-de-janeiro%2F\" onclick=\"javascript:window.open(this.href, &apos;&apos;, &apos;menubar=no,toolbar=no,resizable=yes,scrollbars=yes,height=600,width=500&apos;); return false;\" target=\"_blank\" title=\"X Social Network\"><svg xmlns=\"http:\/\/www.w3.org\/2000\/svg\" viewbox=\"0 0 512 462.799\"><path d=\"M403.229 0h78.506L310.219 196.04 512 462.799H354.002L230.261 301.007 88.669 462.799h-78.56l183.455-209.683L0 0h161.999l111.856 147.88L403.229 0zm-27.556 415.805h43.505L138.363 44.527h-46.68l283.99 371.278z\" \/><\/svg><span class=\"mec-social-title\">Twitter<\/span><\/a><\/li><li class=\"mec-event-social-icon\"><a class=\"linkedin\" href=\"https:\/\/www.linkedin.com\/shareArticle?mini=true&amp;url=https%3A%2F%2Fagendaculturalriodejaneiro.com%2Fen%2Fevents%2Fpasseio-de-vela-ao-por-do-sol-no-rio-de-janeiro%2F\" onclick=\"javascript:window.open(this.href, &apos;&apos;, &apos;menubar=no,toolbar=no,resizable=yes,scrollbars=yes,height=600,width=500&apos;); return false;\" target=\"_blank\" title=\"Linkedin\"><i class=\"mec-fa-linkedin\"><\/i><span class=\"mec-social-title\">Linkedin<\/span><\/a><\/li><li class=\"mec-event-social-icon\"><a class=\"email\" href=\"mailto:?subject=Passeio%20de%20vela%20ao%20p%C3%B4r%20do%20sol%20no%20Rio%20de%20Janeiro&amp;body=https%3A%2F%2Fagendaculturalriodejaneiro.com%2Fen%2Fevents%2Fpasseio-de-vela-ao-por-do-sol-no-rio-de-janeiro%2F\" title=\"Email\"><i class=\"mec-fa-envelope\"><\/i><span class=\"mec-social-title\">Email<\/span><\/a><\/li>                        <\/ul>\r\n                    <\/li>\r\n                <\/ul>\r\n                                                <a class=\"mec-booking-button\" data-event-id=\"52757\" href=\"https:\/\/agendaculturalriodejaneiro.com\/en\/events\/passeio-de-vela-ao-por-do-sol-no-rio-de-janeiro\/\" target=\"_self\" rel=\"noopener\">Ver Detalhes<\/a>            <\/div>\r\n        <\/article><\/div><\/div>        <div class=\"row\"><div class=\"col-md-4 col-sm-4\"><article class=\"mec-past-event mec-event-article mec-clear  \">                                <div class=\"mec-event-image\"><a data-event-id=\"52765\" href=\"https:\/\/agendaculturalriodejaneiro.com\/en\/events\/corrida-guiada-ate-ao-pao-de-acucar-com-por-do-sol-no-final-3\/\" target=\"_self\" rel=\"noopener\"><img loading=\"lazy\" decoding=\"async\" width=\"300\" height=\"154\" src=\"https:\/\/agendaculturalriodejaneiro.com\/wp-content\/uploads\/2026\/08\/de786d_e11997d718ea447ab5775c5363db8a35mv2-300x154.jpg\" class=\"attachment-medium size-medium wp-post-image\" alt=\"\" data-mec-postid=\"52765\" \/><\/a><\/div>\r\n                        <div class=\"mec-event-content\">\r\n                                    <div class=\"mec-event-date mec-bg-color\">\r\n                        <span class=\"mec-start-date-label\">02 September 2026<\/span>                                                                    <\/div>\r\n                                                                <h4 class=\"mec-event-title\"><a class=\"mec-color-hover\" data-event-id=\"52765\" href=\"https:\/\/agendaculturalriodejaneiro.com\/en\/events\/corrida-guiada-ate-ao-pao-de-acucar-com-por-do-sol-no-final-3\/\" target=\"_self\" rel=\"noopener\">Corrida guiada at\u00e9 ao P\u00e3o de A\u00e7\u00facar com p\u00f4r do sol no final<\/a><\/h4>\r\n                                <p class=\"mec-grid-event-location\">Monumento Nacional aos Mortos da Segunda Guerra Mundial, Avenida Infante Dom Henrique, 75 - Gl\u00f3ria, Rio de Janeiro - RJ, 20021-140, Brasil<\/p>\r\n                                                                            <\/div>\r\n            <div class=\"mec-event-footer\">\r\n                                <ul class=\"mec-event-sharing-wrap\">\r\n                    <li class=\"mec-event-share\">\r\n                        <a href=\"#\" class=\"mec-event-share-icon\">\r\n                            <i class=\"mec-sl-share\" title=\"Share\"><\/i>\r\n                        <\/a>\r\n                    <\/li>\r\n                    <li>\r\n                        <ul class=\"mec-event-sharing\">\r\n                            <li class=\"mec-event-social-icon\"><a class=\"facebook\" href=\"https:\/\/www.facebook.com\/sharer\/sharer.php?u=https%3A%2F%2Fagendaculturalriodejaneiro.com%2Fen%2Fevents%2Fcorrida-guiada-ate-ao-pao-de-acucar-com-por-do-sol-no-final-3%2F\" onclick=\"javascript:window.open(this.href, &apos;&apos;, &apos;menubar=no,toolbar=no,resizable=yes,scrollbars=yes,height=500,width=600&apos;); return false;\" target=\"_blank\" title=\"Share on Facebook\"><i class=\"mec-fa-facebook\"><\/i><span class=\"mec-social-title\">Facebook<\/span><\/a><\/li><li class=\"mec-event-social-icon\"><a class=\"twitter\" href=\"https:\/\/x.com\/intent\/tweet?url=https%3A%2F%2Fagendaculturalriodejaneiro.com%2Fen%2Fevents%2Fcorrida-guiada-ate-ao-pao-de-acucar-com-por-do-sol-no-final-3%2F\" onclick=\"javascript:window.open(this.href, &apos;&apos;, &apos;menubar=no,toolbar=no,resizable=yes,scrollbars=yes,height=600,width=500&apos;); return false;\" target=\"_blank\" title=\"X Social Network\"><svg xmlns=\"http:\/\/www.w3.org\/2000\/svg\" viewbox=\"0 0 512 462.799\"><path d=\"M403.229 0h78.506L310.219 196.04 512 462.799H354.002L230.261 301.007 88.669 462.799h-78.56l183.455-209.683L0 0h161.999l111.856 147.88L403.229 0zm-27.556 415.805h43.505L138.363 44.527h-46.68l283.99 371.278z\" \/><\/svg><span class=\"mec-social-title\">Twitter<\/span><\/a><\/li><li class=\"mec-event-social-icon\"><a class=\"linkedin\" href=\"https:\/\/www.linkedin.com\/shareArticle?mini=true&amp;url=https%3A%2F%2Fagendaculturalriodejaneiro.com%2Fen%2Fevents%2Fcorrida-guiada-ate-ao-pao-de-acucar-com-por-do-sol-no-final-3%2F\" onclick=\"javascript:window.open(this.href, &apos;&apos;, &apos;menubar=no,toolbar=no,resizable=yes,scrollbars=yes,height=600,width=500&apos;); return false;\" target=\"_blank\" title=\"Linkedin\"><i class=\"mec-fa-linkedin\"><\/i><span class=\"mec-social-title\">Linkedin<\/span><\/a><\/li><li class=\"mec-event-social-icon\"><a class=\"email\" href=\"mailto:?subject=Corrida%20guiada%20at%C3%A9%20ao%20P%C3%A3o%20de%20A%C3%A7%C3%BAcar%20com%20p%C3%B4r%20do%20sol%20no%20final&amp;body=https%3A%2F%2Fagendaculturalriodejaneiro.com%2Fen%2Fevents%2Fcorrida-guiada-ate-ao-pao-de-acucar-com-por-do-sol-no-final-3%2F\" title=\"Email\"><i class=\"mec-fa-envelope\"><\/i><span class=\"mec-social-title\">Email<\/span><\/a><\/li>                        <\/ul>\r\n                    <\/li>\r\n                <\/ul>\r\n                                                <a class=\"mec-booking-button\" data-event-id=\"52765\" href=\"https:\/\/agendaculturalriodejaneiro.com\/en\/events\/corrida-guiada-ate-ao-pao-de-acucar-com-por-do-sol-no-final-3\/\" target=\"_self\" rel=\"noopener\">Ver Detalhes<\/a>            <\/div>\r\n        <\/article><\/div>        <div class=\"col-md-4 col-sm-4\"><article class=\" mec-event-article mec-clear  \">                                <div class=\"mec-event-image\"><a data-event-id=\"52763\" href=\"https:\/\/agendaculturalriodejaneiro.com\/en\/events\/aulas-de-capoeira-para-iniciantes-no-rio-de-janeiro\/\" target=\"_self\" rel=\"noopener\"><img loading=\"lazy\" decoding=\"async\" width=\"300\" height=\"300\" src=\"https:\/\/agendaculturalriodejaneiro.com\/wp-content\/uploads\/2026\/08\/Aulas-de-capoeira-para-iniciantes-300x300.jpg\" class=\"attachment-medium size-medium wp-post-image\" alt=\"\" data-mec-postid=\"52763\" \/><\/a><\/div>\r\n                        <div class=\"mec-event-content\">\r\n                                    <div class=\"mec-event-date mec-bg-color\">\r\n                        <span class=\"mec-start-date-label\">02 September 2026<\/span><span class=\"mec-end-date-label\" itemprop=\"endDate\"> - 13 November 2026<\/span>                                                                    <\/div>\r\n                                                                <h4 class=\"mec-event-title\"><a class=\"mec-color-hover\" data-event-id=\"52763\" href=\"https:\/\/agendaculturalriodejaneiro.com\/en\/events\/aulas-de-capoeira-para-iniciantes-no-rio-de-janeiro\/\" target=\"_self\" rel=\"noopener\">Aulas de capoeira para iniciantes no Rio de Janeiro<\/a><\/h4>\r\n                                <p class=\"mec-grid-event-location\">Capoeira Classes for Beginners, R. Bambina, 6 - Botafogo, Rio de Janeiro - RJ, 22251-050<\/p>\r\n                                                                            <\/div>\r\n            <div class=\"mec-event-footer\">\r\n                                <ul class=\"mec-event-sharing-wrap\">\r\n                    <li class=\"mec-event-share\">\r\n                        <a href=\"#\" class=\"mec-event-share-icon\">\r\n                            <i class=\"mec-sl-share\" title=\"Share\"><\/i>\r\n                        <\/a>\r\n                    <\/li>\r\n                    <li>\r\n                        <ul class=\"mec-event-sharing\">\r\n                            <li class=\"mec-event-social-icon\"><a class=\"facebook\" href=\"https:\/\/www.facebook.com\/sharer\/sharer.php?u=https%3A%2F%2Fagendaculturalriodejaneiro.com%2Fen%2Fevents%2Faulas-de-capoeira-para-iniciantes-no-rio-de-janeiro%2F\" onclick=\"javascript:window.open(this.href, &apos;&apos;, &apos;menubar=no,toolbar=no,resizable=yes,scrollbars=yes,height=500,width=600&apos;); return false;\" target=\"_blank\" title=\"Share on Facebook\"><i class=\"mec-fa-facebook\"><\/i><span class=\"mec-social-title\">Facebook<\/span><\/a><\/li><li class=\"mec-event-social-icon\"><a class=\"twitter\" href=\"https:\/\/x.com\/intent\/tweet?url=https%3A%2F%2Fagendaculturalriodejaneiro.com%2Fen%2Fevents%2Faulas-de-capoeira-para-iniciantes-no-rio-de-janeiro%2F\" onclick=\"javascript:window.open(this.href, &apos;&apos;, &apos;menubar=no,toolbar=no,resizable=yes,scrollbars=yes,height=600,width=500&apos;); return false;\" target=\"_blank\" title=\"X Social Network\"><svg xmlns=\"http:\/\/www.w3.org\/2000\/svg\" viewbox=\"0 0 512 462.799\"><path d=\"M403.229 0h78.506L310.219 196.04 512 462.799H354.002L230.261 301.007 88.669 462.799h-78.56l183.455-209.683L0 0h161.999l111.856 147.88L403.229 0zm-27.556 415.805h43.505L138.363 44.527h-46.68l283.99 371.278z\" \/><\/svg><span class=\"mec-social-title\">Twitter<\/span><\/a><\/li><li class=\"mec-event-social-icon\"><a class=\"linkedin\" href=\"https:\/\/www.linkedin.com\/shareArticle?mini=true&amp;url=https%3A%2F%2Fagendaculturalriodejaneiro.com%2Fen%2Fevents%2Faulas-de-capoeira-para-iniciantes-no-rio-de-janeiro%2F\" onclick=\"javascript:window.open(this.href, &apos;&apos;, &apos;menubar=no,toolbar=no,resizable=yes,scrollbars=yes,height=600,width=500&apos;); return false;\" target=\"_blank\" title=\"Linkedin\"><i class=\"mec-fa-linkedin\"><\/i><span class=\"mec-social-title\">Linkedin<\/span><\/a><\/li><li class=\"mec-event-social-icon\"><a class=\"email\" href=\"mailto:?subject=Aulas%20de%20capoeira%20para%20iniciantes%20no%20Rio%20de%20Janeiro&amp;body=https%3A%2F%2Fagendaculturalriodejaneiro.com%2Fen%2Fevents%2Faulas-de-capoeira-para-iniciantes-no-rio-de-janeiro%2F\" title=\"Email\"><i class=\"mec-fa-envelope\"><\/i><span class=\"mec-social-title\">Email<\/span><\/a><\/li>                        <\/ul>\r\n                    <\/li>\r\n                <\/ul>\r\n                                                <a class=\"mec-booking-button\" data-event-id=\"52763\" href=\"https:\/\/agendaculturalriodejaneiro.com\/en\/events\/aulas-de-capoeira-para-iniciantes-no-rio-de-janeiro\/\" target=\"_self\" rel=\"noopener\">Ver Detalhes<\/a>            <\/div>\r\n        <\/article><\/div>        <div class=\"col-md-4 col-sm-4\"><article class=\" mec-event-article mec-clear  \">                                <div class=\"mec-event-image\"><a data-event-id=\"52806\" href=\"https:\/\/agendaculturalriodejaneiro.com\/en\/events\/a-traicao-das-imagens\/\" target=\"_self\" rel=\"noopener\"><img loading=\"lazy\" decoding=\"async\" width=\"300\" height=\"213\" src=\"https:\/\/agendaculturalriodejaneiro.com\/wp-content\/uploads\/2026\/08\/Sem-titulo-serie-Colapso-2026-oleo-sobre-tela-140-x-200-cm-foto-credito-Jaime-Acioli-1-300x213.jpg\" class=\"attachment-medium size-medium wp-post-image\" alt=\"\" data-mec-postid=\"52806\" \/><\/a><\/div>\r\n                        <div class=\"mec-event-content\">\r\n                                    <div class=\"mec-event-date mec-bg-color\">\r\n                        <span class=\"mec-start-date-label\">02 - 26 September 2026<\/span>                                                                    <\/div>\r\n                                                                <h4 class=\"mec-event-title\"><a class=\"mec-color-hover\" data-event-id=\"52806\" href=\"https:\/\/agendaculturalriodejaneiro.com\/en\/events\/a-traicao-das-imagens\/\" target=\"_self\" rel=\"noopener\">\u201cA Trai\u00e7\u00e3o das Imagens\u201d<\/a><\/h4>\r\n                                <p class=\"mec-grid-event-location\">Galeria Patr\u00edcia Costa, Av. Atl\u00e2ntica, 4.240\/lojas 224 e 225 \u2013 Copacabana \u2013 RJ<\/p>\r\n                                                                            <\/div>\r\n            <div class=\"mec-event-footer\">\r\n                                <ul class=\"mec-event-sharing-wrap\">\r\n                    <li class=\"mec-event-share\">\r\n                        <a href=\"#\" class=\"mec-event-share-icon\">\r\n                            <i class=\"mec-sl-share\" title=\"Share\"><\/i>\r\n                        <\/a>\r\n                    <\/li>\r\n                    <li>\r\n                        <ul class=\"mec-event-sharing\">\r\n                            <li class=\"mec-event-social-icon\"><a class=\"facebook\" href=\"https:\/\/www.facebook.com\/sharer\/sharer.php?u=https%3A%2F%2Fagendaculturalriodejaneiro.com%2Fen%2Fevents%2Fa-traicao-das-imagens%2F\" onclick=\"javascript:window.open(this.href, &apos;&apos;, &apos;menubar=no,toolbar=no,resizable=yes,scrollbars=yes,height=500,width=600&apos;); return false;\" target=\"_blank\" title=\"Share on Facebook\"><i class=\"mec-fa-facebook\"><\/i><span class=\"mec-social-title\">Facebook<\/span><\/a><\/li><li class=\"mec-event-social-icon\"><a class=\"twitter\" href=\"https:\/\/x.com\/intent\/tweet?url=https%3A%2F%2Fagendaculturalriodejaneiro.com%2Fen%2Fevents%2Fa-traicao-das-imagens%2F\" onclick=\"javascript:window.open(this.href, &apos;&apos;, &apos;menubar=no,toolbar=no,resizable=yes,scrollbars=yes,height=600,width=500&apos;); return false;\" target=\"_blank\" title=\"X Social Network\"><svg xmlns=\"http:\/\/www.w3.org\/2000\/svg\" viewbox=\"0 0 512 462.799\"><path d=\"M403.229 0h78.506L310.219 196.04 512 462.799H354.002L230.261 301.007 88.669 462.799h-78.56l183.455-209.683L0 0h161.999l111.856 147.88L403.229 0zm-27.556 415.805h43.505L138.363 44.527h-46.68l283.99 371.278z\" \/><\/svg><span class=\"mec-social-title\">Twitter<\/span><\/a><\/li><li class=\"mec-event-social-icon\"><a class=\"linkedin\" href=\"https:\/\/www.linkedin.com\/shareArticle?mini=true&amp;url=https%3A%2F%2Fagendaculturalriodejaneiro.com%2Fen%2Fevents%2Fa-traicao-das-imagens%2F\" onclick=\"javascript:window.open(this.href, &apos;&apos;, &apos;menubar=no,toolbar=no,resizable=yes,scrollbars=yes,height=600,width=500&apos;); return false;\" target=\"_blank\" title=\"Linkedin\"><i class=\"mec-fa-linkedin\"><\/i><span class=\"mec-social-title\">Linkedin<\/span><\/a><\/li><li class=\"mec-event-social-icon\"><a class=\"email\" href=\"mailto:?subject=%E2%80%9CA%20Trai%C3%A7%C3%A3o%20das%20Imagens%E2%80%9D&amp;body=https%3A%2F%2Fagendaculturalriodejaneiro.com%2Fen%2Fevents%2Fa-traicao-das-imagens%2F\" title=\"Email\"><i class=\"mec-fa-envelope\"><\/i><span class=\"mec-social-title\">Email<\/span><\/a><\/li>                        <\/ul>\r\n                    <\/li>\r\n                <\/ul>\r\n                                                <a class=\"mec-booking-button\" data-event-id=\"52806\" href=\"https:\/\/agendaculturalriodejaneiro.com\/en\/events\/a-traicao-das-imagens\/\" target=\"_self\" rel=\"noopener\">Ver Detalhes<\/a>            <\/div>\r\n        <\/article><\/div><\/div>        <div class=\"row\"><div class=\"col-md-4 col-sm-4\"><article class=\" mec-event-article mec-clear  \">                                <div class=\"mec-event-image\"><a data-event-id=\"52221\" href=\"https:\/\/agendaculturalriodejaneiro.com\/en\/events\/tudo-preto-uma-re_vista\/\" target=\"_self\" rel=\"noopener\"><img loading=\"lazy\" decoding=\"async\" width=\"300\" height=\"200\" src=\"https:\/\/agendaculturalriodejaneiro.com\/wp-content\/uploads\/2026\/07\/Tudo-Preto-uma-revista-credito-Ira-Barillo-10-300x200.jpg\" class=\"attachment-medium size-medium wp-post-image\" alt=\"\" data-mec-postid=\"52221\" \/><\/a><\/div>\r\n                        <div class=\"mec-event-content\">\r\n                                    <div class=\"mec-event-date mec-bg-color\">\r\n                        <span class=\"mec-start-date-label\">02 September 2026<\/span><span class=\"mec-end-date-label\" itemprop=\"endDate\"> - 16 October 2026<\/span>                                                                    <\/div>\r\n                                                                <h4 class=\"mec-event-title\"><a class=\"mec-color-hover\" data-event-id=\"52221\" href=\"https:\/\/agendaculturalriodejaneiro.com\/en\/events\/tudo-preto-uma-re_vista\/\" target=\"_self\" rel=\"noopener\">Tudo Preto: uma re_vista<\/a><\/h4>\r\n                                <p class=\"mec-grid-event-location\">Centro Cultural Banco do Brasil, R. Primeiro de Mar\u00e7o, 66 - Centro, 20010000 Rio de Janeiro<\/p>\r\n                                                                            <\/div>\r\n            <div class=\"mec-event-footer\">\r\n                                <ul class=\"mec-event-sharing-wrap\">\r\n                    <li class=\"mec-event-share\">\r\n                        <a href=\"#\" class=\"mec-event-share-icon\">\r\n                            <i class=\"mec-sl-share\" title=\"Share\"><\/i>\r\n                        <\/a>\r\n                    <\/li>\r\n                    <li>\r\n                        <ul class=\"mec-event-sharing\">\r\n                            <li class=\"mec-event-social-icon\"><a class=\"facebook\" href=\"https:\/\/www.facebook.com\/sharer\/sharer.php?u=https%3A%2F%2Fagendaculturalriodejaneiro.com%2Fen%2Fevents%2Ftudo-preto-uma-re_vista%2F\" onclick=\"javascript:window.open(this.href, &apos;&apos;, &apos;menubar=no,toolbar=no,resizable=yes,scrollbars=yes,height=500,width=600&apos;); return false;\" target=\"_blank\" title=\"Share on Facebook\"><i class=\"mec-fa-facebook\"><\/i><span class=\"mec-social-title\">Facebook<\/span><\/a><\/li><li class=\"mec-event-social-icon\"><a class=\"twitter\" href=\"https:\/\/x.com\/intent\/tweet?url=https%3A%2F%2Fagendaculturalriodejaneiro.com%2Fen%2Fevents%2Ftudo-preto-uma-re_vista%2F\" onclick=\"javascript:window.open(this.href, &apos;&apos;, &apos;menubar=no,toolbar=no,resizable=yes,scrollbars=yes,height=600,width=500&apos;); return false;\" target=\"_blank\" title=\"X Social Network\"><svg xmlns=\"http:\/\/www.w3.org\/2000\/svg\" viewbox=\"0 0 512 462.799\"><path d=\"M403.229 0h78.506L310.219 196.04 512 462.799H354.002L230.261 301.007 88.669 462.799h-78.56l183.455-209.683L0 0h161.999l111.856 147.88L403.229 0zm-27.556 415.805h43.505L138.363 44.527h-46.68l283.99 371.278z\" \/><\/svg><span class=\"mec-social-title\">Twitter<\/span><\/a><\/li><li class=\"mec-event-social-icon\"><a class=\"linkedin\" href=\"https:\/\/www.linkedin.com\/shareArticle?mini=true&amp;url=https%3A%2F%2Fagendaculturalriodejaneiro.com%2Fen%2Fevents%2Ftudo-preto-uma-re_vista%2F\" onclick=\"javascript:window.open(this.href, &apos;&apos;, &apos;menubar=no,toolbar=no,resizable=yes,scrollbars=yes,height=600,width=500&apos;); return false;\" target=\"_blank\" title=\"Linkedin\"><i class=\"mec-fa-linkedin\"><\/i><span class=\"mec-social-title\">Linkedin<\/span><\/a><\/li><li class=\"mec-event-social-icon\"><a class=\"email\" href=\"mailto:?subject=Tudo%20Preto%3A%20uma%20re_vista&amp;body=https%3A%2F%2Fagendaculturalriodejaneiro.com%2Fen%2Fevents%2Ftudo-preto-uma-re_vista%2F\" title=\"Email\"><i class=\"mec-fa-envelope\"><\/i><span class=\"mec-social-title\">Email<\/span><\/a><\/li>                        <\/ul>\r\n                    <\/li>\r\n                <\/ul>\r\n                                                <a class=\"mec-booking-button\" data-event-id=\"52221\" href=\"https:\/\/agendaculturalriodejaneiro.com\/en\/events\/tudo-preto-uma-re_vista\/\" target=\"_self\" rel=\"noopener\">Ver Detalhes<\/a>            <\/div>\r\n        <\/article><\/div>        <div class=\"col-md-4 col-sm-4\"><article class=\" mec-event-article mec-clear  \">                                <div class=\"mec-event-image\"><a data-event-id=\"50123\" href=\"https:\/\/agendaculturalriodejaneiro.com\/en\/events\/bee-gees-alive-no-teatro-riachuelo-rj-3\/\" target=\"_self\" rel=\"noopener\"><img loading=\"lazy\" decoding=\"async\" width=\"300\" height=\"158\" src=\"https:\/\/agendaculturalriodejaneiro.com\/wp-content\/uploads\/2026\/05\/Bee-Gees-Alive-no-Teatro-Riachuelo-RJ-300x158.jpg\" class=\"attachment-medium size-medium wp-post-image\" alt=\"Bee Gees Alive no Teatro Riachuelo - RJ\" data-mec-postid=\"50123\" \/><\/a><\/div>\r\n                        <div class=\"mec-event-content\">\r\n                                    <div class=\"mec-event-date mec-bg-color\">\r\n                        <span class=\"mec-start-date-label\">02 September 2026<\/span>                                                                    <\/div>\r\n                                                                <h4 class=\"mec-event-title\"><a class=\"mec-color-hover\" data-event-id=\"50123\" href=\"https:\/\/agendaculturalriodejaneiro.com\/en\/events\/bee-gees-alive-no-teatro-riachuelo-rj-3\/\" target=\"_self\" rel=\"noopener\">Bee Gees Alive no Teatro Riachuelo &#8211; RJ<\/a><\/h4>\r\n                                <p class=\"mec-grid-event-location\">Teatro Riachuelo RJ, Rua do Passeio , 40, Rio de Janeiro - Rio de Janeiro<\/p>\r\n                                                                            <\/div>\r\n            <div class=\"mec-event-footer\">\r\n                                <ul class=\"mec-event-sharing-wrap\">\r\n                    <li class=\"mec-event-share\">\r\n                        <a href=\"#\" class=\"mec-event-share-icon\">\r\n                            <i class=\"mec-sl-share\" title=\"Share\"><\/i>\r\n                        <\/a>\r\n                    <\/li>\r\n                    <li>\r\n                        <ul class=\"mec-event-sharing\">\r\n                            <li class=\"mec-event-social-icon\"><a class=\"facebook\" href=\"https:\/\/www.facebook.com\/sharer\/sharer.php?u=https%3A%2F%2Fagendaculturalriodejaneiro.com%2Fen%2Fevents%2Fbee-gees-alive-no-teatro-riachuelo-rj-3%2F\" onclick=\"javascript:window.open(this.href, &apos;&apos;, &apos;menubar=no,toolbar=no,resizable=yes,scrollbars=yes,height=500,width=600&apos;); return false;\" target=\"_blank\" title=\"Share on Facebook\"><i class=\"mec-fa-facebook\"><\/i><span class=\"mec-social-title\">Facebook<\/span><\/a><\/li><li class=\"mec-event-social-icon\"><a class=\"twitter\" href=\"https:\/\/x.com\/intent\/tweet?url=https%3A%2F%2Fagendaculturalriodejaneiro.com%2Fen%2Fevents%2Fbee-gees-alive-no-teatro-riachuelo-rj-3%2F\" onclick=\"javascript:window.open(this.href, &apos;&apos;, &apos;menubar=no,toolbar=no,resizable=yes,scrollbars=yes,height=600,width=500&apos;); return false;\" target=\"_blank\" title=\"X Social Network\"><svg xmlns=\"http:\/\/www.w3.org\/2000\/svg\" viewbox=\"0 0 512 462.799\"><path d=\"M403.229 0h78.506L310.219 196.04 512 462.799H354.002L230.261 301.007 88.669 462.799h-78.56l183.455-209.683L0 0h161.999l111.856 147.88L403.229 0zm-27.556 415.805h43.505L138.363 44.527h-46.68l283.99 371.278z\" \/><\/svg><span class=\"mec-social-title\">Twitter<\/span><\/a><\/li><li class=\"mec-event-social-icon\"><a class=\"linkedin\" href=\"https:\/\/www.linkedin.com\/shareArticle?mini=true&amp;url=https%3A%2F%2Fagendaculturalriodejaneiro.com%2Fen%2Fevents%2Fbee-gees-alive-no-teatro-riachuelo-rj-3%2F\" onclick=\"javascript:window.open(this.href, &apos;&apos;, &apos;menubar=no,toolbar=no,resizable=yes,scrollbars=yes,height=600,width=500&apos;); return false;\" target=\"_blank\" title=\"Linkedin\"><i class=\"mec-fa-linkedin\"><\/i><span class=\"mec-social-title\">Linkedin<\/span><\/a><\/li><li class=\"mec-event-social-icon\"><a class=\"email\" href=\"mailto:?subject=Bee%20Gees%20Alive%20no%20Teatro%20Riachuelo%20-%20RJ&amp;body=https%3A%2F%2Fagendaculturalriodejaneiro.com%2Fen%2Fevents%2Fbee-gees-alive-no-teatro-riachuelo-rj-3%2F\" title=\"Email\"><i class=\"mec-fa-envelope\"><\/i><span class=\"mec-social-title\">Email<\/span><\/a><\/li>                        <\/ul>\r\n                    <\/li>\r\n                <\/ul>\r\n                                                <a class=\"mec-booking-button\" data-event-id=\"50123\" href=\"https:\/\/agendaculturalriodejaneiro.com\/en\/events\/bee-gees-alive-no-teatro-riachuelo-rj-3\/\" target=\"_self\" rel=\"noopener\">Ver Detalhes<\/a>            <\/div>\r\n        <\/article><\/div>                <div class=\"col-md-4 col-sm-4\"><article class=\" mec-event-article mec-clear  \">                                <div class=\"mec-event-image\"><a data-event-id=\"53052\" href=\"https:\/\/agendaculturalriodejaneiro.com\/en\/events\/conversa-de-artista-na-mmm-galeria-no-leblon\/\" target=\"_self\" rel=\"noopener\"><img loading=\"lazy\" decoding=\"async\" width=\"300\" height=\"200\" src=\"https:\/\/agendaculturalriodejaneiro.com\/wp-content\/uploads\/2026\/08\/Daisy-Xavier_DSC_7099_Ana-Paula-amorim-300x200.jpg\" class=\"attachment-medium size-medium wp-post-image\" alt=\"\" data-mec-postid=\"53052\" \/><\/a><\/div>\r\n                        <div class=\"mec-event-content\">\r\n                                    <div class=\"mec-event-date mec-bg-color\">\r\n                        <span class=\"mec-start-date-label\">03 September 2026<\/span>                                                                    <\/div>\r\n                                                                <h4 class=\"mec-event-title\"><a class=\"mec-color-hover\" data-event-id=\"53052\" href=\"https:\/\/agendaculturalriodejaneiro.com\/en\/events\/conversa-de-artista-na-mmm-galeria-no-leblon\/\" target=\"_self\" rel=\"noopener\">Conversa de artista na MMM Galeria, no Leblon<\/a><\/h4>\r\n                                <p class=\"mec-grid-event-location\">Maneco M\u00fcller : Multiplo Galeria, Rua Dias Ferreira, 417\/206 - Leblon \u2013 Rio de Janeiro\u2028<\/p>\r\n                                                                            <\/div>\r\n            <div class=\"mec-event-footer\">\r\n                                <ul class=\"mec-event-sharing-wrap\">\r\n                    <li class=\"mec-event-share\">\r\n                        <a href=\"#\" class=\"mec-event-share-icon\">\r\n                            <i class=\"mec-sl-share\" title=\"Share\"><\/i>\r\n                        <\/a>\r\n                    <\/li>\r\n                    <li>\r\n                        <ul class=\"mec-event-sharing\">\r\n                            <li class=\"mec-event-social-icon\"><a class=\"facebook\" href=\"https:\/\/www.facebook.com\/sharer\/sharer.php?u=https%3A%2F%2Fagendaculturalriodejaneiro.com%2Fen%2Fevents%2Fconversa-de-artista-na-mmm-galeria-no-leblon%2F\" onclick=\"javascript:window.open(this.href, &apos;&apos;, &apos;menubar=no,toolbar=no,resizable=yes,scrollbars=yes,height=500,width=600&apos;); return false;\" target=\"_blank\" title=\"Share on Facebook\"><i class=\"mec-fa-facebook\"><\/i><span class=\"mec-social-title\">Facebook<\/span><\/a><\/li><li class=\"mec-event-social-icon\"><a class=\"twitter\" href=\"https:\/\/x.com\/intent\/tweet?url=https%3A%2F%2Fagendaculturalriodejaneiro.com%2Fen%2Fevents%2Fconversa-de-artista-na-mmm-galeria-no-leblon%2F\" onclick=\"javascript:window.open(this.href, &apos;&apos;, &apos;menubar=no,toolbar=no,resizable=yes,scrollbars=yes,height=600,width=500&apos;); return false;\" target=\"_blank\" title=\"X Social Network\"><svg xmlns=\"http:\/\/www.w3.org\/2000\/svg\" viewbox=\"0 0 512 462.799\"><path d=\"M403.229 0h78.506L310.219 196.04 512 462.799H354.002L230.261 301.007 88.669 462.799h-78.56l183.455-209.683L0 0h161.999l111.856 147.88L403.229 0zm-27.556 415.805h43.505L138.363 44.527h-46.68l283.99 371.278z\" \/><\/svg><span class=\"mec-social-title\">Twitter<\/span><\/a><\/li><li class=\"mec-event-social-icon\"><a class=\"linkedin\" href=\"https:\/\/www.linkedin.com\/shareArticle?mini=true&amp;url=https%3A%2F%2Fagendaculturalriodejaneiro.com%2Fen%2Fevents%2Fconversa-de-artista-na-mmm-galeria-no-leblon%2F\" onclick=\"javascript:window.open(this.href, &apos;&apos;, &apos;menubar=no,toolbar=no,resizable=yes,scrollbars=yes,height=600,width=500&apos;); return false;\" target=\"_blank\" title=\"Linkedin\"><i class=\"mec-fa-linkedin\"><\/i><span class=\"mec-social-title\">Linkedin<\/span><\/a><\/li><li class=\"mec-event-social-icon\"><a class=\"email\" href=\"mailto:?subject=Conversa%20de%20artista%20na%20MMM%20Galeria%2C%20no%20Leblon&amp;body=https%3A%2F%2Fagendaculturalriodejaneiro.com%2Fen%2Fevents%2Fconversa-de-artista-na-mmm-galeria-no-leblon%2F\" title=\"Email\"><i class=\"mec-fa-envelope\"><\/i><span class=\"mec-social-title\">Email<\/span><\/a><\/li>                        <\/ul>\r\n                    <\/li>\r\n                <\/ul>\r\n                                                <a class=\"mec-booking-button\" data-event-id=\"53052\" href=\"https:\/\/agendaculturalriodejaneiro.com\/en\/events\/conversa-de-artista-na-mmm-galeria-no-leblon\/\" target=\"_self\" rel=\"noopener\">Ver Detalhes<\/a>            <\/div>\r\n        <\/article><\/div><\/div>        <div class=\"row\"><div class=\"col-md-4 col-sm-4\"><article class=\" mec-event-article mec-clear  \">                                <div class=\"mec-event-image\"><a data-event-id=\"52775\" href=\"https:\/\/agendaculturalriodejaneiro.com\/en\/events\/gustavo-casenave-piano-solo\/\" target=\"_self\" rel=\"noopener\"><img loading=\"lazy\" decoding=\"async\" width=\"300\" height=\"181\" src=\"https:\/\/agendaculturalriodejaneiro.com\/wp-content\/uploads\/2026\/08\/44308dd8-cc09-11ee-9953-e6c2cfe81298-300x181.jpg\" class=\"attachment-medium size-medium wp-post-image\" alt=\"\" data-mec-postid=\"52775\" \/><\/a><\/div>\r\n                        <div class=\"mec-event-content\">\r\n                                    <div class=\"mec-event-date mec-bg-color\">\r\n                        <span class=\"mec-start-date-label\">03 September 2026<\/span>                                                                    <\/div>\r\n                                                                <h4 class=\"mec-event-title\"><a class=\"mec-color-hover\" data-event-id=\"52775\" href=\"https:\/\/agendaculturalriodejaneiro.com\/en\/events\/gustavo-casenave-piano-solo\/\" target=\"_self\" rel=\"noopener\">Gustavo Casenave Piano Solo<\/a><\/h4>\r\n                                <p class=\"mec-grid-event-location\">Sal\u00e3o Assyrio - Theatro Municipal do Rio de Janeiro, Pra\u00e7a Floriano, S\/N - Centro, Rio de Janeiro - RJ, 20031-050, Brasil<\/p>\r\n                                                                            <\/div>\r\n            <div class=\"mec-event-footer\">\r\n                                <ul class=\"mec-event-sharing-wrap\">\r\n                    <li class=\"mec-event-share\">\r\n                        <a href=\"#\" class=\"mec-event-share-icon\">\r\n                            <i class=\"mec-sl-share\" title=\"Share\"><\/i>\r\n                        <\/a>\r\n                    <\/li>\r\n                    <li>\r\n                        <ul class=\"mec-event-sharing\">\r\n                            <li class=\"mec-event-social-icon\"><a class=\"facebook\" href=\"https:\/\/www.facebook.com\/sharer\/sharer.php?u=https%3A%2F%2Fagendaculturalriodejaneiro.com%2Fen%2Fevents%2Fgustavo-casenave-piano-solo%2F\" onclick=\"javascript:window.open(this.href, &apos;&apos;, &apos;menubar=no,toolbar=no,resizable=yes,scrollbars=yes,height=500,width=600&apos;); return false;\" target=\"_blank\" title=\"Share on Facebook\"><i class=\"mec-fa-facebook\"><\/i><span class=\"mec-social-title\">Facebook<\/span><\/a><\/li><li class=\"mec-event-social-icon\"><a class=\"twitter\" href=\"https:\/\/x.com\/intent\/tweet?url=https%3A%2F%2Fagendaculturalriodejaneiro.com%2Fen%2Fevents%2Fgustavo-casenave-piano-solo%2F\" onclick=\"javascript:window.open(this.href, &apos;&apos;, &apos;menubar=no,toolbar=no,resizable=yes,scrollbars=yes,height=600,width=500&apos;); return false;\" target=\"_blank\" title=\"X Social Network\"><svg xmlns=\"http:\/\/www.w3.org\/2000\/svg\" viewbox=\"0 0 512 462.799\"><path d=\"M403.229 0h78.506L310.219 196.04 512 462.799H354.002L230.261 301.007 88.669 462.799h-78.56l183.455-209.683L0 0h161.999l111.856 147.88L403.229 0zm-27.556 415.805h43.505L138.363 44.527h-46.68l283.99 371.278z\" \/><\/svg><span class=\"mec-social-title\">Twitter<\/span><\/a><\/li><li class=\"mec-event-social-icon\"><a class=\"linkedin\" href=\"https:\/\/www.linkedin.com\/shareArticle?mini=true&amp;url=https%3A%2F%2Fagendaculturalriodejaneiro.com%2Fen%2Fevents%2Fgustavo-casenave-piano-solo%2F\" onclick=\"javascript:window.open(this.href, &apos;&apos;, &apos;menubar=no,toolbar=no,resizable=yes,scrollbars=yes,height=600,width=500&apos;); return false;\" target=\"_blank\" title=\"Linkedin\"><i class=\"mec-fa-linkedin\"><\/i><span class=\"mec-social-title\">Linkedin<\/span><\/a><\/li><li class=\"mec-event-social-icon\"><a class=\"email\" href=\"mailto:?subject=Gustavo%20Casenave%20Piano%20Solo&amp;body=https%3A%2F%2Fagendaculturalriodejaneiro.com%2Fen%2Fevents%2Fgustavo-casenave-piano-solo%2F\" title=\"Email\"><i class=\"mec-fa-envelope\"><\/i><span class=\"mec-social-title\">Email<\/span><\/a><\/li>                        <\/ul>\r\n                    <\/li>\r\n                <\/ul>\r\n                                                <a class=\"mec-booking-button\" data-event-id=\"52775\" href=\"https:\/\/agendaculturalriodejaneiro.com\/en\/events\/gustavo-casenave-piano-solo\/\" target=\"_self\" rel=\"noopener\">Ver Detalhes<\/a>            <\/div>\r\n        <\/article><\/div>        <div class=\"col-md-4 col-sm-4\"><article class=\" mec-event-article mec-clear  \">                                <div class=\"mec-event-image\"><a data-event-id=\"52443\" href=\"https:\/\/agendaculturalriodejaneiro.com\/en\/events\/o-espirito-da-coisa-estreia-na-tijuca-com-comedia-sobre-moralidade-desejo-e-poder\/\" target=\"_self\" rel=\"noopener\"><img loading=\"lazy\" decoding=\"async\" width=\"240\" height=\"300\" src=\"https:\/\/agendaculturalriodejaneiro.com\/wp-content\/uploads\/2026\/07\/O-Espirito-da-Coisa-Redes-Sociais-4-240x300.jpg\" class=\"attachment-medium size-medium wp-post-image\" alt=\"\u201cO Esp\u00edrito da Coisa\u201d estreia na Tijuca com com\u00e9dia sobre moralidade, desejo e poder\" data-mec-postid=\"52443\" \/><\/a><\/div>\r\n                        <div class=\"mec-event-content\">\r\n                                    <div class=\"mec-event-date mec-bg-color\">\r\n                        <span class=\"mec-start-date-label\">03 September 2026<\/span>                                                                    <\/div>\r\n                                                                <h4 class=\"mec-event-title\"><a class=\"mec-color-hover\" data-event-id=\"52443\" href=\"https:\/\/agendaculturalriodejaneiro.com\/en\/events\/o-espirito-da-coisa-estreia-na-tijuca-com-comedia-sobre-moralidade-desejo-e-poder\/\" target=\"_self\" rel=\"noopener\">\u201cO Esp\u00edrito da Coisa\u201d estreia na Tijuca com com\u00e9dia sobre moralidade, desejo e poder<\/a><\/h4>\r\n                                <p class=\"mec-grid-event-location\">Teatro Henriqueta Brieba - Tijuca T\u00eanis Clube, Rua Conde do Bonfim, 451 - Tijuca, Rio de Janeiro<\/p>\r\n                                                                            <\/div>\r\n            <div class=\"mec-event-footer\">\r\n                                <ul class=\"mec-event-sharing-wrap\">\r\n                    <li class=\"mec-event-share\">\r\n                        <a href=\"#\" class=\"mec-event-share-icon\">\r\n                            <i class=\"mec-sl-share\" title=\"Share\"><\/i>\r\n                        <\/a>\r\n                    <\/li>\r\n                    <li>\r\n                        <ul class=\"mec-event-sharing\">\r\n                            <li class=\"mec-event-social-icon\"><a class=\"facebook\" href=\"https:\/\/www.facebook.com\/sharer\/sharer.php?u=https%3A%2F%2Fagendaculturalriodejaneiro.com%2Fen%2Fevents%2Fo-espirito-da-coisa-estreia-na-tijuca-com-comedia-sobre-moralidade-desejo-e-poder%2F\" onclick=\"javascript:window.open(this.href, &apos;&apos;, &apos;menubar=no,toolbar=no,resizable=yes,scrollbars=yes,height=500,width=600&apos;); return false;\" target=\"_blank\" title=\"Share on Facebook\"><i class=\"mec-fa-facebook\"><\/i><span class=\"mec-social-title\">Facebook<\/span><\/a><\/li><li class=\"mec-event-social-icon\"><a class=\"twitter\" href=\"https:\/\/x.com\/intent\/tweet?url=https%3A%2F%2Fagendaculturalriodejaneiro.com%2Fen%2Fevents%2Fo-espirito-da-coisa-estreia-na-tijuca-com-comedia-sobre-moralidade-desejo-e-poder%2F\" onclick=\"javascript:window.open(this.href, &apos;&apos;, &apos;menubar=no,toolbar=no,resizable=yes,scrollbars=yes,height=600,width=500&apos;); return false;\" target=\"_blank\" title=\"X Social Network\"><svg xmlns=\"http:\/\/www.w3.org\/2000\/svg\" viewbox=\"0 0 512 462.799\"><path d=\"M403.229 0h78.506L310.219 196.04 512 462.799H354.002L230.261 301.007 88.669 462.799h-78.56l183.455-209.683L0 0h161.999l111.856 147.88L403.229 0zm-27.556 415.805h43.505L138.363 44.527h-46.68l283.99 371.278z\" \/><\/svg><span class=\"mec-social-title\">Twitter<\/span><\/a><\/li><li class=\"mec-event-social-icon\"><a class=\"linkedin\" href=\"https:\/\/www.linkedin.com\/shareArticle?mini=true&amp;url=https%3A%2F%2Fagendaculturalriodejaneiro.com%2Fen%2Fevents%2Fo-espirito-da-coisa-estreia-na-tijuca-com-comedia-sobre-moralidade-desejo-e-poder%2F\" onclick=\"javascript:window.open(this.href, &apos;&apos;, &apos;menubar=no,toolbar=no,resizable=yes,scrollbars=yes,height=600,width=500&apos;); return false;\" target=\"_blank\" title=\"Linkedin\"><i class=\"mec-fa-linkedin\"><\/i><span class=\"mec-social-title\">Linkedin<\/span><\/a><\/li><li class=\"mec-event-social-icon\"><a class=\"email\" href=\"mailto:?subject=%E2%80%9CO%20Esp%C3%ADrito%20da%20Coisa%E2%80%9D%20estreia%20na%20Tijuca%20com%20com%C3%A9dia%20sobre%20moralidade%2C%20desejo%20e%20poder&amp;body=https%3A%2F%2Fagendaculturalriodejaneiro.com%2Fen%2Fevents%2Fo-espirito-da-coisa-estreia-na-tijuca-com-comedia-sobre-moralidade-desejo-e-poder%2F\" title=\"Email\"><i class=\"mec-fa-envelope\"><\/i><span class=\"mec-social-title\">Email<\/span><\/a><\/li>                        <\/ul>\r\n                    <\/li>\r\n                <\/ul>\r\n                                                <a class=\"mec-booking-button\" data-event-id=\"52443\" href=\"https:\/\/agendaculturalriodejaneiro.com\/en\/events\/o-espirito-da-coisa-estreia-na-tijuca-com-comedia-sobre-moralidade-desejo-e-poder\/\" target=\"_self\" rel=\"noopener\">Ver Detalhes<\/a>            <\/div>\r\n        <\/article><\/div>        <div class=\"col-md-4 col-sm-4\"><article class=\"mec-past-event mec-event-article mec-clear  \">                                <div class=\"mec-event-image\"><a data-event-id=\"48460\" href=\"https:\/\/agendaculturalriodejaneiro.com\/en\/events\/mamma-mia-no-teatro-riachuelo-rj-189-816\/\" target=\"_self\" rel=\"noopener\"><img loading=\"lazy\" decoding=\"async\" width=\"300\" height=\"158\" src=\"https:\/\/agendaculturalriodejaneiro.com\/wp-content\/uploads\/2026\/02\/Mamma-Mia-no-Teatro-Riachuelo-RJ-1-300x158.jpg\" class=\"attachment-medium size-medium wp-post-image\" alt=\"Mamma Mia! no Teatro Riachuelo - RJ\" data-mec-postid=\"48460\" \/><\/a><\/div>\r\n                        <div class=\"mec-event-content\">\r\n                                    <div class=\"mec-event-date mec-bg-color\">\r\n                        <span class=\"mec-start-date-label\">03 September 2026<\/span>                                                                    <\/div>\r\n                                                                <h4 class=\"mec-event-title\"><a class=\"mec-color-hover\" data-event-id=\"48460\" href=\"https:\/\/agendaculturalriodejaneiro.com\/en\/events\/mamma-mia-no-teatro-riachuelo-rj-189-816\/\" target=\"_self\" rel=\"noopener\">Mamma Mia! no Teatro Riachuelo &#8211; RJ<\/a><\/h4>\r\n                                <p class=\"mec-grid-event-location\">Teatro Riachuelo RJ, Rua do Passeio , 40, Rio de Janeiro - Rio de Janeiro<\/p>\r\n                                                                            <\/div>\r\n            <div class=\"mec-event-footer\">\r\n                                <ul class=\"mec-event-sharing-wrap\">\r\n                    <li class=\"mec-event-share\">\r\n                        <a href=\"#\" class=\"mec-event-share-icon\">\r\n                            <i class=\"mec-sl-share\" title=\"Share\"><\/i>\r\n                        <\/a>\r\n                    <\/li>\r\n                    <li>\r\n                        <ul class=\"mec-event-sharing\">\r\n                            <li class=\"mec-event-social-icon\"><a class=\"facebook\" href=\"https:\/\/www.facebook.com\/sharer\/sharer.php?u=https%3A%2F%2Fagendaculturalriodejaneiro.com%2Fen%2Fevents%2Fmamma-mia-no-teatro-riachuelo-rj-189-816%2F\" onclick=\"javascript:window.open(this.href, &apos;&apos;, &apos;menubar=no,toolbar=no,resizable=yes,scrollbars=yes,height=500,width=600&apos;); return false;\" target=\"_blank\" title=\"Share on Facebook\"><i class=\"mec-fa-facebook\"><\/i><span class=\"mec-social-title\">Facebook<\/span><\/a><\/li><li class=\"mec-event-social-icon\"><a class=\"twitter\" href=\"https:\/\/x.com\/intent\/tweet?url=https%3A%2F%2Fagendaculturalriodejaneiro.com%2Fen%2Fevents%2Fmamma-mia-no-teatro-riachuelo-rj-189-816%2F\" onclick=\"javascript:window.open(this.href, &apos;&apos;, &apos;menubar=no,toolbar=no,resizable=yes,scrollbars=yes,height=600,width=500&apos;); return false;\" target=\"_blank\" title=\"X Social Network\"><svg xmlns=\"http:\/\/www.w3.org\/2000\/svg\" viewbox=\"0 0 512 462.799\"><path d=\"M403.229 0h78.506L310.219 196.04 512 462.799H354.002L230.261 301.007 88.669 462.799h-78.56l183.455-209.683L0 0h161.999l111.856 147.88L403.229 0zm-27.556 415.805h43.505L138.363 44.527h-46.68l283.99 371.278z\" \/><\/svg><span class=\"mec-social-title\">Twitter<\/span><\/a><\/li><li class=\"mec-event-social-icon\"><a class=\"linkedin\" href=\"https:\/\/www.linkedin.com\/shareArticle?mini=true&amp;url=https%3A%2F%2Fagendaculturalriodejaneiro.com%2Fen%2Fevents%2Fmamma-mia-no-teatro-riachuelo-rj-189-816%2F\" onclick=\"javascript:window.open(this.href, &apos;&apos;, &apos;menubar=no,toolbar=no,resizable=yes,scrollbars=yes,height=600,width=500&apos;); return false;\" target=\"_blank\" title=\"Linkedin\"><i class=\"mec-fa-linkedin\"><\/i><span class=\"mec-social-title\">Linkedin<\/span><\/a><\/li><li class=\"mec-event-social-icon\"><a class=\"email\" href=\"mailto:?subject=Mamma%20Mia%21%20no%20Teatro%20Riachuelo%20-%20RJ&amp;body=https%3A%2F%2Fagendaculturalriodejaneiro.com%2Fen%2Fevents%2Fmamma-mia-no-teatro-riachuelo-rj-189-816%2F\" title=\"Email\"><i class=\"mec-fa-envelope\"><\/i><span class=\"mec-social-title\">Email<\/span><\/a><\/li>                        <\/ul>\r\n                    <\/li>\r\n                <\/ul>\r\n                                                <a class=\"mec-booking-button\" data-event-id=\"48460\" href=\"https:\/\/agendaculturalriodejaneiro.com\/en\/events\/mamma-mia-no-teatro-riachuelo-rj-189-816\/\" target=\"_self\" rel=\"noopener\">Ver Detalhes<\/a>            <\/div>\r\n        <\/article><\/div><\/div>        <div class=\"row\"><div class=\"col-md-4 col-sm-4\"><article class=\" mec-event-article mec-clear  \">                                <div class=\"mec-event-image\"><a data-event-id=\"52855\" href=\"https:\/\/agendaculturalriodejaneiro.com\/en\/events\/the-slackers-no-circo-voador-com-songoro-cosongo-e-skabloco\/\" target=\"_self\" rel=\"noopener\"><img loading=\"lazy\" decoding=\"async\" width=\"300\" height=\"300\" src=\"https:\/\/agendaculturalriodejaneiro.com\/wp-content\/uploads\/2026\/08\/8154583-300x300.webp\" class=\"attachment-medium size-medium wp-post-image\" alt=\"\" data-mec-postid=\"52855\" \/><\/a><\/div>\r\n                        <div class=\"mec-event-content\">\r\n                                    <div class=\"mec-event-date mec-bg-color\">\r\n                        <span class=\"mec-start-date-label\">03 September 2026<\/span>                                                                    <\/div>\r\n                                                                <h4 class=\"mec-event-title\"><a class=\"mec-color-hover\" data-event-id=\"52855\" href=\"https:\/\/agendaculturalriodejaneiro.com\/en\/events\/the-slackers-no-circo-voador-com-songoro-cosongo-e-skabloco\/\" target=\"_self\" rel=\"noopener\">The Slackers no Circo Voador com Songoro Cosongo e Skabloco<\/a><\/h4>\r\n                                <p class=\"mec-grid-event-location\">Circo Voador, R. dos Arcos, s\/n - Jardim Iracema, Rio de Janeiro - RJ, 20230-060, Brasil<\/p>\r\n                                                                            <\/div>\r\n            <div class=\"mec-event-footer\">\r\n                                <ul class=\"mec-event-sharing-wrap\">\r\n                    <li class=\"mec-event-share\">\r\n                        <a href=\"#\" class=\"mec-event-share-icon\">\r\n                            <i class=\"mec-sl-share\" title=\"Share\"><\/i>\r\n                        <\/a>\r\n                    <\/li>\r\n                    <li>\r\n                        <ul class=\"mec-event-sharing\">\r\n                            <li class=\"mec-event-social-icon\"><a class=\"facebook\" href=\"https:\/\/www.facebook.com\/sharer\/sharer.php?u=https%3A%2F%2Fagendaculturalriodejaneiro.com%2Fen%2Fevents%2Fthe-slackers-no-circo-voador-com-songoro-cosongo-e-skabloco%2F\" onclick=\"javascript:window.open(this.href, &apos;&apos;, &apos;menubar=no,toolbar=no,resizable=yes,scrollbars=yes,height=500,width=600&apos;); return false;\" target=\"_blank\" title=\"Share on Facebook\"><i class=\"mec-fa-facebook\"><\/i><span class=\"mec-social-title\">Facebook<\/span><\/a><\/li><li class=\"mec-event-social-icon\"><a class=\"twitter\" href=\"https:\/\/x.com\/intent\/tweet?url=https%3A%2F%2Fagendaculturalriodejaneiro.com%2Fen%2Fevents%2Fthe-slackers-no-circo-voador-com-songoro-cosongo-e-skabloco%2F\" onclick=\"javascript:window.open(this.href, &apos;&apos;, &apos;menubar=no,toolbar=no,resizable=yes,scrollbars=yes,height=600,width=500&apos;); return false;\" target=\"_blank\" title=\"X Social Network\"><svg xmlns=\"http:\/\/www.w3.org\/2000\/svg\" viewbox=\"0 0 512 462.799\"><path d=\"M403.229 0h78.506L310.219 196.04 512 462.799H354.002L230.261 301.007 88.669 462.799h-78.56l183.455-209.683L0 0h161.999l111.856 147.88L403.229 0zm-27.556 415.805h43.505L138.363 44.527h-46.68l283.99 371.278z\" \/><\/svg><span class=\"mec-social-title\">Twitter<\/span><\/a><\/li><li class=\"mec-event-social-icon\"><a class=\"linkedin\" href=\"https:\/\/www.linkedin.com\/shareArticle?mini=true&amp;url=https%3A%2F%2Fagendaculturalriodejaneiro.com%2Fen%2Fevents%2Fthe-slackers-no-circo-voador-com-songoro-cosongo-e-skabloco%2F\" onclick=\"javascript:window.open(this.href, &apos;&apos;, &apos;menubar=no,toolbar=no,resizable=yes,scrollbars=yes,height=600,width=500&apos;); return false;\" target=\"_blank\" title=\"Linkedin\"><i class=\"mec-fa-linkedin\"><\/i><span class=\"mec-social-title\">Linkedin<\/span><\/a><\/li><li class=\"mec-event-social-icon\"><a class=\"email\" href=\"mailto:?subject=The%20Slackers%20no%20Circo%20Voador%20com%20Songoro%20Cosongo%20e%20Skabloco&amp;body=https%3A%2F%2Fagendaculturalriodejaneiro.com%2Fen%2Fevents%2Fthe-slackers-no-circo-voador-com-songoro-cosongo-e-skabloco%2F\" title=\"Email\"><i class=\"mec-fa-envelope\"><\/i><span class=\"mec-social-title\">Email<\/span><\/a><\/li>                        <\/ul>\r\n                    <\/li>\r\n                <\/ul>\r\n                                                <a class=\"mec-booking-button\" data-event-id=\"52855\" href=\"https:\/\/agendaculturalriodejaneiro.com\/en\/events\/the-slackers-no-circo-voador-com-songoro-cosongo-e-skabloco\/\" target=\"_self\" rel=\"noopener\">Ver Detalhes<\/a>            <\/div>\r\n        <\/article><\/div>        <div class=\"col-md-4 col-sm-4\"><article class=\" mec-event-article mec-clear  \">                                <div class=\"mec-event-image\"><a data-event-id=\"52689\" href=\"https:\/\/agendaculturalriodejaneiro.com\/en\/events\/a-ultima-coisa-da-qual-me-lembro-e-paqueta\/\" target=\"_self\" rel=\"noopener\"><img loading=\"lazy\" decoding=\"async\" width=\"225\" height=\"300\" src=\"https:\/\/agendaculturalriodejaneiro.com\/wp-content\/uploads\/2026\/08\/ADF51368-EB67-4F5C-9433-C804564E7CD9-225x300.jpeg\" class=\"attachment-medium size-medium wp-post-image\" alt=\"\" data-mec-postid=\"52689\" \/><\/a><\/div>\r\n                        <div class=\"mec-event-content\">\r\n                                    <div class=\"mec-event-date mec-bg-color\">\r\n                        <span class=\"mec-start-date-label\">03 - 24 September 2026<\/span>                                                                    <\/div>\r\n                                                                <h4 class=\"mec-event-title\"><a class=\"mec-color-hover\" data-event-id=\"52689\" href=\"https:\/\/agendaculturalriodejaneiro.com\/en\/events\/a-ultima-coisa-da-qual-me-lembro-e-paqueta\/\" target=\"_self\" rel=\"noopener\">A \u00faltima coisa da qual me lembro \u00e9 Paquet\u00e1<\/a><\/h4>\r\n                                <p class=\"mec-grid-event-location\">Teatro C\u00e2ndido Mendes, Rua Joana Ang\u00e9lica , 63, Rio de Janeiro - Rio de Janeiro<\/p>\r\n                                                                            <\/div>\r\n            <div class=\"mec-event-footer\">\r\n                                <ul class=\"mec-event-sharing-wrap\">\r\n                    <li class=\"mec-event-share\">\r\n                        <a href=\"#\" class=\"mec-event-share-icon\">\r\n                            <i class=\"mec-sl-share\" title=\"Share\"><\/i>\r\n                        <\/a>\r\n                    <\/li>\r\n                    <li>\r\n                        <ul class=\"mec-event-sharing\">\r\n                            <li class=\"mec-event-social-icon\"><a class=\"facebook\" href=\"https:\/\/www.facebook.com\/sharer\/sharer.php?u=https%3A%2F%2Fagendaculturalriodejaneiro.com%2Fen%2Fevents%2Fa-ultima-coisa-da-qual-me-lembro-e-paqueta%2F\" onclick=\"javascript:window.open(this.href, &apos;&apos;, &apos;menubar=no,toolbar=no,resizable=yes,scrollbars=yes,height=500,width=600&apos;); return false;\" target=\"_blank\" title=\"Share on Facebook\"><i class=\"mec-fa-facebook\"><\/i><span class=\"mec-social-title\">Facebook<\/span><\/a><\/li><li class=\"mec-event-social-icon\"><a class=\"twitter\" href=\"https:\/\/x.com\/intent\/tweet?url=https%3A%2F%2Fagendaculturalriodejaneiro.com%2Fen%2Fevents%2Fa-ultima-coisa-da-qual-me-lembro-e-paqueta%2F\" onclick=\"javascript:window.open(this.href, &apos;&apos;, &apos;menubar=no,toolbar=no,resizable=yes,scrollbars=yes,height=600,width=500&apos;); return false;\" target=\"_blank\" title=\"X Social Network\"><svg xmlns=\"http:\/\/www.w3.org\/2000\/svg\" viewbox=\"0 0 512 462.799\"><path d=\"M403.229 0h78.506L310.219 196.04 512 462.799H354.002L230.261 301.007 88.669 462.799h-78.56l183.455-209.683L0 0h161.999l111.856 147.88L403.229 0zm-27.556 415.805h43.505L138.363 44.527h-46.68l283.99 371.278z\" \/><\/svg><span class=\"mec-social-title\">Twitter<\/span><\/a><\/li><li class=\"mec-event-social-icon\"><a class=\"linkedin\" href=\"https:\/\/www.linkedin.com\/shareArticle?mini=true&amp;url=https%3A%2F%2Fagendaculturalriodejaneiro.com%2Fen%2Fevents%2Fa-ultima-coisa-da-qual-me-lembro-e-paqueta%2F\" onclick=\"javascript:window.open(this.href, &apos;&apos;, &apos;menubar=no,toolbar=no,resizable=yes,scrollbars=yes,height=600,width=500&apos;); return false;\" target=\"_blank\" title=\"Linkedin\"><i class=\"mec-fa-linkedin\"><\/i><span class=\"mec-social-title\">Linkedin<\/span><\/a><\/li><li class=\"mec-event-social-icon\"><a class=\"email\" href=\"mailto:?subject=A%20%C3%BAltima%20coisa%20da%20qual%20me%20lembro%20%C3%A9%20Paquet%C3%A1&amp;body=https%3A%2F%2Fagendaculturalriodejaneiro.com%2Fen%2Fevents%2Fa-ultima-coisa-da-qual-me-lembro-e-paqueta%2F\" title=\"Email\"><i class=\"mec-fa-envelope\"><\/i><span class=\"mec-social-title\">Email<\/span><\/a><\/li>                        <\/ul>\r\n                    <\/li>\r\n                <\/ul>\r\n                                                <a class=\"mec-booking-button\" data-event-id=\"52689\" href=\"https:\/\/agendaculturalriodejaneiro.com\/en\/events\/a-ultima-coisa-da-qual-me-lembro-e-paqueta\/\" target=\"_self\" rel=\"noopener\">Ver Detalhes<\/a>            <\/div>\r\n        <\/article><\/div>                <div class=\"col-md-4 col-sm-4\"><article class=\"mec-past-event mec-event-article mec-clear  \">                                <div class=\"mec-event-image\"><a data-event-id=\"48317\" href=\"https:\/\/agendaculturalriodejaneiro.com\/en\/events\/cabaret-absurdos-e-variedades-no-circo-crescer-e-viver-2\/\" target=\"_self\" rel=\"noopener\"><img loading=\"lazy\" decoding=\"async\" width=\"300\" height=\"169\" src=\"https:\/\/agendaculturalriodejaneiro.com\/wp-content\/uploads\/2026\/03\/CABARET-\u2013-Absurdos-e-Variedades-no-CIRCO-CRESCER-E-VIVER-300x169.jpg\" class=\"attachment-medium size-medium wp-post-image\" alt=\"CABARET \u2013 Absurdos e Variedades no CIRCO CRESCER E VIVER\" data-mec-postid=\"48317\" \/><\/a><\/div>\r\n                        <div class=\"mec-event-content\">\r\n                                    <div class=\"mec-event-date mec-bg-color\">\r\n                        <span class=\"mec-start-date-label\">04 September 2026<\/span>                                                                    <\/div>\r\n                                                                <h4 class=\"mec-event-title\"><a class=\"mec-color-hover\" data-event-id=\"48317\" href=\"https:\/\/agendaculturalriodejaneiro.com\/en\/events\/cabaret-absurdos-e-variedades-no-circo-crescer-e-viver-2\/\" target=\"_self\" rel=\"noopener\">CABARET \u2013 Absurdos e Variedades no CIRCO CRESCER E VIVER<\/a><\/h4>\r\n                                <p class=\"mec-grid-event-location\">Circo Crescer e Viver, Circo Crescer e Viver Rua Carmo Neto, 143, Lona de Circo, Cidade Nova Rio de Janeiro, RJ<\/p>\r\n                                                                            <\/div>\r\n            <div class=\"mec-event-footer\">\r\n                                <ul class=\"mec-event-sharing-wrap\">\r\n                    <li class=\"mec-event-share\">\r\n                        <a href=\"#\" class=\"mec-event-share-icon\">\r\n                            <i class=\"mec-sl-share\" title=\"Share\"><\/i>\r\n                        <\/a>\r\n                    <\/li>\r\n                    <li>\r\n                        <ul class=\"mec-event-sharing\">\r\n                            <li class=\"mec-event-social-icon\"><a class=\"facebook\" href=\"https:\/\/www.facebook.com\/sharer\/sharer.php?u=https%3A%2F%2Fagendaculturalriodejaneiro.com%2Fen%2Fevents%2Fcabaret-absurdos-e-variedades-no-circo-crescer-e-viver-2%2F\" onclick=\"javascript:window.open(this.href, &apos;&apos;, &apos;menubar=no,toolbar=no,resizable=yes,scrollbars=yes,height=500,width=600&apos;); return false;\" target=\"_blank\" title=\"Share on Facebook\"><i class=\"mec-fa-facebook\"><\/i><span class=\"mec-social-title\">Facebook<\/span><\/a><\/li><li class=\"mec-event-social-icon\"><a class=\"twitter\" href=\"https:\/\/x.com\/intent\/tweet?url=https%3A%2F%2Fagendaculturalriodejaneiro.com%2Fen%2Fevents%2Fcabaret-absurdos-e-variedades-no-circo-crescer-e-viver-2%2F\" onclick=\"javascript:window.open(this.href, &apos;&apos;, &apos;menubar=no,toolbar=no,resizable=yes,scrollbars=yes,height=600,width=500&apos;); return false;\" target=\"_blank\" title=\"X Social Network\"><svg xmlns=\"http:\/\/www.w3.org\/2000\/svg\" viewbox=\"0 0 512 462.799\"><path d=\"M403.229 0h78.506L310.219 196.04 512 462.799H354.002L230.261 301.007 88.669 462.799h-78.56l183.455-209.683L0 0h161.999l111.856 147.88L403.229 0zm-27.556 415.805h43.505L138.363 44.527h-46.68l283.99 371.278z\" \/><\/svg><span class=\"mec-social-title\">Twitter<\/span><\/a><\/li><li class=\"mec-event-social-icon\"><a class=\"linkedin\" href=\"https:\/\/www.linkedin.com\/shareArticle?mini=true&amp;url=https%3A%2F%2Fagendaculturalriodejaneiro.com%2Fen%2Fevents%2Fcabaret-absurdos-e-variedades-no-circo-crescer-e-viver-2%2F\" onclick=\"javascript:window.open(this.href, &apos;&apos;, &apos;menubar=no,toolbar=no,resizable=yes,scrollbars=yes,height=600,width=500&apos;); return false;\" target=\"_blank\" title=\"Linkedin\"><i class=\"mec-fa-linkedin\"><\/i><span class=\"mec-social-title\">Linkedin<\/span><\/a><\/li><li class=\"mec-event-social-icon\"><a class=\"email\" href=\"mailto:?subject=CABARET%20%E2%80%93%20Absurdos%20e%20Variedades%20no%20CIRCO%20CRESCER%20E%20VIVER&amp;body=https%3A%2F%2Fagendaculturalriodejaneiro.com%2Fen%2Fevents%2Fcabaret-absurdos-e-variedades-no-circo-crescer-e-viver-2%2F\" title=\"Email\"><i class=\"mec-fa-envelope\"><\/i><span class=\"mec-social-title\">Email<\/span><\/a><\/li>                        <\/ul>\r\n                    <\/li>\r\n                <\/ul>\r\n                                                <a class=\"mec-booking-button\" data-event-id=\"48317\" href=\"https:\/\/agendaculturalriodejaneiro.com\/en\/events\/cabaret-absurdos-e-variedades-no-circo-crescer-e-viver-2\/\" target=\"_self\" rel=\"noopener\">Ver Detalhes<\/a>            <\/div>\r\n        <\/article><\/div><\/div>        <div class=\"row\"><div class=\"col-md-4 col-sm-4\"><article class=\" mec-event-article mec-clear  \">                                <div class=\"mec-event-image\"><a data-event-id=\"50747\" href=\"https:\/\/agendaculturalriodejaneiro.com\/en\/events\/detonautas-roque-clube-no-rock-in-rio-2026\/\" target=\"_self\" rel=\"noopener\"><img loading=\"lazy\" decoding=\"async\" width=\"300\" height=\"300\" src=\"https:\/\/agendaculturalriodejaneiro.com\/wp-content\/uploads\/2026\/06\/19229081.jpeg\" class=\"attachment-medium size-medium wp-post-image\" alt=\"\" data-mec-postid=\"50747\" \/><\/a><\/div>\r\n                        <div class=\"mec-event-content\">\r\n                                    <div class=\"mec-event-date mec-bg-color\">\r\n                        <span class=\"mec-start-date-label\">04 September 2026<\/span>                                                                    <\/div>\r\n                                                                <h4 class=\"mec-event-title\"><a class=\"mec-color-hover\" data-event-id=\"50747\" href=\"https:\/\/agendaculturalriodejaneiro.com\/en\/events\/detonautas-roque-clube-no-rock-in-rio-2026\/\" target=\"_self\" rel=\"noopener\">Detonautas Roque Clube no Rock in Rio 2026<\/a><\/h4>\r\n                                <p class=\"mec-grid-event-location\">Rock in Rio, Av. Salvador Allende, Rio de Janeiro<\/p>\r\n                                                                            <\/div>\r\n            <div class=\"mec-event-footer\">\r\n                                <ul class=\"mec-event-sharing-wrap\">\r\n                    <li class=\"mec-event-share\">\r\n                        <a href=\"#\" class=\"mec-event-share-icon\">\r\n                            <i class=\"mec-sl-share\" title=\"Share\"><\/i>\r\n                        <\/a>\r\n                    <\/li>\r\n                    <li>\r\n                        <ul class=\"mec-event-sharing\">\r\n                            <li class=\"mec-event-social-icon\"><a class=\"facebook\" href=\"https:\/\/www.facebook.com\/sharer\/sharer.php?u=https%3A%2F%2Fagendaculturalriodejaneiro.com%2Fen%2Fevents%2Fdetonautas-roque-clube-no-rock-in-rio-2026%2F\" onclick=\"javascript:window.open(this.href, &apos;&apos;, &apos;menubar=no,toolbar=no,resizable=yes,scrollbars=yes,height=500,width=600&apos;); return false;\" target=\"_blank\" title=\"Share on Facebook\"><i class=\"mec-fa-facebook\"><\/i><span class=\"mec-social-title\">Facebook<\/span><\/a><\/li><li class=\"mec-event-social-icon\"><a class=\"twitter\" href=\"https:\/\/x.com\/intent\/tweet?url=https%3A%2F%2Fagendaculturalriodejaneiro.com%2Fen%2Fevents%2Fdetonautas-roque-clube-no-rock-in-rio-2026%2F\" onclick=\"javascript:window.open(this.href, &apos;&apos;, &apos;menubar=no,toolbar=no,resizable=yes,scrollbars=yes,height=600,width=500&apos;); return false;\" target=\"_blank\" title=\"X Social Network\"><svg xmlns=\"http:\/\/www.w3.org\/2000\/svg\" viewbox=\"0 0 512 462.799\"><path d=\"M403.229 0h78.506L310.219 196.04 512 462.799H354.002L230.261 301.007 88.669 462.799h-78.56l183.455-209.683L0 0h161.999l111.856 147.88L403.229 0zm-27.556 415.805h43.505L138.363 44.527h-46.68l283.99 371.278z\" \/><\/svg><span class=\"mec-social-title\">Twitter<\/span><\/a><\/li><li class=\"mec-event-social-icon\"><a class=\"linkedin\" href=\"https:\/\/www.linkedin.com\/shareArticle?mini=true&amp;url=https%3A%2F%2Fagendaculturalriodejaneiro.com%2Fen%2Fevents%2Fdetonautas-roque-clube-no-rock-in-rio-2026%2F\" onclick=\"javascript:window.open(this.href, &apos;&apos;, &apos;menubar=no,toolbar=no,resizable=yes,scrollbars=yes,height=600,width=500&apos;); return false;\" target=\"_blank\" title=\"Linkedin\"><i class=\"mec-fa-linkedin\"><\/i><span class=\"mec-social-title\">Linkedin<\/span><\/a><\/li><li class=\"mec-event-social-icon\"><a class=\"email\" href=\"mailto:?subject=Detonautas%20Roque%20Clube%20no%20Rock%20in%20Rio%202026&amp;body=https%3A%2F%2Fagendaculturalriodejaneiro.com%2Fen%2Fevents%2Fdetonautas-roque-clube-no-rock-in-rio-2026%2F\" title=\"Email\"><i class=\"mec-fa-envelope\"><\/i><span class=\"mec-social-title\">Email<\/span><\/a><\/li>                        <\/ul>\r\n                    <\/li>\r\n                <\/ul>\r\n                                                <a class=\"mec-booking-button\" data-event-id=\"50747\" href=\"https:\/\/agendaculturalriodejaneiro.com\/en\/events\/detonautas-roque-clube-no-rock-in-rio-2026\/\" target=\"_self\" rel=\"noopener\">Ver Detalhes<\/a>            <\/div>\r\n        <\/article><\/div>        <div class=\"col-md-4 col-sm-4\"><article class=\" mec-event-article mec-clear  \">                                <div class=\"mec-event-image\"><a data-event-id=\"50749\" href=\"https:\/\/agendaculturalriodejaneiro.com\/en\/events\/foo-fighters-no-rock-in-rio-2026\/\" target=\"_self\" rel=\"noopener\"><img loading=\"lazy\" decoding=\"async\" width=\"300\" height=\"300\" src=\"https:\/\/agendaculturalriodejaneiro.com\/wp-content\/uploads\/2026\/06\/24375607.jpeg\" class=\"attachment-medium size-medium wp-post-image\" alt=\"\" data-mec-postid=\"50749\" \/><\/a><\/div>\r\n                        <div class=\"mec-event-content\">\r\n                                    <div class=\"mec-event-date mec-bg-color\">\r\n                        <span class=\"mec-start-date-label\">04 September 2026<\/span>                                                                    <\/div>\r\n                                                                <h4 class=\"mec-event-title\"><a class=\"mec-color-hover\" data-event-id=\"50749\" href=\"https:\/\/agendaculturalriodejaneiro.com\/en\/events\/foo-fighters-no-rock-in-rio-2026\/\" target=\"_self\" rel=\"noopener\">Foo Fighters no Rock in Rio 2026<\/a><\/h4>\r\n                                <p class=\"mec-grid-event-location\">Rock in Rio, Av. Salvador Allende, Rio de Janeiro<\/p>\r\n                                                                            <\/div>\r\n            <div class=\"mec-event-footer\">\r\n                                <ul class=\"mec-event-sharing-wrap\">\r\n                    <li class=\"mec-event-share\">\r\n                        <a href=\"#\" class=\"mec-event-share-icon\">\r\n                            <i class=\"mec-sl-share\" title=\"Share\"><\/i>\r\n                        <\/a>\r\n                    <\/li>\r\n                    <li>\r\n                        <ul class=\"mec-event-sharing\">\r\n                            <li class=\"mec-event-social-icon\"><a class=\"facebook\" href=\"https:\/\/www.facebook.com\/sharer\/sharer.php?u=https%3A%2F%2Fagendaculturalriodejaneiro.com%2Fen%2Fevents%2Ffoo-fighters-no-rock-in-rio-2026%2F\" onclick=\"javascript:window.open(this.href, &apos;&apos;, &apos;menubar=no,toolbar=no,resizable=yes,scrollbars=yes,height=500,width=600&apos;); return false;\" target=\"_blank\" title=\"Share on Facebook\"><i class=\"mec-fa-facebook\"><\/i><span class=\"mec-social-title\">Facebook<\/span><\/a><\/li><li class=\"mec-event-social-icon\"><a class=\"twitter\" href=\"https:\/\/x.com\/intent\/tweet?url=https%3A%2F%2Fagendaculturalriodejaneiro.com%2Fen%2Fevents%2Ffoo-fighters-no-rock-in-rio-2026%2F\" onclick=\"javascript:window.open(this.href, &apos;&apos;, &apos;menubar=no,toolbar=no,resizable=yes,scrollbars=yes,height=600,width=500&apos;); return false;\" target=\"_blank\" title=\"X Social Network\"><svg xmlns=\"http:\/\/www.w3.org\/2000\/svg\" viewbox=\"0 0 512 462.799\"><path d=\"M403.229 0h78.506L310.219 196.04 512 462.799H354.002L230.261 301.007 88.669 462.799h-78.56l183.455-209.683L0 0h161.999l111.856 147.88L403.229 0zm-27.556 415.805h43.505L138.363 44.527h-46.68l283.99 371.278z\" \/><\/svg><span class=\"mec-social-title\">Twitter<\/span><\/a><\/li><li class=\"mec-event-social-icon\"><a class=\"linkedin\" href=\"https:\/\/www.linkedin.com\/shareArticle?mini=true&amp;url=https%3A%2F%2Fagendaculturalriodejaneiro.com%2Fen%2Fevents%2Ffoo-fighters-no-rock-in-rio-2026%2F\" onclick=\"javascript:window.open(this.href, &apos;&apos;, &apos;menubar=no,toolbar=no,resizable=yes,scrollbars=yes,height=600,width=500&apos;); return false;\" target=\"_blank\" title=\"Linkedin\"><i class=\"mec-fa-linkedin\"><\/i><span class=\"mec-social-title\">Linkedin<\/span><\/a><\/li><li class=\"mec-event-social-icon\"><a class=\"email\" href=\"mailto:?subject=Foo%20Fighters%20no%20Rock%20in%20Rio%202026&amp;body=https%3A%2F%2Fagendaculturalriodejaneiro.com%2Fen%2Fevents%2Ffoo-fighters-no-rock-in-rio-2026%2F\" title=\"Email\"><i class=\"mec-fa-envelope\"><\/i><span class=\"mec-social-title\">Email<\/span><\/a><\/li>                        <\/ul>\r\n                    <\/li>\r\n                <\/ul>\r\n                                                <a class=\"mec-booking-button\" data-event-id=\"50749\" href=\"https:\/\/agendaculturalriodejaneiro.com\/en\/events\/foo-fighters-no-rock-in-rio-2026\/\" target=\"_self\" rel=\"noopener\">Ver Detalhes<\/a>            <\/div>\r\n        <\/article><\/div>        <div class=\"col-md-4 col-sm-4\"><article class=\" mec-event-article mec-clear  \">                                <div class=\"mec-event-image\"><a data-event-id=\"52505\" href=\"https:\/\/agendaculturalriodejaneiro.com\/en\/events\/toto-de-babalong-apresenta-deusi-eh-fiel-no-rio-de-janeiro\/\" target=\"_self\" rel=\"noopener\"><img loading=\"lazy\" decoding=\"async\" width=\"300\" height=\"225\" src=\"https:\/\/agendaculturalriodejaneiro.com\/wp-content\/uploads\/2026\/07\/Toto-De-Babalong-apresenta-Deusi-Eh-Fiel-no-Rio-de-Janeiro.avif\" class=\"attachment-medium size-medium wp-post-image\" alt=\"\" data-mec-postid=\"52505\" \/><\/a><\/div>\r\n                        <div class=\"mec-event-content\">\r\n                                    <div class=\"mec-event-date mec-bg-color\">\r\n                        <span class=\"mec-start-date-label\">04 September 2026<\/span>                                                                    <\/div>\r\n                                                                <h4 class=\"mec-event-title\"><a class=\"mec-color-hover\" data-event-id=\"52505\" href=\"https:\/\/agendaculturalriodejaneiro.com\/en\/events\/toto-de-babalong-apresenta-deusi-eh-fiel-no-rio-de-janeiro\/\" target=\"_self\" rel=\"noopener\">Tot\u00f4 De Babalong apresenta Deusi Eh Fiel no Rio de Janeiro<\/a><\/h4>\r\n                                <p class=\"mec-grid-event-location\">Galp\u00e3o Ladeira das Artes, Rua Conselheiro Lampreia, 225 - Cosme Velho, Rio de Janeiro - RJ, 22241-240, Brasil<\/p>\r\n                                                                            <\/div>\r\n            <div class=\"mec-event-footer\">\r\n                                <ul class=\"mec-event-sharing-wrap\">\r\n                    <li class=\"mec-event-share\">\r\n                        <a href=\"#\" class=\"mec-event-share-icon\">\r\n                            <i class=\"mec-sl-share\" title=\"Share\"><\/i>\r\n                        <\/a>\r\n                    <\/li>\r\n                    <li>\r\n                        <ul class=\"mec-event-sharing\">\r\n                            <li class=\"mec-event-social-icon\"><a class=\"facebook\" href=\"https:\/\/www.facebook.com\/sharer\/sharer.php?u=https%3A%2F%2Fagendaculturalriodejaneiro.com%2Fen%2Fevents%2Ftoto-de-babalong-apresenta-deusi-eh-fiel-no-rio-de-janeiro%2F\" onclick=\"javascript:window.open(this.href, &apos;&apos;, &apos;menubar=no,toolbar=no,resizable=yes,scrollbars=yes,height=500,width=600&apos;); return false;\" target=\"_blank\" title=\"Share on Facebook\"><i class=\"mec-fa-facebook\"><\/i><span class=\"mec-social-title\">Facebook<\/span><\/a><\/li><li class=\"mec-event-social-icon\"><a class=\"twitter\" href=\"https:\/\/x.com\/intent\/tweet?url=https%3A%2F%2Fagendaculturalriodejaneiro.com%2Fen%2Fevents%2Ftoto-de-babalong-apresenta-deusi-eh-fiel-no-rio-de-janeiro%2F\" onclick=\"javascript:window.open(this.href, &apos;&apos;, &apos;menubar=no,toolbar=no,resizable=yes,scrollbars=yes,height=600,width=500&apos;); return false;\" target=\"_blank\" title=\"X Social Network\"><svg xmlns=\"http:\/\/www.w3.org\/2000\/svg\" viewbox=\"0 0 512 462.799\"><path d=\"M403.229 0h78.506L310.219 196.04 512 462.799H354.002L230.261 301.007 88.669 462.799h-78.56l183.455-209.683L0 0h161.999l111.856 147.88L403.229 0zm-27.556 415.805h43.505L138.363 44.527h-46.68l283.99 371.278z\" \/><\/svg><span class=\"mec-social-title\">Twitter<\/span><\/a><\/li><li class=\"mec-event-social-icon\"><a class=\"linkedin\" href=\"https:\/\/www.linkedin.com\/shareArticle?mini=true&amp;url=https%3A%2F%2Fagendaculturalriodejaneiro.com%2Fen%2Fevents%2Ftoto-de-babalong-apresenta-deusi-eh-fiel-no-rio-de-janeiro%2F\" onclick=\"javascript:window.open(this.href, &apos;&apos;, &apos;menubar=no,toolbar=no,resizable=yes,scrollbars=yes,height=600,width=500&apos;); return false;\" target=\"_blank\" title=\"Linkedin\"><i class=\"mec-fa-linkedin\"><\/i><span class=\"mec-social-title\">Linkedin<\/span><\/a><\/li><li class=\"mec-event-social-icon\"><a class=\"email\" href=\"mailto:?subject=Tot%C3%B4%20De%20Babalong%20apresenta%20Deusi%20Eh%20Fiel%20no%20Rio%20de%20Janeiro&amp;body=https%3A%2F%2Fagendaculturalriodejaneiro.com%2Fen%2Fevents%2Ftoto-de-babalong-apresenta-deusi-eh-fiel-no-rio-de-janeiro%2F\" title=\"Email\"><i class=\"mec-fa-envelope\"><\/i><span class=\"mec-social-title\">Email<\/span><\/a><\/li>                        <\/ul>\r\n                    <\/li>\r\n                <\/ul>\r\n                                                <a class=\"mec-booking-button\" data-event-id=\"52505\" href=\"https:\/\/agendaculturalriodejaneiro.com\/en\/events\/toto-de-babalong-apresenta-deusi-eh-fiel-no-rio-de-janeiro\/\" target=\"_self\" rel=\"noopener\">Ver Detalhes<\/a>            <\/div>\r\n        <\/article><\/div><\/div>        <div class=\"row\"><div class=\"col-md-4 col-sm-4\"><article class=\" mec-event-article mec-clear  \">                                <div class=\"mec-event-image\"><a data-event-id=\"53046\" href=\"https:\/\/agendaculturalriodejaneiro.com\/en\/events\/nel-paese-del-sole-o-violao-de-fabio-montomoli-no-centro-cultural-justica-federal-2\/\" target=\"_self\" rel=\"noopener\"><img loading=\"lazy\" decoding=\"async\" width=\"225\" height=\"300\" src=\"https:\/\/agendaculturalriodejaneiro.com\/wp-content\/uploads\/2026\/08\/Fabio-Montomoli-1-225x300.jpg\" class=\"attachment-medium size-medium wp-post-image\" alt=\"\" data-mec-postid=\"53046\" \/><\/a><\/div>\r\n                        <div class=\"mec-event-content\">\r\n                                    <div class=\"mec-event-date mec-bg-color\">\r\n                        <span class=\"mec-start-date-label\">04 September 2026<\/span>                                                                    <\/div>\r\n                                                                <h4 class=\"mec-event-title\"><a class=\"mec-color-hover\" data-event-id=\"53046\" href=\"https:\/\/agendaculturalriodejaneiro.com\/en\/events\/nel-paese-del-sole-o-violao-de-fabio-montomoli-no-centro-cultural-justica-federal-2\/\" target=\"_self\" rel=\"noopener\">Nel Paese del Sole: o Viol\u00e3o de Fabio Montomoli no Centro Cultural Justi\u00e7a Federal<\/a><\/h4>\r\n                                <p class=\"mec-grid-event-location\"><\/p>\r\n                                                                            <\/div>\r\n            <div class=\"mec-event-footer\">\r\n                                <ul class=\"mec-event-sharing-wrap\">\r\n                    <li class=\"mec-event-share\">\r\n                        <a href=\"#\" class=\"mec-event-share-icon\">\r\n                            <i class=\"mec-sl-share\" title=\"Share\"><\/i>\r\n                        <\/a>\r\n                    <\/li>\r\n                    <li>\r\n                        <ul class=\"mec-event-sharing\">\r\n                            <li class=\"mec-event-social-icon\"><a class=\"facebook\" href=\"https:\/\/www.facebook.com\/sharer\/sharer.php?u=https%3A%2F%2Fagendaculturalriodejaneiro.com%2Fen%2Fevents%2Fnel-paese-del-sole-o-violao-de-fabio-montomoli-no-centro-cultural-justica-federal-2%2F\" onclick=\"javascript:window.open(this.href, &apos;&apos;, &apos;menubar=no,toolbar=no,resizable=yes,scrollbars=yes,height=500,width=600&apos;); return false;\" target=\"_blank\" title=\"Share on Facebook\"><i class=\"mec-fa-facebook\"><\/i><span class=\"mec-social-title\">Facebook<\/span><\/a><\/li><li class=\"mec-event-social-icon\"><a class=\"twitter\" href=\"https:\/\/x.com\/intent\/tweet?url=https%3A%2F%2Fagendaculturalriodejaneiro.com%2Fen%2Fevents%2Fnel-paese-del-sole-o-violao-de-fabio-montomoli-no-centro-cultural-justica-federal-2%2F\" onclick=\"javascript:window.open(this.href, &apos;&apos;, &apos;menubar=no,toolbar=no,resizable=yes,scrollbars=yes,height=600,width=500&apos;); return false;\" target=\"_blank\" title=\"X Social Network\"><svg xmlns=\"http:\/\/www.w3.org\/2000\/svg\" viewbox=\"0 0 512 462.799\"><path d=\"M403.229 0h78.506L310.219 196.04 512 462.799H354.002L230.261 301.007 88.669 462.799h-78.56l183.455-209.683L0 0h161.999l111.856 147.88L403.229 0zm-27.556 415.805h43.505L138.363 44.527h-46.68l283.99 371.278z\" \/><\/svg><span class=\"mec-social-title\">Twitter<\/span><\/a><\/li><li class=\"mec-event-social-icon\"><a class=\"linkedin\" href=\"https:\/\/www.linkedin.com\/shareArticle?mini=true&amp;url=https%3A%2F%2Fagendaculturalriodejaneiro.com%2Fen%2Fevents%2Fnel-paese-del-sole-o-violao-de-fabio-montomoli-no-centro-cultural-justica-federal-2%2F\" onclick=\"javascript:window.open(this.href, &apos;&apos;, &apos;menubar=no,toolbar=no,resizable=yes,scrollbars=yes,height=600,width=500&apos;); return false;\" target=\"_blank\" title=\"Linkedin\"><i class=\"mec-fa-linkedin\"><\/i><span class=\"mec-social-title\">Linkedin<\/span><\/a><\/li><li class=\"mec-event-social-icon\"><a class=\"email\" href=\"mailto:?subject=Nel%20Paese%20del%20Sole%3A%20o%20Viol%C3%A3o%20de%20Fabio%20Montomoli%20no%20Centro%20Cultural%20Justi%C3%A7a%20Federal&amp;body=https%3A%2F%2Fagendaculturalriodejaneiro.com%2Fen%2Fevents%2Fnel-paese-del-sole-o-violao-de-fabio-montomoli-no-centro-cultural-justica-federal-2%2F\" title=\"Email\"><i class=\"mec-fa-envelope\"><\/i><span class=\"mec-social-title\">Email<\/span><\/a><\/li>                        <\/ul>\r\n                    <\/li>\r\n                <\/ul>\r\n                                                <a class=\"mec-booking-button\" data-event-id=\"53046\" href=\"https:\/\/agendaculturalriodejaneiro.com\/en\/events\/nel-paese-del-sole-o-violao-de-fabio-montomoli-no-centro-cultural-justica-federal-2\/\" target=\"_self\" rel=\"noopener\">Ver Detalhes<\/a>            <\/div>\r\n        <\/article><\/div>        <div class=\"col-md-4 col-sm-4\"><article class=\" mec-event-article mec-clear  \">                                <div class=\"mec-event-image\"><a data-event-id=\"53065\" href=\"https:\/\/agendaculturalriodejaneiro.com\/en\/events\/nel-paese-del-sole-o-violao-de-fabio-montomoli-no-centro-cultural-justica-federal\/\" target=\"_self\" rel=\"noopener\"><img loading=\"lazy\" decoding=\"async\" width=\"225\" height=\"300\" src=\"https:\/\/agendaculturalriodejaneiro.com\/wp-content\/uploads\/2026\/08\/Fabio-Montomoli-1-1-225x300.jpg\" class=\"attachment-medium size-medium wp-post-image\" alt=\"\" data-mec-postid=\"53065\" \/><\/a><\/div>\r\n                        <div class=\"mec-event-content\">\r\n                                    <div class=\"mec-event-date mec-bg-color\">\r\n                        <span class=\"mec-start-date-label\">04 September 2026<\/span>                                                                    <\/div>\r\n                                                                <h4 class=\"mec-event-title\"><a class=\"mec-color-hover\" data-event-id=\"53065\" href=\"https:\/\/agendaculturalriodejaneiro.com\/en\/events\/nel-paese-del-sole-o-violao-de-fabio-montomoli-no-centro-cultural-justica-federal\/\" target=\"_self\" rel=\"noopener\">Nel Paese del Sole: o Viol\u00e3o de Fabio Montomoli no Centro Cultural Justi\u00e7a Federal<\/a><\/h4>\r\n                                <p class=\"mec-grid-event-location\">Centro Cultural Justi\u00e7a Federal, Av. Rio Branco, 241 - Centro, Rio de Janeiro - RJ, 20040-009, Brasil<\/p>\r\n                                                                            <\/div>\r\n            <div class=\"mec-event-footer\">\r\n                                <ul class=\"mec-event-sharing-wrap\">\r\n                    <li class=\"mec-event-share\">\r\n                        <a href=\"#\" class=\"mec-event-share-icon\">\r\n                            <i class=\"mec-sl-share\" title=\"Share\"><\/i>\r\n                        <\/a>\r\n                    <\/li>\r\n                    <li>\r\n                        <ul class=\"mec-event-sharing\">\r\n                            <li class=\"mec-event-social-icon\"><a class=\"facebook\" href=\"https:\/\/www.facebook.com\/sharer\/sharer.php?u=https%3A%2F%2Fagendaculturalriodejaneiro.com%2Fen%2Fevents%2Fnel-paese-del-sole-o-violao-de-fabio-montomoli-no-centro-cultural-justica-federal%2F\" onclick=\"javascript:window.open(this.href, &apos;&apos;, &apos;menubar=no,toolbar=no,resizable=yes,scrollbars=yes,height=500,width=600&apos;); return false;\" target=\"_blank\" title=\"Share on Facebook\"><i class=\"mec-fa-facebook\"><\/i><span class=\"mec-social-title\">Facebook<\/span><\/a><\/li><li class=\"mec-event-social-icon\"><a class=\"twitter\" href=\"https:\/\/x.com\/intent\/tweet?url=https%3A%2F%2Fagendaculturalriodejaneiro.com%2Fen%2Fevents%2Fnel-paese-del-sole-o-violao-de-fabio-montomoli-no-centro-cultural-justica-federal%2F\" onclick=\"javascript:window.open(this.href, &apos;&apos;, &apos;menubar=no,toolbar=no,resizable=yes,scrollbars=yes,height=600,width=500&apos;); return false;\" target=\"_blank\" title=\"X Social Network\"><svg xmlns=\"http:\/\/www.w3.org\/2000\/svg\" viewbox=\"0 0 512 462.799\"><path d=\"M403.229 0h78.506L310.219 196.04 512 462.799H354.002L230.261 301.007 88.669 462.799h-78.56l183.455-209.683L0 0h161.999l111.856 147.88L403.229 0zm-27.556 415.805h43.505L138.363 44.527h-46.68l283.99 371.278z\" \/><\/svg><span class=\"mec-social-title\">Twitter<\/span><\/a><\/li><li class=\"mec-event-social-icon\"><a class=\"linkedin\" href=\"https:\/\/www.linkedin.com\/shareArticle?mini=true&amp;url=https%3A%2F%2Fagendaculturalriodejaneiro.com%2Fen%2Fevents%2Fnel-paese-del-sole-o-violao-de-fabio-montomoli-no-centro-cultural-justica-federal%2F\" onclick=\"javascript:window.open(this.href, &apos;&apos;, &apos;menubar=no,toolbar=no,resizable=yes,scrollbars=yes,height=600,width=500&apos;); return false;\" target=\"_blank\" title=\"Linkedin\"><i class=\"mec-fa-linkedin\"><\/i><span class=\"mec-social-title\">Linkedin<\/span><\/a><\/li><li class=\"mec-event-social-icon\"><a class=\"email\" href=\"mailto:?subject=Nel%20Paese%20del%20Sole%3A%20o%20Viol%C3%A3o%20de%20Fabio%20Montomoli%20no%20Centro%20Cultural%20Justi%C3%A7a%20Federal&amp;body=https%3A%2F%2Fagendaculturalriodejaneiro.com%2Fen%2Fevents%2Fnel-paese-del-sole-o-violao-de-fabio-montomoli-no-centro-cultural-justica-federal%2F\" title=\"Email\"><i class=\"mec-fa-envelope\"><\/i><span class=\"mec-social-title\">Email<\/span><\/a><\/li>                        <\/ul>\r\n                    <\/li>\r\n                <\/ul>\r\n                                                <a class=\"mec-booking-button\" data-event-id=\"53065\" href=\"https:\/\/agendaculturalriodejaneiro.com\/en\/events\/nel-paese-del-sole-o-violao-de-fabio-montomoli-no-centro-cultural-justica-federal\/\" target=\"_self\" rel=\"noopener\">Ver Detalhes<\/a>            <\/div>\r\n        <\/article><\/div>        <div class=\"col-md-4 col-sm-4\"><article class=\" mec-event-article mec-clear  \">                                <div class=\"mec-event-image\"><a data-event-id=\"52857\" href=\"https:\/\/agendaculturalriodejaneiro.com\/en\/events\/third-world-no-circo-voador-lenda-do-reggae-jamaicano-no-rio\/\" target=\"_self\" rel=\"noopener\"><img loading=\"lazy\" decoding=\"async\" width=\"300\" height=\"300\" src=\"https:\/\/agendaculturalriodejaneiro.com\/wp-content\/uploads\/2026\/08\/8619019.jpeg\" class=\"attachment-medium size-medium wp-post-image\" alt=\"\" data-mec-postid=\"52857\" \/><\/a><\/div>\r\n                        <div class=\"mec-event-content\">\r\n                                    <div class=\"mec-event-date mec-bg-color\">\r\n                        <span class=\"mec-start-date-label\">04 September 2026<\/span>                                                                    <\/div>\r\n                                                                <h4 class=\"mec-event-title\"><a class=\"mec-color-hover\" data-event-id=\"52857\" href=\"https:\/\/agendaculturalriodejaneiro.com\/en\/events\/third-world-no-circo-voador-lenda-do-reggae-jamaicano-no-rio\/\" target=\"_self\" rel=\"noopener\">Third World no Circo Voador: lenda do reggae jamaicano no Rio<\/a><\/h4>\r\n                                <p class=\"mec-grid-event-location\">Circo Voador, R. dos Arcos, s\/n - Jardim Iracema, Rio de Janeiro - RJ, 20230-060, Brasil<\/p>\r\n                                                                            <\/div>\r\n            <div class=\"mec-event-footer\">\r\n                                <ul class=\"mec-event-sharing-wrap\">\r\n                    <li class=\"mec-event-share\">\r\n                        <a href=\"#\" class=\"mec-event-share-icon\">\r\n                            <i class=\"mec-sl-share\" title=\"Share\"><\/i>\r\n                        <\/a>\r\n                    <\/li>\r\n                    <li>\r\n                        <ul class=\"mec-event-sharing\">\r\n                            <li class=\"mec-event-social-icon\"><a class=\"facebook\" href=\"https:\/\/www.facebook.com\/sharer\/sharer.php?u=https%3A%2F%2Fagendaculturalriodejaneiro.com%2Fen%2Fevents%2Fthird-world-no-circo-voador-lenda-do-reggae-jamaicano-no-rio%2F\" onclick=\"javascript:window.open(this.href, &apos;&apos;, &apos;menubar=no,toolbar=no,resizable=yes,scrollbars=yes,height=500,width=600&apos;); return false;\" target=\"_blank\" title=\"Share on Facebook\"><i class=\"mec-fa-facebook\"><\/i><span class=\"mec-social-title\">Facebook<\/span><\/a><\/li><li class=\"mec-event-social-icon\"><a class=\"twitter\" href=\"https:\/\/x.com\/intent\/tweet?url=https%3A%2F%2Fagendaculturalriodejaneiro.com%2Fen%2Fevents%2Fthird-world-no-circo-voador-lenda-do-reggae-jamaicano-no-rio%2F\" onclick=\"javascript:window.open(this.href, &apos;&apos;, &apos;menubar=no,toolbar=no,resizable=yes,scrollbars=yes,height=600,width=500&apos;); return false;\" target=\"_blank\" title=\"X Social Network\"><svg xmlns=\"http:\/\/www.w3.org\/2000\/svg\" viewbox=\"0 0 512 462.799\"><path d=\"M403.229 0h78.506L310.219 196.04 512 462.799H354.002L230.261 301.007 88.669 462.799h-78.56l183.455-209.683L0 0h161.999l111.856 147.88L403.229 0zm-27.556 415.805h43.505L138.363 44.527h-46.68l283.99 371.278z\" \/><\/svg><span class=\"mec-social-title\">Twitter<\/span><\/a><\/li><li class=\"mec-event-social-icon\"><a class=\"linkedin\" href=\"https:\/\/www.linkedin.com\/shareArticle?mini=true&amp;url=https%3A%2F%2Fagendaculturalriodejaneiro.com%2Fen%2Fevents%2Fthird-world-no-circo-voador-lenda-do-reggae-jamaicano-no-rio%2F\" onclick=\"javascript:window.open(this.href, &apos;&apos;, &apos;menubar=no,toolbar=no,resizable=yes,scrollbars=yes,height=600,width=500&apos;); return false;\" target=\"_blank\" title=\"Linkedin\"><i class=\"mec-fa-linkedin\"><\/i><span class=\"mec-social-title\">Linkedin<\/span><\/a><\/li><li class=\"mec-event-social-icon\"><a class=\"email\" href=\"mailto:?subject=Third%20World%20no%20Circo%20Voador%3A%20lenda%20do%20reggae%20jamaicano%20no%20Rio&amp;body=https%3A%2F%2Fagendaculturalriodejaneiro.com%2Fen%2Fevents%2Fthird-world-no-circo-voador-lenda-do-reggae-jamaicano-no-rio%2F\" title=\"Email\"><i class=\"mec-fa-envelope\"><\/i><span class=\"mec-social-title\">Email<\/span><\/a><\/li>                        <\/ul>\r\n                    <\/li>\r\n                <\/ul>\r\n                                                <a class=\"mec-booking-button\" data-event-id=\"52857\" href=\"https:\/\/agendaculturalriodejaneiro.com\/en\/events\/third-world-no-circo-voador-lenda-do-reggae-jamaicano-no-rio\/\" target=\"_self\" rel=\"noopener\">Ver Detalhes<\/a>            <\/div>\r\n        <\/article><\/div><\/div>        <div class=\"row\"><div class=\"col-md-4 col-sm-4\"><article class=\" mec-event-article mec-clear  \">                                <div class=\"mec-event-image\"><a data-event-id=\"53039\" href=\"https:\/\/agendaculturalriodejaneiro.com\/en\/events\/centenario-da-atriz-berta-loran-e-celebrado-na-peca-inedita-berta-minha-vida-por-um-palco\/\" target=\"_self\" rel=\"noopener\"><img loading=\"lazy\" decoding=\"async\" width=\"169\" height=\"300\" src=\"https:\/\/agendaculturalriodejaneiro.com\/wp-content\/uploads\/2026\/08\/Artes-Berta-2-169x300.jpeg\" class=\"attachment-medium size-medium wp-post-image\" alt=\"\" data-mec-postid=\"53039\" \/><\/a><\/div>\r\n                        <div class=\"mec-event-content\">\r\n                                    <div class=\"mec-event-date mec-bg-color\">\r\n                        <span class=\"mec-start-date-label\">04 - 27 September 2026<\/span>                                                                    <\/div>\r\n                                                                <h4 class=\"mec-event-title\"><a class=\"mec-color-hover\" data-event-id=\"53039\" href=\"https:\/\/agendaculturalriodejaneiro.com\/en\/events\/centenario-da-atriz-berta-loran-e-celebrado-na-peca-inedita-berta-minha-vida-por-um-palco\/\" target=\"_self\" rel=\"noopener\">Centen\u00e1rio da atriz Berta Loran \u00e9 celebrado na pe\u00e7a in\u00e9dita \u201cBerta \u2013 Minha vida por um palco\u201d<\/a><\/h4>\r\n                                <p class=\"mec-grid-event-location\">Centro Cultural da Justi\u00e7a Federal, Av. Rio Branco, 241 \u2013 Centro<\/p>\r\n                                                                            <\/div>\r\n            <div class=\"mec-event-footer\">\r\n                                <ul class=\"mec-event-sharing-wrap\">\r\n                    <li class=\"mec-event-share\">\r\n                        <a href=\"#\" class=\"mec-event-share-icon\">\r\n                            <i class=\"mec-sl-share\" title=\"Share\"><\/i>\r\n                        <\/a>\r\n                    <\/li>\r\n                    <li>\r\n                        <ul class=\"mec-event-sharing\">\r\n                            <li class=\"mec-event-social-icon\"><a class=\"facebook\" href=\"https:\/\/www.facebook.com\/sharer\/sharer.php?u=https%3A%2F%2Fagendaculturalriodejaneiro.com%2Fen%2Fevents%2Fcentenario-da-atriz-berta-loran-e-celebrado-na-peca-inedita-berta-minha-vida-por-um-palco%2F\" onclick=\"javascript:window.open(this.href, &apos;&apos;, &apos;menubar=no,toolbar=no,resizable=yes,scrollbars=yes,height=500,width=600&apos;); return false;\" target=\"_blank\" title=\"Share on Facebook\"><i class=\"mec-fa-facebook\"><\/i><span class=\"mec-social-title\">Facebook<\/span><\/a><\/li><li class=\"mec-event-social-icon\"><a class=\"twitter\" href=\"https:\/\/x.com\/intent\/tweet?url=https%3A%2F%2Fagendaculturalriodejaneiro.com%2Fen%2Fevents%2Fcentenario-da-atriz-berta-loran-e-celebrado-na-peca-inedita-berta-minha-vida-por-um-palco%2F\" onclick=\"javascript:window.open(this.href, &apos;&apos;, &apos;menubar=no,toolbar=no,resizable=yes,scrollbars=yes,height=600,width=500&apos;); return false;\" target=\"_blank\" title=\"X Social Network\"><svg xmlns=\"http:\/\/www.w3.org\/2000\/svg\" viewbox=\"0 0 512 462.799\"><path d=\"M403.229 0h78.506L310.219 196.04 512 462.799H354.002L230.261 301.007 88.669 462.799h-78.56l183.455-209.683L0 0h161.999l111.856 147.88L403.229 0zm-27.556 415.805h43.505L138.363 44.527h-46.68l283.99 371.278z\" \/><\/svg><span class=\"mec-social-title\">Twitter<\/span><\/a><\/li><li class=\"mec-event-social-icon\"><a class=\"linkedin\" href=\"https:\/\/www.linkedin.com\/shareArticle?mini=true&amp;url=https%3A%2F%2Fagendaculturalriodejaneiro.com%2Fen%2Fevents%2Fcentenario-da-atriz-berta-loran-e-celebrado-na-peca-inedita-berta-minha-vida-por-um-palco%2F\" onclick=\"javascript:window.open(this.href, &apos;&apos;, &apos;menubar=no,toolbar=no,resizable=yes,scrollbars=yes,height=600,width=500&apos;); return false;\" target=\"_blank\" title=\"Linkedin\"><i class=\"mec-fa-linkedin\"><\/i><span class=\"mec-social-title\">Linkedin<\/span><\/a><\/li><li class=\"mec-event-social-icon\"><a class=\"email\" href=\"mailto:?subject=Centen%C3%A1rio%20da%20atriz%20Berta%20Loran%20%C3%A9%20celebrado%20na%20pe%C3%A7a%20in%C3%A9dita%20%E2%80%9CBerta%20%E2%80%93%20Minha%20vida%20por%20um%20palco%E2%80%9D&amp;body=https%3A%2F%2Fagendaculturalriodejaneiro.com%2Fen%2Fevents%2Fcentenario-da-atriz-berta-loran-e-celebrado-na-peca-inedita-berta-minha-vida-por-um-palco%2F\" title=\"Email\"><i class=\"mec-fa-envelope\"><\/i><span class=\"mec-social-title\">Email<\/span><\/a><\/li>                        <\/ul>\r\n                    <\/li>\r\n                <\/ul>\r\n                                                <a class=\"mec-booking-button\" data-event-id=\"53039\" href=\"https:\/\/agendaculturalriodejaneiro.com\/en\/events\/centenario-da-atriz-berta-loran-e-celebrado-na-peca-inedita-berta-minha-vida-por-um-palco\/\" target=\"_self\" rel=\"noopener\">Ver Detalhes<\/a>            <\/div>\r\n        <\/article><\/div>        <div class=\"col-md-4 col-sm-4\"><article class=\" mec-event-article mec-clear  \">                                <div class=\"mec-event-image\"><a data-event-id=\"53055\" href=\"https:\/\/agendaculturalriodejaneiro.com\/en\/events\/boate-301\/\" target=\"_self\" rel=\"noopener\"><img loading=\"lazy\" decoding=\"async\" width=\"240\" height=\"300\" src=\"https:\/\/agendaculturalriodejaneiro.com\/wp-content\/uploads\/2026\/08\/Flyer_Boate_301_ate_5000KB-240x300.jpg\" class=\"attachment-medium size-medium wp-post-image\" alt=\"\" data-mec-postid=\"53055\" \/><\/a><\/div>\r\n                        <div class=\"mec-event-content\">\r\n                                    <div class=\"mec-event-date mec-bg-color\">\r\n                        <span class=\"mec-start-date-label\">04 September 2026<\/span>                                                                    <\/div>\r\n                                                                <h4 class=\"mec-event-title\"><a class=\"mec-color-hover\" data-event-id=\"53055\" href=\"https:\/\/agendaculturalriodejaneiro.com\/en\/events\/boate-301\/\" target=\"_self\" rel=\"noopener\">BOATE 301<\/a><\/h4>\r\n                                <p class=\"mec-grid-event-location\">Mans\u00e3o L&amp;D, Rio de Janeiro - Rua Andr\u00e9 Cavalcanti, 58 - Centro, Rio de Janeiro - RJ, 20231-050, Brasil<\/p>\r\n                                                                            <\/div>\r\n            <div class=\"mec-event-footer\">\r\n                                <ul class=\"mec-event-sharing-wrap\">\r\n                    <li class=\"mec-event-share\">\r\n                        <a href=\"#\" class=\"mec-event-share-icon\">\r\n                            <i class=\"mec-sl-share\" title=\"Share\"><\/i>\r\n                        <\/a>\r\n                    <\/li>\r\n                    <li>\r\n                        <ul class=\"mec-event-sharing\">\r\n                            <li class=\"mec-event-social-icon\"><a class=\"facebook\" href=\"https:\/\/www.facebook.com\/sharer\/sharer.php?u=https%3A%2F%2Fagendaculturalriodejaneiro.com%2Fen%2Fevents%2Fboate-301%2F\" onclick=\"javascript:window.open(this.href, &apos;&apos;, &apos;menubar=no,toolbar=no,resizable=yes,scrollbars=yes,height=500,width=600&apos;); return false;\" target=\"_blank\" title=\"Share on Facebook\"><i class=\"mec-fa-facebook\"><\/i><span class=\"mec-social-title\">Facebook<\/span><\/a><\/li><li class=\"mec-event-social-icon\"><a class=\"twitter\" href=\"https:\/\/x.com\/intent\/tweet?url=https%3A%2F%2Fagendaculturalriodejaneiro.com%2Fen%2Fevents%2Fboate-301%2F\" onclick=\"javascript:window.open(this.href, &apos;&apos;, &apos;menubar=no,toolbar=no,resizable=yes,scrollbars=yes,height=600,width=500&apos;); return false;\" target=\"_blank\" title=\"X Social Network\"><svg xmlns=\"http:\/\/www.w3.org\/2000\/svg\" viewbox=\"0 0 512 462.799\"><path d=\"M403.229 0h78.506L310.219 196.04 512 462.799H354.002L230.261 301.007 88.669 462.799h-78.56l183.455-209.683L0 0h161.999l111.856 147.88L403.229 0zm-27.556 415.805h43.505L138.363 44.527h-46.68l283.99 371.278z\" \/><\/svg><span class=\"mec-social-title\">Twitter<\/span><\/a><\/li><li class=\"mec-event-social-icon\"><a class=\"linkedin\" href=\"https:\/\/www.linkedin.com\/shareArticle?mini=true&amp;url=https%3A%2F%2Fagendaculturalriodejaneiro.com%2Fen%2Fevents%2Fboate-301%2F\" onclick=\"javascript:window.open(this.href, &apos;&apos;, &apos;menubar=no,toolbar=no,resizable=yes,scrollbars=yes,height=600,width=500&apos;); return false;\" target=\"_blank\" title=\"Linkedin\"><i class=\"mec-fa-linkedin\"><\/i><span class=\"mec-social-title\">Linkedin<\/span><\/a><\/li><li class=\"mec-event-social-icon\"><a class=\"email\" href=\"mailto:?subject=BOATE%20301&amp;body=https%3A%2F%2Fagendaculturalriodejaneiro.com%2Fen%2Fevents%2Fboate-301%2F\" title=\"Email\"><i class=\"mec-fa-envelope\"><\/i><span class=\"mec-social-title\">Email<\/span><\/a><\/li>                        <\/ul>\r\n                    <\/li>\r\n                <\/ul>\r\n                                                <a class=\"mec-booking-button\" data-event-id=\"53055\" href=\"https:\/\/agendaculturalriodejaneiro.com\/en\/events\/boate-301\/\" target=\"_self\" rel=\"noopener\">Ver Detalhes<\/a>            <\/div>\r\n        <\/article><\/div>        <div class=\"col-md-4 col-sm-4\"><article class=\" mec-event-article mec-clear  \">                                <div class=\"mec-event-image\"><a data-event-id=\"52506\" href=\"https:\/\/agendaculturalriodejaneiro.com\/en\/events\/critical-hits-edicao-fifa\/\" target=\"_self\" rel=\"noopener\"><img loading=\"lazy\" decoding=\"async\" width=\"300\" height=\"169\" src=\"https:\/\/agendaculturalriodejaneiro.com\/wp-content\/uploads\/2026\/07\/shotgun_capa_horizontal_jqxyu8-300x169.png\" class=\"attachment-medium size-medium wp-post-image\" alt=\"\" data-mec-postid=\"52506\" \/><\/a><\/div>\r\n                        <div class=\"mec-event-content\">\r\n                                    <div class=\"mec-event-date mec-bg-color\">\r\n                        <span class=\"mec-start-date-label\">04 - 05 September 2026<\/span>                                                                    <\/div>\r\n                                                                <h4 class=\"mec-event-title\"><a class=\"mec-color-hover\" data-event-id=\"52506\" href=\"https:\/\/agendaculturalriodejaneiro.com\/en\/events\/critical-hits-edicao-fifa\/\" target=\"_self\" rel=\"noopener\">Critical Hits | Edi\u00e7\u00e3o Fifa<\/a><\/h4>\r\n                                <p class=\"mec-grid-event-location\">Vizinha 123, Rua Henrique de Novais, 123 - Botafogo, Rio de Janeiro - RJ, 22281-050, Brasil<\/p>\r\n                                                                            <\/div>\r\n            <div class=\"mec-event-footer\">\r\n                                <ul class=\"mec-event-sharing-wrap\">\r\n                    <li class=\"mec-event-share\">\r\n                        <a href=\"#\" class=\"mec-event-share-icon\">\r\n                            <i class=\"mec-sl-share\" title=\"Share\"><\/i>\r\n                        <\/a>\r\n                    <\/li>\r\n                    <li>\r\n                        <ul class=\"mec-event-sharing\">\r\n                            <li class=\"mec-event-social-icon\"><a class=\"facebook\" href=\"https:\/\/www.facebook.com\/sharer\/sharer.php?u=https%3A%2F%2Fagendaculturalriodejaneiro.com%2Fen%2Fevents%2Fcritical-hits-edicao-fifa%2F\" onclick=\"javascript:window.open(this.href, &apos;&apos;, &apos;menubar=no,toolbar=no,resizable=yes,scrollbars=yes,height=500,width=600&apos;); return false;\" target=\"_blank\" title=\"Share on Facebook\"><i class=\"mec-fa-facebook\"><\/i><span class=\"mec-social-title\">Facebook<\/span><\/a><\/li><li class=\"mec-event-social-icon\"><a class=\"twitter\" href=\"https:\/\/x.com\/intent\/tweet?url=https%3A%2F%2Fagendaculturalriodejaneiro.com%2Fen%2Fevents%2Fcritical-hits-edicao-fifa%2F\" onclick=\"javascript:window.open(this.href, &apos;&apos;, &apos;menubar=no,toolbar=no,resizable=yes,scrollbars=yes,height=600,width=500&apos;); return false;\" target=\"_blank\" title=\"X Social Network\"><svg xmlns=\"http:\/\/www.w3.org\/2000\/svg\" viewbox=\"0 0 512 462.799\"><path d=\"M403.229 0h78.506L310.219 196.04 512 462.799H354.002L230.261 301.007 88.669 462.799h-78.56l183.455-209.683L0 0h161.999l111.856 147.88L403.229 0zm-27.556 415.805h43.505L138.363 44.527h-46.68l283.99 371.278z\" \/><\/svg><span class=\"mec-social-title\">Twitter<\/span><\/a><\/li><li class=\"mec-event-social-icon\"><a class=\"linkedin\" href=\"https:\/\/www.linkedin.com\/shareArticle?mini=true&amp;url=https%3A%2F%2Fagendaculturalriodejaneiro.com%2Fen%2Fevents%2Fcritical-hits-edicao-fifa%2F\" onclick=\"javascript:window.open(this.href, &apos;&apos;, &apos;menubar=no,toolbar=no,resizable=yes,scrollbars=yes,height=600,width=500&apos;); return false;\" target=\"_blank\" title=\"Linkedin\"><i class=\"mec-fa-linkedin\"><\/i><span class=\"mec-social-title\">Linkedin<\/span><\/a><\/li><li class=\"mec-event-social-icon\"><a class=\"email\" href=\"mailto:?subject=Critical%20Hits%20%7C%20Edi%C3%A7%C3%A3o%20Fifa&amp;body=https%3A%2F%2Fagendaculturalriodejaneiro.com%2Fen%2Fevents%2Fcritical-hits-edicao-fifa%2F\" title=\"Email\"><i class=\"mec-fa-envelope\"><\/i><span class=\"mec-social-title\">Email<\/span><\/a><\/li>                        <\/ul>\r\n                    <\/li>\r\n                <\/ul>\r\n                                                <a class=\"mec-booking-button\" data-event-id=\"52506\" href=\"https:\/\/agendaculturalriodejaneiro.com\/en\/events\/critical-hits-edicao-fifa\/\" target=\"_self\" rel=\"noopener\">Ver Detalhes<\/a>            <\/div>\r\n        <\/article><\/div><\/div>        <div class=\"row\"><div class=\"col-md-4 col-sm-4\"><article class=\" mec-event-article mec-clear  \">                                <div class=\"mec-event-image\"><a data-event-id=\"52726\" href=\"https:\/\/agendaculturalriodejaneiro.com\/en\/events\/noite-estampada\/\" target=\"_self\" rel=\"noopener\"><img loading=\"lazy\" decoding=\"async\" width=\"300\" height=\"169\" src=\"https:\/\/agendaculturalriodejaneiro.com\/wp-content\/uploads\/2026\/08\/CAPA_SHOTGUN-3_csht9h-300x169.png\" class=\"attachment-medium size-medium wp-post-image\" alt=\"\" data-mec-postid=\"52726\" \/><\/a><\/div>\r\n                        <div class=\"mec-event-content\">\r\n                                    <div class=\"mec-event-date mec-bg-color\">\r\n                        <span class=\"mec-start-date-label\">04 - 05 September 2026<\/span>                                                                    <\/div>\r\n                                                                <h4 class=\"mec-event-title\"><a class=\"mec-color-hover\" data-event-id=\"52726\" href=\"https:\/\/agendaculturalriodejaneiro.com\/en\/events\/noite-estampada\/\" target=\"_self\" rel=\"noopener\">Noite Estampada<\/a><\/h4>\r\n                                <p class=\"mec-grid-event-location\">Vidadura - Beco de Bragan\u00e7a, 26 - Centro, Rio de Janeiro - RJ, 20091-010, Brasil<\/p>\r\n                                                                            <\/div>\r\n            <div class=\"mec-event-footer\">\r\n                                <ul class=\"mec-event-sharing-wrap\">\r\n                    <li class=\"mec-event-share\">\r\n                        <a href=\"#\" class=\"mec-event-share-icon\">\r\n                            <i class=\"mec-sl-share\" title=\"Share\"><\/i>\r\n                        <\/a>\r\n                    <\/li>\r\n                    <li>\r\n                        <ul class=\"mec-event-sharing\">\r\n                            <li class=\"mec-event-social-icon\"><a class=\"facebook\" href=\"https:\/\/www.facebook.com\/sharer\/sharer.php?u=https%3A%2F%2Fagendaculturalriodejaneiro.com%2Fen%2Fevents%2Fnoite-estampada%2F\" onclick=\"javascript:window.open(this.href, &apos;&apos;, &apos;menubar=no,toolbar=no,resizable=yes,scrollbars=yes,height=500,width=600&apos;); return false;\" target=\"_blank\" title=\"Share on Facebook\"><i class=\"mec-fa-facebook\"><\/i><span class=\"mec-social-title\">Facebook<\/span><\/a><\/li><li class=\"mec-event-social-icon\"><a class=\"twitter\" href=\"https:\/\/x.com\/intent\/tweet?url=https%3A%2F%2Fagendaculturalriodejaneiro.com%2Fen%2Fevents%2Fnoite-estampada%2F\" onclick=\"javascript:window.open(this.href, &apos;&apos;, &apos;menubar=no,toolbar=no,resizable=yes,scrollbars=yes,height=600,width=500&apos;); return false;\" target=\"_blank\" title=\"X Social Network\"><svg xmlns=\"http:\/\/www.w3.org\/2000\/svg\" viewbox=\"0 0 512 462.799\"><path d=\"M403.229 0h78.506L310.219 196.04 512 462.799H354.002L230.261 301.007 88.669 462.799h-78.56l183.455-209.683L0 0h161.999l111.856 147.88L403.229 0zm-27.556 415.805h43.505L138.363 44.527h-46.68l283.99 371.278z\" \/><\/svg><span class=\"mec-social-title\">Twitter<\/span><\/a><\/li><li class=\"mec-event-social-icon\"><a class=\"linkedin\" href=\"https:\/\/www.linkedin.com\/shareArticle?mini=true&amp;url=https%3A%2F%2Fagendaculturalriodejaneiro.com%2Fen%2Fevents%2Fnoite-estampada%2F\" onclick=\"javascript:window.open(this.href, &apos;&apos;, &apos;menubar=no,toolbar=no,resizable=yes,scrollbars=yes,height=600,width=500&apos;); return false;\" target=\"_blank\" title=\"Linkedin\"><i class=\"mec-fa-linkedin\"><\/i><span class=\"mec-social-title\">Linkedin<\/span><\/a><\/li><li class=\"mec-event-social-icon\"><a class=\"email\" href=\"mailto:?subject=Noite%20Estampada&amp;body=https%3A%2F%2Fagendaculturalriodejaneiro.com%2Fen%2Fevents%2Fnoite-estampada%2F\" title=\"Email\"><i class=\"mec-fa-envelope\"><\/i><span class=\"mec-social-title\">Email<\/span><\/a><\/li>                        <\/ul>\r\n                    <\/li>\r\n                <\/ul>\r\n                                                <a class=\"mec-booking-button\" data-event-id=\"52726\" href=\"https:\/\/agendaculturalriodejaneiro.com\/en\/events\/noite-estampada\/\" target=\"_self\" rel=\"noopener\">Ver Detalhes<\/a>            <\/div>\r\n        <\/article><\/div>                <div class=\"col-md-4 col-sm-4\"><article class=\" mec-event-article mec-clear  \">                                <div class=\"mec-event-image\"><a data-event-id=\"51366\" href=\"https:\/\/agendaculturalriodejaneiro.com\/en\/events\/edu-krieger-e-natalia-voss-versos-e-versoes-a-vida-em-parodias\/\" target=\"_self\" rel=\"noopener\"><img loading=\"lazy\" decoding=\"async\" width=\"300\" height=\"300\" src=\"https:\/\/agendaculturalriodejaneiro.com\/wp-content\/uploads\/2026\/06\/9-5-26-Edu-Krieger-e-Natalia-Voss-feed-720x720-300x300.jpg\" class=\"attachment-medium size-medium wp-post-image\" alt=\"\" data-mec-postid=\"51366\" \/><\/a><\/div>\r\n                        <div class=\"mec-event-content\">\r\n                                    <div class=\"mec-event-date mec-bg-color\">\r\n                        <span class=\"mec-start-date-label\">05 September 2026<\/span>                                                                    <\/div>\r\n                                                                <h4 class=\"mec-event-title\"><a class=\"mec-color-hover\" data-event-id=\"51366\" href=\"https:\/\/agendaculturalriodejaneiro.com\/en\/events\/edu-krieger-e-natalia-voss-versos-e-versoes-a-vida-em-parodias\/\" target=\"_self\" rel=\"noopener\">Edu Krieger e Natalia Voss &#8211; Versos e vers\u00f5es: a vida em par\u00f3dias<\/a><\/h4>\r\n                                <p class=\"mec-grid-event-location\">Teatro Rival Petrobras, Rua \u00c1lvaro Alvim ,33 - Subsolo, Rio de Janeiro - Rio de Janeiro<\/p>\r\n                                                                            <\/div>\r\n            <div class=\"mec-event-footer\">\r\n                                <ul class=\"mec-event-sharing-wrap\">\r\n                    <li class=\"mec-event-share\">\r\n                        <a href=\"#\" class=\"mec-event-share-icon\">\r\n                            <i class=\"mec-sl-share\" title=\"Share\"><\/i>\r\n                        <\/a>\r\n                    <\/li>\r\n                    <li>\r\n                        <ul class=\"mec-event-sharing\">\r\n                            <li class=\"mec-event-social-icon\"><a class=\"facebook\" href=\"https:\/\/www.facebook.com\/sharer\/sharer.php?u=https%3A%2F%2Fagendaculturalriodejaneiro.com%2Fen%2Fevents%2Fedu-krieger-e-natalia-voss-versos-e-versoes-a-vida-em-parodias%2F\" onclick=\"javascript:window.open(this.href, &apos;&apos;, &apos;menubar=no,toolbar=no,resizable=yes,scrollbars=yes,height=500,width=600&apos;); return false;\" target=\"_blank\" title=\"Share on Facebook\"><i class=\"mec-fa-facebook\"><\/i><span class=\"mec-social-title\">Facebook<\/span><\/a><\/li><li class=\"mec-event-social-icon\"><a class=\"twitter\" href=\"https:\/\/x.com\/intent\/tweet?url=https%3A%2F%2Fagendaculturalriodejaneiro.com%2Fen%2Fevents%2Fedu-krieger-e-natalia-voss-versos-e-versoes-a-vida-em-parodias%2F\" onclick=\"javascript:window.open(this.href, &apos;&apos;, &apos;menubar=no,toolbar=no,resizable=yes,scrollbars=yes,height=600,width=500&apos;); return false;\" target=\"_blank\" title=\"X Social Network\"><svg xmlns=\"http:\/\/www.w3.org\/2000\/svg\" viewbox=\"0 0 512 462.799\"><path d=\"M403.229 0h78.506L310.219 196.04 512 462.799H354.002L230.261 301.007 88.669 462.799h-78.56l183.455-209.683L0 0h161.999l111.856 147.88L403.229 0zm-27.556 415.805h43.505L138.363 44.527h-46.68l283.99 371.278z\" \/><\/svg><span class=\"mec-social-title\">Twitter<\/span><\/a><\/li><li class=\"mec-event-social-icon\"><a class=\"linkedin\" href=\"https:\/\/www.linkedin.com\/shareArticle?mini=true&amp;url=https%3A%2F%2Fagendaculturalriodejaneiro.com%2Fen%2Fevents%2Fedu-krieger-e-natalia-voss-versos-e-versoes-a-vida-em-parodias%2F\" onclick=\"javascript:window.open(this.href, &apos;&apos;, &apos;menubar=no,toolbar=no,resizable=yes,scrollbars=yes,height=600,width=500&apos;); return false;\" target=\"_blank\" title=\"Linkedin\"><i class=\"mec-fa-linkedin\"><\/i><span class=\"mec-social-title\">Linkedin<\/span><\/a><\/li><li class=\"mec-event-social-icon\"><a class=\"email\" href=\"mailto:?subject=Edu%20Krieger%20e%20Natalia%20Voss%20-%20Versos%20e%20vers%C3%B5es%3A%20a%20vida%20em%20par%C3%B3dias&amp;body=https%3A%2F%2Fagendaculturalriodejaneiro.com%2Fen%2Fevents%2Fedu-krieger-e-natalia-voss-versos-e-versoes-a-vida-em-parodias%2F\" title=\"Email\"><i class=\"mec-fa-envelope\"><\/i><span class=\"mec-social-title\">Email<\/span><\/a><\/li>                        <\/ul>\r\n                    <\/li>\r\n                <\/ul>\r\n                                                <a class=\"mec-booking-button\" data-event-id=\"51366\" href=\"https:\/\/agendaculturalriodejaneiro.com\/en\/events\/edu-krieger-e-natalia-voss-versos-e-versoes-a-vida-em-parodias\/\" target=\"_self\" rel=\"noopener\">Ver Detalhes<\/a>            <\/div>\r\n        <\/article><\/div>        <div class=\"col-md-4 col-sm-4\"><article class=\" mec-event-article mec-clear  \">                                <div class=\"mec-event-image\"><a data-event-id=\"51410\" href=\"https:\/\/agendaculturalriodejaneiro.com\/en\/events\/wanderson-lemos-show-raiz-de-baoba\/\" target=\"_self\" rel=\"noopener\"><img loading=\"lazy\" decoding=\"async\" width=\"300\" height=\"169\" src=\"https:\/\/agendaculturalriodejaneiro.com\/wp-content\/uploads\/2026\/06\/Wanderson-Lemos-Show-Raiz-de-Baoba-300x169.jpg\" class=\"attachment-medium size-medium wp-post-image\" alt=\"Wanderson Lemos - Show Raiz de Baob\u00e1\" data-mec-postid=\"51410\" \/><\/a><\/div>\r\n                        <div class=\"mec-event-content\">\r\n                                    <div class=\"mec-event-date mec-bg-color\">\r\n                        <span class=\"mec-start-date-label\">05 September 2026<\/span>                                                                    <\/div>\r\n                                                                <h4 class=\"mec-event-title\"><a class=\"mec-color-hover\" data-event-id=\"51410\" href=\"https:\/\/agendaculturalriodejaneiro.com\/en\/events\/wanderson-lemos-show-raiz-de-baoba\/\" target=\"_self\" rel=\"noopener\">Wanderson Lemos &#8211; Show Raiz de Baob\u00e1<\/a><\/h4>\r\n                                <p class=\"mec-grid-event-location\">Areninha Cultural Gilberto Gil, Avenida Marechal Fontenele, 5000, Realengo, Rio de Janeiro - Rio de Janeiro<\/p>\r\n                                                                            <\/div>\r\n            <div class=\"mec-event-footer\">\r\n                                <ul class=\"mec-event-sharing-wrap\">\r\n                    <li class=\"mec-event-share\">\r\n                        <a href=\"#\" class=\"mec-event-share-icon\">\r\n                            <i class=\"mec-sl-share\" title=\"Share\"><\/i>\r\n                        <\/a>\r\n                    <\/li>\r\n                    <li>\r\n                        <ul class=\"mec-event-sharing\">\r\n                            <li class=\"mec-event-social-icon\"><a class=\"facebook\" href=\"https:\/\/www.facebook.com\/sharer\/sharer.php?u=https%3A%2F%2Fagendaculturalriodejaneiro.com%2Fen%2Fevents%2Fwanderson-lemos-show-raiz-de-baoba%2F\" onclick=\"javascript:window.open(this.href, &apos;&apos;, &apos;menubar=no,toolbar=no,resizable=yes,scrollbars=yes,height=500,width=600&apos;); return false;\" target=\"_blank\" title=\"Share on Facebook\"><i class=\"mec-fa-facebook\"><\/i><span class=\"mec-social-title\">Facebook<\/span><\/a><\/li><li class=\"mec-event-social-icon\"><a class=\"twitter\" href=\"https:\/\/x.com\/intent\/tweet?url=https%3A%2F%2Fagendaculturalriodejaneiro.com%2Fen%2Fevents%2Fwanderson-lemos-show-raiz-de-baoba%2F\" onclick=\"javascript:window.open(this.href, &apos;&apos;, &apos;menubar=no,toolbar=no,resizable=yes,scrollbars=yes,height=600,width=500&apos;); return false;\" target=\"_blank\" title=\"X Social Network\"><svg xmlns=\"http:\/\/www.w3.org\/2000\/svg\" viewbox=\"0 0 512 462.799\"><path d=\"M403.229 0h78.506L310.219 196.04 512 462.799H354.002L230.261 301.007 88.669 462.799h-78.56l183.455-209.683L0 0h161.999l111.856 147.88L403.229 0zm-27.556 415.805h43.505L138.363 44.527h-46.68l283.99 371.278z\" \/><\/svg><span class=\"mec-social-title\">Twitter<\/span><\/a><\/li><li class=\"mec-event-social-icon\"><a class=\"linkedin\" href=\"https:\/\/www.linkedin.com\/shareArticle?mini=true&amp;url=https%3A%2F%2Fagendaculturalriodejaneiro.com%2Fen%2Fevents%2Fwanderson-lemos-show-raiz-de-baoba%2F\" onclick=\"javascript:window.open(this.href, &apos;&apos;, &apos;menubar=no,toolbar=no,resizable=yes,scrollbars=yes,height=600,width=500&apos;); return false;\" target=\"_blank\" title=\"Linkedin\"><i class=\"mec-fa-linkedin\"><\/i><span class=\"mec-social-title\">Linkedin<\/span><\/a><\/li><li class=\"mec-event-social-icon\"><a class=\"email\" href=\"mailto:?subject=Wanderson%20Lemos%20-%20Show%20Raiz%20de%20Baob%C3%A1&amp;body=https%3A%2F%2Fagendaculturalriodejaneiro.com%2Fen%2Fevents%2Fwanderson-lemos-show-raiz-de-baoba%2F\" title=\"Email\"><i class=\"mec-fa-envelope\"><\/i><span class=\"mec-social-title\">Email<\/span><\/a><\/li>                        <\/ul>\r\n                    <\/li>\r\n                <\/ul>\r\n                                                <a class=\"mec-booking-button\" data-event-id=\"51410\" href=\"https:\/\/agendaculturalriodejaneiro.com\/en\/events\/wanderson-lemos-show-raiz-de-baoba\/\" target=\"_self\" rel=\"noopener\">Ver Detalhes<\/a>            <\/div>\r\n        <\/article><\/div><\/div>        <div class=\"row\"><div class=\"col-md-4 col-sm-4\"><article class=\" mec-event-article mec-clear  \">                                <div class=\"mec-event-image\"><a data-event-id=\"52859\" href=\"https:\/\/agendaculturalriodejaneiro.com\/en\/events\/samba-da-volta-e-samba-de-caboclo-no-circo-voador\/\" target=\"_self\" rel=\"noopener\"><img loading=\"lazy\" decoding=\"async\" width=\"200\" height=\"300\" src=\"https:\/\/agendaculturalriodejaneiro.com\/wp-content\/uploads\/2026\/08\/a72b19_b571e8ceade442c5b52e641fff50c0f5mv2-200x300.jpg\" class=\"attachment-medium size-medium wp-post-image\" alt=\"\" data-mec-postid=\"52859\" \/><\/a><\/div>\r\n                        <div class=\"mec-event-content\">\r\n                                    <div class=\"mec-event-date mec-bg-color\">\r\n                        <span class=\"mec-start-date-label\">05 September 2026<\/span>                                                                    <\/div>\r\n                                                                <h4 class=\"mec-event-title\"><a class=\"mec-color-hover\" data-event-id=\"52859\" href=\"https:\/\/agendaculturalriodejaneiro.com\/en\/events\/samba-da-volta-e-samba-de-caboclo-no-circo-voador\/\" target=\"_self\" rel=\"noopener\">Samba da Volta e Samba de Caboclo no Circo Voador<\/a><\/h4>\r\n                                <p class=\"mec-grid-event-location\">Circo Voador, R. dos Arcos, s\/n - Jardim Iracema, Rio de Janeiro - RJ, 20230-060, Brasil<\/p>\r\n                                                                            <\/div>\r\n            <div class=\"mec-event-footer\">\r\n                                <ul class=\"mec-event-sharing-wrap\">\r\n                    <li class=\"mec-event-share\">\r\n                        <a href=\"#\" class=\"mec-event-share-icon\">\r\n                            <i class=\"mec-sl-share\" title=\"Share\"><\/i>\r\n                        <\/a>\r\n                    <\/li>\r\n                    <li>\r\n                        <ul class=\"mec-event-sharing\">\r\n                            <li class=\"mec-event-social-icon\"><a class=\"facebook\" href=\"https:\/\/www.facebook.com\/sharer\/sharer.php?u=https%3A%2F%2Fagendaculturalriodejaneiro.com%2Fen%2Fevents%2Fsamba-da-volta-e-samba-de-caboclo-no-circo-voador%2F\" onclick=\"javascript:window.open(this.href, &apos;&apos;, &apos;menubar=no,toolbar=no,resizable=yes,scrollbars=yes,height=500,width=600&apos;); return false;\" target=\"_blank\" title=\"Share on Facebook\"><i class=\"mec-fa-facebook\"><\/i><span class=\"mec-social-title\">Facebook<\/span><\/a><\/li><li class=\"mec-event-social-icon\"><a class=\"twitter\" href=\"https:\/\/x.com\/intent\/tweet?url=https%3A%2F%2Fagendaculturalriodejaneiro.com%2Fen%2Fevents%2Fsamba-da-volta-e-samba-de-caboclo-no-circo-voador%2F\" onclick=\"javascript:window.open(this.href, &apos;&apos;, &apos;menubar=no,toolbar=no,resizable=yes,scrollbars=yes,height=600,width=500&apos;); return false;\" target=\"_blank\" title=\"X Social Network\"><svg xmlns=\"http:\/\/www.w3.org\/2000\/svg\" viewbox=\"0 0 512 462.799\"><path d=\"M403.229 0h78.506L310.219 196.04 512 462.799H354.002L230.261 301.007 88.669 462.799h-78.56l183.455-209.683L0 0h161.999l111.856 147.88L403.229 0zm-27.556 415.805h43.505L138.363 44.527h-46.68l283.99 371.278z\" \/><\/svg><span class=\"mec-social-title\">Twitter<\/span><\/a><\/li><li class=\"mec-event-social-icon\"><a class=\"linkedin\" href=\"https:\/\/www.linkedin.com\/shareArticle?mini=true&amp;url=https%3A%2F%2Fagendaculturalriodejaneiro.com%2Fen%2Fevents%2Fsamba-da-volta-e-samba-de-caboclo-no-circo-voador%2F\" onclick=\"javascript:window.open(this.href, &apos;&apos;, &apos;menubar=no,toolbar=no,resizable=yes,scrollbars=yes,height=600,width=500&apos;); return false;\" target=\"_blank\" title=\"Linkedin\"><i class=\"mec-fa-linkedin\"><\/i><span class=\"mec-social-title\">Linkedin<\/span><\/a><\/li><li class=\"mec-event-social-icon\"><a class=\"email\" href=\"mailto:?subject=Samba%20da%20Volta%20e%20Samba%20de%20Caboclo%20no%20Circo%20Voador&amp;body=https%3A%2F%2Fagendaculturalriodejaneiro.com%2Fen%2Fevents%2Fsamba-da-volta-e-samba-de-caboclo-no-circo-voador%2F\" title=\"Email\"><i class=\"mec-fa-envelope\"><\/i><span class=\"mec-social-title\">Email<\/span><\/a><\/li>                        <\/ul>\r\n                    <\/li>\r\n                <\/ul>\r\n                                                <a class=\"mec-booking-button\" data-event-id=\"52859\" href=\"https:\/\/agendaculturalriodejaneiro.com\/en\/events\/samba-da-volta-e-samba-de-caboclo-no-circo-voador\/\" target=\"_self\" rel=\"noopener\">Ver Detalhes<\/a>            <\/div>\r\n        <\/article><\/div>        <div class=\"col-md-4 col-sm-4\"><article class=\" mec-event-article mec-clear  \">                                <div class=\"mec-event-image\"><a data-event-id=\"52693\" href=\"https:\/\/agendaculturalriodejaneiro.com\/en\/events\/espetaculo-que-homenageia-noel-rosa-retorna-aos-palcos-do-rio-de-janeiro\/\" target=\"_self\" rel=\"noopener\"><img loading=\"lazy\" decoding=\"async\" width=\"240\" height=\"300\" src=\"https:\/\/agendaculturalriodejaneiro.com\/wp-content\/uploads\/2026\/08\/eee337d1-2390-4502-97ca-ec94783b71f5-240x300.jpeg\" class=\"attachment-medium size-medium wp-post-image\" alt=\"\" data-mec-postid=\"52693\" \/><\/a><\/div>\r\n                        <div class=\"mec-event-content\">\r\n                                    <div class=\"mec-event-date mec-bg-color\">\r\n                        <span class=\"mec-start-date-label\">05 September 2026<\/span>                                                                    <\/div>\r\n                                                                <h4 class=\"mec-event-title\"><a class=\"mec-color-hover\" data-event-id=\"52693\" href=\"https:\/\/agendaculturalriodejaneiro.com\/en\/events\/espetaculo-que-homenageia-noel-rosa-retorna-aos-palcos-do-rio-de-janeiro\/\" target=\"_self\" rel=\"noopener\">Espet\u00e1culo que homenageia Noel Rosa retorna aos palcos do Rio de Janeiro<\/a><\/h4>\r\n                                <p class=\"mec-grid-event-location\">Teatro Brigitte Blair, R. Miguel Lemos, 51 - h - Copacabana, Rio de Janeiro - RJ, 22071-000, Brasil<\/p>\r\n                                                                            <\/div>\r\n            <div class=\"mec-event-footer\">\r\n                                <ul class=\"mec-event-sharing-wrap\">\r\n                    <li class=\"mec-event-share\">\r\n                        <a href=\"#\" class=\"mec-event-share-icon\">\r\n                            <i class=\"mec-sl-share\" title=\"Share\"><\/i>\r\n                        <\/a>\r\n                    <\/li>\r\n                    <li>\r\n                        <ul class=\"mec-event-sharing\">\r\n                            <li class=\"mec-event-social-icon\"><a class=\"facebook\" href=\"https:\/\/www.facebook.com\/sharer\/sharer.php?u=https%3A%2F%2Fagendaculturalriodejaneiro.com%2Fen%2Fevents%2Fespetaculo-que-homenageia-noel-rosa-retorna-aos-palcos-do-rio-de-janeiro%2F\" onclick=\"javascript:window.open(this.href, &apos;&apos;, &apos;menubar=no,toolbar=no,resizable=yes,scrollbars=yes,height=500,width=600&apos;); return false;\" target=\"_blank\" title=\"Share on Facebook\"><i class=\"mec-fa-facebook\"><\/i><span class=\"mec-social-title\">Facebook<\/span><\/a><\/li><li class=\"mec-event-social-icon\"><a class=\"twitter\" href=\"https:\/\/x.com\/intent\/tweet?url=https%3A%2F%2Fagendaculturalriodejaneiro.com%2Fen%2Fevents%2Fespetaculo-que-homenageia-noel-rosa-retorna-aos-palcos-do-rio-de-janeiro%2F\" onclick=\"javascript:window.open(this.href, &apos;&apos;, &apos;menubar=no,toolbar=no,resizable=yes,scrollbars=yes,height=600,width=500&apos;); return false;\" target=\"_blank\" title=\"X Social Network\"><svg xmlns=\"http:\/\/www.w3.org\/2000\/svg\" viewbox=\"0 0 512 462.799\"><path d=\"M403.229 0h78.506L310.219 196.04 512 462.799H354.002L230.261 301.007 88.669 462.799h-78.56l183.455-209.683L0 0h161.999l111.856 147.88L403.229 0zm-27.556 415.805h43.505L138.363 44.527h-46.68l283.99 371.278z\" \/><\/svg><span class=\"mec-social-title\">Twitter<\/span><\/a><\/li><li class=\"mec-event-social-icon\"><a class=\"linkedin\" href=\"https:\/\/www.linkedin.com\/shareArticle?mini=true&amp;url=https%3A%2F%2Fagendaculturalriodejaneiro.com%2Fen%2Fevents%2Fespetaculo-que-homenageia-noel-rosa-retorna-aos-palcos-do-rio-de-janeiro%2F\" onclick=\"javascript:window.open(this.href, &apos;&apos;, &apos;menubar=no,toolbar=no,resizable=yes,scrollbars=yes,height=600,width=500&apos;); return false;\" target=\"_blank\" title=\"Linkedin\"><i class=\"mec-fa-linkedin\"><\/i><span class=\"mec-social-title\">Linkedin<\/span><\/a><\/li><li class=\"mec-event-social-icon\"><a class=\"email\" href=\"mailto:?subject=Espet%C3%A1culo%20que%20homenageia%20Noel%20Rosa%20retorna%20aos%20palcos%20do%20Rio%20de%20Janeiro&amp;body=https%3A%2F%2Fagendaculturalriodejaneiro.com%2Fen%2Fevents%2Fespetaculo-que-homenageia-noel-rosa-retorna-aos-palcos-do-rio-de-janeiro%2F\" title=\"Email\"><i class=\"mec-fa-envelope\"><\/i><span class=\"mec-social-title\">Email<\/span><\/a><\/li>                        <\/ul>\r\n                    <\/li>\r\n                <\/ul>\r\n                                                <a class=\"mec-booking-button\" data-event-id=\"52693\" href=\"https:\/\/agendaculturalriodejaneiro.com\/en\/events\/espetaculo-que-homenageia-noel-rosa-retorna-aos-palcos-do-rio-de-janeiro\/\" target=\"_self\" rel=\"noopener\">Ver Detalhes<\/a>            <\/div>\r\n        <\/article><\/div>        <div class=\"col-md-4 col-sm-4\"><article class=\" mec-event-article mec-clear  \">                                <div class=\"mec-event-image\"><a data-event-id=\"52508\" href=\"https:\/\/agendaculturalriodejaneiro.com\/en\/events\/per1g0-alt0-tesa0\/\" target=\"_self\" rel=\"noopener\"><img loading=\"lazy\" decoding=\"async\" width=\"300\" height=\"159\" src=\"https:\/\/agendaculturalriodejaneiro.com\/wp-content\/uploads\/2026\/07\/Captura-de-ecra-2026-07-28-141243-300x159.jpg\" class=\"attachment-medium size-medium wp-post-image\" alt=\"\" data-mec-postid=\"52508\" \/><\/a><\/div>\r\n                        <div class=\"mec-event-content\">\r\n                                    <div class=\"mec-event-date mec-bg-color\">\r\n                        <span class=\"mec-start-date-label\">05 - 06 September 2026<\/span>                                                                    <\/div>\r\n                                                                <h4 class=\"mec-event-title\"><a class=\"mec-color-hover\" data-event-id=\"52508\" href=\"https:\/\/agendaculturalriodejaneiro.com\/en\/events\/per1g0-alt0-tesa0\/\" target=\"_self\" rel=\"noopener\">Per1g0 Alt0 Tes\u00e30<\/a><\/h4>\r\n                                <p class=\"mec-grid-event-location\">Local secreto em Sa\u00fade, Rio de Janeiro - RJ, Brasil<\/p>\r\n                                                                            <\/div>\r\n            <div class=\"mec-event-footer\">\r\n                                <ul class=\"mec-event-sharing-wrap\">\r\n                    <li class=\"mec-event-share\">\r\n                        <a href=\"#\" class=\"mec-event-share-icon\">\r\n                            <i class=\"mec-sl-share\" title=\"Share\"><\/i>\r\n                        <\/a>\r\n                    <\/li>\r\n                    <li>\r\n                        <ul class=\"mec-event-sharing\">\r\n                            <li class=\"mec-event-social-icon\"><a class=\"facebook\" href=\"https:\/\/www.facebook.com\/sharer\/sharer.php?u=https%3A%2F%2Fagendaculturalriodejaneiro.com%2Fen%2Fevents%2Fper1g0-alt0-tesa0%2F\" onclick=\"javascript:window.open(this.href, &apos;&apos;, &apos;menubar=no,toolbar=no,resizable=yes,scrollbars=yes,height=500,width=600&apos;); return false;\" target=\"_blank\" title=\"Share on Facebook\"><i class=\"mec-fa-facebook\"><\/i><span class=\"mec-social-title\">Facebook<\/span><\/a><\/li><li class=\"mec-event-social-icon\"><a class=\"twitter\" href=\"https:\/\/x.com\/intent\/tweet?url=https%3A%2F%2Fagendaculturalriodejaneiro.com%2Fen%2Fevents%2Fper1g0-alt0-tesa0%2F\" onclick=\"javascript:window.open(this.href, &apos;&apos;, &apos;menubar=no,toolbar=no,resizable=yes,scrollbars=yes,height=600,width=500&apos;); return false;\" target=\"_blank\" title=\"X Social Network\"><svg xmlns=\"http:\/\/www.w3.org\/2000\/svg\" viewbox=\"0 0 512 462.799\"><path d=\"M403.229 0h78.506L310.219 196.04 512 462.799H354.002L230.261 301.007 88.669 462.799h-78.56l183.455-209.683L0 0h161.999l111.856 147.88L403.229 0zm-27.556 415.805h43.505L138.363 44.527h-46.68l283.99 371.278z\" \/><\/svg><span class=\"mec-social-title\">Twitter<\/span><\/a><\/li><li class=\"mec-event-social-icon\"><a class=\"linkedin\" href=\"https:\/\/www.linkedin.com\/shareArticle?mini=true&amp;url=https%3A%2F%2Fagendaculturalriodejaneiro.com%2Fen%2Fevents%2Fper1g0-alt0-tesa0%2F\" onclick=\"javascript:window.open(this.href, &apos;&apos;, &apos;menubar=no,toolbar=no,resizable=yes,scrollbars=yes,height=600,width=500&apos;); return false;\" target=\"_blank\" title=\"Linkedin\"><i class=\"mec-fa-linkedin\"><\/i><span class=\"mec-social-title\">Linkedin<\/span><\/a><\/li><li class=\"mec-event-social-icon\"><a class=\"email\" href=\"mailto:?subject=Per1g0%20Alt0%20Tes%C3%A30&amp;body=https%3A%2F%2Fagendaculturalriodejaneiro.com%2Fen%2Fevents%2Fper1g0-alt0-tesa0%2F\" title=\"Email\"><i class=\"mec-fa-envelope\"><\/i><span class=\"mec-social-title\">Email<\/span><\/a><\/li>                        <\/ul>\r\n                    <\/li>\r\n                <\/ul>\r\n                                                <a class=\"mec-booking-button\" data-event-id=\"52508\" href=\"https:\/\/agendaculturalriodejaneiro.com\/en\/events\/per1g0-alt0-tesa0\/\" target=\"_self\" rel=\"noopener\">Ver Detalhes<\/a>            <\/div>\r\n        <\/article><\/div><\/div>                <div class=\"row\"><div class=\"col-md-4 col-sm-4\"><article class=\" mec-event-article mec-clear  \">                                <div class=\"mec-event-image\"><a data-event-id=\"53058\" href=\"https:\/\/agendaculturalriodejaneiro.com\/en\/events\/feira-de-vinil-gira-musica-faz-nova-edicao-em-lugar-inedito-no-catete-rj-domingo-06-09\/\" target=\"_self\" rel=\"noopener\"><img loading=\"lazy\" decoding=\"async\" width=\"300\" height=\"169\" src=\"https:\/\/agendaculturalriodejaneiro.com\/wp-content\/uploads\/2026\/08\/Feira-Gira-Musica_Credito-Bruno-EduardoRock-On-Board-300x169.jpg\" class=\"attachment-medium size-medium wp-post-image\" alt=\"\" data-mec-postid=\"53058\" \/><\/a><\/div>\r\n                        <div class=\"mec-event-content\">\r\n                                    <div class=\"mec-event-date mec-bg-color\">\r\n                        <span class=\"mec-start-date-label\">06 September 2026<\/span>                                                                    <\/div>\r\n                                                                <h4 class=\"mec-event-title\"><a class=\"mec-color-hover\" data-event-id=\"53058\" href=\"https:\/\/agendaculturalriodejaneiro.com\/en\/events\/feira-de-vinil-gira-musica-faz-nova-edicao-em-lugar-inedito-no-catete-rj-domingo-06-09\/\" target=\"_self\" rel=\"noopener\">Feira de Vinil &#8220;Gira M\u00fasica&#8221; faz nova edi\u00e7\u00e3o em lugar in\u00e9dito no Catete (RJ) : Domingo, 06\/09<\/a><\/h4>\r\n                                <p class=\"mec-grid-event-location\"><\/p>\r\n                                                                            <\/div>\r\n            <div class=\"mec-event-footer\">\r\n                                <ul class=\"mec-event-sharing-wrap\">\r\n                    <li class=\"mec-event-share\">\r\n                        <a href=\"#\" class=\"mec-event-share-icon\">\r\n                            <i class=\"mec-sl-share\" title=\"Share\"><\/i>\r\n                        <\/a>\r\n                    <\/li>\r\n                    <li>\r\n                        <ul class=\"mec-event-sharing\">\r\n                            <li class=\"mec-event-social-icon\"><a class=\"facebook\" href=\"https:\/\/www.facebook.com\/sharer\/sharer.php?u=https%3A%2F%2Fagendaculturalriodejaneiro.com%2Fen%2Fevents%2Ffeira-de-vinil-gira-musica-faz-nova-edicao-em-lugar-inedito-no-catete-rj-domingo-06-09%2F\" onclick=\"javascript:window.open(this.href, &apos;&apos;, &apos;menubar=no,toolbar=no,resizable=yes,scrollbars=yes,height=500,width=600&apos;); return false;\" target=\"_blank\" title=\"Share on Facebook\"><i class=\"mec-fa-facebook\"><\/i><span class=\"mec-social-title\">Facebook<\/span><\/a><\/li><li class=\"mec-event-social-icon\"><a class=\"twitter\" href=\"https:\/\/x.com\/intent\/tweet?url=https%3A%2F%2Fagendaculturalriodejaneiro.com%2Fen%2Fevents%2Ffeira-de-vinil-gira-musica-faz-nova-edicao-em-lugar-inedito-no-catete-rj-domingo-06-09%2F\" onclick=\"javascript:window.open(this.href, &apos;&apos;, &apos;menubar=no,toolbar=no,resizable=yes,scrollbars=yes,height=600,width=500&apos;); return false;\" target=\"_blank\" title=\"X Social Network\"><svg xmlns=\"http:\/\/www.w3.org\/2000\/svg\" viewbox=\"0 0 512 462.799\"><path d=\"M403.229 0h78.506L310.219 196.04 512 462.799H354.002L230.261 301.007 88.669 462.799h-78.56l183.455-209.683L0 0h161.999l111.856 147.88L403.229 0zm-27.556 415.805h43.505L138.363 44.527h-46.68l283.99 371.278z\" \/><\/svg><span class=\"mec-social-title\">Twitter<\/span><\/a><\/li><li class=\"mec-event-social-icon\"><a class=\"linkedin\" href=\"https:\/\/www.linkedin.com\/shareArticle?mini=true&amp;url=https%3A%2F%2Fagendaculturalriodejaneiro.com%2Fen%2Fevents%2Ffeira-de-vinil-gira-musica-faz-nova-edicao-em-lugar-inedito-no-catete-rj-domingo-06-09%2F\" onclick=\"javascript:window.open(this.href, &apos;&apos;, &apos;menubar=no,toolbar=no,resizable=yes,scrollbars=yes,height=600,width=500&apos;); return false;\" target=\"_blank\" title=\"Linkedin\"><i class=\"mec-fa-linkedin\"><\/i><span class=\"mec-social-title\">Linkedin<\/span><\/a><\/li><li class=\"mec-event-social-icon\"><a class=\"email\" href=\"mailto:?subject=Feira%20de%20Vinil%20%2526%238220%3BGira%20M%C3%BAsica%E2%80%99%E2%80%99%20faz%20nova%20edi%C3%A7%C3%A3o%20em%20lugar%20in%C3%A9dito%20no%20Catete%20%28RJ%29%20%3A%20Domingo%2C%2006%2F09&amp;body=https%3A%2F%2Fagendaculturalriodejaneiro.com%2Fen%2Fevents%2Ffeira-de-vinil-gira-musica-faz-nova-edicao-em-lugar-inedito-no-catete-rj-domingo-06-09%2F\" title=\"Email\"><i class=\"mec-fa-envelope\"><\/i><span class=\"mec-social-title\">Email<\/span><\/a><\/li>                        <\/ul>\r\n                    <\/li>\r\n                <\/ul>\r\n                                                <a class=\"mec-booking-button\" data-event-id=\"53058\" href=\"https:\/\/agendaculturalriodejaneiro.com\/en\/events\/feira-de-vinil-gira-musica-faz-nova-edicao-em-lugar-inedito-no-catete-rj-domingo-06-09\/\" target=\"_self\" rel=\"noopener\">Ver Detalhes<\/a>            <\/div>\r\n        <\/article><\/div>                <div class=\"col-md-4 col-sm-4\"><article class=\" mec-event-article mec-clear  \">                                <div class=\"mec-event-image\"><a data-event-id=\"52510\" href=\"https:\/\/agendaculturalriodejaneiro.com\/en\/events\/tommax-sunset-sessions-7-setembro\/\" target=\"_self\" rel=\"noopener\"><img loading=\"lazy\" decoding=\"async\" width=\"279\" height=\"300\" src=\"https:\/\/agendaculturalriodejaneiro.com\/wp-content\/uploads\/2026\/07\/Captura-de-ecra-2026-07-28-141308-279x300.jpg\" class=\"attachment-medium size-medium wp-post-image\" alt=\"\" data-mec-postid=\"52510\" \/><\/a><\/div>\r\n                        <div class=\"mec-event-content\">\r\n                                    <div class=\"mec-event-date mec-bg-color\">\r\n                        <span class=\"mec-start-date-label\">07 September 2026<\/span>                                                                    <\/div>\r\n                                                                <h4 class=\"mec-event-title\"><a class=\"mec-color-hover\" data-event-id=\"52510\" href=\"https:\/\/agendaculturalriodejaneiro.com\/en\/events\/tommax-sunset-sessions-7-setembro\/\" target=\"_self\" rel=\"noopener\">Tommax Sunset Sessions | 7 Setembro<\/a><\/h4>\r\n                                <p class=\"mec-grid-event-location\">Vista Bar, Rua Jardim Bot\u00e2nico, 1003 - Jardim Bot\u00e2nico, Rio de Janeiro - RJ, Brasil<\/p>\r\n                                                                            <\/div>\r\n            <div class=\"mec-event-footer\">\r\n                                <ul class=\"mec-event-sharing-wrap\">\r\n                    <li class=\"mec-event-share\">\r\n                        <a href=\"#\" class=\"mec-event-share-icon\">\r\n                            <i class=\"mec-sl-share\" title=\"Share\"><\/i>\r\n                        <\/a>\r\n                    <\/li>\r\n                    <li>\r\n                        <ul class=\"mec-event-sharing\">\r\n                            <li class=\"mec-event-social-icon\"><a class=\"facebook\" href=\"https:\/\/www.facebook.com\/sharer\/sharer.php?u=https%3A%2F%2Fagendaculturalriodejaneiro.com%2Fen%2Fevents%2Ftommax-sunset-sessions-7-setembro%2F\" onclick=\"javascript:window.open(this.href, &apos;&apos;, &apos;menubar=no,toolbar=no,resizable=yes,scrollbars=yes,height=500,width=600&apos;); return false;\" target=\"_blank\" title=\"Share on Facebook\"><i class=\"mec-fa-facebook\"><\/i><span class=\"mec-social-title\">Facebook<\/span><\/a><\/li><li class=\"mec-event-social-icon\"><a class=\"twitter\" href=\"https:\/\/x.com\/intent\/tweet?url=https%3A%2F%2Fagendaculturalriodejaneiro.com%2Fen%2Fevents%2Ftommax-sunset-sessions-7-setembro%2F\" onclick=\"javascript:window.open(this.href, &apos;&apos;, &apos;menubar=no,toolbar=no,resizable=yes,scrollbars=yes,height=600,width=500&apos;); return false;\" target=\"_blank\" title=\"X Social Network\"><svg xmlns=\"http:\/\/www.w3.org\/2000\/svg\" viewbox=\"0 0 512 462.799\"><path d=\"M403.229 0h78.506L310.219 196.04 512 462.799H354.002L230.261 301.007 88.669 462.799h-78.56l183.455-209.683L0 0h161.999l111.856 147.88L403.229 0zm-27.556 415.805h43.505L138.363 44.527h-46.68l283.99 371.278z\" \/><\/svg><span class=\"mec-social-title\">Twitter<\/span><\/a><\/li><li class=\"mec-event-social-icon\"><a class=\"linkedin\" href=\"https:\/\/www.linkedin.com\/shareArticle?mini=true&amp;url=https%3A%2F%2Fagendaculturalriodejaneiro.com%2Fen%2Fevents%2Ftommax-sunset-sessions-7-setembro%2F\" onclick=\"javascript:window.open(this.href, &apos;&apos;, &apos;menubar=no,toolbar=no,resizable=yes,scrollbars=yes,height=600,width=500&apos;); return false;\" target=\"_blank\" title=\"Linkedin\"><i class=\"mec-fa-linkedin\"><\/i><span class=\"mec-social-title\">Linkedin<\/span><\/a><\/li><li class=\"mec-event-social-icon\"><a class=\"email\" href=\"mailto:?subject=Tommax%20Sunset%20Sessions%20%7C%207%20Setembro&amp;body=https%3A%2F%2Fagendaculturalriodejaneiro.com%2Fen%2Fevents%2Ftommax-sunset-sessions-7-setembro%2F\" title=\"Email\"><i class=\"mec-fa-envelope\"><\/i><span class=\"mec-social-title\">Email<\/span><\/a><\/li>                        <\/ul>\r\n                    <\/li>\r\n                <\/ul>\r\n                                                <a class=\"mec-booking-button\" data-event-id=\"52510\" href=\"https:\/\/agendaculturalriodejaneiro.com\/en\/events\/tommax-sunset-sessions-7-setembro\/\" target=\"_self\" rel=\"noopener\">Ver Detalhes<\/a>            <\/div>\r\n        <\/article><\/div>        <div class=\"col-md-4 col-sm-4\"><article class=\" mec-event-article mec-clear  \">                                <div class=\"mec-event-image\"><a data-event-id=\"50751\" href=\"https:\/\/agendaculturalriodejaneiro.com\/en\/events\/simo-not-simon-no-rock-in-rio-2026\/\" target=\"_self\" rel=\"noopener\"><img loading=\"lazy\" decoding=\"async\" width=\"300\" height=\"300\" src=\"https:\/\/agendaculturalriodejaneiro.com\/wp-content\/uploads\/2026\/06\/20421064.jpeg\" class=\"attachment-medium size-medium wp-post-image\" alt=\"\" data-mec-postid=\"50751\" \/><\/a><\/div>\r\n                        <div class=\"mec-event-content\">\r\n                                    <div class=\"mec-event-date mec-bg-color\">\r\n                        <span class=\"mec-start-date-label\">07 September 2026<\/span>                                                                    <\/div>\r\n                                                                <h4 class=\"mec-event-title\"><a class=\"mec-color-hover\" data-event-id=\"50751\" href=\"https:\/\/agendaculturalriodejaneiro.com\/en\/events\/simo-not-simon-no-rock-in-rio-2026\/\" target=\"_self\" rel=\"noopener\">simo not simon no Rock in Rio 2026<\/a><\/h4>\r\n                                <p class=\"mec-grid-event-location\">Rock in Rio, Av. Salvador Allende, Rio de Janeiro<\/p>\r\n                                                                            <\/div>\r\n            <div class=\"mec-event-footer\">\r\n                                <ul class=\"mec-event-sharing-wrap\">\r\n                    <li class=\"mec-event-share\">\r\n                        <a href=\"#\" class=\"mec-event-share-icon\">\r\n                            <i class=\"mec-sl-share\" title=\"Share\"><\/i>\r\n                        <\/a>\r\n                    <\/li>\r\n                    <li>\r\n                        <ul class=\"mec-event-sharing\">\r\n                            <li class=\"mec-event-social-icon\"><a class=\"facebook\" href=\"https:\/\/www.facebook.com\/sharer\/sharer.php?u=https%3A%2F%2Fagendaculturalriodejaneiro.com%2Fen%2Fevents%2Fsimo-not-simon-no-rock-in-rio-2026%2F\" onclick=\"javascript:window.open(this.href, &apos;&apos;, &apos;menubar=no,toolbar=no,resizable=yes,scrollbars=yes,height=500,width=600&apos;); return false;\" target=\"_blank\" title=\"Share on Facebook\"><i class=\"mec-fa-facebook\"><\/i><span class=\"mec-social-title\">Facebook<\/span><\/a><\/li><li class=\"mec-event-social-icon\"><a class=\"twitter\" href=\"https:\/\/x.com\/intent\/tweet?url=https%3A%2F%2Fagendaculturalriodejaneiro.com%2Fen%2Fevents%2Fsimo-not-simon-no-rock-in-rio-2026%2F\" onclick=\"javascript:window.open(this.href, &apos;&apos;, &apos;menubar=no,toolbar=no,resizable=yes,scrollbars=yes,height=600,width=500&apos;); return false;\" target=\"_blank\" title=\"X Social Network\"><svg xmlns=\"http:\/\/www.w3.org\/2000\/svg\" viewbox=\"0 0 512 462.799\"><path d=\"M403.229 0h78.506L310.219 196.04 512 462.799H354.002L230.261 301.007 88.669 462.799h-78.56l183.455-209.683L0 0h161.999l111.856 147.88L403.229 0zm-27.556 415.805h43.505L138.363 44.527h-46.68l283.99 371.278z\" \/><\/svg><span class=\"mec-social-title\">Twitter<\/span><\/a><\/li><li class=\"mec-event-social-icon\"><a class=\"linkedin\" href=\"https:\/\/www.linkedin.com\/shareArticle?mini=true&amp;url=https%3A%2F%2Fagendaculturalriodejaneiro.com%2Fen%2Fevents%2Fsimo-not-simon-no-rock-in-rio-2026%2F\" onclick=\"javascript:window.open(this.href, &apos;&apos;, &apos;menubar=no,toolbar=no,resizable=yes,scrollbars=yes,height=600,width=500&apos;); return false;\" target=\"_blank\" title=\"Linkedin\"><i class=\"mec-fa-linkedin\"><\/i><span class=\"mec-social-title\">Linkedin<\/span><\/a><\/li><li class=\"mec-event-social-icon\"><a class=\"email\" href=\"mailto:?subject=simo%20not%20simon%20no%20Rock%20in%20Rio%202026&amp;body=https%3A%2F%2Fagendaculturalriodejaneiro.com%2Fen%2Fevents%2Fsimo-not-simon-no-rock-in-rio-2026%2F\" title=\"Email\"><i class=\"mec-fa-envelope\"><\/i><span class=\"mec-social-title\">Email<\/span><\/a><\/li>                        <\/ul>\r\n                    <\/li>\r\n                <\/ul>\r\n                                                <a class=\"mec-booking-button\" data-event-id=\"50751\" href=\"https:\/\/agendaculturalriodejaneiro.com\/en\/events\/simo-not-simon-no-rock-in-rio-2026\/\" target=\"_self\" rel=\"noopener\">Ver Detalhes<\/a>            <\/div>\r\n        <\/article><\/div><\/div>                <div class=\"row\"><div class=\"col-md-4 col-sm-4\"><article class=\" mec-event-article mec-clear  \">                                <div class=\"mec-event-image\"><a data-event-id=\"50126\" href=\"https:\/\/agendaculturalriodejaneiro.com\/en\/events\/bee-gees-alive-no-teatro-riachuelo-rj-3-572\/\" target=\"_self\" rel=\"noopener\"><img loading=\"lazy\" decoding=\"async\" width=\"300\" height=\"158\" src=\"https:\/\/agendaculturalriodejaneiro.com\/wp-content\/uploads\/2026\/05\/Silvia-Perez-Cruz-no-Teatro-Riachuelo-RJ-1-300x158.jpg\" class=\"attachment-medium size-medium wp-post-image\" alt=\"Silvia Perez Cruz no Teatro Riachuelo - RJ\" data-mec-postid=\"50126\" \/><\/a><\/div>\r\n                        <div class=\"mec-event-content\">\r\n                                    <div class=\"mec-event-date mec-bg-color\">\r\n                        <span class=\"mec-start-date-label\">08 September 2026<\/span>                                                                    <\/div>\r\n                                                                <h4 class=\"mec-event-title\"><a class=\"mec-color-hover\" data-event-id=\"50126\" href=\"https:\/\/agendaculturalriodejaneiro.com\/en\/events\/bee-gees-alive-no-teatro-riachuelo-rj-3-572\/\" target=\"_self\" rel=\"noopener\">Silvia Perez Cruz no Teatro Riachuelo &#8211; RJ<\/a><\/h4>\r\n                                <p class=\"mec-grid-event-location\">Teatro Riachuelo RJ, Rua do Passeio , 40, Rio de Janeiro - Rio de Janeiro<\/p>\r\n                                                                            <\/div>\r\n            <div class=\"mec-event-footer\">\r\n                                <ul class=\"mec-event-sharing-wrap\">\r\n                    <li class=\"mec-event-share\">\r\n                        <a href=\"#\" class=\"mec-event-share-icon\">\r\n                            <i class=\"mec-sl-share\" title=\"Share\"><\/i>\r\n                        <\/a>\r\n                    <\/li>\r\n                    <li>\r\n                        <ul class=\"mec-event-sharing\">\r\n                            <li class=\"mec-event-social-icon\"><a class=\"facebook\" href=\"https:\/\/www.facebook.com\/sharer\/sharer.php?u=https%3A%2F%2Fagendaculturalriodejaneiro.com%2Fen%2Fevents%2Fbee-gees-alive-no-teatro-riachuelo-rj-3-572%2F\" onclick=\"javascript:window.open(this.href, &apos;&apos;, &apos;menubar=no,toolbar=no,resizable=yes,scrollbars=yes,height=500,width=600&apos;); return false;\" target=\"_blank\" title=\"Share on Facebook\"><i class=\"mec-fa-facebook\"><\/i><span class=\"mec-social-title\">Facebook<\/span><\/a><\/li><li class=\"mec-event-social-icon\"><a class=\"twitter\" href=\"https:\/\/x.com\/intent\/tweet?url=https%3A%2F%2Fagendaculturalriodejaneiro.com%2Fen%2Fevents%2Fbee-gees-alive-no-teatro-riachuelo-rj-3-572%2F\" onclick=\"javascript:window.open(this.href, &apos;&apos;, &apos;menubar=no,toolbar=no,resizable=yes,scrollbars=yes,height=600,width=500&apos;); return false;\" target=\"_blank\" title=\"X Social Network\"><svg xmlns=\"http:\/\/www.w3.org\/2000\/svg\" viewbox=\"0 0 512 462.799\"><path d=\"M403.229 0h78.506L310.219 196.04 512 462.799H354.002L230.261 301.007 88.669 462.799h-78.56l183.455-209.683L0 0h161.999l111.856 147.88L403.229 0zm-27.556 415.805h43.505L138.363 44.527h-46.68l283.99 371.278z\" \/><\/svg><span class=\"mec-social-title\">Twitter<\/span><\/a><\/li><li class=\"mec-event-social-icon\"><a class=\"linkedin\" href=\"https:\/\/www.linkedin.com\/shareArticle?mini=true&amp;url=https%3A%2F%2Fagendaculturalriodejaneiro.com%2Fen%2Fevents%2Fbee-gees-alive-no-teatro-riachuelo-rj-3-572%2F\" onclick=\"javascript:window.open(this.href, &apos;&apos;, &apos;menubar=no,toolbar=no,resizable=yes,scrollbars=yes,height=600,width=500&apos;); return false;\" target=\"_blank\" title=\"Linkedin\"><i class=\"mec-fa-linkedin\"><\/i><span class=\"mec-social-title\">Linkedin<\/span><\/a><\/li><li class=\"mec-event-social-icon\"><a class=\"email\" href=\"mailto:?subject=Silvia%20Perez%20Cruz%20no%20Teatro%20Riachuelo%20-%20RJ&amp;body=https%3A%2F%2Fagendaculturalriodejaneiro.com%2Fen%2Fevents%2Fbee-gees-alive-no-teatro-riachuelo-rj-3-572%2F\" title=\"Email\"><i class=\"mec-fa-envelope\"><\/i><span class=\"mec-social-title\">Email<\/span><\/a><\/li>                        <\/ul>\r\n                    <\/li>\r\n                <\/ul>\r\n                                                <a class=\"mec-booking-button\" data-event-id=\"50126\" href=\"https:\/\/agendaculturalriodejaneiro.com\/en\/events\/bee-gees-alive-no-teatro-riachuelo-rj-3-572\/\" target=\"_self\" rel=\"noopener\">Ver Detalhes<\/a>            <\/div>\r\n        <\/article><\/div>        <div class=\"col-md-4 col-sm-4\"><article class=\" mec-event-article mec-clear  \">                                <div class=\"mec-event-image\"><a data-event-id=\"53061\" href=\"https:\/\/agendaculturalriodejaneiro.com\/en\/events\/revolucao-na-america-do-sul-classico-de-augusto-boal-estreia-em-8-de-setembro-no-teatro-poeirinha\/\" target=\"_self\" rel=\"noopener\"><img loading=\"lazy\" decoding=\"async\" width=\"300\" height=\"300\" src=\"https:\/\/agendaculturalriodejaneiro.com\/wp-content\/uploads\/2026\/08\/Arte-300x300.jpg\" class=\"attachment-medium size-medium wp-post-image\" alt=\"\" data-mec-postid=\"53061\" \/><\/a><\/div>\r\n                        <div class=\"mec-event-content\">\r\n                                    <div class=\"mec-event-date mec-bg-color\">\r\n                        <span class=\"mec-start-date-label\">08 September 2026<\/span><span class=\"mec-end-date-label\" itemprop=\"endDate\"> - 21 October 2026<\/span>                                                                    <\/div>\r\n                                                                <h4 class=\"mec-event-title\"><a class=\"mec-color-hover\" data-event-id=\"53061\" href=\"https:\/\/agendaculturalriodejaneiro.com\/en\/events\/revolucao-na-america-do-sul-classico-de-augusto-boal-estreia-em-8-de-setembro-no-teatro-poeirinha\/\" target=\"_self\" rel=\"noopener\">\u201cRevolu\u00e7\u00e3o na Am\u00e9rica do Sul\u201d, cl\u00e1ssico de Augusto Boal, estreia em 8 de setembro no Teatro Poeirinha<\/a><\/h4>\r\n                                <p class=\"mec-grid-event-location\">Teatro Poeira, Teatro Poeira - R. S\u00e3o Jo\u00e3o Batista, 104, Rio de Janeiro - Rio de Janeiro<\/p>\r\n                                                                            <\/div>\r\n            <div class=\"mec-event-footer\">\r\n                                <ul class=\"mec-event-sharing-wrap\">\r\n                    <li class=\"mec-event-share\">\r\n                        <a href=\"#\" class=\"mec-event-share-icon\">\r\n                            <i class=\"mec-sl-share\" title=\"Share\"><\/i>\r\n                        <\/a>\r\n                    <\/li>\r\n                    <li>\r\n                        <ul class=\"mec-event-sharing\">\r\n                            <li class=\"mec-event-social-icon\"><a class=\"facebook\" href=\"https:\/\/www.facebook.com\/sharer\/sharer.php?u=https%3A%2F%2Fagendaculturalriodejaneiro.com%2Fen%2Fevents%2Frevolucao-na-america-do-sul-classico-de-augusto-boal-estreia-em-8-de-setembro-no-teatro-poeirinha%2F\" onclick=\"javascript:window.open(this.href, &apos;&apos;, &apos;menubar=no,toolbar=no,resizable=yes,scrollbars=yes,height=500,width=600&apos;); return false;\" target=\"_blank\" title=\"Share on Facebook\"><i class=\"mec-fa-facebook\"><\/i><span class=\"mec-social-title\">Facebook<\/span><\/a><\/li><li class=\"mec-event-social-icon\"><a class=\"twitter\" href=\"https:\/\/x.com\/intent\/tweet?url=https%3A%2F%2Fagendaculturalriodejaneiro.com%2Fen%2Fevents%2Frevolucao-na-america-do-sul-classico-de-augusto-boal-estreia-em-8-de-setembro-no-teatro-poeirinha%2F\" onclick=\"javascript:window.open(this.href, &apos;&apos;, &apos;menubar=no,toolbar=no,resizable=yes,scrollbars=yes,height=600,width=500&apos;); return false;\" target=\"_blank\" title=\"X Social Network\"><svg xmlns=\"http:\/\/www.w3.org\/2000\/svg\" viewbox=\"0 0 512 462.799\"><path d=\"M403.229 0h78.506L310.219 196.04 512 462.799H354.002L230.261 301.007 88.669 462.799h-78.56l183.455-209.683L0 0h161.999l111.856 147.88L403.229 0zm-27.556 415.805h43.505L138.363 44.527h-46.68l283.99 371.278z\" \/><\/svg><span class=\"mec-social-title\">Twitter<\/span><\/a><\/li><li class=\"mec-event-social-icon\"><a class=\"linkedin\" href=\"https:\/\/www.linkedin.com\/shareArticle?mini=true&amp;url=https%3A%2F%2Fagendaculturalriodejaneiro.com%2Fen%2Fevents%2Frevolucao-na-america-do-sul-classico-de-augusto-boal-estreia-em-8-de-setembro-no-teatro-poeirinha%2F\" onclick=\"javascript:window.open(this.href, &apos;&apos;, &apos;menubar=no,toolbar=no,resizable=yes,scrollbars=yes,height=600,width=500&apos;); return false;\" target=\"_blank\" title=\"Linkedin\"><i class=\"mec-fa-linkedin\"><\/i><span class=\"mec-social-title\">Linkedin<\/span><\/a><\/li><li class=\"mec-event-social-icon\"><a class=\"email\" href=\"mailto:?subject=%E2%80%9CRevolu%C3%A7%C3%A3o%20na%20Am%C3%A9rica%20do%20Sul%E2%80%9D%2C%20cl%C3%A1ssico%20de%20Augusto%20Boal%2C%20estreia%20em%208%20de%20setembro%20no%20Teatro%20Poeirinha&amp;body=https%3A%2F%2Fagendaculturalriodejaneiro.com%2Fen%2Fevents%2Frevolucao-na-america-do-sul-classico-de-augusto-boal-estreia-em-8-de-setembro-no-teatro-poeirinha%2F\" title=\"Email\"><i class=\"mec-fa-envelope\"><\/i><span class=\"mec-social-title\">Email<\/span><\/a><\/li>                        <\/ul>\r\n                    <\/li>\r\n                <\/ul>\r\n                                                <a class=\"mec-booking-button\" data-event-id=\"53061\" href=\"https:\/\/agendaculturalriodejaneiro.com\/en\/events\/revolucao-na-america-do-sul-classico-de-augusto-boal-estreia-em-8-de-setembro-no-teatro-poeirinha\/\" target=\"_self\" rel=\"noopener\">Ver Detalhes<\/a>            <\/div>\r\n        <\/article><\/div>                <div class=\"col-md-4 col-sm-4\"><article class=\" mec-event-article mec-clear  \">                                <div class=\"mec-event-image\"><a data-event-id=\"50129\" href=\"https:\/\/agendaculturalriodejaneiro.com\/en\/events\/cicero-15-anos-de-cancoes-de-apartamento-no-teatro-riachuelo-rj\/\" target=\"_self\" rel=\"noopener\"><img loading=\"lazy\" decoding=\"async\" width=\"300\" height=\"158\" src=\"https:\/\/agendaculturalriodejaneiro.com\/wp-content\/uploads\/2026\/05\/Cicero-\u2013-15-Anos-De-Cancoes-De-Apartamento-no-Teatro-Riachuelo-RJ-1-300x158.jpg\" class=\"attachment-medium size-medium wp-post-image\" alt=\"C\u00edcero \u2013 15 Anos De \u201cCan\u00e7\u00f5es De Apartamento\u201d no Teatro Riachuelo - RJ\" data-mec-postid=\"50129\" \/><\/a><\/div>\r\n                        <div class=\"mec-event-content\">\r\n                                    <div class=\"mec-event-date mec-bg-color\">\r\n                        <span class=\"mec-start-date-label\">09 September 2026<\/span>                                                                    <\/div>\r\n                                                                <h4 class=\"mec-event-title\"><a class=\"mec-color-hover\" data-event-id=\"50129\" href=\"https:\/\/agendaculturalriodejaneiro.com\/en\/events\/cicero-15-anos-de-cancoes-de-apartamento-no-teatro-riachuelo-rj\/\" target=\"_self\" rel=\"noopener\">C\u00edcero \u2013 15 Anos De \u201cCan\u00e7\u00f5es De Apartamento\u201d no Teatro Riachuelo &#8211; RJ<\/a><\/h4>\r\n                                <p class=\"mec-grid-event-location\">Teatro Riachuelo RJ, Rua do Passeio , 40, Rio de Janeiro - Rio de Janeiro<\/p>\r\n                                                                            <\/div>\r\n            <div class=\"mec-event-footer\">\r\n                                <ul class=\"mec-event-sharing-wrap\">\r\n                    <li class=\"mec-event-share\">\r\n                        <a href=\"#\" class=\"mec-event-share-icon\">\r\n                            <i class=\"mec-sl-share\" title=\"Share\"><\/i>\r\n                        <\/a>\r\n                    <\/li>\r\n                    <li>\r\n                        <ul class=\"mec-event-sharing\">\r\n                            <li class=\"mec-event-social-icon\"><a class=\"facebook\" href=\"https:\/\/www.facebook.com\/sharer\/sharer.php?u=https%3A%2F%2Fagendaculturalriodejaneiro.com%2Fen%2Fevents%2Fcicero-15-anos-de-cancoes-de-apartamento-no-teatro-riachuelo-rj%2F\" onclick=\"javascript:window.open(this.href, &apos;&apos;, &apos;menubar=no,toolbar=no,resizable=yes,scrollbars=yes,height=500,width=600&apos;); return false;\" target=\"_blank\" title=\"Share on Facebook\"><i class=\"mec-fa-facebook\"><\/i><span class=\"mec-social-title\">Facebook<\/span><\/a><\/li><li class=\"mec-event-social-icon\"><a class=\"twitter\" href=\"https:\/\/x.com\/intent\/tweet?url=https%3A%2F%2Fagendaculturalriodejaneiro.com%2Fen%2Fevents%2Fcicero-15-anos-de-cancoes-de-apartamento-no-teatro-riachuelo-rj%2F\" onclick=\"javascript:window.open(this.href, &apos;&apos;, &apos;menubar=no,toolbar=no,resizable=yes,scrollbars=yes,height=600,width=500&apos;); return false;\" target=\"_blank\" title=\"X Social Network\"><svg xmlns=\"http:\/\/www.w3.org\/2000\/svg\" viewbox=\"0 0 512 462.799\"><path d=\"M403.229 0h78.506L310.219 196.04 512 462.799H354.002L230.261 301.007 88.669 462.799h-78.56l183.455-209.683L0 0h161.999l111.856 147.88L403.229 0zm-27.556 415.805h43.505L138.363 44.527h-46.68l283.99 371.278z\" \/><\/svg><span class=\"mec-social-title\">Twitter<\/span><\/a><\/li><li class=\"mec-event-social-icon\"><a class=\"linkedin\" href=\"https:\/\/www.linkedin.com\/shareArticle?mini=true&amp;url=https%3A%2F%2Fagendaculturalriodejaneiro.com%2Fen%2Fevents%2Fcicero-15-anos-de-cancoes-de-apartamento-no-teatro-riachuelo-rj%2F\" onclick=\"javascript:window.open(this.href, &apos;&apos;, &apos;menubar=no,toolbar=no,resizable=yes,scrollbars=yes,height=600,width=500&apos;); return false;\" target=\"_blank\" title=\"Linkedin\"><i class=\"mec-fa-linkedin\"><\/i><span class=\"mec-social-title\">Linkedin<\/span><\/a><\/li><li class=\"mec-event-social-icon\"><a class=\"email\" href=\"mailto:?subject=C%C3%ADcero%20%E2%80%93%2015%20Anos%20De%20%E2%80%9CCan%C3%A7%C3%B5es%20De%20Apartamento%E2%80%9D%20no%20Teatro%20Riachuelo%20-%20RJ&amp;body=https%3A%2F%2Fagendaculturalriodejaneiro.com%2Fen%2Fevents%2Fcicero-15-anos-de-cancoes-de-apartamento-no-teatro-riachuelo-rj%2F\" title=\"Email\"><i class=\"mec-fa-envelope\"><\/i><span class=\"mec-social-title\">Email<\/span><\/a><\/li>                        <\/ul>\r\n                    <\/li>\r\n                <\/ul>\r\n                                                <a class=\"mec-booking-button\" data-event-id=\"50129\" href=\"https:\/\/agendaculturalriodejaneiro.com\/en\/events\/cicero-15-anos-de-cancoes-de-apartamento-no-teatro-riachuelo-rj\/\" target=\"_self\" rel=\"noopener\">Ver Detalhes<\/a>            <\/div>\r\n        <\/article><\/div><\/div>                <div class=\"row\"><div class=\"col-md-4 col-sm-4\"><article class=\" mec-event-article mec-clear  \">                                <div class=\"mec-event-image\"><a data-event-id=\"53069\" href=\"https:\/\/agendaculturalriodejaneiro.com\/en\/events\/festival-de-arte-do-terreo\/\" target=\"_self\" rel=\"noopener\"><img loading=\"lazy\" decoding=\"async\" width=\"296\" height=\"300\" src=\"https:\/\/agendaculturalriodejaneiro.com\/wp-content\/uploads\/2026\/08\/Luiz-Aquila_A-pintura-e-o-titulo-tambem-perdido-2023.-Acrilica-s-tela.-140-x-140-cm-296x300.jpg\" class=\"attachment-medium size-medium wp-post-image\" alt=\"\" data-mec-postid=\"53069\" \/><\/a><\/div>\r\n                        <div class=\"mec-event-content\">\r\n                                    <div class=\"mec-event-date mec-bg-color\">\r\n                        <span class=\"mec-start-date-label\">10 September 2026<\/span><span class=\"mec-end-date-label\" itemprop=\"endDate\"> - 17 October 2026<\/span>                                                                    <\/div>\r\n                                                                <h4 class=\"mec-event-title\"><a class=\"mec-color-hover\" data-event-id=\"53069\" href=\"https:\/\/agendaculturalriodejaneiro.com\/en\/events\/festival-de-arte-do-terreo\/\" target=\"_self\" rel=\"noopener\">Festival de Arte do T\u00e9rreo<\/a><\/h4>\r\n                                <p class=\"mec-grid-event-location\">Centro Cultural Correios RJ, R. Visc. de Itabora\u00ed, 20 - Centro, Rio de Janeiro - RJ, 20010-976, Brasil<\/p>\r\n                                                                            <\/div>\r\n            <div class=\"mec-event-footer\">\r\n                                <ul class=\"mec-event-sharing-wrap\">\r\n                    <li class=\"mec-event-share\">\r\n                        <a href=\"#\" class=\"mec-event-share-icon\">\r\n                            <i class=\"mec-sl-share\" title=\"Share\"><\/i>\r\n                        <\/a>\r\n                    <\/li>\r\n                    <li>\r\n                        <ul class=\"mec-event-sharing\">\r\n                            <li class=\"mec-event-social-icon\"><a class=\"facebook\" href=\"https:\/\/www.facebook.com\/sharer\/sharer.php?u=https%3A%2F%2Fagendaculturalriodejaneiro.com%2Fen%2Fevents%2Ffestival-de-arte-do-terreo%2F\" onclick=\"javascript:window.open(this.href, &apos;&apos;, &apos;menubar=no,toolbar=no,resizable=yes,scrollbars=yes,height=500,width=600&apos;); return false;\" target=\"_blank\" title=\"Share on Facebook\"><i class=\"mec-fa-facebook\"><\/i><span class=\"mec-social-title\">Facebook<\/span><\/a><\/li><li class=\"mec-event-social-icon\"><a class=\"twitter\" href=\"https:\/\/x.com\/intent\/tweet?url=https%3A%2F%2Fagendaculturalriodejaneiro.com%2Fen%2Fevents%2Ffestival-de-arte-do-terreo%2F\" onclick=\"javascript:window.open(this.href, &apos;&apos;, &apos;menubar=no,toolbar=no,resizable=yes,scrollbars=yes,height=600,width=500&apos;); return false;\" target=\"_blank\" title=\"X Social Network\"><svg xmlns=\"http:\/\/www.w3.org\/2000\/svg\" viewbox=\"0 0 512 462.799\"><path d=\"M403.229 0h78.506L310.219 196.04 512 462.799H354.002L230.261 301.007 88.669 462.799h-78.56l183.455-209.683L0 0h161.999l111.856 147.88L403.229 0zm-27.556 415.805h43.505L138.363 44.527h-46.68l283.99 371.278z\" \/><\/svg><span class=\"mec-social-title\">Twitter<\/span><\/a><\/li><li class=\"mec-event-social-icon\"><a class=\"linkedin\" href=\"https:\/\/www.linkedin.com\/shareArticle?mini=true&amp;url=https%3A%2F%2Fagendaculturalriodejaneiro.com%2Fen%2Fevents%2Ffestival-de-arte-do-terreo%2F\" onclick=\"javascript:window.open(this.href, &apos;&apos;, &apos;menubar=no,toolbar=no,resizable=yes,scrollbars=yes,height=600,width=500&apos;); return false;\" target=\"_blank\" title=\"Linkedin\"><i class=\"mec-fa-linkedin\"><\/i><span class=\"mec-social-title\">Linkedin<\/span><\/a><\/li><li class=\"mec-event-social-icon\"><a class=\"email\" href=\"mailto:?subject=Festival%20de%20Arte%20do%20T%C3%A9rreo&amp;body=https%3A%2F%2Fagendaculturalriodejaneiro.com%2Fen%2Fevents%2Ffestival-de-arte-do-terreo%2F\" title=\"Email\"><i class=\"mec-fa-envelope\"><\/i><span class=\"mec-social-title\">Email<\/span><\/a><\/li>                        <\/ul>\r\n                    <\/li>\r\n                <\/ul>\r\n                                                <a class=\"mec-booking-button\" data-event-id=\"53069\" href=\"https:\/\/agendaculturalriodejaneiro.com\/en\/events\/festival-de-arte-do-terreo\/\" target=\"_self\" rel=\"noopener\">Ver Detalhes<\/a>            <\/div>\r\n        <\/article><\/div>                <div class=\"col-md-4 col-sm-4\"><article class=\" mec-event-article mec-clear  \">                                <div class=\"mec-event-image\"><a data-event-id=\"50753\" href=\"https:\/\/agendaculturalriodejaneiro.com\/en\/events\/alok-no-rock-in-rio-2026\/\" target=\"_self\" rel=\"noopener\"><img loading=\"lazy\" decoding=\"async\" width=\"300\" height=\"300\" src=\"https:\/\/agendaculturalriodejaneiro.com\/wp-content\/uploads\/2026\/06\/16411897.jpeg\" class=\"attachment-medium size-medium wp-post-image\" alt=\"\" data-mec-postid=\"50753\" \/><\/a><\/div>\r\n                        <div class=\"mec-event-content\">\r\n                                    <div class=\"mec-event-date mec-bg-color\">\r\n                        <span class=\"mec-start-date-label\">11 September 2026<\/span>                                                                    <\/div>\r\n                                                                <h4 class=\"mec-event-title\"><a class=\"mec-color-hover\" data-event-id=\"50753\" href=\"https:\/\/agendaculturalriodejaneiro.com\/en\/events\/alok-no-rock-in-rio-2026\/\" target=\"_self\" rel=\"noopener\">Alok no Rock in Rio 2026<\/a><\/h4>\r\n                                <p class=\"mec-grid-event-location\">Rock in Rio, Av. Salvador Allende, Rio de Janeiro<\/p>\r\n                                                                            <\/div>\r\n            <div class=\"mec-event-footer\">\r\n                                <ul class=\"mec-event-sharing-wrap\">\r\n                    <li class=\"mec-event-share\">\r\n                        <a href=\"#\" class=\"mec-event-share-icon\">\r\n                            <i class=\"mec-sl-share\" title=\"Share\"><\/i>\r\n                        <\/a>\r\n                    <\/li>\r\n                    <li>\r\n                        <ul class=\"mec-event-sharing\">\r\n                            <li class=\"mec-event-social-icon\"><a class=\"facebook\" href=\"https:\/\/www.facebook.com\/sharer\/sharer.php?u=https%3A%2F%2Fagendaculturalriodejaneiro.com%2Fen%2Fevents%2Falok-no-rock-in-rio-2026%2F\" onclick=\"javascript:window.open(this.href, &apos;&apos;, &apos;menubar=no,toolbar=no,resizable=yes,scrollbars=yes,height=500,width=600&apos;); return false;\" target=\"_blank\" title=\"Share on Facebook\"><i class=\"mec-fa-facebook\"><\/i><span class=\"mec-social-title\">Facebook<\/span><\/a><\/li><li class=\"mec-event-social-icon\"><a class=\"twitter\" href=\"https:\/\/x.com\/intent\/tweet?url=https%3A%2F%2Fagendaculturalriodejaneiro.com%2Fen%2Fevents%2Falok-no-rock-in-rio-2026%2F\" onclick=\"javascript:window.open(this.href, &apos;&apos;, &apos;menubar=no,toolbar=no,resizable=yes,scrollbars=yes,height=600,width=500&apos;); return false;\" target=\"_blank\" title=\"X Social Network\"><svg xmlns=\"http:\/\/www.w3.org\/2000\/svg\" viewbox=\"0 0 512 462.799\"><path d=\"M403.229 0h78.506L310.219 196.04 512 462.799H354.002L230.261 301.007 88.669 462.799h-78.56l183.455-209.683L0 0h161.999l111.856 147.88L403.229 0zm-27.556 415.805h43.505L138.363 44.527h-46.68l283.99 371.278z\" \/><\/svg><span class=\"mec-social-title\">Twitter<\/span><\/a><\/li><li class=\"mec-event-social-icon\"><a class=\"linkedin\" href=\"https:\/\/www.linkedin.com\/shareArticle?mini=true&amp;url=https%3A%2F%2Fagendaculturalriodejaneiro.com%2Fen%2Fevents%2Falok-no-rock-in-rio-2026%2F\" onclick=\"javascript:window.open(this.href, &apos;&apos;, &apos;menubar=no,toolbar=no,resizable=yes,scrollbars=yes,height=600,width=500&apos;); return false;\" target=\"_blank\" title=\"Linkedin\"><i class=\"mec-fa-linkedin\"><\/i><span class=\"mec-social-title\">Linkedin<\/span><\/a><\/li><li class=\"mec-event-social-icon\"><a class=\"email\" href=\"mailto:?subject=Alok%20no%20Rock%20in%20Rio%202026&amp;body=https%3A%2F%2Fagendaculturalriodejaneiro.com%2Fen%2Fevents%2Falok-no-rock-in-rio-2026%2F\" title=\"Email\"><i class=\"mec-fa-envelope\"><\/i><span class=\"mec-social-title\">Email<\/span><\/a><\/li>                        <\/ul>\r\n                    <\/li>\r\n                <\/ul>\r\n                                                <a class=\"mec-booking-button\" data-event-id=\"50753\" href=\"https:\/\/agendaculturalriodejaneiro.com\/en\/events\/alok-no-rock-in-rio-2026\/\" target=\"_self\" rel=\"noopener\">Ver Detalhes<\/a>            <\/div>\r\n        <\/article><\/div>        <div class=\"col-md-4 col-sm-4\"><article class=\" mec-event-article mec-clear  \">                                <div class=\"mec-event-image\"><a data-event-id=\"50755\" href=\"https:\/\/agendaculturalriodejaneiro.com\/en\/events\/newfmx-no-rock-in-rio-2026\/\" target=\"_self\" rel=\"noopener\"><img loading=\"lazy\" decoding=\"async\" width=\"300\" height=\"300\" src=\"https:\/\/agendaculturalriodejaneiro.com\/wp-content\/uploads\/2026\/06\/24025038.jpeg\" class=\"attachment-medium size-medium wp-post-image\" alt=\"\" data-mec-postid=\"50755\" \/><\/a><\/div>\r\n                        <div class=\"mec-event-content\">\r\n                                    <div class=\"mec-event-date mec-bg-color\">\r\n                        <span class=\"mec-start-date-label\">11 September 2026<\/span>                                                                    <\/div>\r\n                                                                <h4 class=\"mec-event-title\"><a class=\"mec-color-hover\" data-event-id=\"50755\" href=\"https:\/\/agendaculturalriodejaneiro.com\/en\/events\/newfmx-no-rock-in-rio-2026\/\" target=\"_self\" rel=\"noopener\">Newfmx no Rock in Rio 2026<\/a><\/h4>\r\n                                <p class=\"mec-grid-event-location\">Rock in Rio, Av. Salvador Allende, Rio de Janeiro<\/p>\r\n                                                                            <\/div>\r\n            <div class=\"mec-event-footer\">\r\n                                <ul class=\"mec-event-sharing-wrap\">\r\n                    <li class=\"mec-event-share\">\r\n                        <a href=\"#\" class=\"mec-event-share-icon\">\r\n                            <i class=\"mec-sl-share\" title=\"Share\"><\/i>\r\n                        <\/a>\r\n                    <\/li>\r\n                    <li>\r\n                        <ul class=\"mec-event-sharing\">\r\n                            <li class=\"mec-event-social-icon\"><a class=\"facebook\" href=\"https:\/\/www.facebook.com\/sharer\/sharer.php?u=https%3A%2F%2Fagendaculturalriodejaneiro.com%2Fen%2Fevents%2Fnewfmx-no-rock-in-rio-2026%2F\" onclick=\"javascript:window.open(this.href, &apos;&apos;, &apos;menubar=no,toolbar=no,resizable=yes,scrollbars=yes,height=500,width=600&apos;); return false;\" target=\"_blank\" title=\"Share on Facebook\"><i class=\"mec-fa-facebook\"><\/i><span class=\"mec-social-title\">Facebook<\/span><\/a><\/li><li class=\"mec-event-social-icon\"><a class=\"twitter\" href=\"https:\/\/x.com\/intent\/tweet?url=https%3A%2F%2Fagendaculturalriodejaneiro.com%2Fen%2Fevents%2Fnewfmx-no-rock-in-rio-2026%2F\" onclick=\"javascript:window.open(this.href, &apos;&apos;, &apos;menubar=no,toolbar=no,resizable=yes,scrollbars=yes,height=600,width=500&apos;); return false;\" target=\"_blank\" title=\"X Social Network\"><svg xmlns=\"http:\/\/www.w3.org\/2000\/svg\" viewbox=\"0 0 512 462.799\"><path d=\"M403.229 0h78.506L310.219 196.04 512 462.799H354.002L230.261 301.007 88.669 462.799h-78.56l183.455-209.683L0 0h161.999l111.856 147.88L403.229 0zm-27.556 415.805h43.505L138.363 44.527h-46.68l283.99 371.278z\" \/><\/svg><span class=\"mec-social-title\">Twitter<\/span><\/a><\/li><li class=\"mec-event-social-icon\"><a class=\"linkedin\" href=\"https:\/\/www.linkedin.com\/shareArticle?mini=true&amp;url=https%3A%2F%2Fagendaculturalriodejaneiro.com%2Fen%2Fevents%2Fnewfmx-no-rock-in-rio-2026%2F\" onclick=\"javascript:window.open(this.href, &apos;&apos;, &apos;menubar=no,toolbar=no,resizable=yes,scrollbars=yes,height=600,width=500&apos;); return false;\" target=\"_blank\" title=\"Linkedin\"><i class=\"mec-fa-linkedin\"><\/i><span class=\"mec-social-title\">Linkedin<\/span><\/a><\/li><li class=\"mec-event-social-icon\"><a class=\"email\" href=\"mailto:?subject=Newfmx%20no%20Rock%20in%20Rio%202026&amp;body=https%3A%2F%2Fagendaculturalriodejaneiro.com%2Fen%2Fevents%2Fnewfmx-no-rock-in-rio-2026%2F\" title=\"Email\"><i class=\"mec-fa-envelope\"><\/i><span class=\"mec-social-title\">Email<\/span><\/a><\/li>                        <\/ul>\r\n                    <\/li>\r\n                <\/ul>\r\n                                                <a class=\"mec-booking-button\" data-event-id=\"50755\" href=\"https:\/\/agendaculturalriodejaneiro.com\/en\/events\/newfmx-no-rock-in-rio-2026\/\" target=\"_self\" rel=\"noopener\">Ver Detalhes<\/a>            <\/div>\r\n        <\/article><\/div><\/div>        <div class=\"row\"><div class=\"col-md-4 col-sm-4\"><article class=\" mec-event-article mec-clear  \">                                <div class=\"mec-event-image\"><a data-event-id=\"52777\" href=\"https:\/\/agendaculturalriodejaneiro.com\/en\/events\/the-jury-experience-o-golpe-de-20-milhoes\/\" target=\"_self\" rel=\"noopener\"><img loading=\"lazy\" decoding=\"async\" width=\"300\" height=\"300\" src=\"https:\/\/agendaculturalriodejaneiro.com\/wp-content\/uploads\/2026\/08\/8a1c2652-127c-11f1-92b2-b2434481c692-300x300.jpg\" class=\"attachment-medium size-medium wp-post-image\" alt=\"\" data-mec-postid=\"52777\" \/><\/a><\/div>\r\n                        <div class=\"mec-event-content\">\r\n                                    <div class=\"mec-event-date mec-bg-color\">\r\n                        <span class=\"mec-start-date-label\">11 September 2026<\/span><span class=\"mec-end-date-label\" itemprop=\"endDate\"> - 13 November 2026<\/span>                                                                    <\/div>\r\n                                                                <h4 class=\"mec-event-title\"><a class=\"mec-color-hover\" data-event-id=\"52777\" href=\"https:\/\/agendaculturalriodejaneiro.com\/en\/events\/the-jury-experience-o-golpe-de-20-milhoes\/\" target=\"_self\" rel=\"noopener\">The Jury Experience &#8211; O Golpe de 20 Milh\u00f5es<\/a><\/h4>\r\n                                <p class=\"mec-grid-event-location\">Teatro dos 4, Rua Marqu\u00eas de S\u00e3o Vicente , 52 - Loja 265, Rio de Janeiro - Rio de Janeiro<\/p>\r\n                                                                            <\/div>\r\n            <div class=\"mec-event-footer\">\r\n                                <ul class=\"mec-event-sharing-wrap\">\r\n                    <li class=\"mec-event-share\">\r\n                        <a href=\"#\" class=\"mec-event-share-icon\">\r\n                            <i class=\"mec-sl-share\" title=\"Share\"><\/i>\r\n                        <\/a>\r\n                    <\/li>\r\n                    <li>\r\n                        <ul class=\"mec-event-sharing\">\r\n                            <li class=\"mec-event-social-icon\"><a class=\"facebook\" href=\"https:\/\/www.facebook.com\/sharer\/sharer.php?u=https%3A%2F%2Fagendaculturalriodejaneiro.com%2Fen%2Fevents%2Fthe-jury-experience-o-golpe-de-20-milhoes%2F\" onclick=\"javascript:window.open(this.href, &apos;&apos;, &apos;menubar=no,toolbar=no,resizable=yes,scrollbars=yes,height=500,width=600&apos;); return false;\" target=\"_blank\" title=\"Share on Facebook\"><i class=\"mec-fa-facebook\"><\/i><span class=\"mec-social-title\">Facebook<\/span><\/a><\/li><li class=\"mec-event-social-icon\"><a class=\"twitter\" href=\"https:\/\/x.com\/intent\/tweet?url=https%3A%2F%2Fagendaculturalriodejaneiro.com%2Fen%2Fevents%2Fthe-jury-experience-o-golpe-de-20-milhoes%2F\" onclick=\"javascript:window.open(this.href, &apos;&apos;, &apos;menubar=no,toolbar=no,resizable=yes,scrollbars=yes,height=600,width=500&apos;); return false;\" target=\"_blank\" title=\"X Social Network\"><svg xmlns=\"http:\/\/www.w3.org\/2000\/svg\" viewbox=\"0 0 512 462.799\"><path d=\"M403.229 0h78.506L310.219 196.04 512 462.799H354.002L230.261 301.007 88.669 462.799h-78.56l183.455-209.683L0 0h161.999l111.856 147.88L403.229 0zm-27.556 415.805h43.505L138.363 44.527h-46.68l283.99 371.278z\" \/><\/svg><span class=\"mec-social-title\">Twitter<\/span><\/a><\/li><li class=\"mec-event-social-icon\"><a class=\"linkedin\" href=\"https:\/\/www.linkedin.com\/shareArticle?mini=true&amp;url=https%3A%2F%2Fagendaculturalriodejaneiro.com%2Fen%2Fevents%2Fthe-jury-experience-o-golpe-de-20-milhoes%2F\" onclick=\"javascript:window.open(this.href, &apos;&apos;, &apos;menubar=no,toolbar=no,resizable=yes,scrollbars=yes,height=600,width=500&apos;); return false;\" target=\"_blank\" title=\"Linkedin\"><i class=\"mec-fa-linkedin\"><\/i><span class=\"mec-social-title\">Linkedin<\/span><\/a><\/li><li class=\"mec-event-social-icon\"><a class=\"email\" href=\"mailto:?subject=The%20Jury%20Experience%20-%20O%20Golpe%20de%2020%20Milh%C3%B5es&amp;body=https%3A%2F%2Fagendaculturalriodejaneiro.com%2Fen%2Fevents%2Fthe-jury-experience-o-golpe-de-20-milhoes%2F\" title=\"Email\"><i class=\"mec-fa-envelope\"><\/i><span class=\"mec-social-title\">Email<\/span><\/a><\/li>                        <\/ul>\r\n                    <\/li>\r\n                <\/ul>\r\n                                                <a class=\"mec-booking-button\" data-event-id=\"52777\" href=\"https:\/\/agendaculturalriodejaneiro.com\/en\/events\/the-jury-experience-o-golpe-de-20-milhoes\/\" target=\"_self\" rel=\"noopener\">Ver Detalhes<\/a>            <\/div>\r\n        <\/article><\/div>        <div class=\"col-md-4 col-sm-4\"><article class=\" mec-event-article mec-clear  \">                                <div class=\"mec-event-image\"><a data-event-id=\"52781\" href=\"https:\/\/agendaculturalriodejaneiro.com\/en\/events\/the-jazz-room-uma-viagem-pelo-coracao-de-nova-orleans\/\" target=\"_self\" rel=\"noopener\"><img loading=\"lazy\" decoding=\"async\" width=\"300\" height=\"300\" src=\"https:\/\/agendaculturalriodejaneiro.com\/wp-content\/uploads\/2026\/08\/bef7eaf6-4b10-11f1-9b40-92ff59a3bd30-300x300.jpg\" class=\"attachment-medium size-medium wp-post-image\" alt=\"\" data-mec-postid=\"52781\" \/><\/a><\/div>\r\n                        <div class=\"mec-event-content\">\r\n                                    <div class=\"mec-event-date mec-bg-color\">\r\n                        <span class=\"mec-start-date-label\">11 September 2026<\/span>                                                                    <\/div>\r\n                                                                <h4 class=\"mec-event-title\"><a class=\"mec-color-hover\" data-event-id=\"52781\" href=\"https:\/\/agendaculturalriodejaneiro.com\/en\/events\/the-jazz-room-uma-viagem-pelo-coracao-de-nova-orleans\/\" target=\"_self\" rel=\"noopener\">The Jazz Room: Uma viagem pelo cora\u00e7\u00e3o de Nova Orleans<\/a><\/h4>\r\n                                <p class=\"mec-grid-event-location\">Teatro Rival Petrobras, Rua \u00c1lvaro Alvim ,33 - Subsolo, Rio de Janeiro - Rio de Janeiro<\/p>\r\n                                                                            <\/div>\r\n            <div class=\"mec-event-footer\">\r\n                                <ul class=\"mec-event-sharing-wrap\">\r\n                    <li class=\"mec-event-share\">\r\n                        <a href=\"#\" class=\"mec-event-share-icon\">\r\n                            <i class=\"mec-sl-share\" title=\"Share\"><\/i>\r\n                        <\/a>\r\n                    <\/li>\r\n                    <li>\r\n                        <ul class=\"mec-event-sharing\">\r\n                            <li class=\"mec-event-social-icon\"><a class=\"facebook\" href=\"https:\/\/www.facebook.com\/sharer\/sharer.php?u=https%3A%2F%2Fagendaculturalriodejaneiro.com%2Fen%2Fevents%2Fthe-jazz-room-uma-viagem-pelo-coracao-de-nova-orleans%2F\" onclick=\"javascript:window.open(this.href, &apos;&apos;, &apos;menubar=no,toolbar=no,resizable=yes,scrollbars=yes,height=500,width=600&apos;); return false;\" target=\"_blank\" title=\"Share on Facebook\"><i class=\"mec-fa-facebook\"><\/i><span class=\"mec-social-title\">Facebook<\/span><\/a><\/li><li class=\"mec-event-social-icon\"><a class=\"twitter\" href=\"https:\/\/x.com\/intent\/tweet?url=https%3A%2F%2Fagendaculturalriodejaneiro.com%2Fen%2Fevents%2Fthe-jazz-room-uma-viagem-pelo-coracao-de-nova-orleans%2F\" onclick=\"javascript:window.open(this.href, &apos;&apos;, &apos;menubar=no,toolbar=no,resizable=yes,scrollbars=yes,height=600,width=500&apos;); return false;\" target=\"_blank\" title=\"X Social Network\"><svg xmlns=\"http:\/\/www.w3.org\/2000\/svg\" viewbox=\"0 0 512 462.799\"><path d=\"M403.229 0h78.506L310.219 196.04 512 462.799H354.002L230.261 301.007 88.669 462.799h-78.56l183.455-209.683L0 0h161.999l111.856 147.88L403.229 0zm-27.556 415.805h43.505L138.363 44.527h-46.68l283.99 371.278z\" \/><\/svg><span class=\"mec-social-title\">Twitter<\/span><\/a><\/li><li class=\"mec-event-social-icon\"><a class=\"linkedin\" href=\"https:\/\/www.linkedin.com\/shareArticle?mini=true&amp;url=https%3A%2F%2Fagendaculturalriodejaneiro.com%2Fen%2Fevents%2Fthe-jazz-room-uma-viagem-pelo-coracao-de-nova-orleans%2F\" onclick=\"javascript:window.open(this.href, &apos;&apos;, &apos;menubar=no,toolbar=no,resizable=yes,scrollbars=yes,height=600,width=500&apos;); return false;\" target=\"_blank\" title=\"Linkedin\"><i class=\"mec-fa-linkedin\"><\/i><span class=\"mec-social-title\">Linkedin<\/span><\/a><\/li><li class=\"mec-event-social-icon\"><a class=\"email\" href=\"mailto:?subject=The%20Jazz%20Room%3A%20Uma%20viagem%20pelo%20cora%C3%A7%C3%A3o%20de%20Nova%20Orleans&amp;body=https%3A%2F%2Fagendaculturalriodejaneiro.com%2Fen%2Fevents%2Fthe-jazz-room-uma-viagem-pelo-coracao-de-nova-orleans%2F\" title=\"Email\"><i class=\"mec-fa-envelope\"><\/i><span class=\"mec-social-title\">Email<\/span><\/a><\/li>                        <\/ul>\r\n                    <\/li>\r\n                <\/ul>\r\n                                                <a class=\"mec-booking-button\" data-event-id=\"52781\" href=\"https:\/\/agendaculturalriodejaneiro.com\/en\/events\/the-jazz-room-uma-viagem-pelo-coracao-de-nova-orleans\/\" target=\"_self\" rel=\"noopener\">Ver Detalhes<\/a>            <\/div>\r\n        <\/article><\/div>        <div class=\"col-md-4 col-sm-4\"><article class=\" mec-event-article mec-clear  \">                                <div class=\"mec-event-image\"><a data-event-id=\"51641\" href=\"https:\/\/agendaculturalriodejaneiro.com\/en\/events\/candlelight-tributo-a-michael-jackson\/\" target=\"_self\" rel=\"noopener\"><img loading=\"lazy\" decoding=\"async\" width=\"300\" height=\"217\" src=\"https:\/\/agendaculturalriodejaneiro.com\/wp-content\/uploads\/2026\/06\/73893830-1917-11f0-af90-de92939c34e1-300x217.jpg\" class=\"attachment-medium size-medium wp-post-image\" alt=\"\" data-mec-postid=\"51641\" \/><\/a><\/div>\r\n                        <div class=\"mec-event-content\">\r\n                                    <div class=\"mec-event-date mec-bg-color\">\r\n                        <span class=\"mec-start-date-label\">11 September 2026<\/span>                                                                    <\/div>\r\n                                                                <h4 class=\"mec-event-title\"><a class=\"mec-color-hover\" data-event-id=\"51641\" href=\"https:\/\/agendaculturalriodejaneiro.com\/en\/events\/candlelight-tributo-a-michael-jackson\/\" target=\"_self\" rel=\"noopener\">Candlelight: Tributo a Michael Jackson celebra sucessos do Rei do Pop no Rio<\/a><\/h4>\r\n                                <p class=\"mec-grid-event-location\">Solar de Botafogo, Rio de Janeiro<\/p>\r\n                                                                            <\/div>\r\n            <div class=\"mec-event-footer\">\r\n                                <ul class=\"mec-event-sharing-wrap\">\r\n                    <li class=\"mec-event-share\">\r\n                        <a href=\"#\" class=\"mec-event-share-icon\">\r\n                            <i class=\"mec-sl-share\" title=\"Share\"><\/i>\r\n                        <\/a>\r\n                    <\/li>\r\n                    <li>\r\n                        <ul class=\"mec-event-sharing\">\r\n                            <li class=\"mec-event-social-icon\"><a class=\"facebook\" href=\"https:\/\/www.facebook.com\/sharer\/sharer.php?u=https%3A%2F%2Fagendaculturalriodejaneiro.com%2Fen%2Fevents%2Fcandlelight-tributo-a-michael-jackson%2F\" onclick=\"javascript:window.open(this.href, &apos;&apos;, &apos;menubar=no,toolbar=no,resizable=yes,scrollbars=yes,height=500,width=600&apos;); return false;\" target=\"_blank\" title=\"Share on Facebook\"><i class=\"mec-fa-facebook\"><\/i><span class=\"mec-social-title\">Facebook<\/span><\/a><\/li><li class=\"mec-event-social-icon\"><a class=\"twitter\" href=\"https:\/\/x.com\/intent\/tweet?url=https%3A%2F%2Fagendaculturalriodejaneiro.com%2Fen%2Fevents%2Fcandlelight-tributo-a-michael-jackson%2F\" onclick=\"javascript:window.open(this.href, &apos;&apos;, &apos;menubar=no,toolbar=no,resizable=yes,scrollbars=yes,height=600,width=500&apos;); return false;\" target=\"_blank\" title=\"X Social Network\"><svg xmlns=\"http:\/\/www.w3.org\/2000\/svg\" viewbox=\"0 0 512 462.799\"><path d=\"M403.229 0h78.506L310.219 196.04 512 462.799H354.002L230.261 301.007 88.669 462.799h-78.56l183.455-209.683L0 0h161.999l111.856 147.88L403.229 0zm-27.556 415.805h43.505L138.363 44.527h-46.68l283.99 371.278z\" \/><\/svg><span class=\"mec-social-title\">Twitter<\/span><\/a><\/li><li class=\"mec-event-social-icon\"><a class=\"linkedin\" href=\"https:\/\/www.linkedin.com\/shareArticle?mini=true&amp;url=https%3A%2F%2Fagendaculturalriodejaneiro.com%2Fen%2Fevents%2Fcandlelight-tributo-a-michael-jackson%2F\" onclick=\"javascript:window.open(this.href, &apos;&apos;, &apos;menubar=no,toolbar=no,resizable=yes,scrollbars=yes,height=600,width=500&apos;); return false;\" target=\"_blank\" title=\"Linkedin\"><i class=\"mec-fa-linkedin\"><\/i><span class=\"mec-social-title\">Linkedin<\/span><\/a><\/li><li class=\"mec-event-social-icon\"><a class=\"email\" href=\"mailto:?subject=Candlelight%3A%20Tributo%20a%20Michael%20Jackson%20celebra%20sucessos%20do%20Rei%20do%20Pop%20no%20Rio&amp;body=https%3A%2F%2Fagendaculturalriodejaneiro.com%2Fen%2Fevents%2Fcandlelight-tributo-a-michael-jackson%2F\" title=\"Email\"><i class=\"mec-fa-envelope\"><\/i><span class=\"mec-social-title\">Email<\/span><\/a><\/li>                        <\/ul>\r\n                    <\/li>\r\n                <\/ul>\r\n                                                <a class=\"mec-booking-button\" data-event-id=\"51641\" href=\"https:\/\/agendaculturalriodejaneiro.com\/en\/events\/candlelight-tributo-a-michael-jackson\/\" target=\"_self\" rel=\"noopener\">Ver Detalhes<\/a>            <\/div>\r\n        <\/article><\/div><\/div>        <div class=\"row\"><div class=\"col-md-4 col-sm-4\"><article class=\"mec-past-event mec-event-article mec-clear  \">                                <div class=\"mec-event-image\"><a data-event-id=\"51672\" href=\"https:\/\/agendaculturalriodejaneiro.com\/en\/events\/candlelight-coldplay-vs-ed-sheeran-2\/\" target=\"_self\" rel=\"noopener\"><img loading=\"lazy\" decoding=\"async\" width=\"300\" height=\"217\" src=\"https:\/\/agendaculturalriodejaneiro.com\/wp-content\/uploads\/2026\/06\/dc7d1b48-148c-11f0-b520-be12cc90078e-300x217.jpg\" class=\"attachment-medium size-medium wp-post-image\" alt=\"\" data-mec-postid=\"51672\" \/><\/a><\/div>\r\n                        <div class=\"mec-event-content\">\r\n                                    <div class=\"mec-event-date mec-bg-color\">\r\n                        <span class=\"mec-start-date-label\">11 September 2026<\/span>                                                                    <\/div>\r\n                                                                <h4 class=\"mec-event-title\"><a class=\"mec-color-hover\" data-event-id=\"51672\" href=\"https:\/\/agendaculturalriodejaneiro.com\/en\/events\/candlelight-coldplay-vs-ed-sheeran-2\/\" target=\"_self\" rel=\"noopener\">Candlelight: Coldplay vs Ed Sheeran<\/a><\/h4>\r\n                                <p class=\"mec-grid-event-location\">Solar de Botafogo, Rio de Janeiro<\/p>\r\n                                                                            <\/div>\r\n            <div class=\"mec-event-footer\">\r\n                                <ul class=\"mec-event-sharing-wrap\">\r\n                    <li class=\"mec-event-share\">\r\n                        <a href=\"#\" class=\"mec-event-share-icon\">\r\n                            <i class=\"mec-sl-share\" title=\"Share\"><\/i>\r\n                        <\/a>\r\n                    <\/li>\r\n                    <li>\r\n                        <ul class=\"mec-event-sharing\">\r\n                            <li class=\"mec-event-social-icon\"><a class=\"facebook\" href=\"https:\/\/www.facebook.com\/sharer\/sharer.php?u=https%3A%2F%2Fagendaculturalriodejaneiro.com%2Fen%2Fevents%2Fcandlelight-coldplay-vs-ed-sheeran-2%2F\" onclick=\"javascript:window.open(this.href, &apos;&apos;, &apos;menubar=no,toolbar=no,resizable=yes,scrollbars=yes,height=500,width=600&apos;); return false;\" target=\"_blank\" title=\"Share on Facebook\"><i class=\"mec-fa-facebook\"><\/i><span class=\"mec-social-title\">Facebook<\/span><\/a><\/li><li class=\"mec-event-social-icon\"><a class=\"twitter\" href=\"https:\/\/x.com\/intent\/tweet?url=https%3A%2F%2Fagendaculturalriodejaneiro.com%2Fen%2Fevents%2Fcandlelight-coldplay-vs-ed-sheeran-2%2F\" onclick=\"javascript:window.open(this.href, &apos;&apos;, &apos;menubar=no,toolbar=no,resizable=yes,scrollbars=yes,height=600,width=500&apos;); return false;\" target=\"_blank\" title=\"X Social Network\"><svg xmlns=\"http:\/\/www.w3.org\/2000\/svg\" viewbox=\"0 0 512 462.799\"><path d=\"M403.229 0h78.506L310.219 196.04 512 462.799H354.002L230.261 301.007 88.669 462.799h-78.56l183.455-209.683L0 0h161.999l111.856 147.88L403.229 0zm-27.556 415.805h43.505L138.363 44.527h-46.68l283.99 371.278z\" \/><\/svg><span class=\"mec-social-title\">Twitter<\/span><\/a><\/li><li class=\"mec-event-social-icon\"><a class=\"linkedin\" href=\"https:\/\/www.linkedin.com\/shareArticle?mini=true&amp;url=https%3A%2F%2Fagendaculturalriodejaneiro.com%2Fen%2Fevents%2Fcandlelight-coldplay-vs-ed-sheeran-2%2F\" onclick=\"javascript:window.open(this.href, &apos;&apos;, &apos;menubar=no,toolbar=no,resizable=yes,scrollbars=yes,height=600,width=500&apos;); return false;\" target=\"_blank\" title=\"Linkedin\"><i class=\"mec-fa-linkedin\"><\/i><span class=\"mec-social-title\">Linkedin<\/span><\/a><\/li><li class=\"mec-event-social-icon\"><a class=\"email\" href=\"mailto:?subject=Candlelight%3A%20Coldplay%20vs%20Ed%20Sheeran&amp;body=https%3A%2F%2Fagendaculturalriodejaneiro.com%2Fen%2Fevents%2Fcandlelight-coldplay-vs-ed-sheeran-2%2F\" title=\"Email\"><i class=\"mec-fa-envelope\"><\/i><span class=\"mec-social-title\">Email<\/span><\/a><\/li>                        <\/ul>\r\n                    <\/li>\r\n                <\/ul>\r\n                                                <a class=\"mec-booking-button\" data-event-id=\"51672\" href=\"https:\/\/agendaculturalriodejaneiro.com\/en\/events\/candlelight-coldplay-vs-ed-sheeran-2\/\" target=\"_self\" rel=\"noopener\">Ver Detalhes<\/a>            <\/div>\r\n        <\/article><\/div>        <div class=\"col-md-4 col-sm-4\"><article class=\" mec-event-article mec-clear  \">                                <div class=\"mec-event-image\"><a data-event-id=\"52861\" href=\"https:\/\/agendaculturalriodejaneiro.com\/en\/events\/monobloco-no-circo-voador-leva-mistura-de-samba-e-ritmos-brasileiros-a-lapa\/\" target=\"_self\" rel=\"noopener\"><img loading=\"lazy\" decoding=\"async\" width=\"300\" height=\"300\" src=\"https:\/\/agendaculturalriodejaneiro.com\/wp-content\/uploads\/2026\/08\/11933274.jpeg\" class=\"attachment-medium size-medium wp-post-image\" alt=\"\" data-mec-postid=\"52861\" \/><\/a><\/div>\r\n                        <div class=\"mec-event-content\">\r\n                                    <div class=\"mec-event-date mec-bg-color\">\r\n                        <span class=\"mec-start-date-label\">11 September 2026<\/span>                                                                    <\/div>\r\n                                                                <h4 class=\"mec-event-title\"><a class=\"mec-color-hover\" data-event-id=\"52861\" href=\"https:\/\/agendaculturalriodejaneiro.com\/en\/events\/monobloco-no-circo-voador-leva-mistura-de-samba-e-ritmos-brasileiros-a-lapa\/\" target=\"_self\" rel=\"noopener\">Monobloco no Circo Voador leva mistura de samba e ritmos brasileiros \u00e0 Lapa<\/a><\/h4>\r\n                                <p class=\"mec-grid-event-location\">Circo Voador, R. dos Arcos, s\/n - Jardim Iracema, Rio de Janeiro - RJ, 20230-060, Brasil<\/p>\r\n                                                                            <\/div>\r\n            <div class=\"mec-event-footer\">\r\n                                <ul class=\"mec-event-sharing-wrap\">\r\n                    <li class=\"mec-event-share\">\r\n                        <a href=\"#\" class=\"mec-event-share-icon\">\r\n                            <i class=\"mec-sl-share\" title=\"Share\"><\/i>\r\n                        <\/a>\r\n                    <\/li>\r\n                    <li>\r\n                        <ul class=\"mec-event-sharing\">\r\n                            <li class=\"mec-event-social-icon\"><a class=\"facebook\" href=\"https:\/\/www.facebook.com\/sharer\/sharer.php?u=https%3A%2F%2Fagendaculturalriodejaneiro.com%2Fen%2Fevents%2Fmonobloco-no-circo-voador-leva-mistura-de-samba-e-ritmos-brasileiros-a-lapa%2F\" onclick=\"javascript:window.open(this.href, &apos;&apos;, &apos;menubar=no,toolbar=no,resizable=yes,scrollbars=yes,height=500,width=600&apos;); return false;\" target=\"_blank\" title=\"Share on Facebook\"><i class=\"mec-fa-facebook\"><\/i><span class=\"mec-social-title\">Facebook<\/span><\/a><\/li><li class=\"mec-event-social-icon\"><a class=\"twitter\" href=\"https:\/\/x.com\/intent\/tweet?url=https%3A%2F%2Fagendaculturalriodejaneiro.com%2Fen%2Fevents%2Fmonobloco-no-circo-voador-leva-mistura-de-samba-e-ritmos-brasileiros-a-lapa%2F\" onclick=\"javascript:window.open(this.href, &apos;&apos;, &apos;menubar=no,toolbar=no,resizable=yes,scrollbars=yes,height=600,width=500&apos;); return false;\" target=\"_blank\" title=\"X Social Network\"><svg xmlns=\"http:\/\/www.w3.org\/2000\/svg\" viewbox=\"0 0 512 462.799\"><path d=\"M403.229 0h78.506L310.219 196.04 512 462.799H354.002L230.261 301.007 88.669 462.799h-78.56l183.455-209.683L0 0h161.999l111.856 147.88L403.229 0zm-27.556 415.805h43.505L138.363 44.527h-46.68l283.99 371.278z\" \/><\/svg><span class=\"mec-social-title\">Twitter<\/span><\/a><\/li><li class=\"mec-event-social-icon\"><a class=\"linkedin\" href=\"https:\/\/www.linkedin.com\/shareArticle?mini=true&amp;url=https%3A%2F%2Fagendaculturalriodejaneiro.com%2Fen%2Fevents%2Fmonobloco-no-circo-voador-leva-mistura-de-samba-e-ritmos-brasileiros-a-lapa%2F\" onclick=\"javascript:window.open(this.href, &apos;&apos;, &apos;menubar=no,toolbar=no,resizable=yes,scrollbars=yes,height=600,width=500&apos;); return false;\" target=\"_blank\" title=\"Linkedin\"><i class=\"mec-fa-linkedin\"><\/i><span class=\"mec-social-title\">Linkedin<\/span><\/a><\/li><li class=\"mec-event-social-icon\"><a class=\"email\" href=\"mailto:?subject=Monobloco%20no%20Circo%20Voador%20leva%20mistura%20de%20samba%20e%20ritmos%20brasileiros%20%C3%A0%20Lapa&amp;body=https%3A%2F%2Fagendaculturalriodejaneiro.com%2Fen%2Fevents%2Fmonobloco-no-circo-voador-leva-mistura-de-samba-e-ritmos-brasileiros-a-lapa%2F\" title=\"Email\"><i class=\"mec-fa-envelope\"><\/i><span class=\"mec-social-title\">Email<\/span><\/a><\/li>                        <\/ul>\r\n                    <\/li>\r\n                <\/ul>\r\n                                                <a class=\"mec-booking-button\" data-event-id=\"52861\" href=\"https:\/\/agendaculturalriodejaneiro.com\/en\/events\/monobloco-no-circo-voador-leva-mistura-de-samba-e-ritmos-brasileiros-a-lapa\/\" target=\"_self\" rel=\"noopener\">Ver Detalhes<\/a>            <\/div>\r\n        <\/article><\/div>        <div class=\"col-md-4 col-sm-4\"><article class=\" mec-event-article mec-clear  \">                                <div class=\"mec-event-image\"><a data-event-id=\"52522\" href=\"https:\/\/agendaculturalriodejaneiro.com\/en\/events\/teddy-in-rio\/\" target=\"_self\" rel=\"noopener\"><img loading=\"lazy\" decoding=\"async\" width=\"300\" height=\"169\" src=\"https:\/\/agendaculturalriodejaneiro.com\/wp-content\/uploads\/2026\/07\/TEDDY-IN-RIO-26-SHOT_1_rs4mk3-300x169.png\" class=\"attachment-medium size-medium wp-post-image\" alt=\"\" data-mec-postid=\"52522\" \/><\/a><\/div>\r\n                        <div class=\"mec-event-content\">\r\n                                    <div class=\"mec-event-date mec-bg-color\">\r\n                        <span class=\"mec-start-date-label\">11 - 12 September 2026<\/span>                                                                    <\/div>\r\n                                                                <h4 class=\"mec-event-title\"><a class=\"mec-color-hover\" data-event-id=\"52522\" href=\"https:\/\/agendaculturalriodejaneiro.com\/en\/events\/teddy-in-rio\/\" target=\"_self\" rel=\"noopener\">Teddy In Rio<\/a><\/h4>\r\n                                <p class=\"mec-grid-event-location\">Cais da Imperatriz, Rua Sacadura Cabral, 145 - Sa\u00fade, Rio de Janeiro - RJ, 20081-261, Brasil<\/p>\r\n                                                                            <\/div>\r\n            <div class=\"mec-event-footer\">\r\n                                <ul class=\"mec-event-sharing-wrap\">\r\n                    <li class=\"mec-event-share\">\r\n                        <a href=\"#\" class=\"mec-event-share-icon\">\r\n                            <i class=\"mec-sl-share\" title=\"Share\"><\/i>\r\n                        <\/a>\r\n                    <\/li>\r\n                    <li>\r\n                        <ul class=\"mec-event-sharing\">\r\n                            <li class=\"mec-event-social-icon\"><a class=\"facebook\" href=\"https:\/\/www.facebook.com\/sharer\/sharer.php?u=https%3A%2F%2Fagendaculturalriodejaneiro.com%2Fen%2Fevents%2Fteddy-in-rio%2F\" onclick=\"javascript:window.open(this.href, &apos;&apos;, &apos;menubar=no,toolbar=no,resizable=yes,scrollbars=yes,height=500,width=600&apos;); return false;\" target=\"_blank\" title=\"Share on Facebook\"><i class=\"mec-fa-facebook\"><\/i><span class=\"mec-social-title\">Facebook<\/span><\/a><\/li><li class=\"mec-event-social-icon\"><a class=\"twitter\" href=\"https:\/\/x.com\/intent\/tweet?url=https%3A%2F%2Fagendaculturalriodejaneiro.com%2Fen%2Fevents%2Fteddy-in-rio%2F\" onclick=\"javascript:window.open(this.href, &apos;&apos;, &apos;menubar=no,toolbar=no,resizable=yes,scrollbars=yes,height=600,width=500&apos;); return false;\" target=\"_blank\" title=\"X Social Network\"><svg xmlns=\"http:\/\/www.w3.org\/2000\/svg\" viewbox=\"0 0 512 462.799\"><path d=\"M403.229 0h78.506L310.219 196.04 512 462.799H354.002L230.261 301.007 88.669 462.799h-78.56l183.455-209.683L0 0h161.999l111.856 147.88L403.229 0zm-27.556 415.805h43.505L138.363 44.527h-46.68l283.99 371.278z\" \/><\/svg><span class=\"mec-social-title\">Twitter<\/span><\/a><\/li><li class=\"mec-event-social-icon\"><a class=\"linkedin\" href=\"https:\/\/www.linkedin.com\/shareArticle?mini=true&amp;url=https%3A%2F%2Fagendaculturalriodejaneiro.com%2Fen%2Fevents%2Fteddy-in-rio%2F\" onclick=\"javascript:window.open(this.href, &apos;&apos;, &apos;menubar=no,toolbar=no,resizable=yes,scrollbars=yes,height=600,width=500&apos;); return false;\" target=\"_blank\" title=\"Linkedin\"><i class=\"mec-fa-linkedin\"><\/i><span class=\"mec-social-title\">Linkedin<\/span><\/a><\/li><li class=\"mec-event-social-icon\"><a class=\"email\" href=\"mailto:?subject=Teddy%20In%20Rio&amp;body=https%3A%2F%2Fagendaculturalriodejaneiro.com%2Fen%2Fevents%2Fteddy-in-rio%2F\" title=\"Email\"><i class=\"mec-fa-envelope\"><\/i><span class=\"mec-social-title\">Email<\/span><\/a><\/li>                        <\/ul>\r\n                    <\/li>\r\n                <\/ul>\r\n                                                <a class=\"mec-booking-button\" data-event-id=\"52522\" href=\"https:\/\/agendaculturalriodejaneiro.com\/en\/events\/teddy-in-rio\/\" target=\"_self\" rel=\"noopener\">Ver Detalhes<\/a>            <\/div>\r\n        <\/article><\/div><\/div>                <div class=\"row\"><div class=\"col-md-4 col-sm-4\"><article class=\" mec-event-article mec-clear  \">                                <div class=\"mec-event-image\"><a data-event-id=\"53043\" href=\"https:\/\/agendaculturalriodejaneiro.com\/en\/events\/exposicao-individual-da-artista-isadora-jochims-na-abapira\/\" target=\"_self\" rel=\"noopener\"><img loading=\"lazy\" decoding=\"async\" width=\"200\" height=\"300\" src=\"https:\/\/agendaculturalriodejaneiro.com\/wp-content\/uploads\/2026\/08\/019_0721_Esculturas_JochimsIsa_4k_-200x300.jpeg\" class=\"attachment-medium size-medium wp-post-image\" alt=\"\" data-mec-postid=\"53043\" \/><\/a><\/div>\r\n                        <div class=\"mec-event-content\">\r\n                                    <div class=\"mec-event-date mec-bg-color\">\r\n                        <span class=\"mec-start-date-label\">12 September 2026<\/span><span class=\"mec-end-date-label\" itemprop=\"endDate\"> - 04 November 2026<\/span>                                                                    <\/div>\r\n                                                                <h4 class=\"mec-event-title\"><a class=\"mec-color-hover\" data-event-id=\"53043\" href=\"https:\/\/agendaculturalriodejaneiro.com\/en\/events\/exposicao-individual-da-artista-isadora-jochims-na-abapira\/\" target=\"_self\" rel=\"noopener\">Exposi\u00e7\u00e3o individual da artista Isadora Jochims na Abapir\u00e1<\/a><\/h4>\r\n                                <p class=\"mec-grid-event-location\">Abapir\u00e1, Rua do Mercado, 45 \u2013 Centro - Rio de Janeiro<\/p>\r\n                                                                            <\/div>\r\n            <div class=\"mec-event-footer\">\r\n                                <ul class=\"mec-event-sharing-wrap\">\r\n                    <li class=\"mec-event-share\">\r\n                        <a href=\"#\" class=\"mec-event-share-icon\">\r\n                            <i class=\"mec-sl-share\" title=\"Share\"><\/i>\r\n                        <\/a>\r\n                    <\/li>\r\n                    <li>\r\n                        <ul class=\"mec-event-sharing\">\r\n                            <li class=\"mec-event-social-icon\"><a class=\"facebook\" href=\"https:\/\/www.facebook.com\/sharer\/sharer.php?u=https%3A%2F%2Fagendaculturalriodejaneiro.com%2Fen%2Fevents%2Fexposicao-individual-da-artista-isadora-jochims-na-abapira%2F\" onclick=\"javascript:window.open(this.href, &apos;&apos;, &apos;menubar=no,toolbar=no,resizable=yes,scrollbars=yes,height=500,width=600&apos;); return false;\" target=\"_blank\" title=\"Share on Facebook\"><i class=\"mec-fa-facebook\"><\/i><span class=\"mec-social-title\">Facebook<\/span><\/a><\/li><li class=\"mec-event-social-icon\"><a class=\"twitter\" href=\"https:\/\/x.com\/intent\/tweet?url=https%3A%2F%2Fagendaculturalriodejaneiro.com%2Fen%2Fevents%2Fexposicao-individual-da-artista-isadora-jochims-na-abapira%2F\" onclick=\"javascript:window.open(this.href, &apos;&apos;, &apos;menubar=no,toolbar=no,resizable=yes,scrollbars=yes,height=600,width=500&apos;); return false;\" target=\"_blank\" title=\"X Social Network\"><svg xmlns=\"http:\/\/www.w3.org\/2000\/svg\" viewbox=\"0 0 512 462.799\"><path d=\"M403.229 0h78.506L310.219 196.04 512 462.799H354.002L230.261 301.007 88.669 462.799h-78.56l183.455-209.683L0 0h161.999l111.856 147.88L403.229 0zm-27.556 415.805h43.505L138.363 44.527h-46.68l283.99 371.278z\" \/><\/svg><span class=\"mec-social-title\">Twitter<\/span><\/a><\/li><li class=\"mec-event-social-icon\"><a class=\"linkedin\" href=\"https:\/\/www.linkedin.com\/shareArticle?mini=true&amp;url=https%3A%2F%2Fagendaculturalriodejaneiro.com%2Fen%2Fevents%2Fexposicao-individual-da-artista-isadora-jochims-na-abapira%2F\" onclick=\"javascript:window.open(this.href, &apos;&apos;, &apos;menubar=no,toolbar=no,resizable=yes,scrollbars=yes,height=600,width=500&apos;); return false;\" target=\"_blank\" title=\"Linkedin\"><i class=\"mec-fa-linkedin\"><\/i><span class=\"mec-social-title\">Linkedin<\/span><\/a><\/li><li class=\"mec-event-social-icon\"><a class=\"email\" href=\"mailto:?subject=Exposi%C3%A7%C3%A3o%20individual%20da%20artista%20Isadora%20Jochims%20na%20Abapir%C3%A1&amp;body=https%3A%2F%2Fagendaculturalriodejaneiro.com%2Fen%2Fevents%2Fexposicao-individual-da-artista-isadora-jochims-na-abapira%2F\" title=\"Email\"><i class=\"mec-fa-envelope\"><\/i><span class=\"mec-social-title\">Email<\/span><\/a><\/li>                        <\/ul>\r\n                    <\/li>\r\n                <\/ul>\r\n                                                <a class=\"mec-booking-button\" data-event-id=\"53043\" href=\"https:\/\/agendaculturalriodejaneiro.com\/en\/events\/exposicao-individual-da-artista-isadora-jochims-na-abapira\/\" target=\"_self\" rel=\"noopener\">Ver Detalhes<\/a>            <\/div>\r\n        <\/article><\/div>        <div class=\"col-md-4 col-sm-4\"><article class=\" mec-event-article mec-clear  \">                                <div class=\"mec-event-image\"><a data-event-id=\"49952\" href=\"https:\/\/agendaculturalriodejaneiro.com\/en\/events\/top-10-da-galinha-pintadinha-em-setembro-no-teatro-miguel-falabella\/\" target=\"_self\" rel=\"noopener\"><img loading=\"lazy\" decoding=\"async\" width=\"300\" height=\"169\" src=\"https:\/\/agendaculturalriodejaneiro.com\/wp-content\/uploads\/2026\/05\/TOP-10-DA-GALINHA-PINTADINHA-Em-Setembro-no-TEATRO-MIGUEL-FALABELLA-1-300x169.jpg\" class=\"attachment-medium size-medium wp-post-image\" alt=\"\u201cTOP 10 DA GALINHA PINTADINHA\u201d Em Setembro no TEATRO MIGUEL FALABELLA\" data-mec-postid=\"49952\" \/><\/a><\/div>\r\n                        <div class=\"mec-event-content\">\r\n                                    <div class=\"mec-event-date mec-bg-color\">\r\n                        <span class=\"mec-start-date-label\">12 September 2026<\/span>                                                                    <\/div>\r\n                                                                <h4 class=\"mec-event-title\"><a class=\"mec-color-hover\" data-event-id=\"49952\" href=\"https:\/\/agendaculturalriodejaneiro.com\/en\/events\/top-10-da-galinha-pintadinha-em-setembro-no-teatro-miguel-falabella\/\" target=\"_self\" rel=\"noopener\">\u201cTOP 10 DA GALINHA PINTADINHA\u201d Em Setembro no TEATRO MIGUEL FALABELLA<\/a><\/h4>\r\n                                <p class=\"mec-grid-event-location\">Teatro Miguel Falabella, Norte Shopping - Av. Dom H\u00e9lder C\u00e2mara, 5474, Rio de Janeiro - Rio de Janeiro<\/p>\r\n                                                                            <\/div>\r\n            <div class=\"mec-event-footer\">\r\n                                <ul class=\"mec-event-sharing-wrap\">\r\n                    <li class=\"mec-event-share\">\r\n                        <a href=\"#\" class=\"mec-event-share-icon\">\r\n                            <i class=\"mec-sl-share\" title=\"Share\"><\/i>\r\n                        <\/a>\r\n                    <\/li>\r\n                    <li>\r\n                        <ul class=\"mec-event-sharing\">\r\n                            <li class=\"mec-event-social-icon\"><a class=\"facebook\" href=\"https:\/\/www.facebook.com\/sharer\/sharer.php?u=https%3A%2F%2Fagendaculturalriodejaneiro.com%2Fen%2Fevents%2Ftop-10-da-galinha-pintadinha-em-setembro-no-teatro-miguel-falabella%2F\" onclick=\"javascript:window.open(this.href, &apos;&apos;, &apos;menubar=no,toolbar=no,resizable=yes,scrollbars=yes,height=500,width=600&apos;); return false;\" target=\"_blank\" title=\"Share on Facebook\"><i class=\"mec-fa-facebook\"><\/i><span class=\"mec-social-title\">Facebook<\/span><\/a><\/li><li class=\"mec-event-social-icon\"><a class=\"twitter\" href=\"https:\/\/x.com\/intent\/tweet?url=https%3A%2F%2Fagendaculturalriodejaneiro.com%2Fen%2Fevents%2Ftop-10-da-galinha-pintadinha-em-setembro-no-teatro-miguel-falabella%2F\" onclick=\"javascript:window.open(this.href, &apos;&apos;, &apos;menubar=no,toolbar=no,resizable=yes,scrollbars=yes,height=600,width=500&apos;); return false;\" target=\"_blank\" title=\"X Social Network\"><svg xmlns=\"http:\/\/www.w3.org\/2000\/svg\" viewbox=\"0 0 512 462.799\"><path d=\"M403.229 0h78.506L310.219 196.04 512 462.799H354.002L230.261 301.007 88.669 462.799h-78.56l183.455-209.683L0 0h161.999l111.856 147.88L403.229 0zm-27.556 415.805h43.505L138.363 44.527h-46.68l283.99 371.278z\" \/><\/svg><span class=\"mec-social-title\">Twitter<\/span><\/a><\/li><li class=\"mec-event-social-icon\"><a class=\"linkedin\" href=\"https:\/\/www.linkedin.com\/shareArticle?mini=true&amp;url=https%3A%2F%2Fagendaculturalriodejaneiro.com%2Fen%2Fevents%2Ftop-10-da-galinha-pintadinha-em-setembro-no-teatro-miguel-falabella%2F\" onclick=\"javascript:window.open(this.href, &apos;&apos;, &apos;menubar=no,toolbar=no,resizable=yes,scrollbars=yes,height=600,width=500&apos;); return false;\" target=\"_blank\" title=\"Linkedin\"><i class=\"mec-fa-linkedin\"><\/i><span class=\"mec-social-title\">Linkedin<\/span><\/a><\/li><li class=\"mec-event-social-icon\"><a class=\"email\" href=\"mailto:?subject=%E2%80%9CTOP%2010%20DA%20GALINHA%20PINTADINHA%E2%80%9D%20Em%20Setembro%20no%20TEATRO%20MIGUEL%20FALABELLA&amp;body=https%3A%2F%2Fagendaculturalriodejaneiro.com%2Fen%2Fevents%2Ftop-10-da-galinha-pintadinha-em-setembro-no-teatro-miguel-falabella%2F\" title=\"Email\"><i class=\"mec-fa-envelope\"><\/i><span class=\"mec-social-title\">Email<\/span><\/a><\/li>                        <\/ul>\r\n                    <\/li>\r\n                <\/ul>\r\n                                                <a class=\"mec-booking-button\" data-event-id=\"49952\" href=\"https:\/\/agendaculturalriodejaneiro.com\/en\/events\/top-10-da-galinha-pintadinha-em-setembro-no-teatro-miguel-falabella\/\" target=\"_self\" rel=\"noopener\">Ver Detalhes<\/a>            <\/div>\r\n        <\/article><\/div>        <div class=\"col-md-4 col-sm-4\"><article class=\" mec-event-article mec-clear  \">                                <div class=\"mec-event-image\"><a data-event-id=\"50957\" href=\"https:\/\/agendaculturalriodejaneiro.com\/en\/events\/ballet-of-lights-reinventa-a-bela-adormecida-com-figurinos-luminosos-no-fashion-mall\/\" target=\"_self\" rel=\"noopener\"><img loading=\"lazy\" decoding=\"async\" width=\"300\" height=\"217\" src=\"https:\/\/agendaculturalriodejaneiro.com\/wp-content\/uploads\/2026\/06\/a59ba4c6-06b4-11f1-b8a1-6ef6b6b3db9a-300x217.jpg\" class=\"attachment-medium size-medium wp-post-image\" alt=\"\" data-mec-postid=\"50957\" \/><\/a><\/div>\r\n                        <div class=\"mec-event-content\">\r\n                                    <div class=\"mec-event-date mec-bg-color\">\r\n                        <span class=\"mec-start-date-label\">12 September 2026<\/span>                                                                    <\/div>\r\n                                                                <h4 class=\"mec-event-title\"><a class=\"mec-color-hover\" data-event-id=\"50957\" href=\"https:\/\/agendaculturalriodejaneiro.com\/en\/events\/ballet-of-lights-reinventa-a-bela-adormecida-com-figurinos-luminosos-no-fashion-mall\/\" target=\"_self\" rel=\"noopener\">Ballet of Lights reinventa A Bela Adormecida com figurinos luminosos no Fashion Mall<\/a><\/h4>\r\n                                <p class=\"mec-grid-event-location\">Teatro Fashion Mall, Estr. da G\u00e1vea, 899 - S\u00e3o Conrado, Rio de Janeiro - RJ, 22610-001, Brasil<\/p>\r\n                                                                            <\/div>\r\n            <div class=\"mec-event-footer\">\r\n                                <ul class=\"mec-event-sharing-wrap\">\r\n                    <li class=\"mec-event-share\">\r\n                        <a href=\"#\" class=\"mec-event-share-icon\">\r\n                            <i class=\"mec-sl-share\" title=\"Share\"><\/i>\r\n                        <\/a>\r\n                    <\/li>\r\n                    <li>\r\n                        <ul class=\"mec-event-sharing\">\r\n                            <li class=\"mec-event-social-icon\"><a class=\"facebook\" href=\"https:\/\/www.facebook.com\/sharer\/sharer.php?u=https%3A%2F%2Fagendaculturalriodejaneiro.com%2Fen%2Fevents%2Fballet-of-lights-reinventa-a-bela-adormecida-com-figurinos-luminosos-no-fashion-mall%2F\" onclick=\"javascript:window.open(this.href, &apos;&apos;, &apos;menubar=no,toolbar=no,resizable=yes,scrollbars=yes,height=500,width=600&apos;); return false;\" target=\"_blank\" title=\"Share on Facebook\"><i class=\"mec-fa-facebook\"><\/i><span class=\"mec-social-title\">Facebook<\/span><\/a><\/li><li class=\"mec-event-social-icon\"><a class=\"twitter\" href=\"https:\/\/x.com\/intent\/tweet?url=https%3A%2F%2Fagendaculturalriodejaneiro.com%2Fen%2Fevents%2Fballet-of-lights-reinventa-a-bela-adormecida-com-figurinos-luminosos-no-fashion-mall%2F\" onclick=\"javascript:window.open(this.href, &apos;&apos;, &apos;menubar=no,toolbar=no,resizable=yes,scrollbars=yes,height=600,width=500&apos;); return false;\" target=\"_blank\" title=\"X Social Network\"><svg xmlns=\"http:\/\/www.w3.org\/2000\/svg\" viewbox=\"0 0 512 462.799\"><path d=\"M403.229 0h78.506L310.219 196.04 512 462.799H354.002L230.261 301.007 88.669 462.799h-78.56l183.455-209.683L0 0h161.999l111.856 147.88L403.229 0zm-27.556 415.805h43.505L138.363 44.527h-46.68l283.99 371.278z\" \/><\/svg><span class=\"mec-social-title\">Twitter<\/span><\/a><\/li><li class=\"mec-event-social-icon\"><a class=\"linkedin\" href=\"https:\/\/www.linkedin.com\/shareArticle?mini=true&amp;url=https%3A%2F%2Fagendaculturalriodejaneiro.com%2Fen%2Fevents%2Fballet-of-lights-reinventa-a-bela-adormecida-com-figurinos-luminosos-no-fashion-mall%2F\" onclick=\"javascript:window.open(this.href, &apos;&apos;, &apos;menubar=no,toolbar=no,resizable=yes,scrollbars=yes,height=600,width=500&apos;); return false;\" target=\"_blank\" title=\"Linkedin\"><i class=\"mec-fa-linkedin\"><\/i><span class=\"mec-social-title\">Linkedin<\/span><\/a><\/li><li class=\"mec-event-social-icon\"><a class=\"email\" href=\"mailto:?subject=Ballet%20of%20Lights%20reinventa%20A%20Bela%20Adormecida%20com%20figurinos%20luminosos%20no%20Fashion%20Mall&amp;body=https%3A%2F%2Fagendaculturalriodejaneiro.com%2Fen%2Fevents%2Fballet-of-lights-reinventa-a-bela-adormecida-com-figurinos-luminosos-no-fashion-mall%2F\" title=\"Email\"><i class=\"mec-fa-envelope\"><\/i><span class=\"mec-social-title\">Email<\/span><\/a><\/li>                        <\/ul>\r\n                    <\/li>\r\n                <\/ul>\r\n                                                <a class=\"mec-booking-button\" data-event-id=\"50957\" href=\"https:\/\/agendaculturalriodejaneiro.com\/en\/events\/ballet-of-lights-reinventa-a-bela-adormecida-com-figurinos-luminosos-no-fashion-mall\/\" target=\"_self\" rel=\"noopener\">Ver Detalhes<\/a>            <\/div>\r\n        <\/article><\/div><\/div>        <div class=\"row\"><div class=\"col-md-4 col-sm-4\"><article class=\" mec-event-article mec-clear  \">                                <div class=\"mec-event-image\"><a data-event-id=\"51368\" href=\"https:\/\/agendaculturalriodejaneiro.com\/en\/events\/abacaxepa-10-anos-antes-que-voce-se-esqueca\/\" target=\"_self\" rel=\"noopener\"><img loading=\"lazy\" decoding=\"async\" width=\"300\" height=\"300\" src=\"https:\/\/agendaculturalriodejaneiro.com\/wp-content\/uploads\/2026\/06\/9-12-26-Abacaxepa-10-anos-ROUANET-feed-720x720-300x300.jpg\" class=\"attachment-medium size-medium wp-post-image\" alt=\"\" data-mec-postid=\"51368\" \/><\/a><\/div>\r\n                        <div class=\"mec-event-content\">\r\n                                    <div class=\"mec-event-date mec-bg-color\">\r\n                        <span class=\"mec-start-date-label\">12 September 2026<\/span>                                                                    <\/div>\r\n                                                                <h4 class=\"mec-event-title\"><a class=\"mec-color-hover\" data-event-id=\"51368\" href=\"https:\/\/agendaculturalriodejaneiro.com\/en\/events\/abacaxepa-10-anos-antes-que-voce-se-esqueca\/\" target=\"_self\" rel=\"noopener\">Abacaxepa &#8211; 10 anos &#8211; Antes que voc\u00ea se esque\u00e7a<\/a><\/h4>\r\n                                <p class=\"mec-grid-event-location\">Teatro Rival Petrobras, Rua \u00c1lvaro Alvim ,33 - Subsolo, Rio de Janeiro - Rio de Janeiro<\/p>\r\n                                                                            <\/div>\r\n            <div class=\"mec-event-footer\">\r\n                                <ul class=\"mec-event-sharing-wrap\">\r\n                    <li class=\"mec-event-share\">\r\n                        <a href=\"#\" class=\"mec-event-share-icon\">\r\n                            <i class=\"mec-sl-share\" title=\"Share\"><\/i>\r\n                        <\/a>\r\n                    <\/li>\r\n                    <li>\r\n                        <ul class=\"mec-event-sharing\">\r\n                            <li class=\"mec-event-social-icon\"><a class=\"facebook\" href=\"https:\/\/www.facebook.com\/sharer\/sharer.php?u=https%3A%2F%2Fagendaculturalriodejaneiro.com%2Fen%2Fevents%2Fabacaxepa-10-anos-antes-que-voce-se-esqueca%2F\" onclick=\"javascript:window.open(this.href, &apos;&apos;, &apos;menubar=no,toolbar=no,resizable=yes,scrollbars=yes,height=500,width=600&apos;); return false;\" target=\"_blank\" title=\"Share on Facebook\"><i class=\"mec-fa-facebook\"><\/i><span class=\"mec-social-title\">Facebook<\/span><\/a><\/li><li class=\"mec-event-social-icon\"><a class=\"twitter\" href=\"https:\/\/x.com\/intent\/tweet?url=https%3A%2F%2Fagendaculturalriodejaneiro.com%2Fen%2Fevents%2Fabacaxepa-10-anos-antes-que-voce-se-esqueca%2F\" onclick=\"javascript:window.open(this.href, &apos;&apos;, &apos;menubar=no,toolbar=no,resizable=yes,scrollbars=yes,height=600,width=500&apos;); return false;\" target=\"_blank\" title=\"X Social Network\"><svg xmlns=\"http:\/\/www.w3.org\/2000\/svg\" viewbox=\"0 0 512 462.799\"><path d=\"M403.229 0h78.506L310.219 196.04 512 462.799H354.002L230.261 301.007 88.669 462.799h-78.56l183.455-209.683L0 0h161.999l111.856 147.88L403.229 0zm-27.556 415.805h43.505L138.363 44.527h-46.68l283.99 371.278z\" \/><\/svg><span class=\"mec-social-title\">Twitter<\/span><\/a><\/li><li class=\"mec-event-social-icon\"><a class=\"linkedin\" href=\"https:\/\/www.linkedin.com\/shareArticle?mini=true&amp;url=https%3A%2F%2Fagendaculturalriodejaneiro.com%2Fen%2Fevents%2Fabacaxepa-10-anos-antes-que-voce-se-esqueca%2F\" onclick=\"javascript:window.open(this.href, &apos;&apos;, &apos;menubar=no,toolbar=no,resizable=yes,scrollbars=yes,height=600,width=500&apos;); return false;\" target=\"_blank\" title=\"Linkedin\"><i class=\"mec-fa-linkedin\"><\/i><span class=\"mec-social-title\">Linkedin<\/span><\/a><\/li><li class=\"mec-event-social-icon\"><a class=\"email\" href=\"mailto:?subject=Abacaxepa%20-%2010%20anos%20-%20Antes%20que%20voc%C3%AA%20se%20esque%C3%A7a&amp;body=https%3A%2F%2Fagendaculturalriodejaneiro.com%2Fen%2Fevents%2Fabacaxepa-10-anos-antes-que-voce-se-esqueca%2F\" title=\"Email\"><i class=\"mec-fa-envelope\"><\/i><span class=\"mec-social-title\">Email<\/span><\/a><\/li>                        <\/ul>\r\n                    <\/li>\r\n                <\/ul>\r\n                                                <a class=\"mec-booking-button\" data-event-id=\"51368\" href=\"https:\/\/agendaculturalriodejaneiro.com\/en\/events\/abacaxepa-10-anos-antes-que-voce-se-esqueca\/\" target=\"_self\" rel=\"noopener\">Ver Detalhes<\/a>            <\/div>\r\n        <\/article><\/div>        <div class=\"col-md-4 col-sm-4\"><article class=\" mec-event-article mec-clear  \">                                <div class=\"mec-event-image\"><a data-event-id=\"51686\" href=\"https:\/\/agendaculturalriodejaneiro.com\/en\/events\/candlelight-disney-cancoes-de-amor\/\" target=\"_self\" rel=\"noopener\"><img loading=\"lazy\" decoding=\"async\" width=\"300\" height=\"217\" src=\"https:\/\/agendaculturalriodejaneiro.com\/wp-content\/uploads\/2026\/06\/597f8688-6010-11f1-9b0c-6e13b0f648a3-300x217.jpg\" class=\"attachment-medium size-medium wp-post-image\" alt=\"\" data-mec-postid=\"51686\" \/><\/a><\/div>\r\n                        <div class=\"mec-event-content\">\r\n                                    <div class=\"mec-event-date mec-bg-color\">\r\n                        <span class=\"mec-start-date-label\">12 September 2026<\/span>                                                                    <\/div>\r\n                                                                <h4 class=\"mec-event-title\"><a class=\"mec-color-hover\" data-event-id=\"51686\" href=\"https:\/\/agendaculturalriodejaneiro.com\/en\/events\/candlelight-disney-cancoes-de-amor\/\" target=\"_self\" rel=\"noopener\">Candlelight: Disney Can\u00e7\u00f5es de Amor<\/a><\/h4>\r\n                                <p class=\"mec-grid-event-location\">Museu do Amanh\u00e3, Pra\u00e7a Mau\u00e1, 1 - Centro, Rio de Janeiro - RJ, 20081-240, Brasil<\/p>\r\n                                                                            <\/div>\r\n            <div class=\"mec-event-footer\">\r\n                                <ul class=\"mec-event-sharing-wrap\">\r\n                    <li class=\"mec-event-share\">\r\n                        <a href=\"#\" class=\"mec-event-share-icon\">\r\n                            <i class=\"mec-sl-share\" title=\"Share\"><\/i>\r\n                        <\/a>\r\n                    <\/li>\r\n                    <li>\r\n                        <ul class=\"mec-event-sharing\">\r\n                            <li class=\"mec-event-social-icon\"><a class=\"facebook\" href=\"https:\/\/www.facebook.com\/sharer\/sharer.php?u=https%3A%2F%2Fagendaculturalriodejaneiro.com%2Fen%2Fevents%2Fcandlelight-disney-cancoes-de-amor%2F\" onclick=\"javascript:window.open(this.href, &apos;&apos;, &apos;menubar=no,toolbar=no,resizable=yes,scrollbars=yes,height=500,width=600&apos;); return false;\" target=\"_blank\" title=\"Share on Facebook\"><i class=\"mec-fa-facebook\"><\/i><span class=\"mec-social-title\">Facebook<\/span><\/a><\/li><li class=\"mec-event-social-icon\"><a class=\"twitter\" href=\"https:\/\/x.com\/intent\/tweet?url=https%3A%2F%2Fagendaculturalriodejaneiro.com%2Fen%2Fevents%2Fcandlelight-disney-cancoes-de-amor%2F\" onclick=\"javascript:window.open(this.href, &apos;&apos;, &apos;menubar=no,toolbar=no,resizable=yes,scrollbars=yes,height=600,width=500&apos;); return false;\" target=\"_blank\" title=\"X Social Network\"><svg xmlns=\"http:\/\/www.w3.org\/2000\/svg\" viewbox=\"0 0 512 462.799\"><path d=\"M403.229 0h78.506L310.219 196.04 512 462.799H354.002L230.261 301.007 88.669 462.799h-78.56l183.455-209.683L0 0h161.999l111.856 147.88L403.229 0zm-27.556 415.805h43.505L138.363 44.527h-46.68l283.99 371.278z\" \/><\/svg><span class=\"mec-social-title\">Twitter<\/span><\/a><\/li><li class=\"mec-event-social-icon\"><a class=\"linkedin\" href=\"https:\/\/www.linkedin.com\/shareArticle?mini=true&amp;url=https%3A%2F%2Fagendaculturalriodejaneiro.com%2Fen%2Fevents%2Fcandlelight-disney-cancoes-de-amor%2F\" onclick=\"javascript:window.open(this.href, &apos;&apos;, &apos;menubar=no,toolbar=no,resizable=yes,scrollbars=yes,height=600,width=500&apos;); return false;\" target=\"_blank\" title=\"Linkedin\"><i class=\"mec-fa-linkedin\"><\/i><span class=\"mec-social-title\">Linkedin<\/span><\/a><\/li><li class=\"mec-event-social-icon\"><a class=\"email\" href=\"mailto:?subject=Candlelight%3A%20Disney%20Can%C3%A7%C3%B5es%20de%20Amor&amp;body=https%3A%2F%2Fagendaculturalriodejaneiro.com%2Fen%2Fevents%2Fcandlelight-disney-cancoes-de-amor%2F\" title=\"Email\"><i class=\"mec-fa-envelope\"><\/i><span class=\"mec-social-title\">Email<\/span><\/a><\/li>                        <\/ul>\r\n                    <\/li>\r\n                <\/ul>\r\n                                                <a class=\"mec-booking-button\" data-event-id=\"51686\" href=\"https:\/\/agendaculturalriodejaneiro.com\/en\/events\/candlelight-disney-cancoes-de-amor\/\" target=\"_self\" rel=\"noopener\">Ver Detalhes<\/a>            <\/div>\r\n        <\/article><\/div>        <div class=\"col-md-4 col-sm-4\"><article class=\" mec-event-article mec-clear  \">                                <div class=\"mec-event-image\"><a data-event-id=\"51897\" href=\"https:\/\/agendaculturalriodejaneiro.com\/en\/events\/tasha-tracie-serena-venus-a-experiencia\/\" target=\"_self\" rel=\"noopener\"><img loading=\"lazy\" decoding=\"async\" width=\"300\" height=\"300\" src=\"https:\/\/agendaculturalriodejaneiro.com\/wp-content\/uploads\/2026\/07\/Tasha-Tracie.webp\" class=\"attachment-medium size-medium wp-post-image\" alt=\"Tasha &amp; Tracie - Serena &amp; V\u00eanus: A Experi\u00eancia\" data-mec-postid=\"51897\" \/><\/a><\/div>\r\n                        <div class=\"mec-event-content\">\r\n                                    <div class=\"mec-event-date mec-bg-color\">\r\n                        <span class=\"mec-start-date-label\">12 September 2026<\/span>                                                                    <\/div>\r\n                                                                <h4 class=\"mec-event-title\"><a class=\"mec-color-hover\" data-event-id=\"51897\" href=\"https:\/\/agendaculturalriodejaneiro.com\/en\/events\/tasha-tracie-serena-venus-a-experiencia\/\" target=\"_self\" rel=\"noopener\">Tasha &#038; Tracie &#8211; Serena &#038; V\u00eanus: A Experi\u00eancia<\/a><\/h4>\r\n                                <p class=\"mec-grid-event-location\">Circo Voador, R. dos Arcos, s\/n - Jardim Iracema, Rio de Janeiro - RJ, 20230-060, Brasil<\/p>\r\n                                                                            <\/div>\r\n            <div class=\"mec-event-footer\">\r\n                                <ul class=\"mec-event-sharing-wrap\">\r\n                    <li class=\"mec-event-share\">\r\n                        <a href=\"#\" class=\"mec-event-share-icon\">\r\n                            <i class=\"mec-sl-share\" title=\"Share\"><\/i>\r\n                        <\/a>\r\n                    <\/li>\r\n                    <li>\r\n                        <ul class=\"mec-event-sharing\">\r\n                            <li class=\"mec-event-social-icon\"><a class=\"facebook\" href=\"https:\/\/www.facebook.com\/sharer\/sharer.php?u=https%3A%2F%2Fagendaculturalriodejaneiro.com%2Fen%2Fevents%2Ftasha-tracie-serena-venus-a-experiencia%2F\" onclick=\"javascript:window.open(this.href, &apos;&apos;, &apos;menubar=no,toolbar=no,resizable=yes,scrollbars=yes,height=500,width=600&apos;); return false;\" target=\"_blank\" title=\"Share on Facebook\"><i class=\"mec-fa-facebook\"><\/i><span class=\"mec-social-title\">Facebook<\/span><\/a><\/li><li class=\"mec-event-social-icon\"><a class=\"twitter\" href=\"https:\/\/x.com\/intent\/tweet?url=https%3A%2F%2Fagendaculturalriodejaneiro.com%2Fen%2Fevents%2Ftasha-tracie-serena-venus-a-experiencia%2F\" onclick=\"javascript:window.open(this.href, &apos;&apos;, &apos;menubar=no,toolbar=no,resizable=yes,scrollbars=yes,height=600,width=500&apos;); return false;\" target=\"_blank\" title=\"X Social Network\"><svg xmlns=\"http:\/\/www.w3.org\/2000\/svg\" viewbox=\"0 0 512 462.799\"><path d=\"M403.229 0h78.506L310.219 196.04 512 462.799H354.002L230.261 301.007 88.669 462.799h-78.56l183.455-209.683L0 0h161.999l111.856 147.88L403.229 0zm-27.556 415.805h43.505L138.363 44.527h-46.68l283.99 371.278z\" \/><\/svg><span class=\"mec-social-title\">Twitter<\/span><\/a><\/li><li class=\"mec-event-social-icon\"><a class=\"linkedin\" href=\"https:\/\/www.linkedin.com\/shareArticle?mini=true&amp;url=https%3A%2F%2Fagendaculturalriodejaneiro.com%2Fen%2Fevents%2Ftasha-tracie-serena-venus-a-experiencia%2F\" onclick=\"javascript:window.open(this.href, &apos;&apos;, &apos;menubar=no,toolbar=no,resizable=yes,scrollbars=yes,height=600,width=500&apos;); return false;\" target=\"_blank\" title=\"Linkedin\"><i class=\"mec-fa-linkedin\"><\/i><span class=\"mec-social-title\">Linkedin<\/span><\/a><\/li><li class=\"mec-event-social-icon\"><a class=\"email\" href=\"mailto:?subject=Tasha%20%2526%20Tracie%20-%20Serena%20%2526%20V%C3%AAnus%3A%20A%20Experi%C3%AAncia&amp;body=https%3A%2F%2Fagendaculturalriodejaneiro.com%2Fen%2Fevents%2Ftasha-tracie-serena-venus-a-experiencia%2F\" title=\"Email\"><i class=\"mec-fa-envelope\"><\/i><span class=\"mec-social-title\">Email<\/span><\/a><\/li>                        <\/ul>\r\n                    <\/li>\r\n                <\/ul>\r\n                                                <a class=\"mec-booking-button\" data-event-id=\"51897\" href=\"https:\/\/agendaculturalriodejaneiro.com\/en\/events\/tasha-tracie-serena-venus-a-experiencia\/\" target=\"_self\" rel=\"noopener\">Ver Detalhes<\/a>            <\/div>\r\n        <\/article><\/div><\/div>        <div class=\"row\"><div class=\"col-md-4 col-sm-4\"><article class=\" mec-event-article mec-clear  \">                                <div class=\"mec-event-image\"><a data-event-id=\"52524\" href=\"https:\/\/agendaculturalriodejaneiro.com\/en\/events\/nubia-turne-sabores-2026-rj\/\" target=\"_self\" rel=\"noopener\"><img loading=\"lazy\" decoding=\"async\" width=\"300\" height=\"169\" src=\"https:\/\/agendaculturalriodejaneiro.com\/wp-content\/uploads\/2026\/07\/SHOTGUN-RIO_mpwcjh-300x169.jpg\" class=\"attachment-medium size-medium wp-post-image\" alt=\"\" data-mec-postid=\"52524\" \/><\/a><\/div>\r\n                        <div class=\"mec-event-content\">\r\n                                    <div class=\"mec-event-date mec-bg-color\">\r\n                        <span class=\"mec-start-date-label\">12 - 13 September 2026<\/span>                                                                    <\/div>\r\n                                                                <h4 class=\"mec-event-title\"><a class=\"mec-color-hover\" data-event-id=\"52524\" href=\"https:\/\/agendaculturalriodejaneiro.com\/en\/events\/nubia-turne-sabores-2026-rj\/\" target=\"_self\" rel=\"noopener\">N\u00fabia &#8211; Turn\u00ea Sabores 2026 &#8211; RJ<\/a><\/h4>\r\n                                <p class=\"mec-grid-event-location\">Casa Savana, Rua Camerino, 162 - Centro, Rio de Janeiro - RJ, 20080-011, Brasil<\/p>\r\n                                                                            <\/div>\r\n            <div class=\"mec-event-footer\">\r\n                                <ul class=\"mec-event-sharing-wrap\">\r\n                    <li class=\"mec-event-share\">\r\n                        <a href=\"#\" class=\"mec-event-share-icon\">\r\n                            <i class=\"mec-sl-share\" title=\"Share\"><\/i>\r\n                        <\/a>\r\n                    <\/li>\r\n                    <li>\r\n                        <ul class=\"mec-event-sharing\">\r\n                            <li class=\"mec-event-social-icon\"><a class=\"facebook\" href=\"https:\/\/www.facebook.com\/sharer\/sharer.php?u=https%3A%2F%2Fagendaculturalriodejaneiro.com%2Fen%2Fevents%2Fnubia-turne-sabores-2026-rj%2F\" onclick=\"javascript:window.open(this.href, &apos;&apos;, &apos;menubar=no,toolbar=no,resizable=yes,scrollbars=yes,height=500,width=600&apos;); return false;\" target=\"_blank\" title=\"Share on Facebook\"><i class=\"mec-fa-facebook\"><\/i><span class=\"mec-social-title\">Facebook<\/span><\/a><\/li><li class=\"mec-event-social-icon\"><a class=\"twitter\" href=\"https:\/\/x.com\/intent\/tweet?url=https%3A%2F%2Fagendaculturalriodejaneiro.com%2Fen%2Fevents%2Fnubia-turne-sabores-2026-rj%2F\" onclick=\"javascript:window.open(this.href, &apos;&apos;, &apos;menubar=no,toolbar=no,resizable=yes,scrollbars=yes,height=600,width=500&apos;); return false;\" target=\"_blank\" title=\"X Social Network\"><svg xmlns=\"http:\/\/www.w3.org\/2000\/svg\" viewbox=\"0 0 512 462.799\"><path d=\"M403.229 0h78.506L310.219 196.04 512 462.799H354.002L230.261 301.007 88.669 462.799h-78.56l183.455-209.683L0 0h161.999l111.856 147.88L403.229 0zm-27.556 415.805h43.505L138.363 44.527h-46.68l283.99 371.278z\" \/><\/svg><span class=\"mec-social-title\">Twitter<\/span><\/a><\/li><li class=\"mec-event-social-icon\"><a class=\"linkedin\" href=\"https:\/\/www.linkedin.com\/shareArticle?mini=true&amp;url=https%3A%2F%2Fagendaculturalriodejaneiro.com%2Fen%2Fevents%2Fnubia-turne-sabores-2026-rj%2F\" onclick=\"javascript:window.open(this.href, &apos;&apos;, &apos;menubar=no,toolbar=no,resizable=yes,scrollbars=yes,height=600,width=500&apos;); return false;\" target=\"_blank\" title=\"Linkedin\"><i class=\"mec-fa-linkedin\"><\/i><span class=\"mec-social-title\">Linkedin<\/span><\/a><\/li><li class=\"mec-event-social-icon\"><a class=\"email\" href=\"mailto:?subject=N%C3%BAbia%20-%20Turn%C3%AA%20Sabores%202026%20-%20RJ&amp;body=https%3A%2F%2Fagendaculturalriodejaneiro.com%2Fen%2Fevents%2Fnubia-turne-sabores-2026-rj%2F\" title=\"Email\"><i class=\"mec-fa-envelope\"><\/i><span class=\"mec-social-title\">Email<\/span><\/a><\/li>                        <\/ul>\r\n                    <\/li>\r\n                <\/ul>\r\n                                                <a class=\"mec-booking-button\" data-event-id=\"52524\" href=\"https:\/\/agendaculturalriodejaneiro.com\/en\/events\/nubia-turne-sabores-2026-rj\/\" target=\"_self\" rel=\"noopener\">Ver Detalhes<\/a>            <\/div>\r\n        <\/article><\/div>                <div class=\"col-md-4 col-sm-4\"><article class=\" mec-event-article mec-clear  \">                                <div class=\"mec-event-image\"><a data-event-id=\"50759\" href=\"https:\/\/agendaculturalriodejaneiro.com\/en\/events\/antdot-no-rock-in-rio-2026\/\" target=\"_self\" rel=\"noopener\"><img loading=\"lazy\" decoding=\"async\" width=\"300\" height=\"300\" src=\"https:\/\/agendaculturalriodejaneiro.com\/wp-content\/uploads\/2026\/06\/22354524.jpeg\" class=\"attachment-medium size-medium wp-post-image\" alt=\"\" data-mec-postid=\"50759\" \/><\/a><\/div>\r\n                        <div class=\"mec-event-content\">\r\n                                    <div class=\"mec-event-date mec-bg-color\">\r\n                        <span class=\"mec-start-date-label\">13 September 2026<\/span>                                                                    <\/div>\r\n                                                                <h4 class=\"mec-event-title\"><a class=\"mec-color-hover\" data-event-id=\"50759\" href=\"https:\/\/agendaculturalriodejaneiro.com\/en\/events\/antdot-no-rock-in-rio-2026\/\" target=\"_self\" rel=\"noopener\">Antdot no Rock in Rio 2026<\/a><\/h4>\r\n                                <p class=\"mec-grid-event-location\">Rock in Rio, Av. Salvador Allende, Rio de Janeiro<\/p>\r\n                                                                            <\/div>\r\n            <div class=\"mec-event-footer\">\r\n                                <ul class=\"mec-event-sharing-wrap\">\r\n                    <li class=\"mec-event-share\">\r\n                        <a href=\"#\" class=\"mec-event-share-icon\">\r\n                            <i class=\"mec-sl-share\" title=\"Share\"><\/i>\r\n                        <\/a>\r\n                    <\/li>\r\n                    <li>\r\n                        <ul class=\"mec-event-sharing\">\r\n                            <li class=\"mec-event-social-icon\"><a class=\"facebook\" href=\"https:\/\/www.facebook.com\/sharer\/sharer.php?u=https%3A%2F%2Fagendaculturalriodejaneiro.com%2Fen%2Fevents%2Fantdot-no-rock-in-rio-2026%2F\" onclick=\"javascript:window.open(this.href, &apos;&apos;, &apos;menubar=no,toolbar=no,resizable=yes,scrollbars=yes,height=500,width=600&apos;); return false;\" target=\"_blank\" title=\"Share on Facebook\"><i class=\"mec-fa-facebook\"><\/i><span class=\"mec-social-title\">Facebook<\/span><\/a><\/li><li class=\"mec-event-social-icon\"><a class=\"twitter\" href=\"https:\/\/x.com\/intent\/tweet?url=https%3A%2F%2Fagendaculturalriodejaneiro.com%2Fen%2Fevents%2Fantdot-no-rock-in-rio-2026%2F\" onclick=\"javascript:window.open(this.href, &apos;&apos;, &apos;menubar=no,toolbar=no,resizable=yes,scrollbars=yes,height=600,width=500&apos;); return false;\" target=\"_blank\" title=\"X Social Network\"><svg xmlns=\"http:\/\/www.w3.org\/2000\/svg\" viewbox=\"0 0 512 462.799\"><path d=\"M403.229 0h78.506L310.219 196.04 512 462.799H354.002L230.261 301.007 88.669 462.799h-78.56l183.455-209.683L0 0h161.999l111.856 147.88L403.229 0zm-27.556 415.805h43.505L138.363 44.527h-46.68l283.99 371.278z\" \/><\/svg><span class=\"mec-social-title\">Twitter<\/span><\/a><\/li><li class=\"mec-event-social-icon\"><a class=\"linkedin\" href=\"https:\/\/www.linkedin.com\/shareArticle?mini=true&amp;url=https%3A%2F%2Fagendaculturalriodejaneiro.com%2Fen%2Fevents%2Fantdot-no-rock-in-rio-2026%2F\" onclick=\"javascript:window.open(this.href, &apos;&apos;, &apos;menubar=no,toolbar=no,resizable=yes,scrollbars=yes,height=600,width=500&apos;); return false;\" target=\"_blank\" title=\"Linkedin\"><i class=\"mec-fa-linkedin\"><\/i><span class=\"mec-social-title\">Linkedin<\/span><\/a><\/li><li class=\"mec-event-social-icon\"><a class=\"email\" href=\"mailto:?subject=Antdot%20no%20Rock%20in%20Rio%202026&amp;body=https%3A%2F%2Fagendaculturalriodejaneiro.com%2Fen%2Fevents%2Fantdot-no-rock-in-rio-2026%2F\" title=\"Email\"><i class=\"mec-fa-envelope\"><\/i><span class=\"mec-social-title\">Email<\/span><\/a><\/li>                        <\/ul>\r\n                    <\/li>\r\n                <\/ul>\r\n                                                <a class=\"mec-booking-button\" data-event-id=\"50759\" href=\"https:\/\/agendaculturalriodejaneiro.com\/en\/events\/antdot-no-rock-in-rio-2026\/\" target=\"_self\" rel=\"noopener\">Ver Detalhes<\/a>            <\/div>\r\n        <\/article><\/div>        <div class=\"col-md-4 col-sm-4\"><article class=\" mec-event-article mec-clear  \">                                <div class=\"mec-event-image\"><a data-event-id=\"51686\" href=\"https:\/\/agendaculturalriodejaneiro.com\/en\/events\/candlelight-disney-cancoes-de-amor\/\" target=\"_self\" rel=\"noopener\"><img loading=\"lazy\" decoding=\"async\" width=\"300\" height=\"217\" src=\"https:\/\/agendaculturalriodejaneiro.com\/wp-content\/uploads\/2026\/06\/597f8688-6010-11f1-9b0c-6e13b0f648a3-300x217.jpg\" class=\"attachment-medium size-medium wp-post-image\" alt=\"\" data-mec-postid=\"51686\" \/><\/a><\/div>\r\n                        <div class=\"mec-event-content\">\r\n                                    <div class=\"mec-event-date mec-bg-color\">\r\n                        <span class=\"mec-start-date-label\">13 September 2026<\/span>                                                                    <\/div>\r\n                                                                <h4 class=\"mec-event-title\"><a class=\"mec-color-hover\" data-event-id=\"51686\" href=\"https:\/\/agendaculturalriodejaneiro.com\/en\/events\/candlelight-disney-cancoes-de-amor\/\" target=\"_self\" rel=\"noopener\">Candlelight: Disney Can\u00e7\u00f5es de Amor<\/a><\/h4>\r\n                                <p class=\"mec-grid-event-location\">Museu do Amanh\u00e3, Pra\u00e7a Mau\u00e1, 1 - Centro, Rio de Janeiro - RJ, 20081-240, Brasil<\/p>\r\n                                                                            <\/div>\r\n            <div class=\"mec-event-footer\">\r\n                                <ul class=\"mec-event-sharing-wrap\">\r\n                    <li class=\"mec-event-share\">\r\n                        <a href=\"#\" class=\"mec-event-share-icon\">\r\n                            <i class=\"mec-sl-share\" title=\"Share\"><\/i>\r\n                        <\/a>\r\n                    <\/li>\r\n                    <li>\r\n                        <ul class=\"mec-event-sharing\">\r\n                            <li class=\"mec-event-social-icon\"><a class=\"facebook\" href=\"https:\/\/www.facebook.com\/sharer\/sharer.php?u=https%3A%2F%2Fagendaculturalriodejaneiro.com%2Fen%2Fevents%2Fcandlelight-disney-cancoes-de-amor%2F\" onclick=\"javascript:window.open(this.href, &apos;&apos;, &apos;menubar=no,toolbar=no,resizable=yes,scrollbars=yes,height=500,width=600&apos;); return false;\" target=\"_blank\" title=\"Share on Facebook\"><i class=\"mec-fa-facebook\"><\/i><span class=\"mec-social-title\">Facebook<\/span><\/a><\/li><li class=\"mec-event-social-icon\"><a class=\"twitter\" href=\"https:\/\/x.com\/intent\/tweet?url=https%3A%2F%2Fagendaculturalriodejaneiro.com%2Fen%2Fevents%2Fcandlelight-disney-cancoes-de-amor%2F\" onclick=\"javascript:window.open(this.href, &apos;&apos;, &apos;menubar=no,toolbar=no,resizable=yes,scrollbars=yes,height=600,width=500&apos;); return false;\" target=\"_blank\" title=\"X Social Network\"><svg xmlns=\"http:\/\/www.w3.org\/2000\/svg\" viewbox=\"0 0 512 462.799\"><path d=\"M403.229 0h78.506L310.219 196.04 512 462.799H354.002L230.261 301.007 88.669 462.799h-78.56l183.455-209.683L0 0h161.999l111.856 147.88L403.229 0zm-27.556 415.805h43.505L138.363 44.527h-46.68l283.99 371.278z\" \/><\/svg><span class=\"mec-social-title\">Twitter<\/span><\/a><\/li><li class=\"mec-event-social-icon\"><a class=\"linkedin\" href=\"https:\/\/www.linkedin.com\/shareArticle?mini=true&amp;url=https%3A%2F%2Fagendaculturalriodejaneiro.com%2Fen%2Fevents%2Fcandlelight-disney-cancoes-de-amor%2F\" onclick=\"javascript:window.open(this.href, &apos;&apos;, &apos;menubar=no,toolbar=no,resizable=yes,scrollbars=yes,height=600,width=500&apos;); return false;\" target=\"_blank\" title=\"Linkedin\"><i class=\"mec-fa-linkedin\"><\/i><span class=\"mec-social-title\">Linkedin<\/span><\/a><\/li><li class=\"mec-event-social-icon\"><a class=\"email\" href=\"mailto:?subject=Candlelight%3A%20Disney%20Can%C3%A7%C3%B5es%20de%20Amor&amp;body=https%3A%2F%2Fagendaculturalriodejaneiro.com%2Fen%2Fevents%2Fcandlelight-disney-cancoes-de-amor%2F\" title=\"Email\"><i class=\"mec-fa-envelope\"><\/i><span class=\"mec-social-title\">Email<\/span><\/a><\/li>                        <\/ul>\r\n                    <\/li>\r\n                <\/ul>\r\n                                                <a class=\"mec-booking-button\" data-event-id=\"51686\" href=\"https:\/\/agendaculturalriodejaneiro.com\/en\/events\/candlelight-disney-cancoes-de-amor\/\" target=\"_self\" rel=\"noopener\">Ver Detalhes<\/a>            <\/div>\r\n        <\/article><\/div><\/div>        <div class=\"row\"><div class=\"col-md-4 col-sm-4\"><article class=\" mec-event-article mec-clear  \">                                <div class=\"mec-event-image\"><a data-event-id=\"50757\" href=\"https:\/\/agendaculturalriodejaneiro.com\/en\/events\/bakka-br-no-rock-in-rio-2026\/\" target=\"_self\" rel=\"noopener\"><img loading=\"lazy\" decoding=\"async\" width=\"300\" height=\"300\" src=\"https:\/\/agendaculturalriodejaneiro.com\/wp-content\/uploads\/2026\/06\/21089383.jpeg\" class=\"attachment-medium size-medium wp-post-image\" alt=\"\" data-mec-postid=\"50757\" \/><\/a><\/div>\r\n                        <div class=\"mec-event-content\">\r\n                                    <div class=\"mec-event-date mec-bg-color\">\r\n                        <span class=\"mec-start-date-label\">13 September 2026<\/span>                                                                    <\/div>\r\n                                                                <h4 class=\"mec-event-title\"><a class=\"mec-color-hover\" data-event-id=\"50757\" href=\"https:\/\/agendaculturalriodejaneiro.com\/en\/events\/bakka-br-no-rock-in-rio-2026\/\" target=\"_self\" rel=\"noopener\">Bakka (BR) no Rock in Rio 2026<\/a><\/h4>\r\n                                <p class=\"mec-grid-event-location\">Rock in Rio, Av. Salvador Allende, Rio de Janeiro<\/p>\r\n                                                                            <\/div>\r\n            <div class=\"mec-event-footer\">\r\n                                <ul class=\"mec-event-sharing-wrap\">\r\n                    <li class=\"mec-event-share\">\r\n                        <a href=\"#\" class=\"mec-event-share-icon\">\r\n                            <i class=\"mec-sl-share\" title=\"Share\"><\/i>\r\n                        <\/a>\r\n                    <\/li>\r\n                    <li>\r\n                        <ul class=\"mec-event-sharing\">\r\n                            <li class=\"mec-event-social-icon\"><a class=\"facebook\" href=\"https:\/\/www.facebook.com\/sharer\/sharer.php?u=https%3A%2F%2Fagendaculturalriodejaneiro.com%2Fen%2Fevents%2Fbakka-br-no-rock-in-rio-2026%2F\" onclick=\"javascript:window.open(this.href, &apos;&apos;, &apos;menubar=no,toolbar=no,resizable=yes,scrollbars=yes,height=500,width=600&apos;); return false;\" target=\"_blank\" title=\"Share on Facebook\"><i class=\"mec-fa-facebook\"><\/i><span class=\"mec-social-title\">Facebook<\/span><\/a><\/li><li class=\"mec-event-social-icon\"><a class=\"twitter\" href=\"https:\/\/x.com\/intent\/tweet?url=https%3A%2F%2Fagendaculturalriodejaneiro.com%2Fen%2Fevents%2Fbakka-br-no-rock-in-rio-2026%2F\" onclick=\"javascript:window.open(this.href, &apos;&apos;, &apos;menubar=no,toolbar=no,resizable=yes,scrollbars=yes,height=600,width=500&apos;); return false;\" target=\"_blank\" title=\"X Social Network\"><svg xmlns=\"http:\/\/www.w3.org\/2000\/svg\" viewbox=\"0 0 512 462.799\"><path d=\"M403.229 0h78.506L310.219 196.04 512 462.799H354.002L230.261 301.007 88.669 462.799h-78.56l183.455-209.683L0 0h161.999l111.856 147.88L403.229 0zm-27.556 415.805h43.505L138.363 44.527h-46.68l283.99 371.278z\" \/><\/svg><span class=\"mec-social-title\">Twitter<\/span><\/a><\/li><li class=\"mec-event-social-icon\"><a class=\"linkedin\" href=\"https:\/\/www.linkedin.com\/shareArticle?mini=true&amp;url=https%3A%2F%2Fagendaculturalriodejaneiro.com%2Fen%2Fevents%2Fbakka-br-no-rock-in-rio-2026%2F\" onclick=\"javascript:window.open(this.href, &apos;&apos;, &apos;menubar=no,toolbar=no,resizable=yes,scrollbars=yes,height=600,width=500&apos;); return false;\" target=\"_blank\" title=\"Linkedin\"><i class=\"mec-fa-linkedin\"><\/i><span class=\"mec-social-title\">Linkedin<\/span><\/a><\/li><li class=\"mec-event-social-icon\"><a class=\"email\" href=\"mailto:?subject=Bakka%20%28BR%29%20no%20Rock%20in%20Rio%202026&amp;body=https%3A%2F%2Fagendaculturalriodejaneiro.com%2Fen%2Fevents%2Fbakka-br-no-rock-in-rio-2026%2F\" title=\"Email\"><i class=\"mec-fa-envelope\"><\/i><span class=\"mec-social-title\">Email<\/span><\/a><\/li>                        <\/ul>\r\n                    <\/li>\r\n                <\/ul>\r\n                                                <a class=\"mec-booking-button\" data-event-id=\"50757\" href=\"https:\/\/agendaculturalriodejaneiro.com\/en\/events\/bakka-br-no-rock-in-rio-2026\/\" target=\"_self\" rel=\"noopener\">Ver Detalhes<\/a>            <\/div>\r\n        <\/article><\/div>        <div class=\"col-md-4 col-sm-4\"><article class=\" mec-event-article mec-clear  \">                                <div class=\"mec-event-image\"><a data-event-id=\"50761\" href=\"https:\/\/agendaculturalriodejaneiro.com\/en\/events\/riascode-no-rock-in-rio-2026\/\" target=\"_self\" rel=\"noopener\"><img loading=\"lazy\" decoding=\"async\" width=\"300\" height=\"300\" src=\"https:\/\/agendaculturalriodejaneiro.com\/wp-content\/uploads\/2026\/06\/16508539.jpeg\" class=\"attachment-medium size-medium wp-post-image\" alt=\"\" data-mec-postid=\"50761\" \/><\/a><\/div>\r\n                        <div class=\"mec-event-content\">\r\n                                    <div class=\"mec-event-date mec-bg-color\">\r\n                        <span class=\"mec-start-date-label\">13 September 2026<\/span>                                                                    <\/div>\r\n                                                                <h4 class=\"mec-event-title\"><a class=\"mec-color-hover\" data-event-id=\"50761\" href=\"https:\/\/agendaculturalriodejaneiro.com\/en\/events\/riascode-no-rock-in-rio-2026\/\" target=\"_self\" rel=\"noopener\">Riascode no Rock in Rio 2026<\/a><\/h4>\r\n                                <p class=\"mec-grid-event-location\">Rock in Rio, Av. Salvador Allende, Rio de Janeiro<\/p>\r\n                                                                            <\/div>\r\n            <div class=\"mec-event-footer\">\r\n                                <ul class=\"mec-event-sharing-wrap\">\r\n                    <li class=\"mec-event-share\">\r\n                        <a href=\"#\" class=\"mec-event-share-icon\">\r\n                            <i class=\"mec-sl-share\" title=\"Share\"><\/i>\r\n                        <\/a>\r\n                    <\/li>\r\n                    <li>\r\n                        <ul class=\"mec-event-sharing\">\r\n                            <li class=\"mec-event-social-icon\"><a class=\"facebook\" href=\"https:\/\/www.facebook.com\/sharer\/sharer.php?u=https%3A%2F%2Fagendaculturalriodejaneiro.com%2Fen%2Fevents%2Friascode-no-rock-in-rio-2026%2F\" onclick=\"javascript:window.open(this.href, &apos;&apos;, &apos;menubar=no,toolbar=no,resizable=yes,scrollbars=yes,height=500,width=600&apos;); return false;\" target=\"_blank\" title=\"Share on Facebook\"><i class=\"mec-fa-facebook\"><\/i><span class=\"mec-social-title\">Facebook<\/span><\/a><\/li><li class=\"mec-event-social-icon\"><a class=\"twitter\" href=\"https:\/\/x.com\/intent\/tweet?url=https%3A%2F%2Fagendaculturalriodejaneiro.com%2Fen%2Fevents%2Friascode-no-rock-in-rio-2026%2F\" onclick=\"javascript:window.open(this.href, &apos;&apos;, &apos;menubar=no,toolbar=no,resizable=yes,scrollbars=yes,height=600,width=500&apos;); return false;\" target=\"_blank\" title=\"X Social Network\"><svg xmlns=\"http:\/\/www.w3.org\/2000\/svg\" viewbox=\"0 0 512 462.799\"><path d=\"M403.229 0h78.506L310.219 196.04 512 462.799H354.002L230.261 301.007 88.669 462.799h-78.56l183.455-209.683L0 0h161.999l111.856 147.88L403.229 0zm-27.556 415.805h43.505L138.363 44.527h-46.68l283.99 371.278z\" \/><\/svg><span class=\"mec-social-title\">Twitter<\/span><\/a><\/li><li class=\"mec-event-social-icon\"><a class=\"linkedin\" href=\"https:\/\/www.linkedin.com\/shareArticle?mini=true&amp;url=https%3A%2F%2Fagendaculturalriodejaneiro.com%2Fen%2Fevents%2Friascode-no-rock-in-rio-2026%2F\" onclick=\"javascript:window.open(this.href, &apos;&apos;, &apos;menubar=no,toolbar=no,resizable=yes,scrollbars=yes,height=600,width=500&apos;); return false;\" target=\"_blank\" title=\"Linkedin\"><i class=\"mec-fa-linkedin\"><\/i><span class=\"mec-social-title\">Linkedin<\/span><\/a><\/li><li class=\"mec-event-social-icon\"><a class=\"email\" href=\"mailto:?subject=Riascode%20no%20Rock%20in%20Rio%202026&amp;body=https%3A%2F%2Fagendaculturalriodejaneiro.com%2Fen%2Fevents%2Friascode-no-rock-in-rio-2026%2F\" title=\"Email\"><i class=\"mec-fa-envelope\"><\/i><span class=\"mec-social-title\">Email<\/span><\/a><\/li>                        <\/ul>\r\n                    <\/li>\r\n                <\/ul>\r\n                                                <a class=\"mec-booking-button\" data-event-id=\"50761\" href=\"https:\/\/agendaculturalriodejaneiro.com\/en\/events\/riascode-no-rock-in-rio-2026\/\" target=\"_self\" rel=\"noopener\">Ver Detalhes<\/a>            <\/div>\r\n        <\/article><\/div>                <div class=\"col-md-4 col-sm-4\"><article class=\" mec-event-article mec-clear  \">                                <div class=\"mec-event-image\"><a data-event-id=\"50998\" href=\"https:\/\/agendaculturalriodejaneiro.com\/en\/events\/requiem-guarani-kaiova-marca-concerto-da-petrobras-sinfonica-no-theatro-municipal\/\" target=\"_self\" rel=\"noopener\"><img loading=\"lazy\" decoding=\"async\" width=\"300\" height=\"168\" src=\"https:\/\/agendaculturalriodejaneiro.com\/wp-content\/uploads\/2026\/06\/d8b8c7ac-287a-11f1-b047-e2846a097d19-300x168.jpeg\" class=\"attachment-medium size-medium wp-post-image\" alt=\"\" data-mec-postid=\"50998\" \/><\/a><\/div>\r\n                        <div class=\"mec-event-content\">\r\n                                    <div class=\"mec-event-date mec-bg-color\">\r\n                        <span class=\"mec-start-date-label\">15 September 2026<\/span>                                                                    <\/div>\r\n                                                                <h4 class=\"mec-event-title\"><a class=\"mec-color-hover\" data-event-id=\"50998\" href=\"https:\/\/agendaculturalriodejaneiro.com\/en\/events\/requiem-guarani-kaiova-marca-concerto-da-petrobras-sinfonica-no-theatro-municipal\/\" target=\"_self\" rel=\"noopener\">R\u00e9quiem Guaran\u00ed-Ka\u00edov\u00e1 marca concerto da Petrobras Sinf\u00f4nica no Theatro Municipal<\/a><\/h4>\r\n                                <p class=\"mec-grid-event-location\">Theatro Municipal do Rio de Janeiro, Pra\u00e7a Floriano, S\/N - Centro, Rio de Janeiro - RJ, 20031-050, Brasil<\/p>\r\n                                                                            <\/div>\r\n            <div class=\"mec-event-footer\">\r\n                                <ul class=\"mec-event-sharing-wrap\">\r\n                    <li class=\"mec-event-share\">\r\n                        <a href=\"#\" class=\"mec-event-share-icon\">\r\n                            <i class=\"mec-sl-share\" title=\"Share\"><\/i>\r\n                        <\/a>\r\n                    <\/li>\r\n                    <li>\r\n                        <ul class=\"mec-event-sharing\">\r\n                            <li class=\"mec-event-social-icon\"><a class=\"facebook\" href=\"https:\/\/www.facebook.com\/sharer\/sharer.php?u=https%3A%2F%2Fagendaculturalriodejaneiro.com%2Fen%2Fevents%2Frequiem-guarani-kaiova-marca-concerto-da-petrobras-sinfonica-no-theatro-municipal%2F\" onclick=\"javascript:window.open(this.href, &apos;&apos;, &apos;menubar=no,toolbar=no,resizable=yes,scrollbars=yes,height=500,width=600&apos;); return false;\" target=\"_blank\" title=\"Share on Facebook\"><i class=\"mec-fa-facebook\"><\/i><span class=\"mec-social-title\">Facebook<\/span><\/a><\/li><li class=\"mec-event-social-icon\"><a class=\"twitter\" href=\"https:\/\/x.com\/intent\/tweet?url=https%3A%2F%2Fagendaculturalriodejaneiro.com%2Fen%2Fevents%2Frequiem-guarani-kaiova-marca-concerto-da-petrobras-sinfonica-no-theatro-municipal%2F\" onclick=\"javascript:window.open(this.href, &apos;&apos;, &apos;menubar=no,toolbar=no,resizable=yes,scrollbars=yes,height=600,width=500&apos;); return false;\" target=\"_blank\" title=\"X Social Network\"><svg xmlns=\"http:\/\/www.w3.org\/2000\/svg\" viewbox=\"0 0 512 462.799\"><path d=\"M403.229 0h78.506L310.219 196.04 512 462.799H354.002L230.261 301.007 88.669 462.799h-78.56l183.455-209.683L0 0h161.999l111.856 147.88L403.229 0zm-27.556 415.805h43.505L138.363 44.527h-46.68l283.99 371.278z\" \/><\/svg><span class=\"mec-social-title\">Twitter<\/span><\/a><\/li><li class=\"mec-event-social-icon\"><a class=\"linkedin\" href=\"https:\/\/www.linkedin.com\/shareArticle?mini=true&amp;url=https%3A%2F%2Fagendaculturalriodejaneiro.com%2Fen%2Fevents%2Frequiem-guarani-kaiova-marca-concerto-da-petrobras-sinfonica-no-theatro-municipal%2F\" onclick=\"javascript:window.open(this.href, &apos;&apos;, &apos;menubar=no,toolbar=no,resizable=yes,scrollbars=yes,height=600,width=500&apos;); return false;\" target=\"_blank\" title=\"Linkedin\"><i class=\"mec-fa-linkedin\"><\/i><span class=\"mec-social-title\">Linkedin<\/span><\/a><\/li><li class=\"mec-event-social-icon\"><a class=\"email\" href=\"mailto:?subject=R%C3%A9quiem%20Guaran%C3%AD-Ka%C3%ADov%C3%A1%20marca%20concerto%20da%20Petrobras%20Sinf%C3%B4nica%20no%20Theatro%20Municipal&amp;body=https%3A%2F%2Fagendaculturalriodejaneiro.com%2Fen%2Fevents%2Frequiem-guarani-kaiova-marca-concerto-da-petrobras-sinfonica-no-theatro-municipal%2F\" title=\"Email\"><i class=\"mec-fa-envelope\"><\/i><span class=\"mec-social-title\">Email<\/span><\/a><\/li>                        <\/ul>\r\n                    <\/li>\r\n                <\/ul>\r\n                                                <a class=\"mec-booking-button\" data-event-id=\"50998\" href=\"https:\/\/agendaculturalriodejaneiro.com\/en\/events\/requiem-guarani-kaiova-marca-concerto-da-petrobras-sinfonica-no-theatro-municipal\/\" target=\"_self\" rel=\"noopener\">Ver Detalhes<\/a>            <\/div>\r\n        <\/article><\/div><\/div>                        \t<\/div>\r\n<\/div>\r\n\r\n    <\/div>\r\n    <div class=\"mec-skin-grid-no-events-container mec-util-hidden\" id=\"mec_skin_no_events_mec1\">\r\n        Eventos n\u00e3o encontrados!    <\/div>\r\n    \r\n    <div class=\"mec-load-more-wrap\">\r\n                <div tabindex=\"0\" onkeydown=\"if(event.keyCode===13){jQuery(this).trigger('click');}\" class=\"mec-load-more-button \">Load More<\/div>\r\n            <\/div>\r\n<\/div>\r\n\t\t\t\t<\/div>\n\t\t\t\t<\/div>\n\t\t\t\t\t<\/div>\n\t\t\t\t<\/div>\n\t\t<div class=\"elementor-element elementor-element-38aad86 e-flex e-con-boxed e-con e-parent\" data-id=\"38aad86\" data-element_type=\"container\" data-e-type=\"container\">\n\t\t\t\t\t<div class=\"e-con-inner\">\n\t\t\t\t<div class=\"elementor-element elementor-element-5b0128e elementor-widget elementor-widget-html\" data-id=\"5b0128e\" data-element_type=\"widget\" data-e-type=\"widget\" data-widget_type=\"html.default\">\n\t\t\t\t<div class=\"elementor-widget-container\">\n\t\t\t\t\t<!-- =========================================================\r\n     AGENDA CULTURAL RIO DE JANEIRO\r\n     HOMEPAGE \u2014 BLOCO 2 \/ DEPOIS DO MEC\r\n========================================================== -->\r\n\r\n<style>\r\n\/* =========================================================\r\n   BLOCO P\u00d3S-MEC\r\n   As vari\u00e1veis principais j\u00e1 s\u00e3o carregadas no Bloco 1\r\n========================================================= *\/\r\n\r\n.acrj-after-agenda {\r\n  width: 100%;\r\n  overflow: hidden;\r\n  color: var(--acrj-texto);\r\n  font-family: \"Poppins\", Arial, Helvetica, sans-serif;\r\n}\r\n\r\n.acrj-after-agenda,\r\n.acrj-after-agenda * {\r\n  box-sizing: border-box;\r\n}\r\n\r\n\r\n\/* =========================================================\r\n   1. FAIXA DE CONFIAN\u00c7A\r\n========================================================= *\/\r\n\r\n.acrj-trust-section {\r\n  padding: 54px 0;\r\n  background: var(--acrj-fundo);\r\n  border-top: 1px solid var(--acrj-linha);\r\n  border-bottom: 1px solid var(--acrj-linha);\r\n}\r\n\r\n.acrj-trust-grid {\r\n  display: grid;\r\n  grid-template-columns: repeat(3, minmax(0, 1fr));\r\n  gap: 18px;\r\n}\r\n\r\n.acrj-trust-card {\r\n  position: relative;\r\n  min-width: 0;\r\n  padding: 25px;\r\n  background: var(--acrj-branco);\r\n  border: 1px solid var(--acrj-linha);\r\n  border-radius: var(--acrj-raio);\r\n  box-shadow: 0 10px 28px rgba(8, 11, 16, 0.055);\r\n}\r\n\r\n.acrj-trust-number {\r\n  display: grid;\r\n  width: 42px;\r\n  height: 42px;\r\n  place-items: center;\r\n  margin-bottom: 18px;\r\n  color: var(--acrj-preto);\r\n  background: var(--acrj-amarelo);\r\n  border-radius: 12px;\r\n  font-size: 12px;\r\n  font-weight: 900;\r\n}\r\n\r\n.acrj-trust-card h3 {\r\n  margin: 0 0 9px;\r\n  color: var(--acrj-preto);\r\n  font-size: 18px;\r\n  line-height: 1.3;\r\n}\r\n\r\n.acrj-trust-card p {\r\n  margin: 0;\r\n  color: var(--acrj-cinza);\r\n  font-size: 13px;\r\n  line-height: 1.7;\r\n}\r\n\r\n\r\n\/* =========================================================\r\n   2. LINKS EDITORIAIS\r\n========================================================= *\/\r\n\r\n.acrj-explore-section {\r\n  padding: 72px 0;\r\n}\r\n\r\n.acrj-explore-grid {\r\n  display: grid;\r\n  grid-template-columns: repeat(3, minmax(0, 1fr));\r\n  gap: 18px;\r\n}\r\n\r\n.acrj-explore-card {\r\n  position: relative;\r\n  display: flex;\r\n  min-width: 0;\r\n  min-height: 178px;\r\n  flex-direction: column;\r\n  justify-content: space-between;\r\n  overflow: hidden;\r\n  padding: 24px;\r\n  color: var(--acrj-preto) !important;\r\n  background: var(--acrj-branco);\r\n  border: 1px solid var(--acrj-linha);\r\n  border-radius: var(--acrj-raio);\r\n  box-shadow: 0 11px 28px rgba(8, 11, 16, 0.06);\r\n  text-decoration: none !important;\r\n  transition:\r\n    transform 180ms ease,\r\n    border-color 180ms ease,\r\n    box-shadow 180ms ease;\r\n}\r\n\r\n.acrj-explore-card::before {\r\n  position: absolute;\r\n  top: 0;\r\n  left: 0;\r\n  width: 66px;\r\n  height: 5px;\r\n  background: var(--acrj-ciano);\r\n  border-radius: 0 0 999px 0;\r\n  content: \"\";\r\n  transition: width 220ms ease;\r\n}\r\n\r\n.acrj-explore-card:hover {\r\n  transform: translateY(-4px);\r\n  border-color: rgba(0, 166, 194, 0.5);\r\n  box-shadow: var(--acrj-sombra-hover);\r\n}\r\n\r\n.acrj-explore-card:hover::before {\r\n  width: 100%;\r\n}\r\n\r\n.acrj-explore-card small {\r\n  display: block;\r\n  margin-bottom: 10px;\r\n  color: var(--acrj-ciano-escuro);\r\n  font-size: 10px;\r\n  font-weight: 800;\r\n  letter-spacing: 0.09em;\r\n  text-transform: uppercase;\r\n}\r\n\r\n.acrj-explore-card strong {\r\n  display: block;\r\n  margin-bottom: 10px;\r\n  color: var(--acrj-preto);\r\n  font-size: 18px;\r\n  line-height: 1.3;\r\n}\r\n\r\n.acrj-explore-card p {\r\n  margin: 0;\r\n  color: var(--acrj-cinza);\r\n  font-size: 13px;\r\n  line-height: 1.65;\r\n}\r\n\r\n.acrj-explore-link {\r\n  display: inline-flex;\r\n  align-items: center;\r\n  gap: 7px;\r\n  margin-top: 20px;\r\n  color: var(--acrj-preto);\r\n  font-size: 12px;\r\n  font-weight: 800;\r\n}\r\n\r\n.acrj-explore-link::after {\r\n  color: var(--acrj-ciano);\r\n  content: \"\u2192\";\r\n  font-size: 17px;\r\n}\r\n\r\n\r\n\/* =========================================================\r\n   3. CASAS DE ESPET\u00c1CULO\r\n========================================================= *\/\r\n\r\n.acrj-venue-section {\r\n  padding: 70px 0;\r\n  color: var(--acrj-branco);\r\n  background:\r\n    radial-gradient(\r\n      circle at 90% 10%,\r\n      rgba(0, 166, 194, 0.25),\r\n      transparent 31%\r\n    ),\r\n    linear-gradient(135deg, #080b10 0%, #102630 100%);\r\n}\r\n\r\n.acrj-venue-section .acrj-kicker {\r\n  color: #b8e7ee;\r\n}\r\n\r\n.acrj-venue-section .acrj-section-heading h2 {\r\n  color: var(--acrj-branco);\r\n}\r\n\r\n.acrj-venue-section .acrj-section-heading p {\r\n  color: #c7d7dc;\r\n}\r\n\r\n.acrj-venue-grid {\r\n  display: grid;\r\n  grid-template-columns: repeat(4, minmax(0, 1fr));\r\n  gap: 13px;\r\n}\r\n\r\n.acrj-venue-link {\r\n  display: flex;\r\n  min-width: 0;\r\n  min-height: 77px;\r\n  align-items: center;\r\n  justify-content: space-between;\r\n  gap: 13px;\r\n  padding: 16px 17px;\r\n  color: var(--acrj-branco) !important;\r\n  background: rgba(255, 255, 255, 0.065);\r\n  border: 1px solid rgba(255, 255, 255, 0.13);\r\n  border-radius: 13px;\r\n  font-size: 13px;\r\n  font-weight: 700;\r\n  line-height: 1.4;\r\n  text-decoration: none !important;\r\n  transition:\r\n    transform 160ms ease,\r\n    background-color 160ms ease,\r\n    border-color 160ms ease;\r\n}\r\n\r\n.acrj-venue-link::after {\r\n  flex: 0 0 auto;\r\n  color: var(--acrj-amarelo);\r\n  content: \"\u203a\";\r\n  font-size: 23px;\r\n  line-height: 1;\r\n}\r\n\r\n.acrj-venue-link:hover {\r\n  transform: translateY(-3px);\r\n  background: rgba(0, 166, 194, 0.18);\r\n  border-color: rgba(0, 166, 194, 0.62);\r\n}\r\n\r\n\r\n\/* =========================================================\r\n   4. FAQ\r\n========================================================= *\/\r\n\r\n.acrj-faq-section {\r\n  padding: 72px 0 35px;\r\n}\r\n\r\n.acrj-faq-list {\r\n  display: grid;\r\n  max-width: 900px;\r\n  gap: 12px;\r\n}\r\n\r\n.acrj-faq-item {\r\n  overflow: hidden;\r\n  background: var(--acrj-branco);\r\n  border: 1px solid var(--acrj-linha);\r\n  border-radius: 14px;\r\n}\r\n\r\n.acrj-faq-item summary {\r\n  position: relative;\r\n  display: flex;\r\n  min-height: 64px;\r\n  align-items: center;\r\n  justify-content: space-between;\r\n  gap: 18px;\r\n  padding: 17px 53px 17px 19px;\r\n  color: var(--acrj-preto);\r\n  cursor: pointer;\r\n  font-size: 15px;\r\n  font-weight: 750;\r\n  line-height: 1.45;\r\n  list-style: none;\r\n}\r\n\r\n.acrj-faq-item summary::-webkit-details-marker {\r\n  display: none;\r\n}\r\n\r\n.acrj-faq-item summary::after {\r\n  position: absolute;\r\n  top: 50%;\r\n  right: 19px;\r\n  display: grid;\r\n  width: 28px;\r\n  height: 28px;\r\n  place-items: center;\r\n  color: var(--acrj-preto);\r\n  background: var(--acrj-amarelo);\r\n  border-radius: 50%;\r\n  content: \"+\";\r\n  font-size: 18px;\r\n  font-weight: 700;\r\n  line-height: 1;\r\n  transform: translateY(-50%);\r\n}\r\n\r\n.acrj-faq-item[open] summary::after {\r\n  content: \"\u2212\";\r\n}\r\n\r\n.acrj-faq-answer {\r\n  padding: 0 19px 19px;\r\n  color: var(--acrj-cinza);\r\n  font-size: 14px;\r\n  line-height: 1.75;\r\n}\r\n\r\n.acrj-faq-answer p {\r\n  margin: 0;\r\n}\r\n\r\n.acrj-faq-answer a {\r\n  color: var(--acrj-ciano-escuro);\r\n  font-weight: 700;\r\n}\r\n\r\n\r\n\/* =========================================================\r\n   5. CTA INSTITUCIONAL\r\n========================================================= *\/\r\n\r\n.acrj-submit-section {\r\n  padding: 40px 0 76px;\r\n}\r\n\r\n.acrj-submit-box {\r\n  position: relative;\r\n  isolation: isolate;\r\n  display: grid;\r\n  grid-template-columns: minmax(0, 1fr) auto;\r\n  gap: 30px;\r\n  align-items: center;\r\n  overflow: hidden;\r\n  padding: clamp(30px, 5vw, 53px);\r\n  color: var(--acrj-branco);\r\n  background:\r\n    linear-gradient(\r\n      130deg,\r\n      var(--acrj-ciano-profundo) 0%,\r\n      var(--acrj-ciano) 100%\r\n    );\r\n  border-radius: var(--acrj-raio-grande);\r\n  box-shadow: 0 23px 55px rgba(0, 95, 115, 0.2);\r\n}\r\n\r\n.acrj-submit-box::before {\r\n  position: absolute;\r\n  z-index: -1;\r\n  top: -100px;\r\n  right: -70px;\r\n  width: 270px;\r\n  height: 270px;\r\n  border: 55px solid rgba(255, 224, 0, 0.16);\r\n  border-radius: 50%;\r\n  content: \"\";\r\n}\r\n\r\n.acrj-submit-copy {\r\n  max-width: 750px;\r\n}\r\n\r\n.acrj-submit-copy small {\r\n  display: block;\r\n  margin-bottom: 9px;\r\n  color: #c9f3f8;\r\n  font-size: 11px;\r\n  font-weight: 800;\r\n  letter-spacing: 0.09em;\r\n  text-transform: uppercase;\r\n}\r\n\r\n.acrj-submit-copy h2 {\r\n  margin: 0 0 12px;\r\n  color: var(--acrj-branco);\r\n  font-size: clamp(27px, 4vw, 42px);\r\n  line-height: 1.15;\r\n}\r\n\r\n.acrj-submit-copy p {\r\n  margin: 0;\r\n  color: #e2f5f7;\r\n  font-size: 15px;\r\n  line-height: 1.75;\r\n}\r\n\r\n.acrj-submit-actions {\r\n  display: flex;\r\n  min-width: 210px;\r\n  flex-direction: column;\r\n  gap: 10px;\r\n}\r\n\r\n\r\n\/* =========================================================\r\n   6. RESPONSIVIDADE\r\n========================================================= *\/\r\n\r\n@media (max-width: 1050px) {\r\n  .acrj-explore-grid {\r\n    grid-template-columns: repeat(2, minmax(0, 1fr));\r\n  }\r\n\r\n  .acrj-venue-grid {\r\n    grid-template-columns: repeat(3, minmax(0, 1fr));\r\n  }\r\n}\r\n\r\n@media (max-width: 820px) {\r\n  .acrj-trust-grid {\r\n    grid-template-columns: minmax(0, 1fr);\r\n  }\r\n\r\n  .acrj-submit-box {\r\n    grid-template-columns: minmax(0, 1fr);\r\n  }\r\n\r\n  .acrj-submit-actions {\r\n    min-width: 0;\r\n    flex-direction: row;\r\n    flex-wrap: wrap;\r\n  }\r\n}\r\n\r\n@media (max-width: 680px) {\r\n  .acrj-trust-section,\r\n  .acrj-explore-section,\r\n  .acrj-venue-section,\r\n  .acrj-faq-section {\r\n    padding-top: 54px;\r\n    padding-bottom: 54px;\r\n  }\r\n\r\n  .acrj-explore-grid,\r\n  .acrj-venue-grid {\r\n    grid-template-columns: minmax(0, 1fr);\r\n  }\r\n\r\n  .acrj-explore-card {\r\n    min-height: 0;\r\n  }\r\n\r\n  .acrj-submit-section {\r\n    padding-top: 18px;\r\n    padding-bottom: 55px;\r\n  }\r\n\r\n  .acrj-submit-box {\r\n    border-radius: 20px;\r\n  }\r\n\r\n  .acrj-submit-actions {\r\n    align-items: stretch;\r\n    flex-direction: column;\r\n  }\r\n}\r\n<\/style>\r\n\r\n\r\n<div class=\"acrj-after-agenda\">\r\n\r\n  <!-- SEGUNDO AN\u00daNCIO -->\r\n  <aside class=\"acrj-ad-wrapper\" aria-label=\"Publicidade\">\r\n    <span class=\"acrj-ad-label\">PUB<\/span>\r\n\r\n    <div\r\n      class=\"acrj-ad-slot\"\r\n      data-desktop-slot=\"5800876183\"\r\n      data-mobile-slot=\"6529814326\"\r\n    ><\/div>\r\n  <\/aside>\r\n\r\n\r\n  <!-- CONFIAN\u00c7A E UTILIDADE -->\r\n  <section\r\n    class=\"acrj-trust-section\"\r\n    aria-labelledby=\"acrj-tips-title\"\r\n  >\r\n    <div class=\"acrj-container\">\r\n\r\n      <div class=\"acrj-section-heading\">\r\n        <span class=\"acrj-kicker\">Planeje seu passeio<\/span>\r\n\r\n        <h2 id=\"acrj-tips-title\">\r\n          Antes de sair, confira os detalhes\r\n        <\/h2>\r\n\r\n        <p>\r\n          As programa\u00e7\u00f5es podem sofrer altera\u00e7\u00f5es. Consulte a p\u00e1gina do\r\n          evento e confirme as informa\u00e7\u00f5es oficiais antes do deslocamento.\r\n        <\/p>\r\n      <\/div>\r\n\r\n      <div class=\"acrj-trust-grid\">\r\n\r\n        <article class=\"acrj-trust-card\">\r\n          <span class=\"acrj-trust-number\">01<\/span>\r\n\r\n          <h3>Confirme data e hor\u00e1rio<\/h3>\r\n\r\n          <p>\r\n            Verifique abertura dos port\u00f5es, dura\u00e7\u00e3o, sess\u00f5es dispon\u00edveis\r\n            e poss\u00edveis mudan\u00e7as de \u00faltima hora.\r\n          <\/p>\r\n        <\/article>\r\n\r\n        <article class=\"acrj-trust-card\">\r\n          <span class=\"acrj-trust-number\">02<\/span>\r\n\r\n          <h3>Veja endere\u00e7o e transporte<\/h3>\r\n\r\n          <p>\r\n            Consulte o endere\u00e7o completo, as op\u00e7\u00f5es de transporte e o\r\n            tempo necess\u00e1rio para chegar ao local.\r\n          <\/p>\r\n        <\/article>\r\n\r\n        <article class=\"acrj-trust-card\">\r\n          <span class=\"acrj-trust-number\">03<\/span>\r\n\r\n          <h3>Confira ingressos e regras<\/h3>\r\n\r\n          <p>\r\n            Confirme valores, necessidade de reserva, classifica\u00e7\u00e3o et\u00e1ria\r\n            e documentos exigidos na entrada.\r\n          <\/p>\r\n        <\/article>\r\n\r\n      <\/div>\r\n    <\/div>\r\n  <\/section>\r\n\r\n\r\n  <!-- LINKS INTERNOS TEM\u00c1TICOS -->\r\n  <section\r\n    class=\"acrj-explore-section\"\r\n    aria-labelledby=\"acrj-explore-title\"\r\n  >\r\n    <div class=\"acrj-container\">\r\n\r\n      <div class=\"acrj-section-heading\">\r\n        <span class=\"acrj-kicker\">Continue explorando<\/span>\r\n\r\n        <h2 id=\"acrj-explore-title\">\r\n          Mais ideias para aproveitar o Rio\r\n        <\/h2>\r\n\r\n        <p>\r\n          Navegue pelas agendas tem\u00e1ticas e encontre experi\u00eancias de acordo\r\n          com seu interesse, companhia e hor\u00e1rio dispon\u00edvel.\r\n        <\/p>\r\n      <\/div>\r\n\r\n      <div class=\"acrj-explore-grid\">\r\n\r\n        <a\r\n          class=\"acrj-explore-card\"\r\n          href=\"https:\/\/agendaculturalriodejaneiro.com\/final-de-semana-no-rio-de-janeiro\/\"\r\n        >\r\n          <div>\r\n            <small>Pr\u00f3ximos dias<\/small>\r\n            <strong>O que fazer neste fim de semana<\/strong>\r\n            <p>\r\n              Shows, teatro, exposi\u00e7\u00f5es, festas e programas para s\u00e1bado\r\n              e domingo.\r\n            <\/p>\r\n          <\/div>\r\n\r\n          <span class=\"acrj-explore-link\">\r\n            Ver programa\u00e7\u00e3o\r\n          <\/span>\r\n        <\/a>\r\n\r\n        <a\r\n          class=\"acrj-explore-card\"\r\n          href=\"https:\/\/agendaculturalriodejaneiro.com\/shows-rio-de-janeiro-musica-concertos\/\"\r\n        >\r\n          <div>\r\n            <small>M\u00fasica<\/small>\r\n            <strong>Shows e concertos no Rio<\/strong>\r\n            <p>\r\n              Grandes apresenta\u00e7\u00f5es, festivais, samba, MPB, jazz, rock\r\n              e m\u00fasica ao vivo.\r\n            <\/p>\r\n          <\/div>\r\n\r\n          <span class=\"acrj-explore-link\">\r\n            Ver shows\r\n          <\/span>\r\n        <\/a>\r\n\r\n        <a\r\n          class=\"acrj-explore-card\"\r\n          href=\"https:\/\/agendaculturalriodejaneiro.com\/pecas-de-teatro-rio-de-janeiro\/\"\r\n        >\r\n          <div>\r\n            <small>Em cartaz<\/small>\r\n            <strong>Pe\u00e7as de teatro<\/strong>\r\n            <p>\r\n              Com\u00e9dias, dramas, musicais, dan\u00e7a e espet\u00e1culos nos teatros\r\n              cariocas.\r\n            <\/p>\r\n          <\/div>\r\n\r\n          <span class=\"acrj-explore-link\">\r\n            Ver espet\u00e1culos\r\n          <\/span>\r\n        <\/a>\r\n\r\n        <a\r\n          class=\"acrj-explore-card\"\r\n          href=\"https:\/\/agendaculturalriodejaneiro.com\/programacao-infantil-do-rio-de-janeiro\/\"\r\n        >\r\n          <div>\r\n            <small>Para fam\u00edlias<\/small>\r\n            <strong>Programa\u00e7\u00e3o infantil<\/strong>\r\n            <p>\r\n              Teatro, oficinas, experi\u00eancias e passeios para fazer\r\n              com crian\u00e7as.\r\n            <\/p>\r\n          <\/div>\r\n\r\n          <span class=\"acrj-explore-link\">\r\n            Ver atividades\r\n          <\/span>\r\n        <\/a>\r\n\r\n        <a\r\n          class=\"acrj-explore-card\"\r\n          href=\"https:\/\/agendaculturalriodejaneiro.com\/exposicoes-no-rio-de-janeiro\/\"\r\n        >\r\n          <div>\r\n            <small>Arte e cultura<\/small>\r\n            <strong>Exposi\u00e7\u00f5es no Rio<\/strong>\r\n            <p>\r\n              Museus, galerias, mostras tempor\u00e1rias, instala\u00e7\u00f5es e arte\r\n              contempor\u00e2nea.\r\n            <\/p>\r\n          <\/div>\r\n\r\n          <span class=\"acrj-explore-link\">\r\n            Ver exposi\u00e7\u00f5es\r\n          <\/span>\r\n        <\/a>\r\n\r\n        <a\r\n          class=\"acrj-explore-card\"\r\n          href=\"https:\/\/agendaculturalriodejaneiro.com\/o-que-fazer-no-rio-de-janeiro-a-noite\/\"\r\n        >\r\n          <div>\r\n            <small>Depois do p\u00f4r do sol<\/small>\r\n            <strong>O que fazer \u00e0 noite<\/strong>\r\n            <p>\r\n              M\u00fasica ao vivo, festas, bares culturais, espet\u00e1culos\r\n              e experi\u00eancias noturnas.\r\n            <\/p>\r\n          <\/div>\r\n\r\n          <span class=\"acrj-explore-link\">\r\n            Explorar a noite\r\n          <\/span>\r\n        <\/a>\r\n\r\n      <\/div>\r\n    <\/div>\r\n  <\/section>\r\n\r\n\r\n  <!-- CASAS DE ESPET\u00c1CULO -->\r\n  <section\r\n    class=\"acrj-venue-section\"\r\n    aria-labelledby=\"acrj-venues-title\"\r\n  >\r\n    <div class=\"acrj-container\">\r\n\r\n      <div class=\"acrj-section-heading\">\r\n        <span class=\"acrj-kicker\">Palcos e espa\u00e7os culturais<\/span>\r\n\r\n        <h2 id=\"acrj-venues-title\">\r\n          Agendas das principais casas de espet\u00e1culo\r\n        <\/h2>\r\n\r\n        <p>\r\n          Acompanhe os pr\u00f3ximos shows, pe\u00e7as, festas e experi\u00eancias\r\n          programadas em alguns dos espa\u00e7os mais procurados do Rio.\r\n        <\/p>\r\n      <\/div>\r\n\r\n      <nav class=\"acrj-venue-grid\" aria-label=\"Casas de espet\u00e1culo\">\r\n\r\n        <a\r\n          class=\"acrj-venue-link\"\r\n          href=\"https:\/\/agendaculturalriodejaneiro.com\/agenda-circo-voador-rj\/\"\r\n        >\r\n          Circo Voador\r\n        <\/a>\r\n\r\n        <a\r\n          class=\"acrj-venue-link\"\r\n          href=\"https:\/\/agendaculturalriodejaneiro.com\/agenda-fundicao-progresso\/\"\r\n        >\r\n          Fundi\u00e7\u00e3o Progresso\r\n        <\/a>\r\n\r\n        <a\r\n          class=\"acrj-venue-link\"\r\n          href=\"https:\/\/agendaculturalriodejaneiro.com\/agenda-qualistage-2\/\"\r\n        >\r\n          Qualistage\r\n        <\/a>\r\n\r\n        <a\r\n          class=\"acrj-venue-link\"\r\n          href=\"https:\/\/agendaculturalriodejaneiro.com\/agenda-vivo-rio\/\"\r\n        >\r\n          Vivo Rio\r\n        <\/a>\r\n\r\n        <a\r\n          class=\"acrj-venue-link\"\r\n          href=\"https:\/\/agendaculturalriodejaneiro.com\/agenda-blue-note-rj\/\"\r\n        >\r\n          Blue Note Rio\r\n        <\/a>\r\n\r\n        <a\r\n          class=\"acrj-venue-link\"\r\n          href=\"https:\/\/agendaculturalriodejaneiro.com\/agenda-teatro-riachuelo-rj\/\"\r\n        >\r\n          Teatro Riachuelo\r\n        <\/a>\r\n\r\n        <a\r\n          class=\"acrj-venue-link\"\r\n          href=\"https:\/\/agendaculturalriodejaneiro.com\/agenda-teatro-rival-rpetrobras\/\"\r\n        >\r\n          Teatro Rival Petrobras\r\n        <\/a>\r\n\r\n        <a\r\n          class=\"acrj-venue-link\"\r\n          href=\"https:\/\/agendaculturalriodejaneiro.com\/agenda-teatro-multiplan\/\"\r\n        >\r\n          Teatro Multiplan\r\n        <\/a>\r\n\r\n        <a\r\n          class=\"acrj-venue-link\"\r\n          href=\"https:\/\/agendaculturalriodejaneiro.com\/agenda-espaco-hall-rj\/\"\r\n        >\r\n          Espa\u00e7o Hall\r\n        <\/a>\r\n\r\n        <a\r\n          class=\"acrj-venue-link\"\r\n          href=\"https:\/\/agendaculturalriodejaneiro.com\/agenda-via-music-hall\/\"\r\n        >\r\n          Via Music Hall\r\n        <\/a>\r\n\r\n        <a\r\n          class=\"acrj-venue-link\"\r\n          href=\"https:\/\/agendaculturalriodejaneiro.com\/agenda-rio-scenarium\/\"\r\n        >\r\n          Rio Scenarium\r\n        <\/a>\r\n\r\n        <a\r\n          class=\"acrj-venue-link\"\r\n          href=\"https:\/\/agendaculturalriodejaneiro.com\/agenda-marina-da-gloria-rj\/\"\r\n        >\r\n          Marina da Gl\u00f3ria\r\n        <\/a>\r\n\r\n      <\/nav>\r\n    <\/div>\r\n  <\/section>\r\n\r\n\r\n  <!-- TERCEIRO AN\u00daNCIO -->\r\n  <aside class=\"acrj-ad-wrapper\" aria-label=\"Publicidade\">\r\n    <span class=\"acrj-ad-label\">PUB<\/span>\r\n\r\n    <div\r\n      class=\"acrj-ad-slot\"\r\n      data-desktop-slot=\"5800876183\"\r\n      data-mobile-slot=\"6529814326\"\r\n    ><\/div>\r\n  <\/aside>\r\n\r\n\r\n  <!-- FAQ -->\r\n  <section\r\n    class=\"acrj-faq-section\"\r\n    aria-labelledby=\"acrj-faq-title\"\r\n  >\r\n    <div class=\"acrj-container\">\r\n\r\n      <div class=\"acrj-section-heading\">\r\n        <span class=\"acrj-kicker\">Perguntas frequentes<\/span>\r\n\r\n        <h2 id=\"acrj-faq-title\">\r\n          D\u00favidas sobre a Agenda Cultural do Rio\r\n        <\/h2>\r\n\r\n        <p>\r\n          Informa\u00e7\u00f5es r\u00e1pidas para encontrar eventos, passeios e atra\u00e7\u00f5es\r\n          culturais no Rio de Janeiro.\r\n        <\/p>\r\n      <\/div>\r\n\r\n      <div class=\"acrj-faq-list\">\r\n\r\n        <details class=\"acrj-faq-item\">\r\n          <summary>\r\n            Que tipos de eventos aparecem nesta agenda?\r\n          <\/summary>\r\n\r\n          <div class=\"acrj-faq-answer\">\r\n            <p>\r\n              A agenda re\u00fane shows, teatro, dan\u00e7a, exposi\u00e7\u00f5es, com\u00e9dia,\r\n              atividades infantis, festas, festivais, passeios, experi\u00eancias\r\n              e outros eventos culturais realizados no Rio de Janeiro\r\n              e regi\u00e3o.\r\n            <\/p>\r\n          <\/div>\r\n        <\/details>\r\n\r\n        <details class=\"acrj-faq-item\">\r\n          <summary>\r\n            Onde encontro eventos para este fim de semana?\r\n          <\/summary>\r\n\r\n          <div class=\"acrj-faq-answer\">\r\n            <p>\r\n              Consulte a p\u00e1gina de\r\n              <a href=\"https:\/\/agendaculturalriodejaneiro.com\/final-de-semana-no-rio-de-janeiro\/\">\r\n                eventos para o fim de semana no Rio\r\n              <\/a>\r\n              para encontrar atra\u00e7\u00f5es programadas para s\u00e1bado e domingo.\r\n            <\/p>\r\n          <\/div>\r\n        <\/details>\r\n\r\n        <details class=\"acrj-faq-item\">\r\n          <summary>\r\n            H\u00e1 programa\u00e7\u00e3o cultural para crian\u00e7as?\r\n          <\/summary>\r\n\r\n          <div class=\"acrj-faq-answer\">\r\n            <p>\r\n              Sim. A\r\n              <a href=\"https:\/\/agendaculturalriodejaneiro.com\/programacao-infantil-do-rio-de-janeiro\/\">\r\n                programa\u00e7\u00e3o infantil do Rio de Janeiro\r\n              <\/a>\r\n              re\u00fane teatro, oficinas, musicais, passeios e experi\u00eancias\r\n              para fam\u00edlias.\r\n            <\/p>\r\n          <\/div>\r\n        <\/details>\r\n\r\n        <details class=\"acrj-faq-item\">\r\n          <summary>\r\n            Como confirmar se um evento ainda vai acontecer?\r\n          <\/summary>\r\n\r\n          <div class=\"acrj-faq-answer\">\r\n            <p>\r\n              Abra a p\u00e1gina do evento e confira data, hor\u00e1rio, endere\u00e7o e\r\n              informa\u00e7\u00f5es sobre ingressos. Antes de sair, consulte tamb\u00e9m\r\n              os canais oficiais da organiza\u00e7\u00e3o ou da casa de espet\u00e1culo.\r\n            <\/p>\r\n          <\/div>\r\n        <\/details>\r\n\r\n        <details class=\"acrj-faq-item\">\r\n          <summary>\r\n            Como cadastrar um evento na agenda?\r\n          <\/summary>\r\n\r\n          <div class=\"acrj-faq-answer\">\r\n            <p>\r\n              Organizadores, produtores e espa\u00e7os culturais podem utilizar\r\n              a p\u00e1gina\r\n              <a href=\"https:\/\/agendaculturalriodejaneiro.com\/crie-o-seu-evento\/\">\r\n                Cadastre seu evento\r\n              <\/a>\r\n              para enviar as informa\u00e7\u00f5es para an\u00e1lise editorial.\r\n            <\/p>\r\n          <\/div>\r\n        <\/details>\r\n\r\n      <\/div>\r\n    <\/div>\r\n  <\/section>\r\n\r\n\r\n  <!-- CTA FINAL -->\r\n  <section\r\n    class=\"acrj-submit-section\"\r\n    aria-labelledby=\"acrj-submit-title\"\r\n  >\r\n    <div class=\"acrj-container\">\r\n\r\n      <div class=\"acrj-submit-box\">\r\n\r\n        <div class=\"acrj-submit-copy\">\r\n          <small>Produtores e espa\u00e7os culturais<\/small>\r\n\r\n          <h2 id=\"acrj-submit-title\">\r\n            Tem um evento no Rio de Janeiro?\r\n          <\/h2>\r\n\r\n          <p>\r\n            Envie shows, espet\u00e1culos, exposi\u00e7\u00f5es, oficinas, festas,\r\n            festivais e outras atividades para avalia\u00e7\u00e3o da equipe editorial\r\n            da Agenda Cultural do Rio de Janeiro.\r\n          <\/p>\r\n        <\/div>\r\n\r\n        <div class=\"acrj-submit-actions\">\r\n          <a\r\n            class=\"acrj-button acrj-button--primary\"\r\n            href=\"https:\/\/agendaculturalriodejaneiro.com\/crie-o-seu-evento\/\"\r\n          >\r\n            Cadastrar evento\r\n          <\/a>\r\n\r\n          <a\r\n            class=\"acrj-button acrj-button--secondary\"\r\n            href=\"https:\/\/agendaculturalriodejaneiro.com\/contato-agenda-cultural-rio-de-janeiro\/\"\r\n          >\r\n            Falar com a agenda\r\n          <\/a>\r\n        <\/div>\r\n\r\n      <\/div>\r\n    <\/div>\r\n  <\/section>\r\n\r\n<\/div>\r\n\r\n\r\n<!-- =========================================================\r\n     SCHEMA FAQ \u2014 SEO PT-BR\r\n========================================================== -->\r\n<script type=\"application\/ld+json\">\r\n{\r\n  \"@context\": \"https:\/\/schema.org\",\r\n  \"@type\": \"FAQPage\",\r\n  \"mainEntity\": [\r\n    {\r\n      \"@type\": \"Question\",\r\n      \"name\": \"Que tipos de eventos aparecem nesta agenda?\",\r\n      \"acceptedAnswer\": {\r\n        \"@type\": \"Answer\",\r\n        \"text\": \"A agenda re\u00fane shows, teatro, dan\u00e7a, exposi\u00e7\u00f5es, com\u00e9dia, atividades infantis, festas, festivais, passeios, experi\u00eancias e outros eventos culturais realizados no Rio de Janeiro e regi\u00e3o.\"\r\n      }\r\n    },\r\n    {\r\n      \"@type\": \"Question\",\r\n      \"name\": \"Onde encontro eventos para este fim de semana?\",\r\n      \"acceptedAnswer\": {\r\n        \"@type\": \"Answer\",\r\n        \"text\": \"Consulte a p\u00e1gina de eventos para o fim de semana no Rio para encontrar atra\u00e7\u00f5es programadas para s\u00e1bado e domingo.\"\r\n      }\r\n    },\r\n    {\r\n      \"@type\": \"Question\",\r\n      \"name\": \"H\u00e1 programa\u00e7\u00e3o cultural para crian\u00e7as?\",\r\n      \"acceptedAnswer\": {\r\n        \"@type\": \"Answer\",\r\n        \"text\": \"Sim. A programa\u00e7\u00e3o infantil re\u00fane teatro, oficinas, musicais, passeios e experi\u00eancias para fam\u00edlias.\"\r\n      }\r\n    },\r\n    {\r\n      \"@type\": \"Question\",\r\n      \"name\": \"Como confirmar se um evento ainda vai acontecer?\",\r\n      \"acceptedAnswer\": {\r\n        \"@type\": \"Answer\",\r\n        \"text\": \"Abra a p\u00e1gina do evento e confira data, hor\u00e1rio, endere\u00e7o e informa\u00e7\u00f5es sobre ingressos. Antes de sair, consulte tamb\u00e9m os canais oficiais da organiza\u00e7\u00e3o ou da casa de espet\u00e1culo.\"\r\n      }\r\n    },\r\n    {\r\n      \"@type\": \"Question\",\r\n      \"name\": \"Como cadastrar um evento na agenda?\",\r\n      \"acceptedAnswer\": {\r\n        \"@type\": \"Answer\",\r\n        \"text\": \"Organizadores, produtores e espa\u00e7os culturais podem utilizar a p\u00e1gina Cadastre seu evento para enviar as informa\u00e7\u00f5es para an\u00e1lise editorial.\"\r\n      }\r\n    }\r\n  ]\r\n}\r\n<\/script>\t\t\t\t<\/div>\n\t\t\t\t<\/div>\n\t\t\t\t\t<\/div>\n\t\t\t\t<\/div>\n\t\t\t\t<\/div>\n\t\t","protected":false},"excerpt":{"rendered":"<p>Your cultural guide to the Marvelous City Rio de Janeiro's Cultural Agenda: events and what to do in RJ Discover shows, plays, exhibitions, children's activities, parties, tours and experiences to enjoy the best of Rio de Janeiro. View Upcoming Events \u2193 Weekend Schedule Find Your Next Show Choose a Theme\u2026&nbsp;<\/p>","protected":false},"author":8,"featured_media":24,"parent":0,"menu_order":0,"comment_status":"closed","ping_status":"closed","template":"elementor_header_footer","meta":{"neve_meta_sidebar":"","neve_meta_container":"","neve_meta_enable_content_width":"","neve_meta_content_width":0,"neve_meta_title_alignment":"","neve_meta_author_avatar":"","neve_post_elements_order":"","neve_meta_disable_header":"","neve_meta_disable_footer":"","neve_meta_disable_title":"","footnotes":""},"class_list":["post-49084","page","type-page","status-publish","has-post-thumbnail","hentry"],"yoast_head":"<!-- This site is optimized with the Yoast SEO plugin v28.4 - https:\/\/yoast.com\/product\/yoast-seo-wordpress\/ -->\n<title>Agenda Cultural do Rio de Janeiro: eventos e o que fazer no RJ<\/title>\n<meta name=\"description\" content=\"Descubra shows, teatro, exposi\u00e7\u00f5es, programa\u00e7\u00e3o infantil, festas, passeios e os melhores eventos no Rio de Janeiro. Confira a agenda cultural do RJ.\" \/>\n<meta name=\"robots\" content=\"index, follow, max-snippet:-1, max-image-preview:large, max-video-preview:-1\" \/>\n<link rel=\"canonical\" href=\"https:\/\/agendaculturalriodejaneiro.com\/en\/\" \/>\n<meta property=\"og:locale\" content=\"en_US\" \/>\n<meta property=\"og:type\" content=\"article\" \/>\n<meta property=\"og:title\" content=\"Agenda Cultural do Rio de Janeiro: eventos e o que fazer no RJ\" \/>\n<meta property=\"og:description\" content=\"Descubra shows, teatro, exposi\u00e7\u00f5es, programa\u00e7\u00e3o infantil, festas, passeios e os melhores eventos no Rio de Janeiro. Confira a agenda cultural do RJ.\" \/>\n<meta property=\"og:url\" content=\"https:\/\/agendaculturalriodejaneiro.com\/en\/\" \/>\n<meta property=\"og:site_name\" content=\"Agenda Cultural Rio de Janeiro\" \/>\n<meta property=\"article:publisher\" content=\"https:\/\/www.facebook.com\/agenda_cultural_rio_de_janeiro-106278728546059\" \/>\n<meta property=\"article:modified_time\" content=\"2026-07-17T12:55:04+00:00\" \/>\n<meta property=\"og:image\" content=\"https:\/\/agendaculturalriodejaneiro.com\/wp-content\/uploads\/2021\/11\/agustin-diaz-gargiulo-7F65HDP0-E0-unsplash-e1637968202746.jpg\" \/>\n\t<meta property=\"og:image:width\" content=\"950\" \/>\n\t<meta property=\"og:image:height\" content=\"633\" \/>\n\t<meta property=\"og:image:type\" content=\"image\/jpeg\" \/>\n<meta name=\"twitter:card\" content=\"summary_large_image\" \/>\n<meta name=\"twitter:label1\" content=\"Est. reading time\" \/>\n\t<meta name=\"twitter:data1\" content=\"28 minutes\" \/>\n<script type=\"application\/ld+json\" class=\"yoast-schema-graph\">{\"@context\":\"https:\\\/\\\/schema.org\",\"@graph\":[{\"@type\":\"WebPage\",\"@id\":\"https:\\\/\\\/agendaculturalriodejaneiro.com\\\/\",\"url\":\"https:\\\/\\\/agendaculturalriodejaneiro.com\\\/\",\"name\":\"Agenda Cultural do Rio de Janeiro: eventos e o que fazer no RJ\",\"isPartOf\":{\"@id\":\"https:\\\/\\\/agendaculturalriodejaneiro.com\\\/#website\"},\"primaryImageOfPage\":{\"@id\":\"https:\\\/\\\/agendaculturalriodejaneiro.com\\\/#primaryimage\"},\"image\":{\"@id\":\"https:\\\/\\\/agendaculturalriodejaneiro.com\\\/#primaryimage\"},\"thumbnailUrl\":\"https:\\\/\\\/agendaculturalriodejaneiro.com\\\/wp-content\\\/uploads\\\/2021\\\/11\\\/agustin-diaz-gargiulo-7F65HDP0-E0-unsplash-e1637968202746.jpg\",\"datePublished\":\"2026-04-22T20:29:16+00:00\",\"dateModified\":\"2026-07-17T12:55:04+00:00\",\"description\":\"Descubra shows, teatro, exposi\u00e7\u00f5es, programa\u00e7\u00e3o infantil, festas, passeios e os melhores eventos no Rio de Janeiro. Confira a agenda cultural do RJ.\",\"breadcrumb\":{\"@id\":\"https:\\\/\\\/agendaculturalriodejaneiro.com\\\/#breadcrumb\"},\"inLanguage\":\"en-US\",\"potentialAction\":[{\"@type\":\"ReadAction\",\"target\":[\"https:\\\/\\\/agendaculturalriodejaneiro.com\\\/\"]}]},{\"@type\":\"ImageObject\",\"inLanguage\":\"en-US\",\"@id\":\"https:\\\/\\\/agendaculturalriodejaneiro.com\\\/#primaryimage\",\"url\":\"https:\\\/\\\/agendaculturalriodejaneiro.com\\\/wp-content\\\/uploads\\\/2021\\\/11\\\/agustin-diaz-gargiulo-7F65HDP0-E0-unsplash-e1637968202746.jpg\",\"contentUrl\":\"https:\\\/\\\/agendaculturalriodejaneiro.com\\\/wp-content\\\/uploads\\\/2021\\\/11\\\/agustin-diaz-gargiulo-7F65HDP0-E0-unsplash-e1637968202746.jpg\",\"width\":950,\"height\":633,\"caption\":\"AGENDA CULTURAL RIO DE JANEIRO - RJ\"},{\"@type\":\"BreadcrumbList\",\"@id\":\"https:\\\/\\\/agendaculturalriodejaneiro.com\\\/#breadcrumb\",\"itemListElement\":[{\"@type\":\"ListItem\",\"position\":1,\"name\":\"In\u00edcio\",\"item\":\"https:\\\/\\\/agendaculturalriodejaneiro.com\\\/\"},{\"@type\":\"ListItem\",\"position\":2,\"name\":\"Agenda Cultural do Rio de Janeiro: eventos e o que fazer no RJ\"}]},{\"@type\":\"WebSite\",\"@id\":\"https:\\\/\\\/agendaculturalriodejaneiro.com\\\/#website\",\"url\":\"https:\\\/\\\/agendaculturalriodejaneiro.com\\\/\",\"name\":\"Agenda Cultural Rio de Janeiro\",\"description\":\"Agenda de Eventos no Rio de Janeiro . O que fazer no Rio de Janeiro\",\"publisher\":{\"@id\":\"https:\\\/\\\/agendaculturalriodejaneiro.com\\\/#organization\"},\"potentialAction\":[{\"@type\":\"SearchAction\",\"target\":{\"@type\":\"EntryPoint\",\"urlTemplate\":\"https:\\\/\\\/agendaculturalriodejaneiro.com\\\/?s={search_term_string}\"},\"query-input\":{\"@type\":\"PropertyValueSpecification\",\"valueRequired\":true,\"valueName\":\"search_term_string\"}}],\"inLanguage\":\"en-US\"},{\"@type\":\"Organization\",\"@id\":\"https:\\\/\\\/agendaculturalriodejaneiro.com\\\/#organization\",\"name\":\"Agenda Cultural Rio de Janeiro\",\"alternateName\":\"Agenda RJ\",\"url\":\"https:\\\/\\\/agendaculturalriodejaneiro.com\\\/\",\"logo\":{\"@type\":\"ImageObject\",\"inLanguage\":\"en-US\",\"@id\":\"https:\\\/\\\/agendaculturalriodejaneiro.com\\\/#\\\/schema\\\/logo\\\/image\\\/\",\"url\":\"https:\\\/\\\/agendaculturalriodejaneiro.com\\\/wp-content\\\/uploads\\\/2024\\\/11\\\/cropped-profile-photo-01.jpg\",\"contentUrl\":\"https:\\\/\\\/agendaculturalriodejaneiro.com\\\/wp-content\\\/uploads\\\/2024\\\/11\\\/cropped-profile-photo-01.jpg\",\"width\":512,\"height\":512,\"caption\":\"Agenda Cultural Rio de Janeiro\"},\"image\":{\"@id\":\"https:\\\/\\\/agendaculturalriodejaneiro.com\\\/#\\\/schema\\\/logo\\\/image\\\/\"},\"sameAs\":[\"https:\\\/\\\/www.facebook.com\\\/agenda_cultural_rio_de_janeiro-106278728546059\",\"https:\\\/\\\/www.instagram.com\\\/agenda_cultural_rio_de_janeiro\\\/\"]}]}<\/script>\n<!-- \/ Yoast SEO plugin. -->","yoast_head_json":{"title":"Rio de Janeiro Events Guide: Things to Do in Rio","description":"Discover concerts, theatre, exhibitions, family-friendly activities, nightlife, tours and the best events in Rio de Janeiro. Explore the city\u2019s cultural calendar.","robots":{"index":"index","follow":"follow","max-snippet":"max-snippet:-1","max-image-preview":"max-image-preview:large","max-video-preview":"max-video-preview:-1"},"canonical":"https:\/\/agendaculturalriodejaneiro.com\/en\/","og_locale":"en_US","og_type":"article","og_title":"Agenda Cultural do Rio de Janeiro: eventos e o que fazer no RJ","og_description":"Descubra shows, teatro, exposi\u00e7\u00f5es, programa\u00e7\u00e3o infantil, festas, passeios e os melhores eventos no Rio de Janeiro. Confira a agenda cultural do RJ.","og_url":"https:\/\/agendaculturalriodejaneiro.com\/en\/","og_site_name":"Agenda Cultural Rio de Janeiro","article_publisher":"https:\/\/www.facebook.com\/agenda_cultural_rio_de_janeiro-106278728546059","article_modified_time":"2026-07-17T12:55:04+00:00","og_image":[{"width":950,"height":633,"url":"https:\/\/agendaculturalriodejaneiro.com\/wp-content\/uploads\/2021\/11\/agustin-diaz-gargiulo-7F65HDP0-E0-unsplash-e1637968202746.jpg","type":"image\/jpeg"}],"twitter_card":"summary_large_image","twitter_misc":{"Est. reading time":"28 minutes"},"schema":{"@context":"https:\/\/schema.org","@graph":[{"@type":"WebPage","@id":"https:\/\/agendaculturalriodejaneiro.com\/","url":"https:\/\/agendaculturalriodejaneiro.com\/","name":"Rio de Janeiro Events Guide: Things to Do in Rio","isPartOf":{"@id":"https:\/\/agendaculturalriodejaneiro.com\/#website"},"primaryImageOfPage":{"@id":"https:\/\/agendaculturalriodejaneiro.com\/#primaryimage"},"image":{"@id":"https:\/\/agendaculturalriodejaneiro.com\/#primaryimage"},"thumbnailUrl":"https:\/\/agendaculturalriodejaneiro.com\/wp-content\/uploads\/2021\/11\/agustin-diaz-gargiulo-7F65HDP0-E0-unsplash-e1637968202746.jpg","datePublished":"2026-04-22T20:29:16+00:00","dateModified":"2026-07-17T12:55:04+00:00","description":"Discover concerts, theatre, exhibitions, family-friendly activities, nightlife, tours and the best events in Rio de Janeiro. Explore the city\u2019s cultural calendar.","breadcrumb":{"@id":"https:\/\/agendaculturalriodejaneiro.com\/#breadcrumb"},"inLanguage":"en-US","potentialAction":[{"@type":"ReadAction","target":["https:\/\/agendaculturalriodejaneiro.com\/"]}]},{"@type":"ImageObject","inLanguage":"en-US","@id":"https:\/\/agendaculturalriodejaneiro.com\/#primaryimage","url":"https:\/\/agendaculturalriodejaneiro.com\/wp-content\/uploads\/2021\/11\/agustin-diaz-gargiulo-7F65HDP0-E0-unsplash-e1637968202746.jpg","contentUrl":"https:\/\/agendaculturalriodejaneiro.com\/wp-content\/uploads\/2021\/11\/agustin-diaz-gargiulo-7F65HDP0-E0-unsplash-e1637968202746.jpg","width":950,"height":633,"caption":"AGENDA CULTURAL RIO DE JANEIRO - RJ"},{"@type":"BreadcrumbList","@id":"https:\/\/agendaculturalriodejaneiro.com\/#breadcrumb","itemListElement":[{"@type":"ListItem","position":1,"name":"In\u00edcio","item":"https:\/\/agendaculturalriodejaneiro.com\/"},{"@type":"ListItem","position":2,"name":"Agenda Cultural do Rio de Janeiro: eventos e o que fazer no RJ"}]},{"@type":"WebSite","@id":"https:\/\/agendaculturalriodejaneiro.com\/#website","url":"https:\/\/agendaculturalriodejaneiro.com\/","name":"Rio de Janeiro Events Guide","description":"Calendar of Events in Rio de Janeiro. What to do in Rio de Janeiro","publisher":{"@id":"https:\/\/agendaculturalriodejaneiro.com\/#organization"},"potentialAction":[{"@type":"SearchAction","target":{"@type":"EntryPoint","urlTemplate":"https:\/\/agendaculturalriodejaneiro.com\/?s={search_term_string}"},"query-input":{"@type":"PropertyValueSpecification","valueRequired":true,"valueName":"search_term_string"}}],"inLanguage":"en-US"},{"@type":"Organization","@id":"https:\/\/agendaculturalriodejaneiro.com\/#organization","name":"Rio de Janeiro Events Guide","alternateName":"Agenda RJ","url":"https:\/\/agendaculturalriodejaneiro.com\/","logo":{"@type":"ImageObject","inLanguage":"en-US","@id":"https:\/\/agendaculturalriodejaneiro.com\/#\/schema\/logo\/image\/","url":"https:\/\/agendaculturalriodejaneiro.com\/wp-content\/uploads\/2024\/11\/cropped-profile-photo-01.jpg","contentUrl":"https:\/\/agendaculturalriodejaneiro.com\/wp-content\/uploads\/2024\/11\/cropped-profile-photo-01.jpg","width":512,"height":512,"caption":"Agenda Cultural Rio de Janeiro"},"image":{"@id":"https:\/\/agendaculturalriodejaneiro.com\/#\/schema\/logo\/image\/"},"sameAs":["https:\/\/www.facebook.com\/agenda_cultural_rio_de_janeiro-106278728546059","https:\/\/www.instagram.com\/agenda_cultural_rio_de_janeiro\/"]}]}},"rttpg_featured_image_url":{"full":["https:\/\/agendaculturalriodejaneiro.com\/wp-content\/uploads\/2021\/11\/agustin-diaz-gargiulo-7F65HDP0-E0-unsplash-e1637968202746.jpg",950,633,false],"landscape":["https:\/\/agendaculturalriodejaneiro.com\/wp-content\/uploads\/2021\/11\/agustin-diaz-gargiulo-7F65HDP0-E0-unsplash-e1637968202746.jpg",950,633,false],"portraits":["https:\/\/agendaculturalriodejaneiro.com\/wp-content\/uploads\/2021\/11\/agustin-diaz-gargiulo-7F65HDP0-E0-unsplash-e1637968202746.jpg",950,633,false],"thumbnail":["https:\/\/agendaculturalriodejaneiro.com\/wp-content\/uploads\/2021\/11\/agustin-diaz-gargiulo-7F65HDP0-E0-unsplash-150x150.jpg",150,150,true],"medium":["https:\/\/agendaculturalriodejaneiro.com\/wp-content\/uploads\/2021\/11\/agustin-diaz-gargiulo-7F65HDP0-E0-unsplash-300x200.jpg",300,200,true],"large":["https:\/\/agendaculturalriodejaneiro.com\/wp-content\/uploads\/2021\/11\/agustin-diaz-gargiulo-7F65HDP0-E0-unsplash-1024x683.jpg",1024,683,true],"thumblist":["https:\/\/agendaculturalriodejaneiro.com\/wp-content\/uploads\/2021\/11\/agustin-diaz-gargiulo-7F65HDP0-E0-unsplash-e1637968202746.jpg",300,200,false],"thumbrelated":["https:\/\/agendaculturalriodejaneiro.com\/wp-content\/uploads\/2021\/11\/agustin-diaz-gargiulo-7F65HDP0-E0-unsplash-e1637968202746.jpg",500,333,false],"meccarouselthumb":["https:\/\/agendaculturalriodejaneiro.com\/wp-content\/uploads\/2021\/11\/agustin-diaz-gargiulo-7F65HDP0-E0-unsplash-e1637968202746.jpg",474,316,false],"gridsquare":["https:\/\/agendaculturalriodejaneiro.com\/wp-content\/uploads\/2021\/11\/agustin-diaz-gargiulo-7F65HDP0-E0-unsplash-e1637968202746.jpg",391,260,false],"tileview":["https:\/\/agendaculturalriodejaneiro.com\/wp-content\/uploads\/2021\/11\/agustin-diaz-gargiulo-7F65HDP0-E0-unsplash-e1637968202746.jpg",300,200,false],"1536x1536":["https:\/\/agendaculturalriodejaneiro.com\/wp-content\/uploads\/2021\/11\/agustin-diaz-gargiulo-7F65HDP0-E0-unsplash-1536x1024.jpg",1536,1024,true],"2048x2048":["https:\/\/agendaculturalriodejaneiro.com\/wp-content\/uploads\/2021\/11\/agustin-diaz-gargiulo-7F65HDP0-E0-unsplash-e1637968202746.jpg",950,633,false],"trp-custom-language-flag":["https:\/\/agendaculturalriodejaneiro.com\/wp-content\/uploads\/2021\/11\/agustin-diaz-gargiulo-7F65HDP0-E0-unsplash-e1637968202746.jpg",18,12,false],"neve-blog":["https:\/\/agendaculturalriodejaneiro.com\/wp-content\/uploads\/2021\/11\/agustin-diaz-gargiulo-7F65HDP0-E0-unsplash-e1637968202746.jpg",930,620,false]},"rttpg_author":{"display_name":"raphaelmaio91@gmail.com","author_link":"https:\/\/agendaculturalriodejaneiro.com\/en\/author\/raphaelmaio91gmail-com\/"},"rttpg_comment":0,"rttpg_category":null,"rttpg_excerpt":"Seu guia cultural na Cidade Maravilhosa Agenda Cultural do Rio de Janeiro: eventos e o que fazer no RJ Descubra shows, pe\u00e7as de teatro, exposi\u00e7\u00f5es, atividades infantis, festas, passeios e experi\u00eancias para aproveitar o melhor do Rio de Janeiro. Ver pr\u00f3ximos eventos \u2193 Programa\u00e7\u00e3o do fim de semana Encontre seu pr\u00f3ximo programa Escolha um tema&hellip;&nbsp;","_links":{"self":[{"href":"https:\/\/agendaculturalriodejaneiro.com\/en\/wp-json\/wp\/v2\/pages\/49084","targetHints":{"allow":["GET"]}}],"collection":[{"href":"https:\/\/agendaculturalriodejaneiro.com\/en\/wp-json\/wp\/v2\/pages"}],"about":[{"href":"https:\/\/agendaculturalriodejaneiro.com\/en\/wp-json\/wp\/v2\/types\/page"}],"author":[{"embeddable":true,"href":"https:\/\/agendaculturalriodejaneiro.com\/en\/wp-json\/wp\/v2\/users\/8"}],"replies":[{"embeddable":true,"href":"https:\/\/agendaculturalriodejaneiro.com\/en\/wp-json\/wp\/v2\/comments?post=49084"}],"version-history":[{"count":0,"href":"https:\/\/agendaculturalriodejaneiro.com\/en\/wp-json\/wp\/v2\/pages\/49084\/revisions"}],"wp:attachment":[{"href":"https:\/\/agendaculturalriodejaneiro.com\/en\/wp-json\/wp\/v2\/media?parent=49084"}],"curies":[{"name":"wp","href":"https:\/\/api.w.org\/{rel}","templated":true}]}}