{"id":447,"date":"2021-11-24T17:56:35","date_gmt":"2021-11-24T17:56:35","guid":{"rendered":"http:\/\/agendaculturalriodejaneiro.com\/?page_id=447"},"modified":"2021-12-26T15:48:09","modified_gmt":"2021-12-26T15:48:09","slug":"riachuelo-rj-theater-schedule","status":"publish","type":"page","link":"https:\/\/agendaculturalriodejaneiro.com\/en\/agenda-teatro-riachuelo-rj\/","title":{"rendered":"Agenda Riachuelo Theater - RJ"},"content":{"rendered":"\t\t<div data-elementor-type=\"wp-page\" data-elementor-id=\"447\" class=\"elementor elementor-447\" data-elementor-post-type=\"page\">\n\t\t\t\t\t\t<section class=\"elementor-section elementor-top-section elementor-element elementor-element-11fbfd0d elementor-section-boxed elementor-section-height-default elementor-section-height-default\" data-id=\"11fbfd0d\" data-element_type=\"section\" data-e-type=\"section\" data-settings=\"{&quot;background_background&quot;:&quot;classic&quot;}\">\n\t\t\t\t\t\t<div class=\"elementor-container elementor-column-gap-default\">\n\t\t\t\t\t<div class=\"elementor-column elementor-col-100 elementor-top-column elementor-element elementor-element-36eb2ab9 elementor-invisible\" data-id=\"36eb2ab9\" data-element_type=\"column\" data-e-type=\"column\" data-settings=\"{&quot;background_background&quot;:&quot;classic&quot;,&quot;animation&quot;:&quot;fadeInUp&quot;,&quot;animation_delay&quot;:300}\">\n\t\t\t<div class=\"elementor-widget-wrap elementor-element-populated\">\n\t\t\t\t\t\t<div class=\"elementor-element elementor-element-c185f26 elementor-invisible elementor-widget elementor-widget-heading\" data-id=\"c185f26\" data-element_type=\"widget\" data-e-type=\"widget\" data-settings=\"{&quot;_animation&quot;:&quot;fadeInUp&quot;,&quot;_animation_delay&quot;:500}\" data-widget_type=\"heading.default\">\n\t\t\t\t<div class=\"elementor-widget-container\">\n\t\t\t\t\t<h1 class=\"elementor-heading-title elementor-size-default\">Agenda Teatro Riachuelo - RJ<\/h1>\t\t\t\t<\/div>\n\t\t\t\t<\/div>\n\t\t\t\t\t<\/div>\n\t\t<\/div>\n\t\t\t\t\t<\/div>\n\t\t<\/section>\n\t\t\t\t<section class=\"elementor-section elementor-top-section elementor-element elementor-element-00c1a6d elementor-section-boxed elementor-section-height-default elementor-section-height-default\" data-id=\"00c1a6d\" data-element_type=\"section\" data-e-type=\"section\">\n\t\t\t\t\t\t<div class=\"elementor-container elementor-column-gap-default\">\n\t\t\t\t\t<div class=\"elementor-column elementor-col-100 elementor-top-column elementor-element elementor-element-23f4ec1\" data-id=\"23f4ec1\" data-element_type=\"column\" data-e-type=\"column\">\n\t\t\t<div class=\"elementor-widget-wrap elementor-element-populated\">\n\t\t\t\t\t\t<section class=\"elementor-section elementor-inner-section elementor-element elementor-element-47780ec elementor-section-boxed elementor-section-height-default elementor-section-height-default\" data-id=\"47780ec\" data-element_type=\"section\" data-e-type=\"section\">\n\t\t\t\t\t\t<div class=\"elementor-container elementor-column-gap-default\">\n\t\t\t\t\t<div class=\"elementor-column elementor-col-100 elementor-inner-column elementor-element elementor-element-cc8e8d5\" data-id=\"cc8e8d5\" data-element_type=\"column\" data-e-type=\"column\">\n\t\t\t<div class=\"elementor-widget-wrap elementor-element-populated\">\n\t\t\t\t\t\t<div class=\"elementor-element elementor-element-7267f970 elementor-widget elementor-widget-heading\" data-id=\"7267f970\" data-element_type=\"widget\" data-e-type=\"widget\" data-widget_type=\"heading.default\">\n\t\t\t\t<div class=\"elementor-widget-container\">\n\t\t\t\t\t<h2 class=\"elementor-heading-title elementor-size-default\"><a href=\"#\">Programa\u00e7\u00e3o Teatro Riachuelo - RJ<\/a><\/h2>\t\t\t\t<\/div>\n\t\t\t\t<\/div>\n\t\t\t\t\t<\/div>\n\t\t<\/div>\n\t\t\t\t\t<\/div>\n\t\t<\/section>\n\t\t\t\t\t<\/div>\n\t\t<\/div>\n\t\t\t\t\t<\/div>\n\t\t<\/section>\n\t\t\t\t<section class=\"elementor-section elementor-top-section elementor-element elementor-element-a613c75 elementor-section-boxed elementor-section-height-default elementor-section-height-default\" data-id=\"a613c75\" data-element_type=\"section\" data-e-type=\"section\">\n\t\t\t\t\t\t<div class=\"elementor-container elementor-column-gap-default\">\n\t\t\t\t\t<div class=\"elementor-column elementor-col-100 elementor-top-column elementor-element elementor-element-7c553f3\" data-id=\"7c553f3\" data-element_type=\"column\" data-e-type=\"column\">\n\t\t\t<div class=\"elementor-widget-wrap elementor-element-populated\">\n\t\t\t\t\t\t<div class=\"elementor-element elementor-element-94474a6 elementor-widget elementor-widget-html\" data-id=\"94474a6\" data-element_type=\"widget\" data-e-type=\"widget\" data-widget_type=\"html.default\">\n\t\t\t\t<div class=\"elementor-widget-container\">\n\t\t\t\t\t<script async src=\"https:\/\/pagead2.googlesyndication.com\/pagead\/js\/adsbygoogle.js?client=ca-pub-1076216326230548\"\r\n     crossorigin=\"anonymous\"><\/script>\r\n<!-- Anuncio horizontal adapt\u00e1vel -->\r\n<ins class=\"adsbygoogle\"\r\n     style=\"display:block\"\r\n     data-ad-client=\"ca-pub-1076216326230548\"\r\n     data-ad-slot=\"8379342184\"\r\n     data-ad-format=\"auto\"\r\n     data-full-width-responsive=\"true\"><\/ins>\r\n<script>\r\n     (adsbygoogle = window.adsbygoogle || []).push({});\r\n<\/script>\t\t\t\t<\/div>\n\t\t\t\t<\/div>\n\t\t\t\t<div class=\"elementor-element elementor-element-f6dba3b elementor-widget elementor-widget-MEC\" data-id=\"f6dba3b\" data-element_type=\"widget\" data-e-type=\"widget\" data-widget_type=\"MEC.default\">\n\t\t\t\t<div class=\"elementor-widget-container\">\n\t\t\t\t\t<div class=\"mec-wrap mec-skin-grid-container  \" id=\"mec_skin_mec1\">\r\n\r\n    <form id=\"mec_search_form_mec1\" class=\"mec-search-form mec-totalcal-box mec-dropdown-classic\" autocomplete=\"off\"><div class=\"mec-dropdown-wrap\" style=\"display: none\"><\/div><div class=\"mec-date-search\"><i class=\"mec-sl-calendar\"><\/i>\r\n                    <input class=\"mec-col-3 mec_date_picker_dynamic_format_start\" data-min=\"2026-09-02\" type=\"text\" id=\"mec_sf_date_start_mec1\" name=\"sf[date_start]\" placeholder=\"Start\" title=\"Start\" autocomplete=\"off\">\r\n                    <input class=\"mec-col-3 mec_date_picker_dynamic_format_end\" type=\"text\" id=\"mec_sf_date_end_mec1\" name=\"sf[date_end]\" placeholder=\"End\" title=\"End\" autocomplete=\"off\">\r\n                <\/div><div class=\"mec-text-input-search\"><i class=\"mec-sl-magnifier\"><\/i>\r\n                    <input type=\"search\" value=\"\" id=\"mec_sf_s_mec1\" placeholder=\"\" title=\"\" \/>\r\n                <\/div><div id=\"mec_search_form_mec1_status\" class=\"mec-screen-reader-text\"><\/div><\/form>\r\n            <div class=\"mec-skin-grid-events-container\" id=\"mec_skin_events_mec1\">\r\n        <div class=\"mec-wrap colorskin-custom\">\r\n    <div class=\"mec-event-grid-clean\" data-widget-autoplay=\"1\" data-widget-loop=\"1\" data-widget-autoplay-time=\"3000\">\r\n        <div class=\"row\"><div class=\"col-md-4 col-sm-4\"><article class=\" mec-event-article mec-clear  \">                    <div class=\"event-grid-t2-head mec-bg-color clearfix\">\r\n                                    <div class=\"mec-event-month\"><span class=\"mec-start-date-label\">02 September<\/span><\/div>\r\n                                                                                            <div class=\"mec-event-detail\">\r\n                    <div class=\"mec-event-loc-place\"><i class=\"mec-sl-location-pin\"><\/i>Teatro Riachuelo RJ<\/div>                                                                                                <\/div>\r\n            <\/div>\r\n                        <div class=\"mec-event-image\"><a data-event-id=\"50123\" href=\"https:\/\/agendaculturalriodejaneiro.com\/en\/events\/bee-gees-alive-no-teatro-riachuelo-rj-3\/\" target=\"_blank\" rel=\"noopener\"><img decoding=\"async\" width=\"300\" height=\"158\" src=\"https:\/\/agendaculturalriodejaneiro.com\/wp-content\/uploads\/2026\/05\/Bee-Gees-Alive-no-Teatro-Riachuelo-RJ-300x158.jpg\" class=\"attachment-medium size-medium wp-post-image\" alt=\"Bee Gees Alive no Teatro Riachuelo - RJ\" data-mec-postid=\"50123\" \/><\/a><\/div>\r\n            <div class=\"mec-event-content\">\r\n                                                                <h4 class=\"mec-event-title\"><a class=\"mec-color-hover\" data-event-id=\"50123\" href=\"https:\/\/agendaculturalriodejaneiro.com\/en\/events\/bee-gees-alive-no-teatro-riachuelo-rj-3\/\" target=\"_blank\" rel=\"noopener\">Bee Gees Alive no Teatro Riachuelo &#8211; RJ<\/a><\/h4>\r\n                <p class=\"mec-grid-event-location\">Rua do Passeio , 40, Rio de Janeiro - Rio de Janeiro<\/p>\r\n            <\/div>\r\n            <div class=\"mec-event-footer mec-color\">\r\n                                <ul class=\"mec-event-sharing-wrap\">\r\n                    <li class=\"mec-event-share\">\r\n                        <a href=\"#\" class=\"mec-event-share-icon\">\r\n                            <i class=\"mec-sl-share\" title=\"Share\"><\/i>\r\n                        <\/a>\r\n                    <\/li>\r\n                    <li>\r\n                        <ul class=\"mec-event-sharing\">\r\n                            <li class=\"mec-event-social-icon\"><a class=\"facebook\" href=\"https:\/\/www.facebook.com\/sharer\/sharer.php?u=https%3A%2F%2Fagendaculturalriodejaneiro.com%2Fen%2Fevents%2Fbee-gees-alive-no-teatro-riachuelo-rj-3%2F\" onclick=\"javascript:window.open(this.href, &apos;&apos;, &apos;menubar=no,toolbar=no,resizable=yes,scrollbars=yes,height=500,width=600&apos;); return false;\" target=\"_blank\" title=\"Share on Facebook\"><i class=\"mec-fa-facebook\"><\/i><span class=\"mec-social-title\">Facebook<\/span><\/a><\/li><li class=\"mec-event-social-icon\"><a class=\"twitter\" href=\"https:\/\/x.com\/intent\/tweet?url=https%3A%2F%2Fagendaculturalriodejaneiro.com%2Fen%2Fevents%2Fbee-gees-alive-no-teatro-riachuelo-rj-3%2F\" onclick=\"javascript:window.open(this.href, &apos;&apos;, &apos;menubar=no,toolbar=no,resizable=yes,scrollbars=yes,height=600,width=500&apos;); return false;\" target=\"_blank\" title=\"X Social Network\"><svg xmlns=\"http:\/\/www.w3.org\/2000\/svg\" viewbox=\"0 0 512 462.799\"><path d=\"M403.229 0h78.506L310.219 196.04 512 462.799H354.002L230.261 301.007 88.669 462.799h-78.56l183.455-209.683L0 0h161.999l111.856 147.88L403.229 0zm-27.556 415.805h43.505L138.363 44.527h-46.68l283.99 371.278z\" \/><\/svg><span class=\"mec-social-title\">Twitter<\/span><\/a><\/li><li class=\"mec-event-social-icon\"><a class=\"linkedin\" href=\"https:\/\/www.linkedin.com\/shareArticle?mini=true&amp;url=https%3A%2F%2Fagendaculturalriodejaneiro.com%2Fen%2Fevents%2Fbee-gees-alive-no-teatro-riachuelo-rj-3%2F\" onclick=\"javascript:window.open(this.href, &apos;&apos;, &apos;menubar=no,toolbar=no,resizable=yes,scrollbars=yes,height=600,width=500&apos;); return false;\" target=\"_blank\" title=\"Linkedin\"><i class=\"mec-fa-linkedin\"><\/i><span class=\"mec-social-title\">Linkedin<\/span><\/a><\/li><li class=\"mec-event-social-icon\"><a class=\"email\" href=\"mailto:?subject=Bee%20Gees%20Alive%20no%20Teatro%20Riachuelo%20-%20RJ&amp;body=https%3A%2F%2Fagendaculturalriodejaneiro.com%2Fen%2Fevents%2Fbee-gees-alive-no-teatro-riachuelo-rj-3%2F\" title=\"Email\"><i class=\"mec-fa-envelope\"><\/i><span class=\"mec-social-title\">Email<\/span><\/a><\/li>                        <\/ul>\r\n                    <\/li>\r\n                <\/ul>\r\n                                                                <a class=\"mec-booking-button\" data-event-id=\"50123\" href=\"https:\/\/agendaculturalriodejaneiro.com\/en\/events\/bee-gees-alive-no-teatro-riachuelo-rj-3\/\" target=\"_blank\" rel=\"noopener\">Ver Detalhes<\/a>            <\/div>\r\n        <\/article><\/div>                <div class=\"col-md-4 col-sm-4\"><article class=\"mec-past-event mec-event-article mec-clear  \">                    <div class=\"event-grid-t2-head mec-bg-color clearfix\">\r\n                                    <div class=\"mec-event-month\"><span class=\"mec-start-date-label\">03 September<\/span><\/div>\r\n                                                                                            <div class=\"mec-event-detail\">\r\n                    <div class=\"mec-event-loc-place\"><i class=\"mec-sl-location-pin\"><\/i>Teatro Riachuelo RJ<\/div>                                                                                                <\/div>\r\n            <\/div>\r\n                        <div class=\"mec-event-image\"><a data-event-id=\"48460\" href=\"https:\/\/agendaculturalriodejaneiro.com\/en\/events\/mamma-mia-no-teatro-riachuelo-rj-189-816\/\" target=\"_blank\" rel=\"noopener\"><img decoding=\"async\" width=\"300\" height=\"158\" src=\"https:\/\/agendaculturalriodejaneiro.com\/wp-content\/uploads\/2026\/02\/Mamma-Mia-no-Teatro-Riachuelo-RJ-1-300x158.jpg\" class=\"attachment-medium size-medium wp-post-image\" alt=\"Mamma Mia! no Teatro Riachuelo - RJ\" data-mec-postid=\"48460\" \/><\/a><\/div>\r\n            <div class=\"mec-event-content\">\r\n                                                                <h4 class=\"mec-event-title\"><a class=\"mec-color-hover\" data-event-id=\"48460\" href=\"https:\/\/agendaculturalriodejaneiro.com\/en\/events\/mamma-mia-no-teatro-riachuelo-rj-189-816\/\" target=\"_blank\" rel=\"noopener\">Mamma Mia! no Teatro Riachuelo &#8211; RJ<\/a><\/h4>\r\n                <p class=\"mec-grid-event-location\">Rua do Passeio , 40, Rio de Janeiro - Rio de Janeiro<\/p>\r\n            <\/div>\r\n            <div class=\"mec-event-footer mec-color\">\r\n                                <ul class=\"mec-event-sharing-wrap\">\r\n                    <li class=\"mec-event-share\">\r\n                        <a href=\"#\" class=\"mec-event-share-icon\">\r\n                            <i class=\"mec-sl-share\" title=\"Share\"><\/i>\r\n                        <\/a>\r\n                    <\/li>\r\n                    <li>\r\n                        <ul class=\"mec-event-sharing\">\r\n                            <li class=\"mec-event-social-icon\"><a class=\"facebook\" href=\"https:\/\/www.facebook.com\/sharer\/sharer.php?u=https%3A%2F%2Fagendaculturalriodejaneiro.com%2Fen%2Fevents%2Fmamma-mia-no-teatro-riachuelo-rj-189-816%2F\" onclick=\"javascript:window.open(this.href, &apos;&apos;, &apos;menubar=no,toolbar=no,resizable=yes,scrollbars=yes,height=500,width=600&apos;); return false;\" target=\"_blank\" title=\"Share on Facebook\"><i class=\"mec-fa-facebook\"><\/i><span class=\"mec-social-title\">Facebook<\/span><\/a><\/li><li class=\"mec-event-social-icon\"><a class=\"twitter\" href=\"https:\/\/x.com\/intent\/tweet?url=https%3A%2F%2Fagendaculturalriodejaneiro.com%2Fen%2Fevents%2Fmamma-mia-no-teatro-riachuelo-rj-189-816%2F\" onclick=\"javascript:window.open(this.href, &apos;&apos;, &apos;menubar=no,toolbar=no,resizable=yes,scrollbars=yes,height=600,width=500&apos;); return false;\" target=\"_blank\" title=\"X Social Network\"><svg xmlns=\"http:\/\/www.w3.org\/2000\/svg\" viewbox=\"0 0 512 462.799\"><path d=\"M403.229 0h78.506L310.219 196.04 512 462.799H354.002L230.261 301.007 88.669 462.799h-78.56l183.455-209.683L0 0h161.999l111.856 147.88L403.229 0zm-27.556 415.805h43.505L138.363 44.527h-46.68l283.99 371.278z\" \/><\/svg><span class=\"mec-social-title\">Twitter<\/span><\/a><\/li><li class=\"mec-event-social-icon\"><a class=\"linkedin\" href=\"https:\/\/www.linkedin.com\/shareArticle?mini=true&amp;url=https%3A%2F%2Fagendaculturalriodejaneiro.com%2Fen%2Fevents%2Fmamma-mia-no-teatro-riachuelo-rj-189-816%2F\" onclick=\"javascript:window.open(this.href, &apos;&apos;, &apos;menubar=no,toolbar=no,resizable=yes,scrollbars=yes,height=600,width=500&apos;); return false;\" target=\"_blank\" title=\"Linkedin\"><i class=\"mec-fa-linkedin\"><\/i><span class=\"mec-social-title\">Linkedin<\/span><\/a><\/li><li class=\"mec-event-social-icon\"><a class=\"email\" href=\"mailto:?subject=Mamma%20Mia%21%20no%20Teatro%20Riachuelo%20-%20RJ&amp;body=https%3A%2F%2Fagendaculturalriodejaneiro.com%2Fen%2Fevents%2Fmamma-mia-no-teatro-riachuelo-rj-189-816%2F\" title=\"Email\"><i class=\"mec-fa-envelope\"><\/i><span class=\"mec-social-title\">Email<\/span><\/a><\/li>                        <\/ul>\r\n                    <\/li>\r\n                <\/ul>\r\n                                                                <a class=\"mec-booking-button\" data-event-id=\"48460\" href=\"https:\/\/agendaculturalriodejaneiro.com\/en\/events\/mamma-mia-no-teatro-riachuelo-rj-189-816\/\" target=\"_blank\" rel=\"noopener\">Ver Detalhes<\/a>            <\/div>\r\n        <\/article><\/div>                <div class=\"col-md-4 col-sm-4\"><article class=\" mec-event-article mec-clear  \">                    <div class=\"event-grid-t2-head mec-bg-color clearfix\">\r\n                                    <div class=\"mec-event-month\"><span class=\"mec-start-date-label\">08 September<\/span><\/div>\r\n                                                                                            <div class=\"mec-event-detail\">\r\n                    <div class=\"mec-event-loc-place\"><i class=\"mec-sl-location-pin\"><\/i>Teatro Riachuelo RJ<\/div>                                                                                                <\/div>\r\n            <\/div>\r\n                        <div class=\"mec-event-image\"><a data-event-id=\"50126\" href=\"https:\/\/agendaculturalriodejaneiro.com\/en\/events\/bee-gees-alive-no-teatro-riachuelo-rj-3-572\/\" target=\"_blank\" rel=\"noopener\"><img decoding=\"async\" width=\"300\" height=\"158\" src=\"https:\/\/agendaculturalriodejaneiro.com\/wp-content\/uploads\/2026\/05\/Silvia-Perez-Cruz-no-Teatro-Riachuelo-RJ-1-300x158.jpg\" class=\"attachment-medium size-medium wp-post-image\" alt=\"Silvia Perez Cruz no Teatro Riachuelo - RJ\" data-mec-postid=\"50126\" \/><\/a><\/div>\r\n            <div class=\"mec-event-content\">\r\n                                                                <h4 class=\"mec-event-title\"><a class=\"mec-color-hover\" data-event-id=\"50126\" href=\"https:\/\/agendaculturalriodejaneiro.com\/en\/events\/bee-gees-alive-no-teatro-riachuelo-rj-3-572\/\" target=\"_blank\" rel=\"noopener\">Silvia Perez Cruz no Teatro Riachuelo &#8211; RJ<\/a><\/h4>\r\n                <p class=\"mec-grid-event-location\">Rua do Passeio , 40, Rio de Janeiro - Rio de Janeiro<\/p>\r\n            <\/div>\r\n            <div class=\"mec-event-footer mec-color\">\r\n                                <ul class=\"mec-event-sharing-wrap\">\r\n                    <li class=\"mec-event-share\">\r\n                        <a href=\"#\" class=\"mec-event-share-icon\">\r\n                            <i class=\"mec-sl-share\" title=\"Share\"><\/i>\r\n                        <\/a>\r\n                    <\/li>\r\n                    <li>\r\n                        <ul class=\"mec-event-sharing\">\r\n                            <li class=\"mec-event-social-icon\"><a class=\"facebook\" href=\"https:\/\/www.facebook.com\/sharer\/sharer.php?u=https%3A%2F%2Fagendaculturalriodejaneiro.com%2Fen%2Fevents%2Fbee-gees-alive-no-teatro-riachuelo-rj-3-572%2F\" onclick=\"javascript:window.open(this.href, &apos;&apos;, &apos;menubar=no,toolbar=no,resizable=yes,scrollbars=yes,height=500,width=600&apos;); return false;\" target=\"_blank\" title=\"Share on Facebook\"><i class=\"mec-fa-facebook\"><\/i><span class=\"mec-social-title\">Facebook<\/span><\/a><\/li><li class=\"mec-event-social-icon\"><a class=\"twitter\" href=\"https:\/\/x.com\/intent\/tweet?url=https%3A%2F%2Fagendaculturalriodejaneiro.com%2Fen%2Fevents%2Fbee-gees-alive-no-teatro-riachuelo-rj-3-572%2F\" onclick=\"javascript:window.open(this.href, &apos;&apos;, &apos;menubar=no,toolbar=no,resizable=yes,scrollbars=yes,height=600,width=500&apos;); return false;\" target=\"_blank\" title=\"X Social Network\"><svg xmlns=\"http:\/\/www.w3.org\/2000\/svg\" viewbox=\"0 0 512 462.799\"><path d=\"M403.229 0h78.506L310.219 196.04 512 462.799H354.002L230.261 301.007 88.669 462.799h-78.56l183.455-209.683L0 0h161.999l111.856 147.88L403.229 0zm-27.556 415.805h43.505L138.363 44.527h-46.68l283.99 371.278z\" \/><\/svg><span class=\"mec-social-title\">Twitter<\/span><\/a><\/li><li class=\"mec-event-social-icon\"><a class=\"linkedin\" href=\"https:\/\/www.linkedin.com\/shareArticle?mini=true&amp;url=https%3A%2F%2Fagendaculturalriodejaneiro.com%2Fen%2Fevents%2Fbee-gees-alive-no-teatro-riachuelo-rj-3-572%2F\" onclick=\"javascript:window.open(this.href, &apos;&apos;, &apos;menubar=no,toolbar=no,resizable=yes,scrollbars=yes,height=600,width=500&apos;); return false;\" target=\"_blank\" title=\"Linkedin\"><i class=\"mec-fa-linkedin\"><\/i><span class=\"mec-social-title\">Linkedin<\/span><\/a><\/li><li class=\"mec-event-social-icon\"><a class=\"email\" href=\"mailto:?subject=Silvia%20Perez%20Cruz%20no%20Teatro%20Riachuelo%20-%20RJ&amp;body=https%3A%2F%2Fagendaculturalriodejaneiro.com%2Fen%2Fevents%2Fbee-gees-alive-no-teatro-riachuelo-rj-3-572%2F\" title=\"Email\"><i class=\"mec-fa-envelope\"><\/i><span class=\"mec-social-title\">Email<\/span><\/a><\/li>                        <\/ul>\r\n                    <\/li>\r\n                <\/ul>\r\n                                                                <a class=\"mec-booking-button\" data-event-id=\"50126\" href=\"https:\/\/agendaculturalriodejaneiro.com\/en\/events\/bee-gees-alive-no-teatro-riachuelo-rj-3-572\/\" target=\"_blank\" rel=\"noopener\">Ver Detalhes<\/a>            <\/div>\r\n        <\/article><\/div><\/div>                <div class=\"row\"><div class=\"col-md-4 col-sm-4\"><article class=\" mec-event-article mec-clear  \">                    <div class=\"event-grid-t2-head mec-bg-color clearfix\">\r\n                                    <div class=\"mec-event-month\"><span class=\"mec-start-date-label\">09 September<\/span><\/div>\r\n                                                                                            <div class=\"mec-event-detail\">\r\n                    <div class=\"mec-event-loc-place\"><i class=\"mec-sl-location-pin\"><\/i>Teatro Riachuelo RJ<\/div>                                                                                                <\/div>\r\n            <\/div>\r\n                        <div class=\"mec-event-image\"><a data-event-id=\"50129\" href=\"https:\/\/agendaculturalriodejaneiro.com\/en\/events\/cicero-15-anos-de-cancoes-de-apartamento-no-teatro-riachuelo-rj\/\" target=\"_blank\" rel=\"noopener\"><img loading=\"lazy\" decoding=\"async\" width=\"300\" height=\"158\" src=\"https:\/\/agendaculturalriodejaneiro.com\/wp-content\/uploads\/2026\/05\/Cicero-\u2013-15-Anos-De-Cancoes-De-Apartamento-no-Teatro-Riachuelo-RJ-1-300x158.jpg\" class=\"attachment-medium size-medium wp-post-image\" alt=\"C\u00edcero \u2013 15 Anos De \u201cCan\u00e7\u00f5es De Apartamento\u201d no Teatro Riachuelo - RJ\" data-mec-postid=\"50129\" \/><\/a><\/div>\r\n            <div class=\"mec-event-content\">\r\n                                                                <h4 class=\"mec-event-title\"><a class=\"mec-color-hover\" data-event-id=\"50129\" href=\"https:\/\/agendaculturalriodejaneiro.com\/en\/events\/cicero-15-anos-de-cancoes-de-apartamento-no-teatro-riachuelo-rj\/\" target=\"_blank\" rel=\"noopener\">C\u00edcero \u2013 15 Anos De \u201cCan\u00e7\u00f5es De Apartamento\u201d no Teatro Riachuelo &#8211; RJ<\/a><\/h4>\r\n                <p class=\"mec-grid-event-location\">Rua do Passeio , 40, Rio de Janeiro - Rio de Janeiro<\/p>\r\n            <\/div>\r\n            <div class=\"mec-event-footer mec-color\">\r\n                                <ul class=\"mec-event-sharing-wrap\">\r\n                    <li class=\"mec-event-share\">\r\n                        <a href=\"#\" class=\"mec-event-share-icon\">\r\n                            <i class=\"mec-sl-share\" title=\"Share\"><\/i>\r\n                        <\/a>\r\n                    <\/li>\r\n                    <li>\r\n                        <ul class=\"mec-event-sharing\">\r\n                            <li class=\"mec-event-social-icon\"><a class=\"facebook\" href=\"https:\/\/www.facebook.com\/sharer\/sharer.php?u=https%3A%2F%2Fagendaculturalriodejaneiro.com%2Fen%2Fevents%2Fcicero-15-anos-de-cancoes-de-apartamento-no-teatro-riachuelo-rj%2F\" onclick=\"javascript:window.open(this.href, &apos;&apos;, &apos;menubar=no,toolbar=no,resizable=yes,scrollbars=yes,height=500,width=600&apos;); return false;\" target=\"_blank\" title=\"Share on Facebook\"><i class=\"mec-fa-facebook\"><\/i><span class=\"mec-social-title\">Facebook<\/span><\/a><\/li><li class=\"mec-event-social-icon\"><a class=\"twitter\" href=\"https:\/\/x.com\/intent\/tweet?url=https%3A%2F%2Fagendaculturalriodejaneiro.com%2Fen%2Fevents%2Fcicero-15-anos-de-cancoes-de-apartamento-no-teatro-riachuelo-rj%2F\" onclick=\"javascript:window.open(this.href, &apos;&apos;, &apos;menubar=no,toolbar=no,resizable=yes,scrollbars=yes,height=600,width=500&apos;); return false;\" target=\"_blank\" title=\"X Social Network\"><svg xmlns=\"http:\/\/www.w3.org\/2000\/svg\" viewbox=\"0 0 512 462.799\"><path d=\"M403.229 0h78.506L310.219 196.04 512 462.799H354.002L230.261 301.007 88.669 462.799h-78.56l183.455-209.683L0 0h161.999l111.856 147.88L403.229 0zm-27.556 415.805h43.505L138.363 44.527h-46.68l283.99 371.278z\" \/><\/svg><span class=\"mec-social-title\">Twitter<\/span><\/a><\/li><li class=\"mec-event-social-icon\"><a class=\"linkedin\" href=\"https:\/\/www.linkedin.com\/shareArticle?mini=true&amp;url=https%3A%2F%2Fagendaculturalriodejaneiro.com%2Fen%2Fevents%2Fcicero-15-anos-de-cancoes-de-apartamento-no-teatro-riachuelo-rj%2F\" onclick=\"javascript:window.open(this.href, &apos;&apos;, &apos;menubar=no,toolbar=no,resizable=yes,scrollbars=yes,height=600,width=500&apos;); return false;\" target=\"_blank\" title=\"Linkedin\"><i class=\"mec-fa-linkedin\"><\/i><span class=\"mec-social-title\">Linkedin<\/span><\/a><\/li><li class=\"mec-event-social-icon\"><a class=\"email\" href=\"mailto:?subject=C%C3%ADcero%20%E2%80%93%2015%20Anos%20De%20%E2%80%9CCan%C3%A7%C3%B5es%20De%20Apartamento%E2%80%9D%20no%20Teatro%20Riachuelo%20-%20RJ&amp;body=https%3A%2F%2Fagendaculturalriodejaneiro.com%2Fen%2Fevents%2Fcicero-15-anos-de-cancoes-de-apartamento-no-teatro-riachuelo-rj%2F\" title=\"Email\"><i class=\"mec-fa-envelope\"><\/i><span class=\"mec-social-title\">Email<\/span><\/a><\/li>                        <\/ul>\r\n                    <\/li>\r\n                <\/ul>\r\n                                                                <a class=\"mec-booking-button\" data-event-id=\"50129\" href=\"https:\/\/agendaculturalriodejaneiro.com\/en\/events\/cicero-15-anos-de-cancoes-de-apartamento-no-teatro-riachuelo-rj\/\" target=\"_blank\" rel=\"noopener\">Ver Detalhes<\/a>            <\/div>\r\n        <\/article><\/div>                <div class=\"col-md-4 col-sm-4\"><article class=\" mec-event-article mec-clear  \">                    <div class=\"event-grid-t2-head mec-bg-color clearfix\">\r\n                                    <div class=\"mec-event-month\"><span class=\"mec-start-date-label\">10 October<\/span><\/div>\r\n                                                                                            <div class=\"mec-event-detail\">\r\n                    <div class=\"mec-event-loc-place\"><i class=\"mec-sl-location-pin\"><\/i>Teatro Riachuelo RJ<\/div>                                                                                                <\/div>\r\n            <\/div>\r\n                        <div class=\"mec-event-image\"><a data-event-id=\"50132\" href=\"https:\/\/agendaculturalriodejaneiro.com\/en\/events\/piaf-eu-nao-me-arrependo-no-teatro-riachuelo-rj\/\" target=\"_blank\" rel=\"noopener\"><img loading=\"lazy\" decoding=\"async\" width=\"300\" height=\"158\" src=\"https:\/\/agendaculturalriodejaneiro.com\/wp-content\/uploads\/2026\/05\/Piaf-Eu-Nao-Me-Arrependo-no-Teatro-Riachuelo-RJ-1-300x158.jpg\" class=\"attachment-medium size-medium wp-post-image\" alt=\"Piaf - Eu N\u00e3o Me Arrependo no Teatro Riachuelo - RJ\" data-mec-postid=\"50132\" \/><\/a><\/div>\r\n            <div class=\"mec-event-content\">\r\n                                                                <h4 class=\"mec-event-title\"><a class=\"mec-color-hover\" data-event-id=\"50132\" href=\"https:\/\/agendaculturalriodejaneiro.com\/en\/events\/piaf-eu-nao-me-arrependo-no-teatro-riachuelo-rj\/\" target=\"_blank\" rel=\"noopener\">Piaf &#8211; Eu N\u00e3o Me Arrependo no Teatro Riachuelo &#8211; RJ<\/a><\/h4>\r\n                <p class=\"mec-grid-event-location\">Rua do Passeio , 40, Rio de Janeiro - Rio de Janeiro<\/p>\r\n            <\/div>\r\n            <div class=\"mec-event-footer mec-color\">\r\n                                <ul class=\"mec-event-sharing-wrap\">\r\n                    <li class=\"mec-event-share\">\r\n                        <a href=\"#\" class=\"mec-event-share-icon\">\r\n                            <i class=\"mec-sl-share\" title=\"Share\"><\/i>\r\n                        <\/a>\r\n                    <\/li>\r\n                    <li>\r\n                        <ul class=\"mec-event-sharing\">\r\n                            <li class=\"mec-event-social-icon\"><a class=\"facebook\" href=\"https:\/\/www.facebook.com\/sharer\/sharer.php?u=https%3A%2F%2Fagendaculturalriodejaneiro.com%2Fen%2Fevents%2Fpiaf-eu-nao-me-arrependo-no-teatro-riachuelo-rj%2F\" onclick=\"javascript:window.open(this.href, &apos;&apos;, &apos;menubar=no,toolbar=no,resizable=yes,scrollbars=yes,height=500,width=600&apos;); return false;\" target=\"_blank\" title=\"Share on Facebook\"><i class=\"mec-fa-facebook\"><\/i><span class=\"mec-social-title\">Facebook<\/span><\/a><\/li><li class=\"mec-event-social-icon\"><a class=\"twitter\" href=\"https:\/\/x.com\/intent\/tweet?url=https%3A%2F%2Fagendaculturalriodejaneiro.com%2Fen%2Fevents%2Fpiaf-eu-nao-me-arrependo-no-teatro-riachuelo-rj%2F\" onclick=\"javascript:window.open(this.href, &apos;&apos;, &apos;menubar=no,toolbar=no,resizable=yes,scrollbars=yes,height=600,width=500&apos;); return false;\" target=\"_blank\" title=\"X Social Network\"><svg xmlns=\"http:\/\/www.w3.org\/2000\/svg\" viewbox=\"0 0 512 462.799\"><path d=\"M403.229 0h78.506L310.219 196.04 512 462.799H354.002L230.261 301.007 88.669 462.799h-78.56l183.455-209.683L0 0h161.999l111.856 147.88L403.229 0zm-27.556 415.805h43.505L138.363 44.527h-46.68l283.99 371.278z\" \/><\/svg><span class=\"mec-social-title\">Twitter<\/span><\/a><\/li><li class=\"mec-event-social-icon\"><a class=\"linkedin\" href=\"https:\/\/www.linkedin.com\/shareArticle?mini=true&amp;url=https%3A%2F%2Fagendaculturalriodejaneiro.com%2Fen%2Fevents%2Fpiaf-eu-nao-me-arrependo-no-teatro-riachuelo-rj%2F\" onclick=\"javascript:window.open(this.href, &apos;&apos;, &apos;menubar=no,toolbar=no,resizable=yes,scrollbars=yes,height=600,width=500&apos;); return false;\" target=\"_blank\" title=\"Linkedin\"><i class=\"mec-fa-linkedin\"><\/i><span class=\"mec-social-title\">Linkedin<\/span><\/a><\/li><li class=\"mec-event-social-icon\"><a class=\"email\" href=\"mailto:?subject=Piaf%20-%20Eu%20N%C3%A3o%20Me%20Arrependo%20no%20Teatro%20Riachuelo%20-%20RJ&amp;body=https%3A%2F%2Fagendaculturalriodejaneiro.com%2Fen%2Fevents%2Fpiaf-eu-nao-me-arrependo-no-teatro-riachuelo-rj%2F\" title=\"Email\"><i class=\"mec-fa-envelope\"><\/i><span class=\"mec-social-title\">Email<\/span><\/a><\/li>                        <\/ul>\r\n                    <\/li>\r\n                <\/ul>\r\n                                                                <a class=\"mec-booking-button\" data-event-id=\"50132\" href=\"https:\/\/agendaculturalriodejaneiro.com\/en\/events\/piaf-eu-nao-me-arrependo-no-teatro-riachuelo-rj\/\" target=\"_blank\" rel=\"noopener\">Ver Detalhes<\/a>            <\/div>\r\n        <\/article><\/div>                <div class=\"col-md-4 col-sm-4\"><article class=\" mec-event-article mec-clear  \">                    <div class=\"event-grid-t2-head mec-bg-color clearfix\">\r\n                                    <div class=\"mec-event-month\"><span class=\"mec-start-date-label\">21 October<\/span><\/div>\r\n                                                                                            <div class=\"mec-event-detail\">\r\n                    <div class=\"mec-event-loc-place\"><i class=\"mec-sl-location-pin\"><\/i>Teatro Riachuelo RJ<\/div>                                                                                                <\/div>\r\n            <\/div>\r\n                        <div class=\"mec-event-image\"><a data-event-id=\"50135\" href=\"https:\/\/agendaculturalriodejaneiro.com\/en\/events\/uma-saudacao-as-divas-celebrando-10-anos-no-teatro-riachuelo-rj\/\" target=\"_blank\" rel=\"noopener\"><img loading=\"lazy\" decoding=\"async\" width=\"300\" height=\"158\" src=\"https:\/\/agendaculturalriodejaneiro.com\/wp-content\/uploads\/2026\/05\/Uma-Saudacao-As-Divas-Celebrando-10-Anos-no-Teatro-Riachuelo-RJ-1-300x158.jpg\" class=\"attachment-medium size-medium wp-post-image\" alt=\"Uma Sauda\u00e7\u00e3o \u00c0s Divas - Celebrando 10 Anos no Teatro Riachuelo - RJ\" data-mec-postid=\"50135\" \/><\/a><\/div>\r\n            <div class=\"mec-event-content\">\r\n                                                                <h4 class=\"mec-event-title\"><a class=\"mec-color-hover\" data-event-id=\"50135\" href=\"https:\/\/agendaculturalriodejaneiro.com\/en\/events\/uma-saudacao-as-divas-celebrando-10-anos-no-teatro-riachuelo-rj\/\" target=\"_blank\" rel=\"noopener\">Uma Sauda\u00e7\u00e3o \u00c0s Divas &#8211; Celebrando 10 Anos no Teatro Riachuelo &#8211; RJ<\/a><\/h4>\r\n                <p class=\"mec-grid-event-location\">Rua do Passeio , 40, Rio de Janeiro - Rio de Janeiro<\/p>\r\n            <\/div>\r\n            <div class=\"mec-event-footer mec-color\">\r\n                                <ul class=\"mec-event-sharing-wrap\">\r\n                    <li class=\"mec-event-share\">\r\n                        <a href=\"#\" class=\"mec-event-share-icon\">\r\n                            <i class=\"mec-sl-share\" title=\"Share\"><\/i>\r\n                        <\/a>\r\n                    <\/li>\r\n                    <li>\r\n                        <ul class=\"mec-event-sharing\">\r\n                            <li class=\"mec-event-social-icon\"><a class=\"facebook\" href=\"https:\/\/www.facebook.com\/sharer\/sharer.php?u=https%3A%2F%2Fagendaculturalriodejaneiro.com%2Fen%2Fevents%2Fuma-saudacao-as-divas-celebrando-10-anos-no-teatro-riachuelo-rj%2F\" onclick=\"javascript:window.open(this.href, &apos;&apos;, &apos;menubar=no,toolbar=no,resizable=yes,scrollbars=yes,height=500,width=600&apos;); return false;\" target=\"_blank\" title=\"Share on Facebook\"><i class=\"mec-fa-facebook\"><\/i><span class=\"mec-social-title\">Facebook<\/span><\/a><\/li><li class=\"mec-event-social-icon\"><a class=\"twitter\" href=\"https:\/\/x.com\/intent\/tweet?url=https%3A%2F%2Fagendaculturalriodejaneiro.com%2Fen%2Fevents%2Fuma-saudacao-as-divas-celebrando-10-anos-no-teatro-riachuelo-rj%2F\" onclick=\"javascript:window.open(this.href, &apos;&apos;, &apos;menubar=no,toolbar=no,resizable=yes,scrollbars=yes,height=600,width=500&apos;); return false;\" target=\"_blank\" title=\"X Social Network\"><svg xmlns=\"http:\/\/www.w3.org\/2000\/svg\" viewbox=\"0 0 512 462.799\"><path d=\"M403.229 0h78.506L310.219 196.04 512 462.799H354.002L230.261 301.007 88.669 462.799h-78.56l183.455-209.683L0 0h161.999l111.856 147.88L403.229 0zm-27.556 415.805h43.505L138.363 44.527h-46.68l283.99 371.278z\" \/><\/svg><span class=\"mec-social-title\">Twitter<\/span><\/a><\/li><li class=\"mec-event-social-icon\"><a class=\"linkedin\" href=\"https:\/\/www.linkedin.com\/shareArticle?mini=true&amp;url=https%3A%2F%2Fagendaculturalriodejaneiro.com%2Fen%2Fevents%2Fuma-saudacao-as-divas-celebrando-10-anos-no-teatro-riachuelo-rj%2F\" onclick=\"javascript:window.open(this.href, &apos;&apos;, &apos;menubar=no,toolbar=no,resizable=yes,scrollbars=yes,height=600,width=500&apos;); return false;\" target=\"_blank\" title=\"Linkedin\"><i class=\"mec-fa-linkedin\"><\/i><span class=\"mec-social-title\">Linkedin<\/span><\/a><\/li><li class=\"mec-event-social-icon\"><a class=\"email\" href=\"mailto:?subject=Uma%20Sauda%C3%A7%C3%A3o%20%C3%80s%20Divas%20-%20Celebrando%2010%20Anos%20no%20Teatro%20Riachuelo%20-%20RJ&amp;body=https%3A%2F%2Fagendaculturalriodejaneiro.com%2Fen%2Fevents%2Fuma-saudacao-as-divas-celebrando-10-anos-no-teatro-riachuelo-rj%2F\" title=\"Email\"><i class=\"mec-fa-envelope\"><\/i><span class=\"mec-social-title\">Email<\/span><\/a><\/li>                        <\/ul>\r\n                    <\/li>\r\n                <\/ul>\r\n                                                                <a class=\"mec-booking-button\" data-event-id=\"50135\" href=\"https:\/\/agendaculturalriodejaneiro.com\/en\/events\/uma-saudacao-as-divas-celebrando-10-anos-no-teatro-riachuelo-rj\/\" target=\"_blank\" rel=\"noopener\">Ver Detalhes<\/a>            <\/div>\r\n        <\/article><\/div><\/div>                <div class=\"row\"><div class=\"col-md-4 col-sm-4\"><article class=\" mec-event-article mec-clear  \">                    <div class=\"event-grid-t2-head mec-bg-color clearfix\">\r\n                                    <div class=\"mec-event-month\"><span class=\"mec-start-date-label\">25 November<\/span><\/div>\r\n                                                                                            <div class=\"mec-event-detail\">\r\n                    <div class=\"mec-event-loc-place\"><i class=\"mec-sl-location-pin\"><\/i>Teatro Riachuelo RJ<\/div>                                                                                                <\/div>\r\n            <\/div>\r\n                        <div class=\"mec-event-image\"><a data-event-id=\"50138\" href=\"https:\/\/agendaculturalriodejaneiro.com\/en\/events\/beatles-abbey-road-no-teatro-riachuelo-rj\/\" target=\"_blank\" rel=\"noopener\"><img loading=\"lazy\" decoding=\"async\" width=\"300\" height=\"158\" src=\"https:\/\/agendaculturalriodejaneiro.com\/wp-content\/uploads\/2026\/05\/Beatles-Abbey-Road-no-Teatro-Riachuelo-RJ-2-300x158.jpg\" class=\"attachment-medium size-medium wp-post-image\" alt=\"Beatles Abbey Road no Teatro Riachuelo - RJ\" data-mec-postid=\"50138\" \/><\/a><\/div>\r\n            <div class=\"mec-event-content\">\r\n                                                                <h4 class=\"mec-event-title\"><a class=\"mec-color-hover\" data-event-id=\"50138\" href=\"https:\/\/agendaculturalriodejaneiro.com\/en\/events\/beatles-abbey-road-no-teatro-riachuelo-rj\/\" target=\"_blank\" rel=\"noopener\">Beatles Abbey Road no Teatro Riachuelo &#8211; RJ<\/a><\/h4>\r\n                <p class=\"mec-grid-event-location\">Rua do Passeio , 40, Rio de Janeiro - Rio de Janeiro<\/p>\r\n            <\/div>\r\n            <div class=\"mec-event-footer mec-color\">\r\n                                <ul class=\"mec-event-sharing-wrap\">\r\n                    <li class=\"mec-event-share\">\r\n                        <a href=\"#\" class=\"mec-event-share-icon\">\r\n                            <i class=\"mec-sl-share\" title=\"Share\"><\/i>\r\n                        <\/a>\r\n                    <\/li>\r\n                    <li>\r\n                        <ul class=\"mec-event-sharing\">\r\n                            <li class=\"mec-event-social-icon\"><a class=\"facebook\" href=\"https:\/\/www.facebook.com\/sharer\/sharer.php?u=https%3A%2F%2Fagendaculturalriodejaneiro.com%2Fen%2Fevents%2Fbeatles-abbey-road-no-teatro-riachuelo-rj%2F\" onclick=\"javascript:window.open(this.href, &apos;&apos;, &apos;menubar=no,toolbar=no,resizable=yes,scrollbars=yes,height=500,width=600&apos;); return false;\" target=\"_blank\" title=\"Share on Facebook\"><i class=\"mec-fa-facebook\"><\/i><span class=\"mec-social-title\">Facebook<\/span><\/a><\/li><li class=\"mec-event-social-icon\"><a class=\"twitter\" href=\"https:\/\/x.com\/intent\/tweet?url=https%3A%2F%2Fagendaculturalriodejaneiro.com%2Fen%2Fevents%2Fbeatles-abbey-road-no-teatro-riachuelo-rj%2F\" onclick=\"javascript:window.open(this.href, &apos;&apos;, &apos;menubar=no,toolbar=no,resizable=yes,scrollbars=yes,height=600,width=500&apos;); return false;\" target=\"_blank\" title=\"X Social Network\"><svg xmlns=\"http:\/\/www.w3.org\/2000\/svg\" viewbox=\"0 0 512 462.799\"><path d=\"M403.229 0h78.506L310.219 196.04 512 462.799H354.002L230.261 301.007 88.669 462.799h-78.56l183.455-209.683L0 0h161.999l111.856 147.88L403.229 0zm-27.556 415.805h43.505L138.363 44.527h-46.68l283.99 371.278z\" \/><\/svg><span class=\"mec-social-title\">Twitter<\/span><\/a><\/li><li class=\"mec-event-social-icon\"><a class=\"linkedin\" href=\"https:\/\/www.linkedin.com\/shareArticle?mini=true&amp;url=https%3A%2F%2Fagendaculturalriodejaneiro.com%2Fen%2Fevents%2Fbeatles-abbey-road-no-teatro-riachuelo-rj%2F\" onclick=\"javascript:window.open(this.href, &apos;&apos;, &apos;menubar=no,toolbar=no,resizable=yes,scrollbars=yes,height=600,width=500&apos;); return false;\" target=\"_blank\" title=\"Linkedin\"><i class=\"mec-fa-linkedin\"><\/i><span class=\"mec-social-title\">Linkedin<\/span><\/a><\/li><li class=\"mec-event-social-icon\"><a class=\"email\" href=\"mailto:?subject=Beatles%20Abbey%20Road%20no%20Teatro%20Riachuelo%20-%20RJ&amp;body=https%3A%2F%2Fagendaculturalriodejaneiro.com%2Fen%2Fevents%2Fbeatles-abbey-road-no-teatro-riachuelo-rj%2F\" title=\"Email\"><i class=\"mec-fa-envelope\"><\/i><span class=\"mec-social-title\">Email<\/span><\/a><\/li>                        <\/ul>\r\n                    <\/li>\r\n                <\/ul>\r\n                                                                <a class=\"mec-booking-button\" data-event-id=\"50138\" href=\"https:\/\/agendaculturalriodejaneiro.com\/en\/events\/beatles-abbey-road-no-teatro-riachuelo-rj\/\" target=\"_blank\" rel=\"noopener\">Ver Detalhes<\/a>            <\/div>\r\n        <\/article><\/div>                        <\/div>\t<\/div>\r\n<\/div>\r\n\r\n    <\/div>\r\n    <div class=\"mec-skin-grid-no-events-container mec-util-hidden\" id=\"mec_skin_no_events_mec1\">\r\n        Eventos n\u00e3o encontrados!    <\/div>\r\n    \r\n    \r\n<\/div>\r\n\t\t\t\t<\/div>\n\t\t\t\t<\/div>\n\t\t\t\t<div class=\"elementor-element elementor-element-c171a05 elementor-widget elementor-widget-html\" data-id=\"c171a05\" data-element_type=\"widget\" data-e-type=\"widget\" data-widget_type=\"html.default\">\n\t\t\t\t<div class=\"elementor-widget-container\">\n\t\t\t\t\t<script async src=\"https:\/\/pagead2.googlesyndication.com\/pagead\/js\/adsbygoogle.js?client=ca-pub-1076216326230548\"\r\n     crossorigin=\"anonymous\"><\/script>\r\n<!-- Anuncio horizontal adapt\u00e1vel -->\r\n<ins class=\"adsbygoogle\"\r\n     style=\"display:block\"\r\n     data-ad-client=\"ca-pub-1076216326230548\"\r\n     data-ad-slot=\"8379342184\"\r\n     data-ad-format=\"auto\"\r\n     data-full-width-responsive=\"true\"><\/ins>\r\n<script>\r\n     (adsbygoogle = window.adsbygoogle || []).push({});\r\n<\/script>\t\t\t\t<\/div>\n\t\t\t\t<\/div>\n\t\t\t\t\t<\/div>\n\t\t<\/div>\n\t\t\t\t\t<\/div>\n\t\t<\/section>\n\t\t\t\t<section class=\"elementor-section elementor-top-section elementor-element elementor-element-19daddaf elementor-section-boxed elementor-section-height-default elementor-section-height-default\" data-id=\"19daddaf\" data-element_type=\"section\" data-e-type=\"section\">\n\t\t\t\t\t\t<div class=\"elementor-container elementor-column-gap-default\">\n\t\t\t\t\t<div class=\"elementor-column elementor-col-100 elementor-top-column elementor-element elementor-element-d916f99\" data-id=\"d916f99\" data-element_type=\"column\" data-e-type=\"column\">\n\t\t\t<div class=\"elementor-widget-wrap elementor-element-populated\">\n\t\t\t\t\t\t<div class=\"elementor-element elementor-element-3c6d0f87 elementor-invisible elementor-widget elementor-widget-heading\" data-id=\"3c6d0f87\" data-element_type=\"widget\" data-e-type=\"widget\" data-settings=\"{&quot;_animation&quot;:&quot;fadeInUp&quot;}\" data-widget_type=\"heading.default\">\n\t\t\t\t<div class=\"elementor-widget-container\">\n\t\t\t\t\t<h3 class=\"elementor-heading-title elementor-size-default\">eventos no rio de Janeiro - Brasil <\/h3>\t\t\t\t<\/div>\n\t\t\t\t<\/div>\n\t\t\t\t\t<\/div>\n\t\t<\/div>\n\t\t\t\t\t<\/div>\n\t\t<\/section>\n\t\t\t\t<section class=\"elementor-section elementor-top-section elementor-element elementor-element-34db40d6 elementor-section-stretched elementor-section-height-min-height elementor-section-items-stretch elementor-section-boxed elementor-section-height-default\" data-id=\"34db40d6\" data-element_type=\"section\" data-e-type=\"section\" data-settings=\"{&quot;stretch_section&quot;:&quot;section-stretched&quot;,&quot;background_background&quot;:&quot;classic&quot;}\">\n\t\t\t\t\t\t\t<div class=\"elementor-background-overlay\"><\/div>\n\t\t\t\t\t\t\t<div class=\"elementor-container elementor-column-gap-default\">\n\t\t\t\t\t<div class=\"elementor-column elementor-col-100 elementor-top-column elementor-element elementor-element-6170dc89\" data-id=\"6170dc89\" data-element_type=\"column\" data-e-type=\"column\">\n\t\t\t<div class=\"elementor-widget-wrap elementor-element-populated\">\n\t\t\t\t\t\t<section class=\"elementor-section elementor-inner-section elementor-element elementor-element-1e7e8276 elementor-section-boxed elementor-section-height-default elementor-section-height-default elementor-invisible\" data-id=\"1e7e8276\" data-element_type=\"section\" data-e-type=\"section\" data-settings=\"{&quot;animation&quot;:&quot;fadeInLeft&quot;,&quot;animation_delay&quot;:500}\">\n\t\t\t\t\t\t<div class=\"elementor-container elementor-column-gap-default\">\n\t\t\t\t\t<div class=\"elementor-column elementor-col-100 elementor-inner-column elementor-element elementor-element-7684ea5a elementor-invisible\" data-id=\"7684ea5a\" data-element_type=\"column\" data-e-type=\"column\" data-settings=\"{&quot;background_background&quot;:&quot;classic&quot;,&quot;animation&quot;:&quot;fadeInUp&quot;,&quot;animation_delay&quot;:300}\">\n\t\t\t<div class=\"elementor-widget-wrap elementor-element-populated\">\n\t\t\t\t\t\t<div class=\"elementor-element elementor-element-5c039b51 elementor-widget elementor-widget-heading\" data-id=\"5c039b51\" data-element_type=\"widget\" data-e-type=\"widget\" data-widget_type=\"heading.default\">\n\t\t\t\t<div class=\"elementor-widget-container\">\n\t\t\t\t\t<h3 class=\"elementor-heading-title elementor-size-default\"> Teatro Riachuelo -  Rio de Janeiro<\/h3>\t\t\t\t<\/div>\n\t\t\t\t<\/div>\n\t\t\t\t<div class=\"elementor-element elementor-element-10d53210 elementor-widget elementor-widget-image\" data-id=\"10d53210\" data-element_type=\"widget\" data-e-type=\"widget\" data-widget_type=\"image.default\">\n\t\t\t\t<div class=\"elementor-widget-container\">\n\t\t\t\t\t\t\t\t\t\t\t\t\t\t\t<img loading=\"lazy\" decoding=\"async\" width=\"90\" height=\"7\" src=\"https:\/\/agendaculturalriodejaneiro.com\/wp-content\/uploads\/2021\/11\/divider.png\" class=\"attachment-full size-full wp-image-13\" alt=\"\" \/>\t\t\t\t\t\t\t\t\t\t\t\t\t\t\t<\/div>\n\t\t\t\t<\/div>\n\t\t\t\t<div class=\"elementor-element elementor-element-2471303 elementor-widget elementor-widget-text-editor\" data-id=\"2471303\" data-element_type=\"widget\" data-e-type=\"widget\" data-widget_type=\"text-editor.default\">\n\t\t\t\t<div class=\"elementor-widget-container\">\n\t\t\t\t\t\t\t\t\t<p>Ponto de encontro de artistas, intelectuais e pol\u00edticos, frequentado por milhares de pessoas ao longo de sua exist\u00eancia, o pr\u00e9dio foi constru\u00eddo no s\u00e9culo XIX. Inaugurou, em 1890, como Cassino Nacional Brasileiro e logo passou a ser chamado de Cassino Nacional, em 1901.<\/p><p>O grande desafio das obras foi manter a legitimidade do patrim\u00f4nio hist\u00f3rico e criar uma estrutura mais moderna, com dimens\u00f5es que suportassem todos os equipamentos de \u00faltima gera\u00e7\u00e3o necess\u00e1rios para o pleno funcionamento do teatro, que foi projetado para comportar os mais diversos tipos de eventos culturais e corporativos.<\/p>\t\t\t\t\t\t\t\t<\/div>\n\t\t\t\t<\/div>\n\t\t\t\t<div class=\"elementor-element elementor-element-026338e elementor-widget elementor-widget-html\" data-id=\"026338e\" data-element_type=\"widget\" data-e-type=\"widget\" data-widget_type=\"html.default\">\n\t\t\t\t<div class=\"elementor-widget-container\">\n\t\t\t\t\t<script async src=\"https:\/\/pagead2.googlesyndication.com\/pagead\/js\/adsbygoogle.js?client=ca-pub-1076216326230548\"\r\n     crossorigin=\"anonymous\"><\/script>\r\n<!-- Anuncio horizontal adapt\u00e1vel -->\r\n<ins class=\"adsbygoogle\"\r\n     style=\"display:block\"\r\n     data-ad-client=\"ca-pub-1076216326230548\"\r\n     data-ad-slot=\"8379342184\"\r\n     data-ad-format=\"auto\"\r\n     data-full-width-responsive=\"true\"><\/ins>\r\n<script>\r\n     (adsbygoogle = window.adsbygoogle || []).push({});\r\n<\/script>\t\t\t\t<\/div>\n\t\t\t\t<\/div>\n\t\t\t\t\t<\/div>\n\t\t<\/div>\n\t\t\t\t\t<\/div>\n\t\t<\/section>\n\t\t\t\t<div class=\"elementor-element elementor-element-1f98bbc9 elementor-widget elementor-widget-spacer\" data-id=\"1f98bbc9\" data-element_type=\"widget\" data-e-type=\"widget\" data-widget_type=\"spacer.default\">\n\t\t\t\t<div class=\"elementor-widget-container\">\n\t\t\t\t\t\t\t<div class=\"elementor-spacer\">\n\t\t\t<div class=\"elementor-spacer-inner\"><\/div>\n\t\t<\/div>\n\t\t\t\t\t\t<\/div>\n\t\t\t\t<\/div>\n\t\t\t\t<div class=\"elementor-element elementor-element-1cda6767 elementor-widget elementor-widget-heading\" data-id=\"1cda6767\" data-element_type=\"widget\" data-e-type=\"widget\" data-widget_type=\"heading.default\">\n\t\t\t\t<div class=\"elementor-widget-container\">\n\t\t\t\t\t<h2 class=\"elementor-heading-title elementor-size-default\">Agenda Teatro Riachuelo - RJ<\/h2>\t\t\t\t<\/div>\n\t\t\t\t<\/div>\n\t\t\t\t<div class=\"elementor-element elementor-element-2924db03 elementor-widget elementor-widget-heading\" data-id=\"2924db03\" data-element_type=\"widget\" data-e-type=\"widget\" data-widget_type=\"heading.default\">\n\t\t\t\t<div class=\"elementor-widget-container\">\n\t\t\t\t\t<h3 class=\"elementor-heading-title elementor-size-default\">Eventos | Shows | Bilheteria <\/h3>\t\t\t\t<\/div>\n\t\t\t\t<\/div>\n\t\t\t\t\t<\/div>\n\t\t<\/div>\n\t\t\t\t\t<\/div>\n\t\t<\/section>\n\t\t\t\t<\/div>\n\t\t","protected":false},"excerpt":{"rendered":"<p>Agenda Teatro Riachuelo \u2013 RJ Program Teatro Riachuelo \u2013 RJ 07 January Teatro Riachuelo RJ A Cor P\u00farpura, The Musical Teatro Riachuelo Rua do Passeio, 40, Rio de Janeiro \u2013 Rio de Janeiro See Details 10 March Teatro Riachuelo RJ As Cangaceiras Guerreiras do Sert\u00e3o Teatro Riachuelo Rua do Passeio, 40, Rio de\u2026&nbsp;<\/p>","protected":false},"author":1,"featured_media":0,"parent":0,"menu_order":0,"comment_status":"closed","ping_status":"closed","template":"","meta":{"neve_meta_sidebar":"","neve_meta_container":"","neve_meta_enable_content_width":"","neve_meta_content_width":0,"neve_meta_title_alignment":"","neve_meta_author_avatar":"","neve_post_elements_order":"","neve_meta_disable_header":"","neve_meta_disable_footer":"","neve_meta_disable_title":"","footnotes":""},"class_list":["post-447","page","type-page","status-publish","hentry"],"yoast_head":"<!-- This site is optimized with the Yoast SEO plugin v28.4 - https:\/\/yoast.com\/product\/yoast-seo-wordpress\/ -->\n<title>Agenda Teatro Riachuelo- RJ - Programa\u00e7\u00e3o | Eventos| Espet\u00e1culos | RJ<\/title>\n<meta name=\"description\" content=\"Agenda Teatro Riachuelo- RJ - Programa\u00e7\u00e3o - Shows, M\u00fasica, Ingressos , Pre\u00e7o. Agenda Cultural do Rio de Janeiro - RJ - Eventos Hoje no Rio\" \/>\n<meta name=\"robots\" content=\"index, follow, max-snippet:-1, max-image-preview:large, max-video-preview:-1\" \/>\n<link rel=\"canonical\" href=\"https:\/\/agendaculturalriodejaneiro.com\/en\/riachuelo-rj-theater-schedule\/\" \/>\n<meta property=\"og:locale\" content=\"en_US\" \/>\n<meta property=\"og:type\" content=\"article\" \/>\n<meta property=\"og:title\" content=\"Agenda Teatro Riachuelo- RJ - Programa\u00e7\u00e3o | Eventos| Espet\u00e1culos | RJ\" \/>\n<meta property=\"og:description\" content=\"Agenda Teatro Riachuelo- RJ - Programa\u00e7\u00e3o - Shows, M\u00fasica, Ingressos , Pre\u00e7o. Agenda Cultural do Rio de Janeiro - RJ - Eventos Hoje no Rio\" \/>\n<meta property=\"og:url\" content=\"https:\/\/agendaculturalriodejaneiro.com\/en\/riachuelo-rj-theater-schedule\/\" \/>\n<meta property=\"og:site_name\" content=\"Agenda Cultural Rio de Janeiro\" \/>\n<meta property=\"article:publisher\" content=\"https:\/\/www.facebook.com\/agenda_cultural_rio_de_janeiro-106278728546059\" \/>\n<meta property=\"article:modified_time\" content=\"2021-12-26T15:48:09+00:00\" \/>\n<meta property=\"og:image\" content=\"http:\/\/agendaculturalriodejaneiro.com\/wp-content\/uploads\/2021\/12\/A-Cor-Purpura-O-Musical-300x169.jpg\" \/>\n<meta name=\"twitter:card\" content=\"summary_large_image\" \/>\n<meta name=\"twitter:label1\" content=\"Est. reading time\" \/>\n\t<meta name=\"twitter:data1\" content=\"6 minutes\" \/>\n<script type=\"application\/ld+json\" class=\"yoast-schema-graph\">{\"@context\":\"https:\\\/\\\/schema.org\",\"@graph\":[{\"@type\":\"WebPage\",\"@id\":\"https:\\\/\\\/agendaculturalriodejaneiro.com\\\/agenda-teatro-riachuelo-rj\\\/\",\"url\":\"https:\\\/\\\/agendaculturalriodejaneiro.com\\\/agenda-teatro-riachuelo-rj\\\/\",\"name\":\"Agenda Teatro Riachuelo- RJ - Programa\u00e7\u00e3o | Eventos| Espet\u00e1culos | RJ\",\"isPartOf\":{\"@id\":\"https:\\\/\\\/agendaculturalriodejaneiro.com\\\/#website\"},\"primaryImageOfPage\":{\"@id\":\"https:\\\/\\\/agendaculturalriodejaneiro.com\\\/agenda-teatro-riachuelo-rj\\\/#primaryimage\"},\"image\":{\"@id\":\"https:\\\/\\\/agendaculturalriodejaneiro.com\\\/agenda-teatro-riachuelo-rj\\\/#primaryimage\"},\"thumbnailUrl\":\"http:\\\/\\\/agendaculturalriodejaneiro.com\\\/wp-content\\\/uploads\\\/2021\\\/12\\\/A-Cor-Purpura-O-Musical-300x169.jpg\",\"datePublished\":\"2021-11-24T17:56:35+00:00\",\"dateModified\":\"2021-12-26T15:48:09+00:00\",\"description\":\"Agenda Teatro Riachuelo- RJ - Programa\u00e7\u00e3o - Shows, M\u00fasica, Ingressos , Pre\u00e7o. Agenda Cultural do Rio de Janeiro - RJ - Eventos Hoje no Rio\",\"breadcrumb\":{\"@id\":\"https:\\\/\\\/agendaculturalriodejaneiro.com\\\/agenda-teatro-riachuelo-rj\\\/#breadcrumb\"},\"inLanguage\":\"en-US\",\"potentialAction\":[{\"@type\":\"ReadAction\",\"target\":[\"https:\\\/\\\/agendaculturalriodejaneiro.com\\\/agenda-teatro-riachuelo-rj\\\/\"]}]},{\"@type\":\"ImageObject\",\"inLanguage\":\"en-US\",\"@id\":\"https:\\\/\\\/agendaculturalriodejaneiro.com\\\/agenda-teatro-riachuelo-rj\\\/#primaryimage\",\"url\":\"http:\\\/\\\/agendaculturalriodejaneiro.com\\\/wp-content\\\/uploads\\\/2021\\\/12\\\/A-Cor-Purpura-O-Musical-300x169.jpg\",\"contentUrl\":\"http:\\\/\\\/agendaculturalriodejaneiro.com\\\/wp-content\\\/uploads\\\/2021\\\/12\\\/A-Cor-Purpura-O-Musical-300x169.jpg\"},{\"@type\":\"BreadcrumbList\",\"@id\":\"https:\\\/\\\/agendaculturalriodejaneiro.com\\\/agenda-teatro-riachuelo-rj\\\/#breadcrumb\",\"itemListElement\":[{\"@type\":\"ListItem\",\"position\":1,\"name\":\"In\u00edcio\",\"item\":\"https:\\\/\\\/agendaculturalriodejaneiro.com\\\/\"},{\"@type\":\"ListItem\",\"position\":2,\"name\":\"Agenda Teatro Riachuelo- RJ\"}]},{\"@type\":\"WebSite\",\"@id\":\"https:\\\/\\\/agendaculturalriodejaneiro.com\\\/#website\",\"url\":\"https:\\\/\\\/agendaculturalriodejaneiro.com\\\/\",\"name\":\"Agenda Cultural Rio de Janeiro\",\"description\":\"Agenda de Eventos no Rio de Janeiro . O que fazer no Rio de Janeiro\",\"publisher\":{\"@id\":\"https:\\\/\\\/agendaculturalriodejaneiro.com\\\/#organization\"},\"potentialAction\":[{\"@type\":\"SearchAction\",\"target\":{\"@type\":\"EntryPoint\",\"urlTemplate\":\"https:\\\/\\\/agendaculturalriodejaneiro.com\\\/?s={search_term_string}\"},\"query-input\":{\"@type\":\"PropertyValueSpecification\",\"valueRequired\":true,\"valueName\":\"search_term_string\"}}],\"inLanguage\":\"en-US\"},{\"@type\":\"Organization\",\"@id\":\"https:\\\/\\\/agendaculturalriodejaneiro.com\\\/#organization\",\"name\":\"Agenda Cultural Rio de Janeiro\",\"alternateName\":\"Agenda RJ\",\"url\":\"https:\\\/\\\/agendaculturalriodejaneiro.com\\\/\",\"logo\":{\"@type\":\"ImageObject\",\"inLanguage\":\"en-US\",\"@id\":\"https:\\\/\\\/agendaculturalriodejaneiro.com\\\/#\\\/schema\\\/logo\\\/image\\\/\",\"url\":\"https:\\\/\\\/agendaculturalriodejaneiro.com\\\/wp-content\\\/uploads\\\/2024\\\/11\\\/cropped-profile-photo-01.jpg\",\"contentUrl\":\"https:\\\/\\\/agendaculturalriodejaneiro.com\\\/wp-content\\\/uploads\\\/2024\\\/11\\\/cropped-profile-photo-01.jpg\",\"width\":512,\"height\":512,\"caption\":\"Agenda Cultural Rio de Janeiro\"},\"image\":{\"@id\":\"https:\\\/\\\/agendaculturalriodejaneiro.com\\\/#\\\/schema\\\/logo\\\/image\\\/\"},\"sameAs\":[\"https:\\\/\\\/www.facebook.com\\\/agenda_cultural_rio_de_janeiro-106278728546059\",\"https:\\\/\\\/www.instagram.com\\\/agenda_cultural_rio_de_janeiro\\\/\"]}]}<\/script>\n<!-- \/ Yoast SEO plugin. -->","yoast_head_json":{"title":"Agenda Teatro Riachuelo- RJ - Programming | Events| Shows | RJ","description":"Agenda Teatro Riachuelo - RJ - Programming - Shows, Music, Tickets, Price. Cultural Agenda of Rio de Janeiro - RJ - Events Today in Rio","robots":{"index":"index","follow":"follow","max-snippet":"max-snippet:-1","max-image-preview":"max-image-preview:large","max-video-preview":"max-video-preview:-1"},"canonical":"https:\/\/agendaculturalriodejaneiro.com\/en\/riachuelo-rj-theater-schedule\/","og_locale":"en_US","og_type":"article","og_title":"Agenda Teatro Riachuelo- RJ - Programa\u00e7\u00e3o | Eventos| Espet\u00e1culos | RJ","og_description":"Agenda Teatro Riachuelo- RJ - Programa\u00e7\u00e3o - Shows, M\u00fasica, Ingressos , Pre\u00e7o. Agenda Cultural do Rio de Janeiro - RJ - Eventos Hoje no Rio","og_url":"https:\/\/agendaculturalriodejaneiro.com\/en\/riachuelo-rj-theater-schedule\/","og_site_name":"Agenda Cultural Rio de Janeiro","article_publisher":"https:\/\/www.facebook.com\/agenda_cultural_rio_de_janeiro-106278728546059","article_modified_time":"2021-12-26T15:48:09+00:00","og_image":[{"url":"http:\/\/agendaculturalriodejaneiro.com\/wp-content\/uploads\/2021\/12\/A-Cor-Purpura-O-Musical-300x169.jpg","type":"","width":"","height":""}],"twitter_card":"summary_large_image","twitter_misc":{"Est. reading time":"6 minutes"},"schema":{"@context":"https:\/\/schema.org","@graph":[{"@type":"WebPage","@id":"https:\/\/agendaculturalriodejaneiro.com\/agenda-teatro-riachuelo-rj\/","url":"https:\/\/agendaculturalriodejaneiro.com\/agenda-teatro-riachuelo-rj\/","name":"Agenda Teatro Riachuelo- RJ - Programming | Events| Shows | RJ","isPartOf":{"@id":"https:\/\/agendaculturalriodejaneiro.com\/#website"},"primaryImageOfPage":{"@id":"https:\/\/agendaculturalriodejaneiro.com\/agenda-teatro-riachuelo-rj\/#primaryimage"},"image":{"@id":"https:\/\/agendaculturalriodejaneiro.com\/agenda-teatro-riachuelo-rj\/#primaryimage"},"thumbnailUrl":"http:\/\/agendaculturalriodejaneiro.com\/wp-content\/uploads\/2021\/12\/A-Cor-Purpura-O-Musical-300x169.jpg","datePublished":"2021-11-24T17:56:35+00:00","dateModified":"2021-12-26T15:48:09+00:00","description":"Agenda Teatro Riachuelo - RJ - Programming - Shows, Music, Tickets, Price. Cultural Agenda of Rio de Janeiro - RJ - Events Today in Rio","breadcrumb":{"@id":"https:\/\/agendaculturalriodejaneiro.com\/agenda-teatro-riachuelo-rj\/#breadcrumb"},"inLanguage":"en-US","potentialAction":[{"@type":"ReadAction","target":["https:\/\/agendaculturalriodejaneiro.com\/agenda-teatro-riachuelo-rj\/"]}]},{"@type":"ImageObject","inLanguage":"en-US","@id":"https:\/\/agendaculturalriodejaneiro.com\/agenda-teatro-riachuelo-rj\/#primaryimage","url":"http:\/\/agendaculturalriodejaneiro.com\/wp-content\/uploads\/2021\/12\/A-Cor-Purpura-O-Musical-300x169.jpg","contentUrl":"http:\/\/agendaculturalriodejaneiro.com\/wp-content\/uploads\/2021\/12\/A-Cor-Purpura-O-Musical-300x169.jpg"},{"@type":"BreadcrumbList","@id":"https:\/\/agendaculturalriodejaneiro.com\/agenda-teatro-riachuelo-rj\/#breadcrumb","itemListElement":[{"@type":"ListItem","position":1,"name":"In\u00edcio","item":"https:\/\/agendaculturalriodejaneiro.com\/"},{"@type":"ListItem","position":2,"name":"Agenda Teatro Riachuelo- RJ"}]},{"@type":"WebSite","@id":"https:\/\/agendaculturalriodejaneiro.com\/#website","url":"https:\/\/agendaculturalriodejaneiro.com\/","name":"Rio de Janeiro Events Guide","description":"Calendar of Events in Rio de Janeiro. What to do in Rio de Janeiro","publisher":{"@id":"https:\/\/agendaculturalriodejaneiro.com\/#organization"},"potentialAction":[{"@type":"SearchAction","target":{"@type":"EntryPoint","urlTemplate":"https:\/\/agendaculturalriodejaneiro.com\/?s={search_term_string}"},"query-input":{"@type":"PropertyValueSpecification","valueRequired":true,"valueName":"search_term_string"}}],"inLanguage":"en-US"},{"@type":"Organization","@id":"https:\/\/agendaculturalriodejaneiro.com\/#organization","name":"Rio de Janeiro Events Guide","alternateName":"Agenda RJ","url":"https:\/\/agendaculturalriodejaneiro.com\/","logo":{"@type":"ImageObject","inLanguage":"en-US","@id":"https:\/\/agendaculturalriodejaneiro.com\/#\/schema\/logo\/image\/","url":"https:\/\/agendaculturalriodejaneiro.com\/wp-content\/uploads\/2024\/11\/cropped-profile-photo-01.jpg","contentUrl":"https:\/\/agendaculturalriodejaneiro.com\/wp-content\/uploads\/2024\/11\/cropped-profile-photo-01.jpg","width":512,"height":512,"caption":"Agenda Cultural Rio de Janeiro"},"image":{"@id":"https:\/\/agendaculturalriodejaneiro.com\/#\/schema\/logo\/image\/"},"sameAs":["https:\/\/www.facebook.com\/agenda_cultural_rio_de_janeiro-106278728546059","https:\/\/www.instagram.com\/agenda_cultural_rio_de_janeiro\/"]}]}},"rttpg_featured_image_url":null,"rttpg_author":{"display_name":"AgendaRio","author_link":"https:\/\/agendaculturalriodejaneiro.com\/en\/author\/agendario\/"},"rttpg_comment":0,"rttpg_category":null,"rttpg_excerpt":"Agenda Teatro Riachuelo &#8211; RJ Programa\u00e7\u00e3o Teatro Riachuelo &#8211; RJ 07 Janeiro Teatro Riachuelo RJ A Cor P\u00farpura, O Musical Teatro Riachuelo Rua do Passeio , 40, Rio de Janeiro &#8211; Rio de Janeiro Ver Detalhes 10 Mar\u00e7o Teatro Riachuelo RJ As Cangaceiras Guerreiras do Sert\u00e3o Teatro Riachuelo Rua do Passeio , 40, Rio de&hellip;&nbsp;","_links":{"self":[{"href":"https:\/\/agendaculturalriodejaneiro.com\/en\/wp-json\/wp\/v2\/pages\/447","targetHints":{"allow":["GET"]}}],"collection":[{"href":"https:\/\/agendaculturalriodejaneiro.com\/en\/wp-json\/wp\/v2\/pages"}],"about":[{"href":"https:\/\/agendaculturalriodejaneiro.com\/en\/wp-json\/wp\/v2\/types\/page"}],"author":[{"embeddable":true,"href":"https:\/\/agendaculturalriodejaneiro.com\/en\/wp-json\/wp\/v2\/users\/1"}],"replies":[{"embeddable":true,"href":"https:\/\/agendaculturalriodejaneiro.com\/en\/wp-json\/wp\/v2\/comments?post=447"}],"version-history":[{"count":0,"href":"https:\/\/agendaculturalriodejaneiro.com\/en\/wp-json\/wp\/v2\/pages\/447\/revisions"}],"wp:attachment":[{"href":"https:\/\/agendaculturalriodejaneiro.com\/en\/wp-json\/wp\/v2\/media?parent=447"}],"curies":[{"name":"wp","href":"https:\/\/api.w.org\/{rel}","templated":true}]}}