{"id":288,"date":"2021-11-17T05:45:53","date_gmt":"2021-11-17T05:45:53","guid":{"rendered":"http:\/\/agendaculturalriodejaneiro.com\/?page_id=288"},"modified":"2026-07-17T12:07:55","modified_gmt":"2026-07-17T15:07:55","slug":"weekend-in-rio-de-janeiro","status":"publish","type":"page","link":"https:\/\/agendaculturalriodejaneiro.com\/en\/final-de-semana-no-rio-de-janeiro\/","title":{"rendered":"Things to Do in Rio de Janeiro This Weekend"},"content":{"rendered":"\t\t<div data-elementor-type=\"wp-page\" data-elementor-id=\"288\" class=\"elementor elementor-288\" data-elementor-post-type=\"page\">\n\t\t\t\t\t\t<section class=\"elementor-section elementor-top-section elementor-element elementor-element-a613c75 elementor-section-boxed elementor-section-height-default elementor-section-height-default\" data-id=\"a613c75\" data-element_type=\"section\" data-e-type=\"section\">\n\t\t\t\t\t\t<div class=\"elementor-container elementor-column-gap-default\">\n\t\t\t\t\t<div class=\"elementor-column elementor-col-100 elementor-top-column elementor-element elementor-element-7c553f3\" data-id=\"7c553f3\" data-element_type=\"column\" data-e-type=\"column\">\n\t\t\t<div class=\"elementor-widget-wrap elementor-element-populated\">\n\t\t\t\t\t\t<div class=\"elementor-element elementor-element-2ec1c3d elementor-widget elementor-widget-html\" data-id=\"2ec1c3d\" data-element_type=\"widget\" data-e-type=\"widget\" data-widget_type=\"html.default\">\n\t\t\t\t<div class=\"elementor-widget-container\">\n\t\t\t\t\t<!-- =========================================================\r\n     O QUE FAZER NO RIO NESTE FIM DE SEMANA \u2014 BLOCO 1\r\n     COLOCAR ANTES DA AGENDA MEC\r\n========================================================== -->\r\n\r\n<link rel=\"preconnect\" href=\"https:\/\/fonts.googleapis.com\">\r\n<link rel=\"preconnect\" href=\"https:\/\/fonts.gstatic.com\" crossorigin>\r\n\r\n<link\r\n    href=\"https:\/\/fonts.googleapis.com\/css2?family=Poppins:wght@400;500;600;700;800;900&display=swap\"\r\n    rel=\"stylesheet\"\r\n>\r\n\r\n<style>\r\n.acrj-weekend-page,\r\n.acrj-weekend-mec-shell {\r\n    --acrj-ciano: #00a6c2;\r\n    --acrj-ciano-escuro: #007f98;\r\n    --acrj-ciano-profundo: #005f73;\r\n    --acrj-amarelo: #ffe000;\r\n    --acrj-amarelo-hover: #f3d200;\r\n    --acrj-preto: #080b10;\r\n    --acrj-texto: #202830;\r\n    --acrj-cinza: #62707a;\r\n    --acrj-fundo: #f5f8f9;\r\n    --acrj-branco: #ffffff;\r\n    --acrj-linha: #dbe7ea;\r\n    --acrj-sombra: 0 16px 40px rgba(8, 11, 16, 0.08);\r\n    --acrj-largura: 1240px;\r\n\r\n    font-family: \"Poppins\", Arial, Helvetica, sans-serif;\r\n}\r\n\r\n.acrj-weekend-page,\r\n.acrj-weekend-page *,\r\n.acrj-weekend-mec-shell,\r\n.acrj-weekend-mec-shell * {\r\n    box-sizing: border-box;\r\n}\r\n\r\n.acrj-weekend-page {\r\n    width: 100%;\r\n    margin: 0;\r\n    padding: 0;\r\n\r\n    color: var(--acrj-texto);\r\n    background: var(--acrj-branco);\r\n\r\n    font-size: 16px;\r\n    line-height: 1.7;\r\n\r\n    overflow: hidden;\r\n}\r\n\r\n.acrj-weekend-container {\r\n    width: min(100% - 36px, var(--acrj-largura));\r\n    margin-right: auto;\r\n    margin-left: auto;\r\n}\r\n\r\n.acrj-weekend-page h1,\r\n.acrj-weekend-page h2,\r\n.acrj-weekend-page h3 {\r\n    font-family: \"Poppins\", Arial, Helvetica, sans-serif;\r\n    font-weight: 800;\r\n    letter-spacing: -0.035em;\r\n}\r\n\r\n.acrj-weekend-page h1,\r\n.acrj-weekend-page h2,\r\n.acrj-weekend-page h3,\r\n.acrj-weekend-page p {\r\n    overflow-wrap: anywhere;\r\n}\r\n\r\n.acrj-weekend-page a:focus-visible {\r\n    outline: 3px solid var(--acrj-amarelo);\r\n    outline-offset: 4px;\r\n}\r\n\r\n\r\n\/* =========================================================\r\n   HERO\r\n========================================================= *\/\r\n\r\n.acrj-weekend-hero {\r\n    position: relative;\r\n    isolation: isolate;\r\n\r\n    padding: clamp(56px, 8vw, 94px) 0 clamp(70px, 9vw, 100px);\r\n\r\n    color: var(--acrj-branco);\r\n\r\n    background:\r\n        radial-gradient(\r\n            circle at 87% 12%,\r\n            rgba(255, 224, 0, 0.24),\r\n            transparent 28%\r\n        ),\r\n        radial-gradient(\r\n            circle at 8% 100%,\r\n            rgba(0, 166, 194, 0.30),\r\n            transparent 34%\r\n        ),\r\n        linear-gradient(\r\n            135deg,\r\n            #061018 0%,\r\n            #092631 54%,\r\n            #006d83 100%\r\n        );\r\n\r\n    overflow: hidden;\r\n}\r\n\r\n.acrj-weekend-hero::before {\r\n    position: absolute;\r\n    z-index: -1;\r\n    top: -160px;\r\n    right: -100px;\r\n\r\n    width: 440px;\r\n    height: 440px;\r\n\r\n    border: 1px solid rgba(255, 255, 255, 0.13);\r\n    border-radius: 50%;\r\n\r\n    content: \"\";\r\n}\r\n\r\n.acrj-weekend-hero::after {\r\n    position: absolute;\r\n    z-index: -1;\r\n    right: 8%;\r\n    bottom: -225px;\r\n\r\n    width: 390px;\r\n    height: 390px;\r\n\r\n    border: 70px solid rgba(255, 224, 0, 0.075);\r\n    border-radius: 50%;\r\n\r\n    content: \"\";\r\n}\r\n\r\n.acrj-weekend-breadcrumb {\r\n    display: flex;\r\n    flex-wrap: wrap;\r\n    align-items: center;\r\n    gap: 7px;\r\n\r\n    margin: 0 0 24px;\r\n    padding: 0;\r\n\r\n    color: #b9dce2;\r\n\r\n    font-size: 11px;\r\n    font-weight: 600;\r\n    line-height: 1.5;\r\n\r\n    list-style: none;\r\n}\r\n\r\n.acrj-weekend-breadcrumb a {\r\n    color: #d6eef2;\r\n    text-decoration: none;\r\n}\r\n\r\n.acrj-weekend-breadcrumb a:hover {\r\n    color: var(--acrj-amarelo);\r\n}\r\n\r\n.acrj-weekend-breadcrumb li:not(:last-child)::after {\r\n    margin-left: 7px;\r\n\r\n    color: var(--acrj-ciano);\r\n\r\n    content: \"\u203a\";\r\n}\r\n\r\n.acrj-weekend-kicker {\r\n    display: inline-flex;\r\n    align-items: center;\r\n    gap: 9px;\r\n\r\n    margin-bottom: 16px;\r\n\r\n    color: #c5edf3;\r\n\r\n    font-size: 11px;\r\n    font-weight: 800;\r\n    letter-spacing: 0.1em;\r\n    line-height: 1.4;\r\n    text-transform: uppercase;\r\n}\r\n\r\n.acrj-weekend-kicker::before {\r\n    width: 27px;\r\n    height: 4px;\r\n\r\n    background: var(--acrj-amarelo);\r\n    border-radius: 999px;\r\n\r\n    content: \"\";\r\n}\r\n\r\n.acrj-weekend-hero-copy {\r\n    max-width: 980px;\r\n}\r\n\r\n.acrj-weekend-hero h1 {\r\n    max-width: 950px;\r\n    margin: 0 0 21px;\r\n\r\n    color: var(--acrj-branco);\r\n\r\n    font-size: clamp(39px, 6vw, 68px);\r\n    line-height: 1.04;\r\n    letter-spacing: -0.055em;\r\n}\r\n\r\n.acrj-weekend-hero h1 strong {\r\n    color: var(--acrj-amarelo);\r\n    font-weight: 900;\r\n}\r\n\r\n.acrj-weekend-description {\r\n    max-width: 840px;\r\n    margin: 0 0 29px;\r\n\r\n    color: #deedf0;\r\n\r\n    font-size: clamp(16px, 2vw, 18px);\r\n    line-height: 1.75;\r\n}\r\n\r\n.acrj-weekend-actions {\r\n    display: flex;\r\n    flex-wrap: wrap;\r\n    gap: 12px;\r\n}\r\n\r\n.acrj-weekend-button {\r\n    display: inline-flex;\r\n    align-items: center;\r\n    justify-content: center;\r\n    gap: 9px;\r\n\r\n    min-height: 48px;\r\n    padding: 12px 21px;\r\n\r\n    border: 1px solid transparent;\r\n    border-radius: 999px;\r\n\r\n    font-family: \"Poppins\", Arial, Helvetica, sans-serif;\r\n    font-size: 13px;\r\n    font-weight: 800;\r\n    line-height: 1.25;\r\n    text-align: center;\r\n    text-decoration: none !important;\r\n\r\n    transition:\r\n        transform 170ms ease,\r\n        color 170ms ease,\r\n        background-color 170ms ease,\r\n        border-color 170ms ease;\r\n}\r\n\r\n.acrj-weekend-button:hover {\r\n    transform: translateY(-2px);\r\n}\r\n\r\n.acrj-weekend-button--primary {\r\n    color: var(--acrj-preto) !important;\r\n    background: var(--acrj-amarelo);\r\n    border-color: var(--acrj-amarelo);\r\n}\r\n\r\n.acrj-weekend-button--primary:hover {\r\n    background: var(--acrj-amarelo-hover);\r\n    border-color: var(--acrj-amarelo-hover);\r\n}\r\n\r\n.acrj-weekend-button--secondary {\r\n    color: var(--acrj-branco) !important;\r\n    background: rgba(255, 255, 255, 0.08);\r\n    border-color: rgba(255, 255, 255, 0.31);\r\n}\r\n\r\n.acrj-weekend-button--secondary:hover {\r\n    background: rgba(255, 255, 255, 0.16);\r\n    border-color: rgba(255, 255, 255, 0.52);\r\n}\r\n\r\n\r\n\/* =========================================================\r\n   RESUMO\r\n========================================================= *\/\r\n\r\n.acrj-weekend-summary {\r\n    position: relative;\r\n    z-index: 3;\r\n\r\n    margin-top: -31px;\r\n    padding-bottom: 57px;\r\n}\r\n\r\n.acrj-weekend-summary-box {\r\n    display: grid;\r\n    grid-template-columns: repeat(3, minmax(0, 1fr));\r\n    gap: 16px;\r\n\r\n    padding: 18px;\r\n\r\n    background: var(--acrj-branco);\r\n    border: 1px solid var(--acrj-linha);\r\n    border-radius: 20px;\r\n\r\n    box-shadow: var(--acrj-sombra);\r\n}\r\n\r\n.acrj-weekend-summary-item {\r\n    display: grid;\r\n    grid-template-columns: auto minmax(0, 1fr);\r\n    gap: 13px;\r\n    align-items: flex-start;\r\n\r\n    min-width: 0;\r\n    padding: 17px;\r\n\r\n    background: var(--acrj-fundo);\r\n    border-radius: 13px;\r\n}\r\n\r\n.acrj-weekend-summary-icon {\r\n    display: grid;\r\n    width: 39px;\r\n    height: 39px;\r\n    place-items: center;\r\n\r\n    color: var(--acrj-preto);\r\n    background: var(--acrj-amarelo);\r\n    border-radius: 11px;\r\n\r\n    font-size: 15px;\r\n    font-weight: 900;\r\n}\r\n\r\n.acrj-weekend-summary-item strong {\r\n    display: block;\r\n    margin-bottom: 4px;\r\n\r\n    color: var(--acrj-preto);\r\n\r\n    font-size: 12px;\r\n    line-height: 1.45;\r\n}\r\n\r\n.acrj-weekend-summary-item span {\r\n    display: block;\r\n\r\n    color: var(--acrj-cinza);\r\n\r\n    font-size: 10px;\r\n    line-height: 1.6;\r\n}\r\n\r\n\r\n\/* =========================================================\r\n   ADSENSE\r\n========================================================= *\/\r\n\r\n.acrj-weekend-ad {\r\n    width: 100%;\r\n    margin: 0 auto 53px;\r\n    padding: 0 16px;\r\n\r\n    clear: both;\r\n    text-align: center;\r\n}\r\n\r\n.acrj-weekend-ad-label {\r\n    display: block;\r\n    margin: 0 auto 8px;\r\n\r\n    color: #7c888f;\r\n\r\n    font-size: 9px;\r\n    font-weight: 700;\r\n    letter-spacing: 0.15em;\r\n    line-height: 1;\r\n    text-transform: uppercase;\r\n}\r\n\r\n.acrj-weekend-ad-slot {\r\n    display: flex;\r\n    align-items: center;\r\n    justify-content: center;\r\n\r\n    width: 100%;\r\n    min-height: 90px;\r\n\r\n    overflow: hidden;\r\n}\r\n\r\n\r\n\/* =========================================================\r\n   CABE\u00c7ALHO DA AGENDA\r\n========================================================= *\/\r\n\r\n.acrj-weekend-agenda-intro {\r\n    padding: 0 0 28px;\r\n}\r\n\r\n.acrj-weekend-agenda-heading {\r\n    display: flex;\r\n    align-items: flex-end;\r\n    justify-content: space-between;\r\n    gap: 28px;\r\n\r\n    padding-bottom: 24px;\r\n\r\n    border-bottom: 1px solid var(--acrj-linha);\r\n}\r\n\r\n.acrj-weekend-agenda-copy {\r\n    max-width: 840px;\r\n}\r\n\r\n.acrj-weekend-agenda-intro .acrj-weekend-kicker {\r\n    margin-bottom: 11px;\r\n\r\n    color: var(--acrj-ciano-profundo);\r\n}\r\n\r\n.acrj-weekend-agenda-intro h2 {\r\n    margin: 0 0 10px;\r\n\r\n    color: var(--acrj-preto);\r\n\r\n    font-size: clamp(29px, 4vw, 44px);\r\n    line-height: 1.13;\r\n}\r\n\r\n.acrj-weekend-agenda-intro p {\r\n    margin: 0;\r\n\r\n    color: var(--acrj-cinza);\r\n\r\n    font-size: 13px;\r\n    line-height: 1.75;\r\n}\r\n\r\n.acrj-weekend-status {\r\n    display: inline-flex;\r\n    flex: 0 0 auto;\r\n    align-items: center;\r\n    gap: 9px;\r\n\r\n    padding: 10px 15px;\r\n\r\n    color: var(--acrj-ciano-profundo);\r\n    background: #e8f8fb;\r\n    border: 1px solid #c7ecf2;\r\n    border-radius: 999px;\r\n\r\n    font-size: 10px;\r\n    font-weight: 800;\r\n    letter-spacing: 0.04em;\r\n    line-height: 1.3;\r\n    text-transform: uppercase;\r\n}\r\n\r\n.acrj-weekend-status::before {\r\n    width: 8px;\r\n    height: 8px;\r\n\r\n    background: var(--acrj-ciano);\r\n    border-radius: 50%;\r\n\r\n    box-shadow: 0 0 0 5px rgba(0, 166, 194, 0.12);\r\n\r\n    content: \"\";\r\n}\r\n\r\n\r\n\/* =========================================================\r\n   MEC\r\n========================================================= *\/\r\n\r\n.acrj-weekend-mec-shell {\r\n    width: min(100% - 36px, var(--acrj-largura));\r\n    margin-right: auto;\r\n    margin-left: auto;\r\n    padding-bottom: 35px;\r\n}\r\n\r\n.acrj-weekend-mec-shell .mec-wrap,\r\n.acrj-weekend-mec-shell .mec-event-grid-modern,\r\n.acrj-weekend-mec-shell .mec-event-grid-classic {\r\n    width: 100%;\r\n    max-width: none;\r\n\r\n    font-family: \"Poppins\", Arial, Helvetica, sans-serif !important;\r\n}\r\n\r\n.acrj-weekend-mec-shell .mec-event-grid-modern > .row,\r\n.acrj-weekend-mec-shell .mec-event-grid-modern-container > .row,\r\n.acrj-weekend-mec-shell .mec-event-grid-classic > .row {\r\n    display: grid !important;\r\n    grid-template-columns: repeat(3, minmax(0, 1fr));\r\n    column-gap: 30px !important;\r\n    row-gap: 34px !important;\r\n\r\n    width: 100%;\r\n    margin: 0 !important;\r\n    padding: 0 !important;\r\n\r\n    align-items: stretch;\r\n}\r\n\r\n.acrj-weekend-mec-shell .mec-event-article {\r\n    position: relative;\r\n\r\n    display: flex !important;\r\n    float: none !important;\r\n\r\n    width: auto !important;\r\n    max-width: none !important;\r\n    min-width: 0;\r\n    height: 100%;\r\n\r\n    flex-direction: column;\r\n\r\n    margin: 0 !important;\r\n    padding: 0 !important;\r\n\r\n    overflow: hidden;\r\n\r\n    background: var(--acrj-branco);\r\n    border: 1px solid var(--acrj-linha);\r\n    border-top: 4px solid var(--acrj-ciano);\r\n    border-radius: 16px;\r\n\r\n    box-shadow: 0 12px 30px rgba(8, 11, 16, 0.075);\r\n\r\n    transition:\r\n        transform 180ms ease,\r\n        border-color 180ms ease,\r\n        box-shadow 180ms ease;\r\n}\r\n\r\n.acrj-weekend-mec-shell .mec-event-article:hover {\r\n    transform: translateY(-4px);\r\n\r\n    border-color: rgba(0, 166, 194, 0.55);\r\n\r\n    box-shadow: 0 19px 40px rgba(8, 11, 16, 0.13);\r\n}\r\n\r\n.acrj-weekend-mec-shell .mec-event-image {\r\n    width: 100%;\r\n    height: 192px !important;\r\n    min-height: 192px !important;\r\n    max-height: 192px !important;\r\n\r\n    margin: 0 !important;\r\n    padding: 0 !important;\r\n\r\n    overflow: hidden;\r\n\r\n    background: #e4eff2;\r\n}\r\n\r\n.acrj-weekend-mec-shell .mec-event-image > a {\r\n    display: block;\r\n    width: 100%;\r\n    height: 100%;\r\n}\r\n\r\n.acrj-weekend-mec-shell .mec-event-image img {\r\n    display: block;\r\n\r\n    width: 100% !important;\r\n    height: 100% !important;\r\n    max-width: none !important;\r\n\r\n    margin: 0 !important;\r\n\r\n    object-fit: cover !important;\r\n    object-position: center;\r\n\r\n    transition: transform 350ms ease;\r\n}\r\n\r\n.acrj-weekend-mec-shell\r\n.mec-event-article:hover\r\n.mec-event-image img {\r\n    transform: scale(1.035);\r\n}\r\n\r\n.acrj-weekend-mec-shell .mec-event-content {\r\n    display: flex;\r\n    min-width: 0;\r\n    flex: 1;\r\n    flex-direction: column;\r\n\r\n    padding: 16px 18px 12px !important;\r\n}\r\n\r\n.acrj-weekend-mec-shell .mec-event-date,\r\n.acrj-weekend-mec-shell .mec-event-date-info {\r\n    margin: 0 0 8px !important;\r\n\r\n    color: var(--acrj-ciano-escuro) !important;\r\n\r\n    font-family: \"Poppins\", Arial, Helvetica, sans-serif !important;\r\n    font-size: 11px !important;\r\n    font-weight: 800 !important;\r\n    letter-spacing: 0.055em;\r\n    line-height: 1.4 !important;\r\n    text-transform: uppercase;\r\n}\r\n\r\n.acrj-weekend-mec-shell .mec-event-title {\r\n    display: -webkit-box;\r\n    margin: 0 0 10px !important;\r\n\r\n    overflow: hidden;\r\n\r\n    color: var(--acrj-preto) !important;\r\n\r\n    font-family: \"Poppins\", Arial, Helvetica, sans-serif !important;\r\n    font-size: 17px !important;\r\n    font-weight: 800 !important;\r\n    letter-spacing: -0.02em;\r\n    line-height: 1.35 !important;\r\n    text-transform: none !important;\r\n\r\n    -webkit-box-orient: vertical;\r\n    -webkit-line-clamp: 3;\r\n}\r\n\r\n.acrj-weekend-mec-shell .mec-event-title a {\r\n    color: inherit !important;\r\n    text-decoration: none !important;\r\n}\r\n\r\n.acrj-weekend-mec-shell .mec-event-title a:hover {\r\n    color: var(--acrj-ciano-escuro) !important;\r\n}\r\n\r\n.acrj-weekend-mec-shell .mec-event-detail,\r\n.acrj-weekend-mec-shell .mec-event-address,\r\n.acrj-weekend-mec-shell .mec-event-loc-place {\r\n    display: -webkit-box;\r\n    margin: 0 !important;\r\n\r\n    overflow: hidden;\r\n\r\n    color: var(--acrj-cinza) !important;\r\n\r\n    font-family: \"Poppins\", Arial, Helvetica, sans-serif !important;\r\n    font-size: 12px !important;\r\n    line-height: 1.55 !important;\r\n\r\n    -webkit-box-orient: vertical;\r\n    -webkit-line-clamp: 2;\r\n}\r\n\r\n.acrj-weekend-mec-shell .mec-event-footer {\r\n    display: flex;\r\n    align-items: center;\r\n    justify-content: space-between;\r\n    gap: 10px;\r\n\r\n    min-height: 0 !important;\r\n    margin-top: auto !important;\r\n    padding: 12px 18px 15px !important;\r\n\r\n    background: var(--acrj-branco);\r\n    border-top: 1px solid #edf2f4;\r\n}\r\n\r\n.acrj-weekend-mec-shell .mec-booking-button,\r\n.acrj-weekend-mec-shell .mec-modal-booking-button {\r\n    display: inline-flex !important;\r\n    align-items: center;\r\n    justify-content: center;\r\n\r\n    min-height: 37px;\r\n    margin: 0 !important;\r\n    padding: 9px 14px !important;\r\n\r\n    color: var(--acrj-branco) !important;\r\n    background: var(--acrj-preto) !important;\r\n    border: 1px solid var(--acrj-preto) !important;\r\n    border-radius: 999px !important;\r\n\r\n    font-family: \"Poppins\", Arial, Helvetica, sans-serif !important;\r\n    font-size: 11px !important;\r\n    font-weight: 800 !important;\r\n    line-height: 1 !important;\r\n    text-decoration: none !important;\r\n    text-transform: none !important;\r\n}\r\n\r\n.acrj-weekend-mec-shell .mec-booking-button:hover,\r\n.acrj-weekend-mec-shell .mec-modal-booking-button:hover {\r\n    color: var(--acrj-preto) !important;\r\n    background: var(--acrj-amarelo) !important;\r\n    border-color: var(--acrj-amarelo) !important;\r\n}\r\n\r\n.acrj-weekend-mec-shell .mec-load-more-button {\r\n    display: flex !important;\r\n    align-items: center;\r\n    justify-content: center;\r\n\r\n    width: max-content;\r\n    min-width: 170px;\r\n    min-height: 47px;\r\n\r\n    margin: 38px auto 10px !important;\r\n    padding: 12px 25px !important;\r\n\r\n    color: var(--acrj-preto) !important;\r\n    background: var(--acrj-amarelo) !important;\r\n    border: 0 !important;\r\n    border-radius: 999px !important;\r\n\r\n    font-family: \"Poppins\", Arial, Helvetica, sans-serif !important;\r\n    font-size: 13px !important;\r\n    font-weight: 800 !important;\r\n    text-transform: none !important;\r\n}\r\n\r\n.acrj-weekend-mec-shell .mec-load-more-button:hover {\r\n    color: var(--acrj-branco) !important;\r\n    background: var(--acrj-ciano-escuro) !important;\r\n}\r\n\r\n\r\n\/* =========================================================\r\n   RESPONSIVIDADE\r\n========================================================= *\/\r\n\r\n@media (max-width: 1024px) {\r\n    .acrj-weekend-mec-shell .mec-event-grid-modern > .row,\r\n    .acrj-weekend-mec-shell\r\n    .mec-event-grid-modern-container > .row,\r\n    .acrj-weekend-mec-shell .mec-event-grid-classic > .row {\r\n        grid-template-columns: repeat(2, minmax(0, 1fr));\r\n        column-gap: 24px !important;\r\n        row-gap: 28px !important;\r\n    }\r\n\r\n    .acrj-weekend-mec-shell .mec-event-image {\r\n        height: 205px !important;\r\n        min-height: 205px !important;\r\n        max-height: 205px !important;\r\n    }\r\n}\r\n\r\n@media (max-width: 780px) {\r\n    .acrj-weekend-summary-box {\r\n        grid-template-columns: minmax(0, 1fr);\r\n    }\r\n}\r\n\r\n@media (max-width: 680px) {\r\n    .acrj-weekend-container,\r\n    .acrj-weekend-mec-shell {\r\n        width: min(100% - 28px, var(--acrj-largura));\r\n    }\r\n\r\n    .acrj-weekend-hero {\r\n        padding-top: 45px;\r\n        padding-bottom: 67px;\r\n    }\r\n\r\n    .acrj-weekend-hero h1 {\r\n        font-size: clamp(35px, 11vw, 48px);\r\n    }\r\n\r\n    .acrj-weekend-description {\r\n        font-size: 15px;\r\n    }\r\n\r\n    .acrj-weekend-actions {\r\n        align-items: stretch;\r\n        flex-direction: column;\r\n    }\r\n\r\n    .acrj-weekend-button {\r\n        width: 100%;\r\n    }\r\n\r\n    .acrj-weekend-summary {\r\n        margin-top: -24px;\r\n        padding-bottom: 43px;\r\n    }\r\n\r\n    .acrj-weekend-summary-box {\r\n        grid-template-columns: minmax(0, 1fr);\r\n        gap: 10px;\r\n\r\n        padding: 13px;\r\n\r\n        border-radius: 16px;\r\n    }\r\n\r\n    .acrj-weekend-summary-item {\r\n        padding: 14px;\r\n    }\r\n\r\n    .acrj-weekend-ad {\r\n        margin-bottom: 42px;\r\n        padding: 0;\r\n    }\r\n\r\n    .acrj-weekend-ad-slot {\r\n        min-height: 250px;\r\n    }\r\n\r\n    .acrj-weekend-agenda-heading {\r\n        align-items: flex-start;\r\n        flex-direction: column;\r\n        gap: 15px;\r\n    }\r\n\r\n    .acrj-weekend-agenda-intro h2 {\r\n        font-size: 30px;\r\n    }\r\n\r\n    .acrj-weekend-mec-shell .mec-event-grid-modern > .row,\r\n    .acrj-weekend-mec-shell\r\n    .mec-event-grid-modern-container > .row,\r\n    .acrj-weekend-mec-shell .mec-event-grid-classic > .row {\r\n        grid-template-columns: minmax(0, 1fr);\r\n        row-gap: 20px !important;\r\n    }\r\n\r\n    .acrj-weekend-mec-shell .mec-event-image {\r\n        height: 202px !important;\r\n        min-height: 202px !important;\r\n        max-height: 202px !important;\r\n    }\r\n}\r\n\r\n@media (prefers-reduced-motion: reduce) {\r\n    .acrj-weekend-page *,\r\n    .acrj-weekend-mec-shell * {\r\n        animation-duration: 0.01ms !important;\r\n        transition-duration: 0.01ms !important;\r\n    }\r\n}\r\n<\/style>\r\n\r\n\r\n<main\r\n    class=\"acrj-weekend-page\"\r\n    aria-labelledby=\"acrj-weekend-title\"\r\n>\r\n\r\n    <!-- HERO -->\r\n    <header class=\"acrj-weekend-hero\">\r\n        <div class=\"acrj-weekend-container\">\r\n\r\n            <nav aria-label=\"Navega\u00e7\u00e3o estrutural\">\r\n                <ol class=\"acrj-weekend-breadcrumb\">\r\n                    <li>\r\n                        <a href=\"https:\/\/agendaculturalriodejaneiro.com\/\">\r\n                            In\u00edcio\r\n                        <\/a>\r\n                    <\/li>\r\n\r\n                    <li aria-current=\"page\">\r\n                        Este fim de semana no Rio\r\n                    <\/li>\r\n                <\/ol>\r\n            <\/nav>\r\n\r\n            <div class=\"acrj-weekend-hero-copy\">\r\n\r\n                <span class=\"acrj-weekend-kicker\">\r\n                    Programa\u00e7\u00e3o atualizada no Rio\r\n                <\/span>\r\n\r\n                <h1 id=\"acrj-weekend-title\">\r\n                    O que fazer no Rio de Janeiro\r\n                    <strong>neste fim de semana<\/strong>\r\n                <\/h1>\r\n\r\n                <p class=\"acrj-weekend-description\">\r\n                    Confira shows, pe\u00e7as de teatro, exposi\u00e7\u00f5es, festas,\r\n                    eventos gratuitos, passeios e programa\u00e7\u00e3o infantil\r\n                    para aproveitar o fim de semana no Rio de Janeiro.\r\n                <\/p>\r\n\r\n                <div class=\"acrj-weekend-actions\">\r\n\r\n                    <a\r\n                        class=\"acrj-weekend-button\r\n                               acrj-weekend-button--primary\"\r\n                        href=\"#eventos-fim-de-semana\"\r\n                    >\r\n                        Ver eventos deste fim de semana\r\n                        <span aria-hidden=\"true\">\u2193<\/span>\r\n                    <\/a>\r\n\r\n                    <a\r\n                        class=\"acrj-weekend-button\r\n                               acrj-weekend-button--secondary\"\r\n                        href=\"https:\/\/agendaculturalriodejaneiro.com\/eventos-gratuitos-rio-de-janeiro\/\"\r\n                    >\r\n                        Encontrar eventos gratuitos\r\n                    <\/a>\r\n\r\n                <\/div>\r\n\r\n            <\/div>\r\n        <\/div>\r\n    <\/header>\r\n\r\n\r\n    <!-- RESUMO -->\r\n    <section\r\n        class=\"acrj-weekend-summary\"\r\n        aria-label=\"Informa\u00e7\u00f5es sobre os eventos do fim de semana\"\r\n    >\r\n        <div class=\"acrj-weekend-container\">\r\n\r\n            <div class=\"acrj-weekend-summary-box\">\r\n\r\n                <div class=\"acrj-weekend-summary-item\">\r\n\r\n                    <span\r\n                        class=\"acrj-weekend-summary-icon\"\r\n                        aria-hidden=\"true\"\r\n                    >\r\n                        \ud83d\udcc5\r\n                    <\/span>\r\n\r\n                    <div>\r\n                        <strong>Programa\u00e7\u00e3o do fim de semana<\/strong>\r\n\r\n                        <span>\r\n                            Eventos selecionados para os pr\u00f3ximos dias\r\n                            no Rio de Janeiro.\r\n                        <\/span>\r\n                    <\/div>\r\n\r\n                <\/div>\r\n\r\n\r\n                <div class=\"acrj-weekend-summary-item\">\r\n\r\n                    <span\r\n                        class=\"acrj-weekend-summary-icon\"\r\n                        aria-hidden=\"true\"\r\n                    >\r\n                        \ud83c\udfad\r\n                    <\/span>\r\n\r\n                    <div>\r\n                        <strong>Diferentes tipos de eventos<\/strong>\r\n\r\n                        <span>\r\n                            M\u00fasica, teatro, exposi\u00e7\u00f5es, humor, festas\r\n                            e atividades para crian\u00e7as.\r\n                        <\/span>\r\n                    <\/div>\r\n\r\n                <\/div>\r\n\r\n\r\n                <div class=\"acrj-weekend-summary-item\">\r\n\r\n                    <span\r\n                        class=\"acrj-weekend-summary-icon\"\r\n                        aria-hidden=\"true\"\r\n                    >\r\n                        \ud83c\udf9f\r\n                    <\/span>\r\n\r\n                    <div>\r\n                        <strong>Hor\u00e1rios e ingressos<\/strong>\r\n\r\n                        <span>\r\n                            Abra cada evento para consultar os dados\r\n                            e os canais oficiais.\r\n                        <\/span>\r\n                    <\/div>\r\n\r\n                <\/div>\r\n\r\n            <\/div>\r\n        <\/div>\r\n    <\/section>\r\n\r\n\r\n    <!-- AN\u00daNCIO -->\r\n    <aside\r\n        class=\"acrj-weekend-ad\"\r\n        aria-label=\"Publicidade\"\r\n    >\r\n        <span class=\"acrj-weekend-ad-label\">\r\n            PUB\r\n        <\/span>\r\n\r\n        <div\r\n            class=\"acrj-weekend-ad-slot\"\r\n            data-desktop-slot=\"5800876183\"\r\n            data-mobile-slot=\"6529814326\"\r\n        ><\/div>\r\n    <\/aside>\r\n\r\n\r\n    <!-- CABE\u00c7ALHO DA AGENDA -->\r\n    <section\r\n        class=\"acrj-weekend-agenda-intro\"\r\n        id=\"eventos-fim-de-semana\"\r\n        aria-labelledby=\"acrj-weekend-agenda-title\"\r\n    >\r\n        <div\r\n            class=\"acrj-weekend-container\r\n                   acrj-weekend-agenda-heading\"\r\n        >\r\n\r\n            <div class=\"acrj-weekend-agenda-copy\">\r\n\r\n                <span class=\"acrj-weekend-kicker\">\r\n                    Agenda cultural do Rio\r\n                <\/span>\r\n\r\n                <h2 id=\"acrj-weekend-agenda-title\">\r\n                    Eventos para este fim de semana no Rio\r\n                <\/h2>\r\n\r\n                <p>\r\n                    Veja a programa\u00e7\u00e3o publicada para o fim de semana.\r\n                    Abra cada evento para consultar data, hor\u00e1rio, local,\r\n                    endere\u00e7o, classifica\u00e7\u00e3o, pre\u00e7os e links de ingressos.\r\n                <\/p>\r\n\r\n            <\/div>\r\n\r\n            <span class=\"acrj-weekend-status\">\r\n                Agenda do fim de semana\r\n            <\/span>\r\n\r\n        <\/div>\r\n    <\/section>\r\n\r\n<\/main>\r\n\r\n\r\n<script>\r\ndocument.addEventListener(\"DOMContentLoaded\", function () {\r\n\r\n    function garantirScriptAdSenseFimDeSemana() {\r\n        const existente = document.querySelector(\r\n            'script[src*=\"pagead2.googlesyndication.com\/pagead\/js\/adsbygoogle.js\"]'\r\n        );\r\n\r\n        if (existente) {\r\n            return Promise.resolve();\r\n        }\r\n\r\n        return new Promise(function (resolve, reject) {\r\n            const script = document.createElement(\"script\");\r\n\r\n            script.async = true;\r\n            script.crossOrigin = \"anonymous\";\r\n\r\n            script.src =\r\n                \"https:\/\/pagead2.googlesyndication.com\/pagead\/js\/adsbygoogle.js\" +\r\n                \"?client=ca-pub-1076216326230548\";\r\n\r\n            script.onload = resolve;\r\n            script.onerror = reject;\r\n\r\n            document.head.appendChild(script);\r\n        });\r\n    }\r\n\r\n\r\n    function carregarAnuncioFimDeSemana() {\r\n        const slots = document.querySelectorAll(\r\n            '.acrj-weekend-ad-slot:not([data-ad-loaded=\"true\"])'\r\n        );\r\n\r\n        if (!slots.length) {\r\n            return;\r\n        }\r\n\r\n        const desktop = window.matchMedia(\r\n            \"(min-width: 900px)\"\r\n        ).matches;\r\n\r\n        garantirScriptAdSenseFimDeSemana()\r\n            .then(function () {\r\n\r\n                slots.forEach(function (container) {\r\n                    const anuncio = document.createElement(\"ins\");\r\n\r\n                    anuncio.className = \"adsbygoogle\";\r\n\r\n                    anuncio.setAttribute(\r\n                        \"data-ad-client\",\r\n                        \"ca-pub-1076216326230548\"\r\n                    );\r\n\r\n                    if (desktop) {\r\n                        anuncio.style.display = \"inline-block\";\r\n                        anuncio.style.width = \"728px\";\r\n                        anuncio.style.height = \"90px\";\r\n\r\n                        anuncio.setAttribute(\r\n                            \"data-ad-slot\",\r\n                            container.dataset.desktopSlot ||\r\n                            \"5800876183\"\r\n                        );\r\n                    } else {\r\n                        anuncio.style.display = \"inline-block\";\r\n                        anuncio.style.width = \"300px\";\r\n                        anuncio.style.height = \"250px\";\r\n\r\n                        anuncio.setAttribute(\r\n                            \"data-ad-slot\",\r\n                            container.dataset.mobileSlot ||\r\n                            \"6529814326\"\r\n                        );\r\n                    }\r\n\r\n                    container.appendChild(anuncio);\r\n\r\n                    container.setAttribute(\r\n                        \"data-ad-loaded\",\r\n                        \"true\"\r\n                    );\r\n\r\n                    try {\r\n                        (\r\n                            window.adsbygoogle =\r\n                            window.adsbygoogle || []\r\n                        ).push({});\r\n                    } catch (erro) {\r\n                        console.warn(\r\n                            \"N\u00e3o foi poss\u00edvel iniciar o an\u00fancio.\",\r\n                            erro\r\n                        );\r\n                    }\r\n                });\r\n\r\n            })\r\n            .catch(function () {\r\n                console.warn(\r\n                    \"N\u00e3o foi poss\u00edvel carregar o Google AdSense.\"\r\n                );\r\n            });\r\n    }\r\n\r\n\r\n    function corrigirMensagemFimDeSemana() {\r\n        document\r\n            .querySelectorAll(\".acrj-weekend-mec-shell\")\r\n            .forEach(function (mec) {\r\n\r\n                const eventosVisiveis = Array.from(\r\n                    mec.querySelectorAll(\".mec-event-article\")\r\n                ).some(function (evento) {\r\n                    const estilo = window.getComputedStyle(evento);\r\n\r\n                    return (\r\n                        estilo.display !== \"none\" &&\r\n                        estilo.visibility !== \"hidden\" &&\r\n                        evento.offsetParent !== null\r\n                    );\r\n                });\r\n\r\n                mec.querySelectorAll(\"div, p, span\").forEach(\r\n                    function (elemento) {\r\n\r\n                        if (elemento.children.length > 0) {\r\n                            return;\r\n                        }\r\n\r\n                        const texto = elemento.textContent.trim();\r\n\r\n                        if (\r\n                            eventosVisiveis &&\r\n                            \/^(Eventos n\u00e3o encontrados!|No event found!?)$\/i\r\n                                .test(texto)\r\n                        ) {\r\n                            elemento.style.display = \"none\";\r\n\r\n                            elemento.setAttribute(\r\n                                \"aria-hidden\",\r\n                                \"true\"\r\n                            );\r\n                        }\r\n                    }\r\n                );\r\n            });\r\n    }\r\n\r\n\r\n    carregarAnuncioFimDeSemana();\r\n    corrigirMensagemFimDeSemana();\r\n\r\n\r\n    document\r\n        .querySelectorAll(\".acrj-weekend-mec-shell\")\r\n        .forEach(function (mec) {\r\n\r\n            const observador = new MutationObserver(function () {\r\n                window.requestAnimationFrame(\r\n                    corrigirMensagemFimDeSemana\r\n                );\r\n            });\r\n\r\n            observador.observe(mec, {\r\n                childList: true,\r\n                subtree: true,\r\n                attributes: true,\r\n                attributeFilter: [\"style\", \"class\"]\r\n            });\r\n        });\r\n\r\n});\r\n<\/script>\t\t\t\t<\/div>\n\t\t\t\t<\/div>\n\t\t\t\t<div class=\"elementor-element elementor-element-de3d640 elementor-widget elementor-widget-MEC\" data-id=\"de3d640\" data-element_type=\"widget\" data-e-type=\"widget\" data-widget_type=\"MEC.default\">\n\t\t\t\t<div class=\"elementor-widget-container\">\n\t\t\t\t\t<div class=\"mec-wrap mec-skin-grid-container  \" id=\"mec_skin_mec1\">\r\n\r\n    <form id=\"mec_search_form_mec1\" class=\"mec-search-form mec-totalcal-box mec-dropdown-classic\" autocomplete=\"off\"><div class=\"mec-dropdown-wrap\" style=\"display: none\"><\/div><div class=\"mec-date-search\"><i class=\"mec-sl-calendar\"><\/i>\r\n                    <input class=\"mec-col-3 mec_date_picker_dynamic_format_start\" data-min=\"2026-09-02\" type=\"text\" id=\"mec_sf_date_start_mec1\" name=\"sf[date_start]\" placeholder=\"Start\" title=\"Start\" autocomplete=\"off\">\r\n                    <input class=\"mec-col-3 mec_date_picker_dynamic_format_end\" type=\"text\" id=\"mec_sf_date_end_mec1\" name=\"sf[date_end]\" placeholder=\"End\" title=\"End\" autocomplete=\"off\">\r\n                <\/div><div class=\"mec-text-input-search\"><i class=\"mec-sl-magnifier\"><\/i>\r\n                    <input type=\"search\" value=\"\" id=\"mec_sf_s_mec1\" placeholder=\"\" title=\"\" \/>\r\n                <\/div><div id=\"mec_search_form_mec1_status\" class=\"mec-screen-reader-text\"><\/div><\/form>\r\n            <div class=\"mec-skin-grid-events-container\" id=\"mec_skin_events_mec1\">\r\n        <div class=\"mec-wrap colorskin-custom\">\r\n    <div class=\"mec-event-grid-classic\" data-widget-autoplay=\"1\" data-widget-loop=\"1\" data-widget-autoplay-time=\"3000\">\r\n        <div class=\"row\"><div class=\"col-md-4 col-sm-4\"><article class=\"mec-past-event mec-event-article mec-clear  \">                                <div class=\"mec-event-image\"><a data-event-id=\"52753\" href=\"https:\/\/agendaculturalriodejaneiro.com\/en\/events\/trem-do-corcovado-e-acesso-sem-filas-ao-cristo-redentor-2\/\" target=\"_self\" rel=\"noopener\"><img fetchpriority=\"high\" decoding=\"async\" width=\"300\" height=\"200\" src=\"https:\/\/agendaculturalriodejaneiro.com\/wp-content\/uploads\/2026\/08\/product-01-300x200.jpg\" class=\"attachment-medium size-medium wp-post-image\" alt=\"\" data-mec-postid=\"52753\" \/><\/a><\/div>\r\n                        <div class=\"mec-event-content\">\r\n                                    <div class=\"mec-event-date mec-bg-color\">\r\n                        <span class=\"mec-start-date-label\">02 September 2026<\/span>                                                                    <\/div>\r\n                                                                <h4 class=\"mec-event-title\"><a class=\"mec-color-hover\" data-event-id=\"52753\" href=\"https:\/\/agendaculturalriodejaneiro.com\/en\/events\/trem-do-corcovado-e-acesso-sem-filas-ao-cristo-redentor-2\/\" target=\"_self\" rel=\"noopener\">Trem do Corcovado e acesso sem filas ao Cristo Redentor<\/a><\/h4>\r\n                                <p class=\"mec-grid-event-location\">Trem do Corcovado, Rua Cosme Velho, 513 - Cosme Velho, Rio de Janeiro - RJ, Brasil<\/p>\r\n                                                                            <\/div>\r\n            <div class=\"mec-event-footer\">\r\n                                <ul class=\"mec-event-sharing-wrap\">\r\n                    <li class=\"mec-event-share\">\r\n                        <a href=\"#\" class=\"mec-event-share-icon\">\r\n                            <i class=\"mec-sl-share\" title=\"Share\"><\/i>\r\n                        <\/a>\r\n                    <\/li>\r\n                    <li>\r\n                        <ul class=\"mec-event-sharing\">\r\n                            <li class=\"mec-event-social-icon\"><a class=\"facebook\" href=\"https:\/\/www.facebook.com\/sharer\/sharer.php?u=https%3A%2F%2Fagendaculturalriodejaneiro.com%2Fen%2Fevents%2Ftrem-do-corcovado-e-acesso-sem-filas-ao-cristo-redentor-2%2F\" onclick=\"javascript:window.open(this.href, &apos;&apos;, &apos;menubar=no,toolbar=no,resizable=yes,scrollbars=yes,height=500,width=600&apos;); return false;\" target=\"_blank\" title=\"Share on Facebook\"><i class=\"mec-fa-facebook\"><\/i><span class=\"mec-social-title\">Facebook<\/span><\/a><\/li><li class=\"mec-event-social-icon\"><a class=\"twitter\" href=\"https:\/\/x.com\/intent\/tweet?url=https%3A%2F%2Fagendaculturalriodejaneiro.com%2Fen%2Fevents%2Ftrem-do-corcovado-e-acesso-sem-filas-ao-cristo-redentor-2%2F\" onclick=\"javascript:window.open(this.href, &apos;&apos;, &apos;menubar=no,toolbar=no,resizable=yes,scrollbars=yes,height=600,width=500&apos;); return false;\" target=\"_blank\" title=\"X Social Network\"><svg xmlns=\"http:\/\/www.w3.org\/2000\/svg\" viewbox=\"0 0 512 462.799\"><path d=\"M403.229 0h78.506L310.219 196.04 512 462.799H354.002L230.261 301.007 88.669 462.799h-78.56l183.455-209.683L0 0h161.999l111.856 147.88L403.229 0zm-27.556 415.805h43.505L138.363 44.527h-46.68l283.99 371.278z\" \/><\/svg><span class=\"mec-social-title\">Twitter<\/span><\/a><\/li><li class=\"mec-event-social-icon\"><a class=\"linkedin\" href=\"https:\/\/www.linkedin.com\/shareArticle?mini=true&amp;url=https%3A%2F%2Fagendaculturalriodejaneiro.com%2Fen%2Fevents%2Ftrem-do-corcovado-e-acesso-sem-filas-ao-cristo-redentor-2%2F\" onclick=\"javascript:window.open(this.href, &apos;&apos;, &apos;menubar=no,toolbar=no,resizable=yes,scrollbars=yes,height=600,width=500&apos;); return false;\" target=\"_blank\" title=\"Linkedin\"><i class=\"mec-fa-linkedin\"><\/i><span class=\"mec-social-title\">Linkedin<\/span><\/a><\/li><li class=\"mec-event-social-icon\"><a class=\"email\" href=\"mailto:?subject=Trem%20do%20Corcovado%20e%20acesso%20sem%20filas%20ao%20Cristo%20Redentor&amp;body=https%3A%2F%2Fagendaculturalriodejaneiro.com%2Fen%2Fevents%2Ftrem-do-corcovado-e-acesso-sem-filas-ao-cristo-redentor-2%2F\" title=\"Email\"><i class=\"mec-fa-envelope\"><\/i><span class=\"mec-social-title\">Email<\/span><\/a><\/li>                        <\/ul>\r\n                    <\/li>\r\n                <\/ul>\r\n                                                <a class=\"mec-booking-button\" data-event-id=\"52753\" href=\"https:\/\/agendaculturalriodejaneiro.com\/en\/events\/trem-do-corcovado-e-acesso-sem-filas-ao-cristo-redentor-2\/\" target=\"_self\" rel=\"noopener\">Ver Detalhes<\/a>            <\/div>\r\n        <\/article><\/div>        <div class=\"col-md-4 col-sm-4\"><article class=\"mec-past-event mec-event-article mec-clear  \">                                <div class=\"mec-event-image\"><a data-event-id=\"52759\" href=\"https:\/\/agendaculturalriodejaneiro.com\/en\/events\/estadio-do-maracana-sem-filas\/\" target=\"_self\" rel=\"noopener\"><img decoding=\"async\" width=\"300\" height=\"135\" src=\"https:\/\/agendaculturalriodejaneiro.com\/wp-content\/uploads\/2026\/08\/7f4c19_5ee4069adf3946b3849df519d47bf970mv2-300x135.jpg\" class=\"attachment-medium size-medium wp-post-image\" alt=\"\" data-mec-postid=\"52759\" \/><\/a><\/div>\r\n                        <div class=\"mec-event-content\">\r\n                                    <div class=\"mec-event-date mec-bg-color\">\r\n                        <span class=\"mec-start-date-label\">02 September 2026<\/span>                                                                    <\/div>\r\n                                                                <h4 class=\"mec-event-title\"><a class=\"mec-color-hover\" data-event-id=\"52759\" href=\"https:\/\/agendaculturalriodejaneiro.com\/en\/events\/estadio-do-maracana-sem-filas\/\" target=\"_self\" rel=\"noopener\">Est\u00e1dio do Maracan\u00e3: sem filas<\/a><\/h4>\r\n                                <p class=\"mec-grid-event-location\">Est\u00e1dio do Maracan\u00e3, Av. Pres. Castelo Branco, Port\u00e3o 3 - Maracan\u00e3, Rio de Janeiro - RJ, 20271-130, Brasil<\/p>\r\n                                                                            <\/div>\r\n            <div class=\"mec-event-footer\">\r\n                                <ul class=\"mec-event-sharing-wrap\">\r\n                    <li class=\"mec-event-share\">\r\n                        <a href=\"#\" class=\"mec-event-share-icon\">\r\n                            <i class=\"mec-sl-share\" title=\"Share\"><\/i>\r\n                        <\/a>\r\n                    <\/li>\r\n                    <li>\r\n                        <ul class=\"mec-event-sharing\">\r\n                            <li class=\"mec-event-social-icon\"><a class=\"facebook\" href=\"https:\/\/www.facebook.com\/sharer\/sharer.php?u=https%3A%2F%2Fagendaculturalriodejaneiro.com%2Fen%2Fevents%2Festadio-do-maracana-sem-filas%2F\" onclick=\"javascript:window.open(this.href, &apos;&apos;, &apos;menubar=no,toolbar=no,resizable=yes,scrollbars=yes,height=500,width=600&apos;); return false;\" target=\"_blank\" title=\"Share on Facebook\"><i class=\"mec-fa-facebook\"><\/i><span class=\"mec-social-title\">Facebook<\/span><\/a><\/li><li class=\"mec-event-social-icon\"><a class=\"twitter\" href=\"https:\/\/x.com\/intent\/tweet?url=https%3A%2F%2Fagendaculturalriodejaneiro.com%2Fen%2Fevents%2Festadio-do-maracana-sem-filas%2F\" onclick=\"javascript:window.open(this.href, &apos;&apos;, &apos;menubar=no,toolbar=no,resizable=yes,scrollbars=yes,height=600,width=500&apos;); return false;\" target=\"_blank\" title=\"X Social Network\"><svg xmlns=\"http:\/\/www.w3.org\/2000\/svg\" viewbox=\"0 0 512 462.799\"><path d=\"M403.229 0h78.506L310.219 196.04 512 462.799H354.002L230.261 301.007 88.669 462.799h-78.56l183.455-209.683L0 0h161.999l111.856 147.88L403.229 0zm-27.556 415.805h43.505L138.363 44.527h-46.68l283.99 371.278z\" \/><\/svg><span class=\"mec-social-title\">Twitter<\/span><\/a><\/li><li class=\"mec-event-social-icon\"><a class=\"linkedin\" href=\"https:\/\/www.linkedin.com\/shareArticle?mini=true&amp;url=https%3A%2F%2Fagendaculturalriodejaneiro.com%2Fen%2Fevents%2Festadio-do-maracana-sem-filas%2F\" onclick=\"javascript:window.open(this.href, &apos;&apos;, &apos;menubar=no,toolbar=no,resizable=yes,scrollbars=yes,height=600,width=500&apos;); return false;\" target=\"_blank\" title=\"Linkedin\"><i class=\"mec-fa-linkedin\"><\/i><span class=\"mec-social-title\">Linkedin<\/span><\/a><\/li><li class=\"mec-event-social-icon\"><a class=\"email\" href=\"mailto:?subject=Est%C3%A1dio%20do%20Maracan%C3%A3%3A%20sem%20filas&amp;body=https%3A%2F%2Fagendaculturalriodejaneiro.com%2Fen%2Fevents%2Festadio-do-maracana-sem-filas%2F\" title=\"Email\"><i class=\"mec-fa-envelope\"><\/i><span class=\"mec-social-title\">Email<\/span><\/a><\/li>                        <\/ul>\r\n                    <\/li>\r\n                <\/ul>\r\n                                                <a class=\"mec-booking-button\" data-event-id=\"52759\" href=\"https:\/\/agendaculturalriodejaneiro.com\/en\/events\/estadio-do-maracana-sem-filas\/\" target=\"_self\" rel=\"noopener\">Ver Detalhes<\/a>            <\/div>\r\n        <\/article><\/div>        <div class=\"col-md-4 col-sm-4\"><article class=\"mec-past-event mec-event-article mec-clear  \">                                <div class=\"mec-event-image\"><a data-event-id=\"52761\" href=\"https:\/\/agendaculturalriodejaneiro.com\/en\/events\/explore-os-bastidores-do-carnaval-e-do-samba-do-rio-2\/\" target=\"_self\" rel=\"noopener\"><img decoding=\"async\" width=\"300\" height=\"210\" src=\"https:\/\/agendaculturalriodejaneiro.com\/wp-content\/uploads\/2026\/08\/carnaval-experience-tour-300x210.jpg\" class=\"attachment-medium size-medium wp-post-image\" alt=\"\" data-mec-postid=\"52761\" \/><\/a><\/div>\r\n                        <div class=\"mec-event-content\">\r\n                                    <div class=\"mec-event-date mec-bg-color\">\r\n                        <span class=\"mec-start-date-label\">02 September 2026<\/span>                                                                    <\/div>\r\n                                                                <h4 class=\"mec-event-title\"><a class=\"mec-color-hover\" data-event-id=\"52761\" href=\"https:\/\/agendaculturalriodejaneiro.com\/en\/events\/explore-os-bastidores-do-carnaval-e-do-samba-do-rio-2\/\" target=\"_self\" rel=\"noopener\">Explore os bastidores do Carnaval e do samba do Rio<\/a><\/h4>\r\n                                <p class=\"mec-grid-event-location\">Carnaval Experience, Cidade do Samba, Avenida Bin\u00e1rio do Porto - Gamboa, Rio de Janeiro - RJ, 22132-503, Brasil<\/p>\r\n                                                                            <\/div>\r\n            <div class=\"mec-event-footer\">\r\n                                <ul class=\"mec-event-sharing-wrap\">\r\n                    <li class=\"mec-event-share\">\r\n                        <a href=\"#\" class=\"mec-event-share-icon\">\r\n                            <i class=\"mec-sl-share\" title=\"Share\"><\/i>\r\n                        <\/a>\r\n                    <\/li>\r\n                    <li>\r\n                        <ul class=\"mec-event-sharing\">\r\n                            <li class=\"mec-event-social-icon\"><a class=\"facebook\" href=\"https:\/\/www.facebook.com\/sharer\/sharer.php?u=https%3A%2F%2Fagendaculturalriodejaneiro.com%2Fen%2Fevents%2Fexplore-os-bastidores-do-carnaval-e-do-samba-do-rio-2%2F\" onclick=\"javascript:window.open(this.href, &apos;&apos;, &apos;menubar=no,toolbar=no,resizable=yes,scrollbars=yes,height=500,width=600&apos;); return false;\" target=\"_blank\" title=\"Share on Facebook\"><i class=\"mec-fa-facebook\"><\/i><span class=\"mec-social-title\">Facebook<\/span><\/a><\/li><li class=\"mec-event-social-icon\"><a class=\"twitter\" href=\"https:\/\/x.com\/intent\/tweet?url=https%3A%2F%2Fagendaculturalriodejaneiro.com%2Fen%2Fevents%2Fexplore-os-bastidores-do-carnaval-e-do-samba-do-rio-2%2F\" onclick=\"javascript:window.open(this.href, &apos;&apos;, &apos;menubar=no,toolbar=no,resizable=yes,scrollbars=yes,height=600,width=500&apos;); return false;\" target=\"_blank\" title=\"X Social Network\"><svg xmlns=\"http:\/\/www.w3.org\/2000\/svg\" viewbox=\"0 0 512 462.799\"><path d=\"M403.229 0h78.506L310.219 196.04 512 462.799H354.002L230.261 301.007 88.669 462.799h-78.56l183.455-209.683L0 0h161.999l111.856 147.88L403.229 0zm-27.556 415.805h43.505L138.363 44.527h-46.68l283.99 371.278z\" \/><\/svg><span class=\"mec-social-title\">Twitter<\/span><\/a><\/li><li class=\"mec-event-social-icon\"><a class=\"linkedin\" href=\"https:\/\/www.linkedin.com\/shareArticle?mini=true&amp;url=https%3A%2F%2Fagendaculturalriodejaneiro.com%2Fen%2Fevents%2Fexplore-os-bastidores-do-carnaval-e-do-samba-do-rio-2%2F\" onclick=\"javascript:window.open(this.href, &apos;&apos;, &apos;menubar=no,toolbar=no,resizable=yes,scrollbars=yes,height=600,width=500&apos;); return false;\" target=\"_blank\" title=\"Linkedin\"><i class=\"mec-fa-linkedin\"><\/i><span class=\"mec-social-title\">Linkedin<\/span><\/a><\/li><li class=\"mec-event-social-icon\"><a class=\"email\" href=\"mailto:?subject=Explore%20os%20bastidores%20do%20Carnaval%20e%20do%20samba%20do%20Rio&amp;body=https%3A%2F%2Fagendaculturalriodejaneiro.com%2Fen%2Fevents%2Fexplore-os-bastidores-do-carnaval-e-do-samba-do-rio-2%2F\" title=\"Email\"><i class=\"mec-fa-envelope\"><\/i><span class=\"mec-social-title\">Email<\/span><\/a><\/li>                        <\/ul>\r\n                    <\/li>\r\n                <\/ul>\r\n                                                <a class=\"mec-booking-button\" data-event-id=\"52761\" href=\"https:\/\/agendaculturalriodejaneiro.com\/en\/events\/explore-os-bastidores-do-carnaval-e-do-samba-do-rio-2\/\" target=\"_self\" rel=\"noopener\">Ver Detalhes<\/a>            <\/div>\r\n        <\/article><\/div><\/div>        <div class=\"row\"><div class=\"col-md-4 col-sm-4\"><article class=\"mec-past-event mec-event-article mec-clear  \">                                <div class=\"mec-event-image\"><a data-event-id=\"52755\" href=\"https:\/\/agendaculturalriodejaneiro.com\/en\/events\/passeio-no-rio-de-janeiro-trem-do-corcovado-e-cristo-redentor-com-guia-2\/\" target=\"_self\" rel=\"noopener\"><img loading=\"lazy\" decoding=\"async\" width=\"300\" height=\"200\" src=\"https:\/\/agendaculturalriodejaneiro.com\/wp-content\/uploads\/2026\/08\/product-01-300x200.jpg\" class=\"attachment-medium size-medium wp-post-image\" alt=\"\" data-mec-postid=\"52755\" \/><\/a><\/div>\r\n                        <div class=\"mec-event-content\">\r\n                                    <div class=\"mec-event-date mec-bg-color\">\r\n                        <span class=\"mec-start-date-label\">02 September 2026<\/span>                                                                    <\/div>\r\n                                                                <h4 class=\"mec-event-title\"><a class=\"mec-color-hover\" data-event-id=\"52755\" href=\"https:\/\/agendaculturalriodejaneiro.com\/en\/events\/passeio-no-rio-de-janeiro-trem-do-corcovado-e-cristo-redentor-com-guia-2\/\" target=\"_self\" rel=\"noopener\">Passeio no Rio de Janeiro: Trem do Corcovado e Cristo Redentor com guia<\/a><\/h4>\r\n                                <p class=\"mec-grid-event-location\">Cristo Redentor, Parque Nacional da Tijuca - Alto da Boa Vista, Rio de Janeiro - RJ, Brasil<\/p>\r\n                                                                            <\/div>\r\n            <div class=\"mec-event-footer\">\r\n                                <ul class=\"mec-event-sharing-wrap\">\r\n                    <li class=\"mec-event-share\">\r\n                        <a href=\"#\" class=\"mec-event-share-icon\">\r\n                            <i class=\"mec-sl-share\" title=\"Share\"><\/i>\r\n                        <\/a>\r\n                    <\/li>\r\n                    <li>\r\n                        <ul class=\"mec-event-sharing\">\r\n                            <li class=\"mec-event-social-icon\"><a class=\"facebook\" href=\"https:\/\/www.facebook.com\/sharer\/sharer.php?u=https%3A%2F%2Fagendaculturalriodejaneiro.com%2Fen%2Fevents%2Fpasseio-no-rio-de-janeiro-trem-do-corcovado-e-cristo-redentor-com-guia-2%2F\" onclick=\"javascript:window.open(this.href, &apos;&apos;, &apos;menubar=no,toolbar=no,resizable=yes,scrollbars=yes,height=500,width=600&apos;); return false;\" target=\"_blank\" title=\"Share on Facebook\"><i class=\"mec-fa-facebook\"><\/i><span class=\"mec-social-title\">Facebook<\/span><\/a><\/li><li class=\"mec-event-social-icon\"><a class=\"twitter\" href=\"https:\/\/x.com\/intent\/tweet?url=https%3A%2F%2Fagendaculturalriodejaneiro.com%2Fen%2Fevents%2Fpasseio-no-rio-de-janeiro-trem-do-corcovado-e-cristo-redentor-com-guia-2%2F\" onclick=\"javascript:window.open(this.href, &apos;&apos;, &apos;menubar=no,toolbar=no,resizable=yes,scrollbars=yes,height=600,width=500&apos;); return false;\" target=\"_blank\" title=\"X Social Network\"><svg xmlns=\"http:\/\/www.w3.org\/2000\/svg\" viewbox=\"0 0 512 462.799\"><path d=\"M403.229 0h78.506L310.219 196.04 512 462.799H354.002L230.261 301.007 88.669 462.799h-78.56l183.455-209.683L0 0h161.999l111.856 147.88L403.229 0zm-27.556 415.805h43.505L138.363 44.527h-46.68l283.99 371.278z\" \/><\/svg><span class=\"mec-social-title\">Twitter<\/span><\/a><\/li><li class=\"mec-event-social-icon\"><a class=\"linkedin\" href=\"https:\/\/www.linkedin.com\/shareArticle?mini=true&amp;url=https%3A%2F%2Fagendaculturalriodejaneiro.com%2Fen%2Fevents%2Fpasseio-no-rio-de-janeiro-trem-do-corcovado-e-cristo-redentor-com-guia-2%2F\" onclick=\"javascript:window.open(this.href, &apos;&apos;, &apos;menubar=no,toolbar=no,resizable=yes,scrollbars=yes,height=600,width=500&apos;); return false;\" target=\"_blank\" title=\"Linkedin\"><i class=\"mec-fa-linkedin\"><\/i><span class=\"mec-social-title\">Linkedin<\/span><\/a><\/li><li class=\"mec-event-social-icon\"><a class=\"email\" href=\"mailto:?subject=Passeio%20no%20Rio%20de%20Janeiro%3A%20Trem%20do%20Corcovado%20e%20Cristo%20Redentor%20com%20guia&amp;body=https%3A%2F%2Fagendaculturalriodejaneiro.com%2Fen%2Fevents%2Fpasseio-no-rio-de-janeiro-trem-do-corcovado-e-cristo-redentor-com-guia-2%2F\" title=\"Email\"><i class=\"mec-fa-envelope\"><\/i><span class=\"mec-social-title\">Email<\/span><\/a><\/li>                        <\/ul>\r\n                    <\/li>\r\n                <\/ul>\r\n                                                <a class=\"mec-booking-button\" data-event-id=\"52755\" href=\"https:\/\/agendaculturalriodejaneiro.com\/en\/events\/passeio-no-rio-de-janeiro-trem-do-corcovado-e-cristo-redentor-com-guia-2\/\" target=\"_self\" rel=\"noopener\">Ver Detalhes<\/a>            <\/div>\r\n        <\/article><\/div>        <div class=\"col-md-4 col-sm-4\"><article class=\" mec-event-article mec-clear  \">                                <div class=\"mec-event-image\"><a data-event-id=\"52757\" href=\"https:\/\/agendaculturalriodejaneiro.com\/en\/events\/passeio-de-vela-ao-por-do-sol-no-rio-de-janeiro\/\" target=\"_self\" rel=\"noopener\"><img loading=\"lazy\" decoding=\"async\" width=\"200\" height=\"300\" src=\"https:\/\/agendaculturalriodejaneiro.com\/wp-content\/uploads\/2026\/08\/GLORIA03-1024x1536-200x300.jpg\" class=\"attachment-medium size-medium wp-post-image\" alt=\"\" data-mec-postid=\"52757\" \/><\/a><\/div>\r\n                        <div class=\"mec-event-content\">\r\n                                    <div class=\"mec-event-date mec-bg-color\">\r\n                        <span class=\"mec-start-date-label\">02 September 2026<\/span><span class=\"mec-end-date-label\" itemprop=\"endDate\"> - 17 November 2026<\/span>                                                                    <\/div>\r\n                                                                <h4 class=\"mec-event-title\"><a class=\"mec-color-hover\" data-event-id=\"52757\" href=\"https:\/\/agendaculturalriodejaneiro.com\/en\/events\/passeio-de-vela-ao-por-do-sol-no-rio-de-janeiro\/\" target=\"_self\" rel=\"noopener\">Passeio de vela ao p\u00f4r do sol no Rio de Janeiro<\/a><\/h4>\r\n                                <p class=\"mec-grid-event-location\">Marina da Gl\u00f3ria - Rio de Janeiro, RJ, Av. Infante Dom Henrique, S\/N - Gl\u00f3ria, Rio de Janeiro - RJ, 20021-140, Brasil<\/p>\r\n                                                                            <\/div>\r\n            <div class=\"mec-event-footer\">\r\n                                <ul class=\"mec-event-sharing-wrap\">\r\n                    <li class=\"mec-event-share\">\r\n                        <a href=\"#\" class=\"mec-event-share-icon\">\r\n                            <i class=\"mec-sl-share\" title=\"Share\"><\/i>\r\n                        <\/a>\r\n                    <\/li>\r\n                    <li>\r\n                        <ul class=\"mec-event-sharing\">\r\n                            <li class=\"mec-event-social-icon\"><a class=\"facebook\" href=\"https:\/\/www.facebook.com\/sharer\/sharer.php?u=https%3A%2F%2Fagendaculturalriodejaneiro.com%2Fen%2Fevents%2Fpasseio-de-vela-ao-por-do-sol-no-rio-de-janeiro%2F\" onclick=\"javascript:window.open(this.href, &apos;&apos;, &apos;menubar=no,toolbar=no,resizable=yes,scrollbars=yes,height=500,width=600&apos;); return false;\" target=\"_blank\" title=\"Share on Facebook\"><i class=\"mec-fa-facebook\"><\/i><span class=\"mec-social-title\">Facebook<\/span><\/a><\/li><li class=\"mec-event-social-icon\"><a class=\"twitter\" href=\"https:\/\/x.com\/intent\/tweet?url=https%3A%2F%2Fagendaculturalriodejaneiro.com%2Fen%2Fevents%2Fpasseio-de-vela-ao-por-do-sol-no-rio-de-janeiro%2F\" onclick=\"javascript:window.open(this.href, &apos;&apos;, &apos;menubar=no,toolbar=no,resizable=yes,scrollbars=yes,height=600,width=500&apos;); return false;\" target=\"_blank\" title=\"X Social Network\"><svg xmlns=\"http:\/\/www.w3.org\/2000\/svg\" viewbox=\"0 0 512 462.799\"><path d=\"M403.229 0h78.506L310.219 196.04 512 462.799H354.002L230.261 301.007 88.669 462.799h-78.56l183.455-209.683L0 0h161.999l111.856 147.88L403.229 0zm-27.556 415.805h43.505L138.363 44.527h-46.68l283.99 371.278z\" \/><\/svg><span class=\"mec-social-title\">Twitter<\/span><\/a><\/li><li class=\"mec-event-social-icon\"><a class=\"linkedin\" href=\"https:\/\/www.linkedin.com\/shareArticle?mini=true&amp;url=https%3A%2F%2Fagendaculturalriodejaneiro.com%2Fen%2Fevents%2Fpasseio-de-vela-ao-por-do-sol-no-rio-de-janeiro%2F\" onclick=\"javascript:window.open(this.href, &apos;&apos;, &apos;menubar=no,toolbar=no,resizable=yes,scrollbars=yes,height=600,width=500&apos;); return false;\" target=\"_blank\" title=\"Linkedin\"><i class=\"mec-fa-linkedin\"><\/i><span class=\"mec-social-title\">Linkedin<\/span><\/a><\/li><li class=\"mec-event-social-icon\"><a class=\"email\" href=\"mailto:?subject=Passeio%20de%20vela%20ao%20p%C3%B4r%20do%20sol%20no%20Rio%20de%20Janeiro&amp;body=https%3A%2F%2Fagendaculturalriodejaneiro.com%2Fen%2Fevents%2Fpasseio-de-vela-ao-por-do-sol-no-rio-de-janeiro%2F\" title=\"Email\"><i class=\"mec-fa-envelope\"><\/i><span class=\"mec-social-title\">Email<\/span><\/a><\/li>                        <\/ul>\r\n                    <\/li>\r\n                <\/ul>\r\n                                                <a class=\"mec-booking-button\" data-event-id=\"52757\" href=\"https:\/\/agendaculturalriodejaneiro.com\/en\/events\/passeio-de-vela-ao-por-do-sol-no-rio-de-janeiro\/\" target=\"_self\" rel=\"noopener\">Ver Detalhes<\/a>            <\/div>\r\n        <\/article><\/div>        <div class=\"col-md-4 col-sm-4\"><article class=\"mec-past-event mec-event-article mec-clear  \">                                <div class=\"mec-event-image\"><a data-event-id=\"52765\" href=\"https:\/\/agendaculturalriodejaneiro.com\/en\/events\/corrida-guiada-ate-ao-pao-de-acucar-com-por-do-sol-no-final-3\/\" target=\"_self\" rel=\"noopener\"><img loading=\"lazy\" decoding=\"async\" width=\"300\" height=\"154\" src=\"https:\/\/agendaculturalriodejaneiro.com\/wp-content\/uploads\/2026\/08\/de786d_e11997d718ea447ab5775c5363db8a35mv2-300x154.jpg\" class=\"attachment-medium size-medium wp-post-image\" alt=\"\" data-mec-postid=\"52765\" \/><\/a><\/div>\r\n                        <div class=\"mec-event-content\">\r\n                                    <div class=\"mec-event-date mec-bg-color\">\r\n                        <span class=\"mec-start-date-label\">02 September 2026<\/span>                                                                    <\/div>\r\n                                                                <h4 class=\"mec-event-title\"><a class=\"mec-color-hover\" data-event-id=\"52765\" href=\"https:\/\/agendaculturalriodejaneiro.com\/en\/events\/corrida-guiada-ate-ao-pao-de-acucar-com-por-do-sol-no-final-3\/\" target=\"_self\" rel=\"noopener\">Corrida guiada at\u00e9 ao P\u00e3o de A\u00e7\u00facar com p\u00f4r do sol no final<\/a><\/h4>\r\n                                <p class=\"mec-grid-event-location\">Monumento Nacional aos Mortos da Segunda Guerra Mundial, Avenida Infante Dom Henrique, 75 - Gl\u00f3ria, Rio de Janeiro - RJ, 20021-140, Brasil<\/p>\r\n                                                                            <\/div>\r\n            <div class=\"mec-event-footer\">\r\n                                <ul class=\"mec-event-sharing-wrap\">\r\n                    <li class=\"mec-event-share\">\r\n                        <a href=\"#\" class=\"mec-event-share-icon\">\r\n                            <i class=\"mec-sl-share\" title=\"Share\"><\/i>\r\n                        <\/a>\r\n                    <\/li>\r\n                    <li>\r\n                        <ul class=\"mec-event-sharing\">\r\n                            <li class=\"mec-event-social-icon\"><a class=\"facebook\" href=\"https:\/\/www.facebook.com\/sharer\/sharer.php?u=https%3A%2F%2Fagendaculturalriodejaneiro.com%2Fen%2Fevents%2Fcorrida-guiada-ate-ao-pao-de-acucar-com-por-do-sol-no-final-3%2F\" onclick=\"javascript:window.open(this.href, &apos;&apos;, &apos;menubar=no,toolbar=no,resizable=yes,scrollbars=yes,height=500,width=600&apos;); return false;\" target=\"_blank\" title=\"Share on Facebook\"><i class=\"mec-fa-facebook\"><\/i><span class=\"mec-social-title\">Facebook<\/span><\/a><\/li><li class=\"mec-event-social-icon\"><a class=\"twitter\" href=\"https:\/\/x.com\/intent\/tweet?url=https%3A%2F%2Fagendaculturalriodejaneiro.com%2Fen%2Fevents%2Fcorrida-guiada-ate-ao-pao-de-acucar-com-por-do-sol-no-final-3%2F\" onclick=\"javascript:window.open(this.href, &apos;&apos;, &apos;menubar=no,toolbar=no,resizable=yes,scrollbars=yes,height=600,width=500&apos;); return false;\" target=\"_blank\" title=\"X Social Network\"><svg xmlns=\"http:\/\/www.w3.org\/2000\/svg\" viewbox=\"0 0 512 462.799\"><path d=\"M403.229 0h78.506L310.219 196.04 512 462.799H354.002L230.261 301.007 88.669 462.799h-78.56l183.455-209.683L0 0h161.999l111.856 147.88L403.229 0zm-27.556 415.805h43.505L138.363 44.527h-46.68l283.99 371.278z\" \/><\/svg><span class=\"mec-social-title\">Twitter<\/span><\/a><\/li><li class=\"mec-event-social-icon\"><a class=\"linkedin\" href=\"https:\/\/www.linkedin.com\/shareArticle?mini=true&amp;url=https%3A%2F%2Fagendaculturalriodejaneiro.com%2Fen%2Fevents%2Fcorrida-guiada-ate-ao-pao-de-acucar-com-por-do-sol-no-final-3%2F\" onclick=\"javascript:window.open(this.href, &apos;&apos;, &apos;menubar=no,toolbar=no,resizable=yes,scrollbars=yes,height=600,width=500&apos;); return false;\" target=\"_blank\" title=\"Linkedin\"><i class=\"mec-fa-linkedin\"><\/i><span class=\"mec-social-title\">Linkedin<\/span><\/a><\/li><li class=\"mec-event-social-icon\"><a class=\"email\" href=\"mailto:?subject=Corrida%20guiada%20at%C3%A9%20ao%20P%C3%A3o%20de%20A%C3%A7%C3%BAcar%20com%20p%C3%B4r%20do%20sol%20no%20final&amp;body=https%3A%2F%2Fagendaculturalriodejaneiro.com%2Fen%2Fevents%2Fcorrida-guiada-ate-ao-pao-de-acucar-com-por-do-sol-no-final-3%2F\" title=\"Email\"><i class=\"mec-fa-envelope\"><\/i><span class=\"mec-social-title\">Email<\/span><\/a><\/li>                        <\/ul>\r\n                    <\/li>\r\n                <\/ul>\r\n                                                <a class=\"mec-booking-button\" data-event-id=\"52765\" href=\"https:\/\/agendaculturalriodejaneiro.com\/en\/events\/corrida-guiada-ate-ao-pao-de-acucar-com-por-do-sol-no-final-3\/\" target=\"_self\" rel=\"noopener\">Ver Detalhes<\/a>            <\/div>\r\n        <\/article><\/div><\/div>        <div class=\"row\"><div class=\"col-md-4 col-sm-4\"><article class=\" mec-event-article mec-clear  \">                                <div class=\"mec-event-image\"><a data-event-id=\"52806\" href=\"https:\/\/agendaculturalriodejaneiro.com\/en\/events\/a-traicao-das-imagens\/\" target=\"_self\" rel=\"noopener\"><img loading=\"lazy\" decoding=\"async\" width=\"300\" height=\"213\" src=\"https:\/\/agendaculturalriodejaneiro.com\/wp-content\/uploads\/2026\/08\/Sem-titulo-serie-Colapso-2026-oleo-sobre-tela-140-x-200-cm-foto-credito-Jaime-Acioli-1-300x213.jpg\" class=\"attachment-medium size-medium wp-post-image\" alt=\"\" data-mec-postid=\"52806\" \/><\/a><\/div>\r\n                        <div class=\"mec-event-content\">\r\n                                    <div class=\"mec-event-date mec-bg-color\">\r\n                        <span class=\"mec-start-date-label\">02 - 26 September 2026<\/span>                                                                    <\/div>\r\n                                                                <h4 class=\"mec-event-title\"><a class=\"mec-color-hover\" data-event-id=\"52806\" href=\"https:\/\/agendaculturalriodejaneiro.com\/en\/events\/a-traicao-das-imagens\/\" target=\"_self\" rel=\"noopener\">\u201cA Trai\u00e7\u00e3o das Imagens\u201d<\/a><\/h4>\r\n                                <p class=\"mec-grid-event-location\">Galeria Patr\u00edcia Costa, Av. Atl\u00e2ntica, 4.240\/lojas 224 e 225 \u2013 Copacabana \u2013 RJ<\/p>\r\n                                                                            <\/div>\r\n            <div class=\"mec-event-footer\">\r\n                                <ul class=\"mec-event-sharing-wrap\">\r\n                    <li class=\"mec-event-share\">\r\n                        <a href=\"#\" class=\"mec-event-share-icon\">\r\n                            <i class=\"mec-sl-share\" title=\"Share\"><\/i>\r\n                        <\/a>\r\n                    <\/li>\r\n                    <li>\r\n                        <ul class=\"mec-event-sharing\">\r\n                            <li class=\"mec-event-social-icon\"><a class=\"facebook\" href=\"https:\/\/www.facebook.com\/sharer\/sharer.php?u=https%3A%2F%2Fagendaculturalriodejaneiro.com%2Fen%2Fevents%2Fa-traicao-das-imagens%2F\" onclick=\"javascript:window.open(this.href, &apos;&apos;, &apos;menubar=no,toolbar=no,resizable=yes,scrollbars=yes,height=500,width=600&apos;); return false;\" target=\"_blank\" title=\"Share on Facebook\"><i class=\"mec-fa-facebook\"><\/i><span class=\"mec-social-title\">Facebook<\/span><\/a><\/li><li class=\"mec-event-social-icon\"><a class=\"twitter\" href=\"https:\/\/x.com\/intent\/tweet?url=https%3A%2F%2Fagendaculturalriodejaneiro.com%2Fen%2Fevents%2Fa-traicao-das-imagens%2F\" onclick=\"javascript:window.open(this.href, &apos;&apos;, &apos;menubar=no,toolbar=no,resizable=yes,scrollbars=yes,height=600,width=500&apos;); return false;\" target=\"_blank\" title=\"X Social Network\"><svg xmlns=\"http:\/\/www.w3.org\/2000\/svg\" viewbox=\"0 0 512 462.799\"><path d=\"M403.229 0h78.506L310.219 196.04 512 462.799H354.002L230.261 301.007 88.669 462.799h-78.56l183.455-209.683L0 0h161.999l111.856 147.88L403.229 0zm-27.556 415.805h43.505L138.363 44.527h-46.68l283.99 371.278z\" \/><\/svg><span class=\"mec-social-title\">Twitter<\/span><\/a><\/li><li class=\"mec-event-social-icon\"><a class=\"linkedin\" href=\"https:\/\/www.linkedin.com\/shareArticle?mini=true&amp;url=https%3A%2F%2Fagendaculturalriodejaneiro.com%2Fen%2Fevents%2Fa-traicao-das-imagens%2F\" onclick=\"javascript:window.open(this.href, &apos;&apos;, &apos;menubar=no,toolbar=no,resizable=yes,scrollbars=yes,height=600,width=500&apos;); return false;\" target=\"_blank\" title=\"Linkedin\"><i class=\"mec-fa-linkedin\"><\/i><span class=\"mec-social-title\">Linkedin<\/span><\/a><\/li><li class=\"mec-event-social-icon\"><a class=\"email\" href=\"mailto:?subject=%E2%80%9CA%20Trai%C3%A7%C3%A3o%20das%20Imagens%E2%80%9D&amp;body=https%3A%2F%2Fagendaculturalriodejaneiro.com%2Fen%2Fevents%2Fa-traicao-das-imagens%2F\" title=\"Email\"><i class=\"mec-fa-envelope\"><\/i><span class=\"mec-social-title\">Email<\/span><\/a><\/li>                        <\/ul>\r\n                    <\/li>\r\n                <\/ul>\r\n                                                <a class=\"mec-booking-button\" data-event-id=\"52806\" href=\"https:\/\/agendaculturalriodejaneiro.com\/en\/events\/a-traicao-das-imagens\/\" target=\"_self\" rel=\"noopener\">Ver Detalhes<\/a>            <\/div>\r\n        <\/article><\/div>        <div class=\"col-md-4 col-sm-4\"><article class=\" mec-event-article mec-clear  \">                                <div class=\"mec-event-image\"><a data-event-id=\"52221\" href=\"https:\/\/agendaculturalriodejaneiro.com\/en\/events\/tudo-preto-uma-re_vista\/\" target=\"_self\" rel=\"noopener\"><img loading=\"lazy\" decoding=\"async\" width=\"300\" height=\"200\" src=\"https:\/\/agendaculturalriodejaneiro.com\/wp-content\/uploads\/2026\/07\/Tudo-Preto-uma-revista-credito-Ira-Barillo-10-300x200.jpg\" class=\"attachment-medium size-medium wp-post-image\" alt=\"\" data-mec-postid=\"52221\" \/><\/a><\/div>\r\n                        <div class=\"mec-event-content\">\r\n                                    <div class=\"mec-event-date mec-bg-color\">\r\n                        <span class=\"mec-start-date-label\">02 September 2026<\/span><span class=\"mec-end-date-label\" itemprop=\"endDate\"> - 16 October 2026<\/span>                                                                    <\/div>\r\n                                                                <h4 class=\"mec-event-title\"><a class=\"mec-color-hover\" data-event-id=\"52221\" href=\"https:\/\/agendaculturalriodejaneiro.com\/en\/events\/tudo-preto-uma-re_vista\/\" target=\"_self\" rel=\"noopener\">Tudo Preto: uma re_vista<\/a><\/h4>\r\n                                <p class=\"mec-grid-event-location\">Centro Cultural Banco do Brasil, R. Primeiro de Mar\u00e7o, 66 - Centro, 20010000 Rio de Janeiro<\/p>\r\n                                                                            <\/div>\r\n            <div class=\"mec-event-footer\">\r\n                                <ul class=\"mec-event-sharing-wrap\">\r\n                    <li class=\"mec-event-share\">\r\n                        <a href=\"#\" class=\"mec-event-share-icon\">\r\n                            <i class=\"mec-sl-share\" title=\"Share\"><\/i>\r\n                        <\/a>\r\n                    <\/li>\r\n                    <li>\r\n                        <ul class=\"mec-event-sharing\">\r\n                            <li class=\"mec-event-social-icon\"><a class=\"facebook\" href=\"https:\/\/www.facebook.com\/sharer\/sharer.php?u=https%3A%2F%2Fagendaculturalriodejaneiro.com%2Fen%2Fevents%2Ftudo-preto-uma-re_vista%2F\" onclick=\"javascript:window.open(this.href, &apos;&apos;, &apos;menubar=no,toolbar=no,resizable=yes,scrollbars=yes,height=500,width=600&apos;); return false;\" target=\"_blank\" title=\"Share on Facebook\"><i class=\"mec-fa-facebook\"><\/i><span class=\"mec-social-title\">Facebook<\/span><\/a><\/li><li class=\"mec-event-social-icon\"><a class=\"twitter\" href=\"https:\/\/x.com\/intent\/tweet?url=https%3A%2F%2Fagendaculturalriodejaneiro.com%2Fen%2Fevents%2Ftudo-preto-uma-re_vista%2F\" onclick=\"javascript:window.open(this.href, &apos;&apos;, &apos;menubar=no,toolbar=no,resizable=yes,scrollbars=yes,height=600,width=500&apos;); return false;\" target=\"_blank\" title=\"X Social Network\"><svg xmlns=\"http:\/\/www.w3.org\/2000\/svg\" viewbox=\"0 0 512 462.799\"><path d=\"M403.229 0h78.506L310.219 196.04 512 462.799H354.002L230.261 301.007 88.669 462.799h-78.56l183.455-209.683L0 0h161.999l111.856 147.88L403.229 0zm-27.556 415.805h43.505L138.363 44.527h-46.68l283.99 371.278z\" \/><\/svg><span class=\"mec-social-title\">Twitter<\/span><\/a><\/li><li class=\"mec-event-social-icon\"><a class=\"linkedin\" href=\"https:\/\/www.linkedin.com\/shareArticle?mini=true&amp;url=https%3A%2F%2Fagendaculturalriodejaneiro.com%2Fen%2Fevents%2Ftudo-preto-uma-re_vista%2F\" onclick=\"javascript:window.open(this.href, &apos;&apos;, &apos;menubar=no,toolbar=no,resizable=yes,scrollbars=yes,height=600,width=500&apos;); return false;\" target=\"_blank\" title=\"Linkedin\"><i class=\"mec-fa-linkedin\"><\/i><span class=\"mec-social-title\">Linkedin<\/span><\/a><\/li><li class=\"mec-event-social-icon\"><a class=\"email\" href=\"mailto:?subject=Tudo%20Preto%3A%20uma%20re_vista&amp;body=https%3A%2F%2Fagendaculturalriodejaneiro.com%2Fen%2Fevents%2Ftudo-preto-uma-re_vista%2F\" title=\"Email\"><i class=\"mec-fa-envelope\"><\/i><span class=\"mec-social-title\">Email<\/span><\/a><\/li>                        <\/ul>\r\n                    <\/li>\r\n                <\/ul>\r\n                                                <a class=\"mec-booking-button\" data-event-id=\"52221\" href=\"https:\/\/agendaculturalriodejaneiro.com\/en\/events\/tudo-preto-uma-re_vista\/\" target=\"_self\" rel=\"noopener\">Ver Detalhes<\/a>            <\/div>\r\n        <\/article><\/div>                <div class=\"col-md-4 col-sm-4\"><article class=\"mec-past-event mec-event-article mec-clear  \">                                <div class=\"mec-event-image\"><a data-event-id=\"48460\" href=\"https:\/\/agendaculturalriodejaneiro.com\/en\/events\/mamma-mia-no-teatro-riachuelo-rj-189-816\/\" target=\"_self\" rel=\"noopener\"><img loading=\"lazy\" decoding=\"async\" width=\"300\" height=\"158\" src=\"https:\/\/agendaculturalriodejaneiro.com\/wp-content\/uploads\/2026\/02\/Mamma-Mia-no-Teatro-Riachuelo-RJ-1-300x158.jpg\" class=\"attachment-medium size-medium wp-post-image\" alt=\"Mamma Mia! no Teatro Riachuelo - RJ\" data-mec-postid=\"48460\" \/><\/a><\/div>\r\n                        <div class=\"mec-event-content\">\r\n                                    <div class=\"mec-event-date mec-bg-color\">\r\n                        <span class=\"mec-start-date-label\">03 September 2026<\/span>                                                                    <\/div>\r\n                                                                <h4 class=\"mec-event-title\"><a class=\"mec-color-hover\" data-event-id=\"48460\" href=\"https:\/\/agendaculturalriodejaneiro.com\/en\/events\/mamma-mia-no-teatro-riachuelo-rj-189-816\/\" target=\"_self\" rel=\"noopener\">Mamma Mia! no Teatro Riachuelo &#8211; RJ<\/a><\/h4>\r\n                                <p class=\"mec-grid-event-location\">Teatro Riachuelo RJ, Rua do Passeio , 40, Rio de Janeiro - Rio de Janeiro<\/p>\r\n                                                                            <\/div>\r\n            <div class=\"mec-event-footer\">\r\n                                <ul class=\"mec-event-sharing-wrap\">\r\n                    <li class=\"mec-event-share\">\r\n                        <a href=\"#\" class=\"mec-event-share-icon\">\r\n                            <i class=\"mec-sl-share\" title=\"Share\"><\/i>\r\n                        <\/a>\r\n                    <\/li>\r\n                    <li>\r\n                        <ul class=\"mec-event-sharing\">\r\n                            <li class=\"mec-event-social-icon\"><a class=\"facebook\" href=\"https:\/\/www.facebook.com\/sharer\/sharer.php?u=https%3A%2F%2Fagendaculturalriodejaneiro.com%2Fen%2Fevents%2Fmamma-mia-no-teatro-riachuelo-rj-189-816%2F\" onclick=\"javascript:window.open(this.href, &apos;&apos;, &apos;menubar=no,toolbar=no,resizable=yes,scrollbars=yes,height=500,width=600&apos;); return false;\" target=\"_blank\" title=\"Share on Facebook\"><i class=\"mec-fa-facebook\"><\/i><span class=\"mec-social-title\">Facebook<\/span><\/a><\/li><li class=\"mec-event-social-icon\"><a class=\"twitter\" href=\"https:\/\/x.com\/intent\/tweet?url=https%3A%2F%2Fagendaculturalriodejaneiro.com%2Fen%2Fevents%2Fmamma-mia-no-teatro-riachuelo-rj-189-816%2F\" onclick=\"javascript:window.open(this.href, &apos;&apos;, &apos;menubar=no,toolbar=no,resizable=yes,scrollbars=yes,height=600,width=500&apos;); return false;\" target=\"_blank\" title=\"X Social Network\"><svg xmlns=\"http:\/\/www.w3.org\/2000\/svg\" viewbox=\"0 0 512 462.799\"><path d=\"M403.229 0h78.506L310.219 196.04 512 462.799H354.002L230.261 301.007 88.669 462.799h-78.56l183.455-209.683L0 0h161.999l111.856 147.88L403.229 0zm-27.556 415.805h43.505L138.363 44.527h-46.68l283.99 371.278z\" \/><\/svg><span class=\"mec-social-title\">Twitter<\/span><\/a><\/li><li class=\"mec-event-social-icon\"><a class=\"linkedin\" href=\"https:\/\/www.linkedin.com\/shareArticle?mini=true&amp;url=https%3A%2F%2Fagendaculturalriodejaneiro.com%2Fen%2Fevents%2Fmamma-mia-no-teatro-riachuelo-rj-189-816%2F\" onclick=\"javascript:window.open(this.href, &apos;&apos;, &apos;menubar=no,toolbar=no,resizable=yes,scrollbars=yes,height=600,width=500&apos;); return false;\" target=\"_blank\" title=\"Linkedin\"><i class=\"mec-fa-linkedin\"><\/i><span class=\"mec-social-title\">Linkedin<\/span><\/a><\/li><li class=\"mec-event-social-icon\"><a class=\"email\" href=\"mailto:?subject=Mamma%20Mia%21%20no%20Teatro%20Riachuelo%20-%20RJ&amp;body=https%3A%2F%2Fagendaculturalriodejaneiro.com%2Fen%2Fevents%2Fmamma-mia-no-teatro-riachuelo-rj-189-816%2F\" title=\"Email\"><i class=\"mec-fa-envelope\"><\/i><span class=\"mec-social-title\">Email<\/span><\/a><\/li>                        <\/ul>\r\n                    <\/li>\r\n                <\/ul>\r\n                                                <a class=\"mec-booking-button\" data-event-id=\"48460\" href=\"https:\/\/agendaculturalriodejaneiro.com\/en\/events\/mamma-mia-no-teatro-riachuelo-rj-189-816\/\" target=\"_self\" rel=\"noopener\">Ver Detalhes<\/a>            <\/div>\r\n        <\/article><\/div><\/div>                <div class=\"row\"><div class=\"col-md-4 col-sm-4\"><article class=\" mec-event-article mec-clear  \">                                <div class=\"mec-event-image\"><a data-event-id=\"53055\" href=\"https:\/\/agendaculturalriodejaneiro.com\/en\/events\/boate-301\/\" target=\"_self\" rel=\"noopener\"><img loading=\"lazy\" decoding=\"async\" width=\"240\" height=\"300\" src=\"https:\/\/agendaculturalriodejaneiro.com\/wp-content\/uploads\/2026\/08\/Flyer_Boate_301_ate_5000KB-240x300.jpg\" class=\"attachment-medium size-medium wp-post-image\" alt=\"\" data-mec-postid=\"53055\" \/><\/a><\/div>\r\n                        <div class=\"mec-event-content\">\r\n                                    <div class=\"mec-event-date mec-bg-color\">\r\n                        <span class=\"mec-start-date-label\">04 September 2026<\/span>                                                                    <\/div>\r\n                                                                <h4 class=\"mec-event-title\"><a class=\"mec-color-hover\" data-event-id=\"53055\" href=\"https:\/\/agendaculturalriodejaneiro.com\/en\/events\/boate-301\/\" target=\"_self\" rel=\"noopener\">BOATE 301<\/a><\/h4>\r\n                                <p class=\"mec-grid-event-location\">Mans\u00e3o L&amp;D, Rio de Janeiro - Rua Andr\u00e9 Cavalcanti, 58 - Centro, Rio de Janeiro - RJ, 20231-050, Brasil<\/p>\r\n                                                                            <\/div>\r\n            <div class=\"mec-event-footer\">\r\n                                <ul class=\"mec-event-sharing-wrap\">\r\n                    <li class=\"mec-event-share\">\r\n                        <a href=\"#\" class=\"mec-event-share-icon\">\r\n                            <i class=\"mec-sl-share\" title=\"Share\"><\/i>\r\n                        <\/a>\r\n                    <\/li>\r\n                    <li>\r\n                        <ul class=\"mec-event-sharing\">\r\n                            <li class=\"mec-event-social-icon\"><a class=\"facebook\" href=\"https:\/\/www.facebook.com\/sharer\/sharer.php?u=https%3A%2F%2Fagendaculturalriodejaneiro.com%2Fen%2Fevents%2Fboate-301%2F\" onclick=\"javascript:window.open(this.href, &apos;&apos;, &apos;menubar=no,toolbar=no,resizable=yes,scrollbars=yes,height=500,width=600&apos;); return false;\" target=\"_blank\" title=\"Share on Facebook\"><i class=\"mec-fa-facebook\"><\/i><span class=\"mec-social-title\">Facebook<\/span><\/a><\/li><li class=\"mec-event-social-icon\"><a class=\"twitter\" href=\"https:\/\/x.com\/intent\/tweet?url=https%3A%2F%2Fagendaculturalriodejaneiro.com%2Fen%2Fevents%2Fboate-301%2F\" onclick=\"javascript:window.open(this.href, &apos;&apos;, &apos;menubar=no,toolbar=no,resizable=yes,scrollbars=yes,height=600,width=500&apos;); return false;\" target=\"_blank\" title=\"X Social Network\"><svg xmlns=\"http:\/\/www.w3.org\/2000\/svg\" viewbox=\"0 0 512 462.799\"><path d=\"M403.229 0h78.506L310.219 196.04 512 462.799H354.002L230.261 301.007 88.669 462.799h-78.56l183.455-209.683L0 0h161.999l111.856 147.88L403.229 0zm-27.556 415.805h43.505L138.363 44.527h-46.68l283.99 371.278z\" \/><\/svg><span class=\"mec-social-title\">Twitter<\/span><\/a><\/li><li class=\"mec-event-social-icon\"><a class=\"linkedin\" href=\"https:\/\/www.linkedin.com\/shareArticle?mini=true&amp;url=https%3A%2F%2Fagendaculturalriodejaneiro.com%2Fen%2Fevents%2Fboate-301%2F\" onclick=\"javascript:window.open(this.href, &apos;&apos;, &apos;menubar=no,toolbar=no,resizable=yes,scrollbars=yes,height=600,width=500&apos;); return false;\" target=\"_blank\" title=\"Linkedin\"><i class=\"mec-fa-linkedin\"><\/i><span class=\"mec-social-title\">Linkedin<\/span><\/a><\/li><li class=\"mec-event-social-icon\"><a class=\"email\" href=\"mailto:?subject=BOATE%20301&amp;body=https%3A%2F%2Fagendaculturalriodejaneiro.com%2Fen%2Fevents%2Fboate-301%2F\" title=\"Email\"><i class=\"mec-fa-envelope\"><\/i><span class=\"mec-social-title\">Email<\/span><\/a><\/li>                        <\/ul>\r\n                    <\/li>\r\n                <\/ul>\r\n                                                <a class=\"mec-booking-button\" data-event-id=\"53055\" href=\"https:\/\/agendaculturalriodejaneiro.com\/en\/events\/boate-301\/\" target=\"_self\" rel=\"noopener\">Ver Detalhes<\/a>            <\/div>\r\n        <\/article><\/div>                <div class=\"col-md-4 col-sm-4\"><article class=\" mec-event-article mec-clear  \">                                <div class=\"mec-event-image\"><a data-event-id=\"51366\" href=\"https:\/\/agendaculturalriodejaneiro.com\/en\/events\/edu-krieger-e-natalia-voss-versos-e-versoes-a-vida-em-parodias\/\" target=\"_self\" rel=\"noopener\"><img loading=\"lazy\" decoding=\"async\" width=\"300\" height=\"300\" src=\"https:\/\/agendaculturalriodejaneiro.com\/wp-content\/uploads\/2026\/06\/9-5-26-Edu-Krieger-e-Natalia-Voss-feed-720x720-300x300.jpg\" class=\"attachment-medium size-medium wp-post-image\" alt=\"\" data-mec-postid=\"51366\" \/><\/a><\/div>\r\n                        <div class=\"mec-event-content\">\r\n                                    <div class=\"mec-event-date mec-bg-color\">\r\n                        <span class=\"mec-start-date-label\">05 September 2026<\/span>                                                                    <\/div>\r\n                                                                <h4 class=\"mec-event-title\"><a class=\"mec-color-hover\" data-event-id=\"51366\" href=\"https:\/\/agendaculturalriodejaneiro.com\/en\/events\/edu-krieger-e-natalia-voss-versos-e-versoes-a-vida-em-parodias\/\" target=\"_self\" rel=\"noopener\">Edu Krieger e Natalia Voss &#8211; Versos e vers\u00f5es: a vida em par\u00f3dias<\/a><\/h4>\r\n                                <p class=\"mec-grid-event-location\">Teatro Rival Petrobras, Rua \u00c1lvaro Alvim ,33 - Subsolo, Rio de Janeiro - Rio de Janeiro<\/p>\r\n                                                                            <\/div>\r\n            <div class=\"mec-event-footer\">\r\n                                <ul class=\"mec-event-sharing-wrap\">\r\n                    <li class=\"mec-event-share\">\r\n                        <a href=\"#\" class=\"mec-event-share-icon\">\r\n                            <i class=\"mec-sl-share\" title=\"Share\"><\/i>\r\n                        <\/a>\r\n                    <\/li>\r\n                    <li>\r\n                        <ul class=\"mec-event-sharing\">\r\n                            <li class=\"mec-event-social-icon\"><a class=\"facebook\" href=\"https:\/\/www.facebook.com\/sharer\/sharer.php?u=https%3A%2F%2Fagendaculturalriodejaneiro.com%2Fen%2Fevents%2Fedu-krieger-e-natalia-voss-versos-e-versoes-a-vida-em-parodias%2F\" onclick=\"javascript:window.open(this.href, &apos;&apos;, &apos;menubar=no,toolbar=no,resizable=yes,scrollbars=yes,height=500,width=600&apos;); return false;\" target=\"_blank\" title=\"Share on Facebook\"><i class=\"mec-fa-facebook\"><\/i><span class=\"mec-social-title\">Facebook<\/span><\/a><\/li><li class=\"mec-event-social-icon\"><a class=\"twitter\" href=\"https:\/\/x.com\/intent\/tweet?url=https%3A%2F%2Fagendaculturalriodejaneiro.com%2Fen%2Fevents%2Fedu-krieger-e-natalia-voss-versos-e-versoes-a-vida-em-parodias%2F\" onclick=\"javascript:window.open(this.href, &apos;&apos;, &apos;menubar=no,toolbar=no,resizable=yes,scrollbars=yes,height=600,width=500&apos;); return false;\" target=\"_blank\" title=\"X Social Network\"><svg xmlns=\"http:\/\/www.w3.org\/2000\/svg\" viewbox=\"0 0 512 462.799\"><path d=\"M403.229 0h78.506L310.219 196.04 512 462.799H354.002L230.261 301.007 88.669 462.799h-78.56l183.455-209.683L0 0h161.999l111.856 147.88L403.229 0zm-27.556 415.805h43.505L138.363 44.527h-46.68l283.99 371.278z\" \/><\/svg><span class=\"mec-social-title\">Twitter<\/span><\/a><\/li><li class=\"mec-event-social-icon\"><a class=\"linkedin\" href=\"https:\/\/www.linkedin.com\/shareArticle?mini=true&amp;url=https%3A%2F%2Fagendaculturalriodejaneiro.com%2Fen%2Fevents%2Fedu-krieger-e-natalia-voss-versos-e-versoes-a-vida-em-parodias%2F\" onclick=\"javascript:window.open(this.href, &apos;&apos;, &apos;menubar=no,toolbar=no,resizable=yes,scrollbars=yes,height=600,width=500&apos;); return false;\" target=\"_blank\" title=\"Linkedin\"><i class=\"mec-fa-linkedin\"><\/i><span class=\"mec-social-title\">Linkedin<\/span><\/a><\/li><li class=\"mec-event-social-icon\"><a class=\"email\" href=\"mailto:?subject=Edu%20Krieger%20e%20Natalia%20Voss%20-%20Versos%20e%20vers%C3%B5es%3A%20a%20vida%20em%20par%C3%B3dias&amp;body=https%3A%2F%2Fagendaculturalriodejaneiro.com%2Fen%2Fevents%2Fedu-krieger-e-natalia-voss-versos-e-versoes-a-vida-em-parodias%2F\" title=\"Email\"><i class=\"mec-fa-envelope\"><\/i><span class=\"mec-social-title\">Email<\/span><\/a><\/li>                        <\/ul>\r\n                    <\/li>\r\n                <\/ul>\r\n                                                <a class=\"mec-booking-button\" data-event-id=\"51366\" href=\"https:\/\/agendaculturalriodejaneiro.com\/en\/events\/edu-krieger-e-natalia-voss-versos-e-versoes-a-vida-em-parodias\/\" target=\"_self\" rel=\"noopener\">Ver Detalhes<\/a>            <\/div>\r\n        <\/article><\/div>        <div class=\"col-md-4 col-sm-4\"><article class=\" mec-event-article mec-clear  \">                                <div class=\"mec-event-image\"><a data-event-id=\"51410\" href=\"https:\/\/agendaculturalriodejaneiro.com\/en\/events\/wanderson-lemos-show-raiz-de-baoba\/\" target=\"_self\" rel=\"noopener\"><img loading=\"lazy\" decoding=\"async\" width=\"300\" height=\"169\" src=\"https:\/\/agendaculturalriodejaneiro.com\/wp-content\/uploads\/2026\/06\/Wanderson-Lemos-Show-Raiz-de-Baoba-300x169.jpg\" class=\"attachment-medium size-medium wp-post-image\" alt=\"Wanderson Lemos - Show Raiz de Baob\u00e1\" data-mec-postid=\"51410\" \/><\/a><\/div>\r\n                        <div class=\"mec-event-content\">\r\n                                    <div class=\"mec-event-date mec-bg-color\">\r\n                        <span class=\"mec-start-date-label\">05 September 2026<\/span>                                                                    <\/div>\r\n                                                                <h4 class=\"mec-event-title\"><a class=\"mec-color-hover\" data-event-id=\"51410\" href=\"https:\/\/agendaculturalriodejaneiro.com\/en\/events\/wanderson-lemos-show-raiz-de-baoba\/\" target=\"_self\" rel=\"noopener\">Wanderson Lemos &#8211; Show Raiz de Baob\u00e1<\/a><\/h4>\r\n                                <p class=\"mec-grid-event-location\">Areninha Cultural Gilberto Gil, Avenida Marechal Fontenele, 5000, Realengo, Rio de Janeiro - Rio de Janeiro<\/p>\r\n                                                                            <\/div>\r\n            <div class=\"mec-event-footer\">\r\n                                <ul class=\"mec-event-sharing-wrap\">\r\n                    <li class=\"mec-event-share\">\r\n                        <a href=\"#\" class=\"mec-event-share-icon\">\r\n                            <i class=\"mec-sl-share\" title=\"Share\"><\/i>\r\n                        <\/a>\r\n                    <\/li>\r\n                    <li>\r\n                        <ul class=\"mec-event-sharing\">\r\n                            <li class=\"mec-event-social-icon\"><a class=\"facebook\" href=\"https:\/\/www.facebook.com\/sharer\/sharer.php?u=https%3A%2F%2Fagendaculturalriodejaneiro.com%2Fen%2Fevents%2Fwanderson-lemos-show-raiz-de-baoba%2F\" onclick=\"javascript:window.open(this.href, &apos;&apos;, &apos;menubar=no,toolbar=no,resizable=yes,scrollbars=yes,height=500,width=600&apos;); return false;\" target=\"_blank\" title=\"Share on Facebook\"><i class=\"mec-fa-facebook\"><\/i><span class=\"mec-social-title\">Facebook<\/span><\/a><\/li><li class=\"mec-event-social-icon\"><a class=\"twitter\" href=\"https:\/\/x.com\/intent\/tweet?url=https%3A%2F%2Fagendaculturalriodejaneiro.com%2Fen%2Fevents%2Fwanderson-lemos-show-raiz-de-baoba%2F\" onclick=\"javascript:window.open(this.href, &apos;&apos;, &apos;menubar=no,toolbar=no,resizable=yes,scrollbars=yes,height=600,width=500&apos;); return false;\" target=\"_blank\" title=\"X Social Network\"><svg xmlns=\"http:\/\/www.w3.org\/2000\/svg\" viewbox=\"0 0 512 462.799\"><path d=\"M403.229 0h78.506L310.219 196.04 512 462.799H354.002L230.261 301.007 88.669 462.799h-78.56l183.455-209.683L0 0h161.999l111.856 147.88L403.229 0zm-27.556 415.805h43.505L138.363 44.527h-46.68l283.99 371.278z\" \/><\/svg><span class=\"mec-social-title\">Twitter<\/span><\/a><\/li><li class=\"mec-event-social-icon\"><a class=\"linkedin\" href=\"https:\/\/www.linkedin.com\/shareArticle?mini=true&amp;url=https%3A%2F%2Fagendaculturalriodejaneiro.com%2Fen%2Fevents%2Fwanderson-lemos-show-raiz-de-baoba%2F\" onclick=\"javascript:window.open(this.href, &apos;&apos;, &apos;menubar=no,toolbar=no,resizable=yes,scrollbars=yes,height=600,width=500&apos;); return false;\" target=\"_blank\" title=\"Linkedin\"><i class=\"mec-fa-linkedin\"><\/i><span class=\"mec-social-title\">Linkedin<\/span><\/a><\/li><li class=\"mec-event-social-icon\"><a class=\"email\" href=\"mailto:?subject=Wanderson%20Lemos%20-%20Show%20Raiz%20de%20Baob%C3%A1&amp;body=https%3A%2F%2Fagendaculturalriodejaneiro.com%2Fen%2Fevents%2Fwanderson-lemos-show-raiz-de-baoba%2F\" title=\"Email\"><i class=\"mec-fa-envelope\"><\/i><span class=\"mec-social-title\">Email<\/span><\/a><\/li>                        <\/ul>\r\n                    <\/li>\r\n                <\/ul>\r\n                                                <a class=\"mec-booking-button\" data-event-id=\"51410\" href=\"https:\/\/agendaculturalriodejaneiro.com\/en\/events\/wanderson-lemos-show-raiz-de-baoba\/\" target=\"_self\" rel=\"noopener\">Ver Detalhes<\/a>            <\/div>\r\n        <\/article><\/div><\/div>        <div class=\"row\"><div class=\"col-md-4 col-sm-4\"><article class=\" mec-event-article mec-clear  \">                                <div class=\"mec-event-image\"><a data-event-id=\"52859\" href=\"https:\/\/agendaculturalriodejaneiro.com\/en\/events\/samba-da-volta-e-samba-de-caboclo-no-circo-voador\/\" target=\"_self\" rel=\"noopener\"><img loading=\"lazy\" decoding=\"async\" width=\"200\" height=\"300\" src=\"https:\/\/agendaculturalriodejaneiro.com\/wp-content\/uploads\/2026\/08\/a72b19_b571e8ceade442c5b52e641fff50c0f5mv2-200x300.jpg\" class=\"attachment-medium size-medium wp-post-image\" alt=\"\" data-mec-postid=\"52859\" \/><\/a><\/div>\r\n                        <div class=\"mec-event-content\">\r\n                                    <div class=\"mec-event-date mec-bg-color\">\r\n                        <span class=\"mec-start-date-label\">05 September 2026<\/span>                                                                    <\/div>\r\n                                                                <h4 class=\"mec-event-title\"><a class=\"mec-color-hover\" data-event-id=\"52859\" href=\"https:\/\/agendaculturalriodejaneiro.com\/en\/events\/samba-da-volta-e-samba-de-caboclo-no-circo-voador\/\" target=\"_self\" rel=\"noopener\">Samba da Volta e Samba de Caboclo no Circo Voador<\/a><\/h4>\r\n                                <p class=\"mec-grid-event-location\">Circo Voador, R. dos Arcos, s\/n - Jardim Iracema, Rio de Janeiro - RJ, 20230-060, Brasil<\/p>\r\n                                                                            <\/div>\r\n            <div class=\"mec-event-footer\">\r\n                                <ul class=\"mec-event-sharing-wrap\">\r\n                    <li class=\"mec-event-share\">\r\n                        <a href=\"#\" class=\"mec-event-share-icon\">\r\n                            <i class=\"mec-sl-share\" title=\"Share\"><\/i>\r\n                        <\/a>\r\n                    <\/li>\r\n                    <li>\r\n                        <ul class=\"mec-event-sharing\">\r\n                            <li class=\"mec-event-social-icon\"><a class=\"facebook\" href=\"https:\/\/www.facebook.com\/sharer\/sharer.php?u=https%3A%2F%2Fagendaculturalriodejaneiro.com%2Fen%2Fevents%2Fsamba-da-volta-e-samba-de-caboclo-no-circo-voador%2F\" onclick=\"javascript:window.open(this.href, &apos;&apos;, &apos;menubar=no,toolbar=no,resizable=yes,scrollbars=yes,height=500,width=600&apos;); return false;\" target=\"_blank\" title=\"Share on Facebook\"><i class=\"mec-fa-facebook\"><\/i><span class=\"mec-social-title\">Facebook<\/span><\/a><\/li><li class=\"mec-event-social-icon\"><a class=\"twitter\" href=\"https:\/\/x.com\/intent\/tweet?url=https%3A%2F%2Fagendaculturalriodejaneiro.com%2Fen%2Fevents%2Fsamba-da-volta-e-samba-de-caboclo-no-circo-voador%2F\" onclick=\"javascript:window.open(this.href, &apos;&apos;, &apos;menubar=no,toolbar=no,resizable=yes,scrollbars=yes,height=600,width=500&apos;); return false;\" target=\"_blank\" title=\"X Social Network\"><svg xmlns=\"http:\/\/www.w3.org\/2000\/svg\" viewbox=\"0 0 512 462.799\"><path d=\"M403.229 0h78.506L310.219 196.04 512 462.799H354.002L230.261 301.007 88.669 462.799h-78.56l183.455-209.683L0 0h161.999l111.856 147.88L403.229 0zm-27.556 415.805h43.505L138.363 44.527h-46.68l283.99 371.278z\" \/><\/svg><span class=\"mec-social-title\">Twitter<\/span><\/a><\/li><li class=\"mec-event-social-icon\"><a class=\"linkedin\" href=\"https:\/\/www.linkedin.com\/shareArticle?mini=true&amp;url=https%3A%2F%2Fagendaculturalriodejaneiro.com%2Fen%2Fevents%2Fsamba-da-volta-e-samba-de-caboclo-no-circo-voador%2F\" onclick=\"javascript:window.open(this.href, &apos;&apos;, &apos;menubar=no,toolbar=no,resizable=yes,scrollbars=yes,height=600,width=500&apos;); return false;\" target=\"_blank\" title=\"Linkedin\"><i class=\"mec-fa-linkedin\"><\/i><span class=\"mec-social-title\">Linkedin<\/span><\/a><\/li><li class=\"mec-event-social-icon\"><a class=\"email\" href=\"mailto:?subject=Samba%20da%20Volta%20e%20Samba%20de%20Caboclo%20no%20Circo%20Voador&amp;body=https%3A%2F%2Fagendaculturalriodejaneiro.com%2Fen%2Fevents%2Fsamba-da-volta-e-samba-de-caboclo-no-circo-voador%2F\" title=\"Email\"><i class=\"mec-fa-envelope\"><\/i><span class=\"mec-social-title\">Email<\/span><\/a><\/li>                        <\/ul>\r\n                    <\/li>\r\n                <\/ul>\r\n                                                <a class=\"mec-booking-button\" data-event-id=\"52859\" href=\"https:\/\/agendaculturalriodejaneiro.com\/en\/events\/samba-da-volta-e-samba-de-caboclo-no-circo-voador\/\" target=\"_self\" rel=\"noopener\">Ver Detalhes<\/a>            <\/div>\r\n        <\/article><\/div>        <div class=\"col-md-4 col-sm-4\"><article class=\" mec-event-article mec-clear  \">                                <div class=\"mec-event-image\"><a data-event-id=\"52693\" href=\"https:\/\/agendaculturalriodejaneiro.com\/en\/events\/espetaculo-que-homenageia-noel-rosa-retorna-aos-palcos-do-rio-de-janeiro\/\" target=\"_self\" rel=\"noopener\"><img loading=\"lazy\" decoding=\"async\" width=\"240\" height=\"300\" src=\"https:\/\/agendaculturalriodejaneiro.com\/wp-content\/uploads\/2026\/08\/eee337d1-2390-4502-97ca-ec94783b71f5-240x300.jpeg\" class=\"attachment-medium size-medium wp-post-image\" alt=\"\" data-mec-postid=\"52693\" \/><\/a><\/div>\r\n                        <div class=\"mec-event-content\">\r\n                                    <div class=\"mec-event-date mec-bg-color\">\r\n                        <span class=\"mec-start-date-label\">05 September 2026<\/span>                                                                    <\/div>\r\n                                                                <h4 class=\"mec-event-title\"><a class=\"mec-color-hover\" data-event-id=\"52693\" href=\"https:\/\/agendaculturalriodejaneiro.com\/en\/events\/espetaculo-que-homenageia-noel-rosa-retorna-aos-palcos-do-rio-de-janeiro\/\" target=\"_self\" rel=\"noopener\">Espet\u00e1culo que homenageia Noel Rosa retorna aos palcos do Rio de Janeiro<\/a><\/h4>\r\n                                <p class=\"mec-grid-event-location\">Teatro Brigitte Blair, R. Miguel Lemos, 51 - h - Copacabana, Rio de Janeiro - RJ, 22071-000, Brasil<\/p>\r\n                                                                            <\/div>\r\n            <div class=\"mec-event-footer\">\r\n                                <ul class=\"mec-event-sharing-wrap\">\r\n                    <li class=\"mec-event-share\">\r\n                        <a href=\"#\" class=\"mec-event-share-icon\">\r\n                            <i class=\"mec-sl-share\" title=\"Share\"><\/i>\r\n                        <\/a>\r\n                    <\/li>\r\n                    <li>\r\n                        <ul class=\"mec-event-sharing\">\r\n                            <li class=\"mec-event-social-icon\"><a class=\"facebook\" href=\"https:\/\/www.facebook.com\/sharer\/sharer.php?u=https%3A%2F%2Fagendaculturalriodejaneiro.com%2Fen%2Fevents%2Fespetaculo-que-homenageia-noel-rosa-retorna-aos-palcos-do-rio-de-janeiro%2F\" onclick=\"javascript:window.open(this.href, &apos;&apos;, &apos;menubar=no,toolbar=no,resizable=yes,scrollbars=yes,height=500,width=600&apos;); return false;\" target=\"_blank\" title=\"Share on Facebook\"><i class=\"mec-fa-facebook\"><\/i><span class=\"mec-social-title\">Facebook<\/span><\/a><\/li><li class=\"mec-event-social-icon\"><a class=\"twitter\" href=\"https:\/\/x.com\/intent\/tweet?url=https%3A%2F%2Fagendaculturalriodejaneiro.com%2Fen%2Fevents%2Fespetaculo-que-homenageia-noel-rosa-retorna-aos-palcos-do-rio-de-janeiro%2F\" onclick=\"javascript:window.open(this.href, &apos;&apos;, &apos;menubar=no,toolbar=no,resizable=yes,scrollbars=yes,height=600,width=500&apos;); return false;\" target=\"_blank\" title=\"X Social Network\"><svg xmlns=\"http:\/\/www.w3.org\/2000\/svg\" viewbox=\"0 0 512 462.799\"><path d=\"M403.229 0h78.506L310.219 196.04 512 462.799H354.002L230.261 301.007 88.669 462.799h-78.56l183.455-209.683L0 0h161.999l111.856 147.88L403.229 0zm-27.556 415.805h43.505L138.363 44.527h-46.68l283.99 371.278z\" \/><\/svg><span class=\"mec-social-title\">Twitter<\/span><\/a><\/li><li class=\"mec-event-social-icon\"><a class=\"linkedin\" href=\"https:\/\/www.linkedin.com\/shareArticle?mini=true&amp;url=https%3A%2F%2Fagendaculturalriodejaneiro.com%2Fen%2Fevents%2Fespetaculo-que-homenageia-noel-rosa-retorna-aos-palcos-do-rio-de-janeiro%2F\" onclick=\"javascript:window.open(this.href, &apos;&apos;, &apos;menubar=no,toolbar=no,resizable=yes,scrollbars=yes,height=600,width=500&apos;); return false;\" target=\"_blank\" title=\"Linkedin\"><i class=\"mec-fa-linkedin\"><\/i><span class=\"mec-social-title\">Linkedin<\/span><\/a><\/li><li class=\"mec-event-social-icon\"><a class=\"email\" href=\"mailto:?subject=Espet%C3%A1culo%20que%20homenageia%20Noel%20Rosa%20retorna%20aos%20palcos%20do%20Rio%20de%20Janeiro&amp;body=https%3A%2F%2Fagendaculturalriodejaneiro.com%2Fen%2Fevents%2Fespetaculo-que-homenageia-noel-rosa-retorna-aos-palcos-do-rio-de-janeiro%2F\" title=\"Email\"><i class=\"mec-fa-envelope\"><\/i><span class=\"mec-social-title\">Email<\/span><\/a><\/li>                        <\/ul>\r\n                    <\/li>\r\n                <\/ul>\r\n                                                <a class=\"mec-booking-button\" data-event-id=\"52693\" href=\"https:\/\/agendaculturalriodejaneiro.com\/en\/events\/espetaculo-que-homenageia-noel-rosa-retorna-aos-palcos-do-rio-de-janeiro\/\" target=\"_self\" rel=\"noopener\">Ver Detalhes<\/a>            <\/div>\r\n        <\/article><\/div>        <div class=\"col-md-4 col-sm-4\"><article class=\" mec-event-article mec-clear  \">                                <div class=\"mec-event-image\"><a data-event-id=\"52508\" href=\"https:\/\/agendaculturalriodejaneiro.com\/en\/events\/per1g0-alt0-tesa0\/\" target=\"_self\" rel=\"noopener\"><img loading=\"lazy\" decoding=\"async\" width=\"300\" height=\"159\" src=\"https:\/\/agendaculturalriodejaneiro.com\/wp-content\/uploads\/2026\/07\/Captura-de-ecra-2026-07-28-141243-300x159.jpg\" class=\"attachment-medium size-medium wp-post-image\" alt=\"\" data-mec-postid=\"52508\" \/><\/a><\/div>\r\n                        <div class=\"mec-event-content\">\r\n                                    <div class=\"mec-event-date mec-bg-color\">\r\n                        <span class=\"mec-start-date-label\">05 - 06 September 2026<\/span>                                                                    <\/div>\r\n                                                                <h4 class=\"mec-event-title\"><a class=\"mec-color-hover\" data-event-id=\"52508\" href=\"https:\/\/agendaculturalriodejaneiro.com\/en\/events\/per1g0-alt0-tesa0\/\" target=\"_self\" rel=\"noopener\">Per1g0 Alt0 Tes\u00e30<\/a><\/h4>\r\n                                <p class=\"mec-grid-event-location\">Local secreto em Sa\u00fade, Rio de Janeiro - RJ, Brasil<\/p>\r\n                                                                            <\/div>\r\n            <div class=\"mec-event-footer\">\r\n                                <ul class=\"mec-event-sharing-wrap\">\r\n                    <li class=\"mec-event-share\">\r\n                        <a href=\"#\" class=\"mec-event-share-icon\">\r\n                            <i class=\"mec-sl-share\" title=\"Share\"><\/i>\r\n                        <\/a>\r\n                    <\/li>\r\n                    <li>\r\n                        <ul class=\"mec-event-sharing\">\r\n                            <li class=\"mec-event-social-icon\"><a class=\"facebook\" href=\"https:\/\/www.facebook.com\/sharer\/sharer.php?u=https%3A%2F%2Fagendaculturalriodejaneiro.com%2Fen%2Fevents%2Fper1g0-alt0-tesa0%2F\" onclick=\"javascript:window.open(this.href, &apos;&apos;, &apos;menubar=no,toolbar=no,resizable=yes,scrollbars=yes,height=500,width=600&apos;); return false;\" target=\"_blank\" title=\"Share on Facebook\"><i class=\"mec-fa-facebook\"><\/i><span class=\"mec-social-title\">Facebook<\/span><\/a><\/li><li class=\"mec-event-social-icon\"><a class=\"twitter\" href=\"https:\/\/x.com\/intent\/tweet?url=https%3A%2F%2Fagendaculturalriodejaneiro.com%2Fen%2Fevents%2Fper1g0-alt0-tesa0%2F\" onclick=\"javascript:window.open(this.href, &apos;&apos;, &apos;menubar=no,toolbar=no,resizable=yes,scrollbars=yes,height=600,width=500&apos;); return false;\" target=\"_blank\" title=\"X Social Network\"><svg xmlns=\"http:\/\/www.w3.org\/2000\/svg\" viewbox=\"0 0 512 462.799\"><path d=\"M403.229 0h78.506L310.219 196.04 512 462.799H354.002L230.261 301.007 88.669 462.799h-78.56l183.455-209.683L0 0h161.999l111.856 147.88L403.229 0zm-27.556 415.805h43.505L138.363 44.527h-46.68l283.99 371.278z\" \/><\/svg><span class=\"mec-social-title\">Twitter<\/span><\/a><\/li><li class=\"mec-event-social-icon\"><a class=\"linkedin\" href=\"https:\/\/www.linkedin.com\/shareArticle?mini=true&amp;url=https%3A%2F%2Fagendaculturalriodejaneiro.com%2Fen%2Fevents%2Fper1g0-alt0-tesa0%2F\" onclick=\"javascript:window.open(this.href, &apos;&apos;, &apos;menubar=no,toolbar=no,resizable=yes,scrollbars=yes,height=600,width=500&apos;); return false;\" target=\"_blank\" title=\"Linkedin\"><i class=\"mec-fa-linkedin\"><\/i><span class=\"mec-social-title\">Linkedin<\/span><\/a><\/li><li class=\"mec-event-social-icon\"><a class=\"email\" href=\"mailto:?subject=Per1g0%20Alt0%20Tes%C3%A30&amp;body=https%3A%2F%2Fagendaculturalriodejaneiro.com%2Fen%2Fevents%2Fper1g0-alt0-tesa0%2F\" title=\"Email\"><i class=\"mec-fa-envelope\"><\/i><span class=\"mec-social-title\">Email<\/span><\/a><\/li>                        <\/ul>\r\n                    <\/li>\r\n                <\/ul>\r\n                                                <a class=\"mec-booking-button\" data-event-id=\"52508\" href=\"https:\/\/agendaculturalriodejaneiro.com\/en\/events\/per1g0-alt0-tesa0\/\" target=\"_self\" rel=\"noopener\">Ver Detalhes<\/a>            <\/div>\r\n        <\/article><\/div><\/div>                <div class=\"row\"><div class=\"col-md-4 col-sm-4\"><article class=\" mec-event-article mec-clear  \">                                <div class=\"mec-event-image\"><a data-event-id=\"53058\" href=\"https:\/\/agendaculturalriodejaneiro.com\/en\/events\/feira-de-vinil-gira-musica-faz-nova-edicao-em-lugar-inedito-no-catete-rj-domingo-06-09\/\" target=\"_self\" rel=\"noopener\"><img loading=\"lazy\" decoding=\"async\" width=\"300\" height=\"169\" src=\"https:\/\/agendaculturalriodejaneiro.com\/wp-content\/uploads\/2026\/08\/Feira-Gira-Musica_Credito-Bruno-EduardoRock-On-Board-300x169.jpg\" class=\"attachment-medium size-medium wp-post-image\" alt=\"\" data-mec-postid=\"53058\" \/><\/a><\/div>\r\n                        <div class=\"mec-event-content\">\r\n                                    <div class=\"mec-event-date mec-bg-color\">\r\n                        <span class=\"mec-start-date-label\">06 September 2026<\/span>                                                                    <\/div>\r\n                                                                <h4 class=\"mec-event-title\"><a class=\"mec-color-hover\" data-event-id=\"53058\" href=\"https:\/\/agendaculturalriodejaneiro.com\/en\/events\/feira-de-vinil-gira-musica-faz-nova-edicao-em-lugar-inedito-no-catete-rj-domingo-06-09\/\" target=\"_self\" rel=\"noopener\">Feira de Vinil &#8220;Gira M\u00fasica&#8221; faz nova edi\u00e7\u00e3o em lugar in\u00e9dito no Catete (RJ) : Domingo, 06\/09<\/a><\/h4>\r\n                                <p class=\"mec-grid-event-location\"><\/p>\r\n                                                                            <\/div>\r\n            <div class=\"mec-event-footer\">\r\n                                <ul class=\"mec-event-sharing-wrap\">\r\n                    <li class=\"mec-event-share\">\r\n                        <a href=\"#\" class=\"mec-event-share-icon\">\r\n                            <i class=\"mec-sl-share\" title=\"Share\"><\/i>\r\n                        <\/a>\r\n                    <\/li>\r\n                    <li>\r\n                        <ul class=\"mec-event-sharing\">\r\n                            <li class=\"mec-event-social-icon\"><a class=\"facebook\" href=\"https:\/\/www.facebook.com\/sharer\/sharer.php?u=https%3A%2F%2Fagendaculturalriodejaneiro.com%2Fen%2Fevents%2Ffeira-de-vinil-gira-musica-faz-nova-edicao-em-lugar-inedito-no-catete-rj-domingo-06-09%2F\" onclick=\"javascript:window.open(this.href, &apos;&apos;, &apos;menubar=no,toolbar=no,resizable=yes,scrollbars=yes,height=500,width=600&apos;); return false;\" target=\"_blank\" title=\"Share on Facebook\"><i class=\"mec-fa-facebook\"><\/i><span class=\"mec-social-title\">Facebook<\/span><\/a><\/li><li class=\"mec-event-social-icon\"><a class=\"twitter\" href=\"https:\/\/x.com\/intent\/tweet?url=https%3A%2F%2Fagendaculturalriodejaneiro.com%2Fen%2Fevents%2Ffeira-de-vinil-gira-musica-faz-nova-edicao-em-lugar-inedito-no-catete-rj-domingo-06-09%2F\" onclick=\"javascript:window.open(this.href, &apos;&apos;, &apos;menubar=no,toolbar=no,resizable=yes,scrollbars=yes,height=600,width=500&apos;); return false;\" target=\"_blank\" title=\"X Social Network\"><svg xmlns=\"http:\/\/www.w3.org\/2000\/svg\" viewbox=\"0 0 512 462.799\"><path d=\"M403.229 0h78.506L310.219 196.04 512 462.799H354.002L230.261 301.007 88.669 462.799h-78.56l183.455-209.683L0 0h161.999l111.856 147.88L403.229 0zm-27.556 415.805h43.505L138.363 44.527h-46.68l283.99 371.278z\" \/><\/svg><span class=\"mec-social-title\">Twitter<\/span><\/a><\/li><li class=\"mec-event-social-icon\"><a class=\"linkedin\" href=\"https:\/\/www.linkedin.com\/shareArticle?mini=true&amp;url=https%3A%2F%2Fagendaculturalriodejaneiro.com%2Fen%2Fevents%2Ffeira-de-vinil-gira-musica-faz-nova-edicao-em-lugar-inedito-no-catete-rj-domingo-06-09%2F\" onclick=\"javascript:window.open(this.href, &apos;&apos;, &apos;menubar=no,toolbar=no,resizable=yes,scrollbars=yes,height=600,width=500&apos;); return false;\" target=\"_blank\" title=\"Linkedin\"><i class=\"mec-fa-linkedin\"><\/i><span class=\"mec-social-title\">Linkedin<\/span><\/a><\/li><li class=\"mec-event-social-icon\"><a class=\"email\" href=\"mailto:?subject=Feira%20de%20Vinil%20%2526%238220%3BGira%20M%C3%BAsica%E2%80%99%E2%80%99%20faz%20nova%20edi%C3%A7%C3%A3o%20em%20lugar%20in%C3%A9dito%20no%20Catete%20%28RJ%29%20%3A%20Domingo%2C%2006%2F09&amp;body=https%3A%2F%2Fagendaculturalriodejaneiro.com%2Fen%2Fevents%2Ffeira-de-vinil-gira-musica-faz-nova-edicao-em-lugar-inedito-no-catete-rj-domingo-06-09%2F\" title=\"Email\"><i class=\"mec-fa-envelope\"><\/i><span class=\"mec-social-title\">Email<\/span><\/a><\/li>                        <\/ul>\r\n                    <\/li>\r\n                <\/ul>\r\n                                                <a class=\"mec-booking-button\" data-event-id=\"53058\" href=\"https:\/\/agendaculturalriodejaneiro.com\/en\/events\/feira-de-vinil-gira-musica-faz-nova-edicao-em-lugar-inedito-no-catete-rj-domingo-06-09\/\" target=\"_self\" rel=\"noopener\">Ver Detalhes<\/a>            <\/div>\r\n        <\/article><\/div>                <div class=\"col-md-4 col-sm-4\"><article class=\" mec-event-article mec-clear  \">                                <div class=\"mec-event-image\"><a data-event-id=\"53069\" href=\"https:\/\/agendaculturalriodejaneiro.com\/en\/events\/festival-de-arte-do-terreo\/\" target=\"_self\" rel=\"noopener\"><img loading=\"lazy\" decoding=\"async\" width=\"296\" height=\"300\" src=\"https:\/\/agendaculturalriodejaneiro.com\/wp-content\/uploads\/2026\/08\/Luiz-Aquila_A-pintura-e-o-titulo-tambem-perdido-2023.-Acrilica-s-tela.-140-x-140-cm-296x300.jpg\" class=\"attachment-medium size-medium wp-post-image\" alt=\"\" data-mec-postid=\"53069\" \/><\/a><\/div>\r\n                        <div class=\"mec-event-content\">\r\n                                    <div class=\"mec-event-date mec-bg-color\">\r\n                        <span class=\"mec-start-date-label\">10 September 2026<\/span><span class=\"mec-end-date-label\" itemprop=\"endDate\"> - 17 October 2026<\/span>                                                                    <\/div>\r\n                                                                <h4 class=\"mec-event-title\"><a class=\"mec-color-hover\" data-event-id=\"53069\" href=\"https:\/\/agendaculturalriodejaneiro.com\/en\/events\/festival-de-arte-do-terreo\/\" target=\"_self\" rel=\"noopener\">Festival de Arte do T\u00e9rreo<\/a><\/h4>\r\n                                <p class=\"mec-grid-event-location\">Centro Cultural Correios RJ, R. Visc. de Itabora\u00ed, 20 - Centro, Rio de Janeiro - RJ, 20010-976, Brasil<\/p>\r\n                                                                            <\/div>\r\n            <div class=\"mec-event-footer\">\r\n                                <ul class=\"mec-event-sharing-wrap\">\r\n                    <li class=\"mec-event-share\">\r\n                        <a href=\"#\" class=\"mec-event-share-icon\">\r\n                            <i class=\"mec-sl-share\" title=\"Share\"><\/i>\r\n                        <\/a>\r\n                    <\/li>\r\n                    <li>\r\n                        <ul class=\"mec-event-sharing\">\r\n                            <li class=\"mec-event-social-icon\"><a class=\"facebook\" href=\"https:\/\/www.facebook.com\/sharer\/sharer.php?u=https%3A%2F%2Fagendaculturalriodejaneiro.com%2Fen%2Fevents%2Ffestival-de-arte-do-terreo%2F\" onclick=\"javascript:window.open(this.href, &apos;&apos;, &apos;menubar=no,toolbar=no,resizable=yes,scrollbars=yes,height=500,width=600&apos;); return false;\" target=\"_blank\" title=\"Share on Facebook\"><i class=\"mec-fa-facebook\"><\/i><span class=\"mec-social-title\">Facebook<\/span><\/a><\/li><li class=\"mec-event-social-icon\"><a class=\"twitter\" href=\"https:\/\/x.com\/intent\/tweet?url=https%3A%2F%2Fagendaculturalriodejaneiro.com%2Fen%2Fevents%2Ffestival-de-arte-do-terreo%2F\" onclick=\"javascript:window.open(this.href, &apos;&apos;, &apos;menubar=no,toolbar=no,resizable=yes,scrollbars=yes,height=600,width=500&apos;); return false;\" target=\"_blank\" title=\"X Social Network\"><svg xmlns=\"http:\/\/www.w3.org\/2000\/svg\" viewbox=\"0 0 512 462.799\"><path d=\"M403.229 0h78.506L310.219 196.04 512 462.799H354.002L230.261 301.007 88.669 462.799h-78.56l183.455-209.683L0 0h161.999l111.856 147.88L403.229 0zm-27.556 415.805h43.505L138.363 44.527h-46.68l283.99 371.278z\" \/><\/svg><span class=\"mec-social-title\">Twitter<\/span><\/a><\/li><li class=\"mec-event-social-icon\"><a class=\"linkedin\" href=\"https:\/\/www.linkedin.com\/shareArticle?mini=true&amp;url=https%3A%2F%2Fagendaculturalriodejaneiro.com%2Fen%2Fevents%2Ffestival-de-arte-do-terreo%2F\" onclick=\"javascript:window.open(this.href, &apos;&apos;, &apos;menubar=no,toolbar=no,resizable=yes,scrollbars=yes,height=600,width=500&apos;); return false;\" target=\"_blank\" title=\"Linkedin\"><i class=\"mec-fa-linkedin\"><\/i><span class=\"mec-social-title\">Linkedin<\/span><\/a><\/li><li class=\"mec-event-social-icon\"><a class=\"email\" href=\"mailto:?subject=Festival%20de%20Arte%20do%20T%C3%A9rreo&amp;body=https%3A%2F%2Fagendaculturalriodejaneiro.com%2Fen%2Fevents%2Ffestival-de-arte-do-terreo%2F\" title=\"Email\"><i class=\"mec-fa-envelope\"><\/i><span class=\"mec-social-title\">Email<\/span><\/a><\/li>                        <\/ul>\r\n                    <\/li>\r\n                <\/ul>\r\n                                                <a class=\"mec-booking-button\" data-event-id=\"53069\" href=\"https:\/\/agendaculturalriodejaneiro.com\/en\/events\/festival-de-arte-do-terreo\/\" target=\"_self\" rel=\"noopener\">Ver Detalhes<\/a>            <\/div>\r\n        <\/article><\/div>                <div class=\"col-md-4 col-sm-4\"><article class=\"mec-past-event mec-event-article mec-clear  \">                                <div class=\"mec-event-image\"><a data-event-id=\"51672\" href=\"https:\/\/agendaculturalriodejaneiro.com\/en\/events\/candlelight-coldplay-vs-ed-sheeran-2\/\" target=\"_self\" rel=\"noopener\"><img loading=\"lazy\" decoding=\"async\" width=\"300\" height=\"217\" src=\"https:\/\/agendaculturalriodejaneiro.com\/wp-content\/uploads\/2026\/06\/dc7d1b48-148c-11f0-b520-be12cc90078e-300x217.jpg\" class=\"attachment-medium size-medium wp-post-image\" alt=\"\" data-mec-postid=\"51672\" \/><\/a><\/div>\r\n                        <div class=\"mec-event-content\">\r\n                                    <div class=\"mec-event-date mec-bg-color\">\r\n                        <span class=\"mec-start-date-label\">11 September 2026<\/span>                                                                    <\/div>\r\n                                                                <h4 class=\"mec-event-title\"><a class=\"mec-color-hover\" data-event-id=\"51672\" href=\"https:\/\/agendaculturalriodejaneiro.com\/en\/events\/candlelight-coldplay-vs-ed-sheeran-2\/\" target=\"_self\" rel=\"noopener\">Candlelight: Coldplay vs Ed Sheeran<\/a><\/h4>\r\n                                <p class=\"mec-grid-event-location\">Solar de Botafogo, Rio de Janeiro<\/p>\r\n                                                                            <\/div>\r\n            <div class=\"mec-event-footer\">\r\n                                <ul class=\"mec-event-sharing-wrap\">\r\n                    <li class=\"mec-event-share\">\r\n                        <a href=\"#\" class=\"mec-event-share-icon\">\r\n                            <i class=\"mec-sl-share\" title=\"Share\"><\/i>\r\n                        <\/a>\r\n                    <\/li>\r\n                    <li>\r\n                        <ul class=\"mec-event-sharing\">\r\n                            <li class=\"mec-event-social-icon\"><a class=\"facebook\" href=\"https:\/\/www.facebook.com\/sharer\/sharer.php?u=https%3A%2F%2Fagendaculturalriodejaneiro.com%2Fen%2Fevents%2Fcandlelight-coldplay-vs-ed-sheeran-2%2F\" onclick=\"javascript:window.open(this.href, &apos;&apos;, &apos;menubar=no,toolbar=no,resizable=yes,scrollbars=yes,height=500,width=600&apos;); return false;\" target=\"_blank\" title=\"Share on Facebook\"><i class=\"mec-fa-facebook\"><\/i><span class=\"mec-social-title\">Facebook<\/span><\/a><\/li><li class=\"mec-event-social-icon\"><a class=\"twitter\" href=\"https:\/\/x.com\/intent\/tweet?url=https%3A%2F%2Fagendaculturalriodejaneiro.com%2Fen%2Fevents%2Fcandlelight-coldplay-vs-ed-sheeran-2%2F\" onclick=\"javascript:window.open(this.href, &apos;&apos;, &apos;menubar=no,toolbar=no,resizable=yes,scrollbars=yes,height=600,width=500&apos;); return false;\" target=\"_blank\" title=\"X Social Network\"><svg xmlns=\"http:\/\/www.w3.org\/2000\/svg\" viewbox=\"0 0 512 462.799\"><path d=\"M403.229 0h78.506L310.219 196.04 512 462.799H354.002L230.261 301.007 88.669 462.799h-78.56l183.455-209.683L0 0h161.999l111.856 147.88L403.229 0zm-27.556 415.805h43.505L138.363 44.527h-46.68l283.99 371.278z\" \/><\/svg><span class=\"mec-social-title\">Twitter<\/span><\/a><\/li><li class=\"mec-event-social-icon\"><a class=\"linkedin\" href=\"https:\/\/www.linkedin.com\/shareArticle?mini=true&amp;url=https%3A%2F%2Fagendaculturalriodejaneiro.com%2Fen%2Fevents%2Fcandlelight-coldplay-vs-ed-sheeran-2%2F\" onclick=\"javascript:window.open(this.href, &apos;&apos;, &apos;menubar=no,toolbar=no,resizable=yes,scrollbars=yes,height=600,width=500&apos;); return false;\" target=\"_blank\" title=\"Linkedin\"><i class=\"mec-fa-linkedin\"><\/i><span class=\"mec-social-title\">Linkedin<\/span><\/a><\/li><li class=\"mec-event-social-icon\"><a class=\"email\" href=\"mailto:?subject=Candlelight%3A%20Coldplay%20vs%20Ed%20Sheeran&amp;body=https%3A%2F%2Fagendaculturalriodejaneiro.com%2Fen%2Fevents%2Fcandlelight-coldplay-vs-ed-sheeran-2%2F\" title=\"Email\"><i class=\"mec-fa-envelope\"><\/i><span class=\"mec-social-title\">Email<\/span><\/a><\/li>                        <\/ul>\r\n                    <\/li>\r\n                <\/ul>\r\n                                                <a class=\"mec-booking-button\" data-event-id=\"51672\" href=\"https:\/\/agendaculturalriodejaneiro.com\/en\/events\/candlelight-coldplay-vs-ed-sheeran-2\/\" target=\"_self\" rel=\"noopener\">Ver Detalhes<\/a>            <\/div>\r\n        <\/article><\/div><\/div>        <div class=\"row\"><div class=\"col-md-4 col-sm-4\"><article class=\" mec-event-article mec-clear  \">                                <div class=\"mec-event-image\"><a data-event-id=\"52522\" href=\"https:\/\/agendaculturalriodejaneiro.com\/en\/events\/teddy-in-rio\/\" target=\"_self\" rel=\"noopener\"><img loading=\"lazy\" decoding=\"async\" width=\"300\" height=\"169\" src=\"https:\/\/agendaculturalriodejaneiro.com\/wp-content\/uploads\/2026\/07\/TEDDY-IN-RIO-26-SHOT_1_rs4mk3-300x169.png\" class=\"attachment-medium size-medium wp-post-image\" alt=\"\" data-mec-postid=\"52522\" \/><\/a><\/div>\r\n                        <div class=\"mec-event-content\">\r\n                                    <div class=\"mec-event-date mec-bg-color\">\r\n                        <span class=\"mec-start-date-label\">11 - 12 September 2026<\/span>                                                                    <\/div>\r\n                                                                <h4 class=\"mec-event-title\"><a class=\"mec-color-hover\" data-event-id=\"52522\" href=\"https:\/\/agendaculturalriodejaneiro.com\/en\/events\/teddy-in-rio\/\" target=\"_self\" rel=\"noopener\">Teddy In Rio<\/a><\/h4>\r\n                                <p class=\"mec-grid-event-location\">Cais da Imperatriz, Rua Sacadura Cabral, 145 - Sa\u00fade, Rio de Janeiro - RJ, 20081-261, Brasil<\/p>\r\n                                                                            <\/div>\r\n            <div class=\"mec-event-footer\">\r\n                                <ul class=\"mec-event-sharing-wrap\">\r\n                    <li class=\"mec-event-share\">\r\n                        <a href=\"#\" class=\"mec-event-share-icon\">\r\n                            <i class=\"mec-sl-share\" title=\"Share\"><\/i>\r\n                        <\/a>\r\n                    <\/li>\r\n                    <li>\r\n                        <ul class=\"mec-event-sharing\">\r\n                            <li class=\"mec-event-social-icon\"><a class=\"facebook\" href=\"https:\/\/www.facebook.com\/sharer\/sharer.php?u=https%3A%2F%2Fagendaculturalriodejaneiro.com%2Fen%2Fevents%2Fteddy-in-rio%2F\" onclick=\"javascript:window.open(this.href, &apos;&apos;, &apos;menubar=no,toolbar=no,resizable=yes,scrollbars=yes,height=500,width=600&apos;); return false;\" target=\"_blank\" title=\"Share on Facebook\"><i class=\"mec-fa-facebook\"><\/i><span class=\"mec-social-title\">Facebook<\/span><\/a><\/li><li class=\"mec-event-social-icon\"><a class=\"twitter\" href=\"https:\/\/x.com\/intent\/tweet?url=https%3A%2F%2Fagendaculturalriodejaneiro.com%2Fen%2Fevents%2Fteddy-in-rio%2F\" onclick=\"javascript:window.open(this.href, &apos;&apos;, &apos;menubar=no,toolbar=no,resizable=yes,scrollbars=yes,height=600,width=500&apos;); return false;\" target=\"_blank\" title=\"X Social Network\"><svg xmlns=\"http:\/\/www.w3.org\/2000\/svg\" viewbox=\"0 0 512 462.799\"><path d=\"M403.229 0h78.506L310.219 196.04 512 462.799H354.002L230.261 301.007 88.669 462.799h-78.56l183.455-209.683L0 0h161.999l111.856 147.88L403.229 0zm-27.556 415.805h43.505L138.363 44.527h-46.68l283.99 371.278z\" \/><\/svg><span class=\"mec-social-title\">Twitter<\/span><\/a><\/li><li class=\"mec-event-social-icon\"><a class=\"linkedin\" href=\"https:\/\/www.linkedin.com\/shareArticle?mini=true&amp;url=https%3A%2F%2Fagendaculturalriodejaneiro.com%2Fen%2Fevents%2Fteddy-in-rio%2F\" onclick=\"javascript:window.open(this.href, &apos;&apos;, &apos;menubar=no,toolbar=no,resizable=yes,scrollbars=yes,height=600,width=500&apos;); return false;\" target=\"_blank\" title=\"Linkedin\"><i class=\"mec-fa-linkedin\"><\/i><span class=\"mec-social-title\">Linkedin<\/span><\/a><\/li><li class=\"mec-event-social-icon\"><a class=\"email\" href=\"mailto:?subject=Teddy%20In%20Rio&amp;body=https%3A%2F%2Fagendaculturalriodejaneiro.com%2Fen%2Fevents%2Fteddy-in-rio%2F\" title=\"Email\"><i class=\"mec-fa-envelope\"><\/i><span class=\"mec-social-title\">Email<\/span><\/a><\/li>                        <\/ul>\r\n                    <\/li>\r\n                <\/ul>\r\n                                                <a class=\"mec-booking-button\" data-event-id=\"52522\" href=\"https:\/\/agendaculturalriodejaneiro.com\/en\/events\/teddy-in-rio\/\" target=\"_self\" rel=\"noopener\">Ver Detalhes<\/a>            <\/div>\r\n        <\/article><\/div>                <div class=\"col-md-4 col-sm-4\"><article class=\" mec-event-article mec-clear  \">                                <div class=\"mec-event-image\"><a data-event-id=\"49952\" href=\"https:\/\/agendaculturalriodejaneiro.com\/en\/events\/top-10-da-galinha-pintadinha-em-setembro-no-teatro-miguel-falabella\/\" target=\"_self\" rel=\"noopener\"><img loading=\"lazy\" decoding=\"async\" width=\"300\" height=\"169\" src=\"https:\/\/agendaculturalriodejaneiro.com\/wp-content\/uploads\/2026\/05\/TOP-10-DA-GALINHA-PINTADINHA-Em-Setembro-no-TEATRO-MIGUEL-FALABELLA-1-300x169.jpg\" class=\"attachment-medium size-medium wp-post-image\" alt=\"\u201cTOP 10 DA GALINHA PINTADINHA\u201d Em Setembro no TEATRO MIGUEL FALABELLA\" data-mec-postid=\"49952\" \/><\/a><\/div>\r\n                        <div class=\"mec-event-content\">\r\n                                    <div class=\"mec-event-date mec-bg-color\">\r\n                        <span class=\"mec-start-date-label\">12 September 2026<\/span>                                                                    <\/div>\r\n                                                                <h4 class=\"mec-event-title\"><a class=\"mec-color-hover\" data-event-id=\"49952\" href=\"https:\/\/agendaculturalriodejaneiro.com\/en\/events\/top-10-da-galinha-pintadinha-em-setembro-no-teatro-miguel-falabella\/\" target=\"_self\" rel=\"noopener\">\u201cTOP 10 DA GALINHA PINTADINHA\u201d Em Setembro no TEATRO MIGUEL FALABELLA<\/a><\/h4>\r\n                                <p class=\"mec-grid-event-location\">Teatro Miguel Falabella, Norte Shopping - Av. Dom H\u00e9lder C\u00e2mara, 5474, Rio de Janeiro - Rio de Janeiro<\/p>\r\n                                                                            <\/div>\r\n            <div class=\"mec-event-footer\">\r\n                                <ul class=\"mec-event-sharing-wrap\">\r\n                    <li class=\"mec-event-share\">\r\n                        <a href=\"#\" class=\"mec-event-share-icon\">\r\n                            <i class=\"mec-sl-share\" title=\"Share\"><\/i>\r\n                        <\/a>\r\n                    <\/li>\r\n                    <li>\r\n                        <ul class=\"mec-event-sharing\">\r\n                            <li class=\"mec-event-social-icon\"><a class=\"facebook\" href=\"https:\/\/www.facebook.com\/sharer\/sharer.php?u=https%3A%2F%2Fagendaculturalriodejaneiro.com%2Fen%2Fevents%2Ftop-10-da-galinha-pintadinha-em-setembro-no-teatro-miguel-falabella%2F\" onclick=\"javascript:window.open(this.href, &apos;&apos;, &apos;menubar=no,toolbar=no,resizable=yes,scrollbars=yes,height=500,width=600&apos;); return false;\" target=\"_blank\" title=\"Share on Facebook\"><i class=\"mec-fa-facebook\"><\/i><span class=\"mec-social-title\">Facebook<\/span><\/a><\/li><li class=\"mec-event-social-icon\"><a class=\"twitter\" href=\"https:\/\/x.com\/intent\/tweet?url=https%3A%2F%2Fagendaculturalriodejaneiro.com%2Fen%2Fevents%2Ftop-10-da-galinha-pintadinha-em-setembro-no-teatro-miguel-falabella%2F\" onclick=\"javascript:window.open(this.href, &apos;&apos;, &apos;menubar=no,toolbar=no,resizable=yes,scrollbars=yes,height=600,width=500&apos;); return false;\" target=\"_blank\" title=\"X Social Network\"><svg xmlns=\"http:\/\/www.w3.org\/2000\/svg\" viewbox=\"0 0 512 462.799\"><path d=\"M403.229 0h78.506L310.219 196.04 512 462.799H354.002L230.261 301.007 88.669 462.799h-78.56l183.455-209.683L0 0h161.999l111.856 147.88L403.229 0zm-27.556 415.805h43.505L138.363 44.527h-46.68l283.99 371.278z\" \/><\/svg><span class=\"mec-social-title\">Twitter<\/span><\/a><\/li><li class=\"mec-event-social-icon\"><a class=\"linkedin\" href=\"https:\/\/www.linkedin.com\/shareArticle?mini=true&amp;url=https%3A%2F%2Fagendaculturalriodejaneiro.com%2Fen%2Fevents%2Ftop-10-da-galinha-pintadinha-em-setembro-no-teatro-miguel-falabella%2F\" onclick=\"javascript:window.open(this.href, &apos;&apos;, &apos;menubar=no,toolbar=no,resizable=yes,scrollbars=yes,height=600,width=500&apos;); return false;\" target=\"_blank\" title=\"Linkedin\"><i class=\"mec-fa-linkedin\"><\/i><span class=\"mec-social-title\">Linkedin<\/span><\/a><\/li><li class=\"mec-event-social-icon\"><a class=\"email\" href=\"mailto:?subject=%E2%80%9CTOP%2010%20DA%20GALINHA%20PINTADINHA%E2%80%9D%20Em%20Setembro%20no%20TEATRO%20MIGUEL%20FALABELLA&amp;body=https%3A%2F%2Fagendaculturalriodejaneiro.com%2Fen%2Fevents%2Ftop-10-da-galinha-pintadinha-em-setembro-no-teatro-miguel-falabella%2F\" title=\"Email\"><i class=\"mec-fa-envelope\"><\/i><span class=\"mec-social-title\">Email<\/span><\/a><\/li>                        <\/ul>\r\n                    <\/li>\r\n                <\/ul>\r\n                                                <a class=\"mec-booking-button\" data-event-id=\"49952\" href=\"https:\/\/agendaculturalriodejaneiro.com\/en\/events\/top-10-da-galinha-pintadinha-em-setembro-no-teatro-miguel-falabella\/\" target=\"_self\" rel=\"noopener\">Ver Detalhes<\/a>            <\/div>\r\n        <\/article><\/div>        <div class=\"col-md-4 col-sm-4\"><article class=\" mec-event-article mec-clear  \">                                <div class=\"mec-event-image\"><a data-event-id=\"50957\" href=\"https:\/\/agendaculturalriodejaneiro.com\/en\/events\/ballet-of-lights-reinventa-a-bela-adormecida-com-figurinos-luminosos-no-fashion-mall\/\" target=\"_self\" rel=\"noopener\"><img loading=\"lazy\" decoding=\"async\" width=\"300\" height=\"217\" src=\"https:\/\/agendaculturalriodejaneiro.com\/wp-content\/uploads\/2026\/06\/a59ba4c6-06b4-11f1-b8a1-6ef6b6b3db9a-300x217.jpg\" class=\"attachment-medium size-medium wp-post-image\" alt=\"\" data-mec-postid=\"50957\" \/><\/a><\/div>\r\n                        <div class=\"mec-event-content\">\r\n                                    <div class=\"mec-event-date mec-bg-color\">\r\n                        <span class=\"mec-start-date-label\">12 September 2026<\/span>                                                                    <\/div>\r\n                                                                <h4 class=\"mec-event-title\"><a class=\"mec-color-hover\" data-event-id=\"50957\" href=\"https:\/\/agendaculturalriodejaneiro.com\/en\/events\/ballet-of-lights-reinventa-a-bela-adormecida-com-figurinos-luminosos-no-fashion-mall\/\" target=\"_self\" rel=\"noopener\">Ballet of Lights reinventa A Bela Adormecida com figurinos luminosos no Fashion Mall<\/a><\/h4>\r\n                                <p class=\"mec-grid-event-location\">Teatro Fashion Mall, Estr. da G\u00e1vea, 899 - S\u00e3o Conrado, Rio de Janeiro - RJ, 22610-001, Brasil<\/p>\r\n                                                                            <\/div>\r\n            <div class=\"mec-event-footer\">\r\n                                <ul class=\"mec-event-sharing-wrap\">\r\n                    <li class=\"mec-event-share\">\r\n                        <a href=\"#\" class=\"mec-event-share-icon\">\r\n                            <i class=\"mec-sl-share\" title=\"Share\"><\/i>\r\n                        <\/a>\r\n                    <\/li>\r\n                    <li>\r\n                        <ul class=\"mec-event-sharing\">\r\n                            <li class=\"mec-event-social-icon\"><a class=\"facebook\" href=\"https:\/\/www.facebook.com\/sharer\/sharer.php?u=https%3A%2F%2Fagendaculturalriodejaneiro.com%2Fen%2Fevents%2Fballet-of-lights-reinventa-a-bela-adormecida-com-figurinos-luminosos-no-fashion-mall%2F\" onclick=\"javascript:window.open(this.href, &apos;&apos;, &apos;menubar=no,toolbar=no,resizable=yes,scrollbars=yes,height=500,width=600&apos;); return false;\" target=\"_blank\" title=\"Share on Facebook\"><i class=\"mec-fa-facebook\"><\/i><span class=\"mec-social-title\">Facebook<\/span><\/a><\/li><li class=\"mec-event-social-icon\"><a class=\"twitter\" href=\"https:\/\/x.com\/intent\/tweet?url=https%3A%2F%2Fagendaculturalriodejaneiro.com%2Fen%2Fevents%2Fballet-of-lights-reinventa-a-bela-adormecida-com-figurinos-luminosos-no-fashion-mall%2F\" onclick=\"javascript:window.open(this.href, &apos;&apos;, &apos;menubar=no,toolbar=no,resizable=yes,scrollbars=yes,height=600,width=500&apos;); return false;\" target=\"_blank\" title=\"X Social Network\"><svg xmlns=\"http:\/\/www.w3.org\/2000\/svg\" viewbox=\"0 0 512 462.799\"><path d=\"M403.229 0h78.506L310.219 196.04 512 462.799H354.002L230.261 301.007 88.669 462.799h-78.56l183.455-209.683L0 0h161.999l111.856 147.88L403.229 0zm-27.556 415.805h43.505L138.363 44.527h-46.68l283.99 371.278z\" \/><\/svg><span class=\"mec-social-title\">Twitter<\/span><\/a><\/li><li class=\"mec-event-social-icon\"><a class=\"linkedin\" href=\"https:\/\/www.linkedin.com\/shareArticle?mini=true&amp;url=https%3A%2F%2Fagendaculturalriodejaneiro.com%2Fen%2Fevents%2Fballet-of-lights-reinventa-a-bela-adormecida-com-figurinos-luminosos-no-fashion-mall%2F\" onclick=\"javascript:window.open(this.href, &apos;&apos;, &apos;menubar=no,toolbar=no,resizable=yes,scrollbars=yes,height=600,width=500&apos;); return false;\" target=\"_blank\" title=\"Linkedin\"><i class=\"mec-fa-linkedin\"><\/i><span class=\"mec-social-title\">Linkedin<\/span><\/a><\/li><li class=\"mec-event-social-icon\"><a class=\"email\" href=\"mailto:?subject=Ballet%20of%20Lights%20reinventa%20A%20Bela%20Adormecida%20com%20figurinos%20luminosos%20no%20Fashion%20Mall&amp;body=https%3A%2F%2Fagendaculturalriodejaneiro.com%2Fen%2Fevents%2Fballet-of-lights-reinventa-a-bela-adormecida-com-figurinos-luminosos-no-fashion-mall%2F\" title=\"Email\"><i class=\"mec-fa-envelope\"><\/i><span class=\"mec-social-title\">Email<\/span><\/a><\/li>                        <\/ul>\r\n                    <\/li>\r\n                <\/ul>\r\n                                                <a class=\"mec-booking-button\" data-event-id=\"50957\" href=\"https:\/\/agendaculturalriodejaneiro.com\/en\/events\/ballet-of-lights-reinventa-a-bela-adormecida-com-figurinos-luminosos-no-fashion-mall\/\" target=\"_self\" rel=\"noopener\">Ver Detalhes<\/a>            <\/div>\r\n        <\/article><\/div><\/div>        <div class=\"row\"><div class=\"col-md-4 col-sm-4\"><article class=\" mec-event-article mec-clear  \">                                <div class=\"mec-event-image\"><a data-event-id=\"51368\" href=\"https:\/\/agendaculturalriodejaneiro.com\/en\/events\/abacaxepa-10-anos-antes-que-voce-se-esqueca\/\" target=\"_self\" rel=\"noopener\"><img loading=\"lazy\" decoding=\"async\" width=\"300\" height=\"300\" src=\"https:\/\/agendaculturalriodejaneiro.com\/wp-content\/uploads\/2026\/06\/9-12-26-Abacaxepa-10-anos-ROUANET-feed-720x720-300x300.jpg\" class=\"attachment-medium size-medium wp-post-image\" alt=\"\" data-mec-postid=\"51368\" \/><\/a><\/div>\r\n                        <div class=\"mec-event-content\">\r\n                                    <div class=\"mec-event-date mec-bg-color\">\r\n                        <span class=\"mec-start-date-label\">12 September 2026<\/span>                                                                    <\/div>\r\n                                                                <h4 class=\"mec-event-title\"><a class=\"mec-color-hover\" data-event-id=\"51368\" href=\"https:\/\/agendaculturalriodejaneiro.com\/en\/events\/abacaxepa-10-anos-antes-que-voce-se-esqueca\/\" target=\"_self\" rel=\"noopener\">Abacaxepa &#8211; 10 anos &#8211; Antes que voc\u00ea se esque\u00e7a<\/a><\/h4>\r\n                                <p class=\"mec-grid-event-location\">Teatro Rival Petrobras, Rua \u00c1lvaro Alvim ,33 - Subsolo, Rio de Janeiro - Rio de Janeiro<\/p>\r\n                                                                            <\/div>\r\n            <div class=\"mec-event-footer\">\r\n                                <ul class=\"mec-event-sharing-wrap\">\r\n                    <li class=\"mec-event-share\">\r\n                        <a href=\"#\" class=\"mec-event-share-icon\">\r\n                            <i class=\"mec-sl-share\" title=\"Share\"><\/i>\r\n                        <\/a>\r\n                    <\/li>\r\n                    <li>\r\n                        <ul class=\"mec-event-sharing\">\r\n                            <li class=\"mec-event-social-icon\"><a class=\"facebook\" href=\"https:\/\/www.facebook.com\/sharer\/sharer.php?u=https%3A%2F%2Fagendaculturalriodejaneiro.com%2Fen%2Fevents%2Fabacaxepa-10-anos-antes-que-voce-se-esqueca%2F\" onclick=\"javascript:window.open(this.href, &apos;&apos;, &apos;menubar=no,toolbar=no,resizable=yes,scrollbars=yes,height=500,width=600&apos;); return false;\" target=\"_blank\" title=\"Share on Facebook\"><i class=\"mec-fa-facebook\"><\/i><span class=\"mec-social-title\">Facebook<\/span><\/a><\/li><li class=\"mec-event-social-icon\"><a class=\"twitter\" href=\"https:\/\/x.com\/intent\/tweet?url=https%3A%2F%2Fagendaculturalriodejaneiro.com%2Fen%2Fevents%2Fabacaxepa-10-anos-antes-que-voce-se-esqueca%2F\" onclick=\"javascript:window.open(this.href, &apos;&apos;, &apos;menubar=no,toolbar=no,resizable=yes,scrollbars=yes,height=600,width=500&apos;); return false;\" target=\"_blank\" title=\"X Social Network\"><svg xmlns=\"http:\/\/www.w3.org\/2000\/svg\" viewbox=\"0 0 512 462.799\"><path d=\"M403.229 0h78.506L310.219 196.04 512 462.799H354.002L230.261 301.007 88.669 462.799h-78.56l183.455-209.683L0 0h161.999l111.856 147.88L403.229 0zm-27.556 415.805h43.505L138.363 44.527h-46.68l283.99 371.278z\" \/><\/svg><span class=\"mec-social-title\">Twitter<\/span><\/a><\/li><li class=\"mec-event-social-icon\"><a class=\"linkedin\" href=\"https:\/\/www.linkedin.com\/shareArticle?mini=true&amp;url=https%3A%2F%2Fagendaculturalriodejaneiro.com%2Fen%2Fevents%2Fabacaxepa-10-anos-antes-que-voce-se-esqueca%2F\" onclick=\"javascript:window.open(this.href, &apos;&apos;, &apos;menubar=no,toolbar=no,resizable=yes,scrollbars=yes,height=600,width=500&apos;); return false;\" target=\"_blank\" title=\"Linkedin\"><i class=\"mec-fa-linkedin\"><\/i><span class=\"mec-social-title\">Linkedin<\/span><\/a><\/li><li class=\"mec-event-social-icon\"><a class=\"email\" href=\"mailto:?subject=Abacaxepa%20-%2010%20anos%20-%20Antes%20que%20voc%C3%AA%20se%20esque%C3%A7a&amp;body=https%3A%2F%2Fagendaculturalriodejaneiro.com%2Fen%2Fevents%2Fabacaxepa-10-anos-antes-que-voce-se-esqueca%2F\" title=\"Email\"><i class=\"mec-fa-envelope\"><\/i><span class=\"mec-social-title\">Email<\/span><\/a><\/li>                        <\/ul>\r\n                    <\/li>\r\n                <\/ul>\r\n                                                <a class=\"mec-booking-button\" data-event-id=\"51368\" href=\"https:\/\/agendaculturalriodejaneiro.com\/en\/events\/abacaxepa-10-anos-antes-que-voce-se-esqueca\/\" target=\"_self\" rel=\"noopener\">Ver Detalhes<\/a>            <\/div>\r\n        <\/article><\/div>        <div class=\"col-md-4 col-sm-4\"><article class=\" mec-event-article mec-clear  \">                                <div class=\"mec-event-image\"><a data-event-id=\"51686\" href=\"https:\/\/agendaculturalriodejaneiro.com\/en\/events\/candlelight-disney-cancoes-de-amor\/\" target=\"_self\" rel=\"noopener\"><img loading=\"lazy\" decoding=\"async\" width=\"300\" height=\"217\" src=\"https:\/\/agendaculturalriodejaneiro.com\/wp-content\/uploads\/2026\/06\/597f8688-6010-11f1-9b0c-6e13b0f648a3-300x217.jpg\" class=\"attachment-medium size-medium wp-post-image\" alt=\"\" data-mec-postid=\"51686\" \/><\/a><\/div>\r\n                        <div class=\"mec-event-content\">\r\n                                    <div class=\"mec-event-date mec-bg-color\">\r\n                        <span class=\"mec-start-date-label\">12 September 2026<\/span>                                                                    <\/div>\r\n                                                                <h4 class=\"mec-event-title\"><a class=\"mec-color-hover\" data-event-id=\"51686\" href=\"https:\/\/agendaculturalriodejaneiro.com\/en\/events\/candlelight-disney-cancoes-de-amor\/\" target=\"_self\" rel=\"noopener\">Candlelight: Disney Can\u00e7\u00f5es de Amor<\/a><\/h4>\r\n                                <p class=\"mec-grid-event-location\">Museu do Amanh\u00e3, Pra\u00e7a Mau\u00e1, 1 - Centro, Rio de Janeiro - RJ, 20081-240, Brasil<\/p>\r\n                                                                            <\/div>\r\n            <div class=\"mec-event-footer\">\r\n                                <ul class=\"mec-event-sharing-wrap\">\r\n                    <li class=\"mec-event-share\">\r\n                        <a href=\"#\" class=\"mec-event-share-icon\">\r\n                            <i class=\"mec-sl-share\" title=\"Share\"><\/i>\r\n                        <\/a>\r\n                    <\/li>\r\n                    <li>\r\n                        <ul class=\"mec-event-sharing\">\r\n                            <li class=\"mec-event-social-icon\"><a class=\"facebook\" href=\"https:\/\/www.facebook.com\/sharer\/sharer.php?u=https%3A%2F%2Fagendaculturalriodejaneiro.com%2Fen%2Fevents%2Fcandlelight-disney-cancoes-de-amor%2F\" onclick=\"javascript:window.open(this.href, &apos;&apos;, &apos;menubar=no,toolbar=no,resizable=yes,scrollbars=yes,height=500,width=600&apos;); return false;\" target=\"_blank\" title=\"Share on Facebook\"><i class=\"mec-fa-facebook\"><\/i><span class=\"mec-social-title\">Facebook<\/span><\/a><\/li><li class=\"mec-event-social-icon\"><a class=\"twitter\" href=\"https:\/\/x.com\/intent\/tweet?url=https%3A%2F%2Fagendaculturalriodejaneiro.com%2Fen%2Fevents%2Fcandlelight-disney-cancoes-de-amor%2F\" onclick=\"javascript:window.open(this.href, &apos;&apos;, &apos;menubar=no,toolbar=no,resizable=yes,scrollbars=yes,height=600,width=500&apos;); return false;\" target=\"_blank\" title=\"X Social Network\"><svg xmlns=\"http:\/\/www.w3.org\/2000\/svg\" viewbox=\"0 0 512 462.799\"><path d=\"M403.229 0h78.506L310.219 196.04 512 462.799H354.002L230.261 301.007 88.669 462.799h-78.56l183.455-209.683L0 0h161.999l111.856 147.88L403.229 0zm-27.556 415.805h43.505L138.363 44.527h-46.68l283.99 371.278z\" \/><\/svg><span class=\"mec-social-title\">Twitter<\/span><\/a><\/li><li class=\"mec-event-social-icon\"><a class=\"linkedin\" href=\"https:\/\/www.linkedin.com\/shareArticle?mini=true&amp;url=https%3A%2F%2Fagendaculturalriodejaneiro.com%2Fen%2Fevents%2Fcandlelight-disney-cancoes-de-amor%2F\" onclick=\"javascript:window.open(this.href, &apos;&apos;, &apos;menubar=no,toolbar=no,resizable=yes,scrollbars=yes,height=600,width=500&apos;); return false;\" target=\"_blank\" title=\"Linkedin\"><i class=\"mec-fa-linkedin\"><\/i><span class=\"mec-social-title\">Linkedin<\/span><\/a><\/li><li class=\"mec-event-social-icon\"><a class=\"email\" href=\"mailto:?subject=Candlelight%3A%20Disney%20Can%C3%A7%C3%B5es%20de%20Amor&amp;body=https%3A%2F%2Fagendaculturalriodejaneiro.com%2Fen%2Fevents%2Fcandlelight-disney-cancoes-de-amor%2F\" title=\"Email\"><i class=\"mec-fa-envelope\"><\/i><span class=\"mec-social-title\">Email<\/span><\/a><\/li>                        <\/ul>\r\n                    <\/li>\r\n                <\/ul>\r\n                                                <a class=\"mec-booking-button\" data-event-id=\"51686\" href=\"https:\/\/agendaculturalriodejaneiro.com\/en\/events\/candlelight-disney-cancoes-de-amor\/\" target=\"_self\" rel=\"noopener\">Ver Detalhes<\/a>            <\/div>\r\n        <\/article><\/div>        <div class=\"col-md-4 col-sm-4\"><article class=\" mec-event-article mec-clear  \">                                <div class=\"mec-event-image\"><a data-event-id=\"51897\" href=\"https:\/\/agendaculturalriodejaneiro.com\/en\/events\/tasha-tracie-serena-venus-a-experiencia\/\" target=\"_self\" rel=\"noopener\"><img loading=\"lazy\" decoding=\"async\" width=\"300\" height=\"300\" src=\"https:\/\/agendaculturalriodejaneiro.com\/wp-content\/uploads\/2026\/07\/Tasha-Tracie.webp\" class=\"attachment-medium size-medium wp-post-image\" alt=\"Tasha &amp; Tracie - Serena &amp; V\u00eanus: A Experi\u00eancia\" data-mec-postid=\"51897\" \/><\/a><\/div>\r\n                        <div class=\"mec-event-content\">\r\n                                    <div class=\"mec-event-date mec-bg-color\">\r\n                        <span class=\"mec-start-date-label\">12 September 2026<\/span>                                                                    <\/div>\r\n                                                                <h4 class=\"mec-event-title\"><a class=\"mec-color-hover\" data-event-id=\"51897\" href=\"https:\/\/agendaculturalriodejaneiro.com\/en\/events\/tasha-tracie-serena-venus-a-experiencia\/\" target=\"_self\" rel=\"noopener\">Tasha &#038; Tracie &#8211; Serena &#038; V\u00eanus: A Experi\u00eancia<\/a><\/h4>\r\n                                <p class=\"mec-grid-event-location\">Circo Voador, R. dos Arcos, s\/n - Jardim Iracema, Rio de Janeiro - RJ, 20230-060, Brasil<\/p>\r\n                                                                            <\/div>\r\n            <div class=\"mec-event-footer\">\r\n                                <ul class=\"mec-event-sharing-wrap\">\r\n                    <li class=\"mec-event-share\">\r\n                        <a href=\"#\" class=\"mec-event-share-icon\">\r\n                            <i class=\"mec-sl-share\" title=\"Share\"><\/i>\r\n                        <\/a>\r\n                    <\/li>\r\n                    <li>\r\n                        <ul class=\"mec-event-sharing\">\r\n                            <li class=\"mec-event-social-icon\"><a class=\"facebook\" href=\"https:\/\/www.facebook.com\/sharer\/sharer.php?u=https%3A%2F%2Fagendaculturalriodejaneiro.com%2Fen%2Fevents%2Ftasha-tracie-serena-venus-a-experiencia%2F\" onclick=\"javascript:window.open(this.href, &apos;&apos;, &apos;menubar=no,toolbar=no,resizable=yes,scrollbars=yes,height=500,width=600&apos;); return false;\" target=\"_blank\" title=\"Share on Facebook\"><i class=\"mec-fa-facebook\"><\/i><span class=\"mec-social-title\">Facebook<\/span><\/a><\/li><li class=\"mec-event-social-icon\"><a class=\"twitter\" href=\"https:\/\/x.com\/intent\/tweet?url=https%3A%2F%2Fagendaculturalriodejaneiro.com%2Fen%2Fevents%2Ftasha-tracie-serena-venus-a-experiencia%2F\" onclick=\"javascript:window.open(this.href, &apos;&apos;, &apos;menubar=no,toolbar=no,resizable=yes,scrollbars=yes,height=600,width=500&apos;); return false;\" target=\"_blank\" title=\"X Social Network\"><svg xmlns=\"http:\/\/www.w3.org\/2000\/svg\" viewbox=\"0 0 512 462.799\"><path d=\"M403.229 0h78.506L310.219 196.04 512 462.799H354.002L230.261 301.007 88.669 462.799h-78.56l183.455-209.683L0 0h161.999l111.856 147.88L403.229 0zm-27.556 415.805h43.505L138.363 44.527h-46.68l283.99 371.278z\" \/><\/svg><span class=\"mec-social-title\">Twitter<\/span><\/a><\/li><li class=\"mec-event-social-icon\"><a class=\"linkedin\" href=\"https:\/\/www.linkedin.com\/shareArticle?mini=true&amp;url=https%3A%2F%2Fagendaculturalriodejaneiro.com%2Fen%2Fevents%2Ftasha-tracie-serena-venus-a-experiencia%2F\" onclick=\"javascript:window.open(this.href, &apos;&apos;, &apos;menubar=no,toolbar=no,resizable=yes,scrollbars=yes,height=600,width=500&apos;); return false;\" target=\"_blank\" title=\"Linkedin\"><i class=\"mec-fa-linkedin\"><\/i><span class=\"mec-social-title\">Linkedin<\/span><\/a><\/li><li class=\"mec-event-social-icon\"><a class=\"email\" href=\"mailto:?subject=Tasha%20%2526%20Tracie%20-%20Serena%20%2526%20V%C3%AAnus%3A%20A%20Experi%C3%AAncia&amp;body=https%3A%2F%2Fagendaculturalriodejaneiro.com%2Fen%2Fevents%2Ftasha-tracie-serena-venus-a-experiencia%2F\" title=\"Email\"><i class=\"mec-fa-envelope\"><\/i><span class=\"mec-social-title\">Email<\/span><\/a><\/li>                        <\/ul>\r\n                    <\/li>\r\n                <\/ul>\r\n                                                <a class=\"mec-booking-button\" data-event-id=\"51897\" href=\"https:\/\/agendaculturalriodejaneiro.com\/en\/events\/tasha-tracie-serena-venus-a-experiencia\/\" target=\"_self\" rel=\"noopener\">Ver Detalhes<\/a>            <\/div>\r\n        <\/article><\/div><\/div>        <div class=\"row\"><div class=\"col-md-4 col-sm-4\"><article class=\" mec-event-article mec-clear  \">                                <div class=\"mec-event-image\"><a data-event-id=\"52524\" href=\"https:\/\/agendaculturalriodejaneiro.com\/en\/events\/nubia-turne-sabores-2026-rj\/\" target=\"_self\" rel=\"noopener\"><img loading=\"lazy\" decoding=\"async\" width=\"300\" height=\"169\" src=\"https:\/\/agendaculturalriodejaneiro.com\/wp-content\/uploads\/2026\/07\/SHOTGUN-RIO_mpwcjh-300x169.jpg\" class=\"attachment-medium size-medium wp-post-image\" alt=\"\" data-mec-postid=\"52524\" \/><\/a><\/div>\r\n                        <div class=\"mec-event-content\">\r\n                                    <div class=\"mec-event-date mec-bg-color\">\r\n                        <span class=\"mec-start-date-label\">12 - 13 September 2026<\/span>                                                                    <\/div>\r\n                                                                <h4 class=\"mec-event-title\"><a class=\"mec-color-hover\" data-event-id=\"52524\" href=\"https:\/\/agendaculturalriodejaneiro.com\/en\/events\/nubia-turne-sabores-2026-rj\/\" target=\"_self\" rel=\"noopener\">N\u00fabia &#8211; Turn\u00ea Sabores 2026 &#8211; RJ<\/a><\/h4>\r\n                                <p class=\"mec-grid-event-location\">Casa Savana, Rua Camerino, 162 - Centro, Rio de Janeiro - RJ, 20080-011, Brasil<\/p>\r\n                                                                            <\/div>\r\n            <div class=\"mec-event-footer\">\r\n                                <ul class=\"mec-event-sharing-wrap\">\r\n                    <li class=\"mec-event-share\">\r\n                        <a href=\"#\" class=\"mec-event-share-icon\">\r\n                            <i class=\"mec-sl-share\" title=\"Share\"><\/i>\r\n                        <\/a>\r\n                    <\/li>\r\n                    <li>\r\n                        <ul class=\"mec-event-sharing\">\r\n                            <li class=\"mec-event-social-icon\"><a class=\"facebook\" href=\"https:\/\/www.facebook.com\/sharer\/sharer.php?u=https%3A%2F%2Fagendaculturalriodejaneiro.com%2Fen%2Fevents%2Fnubia-turne-sabores-2026-rj%2F\" onclick=\"javascript:window.open(this.href, &apos;&apos;, &apos;menubar=no,toolbar=no,resizable=yes,scrollbars=yes,height=500,width=600&apos;); return false;\" target=\"_blank\" title=\"Share on Facebook\"><i class=\"mec-fa-facebook\"><\/i><span class=\"mec-social-title\">Facebook<\/span><\/a><\/li><li class=\"mec-event-social-icon\"><a class=\"twitter\" href=\"https:\/\/x.com\/intent\/tweet?url=https%3A%2F%2Fagendaculturalriodejaneiro.com%2Fen%2Fevents%2Fnubia-turne-sabores-2026-rj%2F\" onclick=\"javascript:window.open(this.href, &apos;&apos;, &apos;menubar=no,toolbar=no,resizable=yes,scrollbars=yes,height=600,width=500&apos;); return false;\" target=\"_blank\" title=\"X Social Network\"><svg xmlns=\"http:\/\/www.w3.org\/2000\/svg\" viewbox=\"0 0 512 462.799\"><path d=\"M403.229 0h78.506L310.219 196.04 512 462.799H354.002L230.261 301.007 88.669 462.799h-78.56l183.455-209.683L0 0h161.999l111.856 147.88L403.229 0zm-27.556 415.805h43.505L138.363 44.527h-46.68l283.99 371.278z\" \/><\/svg><span class=\"mec-social-title\">Twitter<\/span><\/a><\/li><li class=\"mec-event-social-icon\"><a class=\"linkedin\" href=\"https:\/\/www.linkedin.com\/shareArticle?mini=true&amp;url=https%3A%2F%2Fagendaculturalriodejaneiro.com%2Fen%2Fevents%2Fnubia-turne-sabores-2026-rj%2F\" onclick=\"javascript:window.open(this.href, &apos;&apos;, &apos;menubar=no,toolbar=no,resizable=yes,scrollbars=yes,height=600,width=500&apos;); return false;\" target=\"_blank\" title=\"Linkedin\"><i class=\"mec-fa-linkedin\"><\/i><span class=\"mec-social-title\">Linkedin<\/span><\/a><\/li><li class=\"mec-event-social-icon\"><a class=\"email\" href=\"mailto:?subject=N%C3%BAbia%20-%20Turn%C3%AA%20Sabores%202026%20-%20RJ&amp;body=https%3A%2F%2Fagendaculturalriodejaneiro.com%2Fen%2Fevents%2Fnubia-turne-sabores-2026-rj%2F\" title=\"Email\"><i class=\"mec-fa-envelope\"><\/i><span class=\"mec-social-title\">Email<\/span><\/a><\/li>                        <\/ul>\r\n                    <\/li>\r\n                <\/ul>\r\n                                                <a class=\"mec-booking-button\" data-event-id=\"52524\" href=\"https:\/\/agendaculturalriodejaneiro.com\/en\/events\/nubia-turne-sabores-2026-rj\/\" target=\"_self\" rel=\"noopener\">Ver Detalhes<\/a>            <\/div>\r\n        <\/article><\/div>                <div class=\"col-md-4 col-sm-4\"><article class=\" mec-event-article mec-clear  \">                                <div class=\"mec-event-image\"><a data-event-id=\"50759\" href=\"https:\/\/agendaculturalriodejaneiro.com\/en\/events\/antdot-no-rock-in-rio-2026\/\" target=\"_self\" rel=\"noopener\"><img loading=\"lazy\" decoding=\"async\" width=\"300\" height=\"300\" src=\"https:\/\/agendaculturalriodejaneiro.com\/wp-content\/uploads\/2026\/06\/22354524.jpeg\" class=\"attachment-medium size-medium wp-post-image\" alt=\"\" data-mec-postid=\"50759\" \/><\/a><\/div>\r\n                        <div class=\"mec-event-content\">\r\n                                    <div class=\"mec-event-date mec-bg-color\">\r\n                        <span class=\"mec-start-date-label\">13 September 2026<\/span>                                                                    <\/div>\r\n                                                                <h4 class=\"mec-event-title\"><a class=\"mec-color-hover\" data-event-id=\"50759\" href=\"https:\/\/agendaculturalriodejaneiro.com\/en\/events\/antdot-no-rock-in-rio-2026\/\" target=\"_self\" rel=\"noopener\">Antdot no Rock in Rio 2026<\/a><\/h4>\r\n                                <p class=\"mec-grid-event-location\">Rock in Rio, Av. Salvador Allende, Rio de Janeiro<\/p>\r\n                                                                            <\/div>\r\n            <div class=\"mec-event-footer\">\r\n                                <ul class=\"mec-event-sharing-wrap\">\r\n                    <li class=\"mec-event-share\">\r\n                        <a href=\"#\" class=\"mec-event-share-icon\">\r\n                            <i class=\"mec-sl-share\" title=\"Share\"><\/i>\r\n                        <\/a>\r\n                    <\/li>\r\n                    <li>\r\n                        <ul class=\"mec-event-sharing\">\r\n                            <li class=\"mec-event-social-icon\"><a class=\"facebook\" href=\"https:\/\/www.facebook.com\/sharer\/sharer.php?u=https%3A%2F%2Fagendaculturalriodejaneiro.com%2Fen%2Fevents%2Fantdot-no-rock-in-rio-2026%2F\" onclick=\"javascript:window.open(this.href, &apos;&apos;, &apos;menubar=no,toolbar=no,resizable=yes,scrollbars=yes,height=500,width=600&apos;); return false;\" target=\"_blank\" title=\"Share on Facebook\"><i class=\"mec-fa-facebook\"><\/i><span class=\"mec-social-title\">Facebook<\/span><\/a><\/li><li class=\"mec-event-social-icon\"><a class=\"twitter\" href=\"https:\/\/x.com\/intent\/tweet?url=https%3A%2F%2Fagendaculturalriodejaneiro.com%2Fen%2Fevents%2Fantdot-no-rock-in-rio-2026%2F\" onclick=\"javascript:window.open(this.href, &apos;&apos;, &apos;menubar=no,toolbar=no,resizable=yes,scrollbars=yes,height=600,width=500&apos;); return false;\" target=\"_blank\" title=\"X Social Network\"><svg xmlns=\"http:\/\/www.w3.org\/2000\/svg\" viewbox=\"0 0 512 462.799\"><path d=\"M403.229 0h78.506L310.219 196.04 512 462.799H354.002L230.261 301.007 88.669 462.799h-78.56l183.455-209.683L0 0h161.999l111.856 147.88L403.229 0zm-27.556 415.805h43.505L138.363 44.527h-46.68l283.99 371.278z\" \/><\/svg><span class=\"mec-social-title\">Twitter<\/span><\/a><\/li><li class=\"mec-event-social-icon\"><a class=\"linkedin\" href=\"https:\/\/www.linkedin.com\/shareArticle?mini=true&amp;url=https%3A%2F%2Fagendaculturalriodejaneiro.com%2Fen%2Fevents%2Fantdot-no-rock-in-rio-2026%2F\" onclick=\"javascript:window.open(this.href, &apos;&apos;, &apos;menubar=no,toolbar=no,resizable=yes,scrollbars=yes,height=600,width=500&apos;); return false;\" target=\"_blank\" title=\"Linkedin\"><i class=\"mec-fa-linkedin\"><\/i><span class=\"mec-social-title\">Linkedin<\/span><\/a><\/li><li class=\"mec-event-social-icon\"><a class=\"email\" href=\"mailto:?subject=Antdot%20no%20Rock%20in%20Rio%202026&amp;body=https%3A%2F%2Fagendaculturalriodejaneiro.com%2Fen%2Fevents%2Fantdot-no-rock-in-rio-2026%2F\" title=\"Email\"><i class=\"mec-fa-envelope\"><\/i><span class=\"mec-social-title\">Email<\/span><\/a><\/li>                        <\/ul>\r\n                    <\/li>\r\n                <\/ul>\r\n                                                <a class=\"mec-booking-button\" data-event-id=\"50759\" href=\"https:\/\/agendaculturalriodejaneiro.com\/en\/events\/antdot-no-rock-in-rio-2026\/\" target=\"_self\" rel=\"noopener\">Ver Detalhes<\/a>            <\/div>\r\n        <\/article><\/div>        <div class=\"col-md-4 col-sm-4\"><article class=\" mec-event-article mec-clear  \">                                <div class=\"mec-event-image\"><a data-event-id=\"51686\" href=\"https:\/\/agendaculturalriodejaneiro.com\/en\/events\/candlelight-disney-cancoes-de-amor\/\" target=\"_self\" rel=\"noopener\"><img loading=\"lazy\" decoding=\"async\" width=\"300\" height=\"217\" src=\"https:\/\/agendaculturalriodejaneiro.com\/wp-content\/uploads\/2026\/06\/597f8688-6010-11f1-9b0c-6e13b0f648a3-300x217.jpg\" class=\"attachment-medium size-medium wp-post-image\" alt=\"\" data-mec-postid=\"51686\" \/><\/a><\/div>\r\n                        <div class=\"mec-event-content\">\r\n                                    <div class=\"mec-event-date mec-bg-color\">\r\n                        <span class=\"mec-start-date-label\">13 September 2026<\/span>                                                                    <\/div>\r\n                                                                <h4 class=\"mec-event-title\"><a class=\"mec-color-hover\" data-event-id=\"51686\" href=\"https:\/\/agendaculturalriodejaneiro.com\/en\/events\/candlelight-disney-cancoes-de-amor\/\" target=\"_self\" rel=\"noopener\">Candlelight: Disney Can\u00e7\u00f5es de Amor<\/a><\/h4>\r\n                                <p class=\"mec-grid-event-location\">Museu do Amanh\u00e3, Pra\u00e7a Mau\u00e1, 1 - Centro, Rio de Janeiro - RJ, 20081-240, Brasil<\/p>\r\n                                                                            <\/div>\r\n            <div class=\"mec-event-footer\">\r\n                                <ul class=\"mec-event-sharing-wrap\">\r\n                    <li class=\"mec-event-share\">\r\n                        <a href=\"#\" class=\"mec-event-share-icon\">\r\n                            <i class=\"mec-sl-share\" title=\"Share\"><\/i>\r\n                        <\/a>\r\n                    <\/li>\r\n                    <li>\r\n                        <ul class=\"mec-event-sharing\">\r\n                            <li class=\"mec-event-social-icon\"><a class=\"facebook\" href=\"https:\/\/www.facebook.com\/sharer\/sharer.php?u=https%3A%2F%2Fagendaculturalriodejaneiro.com%2Fen%2Fevents%2Fcandlelight-disney-cancoes-de-amor%2F\" onclick=\"javascript:window.open(this.href, &apos;&apos;, &apos;menubar=no,toolbar=no,resizable=yes,scrollbars=yes,height=500,width=600&apos;); return false;\" target=\"_blank\" title=\"Share on Facebook\"><i class=\"mec-fa-facebook\"><\/i><span class=\"mec-social-title\">Facebook<\/span><\/a><\/li><li class=\"mec-event-social-icon\"><a class=\"twitter\" href=\"https:\/\/x.com\/intent\/tweet?url=https%3A%2F%2Fagendaculturalriodejaneiro.com%2Fen%2Fevents%2Fcandlelight-disney-cancoes-de-amor%2F\" onclick=\"javascript:window.open(this.href, &apos;&apos;, &apos;menubar=no,toolbar=no,resizable=yes,scrollbars=yes,height=600,width=500&apos;); return false;\" target=\"_blank\" title=\"X Social Network\"><svg xmlns=\"http:\/\/www.w3.org\/2000\/svg\" viewbox=\"0 0 512 462.799\"><path d=\"M403.229 0h78.506L310.219 196.04 512 462.799H354.002L230.261 301.007 88.669 462.799h-78.56l183.455-209.683L0 0h161.999l111.856 147.88L403.229 0zm-27.556 415.805h43.505L138.363 44.527h-46.68l283.99 371.278z\" \/><\/svg><span class=\"mec-social-title\">Twitter<\/span><\/a><\/li><li class=\"mec-event-social-icon\"><a class=\"linkedin\" href=\"https:\/\/www.linkedin.com\/shareArticle?mini=true&amp;url=https%3A%2F%2Fagendaculturalriodejaneiro.com%2Fen%2Fevents%2Fcandlelight-disney-cancoes-de-amor%2F\" onclick=\"javascript:window.open(this.href, &apos;&apos;, &apos;menubar=no,toolbar=no,resizable=yes,scrollbars=yes,height=600,width=500&apos;); return false;\" target=\"_blank\" title=\"Linkedin\"><i class=\"mec-fa-linkedin\"><\/i><span class=\"mec-social-title\">Linkedin<\/span><\/a><\/li><li class=\"mec-event-social-icon\"><a class=\"email\" href=\"mailto:?subject=Candlelight%3A%20Disney%20Can%C3%A7%C3%B5es%20de%20Amor&amp;body=https%3A%2F%2Fagendaculturalriodejaneiro.com%2Fen%2Fevents%2Fcandlelight-disney-cancoes-de-amor%2F\" title=\"Email\"><i class=\"mec-fa-envelope\"><\/i><span class=\"mec-social-title\">Email<\/span><\/a><\/li>                        <\/ul>\r\n                    <\/li>\r\n                <\/ul>\r\n                                                <a class=\"mec-booking-button\" data-event-id=\"51686\" href=\"https:\/\/agendaculturalriodejaneiro.com\/en\/events\/candlelight-disney-cancoes-de-amor\/\" target=\"_self\" rel=\"noopener\">Ver Detalhes<\/a>            <\/div>\r\n        <\/article><\/div><\/div>        <div class=\"row\"><div class=\"col-md-4 col-sm-4\"><article class=\" mec-event-article mec-clear  \">                                <div class=\"mec-event-image\"><a data-event-id=\"50757\" href=\"https:\/\/agendaculturalriodejaneiro.com\/en\/events\/bakka-br-no-rock-in-rio-2026\/\" target=\"_self\" rel=\"noopener\"><img loading=\"lazy\" decoding=\"async\" width=\"300\" height=\"300\" src=\"https:\/\/agendaculturalriodejaneiro.com\/wp-content\/uploads\/2026\/06\/21089383.jpeg\" class=\"attachment-medium size-medium wp-post-image\" alt=\"\" data-mec-postid=\"50757\" \/><\/a><\/div>\r\n                        <div class=\"mec-event-content\">\r\n                                    <div class=\"mec-event-date mec-bg-color\">\r\n                        <span class=\"mec-start-date-label\">13 September 2026<\/span>                                                                    <\/div>\r\n                                                                <h4 class=\"mec-event-title\"><a class=\"mec-color-hover\" data-event-id=\"50757\" href=\"https:\/\/agendaculturalriodejaneiro.com\/en\/events\/bakka-br-no-rock-in-rio-2026\/\" target=\"_self\" rel=\"noopener\">Bakka (BR) no Rock in Rio 2026<\/a><\/h4>\r\n                                <p class=\"mec-grid-event-location\">Rock in Rio, Av. Salvador Allende, Rio de Janeiro<\/p>\r\n                                                                            <\/div>\r\n            <div class=\"mec-event-footer\">\r\n                                <ul class=\"mec-event-sharing-wrap\">\r\n                    <li class=\"mec-event-share\">\r\n                        <a href=\"#\" class=\"mec-event-share-icon\">\r\n                            <i class=\"mec-sl-share\" title=\"Share\"><\/i>\r\n                        <\/a>\r\n                    <\/li>\r\n                    <li>\r\n                        <ul class=\"mec-event-sharing\">\r\n                            <li class=\"mec-event-social-icon\"><a class=\"facebook\" href=\"https:\/\/www.facebook.com\/sharer\/sharer.php?u=https%3A%2F%2Fagendaculturalriodejaneiro.com%2Fen%2Fevents%2Fbakka-br-no-rock-in-rio-2026%2F\" onclick=\"javascript:window.open(this.href, &apos;&apos;, &apos;menubar=no,toolbar=no,resizable=yes,scrollbars=yes,height=500,width=600&apos;); return false;\" target=\"_blank\" title=\"Share on Facebook\"><i class=\"mec-fa-facebook\"><\/i><span class=\"mec-social-title\">Facebook<\/span><\/a><\/li><li class=\"mec-event-social-icon\"><a class=\"twitter\" href=\"https:\/\/x.com\/intent\/tweet?url=https%3A%2F%2Fagendaculturalriodejaneiro.com%2Fen%2Fevents%2Fbakka-br-no-rock-in-rio-2026%2F\" onclick=\"javascript:window.open(this.href, &apos;&apos;, &apos;menubar=no,toolbar=no,resizable=yes,scrollbars=yes,height=600,width=500&apos;); return false;\" target=\"_blank\" title=\"X Social Network\"><svg xmlns=\"http:\/\/www.w3.org\/2000\/svg\" viewbox=\"0 0 512 462.799\"><path d=\"M403.229 0h78.506L310.219 196.04 512 462.799H354.002L230.261 301.007 88.669 462.799h-78.56l183.455-209.683L0 0h161.999l111.856 147.88L403.229 0zm-27.556 415.805h43.505L138.363 44.527h-46.68l283.99 371.278z\" \/><\/svg><span class=\"mec-social-title\">Twitter<\/span><\/a><\/li><li class=\"mec-event-social-icon\"><a class=\"linkedin\" href=\"https:\/\/www.linkedin.com\/shareArticle?mini=true&amp;url=https%3A%2F%2Fagendaculturalriodejaneiro.com%2Fen%2Fevents%2Fbakka-br-no-rock-in-rio-2026%2F\" onclick=\"javascript:window.open(this.href, &apos;&apos;, &apos;menubar=no,toolbar=no,resizable=yes,scrollbars=yes,height=600,width=500&apos;); return false;\" target=\"_blank\" title=\"Linkedin\"><i class=\"mec-fa-linkedin\"><\/i><span class=\"mec-social-title\">Linkedin<\/span><\/a><\/li><li class=\"mec-event-social-icon\"><a class=\"email\" href=\"mailto:?subject=Bakka%20%28BR%29%20no%20Rock%20in%20Rio%202026&amp;body=https%3A%2F%2Fagendaculturalriodejaneiro.com%2Fen%2Fevents%2Fbakka-br-no-rock-in-rio-2026%2F\" title=\"Email\"><i class=\"mec-fa-envelope\"><\/i><span class=\"mec-social-title\">Email<\/span><\/a><\/li>                        <\/ul>\r\n                    <\/li>\r\n                <\/ul>\r\n                                                <a class=\"mec-booking-button\" data-event-id=\"50757\" href=\"https:\/\/agendaculturalriodejaneiro.com\/en\/events\/bakka-br-no-rock-in-rio-2026\/\" target=\"_self\" rel=\"noopener\">Ver Detalhes<\/a>            <\/div>\r\n        <\/article><\/div>        <div class=\"col-md-4 col-sm-4\"><article class=\" mec-event-article mec-clear  \">                                <div class=\"mec-event-image\"><a data-event-id=\"50761\" href=\"https:\/\/agendaculturalriodejaneiro.com\/en\/events\/riascode-no-rock-in-rio-2026\/\" target=\"_self\" rel=\"noopener\"><img loading=\"lazy\" decoding=\"async\" width=\"300\" height=\"300\" src=\"https:\/\/agendaculturalriodejaneiro.com\/wp-content\/uploads\/2026\/06\/16508539.jpeg\" class=\"attachment-medium size-medium wp-post-image\" alt=\"\" data-mec-postid=\"50761\" \/><\/a><\/div>\r\n                        <div class=\"mec-event-content\">\r\n                                    <div class=\"mec-event-date mec-bg-color\">\r\n                        <span class=\"mec-start-date-label\">13 September 2026<\/span>                                                                    <\/div>\r\n                                                                <h4 class=\"mec-event-title\"><a class=\"mec-color-hover\" data-event-id=\"50761\" href=\"https:\/\/agendaculturalriodejaneiro.com\/en\/events\/riascode-no-rock-in-rio-2026\/\" target=\"_self\" rel=\"noopener\">Riascode no Rock in Rio 2026<\/a><\/h4>\r\n                                <p class=\"mec-grid-event-location\">Rock in Rio, Av. Salvador Allende, Rio de Janeiro<\/p>\r\n                                                                            <\/div>\r\n            <div class=\"mec-event-footer\">\r\n                                <ul class=\"mec-event-sharing-wrap\">\r\n                    <li class=\"mec-event-share\">\r\n                        <a href=\"#\" class=\"mec-event-share-icon\">\r\n                            <i class=\"mec-sl-share\" title=\"Share\"><\/i>\r\n                        <\/a>\r\n                    <\/li>\r\n                    <li>\r\n                        <ul class=\"mec-event-sharing\">\r\n                            <li class=\"mec-event-social-icon\"><a class=\"facebook\" href=\"https:\/\/www.facebook.com\/sharer\/sharer.php?u=https%3A%2F%2Fagendaculturalriodejaneiro.com%2Fen%2Fevents%2Friascode-no-rock-in-rio-2026%2F\" onclick=\"javascript:window.open(this.href, &apos;&apos;, &apos;menubar=no,toolbar=no,resizable=yes,scrollbars=yes,height=500,width=600&apos;); return false;\" target=\"_blank\" title=\"Share on Facebook\"><i class=\"mec-fa-facebook\"><\/i><span class=\"mec-social-title\">Facebook<\/span><\/a><\/li><li class=\"mec-event-social-icon\"><a class=\"twitter\" href=\"https:\/\/x.com\/intent\/tweet?url=https%3A%2F%2Fagendaculturalriodejaneiro.com%2Fen%2Fevents%2Friascode-no-rock-in-rio-2026%2F\" onclick=\"javascript:window.open(this.href, &apos;&apos;, &apos;menubar=no,toolbar=no,resizable=yes,scrollbars=yes,height=600,width=500&apos;); return false;\" target=\"_blank\" title=\"X Social Network\"><svg xmlns=\"http:\/\/www.w3.org\/2000\/svg\" viewbox=\"0 0 512 462.799\"><path d=\"M403.229 0h78.506L310.219 196.04 512 462.799H354.002L230.261 301.007 88.669 462.799h-78.56l183.455-209.683L0 0h161.999l111.856 147.88L403.229 0zm-27.556 415.805h43.505L138.363 44.527h-46.68l283.99 371.278z\" \/><\/svg><span class=\"mec-social-title\">Twitter<\/span><\/a><\/li><li class=\"mec-event-social-icon\"><a class=\"linkedin\" href=\"https:\/\/www.linkedin.com\/shareArticle?mini=true&amp;url=https%3A%2F%2Fagendaculturalriodejaneiro.com%2Fen%2Fevents%2Friascode-no-rock-in-rio-2026%2F\" onclick=\"javascript:window.open(this.href, &apos;&apos;, &apos;menubar=no,toolbar=no,resizable=yes,scrollbars=yes,height=600,width=500&apos;); return false;\" target=\"_blank\" title=\"Linkedin\"><i class=\"mec-fa-linkedin\"><\/i><span class=\"mec-social-title\">Linkedin<\/span><\/a><\/li><li class=\"mec-event-social-icon\"><a class=\"email\" href=\"mailto:?subject=Riascode%20no%20Rock%20in%20Rio%202026&amp;body=https%3A%2F%2Fagendaculturalriodejaneiro.com%2Fen%2Fevents%2Friascode-no-rock-in-rio-2026%2F\" title=\"Email\"><i class=\"mec-fa-envelope\"><\/i><span class=\"mec-social-title\">Email<\/span><\/a><\/li>                        <\/ul>\r\n                    <\/li>\r\n                <\/ul>\r\n                                                <a class=\"mec-booking-button\" data-event-id=\"50761\" href=\"https:\/\/agendaculturalriodejaneiro.com\/en\/events\/riascode-no-rock-in-rio-2026\/\" target=\"_self\" rel=\"noopener\">Ver Detalhes<\/a>            <\/div>\r\n        <\/article><\/div>                <div class=\"col-md-4 col-sm-4\"><article class=\" mec-event-article mec-clear  \">                                <div class=\"mec-event-image\"><a data-event-id=\"51629\" href=\"https:\/\/agendaculturalriodejaneiro.com\/en\/events\/candlelight-os-classicos-do-rock-2\/\" target=\"_self\" rel=\"noopener\"><img loading=\"lazy\" decoding=\"async\" width=\"300\" height=\"217\" src=\"https:\/\/agendaculturalriodejaneiro.com\/wp-content\/uploads\/2026\/06\/27185658-1aa1-11f0-a37d-f274ed878ee4-300x217.jpg\" class=\"attachment-medium size-medium wp-post-image\" alt=\"\" data-mec-postid=\"51629\" \/><\/a><\/div>\r\n                        <div class=\"mec-event-content\">\r\n                                    <div class=\"mec-event-date mec-bg-color\">\r\n                        <span class=\"mec-start-date-label\">19 September 2026<\/span>                                                                    <\/div>\r\n                                                                <h4 class=\"mec-event-title\"><a class=\"mec-color-hover\" data-event-id=\"51629\" href=\"https:\/\/agendaculturalriodejaneiro.com\/en\/events\/candlelight-os-classicos-do-rock-2\/\" target=\"_self\" rel=\"noopener\">Candlelight: Os Cl\u00e1ssicos do Rock ilumina o Rio de Janeiro com grandes hinos do rock<\/a><\/h4>\r\n                                <p class=\"mec-grid-event-location\">Teatro Copacabana Palace, Rio de Janeiro<\/p>\r\n                                                                            <\/div>\r\n            <div class=\"mec-event-footer\">\r\n                                <ul class=\"mec-event-sharing-wrap\">\r\n                    <li class=\"mec-event-share\">\r\n                        <a href=\"#\" class=\"mec-event-share-icon\">\r\n                            <i class=\"mec-sl-share\" title=\"Share\"><\/i>\r\n                        <\/a>\r\n                    <\/li>\r\n                    <li>\r\n                        <ul class=\"mec-event-sharing\">\r\n                            <li class=\"mec-event-social-icon\"><a class=\"facebook\" href=\"https:\/\/www.facebook.com\/sharer\/sharer.php?u=https%3A%2F%2Fagendaculturalriodejaneiro.com%2Fen%2Fevents%2Fcandlelight-os-classicos-do-rock-2%2F\" onclick=\"javascript:window.open(this.href, &apos;&apos;, &apos;menubar=no,toolbar=no,resizable=yes,scrollbars=yes,height=500,width=600&apos;); return false;\" target=\"_blank\" title=\"Share on Facebook\"><i class=\"mec-fa-facebook\"><\/i><span class=\"mec-social-title\">Facebook<\/span><\/a><\/li><li class=\"mec-event-social-icon\"><a class=\"twitter\" href=\"https:\/\/x.com\/intent\/tweet?url=https%3A%2F%2Fagendaculturalriodejaneiro.com%2Fen%2Fevents%2Fcandlelight-os-classicos-do-rock-2%2F\" onclick=\"javascript:window.open(this.href, &apos;&apos;, &apos;menubar=no,toolbar=no,resizable=yes,scrollbars=yes,height=600,width=500&apos;); return false;\" target=\"_blank\" title=\"X Social Network\"><svg xmlns=\"http:\/\/www.w3.org\/2000\/svg\" viewbox=\"0 0 512 462.799\"><path d=\"M403.229 0h78.506L310.219 196.04 512 462.799H354.002L230.261 301.007 88.669 462.799h-78.56l183.455-209.683L0 0h161.999l111.856 147.88L403.229 0zm-27.556 415.805h43.505L138.363 44.527h-46.68l283.99 371.278z\" \/><\/svg><span class=\"mec-social-title\">Twitter<\/span><\/a><\/li><li class=\"mec-event-social-icon\"><a class=\"linkedin\" href=\"https:\/\/www.linkedin.com\/shareArticle?mini=true&amp;url=https%3A%2F%2Fagendaculturalriodejaneiro.com%2Fen%2Fevents%2Fcandlelight-os-classicos-do-rock-2%2F\" onclick=\"javascript:window.open(this.href, &apos;&apos;, &apos;menubar=no,toolbar=no,resizable=yes,scrollbars=yes,height=600,width=500&apos;); return false;\" target=\"_blank\" title=\"Linkedin\"><i class=\"mec-fa-linkedin\"><\/i><span class=\"mec-social-title\">Linkedin<\/span><\/a><\/li><li class=\"mec-event-social-icon\"><a class=\"email\" href=\"mailto:?subject=Candlelight%3A%20Os%20Cl%C3%A1ssicos%20do%20Rock%20ilumina%20o%20Rio%20de%20Janeiro%20com%20grandes%20hinos%20do%20rock&amp;body=https%3A%2F%2Fagendaculturalriodejaneiro.com%2Fen%2Fevents%2Fcandlelight-os-classicos-do-rock-2%2F\" title=\"Email\"><i class=\"mec-fa-envelope\"><\/i><span class=\"mec-social-title\">Email<\/span><\/a><\/li>                        <\/ul>\r\n                    <\/li>\r\n                <\/ul>\r\n                                                <a class=\"mec-booking-button\" data-event-id=\"51629\" href=\"https:\/\/agendaculturalriodejaneiro.com\/en\/events\/candlelight-os-classicos-do-rock-2\/\" target=\"_self\" rel=\"noopener\">Ver Detalhes<\/a>            <\/div>\r\n        <\/article><\/div><\/div>        <div class=\"row\"><div class=\"col-md-4 col-sm-4\"><article class=\" mec-event-article mec-clear  \">                                <div class=\"mec-event-image\"><a data-event-id=\"50672\" href=\"https:\/\/agendaculturalriodejaneiro.com\/en\/events\/roberta-miranda-canta-sucessos-no-vivo-rio\/\" target=\"_self\" rel=\"noopener\"><img loading=\"lazy\" decoding=\"async\" width=\"300\" height=\"157\" src=\"https:\/\/agendaculturalriodejaneiro.com\/wp-content\/uploads\/2026\/06\/Roberta-Miranda-canta-sucessos-no-Vivo-Rio-300x157.webp\" class=\"attachment-medium size-medium wp-post-image\" alt=\"\" data-mec-postid=\"50672\" \/><\/a><\/div>\r\n                        <div class=\"mec-event-content\">\r\n                                    <div class=\"mec-event-date mec-bg-color\">\r\n                        <span class=\"mec-start-date-label\">19 September 2026<\/span>                                                                    <\/div>\r\n                                                                <h4 class=\"mec-event-title\"><a class=\"mec-color-hover\" data-event-id=\"50672\" href=\"https:\/\/agendaculturalriodejaneiro.com\/en\/events\/roberta-miranda-canta-sucessos-no-vivo-rio\/\" target=\"_self\" rel=\"noopener\">Roberta Miranda canta sucessos no Vivo Rio<\/a><\/h4>\r\n                                <p class=\"mec-grid-event-location\">Vivo Rio, Av. Infante Dom Henrique, 85 - Parque do Flamengo, Rio de Janeiro - RJ, 20021-140, Brasil<\/p>\r\n                                                                            <\/div>\r\n            <div class=\"mec-event-footer\">\r\n                                <ul class=\"mec-event-sharing-wrap\">\r\n                    <li class=\"mec-event-share\">\r\n                        <a href=\"#\" class=\"mec-event-share-icon\">\r\n                            <i class=\"mec-sl-share\" title=\"Share\"><\/i>\r\n                        <\/a>\r\n                    <\/li>\r\n                    <li>\r\n                        <ul class=\"mec-event-sharing\">\r\n                            <li class=\"mec-event-social-icon\"><a class=\"facebook\" href=\"https:\/\/www.facebook.com\/sharer\/sharer.php?u=https%3A%2F%2Fagendaculturalriodejaneiro.com%2Fen%2Fevents%2Froberta-miranda-canta-sucessos-no-vivo-rio%2F\" onclick=\"javascript:window.open(this.href, &apos;&apos;, &apos;menubar=no,toolbar=no,resizable=yes,scrollbars=yes,height=500,width=600&apos;); return false;\" target=\"_blank\" title=\"Share on Facebook\"><i class=\"mec-fa-facebook\"><\/i><span class=\"mec-social-title\">Facebook<\/span><\/a><\/li><li class=\"mec-event-social-icon\"><a class=\"twitter\" href=\"https:\/\/x.com\/intent\/tweet?url=https%3A%2F%2Fagendaculturalriodejaneiro.com%2Fen%2Fevents%2Froberta-miranda-canta-sucessos-no-vivo-rio%2F\" onclick=\"javascript:window.open(this.href, &apos;&apos;, &apos;menubar=no,toolbar=no,resizable=yes,scrollbars=yes,height=600,width=500&apos;); return false;\" target=\"_blank\" title=\"X Social Network\"><svg xmlns=\"http:\/\/www.w3.org\/2000\/svg\" viewbox=\"0 0 512 462.799\"><path d=\"M403.229 0h78.506L310.219 196.04 512 462.799H354.002L230.261 301.007 88.669 462.799h-78.56l183.455-209.683L0 0h161.999l111.856 147.88L403.229 0zm-27.556 415.805h43.505L138.363 44.527h-46.68l283.99 371.278z\" \/><\/svg><span class=\"mec-social-title\">Twitter<\/span><\/a><\/li><li class=\"mec-event-social-icon\"><a class=\"linkedin\" href=\"https:\/\/www.linkedin.com\/shareArticle?mini=true&amp;url=https%3A%2F%2Fagendaculturalriodejaneiro.com%2Fen%2Fevents%2Froberta-miranda-canta-sucessos-no-vivo-rio%2F\" onclick=\"javascript:window.open(this.href, &apos;&apos;, &apos;menubar=no,toolbar=no,resizable=yes,scrollbars=yes,height=600,width=500&apos;); return false;\" target=\"_blank\" title=\"Linkedin\"><i class=\"mec-fa-linkedin\"><\/i><span class=\"mec-social-title\">Linkedin<\/span><\/a><\/li><li class=\"mec-event-social-icon\"><a class=\"email\" href=\"mailto:?subject=Roberta%20Miranda%20canta%20sucessos%20no%20Vivo%20Rio&amp;body=https%3A%2F%2Fagendaculturalriodejaneiro.com%2Fen%2Fevents%2Froberta-miranda-canta-sucessos-no-vivo-rio%2F\" title=\"Email\"><i class=\"mec-fa-envelope\"><\/i><span class=\"mec-social-title\">Email<\/span><\/a><\/li>                        <\/ul>\r\n                    <\/li>\r\n                <\/ul>\r\n                                                <a class=\"mec-booking-button\" data-event-id=\"50672\" href=\"https:\/\/agendaculturalriodejaneiro.com\/en\/events\/roberta-miranda-canta-sucessos-no-vivo-rio\/\" target=\"_self\" rel=\"noopener\">Ver Detalhes<\/a>            <\/div>\r\n        <\/article><\/div>        <div class=\"col-md-4 col-sm-4\"><article class=\" mec-event-article mec-clear  \">                                <div class=\"mec-event-image\"><a data-event-id=\"50984\" href=\"https:\/\/agendaculturalriodejaneiro.com\/en\/events\/candlelight-revisita-coldplay-no-teatro-copacabana-palace\/\" target=\"_self\" rel=\"noopener\"><img loading=\"lazy\" decoding=\"async\" width=\"300\" height=\"300\" src=\"https:\/\/agendaculturalriodejaneiro.com\/wp-content\/uploads\/2026\/06\/be8df194-1aa8-11f0-996c-caa78636736f-300x300.jpg\" class=\"attachment-medium size-medium wp-post-image\" alt=\"\" data-mec-postid=\"50984\" \/><\/a><\/div>\r\n                        <div class=\"mec-event-content\">\r\n                                    <div class=\"mec-event-date mec-bg-color\">\r\n                        <span class=\"mec-start-date-label\">19 - 20 September 2026<\/span>                                                                    <\/div>\r\n                                                                <h4 class=\"mec-event-title\"><a class=\"mec-color-hover\" data-event-id=\"50984\" href=\"https:\/\/agendaculturalriodejaneiro.com\/en\/events\/candlelight-revisita-coldplay-no-teatro-copacabana-palace\/\" target=\"_self\" rel=\"noopener\">Candlelight revisita Coldplay no Teatro Copacabana Palace<\/a><\/h4>\r\n                                <p class=\"mec-grid-event-location\">Teatro Copacabana Palace, Rio de Janeiro<\/p>\r\n                                                                            <\/div>\r\n            <div class=\"mec-event-footer\">\r\n                                <ul class=\"mec-event-sharing-wrap\">\r\n                    <li class=\"mec-event-share\">\r\n                        <a href=\"#\" class=\"mec-event-share-icon\">\r\n                            <i class=\"mec-sl-share\" title=\"Share\"><\/i>\r\n                        <\/a>\r\n                    <\/li>\r\n                    <li>\r\n                        <ul class=\"mec-event-sharing\">\r\n                            <li class=\"mec-event-social-icon\"><a class=\"facebook\" href=\"https:\/\/www.facebook.com\/sharer\/sharer.php?u=https%3A%2F%2Fagendaculturalriodejaneiro.com%2Fen%2Fevents%2Fcandlelight-revisita-coldplay-no-teatro-copacabana-palace%2F\" onclick=\"javascript:window.open(this.href, &apos;&apos;, &apos;menubar=no,toolbar=no,resizable=yes,scrollbars=yes,height=500,width=600&apos;); return false;\" target=\"_blank\" title=\"Share on Facebook\"><i class=\"mec-fa-facebook\"><\/i><span class=\"mec-social-title\">Facebook<\/span><\/a><\/li><li class=\"mec-event-social-icon\"><a class=\"twitter\" href=\"https:\/\/x.com\/intent\/tweet?url=https%3A%2F%2Fagendaculturalriodejaneiro.com%2Fen%2Fevents%2Fcandlelight-revisita-coldplay-no-teatro-copacabana-palace%2F\" onclick=\"javascript:window.open(this.href, &apos;&apos;, &apos;menubar=no,toolbar=no,resizable=yes,scrollbars=yes,height=600,width=500&apos;); return false;\" target=\"_blank\" title=\"X Social Network\"><svg xmlns=\"http:\/\/www.w3.org\/2000\/svg\" viewbox=\"0 0 512 462.799\"><path d=\"M403.229 0h78.506L310.219 196.04 512 462.799H354.002L230.261 301.007 88.669 462.799h-78.56l183.455-209.683L0 0h161.999l111.856 147.88L403.229 0zm-27.556 415.805h43.505L138.363 44.527h-46.68l283.99 371.278z\" \/><\/svg><span class=\"mec-social-title\">Twitter<\/span><\/a><\/li><li class=\"mec-event-social-icon\"><a class=\"linkedin\" href=\"https:\/\/www.linkedin.com\/shareArticle?mini=true&amp;url=https%3A%2F%2Fagendaculturalriodejaneiro.com%2Fen%2Fevents%2Fcandlelight-revisita-coldplay-no-teatro-copacabana-palace%2F\" onclick=\"javascript:window.open(this.href, &apos;&apos;, &apos;menubar=no,toolbar=no,resizable=yes,scrollbars=yes,height=600,width=500&apos;); return false;\" target=\"_blank\" title=\"Linkedin\"><i class=\"mec-fa-linkedin\"><\/i><span class=\"mec-social-title\">Linkedin<\/span><\/a><\/li><li class=\"mec-event-social-icon\"><a class=\"email\" href=\"mailto:?subject=Candlelight%20revisita%20Coldplay%20no%20Teatro%20Copacabana%20Palace&amp;body=https%3A%2F%2Fagendaculturalriodejaneiro.com%2Fen%2Fevents%2Fcandlelight-revisita-coldplay-no-teatro-copacabana-palace%2F\" title=\"Email\"><i class=\"mec-fa-envelope\"><\/i><span class=\"mec-social-title\">Email<\/span><\/a><\/li>                        <\/ul>\r\n                    <\/li>\r\n                <\/ul>\r\n                                                <a class=\"mec-booking-button\" data-event-id=\"50984\" href=\"https:\/\/agendaculturalriodejaneiro.com\/en\/events\/candlelight-revisita-coldplay-no-teatro-copacabana-palace\/\" target=\"_self\" rel=\"noopener\">Ver Detalhes<\/a>            <\/div>\r\n        <\/article><\/div>                <div class=\"col-md-4 col-sm-4\"><article class=\" mec-event-article mec-clear  \">                                <div class=\"mec-event-image\"><a data-event-id=\"52751\" href=\"https:\/\/agendaculturalriodejaneiro.com\/en\/events\/an-idiots-guide-to-wine-uma-comedia-sobre-vinho\/\" target=\"_self\" rel=\"noopener\"><img loading=\"lazy\" decoding=\"async\" width=\"300\" height=\"300\" src=\"https:\/\/agendaculturalriodejaneiro.com\/wp-content\/uploads\/2026\/08\/ae7b34c0-794c-11f1-9162-f6ecba384b1c-300x300.jpg\" class=\"attachment-medium size-medium wp-post-image\" alt=\"\" data-mec-postid=\"52751\" \/><\/a><\/div>\r\n                        <div class=\"mec-event-content\">\r\n                                    <div class=\"mec-event-date mec-bg-color\">\r\n                        <span class=\"mec-start-date-label\">20 September 2026<\/span><span class=\"mec-end-date-label\" itemprop=\"endDate\"> - 20 December 2026<\/span>                                                                    <\/div>\r\n                                                                <h4 class=\"mec-event-title\"><a class=\"mec-color-hover\" data-event-id=\"52751\" href=\"https:\/\/agendaculturalriodejaneiro.com\/en\/events\/an-idiots-guide-to-wine-uma-comedia-sobre-vinho\/\" target=\"_self\" rel=\"noopener\">An Idiot&#8217;s Guide to Wine: Uma Com\u00e9dia sobre Vinho<\/a><\/h4>\r\n                                <p class=\"mec-grid-event-location\">Teatro Rival Petrobras, Rua \u00c1lvaro Alvim, 33 - Cinel\u00e2ndia, Rio de Janeiro - RJ, 20031-010, Brasil<\/p>\r\n                                                                            <\/div>\r\n            <div class=\"mec-event-footer\">\r\n                                <ul class=\"mec-event-sharing-wrap\">\r\n                    <li class=\"mec-event-share\">\r\n                        <a href=\"#\" class=\"mec-event-share-icon\">\r\n                            <i class=\"mec-sl-share\" title=\"Share\"><\/i>\r\n                        <\/a>\r\n                    <\/li>\r\n                    <li>\r\n                        <ul class=\"mec-event-sharing\">\r\n                            <li class=\"mec-event-social-icon\"><a class=\"facebook\" href=\"https:\/\/www.facebook.com\/sharer\/sharer.php?u=https%3A%2F%2Fagendaculturalriodejaneiro.com%2Fen%2Fevents%2Fan-idiots-guide-to-wine-uma-comedia-sobre-vinho%2F\" onclick=\"javascript:window.open(this.href, &apos;&apos;, &apos;menubar=no,toolbar=no,resizable=yes,scrollbars=yes,height=500,width=600&apos;); return false;\" target=\"_blank\" title=\"Share on Facebook\"><i class=\"mec-fa-facebook\"><\/i><span class=\"mec-social-title\">Facebook<\/span><\/a><\/li><li class=\"mec-event-social-icon\"><a class=\"twitter\" href=\"https:\/\/x.com\/intent\/tweet?url=https%3A%2F%2Fagendaculturalriodejaneiro.com%2Fen%2Fevents%2Fan-idiots-guide-to-wine-uma-comedia-sobre-vinho%2F\" onclick=\"javascript:window.open(this.href, &apos;&apos;, &apos;menubar=no,toolbar=no,resizable=yes,scrollbars=yes,height=600,width=500&apos;); return false;\" target=\"_blank\" title=\"X Social Network\"><svg xmlns=\"http:\/\/www.w3.org\/2000\/svg\" viewbox=\"0 0 512 462.799\"><path d=\"M403.229 0h78.506L310.219 196.04 512 462.799H354.002L230.261 301.007 88.669 462.799h-78.56l183.455-209.683L0 0h161.999l111.856 147.88L403.229 0zm-27.556 415.805h43.505L138.363 44.527h-46.68l283.99 371.278z\" \/><\/svg><span class=\"mec-social-title\">Twitter<\/span><\/a><\/li><li class=\"mec-event-social-icon\"><a class=\"linkedin\" href=\"https:\/\/www.linkedin.com\/shareArticle?mini=true&amp;url=https%3A%2F%2Fagendaculturalriodejaneiro.com%2Fen%2Fevents%2Fan-idiots-guide-to-wine-uma-comedia-sobre-vinho%2F\" onclick=\"javascript:window.open(this.href, &apos;&apos;, &apos;menubar=no,toolbar=no,resizable=yes,scrollbars=yes,height=600,width=500&apos;); return false;\" target=\"_blank\" title=\"Linkedin\"><i class=\"mec-fa-linkedin\"><\/i><span class=\"mec-social-title\">Linkedin<\/span><\/a><\/li><li class=\"mec-event-social-icon\"><a class=\"email\" href=\"mailto:?subject=An%20Idiot%E2%80%99s%20Guide%20to%20Wine%3A%20Uma%20Com%C3%A9dia%20sobre%20Vinho&amp;body=https%3A%2F%2Fagendaculturalriodejaneiro.com%2Fen%2Fevents%2Fan-idiots-guide-to-wine-uma-comedia-sobre-vinho%2F\" title=\"Email\"><i class=\"mec-fa-envelope\"><\/i><span class=\"mec-social-title\">Email<\/span><\/a><\/li>                        <\/ul>\r\n                    <\/li>\r\n                <\/ul>\r\n                                                <a class=\"mec-booking-button\" data-event-id=\"52751\" href=\"https:\/\/agendaculturalriodejaneiro.com\/en\/events\/an-idiots-guide-to-wine-uma-comedia-sobre-vinho\/\" target=\"_self\" rel=\"noopener\">Ver Detalhes<\/a>            <\/div>\r\n        <\/article><\/div><\/div>        <div class=\"row\"><div class=\"col-md-4 col-sm-4\"><article class=\" mec-event-article mec-clear  \">                                <div class=\"mec-event-image\"><a data-event-id=\"48803\" href=\"https:\/\/agendaculturalriodejaneiro.com\/en\/events\/piaf-spectacle-por-nathalie-lermitte-no-vivo-rio\/\" target=\"_self\" rel=\"noopener\"><img loading=\"lazy\" decoding=\"async\" width=\"300\" height=\"157\" src=\"https:\/\/agendaculturalriodejaneiro.com\/wp-content\/uploads\/2026\/04\/Piaf-Spectacle-por-Nathalie-Lermitte-no-Vivo-Rio-300x157.jpg\" class=\"attachment-medium size-medium wp-post-image\" alt=\"Piaf Spectacle por Nathalie Lermitte no Vivo Rio\" data-mec-postid=\"48803\" \/><\/a><\/div>\r\n                        <div class=\"mec-event-content\">\r\n                                    <div class=\"mec-event-date mec-bg-color\">\r\n                        <span class=\"mec-start-date-label\">20 September 2026<\/span>                                                                    <\/div>\r\n                                                                <h4 class=\"mec-event-title\"><a class=\"mec-color-hover\" data-event-id=\"48803\" href=\"https:\/\/agendaculturalriodejaneiro.com\/en\/events\/piaf-spectacle-por-nathalie-lermitte-no-vivo-rio\/\" target=\"_self\" rel=\"noopener\">Piaf Spectacle por Nathalie Lermitte no Vivo Rio<\/a><\/h4>\r\n                                <p class=\"mec-grid-event-location\">Vivo Rio, Av. Infante Dom Henrique, 85 - Parque do Flamengo, Rio de Janeiro - RJ, 20021-140, Brasil<\/p>\r\n                                                                            <\/div>\r\n            <div class=\"mec-event-footer\">\r\n                                <ul class=\"mec-event-sharing-wrap\">\r\n                    <li class=\"mec-event-share\">\r\n                        <a href=\"#\" class=\"mec-event-share-icon\">\r\n                            <i class=\"mec-sl-share\" title=\"Share\"><\/i>\r\n                        <\/a>\r\n                    <\/li>\r\n                    <li>\r\n                        <ul class=\"mec-event-sharing\">\r\n                            <li class=\"mec-event-social-icon\"><a class=\"facebook\" href=\"https:\/\/www.facebook.com\/sharer\/sharer.php?u=https%3A%2F%2Fagendaculturalriodejaneiro.com%2Fen%2Fevents%2Fpiaf-spectacle-por-nathalie-lermitte-no-vivo-rio%2F\" onclick=\"javascript:window.open(this.href, &apos;&apos;, &apos;menubar=no,toolbar=no,resizable=yes,scrollbars=yes,height=500,width=600&apos;); return false;\" target=\"_blank\" title=\"Share on Facebook\"><i class=\"mec-fa-facebook\"><\/i><span class=\"mec-social-title\">Facebook<\/span><\/a><\/li><li class=\"mec-event-social-icon\"><a class=\"twitter\" href=\"https:\/\/x.com\/intent\/tweet?url=https%3A%2F%2Fagendaculturalriodejaneiro.com%2Fen%2Fevents%2Fpiaf-spectacle-por-nathalie-lermitte-no-vivo-rio%2F\" onclick=\"javascript:window.open(this.href, &apos;&apos;, &apos;menubar=no,toolbar=no,resizable=yes,scrollbars=yes,height=600,width=500&apos;); return false;\" target=\"_blank\" title=\"X Social Network\"><svg xmlns=\"http:\/\/www.w3.org\/2000\/svg\" viewbox=\"0 0 512 462.799\"><path d=\"M403.229 0h78.506L310.219 196.04 512 462.799H354.002L230.261 301.007 88.669 462.799h-78.56l183.455-209.683L0 0h161.999l111.856 147.88L403.229 0zm-27.556 415.805h43.505L138.363 44.527h-46.68l283.99 371.278z\" \/><\/svg><span class=\"mec-social-title\">Twitter<\/span><\/a><\/li><li class=\"mec-event-social-icon\"><a class=\"linkedin\" href=\"https:\/\/www.linkedin.com\/shareArticle?mini=true&amp;url=https%3A%2F%2Fagendaculturalriodejaneiro.com%2Fen%2Fevents%2Fpiaf-spectacle-por-nathalie-lermitte-no-vivo-rio%2F\" onclick=\"javascript:window.open(this.href, &apos;&apos;, &apos;menubar=no,toolbar=no,resizable=yes,scrollbars=yes,height=600,width=500&apos;); return false;\" target=\"_blank\" title=\"Linkedin\"><i class=\"mec-fa-linkedin\"><\/i><span class=\"mec-social-title\">Linkedin<\/span><\/a><\/li><li class=\"mec-event-social-icon\"><a class=\"email\" href=\"mailto:?subject=Piaf%20Spectacle%20por%20Nathalie%20Lermitte%20no%20Vivo%20Rio&amp;body=https%3A%2F%2Fagendaculturalriodejaneiro.com%2Fen%2Fevents%2Fpiaf-spectacle-por-nathalie-lermitte-no-vivo-rio%2F\" title=\"Email\"><i class=\"mec-fa-envelope\"><\/i><span class=\"mec-social-title\">Email<\/span><\/a><\/li>                        <\/ul>\r\n                    <\/li>\r\n                <\/ul>\r\n                                                <a class=\"mec-booking-button\" data-event-id=\"48803\" href=\"https:\/\/agendaculturalriodejaneiro.com\/en\/events\/piaf-spectacle-por-nathalie-lermitte-no-vivo-rio\/\" target=\"_self\" rel=\"noopener\">Ver Detalhes<\/a>            <\/div>\r\n        <\/article><\/div>                <div class=\"col-md-4 col-sm-4\"><article class=\" mec-event-article mec-clear  \">                                <div class=\"mec-event-image\"><a data-event-id=\"51680\" href=\"https:\/\/agendaculturalriodejaneiro.com\/en\/events\/candlelight-tributo-a-adele\/\" target=\"_self\" rel=\"noopener\"><img loading=\"lazy\" decoding=\"async\" width=\"300\" height=\"217\" src=\"https:\/\/agendaculturalriodejaneiro.com\/wp-content\/uploads\/2026\/06\/bf21e71a-2128-11f0-8510-ca6ec07e6a29-300x217.jpg\" class=\"attachment-medium size-medium wp-post-image\" alt=\"\" data-mec-postid=\"51680\" \/><\/a><\/div>\r\n                        <div class=\"mec-event-content\">\r\n                                    <div class=\"mec-event-date mec-bg-color\">\r\n                        <span class=\"mec-start-date-label\">25 September 2026<\/span>                                                                    <\/div>\r\n                                                                <h4 class=\"mec-event-title\"><a class=\"mec-color-hover\" data-event-id=\"51680\" href=\"https:\/\/agendaculturalriodejaneiro.com\/en\/events\/candlelight-tributo-a-adele\/\" target=\"_self\" rel=\"noopener\">Candlelight: Tributo a Adele<\/a><\/h4>\r\n                                <p class=\"mec-grid-event-location\">Museu do Amanh\u00e3, Pra\u00e7a Mau\u00e1, 1 - Centro, Rio de Janeiro - RJ, 20081-240, Brasil<\/p>\r\n                                                                            <\/div>\r\n            <div class=\"mec-event-footer\">\r\n                                <ul class=\"mec-event-sharing-wrap\">\r\n                    <li class=\"mec-event-share\">\r\n                        <a href=\"#\" class=\"mec-event-share-icon\">\r\n                            <i class=\"mec-sl-share\" title=\"Share\"><\/i>\r\n                        <\/a>\r\n                    <\/li>\r\n                    <li>\r\n                        <ul class=\"mec-event-sharing\">\r\n                            <li class=\"mec-event-social-icon\"><a class=\"facebook\" href=\"https:\/\/www.facebook.com\/sharer\/sharer.php?u=https%3A%2F%2Fagendaculturalriodejaneiro.com%2Fen%2Fevents%2Fcandlelight-tributo-a-adele%2F\" onclick=\"javascript:window.open(this.href, &apos;&apos;, &apos;menubar=no,toolbar=no,resizable=yes,scrollbars=yes,height=500,width=600&apos;); return false;\" target=\"_blank\" title=\"Share on Facebook\"><i class=\"mec-fa-facebook\"><\/i><span class=\"mec-social-title\">Facebook<\/span><\/a><\/li><li class=\"mec-event-social-icon\"><a class=\"twitter\" href=\"https:\/\/x.com\/intent\/tweet?url=https%3A%2F%2Fagendaculturalriodejaneiro.com%2Fen%2Fevents%2Fcandlelight-tributo-a-adele%2F\" onclick=\"javascript:window.open(this.href, &apos;&apos;, &apos;menubar=no,toolbar=no,resizable=yes,scrollbars=yes,height=600,width=500&apos;); return false;\" target=\"_blank\" title=\"X Social Network\"><svg xmlns=\"http:\/\/www.w3.org\/2000\/svg\" viewbox=\"0 0 512 462.799\"><path d=\"M403.229 0h78.506L310.219 196.04 512 462.799H354.002L230.261 301.007 88.669 462.799h-78.56l183.455-209.683L0 0h161.999l111.856 147.88L403.229 0zm-27.556 415.805h43.505L138.363 44.527h-46.68l283.99 371.278z\" \/><\/svg><span class=\"mec-social-title\">Twitter<\/span><\/a><\/li><li class=\"mec-event-social-icon\"><a class=\"linkedin\" href=\"https:\/\/www.linkedin.com\/shareArticle?mini=true&amp;url=https%3A%2F%2Fagendaculturalriodejaneiro.com%2Fen%2Fevents%2Fcandlelight-tributo-a-adele%2F\" onclick=\"javascript:window.open(this.href, &apos;&apos;, &apos;menubar=no,toolbar=no,resizable=yes,scrollbars=yes,height=600,width=500&apos;); return false;\" target=\"_blank\" title=\"Linkedin\"><i class=\"mec-fa-linkedin\"><\/i><span class=\"mec-social-title\">Linkedin<\/span><\/a><\/li><li class=\"mec-event-social-icon\"><a class=\"email\" href=\"mailto:?subject=Candlelight%3A%20Tributo%20a%20Adele&amp;body=https%3A%2F%2Fagendaculturalriodejaneiro.com%2Fen%2Fevents%2Fcandlelight-tributo-a-adele%2F\" title=\"Email\"><i class=\"mec-fa-envelope\"><\/i><span class=\"mec-social-title\">Email<\/span><\/a><\/li>                        <\/ul>\r\n                    <\/li>\r\n                <\/ul>\r\n                                                <a class=\"mec-booking-button\" data-event-id=\"51680\" href=\"https:\/\/agendaculturalriodejaneiro.com\/en\/events\/candlelight-tributo-a-adele\/\" target=\"_self\" rel=\"noopener\">Ver Detalhes<\/a>            <\/div>\r\n        <\/article><\/div>                <div class=\"col-md-4 col-sm-4\"><article class=\"mec-past-event mec-event-article mec-clear  \">                                <div class=\"mec-event-image\"><a data-event-id=\"51672\" href=\"https:\/\/agendaculturalriodejaneiro.com\/en\/events\/candlelight-coldplay-vs-ed-sheeran-2\/\" target=\"_self\" rel=\"noopener\"><img loading=\"lazy\" decoding=\"async\" width=\"300\" height=\"217\" src=\"https:\/\/agendaculturalriodejaneiro.com\/wp-content\/uploads\/2026\/06\/dc7d1b48-148c-11f0-b520-be12cc90078e-300x217.jpg\" class=\"attachment-medium size-medium wp-post-image\" alt=\"\" data-mec-postid=\"51672\" \/><\/a><\/div>\r\n                        <div class=\"mec-event-content\">\r\n                                    <div class=\"mec-event-date mec-bg-color\">\r\n                        <span class=\"mec-start-date-label\">26 September 2026<\/span>                                                                    <\/div>\r\n                                                                <h4 class=\"mec-event-title\"><a class=\"mec-color-hover\" data-event-id=\"51672\" href=\"https:\/\/agendaculturalriodejaneiro.com\/en\/events\/candlelight-coldplay-vs-ed-sheeran-2\/\" target=\"_self\" rel=\"noopener\">Candlelight: Coldplay vs Ed Sheeran<\/a><\/h4>\r\n                                <p class=\"mec-grid-event-location\">Solar de Botafogo, Rio de Janeiro<\/p>\r\n                                                                            <\/div>\r\n            <div class=\"mec-event-footer\">\r\n                                <ul class=\"mec-event-sharing-wrap\">\r\n                    <li class=\"mec-event-share\">\r\n                        <a href=\"#\" class=\"mec-event-share-icon\">\r\n                            <i class=\"mec-sl-share\" title=\"Share\"><\/i>\r\n                        <\/a>\r\n                    <\/li>\r\n                    <li>\r\n                        <ul class=\"mec-event-sharing\">\r\n                            <li class=\"mec-event-social-icon\"><a class=\"facebook\" href=\"https:\/\/www.facebook.com\/sharer\/sharer.php?u=https%3A%2F%2Fagendaculturalriodejaneiro.com%2Fen%2Fevents%2Fcandlelight-coldplay-vs-ed-sheeran-2%2F\" onclick=\"javascript:window.open(this.href, &apos;&apos;, &apos;menubar=no,toolbar=no,resizable=yes,scrollbars=yes,height=500,width=600&apos;); return false;\" target=\"_blank\" title=\"Share on Facebook\"><i class=\"mec-fa-facebook\"><\/i><span class=\"mec-social-title\">Facebook<\/span><\/a><\/li><li class=\"mec-event-social-icon\"><a class=\"twitter\" href=\"https:\/\/x.com\/intent\/tweet?url=https%3A%2F%2Fagendaculturalriodejaneiro.com%2Fen%2Fevents%2Fcandlelight-coldplay-vs-ed-sheeran-2%2F\" onclick=\"javascript:window.open(this.href, &apos;&apos;, &apos;menubar=no,toolbar=no,resizable=yes,scrollbars=yes,height=600,width=500&apos;); return false;\" target=\"_blank\" title=\"X Social Network\"><svg xmlns=\"http:\/\/www.w3.org\/2000\/svg\" viewbox=\"0 0 512 462.799\"><path d=\"M403.229 0h78.506L310.219 196.04 512 462.799H354.002L230.261 301.007 88.669 462.799h-78.56l183.455-209.683L0 0h161.999l111.856 147.88L403.229 0zm-27.556 415.805h43.505L138.363 44.527h-46.68l283.99 371.278z\" \/><\/svg><span class=\"mec-social-title\">Twitter<\/span><\/a><\/li><li class=\"mec-event-social-icon\"><a class=\"linkedin\" href=\"https:\/\/www.linkedin.com\/shareArticle?mini=true&amp;url=https%3A%2F%2Fagendaculturalriodejaneiro.com%2Fen%2Fevents%2Fcandlelight-coldplay-vs-ed-sheeran-2%2F\" onclick=\"javascript:window.open(this.href, &apos;&apos;, &apos;menubar=no,toolbar=no,resizable=yes,scrollbars=yes,height=600,width=500&apos;); return false;\" target=\"_blank\" title=\"Linkedin\"><i class=\"mec-fa-linkedin\"><\/i><span class=\"mec-social-title\">Linkedin<\/span><\/a><\/li><li class=\"mec-event-social-icon\"><a class=\"email\" href=\"mailto:?subject=Candlelight%3A%20Coldplay%20vs%20Ed%20Sheeran&amp;body=https%3A%2F%2Fagendaculturalriodejaneiro.com%2Fen%2Fevents%2Fcandlelight-coldplay-vs-ed-sheeran-2%2F\" title=\"Email\"><i class=\"mec-fa-envelope\"><\/i><span class=\"mec-social-title\">Email<\/span><\/a><\/li>                        <\/ul>\r\n                    <\/li>\r\n                <\/ul>\r\n                                                <a class=\"mec-booking-button\" data-event-id=\"51672\" href=\"https:\/\/agendaculturalriodejaneiro.com\/en\/events\/candlelight-coldplay-vs-ed-sheeran-2\/\" target=\"_self\" rel=\"noopener\">Ver Detalhes<\/a>            <\/div>\r\n        <\/article><\/div><\/div>        <div class=\"row\"><div class=\"col-md-4 col-sm-4\"><article class=\" mec-event-article mec-clear  \">                                <div class=\"mec-event-image\"><a data-event-id=\"51686\" href=\"https:\/\/agendaculturalriodejaneiro.com\/en\/events\/candlelight-disney-cancoes-de-amor\/\" target=\"_self\" rel=\"noopener\"><img loading=\"lazy\" decoding=\"async\" width=\"300\" height=\"217\" src=\"https:\/\/agendaculturalriodejaneiro.com\/wp-content\/uploads\/2026\/06\/597f8688-6010-11f1-9b0c-6e13b0f648a3-300x217.jpg\" class=\"attachment-medium size-medium wp-post-image\" alt=\"\" data-mec-postid=\"51686\" \/><\/a><\/div>\r\n                        <div class=\"mec-event-content\">\r\n                                    <div class=\"mec-event-date mec-bg-color\">\r\n                        <span class=\"mec-start-date-label\">26 September 2026<\/span>                                                                    <\/div>\r\n                                                                <h4 class=\"mec-event-title\"><a class=\"mec-color-hover\" data-event-id=\"51686\" href=\"https:\/\/agendaculturalriodejaneiro.com\/en\/events\/candlelight-disney-cancoes-de-amor\/\" target=\"_self\" rel=\"noopener\">Candlelight: Disney Can\u00e7\u00f5es de Amor<\/a><\/h4>\r\n                                <p class=\"mec-grid-event-location\">Museu do Amanh\u00e3, Pra\u00e7a Mau\u00e1, 1 - Centro, Rio de Janeiro - RJ, 20081-240, Brasil<\/p>\r\n                                                                            <\/div>\r\n            <div class=\"mec-event-footer\">\r\n                                <ul class=\"mec-event-sharing-wrap\">\r\n                    <li class=\"mec-event-share\">\r\n                        <a href=\"#\" class=\"mec-event-share-icon\">\r\n                            <i class=\"mec-sl-share\" title=\"Share\"><\/i>\r\n                        <\/a>\r\n                    <\/li>\r\n                    <li>\r\n                        <ul class=\"mec-event-sharing\">\r\n                            <li class=\"mec-event-social-icon\"><a class=\"facebook\" href=\"https:\/\/www.facebook.com\/sharer\/sharer.php?u=https%3A%2F%2Fagendaculturalriodejaneiro.com%2Fen%2Fevents%2Fcandlelight-disney-cancoes-de-amor%2F\" onclick=\"javascript:window.open(this.href, &apos;&apos;, &apos;menubar=no,toolbar=no,resizable=yes,scrollbars=yes,height=500,width=600&apos;); return false;\" target=\"_blank\" title=\"Share on Facebook\"><i class=\"mec-fa-facebook\"><\/i><span class=\"mec-social-title\">Facebook<\/span><\/a><\/li><li class=\"mec-event-social-icon\"><a class=\"twitter\" href=\"https:\/\/x.com\/intent\/tweet?url=https%3A%2F%2Fagendaculturalriodejaneiro.com%2Fen%2Fevents%2Fcandlelight-disney-cancoes-de-amor%2F\" onclick=\"javascript:window.open(this.href, &apos;&apos;, &apos;menubar=no,toolbar=no,resizable=yes,scrollbars=yes,height=600,width=500&apos;); return false;\" target=\"_blank\" title=\"X Social Network\"><svg xmlns=\"http:\/\/www.w3.org\/2000\/svg\" viewbox=\"0 0 512 462.799\"><path d=\"M403.229 0h78.506L310.219 196.04 512 462.799H354.002L230.261 301.007 88.669 462.799h-78.56l183.455-209.683L0 0h161.999l111.856 147.88L403.229 0zm-27.556 415.805h43.505L138.363 44.527h-46.68l283.99 371.278z\" \/><\/svg><span class=\"mec-social-title\">Twitter<\/span><\/a><\/li><li class=\"mec-event-social-icon\"><a class=\"linkedin\" href=\"https:\/\/www.linkedin.com\/shareArticle?mini=true&amp;url=https%3A%2F%2Fagendaculturalriodejaneiro.com%2Fen%2Fevents%2Fcandlelight-disney-cancoes-de-amor%2F\" onclick=\"javascript:window.open(this.href, &apos;&apos;, &apos;menubar=no,toolbar=no,resizable=yes,scrollbars=yes,height=600,width=500&apos;); return false;\" target=\"_blank\" title=\"Linkedin\"><i class=\"mec-fa-linkedin\"><\/i><span class=\"mec-social-title\">Linkedin<\/span><\/a><\/li><li class=\"mec-event-social-icon\"><a class=\"email\" href=\"mailto:?subject=Candlelight%3A%20Disney%20Can%C3%A7%C3%B5es%20de%20Amor&amp;body=https%3A%2F%2Fagendaculturalriodejaneiro.com%2Fen%2Fevents%2Fcandlelight-disney-cancoes-de-amor%2F\" title=\"Email\"><i class=\"mec-fa-envelope\"><\/i><span class=\"mec-social-title\">Email<\/span><\/a><\/li>                        <\/ul>\r\n                    <\/li>\r\n                <\/ul>\r\n                                                <a class=\"mec-booking-button\" data-event-id=\"51686\" href=\"https:\/\/agendaculturalriodejaneiro.com\/en\/events\/candlelight-disney-cancoes-de-amor\/\" target=\"_self\" rel=\"noopener\">Ver Detalhes<\/a>            <\/div>\r\n        <\/article><\/div>        <div class=\"col-md-4 col-sm-4\"><article class=\" mec-event-article mec-clear  \">                                <div class=\"mec-event-image\"><a data-event-id=\"52863\" href=\"https:\/\/agendaculturalriodejaneiro.com\/en\/events\/papangu-ave-sangria-e-zepelim-e-o-sopro-do-cao-no-circo-voador\/\" target=\"_self\" rel=\"noopener\"><img loading=\"lazy\" decoding=\"async\" width=\"300\" height=\"300\" src=\"https:\/\/agendaculturalriodejaneiro.com\/wp-content\/uploads\/2026\/08\/22904696.jpeg\" class=\"attachment-medium size-medium wp-post-image\" alt=\"\" data-mec-postid=\"52863\" \/><\/a><\/div>\r\n                        <div class=\"mec-event-content\">\r\n                                    <div class=\"mec-event-date mec-bg-color\">\r\n                        <span class=\"mec-start-date-label\">26 September 2026<\/span>                                                                    <\/div>\r\n                                                                <h4 class=\"mec-event-title\"><a class=\"mec-color-hover\" data-event-id=\"52863\" href=\"https:\/\/agendaculturalriodejaneiro.com\/en\/events\/papangu-ave-sangria-e-zepelim-e-o-sopro-do-cao-no-circo-voador\/\" target=\"_self\" rel=\"noopener\">Papangu, Ave Sangria e Zepelim e o Sopro do C\u00e3o no Circo Voador<\/a><\/h4>\r\n                                <p class=\"mec-grid-event-location\">Circo Voador, R. dos Arcos, s\/n - Jardim Iracema, Rio de Janeiro - RJ, 20230-060, Brasil<\/p>\r\n                                                                            <\/div>\r\n            <div class=\"mec-event-footer\">\r\n                                <ul class=\"mec-event-sharing-wrap\">\r\n                    <li class=\"mec-event-share\">\r\n                        <a href=\"#\" class=\"mec-event-share-icon\">\r\n                            <i class=\"mec-sl-share\" title=\"Share\"><\/i>\r\n                        <\/a>\r\n                    <\/li>\r\n                    <li>\r\n                        <ul class=\"mec-event-sharing\">\r\n                            <li class=\"mec-event-social-icon\"><a class=\"facebook\" href=\"https:\/\/www.facebook.com\/sharer\/sharer.php?u=https%3A%2F%2Fagendaculturalriodejaneiro.com%2Fen%2Fevents%2Fpapangu-ave-sangria-e-zepelim-e-o-sopro-do-cao-no-circo-voador%2F\" onclick=\"javascript:window.open(this.href, &apos;&apos;, &apos;menubar=no,toolbar=no,resizable=yes,scrollbars=yes,height=500,width=600&apos;); return false;\" target=\"_blank\" title=\"Share on Facebook\"><i class=\"mec-fa-facebook\"><\/i><span class=\"mec-social-title\">Facebook<\/span><\/a><\/li><li class=\"mec-event-social-icon\"><a class=\"twitter\" href=\"https:\/\/x.com\/intent\/tweet?url=https%3A%2F%2Fagendaculturalriodejaneiro.com%2Fen%2Fevents%2Fpapangu-ave-sangria-e-zepelim-e-o-sopro-do-cao-no-circo-voador%2F\" onclick=\"javascript:window.open(this.href, &apos;&apos;, &apos;menubar=no,toolbar=no,resizable=yes,scrollbars=yes,height=600,width=500&apos;); return false;\" target=\"_blank\" title=\"X Social Network\"><svg xmlns=\"http:\/\/www.w3.org\/2000\/svg\" viewbox=\"0 0 512 462.799\"><path d=\"M403.229 0h78.506L310.219 196.04 512 462.799H354.002L230.261 301.007 88.669 462.799h-78.56l183.455-209.683L0 0h161.999l111.856 147.88L403.229 0zm-27.556 415.805h43.505L138.363 44.527h-46.68l283.99 371.278z\" \/><\/svg><span class=\"mec-social-title\">Twitter<\/span><\/a><\/li><li class=\"mec-event-social-icon\"><a class=\"linkedin\" href=\"https:\/\/www.linkedin.com\/shareArticle?mini=true&amp;url=https%3A%2F%2Fagendaculturalriodejaneiro.com%2Fen%2Fevents%2Fpapangu-ave-sangria-e-zepelim-e-o-sopro-do-cao-no-circo-voador%2F\" onclick=\"javascript:window.open(this.href, &apos;&apos;, &apos;menubar=no,toolbar=no,resizable=yes,scrollbars=yes,height=600,width=500&apos;); return false;\" target=\"_blank\" title=\"Linkedin\"><i class=\"mec-fa-linkedin\"><\/i><span class=\"mec-social-title\">Linkedin<\/span><\/a><\/li><li class=\"mec-event-social-icon\"><a class=\"email\" href=\"mailto:?subject=Papangu%2C%20Ave%20Sangria%20e%20Zepelim%20e%20o%20Sopro%20do%20C%C3%A3o%20no%20Circo%20Voador&amp;body=https%3A%2F%2Fagendaculturalriodejaneiro.com%2Fen%2Fevents%2Fpapangu-ave-sangria-e-zepelim-e-o-sopro-do-cao-no-circo-voador%2F\" title=\"Email\"><i class=\"mec-fa-envelope\"><\/i><span class=\"mec-social-title\">Email<\/span><\/a><\/li>                        <\/ul>\r\n                    <\/li>\r\n                <\/ul>\r\n                                                <a class=\"mec-booking-button\" data-event-id=\"52863\" href=\"https:\/\/agendaculturalriodejaneiro.com\/en\/events\/papangu-ave-sangria-e-zepelim-e-o-sopro-do-cao-no-circo-voador\/\" target=\"_self\" rel=\"noopener\">Ver Detalhes<\/a>            <\/div>\r\n        <\/article><\/div>        <div class=\"col-md-4 col-sm-4\"><article class=\" mec-event-article mec-clear  \">                                <div class=\"mec-event-image\"><a data-event-id=\"52039\" href=\"https:\/\/agendaculturalriodejaneiro.com\/en\/events\/ritchie-e-pato-fu-popbrasil-2026\/\" target=\"_self\" rel=\"noopener\"><img loading=\"lazy\" decoding=\"async\" width=\"300\" height=\"113\" src=\"https:\/\/agendaculturalriodejaneiro.com\/wp-content\/uploads\/2026\/07\/Ritchie-e-Pato-Fu-POPBRASIL-2026-300x113.jpeg\" class=\"attachment-medium size-medium wp-post-image\" alt=\"\" data-mec-postid=\"52039\" \/><\/a><\/div>\r\n                        <div class=\"mec-event-content\">\r\n                                    <div class=\"mec-event-date mec-bg-color\">\r\n                        <span class=\"mec-start-date-label\">26 September 2026<\/span>                                                                    <\/div>\r\n                                                                <h4 class=\"mec-event-title\"><a class=\"mec-color-hover\" data-event-id=\"52039\" href=\"https:\/\/agendaculturalriodejaneiro.com\/en\/events\/ritchie-e-pato-fu-popbrasil-2026\/\" target=\"_self\" rel=\"noopener\">Ritchie e Pato Fu &#8211; POPBRASIL 2026<\/a><\/h4>\r\n                                <p class=\"mec-grid-event-location\">Qualistage, Av. Ayrton Senna, 3000, 22775-003 Rio de Janeiro<\/p>\r\n                                                                            <\/div>\r\n            <div class=\"mec-event-footer\">\r\n                                <ul class=\"mec-event-sharing-wrap\">\r\n                    <li class=\"mec-event-share\">\r\n                        <a href=\"#\" class=\"mec-event-share-icon\">\r\n                            <i class=\"mec-sl-share\" title=\"Share\"><\/i>\r\n                        <\/a>\r\n                    <\/li>\r\n                    <li>\r\n                        <ul class=\"mec-event-sharing\">\r\n                            <li class=\"mec-event-social-icon\"><a class=\"facebook\" href=\"https:\/\/www.facebook.com\/sharer\/sharer.php?u=https%3A%2F%2Fagendaculturalriodejaneiro.com%2Fen%2Fevents%2Fritchie-e-pato-fu-popbrasil-2026%2F\" onclick=\"javascript:window.open(this.href, &apos;&apos;, &apos;menubar=no,toolbar=no,resizable=yes,scrollbars=yes,height=500,width=600&apos;); return false;\" target=\"_blank\" title=\"Share on Facebook\"><i class=\"mec-fa-facebook\"><\/i><span class=\"mec-social-title\">Facebook<\/span><\/a><\/li><li class=\"mec-event-social-icon\"><a class=\"twitter\" href=\"https:\/\/x.com\/intent\/tweet?url=https%3A%2F%2Fagendaculturalriodejaneiro.com%2Fen%2Fevents%2Fritchie-e-pato-fu-popbrasil-2026%2F\" onclick=\"javascript:window.open(this.href, &apos;&apos;, &apos;menubar=no,toolbar=no,resizable=yes,scrollbars=yes,height=600,width=500&apos;); return false;\" target=\"_blank\" title=\"X Social Network\"><svg xmlns=\"http:\/\/www.w3.org\/2000\/svg\" viewbox=\"0 0 512 462.799\"><path d=\"M403.229 0h78.506L310.219 196.04 512 462.799H354.002L230.261 301.007 88.669 462.799h-78.56l183.455-209.683L0 0h161.999l111.856 147.88L403.229 0zm-27.556 415.805h43.505L138.363 44.527h-46.68l283.99 371.278z\" \/><\/svg><span class=\"mec-social-title\">Twitter<\/span><\/a><\/li><li class=\"mec-event-social-icon\"><a class=\"linkedin\" href=\"https:\/\/www.linkedin.com\/shareArticle?mini=true&amp;url=https%3A%2F%2Fagendaculturalriodejaneiro.com%2Fen%2Fevents%2Fritchie-e-pato-fu-popbrasil-2026%2F\" onclick=\"javascript:window.open(this.href, &apos;&apos;, &apos;menubar=no,toolbar=no,resizable=yes,scrollbars=yes,height=600,width=500&apos;); return false;\" target=\"_blank\" title=\"Linkedin\"><i class=\"mec-fa-linkedin\"><\/i><span class=\"mec-social-title\">Linkedin<\/span><\/a><\/li><li class=\"mec-event-social-icon\"><a class=\"email\" href=\"mailto:?subject=Ritchie%20e%20Pato%20Fu%20-%20POPBRASIL%202026&amp;body=https%3A%2F%2Fagendaculturalriodejaneiro.com%2Fen%2Fevents%2Fritchie-e-pato-fu-popbrasil-2026%2F\" title=\"Email\"><i class=\"mec-fa-envelope\"><\/i><span class=\"mec-social-title\">Email<\/span><\/a><\/li>                        <\/ul>\r\n                    <\/li>\r\n                <\/ul>\r\n                                                <a class=\"mec-booking-button\" data-event-id=\"52039\" href=\"https:\/\/agendaculturalriodejaneiro.com\/en\/events\/ritchie-e-pato-fu-popbrasil-2026\/\" target=\"_self\" rel=\"noopener\">Ver Detalhes<\/a>            <\/div>\r\n        <\/article><\/div><\/div>        <div class=\"row\"><div class=\"col-md-4 col-sm-4\"><article class=\" mec-event-article mec-clear  \">                                <div class=\"mec-event-image\"><a data-event-id=\"52528\" href=\"https:\/\/agendaculturalriodejaneiro.com\/en\/events\/rodrigo-ogi-e-nill-manual-para-nao-desaparecer\/\" target=\"_self\" rel=\"noopener\"><img loading=\"lazy\" decoding=\"async\" width=\"300\" height=\"171\" src=\"https:\/\/agendaculturalriodejaneiro.com\/wp-content\/uploads\/2026\/07\/nill-ogi-capasympla_1_djvuxl-300x171.png\" class=\"attachment-medium size-medium wp-post-image\" alt=\"\" data-mec-postid=\"52528\" \/><\/a><\/div>\r\n                        <div class=\"mec-event-content\">\r\n                                    <div class=\"mec-event-date mec-bg-color\">\r\n                        <span class=\"mec-start-date-label\">26 - 27 September 2026<\/span>                                                                    <\/div>\r\n                                                                <h4 class=\"mec-event-title\"><a class=\"mec-color-hover\" data-event-id=\"52528\" href=\"https:\/\/agendaculturalriodejaneiro.com\/en\/events\/rodrigo-ogi-e-nill-manual-para-nao-desaparecer\/\" target=\"_self\" rel=\"noopener\">Rodrigo Ogi e niLL &#8211; Manual Para N\u00e3o Desaparecer<\/a><\/h4>\r\n                                <p class=\"mec-grid-event-location\">Casa Savana, Rua Camerino, 162 - Centro, Rio de Janeiro - RJ, 20080-011, Brasil<\/p>\r\n                                                                            <\/div>\r\n            <div class=\"mec-event-footer\">\r\n                                <ul class=\"mec-event-sharing-wrap\">\r\n                    <li class=\"mec-event-share\">\r\n                        <a href=\"#\" class=\"mec-event-share-icon\">\r\n                            <i class=\"mec-sl-share\" title=\"Share\"><\/i>\r\n                        <\/a>\r\n                    <\/li>\r\n                    <li>\r\n                        <ul class=\"mec-event-sharing\">\r\n                            <li class=\"mec-event-social-icon\"><a class=\"facebook\" href=\"https:\/\/www.facebook.com\/sharer\/sharer.php?u=https%3A%2F%2Fagendaculturalriodejaneiro.com%2Fen%2Fevents%2Frodrigo-ogi-e-nill-manual-para-nao-desaparecer%2F\" onclick=\"javascript:window.open(this.href, &apos;&apos;, &apos;menubar=no,toolbar=no,resizable=yes,scrollbars=yes,height=500,width=600&apos;); return false;\" target=\"_blank\" title=\"Share on Facebook\"><i class=\"mec-fa-facebook\"><\/i><span class=\"mec-social-title\">Facebook<\/span><\/a><\/li><li class=\"mec-event-social-icon\"><a class=\"twitter\" href=\"https:\/\/x.com\/intent\/tweet?url=https%3A%2F%2Fagendaculturalriodejaneiro.com%2Fen%2Fevents%2Frodrigo-ogi-e-nill-manual-para-nao-desaparecer%2F\" onclick=\"javascript:window.open(this.href, &apos;&apos;, &apos;menubar=no,toolbar=no,resizable=yes,scrollbars=yes,height=600,width=500&apos;); return false;\" target=\"_blank\" title=\"X Social Network\"><svg xmlns=\"http:\/\/www.w3.org\/2000\/svg\" viewbox=\"0 0 512 462.799\"><path d=\"M403.229 0h78.506L310.219 196.04 512 462.799H354.002L230.261 301.007 88.669 462.799h-78.56l183.455-209.683L0 0h161.999l111.856 147.88L403.229 0zm-27.556 415.805h43.505L138.363 44.527h-46.68l283.99 371.278z\" \/><\/svg><span class=\"mec-social-title\">Twitter<\/span><\/a><\/li><li class=\"mec-event-social-icon\"><a class=\"linkedin\" href=\"https:\/\/www.linkedin.com\/shareArticle?mini=true&amp;url=https%3A%2F%2Fagendaculturalriodejaneiro.com%2Fen%2Fevents%2Frodrigo-ogi-e-nill-manual-para-nao-desaparecer%2F\" onclick=\"javascript:window.open(this.href, &apos;&apos;, &apos;menubar=no,toolbar=no,resizable=yes,scrollbars=yes,height=600,width=500&apos;); return false;\" target=\"_blank\" title=\"Linkedin\"><i class=\"mec-fa-linkedin\"><\/i><span class=\"mec-social-title\">Linkedin<\/span><\/a><\/li><li class=\"mec-event-social-icon\"><a class=\"email\" href=\"mailto:?subject=Rodrigo%20Ogi%20e%20niLL%20-%20Manual%20Para%20N%C3%A3o%20Desaparecer&amp;body=https%3A%2F%2Fagendaculturalriodejaneiro.com%2Fen%2Fevents%2Frodrigo-ogi-e-nill-manual-para-nao-desaparecer%2F\" title=\"Email\"><i class=\"mec-fa-envelope\"><\/i><span class=\"mec-social-title\">Email<\/span><\/a><\/li>                        <\/ul>\r\n                    <\/li>\r\n                <\/ul>\r\n                                                <a class=\"mec-booking-button\" data-event-id=\"52528\" href=\"https:\/\/agendaculturalriodejaneiro.com\/en\/events\/rodrigo-ogi-e-nill-manual-para-nao-desaparecer\/\" target=\"_self\" rel=\"noopener\">Ver Detalhes<\/a>            <\/div>\r\n        <\/article><\/div>                <div class=\"col-md-4 col-sm-4\"><article class=\" mec-event-article mec-clear  \">                                <div class=\"mec-event-image\"><a data-event-id=\"52151\" href=\"https:\/\/agendaculturalriodejaneiro.com\/en\/events\/nfl-rio-game-2026-baltimore-ravens-vs-dallas-cowboys\/\" target=\"_self\" rel=\"noopener\"><img loading=\"lazy\" decoding=\"async\" width=\"300\" height=\"113\" src=\"https:\/\/agendaculturalriodejaneiro.com\/wp-content\/uploads\/2026\/07\/b3181c3c-6d6a-40ad-b0fc-ee76a3930a9a-nflrjgameok1920x720-300x113.gif\" class=\"attachment-medium size-medium wp-post-image\" alt=\"\" data-mec-postid=\"52151\" \/><\/a><\/div>\r\n                        <div class=\"mec-event-content\">\r\n                                    <div class=\"mec-event-date mec-bg-color\">\r\n                        <span class=\"mec-start-date-label\">27 September 2026<\/span>                                                                    <\/div>\r\n                                                                <h4 class=\"mec-event-title\"><a class=\"mec-color-hover\" data-event-id=\"52151\" href=\"https:\/\/agendaculturalriodejaneiro.com\/en\/events\/nfl-rio-game-2026-baltimore-ravens-vs-dallas-cowboys\/\" target=\"_self\" rel=\"noopener\">NFL Rio Game 2026: Baltimore Ravens vs. Dallas Cowboys<\/a><\/h4>\r\n                                <p class=\"mec-grid-event-location\">Est\u00e1dio do Maracan\u00e3, Av. Pres. Castelo Branco, Port\u00e3o 3 - Maracan\u00e3, Rio de Janeiro - RJ, 20271-130, Brasil<\/p>\r\n                                                                            <\/div>\r\n            <div class=\"mec-event-footer\">\r\n                                <ul class=\"mec-event-sharing-wrap\">\r\n                    <li class=\"mec-event-share\">\r\n                        <a href=\"#\" class=\"mec-event-share-icon\">\r\n                            <i class=\"mec-sl-share\" title=\"Share\"><\/i>\r\n                        <\/a>\r\n                    <\/li>\r\n                    <li>\r\n                        <ul class=\"mec-event-sharing\">\r\n                            <li class=\"mec-event-social-icon\"><a class=\"facebook\" href=\"https:\/\/www.facebook.com\/sharer\/sharer.php?u=https%3A%2F%2Fagendaculturalriodejaneiro.com%2Fen%2Fevents%2Fnfl-rio-game-2026-baltimore-ravens-vs-dallas-cowboys%2F\" onclick=\"javascript:window.open(this.href, &apos;&apos;, &apos;menubar=no,toolbar=no,resizable=yes,scrollbars=yes,height=500,width=600&apos;); return false;\" target=\"_blank\" title=\"Share on Facebook\"><i class=\"mec-fa-facebook\"><\/i><span class=\"mec-social-title\">Facebook<\/span><\/a><\/li><li class=\"mec-event-social-icon\"><a class=\"twitter\" href=\"https:\/\/x.com\/intent\/tweet?url=https%3A%2F%2Fagendaculturalriodejaneiro.com%2Fen%2Fevents%2Fnfl-rio-game-2026-baltimore-ravens-vs-dallas-cowboys%2F\" onclick=\"javascript:window.open(this.href, &apos;&apos;, &apos;menubar=no,toolbar=no,resizable=yes,scrollbars=yes,height=600,width=500&apos;); return false;\" target=\"_blank\" title=\"X Social Network\"><svg xmlns=\"http:\/\/www.w3.org\/2000\/svg\" viewbox=\"0 0 512 462.799\"><path d=\"M403.229 0h78.506L310.219 196.04 512 462.799H354.002L230.261 301.007 88.669 462.799h-78.56l183.455-209.683L0 0h161.999l111.856 147.88L403.229 0zm-27.556 415.805h43.505L138.363 44.527h-46.68l283.99 371.278z\" \/><\/svg><span class=\"mec-social-title\">Twitter<\/span><\/a><\/li><li class=\"mec-event-social-icon\"><a class=\"linkedin\" href=\"https:\/\/www.linkedin.com\/shareArticle?mini=true&amp;url=https%3A%2F%2Fagendaculturalriodejaneiro.com%2Fen%2Fevents%2Fnfl-rio-game-2026-baltimore-ravens-vs-dallas-cowboys%2F\" onclick=\"javascript:window.open(this.href, &apos;&apos;, &apos;menubar=no,toolbar=no,resizable=yes,scrollbars=yes,height=600,width=500&apos;); return false;\" target=\"_blank\" title=\"Linkedin\"><i class=\"mec-fa-linkedin\"><\/i><span class=\"mec-social-title\">Linkedin<\/span><\/a><\/li><li class=\"mec-event-social-icon\"><a class=\"email\" href=\"mailto:?subject=NFL%20Rio%20Game%202026%3A%20Baltimore%20Ravens%20vs.%20Dallas%20Cowboys&amp;body=https%3A%2F%2Fagendaculturalriodejaneiro.com%2Fen%2Fevents%2Fnfl-rio-game-2026-baltimore-ravens-vs-dallas-cowboys%2F\" title=\"Email\"><i class=\"mec-fa-envelope\"><\/i><span class=\"mec-social-title\">Email<\/span><\/a><\/li>                        <\/ul>\r\n                    <\/li>\r\n                <\/ul>\r\n                                                <a class=\"mec-booking-button\" data-event-id=\"52151\" href=\"https:\/\/agendaculturalriodejaneiro.com\/en\/events\/nfl-rio-game-2026-baltimore-ravens-vs-dallas-cowboys\/\" target=\"_self\" rel=\"noopener\">Ver Detalhes<\/a>            <\/div>\r\n        <\/article><\/div>        <div class=\"col-md-4 col-sm-4\"><article class=\" mec-event-article mec-clear  \">                                <div class=\"mec-event-image\"><a data-event-id=\"51008\" href=\"https:\/\/agendaculturalriodejaneiro.com\/en\/events\/candlelight-homenageia-phil-collins-no-teatro-copacabana-palace\/\" target=\"_self\" rel=\"noopener\"><img loading=\"lazy\" decoding=\"async\" width=\"300\" height=\"300\" src=\"https:\/\/agendaculturalriodejaneiro.com\/wp-content\/uploads\/2026\/06\/be8df194-1aa8-11f0-996c-caa78636736f-300x300.jpg\" class=\"attachment-medium size-medium wp-post-image\" alt=\"\" data-mec-postid=\"51008\" \/><\/a><\/div>\r\n                        <div class=\"mec-event-content\">\r\n                                    <div class=\"mec-event-date mec-bg-color\">\r\n                        <span class=\"mec-start-date-label\">27 - 28 September 2026<\/span>                                                                    <\/div>\r\n                                                                <h4 class=\"mec-event-title\"><a class=\"mec-color-hover\" data-event-id=\"51008\" href=\"https:\/\/agendaculturalriodejaneiro.com\/en\/events\/candlelight-homenageia-phil-collins-no-teatro-copacabana-palace\/\" target=\"_self\" rel=\"noopener\">Candlelight homenageia Phil Collins no Teatro Copacabana Palace<\/a><\/h4>\r\n                                <p class=\"mec-grid-event-location\">Teatro Copacabana Palace, Rio de Janeiro<\/p>\r\n                                                                            <\/div>\r\n            <div class=\"mec-event-footer\">\r\n                                <ul class=\"mec-event-sharing-wrap\">\r\n                    <li class=\"mec-event-share\">\r\n                        <a href=\"#\" class=\"mec-event-share-icon\">\r\n                            <i class=\"mec-sl-share\" title=\"Share\"><\/i>\r\n                        <\/a>\r\n                    <\/li>\r\n                    <li>\r\n                        <ul class=\"mec-event-sharing\">\r\n                            <li class=\"mec-event-social-icon\"><a class=\"facebook\" href=\"https:\/\/www.facebook.com\/sharer\/sharer.php?u=https%3A%2F%2Fagendaculturalriodejaneiro.com%2Fen%2Fevents%2Fcandlelight-homenageia-phil-collins-no-teatro-copacabana-palace%2F\" onclick=\"javascript:window.open(this.href, &apos;&apos;, &apos;menubar=no,toolbar=no,resizable=yes,scrollbars=yes,height=500,width=600&apos;); return false;\" target=\"_blank\" title=\"Share on Facebook\"><i class=\"mec-fa-facebook\"><\/i><span class=\"mec-social-title\">Facebook<\/span><\/a><\/li><li class=\"mec-event-social-icon\"><a class=\"twitter\" href=\"https:\/\/x.com\/intent\/tweet?url=https%3A%2F%2Fagendaculturalriodejaneiro.com%2Fen%2Fevents%2Fcandlelight-homenageia-phil-collins-no-teatro-copacabana-palace%2F\" onclick=\"javascript:window.open(this.href, &apos;&apos;, &apos;menubar=no,toolbar=no,resizable=yes,scrollbars=yes,height=600,width=500&apos;); return false;\" target=\"_blank\" title=\"X Social Network\"><svg xmlns=\"http:\/\/www.w3.org\/2000\/svg\" viewbox=\"0 0 512 462.799\"><path d=\"M403.229 0h78.506L310.219 196.04 512 462.799H354.002L230.261 301.007 88.669 462.799h-78.56l183.455-209.683L0 0h161.999l111.856 147.88L403.229 0zm-27.556 415.805h43.505L138.363 44.527h-46.68l283.99 371.278z\" \/><\/svg><span class=\"mec-social-title\">Twitter<\/span><\/a><\/li><li class=\"mec-event-social-icon\"><a class=\"linkedin\" href=\"https:\/\/www.linkedin.com\/shareArticle?mini=true&amp;url=https%3A%2F%2Fagendaculturalriodejaneiro.com%2Fen%2Fevents%2Fcandlelight-homenageia-phil-collins-no-teatro-copacabana-palace%2F\" onclick=\"javascript:window.open(this.href, &apos;&apos;, &apos;menubar=no,toolbar=no,resizable=yes,scrollbars=yes,height=600,width=500&apos;); return false;\" target=\"_blank\" title=\"Linkedin\"><i class=\"mec-fa-linkedin\"><\/i><span class=\"mec-social-title\">Linkedin<\/span><\/a><\/li><li class=\"mec-event-social-icon\"><a class=\"email\" href=\"mailto:?subject=Candlelight%20homenageia%20Phil%20Collins%20no%20Teatro%20Copacabana%20Palace&amp;body=https%3A%2F%2Fagendaculturalriodejaneiro.com%2Fen%2Fevents%2Fcandlelight-homenageia-phil-collins-no-teatro-copacabana-palace%2F\" title=\"Email\"><i class=\"mec-fa-envelope\"><\/i><span class=\"mec-social-title\">Email<\/span><\/a><\/li>                        <\/ul>\r\n                    <\/li>\r\n                <\/ul>\r\n                                                <a class=\"mec-booking-button\" data-event-id=\"51008\" href=\"https:\/\/agendaculturalriodejaneiro.com\/en\/events\/candlelight-homenageia-phil-collins-no-teatro-copacabana-palace\/\" target=\"_self\" rel=\"noopener\">Ver Detalhes<\/a>            <\/div>\r\n        <\/article><\/div><\/div>                <div class=\"row\"><div class=\"col-md-4 col-sm-4\"><article class=\" mec-event-article mec-clear  \">                                <div class=\"mec-event-image\"><a data-event-id=\"50955\" href=\"https:\/\/agendaculturalriodejaneiro.com\/en\/events\/the-jury-experience-coloca-o-publico-no-centro-de-um-julgamento-sobre-inteligencia-artificial\/\" target=\"_self\" rel=\"noopener\"><img loading=\"lazy\" decoding=\"async\" width=\"300\" height=\"217\" src=\"https:\/\/agendaculturalriodejaneiro.com\/wp-content\/uploads\/2026\/06\/f9ecd48a-26d7-11f1-b81d-fa31ec36ed6c-300x217.jpg\" class=\"attachment-medium size-medium wp-post-image\" alt=\"\" data-mec-postid=\"50955\" \/><\/a><\/div>\r\n                        <div class=\"mec-event-content\">\r\n                                    <div class=\"mec-event-date mec-bg-color\">\r\n                        <span class=\"mec-start-date-label\">03 October 2026<\/span>                                                                    <\/div>\r\n                                                                <h4 class=\"mec-event-title\"><a class=\"mec-color-hover\" data-event-id=\"50955\" href=\"https:\/\/agendaculturalriodejaneiro.com\/en\/events\/the-jury-experience-coloca-o-publico-no-centro-de-um-julgamento-sobre-inteligencia-artificial\/\" target=\"_self\" rel=\"noopener\">The Jury Experience coloca o p\u00fablico no centro de um julgamento sobre intelig\u00eancia artificial<\/a><\/h4>\r\n                                <p class=\"mec-grid-event-location\">Teatro Fashion Mall, Estr. da G\u00e1vea, 899 - S\u00e3o Conrado, Rio de Janeiro - RJ, 22610-001, Brasil<\/p>\r\n                                                                            <\/div>\r\n            <div class=\"mec-event-footer\">\r\n                                <ul class=\"mec-event-sharing-wrap\">\r\n                    <li class=\"mec-event-share\">\r\n                        <a href=\"#\" class=\"mec-event-share-icon\">\r\n                            <i class=\"mec-sl-share\" title=\"Share\"><\/i>\r\n                        <\/a>\r\n                    <\/li>\r\n                    <li>\r\n                        <ul class=\"mec-event-sharing\">\r\n                            <li class=\"mec-event-social-icon\"><a class=\"facebook\" href=\"https:\/\/www.facebook.com\/sharer\/sharer.php?u=https%3A%2F%2Fagendaculturalriodejaneiro.com%2Fen%2Fevents%2Fthe-jury-experience-coloca-o-publico-no-centro-de-um-julgamento-sobre-inteligencia-artificial%2F\" onclick=\"javascript:window.open(this.href, &apos;&apos;, &apos;menubar=no,toolbar=no,resizable=yes,scrollbars=yes,height=500,width=600&apos;); return false;\" target=\"_blank\" title=\"Share on Facebook\"><i class=\"mec-fa-facebook\"><\/i><span class=\"mec-social-title\">Facebook<\/span><\/a><\/li><li class=\"mec-event-social-icon\"><a class=\"twitter\" href=\"https:\/\/x.com\/intent\/tweet?url=https%3A%2F%2Fagendaculturalriodejaneiro.com%2Fen%2Fevents%2Fthe-jury-experience-coloca-o-publico-no-centro-de-um-julgamento-sobre-inteligencia-artificial%2F\" onclick=\"javascript:window.open(this.href, &apos;&apos;, &apos;menubar=no,toolbar=no,resizable=yes,scrollbars=yes,height=600,width=500&apos;); return false;\" target=\"_blank\" title=\"X Social Network\"><svg xmlns=\"http:\/\/www.w3.org\/2000\/svg\" viewbox=\"0 0 512 462.799\"><path d=\"M403.229 0h78.506L310.219 196.04 512 462.799H354.002L230.261 301.007 88.669 462.799h-78.56l183.455-209.683L0 0h161.999l111.856 147.88L403.229 0zm-27.556 415.805h43.505L138.363 44.527h-46.68l283.99 371.278z\" \/><\/svg><span class=\"mec-social-title\">Twitter<\/span><\/a><\/li><li class=\"mec-event-social-icon\"><a class=\"linkedin\" href=\"https:\/\/www.linkedin.com\/shareArticle?mini=true&amp;url=https%3A%2F%2Fagendaculturalriodejaneiro.com%2Fen%2Fevents%2Fthe-jury-experience-coloca-o-publico-no-centro-de-um-julgamento-sobre-inteligencia-artificial%2F\" onclick=\"javascript:window.open(this.href, &apos;&apos;, &apos;menubar=no,toolbar=no,resizable=yes,scrollbars=yes,height=600,width=500&apos;); return false;\" target=\"_blank\" title=\"Linkedin\"><i class=\"mec-fa-linkedin\"><\/i><span class=\"mec-social-title\">Linkedin<\/span><\/a><\/li><li class=\"mec-event-social-icon\"><a class=\"email\" href=\"mailto:?subject=The%20Jury%20Experience%20coloca%20o%20p%C3%BAblico%20no%20centro%20de%20um%20julgamento%20sobre%20intelig%C3%AAncia%20artificial&amp;body=https%3A%2F%2Fagendaculturalriodejaneiro.com%2Fen%2Fevents%2Fthe-jury-experience-coloca-o-publico-no-centro-de-um-julgamento-sobre-inteligencia-artificial%2F\" title=\"Email\"><i class=\"mec-fa-envelope\"><\/i><span class=\"mec-social-title\">Email<\/span><\/a><\/li>                        <\/ul>\r\n                    <\/li>\r\n                <\/ul>\r\n                                                <a class=\"mec-booking-button\" data-event-id=\"50955\" href=\"https:\/\/agendaculturalriodejaneiro.com\/en\/events\/the-jury-experience-coloca-o-publico-no-centro-de-um-julgamento-sobre-inteligencia-artificial\/\" target=\"_self\" rel=\"noopener\">Ver Detalhes<\/a>            <\/div>\r\n        <\/article><\/div>        <div class=\"col-md-4 col-sm-4\"><article class=\" mec-event-article mec-clear  \">                                <div class=\"mec-event-image\"><a data-event-id=\"50676\" href=\"https:\/\/agendaculturalriodejaneiro.com\/en\/events\/marina-sena-apresenta-show-no-vivo-rio-em-outubro\/\" target=\"_self\" rel=\"noopener\"><img loading=\"lazy\" decoding=\"async\" width=\"300\" height=\"300\" src=\"https:\/\/agendaculturalriodejaneiro.com\/wp-content\/uploads\/2026\/06\/Marina-Sena-leva-o-Village-2026-ao-Jockey-Club-Brasileiro.webp\" class=\"attachment-medium size-medium wp-post-image\" alt=\"Marina Sena leva o Village 2026 ao Jockey Club Brasileiro\" data-mec-postid=\"50676\" \/><\/a><\/div>\r\n                        <div class=\"mec-event-content\">\r\n                                    <div class=\"mec-event-date mec-bg-color\">\r\n                        <span class=\"mec-start-date-label\">03 October 2026<\/span>                                                                    <\/div>\r\n                                                                <h4 class=\"mec-event-title\"><a class=\"mec-color-hover\" data-event-id=\"50676\" href=\"https:\/\/agendaculturalriodejaneiro.com\/en\/events\/marina-sena-apresenta-show-no-vivo-rio-em-outubro\/\" target=\"_self\" rel=\"noopener\">Marina Sena apresenta show no Vivo Rio em outubro<\/a><\/h4>\r\n                                <p class=\"mec-grid-event-location\">Vivo Rio, Av. Infante Dom Henrique, 85 - Parque do Flamengo, Rio de Janeiro - RJ, 20021-140, Brasil<\/p>\r\n                                                                            <\/div>\r\n            <div class=\"mec-event-footer\">\r\n                                <ul class=\"mec-event-sharing-wrap\">\r\n                    <li class=\"mec-event-share\">\r\n                        <a href=\"#\" class=\"mec-event-share-icon\">\r\n                            <i class=\"mec-sl-share\" title=\"Share\"><\/i>\r\n                        <\/a>\r\n                    <\/li>\r\n                    <li>\r\n                        <ul class=\"mec-event-sharing\">\r\n                            <li class=\"mec-event-social-icon\"><a class=\"facebook\" href=\"https:\/\/www.facebook.com\/sharer\/sharer.php?u=https%3A%2F%2Fagendaculturalriodejaneiro.com%2Fen%2Fevents%2Fmarina-sena-apresenta-show-no-vivo-rio-em-outubro%2F\" onclick=\"javascript:window.open(this.href, &apos;&apos;, &apos;menubar=no,toolbar=no,resizable=yes,scrollbars=yes,height=500,width=600&apos;); return false;\" target=\"_blank\" title=\"Share on Facebook\"><i class=\"mec-fa-facebook\"><\/i><span class=\"mec-social-title\">Facebook<\/span><\/a><\/li><li class=\"mec-event-social-icon\"><a class=\"twitter\" href=\"https:\/\/x.com\/intent\/tweet?url=https%3A%2F%2Fagendaculturalriodejaneiro.com%2Fen%2Fevents%2Fmarina-sena-apresenta-show-no-vivo-rio-em-outubro%2F\" onclick=\"javascript:window.open(this.href, &apos;&apos;, &apos;menubar=no,toolbar=no,resizable=yes,scrollbars=yes,height=600,width=500&apos;); return false;\" target=\"_blank\" title=\"X Social Network\"><svg xmlns=\"http:\/\/www.w3.org\/2000\/svg\" viewbox=\"0 0 512 462.799\"><path d=\"M403.229 0h78.506L310.219 196.04 512 462.799H354.002L230.261 301.007 88.669 462.799h-78.56l183.455-209.683L0 0h161.999l111.856 147.88L403.229 0zm-27.556 415.805h43.505L138.363 44.527h-46.68l283.99 371.278z\" \/><\/svg><span class=\"mec-social-title\">Twitter<\/span><\/a><\/li><li class=\"mec-event-social-icon\"><a class=\"linkedin\" href=\"https:\/\/www.linkedin.com\/shareArticle?mini=true&amp;url=https%3A%2F%2Fagendaculturalriodejaneiro.com%2Fen%2Fevents%2Fmarina-sena-apresenta-show-no-vivo-rio-em-outubro%2F\" onclick=\"javascript:window.open(this.href, &apos;&apos;, &apos;menubar=no,toolbar=no,resizable=yes,scrollbars=yes,height=600,width=500&apos;); return false;\" target=\"_blank\" title=\"Linkedin\"><i class=\"mec-fa-linkedin\"><\/i><span class=\"mec-social-title\">Linkedin<\/span><\/a><\/li><li class=\"mec-event-social-icon\"><a class=\"email\" href=\"mailto:?subject=Marina%20Sena%20apresenta%20show%20no%20Vivo%20Rio%20em%20outubro&amp;body=https%3A%2F%2Fagendaculturalriodejaneiro.com%2Fen%2Fevents%2Fmarina-sena-apresenta-show-no-vivo-rio-em-outubro%2F\" title=\"Email\"><i class=\"mec-fa-envelope\"><\/i><span class=\"mec-social-title\">Email<\/span><\/a><\/li>                        <\/ul>\r\n                    <\/li>\r\n                <\/ul>\r\n                                                <a class=\"mec-booking-button\" data-event-id=\"50676\" href=\"https:\/\/agendaculturalriodejaneiro.com\/en\/events\/marina-sena-apresenta-show-no-vivo-rio-em-outubro\/\" target=\"_self\" rel=\"noopener\">Ver Detalhes<\/a>            <\/div>\r\n        <\/article><\/div>        <div class=\"col-md-4 col-sm-4\"><article class=\" mec-event-article mec-clear  \">                                <div class=\"mec-event-image\"><a data-event-id=\"52927\" href=\"https:\/\/agendaculturalriodejaneiro.com\/en\/events\/toque-dez-e-netto-brito-na-via-music-hall-dois-shows-de-arrocha-na-mesma-noite\/\" target=\"_self\" rel=\"noopener\"><img loading=\"lazy\" decoding=\"async\" width=\"300\" height=\"300\" src=\"https:\/\/agendaculturalriodejaneiro.com\/wp-content\/uploads\/2026\/08\/24431798-300x300.webp\" class=\"attachment-medium size-medium wp-post-image\" alt=\"\" data-mec-postid=\"52927\" \/><\/a><\/div>\r\n                        <div class=\"mec-event-content\">\r\n                                    <div class=\"mec-event-date mec-bg-color\">\r\n                        <span class=\"mec-start-date-label\">03 October 2026<\/span>                                                                    <\/div>\r\n                                                                <h4 class=\"mec-event-title\"><a class=\"mec-color-hover\" data-event-id=\"52927\" href=\"https:\/\/agendaculturalriodejaneiro.com\/en\/events\/toque-dez-e-netto-brito-na-via-music-hall-dois-shows-de-arrocha-na-mesma-noite\/\" target=\"_self\" rel=\"noopener\">Toque Dez e Netto Brito na Via Music Hall: dois shows de arrocha na mesma noite<\/a><\/h4>\r\n                                <p class=\"mec-grid-event-location\">Via Music Hall, Rod. Pres. Dutra, 4200 - Parque Barreto, S\u00e3o Jo\u00e3o de Meriti - RJ, 25586-140, Brasil<\/p>\r\n                                                                            <\/div>\r\n            <div class=\"mec-event-footer\">\r\n                                <ul class=\"mec-event-sharing-wrap\">\r\n                    <li class=\"mec-event-share\">\r\n                        <a href=\"#\" class=\"mec-event-share-icon\">\r\n                            <i class=\"mec-sl-share\" title=\"Share\"><\/i>\r\n                        <\/a>\r\n                    <\/li>\r\n                    <li>\r\n                        <ul class=\"mec-event-sharing\">\r\n                            <li class=\"mec-event-social-icon\"><a class=\"facebook\" href=\"https:\/\/www.facebook.com\/sharer\/sharer.php?u=https%3A%2F%2Fagendaculturalriodejaneiro.com%2Fen%2Fevents%2Ftoque-dez-e-netto-brito-na-via-music-hall-dois-shows-de-arrocha-na-mesma-noite%2F\" onclick=\"javascript:window.open(this.href, &apos;&apos;, &apos;menubar=no,toolbar=no,resizable=yes,scrollbars=yes,height=500,width=600&apos;); return false;\" target=\"_blank\" title=\"Share on Facebook\"><i class=\"mec-fa-facebook\"><\/i><span class=\"mec-social-title\">Facebook<\/span><\/a><\/li><li class=\"mec-event-social-icon\"><a class=\"twitter\" href=\"https:\/\/x.com\/intent\/tweet?url=https%3A%2F%2Fagendaculturalriodejaneiro.com%2Fen%2Fevents%2Ftoque-dez-e-netto-brito-na-via-music-hall-dois-shows-de-arrocha-na-mesma-noite%2F\" onclick=\"javascript:window.open(this.href, &apos;&apos;, &apos;menubar=no,toolbar=no,resizable=yes,scrollbars=yes,height=600,width=500&apos;); return false;\" target=\"_blank\" title=\"X Social Network\"><svg xmlns=\"http:\/\/www.w3.org\/2000\/svg\" viewbox=\"0 0 512 462.799\"><path d=\"M403.229 0h78.506L310.219 196.04 512 462.799H354.002L230.261 301.007 88.669 462.799h-78.56l183.455-209.683L0 0h161.999l111.856 147.88L403.229 0zm-27.556 415.805h43.505L138.363 44.527h-46.68l283.99 371.278z\" \/><\/svg><span class=\"mec-social-title\">Twitter<\/span><\/a><\/li><li class=\"mec-event-social-icon\"><a class=\"linkedin\" href=\"https:\/\/www.linkedin.com\/shareArticle?mini=true&amp;url=https%3A%2F%2Fagendaculturalriodejaneiro.com%2Fen%2Fevents%2Ftoque-dez-e-netto-brito-na-via-music-hall-dois-shows-de-arrocha-na-mesma-noite%2F\" onclick=\"javascript:window.open(this.href, &apos;&apos;, &apos;menubar=no,toolbar=no,resizable=yes,scrollbars=yes,height=600,width=500&apos;); return false;\" target=\"_blank\" title=\"Linkedin\"><i class=\"mec-fa-linkedin\"><\/i><span class=\"mec-social-title\">Linkedin<\/span><\/a><\/li><li class=\"mec-event-social-icon\"><a class=\"email\" href=\"mailto:?subject=Toque%20Dez%20e%20Netto%20Brito%20na%20Via%20Music%20Hall%3A%20dois%20shows%20de%20arrocha%20na%20mesma%20noite&amp;body=https%3A%2F%2Fagendaculturalriodejaneiro.com%2Fen%2Fevents%2Ftoque-dez-e-netto-brito-na-via-music-hall-dois-shows-de-arrocha-na-mesma-noite%2F\" title=\"Email\"><i class=\"mec-fa-envelope\"><\/i><span class=\"mec-social-title\">Email<\/span><\/a><\/li>                        <\/ul>\r\n                    <\/li>\r\n                <\/ul>\r\n                                                <a class=\"mec-booking-button\" data-event-id=\"52927\" href=\"https:\/\/agendaculturalriodejaneiro.com\/en\/events\/toque-dez-e-netto-brito-na-via-music-hall-dois-shows-de-arrocha-na-mesma-noite\/\" target=\"_self\" rel=\"noopener\">Ver Detalhes<\/a>            <\/div>\r\n        <\/article><\/div><\/div>        <div class=\"row\"><div class=\"col-md-4 col-sm-4\"><article class=\" mec-event-article mec-clear  \">                                <div class=\"mec-event-image\"><a data-event-id=\"52042\" href=\"https:\/\/agendaculturalriodejaneiro.com\/en\/events\/joelma-festival-calypsoul\/\" target=\"_self\" rel=\"noopener\"><img loading=\"lazy\" decoding=\"async\" width=\"300\" height=\"113\" src=\"https:\/\/agendaculturalriodejaneiro.com\/wp-content\/uploads\/2026\/07\/Joelma-Festival-Calypsoul-300x113.jpg\" class=\"attachment-medium size-medium wp-post-image\" alt=\"Joelma - Festival Calypsoul\" data-mec-postid=\"52042\" \/><\/a><\/div>\r\n                        <div class=\"mec-event-content\">\r\n                                    <div class=\"mec-event-date mec-bg-color\">\r\n                        <span class=\"mec-start-date-label\">03 October 2026<\/span>                                                                    <\/div>\r\n                                                                <h4 class=\"mec-event-title\"><a class=\"mec-color-hover\" data-event-id=\"52042\" href=\"https:\/\/agendaculturalriodejaneiro.com\/en\/events\/joelma-festival-calypsoul\/\" target=\"_self\" rel=\"noopener\">Joelma &#8211; Festival Calypsoul<\/a><\/h4>\r\n                                <p class=\"mec-grid-event-location\">Qualistage, Av. Ayrton Senna, 3000, 22775-003 Rio de Janeiro<\/p>\r\n                                                                            <\/div>\r\n            <div class=\"mec-event-footer\">\r\n                                <ul class=\"mec-event-sharing-wrap\">\r\n                    <li class=\"mec-event-share\">\r\n                        <a href=\"#\" class=\"mec-event-share-icon\">\r\n                            <i class=\"mec-sl-share\" title=\"Share\"><\/i>\r\n                        <\/a>\r\n                    <\/li>\r\n                    <li>\r\n                        <ul class=\"mec-event-sharing\">\r\n                            <li class=\"mec-event-social-icon\"><a class=\"facebook\" href=\"https:\/\/www.facebook.com\/sharer\/sharer.php?u=https%3A%2F%2Fagendaculturalriodejaneiro.com%2Fen%2Fevents%2Fjoelma-festival-calypsoul%2F\" onclick=\"javascript:window.open(this.href, &apos;&apos;, &apos;menubar=no,toolbar=no,resizable=yes,scrollbars=yes,height=500,width=600&apos;); return false;\" target=\"_blank\" title=\"Share on Facebook\"><i class=\"mec-fa-facebook\"><\/i><span class=\"mec-social-title\">Facebook<\/span><\/a><\/li><li class=\"mec-event-social-icon\"><a class=\"twitter\" href=\"https:\/\/x.com\/intent\/tweet?url=https%3A%2F%2Fagendaculturalriodejaneiro.com%2Fen%2Fevents%2Fjoelma-festival-calypsoul%2F\" onclick=\"javascript:window.open(this.href, &apos;&apos;, &apos;menubar=no,toolbar=no,resizable=yes,scrollbars=yes,height=600,width=500&apos;); return false;\" target=\"_blank\" title=\"X Social Network\"><svg xmlns=\"http:\/\/www.w3.org\/2000\/svg\" viewbox=\"0 0 512 462.799\"><path d=\"M403.229 0h78.506L310.219 196.04 512 462.799H354.002L230.261 301.007 88.669 462.799h-78.56l183.455-209.683L0 0h161.999l111.856 147.88L403.229 0zm-27.556 415.805h43.505L138.363 44.527h-46.68l283.99 371.278z\" \/><\/svg><span class=\"mec-social-title\">Twitter<\/span><\/a><\/li><li class=\"mec-event-social-icon\"><a class=\"linkedin\" href=\"https:\/\/www.linkedin.com\/shareArticle?mini=true&amp;url=https%3A%2F%2Fagendaculturalriodejaneiro.com%2Fen%2Fevents%2Fjoelma-festival-calypsoul%2F\" onclick=\"javascript:window.open(this.href, &apos;&apos;, &apos;menubar=no,toolbar=no,resizable=yes,scrollbars=yes,height=600,width=500&apos;); return false;\" target=\"_blank\" title=\"Linkedin\"><i class=\"mec-fa-linkedin\"><\/i><span class=\"mec-social-title\">Linkedin<\/span><\/a><\/li><li class=\"mec-event-social-icon\"><a class=\"email\" href=\"mailto:?subject=Joelma%20-%20Festival%20Calypsoul&amp;body=https%3A%2F%2Fagendaculturalriodejaneiro.com%2Fen%2Fevents%2Fjoelma-festival-calypsoul%2F\" title=\"Email\"><i class=\"mec-fa-envelope\"><\/i><span class=\"mec-social-title\">Email<\/span><\/a><\/li>                        <\/ul>\r\n                    <\/li>\r\n                <\/ul>\r\n                                                <a class=\"mec-booking-button\" data-event-id=\"52042\" href=\"https:\/\/agendaculturalriodejaneiro.com\/en\/events\/joelma-festival-calypsoul\/\" target=\"_self\" rel=\"noopener\">Ver Detalhes<\/a>            <\/div>\r\n        <\/article><\/div>                <div class=\"col-md-4 col-sm-4\"><article class=\" mec-event-article mec-clear  \">                                <div class=\"mec-event-image\"><a data-event-id=\"48982\" href=\"https:\/\/agendaculturalriodejaneiro.com\/en\/events\/descalcos-no-parque-no-teatro-clara-nunes\/\" target=\"_self\" rel=\"noopener\"><img loading=\"lazy\" decoding=\"async\" width=\"300\" height=\"169\" src=\"https:\/\/agendaculturalriodejaneiro.com\/wp-content\/uploads\/2026\/04\/Descalcos-no-Parque-no-Teatro-Clara-Nunes-300x169.jpg\" class=\"attachment-medium size-medium wp-post-image\" alt=\"Descal\u00e7os no Parque no Teatro Clara Nunes\" data-mec-postid=\"48982\" \/><\/a><\/div>\r\n                        <div class=\"mec-event-content\">\r\n                                    <div class=\"mec-event-date mec-bg-color\">\r\n                        <span class=\"mec-start-date-label\">08 October 2026<\/span>                                                                    <\/div>\r\n                                                                <h4 class=\"mec-event-title\"><a class=\"mec-color-hover\" data-event-id=\"48982\" href=\"https:\/\/agendaculturalriodejaneiro.com\/en\/events\/descalcos-no-parque-no-teatro-clara-nunes\/\" target=\"_self\" rel=\"noopener\">Descal\u00e7os no Parque no Teatro Clara Nunes<\/a><\/h4>\r\n                                <p class=\"mec-grid-event-location\">Teatro Clara Nunes, Rua Marqu\u00eas de S\u00e3o Vicente - Loja 370, 53, Rio de Janeiro - Rio de Janeiro<\/p>\r\n                                                                            <\/div>\r\n            <div class=\"mec-event-footer\">\r\n                                <ul class=\"mec-event-sharing-wrap\">\r\n                    <li class=\"mec-event-share\">\r\n                        <a href=\"#\" class=\"mec-event-share-icon\">\r\n                            <i class=\"mec-sl-share\" title=\"Share\"><\/i>\r\n                        <\/a>\r\n                    <\/li>\r\n                    <li>\r\n                        <ul class=\"mec-event-sharing\">\r\n                            <li class=\"mec-event-social-icon\"><a class=\"facebook\" href=\"https:\/\/www.facebook.com\/sharer\/sharer.php?u=https%3A%2F%2Fagendaculturalriodejaneiro.com%2Fen%2Fevents%2Fdescalcos-no-parque-no-teatro-clara-nunes%2F\" onclick=\"javascript:window.open(this.href, &apos;&apos;, &apos;menubar=no,toolbar=no,resizable=yes,scrollbars=yes,height=500,width=600&apos;); return false;\" target=\"_blank\" title=\"Share on Facebook\"><i class=\"mec-fa-facebook\"><\/i><span class=\"mec-social-title\">Facebook<\/span><\/a><\/li><li class=\"mec-event-social-icon\"><a class=\"twitter\" href=\"https:\/\/x.com\/intent\/tweet?url=https%3A%2F%2Fagendaculturalriodejaneiro.com%2Fen%2Fevents%2Fdescalcos-no-parque-no-teatro-clara-nunes%2F\" onclick=\"javascript:window.open(this.href, &apos;&apos;, &apos;menubar=no,toolbar=no,resizable=yes,scrollbars=yes,height=600,width=500&apos;); return false;\" target=\"_blank\" title=\"X Social Network\"><svg xmlns=\"http:\/\/www.w3.org\/2000\/svg\" viewbox=\"0 0 512 462.799\"><path d=\"M403.229 0h78.506L310.219 196.04 512 462.799H354.002L230.261 301.007 88.669 462.799h-78.56l183.455-209.683L0 0h161.999l111.856 147.88L403.229 0zm-27.556 415.805h43.505L138.363 44.527h-46.68l283.99 371.278z\" \/><\/svg><span class=\"mec-social-title\">Twitter<\/span><\/a><\/li><li class=\"mec-event-social-icon\"><a class=\"linkedin\" href=\"https:\/\/www.linkedin.com\/shareArticle?mini=true&amp;url=https%3A%2F%2Fagendaculturalriodejaneiro.com%2Fen%2Fevents%2Fdescalcos-no-parque-no-teatro-clara-nunes%2F\" onclick=\"javascript:window.open(this.href, &apos;&apos;, &apos;menubar=no,toolbar=no,resizable=yes,scrollbars=yes,height=600,width=500&apos;); return false;\" target=\"_blank\" title=\"Linkedin\"><i class=\"mec-fa-linkedin\"><\/i><span class=\"mec-social-title\">Linkedin<\/span><\/a><\/li><li class=\"mec-event-social-icon\"><a class=\"email\" href=\"mailto:?subject=Descal%C3%A7os%20no%20Parque%20no%20Teatro%20Clara%20Nunes&amp;body=https%3A%2F%2Fagendaculturalriodejaneiro.com%2Fen%2Fevents%2Fdescalcos-no-parque-no-teatro-clara-nunes%2F\" title=\"Email\"><i class=\"mec-fa-envelope\"><\/i><span class=\"mec-social-title\">Email<\/span><\/a><\/li>                        <\/ul>\r\n                    <\/li>\r\n                <\/ul>\r\n                                                <a class=\"mec-booking-button\" data-event-id=\"48982\" href=\"https:\/\/agendaculturalriodejaneiro.com\/en\/events\/descalcos-no-parque-no-teatro-clara-nunes\/\" target=\"_self\" rel=\"noopener\">Ver Detalhes<\/a>            <\/div>\r\n        <\/article><\/div>                <div class=\"col-md-4 col-sm-4\"><article class=\" mec-event-article mec-clear  \">                                <div class=\"mec-event-image\"><a data-event-id=\"52530\" href=\"https:\/\/agendaculturalriodejaneiro.com\/en\/events\/10-10-winehaus-2026-grand-opening\/\" target=\"_self\" rel=\"noopener\"><img loading=\"lazy\" decoding=\"async\" width=\"225\" height=\"300\" src=\"https:\/\/agendaculturalriodejaneiro.com\/wp-content\/uploads\/2026\/07\/AAF36EC0-5F69-4B87-9840-D2118831EA87_b7rhtu-225x300.png\" class=\"attachment-medium size-medium wp-post-image\" alt=\"\" data-mec-postid=\"52530\" \/><\/a><\/div>\r\n                        <div class=\"mec-event-content\">\r\n                                    <div class=\"mec-event-date mec-bg-color\">\r\n                        <span class=\"mec-start-date-label\">10 October 2026<\/span>                                                                    <\/div>\r\n                                                                <h4 class=\"mec-event-title\"><a class=\"mec-color-hover\" data-event-id=\"52530\" href=\"https:\/\/agendaculturalriodejaneiro.com\/en\/events\/10-10-winehaus-2026-grand-opening\/\" target=\"_self\" rel=\"noopener\">10\/10 | Winehaus 2026 : Grand Opening<\/a><\/h4>\r\n                                <p class=\"mec-grid-event-location\">Local secreto em Santa Teresa, Rio de Janeiro - RJ, Brasil<\/p>\r\n                                                                            <\/div>\r\n            <div class=\"mec-event-footer\">\r\n                                <ul class=\"mec-event-sharing-wrap\">\r\n                    <li class=\"mec-event-share\">\r\n                        <a href=\"#\" class=\"mec-event-share-icon\">\r\n                            <i class=\"mec-sl-share\" title=\"Share\"><\/i>\r\n                        <\/a>\r\n                    <\/li>\r\n                    <li>\r\n                        <ul class=\"mec-event-sharing\">\r\n                            <li class=\"mec-event-social-icon\"><a class=\"facebook\" href=\"https:\/\/www.facebook.com\/sharer\/sharer.php?u=https%3A%2F%2Fagendaculturalriodejaneiro.com%2Fen%2Fevents%2F10-10-winehaus-2026-grand-opening%2F\" onclick=\"javascript:window.open(this.href, &apos;&apos;, &apos;menubar=no,toolbar=no,resizable=yes,scrollbars=yes,height=500,width=600&apos;); return false;\" target=\"_blank\" title=\"Share on Facebook\"><i class=\"mec-fa-facebook\"><\/i><span class=\"mec-social-title\">Facebook<\/span><\/a><\/li><li class=\"mec-event-social-icon\"><a class=\"twitter\" href=\"https:\/\/x.com\/intent\/tweet?url=https%3A%2F%2Fagendaculturalriodejaneiro.com%2Fen%2Fevents%2F10-10-winehaus-2026-grand-opening%2F\" onclick=\"javascript:window.open(this.href, &apos;&apos;, &apos;menubar=no,toolbar=no,resizable=yes,scrollbars=yes,height=600,width=500&apos;); return false;\" target=\"_blank\" title=\"X Social Network\"><svg xmlns=\"http:\/\/www.w3.org\/2000\/svg\" viewbox=\"0 0 512 462.799\"><path d=\"M403.229 0h78.506L310.219 196.04 512 462.799H354.002L230.261 301.007 88.669 462.799h-78.56l183.455-209.683L0 0h161.999l111.856 147.88L403.229 0zm-27.556 415.805h43.505L138.363 44.527h-46.68l283.99 371.278z\" \/><\/svg><span class=\"mec-social-title\">Twitter<\/span><\/a><\/li><li class=\"mec-event-social-icon\"><a class=\"linkedin\" href=\"https:\/\/www.linkedin.com\/shareArticle?mini=true&amp;url=https%3A%2F%2Fagendaculturalriodejaneiro.com%2Fen%2Fevents%2F10-10-winehaus-2026-grand-opening%2F\" onclick=\"javascript:window.open(this.href, &apos;&apos;, &apos;menubar=no,toolbar=no,resizable=yes,scrollbars=yes,height=600,width=500&apos;); return false;\" target=\"_blank\" title=\"Linkedin\"><i class=\"mec-fa-linkedin\"><\/i><span class=\"mec-social-title\">Linkedin<\/span><\/a><\/li><li class=\"mec-event-social-icon\"><a class=\"email\" href=\"mailto:?subject=10%2F10%20%7C%20Winehaus%202026%20%3A%20Grand%20Opening&amp;body=https%3A%2F%2Fagendaculturalriodejaneiro.com%2Fen%2Fevents%2F10-10-winehaus-2026-grand-opening%2F\" title=\"Email\"><i class=\"mec-fa-envelope\"><\/i><span class=\"mec-social-title\">Email<\/span><\/a><\/li>                        <\/ul>\r\n                    <\/li>\r\n                <\/ul>\r\n                                                <a class=\"mec-booking-button\" data-event-id=\"52530\" href=\"https:\/\/agendaculturalriodejaneiro.com\/en\/events\/10-10-winehaus-2026-grand-opening\/\" target=\"_self\" rel=\"noopener\">Ver Detalhes<\/a>            <\/div>\r\n        <\/article><\/div><\/div>        <div class=\"row\"><div class=\"col-md-4 col-sm-4\"><article class=\" mec-event-article mec-clear  \">                                <div class=\"mec-event-image\"><a data-event-id=\"51631\" href=\"https:\/\/agendaculturalriodejaneiro.com\/en\/events\/candlelight-tributo-a-pink-floyd-2\/\" target=\"_self\" rel=\"noopener\"><img loading=\"lazy\" decoding=\"async\" width=\"300\" height=\"217\" src=\"https:\/\/agendaculturalriodejaneiro.com\/wp-content\/uploads\/2026\/06\/cfdbde42-84a4-11ef-8bc4-82ef6208969a-300x217.jpg\" class=\"attachment-medium size-medium wp-post-image\" alt=\"\" data-mec-postid=\"51631\" \/><\/a><\/div>\r\n                        <div class=\"mec-event-content\">\r\n                                    <div class=\"mec-event-date mec-bg-color\">\r\n                        <span class=\"mec-start-date-label\">10 October 2026<\/span>                                                                    <\/div>\r\n                                                                <h4 class=\"mec-event-title\"><a class=\"mec-color-hover\" data-event-id=\"51631\" href=\"https:\/\/agendaculturalriodejaneiro.com\/en\/events\/candlelight-tributo-a-pink-floyd-2\/\" target=\"_self\" rel=\"noopener\">Candlelight: Tributo a Pink Floyd leva cl\u00e1ssicos do rock progressivo ao Museu do Amanh\u00e3<\/a><\/h4>\r\n                                <p class=\"mec-grid-event-location\">Museu do Amanh\u00e3, Pra\u00e7a Mau\u00e1, 1 - Centro, Rio de Janeiro - RJ, 20081-240, Brasil<\/p>\r\n                                                                            <\/div>\r\n            <div class=\"mec-event-footer\">\r\n                                <ul class=\"mec-event-sharing-wrap\">\r\n                    <li class=\"mec-event-share\">\r\n                        <a href=\"#\" class=\"mec-event-share-icon\">\r\n                            <i class=\"mec-sl-share\" title=\"Share\"><\/i>\r\n                        <\/a>\r\n                    <\/li>\r\n                    <li>\r\n                        <ul class=\"mec-event-sharing\">\r\n                            <li class=\"mec-event-social-icon\"><a class=\"facebook\" href=\"https:\/\/www.facebook.com\/sharer\/sharer.php?u=https%3A%2F%2Fagendaculturalriodejaneiro.com%2Fen%2Fevents%2Fcandlelight-tributo-a-pink-floyd-2%2F\" onclick=\"javascript:window.open(this.href, &apos;&apos;, &apos;menubar=no,toolbar=no,resizable=yes,scrollbars=yes,height=500,width=600&apos;); return false;\" target=\"_blank\" title=\"Share on Facebook\"><i class=\"mec-fa-facebook\"><\/i><span class=\"mec-social-title\">Facebook<\/span><\/a><\/li><li class=\"mec-event-social-icon\"><a class=\"twitter\" href=\"https:\/\/x.com\/intent\/tweet?url=https%3A%2F%2Fagendaculturalriodejaneiro.com%2Fen%2Fevents%2Fcandlelight-tributo-a-pink-floyd-2%2F\" onclick=\"javascript:window.open(this.href, &apos;&apos;, &apos;menubar=no,toolbar=no,resizable=yes,scrollbars=yes,height=600,width=500&apos;); return false;\" target=\"_blank\" title=\"X Social Network\"><svg xmlns=\"http:\/\/www.w3.org\/2000\/svg\" viewbox=\"0 0 512 462.799\"><path d=\"M403.229 0h78.506L310.219 196.04 512 462.799H354.002L230.261 301.007 88.669 462.799h-78.56l183.455-209.683L0 0h161.999l111.856 147.88L403.229 0zm-27.556 415.805h43.505L138.363 44.527h-46.68l283.99 371.278z\" \/><\/svg><span class=\"mec-social-title\">Twitter<\/span><\/a><\/li><li class=\"mec-event-social-icon\"><a class=\"linkedin\" href=\"https:\/\/www.linkedin.com\/shareArticle?mini=true&amp;url=https%3A%2F%2Fagendaculturalriodejaneiro.com%2Fen%2Fevents%2Fcandlelight-tributo-a-pink-floyd-2%2F\" onclick=\"javascript:window.open(this.href, &apos;&apos;, &apos;menubar=no,toolbar=no,resizable=yes,scrollbars=yes,height=600,width=500&apos;); return false;\" target=\"_blank\" title=\"Linkedin\"><i class=\"mec-fa-linkedin\"><\/i><span class=\"mec-social-title\">Linkedin<\/span><\/a><\/li><li class=\"mec-event-social-icon\"><a class=\"email\" href=\"mailto:?subject=Candlelight%3A%20Tributo%20a%20Pink%20Floyd%20leva%20cl%C3%A1ssicos%20do%20rock%20progressivo%20ao%20Museu%20do%20Amanh%C3%A3&amp;body=https%3A%2F%2Fagendaculturalriodejaneiro.com%2Fen%2Fevents%2Fcandlelight-tributo-a-pink-floyd-2%2F\" title=\"Email\"><i class=\"mec-fa-envelope\"><\/i><span class=\"mec-social-title\">Email<\/span><\/a><\/li>                        <\/ul>\r\n                    <\/li>\r\n                <\/ul>\r\n                                                <a class=\"mec-booking-button\" data-event-id=\"51631\" href=\"https:\/\/agendaculturalriodejaneiro.com\/en\/events\/candlelight-tributo-a-pink-floyd-2\/\" target=\"_self\" rel=\"noopener\">Ver Detalhes<\/a>            <\/div>\r\n        <\/article><\/div>        <div class=\"col-md-4 col-sm-4\"><article class=\" mec-event-article mec-clear  \">                                <div class=\"mec-event-image\"><a data-event-id=\"46337\" href=\"https:\/\/agendaculturalriodejaneiro.com\/en\/events\/rodrigo-teaser-tributo-ao-rei-do-pop-na-via-music-hall-2\/\" target=\"_self\" rel=\"noopener\"><img loading=\"lazy\" decoding=\"async\" width=\"300\" height=\"182\" src=\"https:\/\/agendaculturalriodejaneiro.com\/wp-content\/uploads\/2026\/01\/Rodrigo-Teaser-Tributo-ao-Rei-do-POP-na-VIA-MUSIC-HALL-300x182.jpg\" class=\"attachment-medium size-medium wp-post-image\" alt=\"Rodrigo Teaser - Tributo ao Rei do POP na VIA MUSIC HALL\" data-mec-postid=\"46337\" \/><\/a><\/div>\r\n                        <div class=\"mec-event-content\">\r\n                                    <div class=\"mec-event-date mec-bg-color\">\r\n                        <span class=\"mec-start-date-label\">10 October 2026<\/span>                                                                    <\/div>\r\n                                                                <h4 class=\"mec-event-title\"><a class=\"mec-color-hover\" data-event-id=\"46337\" href=\"https:\/\/agendaculturalriodejaneiro.com\/en\/events\/rodrigo-teaser-tributo-ao-rei-do-pop-na-via-music-hall-2\/\" target=\"_self\" rel=\"noopener\">Rodrigo Teaser &#8211; Tributo ao Rei do POP na VIA MUSIC HALL<\/a><\/h4>\r\n                                <p class=\"mec-grid-event-location\">Via Music Hall, Rod. Pres. Dutra, 4200 - Parque Barreto, S\u00e3o Jo\u00e3o de Meriti - RJ, 25586-140, Brasil<\/p>\r\n                                                                            <\/div>\r\n            <div class=\"mec-event-footer\">\r\n                                <ul class=\"mec-event-sharing-wrap\">\r\n                    <li class=\"mec-event-share\">\r\n                        <a href=\"#\" class=\"mec-event-share-icon\">\r\n                            <i class=\"mec-sl-share\" title=\"Share\"><\/i>\r\n                        <\/a>\r\n                    <\/li>\r\n                    <li>\r\n                        <ul class=\"mec-event-sharing\">\r\n                            <li class=\"mec-event-social-icon\"><a class=\"facebook\" href=\"https:\/\/www.facebook.com\/sharer\/sharer.php?u=https%3A%2F%2Fagendaculturalriodejaneiro.com%2Fen%2Fevents%2Frodrigo-teaser-tributo-ao-rei-do-pop-na-via-music-hall-2%2F\" onclick=\"javascript:window.open(this.href, &apos;&apos;, &apos;menubar=no,toolbar=no,resizable=yes,scrollbars=yes,height=500,width=600&apos;); return false;\" target=\"_blank\" title=\"Share on Facebook\"><i class=\"mec-fa-facebook\"><\/i><span class=\"mec-social-title\">Facebook<\/span><\/a><\/li><li class=\"mec-event-social-icon\"><a class=\"twitter\" href=\"https:\/\/x.com\/intent\/tweet?url=https%3A%2F%2Fagendaculturalriodejaneiro.com%2Fen%2Fevents%2Frodrigo-teaser-tributo-ao-rei-do-pop-na-via-music-hall-2%2F\" onclick=\"javascript:window.open(this.href, &apos;&apos;, &apos;menubar=no,toolbar=no,resizable=yes,scrollbars=yes,height=600,width=500&apos;); return false;\" target=\"_blank\" title=\"X Social Network\"><svg xmlns=\"http:\/\/www.w3.org\/2000\/svg\" viewbox=\"0 0 512 462.799\"><path d=\"M403.229 0h78.506L310.219 196.04 512 462.799H354.002L230.261 301.007 88.669 462.799h-78.56l183.455-209.683L0 0h161.999l111.856 147.88L403.229 0zm-27.556 415.805h43.505L138.363 44.527h-46.68l283.99 371.278z\" \/><\/svg><span class=\"mec-social-title\">Twitter<\/span><\/a><\/li><li class=\"mec-event-social-icon\"><a class=\"linkedin\" href=\"https:\/\/www.linkedin.com\/shareArticle?mini=true&amp;url=https%3A%2F%2Fagendaculturalriodejaneiro.com%2Fen%2Fevents%2Frodrigo-teaser-tributo-ao-rei-do-pop-na-via-music-hall-2%2F\" onclick=\"javascript:window.open(this.href, &apos;&apos;, &apos;menubar=no,toolbar=no,resizable=yes,scrollbars=yes,height=600,width=500&apos;); return false;\" target=\"_blank\" title=\"Linkedin\"><i class=\"mec-fa-linkedin\"><\/i><span class=\"mec-social-title\">Linkedin<\/span><\/a><\/li><li class=\"mec-event-social-icon\"><a class=\"email\" href=\"mailto:?subject=Rodrigo%20Teaser%20-%20Tributo%20ao%20Rei%20do%20POP%20na%20VIA%20MUSIC%20HALL&amp;body=https%3A%2F%2Fagendaculturalriodejaneiro.com%2Fen%2Fevents%2Frodrigo-teaser-tributo-ao-rei-do-pop-na-via-music-hall-2%2F\" title=\"Email\"><i class=\"mec-fa-envelope\"><\/i><span class=\"mec-social-title\">Email<\/span><\/a><\/li>                        <\/ul>\r\n                    <\/li>\r\n                <\/ul>\r\n                                                <a class=\"mec-booking-button\" data-event-id=\"46337\" href=\"https:\/\/agendaculturalriodejaneiro.com\/en\/events\/rodrigo-teaser-tributo-ao-rei-do-pop-na-via-music-hall-2\/\" target=\"_self\" rel=\"noopener\">Ver Detalhes<\/a>            <\/div>\r\n        <\/article><\/div>                        <\/div>\t<\/div>\r\n<\/div>\r\n\r\n    <\/div>\r\n    <div class=\"mec-skin-grid-no-events-container mec-util-hidden\" id=\"mec_skin_no_events_mec1\">\r\n        Eventos n\u00e3o encontrados!    <\/div>\r\n    \r\n    <div class=\"mec-load-more-wrap\">\r\n                <div tabindex=\"0\" onkeydown=\"if(event.keyCode===13){jQuery(this).trigger('click');}\" class=\"mec-load-more-button \">Load More<\/div>\r\n            <\/div>\r\n<\/div>\r\n\t\t\t\t<\/div>\n\t\t\t\t<\/div>\n\t\t\t\t\t<\/div>\n\t\t<\/div>\n\t\t\t\t\t<\/div>\n\t\t<\/section>\n\t\t\t\t<section class=\"elementor-section elementor-top-section elementor-element elementor-element-6a8c10b elementor-section-boxed elementor-section-height-default elementor-section-height-default\" data-id=\"6a8c10b\" data-element_type=\"section\" data-e-type=\"section\">\n\t\t\t\t\t\t<div class=\"elementor-container elementor-column-gap-default\">\n\t\t\t\t\t<div class=\"elementor-column elementor-col-100 elementor-top-column elementor-element elementor-element-1de38b7\" data-id=\"1de38b7\" data-element_type=\"column\" data-e-type=\"column\">\n\t\t\t<div class=\"elementor-widget-wrap elementor-element-populated\">\n\t\t\t\t\t\t<div class=\"elementor-element elementor-element-67ae0ab elementor-widget elementor-widget-html\" data-id=\"67ae0ab\" data-element_type=\"widget\" data-e-type=\"widget\" data-widget_type=\"html.default\">\n\t\t\t\t<div class=\"elementor-widget-container\">\n\t\t\t\t\t<script async src=\"https:\/\/pagead2.googlesyndication.com\/pagead\/js\/adsbygoogle.js?client=ca-pub-1076216326230548\"\r\n     crossorigin=\"anonymous\"><\/script>\r\n<!-- Anuncio horizontal adapt\u00e1vel -->\r\n<ins class=\"adsbygoogle\"\r\n     style=\"display:block\"\r\n     data-ad-client=\"ca-pub-1076216326230548\"\r\n     data-ad-slot=\"8379342184\"\r\n     data-ad-format=\"auto\"\r\n     data-full-width-responsive=\"true\"><\/ins>\r\n<script>\r\n     (adsbygoogle = window.adsbygoogle || []).push({});\r\n<\/script>\t\t\t\t<\/div>\n\t\t\t\t<\/div>\n\t\t\t\t\t<\/div>\n\t\t<\/div>\n\t\t\t\t\t<\/div>\n\t\t<\/section>\n\t\t\t\t<section class=\"elementor-section elementor-top-section elementor-element elementor-element-099d21d elementor-section-boxed elementor-section-height-default elementor-section-height-default\" data-id=\"099d21d\" data-element_type=\"section\" data-e-type=\"section\">\n\t\t\t\t\t\t<div class=\"elementor-container elementor-column-gap-default\">\n\t\t\t\t\t<div class=\"elementor-column elementor-col-100 elementor-top-column elementor-element elementor-element-1ab3820\" data-id=\"1ab3820\" data-element_type=\"column\" data-e-type=\"column\">\n\t\t\t<div class=\"elementor-widget-wrap elementor-element-populated\">\n\t\t\t\t\t\t<div class=\"elementor-element elementor-element-b2075b4 elementor-widget elementor-widget-html\" data-id=\"b2075b4\" data-element_type=\"widget\" data-e-type=\"widget\" data-widget_type=\"html.default\">\n\t\t\t\t<div class=\"elementor-widget-container\">\n\t\t\t\t\t<!-- =========================================================\r\n     O QUE FAZER NO RIO NESTE FIM DE SEMANA \u2014 BLOCO 2\r\n     COLOCAR DEPOIS DA AGENDA MEC\r\n========================================================== -->\r\n\r\n<link rel=\"preconnect\" href=\"https:\/\/fonts.googleapis.com\">\r\n<link rel=\"preconnect\" href=\"https:\/\/fonts.gstatic.com\" crossorigin>\r\n\r\n<link\r\n    href=\"https:\/\/fonts.googleapis.com\/css2?family=Poppins:wght@400;500;600;700;800;900&display=swap\"\r\n    rel=\"stylesheet\"\r\n>\r\n\r\n<style>\r\n.acrj-weekend-after {\r\n    --acrj-wa-ciano: #00a6c2;\r\n    --acrj-wa-ciano-escuro: #007f98;\r\n    --acrj-wa-ciano-profundo: #005f73;\r\n    --acrj-wa-amarelo: #ffe000;\r\n    --acrj-wa-preto: #080b10;\r\n    --acrj-wa-texto: #202830;\r\n    --acrj-wa-cinza: #62707a;\r\n    --acrj-wa-fundo: #f5f8f9;\r\n    --acrj-wa-branco: #ffffff;\r\n    --acrj-wa-linha: #dbe7ea;\r\n    --acrj-wa-sombra: 0 16px 40px rgba(8, 11, 16, 0.08);\r\n    --acrj-wa-sombra-hover: 0 22px 48px rgba(8, 11, 16, 0.13);\r\n    --acrj-wa-largura: 1180px;\r\n\r\n    width: 100%;\r\n    margin: 0;\r\n    padding: 0;\r\n\r\n    color: var(--acrj-wa-texto);\r\n    background: var(--acrj-wa-branco);\r\n\r\n    font-family: \"Poppins\", Arial, Helvetica, sans-serif;\r\n    font-size: 16px;\r\n    line-height: 1.7;\r\n\r\n    overflow: hidden;\r\n}\r\n\r\n.acrj-weekend-after,\r\n.acrj-weekend-after * {\r\n    box-sizing: border-box;\r\n}\r\n\r\n.acrj-weekend-after-container {\r\n    width: min(100% - 36px, var(--acrj-wa-largura));\r\n    margin-right: auto;\r\n    margin-left: auto;\r\n}\r\n\r\n.acrj-weekend-after h2,\r\n.acrj-weekend-after h3 {\r\n    font-family: \"Poppins\", Arial, Helvetica, sans-serif;\r\n    font-weight: 800;\r\n    letter-spacing: -0.035em;\r\n}\r\n\r\n.acrj-weekend-after h2,\r\n.acrj-weekend-after h3,\r\n.acrj-weekend-after p {\r\n    overflow-wrap: anywhere;\r\n}\r\n\r\n.acrj-weekend-after a:focus-visible,\r\n.acrj-weekend-after summary:focus-visible {\r\n    outline: 3px solid var(--acrj-wa-amarelo);\r\n    outline-offset: 4px;\r\n}\r\n\r\n\r\n\/* T\u00cdTULOS *\/\r\n\r\n.acrj-weekend-after-heading {\r\n    max-width: 800px;\r\n    margin-bottom: 27px;\r\n}\r\n\r\n.acrj-weekend-after-kicker {\r\n    display: inline-flex;\r\n    align-items: center;\r\n    gap: 9px;\r\n\r\n    margin-bottom: 11px;\r\n\r\n    color: var(--acrj-wa-ciano-profundo);\r\n\r\n    font-size: 10px;\r\n    font-weight: 800;\r\n    letter-spacing: 0.1em;\r\n    line-height: 1.4;\r\n    text-transform: uppercase;\r\n}\r\n\r\n.acrj-weekend-after-kicker::before {\r\n    width: 26px;\r\n    height: 4px;\r\n\r\n    background: var(--acrj-wa-amarelo);\r\n    border-radius: 999px;\r\n\r\n    content: \"\";\r\n}\r\n\r\n.acrj-weekend-after-heading h2 {\r\n    margin: 0 0 11px;\r\n\r\n    color: var(--acrj-wa-preto);\r\n\r\n    font-size: clamp(28px, 4vw, 42px);\r\n    line-height: 1.14;\r\n}\r\n\r\n.acrj-weekend-after-heading p {\r\n    margin: 0;\r\n\r\n    color: var(--acrj-wa-cinza);\r\n\r\n    font-size: 13px;\r\n    line-height: 1.75;\r\n}\r\n\r\n\r\n\/* ADSENSE *\/\r\n\r\n.acrj-weekend-after-ad {\r\n    width: 100%;\r\n    margin: 40px auto 55px;\r\n    padding: 0 16px;\r\n\r\n    clear: both;\r\n    text-align: center;\r\n}\r\n\r\n.acrj-weekend-after-ad-label {\r\n    display: block;\r\n    margin: 0 auto 8px;\r\n\r\n    color: #7c888f;\r\n\r\n    font-size: 9px;\r\n    font-weight: 700;\r\n    letter-spacing: 0.15em;\r\n    line-height: 1;\r\n    text-transform: uppercase;\r\n}\r\n\r\n.acrj-weekend-after-ad-slot {\r\n    display: flex;\r\n    align-items: center;\r\n    justify-content: center;\r\n\r\n    width: 100%;\r\n    min-height: 90px;\r\n\r\n    overflow: hidden;\r\n}\r\n\r\n\r\n\/* CUIDADOS *\/\r\n\r\n.acrj-weekend-guide {\r\n    padding: 66px 0;\r\n\r\n    background: var(--acrj-wa-fundo);\r\n    border-top: 1px solid var(--acrj-wa-linha);\r\n    border-bottom: 1px solid var(--acrj-wa-linha);\r\n}\r\n\r\n.acrj-weekend-guide-grid {\r\n    display: grid;\r\n    grid-template-columns: repeat(3, minmax(0, 1fr));\r\n    gap: 17px;\r\n}\r\n\r\n.acrj-weekend-guide-card {\r\n    min-width: 0;\r\n    padding: 24px;\r\n\r\n    background: var(--acrj-wa-branco);\r\n    border: 1px solid var(--acrj-wa-linha);\r\n    border-top: 4px solid var(--acrj-wa-ciano);\r\n    border-radius: 16px;\r\n\r\n    box-shadow: var(--acrj-wa-sombra);\r\n}\r\n\r\n.acrj-weekend-guide-number {\r\n    display: grid;\r\n    width: 42px;\r\n    height: 42px;\r\n    place-items: center;\r\n\r\n    margin-bottom: 16px;\r\n\r\n    color: var(--acrj-wa-preto);\r\n    background: var(--acrj-wa-amarelo);\r\n    border-radius: 12px;\r\n\r\n    font-size: 10px;\r\n    font-weight: 900;\r\n}\r\n\r\n.acrj-weekend-guide-card h3 {\r\n    margin: 0 0 8px;\r\n\r\n    color: var(--acrj-wa-preto);\r\n\r\n    font-size: 17px;\r\n    line-height: 1.3;\r\n}\r\n\r\n.acrj-weekend-guide-card p {\r\n    margin: 0;\r\n\r\n    color: var(--acrj-wa-cinza);\r\n\r\n    font-size: 11px;\r\n    line-height: 1.7;\r\n}\r\n\r\n\r\n\/* ESCOLHER PROGRAMA *\/\r\n\r\n.acrj-weekend-choices {\r\n    padding: 68px 0;\r\n\r\n    color: var(--acrj-wa-branco);\r\n\r\n    background:\r\n        radial-gradient(\r\n            circle at 91% 7%,\r\n            rgba(255, 224, 0, 0.22),\r\n            transparent 29%\r\n        ),\r\n        linear-gradient(\r\n            135deg,\r\n            var(--acrj-wa-preto) 0%,\r\n            #102a34 55%,\r\n            var(--acrj-wa-ciano-profundo) 100%\r\n        );\r\n}\r\n\r\n.acrj-weekend-choices .acrj-weekend-after-kicker {\r\n    color: #c4ebf1;\r\n}\r\n\r\n.acrj-weekend-choices h2 {\r\n    color: var(--acrj-wa-branco);\r\n}\r\n\r\n.acrj-weekend-choices .acrj-weekend-after-heading p {\r\n    color: #cbdce0;\r\n}\r\n\r\n.acrj-weekend-choice-grid {\r\n    display: grid;\r\n    grid-template-columns: repeat(3, minmax(0, 1fr));\r\n    gap: 13px;\r\n}\r\n\r\n.acrj-weekend-choice-link {\r\n    display: flex;\r\n    min-width: 0;\r\n    min-height: 92px;\r\n    align-items: center;\r\n    justify-content: space-between;\r\n    gap: 13px;\r\n\r\n    padding: 17px 19px;\r\n\r\n    color: var(--acrj-wa-branco) !important;\r\n    background: rgba(255, 255, 255, 0.065);\r\n    border: 1px solid rgba(255, 255, 255, 0.13);\r\n    border-radius: 13px;\r\n\r\n    font-size: 12px;\r\n    font-weight: 700;\r\n    line-height: 1.45;\r\n    text-decoration: none !important;\r\n\r\n    transition:\r\n        transform 160ms ease,\r\n        background-color 160ms ease,\r\n        border-color 160ms ease;\r\n}\r\n\r\n.acrj-weekend-choice-link::after {\r\n    flex: 0 0 auto;\r\n\r\n    color: var(--acrj-wa-amarelo);\r\n\r\n    content: \"\u203a\";\r\n    font-size: 23px;\r\n    line-height: 1;\r\n}\r\n\r\n.acrj-weekend-choice-link:hover {\r\n    transform: translateY(-3px);\r\n\r\n    background: rgba(0, 166, 194, 0.19);\r\n    border-color: rgba(0, 166, 194, 0.65);\r\n}\r\n\r\n\r\n\/* FAQ *\/\r\n\r\n.acrj-weekend-faq {\r\n    padding: 68px 0;\r\n}\r\n\r\n.acrj-weekend-faq-list {\r\n    display: grid;\r\n    max-width: 920px;\r\n    gap: 11px;\r\n}\r\n\r\n.acrj-weekend-faq-item {\r\n    overflow: hidden;\r\n\r\n    background: var(--acrj-wa-branco);\r\n    border: 1px solid var(--acrj-wa-linha);\r\n    border-radius: 13px;\r\n\r\n    box-shadow: 0 7px 20px rgba(8, 11, 16, 0.04);\r\n}\r\n\r\n.acrj-weekend-faq-item summary {\r\n    position: relative;\r\n\r\n    display: flex;\r\n    min-height: 64px;\r\n    align-items: center;\r\n\r\n    padding: 16px 55px 16px 19px;\r\n\r\n    color: var(--acrj-wa-preto);\r\n\r\n    cursor: pointer;\r\n\r\n    font-size: 13px;\r\n    font-weight: 750;\r\n    line-height: 1.5;\r\n\r\n    list-style: none;\r\n}\r\n\r\n.acrj-weekend-faq-item summary::-webkit-details-marker {\r\n    display: none;\r\n}\r\n\r\n.acrj-weekend-faq-item summary::after {\r\n    position: absolute;\r\n    top: 50%;\r\n    right: 18px;\r\n\r\n    display: grid;\r\n    width: 29px;\r\n    height: 29px;\r\n    place-items: center;\r\n\r\n    color: var(--acrj-wa-preto);\r\n    background: var(--acrj-wa-amarelo);\r\n    border-radius: 50%;\r\n\r\n    content: \"+\";\r\n\r\n    font-size: 17px;\r\n    font-weight: 800;\r\n\r\n    transform: translateY(-50%);\r\n}\r\n\r\n.acrj-weekend-faq-item[open] summary::after {\r\n    content: \"\u2212\";\r\n}\r\n\r\n.acrj-weekend-faq-answer {\r\n    padding: 0 19px 19px;\r\n\r\n    color: var(--acrj-wa-cinza);\r\n\r\n    font-size: 12px;\r\n    line-height: 1.75;\r\n}\r\n\r\n.acrj-weekend-faq-answer p {\r\n    margin: 0;\r\n}\r\n\r\n.acrj-weekend-faq-answer a {\r\n    color: var(--acrj-wa-ciano-profundo);\r\n    font-weight: 700;\r\n}\r\n\r\n\r\n\/* LINKS INTERNOS *\/\r\n\r\n.acrj-weekend-related {\r\n    padding: 64px 0 72px;\r\n\r\n    background: var(--acrj-wa-fundo);\r\n    border-top: 1px solid var(--acrj-wa-linha);\r\n}\r\n\r\n.acrj-weekend-related-grid {\r\n    display: grid;\r\n    grid-template-columns: repeat(4, minmax(0, 1fr));\r\n    gap: 15px;\r\n}\r\n\r\n.acrj-weekend-related-link {\r\n    position: relative;\r\n\r\n    display: flex;\r\n    min-width: 0;\r\n    min-height: 145px;\r\n    flex-direction: column;\r\n    justify-content: space-between;\r\n\r\n    padding: 20px;\r\n\r\n    color: var(--acrj-wa-preto) !important;\r\n    background: var(--acrj-wa-branco);\r\n    border: 1px solid var(--acrj-wa-linha);\r\n    border-top: 4px solid var(--acrj-wa-ciano);\r\n    border-radius: 15px;\r\n\r\n    text-decoration: none !important;\r\n\r\n    box-shadow: 0 9px 24px rgba(8, 11, 16, 0.055);\r\n\r\n    transition:\r\n        transform 170ms ease,\r\n        border-color 170ms ease,\r\n        box-shadow 170ms ease;\r\n}\r\n\r\n.acrj-weekend-related-link::after {\r\n    position: absolute;\r\n    top: 16px;\r\n    right: 17px;\r\n\r\n    color: var(--acrj-wa-ciano);\r\n\r\n    content: \"\u2197\";\r\n    font-size: 19px;\r\n}\r\n\r\n.acrj-weekend-related-link:hover {\r\n    transform: translateY(-4px);\r\n\r\n    border-color: var(--acrj-wa-ciano);\r\n\r\n    box-shadow: var(--acrj-wa-sombra-hover);\r\n}\r\n\r\n.acrj-weekend-related-link small {\r\n    display: block;\r\n    padding-right: 25px;\r\n\r\n    color: var(--acrj-wa-ciano-escuro);\r\n\r\n    font-size: 9px;\r\n    font-weight: 800;\r\n    letter-spacing: 0.08em;\r\n    text-transform: uppercase;\r\n}\r\n\r\n.acrj-weekend-related-link strong {\r\n    display: block;\r\n    margin: 12px 0 8px;\r\n\r\n    color: var(--acrj-wa-preto);\r\n\r\n    font-size: 15px;\r\n    line-height: 1.4;\r\n}\r\n\r\n.acrj-weekend-related-link span {\r\n    color: var(--acrj-wa-cinza);\r\n\r\n    font-size: 10px;\r\n    line-height: 1.6;\r\n}\r\n\r\n\r\n\/* RESPONSIVIDADE *\/\r\n\r\n@media (max-width: 1000px) {\r\n    .acrj-weekend-choice-grid {\r\n        grid-template-columns: repeat(2, minmax(0, 1fr));\r\n    }\r\n\r\n    .acrj-weekend-related-grid {\r\n        grid-template-columns: repeat(2, minmax(0, 1fr));\r\n    }\r\n}\r\n\r\n@media (max-width: 820px) {\r\n    .acrj-weekend-guide-grid {\r\n        grid-template-columns: minmax(0, 1fr);\r\n    }\r\n}\r\n\r\n@media (max-width: 680px) {\r\n    .acrj-weekend-after-container {\r\n        width: min(100% - 28px, var(--acrj-wa-largura));\r\n    }\r\n\r\n    .acrj-weekend-after-ad {\r\n        margin-top: 32px;\r\n        margin-bottom: 42px;\r\n        padding: 0;\r\n    }\r\n\r\n    .acrj-weekend-after-ad-slot {\r\n        min-height: 250px;\r\n    }\r\n\r\n    .acrj-weekend-guide,\r\n    .acrj-weekend-choices,\r\n    .acrj-weekend-faq,\r\n    .acrj-weekend-related {\r\n        padding-top: 50px;\r\n        padding-bottom: 50px;\r\n    }\r\n\r\n    .acrj-weekend-guide-card {\r\n        padding: 20px;\r\n        border-radius: 14px;\r\n    }\r\n\r\n    .acrj-weekend-choice-grid,\r\n    .acrj-weekend-related-grid {\r\n        grid-template-columns: minmax(0, 1fr);\r\n        gap: 12px;\r\n    }\r\n\r\n    .acrj-weekend-related-link {\r\n        min-height: 120px;\r\n    }\r\n}\r\n\r\n@media (prefers-reduced-motion: reduce) {\r\n    .acrj-weekend-after * {\r\n        animation-duration: 0.01ms !important;\r\n        transition-duration: 0.01ms !important;\r\n    }\r\n}\r\n<\/style>\r\n\r\n\r\n<div class=\"acrj-weekend-after\">\r\n\r\n    <!-- AN\u00daNCIO -->\r\n    <aside\r\n        class=\"acrj-weekend-after-ad\"\r\n        aria-label=\"Publicidade\"\r\n    >\r\n        <span class=\"acrj-weekend-after-ad-label\">\r\n            PUB\r\n        <\/span>\r\n\r\n        <div\r\n            class=\"acrj-weekend-after-ad-slot\"\r\n            data-desktop-slot=\"5800876183\"\r\n            data-mobile-slot=\"6529814326\"\r\n        ><\/div>\r\n    <\/aside>\r\n\r\n\r\n    <!-- CUIDADOS -->\r\n    <section\r\n        class=\"acrj-weekend-guide\"\r\n        aria-labelledby=\"acrj-weekend-guide-title\"\r\n    >\r\n        <div class=\"acrj-weekend-after-container\">\r\n\r\n            <div class=\"acrj-weekend-after-heading\">\r\n\r\n                <span class=\"acrj-weekend-after-kicker\">\r\n                    Planeje seu fim de semana\r\n                <\/span>\r\n\r\n                <h2 id=\"acrj-weekend-guide-title\">\r\n                    Tr\u00eas cuidados antes de sair\r\n                <\/h2>\r\n\r\n                <p>\r\n                    Confira as informa\u00e7\u00f5es pr\u00e1ticas para evitar imprevistos\r\n                    e aproveitar melhor sua programa\u00e7\u00e3o no Rio.\r\n                <\/p>\r\n\r\n            <\/div>\r\n\r\n            <div class=\"acrj-weekend-guide-grid\">\r\n\r\n                <article class=\"acrj-weekend-guide-card\">\r\n\r\n                    <span class=\"acrj-weekend-guide-number\">\r\n                        01\r\n                    <\/span>\r\n\r\n                    <h3>Confirme data e hor\u00e1rio<\/h3>\r\n\r\n                    <p>\r\n                        Alguns eventos podem ter sess\u00f5es diferentes\r\n                        ou sofrer altera\u00e7\u00f5es de \u00faltima hora.\r\n                    <\/p>\r\n\r\n                <\/article>\r\n\r\n\r\n                <article class=\"acrj-weekend-guide-card\">\r\n\r\n                    <span class=\"acrj-weekend-guide-number\">\r\n                        02\r\n                    <\/span>\r\n\r\n                    <h3>Confira o local<\/h3>\r\n\r\n                    <p>\r\n                        Verifique endere\u00e7o, bairro, transporte,\r\n                        estacionamento e regras de acesso.\r\n                    <\/p>\r\n\r\n                <\/article>\r\n\r\n\r\n                <article class=\"acrj-weekend-guide-card\">\r\n\r\n                    <span class=\"acrj-weekend-guide-number\">\r\n                        03\r\n                    <\/span>\r\n\r\n                    <h3>Consulte os ingressos<\/h3>\r\n\r\n                    <p>\r\n                        Confirme disponibilidade, valores, classifica\u00e7\u00e3o\r\n                        e condi\u00e7\u00f5es de entrada.\r\n                    <\/p>\r\n\r\n                <\/article>\r\n\r\n            <\/div>\r\n        <\/div>\r\n    <\/section>\r\n\r\n\r\n    <!-- ESCOLHER PROGRAMA -->\r\n    <section\r\n        class=\"acrj-weekend-choices\"\r\n        aria-labelledby=\"acrj-weekend-choices-title\"\r\n    >\r\n        <div class=\"acrj-weekend-after-container\">\r\n\r\n            <div class=\"acrj-weekend-after-heading\">\r\n\r\n                <span class=\"acrj-weekend-after-kicker\">\r\n                    Escolha seu programa\r\n                <\/span>\r\n\r\n                <h2 id=\"acrj-weekend-choices-title\">\r\n                    Um fim de semana para cada estilo\r\n                <\/h2>\r\n\r\n                <p>\r\n                    Encontre rapidamente a programa\u00e7\u00e3o que combina\r\n                    com seu momento, or\u00e7amento e companhia.\r\n                <\/p>\r\n\r\n            <\/div>\r\n\r\n            <nav\r\n                class=\"acrj-weekend-choice-grid\"\r\n                aria-label=\"Categorias para o fim de semana\"\r\n            >\r\n\r\n                <a\r\n                    class=\"acrj-weekend-choice-link\"\r\n                    href=\"https:\/\/agendaculturalriodejaneiro.com\/shows-rio-de-janeiro-musica-concertos\/\"\r\n                >\r\n                    Shows e m\u00fasica ao vivo\r\n                <\/a>\r\n\r\n                <a\r\n                    class=\"acrj-weekend-choice-link\"\r\n                    href=\"https:\/\/agendaculturalriodejaneiro.com\/pecas-de-teatro-rio-de-janeiro\/\"\r\n                >\r\n                    Pe\u00e7as de teatro\r\n                <\/a>\r\n\r\n                <a\r\n                    class=\"acrj-weekend-choice-link\"\r\n                    href=\"https:\/\/agendaculturalriodejaneiro.com\/programacao-infantil-do-rio-de-janeiro\/\"\r\n                >\r\n                    Programa\u00e7\u00e3o infantil\r\n                <\/a>\r\n\r\n                <a\r\n                    class=\"acrj-weekend-choice-link\"\r\n                    href=\"https:\/\/agendaculturalriodejaneiro.com\/exposicoes-no-rio-de-janeiro\/\"\r\n                >\r\n                    Exposi\u00e7\u00f5es e museus\r\n                <\/a>\r\n\r\n                <a\r\n                    class=\"acrj-weekend-choice-link\"\r\n                    href=\"https:\/\/agendaculturalriodejaneiro.com\/eventos-gratuitos-rio-de-janeiro\/\"\r\n                >\r\n                    Eventos gratuitos\r\n                <\/a>\r\n\r\n                <a\r\n                    class=\"acrj-weekend-choice-link\"\r\n                    href=\"https:\/\/agendaculturalriodejaneiro.com\/o-que-fazer-no-rio-de-janeiro-a-noite\/\"\r\n                >\r\n                    Vida noturna no Rio\r\n                <\/a>\r\n\r\n            <\/nav>\r\n\r\n        <\/div>\r\n    <\/section>\r\n\r\n\r\n    <!-- FAQ -->\r\n    <section\r\n        class=\"acrj-weekend-faq\"\r\n        aria-labelledby=\"acrj-weekend-faq-title\"\r\n    >\r\n        <div class=\"acrj-weekend-after-container\">\r\n\r\n            <div class=\"acrj-weekend-after-heading\">\r\n\r\n                <span class=\"acrj-weekend-after-kicker\">\r\n                    Perguntas frequentes\r\n                <\/span>\r\n\r\n                <h2 id=\"acrj-weekend-faq-title\">\r\n                    D\u00favidas sobre o fim de semana no Rio\r\n                <\/h2>\r\n\r\n                <p>\r\n                    Respostas r\u00e1pidas para encontrar eventos,\r\n                    atividades gratuitas e programas para fam\u00edlias.\r\n                <\/p>\r\n\r\n            <\/div>\r\n\r\n            <div class=\"acrj-weekend-faq-list\">\r\n\r\n                <details class=\"acrj-weekend-faq-item\">\r\n\r\n                    <summary>\r\n                        O que fazer no Rio de Janeiro neste fim de semana?\r\n                    <\/summary>\r\n\r\n                    <div class=\"acrj-weekend-faq-answer\">\r\n                        <p>\r\n                            A programa\u00e7\u00e3o pode incluir shows, teatro,\r\n                            exposi\u00e7\u00f5es, festas, com\u00e9dia, atividades infantis,\r\n                            festivais e eventos gratuitos.\r\n                        <\/p>\r\n                    <\/div>\r\n\r\n                <\/details>\r\n\r\n\r\n                <details class=\"acrj-weekend-faq-item\">\r\n\r\n                    <summary>\r\n                        Onde encontrar eventos gratuitos no Rio?\r\n                    <\/summary>\r\n\r\n                    <div class=\"acrj-weekend-faq-answer\">\r\n                        <p>\r\n                            Consulte a p\u00e1gina de\r\n                            <a href=\"https:\/\/agendaculturalriodejaneiro.com\/eventos-gratuitos-rio-de-janeiro\/\">\r\n                                eventos gratuitos no Rio de Janeiro\r\n                            <\/a>\r\n                            para encontrar atra\u00e7\u00f5es com entrada franca.\r\n                        <\/p>\r\n                    <\/div>\r\n\r\n                <\/details>\r\n\r\n\r\n                <details class=\"acrj-weekend-faq-item\">\r\n\r\n                    <summary>\r\n                        H\u00e1 programa\u00e7\u00e3o para crian\u00e7as?\r\n                    <\/summary>\r\n\r\n                    <div class=\"acrj-weekend-faq-answer\">\r\n                        <p>\r\n                            Sim. A\r\n                            <a href=\"https:\/\/agendaculturalriodejaneiro.com\/programacao-infantil-do-rio-de-janeiro\/\">\r\n                                programa\u00e7\u00e3o infantil do Rio\r\n                            <\/a>\r\n                            re\u00fane teatro, musicais, oficinas, exposi\u00e7\u00f5es\r\n                            e passeios para fam\u00edlias.\r\n                        <\/p>\r\n                    <\/div>\r\n\r\n                <\/details>\r\n\r\n\r\n                <details class=\"acrj-weekend-faq-item\">\r\n\r\n                    <summary>\r\n                        Como confirmar se o evento ainda vai acontecer?\r\n                    <\/summary>\r\n\r\n                    <div class=\"acrj-weekend-faq-answer\">\r\n                        <p>\r\n                            Abra a p\u00e1gina individual e confirme as informa\u00e7\u00f5es\r\n                            nos canais oficiais do evento, do espa\u00e7o cultural\r\n                            ou da bilheteria.\r\n                        <\/p>\r\n                    <\/div>\r\n\r\n                <\/details>\r\n\r\n            <\/div>\r\n        <\/div>\r\n    <\/section>\r\n\r\n\r\n    <!-- SEGUNDO AN\u00daNCIO -->\r\n    <aside\r\n        class=\"acrj-weekend-after-ad\"\r\n        aria-label=\"Publicidade\"\r\n    >\r\n        <span class=\"acrj-weekend-after-ad-label\">\r\n            PUB\r\n        <\/span>\r\n\r\n        <div\r\n            class=\"acrj-weekend-after-ad-slot\"\r\n            data-desktop-slot=\"5800876183\"\r\n            data-mobile-slot=\"6529814326\"\r\n        ><\/div>\r\n    <\/aside>\r\n\r\n\r\n    <!-- LINKS INTERNOS -->\r\n    <section\r\n        class=\"acrj-weekend-related\"\r\n        aria-labelledby=\"acrj-weekend-related-title\"\r\n    >\r\n        <div class=\"acrj-weekend-after-container\">\r\n\r\n            <div class=\"acrj-weekend-after-heading\">\r\n\r\n                <span class=\"acrj-weekend-after-kicker\">\r\n                    Continue explorando\r\n                <\/span>\r\n\r\n                <h2 id=\"acrj-weekend-related-title\">\r\n                    Mais ideias para aproveitar o Rio\r\n                <\/h2>\r\n\r\n                <p>\r\n                    Descubra outras agendas relacionadas com cultura,\r\n                    lazer, fam\u00edlia e vida noturna.\r\n                <\/p>\r\n\r\n            <\/div>\r\n\r\n            <nav\r\n                class=\"acrj-weekend-related-grid\"\r\n                aria-label=\"Programa\u00e7\u00f5es relacionadas\"\r\n            >\r\n\r\n                <a\r\n                    class=\"acrj-weekend-related-link\"\r\n                    href=\"https:\/\/agendaculturalriodejaneiro.com\/shows-rio-de-janeiro-musica-concertos\/\"\r\n                >\r\n                    <small>M\u00fasica ao vivo<\/small>\r\n\r\n                    <strong>\r\n                        Shows no Rio de Janeiro\r\n                    <\/strong>\r\n\r\n                    <span>\r\n                        Concertos, samba, MPB, rock e festivais.\r\n                    <\/span>\r\n                <\/a>\r\n\r\n\r\n                <a\r\n                    class=\"acrj-weekend-related-link\"\r\n                    href=\"https:\/\/agendaculturalriodejaneiro.com\/pecas-de-teatro-rio-de-janeiro\/\"\r\n                >\r\n                    <small>Em cartaz<\/small>\r\n\r\n                    <strong>\r\n                        Pe\u00e7as de teatro no Rio\r\n                    <\/strong>\r\n\r\n                    <span>\r\n                        Com\u00e9dias, musicais, dramas e dan\u00e7a.\r\n                    <\/span>\r\n                <\/a>\r\n\r\n\r\n                <a\r\n                    class=\"acrj-weekend-related-link\"\r\n                    href=\"https:\/\/agendaculturalriodejaneiro.com\/programacao-infantil-do-rio-de-janeiro\/\"\r\n                >\r\n                    <small>Para fam\u00edlias<\/small>\r\n\r\n                    <strong>\r\n                        Programa\u00e7\u00e3o infantil\r\n                    <\/strong>\r\n\r\n                    <span>\r\n                        Eventos e passeios para fazer com crian\u00e7as.\r\n                    <\/span>\r\n                <\/a>\r\n\r\n\r\n                <a\r\n                    class=\"acrj-weekend-related-link\"\r\n                    href=\"https:\/\/agendaculturalriodejaneiro.com\/o-que-fazer-no-rio-de-janeiro-a-noite\/\"\r\n                >\r\n                    <small>Depois do p\u00f4r do sol<\/small>\r\n\r\n                    <strong>\r\n                        O que fazer \u00e0 noite\r\n                    <\/strong>\r\n\r\n                    <span>\r\n                        Festas, shows, samba e experi\u00eancias noturnas.\r\n                    <\/span>\r\n                <\/a>\r\n\r\n            <\/nav>\r\n\r\n        <\/div>\r\n    <\/section>\r\n\r\n<\/div>\r\n\r\n\r\n<script type=\"application\/ld+json\">\r\n{\r\n    \"@context\": \"https:\/\/schema.org\",\r\n    \"@type\": \"FAQPage\",\r\n    \"inLanguage\": \"pt-BR\",\r\n    \"mainEntity\": [\r\n        {\r\n            \"@type\": \"Question\",\r\n            \"name\": \"O que fazer no Rio de Janeiro neste fim de semana?\",\r\n            \"acceptedAnswer\": {\r\n                \"@type\": \"Answer\",\r\n                \"text\": \"A programa\u00e7\u00e3o pode incluir shows, teatro, exposi\u00e7\u00f5es, festas, com\u00e9dia, atividades infantis, festivais e eventos gratuitos.\"\r\n            }\r\n        },\r\n        {\r\n            \"@type\": \"Question\",\r\n            \"name\": \"Onde encontrar eventos gratuitos no Rio?\",\r\n            \"acceptedAnswer\": {\r\n                \"@type\": \"Answer\",\r\n                \"text\": \"Consulte a p\u00e1gina de eventos gratuitos no Rio de Janeiro para encontrar atra\u00e7\u00f5es com entrada franca.\"\r\n            }\r\n        },\r\n        {\r\n            \"@type\": \"Question\",\r\n            \"name\": \"H\u00e1 programa\u00e7\u00e3o para crian\u00e7as?\",\r\n            \"acceptedAnswer\": {\r\n                \"@type\": \"Answer\",\r\n                \"text\": \"A programa\u00e7\u00e3o infantil do Rio re\u00fane teatro, musicais, oficinas, exposi\u00e7\u00f5es e passeios para fam\u00edlias.\"\r\n            }\r\n        },\r\n        {\r\n            \"@type\": \"Question\",\r\n            \"name\": \"Como confirmar se o evento ainda vai acontecer?\",\r\n            \"acceptedAnswer\": {\r\n                \"@type\": \"Answer\",\r\n                \"text\": \"Abra a p\u00e1gina individual e confirme as informa\u00e7\u00f5es nos canais oficiais do evento, do espa\u00e7o cultural ou da bilheteria.\"\r\n            }\r\n        }\r\n    ]\r\n}\r\n<\/script>\r\n\r\n\r\n<script>\r\ndocument.addEventListener(\"DOMContentLoaded\", function () {\r\n\r\n    function garantirScriptAdSenseFimDeSemanaDepois() {\r\n        const existente = document.querySelector(\r\n            'script[src*=\"pagead2.googlesyndication.com\/pagead\/js\/adsbygoogle.js\"]'\r\n        );\r\n\r\n        if (existente) {\r\n            return Promise.resolve();\r\n        }\r\n\r\n        return new Promise(function (resolve, reject) {\r\n            const script = document.createElement(\"script\");\r\n\r\n            script.async = true;\r\n            script.crossOrigin = \"anonymous\";\r\n\r\n            script.src =\r\n                \"https:\/\/pagead2.googlesyndication.com\/pagead\/js\/adsbygoogle.js\" +\r\n                \"?client=ca-pub-1076216326230548\";\r\n\r\n            script.onload = resolve;\r\n            script.onerror = reject;\r\n\r\n            document.head.appendChild(script);\r\n        });\r\n    }\r\n\r\n\r\n    function carregarAnunciosFimDeSemanaDepois() {\r\n        const slots = document.querySelectorAll(\r\n            '.acrj-weekend-after-ad-slot:not([data-ad-loaded=\"true\"])'\r\n        );\r\n\r\n        if (!slots.length) {\r\n            return;\r\n        }\r\n\r\n        const desktop = window.matchMedia(\r\n            \"(min-width: 900px)\"\r\n        ).matches;\r\n\r\n        garantirScriptAdSenseFimDeSemanaDepois()\r\n            .then(function () {\r\n\r\n                slots.forEach(function (container) {\r\n                    const anuncio = document.createElement(\"ins\");\r\n\r\n                    anuncio.className = \"adsbygoogle\";\r\n\r\n                    anuncio.setAttribute(\r\n                        \"data-ad-client\",\r\n                        \"ca-pub-1076216326230548\"\r\n                    );\r\n\r\n                    if (desktop) {\r\n                        anuncio.style.display = \"inline-block\";\r\n                        anuncio.style.width = \"728px\";\r\n                        anuncio.style.height = \"90px\";\r\n\r\n                        anuncio.setAttribute(\r\n                            \"data-ad-slot\",\r\n                            container.dataset.desktopSlot ||\r\n                            \"5800876183\"\r\n                        );\r\n                    } else {\r\n                        anuncio.style.display = \"inline-block\";\r\n                        anuncio.style.width = \"300px\";\r\n                        anuncio.style.height = \"250px\";\r\n\r\n                        anuncio.setAttribute(\r\n                            \"data-ad-slot\",\r\n                            container.dataset.mobileSlot ||\r\n                            \"6529814326\"\r\n                        );\r\n                    }\r\n\r\n                    container.appendChild(anuncio);\r\n\r\n                    container.setAttribute(\r\n                        \"data-ad-loaded\",\r\n                        \"true\"\r\n                    );\r\n\r\n                    try {\r\n                        (\r\n                            window.adsbygoogle =\r\n                            window.adsbygoogle || []\r\n                        ).push({});\r\n                    } catch (erro) {\r\n                        console.warn(\r\n                            \"N\u00e3o foi poss\u00edvel iniciar o an\u00fancio.\",\r\n                            erro\r\n                        );\r\n                    }\r\n                });\r\n\r\n            })\r\n            .catch(function () {\r\n                console.warn(\r\n                    \"N\u00e3o foi poss\u00edvel carregar o Google AdSense.\"\r\n                );\r\n            });\r\n    }\r\n\r\n    carregarAnunciosFimDeSemanaDepois();\r\n\r\n});\r\n<\/script>\t\t\t\t<\/div>\n\t\t\t\t<\/div>\n\t\t\t\t\t<\/div>\n\t\t<\/div>\n\t\t\t\t\t<\/div>\n\t\t<\/section>\n\t\t\t\t<\/div>\n\t\t","protected":false},"excerpt":{"rendered":"<p>Home This weekend in Rio Updated programming in Rio What to do in Rio de Janeiro this weekend Check out shows, plays, exhibitions, parties, free events, tours and children's programming to enjoy the weekend in Rio de Janeiro. View this weekend's events \u2193 Find free events\u2026&nbsp;<\/p>","protected":false},"author":1,"featured_media":2653,"parent":0,"menu_order":0,"comment_status":"closed","ping_status":"closed","template":"elementor_header_footer","meta":{"neve_meta_sidebar":"","neve_meta_container":"","neve_meta_enable_content_width":"","neve_meta_content_width":0,"neve_meta_title_alignment":"","neve_meta_author_avatar":"","neve_post_elements_order":"","neve_meta_disable_header":"","neve_meta_disable_footer":"","neve_meta_disable_title":"","footnotes":""},"class_list":["post-288","page","type-page","status-publish","has-post-thumbnail","hentry"],"yoast_head":"<!-- This site is optimized with the Yoast SEO plugin v28.4 - https:\/\/yoast.com\/product\/yoast-seo-wordpress\/ -->\n<title>O que fazer no Rio de Janeiro este fim de semana<\/title>\n<meta name=\"description\" content=\"O que fazer no Rio de Janeiro este fim de semana: shows, teatro, exposi\u00e7\u00f5es, eventos gratuitos, programa\u00e7\u00e3o infantil e agenda atualizada.\" \/>\n<meta name=\"robots\" content=\"index, follow, max-snippet:-1, max-image-preview:large, max-video-preview:-1\" \/>\n<link rel=\"canonical\" href=\"https:\/\/agendaculturalriodejaneiro.com\/en\/weekend-in-rio-de-janeiro\/\" \/>\n<meta property=\"og:locale\" content=\"en_US\" \/>\n<meta property=\"og:type\" content=\"article\" \/>\n<meta property=\"og:title\" content=\"O que fazer no Rio de Janeiro este fim de semana\" \/>\n<meta property=\"og:description\" content=\"O que fazer no Rio de Janeiro este fim de semana: shows, teatro, exposi\u00e7\u00f5es, eventos gratuitos, programa\u00e7\u00e3o infantil e agenda atualizada.\" \/>\n<meta property=\"og:url\" content=\"https:\/\/agendaculturalriodejaneiro.com\/en\/weekend-in-rio-de-janeiro\/\" \/>\n<meta property=\"og:site_name\" content=\"Agenda Cultural Rio de Janeiro\" \/>\n<meta property=\"article:publisher\" content=\"https:\/\/www.facebook.com\/agenda_cultural_rio_de_janeiro-106278728546059\" \/>\n<meta property=\"article:modified_time\" content=\"2026-07-17T15:07:55+00:00\" \/>\n<meta property=\"og:image\" content=\"https:\/\/agendaculturalriodejaneiro.com\/wp-content\/uploads\/2022\/03\/Ultimo-fim-de-semana-para-curtir-e-relaxar-no-BAIXO-LAGOA-O-BOTICARIO.webp\" \/>\n\t<meta property=\"og:image:width\" content=\"1024\" \/>\n\t<meta property=\"og:image:height\" content=\"683\" \/>\n\t<meta property=\"og:image:type\" content=\"image\/webp\" \/>\n<meta name=\"twitter:card\" content=\"summary_large_image\" \/>\n<meta name=\"twitter:label1\" content=\"Est. reading time\" \/>\n\t<meta name=\"twitter:data1\" content=\"21 minutes\" \/>\n<script type=\"application\/ld+json\" class=\"yoast-schema-graph\">{\"@context\":\"https:\\\/\\\/schema.org\",\"@graph\":[{\"@type\":\"WebPage\",\"@id\":\"https:\\\/\\\/agendaculturalriodejaneiro.com\\\/final-de-semana-no-rio-de-janeiro\\\/\",\"url\":\"https:\\\/\\\/agendaculturalriodejaneiro.com\\\/final-de-semana-no-rio-de-janeiro\\\/\",\"name\":\"O que fazer no Rio de Janeiro este fim de semana\",\"isPartOf\":{\"@id\":\"https:\\\/\\\/agendaculturalriodejaneiro.com\\\/#website\"},\"primaryImageOfPage\":{\"@id\":\"https:\\\/\\\/agendaculturalriodejaneiro.com\\\/final-de-semana-no-rio-de-janeiro\\\/#primaryimage\"},\"image\":{\"@id\":\"https:\\\/\\\/agendaculturalriodejaneiro.com\\\/final-de-semana-no-rio-de-janeiro\\\/#primaryimage\"},\"thumbnailUrl\":\"https:\\\/\\\/agendaculturalriodejaneiro.com\\\/wp-content\\\/uploads\\\/2022\\\/03\\\/Ultimo-fim-de-semana-para-curtir-e-relaxar-no-BAIXO-LAGOA-O-BOTICARIO.webp\",\"datePublished\":\"2021-11-17T05:45:53+00:00\",\"dateModified\":\"2026-07-17T15:07:55+00:00\",\"description\":\"O que fazer no Rio de Janeiro este fim de semana: shows, teatro, exposi\u00e7\u00f5es, eventos gratuitos, programa\u00e7\u00e3o infantil e agenda atualizada.\",\"breadcrumb\":{\"@id\":\"https:\\\/\\\/agendaculturalriodejaneiro.com\\\/final-de-semana-no-rio-de-janeiro\\\/#breadcrumb\"},\"inLanguage\":\"en-US\",\"potentialAction\":[{\"@type\":\"ReadAction\",\"target\":[\"https:\\\/\\\/agendaculturalriodejaneiro.com\\\/final-de-semana-no-rio-de-janeiro\\\/\"]}]},{\"@type\":\"ImageObject\",\"inLanguage\":\"en-US\",\"@id\":\"https:\\\/\\\/agendaculturalriodejaneiro.com\\\/final-de-semana-no-rio-de-janeiro\\\/#primaryimage\",\"url\":\"https:\\\/\\\/agendaculturalriodejaneiro.com\\\/wp-content\\\/uploads\\\/2022\\\/03\\\/Ultimo-fim-de-semana-para-curtir-e-relaxar-no-BAIXO-LAGOA-O-BOTICARIO.webp\",\"contentUrl\":\"https:\\\/\\\/agendaculturalriodejaneiro.com\\\/wp-content\\\/uploads\\\/2022\\\/03\\\/Ultimo-fim-de-semana-para-curtir-e-relaxar-no-BAIXO-LAGOA-O-BOTICARIO.webp\",\"width\":1024,\"height\":683,\"caption\":\"O que fazer no Rio de Janeiro este fim de semana\"},{\"@type\":\"BreadcrumbList\",\"@id\":\"https:\\\/\\\/agendaculturalriodejaneiro.com\\\/final-de-semana-no-rio-de-janeiro\\\/#breadcrumb\",\"itemListElement\":[{\"@type\":\"ListItem\",\"position\":1,\"name\":\"In\u00edcio\",\"item\":\"https:\\\/\\\/agendaculturalriodejaneiro.com\\\/\"},{\"@type\":\"ListItem\",\"position\":2,\"name\":\"O que fazer no Rio de Janeiro este fim de semana\"}]},{\"@type\":\"WebSite\",\"@id\":\"https:\\\/\\\/agendaculturalriodejaneiro.com\\\/#website\",\"url\":\"https:\\\/\\\/agendaculturalriodejaneiro.com\\\/\",\"name\":\"Agenda Cultural Rio de Janeiro\",\"description\":\"Agenda de Eventos no Rio de Janeiro . O que fazer no Rio de Janeiro\",\"publisher\":{\"@id\":\"https:\\\/\\\/agendaculturalriodejaneiro.com\\\/#organization\"},\"potentialAction\":[{\"@type\":\"SearchAction\",\"target\":{\"@type\":\"EntryPoint\",\"urlTemplate\":\"https:\\\/\\\/agendaculturalriodejaneiro.com\\\/?s={search_term_string}\"},\"query-input\":{\"@type\":\"PropertyValueSpecification\",\"valueRequired\":true,\"valueName\":\"search_term_string\"}}],\"inLanguage\":\"en-US\"},{\"@type\":\"Organization\",\"@id\":\"https:\\\/\\\/agendaculturalriodejaneiro.com\\\/#organization\",\"name\":\"Agenda Cultural Rio de Janeiro\",\"alternateName\":\"Agenda RJ\",\"url\":\"https:\\\/\\\/agendaculturalriodejaneiro.com\\\/\",\"logo\":{\"@type\":\"ImageObject\",\"inLanguage\":\"en-US\",\"@id\":\"https:\\\/\\\/agendaculturalriodejaneiro.com\\\/#\\\/schema\\\/logo\\\/image\\\/\",\"url\":\"https:\\\/\\\/agendaculturalriodejaneiro.com\\\/wp-content\\\/uploads\\\/2024\\\/11\\\/cropped-profile-photo-01.jpg\",\"contentUrl\":\"https:\\\/\\\/agendaculturalriodejaneiro.com\\\/wp-content\\\/uploads\\\/2024\\\/11\\\/cropped-profile-photo-01.jpg\",\"width\":512,\"height\":512,\"caption\":\"Agenda Cultural Rio de Janeiro\"},\"image\":{\"@id\":\"https:\\\/\\\/agendaculturalriodejaneiro.com\\\/#\\\/schema\\\/logo\\\/image\\\/\"},\"sameAs\":[\"https:\\\/\\\/www.facebook.com\\\/agenda_cultural_rio_de_janeiro-106278728546059\",\"https:\\\/\\\/www.instagram.com\\\/agenda_cultural_rio_de_janeiro\\\/\"]}]}<\/script>\n<!-- \/ Yoast SEO plugin. -->","yoast_head_json":{"title":"Things to Do in Rio de Janeiro This Weekend","description":"Discover what to do in Rio de Janeiro this weekend, including concerts, theatre, exhibitions, free events, family activities and an up-to-date events calendar.","robots":{"index":"index","follow":"follow","max-snippet":"max-snippet:-1","max-image-preview":"max-image-preview:large","max-video-preview":"max-video-preview:-1"},"canonical":"https:\/\/agendaculturalriodejaneiro.com\/en\/weekend-in-rio-de-janeiro\/","og_locale":"en_US","og_type":"article","og_title":"O que fazer no Rio de Janeiro este fim de semana","og_description":"O que fazer no Rio de Janeiro este fim de semana: shows, teatro, exposi\u00e7\u00f5es, eventos gratuitos, programa\u00e7\u00e3o infantil e agenda atualizada.","og_url":"https:\/\/agendaculturalriodejaneiro.com\/en\/weekend-in-rio-de-janeiro\/","og_site_name":"Agenda Cultural Rio de Janeiro","article_publisher":"https:\/\/www.facebook.com\/agenda_cultural_rio_de_janeiro-106278728546059","article_modified_time":"2026-07-17T15:07:55+00:00","og_image":[{"width":1024,"height":683,"url":"https:\/\/agendaculturalriodejaneiro.com\/wp-content\/uploads\/2022\/03\/Ultimo-fim-de-semana-para-curtir-e-relaxar-no-BAIXO-LAGOA-O-BOTICARIO.webp","type":"image\/webp"}],"twitter_card":"summary_large_image","twitter_misc":{"Est. reading time":"21 minutes"},"schema":{"@context":"https:\/\/schema.org","@graph":[{"@type":"WebPage","@id":"https:\/\/agendaculturalriodejaneiro.com\/final-de-semana-no-rio-de-janeiro\/","url":"https:\/\/agendaculturalriodejaneiro.com\/final-de-semana-no-rio-de-janeiro\/","name":"Things to Do in Rio de Janeiro This Weekend","isPartOf":{"@id":"https:\/\/agendaculturalriodejaneiro.com\/#website"},"primaryImageOfPage":{"@id":"https:\/\/agendaculturalriodejaneiro.com\/final-de-semana-no-rio-de-janeiro\/#primaryimage"},"image":{"@id":"https:\/\/agendaculturalriodejaneiro.com\/final-de-semana-no-rio-de-janeiro\/#primaryimage"},"thumbnailUrl":"https:\/\/agendaculturalriodejaneiro.com\/wp-content\/uploads\/2022\/03\/Ultimo-fim-de-semana-para-curtir-e-relaxar-no-BAIXO-LAGOA-O-BOTICARIO.webp","datePublished":"2021-11-17T05:45:53+00:00","dateModified":"2026-07-17T15:07:55+00:00","description":"Discover what to do in Rio de Janeiro this weekend, including concerts, theatre, exhibitions, free events, family activities and an up-to-date events calendar.","breadcrumb":{"@id":"https:\/\/agendaculturalriodejaneiro.com\/final-de-semana-no-rio-de-janeiro\/#breadcrumb"},"inLanguage":"en-US","potentialAction":[{"@type":"ReadAction","target":["https:\/\/agendaculturalriodejaneiro.com\/final-de-semana-no-rio-de-janeiro\/"]}]},{"@type":"ImageObject","inLanguage":"en-US","@id":"https:\/\/agendaculturalriodejaneiro.com\/final-de-semana-no-rio-de-janeiro\/#primaryimage","url":"https:\/\/agendaculturalriodejaneiro.com\/wp-content\/uploads\/2022\/03\/Ultimo-fim-de-semana-para-curtir-e-relaxar-no-BAIXO-LAGOA-O-BOTICARIO.webp","contentUrl":"https:\/\/agendaculturalriodejaneiro.com\/wp-content\/uploads\/2022\/03\/Ultimo-fim-de-semana-para-curtir-e-relaxar-no-BAIXO-LAGOA-O-BOTICARIO.webp","width":1024,"height":683,"caption":"O que fazer no Rio de Janeiro este fim de semana"},{"@type":"BreadcrumbList","@id":"https:\/\/agendaculturalriodejaneiro.com\/final-de-semana-no-rio-de-janeiro\/#breadcrumb","itemListElement":[{"@type":"ListItem","position":1,"name":"In\u00edcio","item":"https:\/\/agendaculturalriodejaneiro.com\/"},{"@type":"ListItem","position":2,"name":"O que fazer no Rio de Janeiro este fim de semana"}]},{"@type":"WebSite","@id":"https:\/\/agendaculturalriodejaneiro.com\/#website","url":"https:\/\/agendaculturalriodejaneiro.com\/","name":"Rio de Janeiro Events Guide","description":"Calendar of Events in Rio de Janeiro. What to do in Rio de Janeiro","publisher":{"@id":"https:\/\/agendaculturalriodejaneiro.com\/#organization"},"potentialAction":[{"@type":"SearchAction","target":{"@type":"EntryPoint","urlTemplate":"https:\/\/agendaculturalriodejaneiro.com\/?s={search_term_string}"},"query-input":{"@type":"PropertyValueSpecification","valueRequired":true,"valueName":"search_term_string"}}],"inLanguage":"en-US"},{"@type":"Organization","@id":"https:\/\/agendaculturalriodejaneiro.com\/#organization","name":"Rio de Janeiro Events Guide","alternateName":"Agenda RJ","url":"https:\/\/agendaculturalriodejaneiro.com\/","logo":{"@type":"ImageObject","inLanguage":"en-US","@id":"https:\/\/agendaculturalriodejaneiro.com\/#\/schema\/logo\/image\/","url":"https:\/\/agendaculturalriodejaneiro.com\/wp-content\/uploads\/2024\/11\/cropped-profile-photo-01.jpg","contentUrl":"https:\/\/agendaculturalriodejaneiro.com\/wp-content\/uploads\/2024\/11\/cropped-profile-photo-01.jpg","width":512,"height":512,"caption":"Agenda Cultural Rio de Janeiro"},"image":{"@id":"https:\/\/agendaculturalriodejaneiro.com\/#\/schema\/logo\/image\/"},"sameAs":["https:\/\/www.facebook.com\/agenda_cultural_rio_de_janeiro-106278728546059","https:\/\/www.instagram.com\/agenda_cultural_rio_de_janeiro\/"]}]}},"rttpg_featured_image_url":{"full":["https:\/\/agendaculturalriodejaneiro.com\/wp-content\/uploads\/2022\/03\/Ultimo-fim-de-semana-para-curtir-e-relaxar-no-BAIXO-LAGOA-O-BOTICARIO.webp",1024,683,false],"landscape":["https:\/\/agendaculturalriodejaneiro.com\/wp-content\/uploads\/2022\/03\/Ultimo-fim-de-semana-para-curtir-e-relaxar-no-BAIXO-LAGOA-O-BOTICARIO.webp",1024,683,false],"portraits":["https:\/\/agendaculturalriodejaneiro.com\/wp-content\/uploads\/2022\/03\/Ultimo-fim-de-semana-para-curtir-e-relaxar-no-BAIXO-LAGOA-O-BOTICARIO.webp",1024,683,false],"thumbnail":["https:\/\/agendaculturalriodejaneiro.com\/wp-content\/uploads\/2022\/03\/Ultimo-fim-de-semana-para-curtir-e-relaxar-no-BAIXO-LAGOA-O-BOTICARIO-150x150.webp",150,150,true],"medium":["https:\/\/agendaculturalriodejaneiro.com\/wp-content\/uploads\/2022\/03\/Ultimo-fim-de-semana-para-curtir-e-relaxar-no-BAIXO-LAGOA-O-BOTICARIO-300x200.webp",300,200,true],"large":["https:\/\/agendaculturalriodejaneiro.com\/wp-content\/uploads\/2022\/03\/Ultimo-fim-de-semana-para-curtir-e-relaxar-no-BAIXO-LAGOA-O-BOTICARIO.webp",1024,683,false],"thumblist":["https:\/\/agendaculturalriodejaneiro.com\/wp-content\/uploads\/2022\/03\/Ultimo-fim-de-semana-para-curtir-e-relaxar-no-BAIXO-LAGOA-O-BOTICARIO-300x300.webp",300,300,true],"thumbrelated":["https:\/\/agendaculturalriodejaneiro.com\/wp-content\/uploads\/2022\/03\/Ultimo-fim-de-semana-para-curtir-e-relaxar-no-BAIXO-LAGOA-O-BOTICARIO.webp",500,333,false],"meccarouselthumb":["https:\/\/agendaculturalriodejaneiro.com\/wp-content\/uploads\/2022\/03\/Ultimo-fim-de-semana-para-curtir-e-relaxar-no-BAIXO-LAGOA-O-BOTICARIO-474x324.webp",474,324,true],"gridsquare":["https:\/\/agendaculturalriodejaneiro.com\/wp-content\/uploads\/2022\/03\/Ultimo-fim-de-semana-para-curtir-e-relaxar-no-BAIXO-LAGOA-O-BOTICARIO-391x260.webp",391,260,true],"tileview":["https:\/\/agendaculturalriodejaneiro.com\/wp-content\/uploads\/2022\/03\/Ultimo-fim-de-semana-para-curtir-e-relaxar-no-BAIXO-LAGOA-O-BOTICARIO-300x400.webp",300,400,true],"1536x1536":["https:\/\/agendaculturalriodejaneiro.com\/wp-content\/uploads\/2022\/03\/Ultimo-fim-de-semana-para-curtir-e-relaxar-no-BAIXO-LAGOA-O-BOTICARIO.webp",1024,683,false],"2048x2048":["https:\/\/agendaculturalriodejaneiro.com\/wp-content\/uploads\/2022\/03\/Ultimo-fim-de-semana-para-curtir-e-relaxar-no-BAIXO-LAGOA-O-BOTICARIO.webp",1024,683,false],"trp-custom-language-flag":["https:\/\/agendaculturalriodejaneiro.com\/wp-content\/uploads\/2022\/03\/Ultimo-fim-de-semana-para-curtir-e-relaxar-no-BAIXO-LAGOA-O-BOTICARIO.webp",18,12,false],"neve-blog":["https:\/\/agendaculturalriodejaneiro.com\/wp-content\/uploads\/2022\/03\/Ultimo-fim-de-semana-para-curtir-e-relaxar-no-BAIXO-LAGOA-O-BOTICARIO-930x620.webp",930,620,true]},"rttpg_author":{"display_name":"AgendaRio","author_link":"https:\/\/agendaculturalriodejaneiro.com\/en\/author\/agendario\/"},"rttpg_comment":0,"rttpg_category":null,"rttpg_excerpt":"In\u00edcio Este fim de semana no Rio Programa\u00e7\u00e3o atualizada no Rio O que fazer no Rio de Janeiro neste fim de semana Confira shows, pe\u00e7as de teatro, exposi\u00e7\u00f5es, festas, eventos gratuitos, passeios e programa\u00e7\u00e3o infantil para aproveitar o fim de semana no Rio de Janeiro. Ver eventos deste fim de semana \u2193 Encontrar eventos gratuitos&hellip;&nbsp;","_links":{"self":[{"href":"https:\/\/agendaculturalriodejaneiro.com\/en\/wp-json\/wp\/v2\/pages\/288","targetHints":{"allow":["GET"]}}],"collection":[{"href":"https:\/\/agendaculturalriodejaneiro.com\/en\/wp-json\/wp\/v2\/pages"}],"about":[{"href":"https:\/\/agendaculturalriodejaneiro.com\/en\/wp-json\/wp\/v2\/types\/page"}],"author":[{"embeddable":true,"href":"https:\/\/agendaculturalriodejaneiro.com\/en\/wp-json\/wp\/v2\/users\/1"}],"replies":[{"embeddable":true,"href":"https:\/\/agendaculturalriodejaneiro.com\/en\/wp-json\/wp\/v2\/comments?post=288"}],"version-history":[{"count":0,"href":"https:\/\/agendaculturalriodejaneiro.com\/en\/wp-json\/wp\/v2\/pages\/288\/revisions"}],"wp:featuredmedia":[{"embeddable":true,"href":"https:\/\/agendaculturalriodejaneiro.com\/en\/wp-json\/wp\/v2\/media\/2653"}],"wp:attachment":[{"href":"https:\/\/agendaculturalriodejaneiro.com\/en\/wp-json\/wp\/v2\/media?parent=288"}],"curies":[{"name":"wp","href":"https:\/\/api.w.org\/{rel}","templated":true}]}}