{"id":229,"date":"2021-11-15T21:55:41","date_gmt":"2021-11-15T21:55:41","guid":{"rendered":"http:\/\/agendaculturalriodejaneiro.com\/?page_id=229"},"modified":"2025-12-13T11:12:46","modified_gmt":"2025-12-13T14:12:46","slug":"rival-theater-schedule-rpetrobras","status":"publish","type":"page","link":"https:\/\/agendaculturalriodejaneiro.com\/en\/agenda-teatro-rival-rpetrobras\/","title":{"rendered":"Rival Petrobras Theater Agenda"},"content":{"rendered":"\t\t<div data-elementor-type=\"wp-page\" data-elementor-id=\"229\" class=\"elementor elementor-229\" data-elementor-post-type=\"page\">\n\t\t\t\t\t\t<section class=\"elementor-section elementor-top-section elementor-element elementor-element-7564119 elementor-section-boxed elementor-section-height-default elementor-section-height-default\" data-id=\"7564119\" data-element_type=\"section\" data-e-type=\"section\">\n\t\t\t\t\t\t<div class=\"elementor-container elementor-column-gap-default\">\n\t\t\t\t\t<div class=\"elementor-column elementor-col-100 elementor-top-column elementor-element elementor-element-c4779d2\" data-id=\"c4779d2\" data-element_type=\"column\" data-e-type=\"column\">\n\t\t\t<div class=\"elementor-widget-wrap elementor-element-populated\">\n\t\t\t\t\t\t<div class=\"elementor-element elementor-element-bdd07a1 elementor-widget elementor-widget-spacer\" data-id=\"bdd07a1\" data-element_type=\"widget\" data-e-type=\"widget\" data-widget_type=\"spacer.default\">\n\t\t\t\t<div class=\"elementor-widget-container\">\n\t\t\t\t\t\t\t<div class=\"elementor-spacer\">\n\t\t\t<div class=\"elementor-spacer-inner\"><\/div>\n\t\t<\/div>\n\t\t\t\t\t\t<\/div>\n\t\t\t\t<\/div>\n\t\t\t\t\t<\/div>\n\t\t<\/div>\n\t\t\t\t\t<\/div>\n\t\t<\/section>\n\t\t\t\t<section class=\"elementor-section elementor-top-section elementor-element elementor-element-11fbfd0d elementor-section-boxed elementor-section-height-default elementor-section-height-default\" data-id=\"11fbfd0d\" data-element_type=\"section\" data-e-type=\"section\" data-settings=\"{&quot;background_background&quot;:&quot;classic&quot;}\">\n\t\t\t\t\t\t<div class=\"elementor-container elementor-column-gap-default\">\n\t\t\t\t\t<div class=\"elementor-column elementor-col-100 elementor-top-column elementor-element elementor-element-36eb2ab9 elementor-invisible\" data-id=\"36eb2ab9\" data-element_type=\"column\" data-e-type=\"column\" data-settings=\"{&quot;background_background&quot;:&quot;classic&quot;,&quot;animation&quot;:&quot;fadeInUp&quot;,&quot;animation_delay&quot;:300}\">\n\t\t\t<div class=\"elementor-widget-wrap elementor-element-populated\">\n\t\t\t\t\t\t<div class=\"elementor-element elementor-element-c185f26 elementor-invisible elementor-widget elementor-widget-heading\" data-id=\"c185f26\" data-element_type=\"widget\" data-e-type=\"widget\" data-settings=\"{&quot;_animation&quot;:&quot;fadeInUp&quot;,&quot;_animation_delay&quot;:500}\" data-widget_type=\"heading.default\">\n\t\t\t\t<div class=\"elementor-widget-container\">\n\t\t\t\t\t<h1 class=\"elementor-heading-title elementor-size-default\"><a href=\"https:\/\/agendaculturalriodejaneiro.com\/agenda-teatro-rival-rpetrobras\/\">Agenda Teatro Rival Petrobras<\/a><\/h1>\t\t\t\t<\/div>\n\t\t\t\t<\/div>\n\t\t\t\t\t<\/div>\n\t\t<\/div>\n\t\t\t\t\t<\/div>\n\t\t<\/section>\n\t\t\t\t<section class=\"elementor-section elementor-top-section elementor-element elementor-element-00c1a6d elementor-section-boxed elementor-section-height-default elementor-section-height-default\" data-id=\"00c1a6d\" data-element_type=\"section\" data-e-type=\"section\">\n\t\t\t\t\t\t<div class=\"elementor-container elementor-column-gap-default\">\n\t\t\t\t\t<div class=\"elementor-column elementor-col-100 elementor-top-column elementor-element elementor-element-23f4ec1\" data-id=\"23f4ec1\" data-element_type=\"column\" data-e-type=\"column\">\n\t\t\t<div class=\"elementor-widget-wrap elementor-element-populated\">\n\t\t\t\t\t\t<section class=\"elementor-section elementor-inner-section elementor-element elementor-element-47780ec elementor-section-boxed elementor-section-height-default elementor-section-height-default\" data-id=\"47780ec\" data-element_type=\"section\" data-e-type=\"section\">\n\t\t\t\t\t\t<div class=\"elementor-container elementor-column-gap-default\">\n\t\t\t\t\t<div class=\"elementor-column elementor-col-100 elementor-inner-column elementor-element elementor-element-cc8e8d5\" data-id=\"cc8e8d5\" data-element_type=\"column\" data-e-type=\"column\">\n\t\t\t<div class=\"elementor-widget-wrap elementor-element-populated\">\n\t\t\t\t\t\t<div class=\"elementor-element elementor-element-7267f970 elementor-widget elementor-widget-heading\" data-id=\"7267f970\" data-element_type=\"widget\" data-e-type=\"widget\" data-widget_type=\"heading.default\">\n\t\t\t\t<div class=\"elementor-widget-container\">\n\t\t\t\t\t<h2 class=\"elementor-heading-title elementor-size-default\"><a href=\"https:\/\/agendaculturalriodejaneiro.com\/agenda-teatro-rival-refit\/\">Programa\u00e7\u00e3o Teatro Rival Petrobras<\/a><\/h2>\t\t\t\t<\/div>\n\t\t\t\t<\/div>\n\t\t\t\t\t<\/div>\n\t\t<\/div>\n\t\t\t\t\t<\/div>\n\t\t<\/section>\n\t\t\t\t\t<\/div>\n\t\t<\/div>\n\t\t\t\t\t<\/div>\n\t\t<\/section>\n\t\t\t\t<section class=\"elementor-section elementor-top-section elementor-element elementor-element-a613c75 elementor-section-boxed elementor-section-height-default elementor-section-height-default\" data-id=\"a613c75\" data-element_type=\"section\" data-e-type=\"section\">\n\t\t\t\t\t\t<div class=\"elementor-container elementor-column-gap-default\">\n\t\t\t\t\t<div class=\"elementor-column elementor-col-100 elementor-top-column elementor-element elementor-element-7c553f3\" data-id=\"7c553f3\" data-element_type=\"column\" data-e-type=\"column\">\n\t\t\t<div class=\"elementor-widget-wrap elementor-element-populated\">\n\t\t\t\t\t\t<div class=\"elementor-element elementor-element-493ffcf elementor-widget elementor-widget-html\" data-id=\"493ffcf\" data-element_type=\"widget\" data-e-type=\"widget\" data-widget_type=\"html.default\">\n\t\t\t\t<div class=\"elementor-widget-container\">\n\t\t\t\t\t<script async src=\"https:\/\/pagead2.googlesyndication.com\/pagead\/js\/adsbygoogle.js?client=ca-pub-1076216326230548\"\r\n     crossorigin=\"anonymous\"><\/script>\r\n<!-- Anuncio horizontal adapt\u00e1vel -->\r\n<ins class=\"adsbygoogle\"\r\n     style=\"display:block\"\r\n     data-ad-client=\"ca-pub-1076216326230548\"\r\n     data-ad-slot=\"8379342184\"\r\n     data-ad-format=\"auto\"\r\n     data-full-width-responsive=\"true\"><\/ins>\r\n<script>\r\n     (adsbygoogle = window.adsbygoogle || []).push({});\r\n<\/script>\t\t\t\t<\/div>\n\t\t\t\t<\/div>\n\t\t\t\t<div class=\"elementor-element elementor-element-de3d640 elementor-widget elementor-widget-MEC\" data-id=\"de3d640\" data-element_type=\"widget\" data-e-type=\"widget\" data-widget_type=\"MEC.default\">\n\t\t\t\t<div class=\"elementor-widget-container\">\n\t\t\t\t\t<div class=\"mec-wrap mec-skin-grid-container  \" id=\"mec_skin_mec1\">\r\n\r\n    <form id=\"mec_search_form_mec1\" class=\"mec-search-form mec-totalcal-box mec-dropdown-classic\" autocomplete=\"off\"><div class=\"mec-dropdown-wrap\" style=\"display: none\"><\/div><div class=\"mec-date-search\"><i class=\"mec-sl-calendar\"><\/i>\r\n                    <input class=\"mec-col-3 mec_date_picker_dynamic_format_start\" data-min=\"2026-09-02\" type=\"text\" id=\"mec_sf_date_start_mec1\" name=\"sf[date_start]\" placeholder=\"Start\" title=\"Start\" autocomplete=\"off\">\r\n                    <input class=\"mec-col-3 mec_date_picker_dynamic_format_end\" type=\"text\" id=\"mec_sf_date_end_mec1\" name=\"sf[date_end]\" placeholder=\"End\" title=\"End\" autocomplete=\"off\">\r\n                <\/div><div class=\"mec-text-input-search\"><i class=\"mec-sl-magnifier\"><\/i>\r\n                    <input type=\"search\" value=\"\" id=\"mec_sf_s_mec1\" placeholder=\"\" title=\"\" \/>\r\n                <\/div><div id=\"mec_search_form_mec1_status\" class=\"mec-screen-reader-text\"><\/div><\/form>\r\n            <div class=\"mec-skin-grid-events-container\" id=\"mec_skin_events_mec1\">\r\n        <div class=\"mec-wrap colorskin-custom\">\r\n    <div class=\"mec-event-grid-classic\" data-widget-autoplay=\"1\" data-widget-loop=\"1\" data-widget-autoplay-time=\"3000\">\r\n        <div class=\"row\"><div class=\"col-md-4 col-sm-4\"><article class=\" mec-event-article mec-clear  \">                                <div class=\"mec-event-image\"><a data-event-id=\"50953\" href=\"https:\/\/agendaculturalriodejaneiro.com\/en\/events\/the-jazz-room-celebra-frank-sinatra-e-louis-armstrong-em-noite-intimista-no-teatro-rival\/\" target=\"_blank\" rel=\"noopener\"><img fetchpriority=\"high\" decoding=\"async\" width=\"300\" height=\"217\" src=\"https:\/\/agendaculturalriodejaneiro.com\/wp-content\/uploads\/2026\/06\/b065e57e-31ca-11f1-940d-2a9e9698c145-300x217.jpg\" class=\"attachment-medium size-medium wp-post-image\" alt=\"\" data-mec-postid=\"50953\" \/><\/a><\/div>\r\n                        <div class=\"mec-event-content\">\r\n                                    <div class=\"mec-event-date mec-bg-color\">\r\n                        <span class=\"mec-start-date-label\">28 August 2026<\/span><span class=\"mec-end-date-label\" itemprop=\"endDate\"> - 04 December 2026<\/span>                                                                    <\/div>\r\n                                                                <h4 class=\"mec-event-title\"><a class=\"mec-color-hover\" data-event-id=\"50953\" href=\"https:\/\/agendaculturalriodejaneiro.com\/en\/events\/the-jazz-room-celebra-frank-sinatra-e-louis-armstrong-em-noite-intimista-no-teatro-rival\/\" target=\"_blank\" rel=\"noopener\">The Jazz Room celebra Frank Sinatra e Louis Armstrong em noite intimista no Teatro Rival<\/a><\/h4>\r\n                                <p class=\"mec-grid-event-location\">Teatro Rival Petrobras, Rua \u00c1lvaro Alvim ,33 - Subsolo, Rio de Janeiro - Rio de Janeiro<\/p>\r\n                                                                            <\/div>\r\n            <div class=\"mec-event-footer\">\r\n                                <ul class=\"mec-event-sharing-wrap\">\r\n                    <li class=\"mec-event-share\">\r\n                        <a href=\"#\" class=\"mec-event-share-icon\">\r\n                            <i class=\"mec-sl-share\" title=\"Share\"><\/i>\r\n                        <\/a>\r\n                    <\/li>\r\n                    <li>\r\n                        <ul class=\"mec-event-sharing\">\r\n                            <li class=\"mec-event-social-icon\"><a class=\"facebook\" href=\"https:\/\/www.facebook.com\/sharer\/sharer.php?u=https%3A%2F%2Fagendaculturalriodejaneiro.com%2Fen%2Fevents%2Fthe-jazz-room-celebra-frank-sinatra-e-louis-armstrong-em-noite-intimista-no-teatro-rival%2F\" onclick=\"javascript:window.open(this.href, &apos;&apos;, &apos;menubar=no,toolbar=no,resizable=yes,scrollbars=yes,height=500,width=600&apos;); return false;\" target=\"_blank\" title=\"Share on Facebook\"><i class=\"mec-fa-facebook\"><\/i><span class=\"mec-social-title\">Facebook<\/span><\/a><\/li><li class=\"mec-event-social-icon\"><a class=\"twitter\" href=\"https:\/\/x.com\/intent\/tweet?url=https%3A%2F%2Fagendaculturalriodejaneiro.com%2Fen%2Fevents%2Fthe-jazz-room-celebra-frank-sinatra-e-louis-armstrong-em-noite-intimista-no-teatro-rival%2F\" onclick=\"javascript:window.open(this.href, &apos;&apos;, &apos;menubar=no,toolbar=no,resizable=yes,scrollbars=yes,height=600,width=500&apos;); return false;\" target=\"_blank\" title=\"X Social Network\"><svg xmlns=\"http:\/\/www.w3.org\/2000\/svg\" viewbox=\"0 0 512 462.799\"><path d=\"M403.229 0h78.506L310.219 196.04 512 462.799H354.002L230.261 301.007 88.669 462.799h-78.56l183.455-209.683L0 0h161.999l111.856 147.88L403.229 0zm-27.556 415.805h43.505L138.363 44.527h-46.68l283.99 371.278z\" \/><\/svg><span class=\"mec-social-title\">Twitter<\/span><\/a><\/li><li class=\"mec-event-social-icon\"><a class=\"linkedin\" href=\"https:\/\/www.linkedin.com\/shareArticle?mini=true&amp;url=https%3A%2F%2Fagendaculturalriodejaneiro.com%2Fen%2Fevents%2Fthe-jazz-room-celebra-frank-sinatra-e-louis-armstrong-em-noite-intimista-no-teatro-rival%2F\" onclick=\"javascript:window.open(this.href, &apos;&apos;, &apos;menubar=no,toolbar=no,resizable=yes,scrollbars=yes,height=600,width=500&apos;); return false;\" target=\"_blank\" title=\"Linkedin\"><i class=\"mec-fa-linkedin\"><\/i><span class=\"mec-social-title\">Linkedin<\/span><\/a><\/li><li class=\"mec-event-social-icon\"><a class=\"email\" href=\"mailto:?subject=The%20Jazz%20Room%20celebra%20Frank%20Sinatra%20e%20Louis%20Armstrong%20em%20noite%20intimista%20no%20Teatro%20Rival&amp;body=https%3A%2F%2Fagendaculturalriodejaneiro.com%2Fen%2Fevents%2Fthe-jazz-room-celebra-frank-sinatra-e-louis-armstrong-em-noite-intimista-no-teatro-rival%2F\" title=\"Email\"><i class=\"mec-fa-envelope\"><\/i><span class=\"mec-social-title\">Email<\/span><\/a><\/li>                        <\/ul>\r\n                    <\/li>\r\n                <\/ul>\r\n                                                <a class=\"mec-booking-button\" data-event-id=\"50953\" href=\"https:\/\/agendaculturalriodejaneiro.com\/en\/events\/the-jazz-room-celebra-frank-sinatra-e-louis-armstrong-em-noite-intimista-no-teatro-rival\/\" target=\"_blank\" rel=\"noopener\">Ver Detalhes<\/a>            <\/div>\r\n        <\/article><\/div>                <div class=\"col-md-4 col-sm-4\"><article class=\" mec-event-article mec-clear  \">                                <div class=\"mec-event-image\"><a data-event-id=\"51366\" href=\"https:\/\/agendaculturalriodejaneiro.com\/en\/events\/edu-krieger-e-natalia-voss-versos-e-versoes-a-vida-em-parodias\/\" target=\"_blank\" rel=\"noopener\"><img decoding=\"async\" width=\"300\" height=\"300\" src=\"https:\/\/agendaculturalriodejaneiro.com\/wp-content\/uploads\/2026\/06\/9-5-26-Edu-Krieger-e-Natalia-Voss-feed-720x720-300x300.jpg\" class=\"attachment-medium size-medium wp-post-image\" alt=\"\" data-mec-postid=\"51366\" \/><\/a><\/div>\r\n                        <div class=\"mec-event-content\">\r\n                                    <div class=\"mec-event-date mec-bg-color\">\r\n                        <span class=\"mec-start-date-label\">05 September 2026<\/span>                                                                    <\/div>\r\n                                                                <h4 class=\"mec-event-title\"><a class=\"mec-color-hover\" data-event-id=\"51366\" href=\"https:\/\/agendaculturalriodejaneiro.com\/en\/events\/edu-krieger-e-natalia-voss-versos-e-versoes-a-vida-em-parodias\/\" target=\"_blank\" rel=\"noopener\">Edu Krieger e Natalia Voss &#8211; Versos e vers\u00f5es: a vida em par\u00f3dias<\/a><\/h4>\r\n                                <p class=\"mec-grid-event-location\">Teatro Rival Petrobras, Rua \u00c1lvaro Alvim ,33 - Subsolo, Rio de Janeiro - Rio de Janeiro<\/p>\r\n                                                                            <\/div>\r\n            <div class=\"mec-event-footer\">\r\n                                <ul class=\"mec-event-sharing-wrap\">\r\n                    <li class=\"mec-event-share\">\r\n                        <a href=\"#\" class=\"mec-event-share-icon\">\r\n                            <i class=\"mec-sl-share\" title=\"Share\"><\/i>\r\n                        <\/a>\r\n                    <\/li>\r\n                    <li>\r\n                        <ul class=\"mec-event-sharing\">\r\n                            <li class=\"mec-event-social-icon\"><a class=\"facebook\" href=\"https:\/\/www.facebook.com\/sharer\/sharer.php?u=https%3A%2F%2Fagendaculturalriodejaneiro.com%2Fen%2Fevents%2Fedu-krieger-e-natalia-voss-versos-e-versoes-a-vida-em-parodias%2F\" onclick=\"javascript:window.open(this.href, &apos;&apos;, &apos;menubar=no,toolbar=no,resizable=yes,scrollbars=yes,height=500,width=600&apos;); return false;\" target=\"_blank\" title=\"Share on Facebook\"><i class=\"mec-fa-facebook\"><\/i><span class=\"mec-social-title\">Facebook<\/span><\/a><\/li><li class=\"mec-event-social-icon\"><a class=\"twitter\" href=\"https:\/\/x.com\/intent\/tweet?url=https%3A%2F%2Fagendaculturalriodejaneiro.com%2Fen%2Fevents%2Fedu-krieger-e-natalia-voss-versos-e-versoes-a-vida-em-parodias%2F\" onclick=\"javascript:window.open(this.href, &apos;&apos;, &apos;menubar=no,toolbar=no,resizable=yes,scrollbars=yes,height=600,width=500&apos;); return false;\" target=\"_blank\" title=\"X Social Network\"><svg xmlns=\"http:\/\/www.w3.org\/2000\/svg\" viewbox=\"0 0 512 462.799\"><path d=\"M403.229 0h78.506L310.219 196.04 512 462.799H354.002L230.261 301.007 88.669 462.799h-78.56l183.455-209.683L0 0h161.999l111.856 147.88L403.229 0zm-27.556 415.805h43.505L138.363 44.527h-46.68l283.99 371.278z\" \/><\/svg><span class=\"mec-social-title\">Twitter<\/span><\/a><\/li><li class=\"mec-event-social-icon\"><a class=\"linkedin\" href=\"https:\/\/www.linkedin.com\/shareArticle?mini=true&amp;url=https%3A%2F%2Fagendaculturalriodejaneiro.com%2Fen%2Fevents%2Fedu-krieger-e-natalia-voss-versos-e-versoes-a-vida-em-parodias%2F\" onclick=\"javascript:window.open(this.href, &apos;&apos;, &apos;menubar=no,toolbar=no,resizable=yes,scrollbars=yes,height=600,width=500&apos;); return false;\" target=\"_blank\" title=\"Linkedin\"><i class=\"mec-fa-linkedin\"><\/i><span class=\"mec-social-title\">Linkedin<\/span><\/a><\/li><li class=\"mec-event-social-icon\"><a class=\"email\" href=\"mailto:?subject=Edu%20Krieger%20e%20Natalia%20Voss%20-%20Versos%20e%20vers%C3%B5es%3A%20a%20vida%20em%20par%C3%B3dias&amp;body=https%3A%2F%2Fagendaculturalriodejaneiro.com%2Fen%2Fevents%2Fedu-krieger-e-natalia-voss-versos-e-versoes-a-vida-em-parodias%2F\" title=\"Email\"><i class=\"mec-fa-envelope\"><\/i><span class=\"mec-social-title\">Email<\/span><\/a><\/li>                        <\/ul>\r\n                    <\/li>\r\n                <\/ul>\r\n                                                <a class=\"mec-booking-button\" data-event-id=\"51366\" href=\"https:\/\/agendaculturalriodejaneiro.com\/en\/events\/edu-krieger-e-natalia-voss-versos-e-versoes-a-vida-em-parodias\/\" target=\"_blank\" rel=\"noopener\">Ver Detalhes<\/a>            <\/div>\r\n        <\/article><\/div>                <div class=\"col-md-4 col-sm-4\"><article class=\" mec-event-article mec-clear  \">                                <div class=\"mec-event-image\"><a data-event-id=\"52781\" href=\"https:\/\/agendaculturalriodejaneiro.com\/en\/events\/the-jazz-room-uma-viagem-pelo-coracao-de-nova-orleans\/\" target=\"_blank\" rel=\"noopener\"><img decoding=\"async\" width=\"300\" height=\"300\" src=\"https:\/\/agendaculturalriodejaneiro.com\/wp-content\/uploads\/2026\/08\/bef7eaf6-4b10-11f1-9b40-92ff59a3bd30-300x300.jpg\" class=\"attachment-medium size-medium wp-post-image\" alt=\"\" data-mec-postid=\"52781\" \/><\/a><\/div>\r\n                        <div class=\"mec-event-content\">\r\n                                    <div class=\"mec-event-date mec-bg-color\">\r\n                        <span class=\"mec-start-date-label\">11 September 2026<\/span>                                                                    <\/div>\r\n                                                                <h4 class=\"mec-event-title\"><a class=\"mec-color-hover\" data-event-id=\"52781\" href=\"https:\/\/agendaculturalriodejaneiro.com\/en\/events\/the-jazz-room-uma-viagem-pelo-coracao-de-nova-orleans\/\" target=\"_blank\" rel=\"noopener\">The Jazz Room: Uma viagem pelo cora\u00e7\u00e3o de Nova Orleans<\/a><\/h4>\r\n                                <p class=\"mec-grid-event-location\">Teatro Rival Petrobras, Rua \u00c1lvaro Alvim ,33 - Subsolo, Rio de Janeiro - Rio de Janeiro<\/p>\r\n                                                                            <\/div>\r\n            <div class=\"mec-event-footer\">\r\n                                <ul class=\"mec-event-sharing-wrap\">\r\n                    <li class=\"mec-event-share\">\r\n                        <a href=\"#\" class=\"mec-event-share-icon\">\r\n                            <i class=\"mec-sl-share\" title=\"Share\"><\/i>\r\n                        <\/a>\r\n                    <\/li>\r\n                    <li>\r\n                        <ul class=\"mec-event-sharing\">\r\n                            <li class=\"mec-event-social-icon\"><a class=\"facebook\" href=\"https:\/\/www.facebook.com\/sharer\/sharer.php?u=https%3A%2F%2Fagendaculturalriodejaneiro.com%2Fen%2Fevents%2Fthe-jazz-room-uma-viagem-pelo-coracao-de-nova-orleans%2F\" onclick=\"javascript:window.open(this.href, &apos;&apos;, &apos;menubar=no,toolbar=no,resizable=yes,scrollbars=yes,height=500,width=600&apos;); return false;\" target=\"_blank\" title=\"Share on Facebook\"><i class=\"mec-fa-facebook\"><\/i><span class=\"mec-social-title\">Facebook<\/span><\/a><\/li><li class=\"mec-event-social-icon\"><a class=\"twitter\" href=\"https:\/\/x.com\/intent\/tweet?url=https%3A%2F%2Fagendaculturalriodejaneiro.com%2Fen%2Fevents%2Fthe-jazz-room-uma-viagem-pelo-coracao-de-nova-orleans%2F\" onclick=\"javascript:window.open(this.href, &apos;&apos;, &apos;menubar=no,toolbar=no,resizable=yes,scrollbars=yes,height=600,width=500&apos;); return false;\" target=\"_blank\" title=\"X Social Network\"><svg xmlns=\"http:\/\/www.w3.org\/2000\/svg\" viewbox=\"0 0 512 462.799\"><path d=\"M403.229 0h78.506L310.219 196.04 512 462.799H354.002L230.261 301.007 88.669 462.799h-78.56l183.455-209.683L0 0h161.999l111.856 147.88L403.229 0zm-27.556 415.805h43.505L138.363 44.527h-46.68l283.99 371.278z\" \/><\/svg><span class=\"mec-social-title\">Twitter<\/span><\/a><\/li><li class=\"mec-event-social-icon\"><a class=\"linkedin\" href=\"https:\/\/www.linkedin.com\/shareArticle?mini=true&amp;url=https%3A%2F%2Fagendaculturalriodejaneiro.com%2Fen%2Fevents%2Fthe-jazz-room-uma-viagem-pelo-coracao-de-nova-orleans%2F\" onclick=\"javascript:window.open(this.href, &apos;&apos;, &apos;menubar=no,toolbar=no,resizable=yes,scrollbars=yes,height=600,width=500&apos;); return false;\" target=\"_blank\" title=\"Linkedin\"><i class=\"mec-fa-linkedin\"><\/i><span class=\"mec-social-title\">Linkedin<\/span><\/a><\/li><li class=\"mec-event-social-icon\"><a class=\"email\" href=\"mailto:?subject=The%20Jazz%20Room%3A%20Uma%20viagem%20pelo%20cora%C3%A7%C3%A3o%20de%20Nova%20Orleans&amp;body=https%3A%2F%2Fagendaculturalriodejaneiro.com%2Fen%2Fevents%2Fthe-jazz-room-uma-viagem-pelo-coracao-de-nova-orleans%2F\" title=\"Email\"><i class=\"mec-fa-envelope\"><\/i><span class=\"mec-social-title\">Email<\/span><\/a><\/li>                        <\/ul>\r\n                    <\/li>\r\n                <\/ul>\r\n                                                <a class=\"mec-booking-button\" data-event-id=\"52781\" href=\"https:\/\/agendaculturalriodejaneiro.com\/en\/events\/the-jazz-room-uma-viagem-pelo-coracao-de-nova-orleans\/\" target=\"_blank\" rel=\"noopener\">Ver Detalhes<\/a>            <\/div>\r\n        <\/article><\/div><\/div>                <div class=\"row\"><div class=\"col-md-4 col-sm-4\"><article class=\" mec-event-article mec-clear  \">                                <div class=\"mec-event-image\"><a data-event-id=\"51368\" href=\"https:\/\/agendaculturalriodejaneiro.com\/en\/events\/abacaxepa-10-anos-antes-que-voce-se-esqueca\/\" target=\"_blank\" rel=\"noopener\"><img loading=\"lazy\" decoding=\"async\" width=\"300\" height=\"300\" src=\"https:\/\/agendaculturalriodejaneiro.com\/wp-content\/uploads\/2026\/06\/9-12-26-Abacaxepa-10-anos-ROUANET-feed-720x720-300x300.jpg\" class=\"attachment-medium size-medium wp-post-image\" alt=\"\" data-mec-postid=\"51368\" \/><\/a><\/div>\r\n                        <div class=\"mec-event-content\">\r\n                                    <div class=\"mec-event-date mec-bg-color\">\r\n                        <span class=\"mec-start-date-label\">12 September 2026<\/span>                                                                    <\/div>\r\n                                                                <h4 class=\"mec-event-title\"><a class=\"mec-color-hover\" data-event-id=\"51368\" href=\"https:\/\/agendaculturalriodejaneiro.com\/en\/events\/abacaxepa-10-anos-antes-que-voce-se-esqueca\/\" target=\"_blank\" rel=\"noopener\">Abacaxepa &#8211; 10 anos &#8211; Antes que voc\u00ea se esque\u00e7a<\/a><\/h4>\r\n                                <p class=\"mec-grid-event-location\">Teatro Rival Petrobras, Rua \u00c1lvaro Alvim ,33 - Subsolo, Rio de Janeiro - Rio de Janeiro<\/p>\r\n                                                                            <\/div>\r\n            <div class=\"mec-event-footer\">\r\n                                <ul class=\"mec-event-sharing-wrap\">\r\n                    <li class=\"mec-event-share\">\r\n                        <a href=\"#\" class=\"mec-event-share-icon\">\r\n                            <i class=\"mec-sl-share\" title=\"Share\"><\/i>\r\n                        <\/a>\r\n                    <\/li>\r\n                    <li>\r\n                        <ul class=\"mec-event-sharing\">\r\n                            <li class=\"mec-event-social-icon\"><a class=\"facebook\" href=\"https:\/\/www.facebook.com\/sharer\/sharer.php?u=https%3A%2F%2Fagendaculturalriodejaneiro.com%2Fen%2Fevents%2Fabacaxepa-10-anos-antes-que-voce-se-esqueca%2F\" onclick=\"javascript:window.open(this.href, &apos;&apos;, &apos;menubar=no,toolbar=no,resizable=yes,scrollbars=yes,height=500,width=600&apos;); return false;\" target=\"_blank\" title=\"Share on Facebook\"><i class=\"mec-fa-facebook\"><\/i><span class=\"mec-social-title\">Facebook<\/span><\/a><\/li><li class=\"mec-event-social-icon\"><a class=\"twitter\" href=\"https:\/\/x.com\/intent\/tweet?url=https%3A%2F%2Fagendaculturalriodejaneiro.com%2Fen%2Fevents%2Fabacaxepa-10-anos-antes-que-voce-se-esqueca%2F\" onclick=\"javascript:window.open(this.href, &apos;&apos;, &apos;menubar=no,toolbar=no,resizable=yes,scrollbars=yes,height=600,width=500&apos;); return false;\" target=\"_blank\" title=\"X Social Network\"><svg xmlns=\"http:\/\/www.w3.org\/2000\/svg\" viewbox=\"0 0 512 462.799\"><path d=\"M403.229 0h78.506L310.219 196.04 512 462.799H354.002L230.261 301.007 88.669 462.799h-78.56l183.455-209.683L0 0h161.999l111.856 147.88L403.229 0zm-27.556 415.805h43.505L138.363 44.527h-46.68l283.99 371.278z\" \/><\/svg><span class=\"mec-social-title\">Twitter<\/span><\/a><\/li><li class=\"mec-event-social-icon\"><a class=\"linkedin\" href=\"https:\/\/www.linkedin.com\/shareArticle?mini=true&amp;url=https%3A%2F%2Fagendaculturalriodejaneiro.com%2Fen%2Fevents%2Fabacaxepa-10-anos-antes-que-voce-se-esqueca%2F\" onclick=\"javascript:window.open(this.href, &apos;&apos;, &apos;menubar=no,toolbar=no,resizable=yes,scrollbars=yes,height=600,width=500&apos;); return false;\" target=\"_blank\" title=\"Linkedin\"><i class=\"mec-fa-linkedin\"><\/i><span class=\"mec-social-title\">Linkedin<\/span><\/a><\/li><li class=\"mec-event-social-icon\"><a class=\"email\" href=\"mailto:?subject=Abacaxepa%20-%2010%20anos%20-%20Antes%20que%20voc%C3%AA%20se%20esque%C3%A7a&amp;body=https%3A%2F%2Fagendaculturalriodejaneiro.com%2Fen%2Fevents%2Fabacaxepa-10-anos-antes-que-voce-se-esqueca%2F\" title=\"Email\"><i class=\"mec-fa-envelope\"><\/i><span class=\"mec-social-title\">Email<\/span><\/a><\/li>                        <\/ul>\r\n                    <\/li>\r\n                <\/ul>\r\n                                                <a class=\"mec-booking-button\" data-event-id=\"51368\" href=\"https:\/\/agendaculturalriodejaneiro.com\/en\/events\/abacaxepa-10-anos-antes-que-voce-se-esqueca\/\" target=\"_blank\" rel=\"noopener\">Ver Detalhes<\/a>            <\/div>\r\n        <\/article><\/div>                <div class=\"col-md-4 col-sm-4\"><article class=\" mec-event-article mec-clear  \">                                <div class=\"mec-event-image\"><a data-event-id=\"51370\" href=\"https:\/\/agendaculturalriodejaneiro.com\/en\/events\/duoss-na-turne-classicos\/\" target=\"_blank\" rel=\"noopener\"><img loading=\"lazy\" decoding=\"async\" width=\"300\" height=\"300\" src=\"https:\/\/agendaculturalriodejaneiro.com\/wp-content\/uploads\/2026\/06\/9-18-26-Duoss-FEED-720x720-300x300.jpg\" class=\"attachment-medium size-medium wp-post-image\" alt=\"\" data-mec-postid=\"51370\" \/><\/a><\/div>\r\n                        <div class=\"mec-event-content\">\r\n                                    <div class=\"mec-event-date mec-bg-color\">\r\n                        <span class=\"mec-start-date-label\">18 September 2026<\/span>                                                                    <\/div>\r\n                                                                <h4 class=\"mec-event-title\"><a class=\"mec-color-hover\" data-event-id=\"51370\" href=\"https:\/\/agendaculturalriodejaneiro.com\/en\/events\/duoss-na-turne-classicos\/\" target=\"_blank\" rel=\"noopener\">Duoss na Turn\u00ea Cl\u00e1ssicos<\/a><\/h4>\r\n                                <p class=\"mec-grid-event-location\">Teatro Rival Petrobras, Rua \u00c1lvaro Alvim ,33 - Subsolo, Rio de Janeiro - Rio de Janeiro<\/p>\r\n                                                                            <\/div>\r\n            <div class=\"mec-event-footer\">\r\n                                <ul class=\"mec-event-sharing-wrap\">\r\n                    <li class=\"mec-event-share\">\r\n                        <a href=\"#\" class=\"mec-event-share-icon\">\r\n                            <i class=\"mec-sl-share\" title=\"Share\"><\/i>\r\n                        <\/a>\r\n                    <\/li>\r\n                    <li>\r\n                        <ul class=\"mec-event-sharing\">\r\n                            <li class=\"mec-event-social-icon\"><a class=\"facebook\" href=\"https:\/\/www.facebook.com\/sharer\/sharer.php?u=https%3A%2F%2Fagendaculturalriodejaneiro.com%2Fen%2Fevents%2Fduoss-na-turne-classicos%2F\" onclick=\"javascript:window.open(this.href, &apos;&apos;, &apos;menubar=no,toolbar=no,resizable=yes,scrollbars=yes,height=500,width=600&apos;); return false;\" target=\"_blank\" title=\"Share on Facebook\"><i class=\"mec-fa-facebook\"><\/i><span class=\"mec-social-title\">Facebook<\/span><\/a><\/li><li class=\"mec-event-social-icon\"><a class=\"twitter\" href=\"https:\/\/x.com\/intent\/tweet?url=https%3A%2F%2Fagendaculturalriodejaneiro.com%2Fen%2Fevents%2Fduoss-na-turne-classicos%2F\" onclick=\"javascript:window.open(this.href, &apos;&apos;, &apos;menubar=no,toolbar=no,resizable=yes,scrollbars=yes,height=600,width=500&apos;); return false;\" target=\"_blank\" title=\"X Social Network\"><svg xmlns=\"http:\/\/www.w3.org\/2000\/svg\" viewbox=\"0 0 512 462.799\"><path d=\"M403.229 0h78.506L310.219 196.04 512 462.799H354.002L230.261 301.007 88.669 462.799h-78.56l183.455-209.683L0 0h161.999l111.856 147.88L403.229 0zm-27.556 415.805h43.505L138.363 44.527h-46.68l283.99 371.278z\" \/><\/svg><span class=\"mec-social-title\">Twitter<\/span><\/a><\/li><li class=\"mec-event-social-icon\"><a class=\"linkedin\" href=\"https:\/\/www.linkedin.com\/shareArticle?mini=true&amp;url=https%3A%2F%2Fagendaculturalriodejaneiro.com%2Fen%2Fevents%2Fduoss-na-turne-classicos%2F\" onclick=\"javascript:window.open(this.href, &apos;&apos;, &apos;menubar=no,toolbar=no,resizable=yes,scrollbars=yes,height=600,width=500&apos;); return false;\" target=\"_blank\" title=\"Linkedin\"><i class=\"mec-fa-linkedin\"><\/i><span class=\"mec-social-title\">Linkedin<\/span><\/a><\/li><li class=\"mec-event-social-icon\"><a class=\"email\" href=\"mailto:?subject=Duoss%20na%20Turn%C3%AA%20Cl%C3%A1ssicos&amp;body=https%3A%2F%2Fagendaculturalriodejaneiro.com%2Fen%2Fevents%2Fduoss-na-turne-classicos%2F\" title=\"Email\"><i class=\"mec-fa-envelope\"><\/i><span class=\"mec-social-title\">Email<\/span><\/a><\/li>                        <\/ul>\r\n                    <\/li>\r\n                <\/ul>\r\n                                                <a class=\"mec-booking-button\" data-event-id=\"51370\" href=\"https:\/\/agendaculturalriodejaneiro.com\/en\/events\/duoss-na-turne-classicos\/\" target=\"_blank\" rel=\"noopener\">Ver Detalhes<\/a>            <\/div>\r\n        <\/article><\/div>                <div class=\"col-md-4 col-sm-4\"><article class=\" mec-event-article mec-clear  \">                                <div class=\"mec-event-image\"><a data-event-id=\"50953\" href=\"https:\/\/agendaculturalriodejaneiro.com\/en\/events\/the-jazz-room-celebra-frank-sinatra-e-louis-armstrong-em-noite-intimista-no-teatro-rival\/\" target=\"_blank\" rel=\"noopener\"><img fetchpriority=\"high\" decoding=\"async\" width=\"300\" height=\"217\" src=\"https:\/\/agendaculturalriodejaneiro.com\/wp-content\/uploads\/2026\/06\/b065e57e-31ca-11f1-940d-2a9e9698c145-300x217.jpg\" class=\"attachment-medium size-medium wp-post-image\" alt=\"\" data-mec-postid=\"50953\" \/><\/a><\/div>\r\n                        <div class=\"mec-event-content\">\r\n                                    <div class=\"mec-event-date mec-bg-color\">\r\n                        <span class=\"mec-start-date-label\">04 December 2026<\/span>                                                                    <\/div>\r\n                                                                <h4 class=\"mec-event-title\"><a class=\"mec-color-hover\" data-event-id=\"50953\" href=\"https:\/\/agendaculturalriodejaneiro.com\/en\/events\/the-jazz-room-celebra-frank-sinatra-e-louis-armstrong-em-noite-intimista-no-teatro-rival\/\" target=\"_blank\" rel=\"noopener\">The Jazz Room celebra Frank Sinatra e Louis Armstrong em noite intimista no Teatro Rival<\/a><\/h4>\r\n                                <p class=\"mec-grid-event-location\">Teatro Rival Petrobras, Rua \u00c1lvaro Alvim ,33 - Subsolo, Rio de Janeiro - Rio de Janeiro<\/p>\r\n                                                                            <\/div>\r\n            <div class=\"mec-event-footer\">\r\n                                <ul class=\"mec-event-sharing-wrap\">\r\n                    <li class=\"mec-event-share\">\r\n                        <a href=\"#\" class=\"mec-event-share-icon\">\r\n                            <i class=\"mec-sl-share\" title=\"Share\"><\/i>\r\n                        <\/a>\r\n                    <\/li>\r\n                    <li>\r\n                        <ul class=\"mec-event-sharing\">\r\n                            <li class=\"mec-event-social-icon\"><a class=\"facebook\" href=\"https:\/\/www.facebook.com\/sharer\/sharer.php?u=https%3A%2F%2Fagendaculturalriodejaneiro.com%2Fen%2Fevents%2Fthe-jazz-room-celebra-frank-sinatra-e-louis-armstrong-em-noite-intimista-no-teatro-rival%2F\" onclick=\"javascript:window.open(this.href, &apos;&apos;, &apos;menubar=no,toolbar=no,resizable=yes,scrollbars=yes,height=500,width=600&apos;); return false;\" target=\"_blank\" title=\"Share on Facebook\"><i class=\"mec-fa-facebook\"><\/i><span class=\"mec-social-title\">Facebook<\/span><\/a><\/li><li class=\"mec-event-social-icon\"><a class=\"twitter\" href=\"https:\/\/x.com\/intent\/tweet?url=https%3A%2F%2Fagendaculturalriodejaneiro.com%2Fen%2Fevents%2Fthe-jazz-room-celebra-frank-sinatra-e-louis-armstrong-em-noite-intimista-no-teatro-rival%2F\" onclick=\"javascript:window.open(this.href, &apos;&apos;, &apos;menubar=no,toolbar=no,resizable=yes,scrollbars=yes,height=600,width=500&apos;); return false;\" target=\"_blank\" title=\"X Social Network\"><svg xmlns=\"http:\/\/www.w3.org\/2000\/svg\" viewbox=\"0 0 512 462.799\"><path d=\"M403.229 0h78.506L310.219 196.04 512 462.799H354.002L230.261 301.007 88.669 462.799h-78.56l183.455-209.683L0 0h161.999l111.856 147.88L403.229 0zm-27.556 415.805h43.505L138.363 44.527h-46.68l283.99 371.278z\" \/><\/svg><span class=\"mec-social-title\">Twitter<\/span><\/a><\/li><li class=\"mec-event-social-icon\"><a class=\"linkedin\" href=\"https:\/\/www.linkedin.com\/shareArticle?mini=true&amp;url=https%3A%2F%2Fagendaculturalriodejaneiro.com%2Fen%2Fevents%2Fthe-jazz-room-celebra-frank-sinatra-e-louis-armstrong-em-noite-intimista-no-teatro-rival%2F\" onclick=\"javascript:window.open(this.href, &apos;&apos;, &apos;menubar=no,toolbar=no,resizable=yes,scrollbars=yes,height=600,width=500&apos;); return false;\" target=\"_blank\" title=\"Linkedin\"><i class=\"mec-fa-linkedin\"><\/i><span class=\"mec-social-title\">Linkedin<\/span><\/a><\/li><li class=\"mec-event-social-icon\"><a class=\"email\" href=\"mailto:?subject=The%20Jazz%20Room%20celebra%20Frank%20Sinatra%20e%20Louis%20Armstrong%20em%20noite%20intimista%20no%20Teatro%20Rival&amp;body=https%3A%2F%2Fagendaculturalriodejaneiro.com%2Fen%2Fevents%2Fthe-jazz-room-celebra-frank-sinatra-e-louis-armstrong-em-noite-intimista-no-teatro-rival%2F\" title=\"Email\"><i class=\"mec-fa-envelope\"><\/i><span class=\"mec-social-title\">Email<\/span><\/a><\/li>                        <\/ul>\r\n                    <\/li>\r\n                <\/ul>\r\n                                                <a class=\"mec-booking-button\" data-event-id=\"50953\" href=\"https:\/\/agendaculturalriodejaneiro.com\/en\/events\/the-jazz-room-celebra-frank-sinatra-e-louis-armstrong-em-noite-intimista-no-teatro-rival\/\" target=\"_blank\" rel=\"noopener\">Ver Detalhes<\/a>            <\/div>\r\n        <\/article><\/div><\/div>        <div class=\"row\"><div class=\"col-md-4 col-sm-4\"><article class=\"mec-past-event mec-event-article mec-clear  \">                                <div class=\"mec-event-image\"><a data-event-id=\"49584\" href=\"https:\/\/agendaculturalriodejaneiro.com\/en\/events\/the-jazz-room-um-tributo-a-frank-sinatra-e-louis-armstrong-no-teatro-rival-petrobras\/\" target=\"_blank\" rel=\"noopener\"><img loading=\"lazy\" decoding=\"async\" width=\"300\" height=\"216\" src=\"https:\/\/agendaculturalriodejaneiro.com\/wp-content\/uploads\/2026\/05\/Um-Tributo-a-Frank-Sinatra-e-Louis-Armstrong-no-TEATRO-RIVAL-PETROBRAS-300x216.jpg\" class=\"attachment-medium size-medium wp-post-image\" alt=\"Um Tributo a Frank Sinatra e Louis Armstrong no TEATRO RIVAL PETROBRAS\" data-mec-postid=\"49584\" \/><\/a><\/div>\r\n                        <div class=\"mec-event-content\">\r\n                                    <div class=\"mec-event-date mec-bg-color\">\r\n                        <span class=\"mec-start-date-label\">04 December 2026<\/span>                                                                    <\/div>\r\n                                                                <h4 class=\"mec-event-title\"><a class=\"mec-color-hover\" data-event-id=\"49584\" href=\"https:\/\/agendaculturalriodejaneiro.com\/en\/events\/the-jazz-room-um-tributo-a-frank-sinatra-e-louis-armstrong-no-teatro-rival-petrobras\/\" target=\"_blank\" rel=\"noopener\">The Jazz Room: Um Tributo a Frank Sinatra e Louis Armstrong no TEATRO RIVAL PETROBRAS<\/a><\/h4>\r\n                                <p class=\"mec-grid-event-location\">Teatro Rival Petrobras, Rua \u00c1lvaro Alvim ,33 - Subsolo, Rio de Janeiro - Rio de Janeiro<\/p>\r\n                                                                            <\/div>\r\n            <div class=\"mec-event-footer\">\r\n                                <ul class=\"mec-event-sharing-wrap\">\r\n                    <li class=\"mec-event-share\">\r\n                        <a href=\"#\" class=\"mec-event-share-icon\">\r\n                            <i class=\"mec-sl-share\" title=\"Share\"><\/i>\r\n                        <\/a>\r\n                    <\/li>\r\n                    <li>\r\n                        <ul class=\"mec-event-sharing\">\r\n                            <li class=\"mec-event-social-icon\"><a class=\"facebook\" href=\"https:\/\/www.facebook.com\/sharer\/sharer.php?u=https%3A%2F%2Fagendaculturalriodejaneiro.com%2Fen%2Fevents%2Fthe-jazz-room-um-tributo-a-frank-sinatra-e-louis-armstrong-no-teatro-rival-petrobras%2F\" onclick=\"javascript:window.open(this.href, &apos;&apos;, &apos;menubar=no,toolbar=no,resizable=yes,scrollbars=yes,height=500,width=600&apos;); return false;\" target=\"_blank\" title=\"Share on Facebook\"><i class=\"mec-fa-facebook\"><\/i><span class=\"mec-social-title\">Facebook<\/span><\/a><\/li><li class=\"mec-event-social-icon\"><a class=\"twitter\" href=\"https:\/\/x.com\/intent\/tweet?url=https%3A%2F%2Fagendaculturalriodejaneiro.com%2Fen%2Fevents%2Fthe-jazz-room-um-tributo-a-frank-sinatra-e-louis-armstrong-no-teatro-rival-petrobras%2F\" onclick=\"javascript:window.open(this.href, &apos;&apos;, &apos;menubar=no,toolbar=no,resizable=yes,scrollbars=yes,height=600,width=500&apos;); return false;\" target=\"_blank\" title=\"X Social Network\"><svg xmlns=\"http:\/\/www.w3.org\/2000\/svg\" viewbox=\"0 0 512 462.799\"><path d=\"M403.229 0h78.506L310.219 196.04 512 462.799H354.002L230.261 301.007 88.669 462.799h-78.56l183.455-209.683L0 0h161.999l111.856 147.88L403.229 0zm-27.556 415.805h43.505L138.363 44.527h-46.68l283.99 371.278z\" \/><\/svg><span class=\"mec-social-title\">Twitter<\/span><\/a><\/li><li class=\"mec-event-social-icon\"><a class=\"linkedin\" href=\"https:\/\/www.linkedin.com\/shareArticle?mini=true&amp;url=https%3A%2F%2Fagendaculturalriodejaneiro.com%2Fen%2Fevents%2Fthe-jazz-room-um-tributo-a-frank-sinatra-e-louis-armstrong-no-teatro-rival-petrobras%2F\" onclick=\"javascript:window.open(this.href, &apos;&apos;, &apos;menubar=no,toolbar=no,resizable=yes,scrollbars=yes,height=600,width=500&apos;); return false;\" target=\"_blank\" title=\"Linkedin\"><i class=\"mec-fa-linkedin\"><\/i><span class=\"mec-social-title\">Linkedin<\/span><\/a><\/li><li class=\"mec-event-social-icon\"><a class=\"email\" href=\"mailto:?subject=The%20Jazz%20Room%3A%20Um%20Tributo%20a%20Frank%20Sinatra%20e%20Louis%20Armstrong%20no%20TEATRO%20RIVAL%20PETROBRAS&amp;body=https%3A%2F%2Fagendaculturalriodejaneiro.com%2Fen%2Fevents%2Fthe-jazz-room-um-tributo-a-frank-sinatra-e-louis-armstrong-no-teatro-rival-petrobras%2F\" title=\"Email\"><i class=\"mec-fa-envelope\"><\/i><span class=\"mec-social-title\">Email<\/span><\/a><\/li>                        <\/ul>\r\n                    <\/li>\r\n                <\/ul>\r\n                                                <a class=\"mec-booking-button\" data-event-id=\"49584\" href=\"https:\/\/agendaculturalriodejaneiro.com\/en\/events\/the-jazz-room-um-tributo-a-frank-sinatra-e-louis-armstrong-no-teatro-rival-petrobras\/\" target=\"_blank\" rel=\"noopener\">Ver Detalhes<\/a>            <\/div>\r\n        <\/article><\/div>                        <\/div>\t<\/div>\r\n<\/div>\r\n\r\n    <\/div>\r\n    <div class=\"mec-skin-grid-no-events-container mec-util-hidden\" id=\"mec_skin_no_events_mec1\">\r\n        Eventos n\u00e3o encontrados!    <\/div>\r\n    \r\n    \r\n<\/div>\r\n\t\t\t\t<\/div>\n\t\t\t\t<\/div>\n\t\t\t\t<div class=\"elementor-element elementor-element-f383155 elementor-widget elementor-widget-html\" data-id=\"f383155\" data-element_type=\"widget\" data-e-type=\"widget\" data-widget_type=\"html.default\">\n\t\t\t\t<div class=\"elementor-widget-container\">\n\t\t\t\t\t<script async src=\"https:\/\/pagead2.googlesyndication.com\/pagead\/js\/adsbygoogle.js?client=ca-pub-1076216326230548\"\r\n     crossorigin=\"anonymous\"><\/script>\r\n<!-- Anuncio horizontal adapt\u00e1vel -->\r\n<ins class=\"adsbygoogle\"\r\n     style=\"display:block\"\r\n     data-ad-client=\"ca-pub-1076216326230548\"\r\n     data-ad-slot=\"8379342184\"\r\n     data-ad-format=\"auto\"\r\n     data-full-width-responsive=\"true\"><\/ins>\r\n<script>\r\n     (adsbygoogle = window.adsbygoogle || []).push({});\r\n<\/script>\t\t\t\t<\/div>\n\t\t\t\t<\/div>\n\t\t\t\t\t<\/div>\n\t\t<\/div>\n\t\t\t\t\t<\/div>\n\t\t<\/section>\n\t\t\t\t<section class=\"elementor-section elementor-top-section elementor-element elementor-element-62dd959 elementor-section-stretched elementor-section-height-min-height elementor-section-items-stretch elementor-section-boxed elementor-section-height-default\" data-id=\"62dd959\" data-element_type=\"section\" data-e-type=\"section\" data-settings=\"{&quot;stretch_section&quot;:&quot;section-stretched&quot;,&quot;background_background&quot;:&quot;classic&quot;}\">\n\t\t\t\t\t\t\t<div class=\"elementor-background-overlay\"><\/div>\n\t\t\t\t\t\t\t<div class=\"elementor-container elementor-column-gap-default\">\n\t\t\t\t\t<div class=\"elementor-column elementor-col-100 elementor-top-column elementor-element elementor-element-6ec8643b\" data-id=\"6ec8643b\" data-element_type=\"column\" data-e-type=\"column\">\n\t\t\t<div class=\"elementor-widget-wrap elementor-element-populated\">\n\t\t\t\t\t\t<div class=\"elementor-element elementor-element-2d830e2c elementor-widget elementor-widget-spacer\" data-id=\"2d830e2c\" data-element_type=\"widget\" data-e-type=\"widget\" data-widget_type=\"spacer.default\">\n\t\t\t\t<div class=\"elementor-widget-container\">\n\t\t\t\t\t\t\t<div class=\"elementor-spacer\">\n\t\t\t<div class=\"elementor-spacer-inner\"><\/div>\n\t\t<\/div>\n\t\t\t\t\t\t<\/div>\n\t\t\t\t<\/div>\n\t\t\t\t<div class=\"elementor-element elementor-element-74f19231 elementor-widget elementor-widget-heading\" data-id=\"74f19231\" data-element_type=\"widget\" data-e-type=\"widget\" data-widget_type=\"heading.default\">\n\t\t\t\t<div class=\"elementor-widget-container\">\n\t\t\t\t\t<h1 class=\"elementor-heading-title elementor-size-default\">Agenda Teatro Rival Petrobras<\/h1>\t\t\t\t<\/div>\n\t\t\t\t<\/div>\n\t\t\t\t<div class=\"elementor-element elementor-element-41a548cc elementor-widget elementor-widget-heading\" data-id=\"41a548cc\" data-element_type=\"widget\" data-e-type=\"widget\" data-widget_type=\"heading.default\">\n\t\t\t\t<div class=\"elementor-widget-container\">\n\t\t\t\t\t<h2 class=\"elementor-heading-title elementor-size-default\">Eventos | Shows | Bilheteria <\/h2>\t\t\t\t<\/div>\n\t\t\t\t<\/div>\n\t\t\t\t\t<\/div>\n\t\t<\/div>\n\t\t\t\t\t<\/div>\n\t\t<\/section>\n\t\t\t\t<section class=\"elementor-section elementor-top-section elementor-element elementor-element-fe5f213 elementor-section-boxed elementor-section-height-default elementor-section-height-default\" data-id=\"fe5f213\" data-element_type=\"section\" data-e-type=\"section\">\n\t\t\t\t\t\t<div class=\"elementor-container elementor-column-gap-default\">\n\t\t\t\t\t<div class=\"elementor-column elementor-col-100 elementor-top-column elementor-element elementor-element-25c0012\" data-id=\"25c0012\" data-element_type=\"column\" data-e-type=\"column\">\n\t\t\t<div class=\"elementor-widget-wrap elementor-element-populated\">\n\t\t\t\t\t\t<div class=\"elementor-element elementor-element-c706e13 elementor-widget elementor-widget-html\" data-id=\"c706e13\" data-element_type=\"widget\" data-e-type=\"widget\" data-widget_type=\"html.default\">\n\t\t\t\t<div class=\"elementor-widget-container\">\n\t\t\t\t\t<script async src=\"https:\/\/pagead2.googlesyndication.com\/pagead\/js\/adsbygoogle.js?client=ca-pub-1076216326230548\"\r\n     crossorigin=\"anonymous\"><\/script>\r\n<!-- Anuncio horizontal adapt\u00e1vel -->\r\n<ins class=\"adsbygoogle\"\r\n     style=\"display:block\"\r\n     data-ad-client=\"ca-pub-1076216326230548\"\r\n     data-ad-slot=\"8379342184\"\r\n     data-ad-format=\"auto\"\r\n     data-full-width-responsive=\"true\"><\/ins>\r\n<script>\r\n     (adsbygoogle = window.adsbygoogle || []).push({});\r\n<\/script>\t\t\t\t<\/div>\n\t\t\t\t<\/div>\n\t\t\t\t\t<\/div>\n\t\t<\/div>\n\t\t\t\t\t<\/div>\n\t\t<\/section>\n\t\t\t\t<section class=\"elementor-section elementor-top-section elementor-element elementor-element-7f1fa19 elementor-section-boxed elementor-section-height-default elementor-section-height-default\" data-id=\"7f1fa19\" data-element_type=\"section\" data-e-type=\"section\">\n\t\t\t\t\t\t<div class=\"elementor-container elementor-column-gap-default\">\n\t\t\t\t\t<div class=\"elementor-column elementor-col-100 elementor-top-column elementor-element elementor-element-b6592c5\" data-id=\"b6592c5\" data-element_type=\"column\" data-e-type=\"column\">\n\t\t\t<div class=\"elementor-widget-wrap elementor-element-populated\">\n\t\t\t\t\t\t<section class=\"elementor-section elementor-inner-section elementor-element elementor-element-7d15920 elementor-section-boxed elementor-section-height-default elementor-section-height-default elementor-invisible\" data-id=\"7d15920\" data-element_type=\"section\" data-e-type=\"section\" data-settings=\"{&quot;animation&quot;:&quot;fadeInLeft&quot;,&quot;animation_delay&quot;:500}\">\n\t\t\t\t\t\t<div class=\"elementor-container elementor-column-gap-default\">\n\t\t\t\t\t<div class=\"elementor-column elementor-col-100 elementor-inner-column elementor-element elementor-element-8497ba6 elementor-invisible\" data-id=\"8497ba6\" data-element_type=\"column\" data-e-type=\"column\" data-settings=\"{&quot;background_background&quot;:&quot;classic&quot;,&quot;animation&quot;:&quot;fadeInUp&quot;,&quot;animation_delay&quot;:300}\">\n\t\t\t<div class=\"elementor-widget-wrap elementor-element-populated\">\n\t\t\t\t\t\t<div class=\"elementor-element elementor-element-7104f11 elementor-widget elementor-widget-heading\" data-id=\"7104f11\" data-element_type=\"widget\" data-e-type=\"widget\" data-widget_type=\"heading.default\">\n\t\t\t\t<div class=\"elementor-widget-container\">\n\t\t\t\t\t<h3 class=\"elementor-heading-title elementor-size-default\">Teatro Rival Petrobras -  Rio de Janeiro<\/h3>\t\t\t\t<\/div>\n\t\t\t\t<\/div>\n\t\t\t\t<div class=\"elementor-element elementor-element-7e74ed1 elementor-widget elementor-widget-image\" data-id=\"7e74ed1\" data-element_type=\"widget\" data-e-type=\"widget\" data-widget_type=\"image.default\">\n\t\t\t\t<div class=\"elementor-widget-container\">\n\t\t\t\t\t\t\t\t\t\t\t\t\t\t\t<img loading=\"lazy\" decoding=\"async\" width=\"90\" height=\"7\" src=\"https:\/\/agendaculturalriodejaneiro.com\/wp-content\/uploads\/2021\/11\/divider.png\" class=\"attachment-full size-full wp-image-13\" alt=\"\" \/>\t\t\t\t\t\t\t\t\t\t\t\t\t\t\t<\/div>\n\t\t\t\t<\/div>\n\t\t\t\t<div class=\"elementor-element elementor-element-b720177 elementor-widget elementor-widget-text-editor\" data-id=\"b720177\" data-element_type=\"widget\" data-e-type=\"widget\" data-widget_type=\"text-editor.default\">\n\t\t\t\t<div class=\"elementor-widget-container\">\n\t\t\t\t\t\t\t\t\t<p><b>Teatro Rival<\/b>\u00a0(ou\u00a0<b>Teatro Rival Refit<\/b>\u00a0por motivos de patroc\u00ednio) \u00e9 um\u00a0teatro\u00a0no Centro do\u00a0<a class=\"mw-redirect\" title=\"Rio de Janeiro (cidade)\" href=\"https:\/\/pt.wikipedia.org\/wiki\/Rio_de_Janeiro_(cidade)\">Rio de Janeiro<\/a>, fundado em 1934.<sup id=\"cite_ref-2\" class=\"reference\"><\/sup><\/p><p>Abriu suas portas em\u00a022 de mar\u00e7o\u00a0de\u00a01934, com a com\u00e9dia\u00a0<i>Amor<\/i>, de\u00a0<a class=\"mw-redirect\" title=\"Oduvaldo Viana\" href=\"https:\/\/pt.wikipedia.org\/wiki\/Oduvaldo_Viana\">Oduvaldo Viana<\/a>, estrelada por\u00a0<a title=\"Dulcina de Moraes\" href=\"https:\/\/pt.wikipedia.org\/wiki\/Dulcina_de_Moraes\">Dulcina de Moraes<\/a>\u00a0e\u00a0<a class=\"new\" title=\"Odilon de Azevedo (p\u00e1gina n\u00e3o existe)\" href=\"https:\/\/pt.wikipedia.org\/w\/index.php?title=Odilon_de_Azevedo&amp;action=edit&amp;redlink=1\">Odilon de Azevedo<\/a>. Na \u00e9poca, chamou a aten\u00e7\u00e3o pelo tamanho do seu palco, dividido em tr\u00eas partes, e pelos 24 ventiladores instalados para circular ar fresco, j\u00e1 que o teatro ocupava um subterr\u00e2neo. A decora\u00e7\u00e3o em azul, rosa e prata foi assinada pelo artista pl\u00e1stico Monteiro Filho.<sup id=\"cite_ref-3\" class=\"reference\"><\/sup><\/p><p>Pertencia inicialmente a Vivaldo Leite Barbosa, propriet\u00e1rio do edif\u00edcio Rex. Depois de sucessivas vendas, chegou \u00e0s m\u00e3os de\u00a0<a title=\"Am\u00e9rico Leal\" href=\"https:\/\/pt.wikipedia.org\/wiki\/Am%C3%A9rico_Leal\">Am\u00e9rico Leal<\/a>\u00a0em\u00a01970. Empres\u00e1rio do\u00a0teatro de revista, Am\u00e9rico fez do Rival um foco de resist\u00eancia desse g\u00eanero.\u00a0<a title=\"\u00c2ngela Leal\" href=\"https:\/\/pt.wikipedia.org\/wiki\/%C3%82ngela_Leal\">\u00c2ngela Leal<\/a>, filha de Am\u00e9rico, assumiu a dire\u00e7\u00e3o da casa na\u00a0d\u00e9cada de 1990, com a ajuda da filha, a tamb\u00e9m atriz\u00a0<a title=\"Leandra Leal\" href=\"https:\/\/pt.wikipedia.org\/wiki\/Leandra_Leal\">Leandra Leal<\/a>. A partir de\u00a0<a title=\"2001\" href=\"https:\/\/pt.wikipedia.org\/wiki\/2001\">2<\/a>001, a casa passou a ser patrocinada pela\u00a0<a title=\"Petrobras\" href=\"https:\/\/pt.wikipedia.org\/wiki\/Petrobras\">Petrobras<\/a>, recebendo o nome de Teatro Rival Petrobras. <sup id=\"cite_ref-4\" class=\"reference\"><\/sup>Em\u00a02019\u00a0a estatal rompe a parceria com o teatro devido a mudan\u00e7a na pol\u00edtica de patroc\u00ednio da empresa, o que colocou em risco o funcionamento do local.<sup id=\"cite_ref-5\" class=\"reference\"><\/sup>\u00a0Desde janeiro de\u00a02020, o teatro \u00e9 patrocinado pela\u00a0Refinaria Refit, mudando sua nomeclatura para Teatro Rival Refit.<sup id=\"cite_ref-6\" class=\"reference\"><\/sup><\/p><p>Em 2005, o Teatro Rival foi o enredo da\u00a0Alegria da Zona Sul, escola de samba que naquele ano disputava o Grupo de Acesso A do Carnaval do Rio de Janeiro. O t\u00edtulo do enredo era &#8220;Teatro Rival, 70 anos de resist\u00eancia cultural&#8221; e a agremia\u00e7\u00e3o ficou em 5\u00b0 lugar na classifica\u00e7\u00e3o final.<\/p><p>A partir de\u00a0<a title=\"2001\" href=\"https:\/\/pt.wikipedia.org\/wiki\/2001\">2001<\/a>, a casa passou a ser patrocinada pela\u00a0<a title=\"Petrobras\" href=\"https:\/\/pt.wikipedia.org\/wiki\/Petrobras\">Petrobras<\/a>, recebendo o nome de Teatro Rival Petrobras.<sup id=\"cite_ref-7\" class=\"reference\"><a href=\"https:\/\/pt.wikipedia.org\/wiki\/Teatro_Rival#cite_note-7\">[7]<\/a><\/sup>\u00a0Em\u00a0<a title=\"2019\" href=\"https:\/\/pt.wikipedia.org\/wiki\/2019\">2019<\/a>, a\u00a0<a title=\"Empresa estatal\" href=\"https:\/\/pt.wikipedia.org\/wiki\/Empresa_estatal\">estatal<\/a>\u00a0rompe a parceria com o teatro devido a mudan\u00e7a na pol\u00edtica de patroc\u00ednio da empresa, o que colocou em risco o funcionamento do local.<sup id=\"cite_ref-8\" class=\"reference\"><a href=\"https:\/\/pt.wikipedia.org\/wiki\/Teatro_Rival#cite_note-8\">[8]<\/a><\/sup><\/p><p>De janeiro de\u00a0<a title=\"2020\" href=\"https:\/\/pt.wikipedia.org\/wiki\/2020\">2020<\/a>\u00a0a abril de\u00a0<a title=\"2023\" href=\"https:\/\/pt.wikipedia.org\/wiki\/2023\">2023<\/a>,<sup id=\"cite_ref-:0_9-0\" class=\"reference\"><a href=\"https:\/\/pt.wikipedia.org\/wiki\/Teatro_Rival#cite_note-:0-9\">[9]<\/a><\/sup>\u00a0o teatro foi patrocinado pela\u00a0<a title=\"Refinaria de Manguinhos\" href=\"https:\/\/pt.wikipedia.org\/wiki\/Refinaria_de_Manguinhos\">Refinaria Refit<\/a>, mudando sua nomenclatura para\u00a0<i>Teatro Rival Refit<\/i>.<sup id=\"cite_ref-10\" class=\"reference\"><a href=\"https:\/\/pt.wikipedia.org\/wiki\/Teatro_Rival#cite_note-10\">[10]<\/a><\/sup><sup id=\"cite_ref-:0_9-1\" class=\"reference\"><a href=\"https:\/\/pt.wikipedia.org\/wiki\/Teatro_Rival#cite_note-:0-9\">[9]<\/a><\/sup><sup id=\"cite_ref-11\" class=\"reference\"><a href=\"https:\/\/pt.wikipedia.org\/wiki\/Teatro_Rival#cite_note-11\">[11]<\/a><\/sup><\/p><p>Em 2024, volta a receber patroc\u00ednio da Petrobras atrav\u00e9s da\u00a0<a class=\"mw-redirect\" title=\"Lei de Incentivo \u00e0 Cultura\" href=\"https:\/\/pt.wikipedia.org\/wiki\/Lei_de_Incentivo_%C3%A0_Cultura\">Lei de Incentivo \u00e0 Cultura<\/a>, do\u00a0<a title=\"Minist\u00e9rio da Cultura (Brasil)\" href=\"https:\/\/pt.wikipedia.org\/wiki\/Minist%C3%A9rio_da_Cultura_(Brasil)\">Minist\u00e9rio da Cultura<\/a>.<sup id=\"cite_ref-Teatro_Rival_Petrobras_2024_Globo_1-1\" class=\"reference\"><a href=\"https:\/\/pt.wikipedia.org\/wiki\/Teatro_Rival#cite_note-Teatro_Rival_Petrobras_2024_Globo-1\">[1]<\/a><\/sup><\/p>\t\t\t\t\t\t\t\t<\/div>\n\t\t\t\t<\/div>\n\t\t\t\t<div class=\"elementor-element elementor-element-0250543 elementor-widget elementor-widget-html\" data-id=\"0250543\" data-element_type=\"widget\" data-e-type=\"widget\" data-widget_type=\"html.default\">\n\t\t\t\t<div class=\"elementor-widget-container\">\n\t\t\t\t\t<script async src=\"https:\/\/pagead2.googlesyndication.com\/pagead\/js\/adsbygoogle.js?client=ca-pub-1076216326230548\"\r\n     crossorigin=\"anonymous\"><\/script>\r\n<!-- Anuncio horizontal adapt\u00e1vel -->\r\n<ins class=\"adsbygoogle\"\r\n     style=\"display:block\"\r\n     data-ad-client=\"ca-pub-1076216326230548\"\r\n     data-ad-slot=\"8379342184\"\r\n     data-ad-format=\"auto\"\r\n     data-full-width-responsive=\"true\"><\/ins>\r\n<script>\r\n     (adsbygoogle = window.adsbygoogle || []).push({});\r\n<\/script>\t\t\t\t<\/div>\n\t\t\t\t<\/div>\n\t\t\t\t\t<\/div>\n\t\t<\/div>\n\t\t\t\t\t<\/div>\n\t\t<\/section>\n\t\t\t\t\t<\/div>\n\t\t<\/div>\n\t\t\t\t\t<\/div>\n\t\t<\/section>\n\t\t\t\t<\/div>\n\t\t","protected":false},"excerpt":{"rendered":"<p>Agenda Teatro Rival Petrobras Program Teatro Rival Petrobras 13 December 2025 CHICO CHICO ON TOUR \u201cLET IT BURN \/ LEAVE ARDER\u201d AT THEATRO RIVAL PETROBRAS Teatro Rival Petrobras, Rua \u00c1lvaro Alvim, 33 \u2013 Subsolo, Rio de Janeiro \u2013 Rio de Janeiro Facebook Twitter Linkedin Email See Details 13 December 2025 CHICO CHICO ON TOUR \u201cLET\u2026&nbsp;<\/p>","protected":false},"author":1,"featured_media":0,"parent":0,"menu_order":0,"comment_status":"closed","ping_status":"closed","template":"elementor_header_footer","meta":{"neve_meta_sidebar":"","neve_meta_container":"","neve_meta_enable_content_width":"","neve_meta_content_width":0,"neve_meta_title_alignment":"","neve_meta_author_avatar":"","neve_post_elements_order":"","neve_meta_disable_header":"","neve_meta_disable_footer":"","neve_meta_disable_title":"","footnotes":""},"class_list":["post-229","page","type-page","status-publish","hentry"],"yoast_head":"<!-- This site is optimized with the Yoast SEO plugin v28.4 - https:\/\/yoast.com\/product\/yoast-seo-wordpress\/ -->\n<title>Agenda Teatro Rival Petrobras - Programa\u00e7\u00e3o | Eventos| Espet\u00e1culos | RJ<\/title>\n<meta name=\"description\" content=\"Agenda Teatro Rival Petrobras - Programa\u00e7\u00e3o de Eventos - Shows, M\u00fasica, Ingressos , Pre\u00e7o. Agenda Cultural do Rio de Janeiro - RJ - Eventos Hoje\" \/>\n<meta name=\"robots\" content=\"index, follow, max-snippet:-1, max-image-preview:large, max-video-preview:-1\" \/>\n<link rel=\"canonical\" href=\"https:\/\/agendaculturalriodejaneiro.com\/en\/rival-theater-schedule-rpetrobras\/\" \/>\n<meta property=\"og:locale\" content=\"en_US\" \/>\n<meta property=\"og:type\" content=\"article\" \/>\n<meta property=\"og:title\" content=\"Agenda Teatro Rival Petrobras - Programa\u00e7\u00e3o | Eventos| Espet\u00e1culos | RJ\" \/>\n<meta property=\"og:description\" content=\"Agenda Teatro Rival Petrobras - Programa\u00e7\u00e3o de Eventos - Shows, M\u00fasica, Ingressos , Pre\u00e7o. Agenda Cultural do Rio de Janeiro - RJ - Eventos Hoje\" \/>\n<meta property=\"og:url\" content=\"https:\/\/agendaculturalriodejaneiro.com\/en\/rival-theater-schedule-rpetrobras\/\" \/>\n<meta property=\"og:site_name\" content=\"Agenda Cultural Rio de Janeiro\" \/>\n<meta property=\"article:publisher\" content=\"https:\/\/www.facebook.com\/agenda_cultural_rio_de_janeiro-106278728546059\" \/>\n<meta property=\"article:modified_time\" content=\"2025-12-13T14:12:46+00:00\" \/>\n<meta property=\"og:image\" content=\"https:\/\/agendaculturalriodejaneiro.com\/wp-content\/uploads\/2025\/11\/CHICO-CHICO-NA-TURNE-LET-IT-BURN-DEIXA-ARDER-NO-TEATRO-RIVAL-PETROBRAS-300x169.jpg\" \/>\n<meta name=\"twitter:card\" content=\"summary_large_image\" \/>\n<meta name=\"twitter:label1\" content=\"Est. reading time\" \/>\n\t<meta name=\"twitter:data1\" content=\"8 minutes\" \/>\n<script type=\"application\/ld+json\" class=\"yoast-schema-graph\">{\"@context\":\"https:\\\/\\\/schema.org\",\"@graph\":[{\"@type\":\"WebPage\",\"@id\":\"https:\\\/\\\/agendaculturalriodejaneiro.com\\\/agenda-teatro-rival-rpetrobras\\\/\",\"url\":\"https:\\\/\\\/agendaculturalriodejaneiro.com\\\/agenda-teatro-rival-rpetrobras\\\/\",\"name\":\"Agenda Teatro Rival Petrobras - Programa\u00e7\u00e3o | Eventos| Espet\u00e1culos | RJ\",\"isPartOf\":{\"@id\":\"https:\\\/\\\/agendaculturalriodejaneiro.com\\\/#website\"},\"primaryImageOfPage\":{\"@id\":\"https:\\\/\\\/agendaculturalriodejaneiro.com\\\/agenda-teatro-rival-rpetrobras\\\/#primaryimage\"},\"image\":{\"@id\":\"https:\\\/\\\/agendaculturalriodejaneiro.com\\\/agenda-teatro-rival-rpetrobras\\\/#primaryimage\"},\"thumbnailUrl\":\"https:\\\/\\\/agendaculturalriodejaneiro.com\\\/wp-content\\\/uploads\\\/2025\\\/11\\\/CHICO-CHICO-NA-TURNE-LET-IT-BURN-DEIXA-ARDER-NO-TEATRO-RIVAL-PETROBRAS-300x169.jpg\",\"datePublished\":\"2021-11-15T21:55:41+00:00\",\"dateModified\":\"2025-12-13T14:12:46+00:00\",\"description\":\"Agenda Teatro Rival Petrobras - Programa\u00e7\u00e3o de Eventos - Shows, M\u00fasica, Ingressos , Pre\u00e7o. Agenda Cultural do Rio de Janeiro - RJ - Eventos Hoje\",\"breadcrumb\":{\"@id\":\"https:\\\/\\\/agendaculturalriodejaneiro.com\\\/agenda-teatro-rival-rpetrobras\\\/#breadcrumb\"},\"inLanguage\":\"en-US\",\"potentialAction\":[{\"@type\":\"ReadAction\",\"target\":[\"https:\\\/\\\/agendaculturalriodejaneiro.com\\\/agenda-teatro-rival-rpetrobras\\\/\"]}]},{\"@type\":\"ImageObject\",\"inLanguage\":\"en-US\",\"@id\":\"https:\\\/\\\/agendaculturalriodejaneiro.com\\\/agenda-teatro-rival-rpetrobras\\\/#primaryimage\",\"url\":\"https:\\\/\\\/agendaculturalriodejaneiro.com\\\/wp-content\\\/uploads\\\/2025\\\/11\\\/CHICO-CHICO-NA-TURNE-LET-IT-BURN-DEIXA-ARDER-NO-TEATRO-RIVAL-PETROBRAS-300x169.jpg\",\"contentUrl\":\"https:\\\/\\\/agendaculturalriodejaneiro.com\\\/wp-content\\\/uploads\\\/2025\\\/11\\\/CHICO-CHICO-NA-TURNE-LET-IT-BURN-DEIXA-ARDER-NO-TEATRO-RIVAL-PETROBRAS-300x169.jpg\"},{\"@type\":\"BreadcrumbList\",\"@id\":\"https:\\\/\\\/agendaculturalriodejaneiro.com\\\/agenda-teatro-rival-rpetrobras\\\/#breadcrumb\",\"itemListElement\":[{\"@type\":\"ListItem\",\"position\":1,\"name\":\"In\u00edcio\",\"item\":\"https:\\\/\\\/agendaculturalriodejaneiro.com\\\/\"},{\"@type\":\"ListItem\",\"position\":2,\"name\":\"Agenda Teatro Rival Petrobras\"}]},{\"@type\":\"WebSite\",\"@id\":\"https:\\\/\\\/agendaculturalriodejaneiro.com\\\/#website\",\"url\":\"https:\\\/\\\/agendaculturalriodejaneiro.com\\\/\",\"name\":\"Agenda Cultural Rio de Janeiro\",\"description\":\"Agenda de Eventos no Rio de Janeiro . O que fazer no Rio de Janeiro\",\"publisher\":{\"@id\":\"https:\\\/\\\/agendaculturalriodejaneiro.com\\\/#organization\"},\"potentialAction\":[{\"@type\":\"SearchAction\",\"target\":{\"@type\":\"EntryPoint\",\"urlTemplate\":\"https:\\\/\\\/agendaculturalriodejaneiro.com\\\/?s={search_term_string}\"},\"query-input\":{\"@type\":\"PropertyValueSpecification\",\"valueRequired\":true,\"valueName\":\"search_term_string\"}}],\"inLanguage\":\"en-US\"},{\"@type\":\"Organization\",\"@id\":\"https:\\\/\\\/agendaculturalriodejaneiro.com\\\/#organization\",\"name\":\"Agenda Cultural Rio de Janeiro\",\"alternateName\":\"Agenda RJ\",\"url\":\"https:\\\/\\\/agendaculturalriodejaneiro.com\\\/\",\"logo\":{\"@type\":\"ImageObject\",\"inLanguage\":\"en-US\",\"@id\":\"https:\\\/\\\/agendaculturalriodejaneiro.com\\\/#\\\/schema\\\/logo\\\/image\\\/\",\"url\":\"https:\\\/\\\/agendaculturalriodejaneiro.com\\\/wp-content\\\/uploads\\\/2024\\\/11\\\/cropped-profile-photo-01.jpg\",\"contentUrl\":\"https:\\\/\\\/agendaculturalriodejaneiro.com\\\/wp-content\\\/uploads\\\/2024\\\/11\\\/cropped-profile-photo-01.jpg\",\"width\":512,\"height\":512,\"caption\":\"Agenda Cultural Rio de Janeiro\"},\"image\":{\"@id\":\"https:\\\/\\\/agendaculturalriodejaneiro.com\\\/#\\\/schema\\\/logo\\\/image\\\/\"},\"sameAs\":[\"https:\\\/\\\/www.facebook.com\\\/agenda_cultural_rio_de_janeiro-106278728546059\",\"https:\\\/\\\/www.instagram.com\\\/agenda_cultural_rio_de_janeiro\\\/\"]}]}<\/script>\n<!-- \/ Yoast SEO plugin. -->","yoast_head_json":{"title":"Rival Petrobras Theater Agenda - Programming | Events| Shows | RJ","description":"Teatro Rival Petrobras Agenda - Events Schedule - Shows, Music, Tickets, Price. Cultural Agenda of Rio de Janeiro - RJ - Events Today","robots":{"index":"index","follow":"follow","max-snippet":"max-snippet:-1","max-image-preview":"max-image-preview:large","max-video-preview":"max-video-preview:-1"},"canonical":"https:\/\/agendaculturalriodejaneiro.com\/en\/rival-theater-schedule-rpetrobras\/","og_locale":"en_US","og_type":"article","og_title":"Agenda Teatro Rival Petrobras - Programa\u00e7\u00e3o | Eventos| Espet\u00e1culos | RJ","og_description":"Agenda Teatro Rival Petrobras - Programa\u00e7\u00e3o de Eventos - Shows, M\u00fasica, Ingressos , Pre\u00e7o. Agenda Cultural do Rio de Janeiro - RJ - Eventos Hoje","og_url":"https:\/\/agendaculturalriodejaneiro.com\/en\/rival-theater-schedule-rpetrobras\/","og_site_name":"Agenda Cultural Rio de Janeiro","article_publisher":"https:\/\/www.facebook.com\/agenda_cultural_rio_de_janeiro-106278728546059","article_modified_time":"2025-12-13T14:12:46+00:00","og_image":[{"url":"https:\/\/agendaculturalriodejaneiro.com\/wp-content\/uploads\/2025\/11\/CHICO-CHICO-NA-TURNE-LET-IT-BURN-DEIXA-ARDER-NO-TEATRO-RIVAL-PETROBRAS-300x169.jpg","type":"","width":"","height":""}],"twitter_card":"summary_large_image","twitter_misc":{"Est. reading time":"8 minutes"},"schema":{"@context":"https:\/\/schema.org","@graph":[{"@type":"WebPage","@id":"https:\/\/agendaculturalriodejaneiro.com\/agenda-teatro-rival-rpetrobras\/","url":"https:\/\/agendaculturalriodejaneiro.com\/agenda-teatro-rival-rpetrobras\/","name":"Rival Petrobras Theater Agenda - Programming | Events| Shows | RJ","isPartOf":{"@id":"https:\/\/agendaculturalriodejaneiro.com\/#website"},"primaryImageOfPage":{"@id":"https:\/\/agendaculturalriodejaneiro.com\/agenda-teatro-rival-rpetrobras\/#primaryimage"},"image":{"@id":"https:\/\/agendaculturalriodejaneiro.com\/agenda-teatro-rival-rpetrobras\/#primaryimage"},"thumbnailUrl":"https:\/\/agendaculturalriodejaneiro.com\/wp-content\/uploads\/2025\/11\/CHICO-CHICO-NA-TURNE-LET-IT-BURN-DEIXA-ARDER-NO-TEATRO-RIVAL-PETROBRAS-300x169.jpg","datePublished":"2021-11-15T21:55:41+00:00","dateModified":"2025-12-13T14:12:46+00:00","description":"Teatro Rival Petrobras Agenda - Events Schedule - Shows, Music, Tickets, Price. Cultural Agenda of Rio de Janeiro - RJ - Events Today","breadcrumb":{"@id":"https:\/\/agendaculturalriodejaneiro.com\/agenda-teatro-rival-rpetrobras\/#breadcrumb"},"inLanguage":"en-US","potentialAction":[{"@type":"ReadAction","target":["https:\/\/agendaculturalriodejaneiro.com\/agenda-teatro-rival-rpetrobras\/"]}]},{"@type":"ImageObject","inLanguage":"en-US","@id":"https:\/\/agendaculturalriodejaneiro.com\/agenda-teatro-rival-rpetrobras\/#primaryimage","url":"https:\/\/agendaculturalriodejaneiro.com\/wp-content\/uploads\/2025\/11\/CHICO-CHICO-NA-TURNE-LET-IT-BURN-DEIXA-ARDER-NO-TEATRO-RIVAL-PETROBRAS-300x169.jpg","contentUrl":"https:\/\/agendaculturalriodejaneiro.com\/wp-content\/uploads\/2025\/11\/CHICO-CHICO-NA-TURNE-LET-IT-BURN-DEIXA-ARDER-NO-TEATRO-RIVAL-PETROBRAS-300x169.jpg"},{"@type":"BreadcrumbList","@id":"https:\/\/agendaculturalriodejaneiro.com\/agenda-teatro-rival-rpetrobras\/#breadcrumb","itemListElement":[{"@type":"ListItem","position":1,"name":"In\u00edcio","item":"https:\/\/agendaculturalriodejaneiro.com\/"},{"@type":"ListItem","position":2,"name":"Agenda Teatro Rival Petrobras"}]},{"@type":"WebSite","@id":"https:\/\/agendaculturalriodejaneiro.com\/#website","url":"https:\/\/agendaculturalriodejaneiro.com\/","name":"Rio de Janeiro Events Guide","description":"Calendar of Events in Rio de Janeiro. What to do in Rio de Janeiro","publisher":{"@id":"https:\/\/agendaculturalriodejaneiro.com\/#organization"},"potentialAction":[{"@type":"SearchAction","target":{"@type":"EntryPoint","urlTemplate":"https:\/\/agendaculturalriodejaneiro.com\/?s={search_term_string}"},"query-input":{"@type":"PropertyValueSpecification","valueRequired":true,"valueName":"search_term_string"}}],"inLanguage":"en-US"},{"@type":"Organization","@id":"https:\/\/agendaculturalriodejaneiro.com\/#organization","name":"Rio de Janeiro Events Guide","alternateName":"Agenda RJ","url":"https:\/\/agendaculturalriodejaneiro.com\/","logo":{"@type":"ImageObject","inLanguage":"en-US","@id":"https:\/\/agendaculturalriodejaneiro.com\/#\/schema\/logo\/image\/","url":"https:\/\/agendaculturalriodejaneiro.com\/wp-content\/uploads\/2024\/11\/cropped-profile-photo-01.jpg","contentUrl":"https:\/\/agendaculturalriodejaneiro.com\/wp-content\/uploads\/2024\/11\/cropped-profile-photo-01.jpg","width":512,"height":512,"caption":"Agenda Cultural Rio de Janeiro"},"image":{"@id":"https:\/\/agendaculturalriodejaneiro.com\/#\/schema\/logo\/image\/"},"sameAs":["https:\/\/www.facebook.com\/agenda_cultural_rio_de_janeiro-106278728546059","https:\/\/www.instagram.com\/agenda_cultural_rio_de_janeiro\/"]}]}},"rttpg_featured_image_url":null,"rttpg_author":{"display_name":"AgendaRio","author_link":"https:\/\/agendaculturalriodejaneiro.com\/en\/author\/agendario\/"},"rttpg_comment":0,"rttpg_category":null,"rttpg_excerpt":"Agenda Teatro Rival Petrobras Programa\u00e7\u00e3o Teatro Rival Petrobras 13 Dezembro 2025 CHICO CHICO NA TURN\u00ca \u201cLET IT BURN \/ DEIXA ARDER\u201d NO TEATRO RIVAL PETROBRAS Teatro Rival Petrobras, Rua \u00c1lvaro Alvim ,33 &#8211; Subsolo, Rio de Janeiro &#8211; Rio de Janeiro Facebook Twitter Linkedin Email Ver Detalhes 13 Dezembro 2025 CHICO CHICO NA TURN\u00ca \u201cLET&hellip;&nbsp;","_links":{"self":[{"href":"https:\/\/agendaculturalriodejaneiro.com\/en\/wp-json\/wp\/v2\/pages\/229","targetHints":{"allow":["GET"]}}],"collection":[{"href":"https:\/\/agendaculturalriodejaneiro.com\/en\/wp-json\/wp\/v2\/pages"}],"about":[{"href":"https:\/\/agendaculturalriodejaneiro.com\/en\/wp-json\/wp\/v2\/types\/page"}],"author":[{"embeddable":true,"href":"https:\/\/agendaculturalriodejaneiro.com\/en\/wp-json\/wp\/v2\/users\/1"}],"replies":[{"embeddable":true,"href":"https:\/\/agendaculturalriodejaneiro.com\/en\/wp-json\/wp\/v2\/comments?post=229"}],"version-history":[{"count":0,"href":"https:\/\/agendaculturalriodejaneiro.com\/en\/wp-json\/wp\/v2\/pages\/229\/revisions"}],"wp:attachment":[{"href":"https:\/\/agendaculturalriodejaneiro.com\/en\/wp-json\/wp\/v2\/media?parent=229"}],"curies":[{"name":"wp","href":"https:\/\/api.w.org\/{rel}","templated":true}]}}