{"id":2197,"date":"2022-02-13T13:57:23","date_gmt":"2022-02-13T13:57:23","guid":{"rendered":"http:\/\/agendaculturalriodejaneiro.com\/?page_id=2197"},"modified":"2025-12-08T11:27:39","modified_gmt":"2025-12-08T14:27:39","slug":"adolpho-bloch-theater-schedule","status":"publish","type":"page","link":"https:\/\/agendaculturalriodejaneiro.com\/en\/agenda-teatro-adolpho-bloch\/","title":{"rendered":"Adolpho Bloch Theater Schedule"},"content":{"rendered":"<div data-elementor-type=\"wp-page\" data-elementor-id=\"2197\" class=\"elementor elementor-2197\" data-elementor-post-type=\"page\">\n\t\t\t\t\t\t<section class=\"elementor-section elementor-top-section elementor-element elementor-element-7564119 elementor-section-boxed elementor-section-height-default elementor-section-height-default\" data-id=\"7564119\" data-element_type=\"section\" data-e-type=\"section\">\n\t\t\t\t\t\t<div class=\"elementor-container elementor-column-gap-default\">\n\t\t\t\t\t<div class=\"elementor-column elementor-col-100 elementor-top-column elementor-element elementor-element-c4779d2\" data-id=\"c4779d2\" data-element_type=\"column\" data-e-type=\"column\">\n\t\t\t<div class=\"elementor-widget-wrap elementor-element-populated\">\n\t\t\t\t\t\t<div class=\"elementor-element elementor-element-bdd07a1 elementor-widget elementor-widget-spacer\" data-id=\"bdd07a1\" data-element_type=\"widget\" data-e-type=\"widget\" data-widget_type=\"spacer.default\">\n\t\t\t\t<div class=\"elementor-widget-container\">\n\t\t\t\t\t\t\t<div class=\"elementor-spacer\">\n\t\t\t<div class=\"elementor-spacer-inner\"><\/div>\n\t\t<\/div>\n\t\t\t\t\t\t<\/div>\n\t\t\t\t<\/div>\n\t\t\t\t\t<\/div>\n\t\t<\/div>\n\t\t\t\t\t<\/div>\n\t\t<\/section>\n\t\t\t\t<section class=\"elementor-section elementor-top-section elementor-element elementor-element-11fbfd0d elementor-section-boxed elementor-section-height-default elementor-section-height-default\" data-id=\"11fbfd0d\" data-element_type=\"section\" data-e-type=\"section\" data-settings=\"{&quot;background_background&quot;:&quot;classic&quot;}\">\n\t\t\t\t\t\t<div class=\"elementor-container elementor-column-gap-default\">\n\t\t\t\t\t<div class=\"elementor-column elementor-col-100 elementor-top-column elementor-element elementor-element-36eb2ab9 elementor-invisible\" data-id=\"36eb2ab9\" data-element_type=\"column\" data-e-type=\"column\" data-settings=\"{&quot;background_background&quot;:&quot;classic&quot;,&quot;animation&quot;:&quot;fadeInUp&quot;,&quot;animation_delay&quot;:300}\">\n\t\t\t<div class=\"elementor-widget-wrap elementor-element-populated\">\n\t\t\t\t\t\t<div class=\"elementor-element elementor-element-c185f26 elementor-widget elementor-widget-heading\" data-id=\"c185f26\" data-element_type=\"widget\" data-e-type=\"widget\" data-settings=\"{&quot;_animation&quot;:&quot;none&quot;,&quot;_animation_delay&quot;:500}\" data-widget_type=\"heading.default\">\n\t\t\t\t<div class=\"elementor-widget-container\">\n\t\t\t\t\t<h1 class=\"elementor-heading-title elementor-size-default\"><a href=\"https:\/\/agendaculturalriodejaneiro.com\/en\/agenda-teatro-prudential\/\">Adolpho Bloch Theater Schedule<\/a><\/h1>\t\t\t\t<\/div>\n\t\t\t\t<\/div>\n\t\t\t\t\t<\/div>\n\t\t<\/div>\n\t\t\t\t\t<\/div>\n\t\t<\/section>\n\t\t\t\t<section class=\"elementor-section elementor-top-section elementor-element elementor-element-00c1a6d elementor-section-boxed elementor-section-height-default elementor-section-height-default\" data-id=\"00c1a6d\" data-element_type=\"section\" data-e-type=\"section\">\n\t\t\t\t\t\t<div class=\"elementor-container elementor-column-gap-default\">\n\t\t\t\t\t<div class=\"elementor-column elementor-col-100 elementor-top-column elementor-element elementor-element-23f4ec1\" data-id=\"23f4ec1\" data-element_type=\"column\" data-e-type=\"column\">\n\t\t\t<div class=\"elementor-widget-wrap elementor-element-populated\">\n\t\t\t\t\t\t<section class=\"elementor-section elementor-inner-section elementor-element elementor-element-47780ec elementor-section-boxed elementor-section-height-default elementor-section-height-default\" data-id=\"47780ec\" data-element_type=\"section\" data-e-type=\"section\">\n\t\t\t\t\t\t<div class=\"elementor-container elementor-column-gap-default\">\n\t\t\t\t\t<div class=\"elementor-column elementor-col-100 elementor-inner-column elementor-element elementor-element-cc8e8d5\" data-id=\"cc8e8d5\" data-element_type=\"column\" data-e-type=\"column\">\n\t\t\t<div class=\"elementor-widget-wrap elementor-element-populated\">\n\t\t\t\t\t\t<div class=\"elementor-element elementor-element-7267f970 elementor-widget elementor-widget-heading\" data-id=\"7267f970\" data-element_type=\"widget\" data-e-type=\"widget\" data-widget_type=\"heading.default\">\n\t\t\t\t<div class=\"elementor-widget-container\">\n\t\t\t\t\t<h2 class=\"elementor-heading-title elementor-size-default\"><a href=\"https:\/\/agendaculturalriodejaneiro.com\/en\/agenda-teatro-prudential\/\">Adolpho Bloch Theater Programming<\/a><\/h2>\t\t\t\t<\/div>\n\t\t\t\t<\/div>\n\t\t\t\t\t<\/div>\n\t\t<\/div>\n\t\t\t\t\t<\/div>\n\t\t<\/section>\n\t\t\t\t\t<\/div>\n\t\t<\/div>\n\t\t\t\t\t<\/div>\n\t\t<\/section>\n\t\t\t\t<section class=\"elementor-section elementor-top-section elementor-element elementor-element-a613c75 elementor-section-boxed elementor-section-height-default elementor-section-height-default\" data-id=\"a613c75\" data-element_type=\"section\" data-e-type=\"section\">\n\t\t\t\t\t\t<div class=\"elementor-container elementor-column-gap-default\">\n\t\t\t\t\t<div class=\"elementor-column elementor-col-100 elementor-top-column elementor-element elementor-element-7c553f3\" data-id=\"7c553f3\" data-element_type=\"column\" data-e-type=\"column\">\n\t\t\t<div class=\"elementor-widget-wrap elementor-element-populated\">\n\t\t\t\t\t\t<div class=\"elementor-element elementor-element-2961d98 elementor-widget elementor-widget-html\" data-id=\"2961d98\" data-element_type=\"widget\" data-e-type=\"widget\" data-widget_type=\"html.default\">\n\t\t\t\t<div class=\"elementor-widget-container\">\n\t\t\t\t\t<script async src=\"https:\/\/pagead2.googlesyndication.com\/pagead\/js\/adsbygoogle.js?client=ca-pub-1076216326230548\"\r\n     crossorigin=\"anonymous\"><\/script>\r\n<!-- Anuncio horizontal adapt\u00e1vel -->\r\n<ins class=\"adsbygoogle\"\r\n     style=\"display:block\"\r\n     data-ad-client=\"ca-pub-1076216326230548\"\r\n     data-ad-slot=\"8379342184\"\r\n     data-ad-format=\"auto\"\r\n     data-full-width-responsive=\"true\"><\/ins>\r\n<script>\r\n     (adsbygoogle = window.adsbygoogle || []).push({});\r\n<\/script>\t\t\t\t<\/div>\n\t\t\t\t<\/div>\n\t\t\t\t<div class=\"elementor-element elementor-element-de3d640 elementor-widget elementor-widget-MEC\" data-id=\"de3d640\" data-element_type=\"widget\" data-e-type=\"widget\" data-widget_type=\"MEC.default\">\n\t\t\t\t<div class=\"elementor-widget-container\">\n\t\t\t\t\t<div class=\"mec-wrap mec-skin-grid-container\" id=\"mec_skin_mec1\">\r\n\r\n    <form id=\"mec_search_form_mec1\" class=\"mec-search-form mec-totalcal-box mec-dropdown-classic\" autocomplete=\"off\" action=\"\"><div class=\"mec-dropdown-wrap\" style=\"display: none\"><\/div><div class=\"mec-date-search\"><input type=\"hidden\" id=\"mec-filter-none\" value=\"Select\"><i class=\"mec-sl-calendar\"><\/i>\r\n                    <select id=\"mec_sf_month_mec1\" title=\"Month Filter\">\r\n                        <option class=\"mec-none-item\" value=\"none\" selected=\"selected\">Select<\/option><option value=\"01\">January<\/option><option value=\"02\">February<\/option><option value=\"03\">March<\/option><option value=\"04\">April<\/option><option value=\"05\">May<\/option><option value=\"06\">June<\/option><option value=\"07\">July<\/option><option value=\"08\">August<\/option><option value=\"09\">September<\/option><option value=\"10\">October<\/option><option value=\"11\">November<\/option><option value=\"12\">December<\/option><\/select><select id=\"mec_sf_year_mec1\" title=\"Year Filter\"><option class=\"mec-none-item\" value=\"none\" selected=\"selected\">Select<\/option><option value=\"2026\">2026<\/option><option value=\"2027\">2027<\/option><option value=\"2028\">2028<\/option><option value=\"2029\">2029<\/option><option value=\"2030\">2030<\/option><\/select><\/div><div class=\"mec-text-input-search\"><i class=\"mec-sl-magnifier\"><\/i>\r\n                    <input type=\"search\" value=\"\" id=\"mec_sf_s_mec1\" placeholder=\"\" title=\"\" \/>\r\n                <\/div><div id=\"mec_search_form_mec1_status\" class=\"mec-screen-reader-text\"><\/div><input type=\"hidden\" name=\"trp-form-language\" value=\"en\"\/><\/form>\r\n        <div class=\"mec-skin-grid-events-container\" id=\"mec_skin_events_mec1\">\r\n        No events found!    <\/div>\r\n    \r\n    \r\n<\/div>\r\n\t\t\t\t<\/div>\n\t\t\t\t<\/div>\n\t\t\t\t<div class=\"elementor-element elementor-element-e855f05 elementor-widget elementor-widget-html\" data-id=\"e855f05\" data-element_type=\"widget\" data-e-type=\"widget\" data-widget_type=\"html.default\">\n\t\t\t\t<div class=\"elementor-widget-container\">\n\t\t\t\t\t<script async src=\"https:\/\/pagead2.googlesyndication.com\/pagead\/js\/adsbygoogle.js?client=ca-pub-1076216326230548\"\r\n     crossorigin=\"anonymous\"><\/script>\r\n<!-- Anuncio horizontal adapt\u00e1vel -->\r\n<ins class=\"adsbygoogle\"\r\n     style=\"display:block\"\r\n     data-ad-client=\"ca-pub-1076216326230548\"\r\n     data-ad-slot=\"8379342184\"\r\n     data-ad-format=\"auto\"\r\n     data-full-width-responsive=\"true\"><\/ins>\r\n<script>\r\n     (adsbygoogle = window.adsbygoogle || []).push({});\r\n<\/script>\t\t\t\t<\/div>\n\t\t\t\t<\/div>\n\t\t\t\t\t<\/div>\n\t\t<\/div>\n\t\t\t\t\t<\/div>\n\t\t<\/section>\n\t\t\t\t<section class=\"elementor-section elementor-top-section elementor-element elementor-element-62dd959 elementor-section-stretched elementor-section-height-min-height elementor-section-items-stretch elementor-section-boxed elementor-section-height-default\" data-id=\"62dd959\" data-element_type=\"section\" data-e-type=\"section\" data-settings=\"{&quot;stretch_section&quot;:&quot;section-stretched&quot;,&quot;background_background&quot;:&quot;classic&quot;}\">\n\t\t\t\t\t\t\t<div class=\"elementor-background-overlay\"><\/div>\n\t\t\t\t\t\t\t<div class=\"elementor-container elementor-column-gap-default\">\n\t\t\t\t\t<div class=\"elementor-column elementor-col-100 elementor-top-column elementor-element elementor-element-6ec8643b\" data-id=\"6ec8643b\" data-element_type=\"column\" data-e-type=\"column\">\n\t\t\t<div class=\"elementor-widget-wrap elementor-element-populated\">\n\t\t\t\t\t\t<div class=\"elementor-element elementor-element-2d830e2c elementor-widget elementor-widget-spacer\" data-id=\"2d830e2c\" data-element_type=\"widget\" data-e-type=\"widget\" data-widget_type=\"spacer.default\">\n\t\t\t\t<div class=\"elementor-widget-container\">\n\t\t\t\t\t\t\t<div class=\"elementor-spacer\">\n\t\t\t<div class=\"elementor-spacer-inner\"><\/div>\n\t\t<\/div>\n\t\t\t\t\t\t<\/div>\n\t\t\t\t<\/div>\n\t\t\t\t<div class=\"elementor-element elementor-element-74f19231 elementor-widget elementor-widget-heading\" data-id=\"74f19231\" data-element_type=\"widget\" data-e-type=\"widget\" data-widget_type=\"heading.default\">\n\t\t\t\t<div class=\"elementor-widget-container\">\n\t\t\t\t\t<h2 class=\"elementor-heading-title elementor-size-default\">Adolpho Bloch Theater Schedule<\/h2>\t\t\t\t<\/div>\n\t\t\t\t<\/div>\n\t\t\t\t<div class=\"elementor-element elementor-element-41a548cc elementor-widget elementor-widget-heading\" data-id=\"41a548cc\" data-element_type=\"widget\" data-e-type=\"widget\" data-widget_type=\"heading.default\">\n\t\t\t\t<div class=\"elementor-widget-container\">\n\t\t\t\t\t<h2 class=\"elementor-heading-title elementor-size-default\">Events | Shows | Box office <\/h2>\t\t\t\t<\/div>\n\t\t\t\t<\/div>\n\t\t\t\t<section class=\"elementor-section elementor-inner-section elementor-element elementor-element-b5eedbf elementor-section-boxed elementor-section-height-default elementor-section-height-default elementor-invisible\" data-id=\"b5eedbf\" data-element_type=\"section\" data-e-type=\"section\" data-settings=\"{&quot;animation&quot;:&quot;fadeInLeft&quot;,&quot;animation_delay&quot;:500,&quot;background_background&quot;:&quot;classic&quot;}\">\n\t\t\t\t\t\t<div class=\"elementor-container elementor-column-gap-default\">\n\t\t\t\t\t<div class=\"elementor-column elementor-col-100 elementor-inner-column elementor-element elementor-element-5bd650b elementor-invisible\" data-id=\"5bd650b\" data-element_type=\"column\" data-e-type=\"column\" data-settings=\"{&quot;background_background&quot;:&quot;classic&quot;,&quot;animation&quot;:&quot;fadeInUp&quot;,&quot;animation_delay&quot;:300}\">\n\t\t\t<div class=\"elementor-widget-wrap elementor-element-populated\">\n\t\t\t\t\t\t<div class=\"elementor-element elementor-element-a358b69 elementor-widget elementor-widget-heading\" data-id=\"a358b69\" data-element_type=\"widget\" data-e-type=\"widget\" data-widget_type=\"heading.default\">\n\t\t\t\t<div class=\"elementor-widget-container\">\n\t\t\t\t\t<h3 class=\"elementor-heading-title elementor-size-default\">Adolpho Bloch Theater - Rio de Janeiro <\/h3>\t\t\t\t<\/div>\n\t\t\t\t<\/div>\n\t\t\t\t<div class=\"elementor-element elementor-element-971f3ed elementor-widget elementor-widget-image\" data-id=\"971f3ed\" data-element_type=\"widget\" data-e-type=\"widget\" data-widget_type=\"image.default\">\n\t\t\t\t<div class=\"elementor-widget-container\">\n\t\t\t\t\t\t\t\t\t\t\t\t\t\t\t<img decoding=\"async\" width=\"90\" height=\"7\" src=\"https:\/\/agendaculturalriodejaneiro.com\/wp-content\/uploads\/2021\/11\/divider.png\" class=\"attachment-full size-full wp-image-13\" alt=\"\" \/>\t\t\t\t\t\t\t\t\t\t\t\t\t\t\t<\/div>\n\t\t\t\t<\/div>\n\t\t\t\t<div class=\"elementor-element elementor-element-a7810b2 elementor-widget elementor-widget-text-editor\" data-id=\"a7810b2\" data-element_type=\"widget\" data-e-type=\"widget\" data-widget_type=\"text-editor.default\">\n\t\t\t\t<div class=\"elementor-widget-container\">\n\t\t\t\t\t\t\t\t\t<p>The old Teatro Manchete, after years of abandonment, received millionaire sponsorship from&nbsp;<a class=\"mw-redirect\" title=\"Optional insured\" href=\"https:\/\/pt.wikipedia.org\/wiki\/Segurado_facultativo\">insurance company<\/a>&nbsp;<a title=\"Prudential do Brasil\" href=\"https:\/\/pt.wikipedia.org\/wiki\/Prudential_do_Brasil\">Prudential<\/a>&nbsp;to reopen its doors. The place was named&nbsp;<b>Prudential Theater \u2013 Adolpho Bloch Room<\/b>&nbsp;\u2013 a tribute to&nbsp;<a title=\"Adolpho Bloch\" href=\"https:\/\/pt.wikipedia.org\/wiki\/Adolpho_Bloch\">Adolpho Bloch<\/a>, founder of&nbsp;<a title=\"Headline Network\" href=\"https:\/\/pt.wikipedia.org\/wiki\/Rede_Manchete\">Headline Network<\/a>&nbsp;\u2013 from 2019 to December 2023.&nbsp;<a class=\"mw-redirect\" title=\"Rede d&#039;Or S\u00e3o Luiz\" href=\"https:\/\/pt.wikipedia.org\/wiki\/Rede_d%27Or_S%C3%A3o_Luiz\">Rede D\u2019Or S\u00e3o Luiz<\/a>&nbsp;it also has a smaller share of the new theater's sponsorship quota. The reopening of the space was an initiative of the sponsors with the entertainment company Aventura.<\/p>\n<p>The Adolpho Bloch Theater has 359 seats and a 140 square meter stage.\u00a0The back of the stage is movable and can be opened to a charming space, where there is a&nbsp;<a title=\"Fountain\" href=\"https:\/\/pt.wikipedia.org\/wiki\/Fontan%C3%A1rio\">fountain<\/a>&nbsp;and landscaping of&nbsp;<a title=\"Roberto Burle Marx\" href=\"https:\/\/pt.wikipedia.org\/wiki\/Roberto_Burle_Marx\">Burle Marx<\/a>. The space also has a community and rehearsal center, created to host several productions at the same time. Furthermore, the theater has a&nbsp;<a title=\"Bistro\" href=\"https:\/\/pt.wikipedia.org\/wiki\/Bistr%C3%B4\">bistro<\/a>, Bota Caf\u00e9.<\/p>\t\t\t\t\t\t\t\t<\/div>\n\t\t\t\t<\/div>\n\t\t\t\t<div class=\"elementor-element elementor-element-ff9ba69 elementor-widget elementor-widget-html\" data-id=\"ff9ba69\" data-element_type=\"widget\" data-e-type=\"widget\" data-widget_type=\"html.default\">\n\t\t\t\t<div class=\"elementor-widget-container\">\n\t\t\t\t\t<script async src=\"https:\/\/pagead2.googlesyndication.com\/pagead\/js\/adsbygoogle.js?client=ca-pub-1076216326230548\"\r\n     crossorigin=\"anonymous\"><\/script>\r\n<!-- Anuncio horizontal adapt\u00e1vel -->\r\n<ins class=\"adsbygoogle\"\r\n     style=\"display:block\"\r\n     data-ad-client=\"ca-pub-1076216326230548\"\r\n     data-ad-slot=\"8379342184\"\r\n     data-ad-format=\"auto\"\r\n     data-full-width-responsive=\"true\"><\/ins>\r\n<script>\r\n     (adsbygoogle = window.adsbygoogle || []).push({});\r\n<\/script>\t\t\t\t<\/div>\n\t\t\t\t<\/div>\n\t\t\t\t\t<\/div>\n\t\t<\/div>\n\t\t\t\t\t<\/div>\n\t\t<\/section>\n\t\t\t\t\t<\/div>\n\t\t<\/div>\n\t\t\t\t\t<\/div>\n\t\t<\/section>\n\t\t\t\t<\/div>","protected":false},"excerpt":{"rendered":"<p>Agenda Teatro Adolpho Bloch Programa\u00e7\u00e3o Teatro Adolpho Bloch SelectJaneiroFevereiroMar\u00e7oAbrilMaioJunhoJulhoAgostoSetembroOutubroNovembroDezembroSelect20252026202720282029203020312032203320342035 07 Janeiro 2026 Enquanto Voc\u00ea Voava, Eu Criava Ra\u00edzes no TEATRO ADOLPHO BLOCH TEATRO ADOLPHO BLOCH, Rua do Russel, 804, Rio de Janeiro &#8211; Rio de Janeiro Facebook Twitter Linkedin Email Ver Detalhes Eventos n\u00e3o encontrados! Agenda Teatro Adolpho Bloch Eventos | Shows | Bilheteria Teatro&hellip;&nbsp;<\/p>","protected":false},"author":1,"featured_media":0,"parent":0,"menu_order":0,"comment_status":"closed","ping_status":"closed","template":"elementor_header_footer","meta":{"neve_meta_sidebar":"","neve_meta_container":"","neve_meta_enable_content_width":"","neve_meta_content_width":0,"neve_meta_title_alignment":"","neve_meta_author_avatar":"","neve_post_elements_order":"","neve_meta_disable_header":"","neve_meta_disable_footer":"","neve_meta_disable_title":"","footnotes":""},"class_list":["post-2197","page","type-page","status-publish","hentry"],"yoast_head":"<!-- This site is optimized with the Yoast SEO plugin v28.4 - https:\/\/yoast.com\/product\/yoast-seo-wordpress\/ -->\n<title>Agenda Teatro Adolpho Bloch - Programa\u00e7\u00e3o | Eventos| Espet\u00e1culos | RJ<\/title>\n<meta name=\"description\" content=\"Agenda Teatro Adolpho Bloch- Programa\u00e7\u00e3o de Eventos - Shows, M\u00fasica, Ingressos , Pre\u00e7o. Agenda Cultural do Rio de Janeiro - RJ - Eventos Hoje\" \/>\n<meta name=\"robots\" content=\"index, follow, max-snippet:-1, max-image-preview:large, max-video-preview:-1\" \/>\n<link rel=\"canonical\" href=\"https:\/\/agendaculturalriodejaneiro.com\/en\/adolpho-bloch-theater-schedule\/\" \/>\n<meta property=\"og:locale\" content=\"en_US\" \/>\n<meta property=\"og:type\" content=\"article\" \/>\n<meta property=\"og:title\" content=\"Agenda Teatro Adolpho Bloch - Programa\u00e7\u00e3o | Eventos| Espet\u00e1culos | RJ\" \/>\n<meta property=\"og:description\" content=\"Agenda Teatro Adolpho Bloch- Programa\u00e7\u00e3o de Eventos - Shows, M\u00fasica, Ingressos , Pre\u00e7o. Agenda Cultural do Rio de Janeiro - RJ - Eventos Hoje\" \/>\n<meta property=\"og:url\" content=\"https:\/\/agendaculturalriodejaneiro.com\/en\/adolpho-bloch-theater-schedule\/\" \/>\n<meta property=\"og:site_name\" content=\"Agenda Cultural Rio de Janeiro\" \/>\n<meta property=\"article:publisher\" content=\"https:\/\/www.facebook.com\/agenda_cultural_rio_de_janeiro-106278728546059\" \/>\n<meta property=\"article:modified_time\" content=\"2025-12-08T14:27:39+00:00\" \/>\n<meta property=\"og:image\" content=\"https:\/\/agendaculturalriodejaneiro.com\/wp-content\/uploads\/2025\/10\/Enquanto-Voce-Voava-Eu-Criava-Raizes-no-TEATRO-ADOLPHO-BLOCH-300x158.jpg\" \/>\n<meta name=\"twitter:card\" content=\"summary_large_image\" \/>\n<meta name=\"twitter:label1\" content=\"Est. reading time\" \/>\n\t<meta name=\"twitter:data1\" content=\"2 minutes\" \/>\n<script type=\"application\/ld+json\" class=\"yoast-schema-graph\">{\"@context\":\"https:\\\/\\\/schema.org\",\"@graph\":[{\"@type\":\"WebPage\",\"@id\":\"https:\\\/\\\/agendaculturalriodejaneiro.com\\\/agenda-teatro-adolpho-bloch\\\/\",\"url\":\"https:\\\/\\\/agendaculturalriodejaneiro.com\\\/agenda-teatro-adolpho-bloch\\\/\",\"name\":\"Agenda Teatro Adolpho Bloch - Programa\u00e7\u00e3o | Eventos| Espet\u00e1culos | RJ\",\"isPartOf\":{\"@id\":\"https:\\\/\\\/agendaculturalriodejaneiro.com\\\/#website\"},\"primaryImageOfPage\":{\"@id\":\"https:\\\/\\\/agendaculturalriodejaneiro.com\\\/agenda-teatro-adolpho-bloch\\\/#primaryimage\"},\"image\":{\"@id\":\"https:\\\/\\\/agendaculturalriodejaneiro.com\\\/agenda-teatro-adolpho-bloch\\\/#primaryimage\"},\"thumbnailUrl\":\"https:\\\/\\\/agendaculturalriodejaneiro.com\\\/wp-content\\\/uploads\\\/2025\\\/10\\\/Enquanto-Voce-Voava-Eu-Criava-Raizes-no-TEATRO-ADOLPHO-BLOCH-300x158.jpg\",\"datePublished\":\"2022-02-13T13:57:23+00:00\",\"dateModified\":\"2025-12-08T14:27:39+00:00\",\"description\":\"Agenda Teatro Adolpho Bloch- Programa\u00e7\u00e3o de Eventos - Shows, M\u00fasica, Ingressos , Pre\u00e7o. Agenda Cultural do Rio de Janeiro - RJ - Eventos Hoje\",\"breadcrumb\":{\"@id\":\"https:\\\/\\\/agendaculturalriodejaneiro.com\\\/agenda-teatro-adolpho-bloch\\\/#breadcrumb\"},\"inLanguage\":\"en-US\",\"potentialAction\":[{\"@type\":\"ReadAction\",\"target\":[\"https:\\\/\\\/agendaculturalriodejaneiro.com\\\/agenda-teatro-adolpho-bloch\\\/\"]}]},{\"@type\":\"ImageObject\",\"inLanguage\":\"en-US\",\"@id\":\"https:\\\/\\\/agendaculturalriodejaneiro.com\\\/agenda-teatro-adolpho-bloch\\\/#primaryimage\",\"url\":\"https:\\\/\\\/agendaculturalriodejaneiro.com\\\/wp-content\\\/uploads\\\/2025\\\/10\\\/Enquanto-Voce-Voava-Eu-Criava-Raizes-no-TEATRO-ADOLPHO-BLOCH-300x158.jpg\",\"contentUrl\":\"https:\\\/\\\/agendaculturalriodejaneiro.com\\\/wp-content\\\/uploads\\\/2025\\\/10\\\/Enquanto-Voce-Voava-Eu-Criava-Raizes-no-TEATRO-ADOLPHO-BLOCH-300x158.jpg\"},{\"@type\":\"BreadcrumbList\",\"@id\":\"https:\\\/\\\/agendaculturalriodejaneiro.com\\\/agenda-teatro-adolpho-bloch\\\/#breadcrumb\",\"itemListElement\":[{\"@type\":\"ListItem\",\"position\":1,\"name\":\"In\u00edcio\",\"item\":\"https:\\\/\\\/agendaculturalriodejaneiro.com\\\/\"},{\"@type\":\"ListItem\",\"position\":2,\"name\":\"Agenda Teatro Adolpho Bloch\"}]},{\"@type\":\"WebSite\",\"@id\":\"https:\\\/\\\/agendaculturalriodejaneiro.com\\\/#website\",\"url\":\"https:\\\/\\\/agendaculturalriodejaneiro.com\\\/\",\"name\":\"Agenda Cultural Rio de Janeiro\",\"description\":\"Agenda de Eventos no Rio de Janeiro . O que fazer no Rio de Janeiro\",\"publisher\":{\"@id\":\"https:\\\/\\\/agendaculturalriodejaneiro.com\\\/#organization\"},\"potentialAction\":[{\"@type\":\"SearchAction\",\"target\":{\"@type\":\"EntryPoint\",\"urlTemplate\":\"https:\\\/\\\/agendaculturalriodejaneiro.com\\\/?s={search_term_string}\"},\"query-input\":{\"@type\":\"PropertyValueSpecification\",\"valueRequired\":true,\"valueName\":\"search_term_string\"}}],\"inLanguage\":\"en-US\"},{\"@type\":\"Organization\",\"@id\":\"https:\\\/\\\/agendaculturalriodejaneiro.com\\\/#organization\",\"name\":\"Agenda Cultural Rio de Janeiro\",\"alternateName\":\"Agenda RJ\",\"url\":\"https:\\\/\\\/agendaculturalriodejaneiro.com\\\/\",\"logo\":{\"@type\":\"ImageObject\",\"inLanguage\":\"en-US\",\"@id\":\"https:\\\/\\\/agendaculturalriodejaneiro.com\\\/#\\\/schema\\\/logo\\\/image\\\/\",\"url\":\"https:\\\/\\\/agendaculturalriodejaneiro.com\\\/wp-content\\\/uploads\\\/2024\\\/11\\\/cropped-profile-photo-01.jpg\",\"contentUrl\":\"https:\\\/\\\/agendaculturalriodejaneiro.com\\\/wp-content\\\/uploads\\\/2024\\\/11\\\/cropped-profile-photo-01.jpg\",\"width\":512,\"height\":512,\"caption\":\"Agenda Cultural Rio de Janeiro\"},\"image\":{\"@id\":\"https:\\\/\\\/agendaculturalriodejaneiro.com\\\/#\\\/schema\\\/logo\\\/image\\\/\"},\"sameAs\":[\"https:\\\/\\\/www.facebook.com\\\/agenda_cultural_rio_de_janeiro-106278728546059\",\"https:\\\/\\\/www.instagram.com\\\/agenda_cultural_rio_de_janeiro\\\/\"]}]}<\/script>\n<!-- \/ Yoast SEO plugin. -->","yoast_head_json":{"title":"Adolpho Bloch Theater Agenda - Programming | Events| Shows | RJ","description":"Teatro Adolpho Bloch Agenda - Events Schedule - Shows, Music, Tickets, Price. Cultural Agenda of Rio de Janeiro - RJ - Events Today","robots":{"index":"index","follow":"follow","max-snippet":"max-snippet:-1","max-image-preview":"max-image-preview:large","max-video-preview":"max-video-preview:-1"},"canonical":"https:\/\/agendaculturalriodejaneiro.com\/en\/adolpho-bloch-theater-schedule\/","og_locale":"en_US","og_type":"article","og_title":"Agenda Teatro Adolpho Bloch - Programa\u00e7\u00e3o | Eventos| Espet\u00e1culos | RJ","og_description":"Agenda Teatro Adolpho Bloch- Programa\u00e7\u00e3o de Eventos - Shows, M\u00fasica, Ingressos , Pre\u00e7o. Agenda Cultural do Rio de Janeiro - RJ - Eventos Hoje","og_url":"https:\/\/agendaculturalriodejaneiro.com\/en\/adolpho-bloch-theater-schedule\/","og_site_name":"Agenda Cultural Rio de Janeiro","article_publisher":"https:\/\/www.facebook.com\/agenda_cultural_rio_de_janeiro-106278728546059","article_modified_time":"2025-12-08T14:27:39+00:00","og_image":[{"url":"https:\/\/agendaculturalriodejaneiro.com\/wp-content\/uploads\/2025\/10\/Enquanto-Voce-Voava-Eu-Criava-Raizes-no-TEATRO-ADOLPHO-BLOCH-300x158.jpg","type":"","width":"","height":""}],"twitter_card":"summary_large_image","twitter_misc":{"Est. reading time":"2 minutes"},"schema":{"@context":"https:\/\/schema.org","@graph":[{"@type":"WebPage","@id":"https:\/\/agendaculturalriodejaneiro.com\/agenda-teatro-adolpho-bloch\/","url":"https:\/\/agendaculturalriodejaneiro.com\/agenda-teatro-adolpho-bloch\/","name":"Adolpho Bloch Theater Agenda - Programming | Events| Shows | RJ","isPartOf":{"@id":"https:\/\/agendaculturalriodejaneiro.com\/#website"},"primaryImageOfPage":{"@id":"https:\/\/agendaculturalriodejaneiro.com\/agenda-teatro-adolpho-bloch\/#primaryimage"},"image":{"@id":"https:\/\/agendaculturalriodejaneiro.com\/agenda-teatro-adolpho-bloch\/#primaryimage"},"thumbnailUrl":"https:\/\/agendaculturalriodejaneiro.com\/wp-content\/uploads\/2025\/10\/Enquanto-Voce-Voava-Eu-Criava-Raizes-no-TEATRO-ADOLPHO-BLOCH-300x158.jpg","datePublished":"2022-02-13T13:57:23+00:00","dateModified":"2025-12-08T14:27:39+00:00","description":"Teatro Adolpho Bloch Agenda - Events Schedule - Shows, Music, Tickets, Price. Cultural Agenda of Rio de Janeiro - RJ - Events Today","breadcrumb":{"@id":"https:\/\/agendaculturalriodejaneiro.com\/agenda-teatro-adolpho-bloch\/#breadcrumb"},"inLanguage":"en-US","potentialAction":[{"@type":"ReadAction","target":["https:\/\/agendaculturalriodejaneiro.com\/agenda-teatro-adolpho-bloch\/"]}]},{"@type":"ImageObject","inLanguage":"en-US","@id":"https:\/\/agendaculturalriodejaneiro.com\/agenda-teatro-adolpho-bloch\/#primaryimage","url":"https:\/\/agendaculturalriodejaneiro.com\/wp-content\/uploads\/2025\/10\/Enquanto-Voce-Voava-Eu-Criava-Raizes-no-TEATRO-ADOLPHO-BLOCH-300x158.jpg","contentUrl":"https:\/\/agendaculturalriodejaneiro.com\/wp-content\/uploads\/2025\/10\/Enquanto-Voce-Voava-Eu-Criava-Raizes-no-TEATRO-ADOLPHO-BLOCH-300x158.jpg"},{"@type":"BreadcrumbList","@id":"https:\/\/agendaculturalriodejaneiro.com\/agenda-teatro-adolpho-bloch\/#breadcrumb","itemListElement":[{"@type":"ListItem","position":1,"name":"In\u00edcio","item":"https:\/\/agendaculturalriodejaneiro.com\/"},{"@type":"ListItem","position":2,"name":"Agenda Teatro Adolpho Bloch"}]},{"@type":"WebSite","@id":"https:\/\/agendaculturalriodejaneiro.com\/#website","url":"https:\/\/agendaculturalriodejaneiro.com\/","name":"Rio de Janeiro Events Guide","description":"Calendar of Events in Rio de Janeiro. What to do in Rio de Janeiro","publisher":{"@id":"https:\/\/agendaculturalriodejaneiro.com\/#organization"},"potentialAction":[{"@type":"SearchAction","target":{"@type":"EntryPoint","urlTemplate":"https:\/\/agendaculturalriodejaneiro.com\/?s={search_term_string}"},"query-input":{"@type":"PropertyValueSpecification","valueRequired":true,"valueName":"search_term_string"}}],"inLanguage":"en-US"},{"@type":"Organization","@id":"https:\/\/agendaculturalriodejaneiro.com\/#organization","name":"Rio de Janeiro Events Guide","alternateName":"Agenda RJ","url":"https:\/\/agendaculturalriodejaneiro.com\/","logo":{"@type":"ImageObject","inLanguage":"en-US","@id":"https:\/\/agendaculturalriodejaneiro.com\/#\/schema\/logo\/image\/","url":"https:\/\/agendaculturalriodejaneiro.com\/wp-content\/uploads\/2024\/11\/cropped-profile-photo-01.jpg","contentUrl":"https:\/\/agendaculturalriodejaneiro.com\/wp-content\/uploads\/2024\/11\/cropped-profile-photo-01.jpg","width":512,"height":512,"caption":"Agenda Cultural Rio de Janeiro"},"image":{"@id":"https:\/\/agendaculturalriodejaneiro.com\/#\/schema\/logo\/image\/"},"sameAs":["https:\/\/www.facebook.com\/agenda_cultural_rio_de_janeiro-106278728546059","https:\/\/www.instagram.com\/agenda_cultural_rio_de_janeiro\/"]}]}},"rttpg_featured_image_url":null,"rttpg_author":{"display_name":"AgendaRio","author_link":"https:\/\/agendaculturalriodejaneiro.com\/en\/author\/agendario\/"},"rttpg_comment":0,"rttpg_category":null,"rttpg_excerpt":"Agenda Teatro Adolpho Bloch Programa\u00e7\u00e3o Teatro Adolpho Bloch SelectJaneiroFevereiroMar\u00e7oAbrilMaioJunhoJulhoAgostoSetembroOutubroNovembroDezembroSelect20252026202720282029203020312032203320342035 07 Janeiro 2026 Enquanto Voc\u00ea Voava, Eu Criava Ra\u00edzes no TEATRO ADOLPHO BLOCH TEATRO ADOLPHO BLOCH, Rua do Russel, 804, Rio de Janeiro &#8211; Rio de Janeiro Facebook Twitter Linkedin Email Ver Detalhes Eventos n\u00e3o encontrados! Agenda Teatro Adolpho Bloch Eventos | Shows | Bilheteria Teatro&hellip;&nbsp;","_links":{"self":[{"href":"https:\/\/agendaculturalriodejaneiro.com\/en\/wp-json\/wp\/v2\/pages\/2197","targetHints":{"allow":["GET"]}}],"collection":[{"href":"https:\/\/agendaculturalriodejaneiro.com\/en\/wp-json\/wp\/v2\/pages"}],"about":[{"href":"https:\/\/agendaculturalriodejaneiro.com\/en\/wp-json\/wp\/v2\/types\/page"}],"author":[{"embeddable":true,"href":"https:\/\/agendaculturalriodejaneiro.com\/en\/wp-json\/wp\/v2\/users\/1"}],"replies":[{"embeddable":true,"href":"https:\/\/agendaculturalriodejaneiro.com\/en\/wp-json\/wp\/v2\/comments?post=2197"}],"version-history":[{"count":0,"href":"https:\/\/agendaculturalriodejaneiro.com\/en\/wp-json\/wp\/v2\/pages\/2197\/revisions"}],"wp:attachment":[{"href":"https:\/\/agendaculturalriodejaneiro.com\/en\/wp-json\/wp\/v2\/media?parent=2197"}],"curies":[{"name":"wp","href":"https:\/\/api.w.org\/{rel}","templated":true}]}}