{"id":2102,"date":"2022-02-12T10:39:06","date_gmt":"2022-02-12T10:39:06","guid":{"rendered":"http:\/\/agendaculturalriodejaneiro.com\/?page_id=2102"},"modified":"2026-07-17T10:51:36","modified_gmt":"2026-07-17T13:51:36","slug":"shows-rio-de-janeiro-music-concerts","status":"publish","type":"page","link":"https:\/\/agendaculturalriodejaneiro.com\/en\/shows-rio-de-janeiro-musica-concertos\/","title":{"rendered":"Shows in Rio de Janeiro: schedule, dates and tickets"},"content":{"rendered":"\t\t<div data-elementor-type=\"wp-page\" data-elementor-id=\"2102\" class=\"elementor elementor-2102\" data-elementor-post-type=\"page\">\n\t\t\t\t\t\t<section class=\"elementor-section elementor-top-section elementor-element elementor-element-39fd5a3 elementor-section-boxed elementor-section-height-default elementor-section-height-default\" data-id=\"39fd5a3\" data-element_type=\"section\" data-e-type=\"section\">\n\t\t\t\t\t\t<div class=\"elementor-container elementor-column-gap-default\">\n\t\t\t\t\t<div class=\"elementor-column elementor-col-100 elementor-top-column elementor-element elementor-element-ec84052\" data-id=\"ec84052\" data-element_type=\"column\" data-e-type=\"column\">\n\t\t\t<div class=\"elementor-widget-wrap elementor-element-populated\">\n\t\t\t\t\t\t<div class=\"elementor-element elementor-element-f2b02ea elementor-widget elementor-widget-html\" data-id=\"f2b02ea\" data-element_type=\"widget\" data-e-type=\"widget\" data-widget_type=\"html.default\">\n\t\t\t\t<div class=\"elementor-widget-container\">\n\t\t\t\t\t<!-- =========================================================\r\n     SHOWS NO RIO DE JANEIRO \u2014 BLOCO 1\r\n     COLOCAR ANTES DA AGENDA MEC\r\n     AGENDA CULTURAL DO RIO DE JANEIRO\r\n========================================================== -->\r\n\r\n<link rel=\"preconnect\" href=\"https:\/\/fonts.googleapis.com\">\r\n<link rel=\"preconnect\" href=\"https:\/\/fonts.gstatic.com\" crossorigin>\r\n\r\n<link\r\n    href=\"https:\/\/fonts.googleapis.com\/css2?family=Poppins:wght@400;500;600;700;800;900&display=swap\"\r\n    rel=\"stylesheet\"\r\n>\r\n\r\n<style>\r\n\/* =========================================================\r\n   SISTEMA VISUAL\r\n========================================================= *\/\r\n\r\n.acrj-music-page,\r\n.acrj-music-mec-shell {\r\n    --acrj-ciano: #00a6c2;\r\n    --acrj-ciano-escuro: #007f98;\r\n    --acrj-ciano-profundo: #005f73;\r\n    --acrj-amarelo: #ffe000;\r\n    --acrj-amarelo-hover: #f3d200;\r\n    --acrj-preto: #080b10;\r\n    --acrj-texto: #202830;\r\n    --acrj-cinza: #62707a;\r\n    --acrj-fundo: #f5f8f9;\r\n    --acrj-branco: #ffffff;\r\n    --acrj-linha: #dbe7ea;\r\n    --acrj-sombra: 0 16px 40px rgba(8, 11, 16, 0.08);\r\n    --acrj-largura: 1240px;\r\n\r\n    font-family: \"Poppins\", Arial, Helvetica, sans-serif;\r\n}\r\n\r\n.acrj-music-page,\r\n.acrj-music-page *,\r\n.acrj-music-mec-shell,\r\n.acrj-music-mec-shell * {\r\n    box-sizing: border-box;\r\n}\r\n\r\n.acrj-music-page {\r\n    width: 100%;\r\n    margin: 0;\r\n    padding: 0;\r\n\r\n    color: var(--acrj-texto);\r\n    background: var(--acrj-branco);\r\n\r\n    font-size: 16px;\r\n    line-height: 1.7;\r\n\r\n    overflow: hidden;\r\n}\r\n\r\n.acrj-music-container {\r\n    width: min(100% - 36px, var(--acrj-largura));\r\n    margin-right: auto;\r\n    margin-left: auto;\r\n}\r\n\r\n.acrj-music-page h1,\r\n.acrj-music-page h2,\r\n.acrj-music-page h3,\r\n.acrj-music-page p {\r\n    overflow-wrap: anywhere;\r\n}\r\n\r\n.acrj-music-page h1,\r\n.acrj-music-page h2,\r\n.acrj-music-page h3 {\r\n    font-family: \"Poppins\", Arial, Helvetica, sans-serif;\r\n    font-weight: 800;\r\n    letter-spacing: -0.035em;\r\n}\r\n\r\n.acrj-music-page a:focus-visible {\r\n    outline: 3px solid var(--acrj-amarelo);\r\n    outline-offset: 4px;\r\n}\r\n\r\n\r\n\/* =========================================================\r\n   HERO\r\n========================================================= *\/\r\n\r\n.acrj-music-hero {\r\n    position: relative;\r\n    isolation: isolate;\r\n\r\n    padding: clamp(55px, 8vw, 94px) 0 clamp(68px, 9vw, 98px);\r\n\r\n    color: var(--acrj-branco);\r\n\r\n    background:\r\n        radial-gradient(\r\n            circle at 87% 12%,\r\n            rgba(255, 224, 0, 0.24),\r\n            transparent 28%\r\n        ),\r\n        radial-gradient(\r\n            circle at 8% 100%,\r\n            rgba(0, 166, 194, 0.30),\r\n            transparent 34%\r\n        ),\r\n        linear-gradient(\r\n            135deg,\r\n            #061018 0%,\r\n            #092631 54%,\r\n            #006d83 100%\r\n        );\r\n\r\n    overflow: hidden;\r\n}\r\n\r\n.acrj-music-hero::before {\r\n    position: absolute;\r\n    z-index: -1;\r\n    top: -155px;\r\n    right: -100px;\r\n\r\n    width: 430px;\r\n    height: 430px;\r\n\r\n    border: 1px solid rgba(255, 255, 255, 0.13);\r\n    border-radius: 50%;\r\n\r\n    content: \"\";\r\n}\r\n\r\n.acrj-music-hero::after {\r\n    position: absolute;\r\n    z-index: -1;\r\n    right: 8%;\r\n    bottom: -225px;\r\n\r\n    width: 380px;\r\n    height: 380px;\r\n\r\n    border: 70px solid rgba(255, 224, 0, 0.075);\r\n    border-radius: 50%;\r\n\r\n    content: \"\";\r\n}\r\n\r\n.acrj-music-breadcrumb {\r\n    display: flex;\r\n    flex-wrap: wrap;\r\n    align-items: center;\r\n    gap: 7px;\r\n\r\n    margin: 0 0 24px;\r\n    padding: 0;\r\n\r\n    color: #b9dce2;\r\n\r\n    font-size: 11px;\r\n    font-weight: 600;\r\n    line-height: 1.5;\r\n\r\n    list-style: none;\r\n}\r\n\r\n.acrj-music-breadcrumb a {\r\n    color: #d6eef2;\r\n    text-decoration: none;\r\n}\r\n\r\n.acrj-music-breadcrumb a:hover {\r\n    color: var(--acrj-amarelo);\r\n}\r\n\r\n.acrj-music-breadcrumb li:not(:last-child)::after {\r\n    margin-left: 7px;\r\n\r\n    color: var(--acrj-ciano);\r\n\r\n    content: \"\u203a\";\r\n}\r\n\r\n.acrj-music-kicker {\r\n    display: inline-flex;\r\n    align-items: center;\r\n    gap: 9px;\r\n\r\n    margin-bottom: 16px;\r\n\r\n    color: #c5edf3;\r\n\r\n    font-size: 11px;\r\n    font-weight: 800;\r\n    letter-spacing: 0.1em;\r\n    line-height: 1.4;\r\n    text-transform: uppercase;\r\n}\r\n\r\n.acrj-music-kicker::before {\r\n    width: 27px;\r\n    height: 4px;\r\n\r\n    background: var(--acrj-amarelo);\r\n    border-radius: 999px;\r\n\r\n    content: \"\";\r\n}\r\n\r\n.acrj-music-hero-copy {\r\n    max-width: 960px;\r\n}\r\n\r\n.acrj-music-hero h1 {\r\n    max-width: 930px;\r\n    margin: 0 0 21px;\r\n\r\n    color: var(--acrj-branco);\r\n\r\n    font-size: clamp(39px, 6vw, 68px);\r\n    line-height: 1.04;\r\n    letter-spacing: -0.055em;\r\n}\r\n\r\n.acrj-music-hero h1 strong {\r\n    color: var(--acrj-amarelo);\r\n    font-weight: 900;\r\n}\r\n\r\n.acrj-music-hero-description {\r\n    max-width: 830px;\r\n    margin: 0 0 29px;\r\n\r\n    color: #deedf0;\r\n\r\n    font-size: clamp(16px, 2vw, 18px);\r\n    line-height: 1.75;\r\n}\r\n\r\n.acrj-music-actions {\r\n    display: flex;\r\n    flex-wrap: wrap;\r\n    gap: 12px;\r\n}\r\n\r\n.acrj-music-button {\r\n    display: inline-flex;\r\n    align-items: center;\r\n    justify-content: center;\r\n    gap: 9px;\r\n\r\n    min-height: 48px;\r\n    padding: 12px 21px;\r\n\r\n    border: 1px solid transparent;\r\n    border-radius: 999px;\r\n\r\n    font-family: \"Poppins\", Arial, Helvetica, sans-serif;\r\n    font-size: 13px;\r\n    font-weight: 800;\r\n    line-height: 1.25;\r\n    text-align: center;\r\n    text-decoration: none !important;\r\n\r\n    transition:\r\n        transform 170ms ease,\r\n        color 170ms ease,\r\n        background-color 170ms ease,\r\n        border-color 170ms ease;\r\n}\r\n\r\n.acrj-music-button:hover {\r\n    transform: translateY(-2px);\r\n}\r\n\r\n.acrj-music-button--primary {\r\n    color: var(--acrj-preto) !important;\r\n    background: var(--acrj-amarelo);\r\n    border-color: var(--acrj-amarelo);\r\n}\r\n\r\n.acrj-music-button--primary:hover {\r\n    background: var(--acrj-amarelo-hover);\r\n    border-color: var(--acrj-amarelo-hover);\r\n}\r\n\r\n.acrj-music-button--secondary {\r\n    color: var(--acrj-branco) !important;\r\n    background: rgba(255, 255, 255, 0.08);\r\n    border-color: rgba(255, 255, 255, 0.31);\r\n}\r\n\r\n.acrj-music-button--secondary:hover {\r\n    background: rgba(255, 255, 255, 0.16);\r\n    border-color: rgba(255, 255, 255, 0.52);\r\n}\r\n\r\n\r\n\/* =========================================================\r\n   INFORMA\u00c7\u00d5ES \u00daTEIS\r\n========================================================= *\/\r\n\r\n.acrj-music-summary {\r\n    position: relative;\r\n    z-index: 3;\r\n\r\n    margin-top: -31px;\r\n    padding-bottom: 57px;\r\n}\r\n\r\n.acrj-music-summary-box {\r\n    display: grid;\r\n    grid-template-columns: repeat(3, minmax(0, 1fr));\r\n    gap: 16px;\r\n\r\n    padding: 18px;\r\n\r\n    background: var(--acrj-branco);\r\n    border: 1px solid var(--acrj-linha);\r\n    border-radius: 20px;\r\n\r\n    box-shadow: var(--acrj-sombra);\r\n}\r\n\r\n.acrj-music-summary-item {\r\n    display: grid;\r\n    grid-template-columns: auto minmax(0, 1fr);\r\n    gap: 13px;\r\n    align-items: flex-start;\r\n\r\n    min-width: 0;\r\n    padding: 17px;\r\n\r\n    background: var(--acrj-fundo);\r\n    border-radius: 13px;\r\n}\r\n\r\n.acrj-music-summary-icon {\r\n    display: grid;\r\n    width: 39px;\r\n    height: 39px;\r\n    place-items: center;\r\n\r\n    color: var(--acrj-preto);\r\n    background: var(--acrj-amarelo);\r\n    border-radius: 11px;\r\n\r\n    font-size: 16px;\r\n    font-weight: 900;\r\n}\r\n\r\n.acrj-music-summary-item strong {\r\n    display: block;\r\n    margin-bottom: 4px;\r\n\r\n    color: var(--acrj-preto);\r\n\r\n    font-size: 12px;\r\n    line-height: 1.45;\r\n}\r\n\r\n.acrj-music-summary-item span {\r\n    display: block;\r\n\r\n    color: var(--acrj-cinza);\r\n\r\n    font-size: 10px;\r\n    line-height: 1.6;\r\n}\r\n\r\n\r\n\/* =========================================================\r\n   ADSENSE\r\n========================================================= *\/\r\n\r\n.acrj-music-ad {\r\n    width: 100%;\r\n    margin: 0 auto 53px;\r\n    padding: 0 16px;\r\n\r\n    clear: both;\r\n    text-align: center;\r\n}\r\n\r\n.acrj-music-ad-label {\r\n    display: block;\r\n    margin: 0 auto 8px;\r\n\r\n    color: #7c888f;\r\n\r\n    font-size: 9px;\r\n    font-weight: 700;\r\n    letter-spacing: 0.15em;\r\n    line-height: 1;\r\n    text-transform: uppercase;\r\n}\r\n\r\n.acrj-music-ad-slot {\r\n    display: flex;\r\n    align-items: center;\r\n    justify-content: center;\r\n\r\n    width: 100%;\r\n    min-height: 90px;\r\n\r\n    overflow: hidden;\r\n}\r\n\r\n\r\n\/* =========================================================\r\n   CABE\u00c7ALHO DA AGENDA\r\n========================================================= *\/\r\n\r\n.acrj-music-agenda-intro {\r\n    padding: 0 0 28px;\r\n}\r\n\r\n.acrj-music-agenda-heading {\r\n    display: flex;\r\n    align-items: flex-end;\r\n    justify-content: space-between;\r\n    gap: 28px;\r\n\r\n    padding-bottom: 24px;\r\n\r\n    border-bottom: 1px solid var(--acrj-linha);\r\n}\r\n\r\n.acrj-music-agenda-copy {\r\n    max-width: 830px;\r\n}\r\n\r\n.acrj-music-agenda-intro .acrj-music-kicker {\r\n    margin-bottom: 11px;\r\n    color: var(--acrj-ciano-profundo);\r\n}\r\n\r\n.acrj-music-agenda-intro h2 {\r\n    margin: 0 0 10px;\r\n\r\n    color: var(--acrj-preto);\r\n\r\n    font-size: clamp(29px, 4vw, 44px);\r\n    line-height: 1.13;\r\n}\r\n\r\n.acrj-music-agenda-intro p {\r\n    margin: 0;\r\n\r\n    color: var(--acrj-cinza);\r\n\r\n    font-size: 13px;\r\n    line-height: 1.75;\r\n}\r\n\r\n.acrj-music-status {\r\n    display: inline-flex;\r\n    flex: 0 0 auto;\r\n    align-items: center;\r\n    gap: 9px;\r\n\r\n    padding: 10px 15px;\r\n\r\n    color: var(--acrj-ciano-profundo);\r\n    background: #e8f8fb;\r\n    border: 1px solid #c7ecf2;\r\n    border-radius: 999px;\r\n\r\n    font-size: 10px;\r\n    font-weight: 800;\r\n    letter-spacing: 0.04em;\r\n    line-height: 1.3;\r\n    text-transform: uppercase;\r\n}\r\n\r\n.acrj-music-status::before {\r\n    width: 8px;\r\n    height: 8px;\r\n\r\n    background: var(--acrj-ciano);\r\n    border-radius: 50%;\r\n\r\n    box-shadow: 0 0 0 5px rgba(0, 166, 194, 0.12);\r\n\r\n    content: \"\";\r\n}\r\n\r\n\r\n\/* =========================================================\r\n   GRELHA MEC\r\n   ADICIONAR acrj-music-mec-shell AO CONTAINER DO SHORTCODE\r\n========================================================= *\/\r\n\r\n.acrj-music-mec-shell {\r\n    width: min(100% - 36px, var(--acrj-largura));\r\n    margin-right: auto;\r\n    margin-left: auto;\r\n    padding-bottom: 35px;\r\n}\r\n\r\n.acrj-music-mec-shell .mec-wrap,\r\n.acrj-music-mec-shell .mec-event-grid-modern,\r\n.acrj-music-mec-shell .mec-event-grid-classic {\r\n    width: 100%;\r\n    max-width: none;\r\n\r\n    font-family: \"Poppins\", Arial, Helvetica, sans-serif !important;\r\n}\r\n\r\n.acrj-music-mec-shell .mec-event-grid-modern > .row,\r\n.acrj-music-mec-shell .mec-event-grid-modern-container > .row,\r\n.acrj-music-mec-shell .mec-event-grid-classic > .row {\r\n    display: grid !important;\r\n    grid-template-columns: repeat(3, minmax(0, 1fr));\r\n    column-gap: 30px !important;\r\n    row-gap: 34px !important;\r\n\r\n    width: 100%;\r\n    margin: 0 !important;\r\n    padding: 0 !important;\r\n\r\n    align-items: stretch;\r\n}\r\n\r\n.acrj-music-mec-shell .mec-event-article {\r\n    position: relative;\r\n\r\n    display: flex !important;\r\n    float: none !important;\r\n\r\n    width: auto !important;\r\n    max-width: none !important;\r\n    min-width: 0;\r\n    height: 100%;\r\n\r\n    flex-direction: column;\r\n\r\n    margin: 0 !important;\r\n    padding: 0 !important;\r\n\r\n    overflow: hidden;\r\n\r\n    background: var(--acrj-branco);\r\n    border: 1px solid var(--acrj-linha);\r\n    border-top: 4px solid var(--acrj-ciano);\r\n    border-radius: 16px;\r\n\r\n    box-shadow: 0 12px 30px rgba(8, 11, 16, 0.075);\r\n\r\n    transition:\r\n        transform 180ms ease,\r\n        border-color 180ms ease,\r\n        box-shadow 180ms ease;\r\n}\r\n\r\n.acrj-music-mec-shell .mec-event-article:hover {\r\n    transform: translateY(-4px);\r\n\r\n    border-color: rgba(0, 166, 194, 0.55);\r\n\r\n    box-shadow: 0 19px 40px rgba(8, 11, 16, 0.13);\r\n}\r\n\r\n.acrj-music-mec-shell .mec-event-image {\r\n    width: 100%;\r\n    height: 192px !important;\r\n    min-height: 192px !important;\r\n    max-height: 192px !important;\r\n\r\n    margin: 0 !important;\r\n    padding: 0 !important;\r\n\r\n    overflow: hidden;\r\n\r\n    background: #e4eff2;\r\n}\r\n\r\n.acrj-music-mec-shell .mec-event-image > a {\r\n    display: block;\r\n    width: 100%;\r\n    height: 100%;\r\n}\r\n\r\n.acrj-music-mec-shell .mec-event-image img {\r\n    display: block;\r\n\r\n    width: 100% !important;\r\n    height: 100% !important;\r\n    max-width: none !important;\r\n\r\n    margin: 0 !important;\r\n\r\n    object-fit: cover !important;\r\n    object-position: center;\r\n\r\n    transition: transform 350ms ease;\r\n}\r\n\r\n.acrj-music-mec-shell\r\n.mec-event-article:hover\r\n.mec-event-image img {\r\n    transform: scale(1.035);\r\n}\r\n\r\n.acrj-music-mec-shell .mec-event-content {\r\n    display: flex;\r\n    min-width: 0;\r\n    flex: 1;\r\n    flex-direction: column;\r\n\r\n    padding: 16px 18px 12px !important;\r\n}\r\n\r\n.acrj-music-mec-shell .mec-event-date,\r\n.acrj-music-mec-shell .mec-event-date-info {\r\n    margin: 0 0 8px !important;\r\n\r\n    color: var(--acrj-ciano-escuro) !important;\r\n\r\n    font-family: \"Poppins\", Arial, Helvetica, sans-serif !important;\r\n    font-size: 11px !important;\r\n    font-weight: 800 !important;\r\n    letter-spacing: 0.055em;\r\n    line-height: 1.4 !important;\r\n    text-transform: uppercase;\r\n}\r\n\r\n.acrj-music-mec-shell .mec-event-title {\r\n    display: -webkit-box;\r\n    margin: 0 0 10px !important;\r\n\r\n    overflow: hidden;\r\n\r\n    color: var(--acrj-preto) !important;\r\n\r\n    font-family: \"Poppins\", Arial, Helvetica, sans-serif !important;\r\n    font-size: 17px !important;\r\n    font-weight: 800 !important;\r\n    letter-spacing: -0.02em;\r\n    line-height: 1.35 !important;\r\n    text-transform: none !important;\r\n\r\n    -webkit-box-orient: vertical;\r\n    -webkit-line-clamp: 3;\r\n}\r\n\r\n.acrj-music-mec-shell .mec-event-title a {\r\n    color: inherit !important;\r\n    text-decoration: none !important;\r\n}\r\n\r\n.acrj-music-mec-shell .mec-event-title a:hover {\r\n    color: var(--acrj-ciano-escuro) !important;\r\n}\r\n\r\n.acrj-music-mec-shell .mec-event-detail,\r\n.acrj-music-mec-shell .mec-event-address,\r\n.acrj-music-mec-shell .mec-event-loc-place {\r\n    display: -webkit-box;\r\n    margin: 0 !important;\r\n\r\n    overflow: hidden;\r\n\r\n    color: var(--acrj-cinza) !important;\r\n\r\n    font-family: \"Poppins\", Arial, Helvetica, sans-serif !important;\r\n    font-size: 12px !important;\r\n    line-height: 1.55 !important;\r\n\r\n    -webkit-box-orient: vertical;\r\n    -webkit-line-clamp: 2;\r\n}\r\n\r\n.acrj-music-mec-shell .mec-event-footer {\r\n    display: flex;\r\n    align-items: center;\r\n    justify-content: space-between;\r\n    gap: 10px;\r\n\r\n    min-height: 0 !important;\r\n    margin-top: auto !important;\r\n    padding: 12px 18px 15px !important;\r\n\r\n    background: var(--acrj-branco);\r\n    border-top: 1px solid #edf2f4;\r\n}\r\n\r\n.acrj-music-mec-shell .mec-booking-button,\r\n.acrj-music-mec-shell .mec-modal-booking-button {\r\n    display: inline-flex !important;\r\n    align-items: center;\r\n    justify-content: center;\r\n\r\n    min-height: 37px;\r\n    margin: 0 !important;\r\n    padding: 9px 14px !important;\r\n\r\n    color: var(--acrj-branco) !important;\r\n    background: var(--acrj-preto) !important;\r\n    border: 1px solid var(--acrj-preto) !important;\r\n    border-radius: 999px !important;\r\n\r\n    font-family: \"Poppins\", Arial, Helvetica, sans-serif !important;\r\n    font-size: 11px !important;\r\n    font-weight: 800 !important;\r\n    line-height: 1 !important;\r\n    text-decoration: none !important;\r\n    text-transform: none !important;\r\n}\r\n\r\n.acrj-music-mec-shell .mec-booking-button:hover,\r\n.acrj-music-mec-shell .mec-modal-booking-button:hover {\r\n    color: var(--acrj-preto) !important;\r\n    background: var(--acrj-amarelo) !important;\r\n    border-color: var(--acrj-amarelo) !important;\r\n}\r\n\r\n.acrj-music-mec-shell .mec-load-more-button {\r\n    display: flex !important;\r\n    align-items: center;\r\n    justify-content: center;\r\n\r\n    width: max-content;\r\n    min-width: 170px;\r\n    min-height: 47px;\r\n\r\n    margin: 38px auto 10px !important;\r\n    padding: 12px 25px !important;\r\n\r\n    color: var(--acrj-preto) !important;\r\n    background: var(--acrj-amarelo) !important;\r\n    border: 0 !important;\r\n    border-radius: 999px !important;\r\n\r\n    font-family: \"Poppins\", Arial, Helvetica, sans-serif !important;\r\n    font-size: 13px !important;\r\n    font-weight: 800 !important;\r\n    text-transform: none !important;\r\n}\r\n\r\n.acrj-music-mec-shell .mec-load-more-button:hover {\r\n    color: var(--acrj-branco) !important;\r\n    background: var(--acrj-ciano-escuro) !important;\r\n}\r\n\r\n\r\n\/* =========================================================\r\n   RESPONSIVIDADE\r\n========================================================= *\/\r\n\r\n@media (max-width: 1024px) {\r\n    .acrj-music-mec-shell .mec-event-grid-modern > .row,\r\n    .acrj-music-mec-shell\r\n    .mec-event-grid-modern-container > .row,\r\n    .acrj-music-mec-shell .mec-event-grid-classic > .row {\r\n        grid-template-columns: repeat(2, minmax(0, 1fr));\r\n        column-gap: 24px !important;\r\n        row-gap: 28px !important;\r\n    }\r\n\r\n    .acrj-music-mec-shell .mec-event-image {\r\n        height: 205px !important;\r\n        min-height: 205px !important;\r\n        max-height: 205px !important;\r\n    }\r\n}\r\n\r\n@media (max-width: 780px) {\r\n    .acrj-music-summary-box {\r\n        grid-template-columns: minmax(0, 1fr);\r\n    }\r\n}\r\n\r\n@media (max-width: 680px) {\r\n    .acrj-music-container,\r\n    .acrj-music-mec-shell {\r\n        width: min(100% - 28px, var(--acrj-largura));\r\n    }\r\n\r\n    .acrj-music-hero {\r\n        padding-top: 45px;\r\n        padding-bottom: 66px;\r\n    }\r\n\r\n    .acrj-music-hero h1 {\r\n        font-size: clamp(35px, 11vw, 48px);\r\n    }\r\n\r\n    .acrj-music-hero-description {\r\n        font-size: 15px;\r\n    }\r\n\r\n    .acrj-music-actions {\r\n        align-items: stretch;\r\n        flex-direction: column;\r\n    }\r\n\r\n    .acrj-music-button {\r\n        width: 100%;\r\n    }\r\n\r\n    .acrj-music-summary {\r\n        margin-top: -24px;\r\n        padding-bottom: 43px;\r\n    }\r\n\r\n    .acrj-music-summary-box {\r\n        gap: 10px;\r\n        padding: 13px;\r\n\r\n        border-radius: 16px;\r\n    }\r\n\r\n    .acrj-music-summary-item {\r\n        padding: 14px;\r\n    }\r\n\r\n    .acrj-music-ad {\r\n        margin-bottom: 42px;\r\n        padding: 0;\r\n    }\r\n\r\n    .acrj-music-ad-slot {\r\n        min-height: 250px;\r\n    }\r\n\r\n    .acrj-music-agenda-heading {\r\n        align-items: flex-start;\r\n        flex-direction: column;\r\n        gap: 15px;\r\n    }\r\n\r\n    .acrj-music-agenda-intro h2 {\r\n        font-size: 30px;\r\n    }\r\n\r\n    .acrj-music-mec-shell .mec-event-grid-modern > .row,\r\n    .acrj-music-mec-shell\r\n    .mec-event-grid-modern-container > .row,\r\n    .acrj-music-mec-shell .mec-event-grid-classic > .row {\r\n        grid-template-columns: minmax(0, 1fr);\r\n        row-gap: 20px !important;\r\n    }\r\n\r\n    .acrj-music-mec-shell .mec-event-image {\r\n        height: 202px !important;\r\n        min-height: 202px !important;\r\n        max-height: 202px !important;\r\n    }\r\n}\r\n\r\n@media (prefers-reduced-motion: reduce) {\r\n    .acrj-music-page *,\r\n    .acrj-music-mec-shell * {\r\n        animation-duration: 0.01ms !important;\r\n        transition-duration: 0.01ms !important;\r\n    }\r\n}\r\n<\/style>\r\n\r\n\r\n<main\r\n    class=\"acrj-music-page\"\r\n    aria-labelledby=\"acrj-music-title\"\r\n>\r\n\r\n    <!-- HERO -->\r\n    <header class=\"acrj-music-hero\">\r\n        <div class=\"acrj-music-container\">\r\n\r\n            <nav aria-label=\"Navega\u00e7\u00e3o estrutural\">\r\n                <ol class=\"acrj-music-breadcrumb\">\r\n                    <li>\r\n                        <a href=\"https:\/\/agendaculturalriodejaneiro.com\/\">\r\n                            In\u00edcio\r\n                        <\/a>\r\n                    <\/li>\r\n\r\n                    <li aria-current=\"page\">\r\n                        Shows no Rio de Janeiro\r\n                    <\/li>\r\n                <\/ol>\r\n            <\/nav>\r\n\r\n            <div class=\"acrj-music-hero-copy\">\r\n\r\n                <span class=\"acrj-music-kicker\">\r\n                    Agenda de m\u00fasica ao vivo no Rio\r\n                <\/span>\r\n\r\n                <h1 id=\"acrj-music-title\">\r\n                    Shows no Rio de Janeiro:\r\n                    <strong>m\u00fasica ao vivo e concertos<\/strong>\r\n                <\/h1>\r\n\r\n                <p class=\"acrj-music-hero-description\">\r\n                    Confira a agenda de shows no Rio de Janeiro com m\u00fasica\r\n                    ao vivo, samba, MPB, jazz, rock, pagode, concertos,\r\n                    festivais, datas, locais e informa\u00e7\u00f5es sobre ingressos.\r\n                <\/p>\r\n\r\n                <div class=\"acrj-music-actions\">\r\n\r\n                    <a\r\n                        class=\"acrj-music-button acrj-music-button--primary\"\r\n                        href=\"#agenda-de-shows\"\r\n                    >\r\n                        Ver agenda de shows\r\n                        <span aria-hidden=\"true\">\u2193<\/span>\r\n                    <\/a>\r\n\r\n                    <a\r\n                        class=\"acrj-music-button acrj-music-button--secondary\"\r\n                        href=\"https:\/\/agendaculturalriodejaneiro.com\/o-que-fazer-no-rio-de-janeiro-a-noite\/\"\r\n                    >\r\n                        Explorar a noite carioca\r\n                    <\/a>\r\n\r\n                <\/div>\r\n\r\n            <\/div>\r\n        <\/div>\r\n    <\/header>\r\n\r\n\r\n    <!-- INFORMA\u00c7\u00d5ES \u00daTEIS -->\r\n    <section\r\n        class=\"acrj-music-summary\"\r\n        aria-label=\"Informa\u00e7\u00f5es para consultar a agenda de shows\"\r\n    >\r\n        <div class=\"acrj-music-container\">\r\n\r\n            <div class=\"acrj-music-summary-box\">\r\n\r\n                <div class=\"acrj-music-summary-item\">\r\n\r\n                    <span\r\n                        class=\"acrj-music-summary-icon\"\r\n                        aria-hidden=\"true\"\r\n                    >\r\n                        \u266a\r\n                    <\/span>\r\n\r\n                    <div>\r\n                        <strong>M\u00fasica ao vivo no Rio<\/strong>\r\n\r\n                        <span>\r\n                            Shows, concertos, festivais e apresenta\u00e7\u00f5es\r\n                            de diferentes estilos musicais.\r\n                        <\/span>\r\n                    <\/div>\r\n\r\n                <\/div>\r\n\r\n\r\n                <div class=\"acrj-music-summary-item\">\r\n\r\n                    <span\r\n                        class=\"acrj-music-summary-icon\"\r\n                        aria-hidden=\"true\"\r\n                    >\r\n                        \ud83d\udcc5\r\n                    <\/span>\r\n\r\n                    <div>\r\n                        <strong>Datas e hor\u00e1rios<\/strong>\r\n\r\n                        <span>\r\n                            Consulte o evento para confirmar sess\u00e3o,\r\n                            abertura dos port\u00f5es e in\u00edcio do show.\r\n                        <\/span>\r\n                    <\/div>\r\n\r\n                <\/div>\r\n\r\n\r\n                <div class=\"acrj-music-summary-item\">\r\n\r\n                    <span\r\n                        class=\"acrj-music-summary-icon\"\r\n                        aria-hidden=\"true\"\r\n                    >\r\n                        \ud83c\udf9f\r\n                    <\/span>\r\n\r\n                    <div>\r\n                        <strong>Ingressos e locais<\/strong>\r\n\r\n                        <span>\r\n                            Veja endere\u00e7o, classifica\u00e7\u00e3o, valores\r\n                            e links oficiais de venda.\r\n                        <\/span>\r\n                    <\/div>\r\n\r\n                <\/div>\r\n\r\n            <\/div>\r\n        <\/div>\r\n    <\/section>\r\n\r\n\r\n    <!-- AN\u00daNCIO -->\r\n    <aside\r\n        class=\"acrj-music-ad\"\r\n        aria-label=\"Publicidade\"\r\n    >\r\n        <span class=\"acrj-music-ad-label\">\r\n            PUB\r\n        <\/span>\r\n\r\n        <div\r\n            class=\"acrj-music-ad-slot\"\r\n            data-desktop-slot=\"5800876183\"\r\n            data-mobile-slot=\"6529814326\"\r\n        ><\/div>\r\n    <\/aside>\r\n\r\n\r\n    <!-- CABE\u00c7ALHO DA AGENDA -->\r\n    <section\r\n        class=\"acrj-music-agenda-intro\"\r\n        id=\"agenda-de-shows\"\r\n        aria-labelledby=\"acrj-music-agenda-title\"\r\n    >\r\n        <div\r\n            class=\"acrj-music-container\r\n                   acrj-music-agenda-heading\"\r\n        >\r\n\r\n            <div class=\"acrj-music-agenda-copy\">\r\n\r\n                <span class=\"acrj-music-kicker\">\r\n                    Programa\u00e7\u00e3o musical\r\n                <\/span>\r\n\r\n                <h2 id=\"acrj-music-agenda-title\">\r\n                    Agenda de shows no Rio de Janeiro\r\n                <\/h2>\r\n\r\n                <p>\r\n                    Veja os pr\u00f3ximos shows, concertos e festivais no Rio.\r\n                    Abra cada evento para consultar data, hor\u00e1rio, local,\r\n                    endere\u00e7o, classifica\u00e7\u00e3o e links oficiais de ingressos.\r\n                <\/p>\r\n\r\n            <\/div>\r\n\r\n            <span class=\"acrj-music-status\">\r\n                Shows e concertos\r\n            <\/span>\r\n\r\n        <\/div>\r\n    <\/section>\r\n\r\n<\/main>\r\n\r\n\r\n<script>\r\ndocument.addEventListener(\"DOMContentLoaded\", function () {\r\n\r\n    \/* =====================================================\r\n       GARANTE O SCRIPT DO ADSENSE APENAS UMA VEZ\r\n    ====================================================== *\/\r\n\r\n    function garantirScriptAdSenseMusica() {\r\n        const existente = document.querySelector(\r\n            'script[src*=\"pagead2.googlesyndication.com\/pagead\/js\/adsbygoogle.js\"]'\r\n        );\r\n\r\n        if (existente) {\r\n            return Promise.resolve();\r\n        }\r\n\r\n        return new Promise(function (resolve, reject) {\r\n            const script = document.createElement(\"script\");\r\n\r\n            script.async = true;\r\n            script.crossOrigin = \"anonymous\";\r\n\r\n            script.src =\r\n                \"https:\/\/pagead2.googlesyndication.com\/pagead\/js\/adsbygoogle.js\" +\r\n                \"?client=ca-pub-1076216326230548\";\r\n\r\n            script.onload = resolve;\r\n            script.onerror = reject;\r\n\r\n            document.head.appendChild(script);\r\n        });\r\n    }\r\n\r\n\r\n    \/* =====================================================\r\n       CARREGA O AN\u00daNCIO RESPONSIVO\r\n    ====================================================== *\/\r\n\r\n    function carregarAnuncioMusica() {\r\n        const slots = document.querySelectorAll(\r\n            '.acrj-music-ad-slot:not([data-ad-loaded=\"true\"])'\r\n        );\r\n\r\n        if (!slots.length) {\r\n            return;\r\n        }\r\n\r\n        const desktop = window.matchMedia(\r\n            \"(min-width: 900px)\"\r\n        ).matches;\r\n\r\n        garantirScriptAdSenseMusica()\r\n            .then(function () {\r\n\r\n                slots.forEach(function (container) {\r\n                    const anuncio = document.createElement(\"ins\");\r\n\r\n                    anuncio.className = \"adsbygoogle\";\r\n\r\n                    anuncio.setAttribute(\r\n                        \"data-ad-client\",\r\n                        \"ca-pub-1076216326230548\"\r\n                    );\r\n\r\n                    if (desktop) {\r\n                        anuncio.style.display = \"inline-block\";\r\n                        anuncio.style.width = \"728px\";\r\n                        anuncio.style.height = \"90px\";\r\n\r\n                        anuncio.setAttribute(\r\n                            \"data-ad-slot\",\r\n                            container.dataset.desktopSlot ||\r\n                            \"5800876183\"\r\n                        );\r\n                    } else {\r\n                        anuncio.style.display = \"inline-block\";\r\n                        anuncio.style.width = \"300px\";\r\n                        anuncio.style.height = \"250px\";\r\n\r\n                        anuncio.setAttribute(\r\n                            \"data-ad-slot\",\r\n                            container.dataset.mobileSlot ||\r\n                            \"6529814326\"\r\n                        );\r\n                    }\r\n\r\n                    container.appendChild(anuncio);\r\n\r\n                    container.setAttribute(\r\n                        \"data-ad-loaded\",\r\n                        \"true\"\r\n                    );\r\n\r\n                    try {\r\n                        (\r\n                            window.adsbygoogle =\r\n                            window.adsbygoogle || []\r\n                        ).push({});\r\n                    } catch (erro) {\r\n                        console.warn(\r\n                            \"N\u00e3o foi poss\u00edvel iniciar o an\u00fancio.\",\r\n                            erro\r\n                        );\r\n                    }\r\n                });\r\n\r\n            })\r\n            .catch(function () {\r\n                console.warn(\r\n                    \"N\u00e3o foi poss\u00edvel carregar o Google AdSense.\"\r\n                );\r\n            });\r\n    }\r\n\r\n\r\n    \/* =====================================================\r\n       ESCONDE MENSAGEM FALSA DO MEC\r\n    ====================================================== *\/\r\n\r\n    function corrigirMensagemMusicaMEC() {\r\n        document\r\n            .querySelectorAll(\".acrj-music-mec-shell\")\r\n            .forEach(function (mec) {\r\n\r\n                const eventosVisiveis = Array.from(\r\n                    mec.querySelectorAll(\".mec-event-article\")\r\n                ).some(function (evento) {\r\n                    const estilo = window.getComputedStyle(evento);\r\n\r\n                    return (\r\n                        estilo.display !== \"none\" &&\r\n                        estilo.visibility !== \"hidden\" &&\r\n                        evento.offsetParent !== null\r\n                    );\r\n                });\r\n\r\n                mec.querySelectorAll(\"div, p, span\").forEach(\r\n                    function (elemento) {\r\n\r\n                        if (elemento.children.length > 0) {\r\n                            return;\r\n                        }\r\n\r\n                        const texto = elemento.textContent.trim();\r\n\r\n                        if (\r\n                            eventosVisiveis &&\r\n                            \/^(Eventos n\u00e3o encontrados!|No event found!?)$\/i\r\n                                .test(texto)\r\n                        ) {\r\n                            elemento.style.display = \"none\";\r\n\r\n                            elemento.setAttribute(\r\n                                \"aria-hidden\",\r\n                                \"true\"\r\n                            );\r\n                        }\r\n                    }\r\n                );\r\n            });\r\n    }\r\n\r\n\r\n    carregarAnuncioMusica();\r\n    corrigirMensagemMusicaMEC();\r\n\r\n\r\n    document\r\n        .querySelectorAll(\".acrj-music-mec-shell\")\r\n        .forEach(function (mec) {\r\n\r\n            const observador = new MutationObserver(function () {\r\n                window.requestAnimationFrame(\r\n                    corrigirMensagemMusicaMEC\r\n                );\r\n            });\r\n\r\n            observador.observe(mec, {\r\n                childList: true,\r\n                subtree: true,\r\n                attributes: true,\r\n                attributeFilter: [\"style\", \"class\"]\r\n            });\r\n        });\r\n\r\n});\r\n<\/script>\t\t\t\t<\/div>\n\t\t\t\t<\/div>\n\t\t\t\t\t<\/div>\n\t\t<\/div>\n\t\t\t\t\t<\/div>\n\t\t<\/section>\n\t\t\t\t<section class=\"elementor-section elementor-top-section elementor-element elementor-element-a613c75 elementor-section-boxed elementor-section-height-default elementor-section-height-default\" data-id=\"a613c75\" data-element_type=\"section\" data-e-type=\"section\">\n\t\t\t\t\t\t<div class=\"elementor-container elementor-column-gap-default\">\n\t\t\t\t\t<div class=\"elementor-column elementor-col-100 elementor-top-column elementor-element elementor-element-7c553f3\" data-id=\"7c553f3\" data-element_type=\"column\" data-e-type=\"column\">\n\t\t\t<div class=\"elementor-widget-wrap elementor-element-populated\">\n\t\t\t\t\t\t<div class=\"elementor-element elementor-element-de3d640 elementor-widget elementor-widget-MEC\" data-id=\"de3d640\" data-element_type=\"widget\" data-e-type=\"widget\" data-widget_type=\"MEC.default\">\n\t\t\t\t<div class=\"elementor-widget-container\">\n\t\t\t\t\t<div class=\"mec-wrap mec-skin-grid-container  \" id=\"mec_skin_mec1\">\r\n\r\n    <form id=\"mec_search_form_mec1\" class=\"mec-search-form mec-totalcal-box mec-dropdown-classic\" autocomplete=\"off\"><div class=\"mec-dropdown-wrap\" style=\"display: none\"><\/div><div class=\"mec-date-search\"><input type=\"hidden\" id=\"mec-filter-none\" value=\"Select\"><i class=\"mec-sl-calendar\"><\/i>\r\n                    <select id=\"mec_sf_month_mec1\" title=\"Month Filter\">\r\n                        <option class=\"mec-none-item\" value=\"none\" selected=\"selected\">Select<\/option><option value=\"01\">January<\/option><option value=\"02\">February<\/option><option value=\"03\">March<\/option><option value=\"04\">April<\/option><option value=\"05\">May<\/option><option value=\"06\">June<\/option><option value=\"07\">July<\/option><option value=\"08\">August<\/option><option value=\"09\">September<\/option><option value=\"10\">October<\/option><option value=\"11\">November<\/option><option value=\"12\">December<\/option><\/select><select id=\"mec_sf_year_mec1\" title=\"Year Filter\"><option class=\"mec-none-item\" value=\"none\" selected=\"selected\">Select<\/option><option value=\"2026\">2026<\/option><option value=\"2027\">2027<\/option><option value=\"2028\">2028<\/option><option value=\"2029\">2029<\/option><option value=\"2030\">2030<\/option><\/select><\/div><div class=\"mec-text-input-search\"><i class=\"mec-sl-magnifier\"><\/i>\r\n                    <input type=\"search\" value=\"\" id=\"mec_sf_s_mec1\" placeholder=\"\" title=\"\" \/>\r\n                <\/div><div id=\"mec_search_form_mec1_status\" class=\"mec-screen-reader-text\"><\/div><\/form>\r\n            <div class=\"mec-skin-grid-events-container\" id=\"mec_skin_events_mec1\">\r\n        <div class=\"mec-wrap colorskin-custom\">\r\n    <div class=\"mec-event-grid-classic\" data-widget-autoplay=\"1\" data-widget-loop=\"1\" data-widget-autoplay-time=\"3000\">\r\n        <div class=\"row\"><div class=\"col-md-4 col-sm-4\"><article class=\" mec-event-article mec-clear  \">                                <div class=\"mec-event-image\"><a data-event-id=\"52775\" href=\"https:\/\/agendaculturalriodejaneiro.com\/en\/events\/gustavo-casenave-piano-solo\/\" target=\"_self\" rel=\"noopener\"><img fetchpriority=\"high\" decoding=\"async\" width=\"300\" height=\"181\" src=\"https:\/\/agendaculturalriodejaneiro.com\/wp-content\/uploads\/2026\/08\/44308dd8-cc09-11ee-9953-e6c2cfe81298-300x181.jpg\" class=\"attachment-medium size-medium wp-post-image\" alt=\"\" data-mec-postid=\"52775\" \/><\/a><\/div>\r\n                        <div class=\"mec-event-content\">\r\n                                    <div class=\"mec-event-date mec-bg-color\">\r\n                        <span class=\"mec-start-date-label\">03 September 2026<\/span>                                                                    <\/div>\r\n                                                                <h4 class=\"mec-event-title\"><a class=\"mec-color-hover\" data-event-id=\"52775\" href=\"https:\/\/agendaculturalriodejaneiro.com\/en\/events\/gustavo-casenave-piano-solo\/\" target=\"_self\" rel=\"noopener\">Gustavo Casenave Piano Solo<\/a><\/h4>\r\n                                <p class=\"mec-grid-event-location\">Sal\u00e3o Assyrio - Theatro Municipal do Rio de Janeiro, Pra\u00e7a Floriano, S\/N - Centro, Rio de Janeiro - RJ, 20031-050, Brasil<\/p>\r\n                                                                            <\/div>\r\n            <div class=\"mec-event-footer\">\r\n                                <ul class=\"mec-event-sharing-wrap\">\r\n                    <li class=\"mec-event-share\">\r\n                        <a href=\"#\" class=\"mec-event-share-icon\">\r\n                            <i class=\"mec-sl-share\" title=\"Share\"><\/i>\r\n                        <\/a>\r\n                    <\/li>\r\n                    <li>\r\n                        <ul class=\"mec-event-sharing\">\r\n                            <li class=\"mec-event-social-icon\"><a class=\"facebook\" href=\"https:\/\/www.facebook.com\/sharer\/sharer.php?u=https%3A%2F%2Fagendaculturalriodejaneiro.com%2Fen%2Fevents%2Fgustavo-casenave-piano-solo%2F\" onclick=\"javascript:window.open(this.href, &apos;&apos;, &apos;menubar=no,toolbar=no,resizable=yes,scrollbars=yes,height=500,width=600&apos;); return false;\" target=\"_blank\" title=\"Share on Facebook\"><i class=\"mec-fa-facebook\"><\/i><span class=\"mec-social-title\">Facebook<\/span><\/a><\/li><li class=\"mec-event-social-icon\"><a class=\"twitter\" href=\"https:\/\/x.com\/intent\/tweet?url=https%3A%2F%2Fagendaculturalriodejaneiro.com%2Fen%2Fevents%2Fgustavo-casenave-piano-solo%2F\" onclick=\"javascript:window.open(this.href, &apos;&apos;, &apos;menubar=no,toolbar=no,resizable=yes,scrollbars=yes,height=600,width=500&apos;); return false;\" target=\"_blank\" title=\"X Social Network\"><svg xmlns=\"http:\/\/www.w3.org\/2000\/svg\" viewbox=\"0 0 512 462.799\"><path d=\"M403.229 0h78.506L310.219 196.04 512 462.799H354.002L230.261 301.007 88.669 462.799h-78.56l183.455-209.683L0 0h161.999l111.856 147.88L403.229 0zm-27.556 415.805h43.505L138.363 44.527h-46.68l283.99 371.278z\" \/><\/svg><span class=\"mec-social-title\">Twitter<\/span><\/a><\/li><li class=\"mec-event-social-icon\"><a class=\"linkedin\" href=\"https:\/\/www.linkedin.com\/shareArticle?mini=true&amp;url=https%3A%2F%2Fagendaculturalriodejaneiro.com%2Fen%2Fevents%2Fgustavo-casenave-piano-solo%2F\" onclick=\"javascript:window.open(this.href, &apos;&apos;, &apos;menubar=no,toolbar=no,resizable=yes,scrollbars=yes,height=600,width=500&apos;); return false;\" target=\"_blank\" title=\"Linkedin\"><i class=\"mec-fa-linkedin\"><\/i><span class=\"mec-social-title\">Linkedin<\/span><\/a><\/li><li class=\"mec-event-social-icon\"><a class=\"email\" href=\"mailto:?subject=Gustavo%20Casenave%20Piano%20Solo&amp;body=https%3A%2F%2Fagendaculturalriodejaneiro.com%2Fen%2Fevents%2Fgustavo-casenave-piano-solo%2F\" title=\"Email\"><i class=\"mec-fa-envelope\"><\/i><span class=\"mec-social-title\">Email<\/span><\/a><\/li>                        <\/ul>\r\n                    <\/li>\r\n                <\/ul>\r\n                                                <a class=\"mec-booking-button\" data-event-id=\"52775\" href=\"https:\/\/agendaculturalriodejaneiro.com\/en\/events\/gustavo-casenave-piano-solo\/\" target=\"_self\" rel=\"noopener\">Ver Detalhes<\/a>            <\/div>\r\n        <\/article><\/div>        <div class=\"col-md-4 col-sm-4\"><article class=\"mec-past-event mec-event-article mec-clear  \">                                <div class=\"mec-event-image\"><a data-event-id=\"48460\" href=\"https:\/\/agendaculturalriodejaneiro.com\/en\/events\/mamma-mia-no-teatro-riachuelo-rj-189-816\/\" target=\"_self\" rel=\"noopener\"><img decoding=\"async\" width=\"300\" height=\"158\" src=\"https:\/\/agendaculturalriodejaneiro.com\/wp-content\/uploads\/2026\/02\/Mamma-Mia-no-Teatro-Riachuelo-RJ-1-300x158.jpg\" class=\"attachment-medium size-medium wp-post-image\" alt=\"Mamma Mia! no Teatro Riachuelo - RJ\" data-mec-postid=\"48460\" \/><\/a><\/div>\r\n                        <div class=\"mec-event-content\">\r\n                                    <div class=\"mec-event-date mec-bg-color\">\r\n                        <span class=\"mec-start-date-label\">03 September 2026<\/span>                                                                    <\/div>\r\n                                                                <h4 class=\"mec-event-title\"><a class=\"mec-color-hover\" data-event-id=\"48460\" href=\"https:\/\/agendaculturalriodejaneiro.com\/en\/events\/mamma-mia-no-teatro-riachuelo-rj-189-816\/\" target=\"_self\" rel=\"noopener\">Mamma Mia! no Teatro Riachuelo &#8211; RJ<\/a><\/h4>\r\n                                <p class=\"mec-grid-event-location\">Teatro Riachuelo RJ, Rua do Passeio , 40, Rio de Janeiro - Rio de Janeiro<\/p>\r\n                                                                            <\/div>\r\n            <div class=\"mec-event-footer\">\r\n                                <ul class=\"mec-event-sharing-wrap\">\r\n                    <li class=\"mec-event-share\">\r\n                        <a href=\"#\" class=\"mec-event-share-icon\">\r\n                            <i class=\"mec-sl-share\" title=\"Share\"><\/i>\r\n                        <\/a>\r\n                    <\/li>\r\n                    <li>\r\n                        <ul class=\"mec-event-sharing\">\r\n                            <li class=\"mec-event-social-icon\"><a class=\"facebook\" href=\"https:\/\/www.facebook.com\/sharer\/sharer.php?u=https%3A%2F%2Fagendaculturalriodejaneiro.com%2Fen%2Fevents%2Fmamma-mia-no-teatro-riachuelo-rj-189-816%2F\" onclick=\"javascript:window.open(this.href, &apos;&apos;, &apos;menubar=no,toolbar=no,resizable=yes,scrollbars=yes,height=500,width=600&apos;); return false;\" target=\"_blank\" title=\"Share on Facebook\"><i class=\"mec-fa-facebook\"><\/i><span class=\"mec-social-title\">Facebook<\/span><\/a><\/li><li class=\"mec-event-social-icon\"><a class=\"twitter\" href=\"https:\/\/x.com\/intent\/tweet?url=https%3A%2F%2Fagendaculturalriodejaneiro.com%2Fen%2Fevents%2Fmamma-mia-no-teatro-riachuelo-rj-189-816%2F\" onclick=\"javascript:window.open(this.href, &apos;&apos;, &apos;menubar=no,toolbar=no,resizable=yes,scrollbars=yes,height=600,width=500&apos;); return false;\" target=\"_blank\" title=\"X Social Network\"><svg xmlns=\"http:\/\/www.w3.org\/2000\/svg\" viewbox=\"0 0 512 462.799\"><path d=\"M403.229 0h78.506L310.219 196.04 512 462.799H354.002L230.261 301.007 88.669 462.799h-78.56l183.455-209.683L0 0h161.999l111.856 147.88L403.229 0zm-27.556 415.805h43.505L138.363 44.527h-46.68l283.99 371.278z\" \/><\/svg><span class=\"mec-social-title\">Twitter<\/span><\/a><\/li><li class=\"mec-event-social-icon\"><a class=\"linkedin\" href=\"https:\/\/www.linkedin.com\/shareArticle?mini=true&amp;url=https%3A%2F%2Fagendaculturalriodejaneiro.com%2Fen%2Fevents%2Fmamma-mia-no-teatro-riachuelo-rj-189-816%2F\" onclick=\"javascript:window.open(this.href, &apos;&apos;, &apos;menubar=no,toolbar=no,resizable=yes,scrollbars=yes,height=600,width=500&apos;); return false;\" target=\"_blank\" title=\"Linkedin\"><i class=\"mec-fa-linkedin\"><\/i><span class=\"mec-social-title\">Linkedin<\/span><\/a><\/li><li class=\"mec-event-social-icon\"><a class=\"email\" href=\"mailto:?subject=Mamma%20Mia%21%20no%20Teatro%20Riachuelo%20-%20RJ&amp;body=https%3A%2F%2Fagendaculturalriodejaneiro.com%2Fen%2Fevents%2Fmamma-mia-no-teatro-riachuelo-rj-189-816%2F\" title=\"Email\"><i class=\"mec-fa-envelope\"><\/i><span class=\"mec-social-title\">Email<\/span><\/a><\/li>                        <\/ul>\r\n                    <\/li>\r\n                <\/ul>\r\n                                                <a class=\"mec-booking-button\" data-event-id=\"48460\" href=\"https:\/\/agendaculturalriodejaneiro.com\/en\/events\/mamma-mia-no-teatro-riachuelo-rj-189-816\/\" target=\"_self\" rel=\"noopener\">Ver Detalhes<\/a>            <\/div>\r\n        <\/article><\/div>        <div class=\"col-md-4 col-sm-4\"><article class=\" mec-event-article mec-clear  \">                                <div class=\"mec-event-image\"><a data-event-id=\"52855\" href=\"https:\/\/agendaculturalriodejaneiro.com\/en\/events\/the-slackers-no-circo-voador-com-songoro-cosongo-e-skabloco\/\" target=\"_self\" rel=\"noopener\"><img decoding=\"async\" width=\"300\" height=\"300\" src=\"https:\/\/agendaculturalriodejaneiro.com\/wp-content\/uploads\/2026\/08\/8154583-300x300.webp\" class=\"attachment-medium size-medium wp-post-image\" alt=\"\" data-mec-postid=\"52855\" \/><\/a><\/div>\r\n                        <div class=\"mec-event-content\">\r\n                                    <div class=\"mec-event-date mec-bg-color\">\r\n                        <span class=\"mec-start-date-label\">03 September 2026<\/span>                                                                    <\/div>\r\n                                                                <h4 class=\"mec-event-title\"><a class=\"mec-color-hover\" data-event-id=\"52855\" href=\"https:\/\/agendaculturalriodejaneiro.com\/en\/events\/the-slackers-no-circo-voador-com-songoro-cosongo-e-skabloco\/\" target=\"_self\" rel=\"noopener\">The Slackers no Circo Voador com Songoro Cosongo e Skabloco<\/a><\/h4>\r\n                                <p class=\"mec-grid-event-location\">Circo Voador, R. dos Arcos, s\/n - Jardim Iracema, Rio de Janeiro - RJ, 20230-060, Brasil<\/p>\r\n                                                                            <\/div>\r\n            <div class=\"mec-event-footer\">\r\n                                <ul class=\"mec-event-sharing-wrap\">\r\n                    <li class=\"mec-event-share\">\r\n                        <a href=\"#\" class=\"mec-event-share-icon\">\r\n                            <i class=\"mec-sl-share\" title=\"Share\"><\/i>\r\n                        <\/a>\r\n                    <\/li>\r\n                    <li>\r\n                        <ul class=\"mec-event-sharing\">\r\n                            <li class=\"mec-event-social-icon\"><a class=\"facebook\" href=\"https:\/\/www.facebook.com\/sharer\/sharer.php?u=https%3A%2F%2Fagendaculturalriodejaneiro.com%2Fen%2Fevents%2Fthe-slackers-no-circo-voador-com-songoro-cosongo-e-skabloco%2F\" onclick=\"javascript:window.open(this.href, &apos;&apos;, &apos;menubar=no,toolbar=no,resizable=yes,scrollbars=yes,height=500,width=600&apos;); return false;\" target=\"_blank\" title=\"Share on Facebook\"><i class=\"mec-fa-facebook\"><\/i><span class=\"mec-social-title\">Facebook<\/span><\/a><\/li><li class=\"mec-event-social-icon\"><a class=\"twitter\" href=\"https:\/\/x.com\/intent\/tweet?url=https%3A%2F%2Fagendaculturalriodejaneiro.com%2Fen%2Fevents%2Fthe-slackers-no-circo-voador-com-songoro-cosongo-e-skabloco%2F\" onclick=\"javascript:window.open(this.href, &apos;&apos;, &apos;menubar=no,toolbar=no,resizable=yes,scrollbars=yes,height=600,width=500&apos;); return false;\" target=\"_blank\" title=\"X Social Network\"><svg xmlns=\"http:\/\/www.w3.org\/2000\/svg\" viewbox=\"0 0 512 462.799\"><path d=\"M403.229 0h78.506L310.219 196.04 512 462.799H354.002L230.261 301.007 88.669 462.799h-78.56l183.455-209.683L0 0h161.999l111.856 147.88L403.229 0zm-27.556 415.805h43.505L138.363 44.527h-46.68l283.99 371.278z\" \/><\/svg><span class=\"mec-social-title\">Twitter<\/span><\/a><\/li><li class=\"mec-event-social-icon\"><a class=\"linkedin\" href=\"https:\/\/www.linkedin.com\/shareArticle?mini=true&amp;url=https%3A%2F%2Fagendaculturalriodejaneiro.com%2Fen%2Fevents%2Fthe-slackers-no-circo-voador-com-songoro-cosongo-e-skabloco%2F\" onclick=\"javascript:window.open(this.href, &apos;&apos;, &apos;menubar=no,toolbar=no,resizable=yes,scrollbars=yes,height=600,width=500&apos;); return false;\" target=\"_blank\" title=\"Linkedin\"><i class=\"mec-fa-linkedin\"><\/i><span class=\"mec-social-title\">Linkedin<\/span><\/a><\/li><li class=\"mec-event-social-icon\"><a class=\"email\" href=\"mailto:?subject=The%20Slackers%20no%20Circo%20Voador%20com%20Songoro%20Cosongo%20e%20Skabloco&amp;body=https%3A%2F%2Fagendaculturalriodejaneiro.com%2Fen%2Fevents%2Fthe-slackers-no-circo-voador-com-songoro-cosongo-e-skabloco%2F\" title=\"Email\"><i class=\"mec-fa-envelope\"><\/i><span class=\"mec-social-title\">Email<\/span><\/a><\/li>                        <\/ul>\r\n                    <\/li>\r\n                <\/ul>\r\n                                                <a class=\"mec-booking-button\" data-event-id=\"52855\" href=\"https:\/\/agendaculturalriodejaneiro.com\/en\/events\/the-slackers-no-circo-voador-com-songoro-cosongo-e-skabloco\/\" target=\"_self\" rel=\"noopener\">Ver Detalhes<\/a>            <\/div>\r\n        <\/article><\/div><\/div>                <div class=\"row\"><div class=\"col-md-4 col-sm-4\"><article class=\"mec-past-event mec-event-article mec-clear  \">                                <div class=\"mec-event-image\"><a data-event-id=\"52761\" href=\"https:\/\/agendaculturalriodejaneiro.com\/en\/events\/explore-os-bastidores-do-carnaval-e-do-samba-do-rio-2\/\" target=\"_self\" rel=\"noopener\"><img loading=\"lazy\" decoding=\"async\" width=\"300\" height=\"210\" src=\"https:\/\/agendaculturalriodejaneiro.com\/wp-content\/uploads\/2026\/08\/carnaval-experience-tour-300x210.jpg\" class=\"attachment-medium size-medium wp-post-image\" alt=\"\" data-mec-postid=\"52761\" \/><\/a><\/div>\r\n                        <div class=\"mec-event-content\">\r\n                                    <div class=\"mec-event-date mec-bg-color\">\r\n                        <span class=\"mec-start-date-label\">04 September 2026<\/span>                                                                    <\/div>\r\n                                                                <h4 class=\"mec-event-title\"><a class=\"mec-color-hover\" data-event-id=\"52761\" href=\"https:\/\/agendaculturalriodejaneiro.com\/en\/events\/explore-os-bastidores-do-carnaval-e-do-samba-do-rio-2\/\" target=\"_self\" rel=\"noopener\">Explore os bastidores do Carnaval e do samba do Rio<\/a><\/h4>\r\n                                <p class=\"mec-grid-event-location\">Carnaval Experience, Cidade do Samba, Avenida Bin\u00e1rio do Porto - Gamboa, Rio de Janeiro - RJ, 22132-503, Brasil<\/p>\r\n                                                                            <\/div>\r\n            <div class=\"mec-event-footer\">\r\n                                <ul class=\"mec-event-sharing-wrap\">\r\n                    <li class=\"mec-event-share\">\r\n                        <a href=\"#\" class=\"mec-event-share-icon\">\r\n                            <i class=\"mec-sl-share\" title=\"Share\"><\/i>\r\n                        <\/a>\r\n                    <\/li>\r\n                    <li>\r\n                        <ul class=\"mec-event-sharing\">\r\n                            <li class=\"mec-event-social-icon\"><a class=\"facebook\" href=\"https:\/\/www.facebook.com\/sharer\/sharer.php?u=https%3A%2F%2Fagendaculturalriodejaneiro.com%2Fen%2Fevents%2Fexplore-os-bastidores-do-carnaval-e-do-samba-do-rio-2%2F\" onclick=\"javascript:window.open(this.href, &apos;&apos;, &apos;menubar=no,toolbar=no,resizable=yes,scrollbars=yes,height=500,width=600&apos;); return false;\" target=\"_blank\" title=\"Share on Facebook\"><i class=\"mec-fa-facebook\"><\/i><span class=\"mec-social-title\">Facebook<\/span><\/a><\/li><li class=\"mec-event-social-icon\"><a class=\"twitter\" href=\"https:\/\/x.com\/intent\/tweet?url=https%3A%2F%2Fagendaculturalriodejaneiro.com%2Fen%2Fevents%2Fexplore-os-bastidores-do-carnaval-e-do-samba-do-rio-2%2F\" onclick=\"javascript:window.open(this.href, &apos;&apos;, &apos;menubar=no,toolbar=no,resizable=yes,scrollbars=yes,height=600,width=500&apos;); return false;\" target=\"_blank\" title=\"X Social Network\"><svg xmlns=\"http:\/\/www.w3.org\/2000\/svg\" viewbox=\"0 0 512 462.799\"><path d=\"M403.229 0h78.506L310.219 196.04 512 462.799H354.002L230.261 301.007 88.669 462.799h-78.56l183.455-209.683L0 0h161.999l111.856 147.88L403.229 0zm-27.556 415.805h43.505L138.363 44.527h-46.68l283.99 371.278z\" \/><\/svg><span class=\"mec-social-title\">Twitter<\/span><\/a><\/li><li class=\"mec-event-social-icon\"><a class=\"linkedin\" href=\"https:\/\/www.linkedin.com\/shareArticle?mini=true&amp;url=https%3A%2F%2Fagendaculturalriodejaneiro.com%2Fen%2Fevents%2Fexplore-os-bastidores-do-carnaval-e-do-samba-do-rio-2%2F\" onclick=\"javascript:window.open(this.href, &apos;&apos;, &apos;menubar=no,toolbar=no,resizable=yes,scrollbars=yes,height=600,width=500&apos;); return false;\" target=\"_blank\" title=\"Linkedin\"><i class=\"mec-fa-linkedin\"><\/i><span class=\"mec-social-title\">Linkedin<\/span><\/a><\/li><li class=\"mec-event-social-icon\"><a class=\"email\" href=\"mailto:?subject=Explore%20os%20bastidores%20do%20Carnaval%20e%20do%20samba%20do%20Rio&amp;body=https%3A%2F%2Fagendaculturalriodejaneiro.com%2Fen%2Fevents%2Fexplore-os-bastidores-do-carnaval-e-do-samba-do-rio-2%2F\" title=\"Email\"><i class=\"mec-fa-envelope\"><\/i><span class=\"mec-social-title\">Email<\/span><\/a><\/li>                        <\/ul>\r\n                    <\/li>\r\n                <\/ul>\r\n                                                <a class=\"mec-booking-button\" data-event-id=\"52761\" href=\"https:\/\/agendaculturalriodejaneiro.com\/en\/events\/explore-os-bastidores-do-carnaval-e-do-samba-do-rio-2\/\" target=\"_self\" rel=\"noopener\">Ver Detalhes<\/a>            <\/div>\r\n        <\/article><\/div>        <div class=\"col-md-4 col-sm-4\"><article class=\" mec-event-article mec-clear  \">                                <div class=\"mec-event-image\"><a data-event-id=\"50747\" href=\"https:\/\/agendaculturalriodejaneiro.com\/en\/events\/detonautas-roque-clube-no-rock-in-rio-2026\/\" target=\"_self\" rel=\"noopener\"><img loading=\"lazy\" decoding=\"async\" width=\"300\" height=\"300\" src=\"https:\/\/agendaculturalriodejaneiro.com\/wp-content\/uploads\/2026\/06\/19229081.jpeg\" class=\"attachment-medium size-medium wp-post-image\" alt=\"\" data-mec-postid=\"50747\" \/><\/a><\/div>\r\n                        <div class=\"mec-event-content\">\r\n                                    <div class=\"mec-event-date mec-bg-color\">\r\n                        <span class=\"mec-start-date-label\">04 September 2026<\/span>                                                                    <\/div>\r\n                                                                <h4 class=\"mec-event-title\"><a class=\"mec-color-hover\" data-event-id=\"50747\" href=\"https:\/\/agendaculturalriodejaneiro.com\/en\/events\/detonautas-roque-clube-no-rock-in-rio-2026\/\" target=\"_self\" rel=\"noopener\">Detonautas Roque Clube no Rock in Rio 2026<\/a><\/h4>\r\n                                <p class=\"mec-grid-event-location\">Rock in Rio, Av. Salvador Allende, Rio de Janeiro<\/p>\r\n                                                                            <\/div>\r\n            <div class=\"mec-event-footer\">\r\n                                <ul class=\"mec-event-sharing-wrap\">\r\n                    <li class=\"mec-event-share\">\r\n                        <a href=\"#\" class=\"mec-event-share-icon\">\r\n                            <i class=\"mec-sl-share\" title=\"Share\"><\/i>\r\n                        <\/a>\r\n                    <\/li>\r\n                    <li>\r\n                        <ul class=\"mec-event-sharing\">\r\n                            <li class=\"mec-event-social-icon\"><a class=\"facebook\" href=\"https:\/\/www.facebook.com\/sharer\/sharer.php?u=https%3A%2F%2Fagendaculturalriodejaneiro.com%2Fen%2Fevents%2Fdetonautas-roque-clube-no-rock-in-rio-2026%2F\" onclick=\"javascript:window.open(this.href, &apos;&apos;, &apos;menubar=no,toolbar=no,resizable=yes,scrollbars=yes,height=500,width=600&apos;); return false;\" target=\"_blank\" title=\"Share on Facebook\"><i class=\"mec-fa-facebook\"><\/i><span class=\"mec-social-title\">Facebook<\/span><\/a><\/li><li class=\"mec-event-social-icon\"><a class=\"twitter\" href=\"https:\/\/x.com\/intent\/tweet?url=https%3A%2F%2Fagendaculturalriodejaneiro.com%2Fen%2Fevents%2Fdetonautas-roque-clube-no-rock-in-rio-2026%2F\" onclick=\"javascript:window.open(this.href, &apos;&apos;, &apos;menubar=no,toolbar=no,resizable=yes,scrollbars=yes,height=600,width=500&apos;); return false;\" target=\"_blank\" title=\"X Social Network\"><svg xmlns=\"http:\/\/www.w3.org\/2000\/svg\" viewbox=\"0 0 512 462.799\"><path d=\"M403.229 0h78.506L310.219 196.04 512 462.799H354.002L230.261 301.007 88.669 462.799h-78.56l183.455-209.683L0 0h161.999l111.856 147.88L403.229 0zm-27.556 415.805h43.505L138.363 44.527h-46.68l283.99 371.278z\" \/><\/svg><span class=\"mec-social-title\">Twitter<\/span><\/a><\/li><li class=\"mec-event-social-icon\"><a class=\"linkedin\" href=\"https:\/\/www.linkedin.com\/shareArticle?mini=true&amp;url=https%3A%2F%2Fagendaculturalriodejaneiro.com%2Fen%2Fevents%2Fdetonautas-roque-clube-no-rock-in-rio-2026%2F\" onclick=\"javascript:window.open(this.href, &apos;&apos;, &apos;menubar=no,toolbar=no,resizable=yes,scrollbars=yes,height=600,width=500&apos;); return false;\" target=\"_blank\" title=\"Linkedin\"><i class=\"mec-fa-linkedin\"><\/i><span class=\"mec-social-title\">Linkedin<\/span><\/a><\/li><li class=\"mec-event-social-icon\"><a class=\"email\" href=\"mailto:?subject=Detonautas%20Roque%20Clube%20no%20Rock%20in%20Rio%202026&amp;body=https%3A%2F%2Fagendaculturalriodejaneiro.com%2Fen%2Fevents%2Fdetonautas-roque-clube-no-rock-in-rio-2026%2F\" title=\"Email\"><i class=\"mec-fa-envelope\"><\/i><span class=\"mec-social-title\">Email<\/span><\/a><\/li>                        <\/ul>\r\n                    <\/li>\r\n                <\/ul>\r\n                                                <a class=\"mec-booking-button\" data-event-id=\"50747\" href=\"https:\/\/agendaculturalriodejaneiro.com\/en\/events\/detonautas-roque-clube-no-rock-in-rio-2026\/\" target=\"_self\" rel=\"noopener\">Ver Detalhes<\/a>            <\/div>\r\n        <\/article><\/div>        <div class=\"col-md-4 col-sm-4\"><article class=\" mec-event-article mec-clear  \">                                <div class=\"mec-event-image\"><a data-event-id=\"50749\" href=\"https:\/\/agendaculturalriodejaneiro.com\/en\/events\/foo-fighters-no-rock-in-rio-2026\/\" target=\"_self\" rel=\"noopener\"><img loading=\"lazy\" decoding=\"async\" width=\"300\" height=\"300\" src=\"https:\/\/agendaculturalriodejaneiro.com\/wp-content\/uploads\/2026\/06\/24375607.jpeg\" class=\"attachment-medium size-medium wp-post-image\" alt=\"\" data-mec-postid=\"50749\" \/><\/a><\/div>\r\n                        <div class=\"mec-event-content\">\r\n                                    <div class=\"mec-event-date mec-bg-color\">\r\n                        <span class=\"mec-start-date-label\">04 September 2026<\/span>                                                                    <\/div>\r\n                                                                <h4 class=\"mec-event-title\"><a class=\"mec-color-hover\" data-event-id=\"50749\" href=\"https:\/\/agendaculturalriodejaneiro.com\/en\/events\/foo-fighters-no-rock-in-rio-2026\/\" target=\"_self\" rel=\"noopener\">Foo Fighters no Rock in Rio 2026<\/a><\/h4>\r\n                                <p class=\"mec-grid-event-location\">Rock in Rio, Av. Salvador Allende, Rio de Janeiro<\/p>\r\n                                                                            <\/div>\r\n            <div class=\"mec-event-footer\">\r\n                                <ul class=\"mec-event-sharing-wrap\">\r\n                    <li class=\"mec-event-share\">\r\n                        <a href=\"#\" class=\"mec-event-share-icon\">\r\n                            <i class=\"mec-sl-share\" title=\"Share\"><\/i>\r\n                        <\/a>\r\n                    <\/li>\r\n                    <li>\r\n                        <ul class=\"mec-event-sharing\">\r\n                            <li class=\"mec-event-social-icon\"><a class=\"facebook\" href=\"https:\/\/www.facebook.com\/sharer\/sharer.php?u=https%3A%2F%2Fagendaculturalriodejaneiro.com%2Fen%2Fevents%2Ffoo-fighters-no-rock-in-rio-2026%2F\" onclick=\"javascript:window.open(this.href, &apos;&apos;, &apos;menubar=no,toolbar=no,resizable=yes,scrollbars=yes,height=500,width=600&apos;); return false;\" target=\"_blank\" title=\"Share on Facebook\"><i class=\"mec-fa-facebook\"><\/i><span class=\"mec-social-title\">Facebook<\/span><\/a><\/li><li class=\"mec-event-social-icon\"><a class=\"twitter\" href=\"https:\/\/x.com\/intent\/tweet?url=https%3A%2F%2Fagendaculturalriodejaneiro.com%2Fen%2Fevents%2Ffoo-fighters-no-rock-in-rio-2026%2F\" onclick=\"javascript:window.open(this.href, &apos;&apos;, &apos;menubar=no,toolbar=no,resizable=yes,scrollbars=yes,height=600,width=500&apos;); return false;\" target=\"_blank\" title=\"X Social Network\"><svg xmlns=\"http:\/\/www.w3.org\/2000\/svg\" viewbox=\"0 0 512 462.799\"><path d=\"M403.229 0h78.506L310.219 196.04 512 462.799H354.002L230.261 301.007 88.669 462.799h-78.56l183.455-209.683L0 0h161.999l111.856 147.88L403.229 0zm-27.556 415.805h43.505L138.363 44.527h-46.68l283.99 371.278z\" \/><\/svg><span class=\"mec-social-title\">Twitter<\/span><\/a><\/li><li class=\"mec-event-social-icon\"><a class=\"linkedin\" href=\"https:\/\/www.linkedin.com\/shareArticle?mini=true&amp;url=https%3A%2F%2Fagendaculturalriodejaneiro.com%2Fen%2Fevents%2Ffoo-fighters-no-rock-in-rio-2026%2F\" onclick=\"javascript:window.open(this.href, &apos;&apos;, &apos;menubar=no,toolbar=no,resizable=yes,scrollbars=yes,height=600,width=500&apos;); return false;\" target=\"_blank\" title=\"Linkedin\"><i class=\"mec-fa-linkedin\"><\/i><span class=\"mec-social-title\">Linkedin<\/span><\/a><\/li><li class=\"mec-event-social-icon\"><a class=\"email\" href=\"mailto:?subject=Foo%20Fighters%20no%20Rock%20in%20Rio%202026&amp;body=https%3A%2F%2Fagendaculturalriodejaneiro.com%2Fen%2Fevents%2Ffoo-fighters-no-rock-in-rio-2026%2F\" title=\"Email\"><i class=\"mec-fa-envelope\"><\/i><span class=\"mec-social-title\">Email<\/span><\/a><\/li>                        <\/ul>\r\n                    <\/li>\r\n                <\/ul>\r\n                                                <a class=\"mec-booking-button\" data-event-id=\"50749\" href=\"https:\/\/agendaculturalriodejaneiro.com\/en\/events\/foo-fighters-no-rock-in-rio-2026\/\" target=\"_self\" rel=\"noopener\">Ver Detalhes<\/a>            <\/div>\r\n        <\/article><\/div><\/div>        <div class=\"row\"><div class=\"col-md-4 col-sm-4\"><article class=\" mec-event-article mec-clear  \">                                <div class=\"mec-event-image\"><a data-event-id=\"52505\" href=\"https:\/\/agendaculturalriodejaneiro.com\/en\/events\/toto-de-babalong-apresenta-deusi-eh-fiel-no-rio-de-janeiro\/\" target=\"_self\" rel=\"noopener\"><img loading=\"lazy\" decoding=\"async\" width=\"300\" height=\"225\" src=\"https:\/\/agendaculturalriodejaneiro.com\/wp-content\/uploads\/2026\/07\/Toto-De-Babalong-apresenta-Deusi-Eh-Fiel-no-Rio-de-Janeiro.avif\" class=\"attachment-medium size-medium wp-post-image\" alt=\"\" data-mec-postid=\"52505\" \/><\/a><\/div>\r\n                        <div class=\"mec-event-content\">\r\n                                    <div class=\"mec-event-date mec-bg-color\">\r\n                        <span class=\"mec-start-date-label\">04 September 2026<\/span>                                                                    <\/div>\r\n                                                                <h4 class=\"mec-event-title\"><a class=\"mec-color-hover\" data-event-id=\"52505\" href=\"https:\/\/agendaculturalriodejaneiro.com\/en\/events\/toto-de-babalong-apresenta-deusi-eh-fiel-no-rio-de-janeiro\/\" target=\"_self\" rel=\"noopener\">Tot\u00f4 De Babalong apresenta Deusi Eh Fiel no Rio de Janeiro<\/a><\/h4>\r\n                                <p class=\"mec-grid-event-location\">Galp\u00e3o Ladeira das Artes, Rua Conselheiro Lampreia, 225 - Cosme Velho, Rio de Janeiro - RJ, 22241-240, Brasil<\/p>\r\n                                                                            <\/div>\r\n            <div class=\"mec-event-footer\">\r\n                                <ul class=\"mec-event-sharing-wrap\">\r\n                    <li class=\"mec-event-share\">\r\n                        <a href=\"#\" class=\"mec-event-share-icon\">\r\n                            <i class=\"mec-sl-share\" title=\"Share\"><\/i>\r\n                        <\/a>\r\n                    <\/li>\r\n                    <li>\r\n                        <ul class=\"mec-event-sharing\">\r\n                            <li class=\"mec-event-social-icon\"><a class=\"facebook\" href=\"https:\/\/www.facebook.com\/sharer\/sharer.php?u=https%3A%2F%2Fagendaculturalriodejaneiro.com%2Fen%2Fevents%2Ftoto-de-babalong-apresenta-deusi-eh-fiel-no-rio-de-janeiro%2F\" onclick=\"javascript:window.open(this.href, &apos;&apos;, &apos;menubar=no,toolbar=no,resizable=yes,scrollbars=yes,height=500,width=600&apos;); return false;\" target=\"_blank\" title=\"Share on Facebook\"><i class=\"mec-fa-facebook\"><\/i><span class=\"mec-social-title\">Facebook<\/span><\/a><\/li><li class=\"mec-event-social-icon\"><a class=\"twitter\" href=\"https:\/\/x.com\/intent\/tweet?url=https%3A%2F%2Fagendaculturalriodejaneiro.com%2Fen%2Fevents%2Ftoto-de-babalong-apresenta-deusi-eh-fiel-no-rio-de-janeiro%2F\" onclick=\"javascript:window.open(this.href, &apos;&apos;, &apos;menubar=no,toolbar=no,resizable=yes,scrollbars=yes,height=600,width=500&apos;); return false;\" target=\"_blank\" title=\"X Social Network\"><svg xmlns=\"http:\/\/www.w3.org\/2000\/svg\" viewbox=\"0 0 512 462.799\"><path d=\"M403.229 0h78.506L310.219 196.04 512 462.799H354.002L230.261 301.007 88.669 462.799h-78.56l183.455-209.683L0 0h161.999l111.856 147.88L403.229 0zm-27.556 415.805h43.505L138.363 44.527h-46.68l283.99 371.278z\" \/><\/svg><span class=\"mec-social-title\">Twitter<\/span><\/a><\/li><li class=\"mec-event-social-icon\"><a class=\"linkedin\" href=\"https:\/\/www.linkedin.com\/shareArticle?mini=true&amp;url=https%3A%2F%2Fagendaculturalriodejaneiro.com%2Fen%2Fevents%2Ftoto-de-babalong-apresenta-deusi-eh-fiel-no-rio-de-janeiro%2F\" onclick=\"javascript:window.open(this.href, &apos;&apos;, &apos;menubar=no,toolbar=no,resizable=yes,scrollbars=yes,height=600,width=500&apos;); return false;\" target=\"_blank\" title=\"Linkedin\"><i class=\"mec-fa-linkedin\"><\/i><span class=\"mec-social-title\">Linkedin<\/span><\/a><\/li><li class=\"mec-event-social-icon\"><a class=\"email\" href=\"mailto:?subject=Tot%C3%B4%20De%20Babalong%20apresenta%20Deusi%20Eh%20Fiel%20no%20Rio%20de%20Janeiro&amp;body=https%3A%2F%2Fagendaculturalriodejaneiro.com%2Fen%2Fevents%2Ftoto-de-babalong-apresenta-deusi-eh-fiel-no-rio-de-janeiro%2F\" title=\"Email\"><i class=\"mec-fa-envelope\"><\/i><span class=\"mec-social-title\">Email<\/span><\/a><\/li>                        <\/ul>\r\n                    <\/li>\r\n                <\/ul>\r\n                                                <a class=\"mec-booking-button\" data-event-id=\"52505\" href=\"https:\/\/agendaculturalriodejaneiro.com\/en\/events\/toto-de-babalong-apresenta-deusi-eh-fiel-no-rio-de-janeiro\/\" target=\"_self\" rel=\"noopener\">Ver Detalhes<\/a>            <\/div>\r\n        <\/article><\/div>        <div class=\"col-md-4 col-sm-4\"><article class=\" mec-event-article mec-clear  \">                                <div class=\"mec-event-image\"><a data-event-id=\"53046\" href=\"https:\/\/agendaculturalriodejaneiro.com\/en\/events\/nel-paese-del-sole-o-violao-de-fabio-montomoli-no-centro-cultural-justica-federal-2\/\" target=\"_self\" rel=\"noopener\"><img loading=\"lazy\" decoding=\"async\" width=\"225\" height=\"300\" src=\"https:\/\/agendaculturalriodejaneiro.com\/wp-content\/uploads\/2026\/08\/Fabio-Montomoli-1-225x300.jpg\" class=\"attachment-medium size-medium wp-post-image\" alt=\"\" data-mec-postid=\"53046\" \/><\/a><\/div>\r\n                        <div class=\"mec-event-content\">\r\n                                    <div class=\"mec-event-date mec-bg-color\">\r\n                        <span class=\"mec-start-date-label\">04 September 2026<\/span>                                                                    <\/div>\r\n                                                                <h4 class=\"mec-event-title\"><a class=\"mec-color-hover\" data-event-id=\"53046\" href=\"https:\/\/agendaculturalriodejaneiro.com\/en\/events\/nel-paese-del-sole-o-violao-de-fabio-montomoli-no-centro-cultural-justica-federal-2\/\" target=\"_self\" rel=\"noopener\">Nel Paese del Sole: o Viol\u00e3o de Fabio Montomoli no Centro Cultural Justi\u00e7a Federal<\/a><\/h4>\r\n                                <p class=\"mec-grid-event-location\"><\/p>\r\n                                                                            <\/div>\r\n            <div class=\"mec-event-footer\">\r\n                                <ul class=\"mec-event-sharing-wrap\">\r\n                    <li class=\"mec-event-share\">\r\n                        <a href=\"#\" class=\"mec-event-share-icon\">\r\n                            <i class=\"mec-sl-share\" title=\"Share\"><\/i>\r\n                        <\/a>\r\n                    <\/li>\r\n                    <li>\r\n                        <ul class=\"mec-event-sharing\">\r\n                            <li class=\"mec-event-social-icon\"><a class=\"facebook\" href=\"https:\/\/www.facebook.com\/sharer\/sharer.php?u=https%3A%2F%2Fagendaculturalriodejaneiro.com%2Fen%2Fevents%2Fnel-paese-del-sole-o-violao-de-fabio-montomoli-no-centro-cultural-justica-federal-2%2F\" onclick=\"javascript:window.open(this.href, &apos;&apos;, &apos;menubar=no,toolbar=no,resizable=yes,scrollbars=yes,height=500,width=600&apos;); return false;\" target=\"_blank\" title=\"Share on Facebook\"><i class=\"mec-fa-facebook\"><\/i><span class=\"mec-social-title\">Facebook<\/span><\/a><\/li><li class=\"mec-event-social-icon\"><a class=\"twitter\" href=\"https:\/\/x.com\/intent\/tweet?url=https%3A%2F%2Fagendaculturalriodejaneiro.com%2Fen%2Fevents%2Fnel-paese-del-sole-o-violao-de-fabio-montomoli-no-centro-cultural-justica-federal-2%2F\" onclick=\"javascript:window.open(this.href, &apos;&apos;, &apos;menubar=no,toolbar=no,resizable=yes,scrollbars=yes,height=600,width=500&apos;); return false;\" target=\"_blank\" title=\"X Social Network\"><svg xmlns=\"http:\/\/www.w3.org\/2000\/svg\" viewbox=\"0 0 512 462.799\"><path d=\"M403.229 0h78.506L310.219 196.04 512 462.799H354.002L230.261 301.007 88.669 462.799h-78.56l183.455-209.683L0 0h161.999l111.856 147.88L403.229 0zm-27.556 415.805h43.505L138.363 44.527h-46.68l283.99 371.278z\" \/><\/svg><span class=\"mec-social-title\">Twitter<\/span><\/a><\/li><li class=\"mec-event-social-icon\"><a class=\"linkedin\" href=\"https:\/\/www.linkedin.com\/shareArticle?mini=true&amp;url=https%3A%2F%2Fagendaculturalriodejaneiro.com%2Fen%2Fevents%2Fnel-paese-del-sole-o-violao-de-fabio-montomoli-no-centro-cultural-justica-federal-2%2F\" onclick=\"javascript:window.open(this.href, &apos;&apos;, &apos;menubar=no,toolbar=no,resizable=yes,scrollbars=yes,height=600,width=500&apos;); return false;\" target=\"_blank\" title=\"Linkedin\"><i class=\"mec-fa-linkedin\"><\/i><span class=\"mec-social-title\">Linkedin<\/span><\/a><\/li><li class=\"mec-event-social-icon\"><a class=\"email\" href=\"mailto:?subject=Nel%20Paese%20del%20Sole%3A%20o%20Viol%C3%A3o%20de%20Fabio%20Montomoli%20no%20Centro%20Cultural%20Justi%C3%A7a%20Federal&amp;body=https%3A%2F%2Fagendaculturalriodejaneiro.com%2Fen%2Fevents%2Fnel-paese-del-sole-o-violao-de-fabio-montomoli-no-centro-cultural-justica-federal-2%2F\" title=\"Email\"><i class=\"mec-fa-envelope\"><\/i><span class=\"mec-social-title\">Email<\/span><\/a><\/li>                        <\/ul>\r\n                    <\/li>\r\n                <\/ul>\r\n                                                <a class=\"mec-booking-button\" data-event-id=\"53046\" href=\"https:\/\/agendaculturalriodejaneiro.com\/en\/events\/nel-paese-del-sole-o-violao-de-fabio-montomoli-no-centro-cultural-justica-federal-2\/\" target=\"_self\" rel=\"noopener\">Ver Detalhes<\/a>            <\/div>\r\n        <\/article><\/div>        <div class=\"col-md-4 col-sm-4\"><article class=\" mec-event-article mec-clear  \">                                <div class=\"mec-event-image\"><a data-event-id=\"53065\" href=\"https:\/\/agendaculturalriodejaneiro.com\/en\/events\/nel-paese-del-sole-o-violao-de-fabio-montomoli-no-centro-cultural-justica-federal\/\" target=\"_self\" rel=\"noopener\"><img loading=\"lazy\" decoding=\"async\" width=\"225\" height=\"300\" src=\"https:\/\/agendaculturalriodejaneiro.com\/wp-content\/uploads\/2026\/08\/Fabio-Montomoli-1-1-225x300.jpg\" class=\"attachment-medium size-medium wp-post-image\" alt=\"\" data-mec-postid=\"53065\" \/><\/a><\/div>\r\n                        <div class=\"mec-event-content\">\r\n                                    <div class=\"mec-event-date mec-bg-color\">\r\n                        <span class=\"mec-start-date-label\">04 September 2026<\/span>                                                                    <\/div>\r\n                                                                <h4 class=\"mec-event-title\"><a class=\"mec-color-hover\" data-event-id=\"53065\" href=\"https:\/\/agendaculturalriodejaneiro.com\/en\/events\/nel-paese-del-sole-o-violao-de-fabio-montomoli-no-centro-cultural-justica-federal\/\" target=\"_self\" rel=\"noopener\">Nel Paese del Sole: o Viol\u00e3o de Fabio Montomoli no Centro Cultural Justi\u00e7a Federal<\/a><\/h4>\r\n                                <p class=\"mec-grid-event-location\">Centro Cultural Justi\u00e7a Federal, Av. Rio Branco, 241 - Centro, Rio de Janeiro - RJ, 20040-009, Brasil<\/p>\r\n                                                                            <\/div>\r\n            <div class=\"mec-event-footer\">\r\n                                <ul class=\"mec-event-sharing-wrap\">\r\n                    <li class=\"mec-event-share\">\r\n                        <a href=\"#\" class=\"mec-event-share-icon\">\r\n                            <i class=\"mec-sl-share\" title=\"Share\"><\/i>\r\n                        <\/a>\r\n                    <\/li>\r\n                    <li>\r\n                        <ul class=\"mec-event-sharing\">\r\n                            <li class=\"mec-event-social-icon\"><a class=\"facebook\" href=\"https:\/\/www.facebook.com\/sharer\/sharer.php?u=https%3A%2F%2Fagendaculturalriodejaneiro.com%2Fen%2Fevents%2Fnel-paese-del-sole-o-violao-de-fabio-montomoli-no-centro-cultural-justica-federal%2F\" onclick=\"javascript:window.open(this.href, &apos;&apos;, &apos;menubar=no,toolbar=no,resizable=yes,scrollbars=yes,height=500,width=600&apos;); return false;\" target=\"_blank\" title=\"Share on Facebook\"><i class=\"mec-fa-facebook\"><\/i><span class=\"mec-social-title\">Facebook<\/span><\/a><\/li><li class=\"mec-event-social-icon\"><a class=\"twitter\" href=\"https:\/\/x.com\/intent\/tweet?url=https%3A%2F%2Fagendaculturalriodejaneiro.com%2Fen%2Fevents%2Fnel-paese-del-sole-o-violao-de-fabio-montomoli-no-centro-cultural-justica-federal%2F\" onclick=\"javascript:window.open(this.href, &apos;&apos;, &apos;menubar=no,toolbar=no,resizable=yes,scrollbars=yes,height=600,width=500&apos;); return false;\" target=\"_blank\" title=\"X Social Network\"><svg xmlns=\"http:\/\/www.w3.org\/2000\/svg\" viewbox=\"0 0 512 462.799\"><path d=\"M403.229 0h78.506L310.219 196.04 512 462.799H354.002L230.261 301.007 88.669 462.799h-78.56l183.455-209.683L0 0h161.999l111.856 147.88L403.229 0zm-27.556 415.805h43.505L138.363 44.527h-46.68l283.99 371.278z\" \/><\/svg><span class=\"mec-social-title\">Twitter<\/span><\/a><\/li><li class=\"mec-event-social-icon\"><a class=\"linkedin\" href=\"https:\/\/www.linkedin.com\/shareArticle?mini=true&amp;url=https%3A%2F%2Fagendaculturalriodejaneiro.com%2Fen%2Fevents%2Fnel-paese-del-sole-o-violao-de-fabio-montomoli-no-centro-cultural-justica-federal%2F\" onclick=\"javascript:window.open(this.href, &apos;&apos;, &apos;menubar=no,toolbar=no,resizable=yes,scrollbars=yes,height=600,width=500&apos;); return false;\" target=\"_blank\" title=\"Linkedin\"><i class=\"mec-fa-linkedin\"><\/i><span class=\"mec-social-title\">Linkedin<\/span><\/a><\/li><li class=\"mec-event-social-icon\"><a class=\"email\" href=\"mailto:?subject=Nel%20Paese%20del%20Sole%3A%20o%20Viol%C3%A3o%20de%20Fabio%20Montomoli%20no%20Centro%20Cultural%20Justi%C3%A7a%20Federal&amp;body=https%3A%2F%2Fagendaculturalriodejaneiro.com%2Fen%2Fevents%2Fnel-paese-del-sole-o-violao-de-fabio-montomoli-no-centro-cultural-justica-federal%2F\" title=\"Email\"><i class=\"mec-fa-envelope\"><\/i><span class=\"mec-social-title\">Email<\/span><\/a><\/li>                        <\/ul>\r\n                    <\/li>\r\n                <\/ul>\r\n                                                <a class=\"mec-booking-button\" data-event-id=\"53065\" href=\"https:\/\/agendaculturalriodejaneiro.com\/en\/events\/nel-paese-del-sole-o-violao-de-fabio-montomoli-no-centro-cultural-justica-federal\/\" target=\"_self\" rel=\"noopener\">Ver Detalhes<\/a>            <\/div>\r\n        <\/article><\/div><\/div>        <div class=\"row\"><div class=\"col-md-4 col-sm-4\"><article class=\" mec-event-article mec-clear  \">                                <div class=\"mec-event-image\"><a data-event-id=\"52857\" href=\"https:\/\/agendaculturalriodejaneiro.com\/en\/events\/third-world-no-circo-voador-lenda-do-reggae-jamaicano-no-rio\/\" target=\"_self\" rel=\"noopener\"><img loading=\"lazy\" decoding=\"async\" width=\"300\" height=\"300\" src=\"https:\/\/agendaculturalriodejaneiro.com\/wp-content\/uploads\/2026\/08\/8619019.jpeg\" class=\"attachment-medium size-medium wp-post-image\" alt=\"\" data-mec-postid=\"52857\" \/><\/a><\/div>\r\n                        <div class=\"mec-event-content\">\r\n                                    <div class=\"mec-event-date mec-bg-color\">\r\n                        <span class=\"mec-start-date-label\">04 September 2026<\/span>                                                                    <\/div>\r\n                                                                <h4 class=\"mec-event-title\"><a class=\"mec-color-hover\" data-event-id=\"52857\" href=\"https:\/\/agendaculturalriodejaneiro.com\/en\/events\/third-world-no-circo-voador-lenda-do-reggae-jamaicano-no-rio\/\" target=\"_self\" rel=\"noopener\">Third World no Circo Voador: lenda do reggae jamaicano no Rio<\/a><\/h4>\r\n                                <p class=\"mec-grid-event-location\">Circo Voador, R. dos Arcos, s\/n - Jardim Iracema, Rio de Janeiro - RJ, 20230-060, Brasil<\/p>\r\n                                                                            <\/div>\r\n            <div class=\"mec-event-footer\">\r\n                                <ul class=\"mec-event-sharing-wrap\">\r\n                    <li class=\"mec-event-share\">\r\n                        <a href=\"#\" class=\"mec-event-share-icon\">\r\n                            <i class=\"mec-sl-share\" title=\"Share\"><\/i>\r\n                        <\/a>\r\n                    <\/li>\r\n                    <li>\r\n                        <ul class=\"mec-event-sharing\">\r\n                            <li class=\"mec-event-social-icon\"><a class=\"facebook\" href=\"https:\/\/www.facebook.com\/sharer\/sharer.php?u=https%3A%2F%2Fagendaculturalriodejaneiro.com%2Fen%2Fevents%2Fthird-world-no-circo-voador-lenda-do-reggae-jamaicano-no-rio%2F\" onclick=\"javascript:window.open(this.href, &apos;&apos;, &apos;menubar=no,toolbar=no,resizable=yes,scrollbars=yes,height=500,width=600&apos;); return false;\" target=\"_blank\" title=\"Share on Facebook\"><i class=\"mec-fa-facebook\"><\/i><span class=\"mec-social-title\">Facebook<\/span><\/a><\/li><li class=\"mec-event-social-icon\"><a class=\"twitter\" href=\"https:\/\/x.com\/intent\/tweet?url=https%3A%2F%2Fagendaculturalriodejaneiro.com%2Fen%2Fevents%2Fthird-world-no-circo-voador-lenda-do-reggae-jamaicano-no-rio%2F\" onclick=\"javascript:window.open(this.href, &apos;&apos;, &apos;menubar=no,toolbar=no,resizable=yes,scrollbars=yes,height=600,width=500&apos;); return false;\" target=\"_blank\" title=\"X Social Network\"><svg xmlns=\"http:\/\/www.w3.org\/2000\/svg\" viewbox=\"0 0 512 462.799\"><path d=\"M403.229 0h78.506L310.219 196.04 512 462.799H354.002L230.261 301.007 88.669 462.799h-78.56l183.455-209.683L0 0h161.999l111.856 147.88L403.229 0zm-27.556 415.805h43.505L138.363 44.527h-46.68l283.99 371.278z\" \/><\/svg><span class=\"mec-social-title\">Twitter<\/span><\/a><\/li><li class=\"mec-event-social-icon\"><a class=\"linkedin\" href=\"https:\/\/www.linkedin.com\/shareArticle?mini=true&amp;url=https%3A%2F%2Fagendaculturalriodejaneiro.com%2Fen%2Fevents%2Fthird-world-no-circo-voador-lenda-do-reggae-jamaicano-no-rio%2F\" onclick=\"javascript:window.open(this.href, &apos;&apos;, &apos;menubar=no,toolbar=no,resizable=yes,scrollbars=yes,height=600,width=500&apos;); return false;\" target=\"_blank\" title=\"Linkedin\"><i class=\"mec-fa-linkedin\"><\/i><span class=\"mec-social-title\">Linkedin<\/span><\/a><\/li><li class=\"mec-event-social-icon\"><a class=\"email\" href=\"mailto:?subject=Third%20World%20no%20Circo%20Voador%3A%20lenda%20do%20reggae%20jamaicano%20no%20Rio&amp;body=https%3A%2F%2Fagendaculturalriodejaneiro.com%2Fen%2Fevents%2Fthird-world-no-circo-voador-lenda-do-reggae-jamaicano-no-rio%2F\" title=\"Email\"><i class=\"mec-fa-envelope\"><\/i><span class=\"mec-social-title\">Email<\/span><\/a><\/li>                        <\/ul>\r\n                    <\/li>\r\n                <\/ul>\r\n                                                <a class=\"mec-booking-button\" data-event-id=\"52857\" href=\"https:\/\/agendaculturalriodejaneiro.com\/en\/events\/third-world-no-circo-voador-lenda-do-reggae-jamaicano-no-rio\/\" target=\"_self\" rel=\"noopener\">Ver Detalhes<\/a>            <\/div>\r\n        <\/article><\/div>        <div class=\"col-md-4 col-sm-4\"><article class=\" mec-event-article mec-clear  \">                                <div class=\"mec-event-image\"><a data-event-id=\"53082\" href=\"https:\/\/agendaculturalriodejaneiro.com\/en\/events\/rosas-navalhas-leva-cabare-burlesco-e-teatralidade-ao-dolores-club\/\" target=\"_self\" rel=\"noopener\"><img loading=\"lazy\" decoding=\"async\" width=\"199\" height=\"300\" src=\"https:\/\/agendaculturalriodejaneiro.com\/wp-content\/uploads\/2026\/09\/Rosas-e-Navalhas_Divulgacao-199x300.jpg\" class=\"attachment-medium size-medium wp-post-image\" alt=\"\" data-mec-postid=\"53082\" \/><\/a><\/div>\r\n                        <div class=\"mec-event-content\">\r\n                                    <div class=\"mec-event-date mec-bg-color\">\r\n                        <span class=\"mec-start-date-label\">04 September 2026<\/span>                                                                    <\/div>\r\n                                                                <h4 class=\"mec-event-title\"><a class=\"mec-color-hover\" data-event-id=\"53082\" href=\"https:\/\/agendaculturalriodejaneiro.com\/en\/events\/rosas-navalhas-leva-cabare-burlesco-e-teatralidade-ao-dolores-club\/\" target=\"_self\" rel=\"noopener\">Rosas &amp; Navalhas leva cabar\u00e9, burlesco e teatralidade ao Dolores Club<\/a><\/h4>\r\n                                <p class=\"mec-grid-event-location\">Dolores Club, Rua do Lavradio, 10, Lapa, Rio de Janeiro.<\/p>\r\n                                                                            <\/div>\r\n            <div class=\"mec-event-footer\">\r\n                                <ul class=\"mec-event-sharing-wrap\">\r\n                    <li class=\"mec-event-share\">\r\n                        <a href=\"#\" class=\"mec-event-share-icon\">\r\n                            <i class=\"mec-sl-share\" title=\"Share\"><\/i>\r\n                        <\/a>\r\n                    <\/li>\r\n                    <li>\r\n                        <ul class=\"mec-event-sharing\">\r\n                            <li class=\"mec-event-social-icon\"><a class=\"facebook\" href=\"https:\/\/www.facebook.com\/sharer\/sharer.php?u=https%3A%2F%2Fagendaculturalriodejaneiro.com%2Fen%2Fevents%2Frosas-navalhas-leva-cabare-burlesco-e-teatralidade-ao-dolores-club%2F\" onclick=\"javascript:window.open(this.href, &apos;&apos;, &apos;menubar=no,toolbar=no,resizable=yes,scrollbars=yes,height=500,width=600&apos;); return false;\" target=\"_blank\" title=\"Share on Facebook\"><i class=\"mec-fa-facebook\"><\/i><span class=\"mec-social-title\">Facebook<\/span><\/a><\/li><li class=\"mec-event-social-icon\"><a class=\"twitter\" href=\"https:\/\/x.com\/intent\/tweet?url=https%3A%2F%2Fagendaculturalriodejaneiro.com%2Fen%2Fevents%2Frosas-navalhas-leva-cabare-burlesco-e-teatralidade-ao-dolores-club%2F\" onclick=\"javascript:window.open(this.href, &apos;&apos;, &apos;menubar=no,toolbar=no,resizable=yes,scrollbars=yes,height=600,width=500&apos;); return false;\" target=\"_blank\" title=\"X Social Network\"><svg xmlns=\"http:\/\/www.w3.org\/2000\/svg\" viewbox=\"0 0 512 462.799\"><path d=\"M403.229 0h78.506L310.219 196.04 512 462.799H354.002L230.261 301.007 88.669 462.799h-78.56l183.455-209.683L0 0h161.999l111.856 147.88L403.229 0zm-27.556 415.805h43.505L138.363 44.527h-46.68l283.99 371.278z\" \/><\/svg><span class=\"mec-social-title\">Twitter<\/span><\/a><\/li><li class=\"mec-event-social-icon\"><a class=\"linkedin\" href=\"https:\/\/www.linkedin.com\/shareArticle?mini=true&amp;url=https%3A%2F%2Fagendaculturalriodejaneiro.com%2Fen%2Fevents%2Frosas-navalhas-leva-cabare-burlesco-e-teatralidade-ao-dolores-club%2F\" onclick=\"javascript:window.open(this.href, &apos;&apos;, &apos;menubar=no,toolbar=no,resizable=yes,scrollbars=yes,height=600,width=500&apos;); return false;\" target=\"_blank\" title=\"Linkedin\"><i class=\"mec-fa-linkedin\"><\/i><span class=\"mec-social-title\">Linkedin<\/span><\/a><\/li><li class=\"mec-event-social-icon\"><a class=\"email\" href=\"mailto:?subject=Rosas%20%2526amp%3B%20Navalhas%20leva%20cabar%C3%A9%2C%20burlesco%20e%20teatralidade%20ao%20Dolores%20Club&amp;body=https%3A%2F%2Fagendaculturalriodejaneiro.com%2Fen%2Fevents%2Frosas-navalhas-leva-cabare-burlesco-e-teatralidade-ao-dolores-club%2F\" title=\"Email\"><i class=\"mec-fa-envelope\"><\/i><span class=\"mec-social-title\">Email<\/span><\/a><\/li>                        <\/ul>\r\n                    <\/li>\r\n                <\/ul>\r\n                                                <a class=\"mec-booking-button\" data-event-id=\"53082\" href=\"https:\/\/agendaculturalriodejaneiro.com\/en\/events\/rosas-navalhas-leva-cabare-burlesco-e-teatralidade-ao-dolores-club\/\" target=\"_self\" rel=\"noopener\">Ver Detalhes<\/a>            <\/div>\r\n        <\/article><\/div>        <div class=\"col-md-4 col-sm-4\"><article class=\" mec-event-article mec-clear  \">                                <div class=\"mec-event-image\"><a data-event-id=\"53055\" href=\"https:\/\/agendaculturalriodejaneiro.com\/en\/events\/boate-301\/\" target=\"_self\" rel=\"noopener\"><img loading=\"lazy\" decoding=\"async\" width=\"240\" height=\"300\" src=\"https:\/\/agendaculturalriodejaneiro.com\/wp-content\/uploads\/2026\/08\/Flyer_Boate_301_ate_5000KB-240x300.jpg\" class=\"attachment-medium size-medium wp-post-image\" alt=\"\" data-mec-postid=\"53055\" \/><\/a><\/div>\r\n                        <div class=\"mec-event-content\">\r\n                                    <div class=\"mec-event-date mec-bg-color\">\r\n                        <span class=\"mec-start-date-label\">04 September 2026<\/span>                                                                    <\/div>\r\n                                                                <h4 class=\"mec-event-title\"><a class=\"mec-color-hover\" data-event-id=\"53055\" href=\"https:\/\/agendaculturalriodejaneiro.com\/en\/events\/boate-301\/\" target=\"_self\" rel=\"noopener\">BOATE 301<\/a><\/h4>\r\n                                <p class=\"mec-grid-event-location\">Mans\u00e3o L&amp;D, Rio de Janeiro - Rua Andr\u00e9 Cavalcanti, 58 - Centro, Rio de Janeiro - RJ, 20231-050, Brasil<\/p>\r\n                                                                            <\/div>\r\n            <div class=\"mec-event-footer\">\r\n                                <ul class=\"mec-event-sharing-wrap\">\r\n                    <li class=\"mec-event-share\">\r\n                        <a href=\"#\" class=\"mec-event-share-icon\">\r\n                            <i class=\"mec-sl-share\" title=\"Share\"><\/i>\r\n                        <\/a>\r\n                    <\/li>\r\n                    <li>\r\n                        <ul class=\"mec-event-sharing\">\r\n                            <li class=\"mec-event-social-icon\"><a class=\"facebook\" href=\"https:\/\/www.facebook.com\/sharer\/sharer.php?u=https%3A%2F%2Fagendaculturalriodejaneiro.com%2Fen%2Fevents%2Fboate-301%2F\" onclick=\"javascript:window.open(this.href, &apos;&apos;, &apos;menubar=no,toolbar=no,resizable=yes,scrollbars=yes,height=500,width=600&apos;); return false;\" target=\"_blank\" title=\"Share on Facebook\"><i class=\"mec-fa-facebook\"><\/i><span class=\"mec-social-title\">Facebook<\/span><\/a><\/li><li class=\"mec-event-social-icon\"><a class=\"twitter\" href=\"https:\/\/x.com\/intent\/tweet?url=https%3A%2F%2Fagendaculturalriodejaneiro.com%2Fen%2Fevents%2Fboate-301%2F\" onclick=\"javascript:window.open(this.href, &apos;&apos;, &apos;menubar=no,toolbar=no,resizable=yes,scrollbars=yes,height=600,width=500&apos;); return false;\" target=\"_blank\" title=\"X Social Network\"><svg xmlns=\"http:\/\/www.w3.org\/2000\/svg\" viewbox=\"0 0 512 462.799\"><path d=\"M403.229 0h78.506L310.219 196.04 512 462.799H354.002L230.261 301.007 88.669 462.799h-78.56l183.455-209.683L0 0h161.999l111.856 147.88L403.229 0zm-27.556 415.805h43.505L138.363 44.527h-46.68l283.99 371.278z\" \/><\/svg><span class=\"mec-social-title\">Twitter<\/span><\/a><\/li><li class=\"mec-event-social-icon\"><a class=\"linkedin\" href=\"https:\/\/www.linkedin.com\/shareArticle?mini=true&amp;url=https%3A%2F%2Fagendaculturalriodejaneiro.com%2Fen%2Fevents%2Fboate-301%2F\" onclick=\"javascript:window.open(this.href, &apos;&apos;, &apos;menubar=no,toolbar=no,resizable=yes,scrollbars=yes,height=600,width=500&apos;); return false;\" target=\"_blank\" title=\"Linkedin\"><i class=\"mec-fa-linkedin\"><\/i><span class=\"mec-social-title\">Linkedin<\/span><\/a><\/li><li class=\"mec-event-social-icon\"><a class=\"email\" href=\"mailto:?subject=BOATE%20301&amp;body=https%3A%2F%2Fagendaculturalriodejaneiro.com%2Fen%2Fevents%2Fboate-301%2F\" title=\"Email\"><i class=\"mec-fa-envelope\"><\/i><span class=\"mec-social-title\">Email<\/span><\/a><\/li>                        <\/ul>\r\n                    <\/li>\r\n                <\/ul>\r\n                                                <a class=\"mec-booking-button\" data-event-id=\"53055\" href=\"https:\/\/agendaculturalriodejaneiro.com\/en\/events\/boate-301\/\" target=\"_self\" rel=\"noopener\">Ver Detalhes<\/a>            <\/div>\r\n        <\/article><\/div><\/div>        <div class=\"row\"><div class=\"col-md-4 col-sm-4\"><article class=\" mec-event-article mec-clear  \">                                <div class=\"mec-event-image\"><a data-event-id=\"52506\" href=\"https:\/\/agendaculturalriodejaneiro.com\/en\/events\/critical-hits-edicao-fifa\/\" target=\"_self\" rel=\"noopener\"><img loading=\"lazy\" decoding=\"async\" width=\"300\" height=\"169\" src=\"https:\/\/agendaculturalriodejaneiro.com\/wp-content\/uploads\/2026\/07\/shotgun_capa_horizontal_jqxyu8-300x169.png\" class=\"attachment-medium size-medium wp-post-image\" alt=\"\" data-mec-postid=\"52506\" \/><\/a><\/div>\r\n                        <div class=\"mec-event-content\">\r\n                                    <div class=\"mec-event-date mec-bg-color\">\r\n                        <span class=\"mec-start-date-label\">04 - 05 September 2026<\/span>                                                                    <\/div>\r\n                                                                <h4 class=\"mec-event-title\"><a class=\"mec-color-hover\" data-event-id=\"52506\" href=\"https:\/\/agendaculturalriodejaneiro.com\/en\/events\/critical-hits-edicao-fifa\/\" target=\"_self\" rel=\"noopener\">Critical Hits | Edi\u00e7\u00e3o Fifa<\/a><\/h4>\r\n                                <p class=\"mec-grid-event-location\">Vizinha 123, Rua Henrique de Novais, 123 - Botafogo, Rio de Janeiro - RJ, 22281-050, Brasil<\/p>\r\n                                                                            <\/div>\r\n            <div class=\"mec-event-footer\">\r\n                                <ul class=\"mec-event-sharing-wrap\">\r\n                    <li class=\"mec-event-share\">\r\n                        <a href=\"#\" class=\"mec-event-share-icon\">\r\n                            <i class=\"mec-sl-share\" title=\"Share\"><\/i>\r\n                        <\/a>\r\n                    <\/li>\r\n                    <li>\r\n                        <ul class=\"mec-event-sharing\">\r\n                            <li class=\"mec-event-social-icon\"><a class=\"facebook\" href=\"https:\/\/www.facebook.com\/sharer\/sharer.php?u=https%3A%2F%2Fagendaculturalriodejaneiro.com%2Fen%2Fevents%2Fcritical-hits-edicao-fifa%2F\" onclick=\"javascript:window.open(this.href, &apos;&apos;, &apos;menubar=no,toolbar=no,resizable=yes,scrollbars=yes,height=500,width=600&apos;); return false;\" target=\"_blank\" title=\"Share on Facebook\"><i class=\"mec-fa-facebook\"><\/i><span class=\"mec-social-title\">Facebook<\/span><\/a><\/li><li class=\"mec-event-social-icon\"><a class=\"twitter\" href=\"https:\/\/x.com\/intent\/tweet?url=https%3A%2F%2Fagendaculturalriodejaneiro.com%2Fen%2Fevents%2Fcritical-hits-edicao-fifa%2F\" onclick=\"javascript:window.open(this.href, &apos;&apos;, &apos;menubar=no,toolbar=no,resizable=yes,scrollbars=yes,height=600,width=500&apos;); return false;\" target=\"_blank\" title=\"X Social Network\"><svg xmlns=\"http:\/\/www.w3.org\/2000\/svg\" viewbox=\"0 0 512 462.799\"><path d=\"M403.229 0h78.506L310.219 196.04 512 462.799H354.002L230.261 301.007 88.669 462.799h-78.56l183.455-209.683L0 0h161.999l111.856 147.88L403.229 0zm-27.556 415.805h43.505L138.363 44.527h-46.68l283.99 371.278z\" \/><\/svg><span class=\"mec-social-title\">Twitter<\/span><\/a><\/li><li class=\"mec-event-social-icon\"><a class=\"linkedin\" href=\"https:\/\/www.linkedin.com\/shareArticle?mini=true&amp;url=https%3A%2F%2Fagendaculturalriodejaneiro.com%2Fen%2Fevents%2Fcritical-hits-edicao-fifa%2F\" onclick=\"javascript:window.open(this.href, &apos;&apos;, &apos;menubar=no,toolbar=no,resizable=yes,scrollbars=yes,height=600,width=500&apos;); return false;\" target=\"_blank\" title=\"Linkedin\"><i class=\"mec-fa-linkedin\"><\/i><span class=\"mec-social-title\">Linkedin<\/span><\/a><\/li><li class=\"mec-event-social-icon\"><a class=\"email\" href=\"mailto:?subject=Critical%20Hits%20%7C%20Edi%C3%A7%C3%A3o%20Fifa&amp;body=https%3A%2F%2Fagendaculturalriodejaneiro.com%2Fen%2Fevents%2Fcritical-hits-edicao-fifa%2F\" title=\"Email\"><i class=\"mec-fa-envelope\"><\/i><span class=\"mec-social-title\">Email<\/span><\/a><\/li>                        <\/ul>\r\n                    <\/li>\r\n                <\/ul>\r\n                                                <a class=\"mec-booking-button\" data-event-id=\"52506\" href=\"https:\/\/agendaculturalriodejaneiro.com\/en\/events\/critical-hits-edicao-fifa\/\" target=\"_self\" rel=\"noopener\">Ver Detalhes<\/a>            <\/div>\r\n        <\/article><\/div>        <div class=\"col-md-4 col-sm-4\"><article class=\" mec-event-article mec-clear  \">                                <div class=\"mec-event-image\"><a data-event-id=\"52726\" href=\"https:\/\/agendaculturalriodejaneiro.com\/en\/events\/noite-estampada\/\" target=\"_self\" rel=\"noopener\"><img loading=\"lazy\" decoding=\"async\" width=\"300\" height=\"169\" src=\"https:\/\/agendaculturalriodejaneiro.com\/wp-content\/uploads\/2026\/08\/CAPA_SHOTGUN-3_csht9h-300x169.png\" class=\"attachment-medium size-medium wp-post-image\" alt=\"\" data-mec-postid=\"52726\" \/><\/a><\/div>\r\n                        <div class=\"mec-event-content\">\r\n                                    <div class=\"mec-event-date mec-bg-color\">\r\n                        <span class=\"mec-start-date-label\">04 - 05 September 2026<\/span>                                                                    <\/div>\r\n                                                                <h4 class=\"mec-event-title\"><a class=\"mec-color-hover\" data-event-id=\"52726\" href=\"https:\/\/agendaculturalriodejaneiro.com\/en\/events\/noite-estampada\/\" target=\"_self\" rel=\"noopener\">Noite Estampada<\/a><\/h4>\r\n                                <p class=\"mec-grid-event-location\">Vidadura - Beco de Bragan\u00e7a, 26 - Centro, Rio de Janeiro - RJ, 20091-010, Brasil<\/p>\r\n                                                                            <\/div>\r\n            <div class=\"mec-event-footer\">\r\n                                <ul class=\"mec-event-sharing-wrap\">\r\n                    <li class=\"mec-event-share\">\r\n                        <a href=\"#\" class=\"mec-event-share-icon\">\r\n                            <i class=\"mec-sl-share\" title=\"Share\"><\/i>\r\n                        <\/a>\r\n                    <\/li>\r\n                    <li>\r\n                        <ul class=\"mec-event-sharing\">\r\n                            <li class=\"mec-event-social-icon\"><a class=\"facebook\" href=\"https:\/\/www.facebook.com\/sharer\/sharer.php?u=https%3A%2F%2Fagendaculturalriodejaneiro.com%2Fen%2Fevents%2Fnoite-estampada%2F\" onclick=\"javascript:window.open(this.href, &apos;&apos;, &apos;menubar=no,toolbar=no,resizable=yes,scrollbars=yes,height=500,width=600&apos;); return false;\" target=\"_blank\" title=\"Share on Facebook\"><i class=\"mec-fa-facebook\"><\/i><span class=\"mec-social-title\">Facebook<\/span><\/a><\/li><li class=\"mec-event-social-icon\"><a class=\"twitter\" href=\"https:\/\/x.com\/intent\/tweet?url=https%3A%2F%2Fagendaculturalriodejaneiro.com%2Fen%2Fevents%2Fnoite-estampada%2F\" onclick=\"javascript:window.open(this.href, &apos;&apos;, &apos;menubar=no,toolbar=no,resizable=yes,scrollbars=yes,height=600,width=500&apos;); return false;\" target=\"_blank\" title=\"X Social Network\"><svg xmlns=\"http:\/\/www.w3.org\/2000\/svg\" viewbox=\"0 0 512 462.799\"><path d=\"M403.229 0h78.506L310.219 196.04 512 462.799H354.002L230.261 301.007 88.669 462.799h-78.56l183.455-209.683L0 0h161.999l111.856 147.88L403.229 0zm-27.556 415.805h43.505L138.363 44.527h-46.68l283.99 371.278z\" \/><\/svg><span class=\"mec-social-title\">Twitter<\/span><\/a><\/li><li class=\"mec-event-social-icon\"><a class=\"linkedin\" href=\"https:\/\/www.linkedin.com\/shareArticle?mini=true&amp;url=https%3A%2F%2Fagendaculturalriodejaneiro.com%2Fen%2Fevents%2Fnoite-estampada%2F\" onclick=\"javascript:window.open(this.href, &apos;&apos;, &apos;menubar=no,toolbar=no,resizable=yes,scrollbars=yes,height=600,width=500&apos;); return false;\" target=\"_blank\" title=\"Linkedin\"><i class=\"mec-fa-linkedin\"><\/i><span class=\"mec-social-title\">Linkedin<\/span><\/a><\/li><li class=\"mec-event-social-icon\"><a class=\"email\" href=\"mailto:?subject=Noite%20Estampada&amp;body=https%3A%2F%2Fagendaculturalriodejaneiro.com%2Fen%2Fevents%2Fnoite-estampada%2F\" title=\"Email\"><i class=\"mec-fa-envelope\"><\/i><span class=\"mec-social-title\">Email<\/span><\/a><\/li>                        <\/ul>\r\n                    <\/li>\r\n                <\/ul>\r\n                                                <a class=\"mec-booking-button\" data-event-id=\"52726\" href=\"https:\/\/agendaculturalriodejaneiro.com\/en\/events\/noite-estampada\/\" target=\"_self\" rel=\"noopener\">Ver Detalhes<\/a>            <\/div>\r\n        <\/article><\/div>                <div class=\"col-md-4 col-sm-4\"><article class=\" mec-event-article mec-clear  \">                                <div class=\"mec-event-image\"><a data-event-id=\"51366\" href=\"https:\/\/agendaculturalriodejaneiro.com\/en\/events\/edu-krieger-e-natalia-voss-versos-e-versoes-a-vida-em-parodias\/\" target=\"_self\" rel=\"noopener\"><img loading=\"lazy\" decoding=\"async\" width=\"300\" height=\"300\" src=\"https:\/\/agendaculturalriodejaneiro.com\/wp-content\/uploads\/2026\/06\/9-5-26-Edu-Krieger-e-Natalia-Voss-feed-720x720-300x300.jpg\" class=\"attachment-medium size-medium wp-post-image\" alt=\"\" data-mec-postid=\"51366\" \/><\/a><\/div>\r\n                        <div class=\"mec-event-content\">\r\n                                    <div class=\"mec-event-date mec-bg-color\">\r\n                        <span class=\"mec-start-date-label\">05 September 2026<\/span>                                                                    <\/div>\r\n                                                                <h4 class=\"mec-event-title\"><a class=\"mec-color-hover\" data-event-id=\"51366\" href=\"https:\/\/agendaculturalriodejaneiro.com\/en\/events\/edu-krieger-e-natalia-voss-versos-e-versoes-a-vida-em-parodias\/\" target=\"_self\" rel=\"noopener\">Edu Krieger e Natalia Voss &#8211; Versos e vers\u00f5es: a vida em par\u00f3dias<\/a><\/h4>\r\n                                <p class=\"mec-grid-event-location\">Teatro Rival Petrobras, Rua \u00c1lvaro Alvim ,33 - Subsolo, Rio de Janeiro - Rio de Janeiro<\/p>\r\n                                                                            <\/div>\r\n            <div class=\"mec-event-footer\">\r\n                                <ul class=\"mec-event-sharing-wrap\">\r\n                    <li class=\"mec-event-share\">\r\n                        <a href=\"#\" class=\"mec-event-share-icon\">\r\n                            <i class=\"mec-sl-share\" title=\"Share\"><\/i>\r\n                        <\/a>\r\n                    <\/li>\r\n                    <li>\r\n                        <ul class=\"mec-event-sharing\">\r\n                            <li class=\"mec-event-social-icon\"><a class=\"facebook\" href=\"https:\/\/www.facebook.com\/sharer\/sharer.php?u=https%3A%2F%2Fagendaculturalriodejaneiro.com%2Fen%2Fevents%2Fedu-krieger-e-natalia-voss-versos-e-versoes-a-vida-em-parodias%2F\" onclick=\"javascript:window.open(this.href, &apos;&apos;, &apos;menubar=no,toolbar=no,resizable=yes,scrollbars=yes,height=500,width=600&apos;); return false;\" target=\"_blank\" title=\"Share on Facebook\"><i class=\"mec-fa-facebook\"><\/i><span class=\"mec-social-title\">Facebook<\/span><\/a><\/li><li class=\"mec-event-social-icon\"><a class=\"twitter\" href=\"https:\/\/x.com\/intent\/tweet?url=https%3A%2F%2Fagendaculturalriodejaneiro.com%2Fen%2Fevents%2Fedu-krieger-e-natalia-voss-versos-e-versoes-a-vida-em-parodias%2F\" onclick=\"javascript:window.open(this.href, &apos;&apos;, &apos;menubar=no,toolbar=no,resizable=yes,scrollbars=yes,height=600,width=500&apos;); return false;\" target=\"_blank\" title=\"X Social Network\"><svg xmlns=\"http:\/\/www.w3.org\/2000\/svg\" viewbox=\"0 0 512 462.799\"><path d=\"M403.229 0h78.506L310.219 196.04 512 462.799H354.002L230.261 301.007 88.669 462.799h-78.56l183.455-209.683L0 0h161.999l111.856 147.88L403.229 0zm-27.556 415.805h43.505L138.363 44.527h-46.68l283.99 371.278z\" \/><\/svg><span class=\"mec-social-title\">Twitter<\/span><\/a><\/li><li class=\"mec-event-social-icon\"><a class=\"linkedin\" href=\"https:\/\/www.linkedin.com\/shareArticle?mini=true&amp;url=https%3A%2F%2Fagendaculturalriodejaneiro.com%2Fen%2Fevents%2Fedu-krieger-e-natalia-voss-versos-e-versoes-a-vida-em-parodias%2F\" onclick=\"javascript:window.open(this.href, &apos;&apos;, &apos;menubar=no,toolbar=no,resizable=yes,scrollbars=yes,height=600,width=500&apos;); return false;\" target=\"_blank\" title=\"Linkedin\"><i class=\"mec-fa-linkedin\"><\/i><span class=\"mec-social-title\">Linkedin<\/span><\/a><\/li><li class=\"mec-event-social-icon\"><a class=\"email\" href=\"mailto:?subject=Edu%20Krieger%20e%20Natalia%20Voss%20-%20Versos%20e%20vers%C3%B5es%3A%20a%20vida%20em%20par%C3%B3dias&amp;body=https%3A%2F%2Fagendaculturalriodejaneiro.com%2Fen%2Fevents%2Fedu-krieger-e-natalia-voss-versos-e-versoes-a-vida-em-parodias%2F\" title=\"Email\"><i class=\"mec-fa-envelope\"><\/i><span class=\"mec-social-title\">Email<\/span><\/a><\/li>                        <\/ul>\r\n                    <\/li>\r\n                <\/ul>\r\n                                                <a class=\"mec-booking-button\" data-event-id=\"51366\" href=\"https:\/\/agendaculturalriodejaneiro.com\/en\/events\/edu-krieger-e-natalia-voss-versos-e-versoes-a-vida-em-parodias\/\" target=\"_self\" rel=\"noopener\">Ver Detalhes<\/a>            <\/div>\r\n        <\/article><\/div><\/div>        <div class=\"row\"><div class=\"col-md-4 col-sm-4\"><article class=\" mec-event-article mec-clear  \">                                <div class=\"mec-event-image\"><a data-event-id=\"51410\" href=\"https:\/\/agendaculturalriodejaneiro.com\/en\/events\/wanderson-lemos-show-raiz-de-baoba\/\" target=\"_self\" rel=\"noopener\"><img loading=\"lazy\" decoding=\"async\" width=\"300\" height=\"169\" src=\"https:\/\/agendaculturalriodejaneiro.com\/wp-content\/uploads\/2026\/06\/Wanderson-Lemos-Show-Raiz-de-Baoba-300x169.jpg\" class=\"attachment-medium size-medium wp-post-image\" alt=\"Wanderson Lemos - Show Raiz de Baob\u00e1\" data-mec-postid=\"51410\" \/><\/a><\/div>\r\n                        <div class=\"mec-event-content\">\r\n                                    <div class=\"mec-event-date mec-bg-color\">\r\n                        <span class=\"mec-start-date-label\">05 September 2026<\/span>                                                                    <\/div>\r\n                                                                <h4 class=\"mec-event-title\"><a class=\"mec-color-hover\" data-event-id=\"51410\" href=\"https:\/\/agendaculturalriodejaneiro.com\/en\/events\/wanderson-lemos-show-raiz-de-baoba\/\" target=\"_self\" rel=\"noopener\">Wanderson Lemos &#8211; Show Raiz de Baob\u00e1<\/a><\/h4>\r\n                                <p class=\"mec-grid-event-location\">Areninha Cultural Gilberto Gil, Avenida Marechal Fontenele, 5000, Realengo, Rio de Janeiro - Rio de Janeiro<\/p>\r\n                                                                            <\/div>\r\n            <div class=\"mec-event-footer\">\r\n                                <ul class=\"mec-event-sharing-wrap\">\r\n                    <li class=\"mec-event-share\">\r\n                        <a href=\"#\" class=\"mec-event-share-icon\">\r\n                            <i class=\"mec-sl-share\" title=\"Share\"><\/i>\r\n                        <\/a>\r\n                    <\/li>\r\n                    <li>\r\n                        <ul class=\"mec-event-sharing\">\r\n                            <li class=\"mec-event-social-icon\"><a class=\"facebook\" href=\"https:\/\/www.facebook.com\/sharer\/sharer.php?u=https%3A%2F%2Fagendaculturalriodejaneiro.com%2Fen%2Fevents%2Fwanderson-lemos-show-raiz-de-baoba%2F\" onclick=\"javascript:window.open(this.href, &apos;&apos;, &apos;menubar=no,toolbar=no,resizable=yes,scrollbars=yes,height=500,width=600&apos;); return false;\" target=\"_blank\" title=\"Share on Facebook\"><i class=\"mec-fa-facebook\"><\/i><span class=\"mec-social-title\">Facebook<\/span><\/a><\/li><li class=\"mec-event-social-icon\"><a class=\"twitter\" href=\"https:\/\/x.com\/intent\/tweet?url=https%3A%2F%2Fagendaculturalriodejaneiro.com%2Fen%2Fevents%2Fwanderson-lemos-show-raiz-de-baoba%2F\" onclick=\"javascript:window.open(this.href, &apos;&apos;, &apos;menubar=no,toolbar=no,resizable=yes,scrollbars=yes,height=600,width=500&apos;); return false;\" target=\"_blank\" title=\"X Social Network\"><svg xmlns=\"http:\/\/www.w3.org\/2000\/svg\" viewbox=\"0 0 512 462.799\"><path d=\"M403.229 0h78.506L310.219 196.04 512 462.799H354.002L230.261 301.007 88.669 462.799h-78.56l183.455-209.683L0 0h161.999l111.856 147.88L403.229 0zm-27.556 415.805h43.505L138.363 44.527h-46.68l283.99 371.278z\" \/><\/svg><span class=\"mec-social-title\">Twitter<\/span><\/a><\/li><li class=\"mec-event-social-icon\"><a class=\"linkedin\" href=\"https:\/\/www.linkedin.com\/shareArticle?mini=true&amp;url=https%3A%2F%2Fagendaculturalriodejaneiro.com%2Fen%2Fevents%2Fwanderson-lemos-show-raiz-de-baoba%2F\" onclick=\"javascript:window.open(this.href, &apos;&apos;, &apos;menubar=no,toolbar=no,resizable=yes,scrollbars=yes,height=600,width=500&apos;); return false;\" target=\"_blank\" title=\"Linkedin\"><i class=\"mec-fa-linkedin\"><\/i><span class=\"mec-social-title\">Linkedin<\/span><\/a><\/li><li class=\"mec-event-social-icon\"><a class=\"email\" href=\"mailto:?subject=Wanderson%20Lemos%20-%20Show%20Raiz%20de%20Baob%C3%A1&amp;body=https%3A%2F%2Fagendaculturalriodejaneiro.com%2Fen%2Fevents%2Fwanderson-lemos-show-raiz-de-baoba%2F\" title=\"Email\"><i class=\"mec-fa-envelope\"><\/i><span class=\"mec-social-title\">Email<\/span><\/a><\/li>                        <\/ul>\r\n                    <\/li>\r\n                <\/ul>\r\n                                                <a class=\"mec-booking-button\" data-event-id=\"51410\" href=\"https:\/\/agendaculturalriodejaneiro.com\/en\/events\/wanderson-lemos-show-raiz-de-baoba\/\" target=\"_self\" rel=\"noopener\">Ver Detalhes<\/a>            <\/div>\r\n        <\/article><\/div>        <div class=\"col-md-4 col-sm-4\"><article class=\" mec-event-article mec-clear  \">                                <div class=\"mec-event-image\"><a data-event-id=\"52859\" href=\"https:\/\/agendaculturalriodejaneiro.com\/en\/events\/samba-da-volta-e-samba-de-caboclo-no-circo-voador\/\" target=\"_self\" rel=\"noopener\"><img loading=\"lazy\" decoding=\"async\" width=\"200\" height=\"300\" src=\"https:\/\/agendaculturalriodejaneiro.com\/wp-content\/uploads\/2026\/08\/a72b19_b571e8ceade442c5b52e641fff50c0f5mv2-200x300.jpg\" class=\"attachment-medium size-medium wp-post-image\" alt=\"\" data-mec-postid=\"52859\" \/><\/a><\/div>\r\n                        <div class=\"mec-event-content\">\r\n                                    <div class=\"mec-event-date mec-bg-color\">\r\n                        <span class=\"mec-start-date-label\">05 September 2026<\/span>                                                                    <\/div>\r\n                                                                <h4 class=\"mec-event-title\"><a class=\"mec-color-hover\" data-event-id=\"52859\" href=\"https:\/\/agendaculturalriodejaneiro.com\/en\/events\/samba-da-volta-e-samba-de-caboclo-no-circo-voador\/\" target=\"_self\" rel=\"noopener\">Samba da Volta e Samba de Caboclo no Circo Voador<\/a><\/h4>\r\n                                <p class=\"mec-grid-event-location\">Circo Voador, R. dos Arcos, s\/n - Jardim Iracema, Rio de Janeiro - RJ, 20230-060, Brasil<\/p>\r\n                                                                            <\/div>\r\n            <div class=\"mec-event-footer\">\r\n                                <ul class=\"mec-event-sharing-wrap\">\r\n                    <li class=\"mec-event-share\">\r\n                        <a href=\"#\" class=\"mec-event-share-icon\">\r\n                            <i class=\"mec-sl-share\" title=\"Share\"><\/i>\r\n                        <\/a>\r\n                    <\/li>\r\n                    <li>\r\n                        <ul class=\"mec-event-sharing\">\r\n                            <li class=\"mec-event-social-icon\"><a class=\"facebook\" href=\"https:\/\/www.facebook.com\/sharer\/sharer.php?u=https%3A%2F%2Fagendaculturalriodejaneiro.com%2Fen%2Fevents%2Fsamba-da-volta-e-samba-de-caboclo-no-circo-voador%2F\" onclick=\"javascript:window.open(this.href, &apos;&apos;, &apos;menubar=no,toolbar=no,resizable=yes,scrollbars=yes,height=500,width=600&apos;); return false;\" target=\"_blank\" title=\"Share on Facebook\"><i class=\"mec-fa-facebook\"><\/i><span class=\"mec-social-title\">Facebook<\/span><\/a><\/li><li class=\"mec-event-social-icon\"><a class=\"twitter\" href=\"https:\/\/x.com\/intent\/tweet?url=https%3A%2F%2Fagendaculturalriodejaneiro.com%2Fen%2Fevents%2Fsamba-da-volta-e-samba-de-caboclo-no-circo-voador%2F\" onclick=\"javascript:window.open(this.href, &apos;&apos;, &apos;menubar=no,toolbar=no,resizable=yes,scrollbars=yes,height=600,width=500&apos;); return false;\" target=\"_blank\" title=\"X Social Network\"><svg xmlns=\"http:\/\/www.w3.org\/2000\/svg\" viewbox=\"0 0 512 462.799\"><path d=\"M403.229 0h78.506L310.219 196.04 512 462.799H354.002L230.261 301.007 88.669 462.799h-78.56l183.455-209.683L0 0h161.999l111.856 147.88L403.229 0zm-27.556 415.805h43.505L138.363 44.527h-46.68l283.99 371.278z\" \/><\/svg><span class=\"mec-social-title\">Twitter<\/span><\/a><\/li><li class=\"mec-event-social-icon\"><a class=\"linkedin\" href=\"https:\/\/www.linkedin.com\/shareArticle?mini=true&amp;url=https%3A%2F%2Fagendaculturalriodejaneiro.com%2Fen%2Fevents%2Fsamba-da-volta-e-samba-de-caboclo-no-circo-voador%2F\" onclick=\"javascript:window.open(this.href, &apos;&apos;, &apos;menubar=no,toolbar=no,resizable=yes,scrollbars=yes,height=600,width=500&apos;); return false;\" target=\"_blank\" title=\"Linkedin\"><i class=\"mec-fa-linkedin\"><\/i><span class=\"mec-social-title\">Linkedin<\/span><\/a><\/li><li class=\"mec-event-social-icon\"><a class=\"email\" href=\"mailto:?subject=Samba%20da%20Volta%20e%20Samba%20de%20Caboclo%20no%20Circo%20Voador&amp;body=https%3A%2F%2Fagendaculturalriodejaneiro.com%2Fen%2Fevents%2Fsamba-da-volta-e-samba-de-caboclo-no-circo-voador%2F\" title=\"Email\"><i class=\"mec-fa-envelope\"><\/i><span class=\"mec-social-title\">Email<\/span><\/a><\/li>                        <\/ul>\r\n                    <\/li>\r\n                <\/ul>\r\n                                                <a class=\"mec-booking-button\" data-event-id=\"52859\" href=\"https:\/\/agendaculturalriodejaneiro.com\/en\/events\/samba-da-volta-e-samba-de-caboclo-no-circo-voador\/\" target=\"_self\" rel=\"noopener\">Ver Detalhes<\/a>            <\/div>\r\n        <\/article><\/div>        <div class=\"col-md-4 col-sm-4\"><article class=\" mec-event-article mec-clear  \">                                <div class=\"mec-event-image\"><a data-event-id=\"52693\" href=\"https:\/\/agendaculturalriodejaneiro.com\/en\/events\/espetaculo-que-homenageia-noel-rosa-retorna-aos-palcos-do-rio-de-janeiro\/\" target=\"_self\" rel=\"noopener\"><img loading=\"lazy\" decoding=\"async\" width=\"240\" height=\"300\" src=\"https:\/\/agendaculturalriodejaneiro.com\/wp-content\/uploads\/2026\/08\/eee337d1-2390-4502-97ca-ec94783b71f5-240x300.jpeg\" class=\"attachment-medium size-medium wp-post-image\" alt=\"\" data-mec-postid=\"52693\" \/><\/a><\/div>\r\n                        <div class=\"mec-event-content\">\r\n                                    <div class=\"mec-event-date mec-bg-color\">\r\n                        <span class=\"mec-start-date-label\">05 September 2026<\/span>                                                                    <\/div>\r\n                                                                <h4 class=\"mec-event-title\"><a class=\"mec-color-hover\" data-event-id=\"52693\" href=\"https:\/\/agendaculturalriodejaneiro.com\/en\/events\/espetaculo-que-homenageia-noel-rosa-retorna-aos-palcos-do-rio-de-janeiro\/\" target=\"_self\" rel=\"noopener\">Espet\u00e1culo que homenageia Noel Rosa retorna aos palcos do Rio de Janeiro<\/a><\/h4>\r\n                                <p class=\"mec-grid-event-location\">Teatro Brigitte Blair, R. Miguel Lemos, 51 - h - Copacabana, Rio de Janeiro - RJ, 22071-000, Brasil<\/p>\r\n                                                                            <\/div>\r\n            <div class=\"mec-event-footer\">\r\n                                <ul class=\"mec-event-sharing-wrap\">\r\n                    <li class=\"mec-event-share\">\r\n                        <a href=\"#\" class=\"mec-event-share-icon\">\r\n                            <i class=\"mec-sl-share\" title=\"Share\"><\/i>\r\n                        <\/a>\r\n                    <\/li>\r\n                    <li>\r\n                        <ul class=\"mec-event-sharing\">\r\n                            <li class=\"mec-event-social-icon\"><a class=\"facebook\" href=\"https:\/\/www.facebook.com\/sharer\/sharer.php?u=https%3A%2F%2Fagendaculturalriodejaneiro.com%2Fen%2Fevents%2Fespetaculo-que-homenageia-noel-rosa-retorna-aos-palcos-do-rio-de-janeiro%2F\" onclick=\"javascript:window.open(this.href, &apos;&apos;, &apos;menubar=no,toolbar=no,resizable=yes,scrollbars=yes,height=500,width=600&apos;); return false;\" target=\"_blank\" title=\"Share on Facebook\"><i class=\"mec-fa-facebook\"><\/i><span class=\"mec-social-title\">Facebook<\/span><\/a><\/li><li class=\"mec-event-social-icon\"><a class=\"twitter\" href=\"https:\/\/x.com\/intent\/tweet?url=https%3A%2F%2Fagendaculturalriodejaneiro.com%2Fen%2Fevents%2Fespetaculo-que-homenageia-noel-rosa-retorna-aos-palcos-do-rio-de-janeiro%2F\" onclick=\"javascript:window.open(this.href, &apos;&apos;, &apos;menubar=no,toolbar=no,resizable=yes,scrollbars=yes,height=600,width=500&apos;); return false;\" target=\"_blank\" title=\"X Social Network\"><svg xmlns=\"http:\/\/www.w3.org\/2000\/svg\" viewbox=\"0 0 512 462.799\"><path d=\"M403.229 0h78.506L310.219 196.04 512 462.799H354.002L230.261 301.007 88.669 462.799h-78.56l183.455-209.683L0 0h161.999l111.856 147.88L403.229 0zm-27.556 415.805h43.505L138.363 44.527h-46.68l283.99 371.278z\" \/><\/svg><span class=\"mec-social-title\">Twitter<\/span><\/a><\/li><li class=\"mec-event-social-icon\"><a class=\"linkedin\" href=\"https:\/\/www.linkedin.com\/shareArticle?mini=true&amp;url=https%3A%2F%2Fagendaculturalriodejaneiro.com%2Fen%2Fevents%2Fespetaculo-que-homenageia-noel-rosa-retorna-aos-palcos-do-rio-de-janeiro%2F\" onclick=\"javascript:window.open(this.href, &apos;&apos;, &apos;menubar=no,toolbar=no,resizable=yes,scrollbars=yes,height=600,width=500&apos;); return false;\" target=\"_blank\" title=\"Linkedin\"><i class=\"mec-fa-linkedin\"><\/i><span class=\"mec-social-title\">Linkedin<\/span><\/a><\/li><li class=\"mec-event-social-icon\"><a class=\"email\" href=\"mailto:?subject=Espet%C3%A1culo%20que%20homenageia%20Noel%20Rosa%20retorna%20aos%20palcos%20do%20Rio%20de%20Janeiro&amp;body=https%3A%2F%2Fagendaculturalriodejaneiro.com%2Fen%2Fevents%2Fespetaculo-que-homenageia-noel-rosa-retorna-aos-palcos-do-rio-de-janeiro%2F\" title=\"Email\"><i class=\"mec-fa-envelope\"><\/i><span class=\"mec-social-title\">Email<\/span><\/a><\/li>                        <\/ul>\r\n                    <\/li>\r\n                <\/ul>\r\n                                                <a class=\"mec-booking-button\" data-event-id=\"52693\" href=\"https:\/\/agendaculturalriodejaneiro.com\/en\/events\/espetaculo-que-homenageia-noel-rosa-retorna-aos-palcos-do-rio-de-janeiro\/\" target=\"_self\" rel=\"noopener\">Ver Detalhes<\/a>            <\/div>\r\n        <\/article><\/div><\/div>        <div class=\"row\"><div class=\"col-md-4 col-sm-4\"><article class=\" mec-event-article mec-clear  \">                                <div class=\"mec-event-image\"><a data-event-id=\"52508\" href=\"https:\/\/agendaculturalriodejaneiro.com\/en\/events\/per1g0-alt0-tesa0\/\" target=\"_self\" rel=\"noopener\"><img loading=\"lazy\" decoding=\"async\" width=\"300\" height=\"159\" src=\"https:\/\/agendaculturalriodejaneiro.com\/wp-content\/uploads\/2026\/07\/Captura-de-ecra-2026-07-28-141243-300x159.jpg\" class=\"attachment-medium size-medium wp-post-image\" alt=\"\" data-mec-postid=\"52508\" \/><\/a><\/div>\r\n                        <div class=\"mec-event-content\">\r\n                                    <div class=\"mec-event-date mec-bg-color\">\r\n                        <span class=\"mec-start-date-label\">05 - 06 September 2026<\/span>                                                                    <\/div>\r\n                                                                <h4 class=\"mec-event-title\"><a class=\"mec-color-hover\" data-event-id=\"52508\" href=\"https:\/\/agendaculturalriodejaneiro.com\/en\/events\/per1g0-alt0-tesa0\/\" target=\"_self\" rel=\"noopener\">Per1g0 Alt0 Tes\u00e30<\/a><\/h4>\r\n                                <p class=\"mec-grid-event-location\">Local secreto em Sa\u00fade, Rio de Janeiro - RJ, Brasil<\/p>\r\n                                                                            <\/div>\r\n            <div class=\"mec-event-footer\">\r\n                                <ul class=\"mec-event-sharing-wrap\">\r\n                    <li class=\"mec-event-share\">\r\n                        <a href=\"#\" class=\"mec-event-share-icon\">\r\n                            <i class=\"mec-sl-share\" title=\"Share\"><\/i>\r\n                        <\/a>\r\n                    <\/li>\r\n                    <li>\r\n                        <ul class=\"mec-event-sharing\">\r\n                            <li class=\"mec-event-social-icon\"><a class=\"facebook\" href=\"https:\/\/www.facebook.com\/sharer\/sharer.php?u=https%3A%2F%2Fagendaculturalriodejaneiro.com%2Fen%2Fevents%2Fper1g0-alt0-tesa0%2F\" onclick=\"javascript:window.open(this.href, &apos;&apos;, &apos;menubar=no,toolbar=no,resizable=yes,scrollbars=yes,height=500,width=600&apos;); return false;\" target=\"_blank\" title=\"Share on Facebook\"><i class=\"mec-fa-facebook\"><\/i><span class=\"mec-social-title\">Facebook<\/span><\/a><\/li><li class=\"mec-event-social-icon\"><a class=\"twitter\" href=\"https:\/\/x.com\/intent\/tweet?url=https%3A%2F%2Fagendaculturalriodejaneiro.com%2Fen%2Fevents%2Fper1g0-alt0-tesa0%2F\" onclick=\"javascript:window.open(this.href, &apos;&apos;, &apos;menubar=no,toolbar=no,resizable=yes,scrollbars=yes,height=600,width=500&apos;); return false;\" target=\"_blank\" title=\"X Social Network\"><svg xmlns=\"http:\/\/www.w3.org\/2000\/svg\" viewbox=\"0 0 512 462.799\"><path d=\"M403.229 0h78.506L310.219 196.04 512 462.799H354.002L230.261 301.007 88.669 462.799h-78.56l183.455-209.683L0 0h161.999l111.856 147.88L403.229 0zm-27.556 415.805h43.505L138.363 44.527h-46.68l283.99 371.278z\" \/><\/svg><span class=\"mec-social-title\">Twitter<\/span><\/a><\/li><li class=\"mec-event-social-icon\"><a class=\"linkedin\" href=\"https:\/\/www.linkedin.com\/shareArticle?mini=true&amp;url=https%3A%2F%2Fagendaculturalriodejaneiro.com%2Fen%2Fevents%2Fper1g0-alt0-tesa0%2F\" onclick=\"javascript:window.open(this.href, &apos;&apos;, &apos;menubar=no,toolbar=no,resizable=yes,scrollbars=yes,height=600,width=500&apos;); return false;\" target=\"_blank\" title=\"Linkedin\"><i class=\"mec-fa-linkedin\"><\/i><span class=\"mec-social-title\">Linkedin<\/span><\/a><\/li><li class=\"mec-event-social-icon\"><a class=\"email\" href=\"mailto:?subject=Per1g0%20Alt0%20Tes%C3%A30&amp;body=https%3A%2F%2Fagendaculturalriodejaneiro.com%2Fen%2Fevents%2Fper1g0-alt0-tesa0%2F\" title=\"Email\"><i class=\"mec-fa-envelope\"><\/i><span class=\"mec-social-title\">Email<\/span><\/a><\/li>                        <\/ul>\r\n                    <\/li>\r\n                <\/ul>\r\n                                                <a class=\"mec-booking-button\" data-event-id=\"52508\" href=\"https:\/\/agendaculturalriodejaneiro.com\/en\/events\/per1g0-alt0-tesa0\/\" target=\"_self\" rel=\"noopener\">Ver Detalhes<\/a>            <\/div>\r\n        <\/article><\/div>                <div class=\"col-md-4 col-sm-4\"><article class=\" mec-event-article mec-clear  \">                                <div class=\"mec-event-image\"><a data-event-id=\"53058\" href=\"https:\/\/agendaculturalriodejaneiro.com\/en\/events\/feira-de-vinil-gira-musica-faz-nova-edicao-em-lugar-inedito-no-catete-rj-domingo-06-09\/\" target=\"_self\" rel=\"noopener\"><img loading=\"lazy\" decoding=\"async\" width=\"300\" height=\"169\" src=\"https:\/\/agendaculturalriodejaneiro.com\/wp-content\/uploads\/2026\/08\/Feira-Gira-Musica_Credito-Bruno-EduardoRock-On-Board-300x169.jpg\" class=\"attachment-medium size-medium wp-post-image\" alt=\"\" data-mec-postid=\"53058\" \/><\/a><\/div>\r\n                        <div class=\"mec-event-content\">\r\n                                    <div class=\"mec-event-date mec-bg-color\">\r\n                        <span class=\"mec-start-date-label\">06 September 2026<\/span>                                                                    <\/div>\r\n                                                                <h4 class=\"mec-event-title\"><a class=\"mec-color-hover\" data-event-id=\"53058\" href=\"https:\/\/agendaculturalriodejaneiro.com\/en\/events\/feira-de-vinil-gira-musica-faz-nova-edicao-em-lugar-inedito-no-catete-rj-domingo-06-09\/\" target=\"_self\" rel=\"noopener\">Feira de Vinil &#8220;Gira M\u00fasica&#8221; faz nova edi\u00e7\u00e3o em lugar in\u00e9dito no Catete (RJ) : Domingo, 06\/09<\/a><\/h4>\r\n                                <p class=\"mec-grid-event-location\"><\/p>\r\n                                                                            <\/div>\r\n            <div class=\"mec-event-footer\">\r\n                                <ul class=\"mec-event-sharing-wrap\">\r\n                    <li class=\"mec-event-share\">\r\n                        <a href=\"#\" class=\"mec-event-share-icon\">\r\n                            <i class=\"mec-sl-share\" title=\"Share\"><\/i>\r\n                        <\/a>\r\n                    <\/li>\r\n                    <li>\r\n                        <ul class=\"mec-event-sharing\">\r\n                            <li class=\"mec-event-social-icon\"><a class=\"facebook\" href=\"https:\/\/www.facebook.com\/sharer\/sharer.php?u=https%3A%2F%2Fagendaculturalriodejaneiro.com%2Fen%2Fevents%2Ffeira-de-vinil-gira-musica-faz-nova-edicao-em-lugar-inedito-no-catete-rj-domingo-06-09%2F\" onclick=\"javascript:window.open(this.href, &apos;&apos;, &apos;menubar=no,toolbar=no,resizable=yes,scrollbars=yes,height=500,width=600&apos;); return false;\" target=\"_blank\" title=\"Share on Facebook\"><i class=\"mec-fa-facebook\"><\/i><span class=\"mec-social-title\">Facebook<\/span><\/a><\/li><li class=\"mec-event-social-icon\"><a class=\"twitter\" href=\"https:\/\/x.com\/intent\/tweet?url=https%3A%2F%2Fagendaculturalriodejaneiro.com%2Fen%2Fevents%2Ffeira-de-vinil-gira-musica-faz-nova-edicao-em-lugar-inedito-no-catete-rj-domingo-06-09%2F\" onclick=\"javascript:window.open(this.href, &apos;&apos;, &apos;menubar=no,toolbar=no,resizable=yes,scrollbars=yes,height=600,width=500&apos;); return false;\" target=\"_blank\" title=\"X Social Network\"><svg xmlns=\"http:\/\/www.w3.org\/2000\/svg\" viewbox=\"0 0 512 462.799\"><path d=\"M403.229 0h78.506L310.219 196.04 512 462.799H354.002L230.261 301.007 88.669 462.799h-78.56l183.455-209.683L0 0h161.999l111.856 147.88L403.229 0zm-27.556 415.805h43.505L138.363 44.527h-46.68l283.99 371.278z\" \/><\/svg><span class=\"mec-social-title\">Twitter<\/span><\/a><\/li><li class=\"mec-event-social-icon\"><a class=\"linkedin\" href=\"https:\/\/www.linkedin.com\/shareArticle?mini=true&amp;url=https%3A%2F%2Fagendaculturalriodejaneiro.com%2Fen%2Fevents%2Ffeira-de-vinil-gira-musica-faz-nova-edicao-em-lugar-inedito-no-catete-rj-domingo-06-09%2F\" onclick=\"javascript:window.open(this.href, &apos;&apos;, &apos;menubar=no,toolbar=no,resizable=yes,scrollbars=yes,height=600,width=500&apos;); return false;\" target=\"_blank\" title=\"Linkedin\"><i class=\"mec-fa-linkedin\"><\/i><span class=\"mec-social-title\">Linkedin<\/span><\/a><\/li><li class=\"mec-event-social-icon\"><a class=\"email\" href=\"mailto:?subject=Feira%20de%20Vinil%20%2526%238220%3BGira%20M%C3%BAsica%E2%80%99%E2%80%99%20faz%20nova%20edi%C3%A7%C3%A3o%20em%20lugar%20in%C3%A9dito%20no%20Catete%20%28RJ%29%20%3A%20Domingo%2C%2006%2F09&amp;body=https%3A%2F%2Fagendaculturalriodejaneiro.com%2Fen%2Fevents%2Ffeira-de-vinil-gira-musica-faz-nova-edicao-em-lugar-inedito-no-catete-rj-domingo-06-09%2F\" title=\"Email\"><i class=\"mec-fa-envelope\"><\/i><span class=\"mec-social-title\">Email<\/span><\/a><\/li>                        <\/ul>\r\n                    <\/li>\r\n                <\/ul>\r\n                                                <a class=\"mec-booking-button\" data-event-id=\"53058\" href=\"https:\/\/agendaculturalriodejaneiro.com\/en\/events\/feira-de-vinil-gira-musica-faz-nova-edicao-em-lugar-inedito-no-catete-rj-domingo-06-09\/\" target=\"_self\" rel=\"noopener\">Ver Detalhes<\/a>            <\/div>\r\n        <\/article><\/div>                <div class=\"col-md-4 col-sm-4\"><article class=\" mec-event-article mec-clear  \">                                <div class=\"mec-event-image\"><a data-event-id=\"52510\" href=\"https:\/\/agendaculturalriodejaneiro.com\/en\/events\/tommax-sunset-sessions-7-setembro\/\" target=\"_self\" rel=\"noopener\"><img loading=\"lazy\" decoding=\"async\" width=\"279\" height=\"300\" src=\"https:\/\/agendaculturalriodejaneiro.com\/wp-content\/uploads\/2026\/07\/Captura-de-ecra-2026-07-28-141308-279x300.jpg\" class=\"attachment-medium size-medium wp-post-image\" alt=\"\" data-mec-postid=\"52510\" \/><\/a><\/div>\r\n                        <div class=\"mec-event-content\">\r\n                                    <div class=\"mec-event-date mec-bg-color\">\r\n                        <span class=\"mec-start-date-label\">07 September 2026<\/span>                                                                    <\/div>\r\n                                                                <h4 class=\"mec-event-title\"><a class=\"mec-color-hover\" data-event-id=\"52510\" href=\"https:\/\/agendaculturalriodejaneiro.com\/en\/events\/tommax-sunset-sessions-7-setembro\/\" target=\"_self\" rel=\"noopener\">Tommax Sunset Sessions | 7 Setembro<\/a><\/h4>\r\n                                <p class=\"mec-grid-event-location\">Vista Bar, Rua Jardim Bot\u00e2nico, 1003 - Jardim Bot\u00e2nico, Rio de Janeiro - RJ, Brasil<\/p>\r\n                                                                            <\/div>\r\n            <div class=\"mec-event-footer\">\r\n                                <ul class=\"mec-event-sharing-wrap\">\r\n                    <li class=\"mec-event-share\">\r\n                        <a href=\"#\" class=\"mec-event-share-icon\">\r\n                            <i class=\"mec-sl-share\" title=\"Share\"><\/i>\r\n                        <\/a>\r\n                    <\/li>\r\n                    <li>\r\n                        <ul class=\"mec-event-sharing\">\r\n                            <li class=\"mec-event-social-icon\"><a class=\"facebook\" href=\"https:\/\/www.facebook.com\/sharer\/sharer.php?u=https%3A%2F%2Fagendaculturalriodejaneiro.com%2Fen%2Fevents%2Ftommax-sunset-sessions-7-setembro%2F\" onclick=\"javascript:window.open(this.href, &apos;&apos;, &apos;menubar=no,toolbar=no,resizable=yes,scrollbars=yes,height=500,width=600&apos;); return false;\" target=\"_blank\" title=\"Share on Facebook\"><i class=\"mec-fa-facebook\"><\/i><span class=\"mec-social-title\">Facebook<\/span><\/a><\/li><li class=\"mec-event-social-icon\"><a class=\"twitter\" href=\"https:\/\/x.com\/intent\/tweet?url=https%3A%2F%2Fagendaculturalriodejaneiro.com%2Fen%2Fevents%2Ftommax-sunset-sessions-7-setembro%2F\" onclick=\"javascript:window.open(this.href, &apos;&apos;, &apos;menubar=no,toolbar=no,resizable=yes,scrollbars=yes,height=600,width=500&apos;); return false;\" target=\"_blank\" title=\"X Social Network\"><svg xmlns=\"http:\/\/www.w3.org\/2000\/svg\" viewbox=\"0 0 512 462.799\"><path d=\"M403.229 0h78.506L310.219 196.04 512 462.799H354.002L230.261 301.007 88.669 462.799h-78.56l183.455-209.683L0 0h161.999l111.856 147.88L403.229 0zm-27.556 415.805h43.505L138.363 44.527h-46.68l283.99 371.278z\" \/><\/svg><span class=\"mec-social-title\">Twitter<\/span><\/a><\/li><li class=\"mec-event-social-icon\"><a class=\"linkedin\" href=\"https:\/\/www.linkedin.com\/shareArticle?mini=true&amp;url=https%3A%2F%2Fagendaculturalriodejaneiro.com%2Fen%2Fevents%2Ftommax-sunset-sessions-7-setembro%2F\" onclick=\"javascript:window.open(this.href, &apos;&apos;, &apos;menubar=no,toolbar=no,resizable=yes,scrollbars=yes,height=600,width=500&apos;); return false;\" target=\"_blank\" title=\"Linkedin\"><i class=\"mec-fa-linkedin\"><\/i><span class=\"mec-social-title\">Linkedin<\/span><\/a><\/li><li class=\"mec-event-social-icon\"><a class=\"email\" href=\"mailto:?subject=Tommax%20Sunset%20Sessions%20%7C%207%20Setembro&amp;body=https%3A%2F%2Fagendaculturalriodejaneiro.com%2Fen%2Fevents%2Ftommax-sunset-sessions-7-setembro%2F\" title=\"Email\"><i class=\"mec-fa-envelope\"><\/i><span class=\"mec-social-title\">Email<\/span><\/a><\/li>                        <\/ul>\r\n                    <\/li>\r\n                <\/ul>\r\n                                                <a class=\"mec-booking-button\" data-event-id=\"52510\" href=\"https:\/\/agendaculturalriodejaneiro.com\/en\/events\/tommax-sunset-sessions-7-setembro\/\" target=\"_self\" rel=\"noopener\">Ver Detalhes<\/a>            <\/div>\r\n        <\/article><\/div><\/div>        <div class=\"row\"><div class=\"col-md-4 col-sm-4\"><article class=\" mec-event-article mec-clear  \">                                <div class=\"mec-event-image\"><a data-event-id=\"50751\" href=\"https:\/\/agendaculturalriodejaneiro.com\/en\/events\/simo-not-simon-no-rock-in-rio-2026\/\" target=\"_self\" rel=\"noopener\"><img loading=\"lazy\" decoding=\"async\" width=\"300\" height=\"300\" src=\"https:\/\/agendaculturalriodejaneiro.com\/wp-content\/uploads\/2026\/06\/20421064.jpeg\" class=\"attachment-medium size-medium wp-post-image\" alt=\"\" data-mec-postid=\"50751\" \/><\/a><\/div>\r\n                        <div class=\"mec-event-content\">\r\n                                    <div class=\"mec-event-date mec-bg-color\">\r\n                        <span class=\"mec-start-date-label\">07 September 2026<\/span>                                                                    <\/div>\r\n                                                                <h4 class=\"mec-event-title\"><a class=\"mec-color-hover\" data-event-id=\"50751\" href=\"https:\/\/agendaculturalriodejaneiro.com\/en\/events\/simo-not-simon-no-rock-in-rio-2026\/\" target=\"_self\" rel=\"noopener\">simo not simon no Rock in Rio 2026<\/a><\/h4>\r\n                                <p class=\"mec-grid-event-location\">Rock in Rio, Av. Salvador Allende, Rio de Janeiro<\/p>\r\n                                                                            <\/div>\r\n            <div class=\"mec-event-footer\">\r\n                                <ul class=\"mec-event-sharing-wrap\">\r\n                    <li class=\"mec-event-share\">\r\n                        <a href=\"#\" class=\"mec-event-share-icon\">\r\n                            <i class=\"mec-sl-share\" title=\"Share\"><\/i>\r\n                        <\/a>\r\n                    <\/li>\r\n                    <li>\r\n                        <ul class=\"mec-event-sharing\">\r\n                            <li class=\"mec-event-social-icon\"><a class=\"facebook\" href=\"https:\/\/www.facebook.com\/sharer\/sharer.php?u=https%3A%2F%2Fagendaculturalriodejaneiro.com%2Fen%2Fevents%2Fsimo-not-simon-no-rock-in-rio-2026%2F\" onclick=\"javascript:window.open(this.href, &apos;&apos;, &apos;menubar=no,toolbar=no,resizable=yes,scrollbars=yes,height=500,width=600&apos;); return false;\" target=\"_blank\" title=\"Share on Facebook\"><i class=\"mec-fa-facebook\"><\/i><span class=\"mec-social-title\">Facebook<\/span><\/a><\/li><li class=\"mec-event-social-icon\"><a class=\"twitter\" href=\"https:\/\/x.com\/intent\/tweet?url=https%3A%2F%2Fagendaculturalriodejaneiro.com%2Fen%2Fevents%2Fsimo-not-simon-no-rock-in-rio-2026%2F\" onclick=\"javascript:window.open(this.href, &apos;&apos;, &apos;menubar=no,toolbar=no,resizable=yes,scrollbars=yes,height=600,width=500&apos;); return false;\" target=\"_blank\" title=\"X Social Network\"><svg xmlns=\"http:\/\/www.w3.org\/2000\/svg\" viewbox=\"0 0 512 462.799\"><path d=\"M403.229 0h78.506L310.219 196.04 512 462.799H354.002L230.261 301.007 88.669 462.799h-78.56l183.455-209.683L0 0h161.999l111.856 147.88L403.229 0zm-27.556 415.805h43.505L138.363 44.527h-46.68l283.99 371.278z\" \/><\/svg><span class=\"mec-social-title\">Twitter<\/span><\/a><\/li><li class=\"mec-event-social-icon\"><a class=\"linkedin\" href=\"https:\/\/www.linkedin.com\/shareArticle?mini=true&amp;url=https%3A%2F%2Fagendaculturalriodejaneiro.com%2Fen%2Fevents%2Fsimo-not-simon-no-rock-in-rio-2026%2F\" onclick=\"javascript:window.open(this.href, &apos;&apos;, &apos;menubar=no,toolbar=no,resizable=yes,scrollbars=yes,height=600,width=500&apos;); return false;\" target=\"_blank\" title=\"Linkedin\"><i class=\"mec-fa-linkedin\"><\/i><span class=\"mec-social-title\">Linkedin<\/span><\/a><\/li><li class=\"mec-event-social-icon\"><a class=\"email\" href=\"mailto:?subject=simo%20not%20simon%20no%20Rock%20in%20Rio%202026&amp;body=https%3A%2F%2Fagendaculturalriodejaneiro.com%2Fen%2Fevents%2Fsimo-not-simon-no-rock-in-rio-2026%2F\" title=\"Email\"><i class=\"mec-fa-envelope\"><\/i><span class=\"mec-social-title\">Email<\/span><\/a><\/li>                        <\/ul>\r\n                    <\/li>\r\n                <\/ul>\r\n                                                <a class=\"mec-booking-button\" data-event-id=\"50751\" href=\"https:\/\/agendaculturalriodejaneiro.com\/en\/events\/simo-not-simon-no-rock-in-rio-2026\/\" target=\"_self\" rel=\"noopener\">Ver Detalhes<\/a>            <\/div>\r\n        <\/article><\/div>                <div class=\"col-md-4 col-sm-4\"><article class=\" mec-event-article mec-clear  \">                                <div class=\"mec-event-image\"><a data-event-id=\"50126\" href=\"https:\/\/agendaculturalriodejaneiro.com\/en\/events\/bee-gees-alive-no-teatro-riachuelo-rj-3-572\/\" target=\"_self\" rel=\"noopener\"><img loading=\"lazy\" decoding=\"async\" width=\"300\" height=\"158\" src=\"https:\/\/agendaculturalriodejaneiro.com\/wp-content\/uploads\/2026\/05\/Silvia-Perez-Cruz-no-Teatro-Riachuelo-RJ-1-300x158.jpg\" class=\"attachment-medium size-medium wp-post-image\" alt=\"Silvia Perez Cruz no Teatro Riachuelo - RJ\" data-mec-postid=\"50126\" \/><\/a><\/div>\r\n                        <div class=\"mec-event-content\">\r\n                                    <div class=\"mec-event-date mec-bg-color\">\r\n                        <span class=\"mec-start-date-label\">08 September 2026<\/span>                                                                    <\/div>\r\n                                                                <h4 class=\"mec-event-title\"><a class=\"mec-color-hover\" data-event-id=\"50126\" href=\"https:\/\/agendaculturalriodejaneiro.com\/en\/events\/bee-gees-alive-no-teatro-riachuelo-rj-3-572\/\" target=\"_self\" rel=\"noopener\">Silvia Perez Cruz no Teatro Riachuelo &#8211; RJ<\/a><\/h4>\r\n                                <p class=\"mec-grid-event-location\">Teatro Riachuelo RJ, Rua do Passeio , 40, Rio de Janeiro - Rio de Janeiro<\/p>\r\n                                                                            <\/div>\r\n            <div class=\"mec-event-footer\">\r\n                                <ul class=\"mec-event-sharing-wrap\">\r\n                    <li class=\"mec-event-share\">\r\n                        <a href=\"#\" class=\"mec-event-share-icon\">\r\n                            <i class=\"mec-sl-share\" title=\"Share\"><\/i>\r\n                        <\/a>\r\n                    <\/li>\r\n                    <li>\r\n                        <ul class=\"mec-event-sharing\">\r\n                            <li class=\"mec-event-social-icon\"><a class=\"facebook\" href=\"https:\/\/www.facebook.com\/sharer\/sharer.php?u=https%3A%2F%2Fagendaculturalriodejaneiro.com%2Fen%2Fevents%2Fbee-gees-alive-no-teatro-riachuelo-rj-3-572%2F\" onclick=\"javascript:window.open(this.href, &apos;&apos;, &apos;menubar=no,toolbar=no,resizable=yes,scrollbars=yes,height=500,width=600&apos;); return false;\" target=\"_blank\" title=\"Share on Facebook\"><i class=\"mec-fa-facebook\"><\/i><span class=\"mec-social-title\">Facebook<\/span><\/a><\/li><li class=\"mec-event-social-icon\"><a class=\"twitter\" href=\"https:\/\/x.com\/intent\/tweet?url=https%3A%2F%2Fagendaculturalriodejaneiro.com%2Fen%2Fevents%2Fbee-gees-alive-no-teatro-riachuelo-rj-3-572%2F\" onclick=\"javascript:window.open(this.href, &apos;&apos;, &apos;menubar=no,toolbar=no,resizable=yes,scrollbars=yes,height=600,width=500&apos;); return false;\" target=\"_blank\" title=\"X Social Network\"><svg xmlns=\"http:\/\/www.w3.org\/2000\/svg\" viewbox=\"0 0 512 462.799\"><path d=\"M403.229 0h78.506L310.219 196.04 512 462.799H354.002L230.261 301.007 88.669 462.799h-78.56l183.455-209.683L0 0h161.999l111.856 147.88L403.229 0zm-27.556 415.805h43.505L138.363 44.527h-46.68l283.99 371.278z\" \/><\/svg><span class=\"mec-social-title\">Twitter<\/span><\/a><\/li><li class=\"mec-event-social-icon\"><a class=\"linkedin\" href=\"https:\/\/www.linkedin.com\/shareArticle?mini=true&amp;url=https%3A%2F%2Fagendaculturalriodejaneiro.com%2Fen%2Fevents%2Fbee-gees-alive-no-teatro-riachuelo-rj-3-572%2F\" onclick=\"javascript:window.open(this.href, &apos;&apos;, &apos;menubar=no,toolbar=no,resizable=yes,scrollbars=yes,height=600,width=500&apos;); return false;\" target=\"_blank\" title=\"Linkedin\"><i class=\"mec-fa-linkedin\"><\/i><span class=\"mec-social-title\">Linkedin<\/span><\/a><\/li><li class=\"mec-event-social-icon\"><a class=\"email\" href=\"mailto:?subject=Silvia%20Perez%20Cruz%20no%20Teatro%20Riachuelo%20-%20RJ&amp;body=https%3A%2F%2Fagendaculturalriodejaneiro.com%2Fen%2Fevents%2Fbee-gees-alive-no-teatro-riachuelo-rj-3-572%2F\" title=\"Email\"><i class=\"mec-fa-envelope\"><\/i><span class=\"mec-social-title\">Email<\/span><\/a><\/li>                        <\/ul>\r\n                    <\/li>\r\n                <\/ul>\r\n                                                <a class=\"mec-booking-button\" data-event-id=\"50126\" href=\"https:\/\/agendaculturalriodejaneiro.com\/en\/events\/bee-gees-alive-no-teatro-riachuelo-rj-3-572\/\" target=\"_self\" rel=\"noopener\">Ver Detalhes<\/a>            <\/div>\r\n        <\/article><\/div>                <div class=\"col-md-4 col-sm-4\"><article class=\" mec-event-article mec-clear  \">                                <div class=\"mec-event-image\"><a data-event-id=\"50129\" href=\"https:\/\/agendaculturalriodejaneiro.com\/en\/events\/cicero-15-anos-de-cancoes-de-apartamento-no-teatro-riachuelo-rj\/\" target=\"_self\" rel=\"noopener\"><img loading=\"lazy\" decoding=\"async\" width=\"300\" height=\"158\" src=\"https:\/\/agendaculturalriodejaneiro.com\/wp-content\/uploads\/2026\/05\/Cicero-\u2013-15-Anos-De-Cancoes-De-Apartamento-no-Teatro-Riachuelo-RJ-1-300x158.jpg\" class=\"attachment-medium size-medium wp-post-image\" alt=\"C\u00edcero \u2013 15 Anos De \u201cCan\u00e7\u00f5es De Apartamento\u201d no Teatro Riachuelo - RJ\" data-mec-postid=\"50129\" \/><\/a><\/div>\r\n                        <div class=\"mec-event-content\">\r\n                                    <div class=\"mec-event-date mec-bg-color\">\r\n                        <span class=\"mec-start-date-label\">09 September 2026<\/span>                                                                    <\/div>\r\n                                                                <h4 class=\"mec-event-title\"><a class=\"mec-color-hover\" data-event-id=\"50129\" href=\"https:\/\/agendaculturalriodejaneiro.com\/en\/events\/cicero-15-anos-de-cancoes-de-apartamento-no-teatro-riachuelo-rj\/\" target=\"_self\" rel=\"noopener\">C\u00edcero \u2013 15 Anos De \u201cCan\u00e7\u00f5es De Apartamento\u201d no Teatro Riachuelo &#8211; RJ<\/a><\/h4>\r\n                                <p class=\"mec-grid-event-location\">Teatro Riachuelo RJ, Rua do Passeio , 40, Rio de Janeiro - Rio de Janeiro<\/p>\r\n                                                                            <\/div>\r\n            <div class=\"mec-event-footer\">\r\n                                <ul class=\"mec-event-sharing-wrap\">\r\n                    <li class=\"mec-event-share\">\r\n                        <a href=\"#\" class=\"mec-event-share-icon\">\r\n                            <i class=\"mec-sl-share\" title=\"Share\"><\/i>\r\n                        <\/a>\r\n                    <\/li>\r\n                    <li>\r\n                        <ul class=\"mec-event-sharing\">\r\n                            <li class=\"mec-event-social-icon\"><a class=\"facebook\" href=\"https:\/\/www.facebook.com\/sharer\/sharer.php?u=https%3A%2F%2Fagendaculturalriodejaneiro.com%2Fen%2Fevents%2Fcicero-15-anos-de-cancoes-de-apartamento-no-teatro-riachuelo-rj%2F\" onclick=\"javascript:window.open(this.href, &apos;&apos;, &apos;menubar=no,toolbar=no,resizable=yes,scrollbars=yes,height=500,width=600&apos;); return false;\" target=\"_blank\" title=\"Share on Facebook\"><i class=\"mec-fa-facebook\"><\/i><span class=\"mec-social-title\">Facebook<\/span><\/a><\/li><li class=\"mec-event-social-icon\"><a class=\"twitter\" href=\"https:\/\/x.com\/intent\/tweet?url=https%3A%2F%2Fagendaculturalriodejaneiro.com%2Fen%2Fevents%2Fcicero-15-anos-de-cancoes-de-apartamento-no-teatro-riachuelo-rj%2F\" onclick=\"javascript:window.open(this.href, &apos;&apos;, &apos;menubar=no,toolbar=no,resizable=yes,scrollbars=yes,height=600,width=500&apos;); return false;\" target=\"_blank\" title=\"X Social Network\"><svg xmlns=\"http:\/\/www.w3.org\/2000\/svg\" viewbox=\"0 0 512 462.799\"><path d=\"M403.229 0h78.506L310.219 196.04 512 462.799H354.002L230.261 301.007 88.669 462.799h-78.56l183.455-209.683L0 0h161.999l111.856 147.88L403.229 0zm-27.556 415.805h43.505L138.363 44.527h-46.68l283.99 371.278z\" \/><\/svg><span class=\"mec-social-title\">Twitter<\/span><\/a><\/li><li class=\"mec-event-social-icon\"><a class=\"linkedin\" href=\"https:\/\/www.linkedin.com\/shareArticle?mini=true&amp;url=https%3A%2F%2Fagendaculturalriodejaneiro.com%2Fen%2Fevents%2Fcicero-15-anos-de-cancoes-de-apartamento-no-teatro-riachuelo-rj%2F\" onclick=\"javascript:window.open(this.href, &apos;&apos;, &apos;menubar=no,toolbar=no,resizable=yes,scrollbars=yes,height=600,width=500&apos;); return false;\" target=\"_blank\" title=\"Linkedin\"><i class=\"mec-fa-linkedin\"><\/i><span class=\"mec-social-title\">Linkedin<\/span><\/a><\/li><li class=\"mec-event-social-icon\"><a class=\"email\" href=\"mailto:?subject=C%C3%ADcero%20%E2%80%93%2015%20Anos%20De%20%E2%80%9CCan%C3%A7%C3%B5es%20De%20Apartamento%E2%80%9D%20no%20Teatro%20Riachuelo%20-%20RJ&amp;body=https%3A%2F%2Fagendaculturalriodejaneiro.com%2Fen%2Fevents%2Fcicero-15-anos-de-cancoes-de-apartamento-no-teatro-riachuelo-rj%2F\" title=\"Email\"><i class=\"mec-fa-envelope\"><\/i><span class=\"mec-social-title\">Email<\/span><\/a><\/li>                        <\/ul>\r\n                    <\/li>\r\n                <\/ul>\r\n                                                <a class=\"mec-booking-button\" data-event-id=\"50129\" href=\"https:\/\/agendaculturalriodejaneiro.com\/en\/events\/cicero-15-anos-de-cancoes-de-apartamento-no-teatro-riachuelo-rj\/\" target=\"_self\" rel=\"noopener\">Ver Detalhes<\/a>            <\/div>\r\n        <\/article><\/div><\/div>                <div class=\"row\"><div class=\"col-md-4 col-sm-4\"><article class=\" mec-event-article mec-clear  \">                                <div class=\"mec-event-image\"><a data-event-id=\"50753\" href=\"https:\/\/agendaculturalriodejaneiro.com\/en\/events\/alok-no-rock-in-rio-2026\/\" target=\"_self\" rel=\"noopener\"><img loading=\"lazy\" decoding=\"async\" width=\"300\" height=\"300\" src=\"https:\/\/agendaculturalriodejaneiro.com\/wp-content\/uploads\/2026\/06\/16411897.jpeg\" class=\"attachment-medium size-medium wp-post-image\" alt=\"\" data-mec-postid=\"50753\" \/><\/a><\/div>\r\n                        <div class=\"mec-event-content\">\r\n                                    <div class=\"mec-event-date mec-bg-color\">\r\n                        <span class=\"mec-start-date-label\">11 September 2026<\/span>                                                                    <\/div>\r\n                                                                <h4 class=\"mec-event-title\"><a class=\"mec-color-hover\" data-event-id=\"50753\" href=\"https:\/\/agendaculturalriodejaneiro.com\/en\/events\/alok-no-rock-in-rio-2026\/\" target=\"_self\" rel=\"noopener\">Alok no Rock in Rio 2026<\/a><\/h4>\r\n                                <p class=\"mec-grid-event-location\">Rock in Rio, Av. Salvador Allende, Rio de Janeiro<\/p>\r\n                                                                            <\/div>\r\n            <div class=\"mec-event-footer\">\r\n                                <ul class=\"mec-event-sharing-wrap\">\r\n                    <li class=\"mec-event-share\">\r\n                        <a href=\"#\" class=\"mec-event-share-icon\">\r\n                            <i class=\"mec-sl-share\" title=\"Share\"><\/i>\r\n                        <\/a>\r\n                    <\/li>\r\n                    <li>\r\n                        <ul class=\"mec-event-sharing\">\r\n                            <li class=\"mec-event-social-icon\"><a class=\"facebook\" href=\"https:\/\/www.facebook.com\/sharer\/sharer.php?u=https%3A%2F%2Fagendaculturalriodejaneiro.com%2Fen%2Fevents%2Falok-no-rock-in-rio-2026%2F\" onclick=\"javascript:window.open(this.href, &apos;&apos;, &apos;menubar=no,toolbar=no,resizable=yes,scrollbars=yes,height=500,width=600&apos;); return false;\" target=\"_blank\" title=\"Share on Facebook\"><i class=\"mec-fa-facebook\"><\/i><span class=\"mec-social-title\">Facebook<\/span><\/a><\/li><li class=\"mec-event-social-icon\"><a class=\"twitter\" href=\"https:\/\/x.com\/intent\/tweet?url=https%3A%2F%2Fagendaculturalriodejaneiro.com%2Fen%2Fevents%2Falok-no-rock-in-rio-2026%2F\" onclick=\"javascript:window.open(this.href, &apos;&apos;, &apos;menubar=no,toolbar=no,resizable=yes,scrollbars=yes,height=600,width=500&apos;); return false;\" target=\"_blank\" title=\"X Social Network\"><svg xmlns=\"http:\/\/www.w3.org\/2000\/svg\" viewbox=\"0 0 512 462.799\"><path d=\"M403.229 0h78.506L310.219 196.04 512 462.799H354.002L230.261 301.007 88.669 462.799h-78.56l183.455-209.683L0 0h161.999l111.856 147.88L403.229 0zm-27.556 415.805h43.505L138.363 44.527h-46.68l283.99 371.278z\" \/><\/svg><span class=\"mec-social-title\">Twitter<\/span><\/a><\/li><li class=\"mec-event-social-icon\"><a class=\"linkedin\" href=\"https:\/\/www.linkedin.com\/shareArticle?mini=true&amp;url=https%3A%2F%2Fagendaculturalriodejaneiro.com%2Fen%2Fevents%2Falok-no-rock-in-rio-2026%2F\" onclick=\"javascript:window.open(this.href, &apos;&apos;, &apos;menubar=no,toolbar=no,resizable=yes,scrollbars=yes,height=600,width=500&apos;); return false;\" target=\"_blank\" title=\"Linkedin\"><i class=\"mec-fa-linkedin\"><\/i><span class=\"mec-social-title\">Linkedin<\/span><\/a><\/li><li class=\"mec-event-social-icon\"><a class=\"email\" href=\"mailto:?subject=Alok%20no%20Rock%20in%20Rio%202026&amp;body=https%3A%2F%2Fagendaculturalriodejaneiro.com%2Fen%2Fevents%2Falok-no-rock-in-rio-2026%2F\" title=\"Email\"><i class=\"mec-fa-envelope\"><\/i><span class=\"mec-social-title\">Email<\/span><\/a><\/li>                        <\/ul>\r\n                    <\/li>\r\n                <\/ul>\r\n                                                <a class=\"mec-booking-button\" data-event-id=\"50753\" href=\"https:\/\/agendaculturalriodejaneiro.com\/en\/events\/alok-no-rock-in-rio-2026\/\" target=\"_self\" rel=\"noopener\">Ver Detalhes<\/a>            <\/div>\r\n        <\/article><\/div>        <div class=\"col-md-4 col-sm-4\"><article class=\" mec-event-article mec-clear  \">                                <div class=\"mec-event-image\"><a data-event-id=\"50755\" href=\"https:\/\/agendaculturalriodejaneiro.com\/en\/events\/newfmx-no-rock-in-rio-2026\/\" target=\"_self\" rel=\"noopener\"><img loading=\"lazy\" decoding=\"async\" width=\"300\" height=\"300\" src=\"https:\/\/agendaculturalriodejaneiro.com\/wp-content\/uploads\/2026\/06\/24025038.jpeg\" class=\"attachment-medium size-medium wp-post-image\" alt=\"\" data-mec-postid=\"50755\" \/><\/a><\/div>\r\n                        <div class=\"mec-event-content\">\r\n                                    <div class=\"mec-event-date mec-bg-color\">\r\n                        <span class=\"mec-start-date-label\">11 September 2026<\/span>                                                                    <\/div>\r\n                                                                <h4 class=\"mec-event-title\"><a class=\"mec-color-hover\" data-event-id=\"50755\" href=\"https:\/\/agendaculturalriodejaneiro.com\/en\/events\/newfmx-no-rock-in-rio-2026\/\" target=\"_self\" rel=\"noopener\">Newfmx no Rock in Rio 2026<\/a><\/h4>\r\n                                <p class=\"mec-grid-event-location\">Rock in Rio, Av. Salvador Allende, Rio de Janeiro<\/p>\r\n                                                                            <\/div>\r\n            <div class=\"mec-event-footer\">\r\n                                <ul class=\"mec-event-sharing-wrap\">\r\n                    <li class=\"mec-event-share\">\r\n                        <a href=\"#\" class=\"mec-event-share-icon\">\r\n                            <i class=\"mec-sl-share\" title=\"Share\"><\/i>\r\n                        <\/a>\r\n                    <\/li>\r\n                    <li>\r\n                        <ul class=\"mec-event-sharing\">\r\n                            <li class=\"mec-event-social-icon\"><a class=\"facebook\" href=\"https:\/\/www.facebook.com\/sharer\/sharer.php?u=https%3A%2F%2Fagendaculturalriodejaneiro.com%2Fen%2Fevents%2Fnewfmx-no-rock-in-rio-2026%2F\" onclick=\"javascript:window.open(this.href, &apos;&apos;, &apos;menubar=no,toolbar=no,resizable=yes,scrollbars=yes,height=500,width=600&apos;); return false;\" target=\"_blank\" title=\"Share on Facebook\"><i class=\"mec-fa-facebook\"><\/i><span class=\"mec-social-title\">Facebook<\/span><\/a><\/li><li class=\"mec-event-social-icon\"><a class=\"twitter\" href=\"https:\/\/x.com\/intent\/tweet?url=https%3A%2F%2Fagendaculturalriodejaneiro.com%2Fen%2Fevents%2Fnewfmx-no-rock-in-rio-2026%2F\" onclick=\"javascript:window.open(this.href, &apos;&apos;, &apos;menubar=no,toolbar=no,resizable=yes,scrollbars=yes,height=600,width=500&apos;); return false;\" target=\"_blank\" title=\"X Social Network\"><svg xmlns=\"http:\/\/www.w3.org\/2000\/svg\" viewbox=\"0 0 512 462.799\"><path d=\"M403.229 0h78.506L310.219 196.04 512 462.799H354.002L230.261 301.007 88.669 462.799h-78.56l183.455-209.683L0 0h161.999l111.856 147.88L403.229 0zm-27.556 415.805h43.505L138.363 44.527h-46.68l283.99 371.278z\" \/><\/svg><span class=\"mec-social-title\">Twitter<\/span><\/a><\/li><li class=\"mec-event-social-icon\"><a class=\"linkedin\" href=\"https:\/\/www.linkedin.com\/shareArticle?mini=true&amp;url=https%3A%2F%2Fagendaculturalriodejaneiro.com%2Fen%2Fevents%2Fnewfmx-no-rock-in-rio-2026%2F\" onclick=\"javascript:window.open(this.href, &apos;&apos;, &apos;menubar=no,toolbar=no,resizable=yes,scrollbars=yes,height=600,width=500&apos;); return false;\" target=\"_blank\" title=\"Linkedin\"><i class=\"mec-fa-linkedin\"><\/i><span class=\"mec-social-title\">Linkedin<\/span><\/a><\/li><li class=\"mec-event-social-icon\"><a class=\"email\" href=\"mailto:?subject=Newfmx%20no%20Rock%20in%20Rio%202026&amp;body=https%3A%2F%2Fagendaculturalriodejaneiro.com%2Fen%2Fevents%2Fnewfmx-no-rock-in-rio-2026%2F\" title=\"Email\"><i class=\"mec-fa-envelope\"><\/i><span class=\"mec-social-title\">Email<\/span><\/a><\/li>                        <\/ul>\r\n                    <\/li>\r\n                <\/ul>\r\n                                                <a class=\"mec-booking-button\" data-event-id=\"50755\" href=\"https:\/\/agendaculturalriodejaneiro.com\/en\/events\/newfmx-no-rock-in-rio-2026\/\" target=\"_self\" rel=\"noopener\">Ver Detalhes<\/a>            <\/div>\r\n        <\/article><\/div>        <div class=\"col-md-4 col-sm-4\"><article class=\" mec-event-article mec-clear  \">                                <div class=\"mec-event-image\"><a data-event-id=\"52781\" href=\"https:\/\/agendaculturalriodejaneiro.com\/en\/events\/the-jazz-room-uma-viagem-pelo-coracao-de-nova-orleans\/\" target=\"_self\" rel=\"noopener\"><img loading=\"lazy\" decoding=\"async\" width=\"300\" height=\"300\" src=\"https:\/\/agendaculturalriodejaneiro.com\/wp-content\/uploads\/2026\/08\/bef7eaf6-4b10-11f1-9b40-92ff59a3bd30-300x300.jpg\" class=\"attachment-medium size-medium wp-post-image\" alt=\"\" data-mec-postid=\"52781\" \/><\/a><\/div>\r\n                        <div class=\"mec-event-content\">\r\n                                    <div class=\"mec-event-date mec-bg-color\">\r\n                        <span class=\"mec-start-date-label\">11 September 2026<\/span>                                                                    <\/div>\r\n                                                                <h4 class=\"mec-event-title\"><a class=\"mec-color-hover\" data-event-id=\"52781\" href=\"https:\/\/agendaculturalriodejaneiro.com\/en\/events\/the-jazz-room-uma-viagem-pelo-coracao-de-nova-orleans\/\" target=\"_self\" rel=\"noopener\">The Jazz Room: Uma viagem pelo cora\u00e7\u00e3o de Nova Orleans<\/a><\/h4>\r\n                                <p class=\"mec-grid-event-location\">Teatro Rival Petrobras, Rua \u00c1lvaro Alvim ,33 - Subsolo, Rio de Janeiro - Rio de Janeiro<\/p>\r\n                                                                            <\/div>\r\n            <div class=\"mec-event-footer\">\r\n                                <ul class=\"mec-event-sharing-wrap\">\r\n                    <li class=\"mec-event-share\">\r\n                        <a href=\"#\" class=\"mec-event-share-icon\">\r\n                            <i class=\"mec-sl-share\" title=\"Share\"><\/i>\r\n                        <\/a>\r\n                    <\/li>\r\n                    <li>\r\n                        <ul class=\"mec-event-sharing\">\r\n                            <li class=\"mec-event-social-icon\"><a class=\"facebook\" href=\"https:\/\/www.facebook.com\/sharer\/sharer.php?u=https%3A%2F%2Fagendaculturalriodejaneiro.com%2Fen%2Fevents%2Fthe-jazz-room-uma-viagem-pelo-coracao-de-nova-orleans%2F\" onclick=\"javascript:window.open(this.href, &apos;&apos;, &apos;menubar=no,toolbar=no,resizable=yes,scrollbars=yes,height=500,width=600&apos;); return false;\" target=\"_blank\" title=\"Share on Facebook\"><i class=\"mec-fa-facebook\"><\/i><span class=\"mec-social-title\">Facebook<\/span><\/a><\/li><li class=\"mec-event-social-icon\"><a class=\"twitter\" href=\"https:\/\/x.com\/intent\/tweet?url=https%3A%2F%2Fagendaculturalriodejaneiro.com%2Fen%2Fevents%2Fthe-jazz-room-uma-viagem-pelo-coracao-de-nova-orleans%2F\" onclick=\"javascript:window.open(this.href, &apos;&apos;, &apos;menubar=no,toolbar=no,resizable=yes,scrollbars=yes,height=600,width=500&apos;); return false;\" target=\"_blank\" title=\"X Social Network\"><svg xmlns=\"http:\/\/www.w3.org\/2000\/svg\" viewbox=\"0 0 512 462.799\"><path d=\"M403.229 0h78.506L310.219 196.04 512 462.799H354.002L230.261 301.007 88.669 462.799h-78.56l183.455-209.683L0 0h161.999l111.856 147.88L403.229 0zm-27.556 415.805h43.505L138.363 44.527h-46.68l283.99 371.278z\" \/><\/svg><span class=\"mec-social-title\">Twitter<\/span><\/a><\/li><li class=\"mec-event-social-icon\"><a class=\"linkedin\" href=\"https:\/\/www.linkedin.com\/shareArticle?mini=true&amp;url=https%3A%2F%2Fagendaculturalriodejaneiro.com%2Fen%2Fevents%2Fthe-jazz-room-uma-viagem-pelo-coracao-de-nova-orleans%2F\" onclick=\"javascript:window.open(this.href, &apos;&apos;, &apos;menubar=no,toolbar=no,resizable=yes,scrollbars=yes,height=600,width=500&apos;); return false;\" target=\"_blank\" title=\"Linkedin\"><i class=\"mec-fa-linkedin\"><\/i><span class=\"mec-social-title\">Linkedin<\/span><\/a><\/li><li class=\"mec-event-social-icon\"><a class=\"email\" href=\"mailto:?subject=The%20Jazz%20Room%3A%20Uma%20viagem%20pelo%20cora%C3%A7%C3%A3o%20de%20Nova%20Orleans&amp;body=https%3A%2F%2Fagendaculturalriodejaneiro.com%2Fen%2Fevents%2Fthe-jazz-room-uma-viagem-pelo-coracao-de-nova-orleans%2F\" title=\"Email\"><i class=\"mec-fa-envelope\"><\/i><span class=\"mec-social-title\">Email<\/span><\/a><\/li>                        <\/ul>\r\n                    <\/li>\r\n                <\/ul>\r\n                                                <a class=\"mec-booking-button\" data-event-id=\"52781\" href=\"https:\/\/agendaculturalriodejaneiro.com\/en\/events\/the-jazz-room-uma-viagem-pelo-coracao-de-nova-orleans\/\" target=\"_self\" rel=\"noopener\">Ver Detalhes<\/a>            <\/div>\r\n        <\/article><\/div><\/div>        <div class=\"row\"><div class=\"col-md-4 col-sm-4\"><article class=\" mec-event-article mec-clear  \">                                <div class=\"mec-event-image\"><a data-event-id=\"51641\" href=\"https:\/\/agendaculturalriodejaneiro.com\/en\/events\/candlelight-tributo-a-michael-jackson\/\" target=\"_self\" rel=\"noopener\"><img loading=\"lazy\" decoding=\"async\" width=\"300\" height=\"217\" src=\"https:\/\/agendaculturalriodejaneiro.com\/wp-content\/uploads\/2026\/06\/73893830-1917-11f0-af90-de92939c34e1-300x217.jpg\" class=\"attachment-medium size-medium wp-post-image\" alt=\"\" data-mec-postid=\"51641\" \/><\/a><\/div>\r\n                        <div class=\"mec-event-content\">\r\n                                    <div class=\"mec-event-date mec-bg-color\">\r\n                        <span class=\"mec-start-date-label\">11 September 2026<\/span>                                                                    <\/div>\r\n                                                                <h4 class=\"mec-event-title\"><a class=\"mec-color-hover\" data-event-id=\"51641\" href=\"https:\/\/agendaculturalriodejaneiro.com\/en\/events\/candlelight-tributo-a-michael-jackson\/\" target=\"_self\" rel=\"noopener\">Candlelight: Tributo a Michael Jackson celebra sucessos do Rei do Pop no Rio<\/a><\/h4>\r\n                                <p class=\"mec-grid-event-location\">Solar de Botafogo, Rio de Janeiro<\/p>\r\n                                                                            <\/div>\r\n            <div class=\"mec-event-footer\">\r\n                                <ul class=\"mec-event-sharing-wrap\">\r\n                    <li class=\"mec-event-share\">\r\n                        <a href=\"#\" class=\"mec-event-share-icon\">\r\n                            <i class=\"mec-sl-share\" title=\"Share\"><\/i>\r\n                        <\/a>\r\n                    <\/li>\r\n                    <li>\r\n                        <ul class=\"mec-event-sharing\">\r\n                            <li class=\"mec-event-social-icon\"><a class=\"facebook\" href=\"https:\/\/www.facebook.com\/sharer\/sharer.php?u=https%3A%2F%2Fagendaculturalriodejaneiro.com%2Fen%2Fevents%2Fcandlelight-tributo-a-michael-jackson%2F\" onclick=\"javascript:window.open(this.href, &apos;&apos;, &apos;menubar=no,toolbar=no,resizable=yes,scrollbars=yes,height=500,width=600&apos;); return false;\" target=\"_blank\" title=\"Share on Facebook\"><i class=\"mec-fa-facebook\"><\/i><span class=\"mec-social-title\">Facebook<\/span><\/a><\/li><li class=\"mec-event-social-icon\"><a class=\"twitter\" href=\"https:\/\/x.com\/intent\/tweet?url=https%3A%2F%2Fagendaculturalriodejaneiro.com%2Fen%2Fevents%2Fcandlelight-tributo-a-michael-jackson%2F\" onclick=\"javascript:window.open(this.href, &apos;&apos;, &apos;menubar=no,toolbar=no,resizable=yes,scrollbars=yes,height=600,width=500&apos;); return false;\" target=\"_blank\" title=\"X Social Network\"><svg xmlns=\"http:\/\/www.w3.org\/2000\/svg\" viewbox=\"0 0 512 462.799\"><path d=\"M403.229 0h78.506L310.219 196.04 512 462.799H354.002L230.261 301.007 88.669 462.799h-78.56l183.455-209.683L0 0h161.999l111.856 147.88L403.229 0zm-27.556 415.805h43.505L138.363 44.527h-46.68l283.99 371.278z\" \/><\/svg><span class=\"mec-social-title\">Twitter<\/span><\/a><\/li><li class=\"mec-event-social-icon\"><a class=\"linkedin\" href=\"https:\/\/www.linkedin.com\/shareArticle?mini=true&amp;url=https%3A%2F%2Fagendaculturalriodejaneiro.com%2Fen%2Fevents%2Fcandlelight-tributo-a-michael-jackson%2F\" onclick=\"javascript:window.open(this.href, &apos;&apos;, &apos;menubar=no,toolbar=no,resizable=yes,scrollbars=yes,height=600,width=500&apos;); return false;\" target=\"_blank\" title=\"Linkedin\"><i class=\"mec-fa-linkedin\"><\/i><span class=\"mec-social-title\">Linkedin<\/span><\/a><\/li><li class=\"mec-event-social-icon\"><a class=\"email\" href=\"mailto:?subject=Candlelight%3A%20Tributo%20a%20Michael%20Jackson%20celebra%20sucessos%20do%20Rei%20do%20Pop%20no%20Rio&amp;body=https%3A%2F%2Fagendaculturalriodejaneiro.com%2Fen%2Fevents%2Fcandlelight-tributo-a-michael-jackson%2F\" title=\"Email\"><i class=\"mec-fa-envelope\"><\/i><span class=\"mec-social-title\">Email<\/span><\/a><\/li>                        <\/ul>\r\n                    <\/li>\r\n                <\/ul>\r\n                                                <a class=\"mec-booking-button\" data-event-id=\"51641\" href=\"https:\/\/agendaculturalriodejaneiro.com\/en\/events\/candlelight-tributo-a-michael-jackson\/\" target=\"_self\" rel=\"noopener\">Ver Detalhes<\/a>            <\/div>\r\n        <\/article><\/div>        <div class=\"col-md-4 col-sm-4\"><article class=\"mec-past-event mec-event-article mec-clear  \">                                <div class=\"mec-event-image\"><a data-event-id=\"51672\" href=\"https:\/\/agendaculturalriodejaneiro.com\/en\/events\/candlelight-coldplay-vs-ed-sheeran-2\/\" target=\"_self\" rel=\"noopener\"><img loading=\"lazy\" decoding=\"async\" width=\"300\" height=\"217\" src=\"https:\/\/agendaculturalriodejaneiro.com\/wp-content\/uploads\/2026\/06\/dc7d1b48-148c-11f0-b520-be12cc90078e-300x217.jpg\" class=\"attachment-medium size-medium wp-post-image\" alt=\"\" data-mec-postid=\"51672\" \/><\/a><\/div>\r\n                        <div class=\"mec-event-content\">\r\n                                    <div class=\"mec-event-date mec-bg-color\">\r\n                        <span class=\"mec-start-date-label\">11 September 2026<\/span>                                                                    <\/div>\r\n                                                                <h4 class=\"mec-event-title\"><a class=\"mec-color-hover\" data-event-id=\"51672\" href=\"https:\/\/agendaculturalriodejaneiro.com\/en\/events\/candlelight-coldplay-vs-ed-sheeran-2\/\" target=\"_self\" rel=\"noopener\">Candlelight: Coldplay vs Ed Sheeran<\/a><\/h4>\r\n                                <p class=\"mec-grid-event-location\">Solar de Botafogo, Rio de Janeiro<\/p>\r\n                                                                            <\/div>\r\n            <div class=\"mec-event-footer\">\r\n                                <ul class=\"mec-event-sharing-wrap\">\r\n                    <li class=\"mec-event-share\">\r\n                        <a href=\"#\" class=\"mec-event-share-icon\">\r\n                            <i class=\"mec-sl-share\" title=\"Share\"><\/i>\r\n                        <\/a>\r\n                    <\/li>\r\n                    <li>\r\n                        <ul class=\"mec-event-sharing\">\r\n                            <li class=\"mec-event-social-icon\"><a class=\"facebook\" href=\"https:\/\/www.facebook.com\/sharer\/sharer.php?u=https%3A%2F%2Fagendaculturalriodejaneiro.com%2Fen%2Fevents%2Fcandlelight-coldplay-vs-ed-sheeran-2%2F\" onclick=\"javascript:window.open(this.href, &apos;&apos;, &apos;menubar=no,toolbar=no,resizable=yes,scrollbars=yes,height=500,width=600&apos;); return false;\" target=\"_blank\" title=\"Share on Facebook\"><i class=\"mec-fa-facebook\"><\/i><span class=\"mec-social-title\">Facebook<\/span><\/a><\/li><li class=\"mec-event-social-icon\"><a class=\"twitter\" href=\"https:\/\/x.com\/intent\/tweet?url=https%3A%2F%2Fagendaculturalriodejaneiro.com%2Fen%2Fevents%2Fcandlelight-coldplay-vs-ed-sheeran-2%2F\" onclick=\"javascript:window.open(this.href, &apos;&apos;, &apos;menubar=no,toolbar=no,resizable=yes,scrollbars=yes,height=600,width=500&apos;); return false;\" target=\"_blank\" title=\"X Social Network\"><svg xmlns=\"http:\/\/www.w3.org\/2000\/svg\" viewbox=\"0 0 512 462.799\"><path d=\"M403.229 0h78.506L310.219 196.04 512 462.799H354.002L230.261 301.007 88.669 462.799h-78.56l183.455-209.683L0 0h161.999l111.856 147.88L403.229 0zm-27.556 415.805h43.505L138.363 44.527h-46.68l283.99 371.278z\" \/><\/svg><span class=\"mec-social-title\">Twitter<\/span><\/a><\/li><li class=\"mec-event-social-icon\"><a class=\"linkedin\" href=\"https:\/\/www.linkedin.com\/shareArticle?mini=true&amp;url=https%3A%2F%2Fagendaculturalriodejaneiro.com%2Fen%2Fevents%2Fcandlelight-coldplay-vs-ed-sheeran-2%2F\" onclick=\"javascript:window.open(this.href, &apos;&apos;, &apos;menubar=no,toolbar=no,resizable=yes,scrollbars=yes,height=600,width=500&apos;); return false;\" target=\"_blank\" title=\"Linkedin\"><i class=\"mec-fa-linkedin\"><\/i><span class=\"mec-social-title\">Linkedin<\/span><\/a><\/li><li class=\"mec-event-social-icon\"><a class=\"email\" href=\"mailto:?subject=Candlelight%3A%20Coldplay%20vs%20Ed%20Sheeran&amp;body=https%3A%2F%2Fagendaculturalriodejaneiro.com%2Fen%2Fevents%2Fcandlelight-coldplay-vs-ed-sheeran-2%2F\" title=\"Email\"><i class=\"mec-fa-envelope\"><\/i><span class=\"mec-social-title\">Email<\/span><\/a><\/li>                        <\/ul>\r\n                    <\/li>\r\n                <\/ul>\r\n                                                <a class=\"mec-booking-button\" data-event-id=\"51672\" href=\"https:\/\/agendaculturalriodejaneiro.com\/en\/events\/candlelight-coldplay-vs-ed-sheeran-2\/\" target=\"_self\" rel=\"noopener\">Ver Detalhes<\/a>            <\/div>\r\n        <\/article><\/div>        <div class=\"col-md-4 col-sm-4\"><article class=\" mec-event-article mec-clear  \">                                <div class=\"mec-event-image\"><a data-event-id=\"52861\" href=\"https:\/\/agendaculturalriodejaneiro.com\/en\/events\/monobloco-no-circo-voador-leva-mistura-de-samba-e-ritmos-brasileiros-a-lapa\/\" target=\"_self\" rel=\"noopener\"><img loading=\"lazy\" decoding=\"async\" width=\"300\" height=\"300\" src=\"https:\/\/agendaculturalriodejaneiro.com\/wp-content\/uploads\/2026\/08\/11933274.jpeg\" class=\"attachment-medium size-medium wp-post-image\" alt=\"\" data-mec-postid=\"52861\" \/><\/a><\/div>\r\n                        <div class=\"mec-event-content\">\r\n                                    <div class=\"mec-event-date mec-bg-color\">\r\n                        <span class=\"mec-start-date-label\">11 September 2026<\/span>                                                                    <\/div>\r\n                                                                <h4 class=\"mec-event-title\"><a class=\"mec-color-hover\" data-event-id=\"52861\" href=\"https:\/\/agendaculturalriodejaneiro.com\/en\/events\/monobloco-no-circo-voador-leva-mistura-de-samba-e-ritmos-brasileiros-a-lapa\/\" target=\"_self\" rel=\"noopener\">Monobloco no Circo Voador leva mistura de samba e ritmos brasileiros \u00e0 Lapa<\/a><\/h4>\r\n                                <p class=\"mec-grid-event-location\">Circo Voador, R. dos Arcos, s\/n - Jardim Iracema, Rio de Janeiro - RJ, 20230-060, Brasil<\/p>\r\n                                                                            <\/div>\r\n            <div class=\"mec-event-footer\">\r\n                                <ul class=\"mec-event-sharing-wrap\">\r\n                    <li class=\"mec-event-share\">\r\n                        <a href=\"#\" class=\"mec-event-share-icon\">\r\n                            <i class=\"mec-sl-share\" title=\"Share\"><\/i>\r\n                        <\/a>\r\n                    <\/li>\r\n                    <li>\r\n                        <ul class=\"mec-event-sharing\">\r\n                            <li class=\"mec-event-social-icon\"><a class=\"facebook\" href=\"https:\/\/www.facebook.com\/sharer\/sharer.php?u=https%3A%2F%2Fagendaculturalriodejaneiro.com%2Fen%2Fevents%2Fmonobloco-no-circo-voador-leva-mistura-de-samba-e-ritmos-brasileiros-a-lapa%2F\" onclick=\"javascript:window.open(this.href, &apos;&apos;, &apos;menubar=no,toolbar=no,resizable=yes,scrollbars=yes,height=500,width=600&apos;); return false;\" target=\"_blank\" title=\"Share on Facebook\"><i class=\"mec-fa-facebook\"><\/i><span class=\"mec-social-title\">Facebook<\/span><\/a><\/li><li class=\"mec-event-social-icon\"><a class=\"twitter\" href=\"https:\/\/x.com\/intent\/tweet?url=https%3A%2F%2Fagendaculturalriodejaneiro.com%2Fen%2Fevents%2Fmonobloco-no-circo-voador-leva-mistura-de-samba-e-ritmos-brasileiros-a-lapa%2F\" onclick=\"javascript:window.open(this.href, &apos;&apos;, &apos;menubar=no,toolbar=no,resizable=yes,scrollbars=yes,height=600,width=500&apos;); return false;\" target=\"_blank\" title=\"X Social Network\"><svg xmlns=\"http:\/\/www.w3.org\/2000\/svg\" viewbox=\"0 0 512 462.799\"><path d=\"M403.229 0h78.506L310.219 196.04 512 462.799H354.002L230.261 301.007 88.669 462.799h-78.56l183.455-209.683L0 0h161.999l111.856 147.88L403.229 0zm-27.556 415.805h43.505L138.363 44.527h-46.68l283.99 371.278z\" \/><\/svg><span class=\"mec-social-title\">Twitter<\/span><\/a><\/li><li class=\"mec-event-social-icon\"><a class=\"linkedin\" href=\"https:\/\/www.linkedin.com\/shareArticle?mini=true&amp;url=https%3A%2F%2Fagendaculturalriodejaneiro.com%2Fen%2Fevents%2Fmonobloco-no-circo-voador-leva-mistura-de-samba-e-ritmos-brasileiros-a-lapa%2F\" onclick=\"javascript:window.open(this.href, &apos;&apos;, &apos;menubar=no,toolbar=no,resizable=yes,scrollbars=yes,height=600,width=500&apos;); return false;\" target=\"_blank\" title=\"Linkedin\"><i class=\"mec-fa-linkedin\"><\/i><span class=\"mec-social-title\">Linkedin<\/span><\/a><\/li><li class=\"mec-event-social-icon\"><a class=\"email\" href=\"mailto:?subject=Monobloco%20no%20Circo%20Voador%20leva%20mistura%20de%20samba%20e%20ritmos%20brasileiros%20%C3%A0%20Lapa&amp;body=https%3A%2F%2Fagendaculturalriodejaneiro.com%2Fen%2Fevents%2Fmonobloco-no-circo-voador-leva-mistura-de-samba-e-ritmos-brasileiros-a-lapa%2F\" title=\"Email\"><i class=\"mec-fa-envelope\"><\/i><span class=\"mec-social-title\">Email<\/span><\/a><\/li>                        <\/ul>\r\n                    <\/li>\r\n                <\/ul>\r\n                                                <a class=\"mec-booking-button\" data-event-id=\"52861\" href=\"https:\/\/agendaculturalriodejaneiro.com\/en\/events\/monobloco-no-circo-voador-leva-mistura-de-samba-e-ritmos-brasileiros-a-lapa\/\" target=\"_self\" rel=\"noopener\">Ver Detalhes<\/a>            <\/div>\r\n        <\/article><\/div><\/div>        <div class=\"row\"><div class=\"col-md-4 col-sm-4\"><article class=\" mec-event-article mec-clear  \">                                <div class=\"mec-event-image\"><a data-event-id=\"52522\" href=\"https:\/\/agendaculturalriodejaneiro.com\/en\/events\/teddy-in-rio\/\" target=\"_self\" rel=\"noopener\"><img loading=\"lazy\" decoding=\"async\" width=\"300\" height=\"169\" src=\"https:\/\/agendaculturalriodejaneiro.com\/wp-content\/uploads\/2026\/07\/TEDDY-IN-RIO-26-SHOT_1_rs4mk3-300x169.png\" class=\"attachment-medium size-medium wp-post-image\" alt=\"\" data-mec-postid=\"52522\" \/><\/a><\/div>\r\n                        <div class=\"mec-event-content\">\r\n                                    <div class=\"mec-event-date mec-bg-color\">\r\n                        <span class=\"mec-start-date-label\">11 - 12 September 2026<\/span>                                                                    <\/div>\r\n                                                                <h4 class=\"mec-event-title\"><a class=\"mec-color-hover\" data-event-id=\"52522\" href=\"https:\/\/agendaculturalriodejaneiro.com\/en\/events\/teddy-in-rio\/\" target=\"_self\" rel=\"noopener\">Teddy In Rio<\/a><\/h4>\r\n                                <p class=\"mec-grid-event-location\">Cais da Imperatriz, Rua Sacadura Cabral, 145 - Sa\u00fade, Rio de Janeiro - RJ, 20081-261, Brasil<\/p>\r\n                                                                            <\/div>\r\n            <div class=\"mec-event-footer\">\r\n                                <ul class=\"mec-event-sharing-wrap\">\r\n                    <li class=\"mec-event-share\">\r\n                        <a href=\"#\" class=\"mec-event-share-icon\">\r\n                            <i class=\"mec-sl-share\" title=\"Share\"><\/i>\r\n                        <\/a>\r\n                    <\/li>\r\n                    <li>\r\n                        <ul class=\"mec-event-sharing\">\r\n                            <li class=\"mec-event-social-icon\"><a class=\"facebook\" href=\"https:\/\/www.facebook.com\/sharer\/sharer.php?u=https%3A%2F%2Fagendaculturalriodejaneiro.com%2Fen%2Fevents%2Fteddy-in-rio%2F\" onclick=\"javascript:window.open(this.href, &apos;&apos;, &apos;menubar=no,toolbar=no,resizable=yes,scrollbars=yes,height=500,width=600&apos;); return false;\" target=\"_blank\" title=\"Share on Facebook\"><i class=\"mec-fa-facebook\"><\/i><span class=\"mec-social-title\">Facebook<\/span><\/a><\/li><li class=\"mec-event-social-icon\"><a class=\"twitter\" href=\"https:\/\/x.com\/intent\/tweet?url=https%3A%2F%2Fagendaculturalriodejaneiro.com%2Fen%2Fevents%2Fteddy-in-rio%2F\" onclick=\"javascript:window.open(this.href, &apos;&apos;, &apos;menubar=no,toolbar=no,resizable=yes,scrollbars=yes,height=600,width=500&apos;); return false;\" target=\"_blank\" title=\"X Social Network\"><svg xmlns=\"http:\/\/www.w3.org\/2000\/svg\" viewbox=\"0 0 512 462.799\"><path d=\"M403.229 0h78.506L310.219 196.04 512 462.799H354.002L230.261 301.007 88.669 462.799h-78.56l183.455-209.683L0 0h161.999l111.856 147.88L403.229 0zm-27.556 415.805h43.505L138.363 44.527h-46.68l283.99 371.278z\" \/><\/svg><span class=\"mec-social-title\">Twitter<\/span><\/a><\/li><li class=\"mec-event-social-icon\"><a class=\"linkedin\" href=\"https:\/\/www.linkedin.com\/shareArticle?mini=true&amp;url=https%3A%2F%2Fagendaculturalriodejaneiro.com%2Fen%2Fevents%2Fteddy-in-rio%2F\" onclick=\"javascript:window.open(this.href, &apos;&apos;, &apos;menubar=no,toolbar=no,resizable=yes,scrollbars=yes,height=600,width=500&apos;); return false;\" target=\"_blank\" title=\"Linkedin\"><i class=\"mec-fa-linkedin\"><\/i><span class=\"mec-social-title\">Linkedin<\/span><\/a><\/li><li class=\"mec-event-social-icon\"><a class=\"email\" href=\"mailto:?subject=Teddy%20In%20Rio&amp;body=https%3A%2F%2Fagendaculturalriodejaneiro.com%2Fen%2Fevents%2Fteddy-in-rio%2F\" title=\"Email\"><i class=\"mec-fa-envelope\"><\/i><span class=\"mec-social-title\">Email<\/span><\/a><\/li>                        <\/ul>\r\n                    <\/li>\r\n                <\/ul>\r\n                                                <a class=\"mec-booking-button\" data-event-id=\"52522\" href=\"https:\/\/agendaculturalriodejaneiro.com\/en\/events\/teddy-in-rio\/\" target=\"_self\" rel=\"noopener\">Ver Detalhes<\/a>            <\/div>\r\n        <\/article><\/div>                <div class=\"col-md-4 col-sm-4\"><article class=\" mec-event-article mec-clear  \">                                <div class=\"mec-event-image\"><a data-event-id=\"50957\" href=\"https:\/\/agendaculturalriodejaneiro.com\/en\/events\/ballet-of-lights-reinventa-a-bela-adormecida-com-figurinos-luminosos-no-fashion-mall\/\" target=\"_self\" rel=\"noopener\"><img loading=\"lazy\" decoding=\"async\" width=\"300\" height=\"217\" src=\"https:\/\/agendaculturalriodejaneiro.com\/wp-content\/uploads\/2026\/06\/a59ba4c6-06b4-11f1-b8a1-6ef6b6b3db9a-300x217.jpg\" class=\"attachment-medium size-medium wp-post-image\" alt=\"\" data-mec-postid=\"50957\" \/><\/a><\/div>\r\n                        <div class=\"mec-event-content\">\r\n                                    <div class=\"mec-event-date mec-bg-color\">\r\n                        <span class=\"mec-start-date-label\">12 September 2026<\/span>                                                                    <\/div>\r\n                                                                <h4 class=\"mec-event-title\"><a class=\"mec-color-hover\" data-event-id=\"50957\" href=\"https:\/\/agendaculturalriodejaneiro.com\/en\/events\/ballet-of-lights-reinventa-a-bela-adormecida-com-figurinos-luminosos-no-fashion-mall\/\" target=\"_self\" rel=\"noopener\">Ballet of Lights reinventa A Bela Adormecida com figurinos luminosos no Fashion Mall<\/a><\/h4>\r\n                                <p class=\"mec-grid-event-location\">Teatro Fashion Mall, Estr. da G\u00e1vea, 899 - S\u00e3o Conrado, Rio de Janeiro - RJ, 22610-001, Brasil<\/p>\r\n                                                                            <\/div>\r\n            <div class=\"mec-event-footer\">\r\n                                <ul class=\"mec-event-sharing-wrap\">\r\n                    <li class=\"mec-event-share\">\r\n                        <a href=\"#\" class=\"mec-event-share-icon\">\r\n                            <i class=\"mec-sl-share\" title=\"Share\"><\/i>\r\n                        <\/a>\r\n                    <\/li>\r\n                    <li>\r\n                        <ul class=\"mec-event-sharing\">\r\n                            <li class=\"mec-event-social-icon\"><a class=\"facebook\" href=\"https:\/\/www.facebook.com\/sharer\/sharer.php?u=https%3A%2F%2Fagendaculturalriodejaneiro.com%2Fen%2Fevents%2Fballet-of-lights-reinventa-a-bela-adormecida-com-figurinos-luminosos-no-fashion-mall%2F\" onclick=\"javascript:window.open(this.href, &apos;&apos;, &apos;menubar=no,toolbar=no,resizable=yes,scrollbars=yes,height=500,width=600&apos;); return false;\" target=\"_blank\" title=\"Share on Facebook\"><i class=\"mec-fa-facebook\"><\/i><span class=\"mec-social-title\">Facebook<\/span><\/a><\/li><li class=\"mec-event-social-icon\"><a class=\"twitter\" href=\"https:\/\/x.com\/intent\/tweet?url=https%3A%2F%2Fagendaculturalriodejaneiro.com%2Fen%2Fevents%2Fballet-of-lights-reinventa-a-bela-adormecida-com-figurinos-luminosos-no-fashion-mall%2F\" onclick=\"javascript:window.open(this.href, &apos;&apos;, &apos;menubar=no,toolbar=no,resizable=yes,scrollbars=yes,height=600,width=500&apos;); return false;\" target=\"_blank\" title=\"X Social Network\"><svg xmlns=\"http:\/\/www.w3.org\/2000\/svg\" viewbox=\"0 0 512 462.799\"><path d=\"M403.229 0h78.506L310.219 196.04 512 462.799H354.002L230.261 301.007 88.669 462.799h-78.56l183.455-209.683L0 0h161.999l111.856 147.88L403.229 0zm-27.556 415.805h43.505L138.363 44.527h-46.68l283.99 371.278z\" \/><\/svg><span class=\"mec-social-title\">Twitter<\/span><\/a><\/li><li class=\"mec-event-social-icon\"><a class=\"linkedin\" href=\"https:\/\/www.linkedin.com\/shareArticle?mini=true&amp;url=https%3A%2F%2Fagendaculturalriodejaneiro.com%2Fen%2Fevents%2Fballet-of-lights-reinventa-a-bela-adormecida-com-figurinos-luminosos-no-fashion-mall%2F\" onclick=\"javascript:window.open(this.href, &apos;&apos;, &apos;menubar=no,toolbar=no,resizable=yes,scrollbars=yes,height=600,width=500&apos;); return false;\" target=\"_blank\" title=\"Linkedin\"><i class=\"mec-fa-linkedin\"><\/i><span class=\"mec-social-title\">Linkedin<\/span><\/a><\/li><li class=\"mec-event-social-icon\"><a class=\"email\" href=\"mailto:?subject=Ballet%20of%20Lights%20reinventa%20A%20Bela%20Adormecida%20com%20figurinos%20luminosos%20no%20Fashion%20Mall&amp;body=https%3A%2F%2Fagendaculturalriodejaneiro.com%2Fen%2Fevents%2Fballet-of-lights-reinventa-a-bela-adormecida-com-figurinos-luminosos-no-fashion-mall%2F\" title=\"Email\"><i class=\"mec-fa-envelope\"><\/i><span class=\"mec-social-title\">Email<\/span><\/a><\/li>                        <\/ul>\r\n                    <\/li>\r\n                <\/ul>\r\n                                                <a class=\"mec-booking-button\" data-event-id=\"50957\" href=\"https:\/\/agendaculturalriodejaneiro.com\/en\/events\/ballet-of-lights-reinventa-a-bela-adormecida-com-figurinos-luminosos-no-fashion-mall\/\" target=\"_self\" rel=\"noopener\">Ver Detalhes<\/a>            <\/div>\r\n        <\/article><\/div>        <div class=\"col-md-4 col-sm-4\"><article class=\" mec-event-article mec-clear  \">                                <div class=\"mec-event-image\"><a data-event-id=\"51368\" href=\"https:\/\/agendaculturalriodejaneiro.com\/en\/events\/abacaxepa-10-anos-antes-que-voce-se-esqueca\/\" target=\"_self\" rel=\"noopener\"><img loading=\"lazy\" decoding=\"async\" width=\"300\" height=\"300\" src=\"https:\/\/agendaculturalriodejaneiro.com\/wp-content\/uploads\/2026\/06\/9-12-26-Abacaxepa-10-anos-ROUANET-feed-720x720-300x300.jpg\" class=\"attachment-medium size-medium wp-post-image\" alt=\"\" data-mec-postid=\"51368\" \/><\/a><\/div>\r\n                        <div class=\"mec-event-content\">\r\n                                    <div class=\"mec-event-date mec-bg-color\">\r\n                        <span class=\"mec-start-date-label\">12 September 2026<\/span>                                                                    <\/div>\r\n                                                                <h4 class=\"mec-event-title\"><a class=\"mec-color-hover\" data-event-id=\"51368\" href=\"https:\/\/agendaculturalriodejaneiro.com\/en\/events\/abacaxepa-10-anos-antes-que-voce-se-esqueca\/\" target=\"_self\" rel=\"noopener\">Abacaxepa &#8211; 10 anos &#8211; Antes que voc\u00ea se esque\u00e7a<\/a><\/h4>\r\n                                <p class=\"mec-grid-event-location\">Teatro Rival Petrobras, Rua \u00c1lvaro Alvim ,33 - Subsolo, Rio de Janeiro - Rio de Janeiro<\/p>\r\n                                                                            <\/div>\r\n            <div class=\"mec-event-footer\">\r\n                                <ul class=\"mec-event-sharing-wrap\">\r\n                    <li class=\"mec-event-share\">\r\n                        <a href=\"#\" class=\"mec-event-share-icon\">\r\n                            <i class=\"mec-sl-share\" title=\"Share\"><\/i>\r\n                        <\/a>\r\n                    <\/li>\r\n                    <li>\r\n                        <ul class=\"mec-event-sharing\">\r\n                            <li class=\"mec-event-social-icon\"><a class=\"facebook\" href=\"https:\/\/www.facebook.com\/sharer\/sharer.php?u=https%3A%2F%2Fagendaculturalriodejaneiro.com%2Fen%2Fevents%2Fabacaxepa-10-anos-antes-que-voce-se-esqueca%2F\" onclick=\"javascript:window.open(this.href, &apos;&apos;, &apos;menubar=no,toolbar=no,resizable=yes,scrollbars=yes,height=500,width=600&apos;); return false;\" target=\"_blank\" title=\"Share on Facebook\"><i class=\"mec-fa-facebook\"><\/i><span class=\"mec-social-title\">Facebook<\/span><\/a><\/li><li class=\"mec-event-social-icon\"><a class=\"twitter\" href=\"https:\/\/x.com\/intent\/tweet?url=https%3A%2F%2Fagendaculturalriodejaneiro.com%2Fen%2Fevents%2Fabacaxepa-10-anos-antes-que-voce-se-esqueca%2F\" onclick=\"javascript:window.open(this.href, &apos;&apos;, &apos;menubar=no,toolbar=no,resizable=yes,scrollbars=yes,height=600,width=500&apos;); return false;\" target=\"_blank\" title=\"X Social Network\"><svg xmlns=\"http:\/\/www.w3.org\/2000\/svg\" viewbox=\"0 0 512 462.799\"><path d=\"M403.229 0h78.506L310.219 196.04 512 462.799H354.002L230.261 301.007 88.669 462.799h-78.56l183.455-209.683L0 0h161.999l111.856 147.88L403.229 0zm-27.556 415.805h43.505L138.363 44.527h-46.68l283.99 371.278z\" \/><\/svg><span class=\"mec-social-title\">Twitter<\/span><\/a><\/li><li class=\"mec-event-social-icon\"><a class=\"linkedin\" href=\"https:\/\/www.linkedin.com\/shareArticle?mini=true&amp;url=https%3A%2F%2Fagendaculturalriodejaneiro.com%2Fen%2Fevents%2Fabacaxepa-10-anos-antes-que-voce-se-esqueca%2F\" onclick=\"javascript:window.open(this.href, &apos;&apos;, &apos;menubar=no,toolbar=no,resizable=yes,scrollbars=yes,height=600,width=500&apos;); return false;\" target=\"_blank\" title=\"Linkedin\"><i class=\"mec-fa-linkedin\"><\/i><span class=\"mec-social-title\">Linkedin<\/span><\/a><\/li><li class=\"mec-event-social-icon\"><a class=\"email\" href=\"mailto:?subject=Abacaxepa%20-%2010%20anos%20-%20Antes%20que%20voc%C3%AA%20se%20esque%C3%A7a&amp;body=https%3A%2F%2Fagendaculturalriodejaneiro.com%2Fen%2Fevents%2Fabacaxepa-10-anos-antes-que-voce-se-esqueca%2F\" title=\"Email\"><i class=\"mec-fa-envelope\"><\/i><span class=\"mec-social-title\">Email<\/span><\/a><\/li>                        <\/ul>\r\n                    <\/li>\r\n                <\/ul>\r\n                                                <a class=\"mec-booking-button\" data-event-id=\"51368\" href=\"https:\/\/agendaculturalriodejaneiro.com\/en\/events\/abacaxepa-10-anos-antes-que-voce-se-esqueca\/\" target=\"_self\" rel=\"noopener\">Ver Detalhes<\/a>            <\/div>\r\n        <\/article><\/div><\/div>        <div class=\"row\"><div class=\"col-md-4 col-sm-4\"><article class=\" mec-event-article mec-clear  \">                                <div class=\"mec-event-image\"><a data-event-id=\"51686\" href=\"https:\/\/agendaculturalriodejaneiro.com\/en\/events\/candlelight-disney-cancoes-de-amor\/\" target=\"_self\" rel=\"noopener\"><img loading=\"lazy\" decoding=\"async\" width=\"300\" height=\"217\" src=\"https:\/\/agendaculturalriodejaneiro.com\/wp-content\/uploads\/2026\/06\/597f8688-6010-11f1-9b0c-6e13b0f648a3-300x217.jpg\" class=\"attachment-medium size-medium wp-post-image\" alt=\"\" data-mec-postid=\"51686\" \/><\/a><\/div>\r\n                        <div class=\"mec-event-content\">\r\n                                    <div class=\"mec-event-date mec-bg-color\">\r\n                        <span class=\"mec-start-date-label\">12 September 2026<\/span>                                                                    <\/div>\r\n                                                                <h4 class=\"mec-event-title\"><a class=\"mec-color-hover\" data-event-id=\"51686\" href=\"https:\/\/agendaculturalriodejaneiro.com\/en\/events\/candlelight-disney-cancoes-de-amor\/\" target=\"_self\" rel=\"noopener\">Candlelight: Disney Can\u00e7\u00f5es de Amor<\/a><\/h4>\r\n                                <p class=\"mec-grid-event-location\">Museu do Amanh\u00e3, Pra\u00e7a Mau\u00e1, 1 - Centro, Rio de Janeiro - RJ, 20081-240, Brasil<\/p>\r\n                                                                            <\/div>\r\n            <div class=\"mec-event-footer\">\r\n                                <ul class=\"mec-event-sharing-wrap\">\r\n                    <li class=\"mec-event-share\">\r\n                        <a href=\"#\" class=\"mec-event-share-icon\">\r\n                            <i class=\"mec-sl-share\" title=\"Share\"><\/i>\r\n                        <\/a>\r\n                    <\/li>\r\n                    <li>\r\n                        <ul class=\"mec-event-sharing\">\r\n                            <li class=\"mec-event-social-icon\"><a class=\"facebook\" href=\"https:\/\/www.facebook.com\/sharer\/sharer.php?u=https%3A%2F%2Fagendaculturalriodejaneiro.com%2Fen%2Fevents%2Fcandlelight-disney-cancoes-de-amor%2F\" onclick=\"javascript:window.open(this.href, &apos;&apos;, &apos;menubar=no,toolbar=no,resizable=yes,scrollbars=yes,height=500,width=600&apos;); return false;\" target=\"_blank\" title=\"Share on Facebook\"><i class=\"mec-fa-facebook\"><\/i><span class=\"mec-social-title\">Facebook<\/span><\/a><\/li><li class=\"mec-event-social-icon\"><a class=\"twitter\" href=\"https:\/\/x.com\/intent\/tweet?url=https%3A%2F%2Fagendaculturalriodejaneiro.com%2Fen%2Fevents%2Fcandlelight-disney-cancoes-de-amor%2F\" onclick=\"javascript:window.open(this.href, &apos;&apos;, &apos;menubar=no,toolbar=no,resizable=yes,scrollbars=yes,height=600,width=500&apos;); return false;\" target=\"_blank\" title=\"X Social Network\"><svg xmlns=\"http:\/\/www.w3.org\/2000\/svg\" viewbox=\"0 0 512 462.799\"><path d=\"M403.229 0h78.506L310.219 196.04 512 462.799H354.002L230.261 301.007 88.669 462.799h-78.56l183.455-209.683L0 0h161.999l111.856 147.88L403.229 0zm-27.556 415.805h43.505L138.363 44.527h-46.68l283.99 371.278z\" \/><\/svg><span class=\"mec-social-title\">Twitter<\/span><\/a><\/li><li class=\"mec-event-social-icon\"><a class=\"linkedin\" href=\"https:\/\/www.linkedin.com\/shareArticle?mini=true&amp;url=https%3A%2F%2Fagendaculturalriodejaneiro.com%2Fen%2Fevents%2Fcandlelight-disney-cancoes-de-amor%2F\" onclick=\"javascript:window.open(this.href, &apos;&apos;, &apos;menubar=no,toolbar=no,resizable=yes,scrollbars=yes,height=600,width=500&apos;); return false;\" target=\"_blank\" title=\"Linkedin\"><i class=\"mec-fa-linkedin\"><\/i><span class=\"mec-social-title\">Linkedin<\/span><\/a><\/li><li class=\"mec-event-social-icon\"><a class=\"email\" href=\"mailto:?subject=Candlelight%3A%20Disney%20Can%C3%A7%C3%B5es%20de%20Amor&amp;body=https%3A%2F%2Fagendaculturalriodejaneiro.com%2Fen%2Fevents%2Fcandlelight-disney-cancoes-de-amor%2F\" title=\"Email\"><i class=\"mec-fa-envelope\"><\/i><span class=\"mec-social-title\">Email<\/span><\/a><\/li>                        <\/ul>\r\n                    <\/li>\r\n                <\/ul>\r\n                                                <a class=\"mec-booking-button\" data-event-id=\"51686\" href=\"https:\/\/agendaculturalriodejaneiro.com\/en\/events\/candlelight-disney-cancoes-de-amor\/\" target=\"_self\" rel=\"noopener\">Ver Detalhes<\/a>            <\/div>\r\n        <\/article><\/div>        <div class=\"col-md-4 col-sm-4\"><article class=\" mec-event-article mec-clear  \">                                <div class=\"mec-event-image\"><a data-event-id=\"51897\" href=\"https:\/\/agendaculturalriodejaneiro.com\/en\/events\/tasha-tracie-serena-venus-a-experiencia\/\" target=\"_self\" rel=\"noopener\"><img loading=\"lazy\" decoding=\"async\" width=\"300\" height=\"300\" src=\"https:\/\/agendaculturalriodejaneiro.com\/wp-content\/uploads\/2026\/07\/Tasha-Tracie.webp\" class=\"attachment-medium size-medium wp-post-image\" alt=\"Tasha &amp; Tracie - Serena &amp; V\u00eanus: A Experi\u00eancia\" data-mec-postid=\"51897\" \/><\/a><\/div>\r\n                        <div class=\"mec-event-content\">\r\n                                    <div class=\"mec-event-date mec-bg-color\">\r\n                        <span class=\"mec-start-date-label\">12 September 2026<\/span>                                                                    <\/div>\r\n                                                                <h4 class=\"mec-event-title\"><a class=\"mec-color-hover\" data-event-id=\"51897\" href=\"https:\/\/agendaculturalriodejaneiro.com\/en\/events\/tasha-tracie-serena-venus-a-experiencia\/\" target=\"_self\" rel=\"noopener\">Tasha &#038; Tracie &#8211; Serena &#038; V\u00eanus: A Experi\u00eancia<\/a><\/h4>\r\n                                <p class=\"mec-grid-event-location\">Circo Voador, R. dos Arcos, s\/n - Jardim Iracema, Rio de Janeiro - RJ, 20230-060, Brasil<\/p>\r\n                                                                            <\/div>\r\n            <div class=\"mec-event-footer\">\r\n                                <ul class=\"mec-event-sharing-wrap\">\r\n                    <li class=\"mec-event-share\">\r\n                        <a href=\"#\" class=\"mec-event-share-icon\">\r\n                            <i class=\"mec-sl-share\" title=\"Share\"><\/i>\r\n                        <\/a>\r\n                    <\/li>\r\n                    <li>\r\n                        <ul class=\"mec-event-sharing\">\r\n                            <li class=\"mec-event-social-icon\"><a class=\"facebook\" href=\"https:\/\/www.facebook.com\/sharer\/sharer.php?u=https%3A%2F%2Fagendaculturalriodejaneiro.com%2Fen%2Fevents%2Ftasha-tracie-serena-venus-a-experiencia%2F\" onclick=\"javascript:window.open(this.href, &apos;&apos;, &apos;menubar=no,toolbar=no,resizable=yes,scrollbars=yes,height=500,width=600&apos;); return false;\" target=\"_blank\" title=\"Share on Facebook\"><i class=\"mec-fa-facebook\"><\/i><span class=\"mec-social-title\">Facebook<\/span><\/a><\/li><li class=\"mec-event-social-icon\"><a class=\"twitter\" href=\"https:\/\/x.com\/intent\/tweet?url=https%3A%2F%2Fagendaculturalriodejaneiro.com%2Fen%2Fevents%2Ftasha-tracie-serena-venus-a-experiencia%2F\" onclick=\"javascript:window.open(this.href, &apos;&apos;, &apos;menubar=no,toolbar=no,resizable=yes,scrollbars=yes,height=600,width=500&apos;); return false;\" target=\"_blank\" title=\"X Social Network\"><svg xmlns=\"http:\/\/www.w3.org\/2000\/svg\" viewbox=\"0 0 512 462.799\"><path d=\"M403.229 0h78.506L310.219 196.04 512 462.799H354.002L230.261 301.007 88.669 462.799h-78.56l183.455-209.683L0 0h161.999l111.856 147.88L403.229 0zm-27.556 415.805h43.505L138.363 44.527h-46.68l283.99 371.278z\" \/><\/svg><span class=\"mec-social-title\">Twitter<\/span><\/a><\/li><li class=\"mec-event-social-icon\"><a class=\"linkedin\" href=\"https:\/\/www.linkedin.com\/shareArticle?mini=true&amp;url=https%3A%2F%2Fagendaculturalriodejaneiro.com%2Fen%2Fevents%2Ftasha-tracie-serena-venus-a-experiencia%2F\" onclick=\"javascript:window.open(this.href, &apos;&apos;, &apos;menubar=no,toolbar=no,resizable=yes,scrollbars=yes,height=600,width=500&apos;); return false;\" target=\"_blank\" title=\"Linkedin\"><i class=\"mec-fa-linkedin\"><\/i><span class=\"mec-social-title\">Linkedin<\/span><\/a><\/li><li class=\"mec-event-social-icon\"><a class=\"email\" href=\"mailto:?subject=Tasha%20%2526%20Tracie%20-%20Serena%20%2526%20V%C3%AAnus%3A%20A%20Experi%C3%AAncia&amp;body=https%3A%2F%2Fagendaculturalriodejaneiro.com%2Fen%2Fevents%2Ftasha-tracie-serena-venus-a-experiencia%2F\" title=\"Email\"><i class=\"mec-fa-envelope\"><\/i><span class=\"mec-social-title\">Email<\/span><\/a><\/li>                        <\/ul>\r\n                    <\/li>\r\n                <\/ul>\r\n                                                <a class=\"mec-booking-button\" data-event-id=\"51897\" href=\"https:\/\/agendaculturalriodejaneiro.com\/en\/events\/tasha-tracie-serena-venus-a-experiencia\/\" target=\"_self\" rel=\"noopener\">Ver Detalhes<\/a>            <\/div>\r\n        <\/article><\/div>        <div class=\"col-md-4 col-sm-4\"><article class=\" mec-event-article mec-clear  \">                                <div class=\"mec-event-image\"><a data-event-id=\"52524\" href=\"https:\/\/agendaculturalriodejaneiro.com\/en\/events\/nubia-turne-sabores-2026-rj\/\" target=\"_self\" rel=\"noopener\"><img loading=\"lazy\" decoding=\"async\" width=\"300\" height=\"169\" src=\"https:\/\/agendaculturalriodejaneiro.com\/wp-content\/uploads\/2026\/07\/SHOTGUN-RIO_mpwcjh-300x169.jpg\" class=\"attachment-medium size-medium wp-post-image\" alt=\"\" data-mec-postid=\"52524\" \/><\/a><\/div>\r\n                        <div class=\"mec-event-content\">\r\n                                    <div class=\"mec-event-date mec-bg-color\">\r\n                        <span class=\"mec-start-date-label\">12 - 13 September 2026<\/span>                                                                    <\/div>\r\n                                                                <h4 class=\"mec-event-title\"><a class=\"mec-color-hover\" data-event-id=\"52524\" href=\"https:\/\/agendaculturalriodejaneiro.com\/en\/events\/nubia-turne-sabores-2026-rj\/\" target=\"_self\" rel=\"noopener\">N\u00fabia &#8211; Turn\u00ea Sabores 2026 &#8211; RJ<\/a><\/h4>\r\n                                <p class=\"mec-grid-event-location\">Casa Savana, Rua Camerino, 162 - Centro, Rio de Janeiro - RJ, 20080-011, Brasil<\/p>\r\n                                                                            <\/div>\r\n            <div class=\"mec-event-footer\">\r\n                                <ul class=\"mec-event-sharing-wrap\">\r\n                    <li class=\"mec-event-share\">\r\n                        <a href=\"#\" class=\"mec-event-share-icon\">\r\n                            <i class=\"mec-sl-share\" title=\"Share\"><\/i>\r\n                        <\/a>\r\n                    <\/li>\r\n                    <li>\r\n                        <ul class=\"mec-event-sharing\">\r\n                            <li class=\"mec-event-social-icon\"><a class=\"facebook\" href=\"https:\/\/www.facebook.com\/sharer\/sharer.php?u=https%3A%2F%2Fagendaculturalriodejaneiro.com%2Fen%2Fevents%2Fnubia-turne-sabores-2026-rj%2F\" onclick=\"javascript:window.open(this.href, &apos;&apos;, &apos;menubar=no,toolbar=no,resizable=yes,scrollbars=yes,height=500,width=600&apos;); return false;\" target=\"_blank\" title=\"Share on Facebook\"><i class=\"mec-fa-facebook\"><\/i><span class=\"mec-social-title\">Facebook<\/span><\/a><\/li><li class=\"mec-event-social-icon\"><a class=\"twitter\" href=\"https:\/\/x.com\/intent\/tweet?url=https%3A%2F%2Fagendaculturalriodejaneiro.com%2Fen%2Fevents%2Fnubia-turne-sabores-2026-rj%2F\" onclick=\"javascript:window.open(this.href, &apos;&apos;, &apos;menubar=no,toolbar=no,resizable=yes,scrollbars=yes,height=600,width=500&apos;); return false;\" target=\"_blank\" title=\"X Social Network\"><svg xmlns=\"http:\/\/www.w3.org\/2000\/svg\" viewbox=\"0 0 512 462.799\"><path d=\"M403.229 0h78.506L310.219 196.04 512 462.799H354.002L230.261 301.007 88.669 462.799h-78.56l183.455-209.683L0 0h161.999l111.856 147.88L403.229 0zm-27.556 415.805h43.505L138.363 44.527h-46.68l283.99 371.278z\" \/><\/svg><span class=\"mec-social-title\">Twitter<\/span><\/a><\/li><li class=\"mec-event-social-icon\"><a class=\"linkedin\" href=\"https:\/\/www.linkedin.com\/shareArticle?mini=true&amp;url=https%3A%2F%2Fagendaculturalriodejaneiro.com%2Fen%2Fevents%2Fnubia-turne-sabores-2026-rj%2F\" onclick=\"javascript:window.open(this.href, &apos;&apos;, &apos;menubar=no,toolbar=no,resizable=yes,scrollbars=yes,height=600,width=500&apos;); return false;\" target=\"_blank\" title=\"Linkedin\"><i class=\"mec-fa-linkedin\"><\/i><span class=\"mec-social-title\">Linkedin<\/span><\/a><\/li><li class=\"mec-event-social-icon\"><a class=\"email\" href=\"mailto:?subject=N%C3%BAbia%20-%20Turn%C3%AA%20Sabores%202026%20-%20RJ&amp;body=https%3A%2F%2Fagendaculturalriodejaneiro.com%2Fen%2Fevents%2Fnubia-turne-sabores-2026-rj%2F\" title=\"Email\"><i class=\"mec-fa-envelope\"><\/i><span class=\"mec-social-title\">Email<\/span><\/a><\/li>                        <\/ul>\r\n                    <\/li>\r\n                <\/ul>\r\n                                                <a class=\"mec-booking-button\" data-event-id=\"52524\" href=\"https:\/\/agendaculturalriodejaneiro.com\/en\/events\/nubia-turne-sabores-2026-rj\/\" target=\"_self\" rel=\"noopener\">Ver Detalhes<\/a>            <\/div>\r\n        <\/article><\/div><\/div>                <div class=\"row\"><div class=\"col-md-4 col-sm-4\"><article class=\" mec-event-article mec-clear  \">                                <div class=\"mec-event-image\"><a data-event-id=\"50759\" href=\"https:\/\/agendaculturalriodejaneiro.com\/en\/events\/antdot-no-rock-in-rio-2026\/\" target=\"_self\" rel=\"noopener\"><img loading=\"lazy\" decoding=\"async\" width=\"300\" height=\"300\" src=\"https:\/\/agendaculturalriodejaneiro.com\/wp-content\/uploads\/2026\/06\/22354524.jpeg\" class=\"attachment-medium size-medium wp-post-image\" alt=\"\" data-mec-postid=\"50759\" \/><\/a><\/div>\r\n                        <div class=\"mec-event-content\">\r\n                                    <div class=\"mec-event-date mec-bg-color\">\r\n                        <span class=\"mec-start-date-label\">13 September 2026<\/span>                                                                    <\/div>\r\n                                                                <h4 class=\"mec-event-title\"><a class=\"mec-color-hover\" data-event-id=\"50759\" href=\"https:\/\/agendaculturalriodejaneiro.com\/en\/events\/antdot-no-rock-in-rio-2026\/\" target=\"_self\" rel=\"noopener\">Antdot no Rock in Rio 2026<\/a><\/h4>\r\n                                <p class=\"mec-grid-event-location\">Rock in Rio, Av. Salvador Allende, Rio de Janeiro<\/p>\r\n                                                                            <\/div>\r\n            <div class=\"mec-event-footer\">\r\n                                <ul class=\"mec-event-sharing-wrap\">\r\n                    <li class=\"mec-event-share\">\r\n                        <a href=\"#\" class=\"mec-event-share-icon\">\r\n                            <i class=\"mec-sl-share\" title=\"Share\"><\/i>\r\n                        <\/a>\r\n                    <\/li>\r\n                    <li>\r\n                        <ul class=\"mec-event-sharing\">\r\n                            <li class=\"mec-event-social-icon\"><a class=\"facebook\" href=\"https:\/\/www.facebook.com\/sharer\/sharer.php?u=https%3A%2F%2Fagendaculturalriodejaneiro.com%2Fen%2Fevents%2Fantdot-no-rock-in-rio-2026%2F\" onclick=\"javascript:window.open(this.href, &apos;&apos;, &apos;menubar=no,toolbar=no,resizable=yes,scrollbars=yes,height=500,width=600&apos;); return false;\" target=\"_blank\" title=\"Share on Facebook\"><i class=\"mec-fa-facebook\"><\/i><span class=\"mec-social-title\">Facebook<\/span><\/a><\/li><li class=\"mec-event-social-icon\"><a class=\"twitter\" href=\"https:\/\/x.com\/intent\/tweet?url=https%3A%2F%2Fagendaculturalriodejaneiro.com%2Fen%2Fevents%2Fantdot-no-rock-in-rio-2026%2F\" onclick=\"javascript:window.open(this.href, &apos;&apos;, &apos;menubar=no,toolbar=no,resizable=yes,scrollbars=yes,height=600,width=500&apos;); return false;\" target=\"_blank\" title=\"X Social Network\"><svg xmlns=\"http:\/\/www.w3.org\/2000\/svg\" viewbox=\"0 0 512 462.799\"><path d=\"M403.229 0h78.506L310.219 196.04 512 462.799H354.002L230.261 301.007 88.669 462.799h-78.56l183.455-209.683L0 0h161.999l111.856 147.88L403.229 0zm-27.556 415.805h43.505L138.363 44.527h-46.68l283.99 371.278z\" \/><\/svg><span class=\"mec-social-title\">Twitter<\/span><\/a><\/li><li class=\"mec-event-social-icon\"><a class=\"linkedin\" href=\"https:\/\/www.linkedin.com\/shareArticle?mini=true&amp;url=https%3A%2F%2Fagendaculturalriodejaneiro.com%2Fen%2Fevents%2Fantdot-no-rock-in-rio-2026%2F\" onclick=\"javascript:window.open(this.href, &apos;&apos;, &apos;menubar=no,toolbar=no,resizable=yes,scrollbars=yes,height=600,width=500&apos;); return false;\" target=\"_blank\" title=\"Linkedin\"><i class=\"mec-fa-linkedin\"><\/i><span class=\"mec-social-title\">Linkedin<\/span><\/a><\/li><li class=\"mec-event-social-icon\"><a class=\"email\" href=\"mailto:?subject=Antdot%20no%20Rock%20in%20Rio%202026&amp;body=https%3A%2F%2Fagendaculturalriodejaneiro.com%2Fen%2Fevents%2Fantdot-no-rock-in-rio-2026%2F\" title=\"Email\"><i class=\"mec-fa-envelope\"><\/i><span class=\"mec-social-title\">Email<\/span><\/a><\/li>                        <\/ul>\r\n                    <\/li>\r\n                <\/ul>\r\n                                                <a class=\"mec-booking-button\" data-event-id=\"50759\" href=\"https:\/\/agendaculturalriodejaneiro.com\/en\/events\/antdot-no-rock-in-rio-2026\/\" target=\"_self\" rel=\"noopener\">Ver Detalhes<\/a>            <\/div>\r\n        <\/article><\/div>        <div class=\"col-md-4 col-sm-4\"><article class=\" mec-event-article mec-clear  \">                                <div class=\"mec-event-image\"><a data-event-id=\"51686\" href=\"https:\/\/agendaculturalriodejaneiro.com\/en\/events\/candlelight-disney-cancoes-de-amor\/\" target=\"_self\" rel=\"noopener\"><img loading=\"lazy\" decoding=\"async\" width=\"300\" height=\"217\" src=\"https:\/\/agendaculturalriodejaneiro.com\/wp-content\/uploads\/2026\/06\/597f8688-6010-11f1-9b0c-6e13b0f648a3-300x217.jpg\" class=\"attachment-medium size-medium wp-post-image\" alt=\"\" data-mec-postid=\"51686\" \/><\/a><\/div>\r\n                        <div class=\"mec-event-content\">\r\n                                    <div class=\"mec-event-date mec-bg-color\">\r\n                        <span class=\"mec-start-date-label\">13 September 2026<\/span>                                                                    <\/div>\r\n                                                                <h4 class=\"mec-event-title\"><a class=\"mec-color-hover\" data-event-id=\"51686\" href=\"https:\/\/agendaculturalriodejaneiro.com\/en\/events\/candlelight-disney-cancoes-de-amor\/\" target=\"_self\" rel=\"noopener\">Candlelight: Disney Can\u00e7\u00f5es de Amor<\/a><\/h4>\r\n                                <p class=\"mec-grid-event-location\">Museu do Amanh\u00e3, Pra\u00e7a Mau\u00e1, 1 - Centro, Rio de Janeiro - RJ, 20081-240, Brasil<\/p>\r\n                                                                            <\/div>\r\n            <div class=\"mec-event-footer\">\r\n                                <ul class=\"mec-event-sharing-wrap\">\r\n                    <li class=\"mec-event-share\">\r\n                        <a href=\"#\" class=\"mec-event-share-icon\">\r\n                            <i class=\"mec-sl-share\" title=\"Share\"><\/i>\r\n                        <\/a>\r\n                    <\/li>\r\n                    <li>\r\n                        <ul class=\"mec-event-sharing\">\r\n                            <li class=\"mec-event-social-icon\"><a class=\"facebook\" href=\"https:\/\/www.facebook.com\/sharer\/sharer.php?u=https%3A%2F%2Fagendaculturalriodejaneiro.com%2Fen%2Fevents%2Fcandlelight-disney-cancoes-de-amor%2F\" onclick=\"javascript:window.open(this.href, &apos;&apos;, &apos;menubar=no,toolbar=no,resizable=yes,scrollbars=yes,height=500,width=600&apos;); return false;\" target=\"_blank\" title=\"Share on Facebook\"><i class=\"mec-fa-facebook\"><\/i><span class=\"mec-social-title\">Facebook<\/span><\/a><\/li><li class=\"mec-event-social-icon\"><a class=\"twitter\" href=\"https:\/\/x.com\/intent\/tweet?url=https%3A%2F%2Fagendaculturalriodejaneiro.com%2Fen%2Fevents%2Fcandlelight-disney-cancoes-de-amor%2F\" onclick=\"javascript:window.open(this.href, &apos;&apos;, &apos;menubar=no,toolbar=no,resizable=yes,scrollbars=yes,height=600,width=500&apos;); return false;\" target=\"_blank\" title=\"X Social Network\"><svg xmlns=\"http:\/\/www.w3.org\/2000\/svg\" viewbox=\"0 0 512 462.799\"><path d=\"M403.229 0h78.506L310.219 196.04 512 462.799H354.002L230.261 301.007 88.669 462.799h-78.56l183.455-209.683L0 0h161.999l111.856 147.88L403.229 0zm-27.556 415.805h43.505L138.363 44.527h-46.68l283.99 371.278z\" \/><\/svg><span class=\"mec-social-title\">Twitter<\/span><\/a><\/li><li class=\"mec-event-social-icon\"><a class=\"linkedin\" href=\"https:\/\/www.linkedin.com\/shareArticle?mini=true&amp;url=https%3A%2F%2Fagendaculturalriodejaneiro.com%2Fen%2Fevents%2Fcandlelight-disney-cancoes-de-amor%2F\" onclick=\"javascript:window.open(this.href, &apos;&apos;, &apos;menubar=no,toolbar=no,resizable=yes,scrollbars=yes,height=600,width=500&apos;); return false;\" target=\"_blank\" title=\"Linkedin\"><i class=\"mec-fa-linkedin\"><\/i><span class=\"mec-social-title\">Linkedin<\/span><\/a><\/li><li class=\"mec-event-social-icon\"><a class=\"email\" href=\"mailto:?subject=Candlelight%3A%20Disney%20Can%C3%A7%C3%B5es%20de%20Amor&amp;body=https%3A%2F%2Fagendaculturalriodejaneiro.com%2Fen%2Fevents%2Fcandlelight-disney-cancoes-de-amor%2F\" title=\"Email\"><i class=\"mec-fa-envelope\"><\/i><span class=\"mec-social-title\">Email<\/span><\/a><\/li>                        <\/ul>\r\n                    <\/li>\r\n                <\/ul>\r\n                                                <a class=\"mec-booking-button\" data-event-id=\"51686\" href=\"https:\/\/agendaculturalriodejaneiro.com\/en\/events\/candlelight-disney-cancoes-de-amor\/\" target=\"_self\" rel=\"noopener\">Ver Detalhes<\/a>            <\/div>\r\n        <\/article><\/div>        <div class=\"col-md-4 col-sm-4\"><article class=\" mec-event-article mec-clear  \">                                <div class=\"mec-event-image\"><a data-event-id=\"50757\" href=\"https:\/\/agendaculturalriodejaneiro.com\/en\/events\/bakka-br-no-rock-in-rio-2026\/\" target=\"_self\" rel=\"noopener\"><img loading=\"lazy\" decoding=\"async\" width=\"300\" height=\"300\" src=\"https:\/\/agendaculturalriodejaneiro.com\/wp-content\/uploads\/2026\/06\/21089383.jpeg\" class=\"attachment-medium size-medium wp-post-image\" alt=\"\" data-mec-postid=\"50757\" \/><\/a><\/div>\r\n                        <div class=\"mec-event-content\">\r\n                                    <div class=\"mec-event-date mec-bg-color\">\r\n                        <span class=\"mec-start-date-label\">13 September 2026<\/span>                                                                    <\/div>\r\n                                                                <h4 class=\"mec-event-title\"><a class=\"mec-color-hover\" data-event-id=\"50757\" href=\"https:\/\/agendaculturalriodejaneiro.com\/en\/events\/bakka-br-no-rock-in-rio-2026\/\" target=\"_self\" rel=\"noopener\">Bakka (BR) no Rock in Rio 2026<\/a><\/h4>\r\n                                <p class=\"mec-grid-event-location\">Rock in Rio, Av. Salvador Allende, Rio de Janeiro<\/p>\r\n                                                                            <\/div>\r\n            <div class=\"mec-event-footer\">\r\n                                <ul class=\"mec-event-sharing-wrap\">\r\n                    <li class=\"mec-event-share\">\r\n                        <a href=\"#\" class=\"mec-event-share-icon\">\r\n                            <i class=\"mec-sl-share\" title=\"Share\"><\/i>\r\n                        <\/a>\r\n                    <\/li>\r\n                    <li>\r\n                        <ul class=\"mec-event-sharing\">\r\n                            <li class=\"mec-event-social-icon\"><a class=\"facebook\" href=\"https:\/\/www.facebook.com\/sharer\/sharer.php?u=https%3A%2F%2Fagendaculturalriodejaneiro.com%2Fen%2Fevents%2Fbakka-br-no-rock-in-rio-2026%2F\" onclick=\"javascript:window.open(this.href, &apos;&apos;, &apos;menubar=no,toolbar=no,resizable=yes,scrollbars=yes,height=500,width=600&apos;); return false;\" target=\"_blank\" title=\"Share on Facebook\"><i class=\"mec-fa-facebook\"><\/i><span class=\"mec-social-title\">Facebook<\/span><\/a><\/li><li class=\"mec-event-social-icon\"><a class=\"twitter\" href=\"https:\/\/x.com\/intent\/tweet?url=https%3A%2F%2Fagendaculturalriodejaneiro.com%2Fen%2Fevents%2Fbakka-br-no-rock-in-rio-2026%2F\" onclick=\"javascript:window.open(this.href, &apos;&apos;, &apos;menubar=no,toolbar=no,resizable=yes,scrollbars=yes,height=600,width=500&apos;); return false;\" target=\"_blank\" title=\"X Social Network\"><svg xmlns=\"http:\/\/www.w3.org\/2000\/svg\" viewbox=\"0 0 512 462.799\"><path d=\"M403.229 0h78.506L310.219 196.04 512 462.799H354.002L230.261 301.007 88.669 462.799h-78.56l183.455-209.683L0 0h161.999l111.856 147.88L403.229 0zm-27.556 415.805h43.505L138.363 44.527h-46.68l283.99 371.278z\" \/><\/svg><span class=\"mec-social-title\">Twitter<\/span><\/a><\/li><li class=\"mec-event-social-icon\"><a class=\"linkedin\" href=\"https:\/\/www.linkedin.com\/shareArticle?mini=true&amp;url=https%3A%2F%2Fagendaculturalriodejaneiro.com%2Fen%2Fevents%2Fbakka-br-no-rock-in-rio-2026%2F\" onclick=\"javascript:window.open(this.href, &apos;&apos;, &apos;menubar=no,toolbar=no,resizable=yes,scrollbars=yes,height=600,width=500&apos;); return false;\" target=\"_blank\" title=\"Linkedin\"><i class=\"mec-fa-linkedin\"><\/i><span class=\"mec-social-title\">Linkedin<\/span><\/a><\/li><li class=\"mec-event-social-icon\"><a class=\"email\" href=\"mailto:?subject=Bakka%20%28BR%29%20no%20Rock%20in%20Rio%202026&amp;body=https%3A%2F%2Fagendaculturalriodejaneiro.com%2Fen%2Fevents%2Fbakka-br-no-rock-in-rio-2026%2F\" title=\"Email\"><i class=\"mec-fa-envelope\"><\/i><span class=\"mec-social-title\">Email<\/span><\/a><\/li>                        <\/ul>\r\n                    <\/li>\r\n                <\/ul>\r\n                                                <a class=\"mec-booking-button\" data-event-id=\"50757\" href=\"https:\/\/agendaculturalriodejaneiro.com\/en\/events\/bakka-br-no-rock-in-rio-2026\/\" target=\"_self\" rel=\"noopener\">Ver Detalhes<\/a>            <\/div>\r\n        <\/article><\/div><\/div>        <div class=\"row\"><div class=\"col-md-4 col-sm-4\"><article class=\" mec-event-article mec-clear  \">                                <div class=\"mec-event-image\"><a data-event-id=\"50761\" href=\"https:\/\/agendaculturalriodejaneiro.com\/en\/events\/riascode-no-rock-in-rio-2026\/\" target=\"_self\" rel=\"noopener\"><img loading=\"lazy\" decoding=\"async\" width=\"300\" height=\"300\" src=\"https:\/\/agendaculturalriodejaneiro.com\/wp-content\/uploads\/2026\/06\/16508539.jpeg\" class=\"attachment-medium size-medium wp-post-image\" alt=\"\" data-mec-postid=\"50761\" \/><\/a><\/div>\r\n                        <div class=\"mec-event-content\">\r\n                                    <div class=\"mec-event-date mec-bg-color\">\r\n                        <span class=\"mec-start-date-label\">13 September 2026<\/span>                                                                    <\/div>\r\n                                                                <h4 class=\"mec-event-title\"><a class=\"mec-color-hover\" data-event-id=\"50761\" href=\"https:\/\/agendaculturalriodejaneiro.com\/en\/events\/riascode-no-rock-in-rio-2026\/\" target=\"_self\" rel=\"noopener\">Riascode no Rock in Rio 2026<\/a><\/h4>\r\n                                <p class=\"mec-grid-event-location\">Rock in Rio, Av. Salvador Allende, Rio de Janeiro<\/p>\r\n                                                                            <\/div>\r\n            <div class=\"mec-event-footer\">\r\n                                <ul class=\"mec-event-sharing-wrap\">\r\n                    <li class=\"mec-event-share\">\r\n                        <a href=\"#\" class=\"mec-event-share-icon\">\r\n                            <i class=\"mec-sl-share\" title=\"Share\"><\/i>\r\n                        <\/a>\r\n                    <\/li>\r\n                    <li>\r\n                        <ul class=\"mec-event-sharing\">\r\n                            <li class=\"mec-event-social-icon\"><a class=\"facebook\" href=\"https:\/\/www.facebook.com\/sharer\/sharer.php?u=https%3A%2F%2Fagendaculturalriodejaneiro.com%2Fen%2Fevents%2Friascode-no-rock-in-rio-2026%2F\" onclick=\"javascript:window.open(this.href, &apos;&apos;, &apos;menubar=no,toolbar=no,resizable=yes,scrollbars=yes,height=500,width=600&apos;); return false;\" target=\"_blank\" title=\"Share on Facebook\"><i class=\"mec-fa-facebook\"><\/i><span class=\"mec-social-title\">Facebook<\/span><\/a><\/li><li class=\"mec-event-social-icon\"><a class=\"twitter\" href=\"https:\/\/x.com\/intent\/tweet?url=https%3A%2F%2Fagendaculturalriodejaneiro.com%2Fen%2Fevents%2Friascode-no-rock-in-rio-2026%2F\" onclick=\"javascript:window.open(this.href, &apos;&apos;, &apos;menubar=no,toolbar=no,resizable=yes,scrollbars=yes,height=600,width=500&apos;); return false;\" target=\"_blank\" title=\"X Social Network\"><svg xmlns=\"http:\/\/www.w3.org\/2000\/svg\" viewbox=\"0 0 512 462.799\"><path d=\"M403.229 0h78.506L310.219 196.04 512 462.799H354.002L230.261 301.007 88.669 462.799h-78.56l183.455-209.683L0 0h161.999l111.856 147.88L403.229 0zm-27.556 415.805h43.505L138.363 44.527h-46.68l283.99 371.278z\" \/><\/svg><span class=\"mec-social-title\">Twitter<\/span><\/a><\/li><li class=\"mec-event-social-icon\"><a class=\"linkedin\" href=\"https:\/\/www.linkedin.com\/shareArticle?mini=true&amp;url=https%3A%2F%2Fagendaculturalriodejaneiro.com%2Fen%2Fevents%2Friascode-no-rock-in-rio-2026%2F\" onclick=\"javascript:window.open(this.href, &apos;&apos;, &apos;menubar=no,toolbar=no,resizable=yes,scrollbars=yes,height=600,width=500&apos;); return false;\" target=\"_blank\" title=\"Linkedin\"><i class=\"mec-fa-linkedin\"><\/i><span class=\"mec-social-title\">Linkedin<\/span><\/a><\/li><li class=\"mec-event-social-icon\"><a class=\"email\" href=\"mailto:?subject=Riascode%20no%20Rock%20in%20Rio%202026&amp;body=https%3A%2F%2Fagendaculturalriodejaneiro.com%2Fen%2Fevents%2Friascode-no-rock-in-rio-2026%2F\" title=\"Email\"><i class=\"mec-fa-envelope\"><\/i><span class=\"mec-social-title\">Email<\/span><\/a><\/li>                        <\/ul>\r\n                    <\/li>\r\n                <\/ul>\r\n                                                <a class=\"mec-booking-button\" data-event-id=\"50761\" href=\"https:\/\/agendaculturalriodejaneiro.com\/en\/events\/riascode-no-rock-in-rio-2026\/\" target=\"_self\" rel=\"noopener\">Ver Detalhes<\/a>            <\/div>\r\n        <\/article><\/div>                <div class=\"col-md-4 col-sm-4\"><article class=\" mec-event-article mec-clear  \">                                <div class=\"mec-event-image\"><a data-event-id=\"50998\" href=\"https:\/\/agendaculturalriodejaneiro.com\/en\/events\/requiem-guarani-kaiova-marca-concerto-da-petrobras-sinfonica-no-theatro-municipal\/\" target=\"_self\" rel=\"noopener\"><img loading=\"lazy\" decoding=\"async\" width=\"300\" height=\"168\" src=\"https:\/\/agendaculturalriodejaneiro.com\/wp-content\/uploads\/2026\/06\/d8b8c7ac-287a-11f1-b047-e2846a097d19-300x168.jpeg\" class=\"attachment-medium size-medium wp-post-image\" alt=\"\" data-mec-postid=\"50998\" \/><\/a><\/div>\r\n                        <div class=\"mec-event-content\">\r\n                                    <div class=\"mec-event-date mec-bg-color\">\r\n                        <span class=\"mec-start-date-label\">15 September 2026<\/span>                                                                    <\/div>\r\n                                                                <h4 class=\"mec-event-title\"><a class=\"mec-color-hover\" data-event-id=\"50998\" href=\"https:\/\/agendaculturalriodejaneiro.com\/en\/events\/requiem-guarani-kaiova-marca-concerto-da-petrobras-sinfonica-no-theatro-municipal\/\" target=\"_self\" rel=\"noopener\">R\u00e9quiem Guaran\u00ed-Ka\u00edov\u00e1 marca concerto da Petrobras Sinf\u00f4nica no Theatro Municipal<\/a><\/h4>\r\n                                <p class=\"mec-grid-event-location\">Theatro Municipal do Rio de Janeiro, Pra\u00e7a Floriano, S\/N - Centro, Rio de Janeiro - RJ, 20031-050, Brasil<\/p>\r\n                                                                            <\/div>\r\n            <div class=\"mec-event-footer\">\r\n                                <ul class=\"mec-event-sharing-wrap\">\r\n                    <li class=\"mec-event-share\">\r\n                        <a href=\"#\" class=\"mec-event-share-icon\">\r\n                            <i class=\"mec-sl-share\" title=\"Share\"><\/i>\r\n                        <\/a>\r\n                    <\/li>\r\n                    <li>\r\n                        <ul class=\"mec-event-sharing\">\r\n                            <li class=\"mec-event-social-icon\"><a class=\"facebook\" href=\"https:\/\/www.facebook.com\/sharer\/sharer.php?u=https%3A%2F%2Fagendaculturalriodejaneiro.com%2Fen%2Fevents%2Frequiem-guarani-kaiova-marca-concerto-da-petrobras-sinfonica-no-theatro-municipal%2F\" onclick=\"javascript:window.open(this.href, &apos;&apos;, &apos;menubar=no,toolbar=no,resizable=yes,scrollbars=yes,height=500,width=600&apos;); return false;\" target=\"_blank\" title=\"Share on Facebook\"><i class=\"mec-fa-facebook\"><\/i><span class=\"mec-social-title\">Facebook<\/span><\/a><\/li><li class=\"mec-event-social-icon\"><a class=\"twitter\" href=\"https:\/\/x.com\/intent\/tweet?url=https%3A%2F%2Fagendaculturalriodejaneiro.com%2Fen%2Fevents%2Frequiem-guarani-kaiova-marca-concerto-da-petrobras-sinfonica-no-theatro-municipal%2F\" onclick=\"javascript:window.open(this.href, &apos;&apos;, &apos;menubar=no,toolbar=no,resizable=yes,scrollbars=yes,height=600,width=500&apos;); return false;\" target=\"_blank\" title=\"X Social Network\"><svg xmlns=\"http:\/\/www.w3.org\/2000\/svg\" viewbox=\"0 0 512 462.799\"><path d=\"M403.229 0h78.506L310.219 196.04 512 462.799H354.002L230.261 301.007 88.669 462.799h-78.56l183.455-209.683L0 0h161.999l111.856 147.88L403.229 0zm-27.556 415.805h43.505L138.363 44.527h-46.68l283.99 371.278z\" \/><\/svg><span class=\"mec-social-title\">Twitter<\/span><\/a><\/li><li class=\"mec-event-social-icon\"><a class=\"linkedin\" href=\"https:\/\/www.linkedin.com\/shareArticle?mini=true&amp;url=https%3A%2F%2Fagendaculturalriodejaneiro.com%2Fen%2Fevents%2Frequiem-guarani-kaiova-marca-concerto-da-petrobras-sinfonica-no-theatro-municipal%2F\" onclick=\"javascript:window.open(this.href, &apos;&apos;, &apos;menubar=no,toolbar=no,resizable=yes,scrollbars=yes,height=600,width=500&apos;); return false;\" target=\"_blank\" title=\"Linkedin\"><i class=\"mec-fa-linkedin\"><\/i><span class=\"mec-social-title\">Linkedin<\/span><\/a><\/li><li class=\"mec-event-social-icon\"><a class=\"email\" href=\"mailto:?subject=R%C3%A9quiem%20Guaran%C3%AD-Ka%C3%ADov%C3%A1%20marca%20concerto%20da%20Petrobras%20Sinf%C3%B4nica%20no%20Theatro%20Municipal&amp;body=https%3A%2F%2Fagendaculturalriodejaneiro.com%2Fen%2Fevents%2Frequiem-guarani-kaiova-marca-concerto-da-petrobras-sinfonica-no-theatro-municipal%2F\" title=\"Email\"><i class=\"mec-fa-envelope\"><\/i><span class=\"mec-social-title\">Email<\/span><\/a><\/li>                        <\/ul>\r\n                    <\/li>\r\n                <\/ul>\r\n                                                <a class=\"mec-booking-button\" data-event-id=\"50998\" href=\"https:\/\/agendaculturalriodejaneiro.com\/en\/events\/requiem-guarani-kaiova-marca-concerto-da-petrobras-sinfonica-no-theatro-municipal\/\" target=\"_self\" rel=\"noopener\">Ver Detalhes<\/a>            <\/div>\r\n        <\/article><\/div>                <div class=\"col-md-4 col-sm-4\"><article class=\" mec-event-article mec-clear  \">                                <div class=\"mec-event-image\"><a data-event-id=\"52526\" href=\"https:\/\/agendaculturalriodejaneiro.com\/en\/events\/onda-vaga-no-rio-de-janeiro\/\" target=\"_self\" rel=\"noopener\"><img loading=\"lazy\" decoding=\"async\" width=\"300\" height=\"169\" src=\"https:\/\/agendaculturalriodejaneiro.com\/wp-content\/uploads\/2026\/07\/Onda_Vaga_Shotgun_1920_x_1080_ga7tcc-300x169.png\" class=\"attachment-medium size-medium wp-post-image\" alt=\"\" data-mec-postid=\"52526\" \/><\/a><\/div>\r\n                        <div class=\"mec-event-content\">\r\n                                    <div class=\"mec-event-date mec-bg-color\">\r\n                        <span class=\"mec-start-date-label\">18 September 2026<\/span>                                                                    <\/div>\r\n                                                                <h4 class=\"mec-event-title\"><a class=\"mec-color-hover\" data-event-id=\"52526\" href=\"https:\/\/agendaculturalriodejaneiro.com\/en\/events\/onda-vaga-no-rio-de-janeiro\/\" target=\"_self\" rel=\"noopener\">Onda Vaga No Rio De Janeiro!<\/a><\/h4>\r\n                                <p class=\"mec-grid-event-location\">Galp\u00e3o Ladeira das Artes, Rua Conselheiro Lampreia, 225 - Cosme Velho, Rio de Janeiro - RJ, 22241-240, Brasil<\/p>\r\n                                                                            <\/div>\r\n            <div class=\"mec-event-footer\">\r\n                                <ul class=\"mec-event-sharing-wrap\">\r\n                    <li class=\"mec-event-share\">\r\n                        <a href=\"#\" class=\"mec-event-share-icon\">\r\n                            <i class=\"mec-sl-share\" title=\"Share\"><\/i>\r\n                        <\/a>\r\n                    <\/li>\r\n                    <li>\r\n                        <ul class=\"mec-event-sharing\">\r\n                            <li class=\"mec-event-social-icon\"><a class=\"facebook\" href=\"https:\/\/www.facebook.com\/sharer\/sharer.php?u=https%3A%2F%2Fagendaculturalriodejaneiro.com%2Fen%2Fevents%2Fonda-vaga-no-rio-de-janeiro%2F\" onclick=\"javascript:window.open(this.href, &apos;&apos;, &apos;menubar=no,toolbar=no,resizable=yes,scrollbars=yes,height=500,width=600&apos;); return false;\" target=\"_blank\" title=\"Share on Facebook\"><i class=\"mec-fa-facebook\"><\/i><span class=\"mec-social-title\">Facebook<\/span><\/a><\/li><li class=\"mec-event-social-icon\"><a class=\"twitter\" href=\"https:\/\/x.com\/intent\/tweet?url=https%3A%2F%2Fagendaculturalriodejaneiro.com%2Fen%2Fevents%2Fonda-vaga-no-rio-de-janeiro%2F\" onclick=\"javascript:window.open(this.href, &apos;&apos;, &apos;menubar=no,toolbar=no,resizable=yes,scrollbars=yes,height=600,width=500&apos;); return false;\" target=\"_blank\" title=\"X Social Network\"><svg xmlns=\"http:\/\/www.w3.org\/2000\/svg\" viewbox=\"0 0 512 462.799\"><path d=\"M403.229 0h78.506L310.219 196.04 512 462.799H354.002L230.261 301.007 88.669 462.799h-78.56l183.455-209.683L0 0h161.999l111.856 147.88L403.229 0zm-27.556 415.805h43.505L138.363 44.527h-46.68l283.99 371.278z\" \/><\/svg><span class=\"mec-social-title\">Twitter<\/span><\/a><\/li><li class=\"mec-event-social-icon\"><a class=\"linkedin\" href=\"https:\/\/www.linkedin.com\/shareArticle?mini=true&amp;url=https%3A%2F%2Fagendaculturalriodejaneiro.com%2Fen%2Fevents%2Fonda-vaga-no-rio-de-janeiro%2F\" onclick=\"javascript:window.open(this.href, &apos;&apos;, &apos;menubar=no,toolbar=no,resizable=yes,scrollbars=yes,height=600,width=500&apos;); return false;\" target=\"_blank\" title=\"Linkedin\"><i class=\"mec-fa-linkedin\"><\/i><span class=\"mec-social-title\">Linkedin<\/span><\/a><\/li><li class=\"mec-event-social-icon\"><a class=\"email\" href=\"mailto:?subject=Onda%20Vaga%20No%20Rio%20De%20Janeiro%21&amp;body=https%3A%2F%2Fagendaculturalriodejaneiro.com%2Fen%2Fevents%2Fonda-vaga-no-rio-de-janeiro%2F\" title=\"Email\"><i class=\"mec-fa-envelope\"><\/i><span class=\"mec-social-title\">Email<\/span><\/a><\/li>                        <\/ul>\r\n                    <\/li>\r\n                <\/ul>\r\n                                                <a class=\"mec-booking-button\" data-event-id=\"52526\" href=\"https:\/\/agendaculturalriodejaneiro.com\/en\/events\/onda-vaga-no-rio-de-janeiro\/\" target=\"_self\" rel=\"noopener\">Ver Detalhes<\/a>            <\/div>\r\n        <\/article><\/div><\/div>        <div class=\"row\"><div class=\"col-md-4 col-sm-4\"><article class=\" mec-event-article mec-clear  \">                                <div class=\"mec-event-image\"><a data-event-id=\"51370\" href=\"https:\/\/agendaculturalriodejaneiro.com\/en\/events\/duoss-na-turne-classicos\/\" target=\"_self\" rel=\"noopener\"><img loading=\"lazy\" decoding=\"async\" width=\"300\" height=\"300\" src=\"https:\/\/agendaculturalriodejaneiro.com\/wp-content\/uploads\/2026\/06\/9-18-26-Duoss-FEED-720x720-300x300.jpg\" class=\"attachment-medium size-medium wp-post-image\" alt=\"\" data-mec-postid=\"51370\" \/><\/a><\/div>\r\n                        <div class=\"mec-event-content\">\r\n                                    <div class=\"mec-event-date mec-bg-color\">\r\n                        <span class=\"mec-start-date-label\">18 September 2026<\/span>                                                                    <\/div>\r\n                                                                <h4 class=\"mec-event-title\"><a class=\"mec-color-hover\" data-event-id=\"51370\" href=\"https:\/\/agendaculturalriodejaneiro.com\/en\/events\/duoss-na-turne-classicos\/\" target=\"_self\" rel=\"noopener\">Duoss na Turn\u00ea Cl\u00e1ssicos<\/a><\/h4>\r\n                                <p class=\"mec-grid-event-location\">Teatro Rival Petrobras, Rua \u00c1lvaro Alvim ,33 - Subsolo, Rio de Janeiro - Rio de Janeiro<\/p>\r\n                                                                            <\/div>\r\n            <div class=\"mec-event-footer\">\r\n                                <ul class=\"mec-event-sharing-wrap\">\r\n                    <li class=\"mec-event-share\">\r\n                        <a href=\"#\" class=\"mec-event-share-icon\">\r\n                            <i class=\"mec-sl-share\" title=\"Share\"><\/i>\r\n                        <\/a>\r\n                    <\/li>\r\n                    <li>\r\n                        <ul class=\"mec-event-sharing\">\r\n                            <li class=\"mec-event-social-icon\"><a class=\"facebook\" href=\"https:\/\/www.facebook.com\/sharer\/sharer.php?u=https%3A%2F%2Fagendaculturalriodejaneiro.com%2Fen%2Fevents%2Fduoss-na-turne-classicos%2F\" onclick=\"javascript:window.open(this.href, &apos;&apos;, &apos;menubar=no,toolbar=no,resizable=yes,scrollbars=yes,height=500,width=600&apos;); return false;\" target=\"_blank\" title=\"Share on Facebook\"><i class=\"mec-fa-facebook\"><\/i><span class=\"mec-social-title\">Facebook<\/span><\/a><\/li><li class=\"mec-event-social-icon\"><a class=\"twitter\" href=\"https:\/\/x.com\/intent\/tweet?url=https%3A%2F%2Fagendaculturalriodejaneiro.com%2Fen%2Fevents%2Fduoss-na-turne-classicos%2F\" onclick=\"javascript:window.open(this.href, &apos;&apos;, &apos;menubar=no,toolbar=no,resizable=yes,scrollbars=yes,height=600,width=500&apos;); return false;\" target=\"_blank\" title=\"X Social Network\"><svg xmlns=\"http:\/\/www.w3.org\/2000\/svg\" viewbox=\"0 0 512 462.799\"><path d=\"M403.229 0h78.506L310.219 196.04 512 462.799H354.002L230.261 301.007 88.669 462.799h-78.56l183.455-209.683L0 0h161.999l111.856 147.88L403.229 0zm-27.556 415.805h43.505L138.363 44.527h-46.68l283.99 371.278z\" \/><\/svg><span class=\"mec-social-title\">Twitter<\/span><\/a><\/li><li class=\"mec-event-social-icon\"><a class=\"linkedin\" href=\"https:\/\/www.linkedin.com\/shareArticle?mini=true&amp;url=https%3A%2F%2Fagendaculturalriodejaneiro.com%2Fen%2Fevents%2Fduoss-na-turne-classicos%2F\" onclick=\"javascript:window.open(this.href, &apos;&apos;, &apos;menubar=no,toolbar=no,resizable=yes,scrollbars=yes,height=600,width=500&apos;); return false;\" target=\"_blank\" title=\"Linkedin\"><i class=\"mec-fa-linkedin\"><\/i><span class=\"mec-social-title\">Linkedin<\/span><\/a><\/li><li class=\"mec-event-social-icon\"><a class=\"email\" href=\"mailto:?subject=Duoss%20na%20Turn%C3%AA%20Cl%C3%A1ssicos&amp;body=https%3A%2F%2Fagendaculturalriodejaneiro.com%2Fen%2Fevents%2Fduoss-na-turne-classicos%2F\" title=\"Email\"><i class=\"mec-fa-envelope\"><\/i><span class=\"mec-social-title\">Email<\/span><\/a><\/li>                        <\/ul>\r\n                    <\/li>\r\n                <\/ul>\r\n                                                <a class=\"mec-booking-button\" data-event-id=\"51370\" href=\"https:\/\/agendaculturalriodejaneiro.com\/en\/events\/duoss-na-turne-classicos\/\" target=\"_self\" rel=\"noopener\">Ver Detalhes<\/a>            <\/div>\r\n        <\/article><\/div>        <div class=\"col-md-4 col-sm-4\"><article class=\" mec-event-article mec-clear  \">                                <div class=\"mec-event-image\"><a data-event-id=\"50670\" href=\"https:\/\/agendaculturalriodejaneiro.com\/en\/events\/angra-celebra-30-anos-de-holy-land-no-vivo-rio\/\" target=\"_self\" rel=\"noopener\"><img loading=\"lazy\" decoding=\"async\" width=\"300\" height=\"300\" src=\"https:\/\/agendaculturalriodejaneiro.com\/wp-content\/uploads\/2026\/06\/25315888.jpeg\" class=\"attachment-medium size-medium wp-post-image\" alt=\"\" data-mec-postid=\"50670\" \/><\/a><\/div>\r\n                        <div class=\"mec-event-content\">\r\n                                    <div class=\"mec-event-date mec-bg-color\">\r\n                        <span class=\"mec-start-date-label\">18 September 2026<\/span>                                                                    <\/div>\r\n                                                                <h4 class=\"mec-event-title\"><a class=\"mec-color-hover\" data-event-id=\"50670\" href=\"https:\/\/agendaculturalriodejaneiro.com\/en\/events\/angra-celebra-30-anos-de-holy-land-no-vivo-rio\/\" target=\"_self\" rel=\"noopener\">Angra celebra 30 anos de Holy Land no Vivo Rio<\/a><\/h4>\r\n                                <p class=\"mec-grid-event-location\">Vivo Rio, Av. Infante Dom Henrique, 85 - Parque do Flamengo, Rio de Janeiro - RJ, 20021-140, Brasil<\/p>\r\n                                                                            <\/div>\r\n            <div class=\"mec-event-footer\">\r\n                                <ul class=\"mec-event-sharing-wrap\">\r\n                    <li class=\"mec-event-share\">\r\n                        <a href=\"#\" class=\"mec-event-share-icon\">\r\n                            <i class=\"mec-sl-share\" title=\"Share\"><\/i>\r\n                        <\/a>\r\n                    <\/li>\r\n                    <li>\r\n                        <ul class=\"mec-event-sharing\">\r\n                            <li class=\"mec-event-social-icon\"><a class=\"facebook\" href=\"https:\/\/www.facebook.com\/sharer\/sharer.php?u=https%3A%2F%2Fagendaculturalriodejaneiro.com%2Fen%2Fevents%2Fangra-celebra-30-anos-de-holy-land-no-vivo-rio%2F\" onclick=\"javascript:window.open(this.href, &apos;&apos;, &apos;menubar=no,toolbar=no,resizable=yes,scrollbars=yes,height=500,width=600&apos;); return false;\" target=\"_blank\" title=\"Share on Facebook\"><i class=\"mec-fa-facebook\"><\/i><span class=\"mec-social-title\">Facebook<\/span><\/a><\/li><li class=\"mec-event-social-icon\"><a class=\"twitter\" href=\"https:\/\/x.com\/intent\/tweet?url=https%3A%2F%2Fagendaculturalriodejaneiro.com%2Fen%2Fevents%2Fangra-celebra-30-anos-de-holy-land-no-vivo-rio%2F\" onclick=\"javascript:window.open(this.href, &apos;&apos;, &apos;menubar=no,toolbar=no,resizable=yes,scrollbars=yes,height=600,width=500&apos;); return false;\" target=\"_blank\" title=\"X Social Network\"><svg xmlns=\"http:\/\/www.w3.org\/2000\/svg\" viewbox=\"0 0 512 462.799\"><path d=\"M403.229 0h78.506L310.219 196.04 512 462.799H354.002L230.261 301.007 88.669 462.799h-78.56l183.455-209.683L0 0h161.999l111.856 147.88L403.229 0zm-27.556 415.805h43.505L138.363 44.527h-46.68l283.99 371.278z\" \/><\/svg><span class=\"mec-social-title\">Twitter<\/span><\/a><\/li><li class=\"mec-event-social-icon\"><a class=\"linkedin\" href=\"https:\/\/www.linkedin.com\/shareArticle?mini=true&amp;url=https%3A%2F%2Fagendaculturalriodejaneiro.com%2Fen%2Fevents%2Fangra-celebra-30-anos-de-holy-land-no-vivo-rio%2F\" onclick=\"javascript:window.open(this.href, &apos;&apos;, &apos;menubar=no,toolbar=no,resizable=yes,scrollbars=yes,height=600,width=500&apos;); return false;\" target=\"_blank\" title=\"Linkedin\"><i class=\"mec-fa-linkedin\"><\/i><span class=\"mec-social-title\">Linkedin<\/span><\/a><\/li><li class=\"mec-event-social-icon\"><a class=\"email\" href=\"mailto:?subject=Angra%20celebra%2030%20anos%20de%20Holy%20Land%20no%20Vivo%20Rio&amp;body=https%3A%2F%2Fagendaculturalriodejaneiro.com%2Fen%2Fevents%2Fangra-celebra-30-anos-de-holy-land-no-vivo-rio%2F\" title=\"Email\"><i class=\"mec-fa-envelope\"><\/i><span class=\"mec-social-title\">Email<\/span><\/a><\/li>                        <\/ul>\r\n                    <\/li>\r\n                <\/ul>\r\n                                                <a class=\"mec-booking-button\" data-event-id=\"50670\" href=\"https:\/\/agendaculturalriodejaneiro.com\/en\/events\/angra-celebra-30-anos-de-holy-land-no-vivo-rio\/\" target=\"_self\" rel=\"noopener\">Ver Detalhes<\/a>            <\/div>\r\n        <\/article><\/div>        <div class=\"col-md-4 col-sm-4\"><article class=\" mec-event-article mec-clear  \">                                <div class=\"mec-event-image\"><a data-event-id=\"51643\" href=\"https:\/\/agendaculturalriodejaneiro.com\/en\/events\/candlelight-tributo-a-chiquinha-gonzaga-ernesto-nazareth\/\" target=\"_self\" rel=\"noopener\"><img loading=\"lazy\" decoding=\"async\" width=\"300\" height=\"217\" src=\"https:\/\/agendaculturalriodejaneiro.com\/wp-content\/uploads\/2026\/06\/56e36a6e-0582-11f0-a865-fe94eb663062-300x217.jpg\" class=\"attachment-medium size-medium wp-post-image\" alt=\"\" data-mec-postid=\"51643\" \/><\/a><\/div>\r\n                        <div class=\"mec-event-content\">\r\n                                    <div class=\"mec-event-date mec-bg-color\">\r\n                        <span class=\"mec-start-date-label\">18 September 2026<\/span>                                                                    <\/div>\r\n                                                                <h4 class=\"mec-event-title\"><a class=\"mec-color-hover\" data-event-id=\"51643\" href=\"https:\/\/agendaculturalriodejaneiro.com\/en\/events\/candlelight-tributo-a-chiquinha-gonzaga-ernesto-nazareth\/\" target=\"_self\" rel=\"noopener\">Candlelight: Tributo a Chiquinha Gonzaga &#038; Ernesto Nazareth<\/a><\/h4>\r\n                                <p class=\"mec-grid-event-location\">Solar de Botafogo, Rio de Janeiro<\/p>\r\n                                                                            <\/div>\r\n            <div class=\"mec-event-footer\">\r\n                                <ul class=\"mec-event-sharing-wrap\">\r\n                    <li class=\"mec-event-share\">\r\n                        <a href=\"#\" class=\"mec-event-share-icon\">\r\n                            <i class=\"mec-sl-share\" title=\"Share\"><\/i>\r\n                        <\/a>\r\n                    <\/li>\r\n                    <li>\r\n                        <ul class=\"mec-event-sharing\">\r\n                            <li class=\"mec-event-social-icon\"><a class=\"facebook\" href=\"https:\/\/www.facebook.com\/sharer\/sharer.php?u=https%3A%2F%2Fagendaculturalriodejaneiro.com%2Fen%2Fevents%2Fcandlelight-tributo-a-chiquinha-gonzaga-ernesto-nazareth%2F\" onclick=\"javascript:window.open(this.href, &apos;&apos;, &apos;menubar=no,toolbar=no,resizable=yes,scrollbars=yes,height=500,width=600&apos;); return false;\" target=\"_blank\" title=\"Share on Facebook\"><i class=\"mec-fa-facebook\"><\/i><span class=\"mec-social-title\">Facebook<\/span><\/a><\/li><li class=\"mec-event-social-icon\"><a class=\"twitter\" href=\"https:\/\/x.com\/intent\/tweet?url=https%3A%2F%2Fagendaculturalriodejaneiro.com%2Fen%2Fevents%2Fcandlelight-tributo-a-chiquinha-gonzaga-ernesto-nazareth%2F\" onclick=\"javascript:window.open(this.href, &apos;&apos;, &apos;menubar=no,toolbar=no,resizable=yes,scrollbars=yes,height=600,width=500&apos;); return false;\" target=\"_blank\" title=\"X Social Network\"><svg xmlns=\"http:\/\/www.w3.org\/2000\/svg\" viewbox=\"0 0 512 462.799\"><path d=\"M403.229 0h78.506L310.219 196.04 512 462.799H354.002L230.261 301.007 88.669 462.799h-78.56l183.455-209.683L0 0h161.999l111.856 147.88L403.229 0zm-27.556 415.805h43.505L138.363 44.527h-46.68l283.99 371.278z\" \/><\/svg><span class=\"mec-social-title\">Twitter<\/span><\/a><\/li><li class=\"mec-event-social-icon\"><a class=\"linkedin\" href=\"https:\/\/www.linkedin.com\/shareArticle?mini=true&amp;url=https%3A%2F%2Fagendaculturalriodejaneiro.com%2Fen%2Fevents%2Fcandlelight-tributo-a-chiquinha-gonzaga-ernesto-nazareth%2F\" onclick=\"javascript:window.open(this.href, &apos;&apos;, &apos;menubar=no,toolbar=no,resizable=yes,scrollbars=yes,height=600,width=500&apos;); return false;\" target=\"_blank\" title=\"Linkedin\"><i class=\"mec-fa-linkedin\"><\/i><span class=\"mec-social-title\">Linkedin<\/span><\/a><\/li><li class=\"mec-event-social-icon\"><a class=\"email\" href=\"mailto:?subject=Candlelight%3A%20Tributo%20a%20Chiquinha%20Gonzaga%20%2526%20Ernesto%20Nazareth&amp;body=https%3A%2F%2Fagendaculturalriodejaneiro.com%2Fen%2Fevents%2Fcandlelight-tributo-a-chiquinha-gonzaga-ernesto-nazareth%2F\" title=\"Email\"><i class=\"mec-fa-envelope\"><\/i><span class=\"mec-social-title\">Email<\/span><\/a><\/li>                        <\/ul>\r\n                    <\/li>\r\n                <\/ul>\r\n                                                <a class=\"mec-booking-button\" data-event-id=\"51643\" href=\"https:\/\/agendaculturalriodejaneiro.com\/en\/events\/candlelight-tributo-a-chiquinha-gonzaga-ernesto-nazareth\/\" target=\"_self\" rel=\"noopener\">Ver Detalhes<\/a>            <\/div>\r\n        <\/article><\/div><\/div>        <div class=\"row\"><div class=\"col-md-4 col-sm-4\"><article class=\" mec-event-article mec-clear  \">                                <div class=\"mec-event-image\"><a data-event-id=\"52923\" href=\"https:\/\/agendaculturalriodejaneiro.com\/en\/events\/lagum-na-via-music-hall-banda-mineira-leva-turne-ao-rio-de-janeiro\/\" target=\"_self\" rel=\"noopener\"><img loading=\"lazy\" decoding=\"async\" width=\"300\" height=\"300\" src=\"https:\/\/agendaculturalriodejaneiro.com\/wp-content\/uploads\/2026\/08\/25111006-300x300.webp\" class=\"attachment-medium size-medium wp-post-image\" alt=\"\" data-mec-postid=\"52923\" \/><\/a><\/div>\r\n                        <div class=\"mec-event-content\">\r\n                                    <div class=\"mec-event-date mec-bg-color\">\r\n                        <span class=\"mec-start-date-label\">18 September 2026<\/span>                                                                    <\/div>\r\n                                                                <h4 class=\"mec-event-title\"><a class=\"mec-color-hover\" data-event-id=\"52923\" href=\"https:\/\/agendaculturalriodejaneiro.com\/en\/events\/lagum-na-via-music-hall-banda-mineira-leva-turne-ao-rio-de-janeiro\/\" target=\"_self\" rel=\"noopener\">Lagum na Via Music Hall: banda mineira leva turn\u00ea ao Rio de Janeiro<\/a><\/h4>\r\n                                <p class=\"mec-grid-event-location\">Via Music Hall, Rod. Pres. Dutra, 4200 - Parque Barreto, S\u00e3o Jo\u00e3o de Meriti - RJ, 25586-140, Brasil<\/p>\r\n                                                                            <\/div>\r\n            <div class=\"mec-event-footer\">\r\n                                <ul class=\"mec-event-sharing-wrap\">\r\n                    <li class=\"mec-event-share\">\r\n                        <a href=\"#\" class=\"mec-event-share-icon\">\r\n                            <i class=\"mec-sl-share\" title=\"Share\"><\/i>\r\n                        <\/a>\r\n                    <\/li>\r\n                    <li>\r\n                        <ul class=\"mec-event-sharing\">\r\n                            <li class=\"mec-event-social-icon\"><a class=\"facebook\" href=\"https:\/\/www.facebook.com\/sharer\/sharer.php?u=https%3A%2F%2Fagendaculturalriodejaneiro.com%2Fen%2Fevents%2Flagum-na-via-music-hall-banda-mineira-leva-turne-ao-rio-de-janeiro%2F\" onclick=\"javascript:window.open(this.href, &apos;&apos;, &apos;menubar=no,toolbar=no,resizable=yes,scrollbars=yes,height=500,width=600&apos;); return false;\" target=\"_blank\" title=\"Share on Facebook\"><i class=\"mec-fa-facebook\"><\/i><span class=\"mec-social-title\">Facebook<\/span><\/a><\/li><li class=\"mec-event-social-icon\"><a class=\"twitter\" href=\"https:\/\/x.com\/intent\/tweet?url=https%3A%2F%2Fagendaculturalriodejaneiro.com%2Fen%2Fevents%2Flagum-na-via-music-hall-banda-mineira-leva-turne-ao-rio-de-janeiro%2F\" onclick=\"javascript:window.open(this.href, &apos;&apos;, &apos;menubar=no,toolbar=no,resizable=yes,scrollbars=yes,height=600,width=500&apos;); return false;\" target=\"_blank\" title=\"X Social Network\"><svg xmlns=\"http:\/\/www.w3.org\/2000\/svg\" viewbox=\"0 0 512 462.799\"><path d=\"M403.229 0h78.506L310.219 196.04 512 462.799H354.002L230.261 301.007 88.669 462.799h-78.56l183.455-209.683L0 0h161.999l111.856 147.88L403.229 0zm-27.556 415.805h43.505L138.363 44.527h-46.68l283.99 371.278z\" \/><\/svg><span class=\"mec-social-title\">Twitter<\/span><\/a><\/li><li class=\"mec-event-social-icon\"><a class=\"linkedin\" href=\"https:\/\/www.linkedin.com\/shareArticle?mini=true&amp;url=https%3A%2F%2Fagendaculturalriodejaneiro.com%2Fen%2Fevents%2Flagum-na-via-music-hall-banda-mineira-leva-turne-ao-rio-de-janeiro%2F\" onclick=\"javascript:window.open(this.href, &apos;&apos;, &apos;menubar=no,toolbar=no,resizable=yes,scrollbars=yes,height=600,width=500&apos;); return false;\" target=\"_blank\" title=\"Linkedin\"><i class=\"mec-fa-linkedin\"><\/i><span class=\"mec-social-title\">Linkedin<\/span><\/a><\/li><li class=\"mec-event-social-icon\"><a class=\"email\" href=\"mailto:?subject=Lagum%20na%20Via%20Music%20Hall%3A%20banda%20mineira%20leva%20turn%C3%AA%20ao%20Rio%20de%20Janeiro&amp;body=https%3A%2F%2Fagendaculturalriodejaneiro.com%2Fen%2Fevents%2Flagum-na-via-music-hall-banda-mineira-leva-turne-ao-rio-de-janeiro%2F\" title=\"Email\"><i class=\"mec-fa-envelope\"><\/i><span class=\"mec-social-title\">Email<\/span><\/a><\/li>                        <\/ul>\r\n                    <\/li>\r\n                <\/ul>\r\n                                                <a class=\"mec-booking-button\" data-event-id=\"52923\" href=\"https:\/\/agendaculturalriodejaneiro.com\/en\/events\/lagum-na-via-music-hall-banda-mineira-leva-turne-ao-rio-de-janeiro\/\" target=\"_self\" rel=\"noopener\">Ver Detalhes<\/a>            <\/div>\r\n        <\/article><\/div>                <div class=\"col-md-4 col-sm-4\"><article class=\" mec-event-article mec-clear  \">                                <div class=\"mec-event-image\"><a data-event-id=\"51629\" href=\"https:\/\/agendaculturalriodejaneiro.com\/en\/events\/candlelight-os-classicos-do-rock-2\/\" target=\"_self\" rel=\"noopener\"><img loading=\"lazy\" decoding=\"async\" width=\"300\" height=\"217\" src=\"https:\/\/agendaculturalriodejaneiro.com\/wp-content\/uploads\/2026\/06\/27185658-1aa1-11f0-a37d-f274ed878ee4-300x217.jpg\" class=\"attachment-medium size-medium wp-post-image\" alt=\"\" data-mec-postid=\"51629\" \/><\/a><\/div>\r\n                        <div class=\"mec-event-content\">\r\n                                    <div class=\"mec-event-date mec-bg-color\">\r\n                        <span class=\"mec-start-date-label\">19 September 2026<\/span>                                                                    <\/div>\r\n                                                                <h4 class=\"mec-event-title\"><a class=\"mec-color-hover\" data-event-id=\"51629\" href=\"https:\/\/agendaculturalriodejaneiro.com\/en\/events\/candlelight-os-classicos-do-rock-2\/\" target=\"_self\" rel=\"noopener\">Candlelight: Os Cl\u00e1ssicos do Rock ilumina o Rio de Janeiro com grandes hinos do rock<\/a><\/h4>\r\n                                <p class=\"mec-grid-event-location\">Teatro Copacabana Palace, Rio de Janeiro<\/p>\r\n                                                                            <\/div>\r\n            <div class=\"mec-event-footer\">\r\n                                <ul class=\"mec-event-sharing-wrap\">\r\n                    <li class=\"mec-event-share\">\r\n                        <a href=\"#\" class=\"mec-event-share-icon\">\r\n                            <i class=\"mec-sl-share\" title=\"Share\"><\/i>\r\n                        <\/a>\r\n                    <\/li>\r\n                    <li>\r\n                        <ul class=\"mec-event-sharing\">\r\n                            <li class=\"mec-event-social-icon\"><a class=\"facebook\" href=\"https:\/\/www.facebook.com\/sharer\/sharer.php?u=https%3A%2F%2Fagendaculturalriodejaneiro.com%2Fen%2Fevents%2Fcandlelight-os-classicos-do-rock-2%2F\" onclick=\"javascript:window.open(this.href, &apos;&apos;, &apos;menubar=no,toolbar=no,resizable=yes,scrollbars=yes,height=500,width=600&apos;); return false;\" target=\"_blank\" title=\"Share on Facebook\"><i class=\"mec-fa-facebook\"><\/i><span class=\"mec-social-title\">Facebook<\/span><\/a><\/li><li class=\"mec-event-social-icon\"><a class=\"twitter\" href=\"https:\/\/x.com\/intent\/tweet?url=https%3A%2F%2Fagendaculturalriodejaneiro.com%2Fen%2Fevents%2Fcandlelight-os-classicos-do-rock-2%2F\" onclick=\"javascript:window.open(this.href, &apos;&apos;, &apos;menubar=no,toolbar=no,resizable=yes,scrollbars=yes,height=600,width=500&apos;); return false;\" target=\"_blank\" title=\"X Social Network\"><svg xmlns=\"http:\/\/www.w3.org\/2000\/svg\" viewbox=\"0 0 512 462.799\"><path d=\"M403.229 0h78.506L310.219 196.04 512 462.799H354.002L230.261 301.007 88.669 462.799h-78.56l183.455-209.683L0 0h161.999l111.856 147.88L403.229 0zm-27.556 415.805h43.505L138.363 44.527h-46.68l283.99 371.278z\" \/><\/svg><span class=\"mec-social-title\">Twitter<\/span><\/a><\/li><li class=\"mec-event-social-icon\"><a class=\"linkedin\" href=\"https:\/\/www.linkedin.com\/shareArticle?mini=true&amp;url=https%3A%2F%2Fagendaculturalriodejaneiro.com%2Fen%2Fevents%2Fcandlelight-os-classicos-do-rock-2%2F\" onclick=\"javascript:window.open(this.href, &apos;&apos;, &apos;menubar=no,toolbar=no,resizable=yes,scrollbars=yes,height=600,width=500&apos;); return false;\" target=\"_blank\" title=\"Linkedin\"><i class=\"mec-fa-linkedin\"><\/i><span class=\"mec-social-title\">Linkedin<\/span><\/a><\/li><li class=\"mec-event-social-icon\"><a class=\"email\" href=\"mailto:?subject=Candlelight%3A%20Os%20Cl%C3%A1ssicos%20do%20Rock%20ilumina%20o%20Rio%20de%20Janeiro%20com%20grandes%20hinos%20do%20rock&amp;body=https%3A%2F%2Fagendaculturalriodejaneiro.com%2Fen%2Fevents%2Fcandlelight-os-classicos-do-rock-2%2F\" title=\"Email\"><i class=\"mec-fa-envelope\"><\/i><span class=\"mec-social-title\">Email<\/span><\/a><\/li>                        <\/ul>\r\n                    <\/li>\r\n                <\/ul>\r\n                                                <a class=\"mec-booking-button\" data-event-id=\"51629\" href=\"https:\/\/agendaculturalriodejaneiro.com\/en\/events\/candlelight-os-classicos-do-rock-2\/\" target=\"_self\" rel=\"noopener\">Ver Detalhes<\/a>            <\/div>\r\n        <\/article><\/div>        <div class=\"col-md-4 col-sm-4\"><article class=\" mec-event-article mec-clear  \">                                <div class=\"mec-event-image\"><a data-event-id=\"50672\" href=\"https:\/\/agendaculturalriodejaneiro.com\/en\/events\/roberta-miranda-canta-sucessos-no-vivo-rio\/\" target=\"_self\" rel=\"noopener\"><img loading=\"lazy\" decoding=\"async\" width=\"300\" height=\"157\" src=\"https:\/\/agendaculturalriodejaneiro.com\/wp-content\/uploads\/2026\/06\/Roberta-Miranda-canta-sucessos-no-Vivo-Rio-300x157.webp\" class=\"attachment-medium size-medium wp-post-image\" alt=\"\" data-mec-postid=\"50672\" \/><\/a><\/div>\r\n                        <div class=\"mec-event-content\">\r\n                                    <div class=\"mec-event-date mec-bg-color\">\r\n                        <span class=\"mec-start-date-label\">19 September 2026<\/span>                                                                    <\/div>\r\n                                                                <h4 class=\"mec-event-title\"><a class=\"mec-color-hover\" data-event-id=\"50672\" href=\"https:\/\/agendaculturalriodejaneiro.com\/en\/events\/roberta-miranda-canta-sucessos-no-vivo-rio\/\" target=\"_self\" rel=\"noopener\">Roberta Miranda canta sucessos no Vivo Rio<\/a><\/h4>\r\n                                <p class=\"mec-grid-event-location\">Vivo Rio, Av. Infante Dom Henrique, 85 - Parque do Flamengo, Rio de Janeiro - RJ, 20021-140, Brasil<\/p>\r\n                                                                            <\/div>\r\n            <div class=\"mec-event-footer\">\r\n                                <ul class=\"mec-event-sharing-wrap\">\r\n                    <li class=\"mec-event-share\">\r\n                        <a href=\"#\" class=\"mec-event-share-icon\">\r\n                            <i class=\"mec-sl-share\" title=\"Share\"><\/i>\r\n                        <\/a>\r\n                    <\/li>\r\n                    <li>\r\n                        <ul class=\"mec-event-sharing\">\r\n                            <li class=\"mec-event-social-icon\"><a class=\"facebook\" href=\"https:\/\/www.facebook.com\/sharer\/sharer.php?u=https%3A%2F%2Fagendaculturalriodejaneiro.com%2Fen%2Fevents%2Froberta-miranda-canta-sucessos-no-vivo-rio%2F\" onclick=\"javascript:window.open(this.href, &apos;&apos;, &apos;menubar=no,toolbar=no,resizable=yes,scrollbars=yes,height=500,width=600&apos;); return false;\" target=\"_blank\" title=\"Share on Facebook\"><i class=\"mec-fa-facebook\"><\/i><span class=\"mec-social-title\">Facebook<\/span><\/a><\/li><li class=\"mec-event-social-icon\"><a class=\"twitter\" href=\"https:\/\/x.com\/intent\/tweet?url=https%3A%2F%2Fagendaculturalriodejaneiro.com%2Fen%2Fevents%2Froberta-miranda-canta-sucessos-no-vivo-rio%2F\" onclick=\"javascript:window.open(this.href, &apos;&apos;, &apos;menubar=no,toolbar=no,resizable=yes,scrollbars=yes,height=600,width=500&apos;); return false;\" target=\"_blank\" title=\"X Social Network\"><svg xmlns=\"http:\/\/www.w3.org\/2000\/svg\" viewbox=\"0 0 512 462.799\"><path d=\"M403.229 0h78.506L310.219 196.04 512 462.799H354.002L230.261 301.007 88.669 462.799h-78.56l183.455-209.683L0 0h161.999l111.856 147.88L403.229 0zm-27.556 415.805h43.505L138.363 44.527h-46.68l283.99 371.278z\" \/><\/svg><span class=\"mec-social-title\">Twitter<\/span><\/a><\/li><li class=\"mec-event-social-icon\"><a class=\"linkedin\" href=\"https:\/\/www.linkedin.com\/shareArticle?mini=true&amp;url=https%3A%2F%2Fagendaculturalriodejaneiro.com%2Fen%2Fevents%2Froberta-miranda-canta-sucessos-no-vivo-rio%2F\" onclick=\"javascript:window.open(this.href, &apos;&apos;, &apos;menubar=no,toolbar=no,resizable=yes,scrollbars=yes,height=600,width=500&apos;); return false;\" target=\"_blank\" title=\"Linkedin\"><i class=\"mec-fa-linkedin\"><\/i><span class=\"mec-social-title\">Linkedin<\/span><\/a><\/li><li class=\"mec-event-social-icon\"><a class=\"email\" href=\"mailto:?subject=Roberta%20Miranda%20canta%20sucessos%20no%20Vivo%20Rio&amp;body=https%3A%2F%2Fagendaculturalriodejaneiro.com%2Fen%2Fevents%2Froberta-miranda-canta-sucessos-no-vivo-rio%2F\" title=\"Email\"><i class=\"mec-fa-envelope\"><\/i><span class=\"mec-social-title\">Email<\/span><\/a><\/li>                        <\/ul>\r\n                    <\/li>\r\n                <\/ul>\r\n                                                <a class=\"mec-booking-button\" data-event-id=\"50672\" href=\"https:\/\/agendaculturalriodejaneiro.com\/en\/events\/roberta-miranda-canta-sucessos-no-vivo-rio\/\" target=\"_self\" rel=\"noopener\">Ver Detalhes<\/a>            <\/div>\r\n        <\/article><\/div><\/div>        <div class=\"row\"><div class=\"col-md-4 col-sm-4\"><article class=\" mec-event-article mec-clear  \">                                <div class=\"mec-event-image\"><a data-event-id=\"50984\" href=\"https:\/\/agendaculturalriodejaneiro.com\/en\/events\/candlelight-revisita-coldplay-no-teatro-copacabana-palace\/\" target=\"_self\" rel=\"noopener\"><img loading=\"lazy\" decoding=\"async\" width=\"300\" height=\"300\" src=\"https:\/\/agendaculturalriodejaneiro.com\/wp-content\/uploads\/2026\/06\/be8df194-1aa8-11f0-996c-caa78636736f-300x300.jpg\" class=\"attachment-medium size-medium wp-post-image\" alt=\"\" data-mec-postid=\"50984\" \/><\/a><\/div>\r\n                        <div class=\"mec-event-content\">\r\n                                    <div class=\"mec-event-date mec-bg-color\">\r\n                        <span class=\"mec-start-date-label\">19 - 20 September 2026<\/span>                                                                    <\/div>\r\n                                                                <h4 class=\"mec-event-title\"><a class=\"mec-color-hover\" data-event-id=\"50984\" href=\"https:\/\/agendaculturalriodejaneiro.com\/en\/events\/candlelight-revisita-coldplay-no-teatro-copacabana-palace\/\" target=\"_self\" rel=\"noopener\">Candlelight revisita Coldplay no Teatro Copacabana Palace<\/a><\/h4>\r\n                                <p class=\"mec-grid-event-location\">Teatro Copacabana Palace, Rio de Janeiro<\/p>\r\n                                                                            <\/div>\r\n            <div class=\"mec-event-footer\">\r\n                                <ul class=\"mec-event-sharing-wrap\">\r\n                    <li class=\"mec-event-share\">\r\n                        <a href=\"#\" class=\"mec-event-share-icon\">\r\n                            <i class=\"mec-sl-share\" title=\"Share\"><\/i>\r\n                        <\/a>\r\n                    <\/li>\r\n                    <li>\r\n                        <ul class=\"mec-event-sharing\">\r\n                            <li class=\"mec-event-social-icon\"><a class=\"facebook\" href=\"https:\/\/www.facebook.com\/sharer\/sharer.php?u=https%3A%2F%2Fagendaculturalriodejaneiro.com%2Fen%2Fevents%2Fcandlelight-revisita-coldplay-no-teatro-copacabana-palace%2F\" onclick=\"javascript:window.open(this.href, &apos;&apos;, &apos;menubar=no,toolbar=no,resizable=yes,scrollbars=yes,height=500,width=600&apos;); return false;\" target=\"_blank\" title=\"Share on Facebook\"><i class=\"mec-fa-facebook\"><\/i><span class=\"mec-social-title\">Facebook<\/span><\/a><\/li><li class=\"mec-event-social-icon\"><a class=\"twitter\" href=\"https:\/\/x.com\/intent\/tweet?url=https%3A%2F%2Fagendaculturalriodejaneiro.com%2Fen%2Fevents%2Fcandlelight-revisita-coldplay-no-teatro-copacabana-palace%2F\" onclick=\"javascript:window.open(this.href, &apos;&apos;, &apos;menubar=no,toolbar=no,resizable=yes,scrollbars=yes,height=600,width=500&apos;); return false;\" target=\"_blank\" title=\"X Social Network\"><svg xmlns=\"http:\/\/www.w3.org\/2000\/svg\" viewbox=\"0 0 512 462.799\"><path d=\"M403.229 0h78.506L310.219 196.04 512 462.799H354.002L230.261 301.007 88.669 462.799h-78.56l183.455-209.683L0 0h161.999l111.856 147.88L403.229 0zm-27.556 415.805h43.505L138.363 44.527h-46.68l283.99 371.278z\" \/><\/svg><span class=\"mec-social-title\">Twitter<\/span><\/a><\/li><li class=\"mec-event-social-icon\"><a class=\"linkedin\" href=\"https:\/\/www.linkedin.com\/shareArticle?mini=true&amp;url=https%3A%2F%2Fagendaculturalriodejaneiro.com%2Fen%2Fevents%2Fcandlelight-revisita-coldplay-no-teatro-copacabana-palace%2F\" onclick=\"javascript:window.open(this.href, &apos;&apos;, &apos;menubar=no,toolbar=no,resizable=yes,scrollbars=yes,height=600,width=500&apos;); return false;\" target=\"_blank\" title=\"Linkedin\"><i class=\"mec-fa-linkedin\"><\/i><span class=\"mec-social-title\">Linkedin<\/span><\/a><\/li><li class=\"mec-event-social-icon\"><a class=\"email\" href=\"mailto:?subject=Candlelight%20revisita%20Coldplay%20no%20Teatro%20Copacabana%20Palace&amp;body=https%3A%2F%2Fagendaculturalriodejaneiro.com%2Fen%2Fevents%2Fcandlelight-revisita-coldplay-no-teatro-copacabana-palace%2F\" title=\"Email\"><i class=\"mec-fa-envelope\"><\/i><span class=\"mec-social-title\">Email<\/span><\/a><\/li>                        <\/ul>\r\n                    <\/li>\r\n                <\/ul>\r\n                                                <a class=\"mec-booking-button\" data-event-id=\"50984\" href=\"https:\/\/agendaculturalriodejaneiro.com\/en\/events\/candlelight-revisita-coldplay-no-teatro-copacabana-palace\/\" target=\"_self\" rel=\"noopener\">Ver Detalhes<\/a>            <\/div>\r\n        <\/article><\/div>                <div class=\"col-md-4 col-sm-4\"><article class=\" mec-event-article mec-clear  \">                                <div class=\"mec-event-image\"><a data-event-id=\"48803\" href=\"https:\/\/agendaculturalriodejaneiro.com\/en\/events\/piaf-spectacle-por-nathalie-lermitte-no-vivo-rio\/\" target=\"_self\" rel=\"noopener\"><img loading=\"lazy\" decoding=\"async\" width=\"300\" height=\"157\" src=\"https:\/\/agendaculturalriodejaneiro.com\/wp-content\/uploads\/2026\/04\/Piaf-Spectacle-por-Nathalie-Lermitte-no-Vivo-Rio-300x157.jpg\" class=\"attachment-medium size-medium wp-post-image\" alt=\"Piaf Spectacle por Nathalie Lermitte no Vivo Rio\" data-mec-postid=\"48803\" \/><\/a><\/div>\r\n                        <div class=\"mec-event-content\">\r\n                                    <div class=\"mec-event-date mec-bg-color\">\r\n                        <span class=\"mec-start-date-label\">20 September 2026<\/span>                                                                    <\/div>\r\n                                                                <h4 class=\"mec-event-title\"><a class=\"mec-color-hover\" data-event-id=\"48803\" href=\"https:\/\/agendaculturalriodejaneiro.com\/en\/events\/piaf-spectacle-por-nathalie-lermitte-no-vivo-rio\/\" target=\"_self\" rel=\"noopener\">Piaf Spectacle por Nathalie Lermitte no Vivo Rio<\/a><\/h4>\r\n                                <p class=\"mec-grid-event-location\">Vivo Rio, Av. Infante Dom Henrique, 85 - Parque do Flamengo, Rio de Janeiro - RJ, 20021-140, Brasil<\/p>\r\n                                                                            <\/div>\r\n            <div class=\"mec-event-footer\">\r\n                                <ul class=\"mec-event-sharing-wrap\">\r\n                    <li class=\"mec-event-share\">\r\n                        <a href=\"#\" class=\"mec-event-share-icon\">\r\n                            <i class=\"mec-sl-share\" title=\"Share\"><\/i>\r\n                        <\/a>\r\n                    <\/li>\r\n                    <li>\r\n                        <ul class=\"mec-event-sharing\">\r\n                            <li class=\"mec-event-social-icon\"><a class=\"facebook\" href=\"https:\/\/www.facebook.com\/sharer\/sharer.php?u=https%3A%2F%2Fagendaculturalriodejaneiro.com%2Fen%2Fevents%2Fpiaf-spectacle-por-nathalie-lermitte-no-vivo-rio%2F\" onclick=\"javascript:window.open(this.href, &apos;&apos;, &apos;menubar=no,toolbar=no,resizable=yes,scrollbars=yes,height=500,width=600&apos;); return false;\" target=\"_blank\" title=\"Share on Facebook\"><i class=\"mec-fa-facebook\"><\/i><span class=\"mec-social-title\">Facebook<\/span><\/a><\/li><li class=\"mec-event-social-icon\"><a class=\"twitter\" href=\"https:\/\/x.com\/intent\/tweet?url=https%3A%2F%2Fagendaculturalriodejaneiro.com%2Fen%2Fevents%2Fpiaf-spectacle-por-nathalie-lermitte-no-vivo-rio%2F\" onclick=\"javascript:window.open(this.href, &apos;&apos;, &apos;menubar=no,toolbar=no,resizable=yes,scrollbars=yes,height=600,width=500&apos;); return false;\" target=\"_blank\" title=\"X Social Network\"><svg xmlns=\"http:\/\/www.w3.org\/2000\/svg\" viewbox=\"0 0 512 462.799\"><path d=\"M403.229 0h78.506L310.219 196.04 512 462.799H354.002L230.261 301.007 88.669 462.799h-78.56l183.455-209.683L0 0h161.999l111.856 147.88L403.229 0zm-27.556 415.805h43.505L138.363 44.527h-46.68l283.99 371.278z\" \/><\/svg><span class=\"mec-social-title\">Twitter<\/span><\/a><\/li><li class=\"mec-event-social-icon\"><a class=\"linkedin\" href=\"https:\/\/www.linkedin.com\/shareArticle?mini=true&amp;url=https%3A%2F%2Fagendaculturalriodejaneiro.com%2Fen%2Fevents%2Fpiaf-spectacle-por-nathalie-lermitte-no-vivo-rio%2F\" onclick=\"javascript:window.open(this.href, &apos;&apos;, &apos;menubar=no,toolbar=no,resizable=yes,scrollbars=yes,height=600,width=500&apos;); return false;\" target=\"_blank\" title=\"Linkedin\"><i class=\"mec-fa-linkedin\"><\/i><span class=\"mec-social-title\">Linkedin<\/span><\/a><\/li><li class=\"mec-event-social-icon\"><a class=\"email\" href=\"mailto:?subject=Piaf%20Spectacle%20por%20Nathalie%20Lermitte%20no%20Vivo%20Rio&amp;body=https%3A%2F%2Fagendaculturalriodejaneiro.com%2Fen%2Fevents%2Fpiaf-spectacle-por-nathalie-lermitte-no-vivo-rio%2F\" title=\"Email\"><i class=\"mec-fa-envelope\"><\/i><span class=\"mec-social-title\">Email<\/span><\/a><\/li>                        <\/ul>\r\n                    <\/li>\r\n                <\/ul>\r\n                                                <a class=\"mec-booking-button\" data-event-id=\"48803\" href=\"https:\/\/agendaculturalriodejaneiro.com\/en\/events\/piaf-spectacle-por-nathalie-lermitte-no-vivo-rio\/\" target=\"_self\" rel=\"noopener\">Ver Detalhes<\/a>            <\/div>\r\n        <\/article><\/div>                        <\/div>\t<\/div>\r\n<\/div>\r\n\r\n    <\/div>\r\n    <div class=\"mec-skin-grid-no-events-container mec-util-hidden\" id=\"mec_skin_no_events_mec1\">\r\n        Eventos n\u00e3o encontrados!    <\/div>\r\n    \r\n    <div class=\"mec-load-more-wrap\">\r\n                <div tabindex=\"0\" onkeydown=\"if(event.keyCode===13){jQuery(this).trigger('click');}\" class=\"mec-load-more-button \">Load More<\/div>\r\n            <\/div>\r\n<\/div>\r\n<script data-mec-view-beacon=\"1\" data-view=\"grid\" data-skin=\"grid\" data-sh=\"7bdda968c39e\" data-count=\"5_20\">(function(){if(!window.mecRelayBeacon||!document.currentScript)return;var s=document.currentScript;window.mecRelayBeacon(\"mec_calendar_view_rendered\",{calendar_url:location.origin+location.pathname,view_type:s.dataset.view,skin:s.dataset.skin,shortcode_id_hash:s.dataset.sh,events_shown_bucket:s.dataset.count},\"mec_vr_\"+s.dataset.skin+\"_\"+s.dataset.sh);})();<\/script>\t\t\t\t<\/div>\n\t\t\t\t<\/div>\n\t\t\t\t\t<\/div>\n\t\t<\/div>\n\t\t\t\t\t<\/div>\n\t\t<\/section>\n\t\t\t\t<section class=\"elementor-section elementor-top-section elementor-element elementor-element-577dbb3 elementor-section-boxed elementor-section-height-default elementor-section-height-default\" data-id=\"577dbb3\" data-element_type=\"section\" data-e-type=\"section\">\n\t\t\t\t\t\t<div class=\"elementor-container elementor-column-gap-default\">\n\t\t\t\t\t<div class=\"elementor-column elementor-col-100 elementor-top-column elementor-element elementor-element-827e82e\" data-id=\"827e82e\" data-element_type=\"column\" data-e-type=\"column\">\n\t\t\t<div class=\"elementor-widget-wrap elementor-element-populated\">\n\t\t\t\t\t\t<div class=\"elementor-element elementor-element-f8c8545 elementor-widget elementor-widget-html\" data-id=\"f8c8545\" data-element_type=\"widget\" data-e-type=\"widget\" data-widget_type=\"html.default\">\n\t\t\t\t<div class=\"elementor-widget-container\">\n\t\t\t\t\t<!-- =========================================================\r\n     SHOWS, M\u00daSICA E CONCERTOS NO RIO \u2014 BLOCO 2\r\n     COLOCAR DEPOIS DA AGENDA MEC\r\n========================================================== -->\r\n\r\n<link rel=\"preconnect\" href=\"https:\/\/fonts.googleapis.com\">\r\n<link rel=\"preconnect\" href=\"https:\/\/fonts.gstatic.com\" crossorigin>\r\n\r\n<link\r\n    href=\"https:\/\/fonts.googleapis.com\/css2?family=Poppins:wght@400;500;600;700;800;900&display=swap\"\r\n    rel=\"stylesheet\"\r\n>\r\n\r\n<style>\r\n.acrj-music-after {\r\n    --acrj-ma-ciano: #00a6c2;\r\n    --acrj-ma-ciano-escuro: #007f98;\r\n    --acrj-ma-ciano-profundo: #005f73;\r\n    --acrj-ma-amarelo: #ffe000;\r\n    --acrj-ma-preto: #080b10;\r\n    --acrj-ma-texto: #202830;\r\n    --acrj-ma-cinza: #62707a;\r\n    --acrj-ma-fundo: #f5f8f9;\r\n    --acrj-ma-branco: #ffffff;\r\n    --acrj-ma-linha: #dbe7ea;\r\n    --acrj-ma-sombra: 0 16px 40px rgba(8, 11, 16, 0.08);\r\n    --acrj-ma-sombra-hover: 0 22px 48px rgba(8, 11, 16, 0.13);\r\n    --acrj-ma-largura: 1180px;\r\n\r\n    width: 100%;\r\n    margin: 0;\r\n    padding: 0;\r\n\r\n    color: var(--acrj-ma-texto);\r\n    background: var(--acrj-ma-branco);\r\n\r\n    font-family: \"Poppins\", Arial, Helvetica, sans-serif;\r\n    font-size: 16px;\r\n    line-height: 1.7;\r\n\r\n    overflow: hidden;\r\n}\r\n\r\n.acrj-music-after,\r\n.acrj-music-after * {\r\n    box-sizing: border-box;\r\n}\r\n\r\n.acrj-music-after-container {\r\n    width: min(100% - 36px, var(--acrj-ma-largura));\r\n    margin-right: auto;\r\n    margin-left: auto;\r\n}\r\n\r\n.acrj-music-after h2,\r\n.acrj-music-after h3,\r\n.acrj-music-after p {\r\n    overflow-wrap: anywhere;\r\n}\r\n\r\n.acrj-music-after h2,\r\n.acrj-music-after h3 {\r\n    font-family: \"Poppins\", Arial, Helvetica, sans-serif;\r\n    font-weight: 800;\r\n    letter-spacing: -0.035em;\r\n}\r\n\r\n.acrj-music-after a:focus-visible,\r\n.acrj-music-after summary:focus-visible {\r\n    outline: 3px solid var(--acrj-ma-amarelo);\r\n    outline-offset: 4px;\r\n}\r\n\r\n\r\n\/* =========================================================\r\n   T\u00cdTULOS\r\n========================================================= *\/\r\n\r\n.acrj-music-after-heading {\r\n    max-width: 800px;\r\n    margin-bottom: 27px;\r\n}\r\n\r\n.acrj-music-after-kicker {\r\n    display: inline-flex;\r\n    align-items: center;\r\n    gap: 9px;\r\n\r\n    margin-bottom: 11px;\r\n\r\n    color: var(--acrj-ma-ciano-profundo);\r\n\r\n    font-size: 10px;\r\n    font-weight: 800;\r\n    letter-spacing: 0.1em;\r\n    line-height: 1.4;\r\n    text-transform: uppercase;\r\n}\r\n\r\n.acrj-music-after-kicker::before {\r\n    width: 26px;\r\n    height: 4px;\r\n\r\n    background: var(--acrj-ma-amarelo);\r\n    border-radius: 999px;\r\n\r\n    content: \"\";\r\n}\r\n\r\n.acrj-music-after-heading h2 {\r\n    margin: 0 0 11px;\r\n\r\n    color: var(--acrj-ma-preto);\r\n\r\n    font-size: clamp(28px, 4vw, 42px);\r\n    line-height: 1.14;\r\n}\r\n\r\n.acrj-music-after-heading p {\r\n    margin: 0;\r\n\r\n    color: var(--acrj-ma-cinza);\r\n\r\n    font-size: 13px;\r\n    line-height: 1.75;\r\n}\r\n\r\n\r\n\/* =========================================================\r\n   ADSENSE\r\n========================================================= *\/\r\n\r\n.acrj-music-after-ad {\r\n    width: 100%;\r\n    margin: 40px auto 55px;\r\n    padding: 0 16px;\r\n\r\n    clear: both;\r\n    text-align: center;\r\n}\r\n\r\n.acrj-music-after-ad-label {\r\n    display: block;\r\n    margin: 0 auto 8px;\r\n\r\n    color: #7c888f;\r\n\r\n    font-size: 9px;\r\n    font-weight: 700;\r\n    letter-spacing: 0.15em;\r\n    line-height: 1;\r\n    text-transform: uppercase;\r\n}\r\n\r\n.acrj-music-after-ad-slot {\r\n    display: flex;\r\n    align-items: center;\r\n    justify-content: center;\r\n\r\n    width: 100%;\r\n    min-height: 90px;\r\n\r\n    overflow: hidden;\r\n}\r\n\r\n\r\n\/* =========================================================\r\n   PLANEJAR O SHOW\r\n========================================================= *\/\r\n\r\n.acrj-music-guide {\r\n    padding: 66px 0;\r\n\r\n    background: var(--acrj-ma-fundo);\r\n    border-top: 1px solid var(--acrj-ma-linha);\r\n    border-bottom: 1px solid var(--acrj-ma-linha);\r\n}\r\n\r\n.acrj-music-guide-grid {\r\n    display: grid;\r\n    grid-template-columns: repeat(3, minmax(0, 1fr));\r\n    gap: 17px;\r\n}\r\n\r\n.acrj-music-guide-card {\r\n    min-width: 0;\r\n    padding: 24px;\r\n\r\n    background: var(--acrj-ma-branco);\r\n    border: 1px solid var(--acrj-ma-linha);\r\n    border-top: 4px solid var(--acrj-ma-ciano);\r\n    border-radius: 16px;\r\n\r\n    box-shadow: var(--acrj-ma-sombra);\r\n}\r\n\r\n.acrj-music-guide-number {\r\n    display: grid;\r\n    width: 42px;\r\n    height: 42px;\r\n    place-items: center;\r\n\r\n    margin-bottom: 16px;\r\n\r\n    color: var(--acrj-ma-preto);\r\n    background: var(--acrj-ma-amarelo);\r\n    border-radius: 12px;\r\n\r\n    font-size: 10px;\r\n    font-weight: 900;\r\n}\r\n\r\n.acrj-music-guide-card h3 {\r\n    margin: 0 0 8px;\r\n\r\n    color: var(--acrj-ma-preto);\r\n\r\n    font-size: 17px;\r\n    line-height: 1.3;\r\n}\r\n\r\n.acrj-music-guide-card p {\r\n    margin: 0;\r\n\r\n    color: var(--acrj-ma-cinza);\r\n\r\n    font-size: 11px;\r\n    line-height: 1.7;\r\n}\r\n\r\n\r\n\/* =========================================================\r\n   CASAS DE SHOWS\r\n========================================================= *\/\r\n\r\n.acrj-music-venues {\r\n    padding: 68px 0;\r\n\r\n    color: var(--acrj-ma-branco);\r\n\r\n    background:\r\n        radial-gradient(\r\n            circle at 91% 7%,\r\n            rgba(255, 224, 0, 0.22),\r\n            transparent 29%\r\n        ),\r\n        linear-gradient(\r\n            135deg,\r\n            var(--acrj-ma-preto) 0%,\r\n            #102a34 55%,\r\n            var(--acrj-ma-ciano-profundo) 100%\r\n        );\r\n}\r\n\r\n.acrj-music-venues .acrj-music-after-kicker {\r\n    color: #c4ebf1;\r\n}\r\n\r\n.acrj-music-venues h2 {\r\n    color: var(--acrj-ma-branco);\r\n}\r\n\r\n.acrj-music-venues .acrj-music-after-heading p {\r\n    color: #cbdce0;\r\n}\r\n\r\n.acrj-music-venue-grid {\r\n    display: grid;\r\n    grid-template-columns: repeat(3, minmax(0, 1fr));\r\n    gap: 13px;\r\n}\r\n\r\n.acrj-music-venue-link {\r\n    display: flex;\r\n    min-width: 0;\r\n    min-height: 78px;\r\n    align-items: center;\r\n    justify-content: space-between;\r\n    gap: 13px;\r\n\r\n    padding: 16px 18px;\r\n\r\n    color: var(--acrj-ma-branco) !important;\r\n    background: rgba(255, 255, 255, 0.065);\r\n    border: 1px solid rgba(255, 255, 255, 0.13);\r\n    border-radius: 13px;\r\n\r\n    font-size: 12px;\r\n    font-weight: 700;\r\n    line-height: 1.45;\r\n    text-decoration: none !important;\r\n\r\n    transition:\r\n        transform 160ms ease,\r\n        background-color 160ms ease,\r\n        border-color 160ms ease;\r\n}\r\n\r\n.acrj-music-venue-link::after {\r\n    flex: 0 0 auto;\r\n\r\n    color: var(--acrj-ma-amarelo);\r\n\r\n    content: \"\u203a\";\r\n    font-size: 23px;\r\n    line-height: 1;\r\n}\r\n\r\n.acrj-music-venue-link:hover {\r\n    transform: translateY(-3px);\r\n\r\n    background: rgba(0, 166, 194, 0.19);\r\n    border-color: rgba(0, 166, 194, 0.65);\r\n}\r\n\r\n\r\n\/* =========================================================\r\n   FAQ\r\n========================================================= *\/\r\n\r\n.acrj-music-faq {\r\n    padding: 68px 0;\r\n}\r\n\r\n.acrj-music-faq-list {\r\n    display: grid;\r\n    max-width: 920px;\r\n    gap: 11px;\r\n}\r\n\r\n.acrj-music-faq-item {\r\n    overflow: hidden;\r\n\r\n    background: var(--acrj-ma-branco);\r\n    border: 1px solid var(--acrj-ma-linha);\r\n    border-radius: 13px;\r\n\r\n    box-shadow: 0 7px 20px rgba(8, 11, 16, 0.04);\r\n}\r\n\r\n.acrj-music-faq-item summary {\r\n    position: relative;\r\n\r\n    display: flex;\r\n    min-height: 64px;\r\n    align-items: center;\r\n\r\n    padding: 16px 55px 16px 19px;\r\n\r\n    color: var(--acrj-ma-preto);\r\n\r\n    cursor: pointer;\r\n\r\n    font-size: 13px;\r\n    font-weight: 750;\r\n    line-height: 1.5;\r\n\r\n    list-style: none;\r\n}\r\n\r\n.acrj-music-faq-item summary::-webkit-details-marker {\r\n    display: none;\r\n}\r\n\r\n.acrj-music-faq-item summary::after {\r\n    position: absolute;\r\n    top: 50%;\r\n    right: 18px;\r\n\r\n    display: grid;\r\n    width: 29px;\r\n    height: 29px;\r\n    place-items: center;\r\n\r\n    color: var(--acrj-ma-preto);\r\n    background: var(--acrj-ma-amarelo);\r\n    border-radius: 50%;\r\n\r\n    content: \"+\";\r\n\r\n    font-size: 17px;\r\n    font-weight: 800;\r\n\r\n    transform: translateY(-50%);\r\n}\r\n\r\n.acrj-music-faq-item[open] summary::after {\r\n    content: \"\u2212\";\r\n}\r\n\r\n.acrj-music-faq-answer {\r\n    padding: 0 19px 19px;\r\n\r\n    color: var(--acrj-ma-cinza);\r\n\r\n    font-size: 12px;\r\n    line-height: 1.75;\r\n}\r\n\r\n.acrj-music-faq-answer p {\r\n    margin: 0;\r\n}\r\n\r\n.acrj-music-faq-answer a {\r\n    color: var(--acrj-ma-ciano-profundo);\r\n    font-weight: 700;\r\n}\r\n\r\n\r\n\/* =========================================================\r\n   LINKS INTERNOS ASSOCIADOS\r\n========================================================= *\/\r\n\r\n.acrj-music-related {\r\n    padding: 64px 0 72px;\r\n\r\n    background: var(--acrj-ma-fundo);\r\n    border-top: 1px solid var(--acrj-ma-linha);\r\n}\r\n\r\n.acrj-music-related-grid {\r\n    display: grid;\r\n    grid-template-columns: repeat(4, minmax(0, 1fr));\r\n    gap: 15px;\r\n}\r\n\r\n.acrj-music-related-link {\r\n    position: relative;\r\n\r\n    display: flex;\r\n    min-width: 0;\r\n    min-height: 145px;\r\n    flex-direction: column;\r\n    justify-content: space-between;\r\n\r\n    padding: 20px;\r\n\r\n    color: var(--acrj-ma-preto) !important;\r\n    background: var(--acrj-ma-branco);\r\n    border: 1px solid var(--acrj-ma-linha);\r\n    border-top: 4px solid var(--acrj-ma-ciano);\r\n    border-radius: 15px;\r\n\r\n    text-decoration: none !important;\r\n\r\n    box-shadow: 0 9px 24px rgba(8, 11, 16, 0.055);\r\n\r\n    transition:\r\n        transform 170ms ease,\r\n        border-color 170ms ease,\r\n        box-shadow 170ms ease;\r\n}\r\n\r\n.acrj-music-related-link::after {\r\n    position: absolute;\r\n    top: 16px;\r\n    right: 17px;\r\n\r\n    color: var(--acrj-ma-ciano);\r\n\r\n    content: \"\u2197\";\r\n    font-size: 19px;\r\n}\r\n\r\n.acrj-music-related-link:hover {\r\n    transform: translateY(-4px);\r\n\r\n    border-color: var(--acrj-ma-ciano);\r\n\r\n    box-shadow: var(--acrj-ma-sombra-hover);\r\n}\r\n\r\n.acrj-music-related-link small {\r\n    display: block;\r\n    padding-right: 25px;\r\n\r\n    color: var(--acrj-ma-ciano-escuro);\r\n\r\n    font-size: 9px;\r\n    font-weight: 800;\r\n    letter-spacing: 0.08em;\r\n    text-transform: uppercase;\r\n}\r\n\r\n.acrj-music-related-link strong {\r\n    display: block;\r\n    margin: 12px 0 8px;\r\n\r\n    color: var(--acrj-ma-preto);\r\n\r\n    font-size: 15px;\r\n    line-height: 1.4;\r\n}\r\n\r\n.acrj-music-related-link span {\r\n    color: var(--acrj-ma-cinza);\r\n\r\n    font-size: 10px;\r\n    line-height: 1.6;\r\n}\r\n\r\n\r\n\/* =========================================================\r\n   RESPONSIVIDADE\r\n========================================================= *\/\r\n\r\n@media (max-width: 1000px) {\r\n    .acrj-music-venue-grid {\r\n        grid-template-columns: repeat(2, minmax(0, 1fr));\r\n    }\r\n\r\n    .acrj-music-related-grid {\r\n        grid-template-columns: repeat(2, minmax(0, 1fr));\r\n    }\r\n}\r\n\r\n@media (max-width: 820px) {\r\n    .acrj-music-guide-grid {\r\n        grid-template-columns: minmax(0, 1fr);\r\n    }\r\n}\r\n\r\n@media (max-width: 680px) {\r\n    .acrj-music-after-container {\r\n        width: min(100% - 28px, var(--acrj-ma-largura));\r\n    }\r\n\r\n    .acrj-music-after-ad {\r\n        margin-top: 32px;\r\n        margin-bottom: 42px;\r\n        padding: 0;\r\n    }\r\n\r\n    .acrj-music-after-ad-slot {\r\n        min-height: 250px;\r\n    }\r\n\r\n    .acrj-music-guide,\r\n    .acrj-music-venues,\r\n    .acrj-music-faq,\r\n    .acrj-music-related {\r\n        padding-top: 50px;\r\n        padding-bottom: 50px;\r\n    }\r\n\r\n    .acrj-music-guide-grid {\r\n        gap: 13px;\r\n    }\r\n\r\n    .acrj-music-guide-card {\r\n        padding: 20px;\r\n        border-radius: 14px;\r\n    }\r\n\r\n    .acrj-music-venue-grid {\r\n        grid-template-columns: minmax(0, 1fr);\r\n    }\r\n\r\n    .acrj-music-related-grid {\r\n        grid-template-columns: minmax(0, 1fr);\r\n        gap: 12px;\r\n    }\r\n\r\n    .acrj-music-related-link {\r\n        min-height: 120px;\r\n    }\r\n}\r\n\r\n@media (prefers-reduced-motion: reduce) {\r\n    .acrj-music-after * {\r\n        animation-duration: 0.01ms !important;\r\n        transition-duration: 0.01ms !important;\r\n    }\r\n}\r\n<\/style>\r\n\r\n\r\n<div class=\"acrj-music-after\">\r\n\r\n    <aside\r\n        class=\"acrj-music-after-ad\"\r\n        aria-label=\"Publicidade\"\r\n    >\r\n        <span class=\"acrj-music-after-ad-label\">\r\n            PUB\r\n        <\/span>\r\n\r\n        <div\r\n            class=\"acrj-music-after-ad-slot\"\r\n            data-desktop-slot=\"5800876183\"\r\n            data-mobile-slot=\"6529814326\"\r\n        ><\/div>\r\n    <\/aside>\r\n\r\n\r\n    <section\r\n        class=\"acrj-music-guide\"\r\n        aria-labelledby=\"acrj-music-guide-title\"\r\n    >\r\n        <div class=\"acrj-music-after-container\">\r\n\r\n            <div class=\"acrj-music-after-heading\">\r\n\r\n                <span class=\"acrj-music-after-kicker\">\r\n                    Planeje sua experi\u00eancia\r\n                <\/span>\r\n\r\n                <h2 id=\"acrj-music-guide-title\">\r\n                    Antes de ir a um show no Rio\r\n                <\/h2>\r\n\r\n                <p>\r\n                    Algumas verifica\u00e7\u00f5es simples ajudam a evitar imprevistos\r\n                    e tornam a experi\u00eancia mais tranquila.\r\n                <\/p>\r\n\r\n            <\/div>\r\n\r\n            <div class=\"acrj-music-guide-grid\">\r\n\r\n                <article class=\"acrj-music-guide-card\">\r\n\r\n                    <span class=\"acrj-music-guide-number\">\r\n                        01\r\n                    <\/span>\r\n\r\n                    <h3>Confira os hor\u00e1rios<\/h3>\r\n\r\n                    <p>\r\n                        Verifique a abertura dos port\u00f5es, o in\u00edcio do show\r\n                        e a previs\u00e3o de encerramento.\r\n                    <\/p>\r\n\r\n                <\/article>\r\n\r\n\r\n                <article class=\"acrj-music-guide-card\">\r\n\r\n                    <span class=\"acrj-music-guide-number\">\r\n                        02\r\n                    <\/span>\r\n\r\n                    <h3>Consulte o local<\/h3>\r\n\r\n                    <p>\r\n                        Confirme endere\u00e7o, acesso, transporte e regras\r\n                        espec\u00edficas da casa de shows.\r\n                    <\/p>\r\n\r\n                <\/article>\r\n\r\n\r\n                <article class=\"acrj-music-guide-card\">\r\n\r\n                    <span class=\"acrj-music-guide-number\">\r\n                        03\r\n                    <\/span>\r\n\r\n                    <h3>Verifique os ingressos<\/h3>\r\n\r\n                    <p>\r\n                        Consulte setores, disponibilidade, classifica\u00e7\u00e3o,\r\n                        documentos e condi\u00e7\u00f5es de meia-entrada.\r\n                    <\/p>\r\n\r\n                <\/article>\r\n\r\n            <\/div>\r\n        <\/div>\r\n    <\/section>\r\n\r\n\r\n    <section\r\n        class=\"acrj-music-venues\"\r\n        aria-labelledby=\"acrj-music-venues-title\"\r\n    >\r\n        <div class=\"acrj-music-after-container\">\r\n\r\n            <div class=\"acrj-music-after-heading\">\r\n\r\n                <span class=\"acrj-music-after-kicker\">\r\n                    Palcos cariocas\r\n                <\/span>\r\n\r\n                <h2 id=\"acrj-music-venues-title\">\r\n                    Agendas de casas de shows no Rio\r\n                <\/h2>\r\n\r\n                <p>\r\n                    Consulte diretamente a programa\u00e7\u00e3o de espa\u00e7os que recebem\r\n                    shows, concertos, festas e apresenta\u00e7\u00f5es musicais.\r\n                <\/p>\r\n\r\n            <\/div>\r\n\r\n            <nav\r\n                class=\"acrj-music-venue-grid\"\r\n                aria-label=\"Casas de shows e espa\u00e7os musicais\"\r\n            >\r\n\r\n                <a\r\n                    class=\"acrj-music-venue-link\"\r\n                    href=\"https:\/\/agendaculturalriodejaneiro.com\/agenda-blue-note-rj\/\"\r\n                >\r\n                    Blue Note Rio\r\n                <\/a>\r\n\r\n                <a\r\n                    class=\"acrj-music-venue-link\"\r\n                    href=\"https:\/\/agendaculturalriodejaneiro.com\/agenda-circo-voador-rj\/\"\r\n                >\r\n                    Circo Voador\r\n                <\/a>\r\n\r\n                <a\r\n                    class=\"acrj-music-venue-link\"\r\n                    href=\"https:\/\/agendaculturalriodejaneiro.com\/agenda-vivo-rio\/\"\r\n                >\r\n                    Vivo Rio\r\n                <\/a>\r\n\r\n                <a\r\n                    class=\"acrj-music-venue-link\"\r\n                    href=\"https:\/\/agendaculturalriodejaneiro.com\/agenda-qualistage-2\/\"\r\n                >\r\n                    Qualistage\r\n                <\/a>\r\n\r\n                <a\r\n                    class=\"acrj-music-venue-link\"\r\n                    href=\"https:\/\/agendaculturalriodejaneiro.com\/agenda-espaco-hall-rj\/\"\r\n                >\r\n                    Espa\u00e7o Hall\r\n                <\/a>\r\n\r\n                <a\r\n                    class=\"acrj-music-venue-link\"\r\n                    href=\"https:\/\/agendaculturalriodejaneiro.com\/agenda-via-music-hall\/\"\r\n                >\r\n                    Via Music Hall\r\n                <\/a>\r\n\r\n                <a\r\n                    class=\"acrj-music-venue-link\"\r\n                    href=\"https:\/\/agendaculturalriodejaneiro.com\/agenda-rio-scenarium\/\"\r\n                >\r\n                    Rio Scenarium\r\n                <\/a>\r\n\r\n                <a\r\n                    class=\"acrj-music-venue-link\"\r\n                    href=\"https:\/\/agendaculturalriodejaneiro.com\/agenda-fundicao-progresso\/\"\r\n                >\r\n                    Fundi\u00e7\u00e3o Progresso\r\n                <\/a>\r\n\r\n                <a\r\n                    class=\"acrj-music-venue-link\"\r\n                    href=\"https:\/\/agendaculturalriodejaneiro.com\/agenda-morro-da-urca-rj\/\"\r\n                >\r\n                    Morro da Urca\r\n                <\/a>\r\n\r\n            <\/nav>\r\n\r\n        <\/div>\r\n    <\/section>\r\n\r\n\r\n    <section\r\n        class=\"acrj-music-faq\"\r\n        aria-labelledby=\"acrj-music-faq-title\"\r\n    >\r\n        <div class=\"acrj-music-after-container\">\r\n\r\n            <div class=\"acrj-music-after-heading\">\r\n\r\n                <span class=\"acrj-music-after-kicker\">\r\n                    Perguntas frequentes\r\n                <\/span>\r\n\r\n                <h2 id=\"acrj-music-faq-title\">\r\n                    D\u00favidas sobre shows no Rio\r\n                <\/h2>\r\n\r\n                <p>\r\n                    Informa\u00e7\u00f5es r\u00e1pidas para encontrar uma apresenta\u00e7\u00e3o\r\n                    e organizar sua sa\u00edda.\r\n                <\/p>\r\n\r\n            <\/div>\r\n\r\n            <div class=\"acrj-music-faq-list\">\r\n\r\n                <details class=\"acrj-music-faq-item\">\r\n\r\n                    <summary>\r\n                        Que tipos de m\u00fasica aparecem nesta agenda?\r\n                    <\/summary>\r\n\r\n                    <div class=\"acrj-music-faq-answer\">\r\n                        <p>\r\n                            A programa\u00e7\u00e3o pode incluir samba, MPB, jazz,\r\n                            rock, pop, pagode, m\u00fasica eletr\u00f4nica, m\u00fasica\r\n                            cl\u00e1ssica, festivais e outros estilos.\r\n                        <\/p>\r\n                    <\/div>\r\n\r\n                <\/details>\r\n\r\n\r\n                <details class=\"acrj-music-faq-item\">\r\n\r\n                    <summary>\r\n                        Onde encontrar shows para este fim de semana?\r\n                    <\/summary>\r\n\r\n                    <div class=\"acrj-music-faq-answer\">\r\n                        <p>\r\n                            Consulte tamb\u00e9m a p\u00e1gina de\r\n                            <a href=\"https:\/\/agendaculturalriodejaneiro.com\/final-de-semana-no-rio-de-janeiro\/\">\r\n                                eventos para o fim de semana no Rio\r\n                            <\/a>,\r\n                            que re\u00fane diferentes tipos de programa\u00e7\u00e3o.\r\n                        <\/p>\r\n                    <\/div>\r\n\r\n                <\/details>\r\n\r\n\r\n                <details class=\"acrj-music-faq-item\">\r\n\r\n                    <summary>\r\n                        Onde encontrar m\u00fasica e festas \u00e0 noite?\r\n                    <\/summary>\r\n\r\n                    <div class=\"acrj-music-faq-answer\">\r\n                        <p>\r\n                            A p\u00e1gina sobre\r\n                            <a href=\"https:\/\/agendaculturalriodejaneiro.com\/o-que-fazer-no-rio-de-janeiro-a-noite\/\">\r\n                                o que fazer \u00e0 noite no Rio\r\n                            <\/a>\r\n                            re\u00fane m\u00fasica ao vivo, festas e outras experi\u00eancias\r\n                            noturnas.\r\n                        <\/p>\r\n                    <\/div>\r\n\r\n                <\/details>\r\n\r\n\r\n                <details class=\"acrj-music-faq-item\">\r\n\r\n                    <summary>\r\n                        Como confirmar o hor\u00e1rio e o ingresso?\r\n                    <\/summary>\r\n\r\n                    <div class=\"acrj-music-faq-answer\">\r\n                        <p>\r\n                            Abra a p\u00e1gina individual do evento e confirme\r\n                            as informa\u00e7\u00f5es nos canais oficiais do artista,\r\n                            da casa de shows ou da bilheteria.\r\n                        <\/p>\r\n                    <\/div>\r\n\r\n                <\/details>\r\n\r\n            <\/div>\r\n        <\/div>\r\n    <\/section>\r\n\r\n\r\n    <aside\r\n        class=\"acrj-music-after-ad\"\r\n        aria-label=\"Publicidade\"\r\n    >\r\n        <span class=\"acrj-music-after-ad-label\">\r\n            PUB\r\n        <\/span>\r\n\r\n        <div\r\n            class=\"acrj-music-after-ad-slot\"\r\n            data-desktop-slot=\"5800876183\"\r\n            data-mobile-slot=\"6529814326\"\r\n        ><\/div>\r\n    <\/aside>\r\n\r\n\r\n    <section\r\n        class=\"acrj-music-related\"\r\n        aria-labelledby=\"acrj-music-related-title\"\r\n    >\r\n        <div class=\"acrj-music-after-container\">\r\n\r\n            <div class=\"acrj-music-after-heading\">\r\n\r\n                <span class=\"acrj-music-after-kicker\">\r\n                    Continue explorando\r\n                <\/span>\r\n\r\n                <h2 id=\"acrj-music-related-title\">\r\n                    Programa\u00e7\u00f5es relacionadas\r\n                <\/h2>\r\n\r\n                <p>\r\n                    Descubra outras formas de aproveitar a cultura\r\n                    e a noite do Rio de Janeiro.\r\n                <\/p>\r\n\r\n            <\/div>\r\n\r\n            <nav\r\n                class=\"acrj-music-related-grid\"\r\n                aria-label=\"Outras agendas relacionadas\"\r\n            >\r\n\r\n                <a\r\n                    class=\"acrj-music-related-link\"\r\n                    href=\"https:\/\/agendaculturalriodejaneiro.com\/final-de-semana-no-rio-de-janeiro\/\"\r\n                >\r\n                    <small>Pr\u00f3ximos dias<\/small>\r\n\r\n                    <strong>\r\n                        Final de semana no Rio\r\n                    <\/strong>\r\n\r\n                    <span>\r\n                        Shows, teatro, exposi\u00e7\u00f5es e passeios.\r\n                    <\/span>\r\n                <\/a>\r\n\r\n\r\n                <a\r\n                    class=\"acrj-music-related-link\"\r\n                    href=\"https:\/\/agendaculturalriodejaneiro.com\/o-que-fazer-no-rio-de-janeiro-a-noite\/\"\r\n                >\r\n                    <small>Vida noturna<\/small>\r\n\r\n                    <strong>\r\n                        O que fazer \u00e0 noite\r\n                    <\/strong>\r\n\r\n                    <span>\r\n                        Festas, m\u00fasica ao vivo e experi\u00eancias noturnas.\r\n                    <\/span>\r\n                <\/a>\r\n\r\n\r\n                <a\r\n                    class=\"acrj-music-related-link\"\r\n                    href=\"https:\/\/agendaculturalriodejaneiro.com\/agenda-lgbtq-rio-de-janeiro\/\"\r\n                >\r\n                    <small>Diversidade<\/small>\r\n\r\n                    <strong>\r\n                        Agenda LGBTQ+ no Rio\r\n                    <\/strong>\r\n\r\n                    <span>\r\n                        Festas, shows e programa\u00e7\u00e3o cultural relacionada.\r\n                    <\/span>\r\n                <\/a>\r\n\r\n\r\n                <a\r\n                    class=\"acrj-music-related-link\"\r\n                    href=\"https:\/\/agendaculturalriodejaneiro.com\/destaques-rio-de-janeiro\/\"\r\n                >\r\n                    <small>Novidades<\/small>\r\n\r\n                    <strong>\r\n                        Not\u00edcias e destaques\r\n                    <\/strong>\r\n\r\n                    <span>\r\n                        Acompanhe novidades da programa\u00e7\u00e3o carioca.\r\n                    <\/span>\r\n                <\/a>\r\n\r\n            <\/nav>\r\n\r\n        <\/div>\r\n    <\/section>\r\n\r\n<\/div>\r\n\r\n\r\n<script type=\"application\/ld+json\">\r\n{\r\n    \"@context\": \"https:\/\/schema.org\",\r\n    \"@type\": \"FAQPage\",\r\n    \"inLanguage\": \"pt-BR\",\r\n    \"mainEntity\": [\r\n        {\r\n            \"@type\": \"Question\",\r\n            \"name\": \"Que tipos de m\u00fasica aparecem nesta agenda?\",\r\n            \"acceptedAnswer\": {\r\n                \"@type\": \"Answer\",\r\n                \"text\": \"A programa\u00e7\u00e3o pode incluir samba, MPB, jazz, rock, pop, pagode, m\u00fasica eletr\u00f4nica, m\u00fasica cl\u00e1ssica, festivais e outros estilos.\"\r\n            }\r\n        },\r\n        {\r\n            \"@type\": \"Question\",\r\n            \"name\": \"Onde encontrar shows para este fim de semana?\",\r\n            \"acceptedAnswer\": {\r\n                \"@type\": \"Answer\",\r\n                \"text\": \"Consulte tamb\u00e9m a p\u00e1gina de eventos para o fim de semana no Rio, que re\u00fane diferentes tipos de programa\u00e7\u00e3o.\"\r\n            }\r\n        },\r\n        {\r\n            \"@type\": \"Question\",\r\n            \"name\": \"Onde encontrar m\u00fasica e festas \u00e0 noite?\",\r\n            \"acceptedAnswer\": {\r\n                \"@type\": \"Answer\",\r\n                \"text\": \"A p\u00e1gina sobre o que fazer \u00e0 noite no Rio re\u00fane m\u00fasica ao vivo, festas e outras experi\u00eancias noturnas.\"\r\n            }\r\n        },\r\n        {\r\n            \"@type\": \"Question\",\r\n            \"name\": \"Como confirmar o hor\u00e1rio e o ingresso?\",\r\n            \"acceptedAnswer\": {\r\n                \"@type\": \"Answer\",\r\n                \"text\": \"Abra a p\u00e1gina individual do evento e confirme as informa\u00e7\u00f5es nos canais oficiais do artista, da casa de shows ou da bilheteria.\"\r\n            }\r\n        }\r\n    ]\r\n}\r\n<\/script>\r\n\r\n\r\n<script>\r\ndocument.addEventListener(\"DOMContentLoaded\", function () {\r\n\r\n    function garantirScriptAdSenseMusicaDepois() {\r\n        const existente = document.querySelector(\r\n            'script[src*=\"pagead2.googlesyndication.com\/pagead\/js\/adsbygoogle.js\"]'\r\n        );\r\n\r\n        if (existente) {\r\n            return Promise.resolve();\r\n        }\r\n\r\n        return new Promise(function (resolve, reject) {\r\n            const script = document.createElement(\"script\");\r\n\r\n            script.async = true;\r\n            script.crossOrigin = \"anonymous\";\r\n\r\n            script.src =\r\n                \"https:\/\/pagead2.googlesyndication.com\/pagead\/js\/adsbygoogle.js\" +\r\n                \"?client=ca-pub-1076216326230548\";\r\n\r\n            script.onload = resolve;\r\n            script.onerror = reject;\r\n\r\n            document.head.appendChild(script);\r\n        });\r\n    }\r\n\r\n\r\n    function carregarAnunciosMusicaDepois() {\r\n        const slots = document.querySelectorAll(\r\n            '.acrj-music-after-ad-slot:not([data-ad-loaded=\"true\"])'\r\n        );\r\n\r\n        if (!slots.length) {\r\n            return;\r\n        }\r\n\r\n        const desktop = window.matchMedia(\r\n            \"(min-width: 900px)\"\r\n        ).matches;\r\n\r\n        garantirScriptAdSenseMusicaDepois().then(function () {\r\n\r\n            slots.forEach(function (container) {\r\n                const anuncio = document.createElement(\"ins\");\r\n\r\n                anuncio.className = \"adsbygoogle\";\r\n\r\n                anuncio.setAttribute(\r\n                    \"data-ad-client\",\r\n                    \"ca-pub-1076216326230548\"\r\n                );\r\n\r\n                if (desktop) {\r\n                    anuncio.style.display = \"inline-block\";\r\n                    anuncio.style.width = \"728px\";\r\n                    anuncio.style.height = \"90px\";\r\n\r\n                    anuncio.setAttribute(\r\n                        \"data-ad-slot\",\r\n                        container.dataset.desktopSlot ||\r\n                        \"5800876183\"\r\n                    );\r\n                } else {\r\n                    anuncio.style.display = \"inline-block\";\r\n                    anuncio.style.width = \"300px\";\r\n                    anuncio.style.height = \"250px\";\r\n\r\n                    anuncio.setAttribute(\r\n                        \"data-ad-slot\",\r\n                        container.dataset.mobileSlot ||\r\n                        \"6529814326\"\r\n                    );\r\n                }\r\n\r\n                container.appendChild(anuncio);\r\n\r\n                container.setAttribute(\r\n                    \"data-ad-loaded\",\r\n                    \"true\"\r\n                );\r\n\r\n                try {\r\n                    (\r\n                        window.adsbygoogle =\r\n                        window.adsbygoogle || []\r\n                    ).push({});\r\n                } catch (erro) {\r\n                    console.warn(\r\n                        \"N\u00e3o foi poss\u00edvel iniciar o an\u00fancio.\",\r\n                        erro\r\n                    );\r\n                }\r\n            });\r\n\r\n        });\r\n    }\r\n\r\n    carregarAnunciosMusicaDepois();\r\n\r\n});\r\n<\/script>\t\t\t\t<\/div>\n\t\t\t\t<\/div>\n\t\t\t\t\t<\/div>\n\t\t<\/div>\n\t\t\t\t\t<\/div>\n\t\t<\/section>\n\t\t\t\t<\/div>\n\t\t","protected":false},"excerpt":{"rendered":"<p>Home Shows in Rio de Janeiro Live music schedule in Rio Shows in Rio de Janeiro: live music and concerts Check out the show schedule in Rio de Janeiro with live music, samba, MPB, jazz, rock, pagode, concerts, festivals, dates, locations and ticket information. See show schedule \u2193 Explore\u2026&nbsp;<\/p>","protected":false},"author":1,"featured_media":11633,"parent":0,"menu_order":0,"comment_status":"closed","ping_status":"closed","template":"elementor_header_footer","meta":{"neve_meta_sidebar":"","neve_meta_container":"","neve_meta_enable_content_width":"","neve_meta_content_width":0,"neve_meta_title_alignment":"","neve_meta_author_avatar":"","neve_post_elements_order":"","neve_meta_disable_header":"","neve_meta_disable_footer":"","neve_meta_disable_title":"","footnotes":""},"class_list":["post-2102","page","type-page","status-publish","has-post-thumbnail","hentry"],"yoast_head":"<!-- This site is optimized with the Yoast SEO plugin v28.4 - https:\/\/yoast.com\/product\/yoast-seo-wordpress\/ -->\n<title>Shows no Rio de Janeiro: agenda, datas e ingressos<\/title>\n<meta name=\"description\" content=\"Confira a agenda de shows no Rio de Janeiro com m\u00fasica ao vivo, concertos, festivais, datas, locais, hor\u00e1rios e links oficiais de ingressos.\" \/>\n<meta name=\"robots\" content=\"index, follow, max-snippet:-1, max-image-preview:large, max-video-preview:-1\" \/>\n<link rel=\"canonical\" href=\"https:\/\/agendaculturalriodejaneiro.com\/en\/shows-rio-de-janeiro-music-concerts\/\" \/>\n<meta property=\"og:locale\" content=\"en_US\" \/>\n<meta property=\"og:type\" content=\"article\" \/>\n<meta property=\"og:title\" content=\"Shows no Rio de Janeiro: agenda, datas e ingressos\" \/>\n<meta property=\"og:description\" content=\"Confira a agenda de shows no Rio de Janeiro com m\u00fasica ao vivo, concertos, festivais, datas, locais, hor\u00e1rios e links oficiais de ingressos.\" \/>\n<meta property=\"og:url\" content=\"https:\/\/agendaculturalriodejaneiro.com\/en\/shows-rio-de-janeiro-music-concerts\/\" \/>\n<meta property=\"og:site_name\" content=\"Agenda Cultural Rio de Janeiro\" \/>\n<meta property=\"article:publisher\" content=\"https:\/\/www.facebook.com\/agenda_cultural_rio_de_janeiro-106278728546059\" \/>\n<meta property=\"article:modified_time\" content=\"2026-07-17T13:51:36+00:00\" \/>\n<meta property=\"og:image\" content=\"https:\/\/agendaculturalriodejaneiro.com\/wp-content\/uploads\/2023\/01\/austin-neill-hgO1wFPXl3I-unsplash.jpg\" \/>\n\t<meta property=\"og:image:width\" content=\"1920\" \/>\n\t<meta property=\"og:image:height\" content=\"1280\" \/>\n\t<meta property=\"og:image:type\" content=\"image\/jpeg\" \/>\n<meta name=\"twitter:card\" content=\"summary_large_image\" \/>\n<meta name=\"twitter:label1\" content=\"Est. reading time\" \/>\n\t<meta name=\"twitter:data1\" content=\"21 minutes\" \/>\n<script type=\"application\/ld+json\" class=\"yoast-schema-graph\">{\"@context\":\"https:\\\/\\\/schema.org\",\"@graph\":[{\"@type\":\"WebPage\",\"@id\":\"https:\\\/\\\/agendaculturalriodejaneiro.com\\\/shows-rio-de-janeiro-musica-concertos\\\/\",\"url\":\"https:\\\/\\\/agendaculturalriodejaneiro.com\\\/shows-rio-de-janeiro-musica-concertos\\\/\",\"name\":\"Shows no Rio de Janeiro: agenda, datas e ingressos\",\"isPartOf\":{\"@id\":\"https:\\\/\\\/agendaculturalriodejaneiro.com\\\/#website\"},\"primaryImageOfPage\":{\"@id\":\"https:\\\/\\\/agendaculturalriodejaneiro.com\\\/shows-rio-de-janeiro-musica-concertos\\\/#primaryimage\"},\"image\":{\"@id\":\"https:\\\/\\\/agendaculturalriodejaneiro.com\\\/shows-rio-de-janeiro-musica-concertos\\\/#primaryimage\"},\"thumbnailUrl\":\"https:\\\/\\\/agendaculturalriodejaneiro.com\\\/wp-content\\\/uploads\\\/2023\\\/01\\\/austin-neill-hgO1wFPXl3I-unsplash.jpg\",\"datePublished\":\"2022-02-12T10:39:06+00:00\",\"dateModified\":\"2026-07-17T13:51:36+00:00\",\"description\":\"Confira a agenda de shows no Rio de Janeiro com m\u00fasica ao vivo, concertos, festivais, datas, locais, hor\u00e1rios e links oficiais de ingressos.\",\"breadcrumb\":{\"@id\":\"https:\\\/\\\/agendaculturalriodejaneiro.com\\\/shows-rio-de-janeiro-musica-concertos\\\/#breadcrumb\"},\"inLanguage\":\"en-US\",\"potentialAction\":[{\"@type\":\"ReadAction\",\"target\":[\"https:\\\/\\\/agendaculturalriodejaneiro.com\\\/shows-rio-de-janeiro-musica-concertos\\\/\"]}]},{\"@type\":\"ImageObject\",\"inLanguage\":\"en-US\",\"@id\":\"https:\\\/\\\/agendaculturalriodejaneiro.com\\\/shows-rio-de-janeiro-musica-concertos\\\/#primaryimage\",\"url\":\"https:\\\/\\\/agendaculturalriodejaneiro.com\\\/wp-content\\\/uploads\\\/2023\\\/01\\\/austin-neill-hgO1wFPXl3I-unsplash.jpg\",\"contentUrl\":\"https:\\\/\\\/agendaculturalriodejaneiro.com\\\/wp-content\\\/uploads\\\/2023\\\/01\\\/austin-neill-hgO1wFPXl3I-unsplash.jpg\",\"width\":1920,\"height\":1280,\"caption\":\"Shows no Rio de Janeiro: agenda, datas e ingressos\"},{\"@type\":\"BreadcrumbList\",\"@id\":\"https:\\\/\\\/agendaculturalriodejaneiro.com\\\/shows-rio-de-janeiro-musica-concertos\\\/#breadcrumb\",\"itemListElement\":[{\"@type\":\"ListItem\",\"position\":1,\"name\":\"In\u00edcio\",\"item\":\"https:\\\/\\\/agendaculturalriodejaneiro.com\\\/\"},{\"@type\":\"ListItem\",\"position\":2,\"name\":\"Shows no Rio de Janeiro: agenda, datas e ingressos\"}]},{\"@type\":\"WebSite\",\"@id\":\"https:\\\/\\\/agendaculturalriodejaneiro.com\\\/#website\",\"url\":\"https:\\\/\\\/agendaculturalriodejaneiro.com\\\/\",\"name\":\"Agenda Cultural Rio de Janeiro\",\"description\":\"Agenda de Eventos no Rio de Janeiro . O que fazer no Rio de Janeiro\",\"publisher\":{\"@id\":\"https:\\\/\\\/agendaculturalriodejaneiro.com\\\/#organization\"},\"potentialAction\":[{\"@type\":\"SearchAction\",\"target\":{\"@type\":\"EntryPoint\",\"urlTemplate\":\"https:\\\/\\\/agendaculturalriodejaneiro.com\\\/?s={search_term_string}\"},\"query-input\":{\"@type\":\"PropertyValueSpecification\",\"valueRequired\":true,\"valueName\":\"search_term_string\"}}],\"inLanguage\":\"en-US\"},{\"@type\":\"Organization\",\"@id\":\"https:\\\/\\\/agendaculturalriodejaneiro.com\\\/#organization\",\"name\":\"Agenda Cultural Rio de Janeiro\",\"alternateName\":\"Agenda RJ\",\"url\":\"https:\\\/\\\/agendaculturalriodejaneiro.com\\\/\",\"logo\":{\"@type\":\"ImageObject\",\"inLanguage\":\"en-US\",\"@id\":\"https:\\\/\\\/agendaculturalriodejaneiro.com\\\/#\\\/schema\\\/logo\\\/image\\\/\",\"url\":\"https:\\\/\\\/agendaculturalriodejaneiro.com\\\/wp-content\\\/uploads\\\/2024\\\/11\\\/cropped-profile-photo-01.jpg\",\"contentUrl\":\"https:\\\/\\\/agendaculturalriodejaneiro.com\\\/wp-content\\\/uploads\\\/2024\\\/11\\\/cropped-profile-photo-01.jpg\",\"width\":512,\"height\":512,\"caption\":\"Agenda Cultural Rio de Janeiro\"},\"image\":{\"@id\":\"https:\\\/\\\/agendaculturalriodejaneiro.com\\\/#\\\/schema\\\/logo\\\/image\\\/\"},\"sameAs\":[\"https:\\\/\\\/www.facebook.com\\\/agenda_cultural_rio_de_janeiro-106278728546059\",\"https:\\\/\\\/www.instagram.com\\\/agenda_cultural_rio_de_janeiro\\\/\"]}]}<\/script>\n<!-- \/ Yoast SEO plugin. -->","yoast_head_json":{"title":"Shows in Rio de Janeiro: schedule, dates and tickets","description":"Check the schedule of shows in Rio de Janeiro with live music, concerts, festivals, dates, locations, times and official ticket links.","robots":{"index":"index","follow":"follow","max-snippet":"max-snippet:-1","max-image-preview":"max-image-preview:large","max-video-preview":"max-video-preview:-1"},"canonical":"https:\/\/agendaculturalriodejaneiro.com\/en\/shows-rio-de-janeiro-music-concerts\/","og_locale":"en_US","og_type":"article","og_title":"Shows no Rio de Janeiro: agenda, datas e ingressos","og_description":"Confira a agenda de shows no Rio de Janeiro com m\u00fasica ao vivo, concertos, festivais, datas, locais, hor\u00e1rios e links oficiais de ingressos.","og_url":"https:\/\/agendaculturalriodejaneiro.com\/en\/shows-rio-de-janeiro-music-concerts\/","og_site_name":"Agenda Cultural Rio de Janeiro","article_publisher":"https:\/\/www.facebook.com\/agenda_cultural_rio_de_janeiro-106278728546059","article_modified_time":"2026-07-17T13:51:36+00:00","og_image":[{"width":1920,"height":1280,"url":"https:\/\/agendaculturalriodejaneiro.com\/wp-content\/uploads\/2023\/01\/austin-neill-hgO1wFPXl3I-unsplash.jpg","type":"image\/jpeg"}],"twitter_card":"summary_large_image","twitter_misc":{"Est. reading time":"21 minutes"},"schema":{"@context":"https:\/\/schema.org","@graph":[{"@type":"WebPage","@id":"https:\/\/agendaculturalriodejaneiro.com\/shows-rio-de-janeiro-musica-concertos\/","url":"https:\/\/agendaculturalriodejaneiro.com\/shows-rio-de-janeiro-musica-concertos\/","name":"Shows in Rio de Janeiro: schedule, dates and tickets","isPartOf":{"@id":"https:\/\/agendaculturalriodejaneiro.com\/#website"},"primaryImageOfPage":{"@id":"https:\/\/agendaculturalriodejaneiro.com\/shows-rio-de-janeiro-musica-concertos\/#primaryimage"},"image":{"@id":"https:\/\/agendaculturalriodejaneiro.com\/shows-rio-de-janeiro-musica-concertos\/#primaryimage"},"thumbnailUrl":"https:\/\/agendaculturalriodejaneiro.com\/wp-content\/uploads\/2023\/01\/austin-neill-hgO1wFPXl3I-unsplash.jpg","datePublished":"2022-02-12T10:39:06+00:00","dateModified":"2026-07-17T13:51:36+00:00","description":"Check the schedule of shows in Rio de Janeiro with live music, concerts, festivals, dates, locations, times and official ticket links.","breadcrumb":{"@id":"https:\/\/agendaculturalriodejaneiro.com\/shows-rio-de-janeiro-musica-concertos\/#breadcrumb"},"inLanguage":"en-US","potentialAction":[{"@type":"ReadAction","target":["https:\/\/agendaculturalriodejaneiro.com\/shows-rio-de-janeiro-musica-concertos\/"]}]},{"@type":"ImageObject","inLanguage":"en-US","@id":"https:\/\/agendaculturalriodejaneiro.com\/shows-rio-de-janeiro-musica-concertos\/#primaryimage","url":"https:\/\/agendaculturalriodejaneiro.com\/wp-content\/uploads\/2023\/01\/austin-neill-hgO1wFPXl3I-unsplash.jpg","contentUrl":"https:\/\/agendaculturalriodejaneiro.com\/wp-content\/uploads\/2023\/01\/austin-neill-hgO1wFPXl3I-unsplash.jpg","width":1920,"height":1280,"caption":"Shows no Rio de Janeiro: agenda, datas e ingressos"},{"@type":"BreadcrumbList","@id":"https:\/\/agendaculturalriodejaneiro.com\/shows-rio-de-janeiro-musica-concertos\/#breadcrumb","itemListElement":[{"@type":"ListItem","position":1,"name":"In\u00edcio","item":"https:\/\/agendaculturalriodejaneiro.com\/"},{"@type":"ListItem","position":2,"name":"Shows no Rio de Janeiro: agenda, datas e ingressos"}]},{"@type":"WebSite","@id":"https:\/\/agendaculturalriodejaneiro.com\/#website","url":"https:\/\/agendaculturalriodejaneiro.com\/","name":"Rio de Janeiro Events Guide","description":"Calendar of Events in Rio de Janeiro. What to do in Rio de Janeiro","publisher":{"@id":"https:\/\/agendaculturalriodejaneiro.com\/#organization"},"potentialAction":[{"@type":"SearchAction","target":{"@type":"EntryPoint","urlTemplate":"https:\/\/agendaculturalriodejaneiro.com\/?s={search_term_string}"},"query-input":{"@type":"PropertyValueSpecification","valueRequired":true,"valueName":"search_term_string"}}],"inLanguage":"en-US"},{"@type":"Organization","@id":"https:\/\/agendaculturalriodejaneiro.com\/#organization","name":"Rio de Janeiro Events Guide","alternateName":"Agenda RJ","url":"https:\/\/agendaculturalriodejaneiro.com\/","logo":{"@type":"ImageObject","inLanguage":"en-US","@id":"https:\/\/agendaculturalriodejaneiro.com\/#\/schema\/logo\/image\/","url":"https:\/\/agendaculturalriodejaneiro.com\/wp-content\/uploads\/2024\/11\/cropped-profile-photo-01.jpg","contentUrl":"https:\/\/agendaculturalriodejaneiro.com\/wp-content\/uploads\/2024\/11\/cropped-profile-photo-01.jpg","width":512,"height":512,"caption":"Agenda Cultural Rio de Janeiro"},"image":{"@id":"https:\/\/agendaculturalriodejaneiro.com\/#\/schema\/logo\/image\/"},"sameAs":["https:\/\/www.facebook.com\/agenda_cultural_rio_de_janeiro-106278728546059","https:\/\/www.instagram.com\/agenda_cultural_rio_de_janeiro\/"]}]}},"rttpg_featured_image_url":{"full":["https:\/\/agendaculturalriodejaneiro.com\/wp-content\/uploads\/2023\/01\/austin-neill-hgO1wFPXl3I-unsplash.jpg",1920,1280,false],"landscape":["https:\/\/agendaculturalriodejaneiro.com\/wp-content\/uploads\/2023\/01\/austin-neill-hgO1wFPXl3I-unsplash.jpg",1920,1280,false],"portraits":["https:\/\/agendaculturalriodejaneiro.com\/wp-content\/uploads\/2023\/01\/austin-neill-hgO1wFPXl3I-unsplash.jpg",1920,1280,false],"thumbnail":["https:\/\/agendaculturalriodejaneiro.com\/wp-content\/uploads\/2023\/01\/austin-neill-hgO1wFPXl3I-unsplash-150x150.jpg",150,150,true],"medium":["https:\/\/agendaculturalriodejaneiro.com\/wp-content\/uploads\/2023\/01\/austin-neill-hgO1wFPXl3I-unsplash-300x200.jpg",300,200,true],"large":["https:\/\/agendaculturalriodejaneiro.com\/wp-content\/uploads\/2023\/01\/austin-neill-hgO1wFPXl3I-unsplash-1024x683.jpg",1024,683,true],"thumblist":["https:\/\/agendaculturalriodejaneiro.com\/wp-content\/uploads\/2023\/01\/austin-neill-hgO1wFPXl3I-unsplash-300x300.jpg",300,300,true],"thumbrelated":["https:\/\/agendaculturalriodejaneiro.com\/wp-content\/uploads\/2023\/01\/austin-neill-hgO1wFPXl3I-unsplash.jpg",500,333,false],"meccarouselthumb":["https:\/\/agendaculturalriodejaneiro.com\/wp-content\/uploads\/2023\/01\/austin-neill-hgO1wFPXl3I-unsplash-474x324.jpg",474,324,true],"gridsquare":["https:\/\/agendaculturalriodejaneiro.com\/wp-content\/uploads\/2023\/01\/austin-neill-hgO1wFPXl3I-unsplash-391x260.jpg",391,260,true],"tileview":["https:\/\/agendaculturalriodejaneiro.com\/wp-content\/uploads\/2023\/01\/austin-neill-hgO1wFPXl3I-unsplash-300x400.jpg",300,400,true],"1536x1536":["https:\/\/agendaculturalriodejaneiro.com\/wp-content\/uploads\/2023\/01\/austin-neill-hgO1wFPXl3I-unsplash-1536x1024.jpg",1536,1024,true],"2048x2048":["https:\/\/agendaculturalriodejaneiro.com\/wp-content\/uploads\/2023\/01\/austin-neill-hgO1wFPXl3I-unsplash.jpg",1920,1280,false],"trp-custom-language-flag":["https:\/\/agendaculturalriodejaneiro.com\/wp-content\/uploads\/2023\/01\/austin-neill-hgO1wFPXl3I-unsplash.jpg",18,12,false],"neve-blog":["https:\/\/agendaculturalriodejaneiro.com\/wp-content\/uploads\/2023\/01\/austin-neill-hgO1wFPXl3I-unsplash-930x620.jpg",930,620,true]},"rttpg_author":{"display_name":"AgendaRio","author_link":"https:\/\/agendaculturalriodejaneiro.com\/en\/author\/agendario\/"},"rttpg_comment":0,"rttpg_category":null,"rttpg_excerpt":"In\u00edcio Shows no Rio de Janeiro Agenda de m\u00fasica ao vivo no Rio Shows no Rio de Janeiro: m\u00fasica ao vivo e concertos Confira a agenda de shows no Rio de Janeiro com m\u00fasica ao vivo, samba, MPB, jazz, rock, pagode, concertos, festivais, datas, locais e informa\u00e7\u00f5es sobre ingressos. Ver agenda de shows \u2193 Explorar&hellip;&nbsp;","_links":{"self":[{"href":"https:\/\/agendaculturalriodejaneiro.com\/en\/wp-json\/wp\/v2\/pages\/2102","targetHints":{"allow":["GET"]}}],"collection":[{"href":"https:\/\/agendaculturalriodejaneiro.com\/en\/wp-json\/wp\/v2\/pages"}],"about":[{"href":"https:\/\/agendaculturalriodejaneiro.com\/en\/wp-json\/wp\/v2\/types\/page"}],"author":[{"embeddable":true,"href":"https:\/\/agendaculturalriodejaneiro.com\/en\/wp-json\/wp\/v2\/users\/1"}],"replies":[{"embeddable":true,"href":"https:\/\/agendaculturalriodejaneiro.com\/en\/wp-json\/wp\/v2\/comments?post=2102"}],"version-history":[{"count":0,"href":"https:\/\/agendaculturalriodejaneiro.com\/en\/wp-json\/wp\/v2\/pages\/2102\/revisions"}],"wp:featuredmedia":[{"embeddable":true,"href":"https:\/\/agendaculturalriodejaneiro.com\/en\/wp-json\/wp\/v2\/media\/11633"}],"wp:attachment":[{"href":"https:\/\/agendaculturalriodejaneiro.com\/en\/wp-json\/wp\/v2\/media?parent=2102"}],"curies":[{"name":"wp","href":"https:\/\/api.w.org\/{rel}","templated":true}]}}