{"id":2050,"date":"2022-02-12T08:02:41","date_gmt":"2022-02-12T08:02:41","guid":{"rendered":"http:\/\/agendaculturalriodejaneiro.com\/?page_id=2050"},"modified":"2026-07-17T10:34:23","modified_gmt":"2026-07-17T13:34:23","slug":"theater-pieces-rio-de-janeiro","status":"publish","type":"page","link":"https:\/\/agendaculturalriodejaneiro.com\/en\/pecas-de-teatro-rio-de-janeiro\/","title":{"rendered":"Theater plays \u2013 Rio de Janeiro"},"content":{"rendered":"\t\t<div data-elementor-type=\"wp-page\" data-elementor-id=\"2050\" class=\"elementor elementor-2050\" data-elementor-post-type=\"page\">\n\t\t\t\t\t\t<section class=\"elementor-section elementor-top-section elementor-element elementor-element-a613c75 elementor-section-boxed elementor-section-height-default elementor-section-height-default\" data-id=\"a613c75\" data-element_type=\"section\" data-e-type=\"section\">\n\t\t\t\t\t\t<div class=\"elementor-container elementor-column-gap-default\">\n\t\t\t\t\t<div class=\"elementor-column elementor-col-100 elementor-top-column elementor-element elementor-element-7c553f3\" data-id=\"7c553f3\" data-element_type=\"column\" data-e-type=\"column\">\n\t\t\t<div class=\"elementor-widget-wrap elementor-element-populated\">\n\t\t\t\t\t\t<div class=\"elementor-element elementor-element-f2b02ea elementor-widget elementor-widget-html\" data-id=\"f2b02ea\" data-element_type=\"widget\" data-e-type=\"widget\" data-widget_type=\"html.default\">\n\t\t\t\t<div class=\"elementor-widget-container\">\n\t\t\t\t\t<!-- =========================================================\r\n     PE\u00c7AS DE TEATRO NO RIO \u2014 BLOCO 1\r\n     COLOCAR ANTES DA AGENDA MEC\r\n========================================================== -->\r\n\r\n<link rel=\"preconnect\" href=\"https:\/\/fonts.googleapis.com\">\r\n<link rel=\"preconnect\" href=\"https:\/\/fonts.gstatic.com\" crossorigin>\r\n\r\n<link\r\n    href=\"https:\/\/fonts.googleapis.com\/css2?family=Poppins:wght@400;500;600;700;800;900&display=swap\"\r\n    rel=\"stylesheet\"\r\n>\r\n\r\n<!-- ADSENSE: CARREGAR SOMENTE UMA VEZ -->\r\n<script\r\n    async\r\n    src=\"https:\/\/pagead2.googlesyndication.com\/pagead\/js\/adsbygoogle.js?client=ca-pub-1076216326230548\"\r\n    crossorigin=\"anonymous\"\r\n><\/script>\r\n\r\n<style>\r\n\/* =========================================================\r\n   SISTEMA VISUAL\r\n========================================================= *\/\r\n\r\n.acrj-theater-page,\r\n.acrj-theater-mec-shell {\r\n    --acrj-ciano: #00a6c2;\r\n    --acrj-ciano-escuro: #007f98;\r\n    --acrj-ciano-profundo: #005f73;\r\n    --acrj-amarelo: #ffe000;\r\n    --acrj-amarelo-hover: #f3d200;\r\n    --acrj-preto: #080b10;\r\n    --acrj-texto: #202830;\r\n    --acrj-cinza: #62707a;\r\n    --acrj-fundo: #f5f8f9;\r\n    --acrj-branco: #ffffff;\r\n    --acrj-linha: #dbe7ea;\r\n    --acrj-sombra: 0 16px 40px rgba(8, 11, 16, 0.08);\r\n    --acrj-largura: 1240px;\r\n\r\n    font-family: \"Poppins\", Arial, Helvetica, sans-serif;\r\n}\r\n\r\n.acrj-theater-page,\r\n.acrj-theater-page *,\r\n.acrj-theater-mec-shell,\r\n.acrj-theater-mec-shell * {\r\n    box-sizing: border-box;\r\n}\r\n\r\n.acrj-theater-page {\r\n    width: 100%;\r\n    margin: 0;\r\n    padding: 0;\r\n\r\n    color: var(--acrj-texto);\r\n    background: var(--acrj-branco);\r\n\r\n    font-size: 16px;\r\n    line-height: 1.7;\r\n\r\n    overflow: hidden;\r\n}\r\n\r\n.acrj-theater-container {\r\n    width: min(100% - 36px, var(--acrj-largura));\r\n    margin-right: auto;\r\n    margin-left: auto;\r\n}\r\n\r\n.acrj-theater-page h1,\r\n.acrj-theater-page h2,\r\n.acrj-theater-page h3,\r\n.acrj-theater-page p {\r\n    overflow-wrap: anywhere;\r\n}\r\n\r\n.acrj-theater-page h1,\r\n.acrj-theater-page h2,\r\n.acrj-theater-page h3 {\r\n    font-family: \"Poppins\", Arial, Helvetica, sans-serif;\r\n    font-weight: 800;\r\n    letter-spacing: -0.035em;\r\n}\r\n\r\n.acrj-theater-page a:focus-visible {\r\n    outline: 3px solid var(--acrj-amarelo);\r\n    outline-offset: 4px;\r\n}\r\n\r\n\r\n\/* =========================================================\r\n   HERO\r\n========================================================= *\/\r\n\r\n.acrj-theater-hero {\r\n    position: relative;\r\n    isolation: isolate;\r\n\r\n    padding: clamp(55px, 8vw, 92px) 0 clamp(65px, 8vw, 91px);\r\n\r\n    color: var(--acrj-branco);\r\n\r\n    background:\r\n        radial-gradient(\r\n            circle at 88% 12%,\r\n            rgba(255, 224, 0, 0.24),\r\n            transparent 28%\r\n        ),\r\n        radial-gradient(\r\n            circle at 8% 100%,\r\n            rgba(0, 166, 194, 0.30),\r\n            transparent 34%\r\n        ),\r\n        linear-gradient(\r\n            135deg,\r\n            #061018 0%,\r\n            #092631 54%,\r\n            #006d83 100%\r\n        );\r\n\r\n    overflow: hidden;\r\n}\r\n\r\n.acrj-theater-hero::before {\r\n    position: absolute;\r\n    z-index: -1;\r\n    top: -155px;\r\n    right: -100px;\r\n\r\n    width: 430px;\r\n    height: 430px;\r\n\r\n    border: 1px solid rgba(255, 255, 255, 0.13);\r\n    border-radius: 50%;\r\n\r\n    content: \"\";\r\n}\r\n\r\n.acrj-theater-hero::after {\r\n    position: absolute;\r\n    z-index: -1;\r\n    right: 8%;\r\n    bottom: -225px;\r\n\r\n    width: 380px;\r\n    height: 380px;\r\n\r\n    border: 70px solid rgba(255, 224, 0, 0.075);\r\n    border-radius: 50%;\r\n\r\n    content: \"\";\r\n}\r\n\r\n.acrj-theater-breadcrumb {\r\n    display: flex;\r\n    flex-wrap: wrap;\r\n    gap: 7px;\r\n    align-items: center;\r\n\r\n    margin: 0 0 24px;\r\n    padding: 0;\r\n\r\n    color: #b9dce2;\r\n\r\n    font-size: 11px;\r\n    font-weight: 600;\r\n    line-height: 1.5;\r\n\r\n    list-style: none;\r\n}\r\n\r\n.acrj-theater-breadcrumb a {\r\n    color: #d6eef2;\r\n    text-decoration: none;\r\n}\r\n\r\n.acrj-theater-breadcrumb a:hover {\r\n    color: var(--acrj-amarelo);\r\n}\r\n\r\n.acrj-theater-breadcrumb li:not(:last-child)::after {\r\n    margin-left: 7px;\r\n    color: var(--acrj-ciano);\r\n    content: \"\u203a\";\r\n}\r\n\r\n.acrj-theater-kicker {\r\n    display: inline-flex;\r\n    align-items: center;\r\n    gap: 9px;\r\n\r\n    margin-bottom: 16px;\r\n\r\n    color: #c5edf3;\r\n\r\n    font-size: 11px;\r\n    font-weight: 800;\r\n    letter-spacing: 0.1em;\r\n    line-height: 1.4;\r\n    text-transform: uppercase;\r\n}\r\n\r\n.acrj-theater-kicker::before {\r\n    width: 27px;\r\n    height: 4px;\r\n\r\n    background: var(--acrj-amarelo);\r\n    border-radius: 999px;\r\n\r\n    content: \"\";\r\n}\r\n\r\n.acrj-theater-hero-copy {\r\n    max-width: 930px;\r\n}\r\n\r\n.acrj-theater-hero h1 {\r\n    max-width: 900px;\r\n    margin: 0 0 21px;\r\n\r\n    color: var(--acrj-branco);\r\n\r\n    font-size: clamp(39px, 6vw, 68px);\r\n    line-height: 1.04;\r\n    letter-spacing: -0.055em;\r\n}\r\n\r\n.acrj-theater-hero h1 strong {\r\n    color: var(--acrj-amarelo);\r\n    font-weight: 900;\r\n}\r\n\r\n.acrj-theater-hero-description {\r\n    max-width: 790px;\r\n    margin: 0 0 29px;\r\n\r\n    color: #deedf0;\r\n\r\n    font-size: clamp(16px, 2vw, 18px);\r\n    line-height: 1.75;\r\n}\r\n\r\n.acrj-theater-actions {\r\n    display: flex;\r\n    flex-wrap: wrap;\r\n    gap: 12px;\r\n}\r\n\r\n.acrj-theater-button {\r\n    display: inline-flex;\r\n    align-items: center;\r\n    justify-content: center;\r\n    gap: 9px;\r\n\r\n    min-height: 48px;\r\n    padding: 12px 21px;\r\n\r\n    border: 1px solid transparent;\r\n    border-radius: 999px;\r\n\r\n    font-family: \"Poppins\", Arial, Helvetica, sans-serif;\r\n    font-size: 13px;\r\n    font-weight: 800;\r\n    line-height: 1.25;\r\n    text-align: center;\r\n    text-decoration: none !important;\r\n\r\n    transition:\r\n        transform 170ms ease,\r\n        color 170ms ease,\r\n        background-color 170ms ease,\r\n        border-color 170ms ease;\r\n}\r\n\r\n.acrj-theater-button:hover {\r\n    transform: translateY(-2px);\r\n}\r\n\r\n.acrj-theater-button--primary {\r\n    color: var(--acrj-preto) !important;\r\n    background: var(--acrj-amarelo);\r\n    border-color: var(--acrj-amarelo);\r\n}\r\n\r\n.acrj-theater-button--primary:hover {\r\n    background: var(--acrj-amarelo-hover);\r\n    border-color: var(--acrj-amarelo-hover);\r\n}\r\n\r\n.acrj-theater-button--secondary {\r\n    color: var(--acrj-branco) !important;\r\n    background: rgba(255, 255, 255, 0.08);\r\n    border-color: rgba(255, 255, 255, 0.31);\r\n}\r\n\r\n.acrj-theater-button--secondary:hover {\r\n    background: rgba(255, 255, 255, 0.16);\r\n    border-color: rgba(255, 255, 255, 0.52);\r\n}\r\n\r\n\r\n\/* =========================================================\r\n   RESUMO EDITORIAL\r\n========================================================= *\/\r\n\r\n.acrj-theater-summary {\r\n    position: relative;\r\n    z-index: 3;\r\n\r\n    margin-top: -31px;\r\n    padding-bottom: 57px;\r\n}\r\n\r\n.acrj-theater-summary-box {\r\n    display: grid;\r\n    grid-template-columns: repeat(3, minmax(0, 1fr));\r\n    gap: 16px;\r\n\r\n    padding: 18px;\r\n\r\n    background: var(--acrj-branco);\r\n    border: 1px solid var(--acrj-linha);\r\n    border-radius: 20px;\r\n\r\n    box-shadow: var(--acrj-sombra);\r\n}\r\n\r\n.acrj-theater-summary-item {\r\n    display: grid;\r\n    grid-template-columns: auto minmax(0, 1fr);\r\n    gap: 13px;\r\n    align-items: flex-start;\r\n\r\n    min-width: 0;\r\n    padding: 17px;\r\n\r\n    background: var(--acrj-fundo);\r\n    border: 1px solid transparent;\r\n    border-radius: 13px;\r\n}\r\n\r\n.acrj-theater-summary-icon {\r\n    display: grid;\r\n    width: 39px;\r\n    height: 39px;\r\n    place-items: center;\r\n\r\n    color: var(--acrj-preto);\r\n    background: var(--acrj-amarelo);\r\n    border-radius: 11px;\r\n\r\n    font-size: 15px;\r\n    font-weight: 900;\r\n}\r\n\r\n.acrj-theater-summary-item strong {\r\n    display: block;\r\n    margin-bottom: 4px;\r\n\r\n    color: var(--acrj-preto);\r\n\r\n    font-size: 12px;\r\n    line-height: 1.45;\r\n}\r\n\r\n.acrj-theater-summary-item span {\r\n    display: block;\r\n\r\n    color: var(--acrj-cinza);\r\n\r\n    font-size: 10px;\r\n    line-height: 1.6;\r\n}\r\n\r\n\r\n\/* =========================================================\r\n   ADSENSE\r\n========================================================= *\/\r\n\r\n.acrj-theater-ad {\r\n    width: 100%;\r\n    margin: 0 auto 53px;\r\n    padding: 0 16px;\r\n\r\n    clear: both;\r\n    text-align: center;\r\n}\r\n\r\n.acrj-theater-ad-label {\r\n    display: block;\r\n    margin: 0 auto 8px;\r\n\r\n    color: #7c888f;\r\n\r\n    font-size: 9px;\r\n    font-weight: 700;\r\n    letter-spacing: 0.15em;\r\n    line-height: 1;\r\n    text-transform: uppercase;\r\n}\r\n\r\n.acrj-theater-ad-slot {\r\n    display: flex;\r\n    align-items: center;\r\n    justify-content: center;\r\n\r\n    width: 100%;\r\n    min-height: 90px;\r\n\r\n    overflow: hidden;\r\n}\r\n\r\n\r\n\/* =========================================================\r\n   CABE\u00c7ALHO DA AGENDA\r\n========================================================= *\/\r\n\r\n.acrj-theater-agenda-intro {\r\n    padding: 0 0 28px;\r\n}\r\n\r\n.acrj-theater-agenda-heading {\r\n    display: flex;\r\n    align-items: flex-end;\r\n    justify-content: space-between;\r\n    gap: 28px;\r\n\r\n    padding-bottom: 24px;\r\n\r\n    border-bottom: 1px solid var(--acrj-linha);\r\n}\r\n\r\n.acrj-theater-agenda-copy {\r\n    max-width: 810px;\r\n}\r\n\r\n.acrj-theater-agenda-intro .acrj-theater-kicker {\r\n    margin-bottom: 11px;\r\n    color: var(--acrj-ciano-profundo);\r\n}\r\n\r\n.acrj-theater-agenda-intro h2 {\r\n    margin: 0 0 10px;\r\n\r\n    color: var(--acrj-preto);\r\n\r\n    font-size: clamp(29px, 4vw, 44px);\r\n    line-height: 1.13;\r\n}\r\n\r\n.acrj-theater-agenda-intro p {\r\n    margin: 0;\r\n\r\n    color: var(--acrj-cinza);\r\n\r\n    font-size: 13px;\r\n    line-height: 1.75;\r\n}\r\n\r\n.acrj-theater-status {\r\n    display: inline-flex;\r\n    flex: 0 0 auto;\r\n    align-items: center;\r\n    gap: 9px;\r\n\r\n    padding: 10px 15px;\r\n\r\n    color: var(--acrj-ciano-profundo);\r\n    background: #e8f8fb;\r\n    border: 1px solid #c7ecf2;\r\n    border-radius: 999px;\r\n\r\n    font-size: 10px;\r\n    font-weight: 800;\r\n    letter-spacing: 0.04em;\r\n    text-transform: uppercase;\r\n}\r\n\r\n.acrj-theater-status::before {\r\n    width: 8px;\r\n    height: 8px;\r\n\r\n    background: var(--acrj-ciano);\r\n    border-radius: 50%;\r\n\r\n    box-shadow: 0 0 0 5px rgba(0, 166, 194, 0.12);\r\n\r\n    content: \"\";\r\n}\r\n\r\n\r\n\/* =========================================================\r\n   GRELHA MEC\r\n   APLICAR acrj-theater-mec-shell AO CONTAINER DO SHORTCODE\r\n========================================================= *\/\r\n\r\n.acrj-theater-mec-shell {\r\n    width: min(100% - 36px, var(--acrj-largura));\r\n    margin-right: auto;\r\n    margin-left: auto;\r\n    padding-bottom: 35px;\r\n}\r\n\r\n.acrj-theater-mec-shell .mec-wrap,\r\n.acrj-theater-mec-shell .mec-event-grid-modern {\r\n    width: 100%;\r\n    max-width: none;\r\n\r\n    font-family: \"Poppins\", Arial, Helvetica, sans-serif !important;\r\n}\r\n\r\n.acrj-theater-mec-shell .mec-event-grid-modern > .row,\r\n.acrj-theater-mec-shell .mec-event-grid-modern-container > .row,\r\n.acrj-theater-mec-shell .mec-event-grid-classic > .row {\r\n    display: grid !important;\r\n    grid-template-columns: repeat(3, minmax(0, 1fr));\r\n    column-gap: 30px !important;\r\n    row-gap: 34px !important;\r\n\r\n    width: 100%;\r\n    margin: 0 !important;\r\n    padding: 0 !important;\r\n\r\n    align-items: stretch;\r\n}\r\n\r\n.acrj-theater-mec-shell .mec-event-article {\r\n    position: relative;\r\n\r\n    display: flex !important;\r\n    float: none !important;\r\n\r\n    width: auto !important;\r\n    max-width: none !important;\r\n    min-width: 0;\r\n    height: 100%;\r\n\r\n    flex-direction: column;\r\n\r\n    margin: 0 !important;\r\n    padding: 0 !important;\r\n\r\n    overflow: hidden;\r\n\r\n    background: var(--acrj-branco);\r\n    border: 1px solid var(--acrj-linha);\r\n    border-top: 4px solid var(--acrj-ciano);\r\n    border-radius: 16px;\r\n\r\n    box-shadow: 0 12px 30px rgba(8, 11, 16, 0.075);\r\n\r\n    transition:\r\n        transform 180ms ease,\r\n        border-color 180ms ease,\r\n        box-shadow 180ms ease;\r\n}\r\n\r\n.acrj-theater-mec-shell .mec-event-article:hover {\r\n    transform: translateY(-4px);\r\n\r\n    border-color: rgba(0, 166, 194, 0.55);\r\n\r\n    box-shadow: 0 19px 40px rgba(8, 11, 16, 0.13);\r\n}\r\n\r\n.acrj-theater-mec-shell .mec-event-image {\r\n    width: 100%;\r\n    height: 192px !important;\r\n    min-height: 192px !important;\r\n    max-height: 192px !important;\r\n\r\n    margin: 0 !important;\r\n    padding: 0 !important;\r\n\r\n    overflow: hidden;\r\n\r\n    background: #e4eff2;\r\n}\r\n\r\n.acrj-theater-mec-shell .mec-event-image > a {\r\n    display: block;\r\n    width: 100%;\r\n    height: 100%;\r\n}\r\n\r\n.acrj-theater-mec-shell .mec-event-image img {\r\n    display: block;\r\n\r\n    width: 100% !important;\r\n    height: 100% !important;\r\n    max-width: none !important;\r\n\r\n    margin: 0 !important;\r\n\r\n    object-fit: cover !important;\r\n    object-position: center;\r\n\r\n    transition: transform 350ms ease;\r\n}\r\n\r\n.acrj-theater-mec-shell\r\n.mec-event-article:hover\r\n.mec-event-image img {\r\n    transform: scale(1.035);\r\n}\r\n\r\n.acrj-theater-mec-shell .mec-event-content {\r\n    display: flex;\r\n    min-width: 0;\r\n    flex: 1;\r\n    flex-direction: column;\r\n\r\n    padding: 16px 18px 12px !important;\r\n}\r\n\r\n.acrj-theater-mec-shell .mec-event-date,\r\n.acrj-theater-mec-shell .mec-event-date-info {\r\n    margin: 0 0 8px !important;\r\n\r\n    color: var(--acrj-ciano-escuro) !important;\r\n\r\n    font-family: \"Poppins\", Arial, Helvetica, sans-serif !important;\r\n    font-size: 11px !important;\r\n    font-weight: 800 !important;\r\n    letter-spacing: 0.055em;\r\n    line-height: 1.4 !important;\r\n    text-transform: uppercase;\r\n}\r\n\r\n.acrj-theater-mec-shell .mec-event-title {\r\n    display: -webkit-box;\r\n    margin: 0 0 10px !important;\r\n\r\n    overflow: hidden;\r\n\r\n    color: var(--acrj-preto) !important;\r\n\r\n    font-family: \"Poppins\", Arial, Helvetica, sans-serif !important;\r\n    font-size: 17px !important;\r\n    font-weight: 800 !important;\r\n    letter-spacing: -0.02em;\r\n    line-height: 1.35 !important;\r\n    text-transform: none !important;\r\n\r\n    -webkit-box-orient: vertical;\r\n    -webkit-line-clamp: 3;\r\n}\r\n\r\n.acrj-theater-mec-shell .mec-event-title a {\r\n    color: inherit !important;\r\n    text-decoration: none !important;\r\n}\r\n\r\n.acrj-theater-mec-shell .mec-event-title a:hover {\r\n    color: var(--acrj-ciano-escuro) !important;\r\n}\r\n\r\n.acrj-theater-mec-shell .mec-event-detail,\r\n.acrj-theater-mec-shell .mec-event-address,\r\n.acrj-theater-mec-shell .mec-event-loc-place {\r\n    display: -webkit-box;\r\n    margin: 0 !important;\r\n\r\n    overflow: hidden;\r\n\r\n    color: var(--acrj-cinza) !important;\r\n\r\n    font-family: \"Poppins\", Arial, Helvetica, sans-serif !important;\r\n    font-size: 12px !important;\r\n    line-height: 1.55 !important;\r\n\r\n    -webkit-box-orient: vertical;\r\n    -webkit-line-clamp: 2;\r\n}\r\n\r\n.acrj-theater-mec-shell .mec-event-footer {\r\n    display: flex;\r\n    align-items: center;\r\n    justify-content: space-between;\r\n    gap: 10px;\r\n\r\n    min-height: 0 !important;\r\n    margin-top: auto !important;\r\n    padding: 12px 18px 15px !important;\r\n\r\n    background: var(--acrj-branco);\r\n    border-top: 1px solid #edf2f4;\r\n}\r\n\r\n.acrj-theater-mec-shell .mec-booking-button,\r\n.acrj-theater-mec-shell .mec-modal-booking-button {\r\n    display: inline-flex !important;\r\n    align-items: center;\r\n    justify-content: center;\r\n\r\n    min-height: 37px;\r\n    margin: 0 !important;\r\n    padding: 9px 14px !important;\r\n\r\n    color: var(--acrj-branco) !important;\r\n    background: var(--acrj-preto) !important;\r\n    border: 1px solid var(--acrj-preto) !important;\r\n    border-radius: 999px !important;\r\n\r\n    font-family: \"Poppins\", Arial, Helvetica, sans-serif !important;\r\n    font-size: 11px !important;\r\n    font-weight: 800 !important;\r\n    line-height: 1 !important;\r\n    text-decoration: none !important;\r\n    text-transform: none !important;\r\n}\r\n\r\n.acrj-theater-mec-shell .mec-booking-button:hover,\r\n.acrj-theater-mec-shell .mec-modal-booking-button:hover {\r\n    color: var(--acrj-preto) !important;\r\n    background: var(--acrj-amarelo) !important;\r\n    border-color: var(--acrj-amarelo) !important;\r\n}\r\n\r\n.acrj-theater-mec-shell .mec-load-more-button {\r\n    display: flex !important;\r\n    align-items: center;\r\n    justify-content: center;\r\n\r\n    width: max-content;\r\n    min-width: 170px;\r\n    min-height: 47px;\r\n\r\n    margin: 38px auto 10px !important;\r\n    padding: 12px 25px !important;\r\n\r\n    color: var(--acrj-preto) !important;\r\n    background: var(--acrj-amarelo) !important;\r\n    border: 0 !important;\r\n    border-radius: 999px !important;\r\n\r\n    font-family: \"Poppins\", Arial, Helvetica, sans-serif !important;\r\n    font-size: 13px !important;\r\n    font-weight: 800 !important;\r\n    text-transform: none !important;\r\n}\r\n\r\n.acrj-theater-mec-shell .mec-load-more-button:hover {\r\n    color: var(--acrj-branco) !important;\r\n    background: var(--acrj-ciano-escuro) !important;\r\n}\r\n\r\n\r\n\/* =========================================================\r\n   RESPONSIVIDADE\r\n========================================================= *\/\r\n\r\n@media (max-width: 1024px) {\r\n    .acrj-theater-mec-shell .mec-event-grid-modern > .row,\r\n    .acrj-theater-mec-shell\r\n    .mec-event-grid-modern-container > .row,\r\n    .acrj-theater-mec-shell .mec-event-grid-classic > .row {\r\n        grid-template-columns: repeat(2, minmax(0, 1fr));\r\n        column-gap: 24px !important;\r\n        row-gap: 28px !important;\r\n    }\r\n\r\n    .acrj-theater-mec-shell .mec-event-image {\r\n        height: 205px !important;\r\n        min-height: 205px !important;\r\n        max-height: 205px !important;\r\n    }\r\n}\r\n\r\n@media (max-width: 780px) {\r\n    .acrj-theater-summary-box {\r\n        grid-template-columns: minmax(0, 1fr);\r\n    }\r\n}\r\n\r\n@media (max-width: 680px) {\r\n    .acrj-theater-container,\r\n    .acrj-theater-mec-shell {\r\n        width: min(100% - 28px, var(--acrj-largura));\r\n    }\r\n\r\n    .acrj-theater-hero {\r\n        padding-top: 45px;\r\n        padding-bottom: 66px;\r\n    }\r\n\r\n    .acrj-theater-hero h1 {\r\n        font-size: clamp(35px, 11vw, 48px);\r\n    }\r\n\r\n    .acrj-theater-hero-description {\r\n        font-size: 15px;\r\n    }\r\n\r\n    .acrj-theater-actions {\r\n        align-items: stretch;\r\n        flex-direction: column;\r\n    }\r\n\r\n    .acrj-theater-button {\r\n        width: 100%;\r\n    }\r\n\r\n    .acrj-theater-summary {\r\n        margin-top: -24px;\r\n        padding-bottom: 43px;\r\n    }\r\n\r\n    .acrj-theater-summary-box {\r\n        gap: 10px;\r\n        padding: 13px;\r\n        border-radius: 16px;\r\n    }\r\n\r\n    .acrj-theater-summary-item {\r\n        padding: 14px;\r\n    }\r\n\r\n    .acrj-theater-ad {\r\n        margin-bottom: 42px;\r\n        padding: 0;\r\n    }\r\n\r\n    .acrj-theater-ad-slot {\r\n        min-height: 250px;\r\n    }\r\n\r\n    .acrj-theater-agenda-heading {\r\n        align-items: flex-start;\r\n        flex-direction: column;\r\n        gap: 15px;\r\n    }\r\n\r\n    .acrj-theater-agenda-intro h2 {\r\n        font-size: 30px;\r\n    }\r\n\r\n    .acrj-theater-mec-shell .mec-event-grid-modern > .row,\r\n    .acrj-theater-mec-shell\r\n    .mec-event-grid-modern-container > .row,\r\n    .acrj-theater-mec-shell .mec-event-grid-classic > .row {\r\n        grid-template-columns: minmax(0, 1fr);\r\n        row-gap: 20px !important;\r\n    }\r\n\r\n    .acrj-theater-mec-shell .mec-event-image {\r\n        height: 202px !important;\r\n        min-height: 202px !important;\r\n        max-height: 202px !important;\r\n    }\r\n}\r\n\r\n@media (prefers-reduced-motion: reduce) {\r\n    .acrj-theater-page *,\r\n    .acrj-theater-mec-shell * {\r\n        animation-duration: 0.01ms !important;\r\n        transition-duration: 0.01ms !important;\r\n    }\r\n}\r\n<\/style>\r\n\r\n\r\n<main\r\n    class=\"acrj-theater-page\"\r\n    aria-labelledby=\"acrj-theater-title\"\r\n>\r\n\r\n    <!-- HERO -->\r\n    <header class=\"acrj-theater-hero\">\r\n        <div class=\"acrj-theater-container\">\r\n\r\n            <nav aria-label=\"Navega\u00e7\u00e3o estrutural\">\r\n                <ol class=\"acrj-theater-breadcrumb\">\r\n                    <li>\r\n                        <a href=\"https:\/\/agendaculturalriodejaneiro.com\/\">\r\n                            In\u00edcio\r\n                        <\/a>\r\n                    <\/li>\r\n\r\n                    <li aria-current=\"page\">\r\n                        Pe\u00e7as de teatro\r\n                    <\/li>\r\n                <\/ol>\r\n            <\/nav>\r\n\r\n            <div class=\"acrj-theater-hero-copy\">\r\n\r\n                <span class=\"acrj-theater-kicker\">\r\n                    Teatro em cartaz no Rio\r\n                <\/span>\r\n\r\n                <h1 id=\"acrj-theater-title\">\r\n                    Pe\u00e7as de teatro no\r\n                    <strong>Rio de Janeiro<\/strong>\r\n                <\/h1>\r\n\r\n                <p class=\"acrj-theater-hero-description\">\r\n                    Encontre dramas, com\u00e9dias, musicais, dan\u00e7a, mon\u00f3logos,\r\n                    espet\u00e1culos infantis e outras produ\u00e7\u00f5es em cartaz nos\r\n                    teatros e espa\u00e7os culturais cariocas.\r\n                <\/p>\r\n\r\n                <div class=\"acrj-theater-actions\">\r\n\r\n                    <a\r\n                        class=\"acrj-theater-button acrj-theater-button--primary\"\r\n                        href=\"#agenda-de-teatro\"\r\n                    >\r\n                        Ver pe\u00e7as em cartaz\r\n                        <span aria-hidden=\"true\">\u2193<\/span>\r\n                    <\/a>\r\n\r\n                    <a\r\n                        class=\"acrj-theater-button acrj-theater-button--secondary\"\r\n                        href=\"https:\/\/agendaculturalriodejaneiro.com\/agenda-teatro-infantil-rio-de-janeiro\/\"\r\n                    >\r\n                        Ver teatro infantil\r\n                    <\/a>\r\n\r\n                <\/div>\r\n\r\n            <\/div>\r\n        <\/div>\r\n    <\/header>\r\n\r\n\r\n    <!-- RESUMO -->\r\n    <section\r\n        class=\"acrj-theater-summary\"\r\n        aria-label=\"Informa\u00e7\u00f5es sobre a agenda de teatro\"\r\n    >\r\n        <div class=\"acrj-theater-container\">\r\n\r\n            <div class=\"acrj-theater-summary-box\">\r\n\r\n                <div class=\"acrj-theater-summary-item\">\r\n\r\n                    <span\r\n                        class=\"acrj-theater-summary-icon\"\r\n                        aria-hidden=\"true\"\r\n                    >\r\n                        \ud83c\udfad\r\n                    <\/span>\r\n\r\n                    <div>\r\n                        <strong>Diferentes g\u00eaneros<\/strong>\r\n\r\n                        <span>\r\n                            Com\u00e9dias, dramas, musicais, dan\u00e7a e mon\u00f3logos.\r\n                        <\/span>\r\n                    <\/div>\r\n\r\n                <\/div>\r\n\r\n\r\n                <div class=\"acrj-theater-summary-item\">\r\n\r\n                    <span\r\n                        class=\"acrj-theater-summary-icon\"\r\n                        aria-hidden=\"true\"\r\n                    >\r\n                        \ud83d\udcc5\r\n                    <\/span>\r\n\r\n                    <div>\r\n                        <strong>Datas e sess\u00f5es<\/strong>\r\n\r\n                        <span>\r\n                            Consulte o evento para verificar os hor\u00e1rios.\r\n                        <\/span>\r\n                    <\/div>\r\n\r\n                <\/div>\r\n\r\n\r\n                <div class=\"acrj-theater-summary-item\">\r\n\r\n                    <span\r\n                        class=\"acrj-theater-summary-icon\"\r\n                        aria-hidden=\"true\"\r\n                    >\r\n                        \ud83c\udf9f\r\n                    <\/span>\r\n\r\n                    <div>\r\n                        <strong>Ingressos e classifica\u00e7\u00e3o<\/strong>\r\n\r\n                        <span>\r\n                            Confirme valores, disponibilidade e faixa et\u00e1ria.\r\n                        <\/span>\r\n                    <\/div>\r\n\r\n                <\/div>\r\n\r\n            <\/div>\r\n        <\/div>\r\n    <\/section>\r\n\r\n\r\n    <!-- AN\u00daNCIO -->\r\n    <aside\r\n        class=\"acrj-theater-ad\"\r\n        aria-label=\"Publicidade\"\r\n    >\r\n        <span class=\"acrj-theater-ad-label\">\r\n            PUB\r\n        <\/span>\r\n\r\n        <div\r\n            class=\"acrj-theater-ad-slot\"\r\n            data-desktop-slot=\"5800876183\"\r\n            data-mobile-slot=\"6529814326\"\r\n        ><\/div>\r\n    <\/aside>\r\n\r\n\r\n    <!-- CABE\u00c7ALHO DA AGENDA -->\r\n    <section\r\n        class=\"acrj-theater-agenda-intro\"\r\n        id=\"agenda-de-teatro\"\r\n        aria-labelledby=\"acrj-theater-agenda-title\"\r\n    >\r\n        <div\r\n            class=\"acrj-theater-container\r\n                   acrj-theater-agenda-heading\"\r\n        >\r\n\r\n            <div class=\"acrj-theater-agenda-copy\">\r\n\r\n                <span class=\"acrj-theater-kicker\">\r\n                    Programa\u00e7\u00e3o teatral\r\n                <\/span>\r\n\r\n                <h2 id=\"acrj-theater-agenda-title\">\r\n                    Espet\u00e1culos e pe\u00e7as em cartaz\r\n                <\/h2>\r\n\r\n                <p>\r\n                    Abra cada evento para consultar sinopse, datas,\r\n                    hor\u00e1rios, teatro, endere\u00e7o, ingressos e demais\r\n                    informa\u00e7\u00f5es da produ\u00e7\u00e3o.\r\n                <\/p>\r\n\r\n            <\/div>\r\n\r\n            <span class=\"acrj-theater-status\">\r\n                Agenda de teatro\r\n            <\/span>\r\n\r\n        <\/div>\r\n    <\/section>\r\n\r\n<\/main>\r\n\r\n\r\n<script>\r\ndocument.addEventListener(\"DOMContentLoaded\", function () {\r\n\r\n    \/* ADSENSE RESPONSIVO *\/\r\n\r\n    const slots = document.querySelectorAll(\r\n        '.acrj-theater-ad-slot:not([data-ad-loaded=\"true\"])'\r\n    );\r\n\r\n    const desktop = window.matchMedia(\r\n        \"(min-width: 900px)\"\r\n    ).matches;\r\n\r\n    slots.forEach(function (container) {\r\n        const anuncio = document.createElement(\"ins\");\r\n\r\n        anuncio.className = \"adsbygoogle\";\r\n\r\n        anuncio.setAttribute(\r\n            \"data-ad-client\",\r\n            \"ca-pub-1076216326230548\"\r\n        );\r\n\r\n        if (desktop) {\r\n            anuncio.style.display = \"inline-block\";\r\n            anuncio.style.width = \"728px\";\r\n            anuncio.style.height = \"90px\";\r\n\r\n            anuncio.setAttribute(\r\n                \"data-ad-slot\",\r\n                container.dataset.desktopSlot || \"5800876183\"\r\n            );\r\n        } else {\r\n            anuncio.style.display = \"inline-block\";\r\n            anuncio.style.width = \"300px\";\r\n            anuncio.style.height = \"250px\";\r\n\r\n            anuncio.setAttribute(\r\n                \"data-ad-slot\",\r\n                container.dataset.mobileSlot || \"6529814326\"\r\n            );\r\n        }\r\n\r\n        container.appendChild(anuncio);\r\n\r\n        container.setAttribute(\r\n            \"data-ad-loaded\",\r\n            \"true\"\r\n        );\r\n\r\n        try {\r\n            (\r\n                window.adsbygoogle =\r\n                window.adsbygoogle || []\r\n            ).push({});\r\n        } catch (erro) {\r\n            console.warn(\r\n                \"N\u00e3o foi poss\u00edvel iniciar o an\u00fancio.\",\r\n                erro\r\n            );\r\n        }\r\n    });\r\n\r\n\r\n    \/* ESCONDE \u201cEVENTOS N\u00c3O ENCONTRADOS\u201d QUANDO H\u00c1 CARDS *\/\r\n\r\n    function corrigirMensagemMEC() {\r\n        document\r\n            .querySelectorAll(\".acrj-theater-mec-shell\")\r\n            .forEach(function (mec) {\r\n\r\n                const eventosVisiveis = Array.from(\r\n                    mec.querySelectorAll(\".mec-event-article\")\r\n                ).some(function (evento) {\r\n                    const estilo = window.getComputedStyle(evento);\r\n\r\n                    return (\r\n                        estilo.display !== \"none\" &&\r\n                        estilo.visibility !== \"hidden\" &&\r\n                        evento.offsetParent !== null\r\n                    );\r\n                });\r\n\r\n                mec.querySelectorAll(\"div, p, span\").forEach(\r\n                    function (elemento) {\r\n\r\n                        if (elemento.children.length > 0) {\r\n                            return;\r\n                        }\r\n\r\n                        const texto = elemento.textContent.trim();\r\n\r\n                        if (\r\n                            eventosVisiveis &&\r\n                            \/^(Eventos n\u00e3o encontrados!|No event found!?)$\/i\r\n                                .test(texto)\r\n                        ) {\r\n                            elemento.style.display = \"none\";\r\n                            elemento.setAttribute(\r\n                                \"aria-hidden\",\r\n                                \"true\"\r\n                            );\r\n                        }\r\n                    }\r\n                );\r\n            });\r\n    }\r\n\r\n    corrigirMensagemMEC();\r\n\r\n    document\r\n        .querySelectorAll(\".acrj-theater-mec-shell\")\r\n        .forEach(function (mec) {\r\n\r\n            const observador = new MutationObserver(function () {\r\n                window.requestAnimationFrame(\r\n                    corrigirMensagemMEC\r\n                );\r\n            });\r\n\r\n            observador.observe(mec, {\r\n                childList: true,\r\n                subtree: true,\r\n                attributes: true,\r\n                attributeFilter: [\"style\", \"class\"]\r\n            });\r\n        });\r\n\r\n});\r\n<\/script>\t\t\t\t<\/div>\n\t\t\t\t<\/div>\n\t\t\t\t<div class=\"elementor-element elementor-element-de3d640 elementor-widget elementor-widget-MEC\" data-id=\"de3d640\" data-element_type=\"widget\" data-e-type=\"widget\" data-widget_type=\"MEC.default\">\n\t\t\t\t<div class=\"elementor-widget-container\">\n\t\t\t\t\t<div class=\"mec-wrap mec-skin-grid-container  \" id=\"mec_skin_mec1\">\r\n\r\n    <form id=\"mec_search_form_mec1\" class=\"mec-search-form mec-totalcal-box mec-dropdown-classic\" autocomplete=\"off\"><div class=\"mec-dropdown-wrap\" style=\"display: none\"><\/div><div class=\"mec-date-search\"><i class=\"mec-sl-calendar\"><\/i>\r\n                    <input class=\"mec-col-3 mec_date_picker_dynamic_format_start\" data-min=\"2026-09-02\" type=\"text\" id=\"mec_sf_date_start_mec1\" name=\"sf[date_start]\" placeholder=\"Start\" title=\"Start\" autocomplete=\"off\">\r\n                    <input class=\"mec-col-3 mec_date_picker_dynamic_format_end\" type=\"text\" id=\"mec_sf_date_end_mec1\" name=\"sf[date_end]\" placeholder=\"End\" title=\"End\" autocomplete=\"off\">\r\n                <\/div><div class=\"mec-text-input-search\"><i class=\"mec-sl-magnifier\"><\/i>\r\n                    <input type=\"search\" value=\"\" id=\"mec_sf_s_mec1\" placeholder=\"\" title=\"\" \/>\r\n                <\/div><div id=\"mec_search_form_mec1_status\" class=\"mec-screen-reader-text\"><\/div><\/form>\r\n            <div class=\"mec-skin-grid-events-container\" id=\"mec_skin_events_mec1\">\r\n        <div class=\"mec-wrap colorskin-custom\">\r\n    <div class=\"mec-event-grid-classic\" data-widget-autoplay=\"1\" data-widget-loop=\"1\" data-widget-autoplay-time=\"3000\">\r\n        <div class=\"row\"><div class=\"col-md-4 col-sm-4\"><article class=\" mec-event-article mec-clear  \">                                <div class=\"mec-event-image\"><a data-event-id=\"52221\" href=\"https:\/\/agendaculturalriodejaneiro.com\/en\/events\/tudo-preto-uma-re_vista\/\" target=\"_self\" rel=\"noopener\"><img fetchpriority=\"high\" decoding=\"async\" width=\"300\" height=\"200\" src=\"https:\/\/agendaculturalriodejaneiro.com\/wp-content\/uploads\/2026\/07\/Tudo-Preto-uma-revista-credito-Ira-Barillo-10-300x200.jpg\" class=\"attachment-medium size-medium wp-post-image\" alt=\"\" data-mec-postid=\"52221\" \/><\/a><\/div>\r\n                        <div class=\"mec-event-content\">\r\n                                    <div class=\"mec-event-date mec-bg-color\">\r\n                        <span class=\"mec-start-date-label\">02 September 2026<\/span><span class=\"mec-end-date-label\" itemprop=\"endDate\"> - 16 October 2026<\/span>                                                                    <\/div>\r\n                                                                <h4 class=\"mec-event-title\"><a class=\"mec-color-hover\" data-event-id=\"52221\" href=\"https:\/\/agendaculturalriodejaneiro.com\/en\/events\/tudo-preto-uma-re_vista\/\" target=\"_self\" rel=\"noopener\">Tudo Preto: uma re_vista<\/a><\/h4>\r\n                                <p class=\"mec-grid-event-location\">Centro Cultural Banco do Brasil, R. Primeiro de Mar\u00e7o, 66 - Centro, 20010000 Rio de Janeiro<\/p>\r\n                                                                            <\/div>\r\n            <div class=\"mec-event-footer\">\r\n                                <ul class=\"mec-event-sharing-wrap\">\r\n                    <li class=\"mec-event-share\">\r\n                        <a href=\"#\" class=\"mec-event-share-icon\">\r\n                            <i class=\"mec-sl-share\" title=\"Share\"><\/i>\r\n                        <\/a>\r\n                    <\/li>\r\n                    <li>\r\n                        <ul class=\"mec-event-sharing\">\r\n                            <li class=\"mec-event-social-icon\"><a class=\"facebook\" href=\"https:\/\/www.facebook.com\/sharer\/sharer.php?u=https%3A%2F%2Fagendaculturalriodejaneiro.com%2Fen%2Fevents%2Ftudo-preto-uma-re_vista%2F\" onclick=\"javascript:window.open(this.href, &apos;&apos;, &apos;menubar=no,toolbar=no,resizable=yes,scrollbars=yes,height=500,width=600&apos;); return false;\" target=\"_blank\" title=\"Share on Facebook\"><i class=\"mec-fa-facebook\"><\/i><span class=\"mec-social-title\">Facebook<\/span><\/a><\/li><li class=\"mec-event-social-icon\"><a class=\"twitter\" href=\"https:\/\/x.com\/intent\/tweet?url=https%3A%2F%2Fagendaculturalriodejaneiro.com%2Fen%2Fevents%2Ftudo-preto-uma-re_vista%2F\" onclick=\"javascript:window.open(this.href, &apos;&apos;, &apos;menubar=no,toolbar=no,resizable=yes,scrollbars=yes,height=600,width=500&apos;); return false;\" target=\"_blank\" title=\"X Social Network\"><svg xmlns=\"http:\/\/www.w3.org\/2000\/svg\" viewbox=\"0 0 512 462.799\"><path d=\"M403.229 0h78.506L310.219 196.04 512 462.799H354.002L230.261 301.007 88.669 462.799h-78.56l183.455-209.683L0 0h161.999l111.856 147.88L403.229 0zm-27.556 415.805h43.505L138.363 44.527h-46.68l283.99 371.278z\" \/><\/svg><span class=\"mec-social-title\">Twitter<\/span><\/a><\/li><li class=\"mec-event-social-icon\"><a class=\"linkedin\" href=\"https:\/\/www.linkedin.com\/shareArticle?mini=true&amp;url=https%3A%2F%2Fagendaculturalriodejaneiro.com%2Fen%2Fevents%2Ftudo-preto-uma-re_vista%2F\" onclick=\"javascript:window.open(this.href, &apos;&apos;, &apos;menubar=no,toolbar=no,resizable=yes,scrollbars=yes,height=600,width=500&apos;); return false;\" target=\"_blank\" title=\"Linkedin\"><i class=\"mec-fa-linkedin\"><\/i><span class=\"mec-social-title\">Linkedin<\/span><\/a><\/li><li class=\"mec-event-social-icon\"><a class=\"email\" href=\"mailto:?subject=Tudo%20Preto%3A%20uma%20re_vista&amp;body=https%3A%2F%2Fagendaculturalriodejaneiro.com%2Fen%2Fevents%2Ftudo-preto-uma-re_vista%2F\" title=\"Email\"><i class=\"mec-fa-envelope\"><\/i><span class=\"mec-social-title\">Email<\/span><\/a><\/li>                        <\/ul>\r\n                    <\/li>\r\n                <\/ul>\r\n                                                <a class=\"mec-booking-button\" data-event-id=\"52221\" href=\"https:\/\/agendaculturalriodejaneiro.com\/en\/events\/tudo-preto-uma-re_vista\/\" target=\"_self\" rel=\"noopener\">Ver Detalhes<\/a>            <\/div>\r\n        <\/article><\/div>                <div class=\"col-md-4 col-sm-4\"><article class=\" mec-event-article mec-clear  \">                                <div class=\"mec-event-image\"><a data-event-id=\"52443\" href=\"https:\/\/agendaculturalriodejaneiro.com\/en\/events\/o-espirito-da-coisa-estreia-na-tijuca-com-comedia-sobre-moralidade-desejo-e-poder\/\" target=\"_self\" rel=\"noopener\"><img decoding=\"async\" width=\"240\" height=\"300\" src=\"https:\/\/agendaculturalriodejaneiro.com\/wp-content\/uploads\/2026\/07\/O-Espirito-da-Coisa-Redes-Sociais-4-240x300.jpg\" class=\"attachment-medium size-medium wp-post-image\" alt=\"\u201cO Esp\u00edrito da Coisa\u201d estreia na Tijuca com com\u00e9dia sobre moralidade, desejo e poder\" data-mec-postid=\"52443\" \/><\/a><\/div>\r\n                        <div class=\"mec-event-content\">\r\n                                    <div class=\"mec-event-date mec-bg-color\">\r\n                        <span class=\"mec-start-date-label\">03 September 2026<\/span>                                                                    <\/div>\r\n                                                                <h4 class=\"mec-event-title\"><a class=\"mec-color-hover\" data-event-id=\"52443\" href=\"https:\/\/agendaculturalriodejaneiro.com\/en\/events\/o-espirito-da-coisa-estreia-na-tijuca-com-comedia-sobre-moralidade-desejo-e-poder\/\" target=\"_self\" rel=\"noopener\">\u201cO Esp\u00edrito da Coisa\u201d estreia na Tijuca com com\u00e9dia sobre moralidade, desejo e poder<\/a><\/h4>\r\n                                <p class=\"mec-grid-event-location\">Teatro Henriqueta Brieba - Tijuca T\u00eanis Clube, Rua Conde do Bonfim, 451 - Tijuca, Rio de Janeiro<\/p>\r\n                                                                            <\/div>\r\n            <div class=\"mec-event-footer\">\r\n                                <ul class=\"mec-event-sharing-wrap\">\r\n                    <li class=\"mec-event-share\">\r\n                        <a href=\"#\" class=\"mec-event-share-icon\">\r\n                            <i class=\"mec-sl-share\" title=\"Share\"><\/i>\r\n                        <\/a>\r\n                    <\/li>\r\n                    <li>\r\n                        <ul class=\"mec-event-sharing\">\r\n                            <li class=\"mec-event-social-icon\"><a class=\"facebook\" href=\"https:\/\/www.facebook.com\/sharer\/sharer.php?u=https%3A%2F%2Fagendaculturalriodejaneiro.com%2Fen%2Fevents%2Fo-espirito-da-coisa-estreia-na-tijuca-com-comedia-sobre-moralidade-desejo-e-poder%2F\" onclick=\"javascript:window.open(this.href, &apos;&apos;, &apos;menubar=no,toolbar=no,resizable=yes,scrollbars=yes,height=500,width=600&apos;); return false;\" target=\"_blank\" title=\"Share on Facebook\"><i class=\"mec-fa-facebook\"><\/i><span class=\"mec-social-title\">Facebook<\/span><\/a><\/li><li class=\"mec-event-social-icon\"><a class=\"twitter\" href=\"https:\/\/x.com\/intent\/tweet?url=https%3A%2F%2Fagendaculturalriodejaneiro.com%2Fen%2Fevents%2Fo-espirito-da-coisa-estreia-na-tijuca-com-comedia-sobre-moralidade-desejo-e-poder%2F\" onclick=\"javascript:window.open(this.href, &apos;&apos;, &apos;menubar=no,toolbar=no,resizable=yes,scrollbars=yes,height=600,width=500&apos;); return false;\" target=\"_blank\" title=\"X Social Network\"><svg xmlns=\"http:\/\/www.w3.org\/2000\/svg\" viewbox=\"0 0 512 462.799\"><path d=\"M403.229 0h78.506L310.219 196.04 512 462.799H354.002L230.261 301.007 88.669 462.799h-78.56l183.455-209.683L0 0h161.999l111.856 147.88L403.229 0zm-27.556 415.805h43.505L138.363 44.527h-46.68l283.99 371.278z\" \/><\/svg><span class=\"mec-social-title\">Twitter<\/span><\/a><\/li><li class=\"mec-event-social-icon\"><a class=\"linkedin\" href=\"https:\/\/www.linkedin.com\/shareArticle?mini=true&amp;url=https%3A%2F%2Fagendaculturalriodejaneiro.com%2Fen%2Fevents%2Fo-espirito-da-coisa-estreia-na-tijuca-com-comedia-sobre-moralidade-desejo-e-poder%2F\" onclick=\"javascript:window.open(this.href, &apos;&apos;, &apos;menubar=no,toolbar=no,resizable=yes,scrollbars=yes,height=600,width=500&apos;); return false;\" target=\"_blank\" title=\"Linkedin\"><i class=\"mec-fa-linkedin\"><\/i><span class=\"mec-social-title\">Linkedin<\/span><\/a><\/li><li class=\"mec-event-social-icon\"><a class=\"email\" href=\"mailto:?subject=%E2%80%9CO%20Esp%C3%ADrito%20da%20Coisa%E2%80%9D%20estreia%20na%20Tijuca%20com%20com%C3%A9dia%20sobre%20moralidade%2C%20desejo%20e%20poder&amp;body=https%3A%2F%2Fagendaculturalriodejaneiro.com%2Fen%2Fevents%2Fo-espirito-da-coisa-estreia-na-tijuca-com-comedia-sobre-moralidade-desejo-e-poder%2F\" title=\"Email\"><i class=\"mec-fa-envelope\"><\/i><span class=\"mec-social-title\">Email<\/span><\/a><\/li>                        <\/ul>\r\n                    <\/li>\r\n                <\/ul>\r\n                                                <a class=\"mec-booking-button\" data-event-id=\"52443\" href=\"https:\/\/agendaculturalriodejaneiro.com\/en\/events\/o-espirito-da-coisa-estreia-na-tijuca-com-comedia-sobre-moralidade-desejo-e-poder\/\" target=\"_self\" rel=\"noopener\">Ver Detalhes<\/a>            <\/div>\r\n        <\/article><\/div>        <div class=\"col-md-4 col-sm-4\"><article class=\" mec-event-article mec-clear  \">                                <div class=\"mec-event-image\"><a data-event-id=\"52689\" href=\"https:\/\/agendaculturalriodejaneiro.com\/en\/events\/a-ultima-coisa-da-qual-me-lembro-e-paqueta\/\" target=\"_self\" rel=\"noopener\"><img decoding=\"async\" width=\"225\" height=\"300\" src=\"https:\/\/agendaculturalriodejaneiro.com\/wp-content\/uploads\/2026\/08\/ADF51368-EB67-4F5C-9433-C804564E7CD9-225x300.jpeg\" class=\"attachment-medium size-medium wp-post-image\" alt=\"\" data-mec-postid=\"52689\" \/><\/a><\/div>\r\n                        <div class=\"mec-event-content\">\r\n                                    <div class=\"mec-event-date mec-bg-color\">\r\n                        <span class=\"mec-start-date-label\">03 - 24 September 2026<\/span>                                                                    <\/div>\r\n                                                                <h4 class=\"mec-event-title\"><a class=\"mec-color-hover\" data-event-id=\"52689\" href=\"https:\/\/agendaculturalriodejaneiro.com\/en\/events\/a-ultima-coisa-da-qual-me-lembro-e-paqueta\/\" target=\"_self\" rel=\"noopener\">A \u00faltima coisa da qual me lembro \u00e9 Paquet\u00e1<\/a><\/h4>\r\n                                <p class=\"mec-grid-event-location\">Teatro C\u00e2ndido Mendes, Rua Joana Ang\u00e9lica , 63, Rio de Janeiro - Rio de Janeiro<\/p>\r\n                                                                            <\/div>\r\n            <div class=\"mec-event-footer\">\r\n                                <ul class=\"mec-event-sharing-wrap\">\r\n                    <li class=\"mec-event-share\">\r\n                        <a href=\"#\" class=\"mec-event-share-icon\">\r\n                            <i class=\"mec-sl-share\" title=\"Share\"><\/i>\r\n                        <\/a>\r\n                    <\/li>\r\n                    <li>\r\n                        <ul class=\"mec-event-sharing\">\r\n                            <li class=\"mec-event-social-icon\"><a class=\"facebook\" href=\"https:\/\/www.facebook.com\/sharer\/sharer.php?u=https%3A%2F%2Fagendaculturalriodejaneiro.com%2Fen%2Fevents%2Fa-ultima-coisa-da-qual-me-lembro-e-paqueta%2F\" onclick=\"javascript:window.open(this.href, &apos;&apos;, &apos;menubar=no,toolbar=no,resizable=yes,scrollbars=yes,height=500,width=600&apos;); return false;\" target=\"_blank\" title=\"Share on Facebook\"><i class=\"mec-fa-facebook\"><\/i><span class=\"mec-social-title\">Facebook<\/span><\/a><\/li><li class=\"mec-event-social-icon\"><a class=\"twitter\" href=\"https:\/\/x.com\/intent\/tweet?url=https%3A%2F%2Fagendaculturalriodejaneiro.com%2Fen%2Fevents%2Fa-ultima-coisa-da-qual-me-lembro-e-paqueta%2F\" onclick=\"javascript:window.open(this.href, &apos;&apos;, &apos;menubar=no,toolbar=no,resizable=yes,scrollbars=yes,height=600,width=500&apos;); return false;\" target=\"_blank\" title=\"X Social Network\"><svg xmlns=\"http:\/\/www.w3.org\/2000\/svg\" viewbox=\"0 0 512 462.799\"><path d=\"M403.229 0h78.506L310.219 196.04 512 462.799H354.002L230.261 301.007 88.669 462.799h-78.56l183.455-209.683L0 0h161.999l111.856 147.88L403.229 0zm-27.556 415.805h43.505L138.363 44.527h-46.68l283.99 371.278z\" \/><\/svg><span class=\"mec-social-title\">Twitter<\/span><\/a><\/li><li class=\"mec-event-social-icon\"><a class=\"linkedin\" href=\"https:\/\/www.linkedin.com\/shareArticle?mini=true&amp;url=https%3A%2F%2Fagendaculturalriodejaneiro.com%2Fen%2Fevents%2Fa-ultima-coisa-da-qual-me-lembro-e-paqueta%2F\" onclick=\"javascript:window.open(this.href, &apos;&apos;, &apos;menubar=no,toolbar=no,resizable=yes,scrollbars=yes,height=600,width=500&apos;); return false;\" target=\"_blank\" title=\"Linkedin\"><i class=\"mec-fa-linkedin\"><\/i><span class=\"mec-social-title\">Linkedin<\/span><\/a><\/li><li class=\"mec-event-social-icon\"><a class=\"email\" href=\"mailto:?subject=A%20%C3%BAltima%20coisa%20da%20qual%20me%20lembro%20%C3%A9%20Paquet%C3%A1&amp;body=https%3A%2F%2Fagendaculturalriodejaneiro.com%2Fen%2Fevents%2Fa-ultima-coisa-da-qual-me-lembro-e-paqueta%2F\" title=\"Email\"><i class=\"mec-fa-envelope\"><\/i><span class=\"mec-social-title\">Email<\/span><\/a><\/li>                        <\/ul>\r\n                    <\/li>\r\n                <\/ul>\r\n                                                <a class=\"mec-booking-button\" data-event-id=\"52689\" href=\"https:\/\/agendaculturalriodejaneiro.com\/en\/events\/a-ultima-coisa-da-qual-me-lembro-e-paqueta\/\" target=\"_self\" rel=\"noopener\">Ver Detalhes<\/a>            <\/div>\r\n        <\/article><\/div><\/div>                <div class=\"row\"><div class=\"col-md-4 col-sm-4\"><article class=\" mec-event-article mec-clear  \">                                <div class=\"mec-event-image\"><a data-event-id=\"53039\" href=\"https:\/\/agendaculturalriodejaneiro.com\/en\/events\/centenario-da-atriz-berta-loran-e-celebrado-na-peca-inedita-berta-minha-vida-por-um-palco\/\" target=\"_self\" rel=\"noopener\"><img loading=\"lazy\" decoding=\"async\" width=\"169\" height=\"300\" src=\"https:\/\/agendaculturalriodejaneiro.com\/wp-content\/uploads\/2026\/08\/Artes-Berta-2-169x300.jpeg\" class=\"attachment-medium size-medium wp-post-image\" alt=\"\" data-mec-postid=\"53039\" \/><\/a><\/div>\r\n                        <div class=\"mec-event-content\">\r\n                                    <div class=\"mec-event-date mec-bg-color\">\r\n                        <span class=\"mec-start-date-label\">04 - 27 September 2026<\/span>                                                                    <\/div>\r\n                                                                <h4 class=\"mec-event-title\"><a class=\"mec-color-hover\" data-event-id=\"53039\" href=\"https:\/\/agendaculturalriodejaneiro.com\/en\/events\/centenario-da-atriz-berta-loran-e-celebrado-na-peca-inedita-berta-minha-vida-por-um-palco\/\" target=\"_self\" rel=\"noopener\">Centen\u00e1rio da atriz Berta Loran \u00e9 celebrado na pe\u00e7a in\u00e9dita \u201cBerta \u2013 Minha vida por um palco\u201d<\/a><\/h4>\r\n                                <p class=\"mec-grid-event-location\">Centro Cultural da Justi\u00e7a Federal, Av. Rio Branco, 241 \u2013 Centro<\/p>\r\n                                                                            <\/div>\r\n            <div class=\"mec-event-footer\">\r\n                                <ul class=\"mec-event-sharing-wrap\">\r\n                    <li class=\"mec-event-share\">\r\n                        <a href=\"#\" class=\"mec-event-share-icon\">\r\n                            <i class=\"mec-sl-share\" title=\"Share\"><\/i>\r\n                        <\/a>\r\n                    <\/li>\r\n                    <li>\r\n                        <ul class=\"mec-event-sharing\">\r\n                            <li class=\"mec-event-social-icon\"><a class=\"facebook\" href=\"https:\/\/www.facebook.com\/sharer\/sharer.php?u=https%3A%2F%2Fagendaculturalriodejaneiro.com%2Fen%2Fevents%2Fcentenario-da-atriz-berta-loran-e-celebrado-na-peca-inedita-berta-minha-vida-por-um-palco%2F\" onclick=\"javascript:window.open(this.href, &apos;&apos;, &apos;menubar=no,toolbar=no,resizable=yes,scrollbars=yes,height=500,width=600&apos;); return false;\" target=\"_blank\" title=\"Share on Facebook\"><i class=\"mec-fa-facebook\"><\/i><span class=\"mec-social-title\">Facebook<\/span><\/a><\/li><li class=\"mec-event-social-icon\"><a class=\"twitter\" href=\"https:\/\/x.com\/intent\/tweet?url=https%3A%2F%2Fagendaculturalriodejaneiro.com%2Fen%2Fevents%2Fcentenario-da-atriz-berta-loran-e-celebrado-na-peca-inedita-berta-minha-vida-por-um-palco%2F\" onclick=\"javascript:window.open(this.href, &apos;&apos;, &apos;menubar=no,toolbar=no,resizable=yes,scrollbars=yes,height=600,width=500&apos;); return false;\" target=\"_blank\" title=\"X Social Network\"><svg xmlns=\"http:\/\/www.w3.org\/2000\/svg\" viewbox=\"0 0 512 462.799\"><path d=\"M403.229 0h78.506L310.219 196.04 512 462.799H354.002L230.261 301.007 88.669 462.799h-78.56l183.455-209.683L0 0h161.999l111.856 147.88L403.229 0zm-27.556 415.805h43.505L138.363 44.527h-46.68l283.99 371.278z\" \/><\/svg><span class=\"mec-social-title\">Twitter<\/span><\/a><\/li><li class=\"mec-event-social-icon\"><a class=\"linkedin\" href=\"https:\/\/www.linkedin.com\/shareArticle?mini=true&amp;url=https%3A%2F%2Fagendaculturalriodejaneiro.com%2Fen%2Fevents%2Fcentenario-da-atriz-berta-loran-e-celebrado-na-peca-inedita-berta-minha-vida-por-um-palco%2F\" onclick=\"javascript:window.open(this.href, &apos;&apos;, &apos;menubar=no,toolbar=no,resizable=yes,scrollbars=yes,height=600,width=500&apos;); return false;\" target=\"_blank\" title=\"Linkedin\"><i class=\"mec-fa-linkedin\"><\/i><span class=\"mec-social-title\">Linkedin<\/span><\/a><\/li><li class=\"mec-event-social-icon\"><a class=\"email\" href=\"mailto:?subject=Centen%C3%A1rio%20da%20atriz%20Berta%20Loran%20%C3%A9%20celebrado%20na%20pe%C3%A7a%20in%C3%A9dita%20%E2%80%9CBerta%20%E2%80%93%20Minha%20vida%20por%20um%20palco%E2%80%9D&amp;body=https%3A%2F%2Fagendaculturalriodejaneiro.com%2Fen%2Fevents%2Fcentenario-da-atriz-berta-loran-e-celebrado-na-peca-inedita-berta-minha-vida-por-um-palco%2F\" title=\"Email\"><i class=\"mec-fa-envelope\"><\/i><span class=\"mec-social-title\">Email<\/span><\/a><\/li>                        <\/ul>\r\n                    <\/li>\r\n                <\/ul>\r\n                                                <a class=\"mec-booking-button\" data-event-id=\"53039\" href=\"https:\/\/agendaculturalriodejaneiro.com\/en\/events\/centenario-da-atriz-berta-loran-e-celebrado-na-peca-inedita-berta-minha-vida-por-um-palco\/\" target=\"_self\" rel=\"noopener\">Ver Detalhes<\/a>            <\/div>\r\n        <\/article><\/div>        <div class=\"col-md-4 col-sm-4\"><article class=\" mec-event-article mec-clear  \">                                <div class=\"mec-event-image\"><a data-event-id=\"53055\" href=\"https:\/\/agendaculturalriodejaneiro.com\/en\/events\/boate-301\/\" target=\"_self\" rel=\"noopener\"><img loading=\"lazy\" decoding=\"async\" width=\"240\" height=\"300\" src=\"https:\/\/agendaculturalriodejaneiro.com\/wp-content\/uploads\/2026\/08\/Flyer_Boate_301_ate_5000KB-240x300.jpg\" class=\"attachment-medium size-medium wp-post-image\" alt=\"\" data-mec-postid=\"53055\" \/><\/a><\/div>\r\n                        <div class=\"mec-event-content\">\r\n                                    <div class=\"mec-event-date mec-bg-color\">\r\n                        <span class=\"mec-start-date-label\">04 September 2026<\/span>                                                                    <\/div>\r\n                                                                <h4 class=\"mec-event-title\"><a class=\"mec-color-hover\" data-event-id=\"53055\" href=\"https:\/\/agendaculturalriodejaneiro.com\/en\/events\/boate-301\/\" target=\"_self\" rel=\"noopener\">BOATE 301<\/a><\/h4>\r\n                                <p class=\"mec-grid-event-location\">Mans\u00e3o L&amp;D, Rio de Janeiro - Rua Andr\u00e9 Cavalcanti, 58 - Centro, Rio de Janeiro - RJ, 20231-050, Brasil<\/p>\r\n                                                                            <\/div>\r\n            <div class=\"mec-event-footer\">\r\n                                <ul class=\"mec-event-sharing-wrap\">\r\n                    <li class=\"mec-event-share\">\r\n                        <a href=\"#\" class=\"mec-event-share-icon\">\r\n                            <i class=\"mec-sl-share\" title=\"Share\"><\/i>\r\n                        <\/a>\r\n                    <\/li>\r\n                    <li>\r\n                        <ul class=\"mec-event-sharing\">\r\n                            <li class=\"mec-event-social-icon\"><a class=\"facebook\" href=\"https:\/\/www.facebook.com\/sharer\/sharer.php?u=https%3A%2F%2Fagendaculturalriodejaneiro.com%2Fen%2Fevents%2Fboate-301%2F\" onclick=\"javascript:window.open(this.href, &apos;&apos;, &apos;menubar=no,toolbar=no,resizable=yes,scrollbars=yes,height=500,width=600&apos;); return false;\" target=\"_blank\" title=\"Share on Facebook\"><i class=\"mec-fa-facebook\"><\/i><span class=\"mec-social-title\">Facebook<\/span><\/a><\/li><li class=\"mec-event-social-icon\"><a class=\"twitter\" href=\"https:\/\/x.com\/intent\/tweet?url=https%3A%2F%2Fagendaculturalriodejaneiro.com%2Fen%2Fevents%2Fboate-301%2F\" onclick=\"javascript:window.open(this.href, &apos;&apos;, &apos;menubar=no,toolbar=no,resizable=yes,scrollbars=yes,height=600,width=500&apos;); return false;\" target=\"_blank\" title=\"X Social Network\"><svg xmlns=\"http:\/\/www.w3.org\/2000\/svg\" viewbox=\"0 0 512 462.799\"><path d=\"M403.229 0h78.506L310.219 196.04 512 462.799H354.002L230.261 301.007 88.669 462.799h-78.56l183.455-209.683L0 0h161.999l111.856 147.88L403.229 0zm-27.556 415.805h43.505L138.363 44.527h-46.68l283.99 371.278z\" \/><\/svg><span class=\"mec-social-title\">Twitter<\/span><\/a><\/li><li class=\"mec-event-social-icon\"><a class=\"linkedin\" href=\"https:\/\/www.linkedin.com\/shareArticle?mini=true&amp;url=https%3A%2F%2Fagendaculturalriodejaneiro.com%2Fen%2Fevents%2Fboate-301%2F\" onclick=\"javascript:window.open(this.href, &apos;&apos;, &apos;menubar=no,toolbar=no,resizable=yes,scrollbars=yes,height=600,width=500&apos;); return false;\" target=\"_blank\" title=\"Linkedin\"><i class=\"mec-fa-linkedin\"><\/i><span class=\"mec-social-title\">Linkedin<\/span><\/a><\/li><li class=\"mec-event-social-icon\"><a class=\"email\" href=\"mailto:?subject=BOATE%20301&amp;body=https%3A%2F%2Fagendaculturalriodejaneiro.com%2Fen%2Fevents%2Fboate-301%2F\" title=\"Email\"><i class=\"mec-fa-envelope\"><\/i><span class=\"mec-social-title\">Email<\/span><\/a><\/li>                        <\/ul>\r\n                    <\/li>\r\n                <\/ul>\r\n                                                <a class=\"mec-booking-button\" data-event-id=\"53055\" href=\"https:\/\/agendaculturalriodejaneiro.com\/en\/events\/boate-301\/\" target=\"_self\" rel=\"noopener\">Ver Detalhes<\/a>            <\/div>\r\n        <\/article><\/div>                <div class=\"col-md-4 col-sm-4\"><article class=\" mec-event-article mec-clear  \">                                <div class=\"mec-event-image\"><a data-event-id=\"52693\" href=\"https:\/\/agendaculturalriodejaneiro.com\/en\/events\/espetaculo-que-homenageia-noel-rosa-retorna-aos-palcos-do-rio-de-janeiro\/\" target=\"_self\" rel=\"noopener\"><img loading=\"lazy\" decoding=\"async\" width=\"240\" height=\"300\" src=\"https:\/\/agendaculturalriodejaneiro.com\/wp-content\/uploads\/2026\/08\/eee337d1-2390-4502-97ca-ec94783b71f5-240x300.jpeg\" class=\"attachment-medium size-medium wp-post-image\" alt=\"\" data-mec-postid=\"52693\" \/><\/a><\/div>\r\n                        <div class=\"mec-event-content\">\r\n                                    <div class=\"mec-event-date mec-bg-color\">\r\n                        <span class=\"mec-start-date-label\">05 September 2026<\/span>                                                                    <\/div>\r\n                                                                <h4 class=\"mec-event-title\"><a class=\"mec-color-hover\" data-event-id=\"52693\" href=\"https:\/\/agendaculturalriodejaneiro.com\/en\/events\/espetaculo-que-homenageia-noel-rosa-retorna-aos-palcos-do-rio-de-janeiro\/\" target=\"_self\" rel=\"noopener\">Espet\u00e1culo que homenageia Noel Rosa retorna aos palcos do Rio de Janeiro<\/a><\/h4>\r\n                                <p class=\"mec-grid-event-location\">Teatro Brigitte Blair, R. Miguel Lemos, 51 - h - Copacabana, Rio de Janeiro - RJ, 22071-000, Brasil<\/p>\r\n                                                                            <\/div>\r\n            <div class=\"mec-event-footer\">\r\n                                <ul class=\"mec-event-sharing-wrap\">\r\n                    <li class=\"mec-event-share\">\r\n                        <a href=\"#\" class=\"mec-event-share-icon\">\r\n                            <i class=\"mec-sl-share\" title=\"Share\"><\/i>\r\n                        <\/a>\r\n                    <\/li>\r\n                    <li>\r\n                        <ul class=\"mec-event-sharing\">\r\n                            <li class=\"mec-event-social-icon\"><a class=\"facebook\" href=\"https:\/\/www.facebook.com\/sharer\/sharer.php?u=https%3A%2F%2Fagendaculturalriodejaneiro.com%2Fen%2Fevents%2Fespetaculo-que-homenageia-noel-rosa-retorna-aos-palcos-do-rio-de-janeiro%2F\" onclick=\"javascript:window.open(this.href, &apos;&apos;, &apos;menubar=no,toolbar=no,resizable=yes,scrollbars=yes,height=500,width=600&apos;); return false;\" target=\"_blank\" title=\"Share on Facebook\"><i class=\"mec-fa-facebook\"><\/i><span class=\"mec-social-title\">Facebook<\/span><\/a><\/li><li class=\"mec-event-social-icon\"><a class=\"twitter\" href=\"https:\/\/x.com\/intent\/tweet?url=https%3A%2F%2Fagendaculturalriodejaneiro.com%2Fen%2Fevents%2Fespetaculo-que-homenageia-noel-rosa-retorna-aos-palcos-do-rio-de-janeiro%2F\" onclick=\"javascript:window.open(this.href, &apos;&apos;, &apos;menubar=no,toolbar=no,resizable=yes,scrollbars=yes,height=600,width=500&apos;); return false;\" target=\"_blank\" title=\"X Social Network\"><svg xmlns=\"http:\/\/www.w3.org\/2000\/svg\" viewbox=\"0 0 512 462.799\"><path d=\"M403.229 0h78.506L310.219 196.04 512 462.799H354.002L230.261 301.007 88.669 462.799h-78.56l183.455-209.683L0 0h161.999l111.856 147.88L403.229 0zm-27.556 415.805h43.505L138.363 44.527h-46.68l283.99 371.278z\" \/><\/svg><span class=\"mec-social-title\">Twitter<\/span><\/a><\/li><li class=\"mec-event-social-icon\"><a class=\"linkedin\" href=\"https:\/\/www.linkedin.com\/shareArticle?mini=true&amp;url=https%3A%2F%2Fagendaculturalriodejaneiro.com%2Fen%2Fevents%2Fespetaculo-que-homenageia-noel-rosa-retorna-aos-palcos-do-rio-de-janeiro%2F\" onclick=\"javascript:window.open(this.href, &apos;&apos;, &apos;menubar=no,toolbar=no,resizable=yes,scrollbars=yes,height=600,width=500&apos;); return false;\" target=\"_blank\" title=\"Linkedin\"><i class=\"mec-fa-linkedin\"><\/i><span class=\"mec-social-title\">Linkedin<\/span><\/a><\/li><li class=\"mec-event-social-icon\"><a class=\"email\" href=\"mailto:?subject=Espet%C3%A1culo%20que%20homenageia%20Noel%20Rosa%20retorna%20aos%20palcos%20do%20Rio%20de%20Janeiro&amp;body=https%3A%2F%2Fagendaculturalriodejaneiro.com%2Fen%2Fevents%2Fespetaculo-que-homenageia-noel-rosa-retorna-aos-palcos-do-rio-de-janeiro%2F\" title=\"Email\"><i class=\"mec-fa-envelope\"><\/i><span class=\"mec-social-title\">Email<\/span><\/a><\/li>                        <\/ul>\r\n                    <\/li>\r\n                <\/ul>\r\n                                                <a class=\"mec-booking-button\" data-event-id=\"52693\" href=\"https:\/\/agendaculturalriodejaneiro.com\/en\/events\/espetaculo-que-homenageia-noel-rosa-retorna-aos-palcos-do-rio-de-janeiro\/\" target=\"_self\" rel=\"noopener\">Ver Detalhes<\/a>            <\/div>\r\n        <\/article><\/div><\/div>                <div class=\"row\"><div class=\"col-md-4 col-sm-4\"><article class=\" mec-event-article mec-clear  \">                                <div class=\"mec-event-image\"><a data-event-id=\"53061\" href=\"https:\/\/agendaculturalriodejaneiro.com\/en\/events\/revolucao-na-america-do-sul-classico-de-augusto-boal-estreia-em-8-de-setembro-no-teatro-poeirinha\/\" target=\"_self\" rel=\"noopener\"><img loading=\"lazy\" decoding=\"async\" width=\"300\" height=\"300\" src=\"https:\/\/agendaculturalriodejaneiro.com\/wp-content\/uploads\/2026\/08\/Arte-300x300.jpg\" class=\"attachment-medium size-medium wp-post-image\" alt=\"\" data-mec-postid=\"53061\" \/><\/a><\/div>\r\n                        <div class=\"mec-event-content\">\r\n                                    <div class=\"mec-event-date mec-bg-color\">\r\n                        <span class=\"mec-start-date-label\">08 September 2026<\/span><span class=\"mec-end-date-label\" itemprop=\"endDate\"> - 21 October 2026<\/span>                                                                    <\/div>\r\n                                                                <h4 class=\"mec-event-title\"><a class=\"mec-color-hover\" data-event-id=\"53061\" href=\"https:\/\/agendaculturalriodejaneiro.com\/en\/events\/revolucao-na-america-do-sul-classico-de-augusto-boal-estreia-em-8-de-setembro-no-teatro-poeirinha\/\" target=\"_self\" rel=\"noopener\">\u201cRevolu\u00e7\u00e3o na Am\u00e9rica do Sul\u201d, cl\u00e1ssico de Augusto Boal, estreia em 8 de setembro no Teatro Poeirinha<\/a><\/h4>\r\n                                <p class=\"mec-grid-event-location\">Teatro Poeira, Teatro Poeira - R. S\u00e3o Jo\u00e3o Batista, 104, Rio de Janeiro - Rio de Janeiro<\/p>\r\n                                                                            <\/div>\r\n            <div class=\"mec-event-footer\">\r\n                                <ul class=\"mec-event-sharing-wrap\">\r\n                    <li class=\"mec-event-share\">\r\n                        <a href=\"#\" class=\"mec-event-share-icon\">\r\n                            <i class=\"mec-sl-share\" title=\"Share\"><\/i>\r\n                        <\/a>\r\n                    <\/li>\r\n                    <li>\r\n                        <ul class=\"mec-event-sharing\">\r\n                            <li class=\"mec-event-social-icon\"><a class=\"facebook\" href=\"https:\/\/www.facebook.com\/sharer\/sharer.php?u=https%3A%2F%2Fagendaculturalriodejaneiro.com%2Fen%2Fevents%2Frevolucao-na-america-do-sul-classico-de-augusto-boal-estreia-em-8-de-setembro-no-teatro-poeirinha%2F\" onclick=\"javascript:window.open(this.href, &apos;&apos;, &apos;menubar=no,toolbar=no,resizable=yes,scrollbars=yes,height=500,width=600&apos;); return false;\" target=\"_blank\" title=\"Share on Facebook\"><i class=\"mec-fa-facebook\"><\/i><span class=\"mec-social-title\">Facebook<\/span><\/a><\/li><li class=\"mec-event-social-icon\"><a class=\"twitter\" href=\"https:\/\/x.com\/intent\/tweet?url=https%3A%2F%2Fagendaculturalriodejaneiro.com%2Fen%2Fevents%2Frevolucao-na-america-do-sul-classico-de-augusto-boal-estreia-em-8-de-setembro-no-teatro-poeirinha%2F\" onclick=\"javascript:window.open(this.href, &apos;&apos;, &apos;menubar=no,toolbar=no,resizable=yes,scrollbars=yes,height=600,width=500&apos;); return false;\" target=\"_blank\" title=\"X Social Network\"><svg xmlns=\"http:\/\/www.w3.org\/2000\/svg\" viewbox=\"0 0 512 462.799\"><path d=\"M403.229 0h78.506L310.219 196.04 512 462.799H354.002L230.261 301.007 88.669 462.799h-78.56l183.455-209.683L0 0h161.999l111.856 147.88L403.229 0zm-27.556 415.805h43.505L138.363 44.527h-46.68l283.99 371.278z\" \/><\/svg><span class=\"mec-social-title\">Twitter<\/span><\/a><\/li><li class=\"mec-event-social-icon\"><a class=\"linkedin\" href=\"https:\/\/www.linkedin.com\/shareArticle?mini=true&amp;url=https%3A%2F%2Fagendaculturalriodejaneiro.com%2Fen%2Fevents%2Frevolucao-na-america-do-sul-classico-de-augusto-boal-estreia-em-8-de-setembro-no-teatro-poeirinha%2F\" onclick=\"javascript:window.open(this.href, &apos;&apos;, &apos;menubar=no,toolbar=no,resizable=yes,scrollbars=yes,height=600,width=500&apos;); return false;\" target=\"_blank\" title=\"Linkedin\"><i class=\"mec-fa-linkedin\"><\/i><span class=\"mec-social-title\">Linkedin<\/span><\/a><\/li><li class=\"mec-event-social-icon\"><a class=\"email\" href=\"mailto:?subject=%E2%80%9CRevolu%C3%A7%C3%A3o%20na%20Am%C3%A9rica%20do%20Sul%E2%80%9D%2C%20cl%C3%A1ssico%20de%20Augusto%20Boal%2C%20estreia%20em%208%20de%20setembro%20no%20Teatro%20Poeirinha&amp;body=https%3A%2F%2Fagendaculturalriodejaneiro.com%2Fen%2Fevents%2Frevolucao-na-america-do-sul-classico-de-augusto-boal-estreia-em-8-de-setembro-no-teatro-poeirinha%2F\" title=\"Email\"><i class=\"mec-fa-envelope\"><\/i><span class=\"mec-social-title\">Email<\/span><\/a><\/li>                        <\/ul>\r\n                    <\/li>\r\n                <\/ul>\r\n                                                <a class=\"mec-booking-button\" data-event-id=\"53061\" href=\"https:\/\/agendaculturalriodejaneiro.com\/en\/events\/revolucao-na-america-do-sul-classico-de-augusto-boal-estreia-em-8-de-setembro-no-teatro-poeirinha\/\" target=\"_self\" rel=\"noopener\">Ver Detalhes<\/a>            <\/div>\r\n        <\/article><\/div>                <div class=\"col-md-4 col-sm-4\"><article class=\" mec-event-article mec-clear  \">                                <div class=\"mec-event-image\"><a data-event-id=\"52777\" href=\"https:\/\/agendaculturalriodejaneiro.com\/en\/events\/the-jury-experience-o-golpe-de-20-milhoes\/\" target=\"_self\" rel=\"noopener\"><img loading=\"lazy\" decoding=\"async\" width=\"300\" height=\"300\" src=\"https:\/\/agendaculturalriodejaneiro.com\/wp-content\/uploads\/2026\/08\/8a1c2652-127c-11f1-92b2-b2434481c692-300x300.jpg\" class=\"attachment-medium size-medium wp-post-image\" alt=\"\" data-mec-postid=\"52777\" \/><\/a><\/div>\r\n                        <div class=\"mec-event-content\">\r\n                                    <div class=\"mec-event-date mec-bg-color\">\r\n                        <span class=\"mec-start-date-label\">11 September 2026<\/span><span class=\"mec-end-date-label\" itemprop=\"endDate\"> - 13 November 2026<\/span>                                                                    <\/div>\r\n                                                                <h4 class=\"mec-event-title\"><a class=\"mec-color-hover\" data-event-id=\"52777\" href=\"https:\/\/agendaculturalriodejaneiro.com\/en\/events\/the-jury-experience-o-golpe-de-20-milhoes\/\" target=\"_self\" rel=\"noopener\">The Jury Experience &#8211; O Golpe de 20 Milh\u00f5es<\/a><\/h4>\r\n                                <p class=\"mec-grid-event-location\">Teatro dos 4, Rua Marqu\u00eas de S\u00e3o Vicente , 52 - Loja 265, Rio de Janeiro - Rio de Janeiro<\/p>\r\n                                                                            <\/div>\r\n            <div class=\"mec-event-footer\">\r\n                                <ul class=\"mec-event-sharing-wrap\">\r\n                    <li class=\"mec-event-share\">\r\n                        <a href=\"#\" class=\"mec-event-share-icon\">\r\n                            <i class=\"mec-sl-share\" title=\"Share\"><\/i>\r\n                        <\/a>\r\n                    <\/li>\r\n                    <li>\r\n                        <ul class=\"mec-event-sharing\">\r\n                            <li class=\"mec-event-social-icon\"><a class=\"facebook\" href=\"https:\/\/www.facebook.com\/sharer\/sharer.php?u=https%3A%2F%2Fagendaculturalriodejaneiro.com%2Fen%2Fevents%2Fthe-jury-experience-o-golpe-de-20-milhoes%2F\" onclick=\"javascript:window.open(this.href, &apos;&apos;, &apos;menubar=no,toolbar=no,resizable=yes,scrollbars=yes,height=500,width=600&apos;); return false;\" target=\"_blank\" title=\"Share on Facebook\"><i class=\"mec-fa-facebook\"><\/i><span class=\"mec-social-title\">Facebook<\/span><\/a><\/li><li class=\"mec-event-social-icon\"><a class=\"twitter\" href=\"https:\/\/x.com\/intent\/tweet?url=https%3A%2F%2Fagendaculturalriodejaneiro.com%2Fen%2Fevents%2Fthe-jury-experience-o-golpe-de-20-milhoes%2F\" onclick=\"javascript:window.open(this.href, &apos;&apos;, &apos;menubar=no,toolbar=no,resizable=yes,scrollbars=yes,height=600,width=500&apos;); return false;\" target=\"_blank\" title=\"X Social Network\"><svg xmlns=\"http:\/\/www.w3.org\/2000\/svg\" viewbox=\"0 0 512 462.799\"><path d=\"M403.229 0h78.506L310.219 196.04 512 462.799H354.002L230.261 301.007 88.669 462.799h-78.56l183.455-209.683L0 0h161.999l111.856 147.88L403.229 0zm-27.556 415.805h43.505L138.363 44.527h-46.68l283.99 371.278z\" \/><\/svg><span class=\"mec-social-title\">Twitter<\/span><\/a><\/li><li class=\"mec-event-social-icon\"><a class=\"linkedin\" href=\"https:\/\/www.linkedin.com\/shareArticle?mini=true&amp;url=https%3A%2F%2Fagendaculturalriodejaneiro.com%2Fen%2Fevents%2Fthe-jury-experience-o-golpe-de-20-milhoes%2F\" onclick=\"javascript:window.open(this.href, &apos;&apos;, &apos;menubar=no,toolbar=no,resizable=yes,scrollbars=yes,height=600,width=500&apos;); return false;\" target=\"_blank\" title=\"Linkedin\"><i class=\"mec-fa-linkedin\"><\/i><span class=\"mec-social-title\">Linkedin<\/span><\/a><\/li><li class=\"mec-event-social-icon\"><a class=\"email\" href=\"mailto:?subject=The%20Jury%20Experience%20-%20O%20Golpe%20de%2020%20Milh%C3%B5es&amp;body=https%3A%2F%2Fagendaculturalriodejaneiro.com%2Fen%2Fevents%2Fthe-jury-experience-o-golpe-de-20-milhoes%2F\" title=\"Email\"><i class=\"mec-fa-envelope\"><\/i><span class=\"mec-social-title\">Email<\/span><\/a><\/li>                        <\/ul>\r\n                    <\/li>\r\n                <\/ul>\r\n                                                <a class=\"mec-booking-button\" data-event-id=\"52777\" href=\"https:\/\/agendaculturalriodejaneiro.com\/en\/events\/the-jury-experience-o-golpe-de-20-milhoes\/\" target=\"_self\" rel=\"noopener\">Ver Detalhes<\/a>            <\/div>\r\n        <\/article><\/div>                <div class=\"col-md-4 col-sm-4\"><article class=\" mec-event-article mec-clear  \">                                <div class=\"mec-event-image\"><a data-event-id=\"49952\" href=\"https:\/\/agendaculturalriodejaneiro.com\/en\/events\/top-10-da-galinha-pintadinha-em-setembro-no-teatro-miguel-falabella\/\" target=\"_self\" rel=\"noopener\"><img loading=\"lazy\" decoding=\"async\" width=\"300\" height=\"169\" src=\"https:\/\/agendaculturalriodejaneiro.com\/wp-content\/uploads\/2026\/05\/TOP-10-DA-GALINHA-PINTADINHA-Em-Setembro-no-TEATRO-MIGUEL-FALABELLA-1-300x169.jpg\" class=\"attachment-medium size-medium wp-post-image\" alt=\"\u201cTOP 10 DA GALINHA PINTADINHA\u201d Em Setembro no TEATRO MIGUEL FALABELLA\" data-mec-postid=\"49952\" \/><\/a><\/div>\r\n                        <div class=\"mec-event-content\">\r\n                                    <div class=\"mec-event-date mec-bg-color\">\r\n                        <span class=\"mec-start-date-label\">12 September 2026<\/span>                                                                    <\/div>\r\n                                                                <h4 class=\"mec-event-title\"><a class=\"mec-color-hover\" data-event-id=\"49952\" href=\"https:\/\/agendaculturalriodejaneiro.com\/en\/events\/top-10-da-galinha-pintadinha-em-setembro-no-teatro-miguel-falabella\/\" target=\"_self\" rel=\"noopener\">\u201cTOP 10 DA GALINHA PINTADINHA\u201d Em Setembro no TEATRO MIGUEL FALABELLA<\/a><\/h4>\r\n                                <p class=\"mec-grid-event-location\">Teatro Miguel Falabella, Norte Shopping - Av. Dom H\u00e9lder C\u00e2mara, 5474, Rio de Janeiro - Rio de Janeiro<\/p>\r\n                                                                            <\/div>\r\n            <div class=\"mec-event-footer\">\r\n                                <ul class=\"mec-event-sharing-wrap\">\r\n                    <li class=\"mec-event-share\">\r\n                        <a href=\"#\" class=\"mec-event-share-icon\">\r\n                            <i class=\"mec-sl-share\" title=\"Share\"><\/i>\r\n                        <\/a>\r\n                    <\/li>\r\n                    <li>\r\n                        <ul class=\"mec-event-sharing\">\r\n                            <li class=\"mec-event-social-icon\"><a class=\"facebook\" href=\"https:\/\/www.facebook.com\/sharer\/sharer.php?u=https%3A%2F%2Fagendaculturalriodejaneiro.com%2Fen%2Fevents%2Ftop-10-da-galinha-pintadinha-em-setembro-no-teatro-miguel-falabella%2F\" onclick=\"javascript:window.open(this.href, &apos;&apos;, &apos;menubar=no,toolbar=no,resizable=yes,scrollbars=yes,height=500,width=600&apos;); return false;\" target=\"_blank\" title=\"Share on Facebook\"><i class=\"mec-fa-facebook\"><\/i><span class=\"mec-social-title\">Facebook<\/span><\/a><\/li><li class=\"mec-event-social-icon\"><a class=\"twitter\" href=\"https:\/\/x.com\/intent\/tweet?url=https%3A%2F%2Fagendaculturalriodejaneiro.com%2Fen%2Fevents%2Ftop-10-da-galinha-pintadinha-em-setembro-no-teatro-miguel-falabella%2F\" onclick=\"javascript:window.open(this.href, &apos;&apos;, &apos;menubar=no,toolbar=no,resizable=yes,scrollbars=yes,height=600,width=500&apos;); return false;\" target=\"_blank\" title=\"X Social Network\"><svg xmlns=\"http:\/\/www.w3.org\/2000\/svg\" viewbox=\"0 0 512 462.799\"><path d=\"M403.229 0h78.506L310.219 196.04 512 462.799H354.002L230.261 301.007 88.669 462.799h-78.56l183.455-209.683L0 0h161.999l111.856 147.88L403.229 0zm-27.556 415.805h43.505L138.363 44.527h-46.68l283.99 371.278z\" \/><\/svg><span class=\"mec-social-title\">Twitter<\/span><\/a><\/li><li class=\"mec-event-social-icon\"><a class=\"linkedin\" href=\"https:\/\/www.linkedin.com\/shareArticle?mini=true&amp;url=https%3A%2F%2Fagendaculturalriodejaneiro.com%2Fen%2Fevents%2Ftop-10-da-galinha-pintadinha-em-setembro-no-teatro-miguel-falabella%2F\" onclick=\"javascript:window.open(this.href, &apos;&apos;, &apos;menubar=no,toolbar=no,resizable=yes,scrollbars=yes,height=600,width=500&apos;); return false;\" target=\"_blank\" title=\"Linkedin\"><i class=\"mec-fa-linkedin\"><\/i><span class=\"mec-social-title\">Linkedin<\/span><\/a><\/li><li class=\"mec-event-social-icon\"><a class=\"email\" href=\"mailto:?subject=%E2%80%9CTOP%2010%20DA%20GALINHA%20PINTADINHA%E2%80%9D%20Em%20Setembro%20no%20TEATRO%20MIGUEL%20FALABELLA&amp;body=https%3A%2F%2Fagendaculturalriodejaneiro.com%2Fen%2Fevents%2Ftop-10-da-galinha-pintadinha-em-setembro-no-teatro-miguel-falabella%2F\" title=\"Email\"><i class=\"mec-fa-envelope\"><\/i><span class=\"mec-social-title\">Email<\/span><\/a><\/li>                        <\/ul>\r\n                    <\/li>\r\n                <\/ul>\r\n                                                <a class=\"mec-booking-button\" data-event-id=\"49952\" href=\"https:\/\/agendaculturalriodejaneiro.com\/en\/events\/top-10-da-galinha-pintadinha-em-setembro-no-teatro-miguel-falabella\/\" target=\"_self\" rel=\"noopener\">Ver Detalhes<\/a>            <\/div>\r\n        <\/article><\/div><\/div>        <div class=\"row\"><div class=\"col-md-4 col-sm-4\"><article class=\" mec-event-article mec-clear  \">                                <div class=\"mec-event-image\"><a data-event-id=\"50957\" href=\"https:\/\/agendaculturalriodejaneiro.com\/en\/events\/ballet-of-lights-reinventa-a-bela-adormecida-com-figurinos-luminosos-no-fashion-mall\/\" target=\"_self\" rel=\"noopener\"><img loading=\"lazy\" decoding=\"async\" width=\"300\" height=\"217\" src=\"https:\/\/agendaculturalriodejaneiro.com\/wp-content\/uploads\/2026\/06\/a59ba4c6-06b4-11f1-b8a1-6ef6b6b3db9a-300x217.jpg\" class=\"attachment-medium size-medium wp-post-image\" alt=\"\" data-mec-postid=\"50957\" \/><\/a><\/div>\r\n                        <div class=\"mec-event-content\">\r\n                                    <div class=\"mec-event-date mec-bg-color\">\r\n                        <span class=\"mec-start-date-label\">12 September 2026<\/span>                                                                    <\/div>\r\n                                                                <h4 class=\"mec-event-title\"><a class=\"mec-color-hover\" data-event-id=\"50957\" href=\"https:\/\/agendaculturalriodejaneiro.com\/en\/events\/ballet-of-lights-reinventa-a-bela-adormecida-com-figurinos-luminosos-no-fashion-mall\/\" target=\"_self\" rel=\"noopener\">Ballet of Lights reinventa A Bela Adormecida com figurinos luminosos no Fashion Mall<\/a><\/h4>\r\n                                <p class=\"mec-grid-event-location\">Teatro Fashion Mall, Estr. da G\u00e1vea, 899 - S\u00e3o Conrado, Rio de Janeiro - RJ, 22610-001, Brasil<\/p>\r\n                                                                            <\/div>\r\n            <div class=\"mec-event-footer\">\r\n                                <ul class=\"mec-event-sharing-wrap\">\r\n                    <li class=\"mec-event-share\">\r\n                        <a href=\"#\" class=\"mec-event-share-icon\">\r\n                            <i class=\"mec-sl-share\" title=\"Share\"><\/i>\r\n                        <\/a>\r\n                    <\/li>\r\n                    <li>\r\n                        <ul class=\"mec-event-sharing\">\r\n                            <li class=\"mec-event-social-icon\"><a class=\"facebook\" href=\"https:\/\/www.facebook.com\/sharer\/sharer.php?u=https%3A%2F%2Fagendaculturalriodejaneiro.com%2Fen%2Fevents%2Fballet-of-lights-reinventa-a-bela-adormecida-com-figurinos-luminosos-no-fashion-mall%2F\" onclick=\"javascript:window.open(this.href, &apos;&apos;, &apos;menubar=no,toolbar=no,resizable=yes,scrollbars=yes,height=500,width=600&apos;); return false;\" target=\"_blank\" title=\"Share on Facebook\"><i class=\"mec-fa-facebook\"><\/i><span class=\"mec-social-title\">Facebook<\/span><\/a><\/li><li class=\"mec-event-social-icon\"><a class=\"twitter\" href=\"https:\/\/x.com\/intent\/tweet?url=https%3A%2F%2Fagendaculturalriodejaneiro.com%2Fen%2Fevents%2Fballet-of-lights-reinventa-a-bela-adormecida-com-figurinos-luminosos-no-fashion-mall%2F\" onclick=\"javascript:window.open(this.href, &apos;&apos;, &apos;menubar=no,toolbar=no,resizable=yes,scrollbars=yes,height=600,width=500&apos;); return false;\" target=\"_blank\" title=\"X Social Network\"><svg xmlns=\"http:\/\/www.w3.org\/2000\/svg\" viewbox=\"0 0 512 462.799\"><path d=\"M403.229 0h78.506L310.219 196.04 512 462.799H354.002L230.261 301.007 88.669 462.799h-78.56l183.455-209.683L0 0h161.999l111.856 147.88L403.229 0zm-27.556 415.805h43.505L138.363 44.527h-46.68l283.99 371.278z\" \/><\/svg><span class=\"mec-social-title\">Twitter<\/span><\/a><\/li><li class=\"mec-event-social-icon\"><a class=\"linkedin\" href=\"https:\/\/www.linkedin.com\/shareArticle?mini=true&amp;url=https%3A%2F%2Fagendaculturalriodejaneiro.com%2Fen%2Fevents%2Fballet-of-lights-reinventa-a-bela-adormecida-com-figurinos-luminosos-no-fashion-mall%2F\" onclick=\"javascript:window.open(this.href, &apos;&apos;, &apos;menubar=no,toolbar=no,resizable=yes,scrollbars=yes,height=600,width=500&apos;); return false;\" target=\"_blank\" title=\"Linkedin\"><i class=\"mec-fa-linkedin\"><\/i><span class=\"mec-social-title\">Linkedin<\/span><\/a><\/li><li class=\"mec-event-social-icon\"><a class=\"email\" href=\"mailto:?subject=Ballet%20of%20Lights%20reinventa%20A%20Bela%20Adormecida%20com%20figurinos%20luminosos%20no%20Fashion%20Mall&amp;body=https%3A%2F%2Fagendaculturalriodejaneiro.com%2Fen%2Fevents%2Fballet-of-lights-reinventa-a-bela-adormecida-com-figurinos-luminosos-no-fashion-mall%2F\" title=\"Email\"><i class=\"mec-fa-envelope\"><\/i><span class=\"mec-social-title\">Email<\/span><\/a><\/li>                        <\/ul>\r\n                    <\/li>\r\n                <\/ul>\r\n                                                <a class=\"mec-booking-button\" data-event-id=\"50957\" href=\"https:\/\/agendaculturalriodejaneiro.com\/en\/events\/ballet-of-lights-reinventa-a-bela-adormecida-com-figurinos-luminosos-no-fashion-mall\/\" target=\"_self\" rel=\"noopener\">Ver Detalhes<\/a>            <\/div>\r\n        <\/article><\/div>                <div class=\"col-md-4 col-sm-4\"><article class=\" mec-event-article mec-clear  \">                                <div class=\"mec-event-image\"><a data-event-id=\"50955\" href=\"https:\/\/agendaculturalriodejaneiro.com\/en\/events\/the-jury-experience-coloca-o-publico-no-centro-de-um-julgamento-sobre-inteligencia-artificial\/\" target=\"_self\" rel=\"noopener\"><img loading=\"lazy\" decoding=\"async\" width=\"300\" height=\"217\" src=\"https:\/\/agendaculturalriodejaneiro.com\/wp-content\/uploads\/2026\/06\/f9ecd48a-26d7-11f1-b81d-fa31ec36ed6c-300x217.jpg\" class=\"attachment-medium size-medium wp-post-image\" alt=\"\" data-mec-postid=\"50955\" \/><\/a><\/div>\r\n                        <div class=\"mec-event-content\">\r\n                                    <div class=\"mec-event-date mec-bg-color\">\r\n                        <span class=\"mec-start-date-label\">03 October 2026<\/span>                                                                    <\/div>\r\n                                                                <h4 class=\"mec-event-title\"><a class=\"mec-color-hover\" data-event-id=\"50955\" href=\"https:\/\/agendaculturalriodejaneiro.com\/en\/events\/the-jury-experience-coloca-o-publico-no-centro-de-um-julgamento-sobre-inteligencia-artificial\/\" target=\"_self\" rel=\"noopener\">The Jury Experience coloca o p\u00fablico no centro de um julgamento sobre intelig\u00eancia artificial<\/a><\/h4>\r\n                                <p class=\"mec-grid-event-location\">Teatro Fashion Mall, Estr. da G\u00e1vea, 899 - S\u00e3o Conrado, Rio de Janeiro - RJ, 22610-001, Brasil<\/p>\r\n                                                                            <\/div>\r\n            <div class=\"mec-event-footer\">\r\n                                <ul class=\"mec-event-sharing-wrap\">\r\n                    <li class=\"mec-event-share\">\r\n                        <a href=\"#\" class=\"mec-event-share-icon\">\r\n                            <i class=\"mec-sl-share\" title=\"Share\"><\/i>\r\n                        <\/a>\r\n                    <\/li>\r\n                    <li>\r\n                        <ul class=\"mec-event-sharing\">\r\n                            <li class=\"mec-event-social-icon\"><a class=\"facebook\" href=\"https:\/\/www.facebook.com\/sharer\/sharer.php?u=https%3A%2F%2Fagendaculturalriodejaneiro.com%2Fen%2Fevents%2Fthe-jury-experience-coloca-o-publico-no-centro-de-um-julgamento-sobre-inteligencia-artificial%2F\" onclick=\"javascript:window.open(this.href, &apos;&apos;, &apos;menubar=no,toolbar=no,resizable=yes,scrollbars=yes,height=500,width=600&apos;); return false;\" target=\"_blank\" title=\"Share on Facebook\"><i class=\"mec-fa-facebook\"><\/i><span class=\"mec-social-title\">Facebook<\/span><\/a><\/li><li class=\"mec-event-social-icon\"><a class=\"twitter\" href=\"https:\/\/x.com\/intent\/tweet?url=https%3A%2F%2Fagendaculturalriodejaneiro.com%2Fen%2Fevents%2Fthe-jury-experience-coloca-o-publico-no-centro-de-um-julgamento-sobre-inteligencia-artificial%2F\" onclick=\"javascript:window.open(this.href, &apos;&apos;, &apos;menubar=no,toolbar=no,resizable=yes,scrollbars=yes,height=600,width=500&apos;); return false;\" target=\"_blank\" title=\"X Social Network\"><svg xmlns=\"http:\/\/www.w3.org\/2000\/svg\" viewbox=\"0 0 512 462.799\"><path d=\"M403.229 0h78.506L310.219 196.04 512 462.799H354.002L230.261 301.007 88.669 462.799h-78.56l183.455-209.683L0 0h161.999l111.856 147.88L403.229 0zm-27.556 415.805h43.505L138.363 44.527h-46.68l283.99 371.278z\" \/><\/svg><span class=\"mec-social-title\">Twitter<\/span><\/a><\/li><li class=\"mec-event-social-icon\"><a class=\"linkedin\" href=\"https:\/\/www.linkedin.com\/shareArticle?mini=true&amp;url=https%3A%2F%2Fagendaculturalriodejaneiro.com%2Fen%2Fevents%2Fthe-jury-experience-coloca-o-publico-no-centro-de-um-julgamento-sobre-inteligencia-artificial%2F\" onclick=\"javascript:window.open(this.href, &apos;&apos;, &apos;menubar=no,toolbar=no,resizable=yes,scrollbars=yes,height=600,width=500&apos;); return false;\" target=\"_blank\" title=\"Linkedin\"><i class=\"mec-fa-linkedin\"><\/i><span class=\"mec-social-title\">Linkedin<\/span><\/a><\/li><li class=\"mec-event-social-icon\"><a class=\"email\" href=\"mailto:?subject=The%20Jury%20Experience%20coloca%20o%20p%C3%BAblico%20no%20centro%20de%20um%20julgamento%20sobre%20intelig%C3%AAncia%20artificial&amp;body=https%3A%2F%2Fagendaculturalriodejaneiro.com%2Fen%2Fevents%2Fthe-jury-experience-coloca-o-publico-no-centro-de-um-julgamento-sobre-inteligencia-artificial%2F\" title=\"Email\"><i class=\"mec-fa-envelope\"><\/i><span class=\"mec-social-title\">Email<\/span><\/a><\/li>                        <\/ul>\r\n                    <\/li>\r\n                <\/ul>\r\n                                                <a class=\"mec-booking-button\" data-event-id=\"50955\" href=\"https:\/\/agendaculturalriodejaneiro.com\/en\/events\/the-jury-experience-coloca-o-publico-no-centro-de-um-julgamento-sobre-inteligencia-artificial\/\" target=\"_self\" rel=\"noopener\">Ver Detalhes<\/a>            <\/div>\r\n        <\/article><\/div>                <div class=\"col-md-4 col-sm-4\"><article class=\" mec-event-article mec-clear  \">                                <div class=\"mec-event-image\"><a data-event-id=\"52901\" href=\"https:\/\/agendaculturalriodejaneiro.com\/en\/events\/enaldinho-apresenta-a-origem-de-happy-angry-no-qualistage\/\" target=\"_self\" rel=\"noopener\"><img loading=\"lazy\" decoding=\"async\" width=\"300\" height=\"113\" src=\"https:\/\/agendaculturalriodejaneiro.com\/wp-content\/uploads\/2026\/08\/a660c0f4-e358-40cf-a624-f72dc0ecb33c-1920x720-2-300x113.png\" class=\"attachment-medium size-medium wp-post-image\" alt=\"\" data-mec-postid=\"52901\" \/><\/a><\/div>\r\n                        <div class=\"mec-event-content\">\r\n                                    <div class=\"mec-event-date mec-bg-color\">\r\n                        <span class=\"mec-start-date-label\">12 October 2026<\/span>                                                                    <\/div>\r\n                                                                <h4 class=\"mec-event-title\"><a class=\"mec-color-hover\" data-event-id=\"52901\" href=\"https:\/\/agendaculturalriodejaneiro.com\/en\/events\/enaldinho-apresenta-a-origem-de-happy-angry-no-qualistage\/\" target=\"_self\" rel=\"noopener\">Enaldinho apresenta A Origem de Happy\/Angry no Qualistage<\/a><\/h4>\r\n                                <p class=\"mec-grid-event-location\">Qualistage, Av. Ayrton Senna, 3000, 22775-003 Rio de Janeiro<\/p>\r\n                                                                            <\/div>\r\n            <div class=\"mec-event-footer\">\r\n                                <ul class=\"mec-event-sharing-wrap\">\r\n                    <li class=\"mec-event-share\">\r\n                        <a href=\"#\" class=\"mec-event-share-icon\">\r\n                            <i class=\"mec-sl-share\" title=\"Share\"><\/i>\r\n                        <\/a>\r\n                    <\/li>\r\n                    <li>\r\n                        <ul class=\"mec-event-sharing\">\r\n                            <li class=\"mec-event-social-icon\"><a class=\"facebook\" href=\"https:\/\/www.facebook.com\/sharer\/sharer.php?u=https%3A%2F%2Fagendaculturalriodejaneiro.com%2Fen%2Fevents%2Fenaldinho-apresenta-a-origem-de-happy-angry-no-qualistage%2F\" onclick=\"javascript:window.open(this.href, &apos;&apos;, &apos;menubar=no,toolbar=no,resizable=yes,scrollbars=yes,height=500,width=600&apos;); return false;\" target=\"_blank\" title=\"Share on Facebook\"><i class=\"mec-fa-facebook\"><\/i><span class=\"mec-social-title\">Facebook<\/span><\/a><\/li><li class=\"mec-event-social-icon\"><a class=\"twitter\" href=\"https:\/\/x.com\/intent\/tweet?url=https%3A%2F%2Fagendaculturalriodejaneiro.com%2Fen%2Fevents%2Fenaldinho-apresenta-a-origem-de-happy-angry-no-qualistage%2F\" onclick=\"javascript:window.open(this.href, &apos;&apos;, &apos;menubar=no,toolbar=no,resizable=yes,scrollbars=yes,height=600,width=500&apos;); return false;\" target=\"_blank\" title=\"X Social Network\"><svg xmlns=\"http:\/\/www.w3.org\/2000\/svg\" viewbox=\"0 0 512 462.799\"><path d=\"M403.229 0h78.506L310.219 196.04 512 462.799H354.002L230.261 301.007 88.669 462.799h-78.56l183.455-209.683L0 0h161.999l111.856 147.88L403.229 0zm-27.556 415.805h43.505L138.363 44.527h-46.68l283.99 371.278z\" \/><\/svg><span class=\"mec-social-title\">Twitter<\/span><\/a><\/li><li class=\"mec-event-social-icon\"><a class=\"linkedin\" href=\"https:\/\/www.linkedin.com\/shareArticle?mini=true&amp;url=https%3A%2F%2Fagendaculturalriodejaneiro.com%2Fen%2Fevents%2Fenaldinho-apresenta-a-origem-de-happy-angry-no-qualistage%2F\" onclick=\"javascript:window.open(this.href, &apos;&apos;, &apos;menubar=no,toolbar=no,resizable=yes,scrollbars=yes,height=600,width=500&apos;); return false;\" target=\"_blank\" title=\"Linkedin\"><i class=\"mec-fa-linkedin\"><\/i><span class=\"mec-social-title\">Linkedin<\/span><\/a><\/li><li class=\"mec-event-social-icon\"><a class=\"email\" href=\"mailto:?subject=Enaldinho%20apresenta%20A%20Origem%20de%20Happy%2FAngry%20no%20Qualistage&amp;body=https%3A%2F%2Fagendaculturalriodejaneiro.com%2Fen%2Fevents%2Fenaldinho-apresenta-a-origem-de-happy-angry-no-qualistage%2F\" title=\"Email\"><i class=\"mec-fa-envelope\"><\/i><span class=\"mec-social-title\">Email<\/span><\/a><\/li>                        <\/ul>\r\n                    <\/li>\r\n                <\/ul>\r\n                                                <a class=\"mec-booking-button\" data-event-id=\"52901\" href=\"https:\/\/agendaculturalriodejaneiro.com\/en\/events\/enaldinho-apresenta-a-origem-de-happy-angry-no-qualistage\/\" target=\"_self\" rel=\"noopener\">Ver Detalhes<\/a>            <\/div>\r\n        <\/article><\/div><\/div>                <div class=\"row\"><div class=\"col-md-4 col-sm-4\"><article class=\" mec-event-article mec-clear  \">                                <div class=\"mec-event-image\"><a data-event-id=\"49709\" href=\"https:\/\/agendaculturalriodejaneiro.com\/en\/events\/k-pop-guerreiras-da-voz-no-teatro-clara-nunes-2\/\" target=\"_self\" rel=\"noopener\"><img loading=\"lazy\" decoding=\"async\" width=\"300\" height=\"169\" src=\"https:\/\/agendaculturalriodejaneiro.com\/wp-content\/uploads\/2026\/05\/K-Pop-Guerreiras-da-voz-no-Teatro-Clara-Nunes-300x169.jpg\" class=\"attachment-medium size-medium wp-post-image\" alt=\"K-Pop Guerreiras da voz no Teatro Clara Nunes\" data-mec-postid=\"49709\" \/><\/a><\/div>\r\n                        <div class=\"mec-event-content\">\r\n                                    <div class=\"mec-event-date mec-bg-color\">\r\n                        <span class=\"mec-start-date-label\">24 October 2026<\/span>                                                                    <\/div>\r\n                                                                <h4 class=\"mec-event-title\"><a class=\"mec-color-hover\" data-event-id=\"49709\" href=\"https:\/\/agendaculturalriodejaneiro.com\/en\/events\/k-pop-guerreiras-da-voz-no-teatro-clara-nunes-2\/\" target=\"_self\" rel=\"noopener\">K-Pop Guerreiras da voz no Teatro Clara Nunes<\/a><\/h4>\r\n                                <p class=\"mec-grid-event-location\">Teatro Clara Nunes, Rua Marqu\u00eas de S\u00e3o Vicente - Loja 370, 53, Rio de Janeiro - Rio de Janeiro<\/p>\r\n                                                                            <\/div>\r\n            <div class=\"mec-event-footer\">\r\n                                <ul class=\"mec-event-sharing-wrap\">\r\n                    <li class=\"mec-event-share\">\r\n                        <a href=\"#\" class=\"mec-event-share-icon\">\r\n                            <i class=\"mec-sl-share\" title=\"Share\"><\/i>\r\n                        <\/a>\r\n                    <\/li>\r\n                    <li>\r\n                        <ul class=\"mec-event-sharing\">\r\n                            <li class=\"mec-event-social-icon\"><a class=\"facebook\" href=\"https:\/\/www.facebook.com\/sharer\/sharer.php?u=https%3A%2F%2Fagendaculturalriodejaneiro.com%2Fen%2Fevents%2Fk-pop-guerreiras-da-voz-no-teatro-clara-nunes-2%2F\" onclick=\"javascript:window.open(this.href, &apos;&apos;, &apos;menubar=no,toolbar=no,resizable=yes,scrollbars=yes,height=500,width=600&apos;); return false;\" target=\"_blank\" title=\"Share on Facebook\"><i class=\"mec-fa-facebook\"><\/i><span class=\"mec-social-title\">Facebook<\/span><\/a><\/li><li class=\"mec-event-social-icon\"><a class=\"twitter\" href=\"https:\/\/x.com\/intent\/tweet?url=https%3A%2F%2Fagendaculturalriodejaneiro.com%2Fen%2Fevents%2Fk-pop-guerreiras-da-voz-no-teatro-clara-nunes-2%2F\" onclick=\"javascript:window.open(this.href, &apos;&apos;, &apos;menubar=no,toolbar=no,resizable=yes,scrollbars=yes,height=600,width=500&apos;); return false;\" target=\"_blank\" title=\"X Social Network\"><svg xmlns=\"http:\/\/www.w3.org\/2000\/svg\" viewbox=\"0 0 512 462.799\"><path d=\"M403.229 0h78.506L310.219 196.04 512 462.799H354.002L230.261 301.007 88.669 462.799h-78.56l183.455-209.683L0 0h161.999l111.856 147.88L403.229 0zm-27.556 415.805h43.505L138.363 44.527h-46.68l283.99 371.278z\" \/><\/svg><span class=\"mec-social-title\">Twitter<\/span><\/a><\/li><li class=\"mec-event-social-icon\"><a class=\"linkedin\" href=\"https:\/\/www.linkedin.com\/shareArticle?mini=true&amp;url=https%3A%2F%2Fagendaculturalriodejaneiro.com%2Fen%2Fevents%2Fk-pop-guerreiras-da-voz-no-teatro-clara-nunes-2%2F\" onclick=\"javascript:window.open(this.href, &apos;&apos;, &apos;menubar=no,toolbar=no,resizable=yes,scrollbars=yes,height=600,width=500&apos;); return false;\" target=\"_blank\" title=\"Linkedin\"><i class=\"mec-fa-linkedin\"><\/i><span class=\"mec-social-title\">Linkedin<\/span><\/a><\/li><li class=\"mec-event-social-icon\"><a class=\"email\" href=\"mailto:?subject=K-Pop%20Guerreiras%20da%20voz%20no%20Teatro%20Clara%20Nunes&amp;body=https%3A%2F%2Fagendaculturalriodejaneiro.com%2Fen%2Fevents%2Fk-pop-guerreiras-da-voz-no-teatro-clara-nunes-2%2F\" title=\"Email\"><i class=\"mec-fa-envelope\"><\/i><span class=\"mec-social-title\">Email<\/span><\/a><\/li>                        <\/ul>\r\n                    <\/li>\r\n                <\/ul>\r\n                                                <a class=\"mec-booking-button\" data-event-id=\"49709\" href=\"https:\/\/agendaculturalriodejaneiro.com\/en\/events\/k-pop-guerreiras-da-voz-no-teatro-clara-nunes-2\/\" target=\"_self\" rel=\"noopener\">Ver Detalhes<\/a>            <\/div>\r\n        <\/article><\/div>        <div class=\"col-md-4 col-sm-4\"><article class=\" mec-event-article mec-clear  \">                                <div class=\"mec-event-image\"><a data-event-id=\"50535\" href=\"https:\/\/agendaculturalriodejaneiro.com\/en\/events\/oswaldo-montenegro-apresenta-a-danca-dos-signos-no-qualistage\/\" target=\"_self\" rel=\"noopener\"><img loading=\"lazy\" decoding=\"async\" width=\"183\" height=\"300\" src=\"https:\/\/agendaculturalriodejaneiro.com\/wp-content\/uploads\/2026\/06\/CARD-14-183x300.png\" class=\"attachment-medium size-medium wp-post-image\" alt=\"Oswaldo Montenegro apresenta A Dan\u00e7a dos Signos no Qualistage\" data-mec-postid=\"50535\" \/><\/a><\/div>\r\n                        <div class=\"mec-event-content\">\r\n                                    <div class=\"mec-event-date mec-bg-color\">\r\n                        <span class=\"mec-start-date-label\">24 October 2026<\/span>                                                                    <\/div>\r\n                                                                <h4 class=\"mec-event-title\"><a class=\"mec-color-hover\" data-event-id=\"50535\" href=\"https:\/\/agendaculturalriodejaneiro.com\/en\/events\/oswaldo-montenegro-apresenta-a-danca-dos-signos-no-qualistage\/\" target=\"_self\" rel=\"noopener\">Oswaldo Montenegro apresenta A Dan\u00e7a dos Signos no Qualistage<\/a><\/h4>\r\n                                <p class=\"mec-grid-event-location\">Qualistage, Av. Ayrton Senna, 3000, 22775-003 Rio de Janeiro<\/p>\r\n                                                                            <\/div>\r\n            <div class=\"mec-event-footer\">\r\n                                <ul class=\"mec-event-sharing-wrap\">\r\n                    <li class=\"mec-event-share\">\r\n                        <a href=\"#\" class=\"mec-event-share-icon\">\r\n                            <i class=\"mec-sl-share\" title=\"Share\"><\/i>\r\n                        <\/a>\r\n                    <\/li>\r\n                    <li>\r\n                        <ul class=\"mec-event-sharing\">\r\n                            <li class=\"mec-event-social-icon\"><a class=\"facebook\" href=\"https:\/\/www.facebook.com\/sharer\/sharer.php?u=https%3A%2F%2Fagendaculturalriodejaneiro.com%2Fen%2Fevents%2Foswaldo-montenegro-apresenta-a-danca-dos-signos-no-qualistage%2F\" onclick=\"javascript:window.open(this.href, &apos;&apos;, &apos;menubar=no,toolbar=no,resizable=yes,scrollbars=yes,height=500,width=600&apos;); return false;\" target=\"_blank\" title=\"Share on Facebook\"><i class=\"mec-fa-facebook\"><\/i><span class=\"mec-social-title\">Facebook<\/span><\/a><\/li><li class=\"mec-event-social-icon\"><a class=\"twitter\" href=\"https:\/\/x.com\/intent\/tweet?url=https%3A%2F%2Fagendaculturalriodejaneiro.com%2Fen%2Fevents%2Foswaldo-montenegro-apresenta-a-danca-dos-signos-no-qualistage%2F\" onclick=\"javascript:window.open(this.href, &apos;&apos;, &apos;menubar=no,toolbar=no,resizable=yes,scrollbars=yes,height=600,width=500&apos;); return false;\" target=\"_blank\" title=\"X Social Network\"><svg xmlns=\"http:\/\/www.w3.org\/2000\/svg\" viewbox=\"0 0 512 462.799\"><path d=\"M403.229 0h78.506L310.219 196.04 512 462.799H354.002L230.261 301.007 88.669 462.799h-78.56l183.455-209.683L0 0h161.999l111.856 147.88L403.229 0zm-27.556 415.805h43.505L138.363 44.527h-46.68l283.99 371.278z\" \/><\/svg><span class=\"mec-social-title\">Twitter<\/span><\/a><\/li><li class=\"mec-event-social-icon\"><a class=\"linkedin\" href=\"https:\/\/www.linkedin.com\/shareArticle?mini=true&amp;url=https%3A%2F%2Fagendaculturalriodejaneiro.com%2Fen%2Fevents%2Foswaldo-montenegro-apresenta-a-danca-dos-signos-no-qualistage%2F\" onclick=\"javascript:window.open(this.href, &apos;&apos;, &apos;menubar=no,toolbar=no,resizable=yes,scrollbars=yes,height=600,width=500&apos;); return false;\" target=\"_blank\" title=\"Linkedin\"><i class=\"mec-fa-linkedin\"><\/i><span class=\"mec-social-title\">Linkedin<\/span><\/a><\/li><li class=\"mec-event-social-icon\"><a class=\"email\" href=\"mailto:?subject=Oswaldo%20Montenegro%20apresenta%20A%20Dan%C3%A7a%20dos%20Signos%20no%20Qualistage&amp;body=https%3A%2F%2Fagendaculturalriodejaneiro.com%2Fen%2Fevents%2Foswaldo-montenegro-apresenta-a-danca-dos-signos-no-qualistage%2F\" title=\"Email\"><i class=\"mec-fa-envelope\"><\/i><span class=\"mec-social-title\">Email<\/span><\/a><\/li>                        <\/ul>\r\n                    <\/li>\r\n                <\/ul>\r\n                                                <a class=\"mec-booking-button\" data-event-id=\"50535\" href=\"https:\/\/agendaculturalriodejaneiro.com\/en\/events\/oswaldo-montenegro-apresenta-a-danca-dos-signos-no-qualistage\/\" target=\"_self\" rel=\"noopener\">Ver Detalhes<\/a>            <\/div>\r\n        <\/article><\/div>                        <\/div>\t<\/div>\r\n<\/div>\r\n\r\n    <\/div>\r\n    <div class=\"mec-skin-grid-no-events-container mec-util-hidden\" id=\"mec_skin_no_events_mec1\">\r\n        Eventos n\u00e3o encontrados!    <\/div>\r\n    \r\n    \r\n<\/div>\r\n\t\t\t\t<\/div>\n\t\t\t\t<\/div>\n\t\t\t\t\t<\/div>\n\t\t<\/div>\n\t\t\t\t\t<\/div>\n\t\t<\/section>\n\t\t\t\t<section class=\"elementor-section elementor-top-section elementor-element elementor-element-099d21d elementor-section-boxed elementor-section-height-default elementor-section-height-default\" data-id=\"099d21d\" data-element_type=\"section\" data-e-type=\"section\">\n\t\t\t\t\t\t<div class=\"elementor-container elementor-column-gap-default\">\n\t\t\t\t\t<div class=\"elementor-column elementor-col-100 elementor-top-column elementor-element elementor-element-1ab3820\" data-id=\"1ab3820\" data-element_type=\"column\" data-e-type=\"column\">\n\t\t\t<div class=\"elementor-widget-wrap elementor-element-populated\">\n\t\t\t\t\t\t<div class=\"elementor-element elementor-element-b2075b4 elementor-widget elementor-widget-html\" data-id=\"b2075b4\" data-element_type=\"widget\" data-e-type=\"widget\" data-widget_type=\"html.default\">\n\t\t\t\t<div class=\"elementor-widget-container\">\n\t\t\t\t\t<!-- =========================================================\r\n     PE\u00c7AS DE TEATRO NO RIO \u2014 BLOCO 2\r\n     COLOCAR DEPOIS DA AGENDA MEC\r\n========================================================== -->\r\n\r\n<link rel=\"preconnect\" href=\"https:\/\/fonts.googleapis.com\">\r\n<link rel=\"preconnect\" href=\"https:\/\/fonts.gstatic.com\" crossorigin>\r\n\r\n<link\r\n    href=\"https:\/\/fonts.googleapis.com\/css2?family=Poppins:wght@400;500;600;700;800;900&display=swap\"\r\n    rel=\"stylesheet\"\r\n>\r\n\r\n<style>\r\n.acrj-theater-after {\r\n    --acrj-ciano: #00a6c2;\r\n    --acrj-ciano-escuro: #007f98;\r\n    --acrj-ciano-profundo: #005f73;\r\n    --acrj-amarelo: #ffe000;\r\n    --acrj-amarelo-hover: #f3d200;\r\n    --acrj-preto: #080b10;\r\n    --acrj-texto: #202830;\r\n    --acrj-cinza: #62707a;\r\n    --acrj-fundo: #f5f8f9;\r\n    --acrj-branco: #ffffff;\r\n    --acrj-linha: #dbe7ea;\r\n    --acrj-sombra: 0 16px 40px rgba(8, 11, 16, 0.08);\r\n    --acrj-sombra-hover: 0 22px 48px rgba(8, 11, 16, 0.13);\r\n    --acrj-largura: 1180px;\r\n\r\n    width: 100%;\r\n    margin: 0;\r\n    padding: 0;\r\n\r\n    color: var(--acrj-texto);\r\n    background: var(--acrj-branco);\r\n\r\n    font-family: \"Poppins\", Arial, Helvetica, sans-serif;\r\n    font-size: 16px;\r\n    line-height: 1.7;\r\n\r\n    overflow: hidden;\r\n}\r\n\r\n.acrj-theater-after,\r\n.acrj-theater-after * {\r\n    box-sizing: border-box;\r\n}\r\n\r\n.acrj-theater-after-container {\r\n    width: min(100% - 36px, var(--acrj-largura));\r\n    margin-right: auto;\r\n    margin-left: auto;\r\n}\r\n\r\n.acrj-theater-after h2,\r\n.acrj-theater-after h3,\r\n.acrj-theater-after p {\r\n    overflow-wrap: anywhere;\r\n}\r\n\r\n.acrj-theater-after h2,\r\n.acrj-theater-after h3 {\r\n    font-family: \"Poppins\", Arial, Helvetica, sans-serif;\r\n    font-weight: 800;\r\n    letter-spacing: -0.035em;\r\n}\r\n\r\n.acrj-theater-after a:focus-visible,\r\n.acrj-theater-after summary:focus-visible {\r\n    outline: 3px solid var(--acrj-amarelo);\r\n    outline-offset: 4px;\r\n}\r\n\r\n\r\n\/* T\u00cdTULOS *\/\r\n\r\n.acrj-theater-after-heading {\r\n    max-width: 790px;\r\n    margin-bottom: 27px;\r\n}\r\n\r\n.acrj-theater-after-kicker {\r\n    display: inline-flex;\r\n    align-items: center;\r\n    gap: 9px;\r\n\r\n    margin-bottom: 11px;\r\n\r\n    color: var(--acrj-ciano-profundo);\r\n\r\n    font-size: 10px;\r\n    font-weight: 800;\r\n    letter-spacing: 0.1em;\r\n    line-height: 1.4;\r\n    text-transform: uppercase;\r\n}\r\n\r\n.acrj-theater-after-kicker::before {\r\n    width: 26px;\r\n    height: 4px;\r\n\r\n    background: var(--acrj-amarelo);\r\n    border-radius: 999px;\r\n\r\n    content: \"\";\r\n}\r\n\r\n.acrj-theater-after-heading h2 {\r\n    margin: 0 0 11px;\r\n\r\n    color: var(--acrj-preto);\r\n\r\n    font-size: clamp(28px, 4vw, 42px);\r\n    line-height: 1.14;\r\n}\r\n\r\n.acrj-theater-after-heading p {\r\n    margin: 0;\r\n\r\n    color: var(--acrj-cinza);\r\n\r\n    font-size: 13px;\r\n    line-height: 1.75;\r\n}\r\n\r\n\r\n\/* ADSENSE *\/\r\n\r\n.acrj-theater-after-ad {\r\n    width: 100%;\r\n    margin: 40px auto 55px;\r\n    padding: 0 16px;\r\n\r\n    clear: both;\r\n    text-align: center;\r\n}\r\n\r\n.acrj-theater-after-ad-label {\r\n    display: block;\r\n    margin: 0 auto 8px;\r\n\r\n    color: #7c888f;\r\n\r\n    font-size: 9px;\r\n    font-weight: 700;\r\n    letter-spacing: 0.15em;\r\n    line-height: 1;\r\n    text-transform: uppercase;\r\n}\r\n\r\n.acrj-theater-after-ad-slot {\r\n    display: flex;\r\n    align-items: center;\r\n    justify-content: center;\r\n\r\n    width: 100%;\r\n    min-height: 90px;\r\n\r\n    overflow: hidden;\r\n}\r\n\r\n\r\n\/* GUIA EDITORIAL *\/\r\n\r\n.acrj-theater-guide {\r\n    padding: 66px 0;\r\n\r\n    background: var(--acrj-fundo);\r\n    border-top: 1px solid var(--acrj-linha);\r\n    border-bottom: 1px solid var(--acrj-linha);\r\n}\r\n\r\n.acrj-theater-guide-grid {\r\n    display: grid;\r\n    grid-template-columns: repeat(3, minmax(0, 1fr));\r\n    gap: 17px;\r\n}\r\n\r\n.acrj-theater-guide-card {\r\n    min-width: 0;\r\n    padding: 24px;\r\n\r\n    background: var(--acrj-branco);\r\n    border: 1px solid var(--acrj-linha);\r\n    border-top: 4px solid var(--acrj-ciano);\r\n    border-radius: 16px;\r\n\r\n    box-shadow: var(--acrj-sombra);\r\n}\r\n\r\n.acrj-theater-guide-number {\r\n    display: grid;\r\n    width: 42px;\r\n    height: 42px;\r\n    place-items: center;\r\n\r\n    margin-bottom: 16px;\r\n\r\n    color: var(--acrj-preto);\r\n    background: var(--acrj-amarelo);\r\n    border-radius: 12px;\r\n\r\n    font-size: 10px;\r\n    font-weight: 900;\r\n}\r\n\r\n.acrj-theater-guide-card h3 {\r\n    margin: 0 0 8px;\r\n\r\n    color: var(--acrj-preto);\r\n\r\n    font-size: 17px;\r\n    line-height: 1.3;\r\n}\r\n\r\n.acrj-theater-guide-card p {\r\n    margin: 0;\r\n\r\n    color: var(--acrj-cinza);\r\n\r\n    font-size: 11px;\r\n    line-height: 1.7;\r\n}\r\n\r\n\r\n\/* TEATROS *\/\r\n\r\n.acrj-theater-venues {\r\n    padding: 68px 0;\r\n\r\n    color: var(--acrj-branco);\r\n\r\n    background:\r\n        radial-gradient(\r\n            circle at 91% 7%,\r\n            rgba(255, 224, 0, 0.22),\r\n            transparent 29%\r\n        ),\r\n        linear-gradient(\r\n            135deg,\r\n            var(--acrj-preto) 0%,\r\n            #102a34 55%,\r\n            var(--acrj-ciano-profundo) 100%\r\n        );\r\n}\r\n\r\n.acrj-theater-venues .acrj-theater-after-kicker {\r\n    color: #c4ebf1;\r\n}\r\n\r\n.acrj-theater-venues h2 {\r\n    color: var(--acrj-branco);\r\n}\r\n\r\n.acrj-theater-venues .acrj-theater-after-heading p {\r\n    color: #cbdce0;\r\n}\r\n\r\n.acrj-theater-venue-grid {\r\n    display: grid;\r\n    grid-template-columns: repeat(3, minmax(0, 1fr));\r\n    gap: 13px;\r\n}\r\n\r\n.acrj-theater-venue-link {\r\n    display: flex;\r\n    min-width: 0;\r\n    min-height: 78px;\r\n    align-items: center;\r\n    justify-content: space-between;\r\n    gap: 13px;\r\n\r\n    padding: 16px 18px;\r\n\r\n    color: var(--acrj-branco) !important;\r\n    background: rgba(255, 255, 255, 0.065);\r\n    border: 1px solid rgba(255, 255, 255, 0.13);\r\n    border-radius: 13px;\r\n\r\n    font-size: 12px;\r\n    font-weight: 700;\r\n    line-height: 1.45;\r\n    text-decoration: none !important;\r\n\r\n    transition:\r\n        transform 160ms ease,\r\n        background-color 160ms ease,\r\n        border-color 160ms ease;\r\n}\r\n\r\n.acrj-theater-venue-link::after {\r\n    flex: 0 0 auto;\r\n\r\n    color: var(--acrj-amarelo);\r\n\r\n    content: \"\u203a\";\r\n    font-size: 23px;\r\n    line-height: 1;\r\n}\r\n\r\n.acrj-theater-venue-link:hover {\r\n    transform: translateY(-3px);\r\n\r\n    background: rgba(0, 166, 194, 0.19);\r\n    border-color: rgba(0, 166, 194, 0.65);\r\n}\r\n\r\n\r\n\/* FAQ *\/\r\n\r\n.acrj-theater-faq {\r\n    padding: 68px 0;\r\n}\r\n\r\n.acrj-theater-faq-list {\r\n    display: grid;\r\n    max-width: 920px;\r\n    gap: 11px;\r\n}\r\n\r\n.acrj-theater-faq-item {\r\n    overflow: hidden;\r\n\r\n    background: var(--acrj-branco);\r\n    border: 1px solid var(--acrj-linha);\r\n    border-radius: 13px;\r\n\r\n    box-shadow: 0 7px 20px rgba(8, 11, 16, 0.04);\r\n}\r\n\r\n.acrj-theater-faq-item summary {\r\n    position: relative;\r\n\r\n    display: flex;\r\n    min-height: 64px;\r\n    align-items: center;\r\n\r\n    padding: 16px 55px 16px 19px;\r\n\r\n    color: var(--acrj-preto);\r\n\r\n    cursor: pointer;\r\n\r\n    font-size: 13px;\r\n    font-weight: 750;\r\n    line-height: 1.5;\r\n\r\n    list-style: none;\r\n}\r\n\r\n.acrj-theater-faq-item summary::-webkit-details-marker {\r\n    display: none;\r\n}\r\n\r\n.acrj-theater-faq-item summary::after {\r\n    position: absolute;\r\n    top: 50%;\r\n    right: 18px;\r\n\r\n    display: grid;\r\n    width: 29px;\r\n    height: 29px;\r\n    place-items: center;\r\n\r\n    color: var(--acrj-preto);\r\n    background: var(--acrj-amarelo);\r\n    border-radius: 50%;\r\n\r\n    content: \"+\";\r\n\r\n    font-size: 17px;\r\n    font-weight: 800;\r\n\r\n    transform: translateY(-50%);\r\n}\r\n\r\n.acrj-theater-faq-item[open] summary::after {\r\n    content: \"\u2212\";\r\n}\r\n\r\n.acrj-theater-faq-answer {\r\n    padding: 0 19px 19px;\r\n\r\n    color: var(--acrj-cinza);\r\n\r\n    font-size: 12px;\r\n    line-height: 1.75;\r\n}\r\n\r\n.acrj-theater-faq-answer p {\r\n    margin: 0;\r\n}\r\n\r\n.acrj-theater-faq-answer a {\r\n    color: var(--acrj-ciano-profundo);\r\n    font-weight: 700;\r\n}\r\n\r\n\r\n\/* LINKS RELACIONADOS *\/\r\n\r\n.acrj-theater-related {\r\n    padding: 64px 0;\r\n\r\n    background: var(--acrj-fundo);\r\n    border-top: 1px solid var(--acrj-linha);\r\n}\r\n\r\n.acrj-theater-related-grid {\r\n    display: grid;\r\n    grid-template-columns: repeat(4, minmax(0, 1fr));\r\n    gap: 15px;\r\n}\r\n\r\n.acrj-theater-related-link {\r\n    position: relative;\r\n\r\n    display: flex;\r\n    min-width: 0;\r\n    min-height: 145px;\r\n    flex-direction: column;\r\n    justify-content: space-between;\r\n\r\n    padding: 20px;\r\n\r\n    color: var(--acrj-preto) !important;\r\n    background: var(--acrj-branco);\r\n    border: 1px solid var(--acrj-linha);\r\n    border-top: 4px solid var(--acrj-ciano);\r\n    border-radius: 15px;\r\n\r\n    text-decoration: none !important;\r\n\r\n    box-shadow: 0 9px 24px rgba(8, 11, 16, 0.055);\r\n\r\n    transition:\r\n        transform 170ms ease,\r\n        border-color 170ms ease,\r\n        box-shadow 170ms ease;\r\n}\r\n\r\n.acrj-theater-related-link::after {\r\n    position: absolute;\r\n    top: 16px;\r\n    right: 17px;\r\n\r\n    color: var(--acrj-ciano);\r\n\r\n    content: \"\u2197\";\r\n    font-size: 19px;\r\n}\r\n\r\n.acrj-theater-related-link:hover {\r\n    transform: translateY(-4px);\r\n\r\n    border-color: var(--acrj-ciano);\r\n\r\n    box-shadow: var(--acrj-sombra-hover);\r\n}\r\n\r\n.acrj-theater-related-link small {\r\n    display: block;\r\n    padding-right: 25px;\r\n\r\n    color: var(--acrj-ciano-escuro);\r\n\r\n    font-size: 9px;\r\n    font-weight: 800;\r\n    letter-spacing: 0.08em;\r\n    text-transform: uppercase;\r\n}\r\n\r\n.acrj-theater-related-link strong {\r\n    display: block;\r\n    margin: 12px 0 8px;\r\n\r\n    color: var(--acrj-preto);\r\n\r\n    font-size: 15px;\r\n    line-height: 1.4;\r\n}\r\n\r\n.acrj-theater-related-link span {\r\n    color: var(--acrj-cinza);\r\n\r\n    font-size: 10px;\r\n    line-height: 1.6;\r\n}\r\n\r\n\r\n\/* CTA FINAL *\/\r\n\r\n.acrj-theater-cta {\r\n    padding: 58px 0 72px;\r\n\r\n    background: var(--acrj-fundo);\r\n}\r\n\r\n.acrj-theater-cta-box {\r\n    display: grid;\r\n    grid-template-columns: minmax(0, 1fr) auto;\r\n    gap: 28px;\r\n    align-items: center;\r\n\r\n    padding: clamp(25px, 4vw, 39px);\r\n\r\n    background:\r\n        radial-gradient(\r\n            circle at 93% 0%,\r\n            rgba(255, 224, 0, 0.20),\r\n            transparent 31%\r\n        ),\r\n        linear-gradient(\r\n            130deg,\r\n            #e8f8fa 0%,\r\n            #ffffff 72%\r\n        );\r\n\r\n    border: 1px solid #cce9ee;\r\n    border-radius: 20px;\r\n\r\n    box-shadow: var(--acrj-sombra);\r\n}\r\n\r\n.acrj-theater-cta h2 {\r\n    margin: 0 0 9px;\r\n\r\n    color: var(--acrj-preto);\r\n\r\n    font-size: clamp(24px, 4vw, 34px);\r\n    line-height: 1.2;\r\n}\r\n\r\n.acrj-theater-cta p {\r\n    max-width: 700px;\r\n    margin: 0;\r\n\r\n    color: var(--acrj-cinza);\r\n\r\n    font-size: 12px;\r\n    line-height: 1.75;\r\n}\r\n\r\n.acrj-theater-cta-actions {\r\n    display: flex;\r\n    flex-wrap: wrap;\r\n    gap: 10px;\r\n}\r\n\r\n.acrj-theater-cta-button {\r\n    display: inline-flex;\r\n    align-items: center;\r\n    justify-content: center;\r\n\r\n    min-height: 47px;\r\n    padding: 12px 20px;\r\n\r\n    color: var(--acrj-branco) !important;\r\n    background: var(--acrj-preto);\r\n    border: 1px solid var(--acrj-preto);\r\n    border-radius: 999px;\r\n\r\n    font-size: 12px;\r\n    font-weight: 800;\r\n    line-height: 1.3;\r\n    text-align: center;\r\n    text-decoration: none !important;\r\n\r\n    transition:\r\n        transform 160ms ease,\r\n        color 160ms ease,\r\n        background-color 160ms ease,\r\n        border-color 160ms ease;\r\n}\r\n\r\n.acrj-theater-cta-button:hover {\r\n    transform: translateY(-2px);\r\n\r\n    color: var(--acrj-preto) !important;\r\n    background: var(--acrj-amarelo);\r\n    border-color: var(--acrj-amarelo);\r\n}\r\n\r\n\r\n\/* RESPONSIVIDADE *\/\r\n\r\n@media (max-width: 1000px) {\r\n    .acrj-theater-venue-grid {\r\n        grid-template-columns: repeat(2, minmax(0, 1fr));\r\n    }\r\n\r\n    .acrj-theater-related-grid {\r\n        grid-template-columns: repeat(2, minmax(0, 1fr));\r\n    }\r\n}\r\n\r\n@media (max-width: 820px) {\r\n    .acrj-theater-guide-grid {\r\n        grid-template-columns: minmax(0, 1fr);\r\n    }\r\n\r\n    .acrj-theater-cta-box {\r\n        grid-template-columns: minmax(0, 1fr);\r\n    }\r\n}\r\n\r\n@media (max-width: 680px) {\r\n    .acrj-theater-after-container {\r\n        width: min(100% - 28px, var(--acrj-largura));\r\n    }\r\n\r\n    .acrj-theater-after-ad {\r\n        margin-top: 32px;\r\n        margin-bottom: 42px;\r\n        padding: 0;\r\n    }\r\n\r\n    .acrj-theater-after-ad-slot {\r\n        min-height: 250px;\r\n    }\r\n\r\n    .acrj-theater-guide,\r\n    .acrj-theater-venues,\r\n    .acrj-theater-faq,\r\n    .acrj-theater-related {\r\n        padding-top: 50px;\r\n        padding-bottom: 50px;\r\n    }\r\n\r\n    .acrj-theater-guide-grid {\r\n        gap: 13px;\r\n    }\r\n\r\n    .acrj-theater-guide-card {\r\n        padding: 20px;\r\n        border-radius: 14px;\r\n    }\r\n\r\n    .acrj-theater-venue-grid {\r\n        grid-template-columns: minmax(0, 1fr);\r\n    }\r\n\r\n    .acrj-theater-related-grid {\r\n        grid-template-columns: minmax(0, 1fr);\r\n        gap: 12px;\r\n    }\r\n\r\n    .acrj-theater-related-link {\r\n        min-height: 120px;\r\n    }\r\n\r\n    .acrj-theater-cta {\r\n        padding-top: 48px;\r\n        padding-bottom: 55px;\r\n    }\r\n\r\n    .acrj-theater-cta-box {\r\n        padding: 22px;\r\n        border-radius: 16px;\r\n    }\r\n\r\n    .acrj-theater-cta-actions {\r\n        align-items: stretch;\r\n        flex-direction: column;\r\n    }\r\n\r\n    .acrj-theater-cta-button {\r\n        width: 100%;\r\n    }\r\n}\r\n\r\n@media (prefers-reduced-motion: reduce) {\r\n    .acrj-theater-after * {\r\n        animation-duration: 0.01ms !important;\r\n        transition-duration: 0.01ms !important;\r\n    }\r\n}\r\n<\/style>\r\n\r\n\r\n<div class=\"acrj-theater-after\">\r\n\r\n    <!-- AN\u00daNCIO -->\r\n    <aside\r\n        class=\"acrj-theater-after-ad\"\r\n        aria-label=\"Publicidade\"\r\n    >\r\n        <span class=\"acrj-theater-after-ad-label\">\r\n            PUB\r\n        <\/span>\r\n\r\n        <div\r\n            class=\"acrj-theater-after-ad-slot\"\r\n            data-desktop-slot=\"5800876183\"\r\n            data-mobile-slot=\"6529814326\"\r\n        ><\/div>\r\n    <\/aside>\r\n\r\n\r\n    <!-- GUIA -->\r\n    <section\r\n        class=\"acrj-theater-guide\"\r\n        aria-labelledby=\"acrj-theater-guide-title\"\r\n    >\r\n        <div class=\"acrj-theater-after-container\">\r\n\r\n            <div class=\"acrj-theater-after-heading\">\r\n\r\n                <span class=\"acrj-theater-after-kicker\">\r\n                    Planeje sua ida ao teatro\r\n                <\/span>\r\n\r\n                <h2 id=\"acrj-theater-guide-title\">\r\n                    Como escolher um espet\u00e1culo\r\n                <\/h2>\r\n\r\n                <p>\r\n                    Confira os detalhes da produ\u00e7\u00e3o antes de comprar\r\n                    ingressos ou sair de casa.\r\n                <\/p>\r\n\r\n            <\/div>\r\n\r\n            <div class=\"acrj-theater-guide-grid\">\r\n\r\n                <article class=\"acrj-theater-guide-card\">\r\n\r\n                    <span class=\"acrj-theater-guide-number\">\r\n                        01\r\n                    <\/span>\r\n\r\n                    <h3>Leia a sinopse<\/h3>\r\n\r\n                    <p>\r\n                        Veja o g\u00eanero, a proposta do espet\u00e1culo, o elenco\r\n                        e a dura\u00e7\u00e3o aproximada da apresenta\u00e7\u00e3o.\r\n                    <\/p>\r\n\r\n                <\/article>\r\n\r\n\r\n                <article class=\"acrj-theater-guide-card\">\r\n\r\n                    <span class=\"acrj-theater-guide-number\">\r\n                        02\r\n                    <\/span>\r\n\r\n                    <h3>Confirme a classifica\u00e7\u00e3o<\/h3>\r\n\r\n                    <p>\r\n                        Verifique a faixa et\u00e1ria e as regras de entrada,\r\n                        especialmente quando houver crian\u00e7as.\r\n                    <\/p>\r\n\r\n                <\/article>\r\n\r\n\r\n                <article class=\"acrj-theater-guide-card\">\r\n\r\n                    <span class=\"acrj-theater-guide-number\">\r\n                        03\r\n                    <\/span>\r\n\r\n                    <h3>Consulte a bilheteria<\/h3>\r\n\r\n                    <p>\r\n                        Confirme pre\u00e7os, setores, disponibilidade, descontos\r\n                        e poss\u00edveis taxas no canal oficial.\r\n                    <\/p>\r\n\r\n                <\/article>\r\n\r\n            <\/div>\r\n        <\/div>\r\n    <\/section>\r\n\r\n\r\n    <!-- TEATROS -->\r\n    <section\r\n        class=\"acrj-theater-venues\"\r\n        aria-labelledby=\"acrj-theater-venues-title\"\r\n    >\r\n        <div class=\"acrj-theater-after-container\">\r\n\r\n            <div class=\"acrj-theater-after-heading\">\r\n\r\n                <span class=\"acrj-theater-after-kicker\">\r\n                    Palcos cariocas\r\n                <\/span>\r\n\r\n                <h2 id=\"acrj-theater-venues-title\">\r\n                    Agendas de teatros no Rio\r\n                <\/h2>\r\n\r\n                <p>\r\n                    Consulte a programa\u00e7\u00e3o individual de algumas das\r\n                    principais casas de espet\u00e1culo da cidade.\r\n                <\/p>\r\n\r\n            <\/div>\r\n\r\n            <nav\r\n                class=\"acrj-theater-venue-grid\"\r\n                aria-label=\"Agendas de teatros\"\r\n            >\r\n\r\n                <a\r\n                    class=\"acrj-theater-venue-link\"\r\n                    href=\"https:\/\/agendaculturalriodejaneiro.com\/agenda-teatro-riachuelo-rj\/\"\r\n                >\r\n                    Teatro Riachuelo Rio\r\n                <\/a>\r\n\r\n                <a\r\n                    class=\"acrj-theater-venue-link\"\r\n                    href=\"https:\/\/agendaculturalriodejaneiro.com\/agenda-teatro-multiplan\/\"\r\n                >\r\n                    Teatro Multiplan\r\n                <\/a>\r\n\r\n                <a\r\n                    class=\"acrj-theater-venue-link\"\r\n                    href=\"https:\/\/agendaculturalriodejaneiro.com\/agenda-teatro-fashion-mall-rj\/\"\r\n                >\r\n                    Teatro Fashion Mall\r\n                <\/a>\r\n\r\n                <a\r\n                    class=\"acrj-theater-venue-link\"\r\n                    href=\"https:\/\/agendaculturalriodejaneiro.com\/agenda-teatro-clara-nunes-rj\/\"\r\n                >\r\n                    Teatro Clara Nunes\r\n                <\/a>\r\n\r\n                <a\r\n                    class=\"acrj-theater-venue-link\"\r\n                    href=\"https:\/\/agendaculturalriodejaneiro.com\/agenda-teatro-adolpho-bloch\/\"\r\n                >\r\n                    Teatro Adolpho Bloch\r\n                <\/a>\r\n\r\n                <a\r\n                    class=\"acrj-theater-venue-link\"\r\n                    href=\"https:\/\/agendaculturalriodejaneiro.com\/agenda-teatro-miguel-falabella\/\"\r\n                >\r\n                    Teatro Miguel Falabella\r\n                <\/a>\r\n\r\n                <a\r\n                    class=\"acrj-theater-venue-link\"\r\n                    href=\"https:\/\/agendaculturalriodejaneiro.com\/agenda-teatro-claro-rio\/\"\r\n                >\r\n                    Teatro Claro Rio\r\n                <\/a>\r\n\r\n                <a\r\n                    class=\"acrj-theater-venue-link\"\r\n                    href=\"https:\/\/agendaculturalriodejaneiro.com\/agenda-teatro-candido-mendes\/\"\r\n                >\r\n                    Teatro C\u00e2ndido Mendes\r\n                <\/a>\r\n\r\n            <\/nav>\r\n\r\n        <\/div>\r\n    <\/section>\r\n\r\n\r\n    <!-- FAQ -->\r\n    <section\r\n        class=\"acrj-theater-faq\"\r\n        aria-labelledby=\"acrj-theater-faq-title\"\r\n    >\r\n        <div class=\"acrj-theater-after-container\">\r\n\r\n            <div class=\"acrj-theater-after-heading\">\r\n\r\n                <span class=\"acrj-theater-after-kicker\">\r\n                    Perguntas frequentes\r\n                <\/span>\r\n\r\n                <h2 id=\"acrj-theater-faq-title\">\r\n                    D\u00favidas sobre teatro no Rio\r\n                <\/h2>\r\n\r\n                <p>\r\n                    Informa\u00e7\u00f5es r\u00e1pidas para encontrar pe\u00e7as e planejar\r\n                    sua visita.\r\n                <\/p>\r\n\r\n            <\/div>\r\n\r\n            <div class=\"acrj-theater-faq-list\">\r\n\r\n                <details class=\"acrj-theater-faq-item\">\r\n\r\n                    <summary>\r\n                        Onde encontrar pe\u00e7as de teatro em cartaz no Rio?\r\n                    <\/summary>\r\n\r\n                    <div class=\"acrj-theater-faq-answer\">\r\n                        <p>\r\n                            A agenda acima re\u00fane espet\u00e1culos publicados\r\n                            para diferentes teatros e espa\u00e7os culturais\r\n                            do Rio de Janeiro.\r\n                        <\/p>\r\n                    <\/div>\r\n\r\n                <\/details>\r\n\r\n\r\n                <details class=\"acrj-theater-faq-item\">\r\n\r\n                    <summary>\r\n                        A agenda inclui musicais e espet\u00e1culos de dan\u00e7a?\r\n                    <\/summary>\r\n\r\n                    <div class=\"acrj-theater-faq-answer\">\r\n                        <p>\r\n                            Sim. A programa\u00e7\u00e3o pode reunir pe\u00e7as,\r\n                            musicais, dan\u00e7a, mon\u00f3logos, com\u00e9dias e\r\n                            outras produ\u00e7\u00f5es c\u00eanicas.\r\n                        <\/p>\r\n                    <\/div>\r\n\r\n                <\/details>\r\n\r\n\r\n                <details class=\"acrj-theater-faq-item\">\r\n\r\n                    <summary>\r\n                        Onde encontrar pe\u00e7as para crian\u00e7as?\r\n                    <\/summary>\r\n\r\n                    <div class=\"acrj-theater-faq-answer\">\r\n                        <p>\r\n                            Consulte a\r\n                            <a href=\"https:\/\/agendaculturalriodejaneiro.com\/agenda-teatro-infantil-rio-de-janeiro\/\">\r\n                                agenda de teatro infantil no Rio\r\n                            <\/a>\r\n                            para ver espet\u00e1culos voltados \u00e0s fam\u00edlias.\r\n                        <\/p>\r\n                    <\/div>\r\n\r\n                <\/details>\r\n\r\n\r\n                <details class=\"acrj-theater-faq-item\">\r\n\r\n                    <summary>\r\n                        Como confirmar hor\u00e1rios e ingressos?\r\n                    <\/summary>\r\n\r\n                    <div class=\"acrj-theater-faq-answer\">\r\n                        <p>\r\n                            Abra a p\u00e1gina individual do evento e consulte\r\n                            os canais oficiais da produ\u00e7\u00e3o, do teatro\r\n                            ou da bilheteria antes de sair.\r\n                        <\/p>\r\n                    <\/div>\r\n\r\n                <\/details>\r\n\r\n\r\n                <details class=\"acrj-theater-faq-item\">\r\n\r\n                    <summary>\r\n                        Como divulgar uma pe\u00e7a nesta agenda?\r\n                    <\/summary>\r\n\r\n                    <div class=\"acrj-theater-faq-answer\">\r\n                        <p>\r\n                            Produtores e companhias podem usar a p\u00e1gina\r\n                            <a href=\"https:\/\/agendaculturalriodejaneiro.com\/crie-o-seu-evento\/\">\r\n                                Cadastre seu evento\r\n                            <\/a>\r\n                            para enviar as informa\u00e7\u00f5es \u00e0 equipe editorial.\r\n                        <\/p>\r\n                    <\/div>\r\n\r\n                <\/details>\r\n\r\n            <\/div>\r\n        <\/div>\r\n    <\/section>\r\n\r\n\r\n    <!-- SEGUNDO AN\u00daNCIO -->\r\n    <aside\r\n        class=\"acrj-theater-after-ad\"\r\n        aria-label=\"Publicidade\"\r\n    >\r\n        <span class=\"acrj-theater-after-ad-label\">\r\n            PUB\r\n        <\/span>\r\n\r\n        <div\r\n            class=\"acrj-theater-after-ad-slot\"\r\n            data-desktop-slot=\"5800876183\"\r\n            data-mobile-slot=\"6529814326\"\r\n        ><\/div>\r\n    <\/aside>\r\n\r\n\r\n    <!-- LINKS RELACIONADOS -->\r\n    <section\r\n        class=\"acrj-theater-related\"\r\n        aria-labelledby=\"acrj-theater-related-title\"\r\n    >\r\n        <div class=\"acrj-theater-after-container\">\r\n\r\n            <div class=\"acrj-theater-after-heading\">\r\n\r\n                <span class=\"acrj-theater-after-kicker\">\r\n                    Continue explorando\r\n                <\/span>\r\n\r\n                <h2 id=\"acrj-theater-related-title\">\r\n                    Mais programa\u00e7\u00e3o cultural no Rio\r\n                <\/h2>\r\n\r\n                <p>\r\n                    Encontre outras agendas de acordo com seu interesse.\r\n                <\/p>\r\n\r\n            <\/div>\r\n\r\n            <nav\r\n                class=\"acrj-theater-related-grid\"\r\n                aria-label=\"Programa\u00e7\u00f5es relacionadas\"\r\n            >\r\n\r\n                <a\r\n                    class=\"acrj-theater-related-link\"\r\n                    href=\"https:\/\/agendaculturalriodejaneiro.com\/final-de-semana-no-rio-de-janeiro\/\"\r\n                >\r\n                    <small>Pr\u00f3ximos dias<\/small>\r\n\r\n                    <strong>\r\n                        Final de semana no Rio\r\n                    <\/strong>\r\n\r\n                    <span>\r\n                        Eventos e atra\u00e7\u00f5es para s\u00e1bado e domingo.\r\n                    <\/span>\r\n                <\/a>\r\n\r\n\r\n                <a\r\n                    class=\"acrj-theater-related-link\"\r\n                    href=\"https:\/\/agendaculturalriodejaneiro.com\/agenda-teatro-infantil-rio-de-janeiro\/\"\r\n                >\r\n                    <small>Para fam\u00edlias<\/small>\r\n\r\n                    <strong>\r\n                        Teatro infantil\r\n                    <\/strong>\r\n\r\n                    <span>\r\n                        Pe\u00e7as e musicais voltados \u00e0s crian\u00e7as.\r\n                    <\/span>\r\n                <\/a>\r\n\r\n\r\n                <a\r\n                    class=\"acrj-theater-related-link\"\r\n                    href=\"https:\/\/agendaculturalriodejaneiro.com\/shows-de-stand-up-comedy-rio-de-janeiro\/\"\r\n                >\r\n                    <small>Humor<\/small>\r\n\r\n                    <strong>\r\n                        Stand-up comedy\r\n                    <\/strong>\r\n\r\n                    <span>\r\n                        Shows de com\u00e9dia e apresenta\u00e7\u00f5es de humor.\r\n                    <\/span>\r\n                <\/a>\r\n\r\n\r\n                <a\r\n                    class=\"acrj-theater-related-link\"\r\n                    href=\"https:\/\/agendaculturalriodejaneiro.com\/shows-rio-de-janeiro-musica-concertos\/\"\r\n                >\r\n                    <small>M\u00fasica ao vivo<\/small>\r\n\r\n                    <strong>\r\n                        Shows e concertos\r\n                    <\/strong>\r\n\r\n                    <span>\r\n                        Veja a programa\u00e7\u00e3o musical no Rio.\r\n                    <\/span>\r\n                <\/a>\r\n\r\n            <\/nav>\r\n\r\n        <\/div>\r\n    <\/section>\r\n\r\n\r\n    <!-- CTA -->\r\n    <section\r\n        class=\"acrj-theater-cta\"\r\n        aria-labelledby=\"acrj-theater-cta-title\"\r\n    >\r\n        <div class=\"acrj-theater-after-container\">\r\n\r\n            <div class=\"acrj-theater-cta-box\">\r\n\r\n                <div>\r\n\r\n                    <span class=\"acrj-theater-after-kicker\">\r\n                        Produtores e companhias\r\n                    <\/span>\r\n\r\n                    <h2 id=\"acrj-theater-cta-title\">\r\n                        Tem uma pe\u00e7a em cartaz no Rio?\r\n                    <\/h2>\r\n\r\n                    <p>\r\n                        Envie informa\u00e7\u00f5es, datas, hor\u00e1rios, local e imagem\r\n                        para an\u00e1lise editorial da Agenda Cultural do Rio.\r\n                    <\/p>\r\n\r\n                <\/div>\r\n\r\n                <div class=\"acrj-theater-cta-actions\">\r\n\r\n                    <a\r\n                        class=\"acrj-theater-cta-button\"\r\n                        href=\"https:\/\/agendaculturalriodejaneiro.com\/crie-o-seu-evento\/\"\r\n                    >\r\n                        Cadastrar espet\u00e1culo\r\n                    <\/a>\r\n\r\n                    <a\r\n                        class=\"acrj-theater-cta-button\"\r\n                        href=\"https:\/\/agendaculturalriodejaneiro.com\/contato-agenda-cultural-rio-de-janeiro\/\"\r\n                    >\r\n                        Falar com a agenda\r\n                    <\/a>\r\n\r\n                <\/div>\r\n\r\n            <\/div>\r\n        <\/div>\r\n    <\/section>\r\n\r\n<\/div>\r\n\r\n\r\n<script type=\"application\/ld+json\">\r\n{\r\n    \"@context\": \"https:\/\/schema.org\",\r\n    \"@type\": \"FAQPage\",\r\n    \"inLanguage\": \"pt-BR\",\r\n    \"mainEntity\": [\r\n        {\r\n            \"@type\": \"Question\",\r\n            \"name\": \"Onde encontrar pe\u00e7as de teatro em cartaz no Rio?\",\r\n            \"acceptedAnswer\": {\r\n                \"@type\": \"Answer\",\r\n                \"text\": \"A agenda re\u00fane espet\u00e1culos publicados para diferentes teatros e espa\u00e7os culturais do Rio de Janeiro.\"\r\n            }\r\n        },\r\n        {\r\n            \"@type\": \"Question\",\r\n            \"name\": \"A agenda inclui musicais e espet\u00e1culos de dan\u00e7a?\",\r\n            \"acceptedAnswer\": {\r\n                \"@type\": \"Answer\",\r\n                \"text\": \"Sim. A programa\u00e7\u00e3o pode reunir pe\u00e7as, musicais, dan\u00e7a, mon\u00f3logos, com\u00e9dias e outras produ\u00e7\u00f5es c\u00eanicas.\"\r\n            }\r\n        },\r\n        {\r\n            \"@type\": \"Question\",\r\n            \"name\": \"Onde encontrar pe\u00e7as para crian\u00e7as?\",\r\n            \"acceptedAnswer\": {\r\n                \"@type\": \"Answer\",\r\n                \"text\": \"Consulte a agenda de teatro infantil no Rio para ver espet\u00e1culos voltados \u00e0s fam\u00edlias.\"\r\n            }\r\n        },\r\n        {\r\n            \"@type\": \"Question\",\r\n            \"name\": \"Como confirmar hor\u00e1rios e ingressos?\",\r\n            \"acceptedAnswer\": {\r\n                \"@type\": \"Answer\",\r\n                \"text\": \"Abra a p\u00e1gina individual do evento e consulte os canais oficiais da produ\u00e7\u00e3o, do teatro ou da bilheteria antes de sair.\"\r\n            }\r\n        },\r\n        {\r\n            \"@type\": \"Question\",\r\n            \"name\": \"Como divulgar uma pe\u00e7a nesta agenda?\",\r\n            \"acceptedAnswer\": {\r\n                \"@type\": \"Answer\",\r\n                \"text\": \"Produtores e companhias podem usar a p\u00e1gina Cadastre seu evento para enviar as informa\u00e7\u00f5es \u00e0 equipe editorial.\"\r\n            }\r\n        }\r\n    ]\r\n}\r\n<\/script>\r\n\r\n\r\n<script>\r\ndocument.addEventListener(\"DOMContentLoaded\", function () {\r\n\r\n    function garantirScriptAdSense() {\r\n        const existente = document.querySelector(\r\n            'script[src*=\"pagead2.googlesyndication.com\/pagead\/js\/adsbygoogle.js\"]'\r\n        );\r\n\r\n        if (existente) {\r\n            return Promise.resolve();\r\n        }\r\n\r\n        return new Promise(function (resolve, reject) {\r\n            const script = document.createElement(\"script\");\r\n\r\n            script.async = true;\r\n            script.crossOrigin = \"anonymous\";\r\n\r\n            script.src =\r\n                \"https:\/\/pagead2.googlesyndication.com\/pagead\/js\/adsbygoogle.js\" +\r\n                \"?client=ca-pub-1076216326230548\";\r\n\r\n            script.onload = resolve;\r\n            script.onerror = reject;\r\n\r\n            document.head.appendChild(script);\r\n        });\r\n    }\r\n\r\n\r\n    function carregarAnunciosTeatro() {\r\n        const slots = document.querySelectorAll(\r\n            '.acrj-theater-after-ad-slot:not([data-ad-loaded=\"true\"])'\r\n        );\r\n\r\n        if (!slots.length) {\r\n            return;\r\n        }\r\n\r\n        const desktop = window.matchMedia(\r\n            \"(min-width: 900px)\"\r\n        ).matches;\r\n\r\n        garantirScriptAdSense().then(function () {\r\n\r\n            slots.forEach(function (container) {\r\n                const anuncio = document.createElement(\"ins\");\r\n\r\n                anuncio.className = \"adsbygoogle\";\r\n\r\n                anuncio.setAttribute(\r\n                    \"data-ad-client\",\r\n                    \"ca-pub-1076216326230548\"\r\n                );\r\n\r\n                if (desktop) {\r\n                    anuncio.style.display = \"inline-block\";\r\n                    anuncio.style.width = \"728px\";\r\n                    anuncio.style.height = \"90px\";\r\n\r\n                    anuncio.setAttribute(\r\n                        \"data-ad-slot\",\r\n                        container.dataset.desktopSlot ||\r\n                        \"5800876183\"\r\n                    );\r\n                } else {\r\n                    anuncio.style.display = \"inline-block\";\r\n                    anuncio.style.width = \"300px\";\r\n                    anuncio.style.height = \"250px\";\r\n\r\n                    anuncio.setAttribute(\r\n                        \"data-ad-slot\",\r\n                        container.dataset.mobileSlot ||\r\n                        \"6529814326\"\r\n                    );\r\n                }\r\n\r\n                container.appendChild(anuncio);\r\n\r\n                container.setAttribute(\r\n                    \"data-ad-loaded\",\r\n                    \"true\"\r\n                );\r\n\r\n                try {\r\n                    (\r\n                        window.adsbygoogle =\r\n                        window.adsbygoogle || []\r\n                    ).push({});\r\n                } catch (erro) {\r\n                    console.warn(\r\n                        \"N\u00e3o foi poss\u00edvel iniciar o an\u00fancio.\",\r\n                        erro\r\n                    );\r\n                }\r\n            });\r\n\r\n        });\r\n    }\r\n\r\n    carregarAnunciosTeatro();\r\n\r\n});\r\n<\/script>\t\t\t\t<\/div>\n\t\t\t\t<\/div>\n\t\t\t\t\t<\/div>\n\t\t<\/div>\n\t\t\t\t\t<\/div>\n\t\t<\/section>\n\t\t\t\t<\/div>\n\t\t","protected":false},"excerpt":{"rendered":"<p>Home Theater plays Theater showing in Rio Theater plays in Rio de Janeiro Find dramas, comedies, musicals, dance, monologues, children's shows and other productions showing in Rio's theaters and cultural spaces. See plays on display \u2193 See children's theater \ud83c\udfad Different genres Comedies, dramas, musicals, dance and monologues. \ud83d\udcc5 Dates and\u2026&nbsp;<\/p>","protected":false},"author":1,"featured_media":2075,"parent":0,"menu_order":0,"comment_status":"closed","ping_status":"closed","template":"elementor_header_footer","meta":{"neve_meta_sidebar":"","neve_meta_container":"","neve_meta_enable_content_width":"","neve_meta_content_width":0,"neve_meta_title_alignment":"","neve_meta_author_avatar":"","neve_post_elements_order":"","neve_meta_disable_header":"","neve_meta_disable_footer":"","neve_meta_disable_title":"","footnotes":""},"class_list":["post-2050","page","type-page","status-publish","has-post-thumbnail","hentry"],"yoast_head":"<!-- This site is optimized with the Yoast SEO plugin v28.4 - https:\/\/yoast.com\/product\/yoast-seo-wordpress\/ -->\n<title>Pe\u00e7as de teatro - Rio de Janeiro - Agenda | Eventos| RJ<\/title>\n<meta name=\"description\" content=\"Pe\u00e7as de teatro - Rio de Janeiro - Programa\u00e7\u00e3o de Teatro - Eventos - Musicais - Ingressos - Agenda Teatro Rio de janeiro RJ\" \/>\n<meta name=\"robots\" content=\"index, follow, max-snippet:-1, max-image-preview:large, max-video-preview:-1\" \/>\n<link rel=\"canonical\" href=\"https:\/\/agendaculturalriodejaneiro.com\/en\/theater-pieces-rio-de-janeiro\/\" \/>\n<meta property=\"og:locale\" content=\"en_US\" \/>\n<meta property=\"og:type\" content=\"article\" \/>\n<meta property=\"og:title\" content=\"Pe\u00e7as de teatro - Rio de Janeiro - Agenda | Eventos| RJ\" \/>\n<meta property=\"og:description\" content=\"Pe\u00e7as de teatro - Rio de Janeiro - Programa\u00e7\u00e3o de Teatro - Eventos - Musicais - Ingressos - Agenda Teatro Rio de janeiro RJ\" \/>\n<meta property=\"og:url\" content=\"https:\/\/agendaculturalriodejaneiro.com\/en\/theater-pieces-rio-de-janeiro\/\" \/>\n<meta property=\"og:site_name\" content=\"Agenda Cultural Rio de Janeiro\" \/>\n<meta property=\"article:publisher\" content=\"https:\/\/www.facebook.com\/agenda_cultural_rio_de_janeiro-106278728546059\" \/>\n<meta property=\"article:modified_time\" content=\"2026-07-17T13:34:23+00:00\" \/>\n<meta property=\"og:image\" content=\"https:\/\/agendaculturalriodejaneiro.com\/wp-content\/uploads\/2022\/02\/martin-de-arriba-qx6QtPOhO9I-unsplash-2.jpg\" \/>\n\t<meta property=\"og:image:width\" content=\"640\" \/>\n\t<meta property=\"og:image:height\" content=\"427\" \/>\n\t<meta property=\"og:image:type\" content=\"image\/jpeg\" \/>\n<meta name=\"twitter:card\" content=\"summary_large_image\" \/>\n<meta name=\"twitter:label1\" content=\"Est. reading time\" \/>\n\t<meta name=\"twitter:data1\" content=\"14 minutes\" \/>\n<script type=\"application\/ld+json\" class=\"yoast-schema-graph\">{\"@context\":\"https:\\\/\\\/schema.org\",\"@graph\":[{\"@type\":\"WebPage\",\"@id\":\"https:\\\/\\\/agendaculturalriodejaneiro.com\\\/pecas-de-teatro-rio-de-janeiro\\\/\",\"url\":\"https:\\\/\\\/agendaculturalriodejaneiro.com\\\/pecas-de-teatro-rio-de-janeiro\\\/\",\"name\":\"Pe\u00e7as de teatro - Rio de Janeiro - Agenda | Eventos| RJ\",\"isPartOf\":{\"@id\":\"https:\\\/\\\/agendaculturalriodejaneiro.com\\\/#website\"},\"primaryImageOfPage\":{\"@id\":\"https:\\\/\\\/agendaculturalriodejaneiro.com\\\/pecas-de-teatro-rio-de-janeiro\\\/#primaryimage\"},\"image\":{\"@id\":\"https:\\\/\\\/agendaculturalriodejaneiro.com\\\/pecas-de-teatro-rio-de-janeiro\\\/#primaryimage\"},\"thumbnailUrl\":\"https:\\\/\\\/agendaculturalriodejaneiro.com\\\/wp-content\\\/uploads\\\/2022\\\/02\\\/martin-de-arriba-qx6QtPOhO9I-unsplash-2.jpg\",\"datePublished\":\"2022-02-12T08:02:41+00:00\",\"dateModified\":\"2026-07-17T13:34:23+00:00\",\"description\":\"Pe\u00e7as de teatro - Rio de Janeiro - Programa\u00e7\u00e3o de Teatro - Eventos - Musicais - Ingressos - Agenda Teatro Rio de janeiro RJ\",\"breadcrumb\":{\"@id\":\"https:\\\/\\\/agendaculturalriodejaneiro.com\\\/pecas-de-teatro-rio-de-janeiro\\\/#breadcrumb\"},\"inLanguage\":\"en-US\",\"potentialAction\":[{\"@type\":\"ReadAction\",\"target\":[\"https:\\\/\\\/agendaculturalriodejaneiro.com\\\/pecas-de-teatro-rio-de-janeiro\\\/\"]}]},{\"@type\":\"ImageObject\",\"inLanguage\":\"en-US\",\"@id\":\"https:\\\/\\\/agendaculturalriodejaneiro.com\\\/pecas-de-teatro-rio-de-janeiro\\\/#primaryimage\",\"url\":\"https:\\\/\\\/agendaculturalriodejaneiro.com\\\/wp-content\\\/uploads\\\/2022\\\/02\\\/martin-de-arriba-qx6QtPOhO9I-unsplash-2.jpg\",\"contentUrl\":\"https:\\\/\\\/agendaculturalriodejaneiro.com\\\/wp-content\\\/uploads\\\/2022\\\/02\\\/martin-de-arriba-qx6QtPOhO9I-unsplash-2.jpg\",\"width\":640,\"height\":427,\"caption\":\"Pe\u00e7as de teatro - Rio de Janeiro\"},{\"@type\":\"BreadcrumbList\",\"@id\":\"https:\\\/\\\/agendaculturalriodejaneiro.com\\\/pecas-de-teatro-rio-de-janeiro\\\/#breadcrumb\",\"itemListElement\":[{\"@type\":\"ListItem\",\"position\":1,\"name\":\"In\u00edcio\",\"item\":\"https:\\\/\\\/agendaculturalriodejaneiro.com\\\/\"},{\"@type\":\"ListItem\",\"position\":2,\"name\":\"Pe\u00e7as de teatro &#8211; Rio de Janeiro\"}]},{\"@type\":\"WebSite\",\"@id\":\"https:\\\/\\\/agendaculturalriodejaneiro.com\\\/#website\",\"url\":\"https:\\\/\\\/agendaculturalriodejaneiro.com\\\/\",\"name\":\"Agenda Cultural Rio de Janeiro\",\"description\":\"Agenda de Eventos no Rio de Janeiro . O que fazer no Rio de Janeiro\",\"publisher\":{\"@id\":\"https:\\\/\\\/agendaculturalriodejaneiro.com\\\/#organization\"},\"potentialAction\":[{\"@type\":\"SearchAction\",\"target\":{\"@type\":\"EntryPoint\",\"urlTemplate\":\"https:\\\/\\\/agendaculturalriodejaneiro.com\\\/?s={search_term_string}\"},\"query-input\":{\"@type\":\"PropertyValueSpecification\",\"valueRequired\":true,\"valueName\":\"search_term_string\"}}],\"inLanguage\":\"en-US\"},{\"@type\":\"Organization\",\"@id\":\"https:\\\/\\\/agendaculturalriodejaneiro.com\\\/#organization\",\"name\":\"Agenda Cultural Rio de Janeiro\",\"alternateName\":\"Agenda RJ\",\"url\":\"https:\\\/\\\/agendaculturalriodejaneiro.com\\\/\",\"logo\":{\"@type\":\"ImageObject\",\"inLanguage\":\"en-US\",\"@id\":\"https:\\\/\\\/agendaculturalriodejaneiro.com\\\/#\\\/schema\\\/logo\\\/image\\\/\",\"url\":\"https:\\\/\\\/agendaculturalriodejaneiro.com\\\/wp-content\\\/uploads\\\/2024\\\/11\\\/cropped-profile-photo-01.jpg\",\"contentUrl\":\"https:\\\/\\\/agendaculturalriodejaneiro.com\\\/wp-content\\\/uploads\\\/2024\\\/11\\\/cropped-profile-photo-01.jpg\",\"width\":512,\"height\":512,\"caption\":\"Agenda Cultural Rio de Janeiro\"},\"image\":{\"@id\":\"https:\\\/\\\/agendaculturalriodejaneiro.com\\\/#\\\/schema\\\/logo\\\/image\\\/\"},\"sameAs\":[\"https:\\\/\\\/www.facebook.com\\\/agenda_cultural_rio_de_janeiro-106278728546059\",\"https:\\\/\\\/www.instagram.com\\\/agenda_cultural_rio_de_janeiro\\\/\"]}]}<\/script>\n<!-- \/ Yoast SEO plugin. -->","yoast_head_json":{"title":"Theater plays - Rio de Janeiro - Agenda | Events| RJ","description":"Theater plays - Rio de Janeiro - Theater Programming - Events - Musicals - Tickets - Agenda Teatro Rio de Janeiro RJ","robots":{"index":"index","follow":"follow","max-snippet":"max-snippet:-1","max-image-preview":"max-image-preview:large","max-video-preview":"max-video-preview:-1"},"canonical":"https:\/\/agendaculturalriodejaneiro.com\/en\/theater-pieces-rio-de-janeiro\/","og_locale":"en_US","og_type":"article","og_title":"Pe\u00e7as de teatro - Rio de Janeiro - Agenda | Eventos| RJ","og_description":"Pe\u00e7as de teatro - Rio de Janeiro - Programa\u00e7\u00e3o de Teatro - Eventos - Musicais - Ingressos - Agenda Teatro Rio de janeiro RJ","og_url":"https:\/\/agendaculturalriodejaneiro.com\/en\/theater-pieces-rio-de-janeiro\/","og_site_name":"Agenda Cultural Rio de Janeiro","article_publisher":"https:\/\/www.facebook.com\/agenda_cultural_rio_de_janeiro-106278728546059","article_modified_time":"2026-07-17T13:34:23+00:00","og_image":[{"width":640,"height":427,"url":"https:\/\/agendaculturalriodejaneiro.com\/wp-content\/uploads\/2022\/02\/martin-de-arriba-qx6QtPOhO9I-unsplash-2.jpg","type":"image\/jpeg"}],"twitter_card":"summary_large_image","twitter_misc":{"Est. reading time":"14 minutes"},"schema":{"@context":"https:\/\/schema.org","@graph":[{"@type":"WebPage","@id":"https:\/\/agendaculturalriodejaneiro.com\/pecas-de-teatro-rio-de-janeiro\/","url":"https:\/\/agendaculturalriodejaneiro.com\/pecas-de-teatro-rio-de-janeiro\/","name":"Theater plays - Rio de Janeiro - Agenda | Events| RJ","isPartOf":{"@id":"https:\/\/agendaculturalriodejaneiro.com\/#website"},"primaryImageOfPage":{"@id":"https:\/\/agendaculturalriodejaneiro.com\/pecas-de-teatro-rio-de-janeiro\/#primaryimage"},"image":{"@id":"https:\/\/agendaculturalriodejaneiro.com\/pecas-de-teatro-rio-de-janeiro\/#primaryimage"},"thumbnailUrl":"https:\/\/agendaculturalriodejaneiro.com\/wp-content\/uploads\/2022\/02\/martin-de-arriba-qx6QtPOhO9I-unsplash-2.jpg","datePublished":"2022-02-12T08:02:41+00:00","dateModified":"2026-07-17T13:34:23+00:00","description":"Theater plays - Rio de Janeiro - Theater Programming - Events - Musicals - Tickets - Agenda Teatro Rio de Janeiro RJ","breadcrumb":{"@id":"https:\/\/agendaculturalriodejaneiro.com\/pecas-de-teatro-rio-de-janeiro\/#breadcrumb"},"inLanguage":"en-US","potentialAction":[{"@type":"ReadAction","target":["https:\/\/agendaculturalriodejaneiro.com\/pecas-de-teatro-rio-de-janeiro\/"]}]},{"@type":"ImageObject","inLanguage":"en-US","@id":"https:\/\/agendaculturalriodejaneiro.com\/pecas-de-teatro-rio-de-janeiro\/#primaryimage","url":"https:\/\/agendaculturalriodejaneiro.com\/wp-content\/uploads\/2022\/02\/martin-de-arriba-qx6QtPOhO9I-unsplash-2.jpg","contentUrl":"https:\/\/agendaculturalriodejaneiro.com\/wp-content\/uploads\/2022\/02\/martin-de-arriba-qx6QtPOhO9I-unsplash-2.jpg","width":640,"height":427,"caption":"Pe\u00e7as de teatro - Rio de Janeiro"},{"@type":"BreadcrumbList","@id":"https:\/\/agendaculturalriodejaneiro.com\/pecas-de-teatro-rio-de-janeiro\/#breadcrumb","itemListElement":[{"@type":"ListItem","position":1,"name":"In\u00edcio","item":"https:\/\/agendaculturalriodejaneiro.com\/"},{"@type":"ListItem","position":2,"name":"Pe\u00e7as de teatro &#8211; Rio de Janeiro"}]},{"@type":"WebSite","@id":"https:\/\/agendaculturalriodejaneiro.com\/#website","url":"https:\/\/agendaculturalriodejaneiro.com\/","name":"Rio de Janeiro Events Guide","description":"Calendar of Events in Rio de Janeiro. What to do in Rio de Janeiro","publisher":{"@id":"https:\/\/agendaculturalriodejaneiro.com\/#organization"},"potentialAction":[{"@type":"SearchAction","target":{"@type":"EntryPoint","urlTemplate":"https:\/\/agendaculturalriodejaneiro.com\/?s={search_term_string}"},"query-input":{"@type":"PropertyValueSpecification","valueRequired":true,"valueName":"search_term_string"}}],"inLanguage":"en-US"},{"@type":"Organization","@id":"https:\/\/agendaculturalriodejaneiro.com\/#organization","name":"Rio de Janeiro Events Guide","alternateName":"Agenda RJ","url":"https:\/\/agendaculturalriodejaneiro.com\/","logo":{"@type":"ImageObject","inLanguage":"en-US","@id":"https:\/\/agendaculturalriodejaneiro.com\/#\/schema\/logo\/image\/","url":"https:\/\/agendaculturalriodejaneiro.com\/wp-content\/uploads\/2024\/11\/cropped-profile-photo-01.jpg","contentUrl":"https:\/\/agendaculturalriodejaneiro.com\/wp-content\/uploads\/2024\/11\/cropped-profile-photo-01.jpg","width":512,"height":512,"caption":"Agenda Cultural Rio de Janeiro"},"image":{"@id":"https:\/\/agendaculturalriodejaneiro.com\/#\/schema\/logo\/image\/"},"sameAs":["https:\/\/www.facebook.com\/agenda_cultural_rio_de_janeiro-106278728546059","https:\/\/www.instagram.com\/agenda_cultural_rio_de_janeiro\/"]}]}},"rttpg_featured_image_url":{"full":["https:\/\/agendaculturalriodejaneiro.com\/wp-content\/uploads\/2022\/02\/martin-de-arriba-qx6QtPOhO9I-unsplash-2.jpg",640,427,false],"landscape":["https:\/\/agendaculturalriodejaneiro.com\/wp-content\/uploads\/2022\/02\/martin-de-arriba-qx6QtPOhO9I-unsplash-2.jpg",640,427,false],"portraits":["https:\/\/agendaculturalriodejaneiro.com\/wp-content\/uploads\/2022\/02\/martin-de-arriba-qx6QtPOhO9I-unsplash-2.jpg",640,427,false],"thumbnail":["https:\/\/agendaculturalriodejaneiro.com\/wp-content\/uploads\/2022\/02\/martin-de-arriba-qx6QtPOhO9I-unsplash-2-150x150.jpg",150,150,true],"medium":["https:\/\/agendaculturalriodejaneiro.com\/wp-content\/uploads\/2022\/02\/martin-de-arriba-qx6QtPOhO9I-unsplash-2-300x200.jpg",300,200,true],"large":["https:\/\/agendaculturalriodejaneiro.com\/wp-content\/uploads\/2022\/02\/martin-de-arriba-qx6QtPOhO9I-unsplash-2.jpg",640,427,false],"thumblist":["https:\/\/agendaculturalriodejaneiro.com\/wp-content\/uploads\/2022\/02\/martin-de-arriba-qx6QtPOhO9I-unsplash-2-300x300.jpg",300,300,true],"thumbrelated":["https:\/\/agendaculturalriodejaneiro.com\/wp-content\/uploads\/2022\/02\/martin-de-arriba-qx6QtPOhO9I-unsplash-2.jpg",500,334,false],"meccarouselthumb":["https:\/\/agendaculturalriodejaneiro.com\/wp-content\/uploads\/2022\/02\/martin-de-arriba-qx6QtPOhO9I-unsplash-2-474x324.jpg",474,324,true],"gridsquare":["https:\/\/agendaculturalriodejaneiro.com\/wp-content\/uploads\/2022\/02\/martin-de-arriba-qx6QtPOhO9I-unsplash-2-391x260.jpg",391,260,true],"tileview":["https:\/\/agendaculturalriodejaneiro.com\/wp-content\/uploads\/2022\/02\/martin-de-arriba-qx6QtPOhO9I-unsplash-2-300x400.jpg",300,400,true],"1536x1536":["https:\/\/agendaculturalriodejaneiro.com\/wp-content\/uploads\/2022\/02\/martin-de-arriba-qx6QtPOhO9I-unsplash-2.jpg",640,427,false],"2048x2048":["https:\/\/agendaculturalriodejaneiro.com\/wp-content\/uploads\/2022\/02\/martin-de-arriba-qx6QtPOhO9I-unsplash-2.jpg",640,427,false],"trp-custom-language-flag":["https:\/\/agendaculturalriodejaneiro.com\/wp-content\/uploads\/2022\/02\/martin-de-arriba-qx6QtPOhO9I-unsplash-2.jpg",18,12,false],"neve-blog":["https:\/\/agendaculturalriodejaneiro.com\/wp-content\/uploads\/2022\/02\/martin-de-arriba-qx6QtPOhO9I-unsplash-2.jpg",640,427,false]},"rttpg_author":{"display_name":"AgendaRio","author_link":"https:\/\/agendaculturalriodejaneiro.com\/en\/author\/agendario\/"},"rttpg_comment":0,"rttpg_category":null,"rttpg_excerpt":"In\u00edcio Pe\u00e7as de teatro Teatro em cartaz no Rio Pe\u00e7as de teatro no Rio de Janeiro Encontre dramas, com\u00e9dias, musicais, dan\u00e7a, mon\u00f3logos, espet\u00e1culos infantis e outras produ\u00e7\u00f5es em cartaz nos teatros e espa\u00e7os culturais cariocas. Ver pe\u00e7as em cartaz \u2193 Ver teatro infantil \ud83c\udfad Diferentes g\u00eaneros Com\u00e9dias, dramas, musicais, dan\u00e7a e mon\u00f3logos. \ud83d\udcc5 Datas e&hellip;&nbsp;","_links":{"self":[{"href":"https:\/\/agendaculturalriodejaneiro.com\/en\/wp-json\/wp\/v2\/pages\/2050","targetHints":{"allow":["GET"]}}],"collection":[{"href":"https:\/\/agendaculturalriodejaneiro.com\/en\/wp-json\/wp\/v2\/pages"}],"about":[{"href":"https:\/\/agendaculturalriodejaneiro.com\/en\/wp-json\/wp\/v2\/types\/page"}],"author":[{"embeddable":true,"href":"https:\/\/agendaculturalriodejaneiro.com\/en\/wp-json\/wp\/v2\/users\/1"}],"replies":[{"embeddable":true,"href":"https:\/\/agendaculturalriodejaneiro.com\/en\/wp-json\/wp\/v2\/comments?post=2050"}],"version-history":[{"count":0,"href":"https:\/\/agendaculturalriodejaneiro.com\/en\/wp-json\/wp\/v2\/pages\/2050\/revisions"}],"wp:featuredmedia":[{"embeddable":true,"href":"https:\/\/agendaculturalriodejaneiro.com\/en\/wp-json\/wp\/v2\/media\/2075"}],"wp:attachment":[{"href":"https:\/\/agendaculturalriodejaneiro.com\/en\/wp-json\/wp\/v2\/media?parent=2050"}],"curies":[{"name":"wp","href":"https:\/\/api.w.org\/{rel}","templated":true}]}}