{"id":15974,"date":"2024-03-14T10:17:34","date_gmt":"2024-03-14T10:17:34","guid":{"rendered":"https:\/\/agendaculturalriodejaneiro.com\/?page_id=15974"},"modified":"2026-08-06T06:22:13","modified_gmt":"2026-08-06T09:22:13","slug":"highlights-rio-de-janeiro","status":"publish","type":"page","link":"https:\/\/agendaculturalriodejaneiro.com\/en\/destaques-rio-de-janeiro\/","title":{"rendered":"Culture News in Rio de Janeiro | Highlights"},"content":{"rendered":"\t\t<div data-elementor-type=\"wp-page\" data-elementor-id=\"15974\" class=\"elementor elementor-15974\" data-elementor-post-type=\"page\">\n\t\t\t\t\t\t<section class=\"elementor-section elementor-top-section elementor-element elementor-element-a613c75 elementor-section-boxed elementor-section-height-default elementor-section-height-default\" data-id=\"a613c75\" data-element_type=\"section\" data-e-type=\"section\">\n\t\t\t\t\t\t<div class=\"elementor-container elementor-column-gap-default\">\n\t\t\t\t\t<div class=\"elementor-column elementor-col-100 elementor-top-column elementor-element elementor-element-7c553f3\" data-id=\"7c553f3\" data-element_type=\"column\" data-e-type=\"column\">\n\t\t\t<div class=\"elementor-widget-wrap elementor-element-populated\">\n\t\t\t\t\t\t<div class=\"elementor-element elementor-element-db5b8b2 elementor-widget elementor-widget-html\" data-id=\"db5b8b2\" data-element_type=\"widget\" data-e-type=\"widget\" data-widget_type=\"html.default\">\n\t\t\t\t<div class=\"elementor-widget-container\">\n\t\t\t\t\t<link rel=\"preconnect\" href=\"https:\/\/fonts.googleapis.com\">\r\n<link rel=\"preconnect\" href=\"https:\/\/fonts.gstatic.com\" crossorigin>\r\n<link href=\"https:\/\/fonts.googleapis.com\/css2?family=Poppins:wght@400;500;600;700;800;900&display=swap\" rel=\"stylesheet\">\r\n\r\n<div class=\"acrj-destaques-page\">\r\n\r\n<style>\r\n.acrj-destaques-page,\r\n.acrj-destaques-posts-shell,\r\n.acrj-destaques-mec-shell {\r\n    --acrj-destaques-ciano: #00a6c2;\r\n    --acrj-destaques-ciano-escuro: #007f98;\r\n    --acrj-destaques-ciano-profundo: #005f73;\r\n    --acrj-destaques-amarelo: #ffe000;\r\n    --acrj-destaques-amarelo-hover: #f1d300;\r\n    --acrj-destaques-preto: #080b10;\r\n    --acrj-destaques-texto: #202830;\r\n    --acrj-destaques-cinza: #62707a;\r\n    --acrj-destaques-fundo: #f4f8f9;\r\n    --acrj-destaques-branco: #ffffff;\r\n    --acrj-destaques-linha: #dbe7ea;\r\n    --acrj-destaques-sombra: 0 14px 35px rgba(8, 11, 16, 0.08);\r\n    --acrj-destaques-sombra-hover: 0 22px 46px rgba(8, 11, 16, 0.14);\r\n    --acrj-destaques-largura: 1180px;\r\n\r\n    font-family: \"Poppins\", Arial, Helvetica, sans-serif;\r\n    box-sizing: border-box;\r\n}\r\n\r\n.acrj-destaques-page *,\r\n.acrj-destaques-page *::before,\r\n.acrj-destaques-page *::after,\r\n.acrj-destaques-posts-shell *,\r\n.acrj-destaques-posts-shell *::before,\r\n.acrj-destaques-posts-shell *::after,\r\n.acrj-destaques-mec-shell *,\r\n.acrj-destaques-mec-shell *::before,\r\n.acrj-destaques-mec-shell *::after {\r\n    box-sizing: border-box;\r\n}\r\n\r\n.acrj-destaques-page {\r\n    width: 100%;\r\n    color: var(--acrj-destaques-texto);\r\n    background: var(--acrj-destaques-branco);\r\n    overflow-x: clip;\r\n}\r\n\r\n.acrj-destaques-page a {\r\n    text-decoration: none;\r\n}\r\n\r\n.acrj-destaques-inner {\r\n    width: min(calc(100% - 40px), var(--acrj-destaques-largura));\r\n    margin: 0 auto;\r\n}\r\n\r\n\/* HERO *\/\r\n\r\n.acrj-destaques-hero {\r\n    position: relative;\r\n    isolation: isolate;\r\n    overflow: hidden;\r\n    color: var(--acrj-destaques-branco);\r\n    background:\r\n        radial-gradient(\r\n            circle at 88% 10%,\r\n            rgba(255, 224, 0, 0.27),\r\n            transparent 28%\r\n        ),\r\n        radial-gradient(\r\n            circle at 7% 100%,\r\n            rgba(0, 166, 194, 0.36),\r\n            transparent 35%\r\n        ),\r\n        linear-gradient(\r\n            135deg,\r\n            #071017 0%,\r\n            #14323b 53%,\r\n            #006d83 100%\r\n        );\r\n}\r\n\r\n.acrj-destaques-hero::before,\r\n.acrj-destaques-hero::after {\r\n    position: absolute;\r\n    z-index: -1;\r\n    display: block;\r\n    border-radius: 50%;\r\n    content: \"\";\r\n    pointer-events: none;\r\n}\r\n\r\n.acrj-destaques-hero::before {\r\n    top: -185px;\r\n    right: -130px;\r\n    width: 430px;\r\n    height: 430px;\r\n    border: 1px solid rgba(255, 255, 255, 0.12);\r\n}\r\n\r\n.acrj-destaques-hero::after {\r\n    bottom: -215px;\r\n    left: -150px;\r\n    width: 460px;\r\n    height: 460px;\r\n    border: 1px solid rgba(0, 166, 194, 0.42);\r\n}\r\n\r\n.acrj-destaques-hero-inner {\r\n    position: relative;\r\n    padding: 54px 0 82px;\r\n}\r\n\r\n.acrj-destaques-breadcrumb {\r\n    display: flex;\r\n    flex-wrap: wrap;\r\n    align-items: center;\r\n    gap: 9px;\r\n    margin-bottom: 61px;\r\n    color: rgba(255, 255, 255, 0.74);\r\n    font-size: 13px;\r\n    font-weight: 600;\r\n    line-height: 1.5;\r\n}\r\n\r\n.acrj-destaques-breadcrumb a {\r\n    color: rgba(255, 255, 255, 0.82);\r\n    transition: color 0.2s ease;\r\n}\r\n\r\n.acrj-destaques-breadcrumb a:hover,\r\n.acrj-destaques-breadcrumb a:focus-visible {\r\n    color: var(--acrj-destaques-amarelo);\r\n}\r\n\r\n.acrj-destaques-breadcrumb-separator {\r\n    color: rgba(255, 224, 0, 0.72);\r\n}\r\n\r\n.acrj-destaques-hero-content {\r\n    max-width: 910px;\r\n}\r\n\r\n.acrj-destaques-kicker {\r\n    display: inline-flex;\r\n    align-items: center;\r\n    gap: 9px;\r\n    margin: 0 0 20px;\r\n    color: var(--acrj-destaques-amarelo);\r\n    font-size: 12px;\r\n    font-weight: 800;\r\n    line-height: 1.4;\r\n    letter-spacing: 0.13em;\r\n    text-transform: uppercase;\r\n}\r\n\r\n.acrj-destaques-kicker::before {\r\n    width: 34px;\r\n    height: 3px;\r\n    border-radius: 999px;\r\n    background: var(--acrj-destaques-amarelo);\r\n    content: \"\";\r\n}\r\n\r\n.acrj-destaques-title {\r\n    max-width: 900px;\r\n    margin: 0;\r\n    color: var(--acrj-destaques-branco);\r\n    font-size: clamp(39px, 6vw, 68px);\r\n    font-weight: 800;\r\n    line-height: 1.04;\r\n    letter-spacing: -0.045em;\r\n}\r\n\r\n.acrj-destaques-title span {\r\n    color: var(--acrj-destaques-amarelo);\r\n}\r\n\r\n.acrj-destaques-lead {\r\n    max-width: 790px;\r\n    margin: 27px 0 0;\r\n    color: rgba(255, 255, 255, 0.84);\r\n    font-size: 17px;\r\n    font-weight: 400;\r\n    line-height: 1.82;\r\n}\r\n\r\n.acrj-destaques-actions {\r\n    display: flex;\r\n    flex-wrap: wrap;\r\n    gap: 13px;\r\n    margin-top: 35px;\r\n}\r\n\r\n.acrj-destaques-button {\r\n    display: inline-flex;\r\n    min-height: 52px;\r\n    align-items: center;\r\n    justify-content: center;\r\n    gap: 10px;\r\n    padding: 13px 23px;\r\n    border: 1px solid transparent;\r\n    border-radius: 999px;\r\n    font-size: 14px;\r\n    font-weight: 800;\r\n    line-height: 1.3;\r\n    transition:\r\n        transform 0.2s ease,\r\n        background 0.2s ease,\r\n        border-color 0.2s ease,\r\n        color 0.2s ease;\r\n}\r\n\r\n.acrj-destaques-button:hover,\r\n.acrj-destaques-button:focus-visible {\r\n    transform: translateY(-2px);\r\n}\r\n\r\n.acrj-destaques-button-primary {\r\n    color: var(--acrj-destaques-preto);\r\n    background: var(--acrj-destaques-amarelo);\r\n}\r\n\r\n.acrj-destaques-button-primary:hover,\r\n.acrj-destaques-button-primary:focus-visible {\r\n    color: var(--acrj-destaques-preto);\r\n    background: var(--acrj-destaques-amarelo-hover);\r\n}\r\n\r\n.acrj-destaques-button-secondary {\r\n    color: var(--acrj-destaques-branco);\r\n    background: rgba(255, 255, 255, 0.08);\r\n    border-color: rgba(255, 255, 255, 0.31);\r\n    backdrop-filter: blur(8px);\r\n}\r\n\r\n.acrj-destaques-button-secondary:hover,\r\n.acrj-destaques-button-secondary:focus-visible {\r\n    color: var(--acrj-destaques-branco);\r\n    background: rgba(255, 255, 255, 0.15);\r\n    border-color: rgba(255, 255, 255, 0.52);\r\n}\r\n\r\n.acrj-destaques-button-arrow {\r\n    font-size: 18px;\r\n    line-height: 1;\r\n}\r\n\r\n\/* RESUMO *\/\r\n\r\n.acrj-destaques-summary {\r\n    position: relative;\r\n    z-index: 3;\r\n    margin-top: -35px;\r\n}\r\n\r\n.acrj-destaques-summary-grid {\r\n    display: grid;\r\n    grid-template-columns: repeat(3, minmax(0, 1fr));\r\n    gap: 22px;\r\n}\r\n\r\n.acrj-destaques-summary-card {\r\n    position: relative;\r\n    min-height: 176px;\r\n    overflow: hidden;\r\n    padding: 27px 27px 25px;\r\n    background: var(--acrj-destaques-branco);\r\n    border: 1px solid var(--acrj-destaques-linha);\r\n    border-top: 4px solid var(--acrj-destaques-ciano);\r\n    border-radius: 18px;\r\n    box-shadow: var(--acrj-destaques-sombra);\r\n    transition:\r\n        transform 0.22s ease,\r\n        border-color 0.22s ease,\r\n        box-shadow 0.22s ease;\r\n}\r\n\r\n.acrj-destaques-summary-card:hover {\r\n    transform: translateY(-4px);\r\n    border-color: var(--acrj-destaques-ciano);\r\n    box-shadow: var(--acrj-destaques-sombra-hover);\r\n}\r\n\r\n.acrj-destaques-summary-number {\r\n    position: absolute;\r\n    top: 15px;\r\n    right: 20px;\r\n    color: rgba(0, 166, 194, 0.13);\r\n    font-size: 46px;\r\n    font-weight: 900;\r\n    line-height: 1;\r\n    letter-spacing: -0.06em;\r\n}\r\n\r\n.acrj-destaques-summary-label {\r\n    display: block;\r\n    margin-bottom: 11px;\r\n    color: var(--acrj-destaques-ciano-escuro);\r\n    font-size: 10px;\r\n    font-weight: 800;\r\n    line-height: 1.4;\r\n    letter-spacing: 0.11em;\r\n    text-transform: uppercase;\r\n}\r\n\r\n.acrj-destaques-summary-card h2 {\r\n    max-width: 88%;\r\n    margin: 0 0 10px;\r\n    color: var(--acrj-destaques-preto);\r\n    font-size: 19px;\r\n    font-weight: 800;\r\n    line-height: 1.3;\r\n    letter-spacing: -0.025em;\r\n}\r\n\r\n.acrj-destaques-summary-card p {\r\n    margin: 0;\r\n    color: var(--acrj-destaques-cinza);\r\n    font-size: 13px;\r\n    font-weight: 400;\r\n    line-height: 1.7;\r\n}\r\n\r\n\/* ADSENSE *\/\r\n\r\n.acrj-destaques-ad-section {\r\n    padding: 59px 0 54px;\r\n    background: var(--acrj-destaques-branco);\r\n}\r\n\r\n.acrj-destaques-ad-wrap {\r\n    display: flex;\r\n    flex-direction: column;\r\n    align-items: center;\r\n    justify-content: center;\r\n}\r\n\r\n.acrj-destaques-ad-label {\r\n    display: block;\r\n    margin-bottom: 8px;\r\n    color: #7e8990;\r\n    font-size: 10px;\r\n    font-weight: 700;\r\n    line-height: 1.3;\r\n    letter-spacing: 0.12em;\r\n    text-align: center;\r\n    text-transform: uppercase;\r\n}\r\n\r\n.acrj-destaques-ad-unit {\r\n    width: 728px;\r\n    max-width: 100%;\r\n    height: 90px;\r\n    min-height: 90px;\r\n    overflow: hidden;\r\n}\r\n\r\n\/* INTRODU\u00c7\u00c3O DOS ARTIGOS *\/\r\n\r\n.acrj-destaques-articles-intro {\r\n    position: relative;\r\n    padding: 72px 0 38px;\r\n    background: var(--acrj-destaques-fundo);\r\n    border-top: 1px solid var(--acrj-destaques-linha);\r\n}\r\n\r\n.acrj-destaques-intro-layout {\r\n    display: grid;\r\n    grid-template-columns: minmax(0, 1fr) auto;\r\n    align-items: end;\r\n    gap: 35px;\r\n}\r\n\r\n.acrj-destaques-section-kicker {\r\n    display: block;\r\n    margin-bottom: 12px;\r\n    color: var(--acrj-destaques-ciano-escuro);\r\n    font-size: 11px;\r\n    font-weight: 800;\r\n    line-height: 1.4;\r\n    letter-spacing: 0.12em;\r\n    text-transform: uppercase;\r\n}\r\n\r\n.acrj-destaques-section-title {\r\n    max-width: 800px;\r\n    margin: 0;\r\n    color: var(--acrj-destaques-preto);\r\n    font-size: clamp(30px, 4vw, 44px);\r\n    font-weight: 800;\r\n    line-height: 1.13;\r\n    letter-spacing: -0.04em;\r\n}\r\n\r\n.acrj-destaques-section-description {\r\n    max-width: 790px;\r\n    margin: 19px 0 0;\r\n    color: var(--acrj-destaques-cinza);\r\n    font-size: 15px;\r\n    font-weight: 400;\r\n    line-height: 1.83;\r\n}\r\n\r\n.acrj-destaques-editorial-badge {\r\n    display: inline-flex;\r\n    min-width: 171px;\r\n    align-items: center;\r\n    justify-content: center;\r\n    gap: 9px;\r\n    padding: 12px 17px;\r\n    color: var(--acrj-destaques-preto);\r\n    background: var(--acrj-destaques-amarelo);\r\n    border-radius: 999px;\r\n    font-size: 12px;\r\n    font-weight: 800;\r\n    line-height: 1.4;\r\n    white-space: nowrap;\r\n}\r\n\r\n.acrj-destaques-editorial-badge::before {\r\n    width: 8px;\r\n    height: 8px;\r\n    border-radius: 50%;\r\n    background: var(--acrj-destaques-preto);\r\n    content: \"\";\r\n}\r\n\r\n\/*\r\n=================================================\r\nGRADE DE ARTIGOS DO ELEMENTOR\r\nAdicionar a classe acrj-destaques-posts-shell\r\nao container que envolve o Loop Grid ou Posts.\r\n=================================================\r\n*\/\r\n\r\n.acrj-destaques-posts-shell {\r\n    width: min(calc(100% - 40px), var(--acrj-destaques-largura));\r\n    margin: 0 auto;\r\n    padding: 0 0 80px;\r\n    overflow-x: clip;\r\n}\r\n\r\n.acrj-destaques-posts-shell .elementor-loop-container,\r\n.acrj-destaques-posts-shell .elementor-posts-container,\r\n.acrj-destaques-posts-shell .elementor-widget-posts .elementor-posts,\r\n.acrj-destaques-posts-shell .elementor-widget-archive-posts .elementor-posts {\r\n    display: grid !important;\r\n    grid-template-columns: repeat(3, minmax(0, 1fr)) !important;\r\n    column-gap: 30px !important;\r\n    row-gap: 34px !important;\r\n    align-items: stretch !important;\r\n}\r\n\r\n.acrj-destaques-posts-shell .e-loop-item,\r\n.acrj-destaques-posts-shell article.elementor-post,\r\n.acrj-destaques-posts-shell .elementor-post {\r\n    position: relative;\r\n    min-width: 0;\r\n    height: 100%;\r\n    overflow: hidden;\r\n    background: var(--acrj-destaques-branco);\r\n    border: 1px solid var(--acrj-destaques-linha);\r\n    border-top: 4px solid var(--acrj-destaques-ciano);\r\n    border-radius: 18px;\r\n    box-shadow: 0 10px 27px rgba(8, 11, 16, 0.06);\r\n    transition:\r\n        transform 0.22s ease,\r\n        border-color 0.22s ease,\r\n        box-shadow 0.22s ease;\r\n}\r\n\r\n.acrj-destaques-posts-shell .e-loop-item:hover,\r\n.acrj-destaques-posts-shell article.elementor-post:hover,\r\n.acrj-destaques-posts-shell .elementor-post:hover {\r\n    transform: translateY(-4px);\r\n    border-color: var(--acrj-destaques-ciano);\r\n    box-shadow: var(--acrj-destaques-sombra-hover);\r\n}\r\n\r\n.acrj-destaques-posts-shell .elementor-post__thumbnail,\r\n.acrj-destaques-posts-shell .elementor-post__thumbnail__link {\r\n    display: block;\r\n    width: 100%;\r\n    overflow: hidden;\r\n}\r\n\r\n.acrj-destaques-posts-shell .elementor-post__thumbnail img,\r\n.acrj-destaques-posts-shell .elementor-widget-theme-post-featured-image img,\r\n.acrj-destaques-posts-shell .e-loop-item .elementor-widget-image:first-of-type img {\r\n    display: block;\r\n    width: 100% !important;\r\n    height: 215px !important;\r\n    object-fit: cover !important;\r\n    object-position: center !important;\r\n    transition: transform 0.35s ease;\r\n}\r\n\r\n.acrj-destaques-posts-shell .e-loop-item:hover img,\r\n.acrj-destaques-posts-shell article.elementor-post:hover img {\r\n    transform: scale(1.025);\r\n}\r\n\r\n.acrj-destaques-posts-shell .elementor-post__text {\r\n    display: flex;\r\n    min-width: 0;\r\n    height: 100%;\r\n    flex-direction: column;\r\n    padding: 23px 23px 25px;\r\n}\r\n\r\n.acrj-destaques-posts-shell .elementor-post__meta-data,\r\n.acrj-destaques-posts-shell .elementor-post-info__terms-list,\r\n.acrj-destaques-posts-shell .elementor-widget-post-info {\r\n    color: var(--acrj-destaques-ciano-escuro);\r\n    font-family: \"Poppins\", Arial, Helvetica, sans-serif !important;\r\n    font-size: 11px !important;\r\n    font-weight: 700 !important;\r\n    line-height: 1.5 !important;\r\n    letter-spacing: 0.04em;\r\n}\r\n\r\n.acrj-destaques-posts-shell .elementor-post__title,\r\n.acrj-destaques-posts-shell .elementor-post__title a,\r\n.acrj-destaques-posts-shell .elementor-heading-title,\r\n.acrj-destaques-posts-shell .elementor-heading-title a {\r\n    color: var(--acrj-destaques-preto) !important;\r\n    font-family: \"Poppins\", Arial, Helvetica, sans-serif !important;\r\n    font-size: 19px !important;\r\n    font-weight: 800 !important;\r\n    line-height: 1.35 !important;\r\n    letter-spacing: -0.028em !important;\r\n}\r\n\r\n.acrj-destaques-posts-shell .elementor-post__title,\r\n.acrj-destaques-posts-shell .elementor-heading-title {\r\n    display: -webkit-box;\r\n    overflow: hidden;\r\n    -webkit-box-orient: vertical;\r\n    -webkit-line-clamp: 3;\r\n}\r\n\r\n.acrj-destaques-posts-shell .elementor-post__title a:hover,\r\n.acrj-destaques-posts-shell .elementor-heading-title a:hover {\r\n    color: var(--acrj-destaques-ciano-escuro) !important;\r\n}\r\n\r\n.acrj-destaques-posts-shell .elementor-post__excerpt,\r\n.acrj-destaques-posts-shell .elementor-post__excerpt p,\r\n.acrj-destaques-posts-shell .elementor-widget-theme-post-excerpt,\r\n.acrj-destaques-posts-shell .elementor-widget-theme-post-excerpt p {\r\n    color: var(--acrj-destaques-cinza) !important;\r\n    font-family: \"Poppins\", Arial, Helvetica, sans-serif !important;\r\n    font-size: 13px !important;\r\n    font-weight: 400 !important;\r\n    line-height: 1.7 !important;\r\n}\r\n\r\n.acrj-destaques-posts-shell .elementor-post__excerpt,\r\n.acrj-destaques-posts-shell .elementor-widget-theme-post-excerpt {\r\n    display: -webkit-box;\r\n    overflow: hidden;\r\n    -webkit-box-orient: vertical;\r\n    -webkit-line-clamp: 2;\r\n}\r\n\r\n.acrj-destaques-posts-shell .elementor-post__read-more,\r\n.acrj-destaques-posts-shell .elementor-button,\r\n.acrj-destaques-posts-shell .e-loop-item a.elementor-button {\r\n    display: inline-flex !important;\r\n    min-height: 43px;\r\n    align-items: center;\r\n    justify-content: center;\r\n    margin-top: auto;\r\n    padding: 10px 17px !important;\r\n    color: var(--acrj-destaques-branco) !important;\r\n    background: var(--acrj-destaques-preto) !important;\r\n    border: 1px solid var(--acrj-destaques-preto) !important;\r\n    border-radius: 999px !important;\r\n    font-family: \"Poppins\", Arial, Helvetica, sans-serif !important;\r\n    font-size: 12px !important;\r\n    font-weight: 800 !important;\r\n    line-height: 1.3 !important;\r\n    text-align: center;\r\n    transition:\r\n        background 0.2s ease,\r\n        border-color 0.2s ease,\r\n        color 0.2s ease,\r\n        transform 0.2s ease;\r\n}\r\n\r\n.acrj-destaques-posts-shell .elementor-post__read-more:hover,\r\n.acrj-destaques-posts-shell .elementor-button:hover,\r\n.acrj-destaques-posts-shell .e-loop-item a.elementor-button:hover {\r\n    color: var(--acrj-destaques-preto) !important;\r\n    background: var(--acrj-destaques-amarelo) !important;\r\n    border-color: var(--acrj-destaques-amarelo) !important;\r\n    transform: translateY(-1px);\r\n}\r\n\r\n.acrj-destaques-posts-shell .elementor-pagination,\r\n.acrj-destaques-posts-shell .e-load-more-anchor,\r\n.acrj-destaques-posts-shell .elementor-button-wrapper {\r\n    margin-top: 42px;\r\n    text-align: center;\r\n}\r\n\r\n.acrj-destaques-posts-shell .elementor-pagination a,\r\n.acrj-destaques-posts-shell .elementor-pagination span {\r\n    display: inline-flex;\r\n    min-width: 41px;\r\n    min-height: 41px;\r\n    align-items: center;\r\n    justify-content: center;\r\n    margin: 3px;\r\n    padding: 8px 12px;\r\n    color: var(--acrj-destaques-preto);\r\n    background: var(--acrj-destaques-branco);\r\n    border: 1px solid var(--acrj-destaques-linha);\r\n    border-radius: 999px;\r\n    font-size: 13px;\r\n    font-weight: 800;\r\n}\r\n\r\n.acrj-destaques-posts-shell .elementor-pagination .current,\r\n.acrj-destaques-posts-shell .elementor-pagination a:hover {\r\n    background: var(--acrj-destaques-amarelo);\r\n    border-color: var(--acrj-destaques-amarelo);\r\n}\r\n\r\n\/*\r\n=================================================\r\nCOMPATIBILIDADE OPCIONAL COM MEC\r\nUse acrj-destaques-mec-shell somente se existir\r\numa listagem MEC dentro desta p\u00e1gina.\r\n=================================================\r\n*\/\r\n\r\n.acrj-destaques-mec-shell {\r\n    width: min(calc(100% - 40px), var(--acrj-destaques-largura));\r\n    margin: 0 auto;\r\n    padding: 0 0 80px;\r\n    overflow-x: clip;\r\n}\r\n\r\n.acrj-destaques-mec-shell .mec-event-list-standard,\r\n.acrj-destaques-mec-shell .mec-event-list-modern {\r\n    display: grid !important;\r\n    grid-template-columns: repeat(3, minmax(0, 1fr));\r\n    column-gap: 30px !important;\r\n    row-gap: 34px !important;\r\n    align-items: stretch !important;\r\n}\r\n\r\n.acrj-destaques-mec-shell .mec-event-article {\r\n    width: 100% !important;\r\n    min-width: 0 !important;\r\n    height: 100%;\r\n    margin: 0 !important;\r\n    overflow: hidden;\r\n    background: var(--acrj-destaques-branco) !important;\r\n    border: 1px solid var(--acrj-destaques-linha) !important;\r\n    border-top: 4px solid var(--acrj-destaques-ciano) !important;\r\n    border-radius: 18px !important;\r\n    box-shadow: 0 10px 27px rgba(8, 11, 16, 0.06) !important;\r\n    transition:\r\n        transform 0.22s ease,\r\n        border-color 0.22s ease,\r\n        box-shadow 0.22s ease;\r\n}\r\n\r\n.acrj-destaques-mec-shell .mec-event-article:hover {\r\n    transform: translateY(-4px);\r\n    border-color: var(--acrj-destaques-ciano) !important;\r\n    box-shadow: var(--acrj-destaques-sombra-hover) !important;\r\n}\r\n\r\n.acrj-destaques-mec-shell .mec-event-image,\r\n.acrj-destaques-mec-shell .mec-event-image img,\r\n.acrj-destaques-mec-shell .mec-event-article img {\r\n    width: 100% !important;\r\n}\r\n\r\n.acrj-destaques-mec-shell .mec-event-image img,\r\n.acrj-destaques-mec-shell .mec-event-article img {\r\n    display: block;\r\n    height: 200px !important;\r\n    object-fit: cover !important;\r\n    object-position: center !important;\r\n}\r\n\r\n.acrj-destaques-mec-shell .mec-event-content {\r\n    padding: 22px !important;\r\n}\r\n\r\n.acrj-destaques-mec-shell .mec-event-title,\r\n.acrj-destaques-mec-shell .mec-event-title a {\r\n    display: -webkit-box;\r\n    overflow: hidden;\r\n    color: var(--acrj-destaques-preto) !important;\r\n    font-family: \"Poppins\", Arial, Helvetica, sans-serif !important;\r\n    font-size: 18px !important;\r\n    font-weight: 800 !important;\r\n    line-height: 1.4 !important;\r\n    letter-spacing: -0.025em !important;\r\n    -webkit-box-orient: vertical;\r\n    -webkit-line-clamp: 3;\r\n}\r\n\r\n.acrj-destaques-mec-shell .mec-event-description,\r\n.acrj-destaques-mec-shell .mec-event-description p,\r\n.acrj-destaques-mec-shell .mec-event-address,\r\n.acrj-destaques-mec-shell .mec-event-address span {\r\n    display: -webkit-box;\r\n    overflow: hidden;\r\n    color: var(--acrj-destaques-cinza) !important;\r\n    font-family: \"Poppins\", Arial, Helvetica, sans-serif !important;\r\n    font-size: 13px !important;\r\n    line-height: 1.6 !important;\r\n    -webkit-box-orient: vertical;\r\n    -webkit-line-clamp: 2;\r\n}\r\n\r\n.acrj-destaques-mec-shell .mec-booking-button,\r\n.acrj-destaques-mec-shell .mec-event-footer .mec-booking-button {\r\n    color: var(--acrj-destaques-branco) !important;\r\n    background: var(--acrj-destaques-preto) !important;\r\n    border: 1px solid var(--acrj-destaques-preto) !important;\r\n    border-radius: 999px !important;\r\n    font-family: \"Poppins\", Arial, Helvetica, sans-serif !important;\r\n    font-size: 12px !important;\r\n    font-weight: 800 !important;\r\n    transition:\r\n        color 0.2s ease,\r\n        background 0.2s ease,\r\n        border-color 0.2s ease;\r\n}\r\n\r\n.acrj-destaques-mec-shell .mec-booking-button:hover,\r\n.acrj-destaques-mec-shell .mec-event-footer .mec-booking-button:hover {\r\n    color: var(--acrj-destaques-preto) !important;\r\n    background: var(--acrj-destaques-amarelo) !important;\r\n    border-color: var(--acrj-destaques-amarelo) !important;\r\n}\r\n\r\n.acrj-destaques-mec-shell .mec-load-more-button {\r\n    display: table !important;\r\n    min-width: 190px;\r\n    margin: 42px auto 0 !important;\r\n    padding: 14px 24px !important;\r\n    color: var(--acrj-destaques-preto) !important;\r\n    background: var(--acrj-destaques-amarelo) !important;\r\n    border: 1px solid var(--acrj-destaques-amarelo) !important;\r\n    border-radius: 999px !important;\r\n    font-family: \"Poppins\", Arial, Helvetica, sans-serif !important;\r\n    font-size: 13px !important;\r\n    font-weight: 800 !important;\r\n}\r\n\r\n.acrj-destaques-mec-shell .mec-load-more-button:hover {\r\n    background: var(--acrj-destaques-amarelo-hover) !important;\r\n    border-color: var(--acrj-destaques-amarelo-hover) !important;\r\n}\r\n\r\n\/* TABLET *\/\r\n\r\n@media (max-width: 1024px) {\r\n    .acrj-destaques-summary-grid {\r\n        grid-template-columns: repeat(3, minmax(0, 1fr));\r\n        gap: 17px;\r\n    }\r\n\r\n    .acrj-destaques-posts-shell .elementor-loop-container,\r\n    .acrj-destaques-posts-shell .elementor-posts-container,\r\n    .acrj-destaques-posts-shell .elementor-widget-posts .elementor-posts,\r\n    .acrj-destaques-posts-shell .elementor-widget-archive-posts .elementor-posts,\r\n    .acrj-destaques-mec-shell .mec-event-list-standard,\r\n    .acrj-destaques-mec-shell .mec-event-list-modern {\r\n        grid-template-columns: repeat(2, minmax(0, 1fr)) !important;\r\n    }\r\n}\r\n\r\n\/* MOBILE *\/\r\n\r\n@media (max-width: 767px) {\r\n    .acrj-destaques-inner {\r\n        width: calc(100% - 28px);\r\n    }\r\n\r\n    .acrj-destaques-hero-inner {\r\n        padding: 31px 0 70px;\r\n    }\r\n\r\n    .acrj-destaques-breadcrumb {\r\n        margin-bottom: 42px;\r\n        font-size: 13px;\r\n    }\r\n\r\n    .acrj-destaques-kicker {\r\n        font-size: 11px;\r\n    }\r\n\r\n    .acrj-destaques-title {\r\n        font-size: clamp(34px, 10.4vw, 48px);\r\n        line-height: 1.07;\r\n        letter-spacing: -0.043em;\r\n    }\r\n\r\n    .acrj-destaques-lead {\r\n        margin-top: 21px;\r\n        font-size: 15px;\r\n        line-height: 1.78;\r\n    }\r\n\r\n    .acrj-destaques-actions {\r\n        display: grid;\r\n        grid-template-columns: minmax(0, 1fr);\r\n        gap: 11px;\r\n        margin-top: 29px;\r\n    }\r\n\r\n    .acrj-destaques-button {\r\n        width: 100%;\r\n    }\r\n\r\n    .acrj-destaques-summary {\r\n        margin-top: -28px;\r\n    }\r\n\r\n    .acrj-destaques-summary-grid {\r\n        grid-template-columns: minmax(0, 1fr);\r\n        gap: 14px;\r\n    }\r\n\r\n    .acrj-destaques-summary-card {\r\n        min-height: 0;\r\n        padding: 23px 22px;\r\n    }\r\n\r\n    .acrj-destaques-summary-card h2 {\r\n        font-size: 18px;\r\n    }\r\n\r\n    .acrj-destaques-summary-card p {\r\n        font-size: 13px;\r\n    }\r\n\r\n    .acrj-destaques-ad-section {\r\n        padding: 45px 0;\r\n    }\r\n\r\n    .acrj-destaques-ad-unit {\r\n        width: 300px;\r\n        max-width: 100%;\r\n        height: 250px;\r\n        min-height: 250px;\r\n    }\r\n\r\n    .acrj-destaques-articles-intro {\r\n        padding: 54px 0 32px;\r\n    }\r\n\r\n    .acrj-destaques-intro-layout {\r\n        grid-template-columns: minmax(0, 1fr);\r\n        align-items: start;\r\n        gap: 22px;\r\n    }\r\n\r\n    .acrj-destaques-section-title {\r\n        font-size: clamp(30px, 9vw, 38px);\r\n    }\r\n\r\n    .acrj-destaques-section-description {\r\n        font-size: 14px;\r\n        line-height: 1.8;\r\n    }\r\n\r\n    .acrj-destaques-editorial-badge {\r\n        min-width: 0;\r\n        width: fit-content;\r\n    }\r\n\r\n    .acrj-destaques-posts-shell,\r\n    .acrj-destaques-mec-shell {\r\n        width: calc(100% - 28px);\r\n        padding-bottom: 58px;\r\n    }\r\n\r\n    .acrj-destaques-posts-shell .elementor-loop-container,\r\n    .acrj-destaques-posts-shell .elementor-posts-container,\r\n    .acrj-destaques-posts-shell .elementor-widget-posts .elementor-posts,\r\n    .acrj-destaques-posts-shell .elementor-widget-archive-posts .elementor-posts,\r\n    .acrj-destaques-mec-shell .mec-event-list-standard,\r\n    .acrj-destaques-mec-shell .mec-event-list-modern {\r\n        grid-template-columns: minmax(0, 1fr) !important;\r\n        row-gap: 24px !important;\r\n    }\r\n\r\n    .acrj-destaques-posts-shell .elementor-post__thumbnail img,\r\n    .acrj-destaques-posts-shell .elementor-widget-theme-post-featured-image img,\r\n    .acrj-destaques-posts-shell .e-loop-item .elementor-widget-image:first-of-type img {\r\n        height: 205px !important;\r\n    }\r\n\r\n    .acrj-destaques-posts-shell .elementor-post__title,\r\n    .acrj-destaques-posts-shell .elementor-post__title a,\r\n    .acrj-destaques-posts-shell .elementor-heading-title,\r\n    .acrj-destaques-posts-shell .elementor-heading-title a {\r\n        font-size: 18px !important;\r\n    }\r\n\r\n    .acrj-destaques-posts-shell .elementor-post__excerpt,\r\n    .acrj-destaques-posts-shell .elementor-post__excerpt p,\r\n    .acrj-destaques-posts-shell .elementor-widget-theme-post-excerpt,\r\n    .acrj-destaques-posts-shell .elementor-widget-theme-post-excerpt p {\r\n        font-size: 13px !important;\r\n    }\r\n}\r\n\r\n@media (prefers-reduced-motion: reduce) {\r\n    .acrj-destaques-page *,\r\n    .acrj-destaques-posts-shell *,\r\n    .acrj-destaques-mec-shell * {\r\n        scroll-behavior: auto !important;\r\n        transition-duration: 0.01ms !important;\r\n        animation-duration: 0.01ms !important;\r\n        animation-iteration-count: 1 !important;\r\n    }\r\n}\r\n<\/style>\r\n\r\n<header class=\"acrj-destaques-hero\">\r\n    <div class=\"acrj-destaques-inner acrj-destaques-hero-inner\">\r\n\r\n        <nav class=\"acrj-destaques-breadcrumb\" aria-label=\"Navega\u00e7\u00e3o estrutural\">\r\n            <a href=\"https:\/\/agendaculturalriodejaneiro.com\/\">Agenda Cultural do Rio de Janeiro<\/a>\r\n            <span class=\"acrj-destaques-breadcrumb-separator\" aria-hidden=\"true\">\u203a<\/span>\r\n            <span aria-current=\"page\">Not\u00edcias e destaques culturais<\/span>\r\n        <\/nav>\r\n\r\n        <div class=\"acrj-destaques-hero-content\">\r\n            <p class=\"acrj-destaques-kicker\">Cultura, cidade e novidades<\/p>\r\n\r\n            <h1 class=\"acrj-destaques-title\">\r\n                Not\u00edcias e <span>destaques culturais<\/span> do Rio de Janeiro\r\n            <\/h1>\r\n\r\n            <p class=\"acrj-destaques-lead\">\r\n                Acompanhe novidades sobre shows, teatro, exposi\u00e7\u00f5es, festivais,\r\n                cinema, patrim\u00f4nio, cultura popular e experi\u00eancias que ajudam\r\n                a descobrir diferentes formas de viver o Rio de Janeiro.\r\n            <\/p>\r\n\r\n            <div class=\"acrj-destaques-actions\">\r\n                <a class=\"acrj-destaques-button acrj-destaques-button-primary\"\r\n                   href=\"#acrj-destaques-artigos\">\r\n                    Ver artigos e novidades\r\n                    <span class=\"acrj-destaques-button-arrow\" aria-hidden=\"true\">\u2193<\/span>\r\n                <\/a>\r\n\r\n                <a class=\"acrj-destaques-button acrj-destaques-button-secondary\"\r\n                   href=\"https:\/\/agendaculturalriodejaneiro.com\/\">\r\n                    Consultar agenda de eventos\r\n                    <span class=\"acrj-destaques-button-arrow\" aria-hidden=\"true\">\u2192<\/span>\r\n                <\/a>\r\n            <\/div>\r\n        <\/div>\r\n\r\n    <\/div>\r\n<\/header>\r\n\r\n<section class=\"acrj-destaques-summary\" aria-label=\"Conte\u00fados desta p\u00e1gina\">\r\n    <div class=\"acrj-destaques-inner\">\r\n\r\n        <div class=\"acrj-destaques-summary-grid\">\r\n\r\n            <article class=\"acrj-destaques-summary-card\">\r\n                <span class=\"acrj-destaques-summary-number\" aria-hidden=\"true\">01<\/span>\r\n                <span class=\"acrj-destaques-summary-label\">Novidades<\/span>\r\n                <h2>Not\u00edcias culturais<\/h2>\r\n                <p>\r\n                    Aberturas, temporadas, projetos, festivais e acontecimentos\r\n                    relevantes da cultura carioca.\r\n                <\/p>\r\n            <\/article>\r\n\r\n            <article class=\"acrj-destaques-summary-card\">\r\n                <span class=\"acrj-destaques-summary-number\" aria-hidden=\"true\">02<\/span>\r\n                <span class=\"acrj-destaques-summary-label\">Descobertas<\/span>\r\n                <h2>Guias para aproveitar o Rio<\/h2>\r\n                <p>\r\n                    Ideias de passeios, espa\u00e7os culturais, programas gratuitos\r\n                    e experi\u00eancias para diferentes p\u00fablicos.\r\n                <\/p>\r\n            <\/article>\r\n\r\n            <article class=\"acrj-destaques-summary-card\">\r\n                <span class=\"acrj-destaques-summary-number\" aria-hidden=\"true\">03<\/span>\r\n                <span class=\"acrj-destaques-summary-label\">Programa\u00e7\u00e3o<\/span>\r\n                <h2>Agenda cultural da cidade<\/h2>\r\n                <p>\r\n                    Liga\u00e7\u00f5es r\u00e1pidas para encontrar shows, pe\u00e7as, exposi\u00e7\u00f5es,\r\n                    atividades infantis e eventos no Rio.\r\n                <\/p>\r\n            <\/article>\r\n\r\n        <\/div>\r\n    <\/div>\r\n<\/section>\r\n\r\n<section class=\"acrj-destaques-ad-section\" aria-label=\"Publicidade\">\r\n    <div class=\"acrj-destaques-inner acrj-destaques-ad-wrap\">\r\n\r\n        <span class=\"acrj-destaques-ad-label\">Publicidade<\/span>\r\n\r\n        <ins class=\"adsbygoogle acrj-destaques-ad-unit\"\r\n             style=\"display:block\"\r\n             data-ad-client=\"ca-pub-1076216326230548\"\r\n             data-desktop-slot=\"5800876183\"\r\n             data-mobile-slot=\"6529814326\"\r\n             data-full-width-responsive=\"true\"><\/ins>\r\n\r\n    <\/div>\r\n<\/section>\r\n\r\n<section class=\"acrj-destaques-articles-intro\" id=\"acrj-destaques-artigos\">\r\n    <div class=\"acrj-destaques-inner acrj-destaques-intro-layout\">\r\n\r\n        <div>\r\n            <span class=\"acrj-destaques-section-kicker\">Artigos e not\u00edcias<\/span>\r\n\r\n            <h2 class=\"acrj-destaques-section-title\">\r\n                O que est\u00e1 movimentando a cultura no Rio\r\n            <\/h2>\r\n\r\n            <p class=\"acrj-destaques-section-description\">\r\n                Explore not\u00edcias, guias e reportagens sobre a programa\u00e7\u00e3o\r\n                cultural carioca. Abra cada publica\u00e7\u00e3o para consultar o\r\n                conte\u00fado completo, as informa\u00e7\u00f5es pr\u00e1ticas e os links\r\n                relacionados ao assunto.\r\n            <\/p>\r\n        <\/div>\r\n\r\n        <aside class=\"acrj-destaques-editorial-badge\">\r\n            Conte\u00fado editorial\r\n        <\/aside>\r\n\r\n    <\/div>\r\n<\/section>\r\n\r\n<script>\r\n(function () {\r\n    \"use strict\";\r\n\r\n    function acrjLoadAdSenseScript() {\r\n        var existingScript = document.querySelector(\r\n            'script[src*=\"pagead2.googlesyndication.com\/pagead\/js\/adsbygoogle.js\"]'\r\n        );\r\n\r\n        if (existingScript) {\r\n            return;\r\n        }\r\n\r\n        var script = document.createElement(\"script\");\r\n        script.async = true;\r\n        script.crossOrigin = \"anonymous\";\r\n        script.src =\r\n            \"https:\/\/pagead2.googlesyndication.com\/pagead\/js\/adsbygoogle.js\" +\r\n            \"?client=ca-pub-1076216326230548\";\r\n\r\n        document.head.appendChild(script);\r\n    }\r\n\r\n    function acrjInitializeAds() {\r\n        var isMobile = window.matchMedia(\"(max-width: 767px)\").matches;\r\n        var ads = document.querySelectorAll(\r\n            \".acrj-destaques-ad-unit:not([data-acrj-ad-initialized])\"\r\n        );\r\n\r\n        ads.forEach(function (ad) {\r\n            var slot = isMobile\r\n                ? ad.getAttribute(\"data-mobile-slot\")\r\n                : ad.getAttribute(\"data-desktop-slot\");\r\n\r\n            if (!slot) {\r\n                return;\r\n            }\r\n\r\n            ad.setAttribute(\"data-ad-slot\", slot);\r\n            ad.setAttribute(\"data-acrj-ad-initialized\", \"true\");\r\n\r\n            try {\r\n                window.adsbygoogle = window.adsbygoogle || [];\r\n                window.adsbygoogle.push({});\r\n            } catch (error) {\r\n                console.warn(\"AdSense n\u00e3o p\u00f4de ser inicializado.\", error);\r\n            }\r\n        });\r\n    }\r\n\r\n    function acrjElementIsVisible(element) {\r\n        if (!element) {\r\n            return false;\r\n        }\r\n\r\n        var style = window.getComputedStyle(element);\r\n        var rect = element.getBoundingClientRect();\r\n\r\n        return (\r\n            style.display !== \"none\" &&\r\n            style.visibility !== \"hidden\" &&\r\n            parseFloat(style.opacity || \"1\") > 0 &&\r\n            rect.width > 0 &&\r\n            rect.height > 0\r\n        );\r\n    }\r\n\r\n    function acrjUpdateNoEventsMessages() {\r\n        var shells = document.querySelectorAll(\".acrj-destaques-mec-shell\");\r\n\r\n        shells.forEach(function (shell) {\r\n            var visibleEvents = Array.from(\r\n                shell.querySelectorAll(\".mec-event-article\")\r\n            ).some(acrjElementIsVisible);\r\n\r\n            var possibleMessages = shell.querySelectorAll(\r\n                \"div, p, span, strong\"\r\n            );\r\n\r\n            possibleMessages.forEach(function (element) {\r\n                var text = (element.textContent || \"\")\r\n                    .replace(\/\\s+\/g, \" \")\r\n                    .trim()\r\n                    .toLowerCase();\r\n\r\n                var isNoEventsMessage =\r\n                    text === \"eventos n\u00e3o encontrados!\" ||\r\n                    text === \"eventos n\u00e3o encontrados\" ||\r\n                    text === \"no event found!\" ||\r\n                    text === \"no event found\";\r\n\r\n                if (!isNoEventsMessage) {\r\n                    return;\r\n                }\r\n\r\n                if (visibleEvents) {\r\n                    element.style.setProperty(\"display\", \"none\", \"important\");\r\n                    element.setAttribute(\"aria-hidden\", \"true\");\r\n                } else {\r\n                    element.style.removeProperty(\"display\");\r\n                    element.removeAttribute(\"aria-hidden\");\r\n                }\r\n            });\r\n        });\r\n    }\r\n\r\n    function acrjStartPageScripts() {\r\n        acrjLoadAdSenseScript();\r\n\r\n        window.setTimeout(acrjInitializeAds, 350);\r\n        window.setTimeout(acrjInitializeAds, 1200);\r\n\r\n        acrjUpdateNoEventsMessages();\r\n\r\n        var observer = new MutationObserver(function () {\r\n            window.requestAnimationFrame(acrjUpdateNoEventsMessages);\r\n        });\r\n\r\n        document\r\n            .querySelectorAll(\".acrj-destaques-mec-shell\")\r\n            .forEach(function (shell) {\r\n                observer.observe(shell, {\r\n                    childList: true,\r\n                    subtree: true,\r\n                    attributes: true,\r\n                    attributeFilter: [\"class\", \"style\"]\r\n                });\r\n            });\r\n    }\r\n\r\n    if (document.readyState === \"loading\") {\r\n        document.addEventListener(\r\n            \"DOMContentLoaded\",\r\n            acrjStartPageScripts,\r\n            { once: true }\r\n        );\r\n    } else {\r\n        acrjStartPageScripts();\r\n    }\r\n})();\r\n<\/script>\r\n\r\n<\/div>\t\t\t\t<\/div>\n\t\t\t\t<\/div>\n\t\t\t\t<div class=\"elementor-element elementor-element-d09cc7d elementor-widget elementor-widget-html\" data-id=\"d09cc7d\" data-element_type=\"widget\" data-e-type=\"widget\" data-widget_type=\"html.default\">\n\t\t\t\t<div class=\"elementor-widget-container\">\n\t\t\t\t\t<script async src=\"https:\/\/pagead2.googlesyndication.com\/pagead\/js\/adsbygoogle.js?client=ca-pub-1076216326230548\"\r\n     crossorigin=\"anonymous\"><\/script>\r\n<!-- Anuncio horizontal adapt\u00e1vel -->\r\n<ins class=\"adsbygoogle\"\r\n     style=\"display:block\"\r\n     data-ad-client=\"ca-pub-1076216326230548\"\r\n     data-ad-slot=\"8379342184\"\r\n     data-ad-format=\"auto\"\r\n     data-full-width-responsive=\"true\"><\/ins>\r\n<script>\r\n     (adsbygoogle = window.adsbygoogle || []).push({});\r\n<\/script>\t\t\t\t<\/div>\n\t\t\t\t<\/div>\n\t\t\t\t<div class=\"elementor-element elementor-element-7267f970 elementor-widget elementor-widget-heading\" data-id=\"7267f970\" data-element_type=\"widget\" data-e-type=\"widget\" data-widget_type=\"heading.default\">\n\t\t\t\t<div class=\"elementor-widget-container\">\n\t\t\t\t\t<h2 class=\"elementor-heading-title elementor-size-default\">ARTIGOS E NOT\u00cdCIAS <\/h2>\t\t\t\t<\/div>\n\t\t\t\t<\/div>\n\t\t\t\t<div class=\"elementor-element elementor-element-69e6174 title-alignment-center meta-visibility-show title_position_default title_hover_border_default title-default img_hover_animation_default meta_position_default readmore-btn-default-style grid-hover-overlay-type-always tpg-el-box-border-enable tpg-border-bottom-disable elementor-widget elementor-widget-tpg-grid-layout\" data-id=\"69e6174\" data-element_type=\"widget\" data-e-type=\"widget\" data-widget_type=\"tpg-grid-layout.default\">\n\t\t\t\t<div class=\"elementor-widget-container\">\n\t\t\t\t\t\t\t<div class=\"rt-container-fluid rt-tpg-container tpg-el-main-wrapper clearfix grid-layout1-main \"\n\t\t\t id=\"rt-tpg-container-3002909709\"\n\t\t\t data-layout=\"grid-layout1\"\n\t\t\t data-grid-style=\"tpg-full-height\"\n\t\t\t data-sc-id=\"elementor\"\n\t\t\t data-el-settings=''\n\t\t\t data-el-query=''\n\t\t\t data-el-path=''\n\t\t>\n\t\t\t\t\t\t<div class='tpg-header-wrapper '>\n\t\t\t\t\t\t\t<\/div>\n\n\t\t\t<div data-title=\"Loading ...\" class=\"rt-row rt-content-loader grid-layout1 grid-behaviour tpg-full-height grid_layout_wrapper\">\n\t\t\t\t<div class=\"rt-col-md-4 rt-col-sm-6 rt-col-xs-12 default rt-grid-item post-52641 post type-post status-publish format-standard has-post-thumbnail hentry category-press category-turismo-no-rio-de-janeiro\"        data-id=\"52641\">\n    <div class=\"rt-holder tpg-post-holder \">\n        <div class=\"rt-detail rt-el-content-wrapper\">\n\t\t\t                <div class=\"rt-img-holder tpg-el-image-wrap has-thumbnail\">\n\t\t\t\t\t<a data-id=\"52641\" href=\"https:\/\/agendaculturalriodejaneiro.com\/en\/2026\/08\/10\/rio-gastronomia-2026\/\" class=\"tpg-post-link\" target=\"_self\">\t\t\t\t\t\t<img fetchpriority=\"high\" decoding=\"async\" src=\"https:\/\/agendaculturalriodejaneiro.com\/wp-content\/uploads\/2026\/08\/ChatGPT-Image-10_08_2026-11_50_51-768x768.jpg\"\n\t\t\t\t\t\t\t class=\"rt-img-responsive\"\n\t\t\t\t\t\t\t width=\"768\"\n\t\t\t\t\t\t\t height=\"768\"\n\t\t\t\t\t\t\t alt=\"Rio Gastronomia 2026 abre venda geral nesta segunda com Samuel Rosa, Marcelo D2, Ferrugem e mais shows\">\n\t\t\t\t\t\t\n\t\t\t\t\t\t\t\n\t\t<\/a>\n\t\t\t\t<div class=\"overlay grid-hover-content\"><\/div>\n\t\t                <\/div>\n\t\t\t\n\t\t\t<div class=\"entry-title-wrapper\"><h3 class=\"entry-title\"><a data-id=\"52641\" href=\"https:\/\/agendaculturalriodejaneiro.com\/en\/2026\/08\/10\/rio-gastronomia-2026\/\" class=\"tpg-post-link\" target=\"_self\">Rio Gastronomia 2026 abre venda geral nesta segunda com Samuel Rosa, Marcelo D2, Ferrugem e mais shows<\/a><\/h3><\/div>\n\t\t\t                <div class=\"post-meta-tags rt-el-post-meta\">\n\t\t\t\t\t                <\/div>\n\t\t\t\n\n\t\t\t                <div class=\"tpg-excerpt tpg-el-excerpt\">\n\t\t\t\t\t                        <div class=\"tpg-excerpt-inner\">\n\t\t\t\t\t\t\tAl\u00e9m da m\u00fasica, o Rio Gastronomia re\u00fane 36 restaurantes e botecos, experi\u00eancias gastron\u00f4micas e outras atra\u00e7\u00f5es no Jockey Club...                        <\/div>\n\t\t\t\t\t\t\t\t\t\t                <\/div>\n\t\t\t\n\t\t\t\t\t<div class=\"post-footer\">\n\t\t\t<div class=\"post-footer\">\n\t\t\t\t<div class=\"read-more\">\n\t\t\t\t\t<a data-id=\"52641\" href=\"https:\/\/agendaculturalriodejaneiro.com\/en\/2026\/08\/10\/rio-gastronomia-2026\/\" class=\"tpg-post-link\" target=\"_self\">VER MAIS<\/a>\t\t\t\t<\/div>\n\t\t\t<\/div>\n\t\t<\/div>\n\t\t        <\/div>\n    <\/div>\n<\/div>\n<div class=\"rt-col-md-4 rt-col-sm-6 rt-col-xs-12 default rt-grid-item post-52476 post type-post status-publish format-standard has-post-thumbnail hentry category-press category-turismo-no-rio-de-janeiro\"        data-id=\"52476\">\n    <div class=\"rt-holder tpg-post-holder \">\n        <div class=\"rt-detail rt-el-content-wrapper\">\n\t\t\t                <div class=\"rt-img-holder tpg-el-image-wrap has-thumbnail\">\n\t\t\t\t\t<a data-id=\"52476\" href=\"https:\/\/agendaculturalriodejaneiro.com\/en\/2026\/07\/28\/noite-dos-enredos-2026-rio-de-janeiro\/\" class=\"tpg-post-link\" target=\"_self\">\t\t\t\t\t\t<img decoding=\"async\" src=\"https:\/\/agendaculturalriodejaneiro.com\/wp-content\/uploads\/2026\/07\/Noite-dos-Enredos-2026-rj.jpg\"\n\t\t\t\t\t\t\t class=\"rt-img-responsive\"\n\t\t\t\t\t\t\t width=\"640\"\n\t\t\t\t\t\t\t height=\"480\"\n\t\t\t\t\t\t\t alt=\"Noite dos Enredos 2026 ser\u00e1 gratuita na Cidade do Samba: veja a data e como entrar\">\n\t\t\t\t\t\t\n\t\t\t\t\t\t\t\n\t\t<\/a>\n\t\t\t\t<div class=\"overlay grid-hover-content\"><\/div>\n\t\t                <\/div>\n\t\t\t\n\t\t\t<div class=\"entry-title-wrapper\"><h3 class=\"entry-title\"><a data-id=\"52476\" href=\"https:\/\/agendaculturalriodejaneiro.com\/en\/2026\/07\/28\/noite-dos-enredos-2026-rio-de-janeiro\/\" class=\"tpg-post-link\" target=\"_self\">Noite dos Enredos 2026 ser\u00e1 gratuita na Cidade do Samba: veja a data e como entrar<\/a><\/h3><\/div>\n\t\t\t                <div class=\"post-meta-tags rt-el-post-meta\">\n\t\t\t\t\t                <\/div>\n\t\t\t\n\n\t\t\t                <div class=\"tpg-excerpt tpg-el-excerpt\">\n\t\t\t\t\t                        <div class=\"tpg-excerpt-inner\">\n\t\t\t\t\t\t\tA Noite dos Enredos 2026 acontece em 7 de agosto, \u00e0s 19h, na Cidade do Samba. Veja como entrar de gra\u00e7a e conhe\u00e7a as 12 escolas...                        <\/div>\n\t\t\t\t\t\t\t\t\t\t                <\/div>\n\t\t\t\n\t\t\t\t\t<div class=\"post-footer\">\n\t\t\t<div class=\"post-footer\">\n\t\t\t\t<div class=\"read-more\">\n\t\t\t\t\t<a data-id=\"52476\" href=\"https:\/\/agendaculturalriodejaneiro.com\/en\/2026\/07\/28\/noite-dos-enredos-2026-rio-de-janeiro\/\" class=\"tpg-post-link\" target=\"_self\">VER MAIS<\/a>\t\t\t\t<\/div>\n\t\t\t<\/div>\n\t\t<\/div>\n\t\t        <\/div>\n    <\/div>\n<\/div>\n<div class=\"rt-col-md-4 rt-col-sm-6 rt-col-xs-12 default rt-grid-item post-52209 post type-post status-publish format-standard has-post-thumbnail hentry category-press category-turismo-no-rio-de-janeiro\"        data-id=\"52209\">\n    <div class=\"rt-holder tpg-post-holder \">\n        <div class=\"rt-detail rt-el-content-wrapper\">\n\t\t\t                <div class=\"rt-img-holder tpg-el-image-wrap has-thumbnail\">\n\t\t\t\t\t<a data-id=\"52209\" href=\"https:\/\/agendaculturalriodejaneiro.com\/en\/2026\/07\/18\/100-curiosidades-do-rio-de-janeiro\/\" class=\"tpg-post-link\" target=\"_self\">\t\t\t\t\t\t<img decoding=\"async\" src=\"https:\/\/agendaculturalriodejaneiro.com\/wp-content\/uploads\/2026\/07\/marcos-paulo-prado-xec7srO4U5c-unsplash-768x512.jpg\"\n\t\t\t\t\t\t\t class=\"rt-img-responsive\"\n\t\t\t\t\t\t\t width=\"768\"\n\t\t\t\t\t\t\t height=\"512\"\n\t\t\t\t\t\t\t alt=\"100 curiosidades do Rio de Janeiro que parecem mentira\">\n\t\t\t\t\t\t\n\t\t\t\t\t\t\t\n\t\t<\/a>\n\t\t\t\t<div class=\"overlay grid-hover-content\"><\/div>\n\t\t                <\/div>\n\t\t\t\n\t\t\t<div class=\"entry-title-wrapper\"><h3 class=\"entry-title\"><a data-id=\"52209\" href=\"https:\/\/agendaculturalriodejaneiro.com\/en\/2026\/07\/18\/100-curiosidades-do-rio-de-janeiro\/\" class=\"tpg-post-link\" target=\"_self\">100 curiosidades do Rio de Janeiro que parecem mentira<\/a><\/h3><\/div>\n\t\t\t                <div class=\"post-meta-tags rt-el-post-meta\">\n\t\t\t\t\t                <\/div>\n\t\t\t\n\n\t\t\t                <div class=\"tpg-excerpt tpg-el-excerpt\">\n\t\t\t\t\t                        <div class=\"tpg-excerpt-inner\">\n\t\t\t\t\t\t\tDescubra 30 lugares secretos e pouco conhecidos no Rio de Janeiro, com museus, jardins, pal\u00e1cios, mirantes e passeios gratuitos atualizados...                        <\/div>\n\t\t\t\t\t\t\t\t\t\t                <\/div>\n\t\t\t\n\t\t\t\t\t<div class=\"post-footer\">\n\t\t\t<div class=\"post-footer\">\n\t\t\t\t<div class=\"read-more\">\n\t\t\t\t\t<a data-id=\"52209\" href=\"https:\/\/agendaculturalriodejaneiro.com\/en\/2026\/07\/18\/100-curiosidades-do-rio-de-janeiro\/\" class=\"tpg-post-link\" target=\"_self\">VER MAIS<\/a>\t\t\t\t<\/div>\n\t\t\t<\/div>\n\t\t<\/div>\n\t\t        <\/div>\n    <\/div>\n<\/div>\n<div class=\"rt-col-md-4 rt-col-sm-6 rt-col-xs-12 default rt-grid-item post-52203 post type-post status-publish format-standard has-post-thumbnail hentry category-press category-turismo-no-rio-de-janeiro\"        data-id=\"52203\">\n    <div class=\"rt-holder tpg-post-holder \">\n        <div class=\"rt-detail rt-el-content-wrapper\">\n\t\t\t                <div class=\"rt-img-holder tpg-el-image-wrap has-thumbnail\">\n\t\t\t\t\t<a data-id=\"52203\" href=\"https:\/\/agendaculturalriodejaneiro.com\/en\/2026\/07\/18\/lugares-secretos-no-rio-de-janeiro\/\" class=\"tpg-post-link\" target=\"_self\">\t\t\t\t\t\t<img loading=\"lazy\" decoding=\"async\" src=\"https:\/\/agendaculturalriodejaneiro.com\/wp-content\/uploads\/2026\/07\/Descubra-30-lugares-secretos-e-pouco-conhecidos-no-Rio-de-Janeiro-com-museus-jardins-palacios-mirantes-e-passeios-gratuitos-atualizados-768x511.jpg\"\n\t\t\t\t\t\t\t class=\"rt-img-responsive\"\n\t\t\t\t\t\t\t width=\"768\"\n\t\t\t\t\t\t\t height=\"511\"\n\t\t\t\t\t\t\t alt=\"Descubra 30 lugares secretos e pouco conhecidos no Rio de Janeiro, com museus, jardins, pal\u00e1cios, mirantes e passeios gratuitos atualizados.\">\n\t\t\t\t\t\t\n\t\t\t\t\t\t\t\n\t\t<\/a>\n\t\t\t\t<div class=\"overlay grid-hover-content\"><\/div>\n\t\t                <\/div>\n\t\t\t\n\t\t\t<div class=\"entry-title-wrapper\"><h3 class=\"entry-title\"><a data-id=\"52203\" href=\"https:\/\/agendaculturalriodejaneiro.com\/en\/2026\/07\/18\/lugares-secretos-no-rio-de-janeiro\/\" class=\"tpg-post-link\" target=\"_self\">Lugares secretos no Rio de Janeiro: 30 passeios diferentes<\/a><\/h3><\/div>\n\t\t\t                <div class=\"post-meta-tags rt-el-post-meta\">\n\t\t\t\t\t                <\/div>\n\t\t\t\n\n\t\t\t                <div class=\"tpg-excerpt tpg-el-excerpt\">\n\t\t\t\t\t                        <div class=\"tpg-excerpt-inner\">\n\t\t\t\t\t\t\tDescubra 30 lugares secretos e pouco conhecidos no Rio de Janeiro, com museus, jardins, pal\u00e1cios, mirantes e passeios gratuitos atualizados...                        <\/div>\n\t\t\t\t\t\t\t\t\t\t                <\/div>\n\t\t\t\n\t\t\t\t\t<div class=\"post-footer\">\n\t\t\t<div class=\"post-footer\">\n\t\t\t\t<div class=\"read-more\">\n\t\t\t\t\t<a data-id=\"52203\" href=\"https:\/\/agendaculturalriodejaneiro.com\/en\/2026\/07\/18\/lugares-secretos-no-rio-de-janeiro\/\" class=\"tpg-post-link\" target=\"_self\">VER MAIS<\/a>\t\t\t\t<\/div>\n\t\t\t<\/div>\n\t\t<\/div>\n\t\t        <\/div>\n    <\/div>\n<\/div>\n<div class=\"rt-col-md-4 rt-col-sm-6 rt-col-xs-12 default rt-grid-item post-52197 post type-post status-publish format-standard has-post-thumbnail hentry category-press category-turismo-no-rio-de-janeiro\"        data-id=\"52197\">\n    <div class=\"rt-holder tpg-post-holder \">\n        <div class=\"rt-detail rt-el-content-wrapper\">\n\t\t\t                <div class=\"rt-img-holder tpg-el-image-wrap has-thumbnail\">\n\t\t\t\t\t<a data-id=\"52197\" href=\"https:\/\/agendaculturalriodejaneiro.com\/en\/2026\/07\/18\/origem-dos-nomes-dos-bairros-do-rio-de-janeiro\/\" class=\"tpg-post-link\" target=\"_self\">\t\t\t\t\t\t<img loading=\"lazy\" decoding=\"async\" src=\"https:\/\/agendaculturalriodejaneiro.com\/wp-content\/uploads\/2026\/07\/luis-diego-aguilar-DEnsSdJHVkk-unsplash-768x504.jpg\"\n\t\t\t\t\t\t\t class=\"rt-img-responsive\"\n\t\t\t\t\t\t\t width=\"768\"\n\t\t\t\t\t\t\t height=\"504\"\n\t\t\t\t\t\t\t alt=\"Origem dos nomes dos bairros do Rio de Janeiro: guia completo\">\n\t\t\t\t\t\t\n\t\t\t\t\t\t\t\n\t\t<\/a>\n\t\t\t\t<div class=\"overlay grid-hover-content\"><\/div>\n\t\t                <\/div>\n\t\t\t\n\t\t\t<div class=\"entry-title-wrapper\"><h3 class=\"entry-title\"><a data-id=\"52197\" href=\"https:\/\/agendaculturalriodejaneiro.com\/en\/2026\/07\/18\/origem-dos-nomes-dos-bairros-do-rio-de-janeiro\/\" class=\"tpg-post-link\" target=\"_self\">Origem dos nomes dos bairros do Rio de Janeiro: guia completo<\/a><\/h3><\/div>\n\t\t\t                <div class=\"post-meta-tags rt-el-post-meta\">\n\t\t\t\t\t                <\/div>\n\t\t\t\n\n\t\t\t                <div class=\"tpg-excerpt tpg-el-excerpt\">\n\t\t\t\t\t                        <div class=\"tpg-excerpt-inner\">\n\t\t\t\t\t\t\tDescubra a origem dos nomes dos bairros do Rio de Janeiro, de Copacabana, Ipanema e Tijuca a Madureira, Bangu, Realengo e Guaratiba...                        <\/div>\n\t\t\t\t\t\t\t\t\t\t                <\/div>\n\t\t\t\n\t\t\t\t\t<div class=\"post-footer\">\n\t\t\t<div class=\"post-footer\">\n\t\t\t\t<div class=\"read-more\">\n\t\t\t\t\t<a data-id=\"52197\" href=\"https:\/\/agendaculturalriodejaneiro.com\/en\/2026\/07\/18\/origem-dos-nomes-dos-bairros-do-rio-de-janeiro\/\" class=\"tpg-post-link\" target=\"_self\">VER MAIS<\/a>\t\t\t\t<\/div>\n\t\t\t<\/div>\n\t\t<\/div>\n\t\t        <\/div>\n    <\/div>\n<\/div>\n<div class=\"rt-col-md-4 rt-col-sm-6 rt-col-xs-12 default rt-grid-item post-52191 post type-post status-publish format-standard has-post-thumbnail hentry category-press category-turismo-no-rio-de-janeiro\"        data-id=\"52191\">\n    <div class=\"rt-holder tpg-post-holder \">\n        <div class=\"rt-detail rt-el-content-wrapper\">\n\t\t\t                <div class=\"rt-img-holder tpg-el-image-wrap has-thumbnail\">\n\t\t\t\t\t<a data-id=\"52191\" href=\"https:\/\/agendaculturalriodejaneiro.com\/en\/2026\/07\/18\/museus-no-rio-de-janeiro\/\" class=\"tpg-post-link\" target=\"_self\">\t\t\t\t\t\t<img loading=\"lazy\" decoding=\"async\" src=\"https:\/\/agendaculturalriodejaneiro.com\/wp-content\/uploads\/2026\/07\/krys-amon-mrdlxnP7hSg-unsplash-768x512.jpg\"\n\t\t\t\t\t\t\t class=\"rt-img-responsive\"\n\t\t\t\t\t\t\t width=\"768\"\n\t\t\t\t\t\t\t height=\"512\"\n\t\t\t\t\t\t\t alt=\"Museus no Rio de Janeiro: guia completo para visitar\">\n\t\t\t\t\t\t\n\t\t\t\t\t\t\t\n\t\t<\/a>\n\t\t\t\t<div class=\"overlay grid-hover-content\"><\/div>\n\t\t                <\/div>\n\t\t\t\n\t\t\t<div class=\"entry-title-wrapper\"><h3 class=\"entry-title\"><a data-id=\"52191\" href=\"https:\/\/agendaculturalriodejaneiro.com\/en\/2026\/07\/18\/museus-no-rio-de-janeiro\/\" class=\"tpg-post-link\" target=\"_self\">Museus no Rio de Janeiro: guia completo para visitar<\/a><\/h3><\/div>\n\t\t\t                <div class=\"post-meta-tags rt-el-post-meta\">\n\t\t\t\t\t                <\/div>\n\t\t\t\n\n\t\t\t                <div class=\"tpg-excerpt tpg-el-excerpt\">\n\t\t\t\t\t                        <div class=\"tpg-excerpt-inner\">\n\t\t\t\t\t\t\tDescubra rodas de choro no Rio de Janeiro de segunda a domingo, com hor\u00e1rios, bairros, op\u00e7\u00f5es gratuitas, bares, pra\u00e7as e dicas atualizadas...                        <\/div>\n\t\t\t\t\t\t\t\t\t\t                <\/div>\n\t\t\t\n\t\t\t\t\t<div class=\"post-footer\">\n\t\t\t<div class=\"post-footer\">\n\t\t\t\t<div class=\"read-more\">\n\t\t\t\t\t<a data-id=\"52191\" href=\"https:\/\/agendaculturalriodejaneiro.com\/en\/2026\/07\/18\/museus-no-rio-de-janeiro\/\" class=\"tpg-post-link\" target=\"_self\">VER MAIS<\/a>\t\t\t\t<\/div>\n\t\t\t<\/div>\n\t\t<\/div>\n\t\t        <\/div>\n    <\/div>\n<\/div>\n<div class=\"rt-col-md-4 rt-col-sm-6 rt-col-xs-12 default rt-grid-item post-52185 post type-post status-publish format-standard has-post-thumbnail hentry category-press category-turismo-no-rio-de-janeiro\"        data-id=\"52185\">\n    <div class=\"rt-holder tpg-post-holder \">\n        <div class=\"rt-detail rt-el-content-wrapper\">\n\t\t\t                <div class=\"rt-img-holder tpg-el-image-wrap has-thumbnail\">\n\t\t\t\t\t<a data-id=\"52185\" href=\"https:\/\/agendaculturalriodejaneiro.com\/en\/2026\/07\/18\/rodas-de-choro-no-rio-de-janeiro\/\" class=\"tpg-post-link\" target=\"_self\">\t\t\t\t\t\t<img loading=\"lazy\" decoding=\"async\" src=\"https:\/\/agendaculturalriodejaneiro.com\/wp-content\/uploads\/2026\/07\/dwityo-tusaraoki-5ZDhAs9xhJU-unsplash-768x512.jpg\"\n\t\t\t\t\t\t\t class=\"rt-img-responsive\"\n\t\t\t\t\t\t\t width=\"768\"\n\t\t\t\t\t\t\t height=\"512\"\n\t\t\t\t\t\t\t alt=\"Rodas de choro no Rio por dia da semana: onde ouvir\">\n\t\t\t\t\t\t\n\t\t\t\t\t\t\t\n\t\t<\/a>\n\t\t\t\t<div class=\"overlay grid-hover-content\"><\/div>\n\t\t                <\/div>\n\t\t\t\n\t\t\t<div class=\"entry-title-wrapper\"><h3 class=\"entry-title\"><a data-id=\"52185\" href=\"https:\/\/agendaculturalriodejaneiro.com\/en\/2026\/07\/18\/rodas-de-choro-no-rio-de-janeiro\/\" class=\"tpg-post-link\" target=\"_self\">Rodas de choro no Rio por dia da semana: onde ouvir<\/a><\/h3><\/div>\n\t\t\t                <div class=\"post-meta-tags rt-el-post-meta\">\n\t\t\t\t\t                <\/div>\n\t\t\t\n\n\t\t\t                <div class=\"tpg-excerpt tpg-el-excerpt\">\n\t\t\t\t\t                        <div class=\"tpg-excerpt-inner\">\n\t\t\t\t\t\t\tDescubra rodas de choro no Rio de Janeiro de segunda a domingo, com hor\u00e1rios, bairros, op\u00e7\u00f5es gratuitas, bares, pra\u00e7as e dicas atualizadas...                        <\/div>\n\t\t\t\t\t\t\t\t\t\t                <\/div>\n\t\t\t\n\t\t\t\t\t<div class=\"post-footer\">\n\t\t\t<div class=\"post-footer\">\n\t\t\t\t<div class=\"read-more\">\n\t\t\t\t\t<a data-id=\"52185\" href=\"https:\/\/agendaculturalriodejaneiro.com\/en\/2026\/07\/18\/rodas-de-choro-no-rio-de-janeiro\/\" class=\"tpg-post-link\" target=\"_self\">VER MAIS<\/a>\t\t\t\t<\/div>\n\t\t\t<\/div>\n\t\t<\/div>\n\t\t        <\/div>\n    <\/div>\n<\/div>\n<div class=\"rt-col-md-4 rt-col-sm-6 rt-col-xs-12 default rt-grid-item post-52148 post type-post status-publish format-standard has-post-thumbnail hentry category-press category-turismo-no-rio-de-janeiro\"        data-id=\"52148\">\n    <div class=\"rt-holder tpg-post-holder \">\n        <div class=\"rt-detail rt-el-content-wrapper\">\n\t\t\t                <div class=\"rt-img-holder tpg-el-image-wrap has-thumbnail\">\n\t\t\t\t\t<a data-id=\"52148\" href=\"https:\/\/agendaculturalriodejaneiro.com\/en\/2026\/07\/18\/eventos-geek-anime-e-cosplay-no-rio-de-janeiro\/\" class=\"tpg-post-link\" target=\"_self\">\t\t\t\t\t\t<img loading=\"lazy\" decoding=\"async\" src=\"https:\/\/agendaculturalriodejaneiro.com\/wp-content\/uploads\/2026\/07\/Confira-os-proximos-eventos-geek-anime-e-cosplay-no-Rio-de-Janeiro-com-datas-locais-ingressos-concursos-games-K-pop-e-dicas-768x512.jpg\"\n\t\t\t\t\t\t\t class=\"rt-img-responsive\"\n\t\t\t\t\t\t\t width=\"768\"\n\t\t\t\t\t\t\t height=\"512\"\n\t\t\t\t\t\t\t alt=\"Eventos geek, anime e cosplay no Rio de Janeiro em 2026\">\n\t\t\t\t\t\t\n\t\t\t\t\t\t\t\n\t\t<\/a>\n\t\t\t\t<div class=\"overlay grid-hover-content\"><\/div>\n\t\t                <\/div>\n\t\t\t\n\t\t\t<div class=\"entry-title-wrapper\"><h3 class=\"entry-title\"><a data-id=\"52148\" href=\"https:\/\/agendaculturalriodejaneiro.com\/en\/2026\/07\/18\/eventos-geek-anime-e-cosplay-no-rio-de-janeiro\/\" class=\"tpg-post-link\" target=\"_self\">Eventos geek, anime e cosplay no Rio de Janeiro em 2026<\/a><\/h3><\/div>\n\t\t\t                <div class=\"post-meta-tags rt-el-post-meta\">\n\t\t\t\t\t                <\/div>\n\t\t\t\n\n\t\t\t                <div class=\"tpg-excerpt tpg-el-excerpt\">\n\t\t\t\t\t                        <div class=\"tpg-excerpt-inner\">\n\t\t\t\t\t\t\tConfira os pr\u00f3ximos eventos geek, anime e cosplay no Rio de Janeiro, com datas, locais, ingressos, concursos, games, K-pop e dicas...                        <\/div>\n\t\t\t\t\t\t\t\t\t\t                <\/div>\n\t\t\t\n\t\t\t\t\t<div class=\"post-footer\">\n\t\t\t<div class=\"post-footer\">\n\t\t\t\t<div class=\"read-more\">\n\t\t\t\t\t<a data-id=\"52148\" href=\"https:\/\/agendaculturalriodejaneiro.com\/en\/2026\/07\/18\/eventos-geek-anime-e-cosplay-no-rio-de-janeiro\/\" class=\"tpg-post-link\" target=\"_self\">VER MAIS<\/a>\t\t\t\t<\/div>\n\t\t\t<\/div>\n\t\t<\/div>\n\t\t        <\/div>\n    <\/div>\n<\/div>\n<div class=\"rt-col-md-4 rt-col-sm-6 rt-col-xs-12 default rt-grid-item post-52142 post type-post status-publish format-standard has-post-thumbnail hentry category-press category-turismo-no-rio-de-janeiro\"        data-id=\"52142\">\n    <div class=\"rt-holder tpg-post-holder \">\n        <div class=\"rt-detail rt-el-content-wrapper\">\n\t\t\t                <div class=\"rt-img-holder tpg-el-image-wrap has-thumbnail\">\n\t\t\t\t\t<a data-id=\"52142\" href=\"https:\/\/agendaculturalriodejaneiro.com\/en\/2026\/07\/18\/feiras-de-vinil-e-lojas-de-discos-no-rio-de-janeiro\/\" class=\"tpg-post-link\" target=\"_self\">\t\t\t\t\t\t<img loading=\"lazy\" decoding=\"async\" src=\"https:\/\/agendaculturalriodejaneiro.com\/wp-content\/uploads\/2026\/07\/clem-onojeghuo-pTeZKi29EYE-unsplash-768x537.jpg\"\n\t\t\t\t\t\t\t class=\"rt-img-responsive\"\n\t\t\t\t\t\t\t width=\"768\"\n\t\t\t\t\t\t\t height=\"537\"\n\t\t\t\t\t\t\t alt=\"Descubra feiras de vinil e lojas de discos no Rio de Janeiro, com endere\u00e7os, dias para garimpar, estilos musicais e dicas para comprar LPs.\">\n\t\t\t\t\t\t\n\t\t\t\t\t\t\t\n\t\t<\/a>\n\t\t\t\t<div class=\"overlay grid-hover-content\"><\/div>\n\t\t                <\/div>\n\t\t\t\n\t\t\t<div class=\"entry-title-wrapper\"><h3 class=\"entry-title\"><a data-id=\"52142\" href=\"https:\/\/agendaculturalriodejaneiro.com\/en\/2026\/07\/18\/feiras-de-vinil-e-lojas-de-discos-no-rio-de-janeiro\/\" class=\"tpg-post-link\" target=\"_self\">Feiras de vinil e lojas de discos no Rio: guia completo<\/a><\/h3><\/div>\n\t\t\t                <div class=\"post-meta-tags rt-el-post-meta\">\n\t\t\t\t\t                <\/div>\n\t\t\t\n\n\t\t\t                <div class=\"tpg-excerpt tpg-el-excerpt\">\n\t\t\t\t\t                        <div class=\"tpg-excerpt-inner\">\n\t\t\t\t\t\t\tDescubra feiras de vinil e lojas de discos no Rio de Janeiro, com endere\u00e7os, dias para garimpar, estilos musicais e dicas para comprar LPs...                        <\/div>\n\t\t\t\t\t\t\t\t\t\t                <\/div>\n\t\t\t\n\t\t\t\t\t<div class=\"post-footer\">\n\t\t\t<div class=\"post-footer\">\n\t\t\t\t<div class=\"read-more\">\n\t\t\t\t\t<a data-id=\"52142\" href=\"https:\/\/agendaculturalriodejaneiro.com\/en\/2026\/07\/18\/feiras-de-vinil-e-lojas-de-discos-no-rio-de-janeiro\/\" class=\"tpg-post-link\" target=\"_self\">VER MAIS<\/a>\t\t\t\t<\/div>\n\t\t\t<\/div>\n\t\t<\/div>\n\t\t        <\/div>\n    <\/div>\n<\/div>\n<div class=\"rt-col-md-4 rt-col-sm-6 rt-col-xs-12 default rt-grid-item post-52136 post type-post status-publish format-standard has-post-thumbnail hentry category-press category-turismo-no-rio-de-janeiro\"        data-id=\"52136\">\n    <div class=\"rt-holder tpg-post-holder \">\n        <div class=\"rt-detail rt-el-content-wrapper\">\n\t\t\t                <div class=\"rt-img-holder tpg-el-image-wrap has-thumbnail\">\n\t\t\t\t\t<a data-id=\"52136\" href=\"https:\/\/agendaculturalriodejaneiro.com\/en\/2026\/07\/18\/baile-charme-rio-de-janeiro\/\" class=\"tpg-post-link\" target=\"_self\">\t\t\t\t\t\t<img loading=\"lazy\" decoding=\"async\" src=\"https:\/\/agendaculturalriodejaneiro.com\/wp-content\/uploads\/2026\/07\/Descubra-onde-tem-Baile-Charme-no-Rio-de-Janeiro-Viaduto-de-Madureira-Rio-Antigo-bailes-gratuitos-aulas-horarios-e-dicas-768x510.jpg\"\n\t\t\t\t\t\t\t class=\"rt-img-responsive\"\n\t\t\t\t\t\t\t width=\"768\"\n\t\t\t\t\t\t\t height=\"510\"\n\t\t\t\t\t\t\t alt=\"Descubra onde tem Baile Charme no Rio de Janeiro: Viaduto de Madureira, Rio Antigo, bailes gratuitos, aulas, hor\u00e1rios e dicas.\">\n\t\t\t\t\t\t\n\t\t\t\t\t\t\t\n\t\t<\/a>\n\t\t\t\t<div class=\"overlay grid-hover-content\"><\/div>\n\t\t                <\/div>\n\t\t\t\n\t\t\t<div class=\"entry-title-wrapper\"><h3 class=\"entry-title\"><a data-id=\"52136\" href=\"https:\/\/agendaculturalriodejaneiro.com\/en\/2026\/07\/18\/baile-charme-rio-de-janeiro\/\" class=\"tpg-post-link\" target=\"_self\">Baile Charme no Rio: onde dan\u00e7ar e programa\u00e7\u00e3o<\/a><\/h3><\/div>\n\t\t\t                <div class=\"post-meta-tags rt-el-post-meta\">\n\t\t\t\t\t                <\/div>\n\t\t\t\n\n\t\t\t                <div class=\"tpg-excerpt tpg-el-excerpt\">\n\t\t\t\t\t                        <div class=\"tpg-excerpt-inner\">\n\t\t\t\t\t\t\tDescubra onde tem Baile Charme no Rio de Janeiro: Viaduto de Madureira, Rio Antigo, bailes gratuitos, aulas, hor\u00e1rios e dicas...                        <\/div>\n\t\t\t\t\t\t\t\t\t\t                <\/div>\n\t\t\t\n\t\t\t\t\t<div class=\"post-footer\">\n\t\t\t<div class=\"post-footer\">\n\t\t\t\t<div class=\"read-more\">\n\t\t\t\t\t<a data-id=\"52136\" href=\"https:\/\/agendaculturalriodejaneiro.com\/en\/2026\/07\/18\/baile-charme-rio-de-janeiro\/\" class=\"tpg-post-link\" target=\"_self\">VER MAIS<\/a>\t\t\t\t<\/div>\n\t\t\t<\/div>\n\t\t<\/div>\n\t\t        <\/div>\n    <\/div>\n<\/div>\n<div class=\"rt-col-md-4 rt-col-sm-6 rt-col-xs-12 default rt-grid-item post-52130 post type-post status-publish format-standard has-post-thumbnail hentry category-press category-turismo-no-rio-de-janeiro\"        data-id=\"52130\">\n    <div class=\"rt-holder tpg-post-holder \">\n        <div class=\"rt-detail rt-el-content-wrapper\">\n\t\t\t                <div class=\"rt-img-holder tpg-el-image-wrap has-thumbnail\">\n\t\t\t\t\t<a data-id=\"52130\" href=\"https:\/\/agendaculturalriodejaneiro.com\/en\/2026\/07\/18\/karaoke-no-rio-de-janeiro\/\" class=\"tpg-post-link\" target=\"_self\">\t\t\t\t\t\t<img loading=\"lazy\" decoding=\"async\" src=\"https:\/\/agendaculturalriodejaneiro.com\/wp-content\/uploads\/2026\/07\/aleksi-partanen-tr2W9u4kLNA-unsplash-768x480.jpg\"\n\t\t\t\t\t\t\t class=\"rt-img-responsive\"\n\t\t\t\t\t\t\t width=\"768\"\n\t\t\t\t\t\t\t height=\"480\"\n\t\t\t\t\t\t\t alt=\"Karaok\u00ea no Rio de Janeiro: onde cantar todos os dias\">\n\t\t\t\t\t\t\n\t\t\t\t\t\t\t\n\t\t<\/a>\n\t\t\t\t<div class=\"overlay grid-hover-content\"><\/div>\n\t\t                <\/div>\n\t\t\t\n\t\t\t<div class=\"entry-title-wrapper\"><h3 class=\"entry-title\"><a data-id=\"52130\" href=\"https:\/\/agendaculturalriodejaneiro.com\/en\/2026\/07\/18\/karaoke-no-rio-de-janeiro\/\" class=\"tpg-post-link\" target=\"_self\">Karaok\u00ea no Rio de Janeiro: onde cantar todos os dias<\/a><\/h3><\/div>\n\t\t\t                <div class=\"post-meta-tags rt-el-post-meta\">\n\t\t\t\t\t                <\/div>\n\t\t\t\n\n\t\t\t                <div class=\"tpg-excerpt tpg-el-excerpt\">\n\t\t\t\t\t                        <div class=\"tpg-excerpt-inner\">\n\t\t\t\t\t\t\tDescubra onde tem karaok\u00ea no Rio de Janeiro: bares com banda, salas privativas, K-pop, Dragok\u00ea, op\u00e7\u00f5es por bairro e programa\u00e7\u00e3o semanal...                        <\/div>\n\t\t\t\t\t\t\t\t\t\t                <\/div>\n\t\t\t\n\t\t\t\t\t<div class=\"post-footer\">\n\t\t\t<div class=\"post-footer\">\n\t\t\t\t<div class=\"read-more\">\n\t\t\t\t\t<a data-id=\"52130\" href=\"https:\/\/agendaculturalriodejaneiro.com\/en\/2026\/07\/18\/karaoke-no-rio-de-janeiro\/\" class=\"tpg-post-link\" target=\"_self\">VER MAIS<\/a>\t\t\t\t<\/div>\n\t\t\t<\/div>\n\t\t<\/div>\n\t\t        <\/div>\n    <\/div>\n<\/div>\n<div class=\"rt-col-md-4 rt-col-sm-6 rt-col-xs-12 default rt-grid-item post-52122 post type-post status-publish format-standard has-post-thumbnail hentry category-press category-turismo-no-rio-de-janeiro\"        data-id=\"52122\">\n    <div class=\"rt-holder tpg-post-holder \">\n        <div class=\"rt-detail rt-el-content-wrapper\">\n\t\t\t                <div class=\"rt-img-holder tpg-el-image-wrap has-thumbnail\">\n\t\t\t\t\t<a data-id=\"52122\" href=\"https:\/\/agendaculturalriodejaneiro.com\/en\/2026\/07\/18\/bibliotecas-no-rio-de-janeiro\/\" class=\"tpg-post-link\" target=\"_self\">\t\t\t\t\t\t<img loading=\"lazy\" decoding=\"async\" src=\"https:\/\/agendaculturalriodejaneiro.com\/wp-content\/uploads\/2026\/07\/gustavo-sanchez-eXuwPeiqebA-unsplash-768x512.jpg\"\n\t\t\t\t\t\t\t class=\"rt-img-responsive\"\n\t\t\t\t\t\t\t width=\"768\"\n\t\t\t\t\t\t\t height=\"512\"\n\t\t\t\t\t\t\t alt=\"Bibliotecas no Rio de Janeiro: 17 lugares para ler e estudar\">\n\t\t\t\t\t\t\n\t\t\t\t\t\t\t\n\t\t<\/a>\n\t\t\t\t<div class=\"overlay grid-hover-content\"><\/div>\n\t\t                <\/div>\n\t\t\t\n\t\t\t<div class=\"entry-title-wrapper\"><h3 class=\"entry-title\"><a data-id=\"52122\" href=\"https:\/\/agendaculturalriodejaneiro.com\/en\/2026\/07\/18\/bibliotecas-no-rio-de-janeiro\/\" class=\"tpg-post-link\" target=\"_self\">Bibliotecas no Rio de Janeiro: 17 lugares para ler e estudar<\/a><\/h3><\/div>\n\t\t\t                <div class=\"post-meta-tags rt-el-post-meta\">\n\t\t\t\t\t                <\/div>\n\t\t\t\n\n\t\t\t                <div class=\"tpg-excerpt tpg-el-excerpt\">\n\t\t\t\t\t                        <div class=\"tpg-excerpt-inner\">\n\t\t\t\t\t\t\tConhe\u00e7a as melhores bibliotecas do Rio de Janeiro para visitar, estudar, pesquisar e levar crian\u00e7as, com hor\u00e1rios, bairros e entrada gratuita...                        <\/div>\n\t\t\t\t\t\t\t\t\t\t                <\/div>\n\t\t\t\n\t\t\t\t\t<div class=\"post-footer\">\n\t\t\t<div class=\"post-footer\">\n\t\t\t\t<div class=\"read-more\">\n\t\t\t\t\t<a data-id=\"52122\" href=\"https:\/\/agendaculturalriodejaneiro.com\/en\/2026\/07\/18\/bibliotecas-no-rio-de-janeiro\/\" class=\"tpg-post-link\" target=\"_self\">VER MAIS<\/a>\t\t\t\t<\/div>\n\t\t\t<\/div>\n\t\t<\/div>\n\t\t        <\/div>\n    <\/div>\n<\/div>\n<div class=\"rt-col-md-4 rt-col-sm-6 rt-col-xs-12 default rt-grid-item post-52110 post type-post status-publish format-standard has-post-thumbnail hentry category-press category-turismo-no-rio-de-janeiro\"        data-id=\"52110\">\n    <div class=\"rt-holder tpg-post-holder \">\n        <div class=\"rt-detail rt-el-content-wrapper\">\n\t\t\t                <div class=\"rt-img-holder tpg-el-image-wrap has-thumbnail\">\n\t\t\t\t\t<a data-id=\"52110\" href=\"https:\/\/agendaculturalriodejaneiro.com\/en\/2026\/07\/18\/museus-gratuitos-no-rio-de-janeiro\/\" class=\"tpg-post-link\" target=\"_self\">\t\t\t\t\t\t<img loading=\"lazy\" decoding=\"async\" src=\"https:\/\/agendaculturalriodejaneiro.com\/wp-content\/uploads\/2026\/07\/gustavo-sanchez-Anu_TvUKKeI-unsplash-768x512.jpg\"\n\t\t\t\t\t\t\t class=\"rt-img-responsive\"\n\t\t\t\t\t\t\t width=\"768\"\n\t\t\t\t\t\t\t height=\"512\"\n\t\t\t\t\t\t\t alt=\"Museus gratuitos no Rio de Janeiro por dia da semana\">\n\t\t\t\t\t\t\n\t\t\t\t\t\t\t\n\t\t<\/a>\n\t\t\t\t<div class=\"overlay grid-hover-content\"><\/div>\n\t\t                <\/div>\n\t\t\t\n\t\t\t<div class=\"entry-title-wrapper\"><h3 class=\"entry-title\"><a data-id=\"52110\" href=\"https:\/\/agendaculturalriodejaneiro.com\/en\/2026\/07\/18\/museus-gratuitos-no-rio-de-janeiro\/\" class=\"tpg-post-link\" target=\"_self\">Museus gratuitos no Rio de Janeiro por dia da semana<\/a><\/h3><\/div>\n\t\t\t                <div class=\"post-meta-tags rt-el-post-meta\">\n\t\t\t\t\t                <\/div>\n\t\t\t\n\n\t\t\t                <div class=\"tpg-excerpt tpg-el-excerpt\">\n\t\t\t\t\t                        <div class=\"tpg-excerpt-inner\">\n\t\t\t\t\t\t\tDescubra museus gratuitos no Rio de Janeiro de segunda a domingo, com hor\u00e1rios, bairros, metr\u00f4, roteiros culturais e dicas atualizadas...                        <\/div>\n\t\t\t\t\t\t\t\t\t\t                <\/div>\n\t\t\t\n\t\t\t\t\t<div class=\"post-footer\">\n\t\t\t<div class=\"post-footer\">\n\t\t\t\t<div class=\"read-more\">\n\t\t\t\t\t<a data-id=\"52110\" href=\"https:\/\/agendaculturalriodejaneiro.com\/en\/2026\/07\/18\/museus-gratuitos-no-rio-de-janeiro\/\" class=\"tpg-post-link\" target=\"_self\">VER MAIS<\/a>\t\t\t\t<\/div>\n\t\t\t<\/div>\n\t\t<\/div>\n\t\t        <\/div>\n    <\/div>\n<\/div>\n<div class=\"rt-col-md-4 rt-col-sm-6 rt-col-xs-12 default rt-grid-item post-52081 post type-post status-publish format-standard has-post-thumbnail hentry category-press category-turismo-no-rio-de-janeiro\"        data-id=\"52081\">\n    <div class=\"rt-holder tpg-post-holder \">\n        <div class=\"rt-detail rt-el-content-wrapper\">\n\t\t\t                <div class=\"rt-img-holder tpg-el-image-wrap has-thumbnail\">\n\t\t\t\t\t<a data-id=\"52081\" href=\"https:\/\/agendaculturalriodejaneiro.com\/en\/2026\/07\/17\/rodas-de-samba-no-rio-de-janeiro\/\" class=\"tpg-post-link\" target=\"_self\">\t\t\t\t\t\t<img loading=\"lazy\" decoding=\"async\" src=\"https:\/\/agendaculturalriodejaneiro.com\/wp-content\/uploads\/2026\/07\/Descubra-as-melhores-rodas-de-samba-no-Rio-de-Janeiro-768x432.jpg\"\n\t\t\t\t\t\t\t class=\"rt-img-responsive\"\n\t\t\t\t\t\t\t width=\"768\"\n\t\t\t\t\t\t\t height=\"432\"\n\t\t\t\t\t\t\t alt=\"Rodas de samba no Rio: guia por dia e bairro\">\n\t\t\t\t\t\t\n\t\t\t\t\t\t\t\n\t\t<\/a>\n\t\t\t\t<div class=\"overlay grid-hover-content\"><\/div>\n\t\t                <\/div>\n\t\t\t\n\t\t\t<div class=\"entry-title-wrapper\"><h3 class=\"entry-title\"><a data-id=\"52081\" href=\"https:\/\/agendaculturalriodejaneiro.com\/en\/2026\/07\/17\/rodas-de-samba-no-rio-de-janeiro\/\" class=\"tpg-post-link\" target=\"_self\">Rodas de samba no Rio: guia por dia e bairro<\/a><\/h3><\/div>\n\t\t\t                <div class=\"post-meta-tags rt-el-post-meta\">\n\t\t\t\t\t                <\/div>\n\t\t\t\n\n\t\t\t                <div class=\"tpg-excerpt tpg-el-excerpt\">\n\t\t\t\t\t                        <div class=\"tpg-excerpt-inner\">\n\t\t\t\t\t\t\tDescubra as melhores rodas de samba no Rio de Janeiro: Pedra do Sal, Bip Bip, Samba do Trabalhador, op\u00e7\u00f5es gr\u00e1tis, dias, bairros e dicas...                        <\/div>\n\t\t\t\t\t\t\t\t\t\t                <\/div>\n\t\t\t\n\t\t\t\t\t<div class=\"post-footer\">\n\t\t\t<div class=\"post-footer\">\n\t\t\t\t<div class=\"read-more\">\n\t\t\t\t\t<a data-id=\"52081\" href=\"https:\/\/agendaculturalriodejaneiro.com\/en\/2026\/07\/17\/rodas-de-samba-no-rio-de-janeiro\/\" class=\"tpg-post-link\" target=\"_self\">VER MAIS<\/a>\t\t\t\t<\/div>\n\t\t\t<\/div>\n\t\t<\/div>\n\t\t        <\/div>\n    <\/div>\n<\/div>\n<div class=\"rt-col-md-4 rt-col-sm-6 rt-col-xs-12 default rt-grid-item post-52041 post type-post status-publish format-standard has-post-thumbnail hentry category-press category-turismo-no-rio-de-janeiro\"        data-id=\"52041\">\n    <div class=\"rt-holder tpg-post-holder \">\n        <div class=\"rt-detail rt-el-content-wrapper\">\n\t\t\t                <div class=\"rt-img-holder tpg-el-image-wrap has-thumbnail\">\n\t\t\t\t\t<a data-id=\"52041\" href=\"https:\/\/agendaculturalriodejaneiro.com\/en\/2026\/07\/17\/o-que-fazer-no-rio-com-chuva-25-passeios-cobertos\/\" class=\"tpg-post-link\" target=\"_self\">\t\t\t\t\t\t<img loading=\"lazy\" decoding=\"async\" src=\"https:\/\/agendaculturalriodejaneiro.com\/wp-content\/uploads\/2026\/07\/O-que-fazer-no-Rio-com-chuva-25-passeios-cobertos-768x512.jpg\"\n\t\t\t\t\t\t\t class=\"rt-img-responsive\"\n\t\t\t\t\t\t\t width=\"768\"\n\t\t\t\t\t\t\t height=\"512\"\n\t\t\t\t\t\t\t alt=\"O que fazer no Rio com chuva: 25 passeios cobertos\">\n\t\t\t\t\t\t\n\t\t\t\t\t\t\t\n\t\t<\/a>\n\t\t\t\t<div class=\"overlay grid-hover-content\"><\/div>\n\t\t                <\/div>\n\t\t\t\n\t\t\t<div class=\"entry-title-wrapper\"><h3 class=\"entry-title\"><a data-id=\"52041\" href=\"https:\/\/agendaculturalriodejaneiro.com\/en\/2026\/07\/17\/o-que-fazer-no-rio-com-chuva-25-passeios-cobertos\/\" class=\"tpg-post-link\" target=\"_self\">O que fazer no Rio com chuva: 25 passeios cobertos<\/a><\/h3><\/div>\n\t\t\t                <div class=\"post-meta-tags rt-el-post-meta\">\n\t\t\t\t\t                <\/div>\n\t\t\t\n\n\t\t\t                <div class=\"tpg-excerpt tpg-el-excerpt\">\n\t\t\t\t\t                        <div class=\"tpg-excerpt-inner\">\n\t\t\t\t\t\t\tDescubra o que fazer no Rio com chuva: museus, aqu\u00e1rio, teatros, programas gr\u00e1tis, roteiros por regi\u00e3o e dicas para aproveitar sem perrengue...                        <\/div>\n\t\t\t\t\t\t\t\t\t\t                <\/div>\n\t\t\t\n\t\t\t\t\t<div class=\"post-footer\">\n\t\t\t<div class=\"post-footer\">\n\t\t\t\t<div class=\"read-more\">\n\t\t\t\t\t<a data-id=\"52041\" href=\"https:\/\/agendaculturalriodejaneiro.com\/en\/2026\/07\/17\/o-que-fazer-no-rio-com-chuva-25-passeios-cobertos\/\" class=\"tpg-post-link\" target=\"_self\">VER MAIS<\/a>\t\t\t\t<\/div>\n\t\t\t<\/div>\n\t\t<\/div>\n\t\t        <\/div>\n    <\/div>\n<\/div>\n<div class=\"rt-col-md-4 rt-col-sm-6 rt-col-xs-12 default rt-grid-item post-45387 post type-post status-publish format-standard has-post-thumbnail hentry category-press category-turismo-no-rio-de-janeiro\"        data-id=\"45387\">\n    <div class=\"rt-holder tpg-post-holder \">\n        <div class=\"rt-detail rt-el-content-wrapper\">\n\t\t\t                <div class=\"rt-img-holder tpg-el-image-wrap has-thumbnail\">\n\t\t\t\t\t<a data-id=\"45387\" href=\"https:\/\/agendaculturalriodejaneiro.com\/en\/2025\/12\/12\/rio-de-janeiro-cultura-ritmos-e-tradicoes-que-moldam-a-cidade-maravilhosa\/\" class=\"tpg-post-link\" target=\"_self\">\t\t\t\t\t\t<img loading=\"lazy\" decoding=\"async\" src=\"https:\/\/agendaculturalriodejaneiro.com\/wp-content\/uploads\/2025\/12\/thales-botelho-de-sousa-9e0dAX1bUsA-unsplash-1-768x576.jpg\"\n\t\t\t\t\t\t\t class=\"rt-img-responsive\"\n\t\t\t\t\t\t\t width=\"768\"\n\t\t\t\t\t\t\t height=\"576\"\n\t\t\t\t\t\t\t alt=\"Rio de Janeiro: Cultura, Ritmos e Tradi\u00e7\u00f5es que Moldam a Cidade Maravilhosa\">\n\t\t\t\t\t\t\n\t\t\t\t\t\t\t\n\t\t<\/a>\n\t\t\t\t<div class=\"overlay grid-hover-content\"><\/div>\n\t\t                <\/div>\n\t\t\t\n\t\t\t<div class=\"entry-title-wrapper\"><h3 class=\"entry-title\"><a data-id=\"45387\" href=\"https:\/\/agendaculturalriodejaneiro.com\/en\/2025\/12\/12\/rio-de-janeiro-cultura-ritmos-e-tradicoes-que-moldam-a-cidade-maravilhosa\/\" class=\"tpg-post-link\" target=\"_self\">Rio de Janeiro: Cultura, Ritmos e Tradi\u00e7\u00f5es que Moldam a Cidade Maravilhosa<\/a><\/h3><\/div>\n\t\t\t                <div class=\"post-meta-tags rt-el-post-meta\">\n\t\t\t\t\t                <\/div>\n\t\t\t\n\n\t\t\t                <div class=\"tpg-excerpt tpg-el-excerpt\">\n\t\t\t\t\t                        <div class=\"tpg-excerpt-inner\">\n\t\t\t\t\t\t\tO Rio de Janeiro \u00e9 um dos grandes centros culturais do mundo, uma cidade onde hist\u00f3ria...                        <\/div>\n\t\t\t\t\t\t\t\t\t\t                <\/div>\n\t\t\t\n\t\t\t\t\t<div class=\"post-footer\">\n\t\t\t<div class=\"post-footer\">\n\t\t\t\t<div class=\"read-more\">\n\t\t\t\t\t<a data-id=\"45387\" href=\"https:\/\/agendaculturalriodejaneiro.com\/en\/2025\/12\/12\/rio-de-janeiro-cultura-ritmos-e-tradicoes-que-moldam-a-cidade-maravilhosa\/\" class=\"tpg-post-link\" target=\"_self\">VER MAIS<\/a>\t\t\t\t<\/div>\n\t\t\t<\/div>\n\t\t<\/div>\n\t\t        <\/div>\n    <\/div>\n<\/div>\n<div class=\"rt-col-md-4 rt-col-sm-6 rt-col-xs-12 default rt-grid-item post-38500 post type-post status-publish format-standard has-post-thumbnail hentry category-press category-turismo-no-rio-de-janeiro\"        data-id=\"38500\">\n    <div class=\"rt-holder tpg-post-holder \">\n        <div class=\"rt-detail rt-el-content-wrapper\">\n\t\t\t                <div class=\"rt-img-holder tpg-el-image-wrap has-thumbnail\">\n\t\t\t\t\t<a data-id=\"38500\" href=\"https:\/\/agendaculturalriodejaneiro.com\/en\/2025\/05\/15\/descubra-as-melhores-cidades-para-praticar-yoga-em-portugal\/\" class=\"tpg-post-link\" target=\"_self\">\t\t\t\t\t\t<img loading=\"lazy\" decoding=\"async\" src=\"https:\/\/agendaculturalriodejaneiro.com\/wp-content\/uploads\/2025\/05\/02.-\u00a9Avrielle-Suleiman-via-Unsplash-768x512.jpg\"\n\t\t\t\t\t\t\t class=\"rt-img-responsive\"\n\t\t\t\t\t\t\t width=\"768\"\n\t\t\t\t\t\t\t height=\"512\"\n\t\t\t\t\t\t\t alt=\"Descubra as melhores cidades para praticar yoga em Portugal\">\n\t\t\t\t\t\t\n\t\t\t\t\t\t\t\n\t\t<\/a>\n\t\t\t\t<div class=\"overlay grid-hover-content\"><\/div>\n\t\t                <\/div>\n\t\t\t\n\t\t\t<div class=\"entry-title-wrapper\"><h3 class=\"entry-title\"><a data-id=\"38500\" href=\"https:\/\/agendaculturalriodejaneiro.com\/en\/2025\/05\/15\/descubra-as-melhores-cidades-para-praticar-yoga-em-portugal\/\" class=\"tpg-post-link\" target=\"_self\">Descubra as melhores cidades para praticar yoga em Portugal<\/a><\/h3><\/div>\n\t\t\t                <div class=\"post-meta-tags rt-el-post-meta\">\n\t\t\t\t\t                <\/div>\n\t\t\t\n\n\t\t\t                <div class=\"tpg-excerpt tpg-el-excerpt\">\n\t\t\t\t\t                        <div class=\"tpg-excerpt-inner\">\n\t\t\t\t\t\t\tA ades\u00e3o do pa\u00eds ao yoga e ao pilates reflete uma tend\u00eancia mais ampla para uma vida equilibrada, proporcionando o cen\u00e1rio perfeito para quem procura combinar fitness com sa\u00fade. Quer seja novo neste...                        <\/div>\n\t\t\t\t\t\t\t\t\t\t                <\/div>\n\t\t\t\n\t\t\t\t\t<div class=\"post-footer\">\n\t\t\t<div class=\"post-footer\">\n\t\t\t\t<div class=\"read-more\">\n\t\t\t\t\t<a data-id=\"38500\" href=\"https:\/\/agendaculturalriodejaneiro.com\/en\/2025\/05\/15\/descubra-as-melhores-cidades-para-praticar-yoga-em-portugal\/\" class=\"tpg-post-link\" target=\"_self\">VER MAIS<\/a>\t\t\t\t<\/div>\n\t\t\t<\/div>\n\t\t<\/div>\n\t\t        <\/div>\n    <\/div>\n<\/div>\n<div class=\"rt-col-md-4 rt-col-sm-6 rt-col-xs-12 default rt-grid-item post-34884 post type-post status-publish format-standard has-post-thumbnail hentry category-eventos-gratuitos category-musica category-programacao-infantil category-teatro category-turismo-no-rio-de-janeiro\"        data-id=\"34884\">\n    <div class=\"rt-holder tpg-post-holder \">\n        <div class=\"rt-detail rt-el-content-wrapper\">\n\t\t\t                <div class=\"rt-img-holder tpg-el-image-wrap has-thumbnail\">\n\t\t\t\t\t<a data-id=\"34884\" href=\"https:\/\/agendaculturalriodejaneiro.com\/en\/2025\/02\/22\/espacos-gratuito-no-rio-de-janeiro\/\" class=\"tpg-post-link\" target=\"_self\">\t\t\t\t\t\t<img loading=\"lazy\" decoding=\"async\" src=\"https:\/\/agendaculturalriodejaneiro.com\/wp-content\/uploads\/2025\/02\/image-768x576.png\"\n\t\t\t\t\t\t\t class=\"rt-img-responsive\"\n\t\t\t\t\t\t\t width=\"768\"\n\t\t\t\t\t\t\t height=\"576\"\n\t\t\t\t\t\t\t alt=\"Espa\u00e7os Gratuito no Rio de Janeiro\">\n\t\t\t\t\t\t\n\t\t\t\t\t\t\t\n\t\t<\/a>\n\t\t\t\t<div class=\"overlay grid-hover-content\"><\/div>\n\t\t                <\/div>\n\t\t\t\n\t\t\t<div class=\"entry-title-wrapper\"><h3 class=\"entry-title\"><a data-id=\"34884\" href=\"https:\/\/agendaculturalriodejaneiro.com\/en\/2025\/02\/22\/espacos-gratuito-no-rio-de-janeiro\/\" class=\"tpg-post-link\" target=\"_self\">Espa\u00e7os Gratuito no Rio de Janeiro<\/a><\/h3><\/div>\n\t\t\t                <div class=\"post-meta-tags rt-el-post-meta\">\n\t\t\t\t\t                <\/div>\n\t\t\t\n\n\t\t\t                <div class=\"tpg-excerpt tpg-el-excerpt\">\n\t\t\t\t\t                        <div class=\"tpg-excerpt-inner\">\n\t\t\t\t\t\t\tO Rio de Janeiro pulsa cultura e, claro, o teatro tem um lugar de destaque nessa cena!  Escolha o teatro e o espet\u00e1culo que mais te interessam, convide os amigos e familiares e viva a magia do teatro...                        <\/div>\n\t\t\t\t\t\t\t\t\t\t                <\/div>\n\t\t\t\n\t\t\t\t\t<div class=\"post-footer\">\n\t\t\t<div class=\"post-footer\">\n\t\t\t\t<div class=\"read-more\">\n\t\t\t\t\t<a data-id=\"34884\" href=\"https:\/\/agendaculturalriodejaneiro.com\/en\/2025\/02\/22\/espacos-gratuito-no-rio-de-janeiro\/\" class=\"tpg-post-link\" target=\"_self\">VER MAIS<\/a>\t\t\t\t<\/div>\n\t\t\t<\/div>\n\t\t<\/div>\n\t\t        <\/div>\n    <\/div>\n<\/div>\n<div class=\"rt-col-md-4 rt-col-sm-6 rt-col-xs-12 default rt-grid-item post-34885 post type-post status-publish format-standard has-post-thumbnail hentry category-programacao-infantil category-teatro-infantil category-turismo-no-rio-de-janeiro\"        data-id=\"34885\">\n    <div class=\"rt-holder tpg-post-holder \">\n        <div class=\"rt-detail rt-el-content-wrapper\">\n\t\t\t                <div class=\"rt-img-holder tpg-el-image-wrap has-thumbnail\">\n\t\t\t\t\t<a data-id=\"34885\" href=\"https:\/\/agendaculturalriodejaneiro.com\/en\/2025\/02\/22\/programacao-infantil-rio-de-janeiro\/\" class=\"tpg-post-link\" target=\"_self\">\t\t\t\t\t\t<img loading=\"lazy\" decoding=\"async\" src=\"https:\/\/agendaculturalriodejaneiro.com\/wp-content\/uploads\/2025\/02\/programacao-infantil-rio-de-janeiro-768x576.png\"\n\t\t\t\t\t\t\t class=\"rt-img-responsive\"\n\t\t\t\t\t\t\t width=\"768\"\n\t\t\t\t\t\t\t height=\"576\"\n\t\t\t\t\t\t\t alt=\"Programa\u00e7\u00e3o Infantil Rio de Janeiro\">\n\t\t\t\t\t\t\n\t\t\t\t\t\t\t\n\t\t<\/a>\n\t\t\t\t<div class=\"overlay grid-hover-content\"><\/div>\n\t\t                <\/div>\n\t\t\t\n\t\t\t<div class=\"entry-title-wrapper\"><h3 class=\"entry-title\"><a data-id=\"34885\" href=\"https:\/\/agendaculturalriodejaneiro.com\/en\/2025\/02\/22\/programacao-infantil-rio-de-janeiro\/\" class=\"tpg-post-link\" target=\"_self\">Programa\u00e7\u00e3o Infantil Rio de Janeiro<\/a><\/h3><\/div>\n\t\t\t                <div class=\"post-meta-tags rt-el-post-meta\">\n\t\t\t\t\t                <\/div>\n\t\t\t\n\n\t\t\t                <div class=\"tpg-excerpt tpg-el-excerpt\">\n\t\t\t\t\t                        <div class=\"tpg-excerpt-inner\">\n\t\t\t\t\t\t\tO Rio de Janeiro pulsa cultura e, claro, o teatro tem um lugar de destaque nessa cena!  Escolha o teatro e o espet\u00e1culo que mais te interessam, convide os amigos e familiares e viva a magia do teatro...                        <\/div>\n\t\t\t\t\t\t\t\t\t\t                <\/div>\n\t\t\t\n\t\t\t\t\t<div class=\"post-footer\">\n\t\t\t<div class=\"post-footer\">\n\t\t\t\t<div class=\"read-more\">\n\t\t\t\t\t<a data-id=\"34885\" href=\"https:\/\/agendaculturalriodejaneiro.com\/en\/2025\/02\/22\/programacao-infantil-rio-de-janeiro\/\" class=\"tpg-post-link\" target=\"_self\">VER MAIS<\/a>\t\t\t\t<\/div>\n\t\t\t<\/div>\n\t\t<\/div>\n\t\t        <\/div>\n    <\/div>\n<\/div>\n<div class=\"rt-col-md-4 rt-col-sm-6 rt-col-xs-12 default rt-grid-item post-34591 post type-post status-publish format-standard has-post-thumbnail hentry category-teatro category-turismo-no-rio-de-janeiro\"        data-id=\"34591\">\n    <div class=\"rt-holder tpg-post-holder \">\n        <div class=\"rt-detail rt-el-content-wrapper\">\n\t\t\t                <div class=\"rt-img-holder tpg-el-image-wrap has-thumbnail\">\n\t\t\t\t\t<a data-id=\"34591\" href=\"https:\/\/agendaculturalriodejaneiro.com\/en\/2025\/02\/14\/a-evolucao-do-teatro-no-rio-de-janeiro-do-imperio-a-republica\/\" class=\"tpg-post-link\" target=\"_self\">\t\t\t\t\t\t<img loading=\"lazy\" decoding=\"async\" src=\"https:\/\/agendaculturalriodejaneiro.com\/wp-content\/uploads\/2025\/02\/historia-teatro-no-rio-de-janeiro.png\"\n\t\t\t\t\t\t\t class=\"rt-img-responsive\"\n\t\t\t\t\t\t\t width=\"640\"\n\t\t\t\t\t\t\t height=\"640\"\n\t\t\t\t\t\t\t alt=\"A Evolu\u00e7\u00e3o do Teatro no Rio de Janeiro: Do Imp\u00e9rio \u00e0 Rep\u00fablica\">\n\t\t\t\t\t\t\n\t\t\t\t\t\t\t\n\t\t<\/a>\n\t\t\t\t<div class=\"overlay grid-hover-content\"><\/div>\n\t\t                <\/div>\n\t\t\t\n\t\t\t<div class=\"entry-title-wrapper\"><h3 class=\"entry-title\"><a data-id=\"34591\" href=\"https:\/\/agendaculturalriodejaneiro.com\/en\/2025\/02\/14\/a-evolucao-do-teatro-no-rio-de-janeiro-do-imperio-a-republica\/\" class=\"tpg-post-link\" target=\"_self\">A Evolu\u00e7\u00e3o do Teatro no Rio de Janeiro: Do Imp\u00e9rio \u00e0 Rep\u00fablica<\/a><\/h3><\/div>\n\t\t\t                <div class=\"post-meta-tags rt-el-post-meta\">\n\t\t\t\t\t                <\/div>\n\t\t\t\n\n\t\t\t                <div class=\"tpg-excerpt tpg-el-excerpt\">\n\t\t\t\t\t                        <div class=\"tpg-excerpt-inner\">\n\t\t\t\t\t\t\tO Rio de Janeiro pulsa cultura e, claro, o teatro tem um lugar de destaque nessa cena!  Escolha o teatro e o espet\u00e1culo que mais te interessam, convide os amigos e familiares e viva a magia do teatro...                        <\/div>\n\t\t\t\t\t\t\t\t\t\t                <\/div>\n\t\t\t\n\t\t\t\t\t<div class=\"post-footer\">\n\t\t\t<div class=\"post-footer\">\n\t\t\t\t<div class=\"read-more\">\n\t\t\t\t\t<a data-id=\"34591\" href=\"https:\/\/agendaculturalriodejaneiro.com\/en\/2025\/02\/14\/a-evolucao-do-teatro-no-rio-de-janeiro-do-imperio-a-republica\/\" class=\"tpg-post-link\" target=\"_self\">VER MAIS<\/a>\t\t\t\t<\/div>\n\t\t\t<\/div>\n\t\t<\/div>\n\t\t        <\/div>\n    <\/div>\n<\/div>\n<div class=\"rt-col-md-4 rt-col-sm-6 rt-col-xs-12 default rt-grid-item post-34500 post type-post status-publish format-standard has-post-thumbnail hentry category-press category-turismo-no-rio-de-janeiro\"        data-id=\"34500\">\n    <div class=\"rt-holder tpg-post-holder \">\n        <div class=\"rt-detail rt-el-content-wrapper\">\n\t\t\t                <div class=\"rt-img-holder tpg-el-image-wrap has-thumbnail\">\n\t\t\t\t\t<a data-id=\"34500\" href=\"https:\/\/agendaculturalriodejaneiro.com\/en\/2025\/02\/11\/beco-do-rato-sua-casa-de-samba-no-rio-de-janeiro\/\" class=\"tpg-post-link\" target=\"_self\">\t\t\t\t\t\t<img loading=\"lazy\" decoding=\"async\" src=\"https:\/\/agendaculturalriodejaneiro.com\/wp-content\/uploads\/2025\/02\/Beco-do-Rato-Rio-de-Janeiro.png\"\n\t\t\t\t\t\t\t class=\"rt-img-responsive\"\n\t\t\t\t\t\t\t width=\"640\"\n\t\t\t\t\t\t\t height=\"640\"\n\t\t\t\t\t\t\t alt=\"Beco do Rato Rio de Janeiro\">\n\t\t\t\t\t\t\n\t\t\t\t\t\t\t\n\t\t<\/a>\n\t\t\t\t<div class=\"overlay grid-hover-content\"><\/div>\n\t\t                <\/div>\n\t\t\t\n\t\t\t<div class=\"entry-title-wrapper\"><h3 class=\"entry-title\"><a data-id=\"34500\" href=\"https:\/\/agendaculturalriodejaneiro.com\/en\/2025\/02\/11\/beco-do-rato-sua-casa-de-samba-no-rio-de-janeiro\/\" class=\"tpg-post-link\" target=\"_self\">Beco do Rato &#8211; Rio de Janeiro<\/a><\/h3><\/div>\n\t\t\t                <div class=\"post-meta-tags rt-el-post-meta\">\n\t\t\t\t\t                <\/div>\n\t\t\t\n\n\t\t\t                <div class=\"tpg-excerpt tpg-el-excerpt\">\n\t\t\t\t\t                        <div class=\"tpg-excerpt-inner\">\n\t\t\t\t\t\t\tO Beco do Rato \u00e9 um dos lugares mais emblem\u00e1ticos da Lapa, um bairro famoso do Rio de Janeiro. Este beco \u00e9 conhecido principalmente por...                        <\/div>\n\t\t\t\t\t\t\t\t\t\t                <\/div>\n\t\t\t\n\t\t\t\t\t<div class=\"post-footer\">\n\t\t\t<div class=\"post-footer\">\n\t\t\t\t<div class=\"read-more\">\n\t\t\t\t\t<a data-id=\"34500\" href=\"https:\/\/agendaculturalriodejaneiro.com\/en\/2025\/02\/11\/beco-do-rato-sua-casa-de-samba-no-rio-de-janeiro\/\" class=\"tpg-post-link\" target=\"_self\">VER MAIS<\/a>\t\t\t\t<\/div>\n\t\t\t<\/div>\n\t\t<\/div>\n\t\t        <\/div>\n    <\/div>\n<\/div>\n<div class=\"rt-col-md-4 rt-col-sm-6 rt-col-xs-12 default rt-grid-item post-23773 post type-post status-publish format-standard has-post-thumbnail hentry category-press category-turismo-no-rio-de-janeiro\"        data-id=\"23773\">\n    <div class=\"rt-holder tpg-post-holder \">\n        <div class=\"rt-detail rt-el-content-wrapper\">\n\t\t\t                <div class=\"rt-img-holder tpg-el-image-wrap has-thumbnail\">\n\t\t\t\t\t<a data-id=\"23773\" href=\"https:\/\/agendaculturalriodejaneiro.com\/en\/2024\/04\/13\/where-to-stay-in-rio-de-janeiro-2\/\" class=\"tpg-post-link\" target=\"_self\">\t\t\t\t\t\t<img loading=\"lazy\" decoding=\"async\" src=\"https:\/\/agendaculturalriodejaneiro.com\/wp-content\/uploads\/2024\/03\/Where-To-Stay-In-Rio-De-Janeiro-768x480.jpg\"\n\t\t\t\t\t\t\t class=\"rt-img-responsive\"\n\t\t\t\t\t\t\t width=\"768\"\n\t\t\t\t\t\t\t height=\"480\"\n\t\t\t\t\t\t\t alt=\"Where To Stay In Rio De Janeiro\">\n\t\t\t\t\t\t\n\t\t\t\t\t\t\t\n\t\t<\/a>\n\t\t\t\t<div class=\"overlay grid-hover-content\"><\/div>\n\t\t                <\/div>\n\t\t\t\n\t\t\t<div class=\"entry-title-wrapper\"><h3 class=\"entry-title\"><a data-id=\"23773\" href=\"https:\/\/agendaculturalriodejaneiro.com\/en\/2024\/04\/13\/where-to-stay-in-rio-de-janeiro-2\/\" class=\"tpg-post-link\" target=\"_self\">Where To Stay In Rio De Janeiro<\/a><\/h3><\/div>\n\t\t\t                <div class=\"post-meta-tags rt-el-post-meta\">\n\t\t\t\t\t                <\/div>\n\t\t\t\n\n\t\t\t                <div class=\"tpg-excerpt tpg-el-excerpt\">\n\t\t\t\t\t                        <div class=\"tpg-excerpt-inner\">\n\t\t\t\t\t\t\tBest location in Rio de Janeiro - Rio de Janeiro is the second-biggest city in Brazil. It is on the Atlantic Ocean and has many beautiful...                        <\/div>\n\t\t\t\t\t\t\t\t\t\t                <\/div>\n\t\t\t\n\t\t\t\t\t<div class=\"post-footer\">\n\t\t\t<div class=\"post-footer\">\n\t\t\t\t<div class=\"read-more\">\n\t\t\t\t\t<a data-id=\"23773\" href=\"https:\/\/agendaculturalriodejaneiro.com\/en\/2024\/04\/13\/where-to-stay-in-rio-de-janeiro-2\/\" class=\"tpg-post-link\" target=\"_self\">VER MAIS<\/a>\t\t\t\t<\/div>\n\t\t\t<\/div>\n\t\t<\/div>\n\t\t        <\/div>\n    <\/div>\n<\/div>\n<div class=\"rt-col-md-4 rt-col-sm-6 rt-col-xs-12 default rt-grid-item post-12335 post type-post status-publish format-standard has-post-thumbnail hentry category-musica category-press\"        data-id=\"12335\">\n    <div class=\"rt-holder tpg-post-holder \">\n        <div class=\"rt-detail rt-el-content-wrapper\">\n\t\t\t                <div class=\"rt-img-holder tpg-el-image-wrap has-thumbnail\">\n\t\t\t\t\t<a data-id=\"12335\" href=\"https:\/\/agendaculturalriodejaneiro.com\/en\/2023\/02\/15\/off-sapucai-festivais-como-aue-de-carnaval-fevere-carnarildy-carnaval-do-bosque-e-eventos-no-hills-agitam-os-cariocas-em-fevereiro\/\" class=\"tpg-post-link\" target=\"_self\">\t\t\t\t\t\t<img loading=\"lazy\" decoding=\"async\" src=\"https:\/\/agendaculturalriodejaneiro.com\/wp-content\/uploads\/2023\/02\/Off-Sapucai-Festivais-como-AUE-de-Carnaval-Fevere-CarnaRildy-Carnaval-do-Bosque-e-eventos-no-Hills-agitam-os-cariocas-em-fevereiro-768x960.jpg\"\n\t\t\t\t\t\t\t class=\"rt-img-responsive\"\n\t\t\t\t\t\t\t width=\"768\"\n\t\t\t\t\t\t\t height=\"960\"\n\t\t\t\t\t\t\t alt=\"Off-Sapuca\u00ed Festivais como AU\u00ca de Carnaval, Fever\u00ea, CarnaRildy, Carnaval do Bosque e eventos no Hills agitam os cariocas em fevereiro\">\n\t\t\t\t\t\t\n\t\t\t\t\t\t\t\n\t\t<\/a>\n\t\t\t\t<div class=\"overlay grid-hover-content\"><\/div>\n\t\t                <\/div>\n\t\t\t\n\t\t\t<div class=\"entry-title-wrapper\"><h3 class=\"entry-title\"><a data-id=\"12335\" href=\"https:\/\/agendaculturalriodejaneiro.com\/en\/2023\/02\/15\/off-sapucai-festivais-como-aue-de-carnaval-fevere-carnarildy-carnaval-do-bosque-e-eventos-no-hills-agitam-os-cariocas-em-fevereiro\/\" class=\"tpg-post-link\" target=\"_self\">Off-Sapuca\u00ed: Festivais agitam os cariocas em fevereiro<\/a><\/h3><\/div>\n\t\t\t                <div class=\"post-meta-tags rt-el-post-meta\">\n\t\t\t\t\t                <\/div>\n\t\t\t\n\n\t\t\t                <div class=\"tpg-excerpt tpg-el-excerpt\">\n\t\t\t\t\t                        <div class=\"tpg-excerpt-inner\">\n\t\t\t\t\t\t\tNos preparativos para o Carnaval, eventos para todos os perfis dominam a cidade maravilhosa e atraem milhares de foli\u00f5es...                        <\/div>\n\t\t\t\t\t\t\t\t\t\t                <\/div>\n\t\t\t\n\t\t\t\t\t<div class=\"post-footer\">\n\t\t\t<div class=\"post-footer\">\n\t\t\t\t<div class=\"read-more\">\n\t\t\t\t\t<a data-id=\"12335\" href=\"https:\/\/agendaculturalriodejaneiro.com\/en\/2023\/02\/15\/off-sapucai-festivais-como-aue-de-carnaval-fevere-carnarildy-carnaval-do-bosque-e-eventos-no-hills-agitam-os-cariocas-em-fevereiro\/\" class=\"tpg-post-link\" target=\"_self\">VER MAIS<\/a>\t\t\t\t<\/div>\n\t\t\t<\/div>\n\t\t<\/div>\n\t\t        <\/div>\n    <\/div>\n<\/div>\n\t\t\t<\/div>\n\t\t\t\n\t\t<\/div>\n\t\t\t\t\t\t<\/div>\n\t\t\t\t<\/div>\n\t\t\t\t<div class=\"elementor-element elementor-element-56897cd elementor-widget elementor-widget-html\" data-id=\"56897cd\" data-element_type=\"widget\" data-e-type=\"widget\" data-widget_type=\"html.default\">\n\t\t\t\t<div class=\"elementor-widget-container\">\n\t\t\t\t\t<div class=\"acrj-destaques2\">\r\n\r\n<style>\r\n.acrj-destaques2 {\r\n    --acrj-destaques2-ciano: #00a6c2;\r\n    --acrj-destaques2-ciano-escuro: #007f98;\r\n    --acrj-destaques2-ciano-profundo: #005f73;\r\n    --acrj-destaques2-amarelo: #ffe000;\r\n    --acrj-destaques2-amarelo-hover: #f1d300;\r\n    --acrj-destaques2-preto: #080b10;\r\n    --acrj-destaques2-texto: #202830;\r\n    --acrj-destaques2-cinza: #62707a;\r\n    --acrj-destaques2-fundo: #f4f8f9;\r\n    --acrj-destaques2-branco: #ffffff;\r\n    --acrj-destaques2-linha: #dbe7ea;\r\n    --acrj-destaques2-sombra: 0 14px 35px rgba(8, 11, 16, 0.08);\r\n    --acrj-destaques2-sombra-hover: 0 22px 46px rgba(8, 11, 16, 0.14);\r\n    --acrj-destaques2-largura: 1180px;\r\n\r\n    width: 100%;\r\n    color: var(--acrj-destaques2-texto);\r\n    background: var(--acrj-destaques2-branco);\r\n    font-family: \"Poppins\", Arial, Helvetica, sans-serif;\r\n    box-sizing: border-box;\r\n    overflow-x: clip;\r\n}\r\n\r\n.acrj-destaques2 *,\r\n.acrj-destaques2 *::before,\r\n.acrj-destaques2 *::after {\r\n    box-sizing: border-box;\r\n}\r\n\r\n.acrj-destaques2 a {\r\n    text-decoration: none;\r\n}\r\n\r\n.acrj-destaques2-inner {\r\n    width: min(calc(100% - 40px), var(--acrj-destaques2-largura));\r\n    margin: 0 auto;\r\n}\r\n\r\n.acrj-destaques2-section {\r\n    padding: 76px 0;\r\n}\r\n\r\n.acrj-destaques2-section-white {\r\n    background: var(--acrj-destaques2-branco);\r\n}\r\n\r\n.acrj-destaques2-section-light {\r\n    background: var(--acrj-destaques2-fundo);\r\n    border-top: 1px solid var(--acrj-destaques2-linha);\r\n    border-bottom: 1px solid var(--acrj-destaques2-linha);\r\n}\r\n\r\n.acrj-destaques2-section-dark {\r\n    position: relative;\r\n    isolation: isolate;\r\n    overflow: hidden;\r\n    color: var(--acrj-destaques2-branco);\r\n    background:\r\n        radial-gradient(\r\n            circle at 91% 8%,\r\n            rgba(255, 224, 0, 0.22),\r\n            transparent 28%\r\n        ),\r\n        radial-gradient(\r\n            circle at 7% 100%,\r\n            rgba(0, 166, 194, 0.28),\r\n            transparent 33%\r\n        ),\r\n        linear-gradient(\r\n            135deg,\r\n            #080b10 0%,\r\n            #102a34 55%,\r\n            #005f73 100%\r\n        );\r\n}\r\n\r\n.acrj-destaques2-section-dark::before {\r\n    position: absolute;\r\n    top: -175px;\r\n    right: -155px;\r\n    z-index: -1;\r\n    width: 410px;\r\n    height: 410px;\r\n    border: 1px solid rgba(255, 255, 255, 0.11);\r\n    border-radius: 50%;\r\n    content: \"\";\r\n}\r\n\r\n.acrj-destaques2-kicker {\r\n    display: block;\r\n    margin-bottom: 12px;\r\n    color: var(--acrj-destaques2-ciano-escuro);\r\n    font-size: 11px;\r\n    font-weight: 800;\r\n    line-height: 1.4;\r\n    letter-spacing: 0.12em;\r\n    text-transform: uppercase;\r\n}\r\n\r\n.acrj-destaques2-section-dark .acrj-destaques2-kicker {\r\n    color: var(--acrj-destaques2-amarelo);\r\n}\r\n\r\n.acrj-destaques2-title {\r\n    max-width: 850px;\r\n    margin: 0;\r\n    color: var(--acrj-destaques2-preto);\r\n    font-size: clamp(30px, 4vw, 44px);\r\n    font-weight: 800;\r\n    line-height: 1.13;\r\n    letter-spacing: -0.04em;\r\n}\r\n\r\n.acrj-destaques2-section-dark .acrj-destaques2-title {\r\n    color: var(--acrj-destaques2-branco);\r\n}\r\n\r\n.acrj-destaques2-intro {\r\n    max-width: 830px;\r\n    margin: 20px 0 0;\r\n    color: var(--acrj-destaques2-cinza);\r\n    font-size: 15px;\r\n    font-weight: 400;\r\n    line-height: 1.85;\r\n}\r\n\r\n.acrj-destaques2-section-dark .acrj-destaques2-intro {\r\n    color: rgba(255, 255, 255, 0.78);\r\n}\r\n\r\n\/* AN\u00daNCIOS *\/\r\n\r\n.acrj-destaques2-ad-section {\r\n    padding: 57px 0;\r\n    background: var(--acrj-destaques2-branco);\r\n}\r\n\r\n.acrj-destaques2-ad-section-light {\r\n    background: var(--acrj-destaques2-fundo);\r\n    border-top: 1px solid var(--acrj-destaques2-linha);\r\n    border-bottom: 1px solid var(--acrj-destaques2-linha);\r\n}\r\n\r\n.acrj-destaques2-ad-wrap {\r\n    display: flex;\r\n    flex-direction: column;\r\n    align-items: center;\r\n    justify-content: center;\r\n}\r\n\r\n.acrj-destaques2-ad-label {\r\n    display: block;\r\n    margin-bottom: 8px;\r\n    color: #7e8990;\r\n    font-size: 10px;\r\n    font-weight: 700;\r\n    line-height: 1.3;\r\n    letter-spacing: 0.12em;\r\n    text-align: center;\r\n    text-transform: uppercase;\r\n}\r\n\r\n.acrj-destaques2 .acrj-destaques-ad-unit {\r\n    width: 728px;\r\n    max-width: 100%;\r\n    height: 90px;\r\n    min-height: 90px;\r\n    overflow: hidden;\r\n}\r\n\r\n\/* CONTEXTO EDITORIAL *\/\r\n\r\n.acrj-destaques2-editorial-layout {\r\n    display: grid;\r\n    grid-template-columns: minmax(0, 1.45fr) minmax(300px, 0.55fr);\r\n    align-items: start;\r\n    gap: 46px;\r\n}\r\n\r\n.acrj-destaques2-editorial-copy p {\r\n    margin: 21px 0 0;\r\n    color: var(--acrj-destaques2-cinza);\r\n    font-size: 15px;\r\n    line-height: 1.9;\r\n}\r\n\r\n.acrj-destaques2-editorial-copy p:first-of-type {\r\n    color: var(--acrj-destaques2-texto);\r\n    font-size: 16px;\r\n    font-weight: 500;\r\n}\r\n\r\n.acrj-destaques2-side-card {\r\n    position: sticky;\r\n    top: 25px;\r\n    overflow: hidden;\r\n    padding: 28px;\r\n    background: var(--acrj-destaques2-preto);\r\n    border: 1px solid rgba(0, 166, 194, 0.32);\r\n    border-top: 4px solid var(--acrj-destaques2-amarelo);\r\n    border-radius: 18px;\r\n    box-shadow: var(--acrj-destaques2-sombra);\r\n}\r\n\r\n.acrj-destaques2-side-card-label {\r\n    display: block;\r\n    margin-bottom: 11px;\r\n    color: var(--acrj-destaques2-amarelo);\r\n    font-size: 10px;\r\n    font-weight: 800;\r\n    letter-spacing: 0.12em;\r\n    text-transform: uppercase;\r\n}\r\n\r\n.acrj-destaques2-side-card h3 {\r\n    margin: 0 0 13px;\r\n    color: var(--acrj-destaques2-branco);\r\n    font-size: 19px;\r\n    font-weight: 800;\r\n    line-height: 1.35;\r\n    letter-spacing: -0.025em;\r\n}\r\n\r\n.acrj-destaques2-side-card p {\r\n    margin: 0;\r\n    color: rgba(255, 255, 255, 0.72);\r\n    font-size: 13px;\r\n    line-height: 1.75;\r\n}\r\n\r\n.acrj-destaques2-side-list {\r\n    display: grid;\r\n    gap: 11px;\r\n    margin: 22px 0 0;\r\n    padding: 0;\r\n    list-style: none;\r\n}\r\n\r\n.acrj-destaques2-side-list li {\r\n    position: relative;\r\n    padding-left: 21px;\r\n    color: rgba(255, 255, 255, 0.86);\r\n    font-size: 13px;\r\n    font-weight: 600;\r\n    line-height: 1.55;\r\n}\r\n\r\n.acrj-destaques2-side-list li::before {\r\n    position: absolute;\r\n    top: 7px;\r\n    left: 0;\r\n    width: 9px;\r\n    height: 9px;\r\n    border-radius: 50%;\r\n    background: var(--acrj-destaques2-ciano);\r\n    content: \"\";\r\n}\r\n\r\n\/* TEMAS *\/\r\n\r\n.acrj-destaques2-topic-grid {\r\n    display: grid;\r\n    grid-template-columns: repeat(3, minmax(0, 1fr));\r\n    gap: 20px;\r\n    margin-top: 39px;\r\n}\r\n\r\n.acrj-destaques2-topic-card {\r\n    position: relative;\r\n    min-height: 190px;\r\n    padding: 25px;\r\n    background: rgba(255, 255, 255, 0.075);\r\n    border: 1px solid rgba(255, 255, 255, 0.15);\r\n    border-top: 3px solid var(--acrj-destaques2-ciano);\r\n    border-radius: 16px;\r\n    backdrop-filter: blur(8px);\r\n    transition:\r\n        transform 0.22s ease,\r\n        background 0.22s ease,\r\n        border-color 0.22s ease;\r\n}\r\n\r\n.acrj-destaques2-topic-card:hover {\r\n    transform: translateY(-4px);\r\n    background: rgba(255, 255, 255, 0.11);\r\n    border-color: rgba(255, 224, 0, 0.53);\r\n}\r\n\r\n.acrj-destaques2-topic-icon {\r\n    display: inline-flex;\r\n    width: 41px;\r\n    height: 41px;\r\n    align-items: center;\r\n    justify-content: center;\r\n    margin-bottom: 20px;\r\n    color: var(--acrj-destaques2-preto);\r\n    background: var(--acrj-destaques2-amarelo);\r\n    border-radius: 50%;\r\n    font-size: 18px;\r\n    font-weight: 900;\r\n}\r\n\r\n.acrj-destaques2-topic-card h3 {\r\n    margin: 0 0 9px;\r\n    color: var(--acrj-destaques2-branco);\r\n    font-size: 18px;\r\n    font-weight: 800;\r\n    line-height: 1.35;\r\n    letter-spacing: -0.025em;\r\n}\r\n\r\n.acrj-destaques2-topic-card p {\r\n    margin: 0;\r\n    color: rgba(255, 255, 255, 0.72);\r\n    font-size: 13px;\r\n    line-height: 1.7;\r\n}\r\n\r\n\/* COMO USAR *\/\r\n\r\n.acrj-destaques2-steps {\r\n    display: grid;\r\n    grid-template-columns: repeat(3, minmax(0, 1fr));\r\n    gap: 24px;\r\n    margin-top: 40px;\r\n}\r\n\r\n.acrj-destaques2-step {\r\n    position: relative;\r\n    min-height: 235px;\r\n    padding: 29px 27px 27px;\r\n    background: var(--acrj-destaques2-branco);\r\n    border: 1px solid var(--acrj-destaques2-linha);\r\n    border-top: 4px solid var(--acrj-destaques2-ciano);\r\n    border-radius: 18px;\r\n    box-shadow: var(--acrj-destaques2-sombra);\r\n    transition:\r\n        transform 0.22s ease,\r\n        border-color 0.22s ease,\r\n        box-shadow 0.22s ease;\r\n}\r\n\r\n.acrj-destaques2-step:hover {\r\n    transform: translateY(-4px);\r\n    border-color: var(--acrj-destaques2-ciano);\r\n    box-shadow: var(--acrj-destaques2-sombra-hover);\r\n}\r\n\r\n.acrj-destaques2-step-number {\r\n    display: inline-flex;\r\n    width: 45px;\r\n    height: 45px;\r\n    align-items: center;\r\n    justify-content: center;\r\n    margin-bottom: 20px;\r\n    color: var(--acrj-destaques2-preto);\r\n    background: var(--acrj-destaques2-amarelo);\r\n    border-radius: 50%;\r\n    font-size: 14px;\r\n    font-weight: 900;\r\n}\r\n\r\n.acrj-destaques2-step h3 {\r\n    margin: 0 0 11px;\r\n    color: var(--acrj-destaques2-preto);\r\n    font-size: 19px;\r\n    font-weight: 800;\r\n    line-height: 1.35;\r\n    letter-spacing: -0.026em;\r\n}\r\n\r\n.acrj-destaques2-step p {\r\n    margin: 0;\r\n    color: var(--acrj-destaques2-cinza);\r\n    font-size: 13px;\r\n    line-height: 1.75;\r\n}\r\n\r\n\/* DICAS PR\u00c1TICAS *\/\r\n\r\n.acrj-destaques2-practical-grid {\r\n    display: grid;\r\n    grid-template-columns: repeat(4, minmax(0, 1fr));\r\n    gap: 19px;\r\n    margin-top: 39px;\r\n}\r\n\r\n.acrj-destaques2-practical-card {\r\n    min-height: 208px;\r\n    padding: 25px 23px;\r\n    background: var(--acrj-destaques2-branco);\r\n    border: 1px solid var(--acrj-destaques2-linha);\r\n    border-left: 4px solid var(--acrj-destaques2-ciano);\r\n    border-radius: 16px;\r\n    box-shadow: 0 10px 27px rgba(8, 11, 16, 0.055);\r\n}\r\n\r\n.acrj-destaques2-practical-card strong {\r\n    display: block;\r\n    margin-bottom: 11px;\r\n    color: var(--acrj-destaques2-ciano-escuro);\r\n    font-size: 11px;\r\n    font-weight: 800;\r\n    letter-spacing: 0.08em;\r\n    text-transform: uppercase;\r\n}\r\n\r\n.acrj-destaques2-practical-card h3 {\r\n    margin: 0 0 10px;\r\n    color: var(--acrj-destaques2-preto);\r\n    font-size: 17px;\r\n    font-weight: 800;\r\n    line-height: 1.4;\r\n    letter-spacing: -0.022em;\r\n}\r\n\r\n.acrj-destaques2-practical-card p {\r\n    margin: 0;\r\n    color: var(--acrj-destaques2-cinza);\r\n    font-size: 13px;\r\n    line-height: 1.72;\r\n}\r\n\r\n\/* FAQ *\/\r\n\r\n.acrj-destaques2-faq-list {\r\n    display: grid;\r\n    gap: 13px;\r\n    max-width: 940px;\r\n    margin-top: 38px;\r\n}\r\n\r\n.acrj-destaques2-faq-item {\r\n    overflow: hidden;\r\n    background: var(--acrj-destaques2-branco);\r\n    border: 1px solid var(--acrj-destaques2-linha);\r\n    border-radius: 16px;\r\n    box-shadow: 0 8px 22px rgba(8, 11, 16, 0.045);\r\n}\r\n\r\n.acrj-destaques2-faq-item[open] {\r\n    border-color: rgba(0, 166, 194, 0.61);\r\n}\r\n\r\n.acrj-destaques2-faq-item summary {\r\n    position: relative;\r\n    display: flex;\r\n    min-height: 68px;\r\n    align-items: center;\r\n    padding: 18px 76px 18px 22px;\r\n    color: var(--acrj-destaques2-preto);\r\n    font-size: 15px;\r\n    font-weight: 800;\r\n    line-height: 1.5;\r\n    cursor: pointer;\r\n    list-style: none;\r\n}\r\n\r\n.acrj-destaques2-faq-item summary::-webkit-details-marker {\r\n    display: none;\r\n}\r\n\r\n.acrj-destaques2-faq-item summary::after {\r\n    position: absolute;\r\n    top: 50%;\r\n    right: 20px;\r\n    display: flex;\r\n    width: 34px;\r\n    height: 34px;\r\n    align-items: center;\r\n    justify-content: center;\r\n    color: var(--acrj-destaques2-preto);\r\n    background: var(--acrj-destaques2-amarelo);\r\n    border-radius: 50%;\r\n    font-size: 21px;\r\n    font-weight: 800;\r\n    line-height: 1;\r\n    content: \"+\";\r\n    transform: translateY(-50%);\r\n}\r\n\r\n.acrj-destaques2-faq-item[open] summary::after {\r\n    content: \"\u2212\";\r\n}\r\n\r\n.acrj-destaques2-faq-answer {\r\n    padding: 0 22px 22px;\r\n    color: var(--acrj-destaques2-cinza);\r\n    font-size: 14px;\r\n    line-height: 1.8;\r\n}\r\n\r\n.acrj-destaques2-faq-answer p {\r\n    margin: 0;\r\n}\r\n\r\n.acrj-destaques2-faq-answer a {\r\n    color: var(--acrj-destaques2-ciano-escuro);\r\n    font-weight: 700;\r\n    text-decoration: underline;\r\n    text-decoration-thickness: 1px;\r\n    text-underline-offset: 3px;\r\n}\r\n\r\n\/* LINKS INTERNOS *\/\r\n\r\n.acrj-destaques2-links-grid {\r\n    display: grid;\r\n    grid-template-columns: repeat(3, minmax(0, 1fr));\r\n    gap: 22px;\r\n    margin-top: 39px;\r\n}\r\n\r\n.acrj-destaques2-link-card {\r\n    position: relative;\r\n    display: flex;\r\n    min-height: 188px;\r\n    flex-direction: column;\r\n    overflow: hidden;\r\n    padding: 25px 58px 24px 24px;\r\n    color: var(--acrj-destaques2-texto);\r\n    background: var(--acrj-destaques2-branco);\r\n    border: 1px solid var(--acrj-destaques2-linha);\r\n    border-top: 4px solid var(--acrj-destaques2-ciano);\r\n    border-radius: 17px;\r\n    box-shadow: var(--acrj-destaques2-sombra);\r\n    transition:\r\n        transform 0.22s ease,\r\n        border-color 0.22s ease,\r\n        box-shadow 0.22s ease;\r\n}\r\n\r\n.acrj-destaques2-link-card:hover,\r\n.acrj-destaques2-link-card:focus-visible {\r\n    color: var(--acrj-destaques2-texto);\r\n    transform: translateY(-4px);\r\n    border-color: var(--acrj-destaques2-ciano);\r\n    box-shadow: var(--acrj-destaques2-sombra-hover);\r\n}\r\n\r\n.acrj-destaques2-link-category {\r\n    display: block;\r\n    margin-bottom: 11px;\r\n    color: var(--acrj-destaques2-ciano-escuro);\r\n    font-size: 10px;\r\n    font-weight: 800;\r\n    line-height: 1.4;\r\n    letter-spacing: 0.11em;\r\n    text-transform: uppercase;\r\n}\r\n\r\n.acrj-destaques2-link-card h3 {\r\n    margin: 0 0 10px;\r\n    color: var(--acrj-destaques2-preto);\r\n    font-size: 18px;\r\n    font-weight: 800;\r\n    line-height: 1.35;\r\n    letter-spacing: -0.025em;\r\n}\r\n\r\n.acrj-destaques2-link-card p {\r\n    margin: 0;\r\n    color: var(--acrj-destaques2-cinza);\r\n    font-size: 13px;\r\n    line-height: 1.7;\r\n}\r\n\r\n.acrj-destaques2-link-arrow {\r\n    position: absolute;\r\n    top: 22px;\r\n    right: 20px;\r\n    display: inline-flex;\r\n    width: 34px;\r\n    height: 34px;\r\n    align-items: center;\r\n    justify-content: center;\r\n    color: var(--acrj-destaques2-preto);\r\n    background: var(--acrj-destaques2-amarelo);\r\n    border-radius: 50%;\r\n    font-size: 17px;\r\n    font-weight: 900;\r\n    transition: transform 0.2s ease;\r\n}\r\n\r\n.acrj-destaques2-link-card:hover .acrj-destaques2-link-arrow {\r\n    transform: translate(2px, -2px);\r\n}\r\n\r\n\/* RESPONSIVIDADE *\/\r\n\r\n@media (max-width: 1024px) {\r\n    .acrj-destaques2-editorial-layout {\r\n        grid-template-columns: minmax(0, 1fr);\r\n        gap: 30px;\r\n    }\r\n\r\n    .acrj-destaques2-side-card {\r\n        position: static;\r\n    }\r\n\r\n    .acrj-destaques2-topic-grid,\r\n    .acrj-destaques2-steps,\r\n    .acrj-destaques2-links-grid {\r\n        grid-template-columns: repeat(2, minmax(0, 1fr));\r\n    }\r\n\r\n    .acrj-destaques2-practical-grid {\r\n        grid-template-columns: repeat(2, minmax(0, 1fr));\r\n    }\r\n}\r\n\r\n@media (max-width: 767px) {\r\n    .acrj-destaques2-inner {\r\n        width: calc(100% - 28px);\r\n    }\r\n\r\n    .acrj-destaques2-section {\r\n        padding: 54px 0;\r\n    }\r\n\r\n    .acrj-destaques2-title {\r\n        font-size: clamp(30px, 9vw, 38px);\r\n    }\r\n\r\n    .acrj-destaques2-intro,\r\n    .acrj-destaques2-editorial-copy p {\r\n        font-size: 14px;\r\n        line-height: 1.82;\r\n    }\r\n\r\n    .acrj-destaques2-editorial-copy p:first-of-type {\r\n        font-size: 15px;\r\n    }\r\n\r\n    .acrj-destaques2-side-card {\r\n        padding: 24px 22px;\r\n    }\r\n\r\n    .acrj-destaques2-topic-grid,\r\n    .acrj-destaques2-steps,\r\n    .acrj-destaques2-practical-grid,\r\n    .acrj-destaques2-links-grid {\r\n        grid-template-columns: minmax(0, 1fr);\r\n        gap: 15px;\r\n    }\r\n\r\n    .acrj-destaques2-topic-card,\r\n    .acrj-destaques2-step,\r\n    .acrj-destaques2-practical-card,\r\n    .acrj-destaques2-link-card {\r\n        min-height: 0;\r\n    }\r\n\r\n    .acrj-destaques2-ad-section {\r\n        padding: 45px 0;\r\n    }\r\n\r\n    .acrj-destaques2 .acrj-destaques-ad-unit {\r\n        width: 300px;\r\n        max-width: 100%;\r\n        height: 250px;\r\n        min-height: 250px;\r\n    }\r\n\r\n    .acrj-destaques2-faq-item summary {\r\n        min-height: 66px;\r\n        padding: 17px 66px 17px 18px;\r\n        font-size: 14px;\r\n    }\r\n\r\n    .acrj-destaques2-faq-item summary::after {\r\n        right: 16px;\r\n    }\r\n\r\n    .acrj-destaques2-faq-answer {\r\n        padding: 0 18px 20px;\r\n        font-size: 14px;\r\n    }\r\n}\r\n\r\n@media (prefers-reduced-motion: reduce) {\r\n    .acrj-destaques2 * {\r\n        scroll-behavior: auto !important;\r\n        transition-duration: 0.01ms !important;\r\n        animation-duration: 0.01ms !important;\r\n        animation-iteration-count: 1 !important;\r\n    }\r\n}\r\n<\/style>\r\n\r\n<section class=\"acrj-destaques2-ad-section\" aria-label=\"Publicidade\">\r\n    <div class=\"acrj-destaques2-inner acrj-destaques2-ad-wrap\">\r\n\r\n        <span class=\"acrj-destaques2-ad-label\">Publicidade<\/span>\r\n\r\n        <ins class=\"adsbygoogle acrj-destaques-ad-unit\"\r\n             style=\"display:block\"\r\n             data-ad-client=\"ca-pub-1076216326230548\"\r\n             data-desktop-slot=\"5800876183\"\r\n             data-mobile-slot=\"6529814326\"\r\n             data-full-width-responsive=\"true\"><\/ins>\r\n\r\n    <\/div>\r\n<\/section>\r\n\r\n<section class=\"acrj-destaques2-section acrj-destaques2-section-white\">\r\n    <div class=\"acrj-destaques2-inner acrj-destaques2-editorial-layout\">\r\n\r\n        <article class=\"acrj-destaques2-editorial-copy\">\r\n            <span class=\"acrj-destaques2-kicker\">Cultura al\u00e9m da agenda<\/span>\r\n\r\n            <h2 class=\"acrj-destaques2-title\">\r\n                Not\u00edcias, hist\u00f3rias e ideias para descobrir novos lados do Rio\r\n            <\/h2>\r\n\r\n            <p>\r\n                A programa\u00e7\u00e3o informa onde e quando um evento acontece. Os\r\n                destaques culturais ajudam a compreender o contexto, conhecer\r\n                os artistas, descobrir espa\u00e7os e encontrar experi\u00eancias que\r\n                poderiam passar despercebidas.\r\n            <\/p>\r\n\r\n            <p>\r\n                Esta \u00e1rea re\u00fane conte\u00fados editoriais sobre m\u00fasica, teatro,\r\n                dan\u00e7a, artes visuais, cinema, literatura, patrim\u00f4nio, cultura\r\n                popular, festivais e transforma\u00e7\u00f5es que afetam a vida cultural\r\n                da cidade.\r\n            <\/p>\r\n\r\n            <p>\r\n                Tamb\u00e9m h\u00e1 espa\u00e7o para guias pr\u00e1ticos: programas gratuitos,\r\n                roteiros para dias de chuva, atividades para crian\u00e7as, lugares\r\n                para visitar e sugest\u00f5es para diferentes bairros, hor\u00e1rios e\r\n                formas de aproveitar o Rio de Janeiro.\r\n            <\/p>\r\n        <\/article>\r\n\r\n        <aside class=\"acrj-destaques2-side-card\">\r\n            <span class=\"acrj-destaques2-side-card-label\">\r\n                Encontre mais r\u00e1pido\r\n            <\/span>\r\n\r\n            <h3>O que aparece nos destaques?<\/h3>\r\n\r\n            <p>\r\n                Conte\u00fados que complementam a agenda de eventos e ajudam no\r\n                planejamento do pr\u00f3ximo programa.\r\n            <\/p>\r\n\r\n            <ul class=\"acrj-destaques2-side-list\">\r\n                <li>Novidades culturais<\/li>\r\n                <li>Guias e roteiros<\/li>\r\n                <li>Espa\u00e7os para conhecer<\/li>\r\n                <li>Festivais e temporadas<\/li>\r\n                <li>Programa\u00e7\u00e3o gratuita<\/li>\r\n            <\/ul>\r\n        <\/aside>\r\n\r\n    <\/div>\r\n<\/section>\r\n\r\n<section class=\"acrj-destaques2-section acrj-destaques2-section-dark\">\r\n    <div class=\"acrj-destaques2-inner\">\r\n\r\n        <span class=\"acrj-destaques2-kicker\">\r\n            Diferentes express\u00f5es culturais\r\n        <\/span>\r\n\r\n        <h2 class=\"acrj-destaques2-title\">\r\n            Assuntos que ajudam a acompanhar a cultura carioca\r\n        <\/h2>\r\n\r\n        <p class=\"acrj-destaques2-intro\">\r\n            Dos grandes palcos \u00e0s iniciativas de bairro, os destaques podem\r\n            apresentar diferentes linguagens, territ\u00f3rios e formas de produ\u00e7\u00e3o\r\n            cultural.\r\n        <\/p>\r\n\r\n        <div class=\"acrj-destaques2-topic-grid\">\r\n\r\n            <article class=\"acrj-destaques2-topic-card\">\r\n                <span class=\"acrj-destaques2-topic-icon\" aria-hidden=\"true\">\u266a<\/span>\r\n                <h3>M\u00fasica e festivais<\/h3>\r\n                <p>\r\n                    Shows, rodas de samba, concertos, novos projetos, festivais\r\n                    e movimentos da cena musical.\r\n                <\/p>\r\n            <\/article>\r\n\r\n            <article class=\"acrj-destaques2-topic-card\">\r\n                <span class=\"acrj-destaques2-topic-icon\" aria-hidden=\"true\">T<\/span>\r\n                <h3>Teatro e dan\u00e7a<\/h3>\r\n                <p>\r\n                    Estreias, temporadas, musicais, espet\u00e1culos, companhias e\r\n                    cria\u00e7\u00f5es que chegam aos palcos.\r\n                <\/p>\r\n            <\/article>\r\n\r\n            <article class=\"acrj-destaques2-topic-card\">\r\n                <span class=\"acrj-destaques2-topic-icon\" aria-hidden=\"true\">A<\/span>\r\n                <h3>Arte e exposi\u00e7\u00f5es<\/h3>\r\n                <p>\r\n                    Mostras, museus, galerias, instala\u00e7\u00f5es, arte urbana e\r\n                    projetos de diferentes linguagens.\r\n                <\/p>\r\n            <\/article>\r\n\r\n            <article class=\"acrj-destaques2-topic-card\">\r\n                <span class=\"acrj-destaques2-topic-icon\" aria-hidden=\"true\">C<\/span>\r\n                <h3>Cinema e literatura<\/h3>\r\n                <p>\r\n                    Mostras de cinema, lan\u00e7amentos, feiras liter\u00e1rias,\r\n                    cineclubes, encontros e debates.\r\n                <\/p>\r\n            <\/article>\r\n\r\n            <article class=\"acrj-destaques2-topic-card\">\r\n                <span class=\"acrj-destaques2-topic-icon\" aria-hidden=\"true\">R<\/span>\r\n                <h3>Cultura popular<\/h3>\r\n                <p>\r\n                    Samba, carnaval, festas tradicionais, manifesta\u00e7\u00f5es\r\n                    comunit\u00e1rias e saberes presentes na cidade.\r\n                <\/p>\r\n            <\/article>\r\n\r\n            <article class=\"acrj-destaques2-topic-card\">\r\n                <span class=\"acrj-destaques2-topic-icon\" aria-hidden=\"true\">RJ<\/span>\r\n                <h3>Cidade e patrim\u00f4nio<\/h3>\r\n                <p>\r\n                    Hist\u00f3rias, espa\u00e7os culturais, arquitetura, mem\u00f3ria e\r\n                    transforma\u00e7\u00f5es relacionadas ao Rio de Janeiro.\r\n                <\/p>\r\n            <\/article>\r\n\r\n        <\/div>\r\n    <\/div>\r\n<\/section>\r\n\r\n<section class=\"acrj-destaques2-section acrj-destaques2-section-light\">\r\n    <div class=\"acrj-destaques2-inner\">\r\n\r\n        <span class=\"acrj-destaques2-kicker\">Como usar esta p\u00e1gina<\/span>\r\n\r\n        <h2 class=\"acrj-destaques2-title\">\r\n            Transforme uma not\u00edcia no seu pr\u00f3ximo programa\r\n        <\/h2>\r\n\r\n        <p class=\"acrj-destaques2-intro\">\r\n            Os artigos ajudam a descobrir atra\u00e7\u00f5es. As p\u00e1ginas de agenda\r\n            apresentam as datas, os locais e as informa\u00e7\u00f5es necess\u00e1rias para\r\n            organizar a visita.\r\n        <\/p>\r\n\r\n        <div class=\"acrj-destaques2-steps\">\r\n\r\n            <article class=\"acrj-destaques2-step\">\r\n                <span class=\"acrj-destaques2-step-number\">01<\/span>\r\n                <h3>Descubra a novidade<\/h3>\r\n                <p>\r\n                    Leia os destaques para conhecer novos projetos, espa\u00e7os,\r\n                    temporadas, festivais e experi\u00eancias culturais.\r\n                <\/p>\r\n            <\/article>\r\n\r\n            <article class=\"acrj-destaques2-step\">\r\n                <span class=\"acrj-destaques2-step-number\">02<\/span>\r\n                <h3>Consulte a programa\u00e7\u00e3o<\/h3>\r\n                <p>\r\n                    Acesse a agenda tem\u00e1tica correspondente para encontrar\r\n                    eventos, datas, locais, hor\u00e1rios e informa\u00e7\u00f5es publicadas.\r\n                <\/p>\r\n            <\/article>\r\n\r\n            <article class=\"acrj-destaques2-step\">\r\n                <span class=\"acrj-destaques2-step-number\">03<\/span>\r\n                <h3>Confirme antes de sair<\/h3>\r\n                <p>\r\n                    Verifique poss\u00edveis mudan\u00e7as nos canais do evento, do\r\n                    espa\u00e7o cultural, da produ\u00e7\u00e3o ou da bilheteria respons\u00e1vel.\r\n                <\/p>\r\n            <\/article>\r\n\r\n        <\/div>\r\n    <\/div>\r\n<\/section>\r\n\r\n<section class=\"acrj-destaques2-section acrj-destaques2-section-white\">\r\n    <div class=\"acrj-destaques2-inner\">\r\n\r\n        <span class=\"acrj-destaques2-kicker\">Planejamento<\/span>\r\n\r\n        <h2 class=\"acrj-destaques2-title\">\r\n            Cuidados importantes antes de visitar uma atra\u00e7\u00e3o\r\n        <\/h2>\r\n\r\n        <p class=\"acrj-destaques2-intro\">\r\n            Informa\u00e7\u00f5es sobre eventos podem mudar. Uma verifica\u00e7\u00e3o r\u00e1pida ajuda\r\n            a evitar deslocamentos desnecess\u00e1rios e imprevistos na entrada.\r\n        <\/p>\r\n\r\n        <div class=\"acrj-destaques2-practical-grid\">\r\n\r\n            <article class=\"acrj-destaques2-practical-card\">\r\n                <strong>Data e hor\u00e1rio<\/strong>\r\n                <h3>Confira a sess\u00e3o correta<\/h3>\r\n                <p>\r\n                    Algumas atra\u00e7\u00f5es t\u00eam mais de uma sess\u00e3o, dias espec\u00edficos\r\n                    ou hor\u00e1rios diferentes durante a temporada.\r\n                <\/p>\r\n            <\/article>\r\n\r\n            <article class=\"acrj-destaques2-practical-card\">\r\n                <strong>Local e transporte<\/strong>\r\n                <h3>Planeje como chegar<\/h3>\r\n                <p>\r\n                    Verifique o endere\u00e7o completo, o bairro, as op\u00e7\u00f5es de\r\n                    transporte e o tempo necess\u00e1rio para o deslocamento.\r\n                <\/p>\r\n            <\/article>\r\n\r\n            <article class=\"acrj-destaques2-practical-card\">\r\n                <strong>Ingressos<\/strong>\r\n                <h3>Consulte as condi\u00e7\u00f5es<\/h3>\r\n                <p>\r\n                    Confirme disponibilidade, valores, regras de entrada,\r\n                    necessidade de reserva e classifica\u00e7\u00e3o et\u00e1ria.\r\n                <\/p>\r\n            <\/article>\r\n\r\n            <article class=\"acrj-destaques2-practical-card\">\r\n                <strong>Acessibilidade<\/strong>\r\n                <h3>Fale com o espa\u00e7o<\/h3>\r\n                <p>\r\n                    Quando precisar de recursos espec\u00edficos, confirme\r\n                    diretamente com o local quais condi\u00e7\u00f5es est\u00e3o dispon\u00edveis.\r\n                <\/p>\r\n            <\/article>\r\n\r\n        <\/div>\r\n    <\/div>\r\n<\/section>\r\n\r\n<section class=\"acrj-destaques2-section acrj-destaques2-section-light\">\r\n    <div class=\"acrj-destaques2-inner\">\r\n\r\n        <span class=\"acrj-destaques2-kicker\">Perguntas frequentes<\/span>\r\n\r\n        <h2 class=\"acrj-destaques2-title\">\r\n            D\u00favidas sobre not\u00edcias e destaques culturais do Rio\r\n        <\/h2>\r\n\r\n        <p class=\"acrj-destaques2-intro\">\r\n            Respostas r\u00e1pidas para navegar entre os artigos, guias e p\u00e1ginas de\r\n            programa\u00e7\u00e3o cultural.\r\n        <\/p>\r\n\r\n        <div class=\"acrj-destaques2-faq-list\">\r\n\r\n            <details class=\"acrj-destaques2-faq-item\">\r\n                <summary>O que encontro nesta p\u00e1gina?<\/summary>\r\n                <div class=\"acrj-destaques2-faq-answer\">\r\n                    <p>\r\n                        A p\u00e1gina re\u00fane not\u00edcias culturais, guias, reportagens,\r\n                        novidades sobre eventos, espa\u00e7os culturais, festivais,\r\n                        exposi\u00e7\u00f5es, teatro, m\u00fasica, cinema e experi\u00eancias no Rio\r\n                        de Janeiro.\r\n                    <\/p>\r\n                <\/div>\r\n            <\/details>\r\n\r\n            <details class=\"acrj-destaques2-faq-item\">\r\n                <summary>Esta p\u00e1gina \u00e9 a agenda completa de eventos?<\/summary>\r\n                <div class=\"acrj-destaques2-faq-answer\">\r\n                    <p>\r\n                        N\u00e3o. Esta \u00e9 uma \u00e1rea editorial. Para consultar a\r\n                        programa\u00e7\u00e3o por data, acesse a\r\n                        <a href=\"https:\/\/agendaculturalriodejaneiro.com\/\">\r\n                            Agenda Cultural do Rio de Janeiro\r\n                        <\/a>.\r\n                    <\/p>\r\n                <\/div>\r\n            <\/details>\r\n\r\n            <details class=\"acrj-destaques2-faq-item\">\r\n                <summary>Onde encontro eventos para este fim de semana?<\/summary>\r\n                <div class=\"acrj-destaques2-faq-answer\">\r\n                    <p>\r\n                        Consulte a p\u00e1gina de\r\n                        <a href=\"https:\/\/agendaculturalriodejaneiro.com\/final-de-semana-no-rio-de-janeiro\/\">\r\n                            eventos para o fim de semana no Rio\r\n                        <\/a>, que re\u00fane diferentes tipos de programa\u00e7\u00e3o para os\r\n                        pr\u00f3ximos dias.\r\n                    <\/p>\r\n                <\/div>\r\n            <\/details>\r\n\r\n            <details class=\"acrj-destaques2-faq-item\">\r\n                <summary>H\u00e1 conte\u00fados sobre atividades para crian\u00e7as?<\/summary>\r\n                <div class=\"acrj-destaques2-faq-answer\">\r\n                    <p>\r\n                        Sim. A p\u00e1gina pode apresentar guias e not\u00edcias para\r\n                        fam\u00edlias. Os eventos podem ser consultados na\r\n                        <a href=\"https:\/\/agendaculturalriodejaneiro.com\/programacao-infantil-do-rio-de-janeiro\/\">\r\n                            programa\u00e7\u00e3o infantil do Rio de Janeiro\r\n                        <\/a>.\r\n                    <\/p>\r\n                <\/div>\r\n            <\/details>\r\n\r\n            <details class=\"acrj-destaques2-faq-item\">\r\n                <summary>Como confirmar as informa\u00e7\u00f5es de um evento?<\/summary>\r\n                <div class=\"acrj-destaques2-faq-answer\">\r\n                    <p>\r\n                        Abra a p\u00e1gina da atra\u00e7\u00e3o e confira data, hor\u00e1rio, local,\r\n                        ingressos e classifica\u00e7\u00e3o. Antes do deslocamento,\r\n                        consulte tamb\u00e9m os canais da organiza\u00e7\u00e3o, do espa\u00e7o\r\n                        cultural ou da bilheteria respons\u00e1vel.\r\n                    <\/p>\r\n                <\/div>\r\n            <\/details>\r\n\r\n        <\/div>\r\n    <\/div>\r\n<\/section>\r\n\r\n<section class=\"acrj-destaques2-ad-section acrj-destaques2-ad-section-light\"\r\n         aria-label=\"Publicidade\">\r\n    <div class=\"acrj-destaques2-inner acrj-destaques2-ad-wrap\">\r\n\r\n        <span class=\"acrj-destaques2-ad-label\">Publicidade<\/span>\r\n\r\n        <ins class=\"adsbygoogle acrj-destaques-ad-unit\"\r\n             style=\"display:block\"\r\n             data-ad-client=\"ca-pub-1076216326230548\"\r\n             data-desktop-slot=\"5800876183\"\r\n             data-mobile-slot=\"6529814326\"\r\n             data-full-width-responsive=\"true\"><\/ins>\r\n\r\n    <\/div>\r\n<\/section>\r\n\r\n<nav class=\"acrj-destaques2-section acrj-destaques2-section-white\"\r\n     aria-label=\"Outras agendas culturais do Rio de Janeiro\">\r\n    <div class=\"acrj-destaques2-inner\">\r\n\r\n        <span class=\"acrj-destaques2-kicker\">Continue explorando<\/span>\r\n\r\n        <h2 class=\"acrj-destaques2-title\">\r\n            Encontre a programa\u00e7\u00e3o que combina com voc\u00ea\r\n        <\/h2>\r\n\r\n        <p class=\"acrj-destaques2-intro\">\r\n            Navegue pelas agendas tem\u00e1ticas para encontrar eventos por tipo de\r\n            experi\u00eancia, companhia e momento da semana.\r\n        <\/p>\r\n\r\n        <div class=\"acrj-destaques2-links-grid\">\r\n\r\n            <a class=\"acrj-destaques2-link-card\"\r\n               href=\"https:\/\/agendaculturalriodejaneiro.com\/final-de-semana-no-rio-de-janeiro\/\">\r\n                <span class=\"acrj-destaques2-link-category\">Pr\u00f3ximos dias<\/span>\r\n                <h3>O que fazer neste fim de semana<\/h3>\r\n                <p>\r\n                    Shows, teatro, exposi\u00e7\u00f5es, festas, atra\u00e7\u00f5es gratuitas e\r\n                    atividades para crian\u00e7as.\r\n                <\/p>\r\n                <span class=\"acrj-destaques2-link-arrow\" aria-hidden=\"true\">\u2197<\/span>\r\n            <\/a>\r\n\r\n            <a class=\"acrj-destaques2-link-card\"\r\n               href=\"https:\/\/agendaculturalriodejaneiro.com\/shows-rio-de-janeiro-musica-concertos\/\">\r\n                <span class=\"acrj-destaques2-link-category\">M\u00fasica<\/span>\r\n                <h3>Shows e concertos no Rio<\/h3>\r\n                <p>\r\n                    M\u00fasica ao vivo, samba, MPB, rock, jazz, festivais e grandes\r\n                    apresenta\u00e7\u00f5es.\r\n                <\/p>\r\n                <span class=\"acrj-destaques2-link-arrow\" aria-hidden=\"true\">\u2197<\/span>\r\n            <\/a>\r\n\r\n            <a class=\"acrj-destaques2-link-card\"\r\n               href=\"https:\/\/agendaculturalriodejaneiro.com\/pecas-de-teatro-rio-de-janeiro\/\">\r\n                <span class=\"acrj-destaques2-link-category\">Em cartaz<\/span>\r\n                <h3>Pe\u00e7as de teatro<\/h3>\r\n                <p>\r\n                    Com\u00e9dias, dramas, musicais, dan\u00e7a e espet\u00e1culos nos palcos\r\n                    cariocas.\r\n                <\/p>\r\n                <span class=\"acrj-destaques2-link-arrow\" aria-hidden=\"true\">\u2197<\/span>\r\n            <\/a>\r\n\r\n            <a class=\"acrj-destaques2-link-card\"\r\n               href=\"https:\/\/agendaculturalriodejaneiro.com\/programacao-infantil-do-rio-de-janeiro\/\">\r\n                <span class=\"acrj-destaques2-link-category\">Para fam\u00edlias<\/span>\r\n                <h3>Programa\u00e7\u00e3o infantil<\/h3>\r\n                <p>\r\n                    Teatro, musicais, oficinas, exposi\u00e7\u00f5es e experi\u00eancias para\r\n                    fazer com crian\u00e7as.\r\n                <\/p>\r\n                <span class=\"acrj-destaques2-link-arrow\" aria-hidden=\"true\">\u2197<\/span>\r\n            <\/a>\r\n\r\n            <a class=\"acrj-destaques2-link-card\"\r\n               href=\"https:\/\/agendaculturalriodejaneiro.com\/exposicoes-no-rio-de-janeiro\/\">\r\n                <span class=\"acrj-destaques2-link-category\">Arte e cultura<\/span>\r\n                <h3>Exposi\u00e7\u00f5es no Rio<\/h3>\r\n                <p>\r\n                    Museus, galerias, mostras tempor\u00e1rias, instala\u00e7\u00f5es e arte\r\n                    contempor\u00e2nea.\r\n                <\/p>\r\n                <span class=\"acrj-destaques2-link-arrow\" aria-hidden=\"true\">\u2197<\/span>\r\n            <\/a>\r\n\r\n            <a class=\"acrj-destaques2-link-card\"\r\n               href=\"https:\/\/agendaculturalriodejaneiro.com\/o-que-fazer-no-rio-de-janeiro-a-noite\/\">\r\n                <span class=\"acrj-destaques2-link-category\">Depois do p\u00f4r do sol<\/span>\r\n                <h3>O que fazer no Rio \u00e0 noite<\/h3>\r\n                <p>\r\n                    Festas, m\u00fasica ao vivo, bares culturais, espet\u00e1culos e\r\n                    experi\u00eancias noturnas.\r\n                <\/p>\r\n                <span class=\"acrj-destaques2-link-arrow\" aria-hidden=\"true\">\u2197<\/span>\r\n            <\/a>\r\n\r\n        <\/div>\r\n    <\/div>\r\n<\/nav>\r\n\r\n<script type=\"application\/ld+json\">\r\n{\r\n    \"@context\": \"https:\/\/schema.org\",\r\n    \"@graph\": [\r\n        {\r\n            \"@type\": \"CollectionPage\",\r\n            \"@id\": \"https:\/\/agendaculturalriodejaneiro.com\/destaques-rio-de-janeiro\/#collectionpage\",\r\n            \"url\": \"https:\/\/agendaculturalriodejaneiro.com\/destaques-rio-de-janeiro\/\",\r\n            \"name\": \"Not\u00edcias e destaques culturais do Rio de Janeiro\",\r\n            \"description\": \"Not\u00edcias culturais, guias, novidades sobre eventos, espa\u00e7os culturais, festivais, exposi\u00e7\u00f5es, teatro, m\u00fasica, cinema e experi\u00eancias no Rio de Janeiro.\",\r\n            \"inLanguage\": \"pt-BR\",\r\n            \"isPartOf\": {\r\n                \"@type\": \"WebSite\",\r\n                \"@id\": \"https:\/\/agendaculturalriodejaneiro.com\/#website\",\r\n                \"url\": \"https:\/\/agendaculturalriodejaneiro.com\/\",\r\n                \"name\": \"Agenda Cultural do Rio de Janeiro\",\r\n                \"inLanguage\": \"pt-BR\"\r\n            },\r\n            \"about\": {\r\n                \"@type\": \"Thing\",\r\n                \"name\": \"Cultura no Rio de Janeiro\"\r\n            }\r\n        },\r\n        {\r\n            \"@type\": \"FAQPage\",\r\n            \"@id\": \"https:\/\/agendaculturalriodejaneiro.com\/destaques-rio-de-janeiro\/#faq\",\r\n            \"inLanguage\": \"pt-BR\",\r\n            \"mainEntity\": [\r\n                {\r\n                    \"@type\": \"Question\",\r\n                    \"name\": \"O que encontro nesta p\u00e1gina?\",\r\n                    \"acceptedAnswer\": {\r\n                        \"@type\": \"Answer\",\r\n                        \"text\": \"A p\u00e1gina re\u00fane not\u00edcias culturais, guias, reportagens, novidades sobre eventos, espa\u00e7os culturais, festivais, exposi\u00e7\u00f5es, teatro, m\u00fasica, cinema e experi\u00eancias no Rio de Janeiro.\"\r\n                    }\r\n                },\r\n                {\r\n                    \"@type\": \"Question\",\r\n                    \"name\": \"Esta p\u00e1gina \u00e9 a agenda completa de eventos?\",\r\n                    \"acceptedAnswer\": {\r\n                        \"@type\": \"Answer\",\r\n                        \"text\": \"N\u00e3o. Esta \u00e9 uma \u00e1rea editorial. Para consultar a programa\u00e7\u00e3o por data, acesse a Agenda Cultural do Rio de Janeiro.\"\r\n                    }\r\n                },\r\n                {\r\n                    \"@type\": \"Question\",\r\n                    \"name\": \"Onde encontro eventos para este fim de semana?\",\r\n                    \"acceptedAnswer\": {\r\n                        \"@type\": \"Answer\",\r\n                        \"text\": \"Consulte a p\u00e1gina de eventos para o fim de semana no Rio, que re\u00fane diferentes tipos de programa\u00e7\u00e3o para os pr\u00f3ximos dias.\"\r\n                    }\r\n                },\r\n                {\r\n                    \"@type\": \"Question\",\r\n                    \"name\": \"H\u00e1 conte\u00fados sobre atividades para crian\u00e7as?\",\r\n                    \"acceptedAnswer\": {\r\n                        \"@type\": \"Answer\",\r\n                        \"text\": \"Sim. A p\u00e1gina pode apresentar guias e not\u00edcias para fam\u00edlias. Os eventos podem ser consultados na programa\u00e7\u00e3o infantil do Rio de Janeiro.\"\r\n                    }\r\n                },\r\n                {\r\n                    \"@type\": \"Question\",\r\n                    \"name\": \"Como confirmar as informa\u00e7\u00f5es de um evento?\",\r\n                    \"acceptedAnswer\": {\r\n                        \"@type\": \"Answer\",\r\n                        \"text\": \"Abra a p\u00e1gina da atra\u00e7\u00e3o e confira data, hor\u00e1rio, local, ingressos e classifica\u00e7\u00e3o. Antes do deslocamento, consulte tamb\u00e9m os canais da organiza\u00e7\u00e3o, do espa\u00e7o cultural ou da bilheteria respons\u00e1vel.\"\r\n                    }\r\n                }\r\n            ]\r\n        }\r\n    ]\r\n}\r\n<\/script>\r\n\r\n<\/div>\t\t\t\t<\/div>\n\t\t\t\t<\/div>\n\t\t\t\t\t<\/div>\n\t\t<\/div>\n\t\t\t\t\t<\/div>\n\t\t<\/section>\n\t\t\t\t<\/div>\n\t\t","protected":false},"excerpt":{"rendered":"<p>Cultural Agenda of Rio de Janeiro \u203a News and cultural highlights Culture, city and news News and cultural highlights of Rio de Janeiro Follow news about shows, theater, exhibitions, festivals, cinema, heritage, popular culture and experiences that help you discover different ways of experiencing Rio de Janeiro. See articles and news \u2193 Check agenda\u2026&nbsp;<\/p>","protected":false},"author":1,"featured_media":23239,"parent":0,"menu_order":0,"comment_status":"closed","ping_status":"closed","template":"elementor_header_footer","meta":{"neve_meta_sidebar":"","neve_meta_container":"","neve_meta_enable_content_width":"","neve_meta_content_width":0,"neve_meta_title_alignment":"","neve_meta_author_avatar":"","neve_post_elements_order":"","neve_meta_disable_header":"","neve_meta_disable_footer":"","neve_meta_disable_title":"","footnotes":""},"class_list":["post-15974","page","type-page","status-publish","has-post-thumbnail","hentry"],"yoast_head":"<!-- This site is optimized with the Yoast SEO plugin v28.4 - https:\/\/yoast.com\/product\/yoast-seo-wordpress\/ -->\n<title>Not\u00edcias de Cultura no Rio de Janeiro | Destaques<\/title>\n<meta name=\"description\" content=\"Acompanhe not\u00edcias de cultura no Rio de Janeiro, novidades, festivais, exposi\u00e7\u00f5es, espa\u00e7os culturais, guias e ideias do que fazer na cidade.\" \/>\n<meta name=\"robots\" content=\"index, follow, max-snippet:-1, max-image-preview:large, max-video-preview:-1\" \/>\n<link rel=\"canonical\" href=\"https:\/\/agendaculturalriodejaneiro.com\/en\/highlights-rio-de-janeiro\/\" \/>\n<meta property=\"og:locale\" content=\"en_US\" \/>\n<meta property=\"og:type\" content=\"article\" \/>\n<meta property=\"og:title\" content=\"Not\u00edcias de Cultura no Rio de Janeiro | Destaques\" \/>\n<meta property=\"og:description\" content=\"Acompanhe not\u00edcias de cultura no Rio de Janeiro, novidades, festivais, exposi\u00e7\u00f5es, espa\u00e7os culturais, guias e ideias do que fazer na cidade.\" \/>\n<meta property=\"og:url\" content=\"https:\/\/agendaculturalriodejaneiro.com\/en\/highlights-rio-de-janeiro\/\" \/>\n<meta property=\"og:site_name\" content=\"Agenda Cultural Rio de Janeiro\" \/>\n<meta property=\"article:publisher\" content=\"https:\/\/www.facebook.com\/agenda_cultural_rio_de_janeiro-106278728546059\" \/>\n<meta property=\"article:modified_time\" content=\"2026-08-06T09:22:13+00:00\" \/>\n<meta property=\"og:image\" content=\"https:\/\/agendaculturalriodejaneiro.com\/wp-content\/uploads\/2024\/03\/Ultimas-noticias-da-cidade-do-Rio-de-Janeiro-Baixada-Fluminense-e-de-todo-o-estado.-1.jpg\" \/>\n\t<meta property=\"og:image:width\" content=\"1920\" \/>\n\t<meta property=\"og:image:height\" content=\"1280\" \/>\n\t<meta property=\"og:image:type\" content=\"image\/jpeg\" \/>\n<meta name=\"twitter:card\" content=\"summary_large_image\" \/>\n<meta name=\"twitter:label1\" content=\"Est. reading time\" \/>\n\t<meta name=\"twitter:data1\" content=\"15 minutes\" \/>\n<script type=\"application\/ld+json\" class=\"yoast-schema-graph\">{\"@context\":\"https:\\\/\\\/schema.org\",\"@graph\":[{\"@type\":\"WebPage\",\"@id\":\"https:\\\/\\\/agendaculturalriodejaneiro.com\\\/destaques-rio-de-janeiro\\\/\",\"url\":\"https:\\\/\\\/agendaculturalriodejaneiro.com\\\/destaques-rio-de-janeiro\\\/\",\"name\":\"Not\u00edcias de Cultura no Rio de Janeiro | Destaques\",\"isPartOf\":{\"@id\":\"https:\\\/\\\/agendaculturalriodejaneiro.com\\\/#website\"},\"primaryImageOfPage\":{\"@id\":\"https:\\\/\\\/agendaculturalriodejaneiro.com\\\/destaques-rio-de-janeiro\\\/#primaryimage\"},\"image\":{\"@id\":\"https:\\\/\\\/agendaculturalriodejaneiro.com\\\/destaques-rio-de-janeiro\\\/#primaryimage\"},\"thumbnailUrl\":\"https:\\\/\\\/agendaculturalriodejaneiro.com\\\/wp-content\\\/uploads\\\/2024\\\/03\\\/Ultimas-noticias-da-cidade-do-Rio-de-Janeiro-Baixada-Fluminense-e-de-todo-o-estado.-1.jpg\",\"datePublished\":\"2024-03-14T10:17:34+00:00\",\"dateModified\":\"2026-08-06T09:22:13+00:00\",\"description\":\"Acompanhe not\u00edcias de cultura no Rio de Janeiro, novidades, festivais, exposi\u00e7\u00f5es, espa\u00e7os culturais, guias e ideias do que fazer na cidade.\",\"breadcrumb\":{\"@id\":\"https:\\\/\\\/agendaculturalriodejaneiro.com\\\/destaques-rio-de-janeiro\\\/#breadcrumb\"},\"inLanguage\":\"en-US\",\"potentialAction\":[{\"@type\":\"ReadAction\",\"target\":[\"https:\\\/\\\/agendaculturalriodejaneiro.com\\\/destaques-rio-de-janeiro\\\/\"]}]},{\"@type\":\"ImageObject\",\"inLanguage\":\"en-US\",\"@id\":\"https:\\\/\\\/agendaculturalriodejaneiro.com\\\/destaques-rio-de-janeiro\\\/#primaryimage\",\"url\":\"https:\\\/\\\/agendaculturalriodejaneiro.com\\\/wp-content\\\/uploads\\\/2024\\\/03\\\/Ultimas-noticias-da-cidade-do-Rio-de-Janeiro-Baixada-Fluminense-e-de-todo-o-estado.-1.jpg\",\"contentUrl\":\"https:\\\/\\\/agendaculturalriodejaneiro.com\\\/wp-content\\\/uploads\\\/2024\\\/03\\\/Ultimas-noticias-da-cidade-do-Rio-de-Janeiro-Baixada-Fluminense-e-de-todo-o-estado.-1.jpg\",\"width\":1920,\"height\":1280,\"caption\":\"\u00daltimas not\u00edcias da cidade do Rio de Janeiro, Baixada Fluminense e de todo o estado. (1)\"},{\"@type\":\"BreadcrumbList\",\"@id\":\"https:\\\/\\\/agendaculturalriodejaneiro.com\\\/destaques-rio-de-janeiro\\\/#breadcrumb\",\"itemListElement\":[{\"@type\":\"ListItem\",\"position\":1,\"name\":\"In\u00edcio\",\"item\":\"https:\\\/\\\/agendaculturalriodejaneiro.com\\\/\"},{\"@type\":\"ListItem\",\"position\":2,\"name\":\"Not\u00edcias de Cultura no Rio de Janeiro | Destaques\"}]},{\"@type\":\"WebSite\",\"@id\":\"https:\\\/\\\/agendaculturalriodejaneiro.com\\\/#website\",\"url\":\"https:\\\/\\\/agendaculturalriodejaneiro.com\\\/\",\"name\":\"Agenda Cultural Rio de Janeiro\",\"description\":\"Agenda de Eventos no Rio de Janeiro . O que fazer no Rio de Janeiro\",\"publisher\":{\"@id\":\"https:\\\/\\\/agendaculturalriodejaneiro.com\\\/#organization\"},\"potentialAction\":[{\"@type\":\"SearchAction\",\"target\":{\"@type\":\"EntryPoint\",\"urlTemplate\":\"https:\\\/\\\/agendaculturalriodejaneiro.com\\\/?s={search_term_string}\"},\"query-input\":{\"@type\":\"PropertyValueSpecification\",\"valueRequired\":true,\"valueName\":\"search_term_string\"}}],\"inLanguage\":\"en-US\"},{\"@type\":\"Organization\",\"@id\":\"https:\\\/\\\/agendaculturalriodejaneiro.com\\\/#organization\",\"name\":\"Agenda Cultural Rio de Janeiro\",\"alternateName\":\"Agenda RJ\",\"url\":\"https:\\\/\\\/agendaculturalriodejaneiro.com\\\/\",\"logo\":{\"@type\":\"ImageObject\",\"inLanguage\":\"en-US\",\"@id\":\"https:\\\/\\\/agendaculturalriodejaneiro.com\\\/#\\\/schema\\\/logo\\\/image\\\/\",\"url\":\"https:\\\/\\\/agendaculturalriodejaneiro.com\\\/wp-content\\\/uploads\\\/2024\\\/11\\\/cropped-profile-photo-01.jpg\",\"contentUrl\":\"https:\\\/\\\/agendaculturalriodejaneiro.com\\\/wp-content\\\/uploads\\\/2024\\\/11\\\/cropped-profile-photo-01.jpg\",\"width\":512,\"height\":512,\"caption\":\"Agenda Cultural Rio de Janeiro\"},\"image\":{\"@id\":\"https:\\\/\\\/agendaculturalriodejaneiro.com\\\/#\\\/schema\\\/logo\\\/image\\\/\"},\"sameAs\":[\"https:\\\/\\\/www.facebook.com\\\/agenda_cultural_rio_de_janeiro-106278728546059\",\"https:\\\/\\\/www.instagram.com\\\/agenda_cultural_rio_de_janeiro\\\/\"]}]}<\/script>\n<!-- \/ Yoast SEO plugin. -->","yoast_head_json":{"title":"Culture News in Rio de Janeiro | Highlights","description":"Follow cultural news in Rio de Janeiro, news, festivals, exhibitions, cultural spaces, guides and ideas of what to do in the city.","robots":{"index":"index","follow":"follow","max-snippet":"max-snippet:-1","max-image-preview":"max-image-preview:large","max-video-preview":"max-video-preview:-1"},"canonical":"https:\/\/agendaculturalriodejaneiro.com\/en\/highlights-rio-de-janeiro\/","og_locale":"en_US","og_type":"article","og_title":"Not\u00edcias de Cultura no Rio de Janeiro | Destaques","og_description":"Acompanhe not\u00edcias de cultura no Rio de Janeiro, novidades, festivais, exposi\u00e7\u00f5es, espa\u00e7os culturais, guias e ideias do que fazer na cidade.","og_url":"https:\/\/agendaculturalriodejaneiro.com\/en\/highlights-rio-de-janeiro\/","og_site_name":"Agenda Cultural Rio de Janeiro","article_publisher":"https:\/\/www.facebook.com\/agenda_cultural_rio_de_janeiro-106278728546059","article_modified_time":"2026-08-06T09:22:13+00:00","og_image":[{"width":1920,"height":1280,"url":"https:\/\/agendaculturalriodejaneiro.com\/wp-content\/uploads\/2024\/03\/Ultimas-noticias-da-cidade-do-Rio-de-Janeiro-Baixada-Fluminense-e-de-todo-o-estado.-1.jpg","type":"image\/jpeg"}],"twitter_card":"summary_large_image","twitter_misc":{"Est. reading time":"15 minutes"},"schema":{"@context":"https:\/\/schema.org","@graph":[{"@type":"WebPage","@id":"https:\/\/agendaculturalriodejaneiro.com\/destaques-rio-de-janeiro\/","url":"https:\/\/agendaculturalriodejaneiro.com\/destaques-rio-de-janeiro\/","name":"Culture News in Rio de Janeiro | Highlights","isPartOf":{"@id":"https:\/\/agendaculturalriodejaneiro.com\/#website"},"primaryImageOfPage":{"@id":"https:\/\/agendaculturalriodejaneiro.com\/destaques-rio-de-janeiro\/#primaryimage"},"image":{"@id":"https:\/\/agendaculturalriodejaneiro.com\/destaques-rio-de-janeiro\/#primaryimage"},"thumbnailUrl":"https:\/\/agendaculturalriodejaneiro.com\/wp-content\/uploads\/2024\/03\/Ultimas-noticias-da-cidade-do-Rio-de-Janeiro-Baixada-Fluminense-e-de-todo-o-estado.-1.jpg","datePublished":"2024-03-14T10:17:34+00:00","dateModified":"2026-08-06T09:22:13+00:00","description":"Follow cultural news in Rio de Janeiro, news, festivals, exhibitions, cultural spaces, guides and ideas of what to do in the city.","breadcrumb":{"@id":"https:\/\/agendaculturalriodejaneiro.com\/destaques-rio-de-janeiro\/#breadcrumb"},"inLanguage":"en-US","potentialAction":[{"@type":"ReadAction","target":["https:\/\/agendaculturalriodejaneiro.com\/destaques-rio-de-janeiro\/"]}]},{"@type":"ImageObject","inLanguage":"en-US","@id":"https:\/\/agendaculturalriodejaneiro.com\/destaques-rio-de-janeiro\/#primaryimage","url":"https:\/\/agendaculturalriodejaneiro.com\/wp-content\/uploads\/2024\/03\/Ultimas-noticias-da-cidade-do-Rio-de-Janeiro-Baixada-Fluminense-e-de-todo-o-estado.-1.jpg","contentUrl":"https:\/\/agendaculturalriodejaneiro.com\/wp-content\/uploads\/2024\/03\/Ultimas-noticias-da-cidade-do-Rio-de-Janeiro-Baixada-Fluminense-e-de-todo-o-estado.-1.jpg","width":1920,"height":1280,"caption":"\u00daltimas not\u00edcias da cidade do Rio de Janeiro, Baixada Fluminense e de todo o estado. (1)"},{"@type":"BreadcrumbList","@id":"https:\/\/agendaculturalriodejaneiro.com\/destaques-rio-de-janeiro\/#breadcrumb","itemListElement":[{"@type":"ListItem","position":1,"name":"In\u00edcio","item":"https:\/\/agendaculturalriodejaneiro.com\/"},{"@type":"ListItem","position":2,"name":"Not\u00edcias de Cultura no Rio de Janeiro | Destaques"}]},{"@type":"WebSite","@id":"https:\/\/agendaculturalriodejaneiro.com\/#website","url":"https:\/\/agendaculturalriodejaneiro.com\/","name":"Rio de Janeiro Events Guide","description":"Calendar of Events in Rio de Janeiro. What to do in Rio de Janeiro","publisher":{"@id":"https:\/\/agendaculturalriodejaneiro.com\/#organization"},"potentialAction":[{"@type":"SearchAction","target":{"@type":"EntryPoint","urlTemplate":"https:\/\/agendaculturalriodejaneiro.com\/?s={search_term_string}"},"query-input":{"@type":"PropertyValueSpecification","valueRequired":true,"valueName":"search_term_string"}}],"inLanguage":"en-US"},{"@type":"Organization","@id":"https:\/\/agendaculturalriodejaneiro.com\/#organization","name":"Rio de Janeiro Events Guide","alternateName":"Agenda RJ","url":"https:\/\/agendaculturalriodejaneiro.com\/","logo":{"@type":"ImageObject","inLanguage":"en-US","@id":"https:\/\/agendaculturalriodejaneiro.com\/#\/schema\/logo\/image\/","url":"https:\/\/agendaculturalriodejaneiro.com\/wp-content\/uploads\/2024\/11\/cropped-profile-photo-01.jpg","contentUrl":"https:\/\/agendaculturalriodejaneiro.com\/wp-content\/uploads\/2024\/11\/cropped-profile-photo-01.jpg","width":512,"height":512,"caption":"Agenda Cultural Rio de Janeiro"},"image":{"@id":"https:\/\/agendaculturalriodejaneiro.com\/#\/schema\/logo\/image\/"},"sameAs":["https:\/\/www.facebook.com\/agenda_cultural_rio_de_janeiro-106278728546059","https:\/\/www.instagram.com\/agenda_cultural_rio_de_janeiro\/"]}]}},"rttpg_featured_image_url":{"full":["https:\/\/agendaculturalriodejaneiro.com\/wp-content\/uploads\/2024\/03\/Ultimas-noticias-da-cidade-do-Rio-de-Janeiro-Baixada-Fluminense-e-de-todo-o-estado.-1.jpg",1920,1280,false],"landscape":["https:\/\/agendaculturalriodejaneiro.com\/wp-content\/uploads\/2024\/03\/Ultimas-noticias-da-cidade-do-Rio-de-Janeiro-Baixada-Fluminense-e-de-todo-o-estado.-1.jpg",1920,1280,false],"portraits":["https:\/\/agendaculturalriodejaneiro.com\/wp-content\/uploads\/2024\/03\/Ultimas-noticias-da-cidade-do-Rio-de-Janeiro-Baixada-Fluminense-e-de-todo-o-estado.-1.jpg",1920,1280,false],"thumbnail":["https:\/\/agendaculturalriodejaneiro.com\/wp-content\/uploads\/2024\/03\/Ultimas-noticias-da-cidade-do-Rio-de-Janeiro-Baixada-Fluminense-e-de-todo-o-estado.-1-150x150.jpg",150,150,true],"medium":["https:\/\/agendaculturalriodejaneiro.com\/wp-content\/uploads\/2024\/03\/Ultimas-noticias-da-cidade-do-Rio-de-Janeiro-Baixada-Fluminense-e-de-todo-o-estado.-1-300x200.jpg",300,200,true],"large":["https:\/\/agendaculturalriodejaneiro.com\/wp-content\/uploads\/2024\/03\/Ultimas-noticias-da-cidade-do-Rio-de-Janeiro-Baixada-Fluminense-e-de-todo-o-estado.-1-1024x683.jpg",1024,683,true],"thumblist":["https:\/\/agendaculturalriodejaneiro.com\/wp-content\/uploads\/2024\/03\/Ultimas-noticias-da-cidade-do-Rio-de-Janeiro-Baixada-Fluminense-e-de-todo-o-estado.-1-300x300.jpg",300,300,true],"thumbrelated":["https:\/\/agendaculturalriodejaneiro.com\/wp-content\/uploads\/2024\/03\/Ultimas-noticias-da-cidade-do-Rio-de-Janeiro-Baixada-Fluminense-e-de-todo-o-estado.-1-500x500.jpg",500,500,true],"meccarouselthumb":["https:\/\/agendaculturalriodejaneiro.com\/wp-content\/uploads\/2024\/03\/Ultimas-noticias-da-cidade-do-Rio-de-Janeiro-Baixada-Fluminense-e-de-todo-o-estado.-1-474x324.jpg",474,324,true],"gridsquare":["https:\/\/agendaculturalriodejaneiro.com\/wp-content\/uploads\/2024\/03\/Ultimas-noticias-da-cidade-do-Rio-de-Janeiro-Baixada-Fluminense-e-de-todo-o-estado.-1-391x260.jpg",391,260,true],"tileview":["https:\/\/agendaculturalriodejaneiro.com\/wp-content\/uploads\/2024\/03\/Ultimas-noticias-da-cidade-do-Rio-de-Janeiro-Baixada-Fluminense-e-de-todo-o-estado.-1-300x400.jpg",300,400,true],"1536x1536":["https:\/\/agendaculturalriodejaneiro.com\/wp-content\/uploads\/2024\/03\/Ultimas-noticias-da-cidade-do-Rio-de-Janeiro-Baixada-Fluminense-e-de-todo-o-estado.-1-1536x1024.jpg",1536,1024,true],"2048x2048":["https:\/\/agendaculturalriodejaneiro.com\/wp-content\/uploads\/2024\/03\/Ultimas-noticias-da-cidade-do-Rio-de-Janeiro-Baixada-Fluminense-e-de-todo-o-estado.-1.jpg",1920,1280,false],"trp-custom-language-flag":["https:\/\/agendaculturalriodejaneiro.com\/wp-content\/uploads\/2024\/03\/Ultimas-noticias-da-cidade-do-Rio-de-Janeiro-Baixada-Fluminense-e-de-todo-o-estado.-1.jpg",18,12,false],"neve-blog":["https:\/\/agendaculturalriodejaneiro.com\/wp-content\/uploads\/2024\/03\/Ultimas-noticias-da-cidade-do-Rio-de-Janeiro-Baixada-Fluminense-e-de-todo-o-estado.-1-930x620.jpg",930,620,true]},"rttpg_author":{"display_name":"AgendaRio","author_link":"https:\/\/agendaculturalriodejaneiro.com\/en\/author\/agendario\/"},"rttpg_comment":0,"rttpg_category":"","rttpg_excerpt":"Agenda Cultural do Rio de Janeiro \u203a Not\u00edcias e destaques culturais Cultura, cidade e novidades Not\u00edcias e destaques culturais do Rio de Janeiro Acompanhe novidades sobre shows, teatro, exposi\u00e7\u00f5es, festivais, cinema, patrim\u00f4nio, cultura popular e experi\u00eancias que ajudam a descobrir diferentes formas de viver o Rio de Janeiro. Ver artigos e novidades \u2193 Consultar agenda&hellip;&nbsp;","_links":{"self":[{"href":"https:\/\/agendaculturalriodejaneiro.com\/en\/wp-json\/wp\/v2\/pages\/15974","targetHints":{"allow":["GET"]}}],"collection":[{"href":"https:\/\/agendaculturalriodejaneiro.com\/en\/wp-json\/wp\/v2\/pages"}],"about":[{"href":"https:\/\/agendaculturalriodejaneiro.com\/en\/wp-json\/wp\/v2\/types\/page"}],"author":[{"embeddable":true,"href":"https:\/\/agendaculturalriodejaneiro.com\/en\/wp-json\/wp\/v2\/users\/1"}],"replies":[{"embeddable":true,"href":"https:\/\/agendaculturalriodejaneiro.com\/en\/wp-json\/wp\/v2\/comments?post=15974"}],"version-history":[{"count":0,"href":"https:\/\/agendaculturalriodejaneiro.com\/en\/wp-json\/wp\/v2\/pages\/15974\/revisions"}],"wp:featuredmedia":[{"embeddable":true,"href":"https:\/\/agendaculturalriodejaneiro.com\/en\/wp-json\/wp\/v2\/media\/23239"}],"wp:attachment":[{"href":"https:\/\/agendaculturalriodejaneiro.com\/en\/wp-json\/wp\/v2\/media?parent=15974"}],"curies":[{"name":"wp","href":"https:\/\/api.w.org\/{rel}","templated":true}]}}